 {"id":10689,"date":"2018-05-02T14:59:16","date_gmt":"2018-05-02T17:59:16","guid":{"rendered":"https:\/\/saobernardo.ma.gov.br\/transparencia\/?page_id=10689"},"modified":"2023-06-21T09:52:26","modified_gmt":"2023-06-21T12:52:26","slug":"resolucoes","status":"publish","type":"page","link":"https:\/\/saobernardo.ma.gov.br\/transparencia\/resolucoes\/","title":{"rendered":"Resolu\u00e7\u00f5es"},"content":{"rendered":"<p>Acesse as Resolu\u00e7\u00f5es da Prefeitura Municipal<\/p>\n<div id=\"footable_parent_15119\"\n         class=\" footable_parent ninja_table_wrapper loading_ninja_table wp_table_data_press_parent semantic_ui \">\n                <table data-ninja_table_instance=\"ninja_table_instance_0\" data-footable_id=\"15119\" data-filter-delay=\"1000\" aria-label=\"Resolu\u00e7\u00f5es\"            id=\"footable_15119\"\n           data-unique_identifier=\"ninja_table_unique_id_208855889_15119\"\n           class=\" foo-table ninja_footable foo_table_15119 ninja_table_unique_id_208855889_15119 ui table  nt_type_legacy_table selectable striped vertical_centered  footable-paging-right ninja_table_pro ninja_table_afd_inline ninja_table_has_custom_filter\">\n                <colgroup>\n                            <col class=\"ninja_column_0 \">\n                            <col class=\"ninja_column_1 \">\n                            <col class=\"ninja_column_2 \">\n                            <col class=\"ninja_column_3 \">\n                            <col class=\"ninja_column_4 \">\n                    <\/colgroup>\n        <thead>\n<tr class=\"footable-header\">\n                                                                                        <th scope=\"col\"  class=\"ninja_column_0 ninja_clmn_nm_posttitle \">Descri\u00e7\u00e3o<\/th><th scope=\"col\"  class=\"ninja_column_1 ninja_clmn_nm_postdate \">Data<\/th><th scope=\"col\"  class=\"ninja_column_2 ninja_clmn_nm_postmes \">M\u00eas<\/th><th scope=\"col\"  class=\"ninja_column_3 ninja_clmn_nm_postano \">Ano<\/th><th scope=\"col\"  class=\"ninja_column_4 ninja_clmn_nm_download \">Download<\/th><\/tr>\n<\/thead>\n<tbody>\n\n        <tr data-row_id=\"0\" class=\"ninja_table_row_0 nt_row_id_0\">\n            <td>PROPOSTA CURRICULAR PARA A EDUCA\u00c7\u00c3O DE JOVENS ADULTOS E IDOSOS \u2013 EJA\/EJAI<\/td><td>26\/02\/2026<\/td><td>Abril<\/td><td>2026<\/td><td><a target=\"_blank\"  class=\"nt_btn nt_rounded_btn\" style=\"color: rgba(255, 255, 255, 1);background-color: rgba(0, 150, 136, 1);border-color: rgba(0, 150, 136, 1);\" rel=\"\" href=\"https:\/\/saobernardo.ma.gov.br\/transparencia\/wp-content\/uploads\/2026\/04\/PROPOSTA-CURRICULAR-PARA-A-EDUCACAO-DE-JOVENS-ADULTOS-E-IDOSOS-2026.pdf\">Download<\/a><\/td>        <\/tr>\n            <tr data-row_id=\"1\" class=\"ninja_table_row_1 nt_row_id_1\">\n            <td>CONV\u00caNIO PARA CONCESS\u00c3O DE OPERA\u00c7\u00d5ES DO CART\u00c3O  DE BENEF\u00cdCIO CONSIGNADO EMPRESTEI - CONV\u00caNIO QUE ENTRE SI CELEBRAM A EMPRESTEI E PREFEITURA MUNICIPAL DE S\u00c3O BERNARDO\/MA.<\/td><td>29\/07\/2025<\/td><td>Julho<\/td><td>2025<\/td><td><a target=\"_blank\"  class=\"nt_btn nt_rounded_btn\" style=\"color: rgba(255, 255, 255, 1);background-color: rgba(0, 150, 136, 1);border-color: rgba(0, 150, 136, 1);\" rel=\"\" href=\"https:\/\/saobernardo.ma.gov.br\/transparencia\/wp-content\/uploads\/2025\/07\/Emprestei-x-Sao-bernardo-MA.pdf-Minuta-assinada-ambas-as-partes_.pdf\">Download<\/a><\/td>        <\/tr>\n            <tr data-row_id=\"2\" class=\"ninja_table_row_2 nt_row_id_2\">\n            <td>Resolu\u00e7\u00e3o n.\u00ba 4\/2025 \u2013 CME - Aprova a Pol\u00edtica de Educa\u00e7\u00e3o Integral em Tempo Integral da Rede P\u00fablica Municipal de Ensino de S\u00e3o Lu\u00eds - MA.<\/td><td>27\/06\/2025<\/td><td>Junho<\/td><td>2025<\/td><td><a target=\"_blank\"  class=\"nt_btn nt_rounded_btn\" style=\"color: rgba(255, 255, 255, 1);background-color: rgba(0, 150, 136, 1);border-color: rgba(0, 150, 136, 1);\" rel=\"\" href=\"https:\/\/saobernardo.ma.gov.br\/transparencia\/wp-content\/uploads\/2025\/06\/sao-bernardo-do-maranhao-modelo-da-resolucao-pre-escrita-5.pdf\">Download<\/a><\/td>        <\/tr>\n            <tr data-row_id=\"3\" class=\"ninja_table_row_3 nt_row_id_3\">\n            <td>INSTRUMENTO PARTICULAR DE COMODATO E OUTRAS AVEN\u00c7AS<\/td><td>06\/06\/2025<\/td><td>Junho<\/td><td>2025<\/td><td><a target=\"_blank\"  class=\"nt_btn nt_rounded_btn\" style=\"color: rgba(255, 255, 255, 1);background-color: rgba(0, 150, 136, 1);border-color: rgba(0, 150, 136, 1);\" rel=\"\" href=\"https:\/\/saobernardo.ma.gov.br\/transparencia\/wp-content\/uploads\/2025\/06\/Termo-de-comodato-NEOCONSIG-1.pdf\">Download<\/a><\/td>        <\/tr>\n            <tr data-row_id=\"4\" class=\"ninja_table_row_4 nt_row_id_4\">\n            <td>CONV\u00caNIO PARA CONCESS\u00c3O DE OPERA\u00c7\u00d5ES DO CART\u00c3O DE BENEF\u00cdCIO CONSIGNADO VEMCARD - CONV\u00caNIO QUE ENTRE SI CELEBRAM A VEMCARD E PREFEITURA MUNICIPAL DE S\u00c3O BERNARDO\/MA.<\/td><td>15\/05\/2025<\/td><td>Maio<\/td><td>2025<\/td><td><a target=\"_blank\"  class=\"nt_btn nt_rounded_btn\" style=\"color: rgba(255, 255, 255, 1);background-color: rgba(0, 150, 136, 1);border-color: rgba(0, 150, 136, 1);\" rel=\"\" href=\"https:\/\/saobernardo.ma.gov.br\/transparencia\/wp-content\/uploads\/2025\/05\/modelo_de_Minuta_Convenio_Publico_VEMCARD_atual_assinado_.pdf\">Download<\/a><\/td>        <\/tr>\n            <tr data-row_id=\"5\" class=\"ninja_table_row_5 nt_row_id_5\">\n            <td>INSTRU\u00c7\u00c3O NORMATIVA N\u00ba 01, DE 01 DE JANEIRO DE 2025.<\/td><td>01\/01\/2025<\/td><td>Janeiro<\/td><td><\/td><td><a target=\"_blank\"  class=\"nt_btn nt_rounded_btn\" style=\"color: rgba(255, 255, 255, 1);background-color: rgba(0, 150, 136, 1);border-color: rgba(0, 150, 136, 1);\" rel=\"\" href=\"https:\/\/saobernardo.ma.gov.br\/transparencia\/wp-content\/uploads\/2025\/01\/INSTRUCAO-NORMATIVA-01-2025-GRATIFICACOES-COMISSIONADOS.pdf\">Download<\/a><\/td>        <\/tr>\n            <tr data-row_id=\"6\" class=\"ninja_table_row_6 nt_row_id_6\">\n            <td>RESOLU\u00c7\u00c3O DO CMS DE S\u00c3O BERNARDO - MA N\u00ba. 01 DE 23 DE JANEIRO DE 2024<\/td><td>10\/05\/2024<\/td><td>Maio<\/td><td>2024<\/td><td><a target=\"_blank\"  class=\"nt_btn nt_rounded_btn\" style=\"color: rgba(255, 255, 255, 1);background-color: rgba(0, 150, 136, 1);border-color: rgba(0, 150, 136, 1);\" rel=\"\" href=\"https:\/\/saobernardo.ma.gov.br\/transparencia\/wp-content\/uploads\/2024\/05\/RESOLUCAO-CMS-N\u00b0-01_APROVACAO-DA-PAS-2024_SAO-BERNARDO-_-23.01.24.pdf\">Download<\/a><\/td>        <\/tr>\n            <tr data-row_id=\"7\" class=\"ninja_table_row_7 nt_row_id_7\">\n            <td>DISTRATO DO ACORDO DE COOPERA\u00c7\u00c3O T\u00c9CNICA - DISTRATO DE ACORDO DE COOPERA\u00c7\u00c3O T\u00c9CNICA, CELEBRADO ENTRE A PREFEITURA MUNICIPAL DE S\u00c3O BERNARDO\/MA E EMPRESA DIGITAL CONSIG SISTEMAS LTDA.<\/td><td>11\/04\/2024<\/td><td>Abril<\/td><td>2024<\/td><td><a target=\"_blank\"  class=\"nt_btn nt_rounded_btn\" style=\"color: rgba(255, 255, 255, 1);background-color: rgba(0, 150, 136, 1);border-color: rgba(0, 150, 136, 1);\" rel=\"\" href=\"https:\/\/saobernardo.ma.gov.br\/transparencia\/wp-content\/uploads\/2024\/04\/DISTRATO-EMPRESA-DIGITAL-CONSIG.pdf\">Download<\/a><\/td>        <\/tr>\n            <tr data-row_id=\"8\" class=\"ninja_table_row_8 nt_row_id_8\">\n            <td>EDITAL DE NOTIFICA\u00c7\u00c3O - USUCAPI\u00c3O EXTRAJUDICIAL EXTRAORDIN\u00c1RIO N\u00ba01\/2023 - Reconhecimento de direito de propriedade atrav\u00e9s do Usucapi\u00e3o Extrajudicial, Processo 243\/2023.<\/td><td>13\/11\/2023<\/td><td>Novembro<\/td><td>2023<\/td><td><a target=\"_blank\"  class=\"nt_btn nt_rounded_btn\" style=\"color: rgba(255, 255, 255, 1);background-color: rgba(0, 150, 136, 1);border-color: rgba(0, 150, 136, 1);\" rel=\"\" href=\"https:\/\/saobernardo.ma.gov.br\/transparencia\/wp-content\/uploads\/2023\/11\/EDITAL-DE-NOTIFICACAO-1.pdf\">Download<\/a><\/td>        <\/tr>\n            <tr data-row_id=\"9\" class=\"ninja_table_row_9 nt_row_id_9\">\n            <td>TERMO DE POSSE E COMPROMISSO EM CARGO EFETIVO \u2013 SECRETARIA MUNICIPAL DE ADMINISTRA\u00c7\u00c3O<\/td><td>19\/07\/2023<\/td><td>Julho<\/td><td>2023<\/td><td><a target=\"_blank\"  class=\"nt_btn nt_rounded_btn\" style=\"color: rgba(255, 255, 255, 1);background-color: rgba(0, 150, 136, 1);border-color: rgba(0, 150, 136, 1);\" rel=\"\" href=\"https:\/\/saobernardo.ma.gov.br\/transparencia\/wp-content\/uploads\/2023\/07\/Termo-de-Posse.pdf\">Download<\/a><\/td>        <\/tr>\n            <tr data-row_id=\"10\" class=\"ninja_table_row_10 nt_row_id_10\">\n            <td>TERMO DE POSSE E COMPROMISSO EM CARGO EFETIVO \u2013 SECRETARIA MUNICIPAL DE ADMINISTRA\u00c7\u00c3O<\/td><td>28\/06\/2023<\/td><td>Junho<\/td><td>2023<\/td><td><a target=\"_blank\"  class=\"nt_btn nt_rounded_btn\" style=\"color: rgba(255, 255, 255, 1);background-color: rgba(0, 150, 136, 1);border-color: rgba(0, 150, 136, 1);\" rel=\"\" href=\"https:\/\/saobernardo.ma.gov.br\/transparencia\/wp-content\/uploads\/2023\/06\/Documentos-Escaneados.pdf\">Download<\/a><\/td>        <\/tr>\n            <tr data-row_id=\"11\" class=\"ninja_table_row_11 nt_row_id_11\">\n            <td>TERMO DE POSSE E COMPROMISSO EM CARGO EFETIVO \u2013 SECRETARIA MUNICIPAL DE ADMINISTRA\u00c7\u00c3O<\/td><td>28\/06\/2023<\/td><td>Junho<\/td><td>2023<\/td><td><a target=\"_blank\"  class=\"nt_btn nt_rounded_btn\" style=\"color: rgba(255, 255, 255, 1);background-color: rgba(0, 150, 136, 1);border-color: rgba(0, 150, 136, 1);\" rel=\"\" href=\"https:\/\/saobernardo.ma.gov.br\/transparencia\/wp-content\/uploads\/2023\/06\/ESTADO-DO-MARANHAO.pdf\">Download<\/a><\/td>        <\/tr>\n            <tr data-row_id=\"12\" class=\"ninja_table_row_12 nt_row_id_12\">\n            <td>TERMO DE POSSE E COMPROMISSO EM CARGO EFETIVO \u2013 SECRETARIA MUNICIPAL DE ADMINISTRA\u00c7\u00c3O<\/td><td>28\/06\/2023<\/td><td>Junho<\/td><td>2023<\/td><td><a target=\"_blank\"  class=\"nt_btn nt_rounded_btn\" style=\"color: rgba(255, 255, 255, 1);background-color: rgba(0, 150, 136, 1);border-color: rgba(0, 150, 136, 1);\" rel=\"\" href=\"https:\/\/saobernardo.ma.gov.br\/transparencia\/wp-content\/uploads\/2023\/06\/ESTADO-DO-MARANHAO-4.pdf\">Download<\/a><\/td>        <\/tr>\n            <tr data-row_id=\"13\" class=\"ninja_table_row_13 nt_row_id_13\">\n            <td>TERMO DE POSSE E COMPROMISSO EM CARGO EFETIVO \u2013 SECRETARIA MUNICIPAL DE ADMINISTRA\u00c7\u00c3O<\/td><td>28\/06\/2023<\/td><td>Junho<\/td><td>2023<\/td><td><a target=\"_blank\"  class=\"nt_btn nt_rounded_btn\" style=\"color: rgba(255, 255, 255, 1);background-color: rgba(0, 150, 136, 1);border-color: rgba(0, 150, 136, 1);\" rel=\"\" href=\"https:\/\/saobernardo.ma.gov.br\/transparencia\/wp-content\/uploads\/2023\/06\/ESTADO-DO-MARANHAO-3.pdf\">Download<\/a><\/td>        <\/tr>\n            <tr data-row_id=\"14\" class=\"ninja_table_row_14 nt_row_id_14\">\n            <td>TERMO DE POSSE E COMPROMISSO EM CARGO EFETIVO \u2013 SECRETARIA MUNICIPAL DE ADMINISTRA\u00c7\u00c3O<\/td><td>28\/06\/2023<\/td><td>Junho<\/td><td>2023<\/td><td><a target=\"_blank\"  class=\"nt_btn nt_rounded_btn\" style=\"color: rgba(255, 255, 255, 1);background-color: rgba(0, 150, 136, 1);border-color: rgba(0, 150, 136, 1);\" rel=\"\" href=\"https:\/\/saobernardo.ma.gov.br\/transparencia\/wp-content\/uploads\/2023\/06\/ESTADO-DO-MARANHAO-2.pdf\">Download<\/a><\/td>        <\/tr>\n            <tr data-row_id=\"15\" class=\"ninja_table_row_15 nt_row_id_15\">\n            <td>TERMO DE POSSE E COMPROMISSO EM CARGO EFETIVO \u2013 SECRETARIA MUNICIPAL DE ADMINISTRA\u00c7\u00c3O<\/td><td>28\/06\/2023<\/td><td>Junho<\/td><td>2023<\/td><td><a target=\"_blank\"  class=\"nt_btn nt_rounded_btn\" style=\"color: rgba(255, 255, 255, 1);background-color: rgba(0, 150, 136, 1);border-color: rgba(0, 150, 136, 1);\" rel=\"\" href=\"https:\/\/saobernardo.ma.gov.br\/transparencia\/wp-content\/uploads\/2023\/06\/ESTADO-DO-MARANHAO-1.pdf\">Download<\/a><\/td>        <\/tr>\n            <tr data-row_id=\"16\" class=\"ninja_table_row_16 nt_row_id_16\">\n            <td>Resolu\u00e7\u00e3o n\u00ba 03\/2023. CONSELHO MUNICIPAL DOS DIREITOS DA CRIAN\u00c7A E DOS ADOLESCENTES CMDCA - S\u00c3O BERNARDO - MARANH\u00c3O - Institui a Comiss\u00e3o Especial para o Processo de Escolha dos Membros do Conselho Tutelar do Munic\u00edpio de S\u00e3o Bernardo.<\/td><td>03\/04\/2023<\/td><td>Abril<\/td><td>2023<\/td><td><a target=\"_blank\"  class=\"nt_btn nt_rounded_btn\" style=\"color: rgba(255, 255, 255, 1);background-color: rgba(0, 150, 136, 1);border-color: rgba(0, 150, 136, 1);\" rel=\"\" href=\"https:\/\/saobernardo.ma.gov.br\/transparencia\/wp-content\/uploads\/2023\/04\/RESOLUCAO-COMISSAO-ESPECIAL-DO-PROCESSO-DE-ESCOLHA-DO-CT-1.pdf\">Download<\/a><\/td>        <\/tr>\n            <tr data-row_id=\"17\" class=\"ninja_table_row_17 nt_row_id_17\">\n            <td>RESOLU\u00c7\u00c3O\/SEMECTI\/PMSB\/MA N\u00ba 01, de 14 de mar\u00e7o de 2023 - \u201cAprova as normas e procedimentos sobre Processo Seletivo Simplificado para sele\u00e7\u00e3o e contrata\u00e7\u00e3o tempor\u00e1ria de bolsistas para o Projeto de Atividades Curriculares Complementares em Contraturno de Alunos da Rede P\u00fablica municipal de Ensino, sob o regime especial de Direito Administrativo do Munic\u00edpio de S\u00e3o Bernardo \u2013 MA.\u201d<\/td><td>23\/03\/2023<\/td><td>Mar\u00e7o<\/td><td>2023<\/td><td><a target=\"_blank\"  class=\"nt_btn nt_rounded_btn\" style=\"color: rgba(255, 255, 255, 1);background-color: rgba(0, 150, 136, 1);border-color: rgba(0, 150, 136, 1);\" rel=\"\" href=\"https:\/\/saobernardo.ma.gov.br\/transparencia\/wp-content\/uploads\/2023\/03\/RESOLUCAO.pdf\">Download<\/a><\/td>        <\/tr>\n            <tr data-row_id=\"18\" class=\"ninja_table_row_18 nt_row_id_18\">\n            <td>RESOLU\u00c7\u00c3O DO REGIMENTO INTERNO DA 11\u00aa CONFER\u00caNCIA MUNICIPAL DE SA\u00daDE DE S\u00c3O BERNARDO\/MA    RESOLU\u00c7\u00c3O CMS N.\u00ba 04\/2023<\/td><td>20\/03\/2023<\/td><td>Mar\u00e7o<\/td><td>2023<\/td><td><a target=\"_blank\"  class=\"nt_btn nt_rounded_btn\" style=\"color: rgba(255, 255, 255, 1);background-color: rgba(0, 150, 136, 1);border-color: rgba(0, 150, 136, 1);\" rel=\"\" href=\"https:\/\/saobernardo.ma.gov.br\/transparencia\/wp-content\/uploads\/2023\/03\/REGIMENTO-INTERNO-11a-CONF-MUNIC-DE-SAUDE-2023-SAO-BERNARDO20230320-1.pdf\">Download<\/a><\/td>        <\/tr>\n            <tr data-row_id=\"19\" class=\"ninja_table_row_19 nt_row_id_19\">\n            <td>ESTATUTO DA ASSOCIA\u00c7\u00c3O DOS AGRICULTORES FAMILIARES DA BAIXA GRANDE DO MEIO \u2013 Disp\u00f5e organizar os moradores associados no referido povoado, buscar benef\u00edcios para a popula\u00e7\u00e3o residente no referido povoado, promover a organiza\u00e7\u00e3o dos agricultores(a) do referido povoado.<\/td><td>02\/03\/2023<\/td><td>Mar\u00e7o<\/td><td>2023<\/td><td><a target=\"_blank\"  class=\"nt_btn nt_rounded_btn\" style=\"color: rgba(255, 255, 255, 1);background-color: rgba(0, 150, 136, 1);border-color: rgba(0, 150, 136, 1);\" rel=\"\" href=\"https:\/\/saobernardo.ma.gov.br\/transparencia\/wp-content\/uploads\/2023\/03\/ESTATUTO-DA-ASSOCIACAO-DOS-AGRICULTORES-.pdf\">Download<\/a><\/td>        <\/tr>\n            <tr data-row_id=\"20\" class=\"ninja_table_row_20 nt_row_id_20\">\n            <td>ESTATUTO DA ASSOCIA\u00c7\u00c3O DOS AGRICULTORES FAMILIARES DA CIGANA \u2013 Disp\u00f5e organizar os moradores associados no referido povoado, buscar benef\u00edcios para a popula\u00e7\u00e3o residente no referido povoado, promover a organiza\u00e7\u00e3o dos agricultores(a) do referido povoado.<\/td><td>02\/03\/2023<\/td><td>Mar\u00e7o<\/td><td>2023<\/td><td><a target=\"_blank\"  class=\"nt_btn nt_rounded_btn\" style=\"color: rgba(255, 255, 255, 1);background-color: rgba(0, 150, 136, 1);border-color: rgba(0, 150, 136, 1);\" rel=\"\" href=\"https:\/\/saobernardo.ma.gov.br\/transparencia\/wp-content\/uploads\/2023\/03\/ESTATUTO-CIGANA.pdf\">Download<\/a><\/td>        <\/tr>\n            <tr data-row_id=\"21\" class=\"ninja_table_row_21 nt_row_id_21\">\n            <td>ESTATUTO DA ASSOCIA\u00c7\u00c3O DOS AGRICULTORES FAMILIARES DA MATA DA BICUIBA - Disp\u00f5e organizar os moradores associados no referido povoado, buscar benef\u00edcios para a popula\u00e7\u00e3o residente no referido povoado, promover a organiza\u00e7\u00e3o dos agricultores(a) do referido povoado.<\/td><td>02\/03\/2023<\/td><td>Mar\u00e7o<\/td><td>2023<\/td><td><a target=\"_blank\"  class=\"nt_btn nt_rounded_btn\" style=\"color: rgba(255, 255, 255, 1);background-color: rgba(0, 150, 136, 1);border-color: rgba(0, 150, 136, 1);\" rel=\"\" href=\"https:\/\/saobernardo.ma.gov.br\/transparencia\/wp-content\/uploads\/2023\/03\/ESTATUTO-BICUIBA-.pdf\">Download<\/a><\/td>        <\/tr>\n            <tr data-row_id=\"22\" class=\"ninja_table_row_22 nt_row_id_22\">\n            <td>Resolu\u00e7\u00e3o CME n\u00ba 003\/2023   -  Define Diretrizes gerais para a implanta\u00e7\u00e3o da Pol\u00edtica de Educa\u00e7\u00e3o Integral em Escola  de Tempo Integral no Sistema Municipal de Ensino Do munic\u00edpio de S\u00e3o Bernardo \u2013 MA.<\/td><td>13\/02\/2023<\/td><td>Fevereiro<\/td><td>2023<\/td><td><a target=\"_blank\"  class=\"nt_btn nt_rounded_btn\" style=\"color: rgba(255, 255, 255, 1);background-color: rgba(0, 150, 136, 1);border-color: rgba(0, 150, 136, 1);\" rel=\"\" href=\"https:\/\/saobernardo.ma.gov.br\/transparencia\/wp-content\/uploads\/2025\/05\/RESOLUCAO__003__ED.pdf\">Download<\/a><\/td>        <\/tr>\n            <tr data-row_id=\"23\" class=\"ninja_table_row_23 nt_row_id_23\">\n            <td>LISTA DE ENTIDADES E TRABALHADORES DO SUS INSCRITAS E HABILITADAS A PARTICIPAR DA PLEN\u00c1RIA DE ELEI\u00c7\u00c3O DO CONSELHO MUNICIPAL DE SA\u00daDE DE S\u00c3O BERNARDO - MA, PARA O MANDATO DO BI\u00caNIO 2022\/2024.<\/td><td>07\/10\/2022<\/td><td>Outubro<\/td><td>2022<\/td><td><a target=\"_blank\"  class=\"nt_btn nt_rounded_btn\" style=\"color: rgba(255, 255, 255, 1);background-color: rgba(0, 150, 136, 1);border-color: rgba(0, 150, 136, 1);\" rel=\"\" href=\"https:\/\/saobernardo.ma.gov.br\/transparencia\/wp-content\/uploads\/2022\/10\/LISTA-DE-REPRESENTANTES-DO-CONSLHO-MUNICIPAL-DE-SAUDE-DE-SAO-BERNARDO_F.pdf\">Download<\/a><\/td>        <\/tr>\n            <tr data-row_id=\"24\" class=\"ninja_table_row_24 nt_row_id_24\">\n            <td>REGIMENTO INTERNO DO CONSELHO MUNICIPAL DE SA\u00daDE DE S\u00c3O BERNARDO\/MA - Este Regimento Interno regulamenta e disciplina o funcionamento do CONSELHO MUNICIPAL DE SA\u00daDE DO MUNIC\u00cdPIO DE S\u00c3O BERNARDO, Estado do Maranh\u00e3o, doravante simplesmente denominado CMS.<\/td><td>24\/08\/2022<\/td><td>Agosto<\/td><td>2022<\/td><td><a target=\"_blank\"  class=\"nt_btn nt_rounded_btn\" style=\"color: rgba(255, 255, 255, 1);background-color: rgba(0, 150, 136, 1);border-color: rgba(0, 150, 136, 1);\" rel=\"\" href=\"https:\/\/saobernardo.ma.gov.br\/transparencia\/wp-content\/uploads\/2022\/08\/REGIMENTO-INTERNO-DO-CMS_ATAULIZACAO_SAO-BERNARDO-3.pdf\">Download<\/a><\/td>        <\/tr>\n            <tr data-row_id=\"25\" class=\"ninja_table_row_25 nt_row_id_25\">\n            <td>RESOLU\u00c7\u00c3O N\u00ba 01 DE 02 DE MAIO DE 2022 - CME\/ SB - Aprova o Documento Circular no Territ\u00f3rio Maranhense como Refer\u00eancia na Implanta\u00e7\u00e3o da Base Nacional Comum Curricular da Educa\u00e7\u00e3o Infantil e do Ensino Fundamental no Sistema de Ensino do Munic\u00edpio de S\u00e3o Bernardo - MA e d\u00e1 outras providencias.<\/td><td>02\/05\/2022<\/td><td>Maio<\/td><td>2022<\/td><td><a target=\"_blank\"  class=\"nt_btn nt_rounded_btn\" style=\"color: rgba(255, 255, 255, 1);background-color: rgba(0, 150, 136, 1);border-color: rgba(0, 150, 136, 1);\" rel=\"\" href=\"https:\/\/saobernardo.ma.gov.br\/transparencia\/wp-content\/uploads\/2022\/05\/2.-HOMOLOGADO-RESOLUCAO-DA-BNCC-CME-SAO-BERNARDO.pdf\">Download<\/a><\/td>        <\/tr>\n    <\/tbody><!--ninja_tobody_rendering_done-->\n    <\/table>\n    \n    \n    \n<\/div>\n\n","protected":false},"excerpt":{"rendered":"<p>Acesse as Resolu\u00e7\u00f5es da Prefeitura Municipal<\/p>\n","protected":false},"author":8,"featured_media":0,"parent":0,"menu_order":0,"comment_status":"closed","ping_status":"closed","template":"resolucoes.php","meta":{"_acf_changed":false,"footnotes":""},"class_list":["post-10689","page","type-page","status-publish","hentry"],"acf":[],"_links":{"self":[{"href":"https:\/\/saobernardo.ma.gov.br\/transparencia\/wp-json\/wp\/v2\/pages\/10689","targetHints":{"allow":["GET"]}}],"collection":[{"href":"https:\/\/saobernardo.ma.gov.br\/transparencia\/wp-json\/wp\/v2\/pages"}],"about":[{"href":"https:\/\/saobernardo.ma.gov.br\/transparencia\/wp-json\/wp\/v2\/types\/page"}],"author":[{"embeddable":true,"href":"https:\/\/saobernardo.ma.gov.br\/transparencia\/wp-json\/wp\/v2\/users\/8"}],"replies":[{"embeddable":true,"href":"https:\/\/saobernardo.ma.gov.br\/transparencia\/wp-json\/wp\/v2\/comments?post=10689"}],"version-history":[{"count":2,"href":"https:\/\/saobernardo.ma.gov.br\/transparencia\/wp-json\/wp\/v2\/pages\/10689\/revisions"}],"predecessor-version":[{"id":15202,"href":"https:\/\/saobernardo.ma.gov.br\/transparencia\/wp-json\/wp\/v2\/pages\/10689\/revisions\/15202"}],"wp:attachment":[{"href":"https:\/\/saobernardo.ma.gov.br\/transparencia\/wp-json\/wp\/v2\/media?parent=10689"}],"curies":[{"name":"wp","href":"https:\/\/api.w.org\/{rel}","templated":true}]}}