 {"id":5830,"date":"2021-03-19T13:17:47","date_gmt":"2021-03-19T16:17:47","guid":{"rendered":"https:\/\/saobernardo.ma.gov.br\/transparencia\/?page_id=5830"},"modified":"2021-08-14T12:58:16","modified_gmt":"2021-08-14T15:58:16","slug":"mapa-do-site","status":"publish","type":"page","link":"https:\/\/saobernardo.ma.gov.br\/transparencia\/mapa-do-site\/","title":{"rendered":"Mapa do Site"},"content":{"rendered":"<p><strong><div class=\"wsp-container\"><h2 class=\"wsp-pages-title\">Pages<\/h2>\n<ul class=\"wsp-pages-list\">\n<li class=\"page_item page-item-741\"><a href=\"https:\/\/saobernardo.ma.gov.br\/transparencia\/acessibilidade\/\"><i class=\"fab fa-accessible-icon\"><\/i> Acessibilidade<\/a><\/li>\n<li class=\"page_item page-item-5911\"><a href=\"https:\/\/saobernardo.ma.gov.br\/transparencia\/atas\/\">Atas<\/a><\/li>\n<li class=\"page_item page-item-25025\"><a href=\"https:\/\/saobernardo.ma.gov.br\/transparencia\/audiencias-publicas\/\">Audi\u00eancias P\u00fablicas<\/a><\/li>\n<li class=\"page_item page-item-15562\"><a href=\"https:\/\/saobernardo.ma.gov.br\/transparencia\/balanco-geral-circunstanciado\/\">Balan\u00e7o Geral\/Circunstanciado<\/a><\/li>\n<li class=\"page_item page-item-13512\"><a href=\"https:\/\/saobernardo.ma.gov.br\/transparencia\/boletim-arbovirose\/\">Boletim Arbovirose<\/a><\/li>\n<li class=\"page_item page-item-18083\"><a href=\"https:\/\/saobernardo.ma.gov.br\/transparencia\/carta-de-servicos\/\">Carta de Servi\u00e7os<\/a><\/li>\n<li class=\"page_item page-item-2826\"><a href=\"https:\/\/saobernardo.ma.gov.br\/transparencia\/compras-direta-covid-19\/\">Compras Direta &#8211; Covid-19<\/a><\/li>\n<li class=\"page_item page-item-17496\"><a href=\"https:\/\/saobernardo.ma.gov.br\/transparencia\/concursos-e-seletivos\/\">Concursos e Seletivos<\/a><\/li>\n<li class=\"page_item page-item-1587 page_item_has_children\"><a href=\"https:\/\/saobernardo.ma.gov.br\/transparencia\/contra-cheques\/\">Contra-Cheques<\/a>\n<ul class='children'>\n\t<li class=\"page_item page-item-1591\"><a href=\"https:\/\/saobernardo.ma.gov.br\/transparencia\/contra-cheques\/adminsaude\/\">Contra-Cheques &#8211; Administra\u00e7\u00e3o e Sa\u00fade<\/a><\/li>\n\t<li class=\"page_item page-item-1589\"><a href=\"https:\/\/saobernardo.ma.gov.br\/transparencia\/contra-cheques\/educacao\/\">Contra-Cheques &#8211; Educa\u00e7\u00e3o<\/a><\/li>\n<\/ul>\n<\/li>\n<li class=\"page_item page-item-2800\"><a href=\"https:\/\/saobernardo.ma.gov.br\/transparencia\/contratacao-direta-de-pessoal\/\">Contrata\u00e7\u00e3o Direta de Pessoal &#8211; Combate ao Covid-19<\/a><\/li>\n<li class=\"page_item page-item-2759\"><a href=\"https:\/\/saobernardo.ma.gov.br\/transparencia\/contratos\/\">Contratos<\/a><\/li>\n<li class=\"page_item page-item-3126\"><a href=\"https:\/\/saobernardo.ma.gov.br\/transparencia\/contratoscovid19\/\">Contratos Covid-19<\/a><\/li>\n<li class=\"page_item page-item-3185\"><a href=\"https:\/\/saobernardo.ma.gov.br\/transparencia\/transferencias-voluntarias\/\">Conv\u00eanios &#8211; Transfer\u00eancias Volunt\u00e1rias Recebidas<\/a><\/li>\n<li class=\"page_item page-item-18115\"><a href=\"https:\/\/saobernardo.ma.gov.br\/transparencia\/creches-municipais\/\">Creches Municipais<\/a><\/li>\n<li class=\"page_item page-item-18122\"><a href=\"https:\/\/saobernardo.ma.gov.br\/transparencia\/dados-abertos\/\">Dados Abertos<\/a><\/li>\n<li class=\"page_item page-item-48\"><a href=\"https:\/\/saobernardo.ma.gov.br\/transparencia\/decretos\/\">Decretos<\/a><\/li>\n<li class=\"page_item page-item-21422\"><a href=\"https:\/\/saobernardo.ma.gov.br\/transparencia\/despesas\/\">Despesas<\/a><\/li>\n<li class=\"page_item page-item-55\"><a href=\"https:\/\/saobernardo.ma.gov.br\/transparencia\/diarias\/\">Di\u00e1rias<\/a><\/li>\n<li class=\"page_item page-item-8613\"><a href=\"https:\/\/saobernardo.ma.gov.br\/transparencia\/diario-oficial-do-municipio\/\">Di\u00e1rio Oficial do Munic\u00edpio<\/a><\/li>\n<li class=\"page_item page-item-15543\"><a href=\"https:\/\/saobernardo.ma.gov.br\/transparencia\/divida-ativa\/\">D\u00edvida Ativa do Munic\u00edpio<\/a><\/li>\n<li class=\"page_item page-item-46\"><a href=\"https:\/\/saobernardo.ma.gov.br\/transparencia\/edital\/\">Edital<\/a><\/li>\n<li class=\"page_item page-item-18107\"><a href=\"https:\/\/saobernardo.ma.gov.br\/transparencia\/emendas-parlamentares\/\">Emendas Parlamentares<\/a><\/li>\n<li class=\"page_item page-item-17486\"><a href=\"https:\/\/saobernardo.ma.gov.br\/transparencia\/estagiarios\/\">Estagi\u00e1rios<\/a><\/li>\n<li class=\"page_item page-item-6877\"><a href=\"https:\/\/saobernardo.ma.gov.br\/transparencia\/estrutura-organizacional\/\">Estrutura Organizacional<\/a><\/li>\n<li class=\"page_item page-item-1490\"><a href=\"https:\/\/saobernardo.ma.gov.br\/transparencia\/execucao-orcamentaria\/\">Execu\u00e7\u00e3o Or\u00e7ament\u00e1ria<\/a><\/li>\n<li class=\"page_item page-item-5998\"><a href=\"https:\/\/saobernardo.ma.gov.br\/transparencia\/fale-conosco\/\">Fale conosco<\/a><\/li>\n<li class=\"page_item page-item-18073\"><a href=\"https:\/\/saobernardo.ma.gov.br\/transparencia\/fiscais-de-contrato\/\">Fiscais de Contrato<\/a><\/li>\n<li class=\"page_item page-item-22272\"><a href=\"https:\/\/saobernardo.ma.gov.br\/transparencia\/folhadepagamentos\/\">Folha de Pagamentos<\/a><\/li>\n<li class=\"page_item page-item-2080\"><a href=\"https:\/\/saobernardo.ma.gov.br\/transparencia\/informativos-combate-ao-covid-19\/\">Informativos &#8211; Combate ao COVID-19<\/a><\/li>\n<li class=\"page_item page-item-15568\"><a href=\"https:\/\/saobernardo.ma.gov.br\/transparencia\/julgamento-de-contas-legislativo\/\">Julgamento de Contas &#8211; Legislativo<\/a><\/li>\n<li class=\"page_item page-item-18086\"><a href=\"https:\/\/saobernardo.ma.gov.br\/transparencia\/lei-geral-de-protecao-de-dados\/\">Lei Geral de Prote\u00e7\u00e3o de Dados<\/a><\/li>\n<li class=\"page_item page-item-53\"><a href=\"https:\/\/saobernardo.ma.gov.br\/transparencia\/leis\/\">Leis<\/a><\/li>\n<li class=\"page_item page-item-2753\"><a href=\"https:\/\/saobernardo.ma.gov.br\/transparencia\/licitacoes\/\">Licita\u00e7\u00f5es<\/a><\/li>\n<li class=\"page_item page-item-2761\"><a href=\"https:\/\/saobernardo.ma.gov.br\/transparencia\/licitacoes-covid-19\/\">Licita\u00e7\u00f5es Covid-19<\/a><\/li>\n<li class=\"page_item page-item-15556\"><a href=\"https:\/\/saobernardo.ma.gov.br\/transparencia\/licitantes-contratados-sancionados\/\">Licitantes Contratados\/Sancionados<\/a><\/li>\n<li class=\"page_item page-item-18119\"><a href=\"https:\/\/saobernardo.ma.gov.br\/transparencia\/lista-de-medicamentos\/\">Lista de Medicamentos<\/a><\/li>\n<li class=\"page_item page-item-1524\"><a href=\"https:\/\/saobernardo.ma.gov.br\/transparencia\/login-customizer\/\">Login Customizer<\/a><\/li>\n<li class=\"page_item page-item-1535\"><a href=\"https:\/\/saobernardo.ma.gov.br\/transparencia\/manuais\/\">Manuais<\/a><\/li>\n<li class=\"page_item page-item-5830\"><a href=\"https:\/\/saobernardo.ma.gov.br\/transparencia\/mapa-do-site\/\">Mapa do Site<\/a><\/li>\n<li class=\"page_item page-item-6396\"><a href=\"https:\/\/saobernardo.ma.gov.br\/transparencia\/monitoramento-covid-19\/\">Monitoramento Vacina\u00e7\u00e3o Covid-19<\/a><\/li>\n<li class=\"page_item page-item-15559\"><a href=\"https:\/\/saobernardo.ma.gov.br\/transparencia\/obras\/\">Obras<\/a><\/li>\n<li class=\"page_item page-item-10982\"><a href=\"https:\/\/saobernardo.ma.gov.br\/transparencia\/oficios\/\">Of\u00edcios<\/a><\/li>\n<li class=\"page_item page-item-18076\"><a href=\"https:\/\/saobernardo.ma.gov.br\/transparencia\/ordem-cronologica-de-pagamentos\/\">Ordem Cronol\u00f3gica de Pagamentos<\/a><\/li>\n<li class=\"page_item page-item-12783\"><a href=\"https:\/\/saobernardo.ma.gov.br\/transparencia\/painel-vacinacao\/\">Painel Vacina\u00e7\u00e3o<\/a><\/li>\n<li class=\"page_item page-item-9282\"><a href=\"https:\/\/saobernardo.ma.gov.br\/transparencia\/parecer-previo-do-tce\/\">Parecer Pr\u00e9vio do TCE<\/a><\/li>\n<li class=\"page_item page-item-22937\"><a href=\"https:\/\/saobernardo.ma.gov.br\/transparencia\/patrimonio-tombamento\/\">Patrim\u00f4nio \/ Tombamento<\/a><\/li>\n<li class=\"page_item page-item-1509\"><a href=\"https:\/\/saobernardo.ma.gov.br\/transparencia\/perguntas-e-respostas\/\">Perguntas e Respostas<\/a><\/li>\n<li class=\"page_item page-item-19083\"><a href=\"https:\/\/saobernardo.ma.gov.br\/transparencia\/pesquisa-de-satisfacao\/\">Pesquisa de Satisfa\u00e7\u00e3o<\/a><\/li>\n<li class=\"page_item page-item-18044\"><a href=\"https:\/\/saobernardo.ma.gov.br\/transparencia\/planejamento-estrategico\/\">Planejamento Estrat\u00e9gico<\/a><\/li>\n<li class=\"page_item page-item-1453 page_item_has_children\"><a href=\"https:\/\/saobernardo.ma.gov.br\/transparencia\/planejamento-orcamentario\/\">Planejamento Or\u00e7ament\u00e1rio<\/a>\n<ul class='children'>\n\t<li class=\"page_item page-item-81\"><a href=\"https:\/\/saobernardo.ma.gov.br\/transparencia\/planejamento-orcamentario\/ldo\/\">LDO<\/a><\/li>\n\t<li class=\"page_item page-item-77\"><a href=\"https:\/\/saobernardo.ma.gov.br\/transparencia\/planejamento-orcamentario\/loa\/\">LOA<\/a><\/li>\n\t<li class=\"page_item page-item-79\"><a href=\"https:\/\/saobernardo.ma.gov.br\/transparencia\/planejamento-orcamentario\/ppa\/\">PPA<\/a><\/li>\n<\/ul>\n<\/li>\n<li class=\"page_item page-item-15552\"><a href=\"https:\/\/saobernardo.ma.gov.br\/transparencia\/plano-anual-de-contratacoes\/\">Plano Anual de Contrata\u00e7\u00f5es<\/a><\/li>\n<li class=\"page_item page-item-6682\"><a href=\"https:\/\/saobernardo.ma.gov.br\/transparencia\/plano-de-vacinacao-covid-19\/\">Plano de Vacina\u00e7\u00e3o Covid-19<\/a><\/li>\n<li class=\"page_item page-item-17807\"><a href=\"https:\/\/saobernardo.ma.gov.br\/transparencia\/planos-municipais\/\">Planos Municipais<\/a><\/li>\n<li class=\"page_item page-item-15674\"><a href=\"https:\/\/saobernardo.ma.gov.br\/transparencia\/portal-de-tributos\/\">Portal de Tributos<\/a><\/li>\n<li class=\"page_item page-item-51\"><a href=\"https:\/\/saobernardo.ma.gov.br\/transparencia\/portarias\/\">Portarias<\/a><\/li>\n<li class=\"page_item page-item-6893\"><a href=\"https:\/\/saobernardo.ma.gov.br\/transparencia\/prestacao-de-contas\/\">Presta\u00e7\u00e3o de Contas<\/a><\/li>\n<li class=\"page_item page-item-18103\"><a href=\"https:\/\/saobernardo.ma.gov.br\/transparencia\/projetos-culturais\/\">Projetos Culturais<\/a><\/li>\n<li class=\"page_item page-item-21420\"><a href=\"https:\/\/saobernardo.ma.gov.br\/transparencia\/receitas\/\">Receitas<\/a><\/li>\n<li class=\"page_item page-item-17440\"><a href=\"https:\/\/saobernardo.ma.gov.br\/transparencia\/registro-das-competencias\/\">Registro das Compet\u00eancias<\/a><\/li>\n<li class=\"page_item page-item-25051\"><a href=\"https:\/\/saobernardo.ma.gov.br\/transparencia\/regulamentacao-da-lai\/\">Regulamenta\u00e7\u00e3o da LAI<\/a><\/li>\n<li class=\"page_item page-item-18091\"><a href=\"https:\/\/saobernardo.ma.gov.br\/transparencia\/regulamentacao-da-lei-federal\/\">Regulamenta\u00e7\u00e3o da Lei Federal n\u00ba 14.129\/2021<\/a><\/li>\n<li class=\"page_item page-item-44\"><a href=\"https:\/\/saobernardo.ma.gov.br\/transparencia\/servidores\/\">Rela\u00e7\u00e3o Nominal de Servidores<\/a><\/li>\n<li class=\"page_item page-item-19084\"><a href=\"https:\/\/saobernardo.ma.gov.br\/transparencia\/relatorio-pesquisa-de-satisfacao\/\">Relat\u00f3rio &#8211; Pesquisa de Satisfa\u00e7\u00e3o<\/a><\/li>\n<li class=\"page_item page-item-15565\"><a href=\"https:\/\/saobernardo.ma.gov.br\/transparencia\/relatorio-de-atividades\/\">Relat\u00f3rio de Gest\u00e3o ou Atividades<\/a><\/li>\n<li class=\"page_item page-item-17836\"><a href=\"https:\/\/saobernardo.ma.gov.br\/transparencia\/renuncias-fiscais\/\">Ren\u00fancias Fiscais<\/a><\/li>\n<li class=\"page_item page-item-10689\"><a href=\"https:\/\/saobernardo.ma.gov.br\/transparencia\/resolucoes\/\">Resolu\u00e7\u00f5es<\/a><\/li>\n<li class=\"page_item page-item-15205\"><a href=\"https:\/\/saobernardo.ma.gov.br\/transparencia\/rgf-rreo\/\">RGF | RREO<\/a><\/li>\n<li class=\"page_item page-item-18111\"><a href=\"https:\/\/saobernardo.ma.gov.br\/transparencia\/servicos-de-saude-profissionais-e-locais\/\">Servi\u00e7os de Sa\u00fade, Profissionais e Locais<\/a><\/li>\n<li class=\"page_item page-item-15549\"><a href=\"https:\/\/saobernardo.ma.gov.br\/transparencia\/servidores-terceirizados\/\">Servidores Terceirizados<\/a><\/li>\n<li class=\"page_item page-item-8621\"><a href=\"https:\/\/saobernardo.ma.gov.br\/transparencia\/tabela-de-valores-das-diarias\/\">Tabela de Valores das Di\u00e1rias<\/a><\/li>\n<li class=\"page_item page-item-6883\"><a href=\"https:\/\/saobernardo.ma.gov.br\/transparencia\/tabela-remuneratoria\/\">Tabela Remunerat\u00f3ria<\/a><\/li>\n<li class=\"page_item page-item-17489\"><a href=\"https:\/\/saobernardo.ma.gov.br\/transparencia\/terceirizados\/\">Terceirizados<\/a><\/li>\n<li class=\"page_item page-item-14190\"><a href=\"https:\/\/saobernardo.ma.gov.br\/transparencia\/termo-de-posse\/\">Termo de Posse<\/a><\/li>\n<li class=\"page_item page-item-6094\"><a href=\"https:\/\/saobernardo.ma.gov.br\/transparencia\/titulos-de-propriedade\/\">T\u00edtulos de Propriedade<\/a><\/li>\n<li class=\"page_item page-item-3183\"><a href=\"https:\/\/saobernardo.ma.gov.br\/transparencia\/transferencias-voluntarias-realizadas\/\">TRANSFER\u00caNCIAS VOLUNT\u00c1RIAS REALIZADAS<\/a><\/li>\n<li class=\"page_item page-item-22398\"><a href=\"https:\/\/saobernardo.ma.gov.br\/transparencia\/transferencias-voluntarias-sem-repasses-financeiros\/\">Transfer\u00eancias Volunt\u00e1rias sem Repasses Financeiros<\/a><\/li>\n<li class=\"page_item page-item-24901\"><a href=\"https:\/\/saobernardo.ma.gov.br\/transparencia\/transparencia-2026\/\">Transpar\u00eancia 2026<\/a><\/li>\n<\/ul>\n<h2 class=\"wsp-posts-title\">Posts by category<\/h2>\n<ul class=\"wsp-posts-list\">\n\t<li><strong class=\"wsp-category-title\">Category: <a href=\"https:\/\/saobernardo.ma.gov.br\/transparencia\/category\/atas\/\">Atas<\/a><\/strong>\n<ul class=\"wsp-posts-list\">\t\t<li class=\"wsp-post\"><a href=\"https:\/\/saobernardo.ma.gov.br\/transparencia\/atas\/conconselho-municipal-do-direitos-da-crianca-e-do-adolescente-cmdca-ata-da-reuniao-ordinaria-do-conselho-municipal-dos-direitos-da-crianca-e-do-adolescente-cmdca-sao-bernardo-%d0%bc%d0%b0\/\">CONCONSELHO MUNICIPAL DO DIREITOS DA CRIAN\u00c7A E DO ADOLESCENTE CMDCA &#8211; Ata da Reuni\u00e3o Ordin\u00e1ria do Conselho Municipal dos Direitos da Crian\u00e7a e do Adolescente\/CMDCA, S\u00e3o Bernardo\/\u041c\u0410.<\/a><\/li>\n\t\t<li class=\"wsp-post\"><a href=\"https:\/\/saobernardo.ma.gov.br\/transparencia\/atas\/termo-de-compromisso-e-posse-do-prefeito-e-vice-prefeita\/\">TERMO DE COMPROMISSO E POSSE DO PREFEITO E VICE-PREFEITA.<\/a><\/li>\n\t\t<li class=\"wsp-post\"><a href=\"https:\/\/saobernardo.ma.gov.br\/transparencia\/atas\/ata-da-sessao-solene-da-20o-legislatura-da-camara-minicipal-de-sao-bernardo-ma\/\">ATA DA SESS\u00c3O SOLENE DA 20\u00ba LEGISLATURA DA C\u00c2MARA MINICIPAL DE S\u00c3O BERNARDO-MA<\/a><\/li>\n\t\t<li class=\"wsp-post\"><a href=\"https:\/\/saobernardo.ma.gov.br\/transparencia\/atas\/ata-no-01-de-escuta-publica-ata-de-escuta-publica-referente-a-elaboracao-do-plano-anual-de-aplicacao-de-recursos-paar-oriundos-da-politica-nacional-aldir-blanc-organizada-pela-secretari\/\">ATA DO REUNI\u00c3O REFERENTE AO PAAR\/2023 &#8211; PNAB 2, EM S\u00c3O BERNARDO &#8211; MA.<\/a><\/li>\n\t\t<li class=\"wsp-post\"><a href=\"https:\/\/saobernardo.ma.gov.br\/transparencia\/atas\/ata-da-reuniao-de-eleicao-e-posse-dos-membros-do-novo-conselho-municipal-de-acompanhamento-e-controle-social-do-fundo-de-manutencao-desenvolvimento-da-educacao-basica-e-de-valorizacao-dos-profission-2\/\">ATA DA REUNI\u00c3O DE ELEI\u00c7\u00c3O E POSSE DOS MEMBROS DO NOVO CONSELHO MUNICIPAL DE ACOMPANHAMENTO E CONTROLE SOCIAL DO FUNDO DE MANUTEN\u00c7\u00c3O DESENVOLVIMENTO DA EDUCA\u00c7\u00c3O B\u00c1SICA E DE VALORIZA\u00c7\u00c3O DOS PROFISSIONAIS DA EDUCA\u00c7\u00c3O- CACS\/FUNDEB\/SBMA &#8211; 2022<\/a><\/li>\n\t\t<li class=\"wsp-post\"><a href=\"https:\/\/saobernardo.ma.gov.br\/transparencia\/atas\/ata-da-reuniao-de-eleicao-e-posse-dos-membros-do-novo-conselho-municipal-de-acompanhamento-e-controle-social-do-fundo-de-manutencao-desenvolvimento-da-educacao-basica-e-de-valorizacao-dos-profissionai\/\">ATA DA REUNI\u00c3O DE ELEI\u00c7\u00c3O E POSSE DOS MEMBROS DO NOVO CONSELHO MUNICIPAL DE ACOMPANHAMENTO E CONTROLE SOCIAL DO FUNDO DE MANUTEN\u00c7\u00c3O DESENVOLVIMENTO DA EDUCA\u00c7\u00c3O B\u00c1SICA E DE VALORIZA\u00c7\u00c3O DOS PROFISSIONAIS DA EDUCA\u00c7\u00c3O- CACS\/FUNDEB\/SBMA<\/a><\/li>\n<\/ul><\/li>\n\t<li><strong class=\"wsp-category-title\">Category: <a href=\"https:\/\/saobernardo.ma.gov.br\/transparencia\/category\/convenios-municipais\/\">Conv\u00eanios e Termos Municipais<\/a><\/strong>\n<ul class=\"wsp-posts-list\">\t\t<li class=\"wsp-post\"><a href=\"https:\/\/saobernardo.ma.gov.br\/transparencia\/edital\/acordo-de-cooperacao-n-01-2026-acordo-de-cooperacao-que-celebram-entre-si-o-instituto-de-planejamento-e-gestao-de-cidades-ipgc-e-o-municipio-de-sao-bernardo-estado-do-maranhao-para\/\">ACORDO DE COOPERA\u00c7\u00c3O N\u00b0 01\/2026 &#8211; ACORDO DE COOPERA\u00c7\u00c3O que celebram entre si o INSTITUTO DE PLANEJAMENTO E GEST\u00c3O DE CIDADES \u2013 IPGC e o MUNICIPIO DE S\u00c3O BERNARDO ESTADO DO MARANH\u00c3O, para fins de Assessoria, Estudos e Modelagem para estrutura\u00e7\u00e3o de Projetos Estrat\u00e9gicos de Concess\u00f5es P\u00fablicas e Parcerias P\u00fablico Privada (PPPs).<\/a><\/li>\n\t\t<li class=\"wsp-post\"><a href=\"https:\/\/saobernardo.ma.gov.br\/transparencia\/convenios-municipais\/contrato-de-permuta-de-bem-imovel-entre-a-prefeitura-municipal-de-sao-bernardo-ma-com-sr-jose-evadro-araujo-silva\/\">Contrato de Permuta de bem Im\u00f3vel entre a Prefeitura Municipal de S\u00e3o Bernardo &#8211; Ma com Sr. Jos\u00e9 Evadro Ara\u00fajo Silva.<\/a><\/li>\n<\/ul><\/li>\n\t<li><strong class=\"wsp-category-title\">Category: <a href=\"https:\/\/saobernardo.ma.gov.br\/transparencia\/category\/decretos\/\">Decretos<\/a><\/strong>\n<ul class=\"wsp-posts-list\">\t\t<li class=\"wsp-post\"><a href=\"https:\/\/saobernardo.ma.gov.br\/transparencia\/decretos\/decreto-municipal-no-52-de-15-de-abril-de-2026-estabelece-os-principios-e-as-diretrizes-gerais-a-serem-observadas-na-implantacao-da-politica-municipal-de-alfabetizacao-no-ambito-do-comprom\/\">DECRETO MUNICIPAL N\u00ba 52, DE 15 DE ABRIL DE 2026 &#8211; \u201cEstabelece os princ\u00edpios e as diretrizes gerais a serem observadas na Implanta\u00e7\u00e3o da Pol\u00edtica Municipal de Alfabetiza\u00e7\u00e3o no \u00e2mbito do Compromisso Nacional Crian\u00e7a Alfabetizada\u201d<\/a><\/li>\n\t\t<li class=\"wsp-post\"><a href=\"https:\/\/saobernardo.ma.gov.br\/transparencia\/decretos\/decreto-municipal-no-51-de-24-de-marco-de-2026-decreta-ponto-facultativo-nas-reparticoes-publicas-municipais-no-dia-30-de-marco-de-2026-e-no-dia-02-de-abril-de-2026-e-da-outras-providenci\/\">DECRETO MUNICIPAL N\u00ba 51, DE 24 DE MAR\u00c7O DE 2026 &#8211; \u201cDecreta ponto facultativo nas reparti\u00e7\u00f5es p\u00fablicas municipais no dia 30 de mar\u00e7o de 2026 e no dia 02 de abril de 2026, e d\u00e1 outras provid\u00eancias\u201d.<\/a><\/li>\n\t\t<li class=\"wsp-post\"><a href=\"https:\/\/saobernardo.ma.gov.br\/transparencia\/decretos\/decreto-municipal-no-50-de-16-de-marco-de-2026-declara-situacao-de-emergencia-nas-areas-do-municipio-de-sao-bernardo-ma-afetadas-por-desastre-natural-classificado-como-chuvas-intensas\/\">DECRETO MUNICIPAL N\u00ba 50, DE 16 DE MAR\u00c7O DE 2026 &#8211;  \u201cDeclara situa\u00e7\u00e3o de emerg\u00eancia nas \u00e1reas do Munic\u00edpio de S\u00e3o Bernardo\/MA, afetadas por desastre natural classificado como chuvas intensas \u2013 cobrade \u2013 1.3.2.1.4 \u2013 conforme portaria n.\u00ba 3.646 de 20 de dezembro de 2022.<\/a><\/li>\n\t\t<li class=\"wsp-post\"><a href=\"https:\/\/saobernardo.ma.gov.br\/transparencia\/decretos\/decreto-municipal-n-o-49-de-13-de-marco-de-2026-dispoe-sobre-a-abertura-no-orcamento-vigente-um-credito-adicional-suplementar-e-da-outras-providencias\/\">DECRETO MUNICIPAL N.\u00ba 49, DE 13 DE MAR\u00c7O DE 2026 &#8211; \u201cDisp\u00f5e sobre a abertura no or\u00e7amento vigente um cr\u00e9dito adicional suplementar; e d\u00e1 outras provid\u00eancias\u201d.<\/a><\/li>\n\t\t<li class=\"wsp-post\"><a href=\"https:\/\/saobernardo.ma.gov.br\/transparencia\/decretos\/decreto-municipal-no-48-de-04-de-marco-de-2026-revoga-o-decreto-municipal-no-42-de-05-de-fevereiro-de-2026-que-restabeleceu-a-situacao-de-emergencia-no-municipio-de-sao-bernardo-ma-e-da\/\">DECRETO MUNICIPAL N\u00ba 48, DE 04 DE MAR\u00c7O DE 2026 &#8211; \u201cRevoga o Decreto Municipal n\u00ba 42, de 05 de fevereiro de 2026, que restabeleceu a Situa\u00e7\u00e3o de Emerg\u00eancia no Munic\u00edpio de S\u00e3o Bernardo\/MA, e d\u00e1 outras provid\u00eancias.\u201d<\/a><\/li>\n\t\t<li class=\"wsp-post\"><a href=\"https:\/\/saobernardo.ma.gov.br\/transparencia\/decretos\/decreto-municipal-no-47-de-04-de-marco-de-2026-dispoe-sobre-a-nomeacao-dos-membros-do-comite-municipal-de-gestao-colegiada-da-rede-de-cuidado-e-de-protecao-social-das-criancas-e-dos-adoles\/\">DECRETO MUNICIPAL N\u00ba 47, DE 04 DE MAR\u00c7O DE 2026 &#8211; \u201cDisp\u00f5e sobre a Nomea\u00e7\u00e3o dos Membros do Comit\u00ea Municipal de Gest\u00e3o Colegiada da Rede de Cuidado e de Prote\u00e7\u00e3o Social das Crian\u00e7as e dos Adolescentes V\u00edtimas ou Testemunhas de Viol\u00eancia de S\u00e3o Bernardo\/MA, e d\u00e1 outras provid\u00eancias.\u201d<\/a><\/li>\n\t\t<li class=\"wsp-post\"><a href=\"https:\/\/saobernardo.ma.gov.br\/transparencia\/decretos\/decreto-municipal-no-46-de-27-de-fevereiro-de-2026-dispoe-sobre-a-substituicao-de-membro-do-conselho-municipal-de-assistencia-social-e-da-outras-providencias\/\">DECRETO MUNICIPAL N\u00ba 46, DE 27 DE FEVEREIRO DE 2026 &#8211; \u201cDisp\u00f5e sobre a substitui\u00e7\u00e3o de membro do Conselho Municipal de Assist\u00eancia Social e d\u00e1 outras provid\u00eancias.\u201d<\/a><\/li>\n\t\t<li class=\"wsp-post\"><a href=\"https:\/\/saobernardo.ma.gov.br\/transparencia\/decretos\/decreto-municipal-no-45-de-10-de-fevereiro-de-2026-decreta-ponto-facultativo-nas-reparticoes-publicas-municipais-no-periodo-do-carnaval-de-2026-e-da-outras-providencias\/\">DECRETO MUNICIPAL N\u00ba 45, DE 10 DE FEVEREIRO DE 2026 &#8211; \u201cDecreta ponto facultativo nas reparti\u00e7\u00f5es p\u00fablicas municipais no per\u00edodo do carnaval de 2026, e d\u00e1 outras provid\u00eancias\u201d.<\/a><\/li>\n\t\t<li class=\"wsp-post\"><a href=\"https:\/\/saobernardo.ma.gov.br\/transparencia\/decretos\/decreto-municipal-no-44-de-05-de-fevereiro-de-2026-regulamenta-o-art-201-da-lei-complementar-no-01-2004-codigo-tributario-municipal-de-sao-bernardo-estipulando-regras-condicoe\/\">DECRETO MUNICIPAL N\u00ba 44, DE 05 DE FEVEREIRO DE 2026 &#8211; \u201cRegulamenta o art. 201 da Lei Complementar n\u00ba 01\/2004 \u2013 C\u00f3digo Tribut\u00e1rio Municipal de S\u00e3o Bernardo, estipulando regras, condi\u00e7\u00f5es e datas de vencimentos para pagamento do imposto sobre a propriedade predial e territorial urbana \u2013 IPTU, para o exerc\u00edcio de 2026, e d\u00e1 outras provid\u00eancias.\u201d<\/a><\/li>\n\t\t<li class=\"wsp-post\"><a href=\"https:\/\/saobernardo.ma.gov.br\/transparencia\/decretos\/decreto-municipal-no-43-de-05-de-fevereiro-de-2026-regulamenta-o-art-247-da-lei-complementar-no-01-2004-codigo-tributario-municipal-de-sao-bernardo-estipulando-regras-condicoes-e-data\/\">DECRETO MUNICIPAL N\u00ba 43, DE 05 DE FEVEREIRO DE 2026 &#8211; \u201cRegulamenta o art. 247 da Lei Complementar n\u00ba 01\/2004 &#8211; C\u00f3digo Tribut\u00e1rio Municipal de S\u00e3o Bernardo, estipulando regras, condi\u00e7\u00f5es e datas de vencimentos para pagamento da taxa de licen\u00e7a para localiza\u00e7\u00e3o e para funcionamento, para o exerc\u00edcio de 2026, e d\u00e1 outras provid\u00eancias.\u201d<\/a><\/li>\n\t\t<li class=\"wsp-post\"><a href=\"https:\/\/saobernardo.ma.gov.br\/transparencia\/decretos\/decreto-municipal-no-42-de-05-de-fevereiro-de-2026-restabelece-a-situacao-de-emergencia-no-municipio-de-sao-bernardo-ma-em-razao-de-chuvas-intensas-e-da-outras-providencias\/\">DECRETO MUNICIPAL N\u00ba 42, DE 05 DE FEVEREIRO DE 2026 &#8211; \u201cRestabelece a Situa\u00e7\u00e3o de Emerg\u00eancia no Munic\u00edpio de S\u00e3o Bernardo\/MA, em raz\u00e3o de chuvas intensas, e d\u00e1 outras provid\u00eancias.\u201d<\/a><\/li>\n\t\t<li class=\"wsp-post\"><a href=\"https:\/\/saobernardo.ma.gov.br\/transparencia\/decretos\/decreto-municipal-no-41-de-29-de-janeiro-de-2026-realiza-o-reajuste-do-piso-salarial-dos-professores-da-rede-municipal-de-educacao-do-municipio-de-sao-bernardo-nos-termos-da-medida-provisoria-no\/\">DECRETO MUNICIPAL N\u00ba 41, DE 29 DE JANEIRO DE 2026 &#8211; &#8220;REALIZA O REAJUSTE DO PISO SALARIAL DOS PROFESSORES DA REDE MUNICIPAL DE EDUCA\u00c7\u00c3O DO MUNIC\u00cdPIO DE S\u00c3O BERNARDO, NOS TERMOS DA MEDIDA PROVIS\u00d3RIA N\u00ba 1334\/2026 que altera a LEI FEDERAL N\u00ba 11.738\/08, PARA O EXERC\u00cdCIO DE 2026.\u201d<\/a><\/li>\n\t\t<li class=\"wsp-post\"><a href=\"https:\/\/saobernardo.ma.gov.br\/transparencia\/decretos\/decreto-municipal-no-40-de-28-de-janeiro-de-2026-trata-da-revogacao-do-decreto-municipal-no-05-de-27-de-janeiro-de-2025-que-reduziu-temporariamente-o-percentual-da-gratificacao-incidente\/\">DECRETO MUNICIPAL N\u00ba 40, DE 28 DE JANEIRO DE 2026 &#8211; \u201cTrata da revoga\u00e7\u00e3o do Decreto Municipal n\u00ba 05 de 27 de janeiro de 2025, que reduziu temporariamente o percentual da gratifica\u00e7\u00e3o incidente sobre o vencimento base do cargo de dire\u00e7\u00e3o escolar e seus demais dispositivos, e restabelece a aplica\u00e7\u00e3o dos percentuais previstos na Lei Complementar n\u00ba 14, de 2022, e d\u00e1 outras provid\u00eancias.\u201d<\/a><\/li>\n\t\t<li class=\"wsp-post\"><a href=\"https:\/\/saobernardo.ma.gov.br\/transparencia\/decretos\/decreto-municipal-no-39-de-19-de-janeiro-de-2026-regulamenta-o-novo-modelo-de-nota-fiscal-de-servicos-eletronica-nfs-e-de-padrao-nacional-no-municipio-de-sao-bernardo-regulament\/\">DECRETO MUNICIPAL N\u00ba 39, DE 19 DE JANEIRO DE 2026 &#8211; \u201cRegulamenta o novo modelo de nota fiscal de servi\u00e7os eletr\u00f4nica \u2013 NFS-e de padr\u00e3o nacional no Munic\u00edpio de S\u00e3o Bernardo, regulamenta o seu sistema de gerenciamento em conformidade com a Lei Complementar Federal n\u00ba 214, de 16 de janeiro de 2025, e d\u00e1 outras provid\u00eancias.\u201d<\/a><\/li>\n\t\t<li class=\"wsp-post\"><a href=\"https:\/\/saobernardo.ma.gov.br\/transparencia\/decretos\/decreto-municipal-no-38-de-19-de-janeiro-de-2026-dispoe-sobre-a-atualizacao-monetaria-dos-valores-previstos-na-legislacao-tributaria-do-municipio-de-sao-bernardo-e-da-outras-providencias\/\">DECRETO MUNICIPAL N\u00ba 38, DE 19 DE JANEIRO DE 2026 &#8211; \u201cDisp\u00f5e sobre a atualiza\u00e7\u00e3o monet\u00e1ria dos valores previstos na legisla\u00e7\u00e3o tribut\u00e1ria do Munic\u00edpio de S\u00e3o Bernardo e d\u00e1 outras provid\u00eancias.\u201d<\/a><\/li>\n\t\t<li class=\"wsp-post\"><a href=\"https:\/\/saobernardo.ma.gov.br\/transparencia\/decretos\/decreto-municipal-no-37-de-16-de-janeiro-de-2026-dispoe-sobre-a-correcao-anual-salarial-dos-cargos-em-comissao-de-chefia-e-assessoramento-dai-dai-1-e-das-e-da-outras-providenc\/\">DECRETO MUNICIPAL N\u00ba 37, DE 16 DE JANEIRO DE 2026 &#8211; \u201cDisp\u00f5e sobre a corre\u00e7\u00e3o anual salarial dos cargos em comiss\u00e3o, de chefia e assessoramento \u2013 DAI, DAI-1 e DAS, e d\u00e1 outras provid\u00eancias.\u201d<\/a><\/li>\n\t\t<li class=\"wsp-post\"><a href=\"https:\/\/saobernardo.ma.gov.br\/transparencia\/decretos\/decreto-municipal-no-36-de-08-de-dezembro-de-2025-dispoe-sobre-o-recesso-funcional-das-reparticoes-publicas-do-municipio-de-sao-bernardo-ma-no-periodo-de-22-de-dezembro-de-2025\/\">DECRETO MUNICIPAL N\u00ba 36, DE 08 DE DEZEMBRO DE 2025 &#8211; \u201cDisp\u00f5e sobre o recesso funcional das reparti\u00e7\u00f5es p\u00fablicas do Munic\u00edpio de S\u00e3o Bernardo \u2013 MA, no per\u00edodo de 22 de dezembro de 2025 \u00e0 04 de janeiro de 2026, e d\u00e1 outras provid\u00eancias.<\/a><\/li>\n\t\t<li class=\"wsp-post\"><a href=\"https:\/\/saobernardo.ma.gov.br\/transparencia\/decretos\/decreto-municipal-no-35-de-27-de-novembro-de-2025-dispoe-sobre-a-suspensao-temporaria-da-concessao-de-diarias-para-servidores-municipais-da-administracao-publica-municipal-pelo-periodo-do\/\">DECRETO MUNICIPAL N\u00ba 35, DE 27 DE NOVEMBRO DE 2025 &#8211; \u201cDisp\u00f5e sobre a suspens\u00e3o tempor\u00e1ria da concess\u00e3o de di\u00e1rias para Servidores Municipais da Administra\u00e7\u00e3o P\u00fablica Municipal pelo per\u00edodo do dia 1\u00ba a 31 de dezembro de 2025, e d\u00e1 outras provid\u00eancias.\u201d<\/a><\/li>\n\t\t<li class=\"wsp-post\"><a href=\"https:\/\/saobernardo.ma.gov.br\/transparencia\/decretos\/decreto-municipal-no-34-de-24-de-novembro-de-2025-dispoe-sobre-o-reajuste-da-contribuicao-de-iluminacao-publica-cip-no-municipio-de-sao-bernardo-ma-e-da-outras-providencias\/\">DECRETO MUNICIPAL N\u00ba 34, DE 24 DE NOVEMBRO DE 2025 &#8211; \u201cDisp\u00f5e sobre o reajuste da Contribui\u00e7\u00e3o de Ilumina\u00e7\u00e3o P\u00fablica &#8211; CIP no Munic\u00edpio de S\u00e3o Bernardo &#8211; MA, e d\u00e1 outras provid\u00eancias.\u201d<\/a><\/li>\n\t\t<li class=\"wsp-post\"><a href=\"https:\/\/saobernardo.ma.gov.br\/transparencia\/decretos\/decreto-municipal-no-33-de-23-de-outubro-de-2025-dispoe-sobre-a-criacao-do-conselho-municipal-da-mulher-do-municipio-de-sao-bernardo-ma\/\">DECRETO MUNICIPAL N\u00ba 33, DE 23 DE OUTUBRO DE 2025 &#8211; \u201cDisp\u00f5e sobre a cria\u00e7\u00e3o do Conselho Municipal da Mulher, do Munic\u00edpio de S\u00e3o Bernardo\/MA.\u201d<\/a><\/li>\n\t\t<li class=\"wsp-post\"><a href=\"https:\/\/saobernardo.ma.gov.br\/transparencia\/decretos\/decreto-municipal-no-32-de-22-de-outubro-de-2025-transfere-o-ponto-facultativo-alusivo-ao-dia-do-servidor-publico-para-o-dia-30-de-outubro-de-2025-e-da-outras-providencias\/\">DECRETO MUNICIPAL N\u00ba 32, DE 22 DE OUTUBRO DE 2025 &#8211; \u201cTransfere o ponto facultativo alusivo ao Dia do Servidor P\u00fablico para o dia 30 de outubro de 2025 e d\u00e1 outras provid\u00eancias.\u201d<\/a><\/li>\n\t\t<li class=\"wsp-post\"><a href=\"https:\/\/saobernardo.ma.gov.br\/transparencia\/decretos\/decreto-municipal-no-31-de-13-de-outubro-de-2025-cria-o-grupo-institucional-do-poder-publico-gipp-conforme-especifica-e-da-outras-providencias\/\">DECRETO MUNICIPAL N\u00ba 31, DE 13 DE OUTUBRO DE 2025 &#8211; \u201cCria o Grupo Institucional do Poder P\u00fablico \u2013 GIPP, conforme especifica, e d\u00e1 outras provid\u00eancias.\u201d<\/a><\/li>\n\t\t<li class=\"wsp-post\"><a href=\"https:\/\/saobernardo.ma.gov.br\/transparencia\/decretos\/decreto-municipal-no-30-de-30-de-setembro-de-2025-decreta-como-area-de-utilidade-publica-para-fins-de-construcao-de-uma-quadra-poliesportiva-no-povoado-nova-esperanca-municipio-de-sao-b\/\">DECRETO MUNICIPAL N\u00ba 30, DE 30 DE SETEMBRO DE 2025 &#8211; \u201cDecreta como \u00c1rea de Utilidade P\u00fablica, para fins de constru\u00e7\u00e3o de uma Quadra Poliesportiva, no Povoado Nova Esperan\u00e7a, Munic\u00edpio de S\u00e3o Bernardo\/MA, e d\u00e1 outras provid\u00eancias\u201d<\/a><\/li>\n\t\t<li class=\"wsp-post\"><a href=\"https:\/\/saobernardo.ma.gov.br\/transparencia\/decretos\/decreto-municipal-no-29-de-15-de-agosto-de-2025-dispoe-sobre-o-ponto-facultativo-nas-reparticoes-publicas-municipais-no-dia-18-de-agosto-de-2025-e-da-outras-providencias\/\">DECRETO MUNICIPAL N\u00ba 29, DE 15 DE AGOSTO DE 2025 &#8211; \u201cDisp\u00f5e sobre o ponto facultativo nas reparti\u00e7\u00f5es p\u00fablicas municipais, no dia 18 de agosto de 2025, e d\u00e1 outras provid\u00eancias.\u201d<\/a><\/li>\n\t\t<li class=\"wsp-post\"><a href=\"https:\/\/saobernardo.ma.gov.br\/transparencia\/decretos\/decreto-municipal-no-28-de-12-de-agosto-de-2025-constitui-e-nomeia-a-comissao-de-avaliacao-previa-para-compra-expropriacao-desapropriacao-alienacao-ou-locacao-de-imoveis-a-fim-de-atend\/\">DECRETO MUNICIPAL N\u00ba 28, DE 12 DE AGOSTO DE 2025 &#8211; \u201cConstitui e nomeia a Comiss\u00e3o de Avalia\u00e7\u00e3o Pr\u00e9via para compra, expropria\u00e7\u00e3o, desapropria\u00e7\u00e3o, aliena\u00e7\u00e3o ou loca\u00e7\u00e3o de im\u00f3veis, a fim de atender as necessidades do Munic\u00edpio de S\u00e3o Bernardo\/MA\u201d.<\/a><\/li>\n\t\t<li class=\"wsp-post\"><a href=\"https:\/\/saobernardo.ma.gov.br\/transparencia\/decretos\/decreto-municipal-no-27-de-14-de-julho-de-2025-convoca-a-13a-conferencia-municipal-de-assistencia-social\/\">DECRETO MUNICIPAL N\u00ba 27, DE 14 DE JULHO DE 2025 &#8211; Convoca a 13\u00aa Confer\u00eancia Municipal de Assist\u00eancia Social.<\/a><\/li>\n\t\t<li class=\"wsp-post\"><a href=\"https:\/\/saobernardo.ma.gov.br\/transparencia\/decretos\/decreto-municipal-no-26-de-09-de-julho-de-2025-dispoe-sobre-a-convocacao-da-12a-conferencia-municipal-de-saude-de-sao-bernardo-ma-e-da-outras-providencias\/\">DECRETO MUNICIPAL N\u00ba 26, DE 09 DE JULHO DE 2025 &#8211; \u201cDisp\u00f5e sobre a convoca\u00e7\u00e3o da 12\u00aa Confer\u00eancia Municipal de Sa\u00fade De S\u00e3o Bernardo &#8211; MA; e d\u00e1 outras provid\u00eancias.<\/a><\/li>\n\t\t<li class=\"wsp-post\"><a href=\"https:\/\/saobernardo.ma.gov.br\/transparencia\/decretos\/decreto-municipal-no-25-de-09-de-julho-de-2025-dispoe-sobre-o-ponto-facultativo-nas-reparticoes-publicas-municipais-nos-dias-18-e-21-de-julho-de-2025-e-da-outras-providencias\/\">DECRETO MUNICIPAL N\u00ba 25, DE 09 DE JULHO DE 2025 &#8211; \u201cDisp\u00f5e sobre o ponto facultativo nas reparti\u00e7\u00f5es p\u00fablicas municipais, nos dias 18 e 21 de julho de 2025, e d\u00e1 outras provid\u00eancias.\u201d<\/a><\/li>\n\t\t<li class=\"wsp-post\"><a href=\"https:\/\/saobernardo.ma.gov.br\/transparencia\/decretos\/decreto-municipal-no-24-de-07-de-julho-de-2025-nomeia-os-membros-do-conselho-municipal-de-alimentacao-escolar-para-o-quadrienio-2025-2029\/\">DECRETO MUNICIPAL N\u00ba 24, DE 07 DE JULHO DE 2025 &#8211; Nomeia os membros do Conselho Municipal de Alimenta\u00e7\u00e3o Escolar para o Quadri\u00eanio 2025\/2029.<\/a><\/li>\n\t\t<li class=\"wsp-post\"><a href=\"https:\/\/saobernardo.ma.gov.br\/transparencia\/decretos\/decreto-municipal-no-23-de-01-de-julho-de-2025-amplia-o-prazo-para-emissao-de-blocos-de-notas-fiscais-de-servicos-em-substituicao-a-nota-fiscal-de-servicos-eletronica-e-e-da-outras-provid\/\">DECRETO MUNICIPAL N\u00ba 23, DE 01 DE JULHO DE 2025 &#8211; \u201cAmplia o prazo para emiss\u00e3o de blocos de Notas Fiscais de Servi\u00e7os em substitui\u00e7\u00e3o a nota fiscal de servi\u00e7os eletr\u00f4nica-e; e d\u00e1 outras provid\u00eancias\u201d.<\/a><\/li>\n\t\t<li class=\"wsp-post\"><a href=\"https:\/\/saobernardo.ma.gov.br\/transparencia\/decretos\/decreto-municipal-no-22-de-27-de-junho-de-2025-nomeia-os-membros-do-conselho-municipal-dos-direitos-da-crianca-e-do-adolescente-cmdca-para-o-bienio-de-2025-a-2027-no-municipio-de-sao-bern\/\">DECRETO MUNICIPAL N\u00ba 22, DE 27 DE JUNHO DE 2025 -\u201cNomeia os membros do Conselho Municipal dos Direitos da Crian\u00e7a e do Adolescente &#8211; CMDCA para o bi\u00eanio de 2025 a 2027 no Munic\u00edpio de S\u00e3o Bernardo\/MA, e d\u00e1 outras provid\u00eancias.\u201d<\/a><\/li>\n\t\t<li class=\"wsp-post\"><a href=\"https:\/\/saobernardo.ma.gov.br\/transparencia\/decretos\/decreto-municipal-no-21-de-27-de-junho-de-2025-dispoe-sobre-as-competencias-a-composicao-e-o-funcionamento-do-conselho-municipal-de-seguranca-alimentar-e-nutricional-de-sao-bernardo-esta\/\">DECRETO MUNICIPAL N\u00ba 21, DE 27 DE JUNHO DE 2025 &#8211; \u201cDisp\u00f5e sobre as compet\u00eancias, a composi\u00e7\u00e3o e o funcionamento do Conselho Municipal de Seguran\u00e7a Alimentar e Nutricional de S\u00e3o Bernardo, Estado do Maranh\u00e3o no \u00e2mbito do Sistema Nacional de Seguran\u00e7a Alimentar e Nutricional &#8211; SISAN.\u201d<\/a><\/li>\n\t\t<li class=\"wsp-post\"><a href=\"https:\/\/saobernardo.ma.gov.br\/transparencia\/decretos\/decreto-municipal-no-20-de-27-de-junho-de-2025-nomear-os-membros-do-conselho-municipal-dos-direitos-da-pessoa-idosa-cmdpi-para-o-bienio-de-2025-a-2027-no-municipio-de-sao-bernardo-ma-e-d\/\">DECRETO MUNICIPAL N\u00ba 20, DE 27 DE JUNHO DE 2025 &#8211; Nomear os membros do Conselho Municipal dos Direitos da Pessoa Idosa \u2013 CMDPI para o bi\u00eanio de 2025 a 2027 no Munic\u00edpio de S\u00e3o Bernardo\/MA, e d\u00e1 outras provid\u00eancias\u201d.<\/a><\/li>\n\t\t<li class=\"wsp-post\"><a href=\"https:\/\/saobernardo.ma.gov.br\/transparencia\/decretos\/decreto-municipal-no-19-de-27-de-junho-de-2025-dispoe-sobre-as-competencias-a-composicao-e-o-funcionamento-da-camara-intersetorial-municipal-de-seguranca-alimentar-e-nutricional-no-ambito\/\">DECRETO MUNICIPAL N\u00ba 19, DE 27 DE JUNHO DE 2025 &#8211; \u201cDisp\u00f5e sobre as compet\u00eancias, a composi\u00e7\u00e3o e o funcionamento da C\u00e2mara Intersetorial Municipal de Seguran\u00e7a Alimentar e Nutricional no \u00e2mbito do Sistema Nacional de Seguran\u00e7a Alimentar e Nutricional.\u201d<\/a><\/li>\n\t\t<li class=\"wsp-post\"><a href=\"https:\/\/saobernardo.ma.gov.br\/transparencia\/decretos\/decreto-municipal-no-18-de-26-de-junho-de-2025-institui-a-politica-municipal-de-educacao-integral-em-tempo-integral-na-rede-municipal-de-ensino-de-sao-bernardo-do-maranhao-conforme-previsto-na-lei\/\">DECRETO MUNICIPAL N\u00ba 18, DE 26 DE JUNHO DE 2025 &#8211; Institui a Pol\u00edtica Municipal de Educa\u00e7\u00e3o Integral em Tempo Integral na Rede Municipal de Ensino de S\u00e3o Bernardo do Maranh\u00e3o, conforme previsto na Lei n\u00ba 818\/2023 e estabelece suas diretrizes, objetivos e organiza\u00e7\u00e3o, e d\u00e1 outras provid\u00eancias.<\/a><\/li>\n\t\t<li class=\"wsp-post\"><a href=\"https:\/\/saobernardo.ma.gov.br\/transparencia\/decretos\/errata-decreto-no-14-de-06-de-maio-de-2025\/\">ERRATA DECRETO N\u00ba 14, DE 06 DE MAIO DE 2025.<\/a><\/li>\n\t\t<li class=\"wsp-post\"><a href=\"https:\/\/saobernardo.ma.gov.br\/transparencia\/decretos\/decreto-municipal-no-17-de-14-de-maio-de-2025-altera-o-decreto-municipal-no-09-de-14-02-2025-que-regulamenta-as-consignacoes-em-folha-de-pagamento-do-servidor-publico-ativo-inativo-e-pe\/\">DECRETO MUNICIPAL N\u00ba 17, DE 14 DE MAIO DE 2025 &#8211; \u201cAltera o Decreto Municipal N\u00ba 09, de 14\/02\/2025, que regulamenta as Consigna\u00e7\u00f5es em Folha de Pagamento do servidor p\u00fablico ativo, inativo e pensionista do MUNIC\u00cdPIO DE S\u00c3O BERNARDO\/MA, no \u00e2mbito do Poder Executivo Municipal, e d\u00e1 outras provid\u00eancias\u201d.<\/a><\/li>\n\t\t<li class=\"wsp-post\"><a href=\"https:\/\/saobernardo.ma.gov.br\/transparencia\/decretos\/decreto-municipal-no-16-de-12-de-maio-de-2025-convoca-o-1o-forum-municipal-de-cultura-de-sao-bernardo-ma-e-da-outras-providencias\/\">DECRETO MUNICIPAL N\u00ba 16, DE 12 DE MAIO DE 2025 &#8211; \u201cConvoca o 1\u00ba F\u00f3rum Municipal de Cultura de S\u00e3o Bernardo \u2013 MA, e d\u00e1 outras provid\u00eancias. \u201d<\/a><\/li>\n\t\t<li class=\"wsp-post\"><a href=\"https:\/\/saobernardo.ma.gov.br\/transparencia\/decretos\/decreto-municipal-no-15-de-09-de-maio-de-2025-nomeia-os-membros-do-conselho-municipal-de-assistencia-social-titulares-e-respectivos-suplentes-para-o-mandato-de-02-dois-anos-e-da-outra\/\">DECRETO MUNICIPAL N\u00ba 15, DE 09 DE MAIO DE 2025 &#8211; \u201cNomeia os membros do Conselho Municipal de Assist\u00eancia Social, Titulares e respectivos Suplentes, para o mandato de 02 (dois) anos, e d\u00e1 outras provid\u00eancias.\u201d<\/a><\/li>\n\t\t<li class=\"wsp-post\"><a href=\"https:\/\/saobernardo.ma.gov.br\/transparencia\/decretos\/decreto-municipal-no-14-de-06-de-maio-de-2025-declara-situacao-de-emergencia-nas-areas-do-municipio-de-sao-bernardo-ma-afetadas-por-desastre-natural-classificado-como-chuvas-intensas\/\">DECRETO MUNICIPAL N\u00ba 14, DE 06 DE MAIO DE 2025 &#8211; \u201cDeclara situa\u00e7\u00e3o de emerg\u00eancia nas areas do munic\u00edpio de S\u00e3o Bernardo\/MA, afetadas por desastre natural classificado como chuvas intensas \u2013 cobrade \u2013 1.3.2.1.4 \u2013 conforme portaria n.\u00ba 3.646 de 20 de dezembro de 2022.<\/a><\/li>\n\t\t<li class=\"wsp-post\"><a href=\"https:\/\/saobernardo.ma.gov.br\/transparencia\/decretos\/decreto-municipal-no-13-de-29-de-abril-de-2025-decreta-ponto-facultativo-no-dia-2-de-maio-de-2025-em-razao-do-feriado-do-dia-do-trabalhador-nas-reparticoes-publicas-municipais-e-da-outra\/\">DECRETO MUNICIPAL N\u00ba 13, DE 29 DE ABRIL DE 2025 &#8211; \u201cDECRETA PONTO FACULTATIVO NO DIA 2 DE MAIO DE 2025, EM RAZ\u00c3O DO FERIADO DO DIA DO TRABALHADOR, NAS REPARTI\u00c7\u00d5ES P\u00daBLICAS MUNICIPAIS E D\u00c1 OUTRAS PROVID\u00caNCIAS\u201d<\/a><\/li>\n\t\t<li class=\"wsp-post\"><a href=\"https:\/\/saobernardo.ma.gov.br\/transparencia\/decretos\/decreto-municipal-no-12-de-09-de-abril-de-2025-decreta-ponto-facultativo-no-dia-17-de-abril-de-2025-nas-reparticoes-publicas-municipais-e-da-outras-providencias\/\">DECRETO MUNICIPAL N\u00ba 12, DE 09 DE ABRIL DE 2025 &#8211; \u201cDecreta ponto facultativo no dia 17 de abril de 2025, nas reparti\u00e7\u00f5es p\u00fablicas municipais e d\u00e1 outras provid\u00eancias\u201d.<\/a><\/li>\n\t\t<li class=\"wsp-post\"><a href=\"https:\/\/saobernardo.ma.gov.br\/transparencia\/decretos\/decreto-municipal-no-11-de-19-de-marco-de-2025-dispoe-sobre-a-suspensao-de-concessao-de-licenca-premio-aos-servidores-publicos-municipais\/\">REVOGADO  O DECRETO MUNICIPAL N\u00ba 11, DE 19 DE MAR\u00c7O DE 2025 &#8211; \u201cDisp\u00f5e sobre a suspens\u00e3o de concess\u00e3o de licen\u00e7a-pr\u00eamio aos servidores p\u00fablicos municipais.\u201d<\/a><\/li>\n\t\t<li class=\"wsp-post\"><a href=\"https:\/\/saobernardo.ma.gov.br\/transparencia\/decretos\/decreto-municipal-no-10-de-21-de-fevereiro-de-2025-decreta-ponto-facultativo-nas-reparticoes-publicas-municipais-no-periodo-do-carnaval-de-2025-e-da-outras-providencias\/\">DECRETO MUNICIPAL N\u00ba 10, DE 21 DE FEVEREIRO DE 2025 &#8211; \u201cDECRETA PONTO FACULTATIVO NAS REPARTI\u00c7\u00d5ES P\u00daBLICAS MUNICIPAIS NO PER\u00cdODO DO CARNAVAL DE 2025, E D\u00c1 OUTRAS PROVID\u00caNCIAS\u201d.<\/a><\/li>\n\t\t<li class=\"wsp-post\"><a href=\"https:\/\/saobernardo.ma.gov.br\/transparencia\/decretos\/decreto-municipal-no-09-de-14-de-fevereiro-de-2025-regulamenta-a-consignacao-em-folha-de-pagamento-do-servidor-publico-ativo-inativo-e-pensionista-do-municipio-de-sao-bernardo-ma-no-ambi\/\">DECRETO MUNICIPAL N\u00ba 09, DE 14 DE FEVEREIRO DE 2025 &#8211; \u201cRegulamenta a consigna\u00e7\u00e3o em folha de pagamento do servidor p\u00fablico ativo, inativo e pensionista do MUNIC\u00cdPIO DE S\u00c3O BERNARDO\/MA, no \u00e2mbito do Poder Executivo Municipal, e d\u00e1 outras provid\u00eancias\u201d.<\/a><\/li>\n\t\t<li class=\"wsp-post\"><a href=\"https:\/\/saobernardo.ma.gov.br\/transparencia\/decretos\/decreto-municipal-no-08-de-12-de-fevereiro-de-2025-amplia-o-prazo-para-emissao-de-blocos-de-notas-fiscais-de-servicos-em-substituicao-a-nota-fiscal-de-servicos-eletronica-e-e-da-outras-pr\/\">DECRETO MUNICIPAL N\u00ba 08, DE 12 DE FEVEREIRO DE 2025 &#8211; \u201cAmplia o prazo para emiss\u00e3o de blocos de Notas Fiscais de Servi\u00e7os em substitui\u00e7\u00e3o a nota fiscal de servi\u00e7os eletr\u00f4nica-e; e d\u00e1 outras provid\u00eancias\u201d.<\/a><\/li>\n\t\t<li class=\"wsp-post\"><a href=\"https:\/\/saobernardo.ma.gov.br\/transparencia\/decretos\/decreto-no-07-de-07-de-fevereiro-de-2025-dispoe-sobre-a-desconcentracao-administrativa-no-ambito-do-poder-executivo-do-municipio-de-sao-bernardo-ma-da-delegacao-de-competencia-ao-ordenado\/\">DECRETO N\u00ba 07, DE 07 DE FEVEREIRO DE 2025 &#8211; \u201cDisp\u00f5e sobre a desconcentra\u00e7\u00e3o administrativa no \u00e2mbito do Poder Executivo do munic\u00edpio de S\u00e3o Bernardo\/MA, d\u00e1 delega\u00e7\u00e3o de compet\u00eancia ao ordenador de despesa e d\u00e1 outras provid\u00eancias.\u201d<\/a><\/li>\n\t\t<li class=\"wsp-post\"><a href=\"https:\/\/saobernardo.ma.gov.br\/transparencia\/decretos\/decreto-municipal-no-06-de-27-de-janeiro-de-2025-realiza-o-reajuste-do-piso-salarial-dos-professores-da-rede-municipal-de-educacao-do-municipio-de-sao-bernardo-nos-termos-da-lei-federal-no-11-73\/\">DECRETO MUNICIPAL N\u00ba 06, DE 27 DE JANEIRO DE 2025 &#8211; &#8220;Realiza o reajuste do piso salarial dos professores da rede municipal de educa\u00e7\u00e3o do Munic\u00edpio de S\u00e3o Bernardo, nos termos da Lei Federal n\u00ba 11.738\/08, fixando o \u00edndice de 6,27% para o exerc\u00edcio de 2025.\u201d<\/a><\/li>\n\t\t<li class=\"wsp-post\"><a href=\"https:\/\/saobernardo.ma.gov.br\/transparencia\/decretos\/decreto-municipal-no-05-de-27-de-janeiro-de-2025-trata-da-gratificacao-dos-gestores-e-adjuntos-das-escolas-municipais-e-da-outras-providencias\/\">DECRETO MUNICIPAL N\u00ba 05, DE 27 DE JANEIRO DE 2025 &#8211; \u201cTrata da gratifica\u00e7\u00e3o dos Gestores e Adjuntos das Escolas Municipais; e d\u00e1 outras provid\u00eancias.\u201d<\/a><\/li>\n\t\t<li class=\"wsp-post\"><a href=\"https:\/\/saobernardo.ma.gov.br\/transparencia\/decretos\/decreto-municipal-no-04-de-22-de-janeiro-de-2025-dispoe-sobre-a-correcao-anual-salarial-dos-cargos-em-comissao-de-chefia-e-assessoramento-dai-1-dai-e-da-outras-providencias\/\">DECRETO MUNICIPAL N\u00ba 04, DE 22 DE JANEIRO DE 2025 &#8211; \u201cDisp\u00f5e sobre a corre\u00e7\u00e3o anual salarial dos cargos em comiss\u00e3o, de chefia e assessoramento \u2013 DAI-1, DAI, e d\u00e1 outras provid\u00eancias.\u201d<\/a><\/li>\n\t\t<li class=\"wsp-post\"><a href=\"https:\/\/saobernardo.ma.gov.br\/transparencia\/decretos\/decreto-municipal-no-03-de-17-de-janeiro-de-2025-declara-situacao-de-emergencia-nas-areas-do-municipio-de-sao-bernardo-ma-afetadas-por-estiagem-cobrade-1-4-1-1-0-conforme-porta\/\">DECRETO MUNICIPAL N\u00ba 03, DE 17 DE JANEIRO DE 2025 &#8211; \u201cDECLARA SITUA\u00c7\u00c3O DE EMERG\u00caNCIA NAS \u00c1REAS DO MUNIC\u00cdPIO DE S\u00c3O BERNARDO \u2013 MA AFETADAS POR ESTIAGEM, COBRADE: 1.4.1.1.0 CONFORME PORTARIA\/MDR N\u00ba 260\/2022 E PORTARIA 3.646 DE 20 DE DEZEMBRO DE 2022, E D\u00c1 OUTRAS PROVID\u00caNCIAS.\u201d<\/a><\/li>\n\t\t<li class=\"wsp-post\"><a href=\"https:\/\/saobernardo.ma.gov.br\/transparencia\/decretos\/decreto-municipal-no-02-de-17-de-janeiro-de-2025-dispoe-sobre-a-revogacao-do-decreto-municipal-no-265-de-24-de-dezembro-de-2024-e-da-outras-providencias\/\">DECRETO MUNICIPAL N\u00ba 02, DE 17 DE JANEIRO DE 2025 &#8211; \u201cDisp\u00f5e sobre a revoga\u00e7\u00e3o do Decreto Municipal n\u00ba 265, de 24 de dezembro de 2024, e d\u00e1 outras provid\u00eancias\u201d.<\/a><\/li>\n\t\t<li class=\"wsp-post\"><a href=\"https:\/\/saobernardo.ma.gov.br\/transparencia\/decretos\/decreto-municipal-no-01-de-03-de-janeiro-de-2025-prorroga-o-recesso-funcional-das-reparticoes-publicas-do-municipio-de-sao-bernardo-ma-para-o-dia-12-de-janeiro-de-2025-e-da-out\/\">DECRETO MUNICIPAL N\u00ba 01, DE 03 DE JANEIRO DE 2025 &#8211; \u201cProrroga o recesso funcional das reparti\u00e7\u00f5es p\u00fablicas do Munic\u00edpio de S\u00e3o Bernardo \u2013 MA, para o dia 12 de janeiro de 2025, e d\u00e1 outras provid\u00eancias.<\/a><\/li>\n\t\t<li class=\"wsp-post\"><a href=\"https:\/\/saobernardo.ma.gov.br\/transparencia\/decretos\/decreto-municipal-no-266-de-31-de-dezembro-de-2024-torna-sem-efeito-as-portarias-de-nomeacao-para-cargos-comissionados-de-chefias-e-de-assessoramentos-publicadas-na-vigencia-do-mandato-d\/\">DECRETO MUNICIPAL N\u00ba 266, DE 31 DE DEZEMBRO DE 2024 &#8211; \u201cTorna sem efeito as Portarias de Nomea\u00e7\u00e3o para Cargos Comissionados, de Chefias e de Assessoramentos, publicadas na vig\u00eancia do mandato do Chefe do Poder Executivo municipal 2020-2024; e d\u00e1 outras providencias\u201d<\/a><\/li>\n\t\t<li class=\"wsp-post\"><a href=\"https:\/\/saobernardo.ma.gov.br\/transparencia\/decretos\/decreto-no-265-de-24-de-dezembro-de-2024-declara-situacao-de-emergencia-nas-areas-do-municipio-de-sao-bernardo-ma-afetadas-por-estiagem-cobrade-1-4-1-1-0-conforme-portaria-mdr\/\">DECRETO N\u00ba 265, DE 24 DE DEZEMBRO DE 2024 &#8211; \u201cDECLARA SITUA\u00c7\u00c3O DE EMERG\u00caNCIA NAS \u00c1REAS DO MUNIC\u00cdPIO DE S\u00c3O BERNARDO \u2013 MA AFETADAS POR ESTIAGEM, COBRADE: 1.4.1.1.0 CONFORME PORTARIA\/MDR N\u00ba 260\/2022 E PORTARIA 3.646 DE 20 DE DEZEMBRO DE 2022, E D\u00c1 OUTRAS PROVID\u00caNCIAS.\u201d<\/a><\/li>\n\t\t<li class=\"wsp-post\"><a href=\"https:\/\/saobernardo.ma.gov.br\/transparencia\/decretos\/decreto-municipal-no-264-de-23-de-dezembro-de-2024-dispoe-sobre-o-reajuste-da-contribuicao-de-iluminacao-publica-cip-no-municipio-de-sao-bernardo-ma-e-da-outras-providencias\/\">DECRETO MUNICIPAL N\u00ba 264, DE 23 DE DEZEMBRO DE 2024 &#8211; \u201cDisp\u00f5e sobre o reajuste da Contribui\u00e7\u00e3o de Ilumina\u00e7\u00e3o P\u00fablica- CIP no Munic\u00edpio de S\u00e3o Bernardo &#8211; MA, e d\u00e1 outras provid\u00eancias.\u201d<\/a><\/li>\n\t\t<li class=\"wsp-post\"><a href=\"https:\/\/saobernardo.ma.gov.br\/transparencia\/decretos\/decreto-municipal-no-263-de-20-de-dezembro-de-2024-dispoe-sobre-a-nomeacao-dos-membros-do-conselho-municipal-de-saude-de-sao-bernardo-para-o-bienio-2024-2026-e-da-outras-providencias\/\">DECRETO MUNICIPAL N\u00ba 263, DE 20 DE DEZEMBRO DE 2024 &#8211; DISP\u00d5E SOBRE A NOMEA\u00c7\u00c3O DOS MEMBROS DO CONSELHO MUNICIPAL DE SA\u00daDE DE S\u00c3O BERNARDO PARA O BI\u00caNIO 2024-2026 E D\u00c1 OUTRAS PROVIDENCIAS.<\/a><\/li>\n\t\t<li class=\"wsp-post\"><a href=\"https:\/\/saobernardo.ma.gov.br\/transparencia\/decretos\/decreto-municipal-no-262-de-03-de-dezembro-de-2024-dispoe-sobre-o-recesso-funcional-das-reparticoes-publicas-do-municipio-de-sao-bernardo-ma-no-periodo-de-23-de-dezembro-de-2024\/\">DECRETO MUNICIPAL N\u00ba 262, DE 03 DE DEZEMBRO DE 2024 &#8211; \u201cDisp\u00f5e sobre o recesso funcional das reparti\u00e7\u00f5es p\u00fablicas do Munic\u00edpio de S\u00e3o Bernardo \u2013 MA, no per\u00edodo de 23 de dezembro de 2024 a 05 de janeiro de 2025, e d\u00e1 outras provid\u00eancias.<\/a><\/li>\n\t\t<li class=\"wsp-post\"><a href=\"https:\/\/saobernardo.ma.gov.br\/transparencia\/decretos\/decreto-municipal-no-261-de-27-de-novembro-de-2024-dispoe-sobre-a-suspensao-temporaria-da-concessao-de-diarias-para-servidores-municipais-da-administracao-publica-municipal-pelo-periodo-do\/\">DECRETO MUNICIPAL N\u00ba 261, DE 27 DE NOVEMBRO DE 2024 &#8211; \u201cDisp\u00f5e sobre a suspens\u00e3o tempor\u00e1ria da concess\u00e3o de di\u00e1rias para Servidores Municipais da Administra\u00e7\u00e3o P\u00fablica Municipal pelo per\u00edodo do dia 1\u00ba a 31 de dezembro de 2024, e d\u00e1 outras provid\u00eancias.\u201d<\/a><\/li>\n\t\t<li class=\"wsp-post\"><a href=\"https:\/\/saobernardo.ma.gov.br\/transparencia\/decretos\/decreto-municipal-no-260-de-08-de-novembro-de-2024-dispoe-sobre-a-destinacao-especifica-de-area-urbana-publica-para-fins-de-construcao-de-quadra-esportiva-e-da-outras-providencias\/\">DECRETO MUNICIPAL N\u00ba 260, DE 08 DE NOVEMBRO DE 2024 &#8211; \u201cDisp\u00f5e sobre a destina\u00e7\u00e3o espec\u00edfica de \u00e1rea  urbana p\u00fablica para fins de constru\u00e7\u00e3o de quadra  esportiva, e d\u00e1 outras provid\u00eancias\u201d<\/a><\/li>\n\t\t<li class=\"wsp-post\"><a href=\"https:\/\/saobernardo.ma.gov.br\/transparencia\/decretos\/decreto-municipal-no-259-de-04-de-outubro-de-2024-estabelece-ponto-facultativo-nas-reparticoes-publicas-municipais-no-dia-07-de-outubro-de-2024-e-da-outras-providencias\/\">DECRETO MUNICIPAL N\u00ba 259, DE 04 DE OUTUBRO DE 2024 &#8211; \u201cEstabelece ponto facultativo nas reparti\u00e7\u00f5es p\u00fablicas municipais, no dia 07 de outubro de 2024, e d\u00e1 outras provid\u00eancias.\u201d<\/a><\/li>\n\t\t<li class=\"wsp-post\"><a href=\"https:\/\/saobernardo.ma.gov.br\/transparencia\/decretos\/decreto-municipal-no-258-de-21-de-agosto-de-2024-nomeia-os-membros-do-conselho-municipal-de-transito-e-da-outras-providencias\/\">DECRETO MUNICIPAL N\u00ba 258, DE 21 DE AGOSTO DE 2024 &#8211; \u201cNomeia os membros do conselho municipal de tr\u00e2nsito, e d\u00e1 outras provid\u00eancias.\u201d<\/a><\/li>\n\t\t<li class=\"wsp-post\"><a href=\"https:\/\/saobernardo.ma.gov.br\/transparencia\/decretos\/decreto-municipal-no-257-de-26-de-julho-de-2024-declara-luto-oficial-de-tres-dias-no-municipio-de-sao-bernardo-estado-do-maranhao-e-da-outras-providencias\/\">DECRETO MUNICIPAL N\u00ba 257, DE 26 DE JULHO DE 2024 &#8211; \u201cDeclara luto oficial de tr\u00eas dias no  Munic\u00edpio de S\u00e3o Bernardo, Estado do  Maranh\u00e3o, e d\u00e1 outras provid\u00eancias.\u201d<\/a><\/li>\n\t\t<li class=\"wsp-post\"><a href=\"https:\/\/saobernardo.ma.gov.br\/transparencia\/decretos\/decreto-municipal-no-256-de-15-de-julho-de-2024-estabelece-ponto-facultativo-nas-reparticoes-publicas-municipais-nos-dias-19-e-22-de-julho-de-2024-e-da-outras-providencias\/\">DECRETO MUNICIPAL N\u00ba 256, DE 15 DE JULHO DE 2024 &#8211; \u201cEstabelece ponto facultativo nas reparti\u00e7\u00f5es p\u00fablicas municipais, nos dias 19 e 22 de julho de 2024, e d\u00e1 outras provid\u00eancias.\u201d<\/a><\/li>\n\t\t<li class=\"wsp-post\"><a href=\"https:\/\/saobernardo.ma.gov.br\/transparencia\/decretos\/decreto-municipal-no-255-de-02-de-julho-de-2024-dispoe-sobre-a-exoneracao-dos-membros-do-conselho-municipal-de-acompanhamento-e-controle-social-do-fundo-de-desenvolvimento-da-educacao-basi\/\">DECRETO MUNICIPAL N\u00ba 255, DE 02 DE JULHO DE 2024 &#8211; \u201cDisp\u00f5e sobre a exonera\u00e7\u00e3o dos membros do Conselho Municipal de Acompanhamento e Controle Social do Fundo de Desenvolvimento da Educa\u00e7\u00e3o B\u00e1sica e de Valoriza\u00e7\u00e3o dos Profissionais da Educa\u00e7\u00e3o \u2013 Conselho do CACS\/FUNDEB.\u201d<\/a><\/li>\n\t\t<li class=\"wsp-post\"><a href=\"https:\/\/saobernardo.ma.gov.br\/transparencia\/decretos\/decreto-municipal-no-254-de-24-de-junho-de-2024-nomeia-os-membros-do-conselho-municipal-de-meio-ambiente-e-da-outras-providencias\/\">DECRETO MUNICIPAL N\u00ba 254, DE 24 DE JUNHO DE 2024 -\u201cNOMEIA OS MEMBROS DO CONSELHO MUNICIPAL DE MEIO AMBIENTE, E D\u00c1 OUTRAS PROVID\u00caNCIAS.\u201d<\/a><\/li>\n\t\t<li class=\"wsp-post\"><a href=\"https:\/\/saobernardo.ma.gov.br\/transparencia\/decretos\/decreto-municipal-no-253-de-28-de-maio-de-2024-dispoe-sobre-o-ponto-facultativo-nas-reparticoes-publicas-municipais-no-dia-31-de-maio-de-2024-e-da-outras-providencias\/\">DECRETO MUNICIPAL N\u00ba 253, DE 28 DE MAIO DE 2024 &#8211; \u201cDisp\u00f5e sobre o ponto facultativo nas reparti\u00e7\u00f5es p\u00fablicas municipais, no dia 31 de maio de 2024, e d\u00e1 outras provid\u00eancias.\u201d<\/a><\/li>\n\t\t<li class=\"wsp-post\"><a href=\"https:\/\/saobernardo.ma.gov.br\/transparencia\/decretos\/decreto-municipal-no-252-de-24-de-abril-de-2024-amplia-o-prazo-para-emissao-de-blocos-de-notas-fiscais-de-servicos-em-substituicao-a-nota-fiscal-de-servicos-eletronica-e-e-da-outras-provi\/\">DECRETO MUNICIPAL N\u00ba 252, DE 24 DE ABRIL DE 2024 &#8211; \u201cAmplia o prazo para emiss\u00e3o de blocos de Notas Fiscais de Servi\u00e7os em substitui\u00e7\u00e3o a nota fiscal de servi\u00e7os eletr\u00f4nica e; e d\u00e1 outras provid\u00eancias\u201d<\/a><\/li>\n\t\t<li class=\"wsp-post\"><a href=\"https:\/\/saobernardo.ma.gov.br\/transparencia\/decretos\/decreto-municipal-no-251-de-22-de-abril-de-2024-dispoe-sobre-as-consignacoes-em-folha-de-pagamento-dos-servidores-publicos-ativos-inativos-aposentados-e-pensionistas-da-administracao-direta-e-ind\/\">DECRETO MUNICIPAL N\u00ba 251, DE 22 DE ABRIL DE 2024 &#8211; Disp\u00f5e sobre as consigna\u00e7\u00f5es em folha de pagamento dos servidores p\u00fablicos ativos, inativos, aposentados e pensionistas da Administra\u00e7\u00e3o Direta e Indireta do Munic\u00edpio de S\u00e3o Bernardo, Estado do Maranh\u00e3o.<\/a><\/li>\n\t\t<li class=\"wsp-post\"><a href=\"https:\/\/saobernardo.ma.gov.br\/transparencia\/decretos\/decreto-municipal-no-250-de-22-de-abril-de-2024-declara-luto-oficial-no-municipio-de-sao-bernardo-ma\/\">DECRETO MUNICIPAL N\u00ba 250, DE 22 DE ABRIL DE 2024 &#8211; \u201cDeclara luto oficial no Munic\u00edpio de S\u00e3o Bernardo-Ma.<\/a><\/li>\n\t\t<li class=\"wsp-post\"><a href=\"https:\/\/saobernardo.ma.gov.br\/transparencia\/decretos\/decreto-municipal-no-249-de-02-de-abril-de-2024-dispoe-sobre-as-consignacoes-em-folha-de-pagamento-dos-servidores-publicos-ativos-inativos-aposentados-e-pensionistas-da-administracao-direta-e-indi\/\">REVOGADO &#8211; DECRETO MUNICIPAL N\u00ba 249, DE 02 DE ABRIL DE 2024. Disp\u00f5e sobre as consigna\u00e7\u00f5es em folha de pagamento dos servidores p\u00fablicos ativos, inativos, aposentados e pensionistas da Administra\u00e7\u00e3o Direta e Indireta do Munic\u00edpio de S\u00e3o Bernardo, Estado do Maranh\u00e3o<\/a><\/li>\n\t\t<li class=\"wsp-post\"><a href=\"https:\/\/saobernardo.ma.gov.br\/transparencia\/decretos\/decreto-municipal-no-248-de-25-de-marco-de-2024-dispoe-sobre-o-ponto-facultativo-nas-reparticoes-publicas-municipais-no-dia-28-de-marco-de-2024-e-da-outras-providencias\/\">DECRETO MUNICIPAL N\u00ba 248, DE 25 DE MAR\u00c7O DE 2024 &#8211; \u201cDISP\u00d5E SOBRE O PONTO FACULTATIVO NAS REPARTI\u00c7\u00d5ES P\u00daBLICAS MUNICIPAIS, NO DIA 28 DE MAR\u00c7O DE 2024, E D\u00c1 OUTRAS PROVID\u00caNCIAS.\u201d<\/a><\/li>\n\t\t<li class=\"wsp-post\"><a href=\"https:\/\/saobernardo.ma.gov.br\/transparencia\/decretos\/decreto-municipal-no-247-de-22-de-marco-de-2024-dispoes-sobre-a-aprovacao-do-loteamento-novo-sao-bernardo-e-da-outras-providencias\/\">DECRETO MUNICIPAL N\u00ba 247, DE 22 DE MAR\u00c7O DE 2024 &#8211; \u201cDisp\u00f5es sobre a aprova\u00e7\u00e3o do Loteamento \u201cNovo S\u00e3o Bernardo\u201d; E d\u00e1 outras provid\u00eancias\u201d<\/a><\/li>\n\t\t<li class=\"wsp-post\"><a href=\"https:\/\/saobernardo.ma.gov.br\/transparencia\/decretos\/decreto-municipal-no-246-de-20-de-marco-de-2024-dispoe-sobre-a-nomeacao-dos-membros-do-comite-municipal-de-gestao-colegiada-da-rede-de-cuidado-e-de-protecao-social-das-criancas-e-dos-adolescentes-v\/\">DECRETO MUNICIPAL N\u00ba 246, DE 20 DE MAR\u00c7O DE 2024 &#8211; Disp\u00f5e sobre a Nomea\u00e7\u00e3o dos Membros do Comit\u00ea Municipal de Gest\u00e3o Colegiada da Rede de Cuidado e de Prote\u00e7\u00e3o Social das Crian\u00e7as e dos Adolescentes V\u00edtimas ou Testemunhas de Viol\u00eancia de S\u00e3o Bernardo, e d\u00e1 outras provid\u00eancias.<\/a><\/li>\n\t\t<li class=\"wsp-post\"><a href=\"https:\/\/saobernardo.ma.gov.br\/transparencia\/decretos\/decreto-municipal-no-245-de-18-de-marco-de-2024-dispoe-sobre-a-criacao-do-comite-municipal-de-gestao-colegiada-da-rede-de-cuidado-e-de-protecao-social-das-criancas-e-dos-adolescentes-vitimas-ou\/\">DECRETO MUNICIPAL N\u00ba 245, DE 18 DE MAR\u00c7O DE 2024 &#8211; Disp\u00f5e sobre a cria\u00e7\u00e3o do Comit\u00ea Municipal de  Gest\u00e3o Colegiada da Rede de Cuidado e de Prote\u00e7\u00e3o  Social das Crian\u00e7as e dos Adolescentes V\u00edtimas ou  Testemunhas de Viol\u00eancia de S\u00e3o Bernardo e d\u00e1  outras provid\u00eancias.<\/a><\/li>\n\t\t<li class=\"wsp-post\"><a href=\"https:\/\/saobernardo.ma.gov.br\/transparencia\/decretos\/decreto-municipal-no-244-de-28-de-fevereiro-de-2024-regulamenta-a-lei-municipal-no-819-de-27-de-fevereiro-de-2024-e-da-outras-providencias\/\">DECRETO MUNICIPAL N\u00ba 244, DE 28 DE FEVEREIRO DE 2024 &#8211; \u201cRegulamenta a Lei Municipal n\u00ba 819, de 27  de fevereiro de 2024; E d\u00e1 outras  provid\u00eancias.\u201d<\/a><\/li>\n\t\t<li class=\"wsp-post\"><a href=\"https:\/\/saobernardo.ma.gov.br\/transparencia\/decretos\/decreto-municipal-no-243-de-07-de-fevereiro-de-2024-declara-de-utilidade-publica-para-fins-de-uso-da-secretaria-municipal-de-educacao-ciencia-tecnologia-e-inovacao-semecti-o-imovel\/\">DECRETO MUNICIPAL N\u00ba 243, DE 07 DE FEVEREIRO DE 2024 &#8211; \u201cDeclara de Utilidade P\u00fablica para fins de  uso da Secretaria Municipal de Educa\u00e7\u00e3o,  Ci\u00eancia, Tecnologia e Inova\u00e7\u00e3o &#8211; SEMECTI,  o im\u00f3vel que especifica e d\u00e1 outras  provid\u00eancias.\u201d<\/a><\/li>\n\t\t<li class=\"wsp-post\"><a href=\"https:\/\/saobernardo.ma.gov.br\/transparencia\/decretos\/decreto-municipal-no-242-de-15-de-fevereiro-de-2023-decreta-ponto-facultativo-nos-dias-do-carnaval-sb-folia-2024-nas-reparticoes-publicas-municipais-e-da-outras-providencias\/\">DECRETO MUNICIPAL N\u00ba 242, DE 15 DE FEVEREIRO DE 2023 &#8211; \u201cDECRETA PONTO FACULTATIVO NOS DIAS DO CARNAVAL SB FOLIA 2024, NAS REPARTI\u00c7\u00d5ES P\u00daBLICAS MUNICIPAIS E D\u00c1 OUTRAS PROVID\u00caNCIAS\u201d.<\/a><\/li>\n\t\t<li class=\"wsp-post\"><a href=\"https:\/\/saobernardo.ma.gov.br\/transparencia\/decretos\/decreto-municipal-no-241-de-22-de-janeiro-de-2024-dispoe-sobre-o-reajuste-salarial-dos-cargos-de-denominacao-dai-1-e-dai-de-acordo-com-a-alteracao-do-salario-minimo-vigente-a\/\">DECRETO MUNICIPAL N\u00ba 241, DE 22 DE JANEIRO DE 2024 &#8211; \u201cDisp\u00f5e sobre o reajuste salarial dos cargos de  denomina\u00e7\u00e3o \u2013 DAI-1 e DAI, de acordo com a  altera\u00e7\u00e3o do sal\u00e1rio m\u00ednimo vigente a partir do  m\u00eas de janeiro de 2024, e d\u00e1 outras  provid\u00eancias.\u201d<\/a><\/li>\n\t\t<li class=\"wsp-post\"><a href=\"https:\/\/saobernardo.ma.gov.br\/transparencia\/decretos\/decreto-municipal-no-240-de-29-de-dezembro-de-2023-regulamenta-a-lei-no-14-133-de-1o-de-abril-de-2021-que-dispoe-sobre-licitacoes-e-contratos-administrativos-no-municipio-de-sao-bernardo-estado\/\">DECRETO MUNICIPAL N\u00ba 240, DE 29 DE DEZEMBRO DE 2023 &#8211; Regulamenta a Lei n\u00ba 14.133, de 1\u00ba de abril de 2021, que disp\u00f5e sobre Licita\u00e7\u00f5es e Contratos Administrativos, no Munic\u00edpio de S\u00e3o Bernardo, Estado do Maranh\u00e3o, e d\u00e1 outras provid\u00eancias.<\/a><\/li>\n\t\t<li class=\"wsp-post\"><a href=\"https:\/\/saobernardo.ma.gov.br\/transparencia\/decretos\/decreto-municipal-no-239-de-dezembro-de-2023-decreta-a-permissao-de-uso-do-imovel-publico-restaurante-do-balneario-do-rio-buriti-e-da-outras-providencias\/\">DECRETO MUNICIPAL N\u00ba 239, DE  DEZEMBRO DE 2023 &#8211; &#8220;Decreta a permiss\u00e3o de uso do im\u00f3vel p\u00fablico (restaurante) do balne\u00e1rio do rio buriti, e d\u00e1 outras provid\u00eancias&#8221;.<\/a><\/li>\n\t\t<li class=\"wsp-post\"><a href=\"https:\/\/saobernardo.ma.gov.br\/transparencia\/decretos\/decreto-municipal-no-238-de-06-de-dezembro-de-2023-dispoe-sobre-o-recesso-funcional-das-reparticoes-publicas-do-municipio-de-sao-bernardo-ma-no-periodo-de-23-de-dezembro-de-2023\/\">DECRETO MUNICIPAL N\u00ba 238, DE 06 DE DEZEMBRO DE 2023 &#8211; \u201cDisp\u00f5e sobre o recesso funcional das reparti\u00e7\u00f5es p\u00fablicas do Munic\u00edpio de S\u00e3o Bernardo \u2013 MA, no per\u00edodo de 23 de dezembro de 2023 a 07 de janeiro de 2024, e d\u00e1 outras provid\u00eancias.<\/a><\/li>\n\t\t<li class=\"wsp-post\"><a href=\"https:\/\/saobernardo.ma.gov.br\/transparencia\/decretos\/decreto-municipal-no-237-de-30-de-novembro-de-2023-dispoe-sobre-as-consignacoes-facultativas-em-folha-de-pagamento-dos-servidores-ativos-e-inativos-da-administracao-publica-direta-e-indireta-do-pod\/\">DECRETO MUNICIPAL N\u00ba 237, DE 30 DE NOVEMBRO DE 2023 &#8211; Disp\u00f5e sobre as consigna\u00e7\u00f5es facultativas em folha de pagamento dos servidores ativos e inativos da administra\u00e7\u00e3o p\u00fablica direta e indireta do poder executivo do munic\u00edpio de S\u00e3o Bernardo, e d\u00e1 outras provid\u00eancias.<\/a><\/li>\n\t\t<li class=\"wsp-post\"><a href=\"https:\/\/saobernardo.ma.gov.br\/transparencia\/decretos\/decreto-municipal-no-236-de-23-de-novembro-de-2023-dispoe-sobre-vedacao-de-atos-da-administracao-publica-municipal-pelo-periodo-do-dia-1o-ao-31-de-dezembro-de-2023-e-da-outras-providencia\/\">DECRETO MUNICIPAL N\u00ba 236, DE 23 DE NOVEMBRO DE 2023 &#8211; \u201cDisp\u00f5e sobre veda\u00e7\u00e3o de atos da Administra\u00e7\u00e3o P\u00fablica Municipal pelo per\u00edodo do dia 1\u00ba ao 31 de dezembro de 2023, e d\u00e1 outras provid\u00eancias.\u201d<\/a><\/li>\n\t\t<li class=\"wsp-post\"><a href=\"https:\/\/saobernardo.ma.gov.br\/transparencia\/decretos\/decreto-municipal-no-235-de-21-de-novembro-de-2023-declara-de-utilidade-publica-para-fins-de-uso-da-secretaria-municipal-de-assistencia-social-o-imovel-que-especifica-e-da-outras-provi\/\">DECRETO MUNICIPAL N\u00ba 235, DE 21 DE NOVEMBRO DE 2023 &#8211; \u201cDeclara de Utilidade P\u00fablica para fins  de uso da Secretaria Municipal de  Assist\u00eancia Social, o im\u00f3vel que  especifica e d\u00e1 outras provid\u00eancias.\u201d<\/a><\/li>\n\t\t<li class=\"wsp-post\"><a href=\"https:\/\/saobernardo.ma.gov.br\/transparencia\/decretos\/decreto-municipal-no-234-de-17-de-novembro-de-2023-recepciona-a-interpretacao-conforme-a-constituicao-federal-do-art-64-da-lei-federal-no-9-430-de-27-de-dezembro-de-1996-do-art-15-da-l\/\">DECRETO MUNICIPAL N\u00ba 234, DE 17 DE NOVEMBRO DE 2023 &#8211; \u201cRecepciona a interpreta\u00e7\u00e3o conforme a Constitui\u00e7\u00e3o Federal do art. 64 da Lei Federal n\u00ba 9.430, de 27 de dezembro de 1996, do art. 15 da Lei Federal n\u00ba 9.249, de 26 de dezembro de 1995, e, tamb\u00e9m, da Instru\u00e7\u00e3o Normativa da Receita Federal do Brasil n\u00ba 1.234, de 11 de janeiro de 2012, para fins de IRRF nas contrata\u00e7\u00f5es de bens e na presta\u00e7\u00e3o de servi\u00e7os realizadas pelo Munic\u00edpio de S\u00e3o Bernardo-MA.\u201d<\/a><\/li>\n\t\t<li class=\"wsp-post\"><a href=\"https:\/\/saobernardo.ma.gov.br\/transparencia\/decretos\/decreto-municipal-no-233-de-23-de-outubro-de-2023-prorroga-o-prazo-do-decreto-municipal-no-204-2023-para-emissao-de-blocos-de-notas-fiscais-de-servicos-em-substituicao-a-nota-fiscal-de-se\/\">DECRETO MUNICIPAL N\u00ba 233, DE 23 DE OUTUBRO DE 2023 &#8211; \u201cProrroga o prazo do Decreto Municipal n\u00ba 204\/2023, para emiss\u00e3o de blocos de Notas Fiscais de Servi\u00e7os em substitui\u00e7\u00e3o a nota fiscal de servi\u00e7os eletr\u00f4nica e; e da outras providencias\u201d<\/a><\/li>\n\t\t<li class=\"wsp-post\"><a href=\"https:\/\/saobernardo.ma.gov.br\/transparencia\/decretos\/decreto-municipal-no-232-de-18-de-outubro-de-2023-autoriza-o-presidente-do-conselho-municipal-dos-direitos-da-crianca-e-do-adolescente-cmdca-para-as-funcoes-do-fundo-municipal-do\/\">DECRETO MUNICIPAL N\u00ba 232, DE 18 DE OUTUBRO DE 2023 &#8211; \u201cAUTORIZA O PRESIDENTE DO CONSELHO MUNICIPAL DOS DIREITOS DA CRIAN\u00c7A E DO ADOLESCENTE \u2013 CMDCA PARA AS FUN\u00c7\u00d5ES DO FUNDO MUNICIPAL DOS DIREITOS DA CRIAN\u00c7A E DO ADOLESCENTE \u2013 FMDCA, DO MUNIC\u00cdPIO DE S\u00c3O BERNARDO, E D\u00c1 OUTRAS PROVID\u00caNCIAIS\u201d.<\/a><\/li>\n\t\t<li class=\"wsp-post\"><a href=\"https:\/\/saobernardo.ma.gov.br\/transparencia\/decretos\/decreto-municipal-no-231-de-16-de-outubro-de-2023-regulamenta-a-lei-municipal-no-798-de-12-de-julho-de-2022-que-dispoe-sobre-a-lei-de-reestruturacao-de-cargos-publicos-e-carreiras-integrantes-da\/\">DECRETO MUNICIPAL N\u00ba 231, DE 16 DE OUTUBRO DE 2023 &#8211; REGULAMENTA A LEI MUNICIPAL N\u00ba 798, DE 12 DE JULHO DE 2022, QUE DISP\u00d5E SOBRE A LEI DE REESTRUTURA\u00c7\u00c3O DE CARGOS P\u00daBLICOS E CARREIRAS INTEGRANTES DA ESTRUTURA B\u00c1SICA DA GUARDA CIVIL MUNICIPAL DE S\u00c3O BERNARDO\/MA, E D\u00c1 OUTRAS PROVID\u00caNCIAS.<\/a><\/li>\n\t\t<li class=\"wsp-post\"><a href=\"https:\/\/saobernardo.ma.gov.br\/transparencia\/decretos\/decreto-municipal-no-230-de-16-de-outubro-de-2023-declara-luto-oficial-pelo-falecimento-do-monsenhor-mauricio-laurent-no-municipio-de-sao-bernardo-ma-e-da-outras-providencias\/\">DECRETO MUNICIPAL N\u00ba 230, DE 16 DE OUTUBRO DE 2023 &#8211; \u201cDeclara luto oficial pelo falecimento do  Monsenhor Maur\u00edcio Laurent, no Munic\u00edpio de S\u00e3o Bernardo \u2013 MA, e d\u00e1  outras provid\u00eancias.\u201d<\/a><\/li>\n\t\t<li class=\"wsp-post\"><a href=\"https:\/\/saobernardo.ma.gov.br\/transparencia\/decretos\/decreto-municipal-no-229-de-10-de-outubro-de-2023-dispoe-sobre-ponto-facultativo-no-dia-13-de-outubro-nas-reparticoes-publicas-municipais-e-da-outras-providencias\/\">DECRETO MUNICIPAL N\u00ba 229, DE 10 DE OUTUBRO DE 2023 &#8211; \u201cDISP\u00d5E SOBRE PONTO  FACULTATIVO NO DIA 13 DE  OUTUBRO NAS REPARTI\u00c7\u00d5ES  P\u00daBLICAS MUNICIPAIS, E D\u00c1 OUTRAS  PROVID\u00caNCIAS.\u201d<\/a><\/li>\n\t\t<li class=\"wsp-post\"><a href=\"https:\/\/saobernardo.ma.gov.br\/transparencia\/decretos\/decreto-municipal-no-228-de-19-de-setembro-de-2023-trata-da-constituicao-da-comissao-que-cuidara-do-processo-seletivo-para-diretor-escolar-nos-termos-da-lei-municipal-no-800-2022-e-811-2023-e-da-o\/\">DECRETO MUNICIPAL N\u00ba 228, DE 19 DE SETEMBRO DE 2023 &#8211; Trata da constitui\u00e7\u00e3o da comiss\u00e3o que cuidar\u00e1 do processo seletivo para Diretor Escolar nos termos da Lei Municipal n\u00ba 800\/2022 e 811\/2023, e d\u00e1 outras provid\u00eancias.<\/a><\/li>\n\t\t<li class=\"wsp-post\"><a href=\"https:\/\/saobernardo.ma.gov.br\/transparencia\/decretos\/decreto-municipal-no-227-de-12-de-setembro-de-2023-recepciona-a-interpretacao-conforme-a-constituicao-federal-do-art-64-da-lei-federal-no-9-430-de-27-de-dezembro-de-1966-do-art-15-da\/\">DECRETO MUNICIPAL N\u00ba 227, DE 12 DE SETEMBRO DE 2023 &#8211; \u201cRecepciona a interpreta\u00e7\u00e3o conforme a Constitui\u00e7\u00e3o Federal, do art. 64 da Lei Federal n\u00ba 9.430, de 27 de dezembro de 1966, do art. 15 da Lei Federal n\u00ba 9.249, de 26 de dezembro de 1995, bem como da Instru\u00e7\u00e3o Normativa da Receita Federal do Brasil n\u00ba 1.234, de 11 de janeiro de 2012, para fins de reten\u00e7\u00e3o do IRRF nas contrata\u00e7\u00f5es de bens e na presta\u00e7\u00e3o de servi\u00e7os realizados pelo munic\u00edpio de S\u00e3o Bernardo-MA, e d\u00e1 outras provid\u00eancias.\u201d<\/a><\/li>\n\t\t<li class=\"wsp-post\"><a href=\"https:\/\/saobernardo.ma.gov.br\/transparencia\/decretos\/decreto-municipal-no-226-de-05-de-setembro-de-2023-dispoe-sobre-ponto-facultativo-nas-reparticoes-publicas-municipais-na-data-do-dia-08-de-setembro-de-2023-e-da-outras-providencias\/\">DECRETO MUNICIPAL N\u00ba 226, DE 05 DE SETEMBRO DE 2023 &#8211; \u201cDisp\u00f5e sobre ponto facultativo nas Reparti\u00e7\u00f5es P\u00fablicas Municipais na data do dia 08 de setembro de 2023, e d\u00e1 outras provid\u00eancias.\u201d<\/a><\/li>\n\t\t<li class=\"wsp-post\"><a href=\"https:\/\/saobernardo.ma.gov.br\/transparencia\/decretos\/decreto-municipal-no-225-de-31-de-agosto-de-2023-dispoe-sobre-a-convocacao-da-1a-conferencia-municipal-da-juventude-mulheres-e-minorias-e-da-outras-providencias\/\">DECRETO MUNICIPAL N\u00ba 225, DE 31 DE AGOSTO DE 2023 &#8211; \u201cDisp\u00f5e sobre a convoca\u00e7\u00e3o da 1\u00aa Confer\u00eancia Municipal da Juventude, Mulheres e Minorias, e d\u00e1 outras provid\u00eancias.\u201d<\/a><\/li>\n\t\t<li class=\"wsp-post\"><a href=\"https:\/\/saobernardo.ma.gov.br\/transparencia\/decretos\/decreto-municipal-no-224-de-28-de-agosto-de-2023-dispoe-sobre-ponto-facultativo-nos-orgaos-e-entidades-da-administracao-direta-autarquica-e-fundacional-do-poder-executivo-municipal\/\">DECRETO MUNICIPAL N\u00ba 224, DE 28 DE AGOSTO DE 2023 &#8211; DISP\u00d5E SOBRE PONTO FACULTATIVO NOS \u00d3RG\u00c3OS E ENTIDADES DA ADMINISTRA\u00c7\u00c3O DIRETA, AUT\u00c1RQUICA E FUNDACIONAL DO PODER EXECUTIVO MUNICIPAL.<\/a><\/li>\n\t\t<li class=\"wsp-post\"><a href=\"https:\/\/saobernardo.ma.gov.br\/transparencia\/decretos\/decreto-municipal-no-223-de-17-de-agosto-de-2023-institui-o-comite-gestor-municipal-de-politicas-de-erradicacao-do-sub-registro-civil-de-nascimento-e-ampliacao-do-acesso-a-documentacao-basica-e\/\">DECRETO MUNICIPAL N\u00ba 223, DE 17 DE AGOSTO DE 2023 &#8211; Institui o Comit\u00ea Gestor Municipal de Pol\u00edticas de  Erradica\u00e7\u00e3o do Sub-registro Civil de Nascimento e  Amplia\u00e7\u00e3o do Acesso \u00e0 Documenta\u00e7\u00e3o B\u00e1sica, e d\u00e1  outras providenciais.<\/a><\/li>\n\t\t<li class=\"wsp-post\"><a href=\"https:\/\/saobernardo.ma.gov.br\/transparencia\/decretos\/decreto-municipal-no-222-de-15-de-agosto-de-2023-revoga-o-decreto-municipal-de-no-216-de-19-de-julho-de-2023-que-criou-a-comissao-de-selecao-e-julgamento-de-chamamento-publico-da-lei-fed\/\">DECRETO MUNICIPAL N\u00ba 222, DE 15 DE AGOSTO DE 2023 &#8211; \u201cRevoga o Decreto Municipal de n\u00ba 216, de 19 de julho de 2023, que criou a comiss\u00e3o de sele\u00e7\u00e3o e julgamento de chamamento p\u00fablico da Lei Federal n\u00ba 195\/2022, Lei Complementar \u201cPaulo Gustavo\u201d no munic\u00edpio de S\u00e3o Bernardo\/MA, e d\u00e1 outras provid\u00eancias\u201d.<\/a><\/li>\n\t\t<li class=\"wsp-post\"><a href=\"https:\/\/saobernardo.ma.gov.br\/transparencia\/decretos\/decreto-municipal-no-221-de-08-de-agosto-de-2023-nomear-novos-membros-do-conselho-municipal-de-acompanhamento-e-controle-social-do-fundo-de-desenvolvimento-da-educacao-basica-e-de-valorizacao-d\/\">DECRETO MUNICIPAL N\u00ba 221, DE 08 DE AGOSTO DE 2023 &#8211; Nomear novos membros do Conselho  Municipal de Acompanhamento e  Controle Social do Fundo de  Desenvolvimento da Educa\u00e7\u00e3o B\u00e1sica e  de Valoriza\u00e7\u00e3o dos Profissionais da  Educa\u00e7\u00e3o \u2013 Conselho do  CACS\/FUNDEB<\/a><\/li>\n\t\t<li class=\"wsp-post\"><a href=\"https:\/\/saobernardo.ma.gov.br\/transparencia\/decretos\/decreto-municipal-no-220-de-27-de-julho-de-2023-dispoe-sobre-a-convocacao-da-xii-conferencia-municipal-de-assistencia-social-e-da-outras-providencias\/\">DECRETO MUNICIPAL N\u00ba 220, DE 27 DE JULHO DE 2023 &#8211; \u201cDisp\u00f5e sobre a convoca\u00e7\u00e3o da XII Confer\u00eancia Municipal de Assist\u00eancia Social, e d\u00e1 outras provid\u00eancias.\u201d<\/a><\/li>\n\t\t<li class=\"wsp-post\"><a href=\"https:\/\/saobernardo.ma.gov.br\/transparencia\/decretos\/decreto-municipal-no-219-de-26-de-julho-de-2023-declara-de-utilidade-publica-para-fins-de-uso-da-secretaria-municipal-de-assistencia-social-o-imovel-que-especifica-e-da-outras-providencia\/\">DECRETO MUNICIPAL N\u00ba 219, DE 26 DE JULHO DE 2023 &#8211; \u201cDeclara de Utilidade P\u00fablica para fins de uso da Secretaria Municipal de Assist\u00eancia Social, o im\u00f3vel que especifica e d\u00e1 outras provid\u00eancias.\u201d<\/a><\/li>\n\t\t<li class=\"wsp-post\"><a href=\"https:\/\/saobernardo.ma.gov.br\/transparencia\/decretos\/decreto-municipal-no-218-de-26-de-julho-2023-nstitui-a-coordenadoria-de-fortalecimento-da-alfabetizacao-e-de-regime-de-colaboracao-e-da-outras-providencias\/\">DECRETO MUNICIPAL N\u00ba 218, DE 26 DE JULHO 2023 &#8211; Institui a Coordenadoria de Fortalecimento da Alfabetiza\u00e7\u00e3o e de Regime de Colabora\u00e7\u00e3o e d\u00e1 outras provid\u00eancias.<\/a><\/li>\n\t\t<li class=\"wsp-post\"><a href=\"https:\/\/saobernardo.ma.gov.br\/transparencia\/decretos\/decreto-municipal-no-217-de-26-de-julho-de-2023-decreta-ponto-facultativo-no-dia-28-de-julho-nas-reparticoes-publicas-municipais-e-da-outras-providencias\/\">DECRETO MUNICIPAL N\u00ba 217, DE 26 DE JULHO DE 2023 &#8211; \u201cDECRETA PONTO FACULTATIVO NO DIA 28 DE JULHO NAS REPARTI\u00c7\u00d5ES P\u00daBLICAS MUNICIPAIS, E D\u00c1 OUTRAS PROVID\u00caNCIAS.\u201d<\/a><\/li>\n\t\t<li class=\"wsp-post\"><a href=\"https:\/\/saobernardo.ma.gov.br\/transparencia\/decretos\/decreto-municipal-no-216-de-19-de-julho-de-2023-cria-a-comissao-de-selecao-e-julgamento-de-chamamentos-publicos-da-lei-federal-no-195-de-08-de-julho-de-2022-lei-complementar-paul\/\">DECRETO MUNICIPAL N\u00ba 216, DE 19 DE JULHO DE 2023 &#8211; Cria a comiss\u00e3o de sele\u00e7\u00e3o e julgamento de chamamentos p\u00fablicos da lei federal n\u00ba 195, de 08 de julho de 2022 Lei \u2018\u2018Complementar Paulo Gustavo\u2019\u2019 no munic\u00edpio de S\u00e3o Bernardo \u2013 MA, e d\u00e1 outras providencias.<\/a><\/li>\n\t\t<li class=\"wsp-post\"><a href=\"https:\/\/saobernardo.ma.gov.br\/transparencia\/decretos\/decreto-municipal-no-215-de-13-de-julho-de-2023-regulamenta-no-municipio-de-sao-bernardo-ma-a-lei-federal-no-195-de-08-de-julho-de-2022-que-dispoe-sobre-as-acoes-emergenciais-destinadas-ao-set\/\">DECRETO MUNICIPAL N\u00ba 215, DE 13 DE JULHO DE 2023 &#8211; Regulamenta no Munic\u00edpio de S\u00e3o Bernardo &#8211; MA, a Lei Federal n\u00ba 195, de 08 de julho de 2022, que disp\u00f5e sobre as a\u00e7\u00f5es emergenciais destinadas ao setor cultural a ser adotadas e reconhecidas pelo Decreto Legislativo n\u00ba 6 de 08 de julho de 2022, Decreto nacional de n\u00ba 11.453, de 23 de Mar\u00e7o de 2023 e regulamentada pelo Decreto Federal n\u00ba 11.525, de 11 de maio de 2023.<\/a><\/li>\n\t\t<li class=\"wsp-post\"><a href=\"https:\/\/saobernardo.ma.gov.br\/transparencia\/decretos\/decreto-municipal-no-214-de-11-de-julho-de-2023-estabelece-ponto-facultativo-nas-reparticoes-publicas-municipais-nos-dias-14-e-17-de-julho-de-2023-e-da-outras-providencias\/\">DECRETO MUNICIPAL N\u00ba 214, DE 11 DE JULHO DE 2023 &#8211; ESTABELECE PONTO FACULTATIVO NAS REPARTI\u00c7\u00d5ES P\u00daBLICAS MUNICIPAIS, NOS DIAS 14 E 17 DE JULHO DE 2023, E D\u00c1 OUTRAS PROVID\u00caNCIAS.<\/a><\/li>\n\t\t<li class=\"wsp-post\"><a href=\"https:\/\/saobernardo.ma.gov.br\/transparencia\/decretos\/decreto-municipal-no-213-de-29-de-junho-de-2023-exonerar-os-membros-do-conselho-municipal-de-acompanhamento-e-controle-social-do-fundo-de-desenvolvimento-da-educacao-basica-e-de-valorizacao-dos-pro\/\">DECRETO MUNICIPAL N\u00ba 213, DE 29 DE JUNHO DE 2023 &#8211; Exonerar os membros do Conselho Municipal de Acompanhamento e Controle Social do Fundo de Desenvolvimento da Educa\u00e7\u00e3o B\u00e1sica e de Valoriza\u00e7\u00e3o dos Profissionais da Educa\u00e7\u00e3o \u2013 Conselho do CACS\/FUNDEB.<\/a><\/li>\n\t\t<li class=\"wsp-post\"><a href=\"https:\/\/saobernardo.ma.gov.br\/transparencia\/decretos\/decreto-municipal-no-212-de-28-de-junho-de-2023-dispoe-sobre-a-retencao-do-imposto-de-renda-nos-pagamentos-efetuados-pelos-orgaos-da-administracao-publica-municipal-direta-autarquias-e-fu\/\">DECRETO MUNICIPAL N\u00ba 212, DE 28 DE JUNHO DE 2023 &#8211; \u201cDisp\u00f5e sobre a reten\u00e7\u00e3o do imposto de renda nos pagamentos efetuados pelos \u00f3rg\u00e3os da administra\u00e7\u00e3o p\u00fablica municipal direta, autarquias e funda\u00e7\u00f5es municipais pelo fornecimento de bens e servi\u00e7os.\u201d<\/a><\/li>\n\t\t<li class=\"wsp-post\"><a href=\"https:\/\/saobernardo.ma.gov.br\/transparencia\/decretos\/decreto-municipal-no-211-de-26-de-junho-de-2023-dispoe-sobre-viagem-a-servico-do-ente-publico-municipal-e-concessao-de-diaria-a-servidor-dos-orgaos-da-administracao-publica-direta-e-da-out\/\">DECRETO MUNICIPAL N\u00ba 211, DE 26 DE JUNHO DE 2023 &#8211; \u201cDisp\u00f5e sobre viagem a servi\u00e7o do ente p\u00fablico municipal e concess\u00e3o de di\u00e1ria a servidor dos \u00f3rg\u00e3os da Administra\u00e7\u00e3o P\u00fablica Direta e d\u00e1 outras provid\u00eancias.\u201d<\/a><\/li>\n\t\t<li class=\"wsp-post\"><a href=\"https:\/\/saobernardo.ma.gov.br\/transparencia\/decretos\/decreto-municipal-no-210-de-21-de-junho-2023-dispoe-sobre-anulacao-de-ato-administrativo-de-erro-material-de-digitacao-que-empossou-servidores-com-carga-horaria-inferior-a-40hrs-quarenta\/\">DECRETO MUNICIPAL N\u00ba 210, DE 21 DE JUNHO 2023 &#8211; \u201cDisp\u00f5e sobre anula\u00e7\u00e3o de Ato Administrativo de erro material de digita\u00e7\u00e3o, que empossou servidores com carga hor\u00e1ria inferior a 40hrs (quarenta horas) semanais.\u201d<\/a><\/li>\n\t\t<li class=\"wsp-post\"><a href=\"https:\/\/saobernardo.ma.gov.br\/transparencia\/decretos\/decreto-municipal-no-209-de-15-de-junho-de-2023-declara-luto-oficial-pelo-falecimento-do-dr-ismar-marques-filho-nas-reparticoes-publicas-municipais-e-da-outras-providencias\/\">DECRETO MUNICIPAL N\u00ba 209, DE 15 DE JUNHO DE 2023 &#8211; \u201cDeclara luto oficial pelo falecimento do Dr. Ismar Marques Filho, nas reparti\u00e7\u00f5es p\u00fablicas municipais, e d\u00e1 outras provid\u00eancias.\u201d<\/a><\/li>\n\t\t<li class=\"wsp-post\"><a href=\"https:\/\/saobernardo.ma.gov.br\/transparencia\/decretos\/decreto-municipal-no-208-de-12-de-junho-de-2023-nomeia-e-empossa-os-membros-do-conselho-municipal-de-educacao-cme-sb-e-da-outras-providencias\/\">DECRETO MUNICIPAL N\u00ba 208, DE 12 DE JUNHO DE  2023 &#8211; \u201cNomeia e empossa os membros do Conselho Municipal de Educa\u00e7\u00e3o &#8211; CME\/SB, e d\u00e1 outras provid\u00eancias\u201d.<\/a><\/li>\n\t\t<li class=\"wsp-post\"><a href=\"https:\/\/saobernardo.ma.gov.br\/transparencia\/decretos\/decreto-municipal-no-207-de-06-de-junho-de-2023-dispoe-sobre-os-dias-de-ponto-facultativo-nas-reparticoes-publicas-municipais-em-comemoracao-ao-corpus-christi-no-ano-de-2023-e-da-outras-providen\/\">DECRETO MUNICIPAL N\u00ba 207, DE 06 DE JUNHO DE 2023 &#8211; DISP\u00d5E SOBRE OS DIAS DE PONTO FACULTATIVO NAS REPARTI\u00c7\u00d5ES P\u00daBLICAS MUNICIPAIS, EM COMEMORA\u00c7\u00c3O AO CORPUS CHRISTI, NO ANO DE 2023, E D\u00c1 OUTRAS PROVID\u00caNCIAS.<\/a><\/li>\n\t\t<li class=\"wsp-post\"><a href=\"https:\/\/saobernardo.ma.gov.br\/transparencia\/decretos\/decreto-municipal-no-206-de-23-de-maio-de-2023-dispoe-sobre-o-reajuste-salarial-do-cargo-de-assessor-tecnico-administrativo-dai-1-de-acordo-com-a-alteracao-do-salario-minimo-vigente-a-partir-do\/\">DECRETO MUNICIPAL N\u00ba 206, DE 23 DE MAIO DE 2023 &#8211; DISP\u00d5E SOBRE O REAJUSTE SALARIAL DO CARGO DE ASSESSOR T\u00c9CNICO ADMINISTRATIVO &#8211; DAI-1, DE ACORDO COM A ALTERA\u00c7\u00c3O DO SAL\u00c1RIO M\u00cdNIMO VIGENTE A PARTIR DO M\u00caS DE MAIO DE 2023, E D\u00c1 OUTRAS PROVID\u00caNCIAS.<\/a><\/li>\n\t\t<li class=\"wsp-post\"><a href=\"https:\/\/saobernardo.ma.gov.br\/transparencia\/decretos\/decreto-municipal-no-205-de-09-de-maio-de-2023-decreta-a-alteracao-da-margem-de-consignacao-dos-servidores-publicos-municipais-na-agencia-do-banco-do-brasil-s-a-e-da-outras-providencias\/\">DECRETO MUNICIPAL N\u00ba 205, DE 09 DE MAIO DE 2023 &#8211; \u201cDecreta a altera\u00e7\u00e3o da margem de consigna\u00e7\u00e3o dos servidores p\u00fablicos municipais, na ag\u00eancia do Banco do Brasil S\/A, e d\u00e1 outras provid\u00eancias.\u201d<\/a><\/li>\n\t\t<li class=\"wsp-post\"><a href=\"https:\/\/saobernardo.ma.gov.br\/transparencia\/decretos\/decreto-municipal-no-204-de-24-de-abril-de-2023-amplia-o-prazo-para-emissao-de-blocos-de-notas-fiscais-de-servicos-em-substituicao-a-nota-fiscal-de-servicos-eletronica-e-da-outras-provide\/\">DECRETO MUNICIPAL N\u00ba 204, DE 24 DE ABRIL DE 2023 &#8211; \u201cAmplia o prazo para emiss\u00e3o de blocos de Notas Fiscais de Servi\u00e7os em substitui\u00e7\u00e3o a nota Fiscal de Servi\u00e7os Eletr\u00f4nica; e d\u00e1 outras providencias\u201d<\/a><\/li>\n\t\t<li class=\"wsp-post\"><a href=\"https:\/\/saobernardo.ma.gov.br\/transparencia\/decretos\/decreto-municipal-no-203-de-03-de-abril-de-2023-dispoe-sobre-o-ponto-facultativo-nas-reparticoes-publicas-municipais-no-dia-06-de-abril-de-2023-e-da-outras-providencias\/\">DECRETO MUNICIPAL N\u00ba 203, DE 03 DE ABRIL DE 2023 &#8211; \u201cDISP\u00d5E SOBRE O PONTO FACULTATIVO NAS REPARTI\u00c7\u00d5ES P\u00daBLICAS MUNICIPAIS, NO DIA 06 DE ABRIL DE 2023, E D\u00c1 OUTRAS PROVID\u00caNCIAS.\u201d<\/a><\/li>\n\t\t<li class=\"wsp-post\"><a href=\"https:\/\/saobernardo.ma.gov.br\/transparencia\/decretos\/decreto-municipal-no-202-de-27-de-marco-de-2023-decreta-ponto-facultativo-nas-reparticoes-publicas-do-municipio-nos-dias-29-e-30-de-marco-de-2023-e-da-outras-providencias\/\">DECRETO MUNICIPAL N\u00ba 202, DE 27 DE MAR\u00c7O DE 2023 &#8211; \u201cDECRETA PONTO FACULTATIVO NAS  REPARTI\u00c7\u00d5ES P\u00daBLICAS DO  MUNIC\u00cdPIO, NO DIA 30 DE MAR\u00c7O DE  2023, E D\u00c1 OUTRAS PROVID\u00caNCIAS.\u201d<\/a><\/li>\n\t\t<li class=\"wsp-post\"><a href=\"https:\/\/saobernardo.ma.gov.br\/transparencia\/decretos\/decreto-municipal-no-201-de-28-de-fevereiro-de-2023-declara-de-utilidade-publica-para-fins-de-desapropriacao-amigavel-em-carater-de-urgencia-o-imovel-que-especifica-e-da-outras-provid\/\">DECRETO MUNICIPAL N\u00ba 201, DE 28 DE FEVEREIRO DE 2023 &#8211; \u201cDeclara de Utilidade P\u00fablica para fins de  desapropria\u00e7\u00e3o amig\u00e1vel, em car\u00e1ter de  urg\u00eancia, o im\u00f3vel que especifica e d\u00e1 outras  provid\u00eancias.\u201d<\/a><\/li>\n\t\t<li class=\"wsp-post\"><a href=\"https:\/\/saobernardo.ma.gov.br\/transparencia\/decretos\/decreto-no-200-de-27-de-fevereiro-de-2023-dispoe-sobre-a-convocacao-da-11a-conferencia-municipal-de-saude-de-sao-bernardo-ma-e-da-outras-providencias\/\">DECRETO MUNICIPAL N\u00ba 200, DE 27 DE FEVEREIRO DE 2023 &#8211; DISP\u00d5E SOBRE A CONVOCA\u00c7\u00c3O DA  11\u00aa CONFER\u00caNCIA MUNICIPAL DE SA\u00daDE DE S\u00c3O BERNARDO-MA; E D\u00c1 OUTRAS  PROVID\u00caNCIAS.<\/a><\/li>\n\t\t<li class=\"wsp-post\"><a href=\"https:\/\/saobernardo.ma.gov.br\/transparencia\/decretos\/decreto-municipal-no-199-de-15-de-fevereiro-de-2023-decreta-ponto-facultativo-nos-dias-de-carnaval-de-2023-nas-reparticoes-publicas-municipais-e-da-outras-providencias\/\">DECRETO MUNICIPAL N\u00ba 199, DE 15 DE FEVEREIRO DE 2023 &#8211; \u201cDECRETA PONTO FACULTATIVO NOS DIAS DE CARNAVAL DE 2023, NAS REPARTI\u00c7\u00d5ES P\u00daBLICAS MUNICIPAIS E D\u00c1 OUTRAS PROVID\u00caNCIAS\u201d<\/a><\/li>\n\t\t<li class=\"wsp-post\"><a href=\"https:\/\/saobernardo.ma.gov.br\/transparencia\/decretos\/decreto-municipal-no-198-2023-sao-bernardo-ma-07-de-fevereiro-de-2023-resolve-nomear-os-membros-do-conselho-municipal-dos-direitos-da-pessoa-idosa-titulares-e-respectivos-suplentes-para-o-mandat\/\">DECRETO MUNICIPAL N\u00ba 198\/2023, S\u00e3o Bernardo\/MA, 07 de fevereiro de 2023 &#8211; RESOLVE Nomear os membros do Conselho Municipal dos Direitos da Pessoa Idosa, Titulares e respectivos Suplentes, para o mandato de 02 (dois) anos, permitindo uma \u00fanica recondu\u00e7\u00e3o por igual per\u00edodo, conforme rela\u00e7\u00e3o descrita abaixo para o bi\u00eanio de 2023 a 2025.<\/a><\/li>\n\t\t<li class=\"wsp-post\"><a href=\"https:\/\/saobernardo.ma.gov.br\/transparencia\/decretos\/decreto-municipal-no-197-de-26-de-janeiro-de-2023-dispoe-sobre-o-reajuste-salarial-do-cargo-de-assessor-tecnico-administrativo-dai-1-de-acordo-com-o-salario-minimo-vigente-no-ano-de-2023-e-da-o\/\">DECRETO MUNICIPAL N\u00ba 197, DE 26 DE JANEIRO DE 2023 &#8211; DISP\u00d5E SOBRE O REAJUSTE SALARIAL DO CARGO DE ASSESSOR T\u00c9CNICO ADMINISTRATIVO &#8211; DAI-1, DE ACORDO COM O SAL\u00c1RIO M\u00cdNIMO VIGENTE NO ANO DE 2023, E D\u00c1 OUTRAS PROVID\u00caNCIAS.<\/a><\/li>\n\t\t<li class=\"wsp-post\"><a href=\"https:\/\/saobernardo.ma.gov.br\/transparencia\/decretos\/decreto-no-196-2023-estabelece-a-atualizacao-do-piso-salarial-profissionais-do-magisterio-da-rede-municipal-de-ensino-para-o-ano-de-2023-nos-termos-da-lei-federal-no-11-738-2008-e-da-o\/\">DECRETO N\u00ba 196\/2023 &#8211; \u201cEstabelece a atualiza\u00e7\u00e3o do Piso Salarial  profissionais do magist\u00e9rio da rede municipal de  ensino para o ano de 2023, nos termos da Lei  Federal n\u00ba 11.738\/2008, e d\u00e1 outras provid\u00eancias.\u201d<\/a><\/li>\n\t\t<li class=\"wsp-post\"><a href=\"https:\/\/saobernardo.ma.gov.br\/transparencia\/decretos\/decreto-municipal-no-195-de-29-de-dezembro-de-2022-regulamenta-a-lei-complementar-municipal-no-12-2021-alterada-pela-lei-complementar-no-15-2022-que-dispoe-sobre-os-valores-do-abono-refe\/\">DECRETO MUNICIPAL N\u00ba 195, DE 29 DE DEZEMBRO DE 2022 &#8211; \u201cRegulamenta a Lei Complementar Municipal n\u00ba 12\/2021, alterada pela Lei Complementar n\u00ba 15\/2022, que disp\u00f5e sobre os valores do abono referente ao rateio dos res\u00edduos dos recursos do novo Fundeb; E d\u00e1 outras provid\u00eancias.\u201d<\/a><\/li>\n\t\t<li class=\"wsp-post\"><a href=\"https:\/\/saobernardo.ma.gov.br\/transparencia\/decretos\/decreto-municipal-no-194-de-20-de-dezembro-de-2022-nomeia-os-membros-do-conselho-municipal-de-acompanhamento-e-controle-social-do-fundo-de-desenvolvimento-da-educacao-basica-e-de-valorizaca\/\">DECRETO MUNICIPAL N\u00ba 194, DE 20 DE DEZEMBRO DE 2022 \u2013 Nomeia os membros do Conselho Municipal de Acompanhamento e Controle Social do Fundo de Desenvolvimento da Educa\u00e7\u00e3o B\u00e1sica e de Valoriza\u00e7\u00e3o dos Profissionais da Educa\u00e7\u00e3o \u2013 Conselho do CACS\/FUNDEB.<\/a><\/li>\n\t\t<li class=\"wsp-post\"><a href=\"https:\/\/saobernardo.ma.gov.br\/transparencia\/decretos\/decreto-municipal-no-193-de-16-de-dezembro-de-2022-nomear-os-membros-do-conselho-municipal-dos-direitos-da-crianca-e-do-adolescente-cmdca-titulares-e-respectivos-suplentes-para-o-mandato-de-02\/\">DECRETO MUNICIPAL N\u00ba 193, DE 16 DE DEZEMBRO DE 2022 &#8211; Nomear os membros do Conselho Municipal dos Direitos da Crian\u00e7a e do Adolescente &#8211; CMDCA, Titulares e respectivos Suplentes, para o mandato de 02 (dois) anos, permitindo uma \u00fanica recondu\u00e7\u00e3o por igual per\u00edodo, conforme rela\u00e7\u00e3o descrita abaixo para o bi\u00eanio de 2021 a 2023.<\/a><\/li>\n\t\t<li class=\"wsp-post\"><a href=\"https:\/\/saobernardo.ma.gov.br\/transparencia\/decretos\/decreto-municipal-no-192-de-16-de-dezembro-de-2022-nomeia-os-membros-do-comite-gestor-do-programa-primeira-infancia-no-suas-programa-crianca-feliz-no-ambito-do-municipio-de-sao-bernardo-maranha\/\">DECRETO MUNICIPAL N\u00ba 192, DE 16 DE DEZEMBRO DE 2022 &#8211; Nomeia os Membros do Comit\u00ea Gestor do Programa Primeira Inf\u00e2ncia no SUAS &#8211; Programa Crian\u00e7a Feliz no \u00e2mbito do Munic\u00edpio de S\u00e3o Bernardo &#8211; Maranh\u00e3o.<\/a><\/li>\n\t\t<li class=\"wsp-post\"><a href=\"https:\/\/saobernardo.ma.gov.br\/transparencia\/decretos\/decreto-municipal-no-191-de-16-de-dezembro-de-2022-institui-junto-a-secretaria-municipal-de-assistencia-social-o-comite-gestor-do-programa-crianca-feliz-no-ambito-do-municipio-de-sao-bernardo-ma\/\">DECRETO MUNICIPAL N\u00ba 191, DE 16 DE DEZEMBRO DE 2022 &#8211; Institui junto a Secretaria Municipal de Assist\u00eancia Social, o Comit\u00ea Gestor do Programa Crian\u00e7a Feliz no \u00e2mbito do Munic\u00edpio de S\u00e3o Bernardo &#8211; Maranh\u00e3o.<\/a><\/li>\n\t\t<li class=\"wsp-post\"><a href=\"https:\/\/saobernardo.ma.gov.br\/transparencia\/decretos\/decreto-municipal-no-190-de-07-de-dezembro-de-2022-dispoe-sobre-o-recesso-funcional-das-reparticoes-publicas-do-municipio-de-sao-bernardo-estado-do-maranhao-no-periodo-de-19-de-dezembro-de-20\/\">DECRETO MUNICIPAL N\u00ba 190, DE 07 DE DEZEMBRO DE 2022 &#8211; DISP\u00d5E SOBRE O RECESSO FUNCIONAL DAS REPARTI\u00c7\u00d5ES  P\u00daBLICAS DO MUNIC\u00cdPIO DE S\u00c3O  BERNARDO, ESTADO DO  MARANH\u00c3O, NO PER\u00cdODO DE 19 DE  DEZEMBRO DE 2022 A 1\u00ba DE  JANEIRO DE 2023, E D\u00c1 OUTRAS  PROVID\u00caNCIAS<\/a><\/li>\n\t\t<li class=\"wsp-post\"><a href=\"https:\/\/saobernardo.ma.gov.br\/transparencia\/decretos\/decreto-municipal-no-189-de-05-de-dezembro-de-2022-dispoe-sobre-o-horario-de-expediente-no-ambito-da-admistracao-publica-municipal-em-virtude-dos-jogos-da-selecao-brasileira-de-futebol-na-copa-do\/\">DECRETO MUNICIPAL N\u00ba 189, DE 05 DE DEZEMBRO DE 2022 &#8211; DISP\u00d5E SOBRE O HOR\u00c1RIO DE EXPEDIENTE NO \u00c2MBITO DA ADMISTRA\u00c7\u00c3O P\u00daBLICA MUNICIPAL, EM VIRTUDE DOS JOGOS DA SELE\u00c7\u00c3O BRASILEIRA DE FUTEBOL NA COPA DO MUNDO FIFA DE 2022 \u2013 NA FASE DE OITAVAS DE FINAL E FASES SEGUINTES, E D\u00c1 OUTRAS PROVID\u00caNCIAS.<\/a><\/li>\n\t\t<li class=\"wsp-post\"><a href=\"https:\/\/saobernardo.ma.gov.br\/transparencia\/decretos\/decreto-municipal-no-188-de-23-de-novembro-de-2022-dispoe-sobre-o-horario-de-expediente-no-ambito-da-admistracao-publica-municipal-em-virtude-dos-jogos-da-selecao-brasileira-de-futebol-na-copa-do\/\">DECRETO MUNICIPAL N\u00ba 188, DE 23 DE NOVEMBRO DE 2022 &#8211; DISP\u00d5E SOBRE O HOR\u00c1RIO DE EXPEDIENTE NO \u00c2MBITO DA ADMISTRA\u00c7\u00c3O P\u00daBLICA MUNICIPAL, EM VIRTUDE DOS JOGOS DA SELE\u00c7\u00c3O BRASILEIRA DE FUTEBOL NA COPA DO MUNDO FIFA DE 2022 &#8211; PRIMEIRA FASE, E D\u00c1 OUTRAS PROVID\u00caNCIAS.<\/a><\/li>\n\t\t<li class=\"wsp-post\"><a href=\"https:\/\/saobernardo.ma.gov.br\/transparencia\/decretos\/decreto-municipal-no-187-de-26-de-outubro-de-2022-transfere-o-dia-do-servidor-publico-28-10-2022-para-o-dia-1o-de-novembro-e-da-outras-providencias\/\">DECRETO MUNICIPAL N\u00ba 187, DE 26 DE OUTUBRO DE 2022 &#8211; \u201cTRANSFERE O DIA DO SERVIDOR P\u00daBLICO (28\/10\/2022) PARA O DIA 1\u00ba DE NOVEMBRO; E D\u00c1 OUTRAS PROVID\u00caNCIAS.<\/a><\/li>\n\t\t<li class=\"wsp-post\"><a href=\"https:\/\/saobernardo.ma.gov.br\/transparencia\/decretos\/decreto-no-186-2022-disciplina-os-procedimentos-relativos-ao-repasse-de-depositos-judiciais-e-administrativos-do-municipio-de-sao-bernardo-ma-nos-termos-da-emenda-constitucional-99-2017-e-portaria\/\">DECRETO MUNICIPAL N\u00ba. 186\/2022 &#8211; Disciplina os procedimentos relativos ao repasse de dep\u00f3sitos judiciais e administrativos do Munic\u00edpio de S\u00e3o Bernardo\/MA, nos termos da Emenda Constitucional 99\/2017 e Portaria GP \u2013 444\/2018, da Presid\u00eancia do TJMA.<\/a><\/li>\n\t\t<li class=\"wsp-post\"><a href=\"https:\/\/saobernardo.ma.gov.br\/transparencia\/decretos\/decreto-municipal-no-185-de-28-de-setembro-de-2022-prorroga-o-luto-oficial-em-todo-o-municipio-estabelecido-pelo-decreto-no-184-2022-em-razao-do-sepultamento-do-servidor-publico-municipa\/\">DECRETO MUNICIPAL N\u00ba 185, DE 28 DE SETEMBRO DE 2022 &#8211; \u201cPRORROGA O LUTO OFICIAL EM TODO O MUNIC\u00cdPIO, ESTABELECIDO PELO DECRETO N\u00ba 184\/2022, EM RAZ\u00c3O DO SEPULTAMENTO DO SERVIDOR P\u00daBLICO MUNICIPAL E COLABORADOR ADAILTON LIMA PORTO; E D\u00c1 OUTRAS PROVID\u00caNCIAS.<\/a><\/li>\n\t\t<li class=\"wsp-post\"><a href=\"https:\/\/saobernardo.ma.gov.br\/transparencia\/decretos\/decreto-municipal-no-184-de-28-de-setembro-de-2022-decreta-luto-oficial-em-todo-o-municipio-em-respeito-ao-falecimento-do-servidor-publico-municipal-e-colaborador-adailton-lima-porto-e-da\/\">DECRETO MUNICIPAL N\u00ba 184, DE 28 DE SETEMBRO DE 2022 &#8211; \u201cDECRETA LUTO OFICIAL EM TODO O MUNIC\u00cdPIO EM RESPEITO AO FALECIMENTO DO SERVIDOR P\u00daBLICO MUNICIPAL E COLABORADOR ADAILTON LIMA PORTO; E D\u00c1 OUTRAS PROVID\u00caNCIAS.<\/a><\/li>\n\t\t<li class=\"wsp-post\"><a href=\"https:\/\/saobernardo.ma.gov.br\/transparencia\/decretos\/decreto-municipal-no-183-de-29-de-agosto-de-2022-dispoe-sobre-autorizacao-para-o-tesoureiro-municipal-ficar-credenciado-para-as-funcoes-de-ordenador-de-despesas-da-secretaria-municipal-de\/\">DECRETO MUNICIPAL N\u00ba 183, DE 29 DE AGOSTO DE 2022 &#8211; \u201cDISP\u00d5E SOBRE AUTORIZA\u00c7\u00c3O PARA O TESOUREIRO MUNICIPAL FICAR CREDENCIADO PARA AS FUN\u00c7\u00d5ES DE ORDENADOR DE DESPESAS DA SECRETARIA MUNICIPAL DE GEST\u00c3O, DO FUNDEB, FMAS E FMS; E D\u00c1 OUTRAS PROVID\u00caNCIAS.\u201d<\/a><\/li>\n\t\t<li class=\"wsp-post\"><a href=\"https:\/\/saobernardo.ma.gov.br\/transparencia\/decretos\/decreto-municipal-no-182-de-25-de-agosto-de-2022-declara-luto-oficial-em-todo-o-municipio-pelo-periodo-de-dois-dias-contados-da-data-de-publicacao-deste-decreto-em-sinal-de-pesar-pelo-f\/\">DECRETO MUNICIPAL N\u00ba 182, DE 25 DE AGOSTO DE 2022 &#8211; \u201cDECLARA LUTO OFICIAL EM TODO O MUNIC\u00cdPIO, PELO PER\u00cdODO DE DOIS DIAS, CONTADOS DA DATA DE PUBLICA\u00c7\u00c3O DESTE DECRETO, EM SINAL DE PESAR PELO FALECIMENTO DO SENHOR FERNANDO FERREIRA CARVALHO, PAI DA SECRET\u00c1RIA DE EDUCA\u00c7\u00c3O DO MUNIC\u00cdPIO E DO ASSESSOR JUR\u00cdDICO, RAQUEL CARVALHO E JOELSI COSTA, RESPECTIVAMENTE; E D\u00c1 OUTRAS PROVID\u00caNCIAS.<\/a><\/li>\n\t\t<li class=\"wsp-post\"><a href=\"https:\/\/saobernardo.ma.gov.br\/transparencia\/decretos\/decreto-municipal-no-181-de-17-de-agosto-de-2022-dispoe-sobre-a-anulacao-do-decreto-no-180-2022-que-nomeia-servidores-aprovados-em-concurso-publico-edital-no-01-2017-para-provimento-de-c\/\">DECRETO MUNICIPAL N\u00ba 181, DE 17 DE AGOSTO DE 2022 &#8211; Disp\u00f5e sobre a anula\u00e7\u00e3o do Decreto n\u00ba 180\/2022 que nomeia servidores aprovados em concurso p\u00fablico \u2013 Edital n\u00ba 01\/2017, para provimento de cargos efetivos do quadro de pessoal do Munic\u00edpio, e d\u00e1 outras provid\u00eancias.<\/a><\/li>\n\t\t<li class=\"wsp-post\"><a href=\"https:\/\/saobernardo.ma.gov.br\/transparencia\/decretos\/decreto-municipal-no-180-2022-de-12-de-agosto-de-2022-dispoe-sobre-a-nomeacao-de-servidores-aprovados-em-concurso-publico-edital-01-2017-para-provimento-de-cargos-efetivos-do-quadro-de-pessoal\/\">DECRETO MUNICIPAL N\u00ba 180\/2022, DE 12 DE AGOSTO DE 2022 &#8211; &#8220;Disp\u00f5e sobre a nomea\u00e7\u00e3o de servidores aprovados em concurso p\u00fablico &#8211; Edital 01\/2017, para provimento de cargos efetivos do quadro de pessoal do munic\u00edpio, e d\u00e1 outras provid\u00eancias&#8221;<\/a><\/li>\n\t\t<li class=\"wsp-post\"><a href=\"https:\/\/saobernardo.ma.gov.br\/transparencia\/decretos\/decreto-municipal-no-179-de-27-de-julho-de-2022-decreta-ponto-facultativo-no-dia-28-de-julho-de-2022-dia-da-adesao-do-maranhao-a-independencia-do-brasil-nas-reparticoes-publicas-municipa\/\">DECRETO MUNICIPAL N\u00ba 179, DE 27 DE JULHO DE 2022 &#8211; \u201cDECRETA PONTO FACULTATIVO NO DIA 28 DE JULHO DE 2022, DIA DA ADES\u00c3O DO MARANH\u00c3O \u00c0 INDEPEND\u00caNCIA DO BRASIL, NAS REPARTI\u00c7\u00d5ES P\u00daBLICAS MUNICIPAIS, E D\u00c1 OUTRAS PROVID\u00caNCIAS\u201d.<\/a><\/li>\n\t\t<li class=\"wsp-post\"><a href=\"https:\/\/saobernardo.ma.gov.br\/transparencia\/decretos\/decreto-municipal-no-178-de-14-de-julho-de-2022-decreta-ponto-facultativo-no-dia-18-de-julho-de-2022-em-razao-das-festividades-juninas-nas-reparticoes-publicas-municipais-e-da-outras-pro\/\">DECRETO MUNICIPAL N\u00ba 178, DE 14 DE JULHO DE 2022 &#8211; \u201cDECRETA PONTO FACULTATIVO NO DIA 18 DE JULHO DE 2022, EM RAZ\u00c3O DAS FESTIVIDADES JUNINAS, NAS REPARTI\u00c7\u00d5ES P\u00daBLICAS MUNICIPAIS E D\u00c1 OUTRAS PROVID\u00caNCIAS\u201d.<\/a><\/li>\n\t\t<li class=\"wsp-post\"><a href=\"https:\/\/saobernardo.ma.gov.br\/transparencia\/decretos\/decreto-municipal-no-177-de-01-de-julho-de-2022-dispoe-sobre-a-abertura-no-orcamento-vigente-um-credito-adicional-suplementar-e-da-outras-providencias\/\">DECRETO MUNICIPAL N\u00ba 177, DE 01 DE JULHO DE 2022 &#8211; \u201cDisp\u00f5e sobre a abertura no or\u00e7amento vigente um cr\u00e9dito adicional suplementar; e D\u00e1 outras provid\u00eancias\u201d<\/a><\/li>\n\t\t<li class=\"wsp-post\"><a href=\"https:\/\/saobernardo.ma.gov.br\/transparencia\/decretos\/decreto-municipal-no-176-de-14-de-junho-de-2022-dispoe-sobre-a-transferencia-do-feriado-de-16-de-junho-de-2022-corpus-christi-para-sexta-feira-dia-17-de-junho-de-2022-e-da-outr\/\">DECRETO MUNICIPAL N\u00ba 176, DE 14 DE JUNHO DE 2022 &#8211; \u201cDISP\u00d5E SOBRE A TRANSFER\u00caNCIA DO FERIADO DE 16 DE JUNHO DE 2022 \u2013 CORPUS CHRISTI, PARA SEXTA-FEIRA DIA 17 DE JUNHO DE 2022, E D\u00c1 OUTRAS PROVID\u00caNCIAS\u201d.<\/a><\/li>\n\t\t<li class=\"wsp-post\"><a href=\"https:\/\/saobernardo.ma.gov.br\/transparencia\/decretos\/decreto-municipal-no-175-de-20-de-abril-de-2022-transfere-o-feriado-do-dia-21-04-tiradentes-para-o-dia-22-04-2022-e-da-outras-providencias\/\">DECRETO MUNICIPAL N\u00ba 175, DE 20 DE ABRIL DE 2022 &#8211; Transfere o Feriado do dia 21\/04 &#8211; TIRADENTES para o dia 22\/04\/2022; e d\u00e1 outras provid\u00eancias&#8221;<\/a><\/li>\n\t\t<li class=\"wsp-post\"><a href=\"https:\/\/saobernardo.ma.gov.br\/transparencia\/decretos\/decreto-municipal-no-174-de-05-de-abril-de-2022-dispoe-sobre-a-desconcentracao-administrativa-no-ambito-do-poder-executivo-do-municipio-de-sao-bernardo-da-delegacao-de-competencia-ao-orde\/\">DECRETO MUNICIPAL N\u00ba 174, DE 05 DE ABRIL DE 2022 &#8211; \u201cDisp\u00f5e sobre a desconcentra\u00e7\u00e3o administrativa no \u00e2mbito do Poder Executivo do munic\u00edpio de S\u00e3o Bernardo, d\u00e1 delega\u00e7\u00e3o de compet\u00eancia ao ordenador de despesa e d\u00e1 outras provid\u00eancias.\u201d<\/a><\/li>\n\t\t<li class=\"wsp-post\"><a href=\"https:\/\/saobernardo.ma.gov.br\/transparencia\/decretos\/decreto-municipal-no-173-de-05-de-abril-de-2022-dispoe-sobre-as-normas-para-edicoes-de-portarias-no-ambito-do-poder-executivo-municipal-e-da-outras-providencias\/\">DECRETO MUNICIPAL N\u00ba 173, DE 05 DE ABRIL DE 2022 &#8211;  \u201cDisp\u00f5e sobre as normas para edi\u00e7\u00f5es de Portarias, no \u00e2mbito do Poder Executivo Municipal; e d\u00e1 outras providencias\u201d<\/a><\/li>\n\t\t<li class=\"wsp-post\"><a href=\"https:\/\/saobernardo.ma.gov.br\/transparencia\/decretos\/decreto-municipal-no-172-de-01-de-abril-de-2022-torna-sem-efeito-as-portarias-de-nomeacao-para-cargos-comissionados-de-chefias-e-de-assessoramentos-publicadas-na-vigencia-das-leis-municip\/\">DECRETO MUNICIPAL N\u00ba 172, DE 01 DE ABRIL DE 2022 -\u201cTorna sem efeito as Portarias de Nomea\u00e7\u00e3o para Cargos Comissionados, de Chefias e de Assessoramentos, publicadas na vig\u00eancia das Leis municipais 721\/2017 e 755\/2019; e d\u00e1 outras providencias\u201d<\/a><\/li>\n\t\t<li class=\"wsp-post\"><a href=\"https:\/\/saobernardo.ma.gov.br\/transparencia\/decretos\/decreto-municipal-no-171-de-25-de-marco-de-2022\/\">DECRETO MUNICIPAL N\u00ba 171, DE 25 DE MAR\u00c7O DE 2022 &#8211; \u201cDecreta ponto facultativo nas reparti\u00e7\u00f5es p\u00fablicas do munic\u00edpio de S\u00e3o Bernardo \u2013 MA, no dia 28 de mar\u00e7o de 2022; e d\u00e1 outras providencias\u201d<\/a><\/li>\n\t\t<li class=\"wsp-post\"><a href=\"https:\/\/saobernardo.ma.gov.br\/transparencia\/decretos\/decreto-municipal-no-170-de-25-de-marco-de-2022-altera-o-horario-de-atendimento-ao-publico-nas-reparticoes-publicas-do-municipio-de-sao-bernardo-ma-no-dia-30-de-marco-de-2022-e\/\">DECRETO MUNICIPAL N\u00ba 170, DE 25 DE MAR\u00c7O DE 2022 &#8211; \u201cAltera o hor\u00e1rio de atendimento ao p\u00fablico nas reparti\u00e7\u00f5es p\u00fablicas do munic\u00edpio de S\u00e3o Bernardo \u2013 MA, no dia 30 de mar\u00e7o de 2022; e d\u00e1 outras providencias\u201d<\/a><\/li>\n\t\t<li class=\"wsp-post\"><a href=\"https:\/\/saobernardo.ma.gov.br\/transparencia\/decretos\/decreto-municipal-no-169-de-25-de-marco-de-2022-dispoe-sobre-medidas-restritivas-de-saude-publica-em-decorrencia-da-pandemia-covid-19-e-da-outras-providencias\/\">DECRETO MUNICIPAL N\u00ba 169, DE 25 DE MAR\u00c7O DE 2022 &#8211; \u201cDisp\u00f5e sobre medidas restritivas de sa\u00fade p\u00fablica em decorr\u00eancia da pandemia Covid-19; e d\u00e1 outras provid\u00eancias\u201d.<\/a><\/li>\n\t\t<li class=\"wsp-post\"><a href=\"https:\/\/saobernardo.ma.gov.br\/transparencia\/decretos\/decreto-municipal-no-168-de-18-de-marco-de-2022-dispoe-sobre-a-nomeacao-de-servidor-aprovado-em-concurso-publico-edital-no-01-2017-para-provimento-de-cargos-efetivos-do-quadro-d\/\">DECRETO MUNICIPAL N\u00ba 168, DE 18 DE MAR\u00c7O DE 2022 &#8211; \u201cDisp\u00f5e sobre a nomea\u00e7\u00e3o de servidor aprovado em concurso p\u00fablico \u2013 Edital n\u00ba 01\/2017, para provimento de cargos efetivos do quadro de pessoal do Munic\u00edpio, e d\u00e1 outras provid\u00eancias\u201d.<\/a><\/li>\n\t\t<li class=\"wsp-post\"><a href=\"https:\/\/saobernardo.ma.gov.br\/transparencia\/decretos\/decreto-municipal-no-167-de-24-de-fevereiro-de-2021-decreta-ponto-facultativo-no-feriado-de-carnaval-2022-nas-reparticoes-publicas-municipais-e-da-outras-providencias\/\">DECRETO MUNICIPAL N\u00ba 167, DE 24 DE FEVEREIRO DE 2021 &#8211; \u201cDECRETA PONTO FACULTATIVO NO FERIADO DE CARNAVAL 2022, NAS REPARTI\u00c7\u00d5ES P\u00daBLICAS MUNICIPAIS E D\u00c1 OUTRAS PROVID\u00caNCIAS\u201d.<\/a><\/li>\n\t\t<li class=\"wsp-post\"><a href=\"https:\/\/saobernardo.ma.gov.br\/transparencia\/decretos\/decreto-municipal-no-166-de-24-de-fevereiro-de-2022-dispoe-sobre-medidas-restritivas-de-saude-publica-em-decorrencia-da-pandemia-covid-19-e-da-outras-providencias\/\">DECRETO MUNICIPAL N\u00ba 166, DE 24 DE FEVEREIRO DE 2022 &#8211; \u201cDISP\u00d5E SOBRE MEDIDAS RESTRITIVAS DE SA\u00daDE P\u00daBLICA EM DECORR\u00caNCIA DA PANDEMIA COVID-19; E D\u00c1 OUTRAS PROVID\u00caNCIAS\u201d.<\/a><\/li>\n\t\t<li class=\"wsp-post\"><a href=\"https:\/\/saobernardo.ma.gov.br\/transparencia\/decretos\/decreto-municipal-n-165-2022-de-23-de-fevereiro-de-2022-dispoe-sobre-a-regulamentacao-do-pregao-na-forma-eletronica-para-aquisicao-de-bens-e-servicos-comuns-de-enegenhari\/\">DECRETO MUNICIPAL N\u00b0 165\/2022, DE 23 DE FEVEREIRO DE 2022 &#8211;  \u2018\u2019DISP\u00d5E SOBRE A REGULAMENTA\u00c7\u00c3O DO PREG\u00c3O, NA FORMA ELETR\u00d4NICA, PARA AQUISI\u00c7\u00c3O DE BENS E SERVI\u00c7OS COMUNS DE ENEGENHARIA, E D\u00c1 OUTRAS PROVID\u00caNCIAS.\u2019\u2019<\/a><\/li>\n\t\t<li class=\"wsp-post\"><a href=\"https:\/\/saobernardo.ma.gov.br\/transparencia\/decretos\/decreto-legislativo-no-01-de-17-de-fevereiro-de-2o22-dispoe-sobre-a-eleicao-da-mesa-diretora-da-camara-municipal-de-sao-bernardo-ma-para-bienio-2023-2024-e-da-outras-providencias\/\">DECRETO LEGISLATIVO N\u00ba 01, DE 17  DE FEVEREIRO DE 2O22 &#8211; DISP\u00d5E SOBRE A ELEI\u00c7\u00c3O DA MESA DIRETORA DA C\u00c2MARA MUNICIPAL DE S\u00c3O BERNARDO- MA PARA BI\u00caNIO 2023-2024, E D\u00c1 OUTRAS PROVID\u00caNCIAS.<\/a><\/li>\n\t\t<li class=\"wsp-post\"><a href=\"https:\/\/saobernardo.ma.gov.br\/transparencia\/decretos\/decreto-municipal-no-164-de-14-de-fevereiro-de-2022-dispoe-sobre-prorrogacao-do-decreto-n-161-de-10-de-janeiro-de-2022-e-da-outras-providencias\/\">DECRETO MUNICIPAL N\u00ba 164, DE 14 DE FEVEREIRO DE 2022 &#8211;  \u2018\u2019DISP\u00d5E SOBRE PRORROGA\u00c7\u00c3O DO DECRETO N 161 DE 10 DE JANEIRO DE 2022, E D\u00c1 OUTRAS PROVID\u00caNCIAS.\u2019\u2019<\/a><\/li>\n\t\t<li class=\"wsp-post\"><a href=\"https:\/\/saobernardo.ma.gov.br\/transparencia\/decretos\/decreto-municipal-no-163-de-07-de-fevereiro-de-2022-dispoe-sobre-a-politica-de-governanca-publica-risco-e-compliance-no-ambito-do-poder-executivo-do-municipio-de-sao-bernardo-es\/\">DECRETO MUNICIPAL N\u00ba 163, DE 07 DE FEVEREIRO DE 2022 &#8211; \u2018\u2019DISP\u00d5E SOBRE A POL\u00cdTICA DE GOVERNAN\u00c7A P\u00daBLICA, RISCO E COMPLIANCE NO \u00c2MBITO DO PODER EXECUTIVO DO MUNIC\u00cdPIO DE S\u00c3O BERNARDO, ESTADO DO MARANH\u00c3O; E D\u00c1 OUTRAS PROVID\u00caNCIAS.\u2019\u2019<\/a><\/li>\n\t\t<li class=\"wsp-post\"><a href=\"https:\/\/saobernardo.ma.gov.br\/transparencia\/decretos\/decreto-municipal-no-162-de-27-de-janeiro-de-2022-dispoe-sobre-prorrogacao-do-decreto-n-161-de-10-de-janeiro-de-2022-e-da-outras-providencias\/\">DECRETO MUNICIPAL N\u00ba 162, DE 27 DE JANEIRO DE 2022 &#8211; \u2018\u2019DISP\u00d5E SOBRE PRORROGA\u00c7\u00c3O DO DECRETO N 161 DE 10 DE JANEIRO DE 2022, E D\u00c1 OUTRAS PROVID\u00caNCIAS.\u2019\u2019<\/a><\/li>\n\t\t<li class=\"wsp-post\"><a href=\"https:\/\/saobernardo.ma.gov.br\/transparencia\/decretos\/decreto-municipal-no-161-de-10-de-janeiro-de-2022-dispoe-sobre-a-proibicao-de-aglomeracoes-em-ambientes-publicos-e-privados-bem-como-a-obrigatoriedade-do-uso-de-mascaras-em-decorrencia-da\/\">DECRETO MUNICIPAL N\u00ba 161, DE 10 DE JANEIRO DE 2022 &#8211; \u201cDisp\u00f5e sobre a proibi\u00e7\u00e3o de aglomera\u00e7\u00f5es em ambientes p\u00fablicos e privados, bem como a obrigatoriedade do uso de m\u00e1scaras em decorr\u00eancia da pandemia do Corona-V\u00edrus; e d\u00e1 outras provid\u00eancias\u201d.<\/a><\/li>\n\t\t<li class=\"wsp-post\"><a href=\"https:\/\/saobernardo.ma.gov.br\/transparencia\/decretos\/decreto-municipal-no-160-de-16-de-dezembro-de-2021-autoriza-a-doacao-do-excedente-dos-kites-cestas-da-merenda-escolar-ao-hospital-municipal-hfj-e-da-outras-providencias\/\">DECRETO MUNICIPAL N\u00ba 160, DE 16 DE DEZEMBRO DE 2021 &#8211; \u201cAUTORIZA A DOA\u00c7\u00c3O DO EXCEDENTE DOS KITES\/CESTAS DA MERENDA ESCOLAR AO HOSPITAL MUNICIPAL \u2013 HFJ; E D\u00c1 OUTRAS PROVID\u00caNCIAS\u201d.<\/a><\/li>\n\t\t<li class=\"wsp-post\"><a href=\"https:\/\/saobernardo.ma.gov.br\/transparencia\/decretos\/decreto-municipal-no-159-de-16-de-dezembro-de-2021-dispoe-sobre-a-constituicao-do-conselho-gestor-do-programa-municipal-de-parcerias-publico-privadas-e-da-outras-providencias\/\">DECRETO MUNICIPAL N\u00ba 159, DE 16 DE DEZEMBRO DE 2021- \u2018\u2019DISP\u00d5E SOBRE A CONSTITUI\u00c7\u00c3O DO CONSELHO GESTOR DO PROGRAMA MUNICIPAL DE PARCERIAS P\u00daBLICO-PRIVADAS, E D\u00c1 OUTRAS PROVID\u00caNCIAS.\u2019\u2019<\/a><\/li>\n\t\t<li class=\"wsp-post\"><a href=\"https:\/\/saobernardo.ma.gov.br\/transparencia\/decretos\/decreto-municipal-no-158-de-15-de-dezembro-de-2021-dispoe-sobre-a-regularizacao-fundiaria-urbana-no-municipio-de-sao-bernardo-ma-estabelece-requisitos-para-enquadramento-na-reurb-s-e-reur\/\">DECRETO MUNICIPAL N\u00ba 158, DE 15 DE DEZEMBRO DE 2021 &#8211; \u201cDisp\u00f5e sobre a regulariza\u00e7\u00e3o fundi\u00e1ria urbana no munic\u00edpio de S\u00e3o Bernardo\/MA; Estabelece requisitos para enquadramento na REURB-S e REURB-E; Regulamenta mecanismos para o procedimento de REURB; Viabiliza a coopera\u00e7\u00e3o do munic\u00edpio com o cart\u00f3rio de registro de im\u00f3veis para fins de consecu\u00e7\u00e3o de regulariza\u00e7\u00e3o fundi\u00e1ria; e, d\u00e1 outras provid\u00eancias\u201d.<\/a><\/li>\n\t\t<li class=\"wsp-post\"><a href=\"https:\/\/saobernardo.ma.gov.br\/transparencia\/decretos\/decreto-municipal-no-157-de-09-de-dezembro-de-2021-dispoe-sobre-o-recesso-funcional-das-reparticoes-publicas-no-municipio-de-sao-beernrado-ma-no-periodo-de-20-de-dezembro-de-2021-a-02-de-janeir\/\">DECRETO MUNICIPAL N\u00ba 157, DE 09 DE DEZEMBRO DE 2021 -&#8221; DISP\u00d5E SOBRE O RECESSO FUNCIONAL DAS REPARTI\u00c7\u00d5ES P\u00daBLICAS NO MUNIC\u00cdPIO DE S\u00c3O BEERNRADO- MA, NO PER\u00cdODO DE 20 DE DEZEMBRO DE 2021 A 02 DE JANEIRO DE 2022, E D\u00c1 OUTRAS PROVI\u00caNCIAS&#8221;<\/a><\/li>\n\t\t<li class=\"wsp-post\"><a href=\"https:\/\/saobernardo.ma.gov.br\/transparencia\/decretos\/decreto-municipal-no-156-de-30-de-novembro-de-2021-declara-luto-oficial-em-todo-o-municipio-pelo-periodo-de-tres-dias-contados-da-data-de-publicacao-deste-decreto-em-sinal-de-pesar-pelo-faleci\/\">DECRETO MUNICIPAL N\u00ba 156, DE 30 DE NOVEMBRO DE 2021- &#8221; DECLARA LUTO OFICIAL EM TODO O MUNIC\u00cdPIO, PELO PER\u00cdODO DE TR\u00caS DIAS, CONTADOS DA DATA DE PUBLICA\u00c7\u00c3O DESTE DECRETO, EM SINAL DE PESAR PELO FALECIMENTO DOS MUNIC\u00cdPES JOCASTRA LIONEL SILVA AGUIAR, MARIA DO ROS\u00c1RIO TEIXEIRA BARROS E MANOEL LIMA COSTA, E D\u00c1 OUTRAS PROVID\u00caNCIAS&#8221;.<\/a><\/li>\n\t\t<li class=\"wsp-post\"><a href=\"https:\/\/saobernardo.ma.gov.br\/transparencia\/decretos\/decreto-municipal-no-155-de-29-de-novembro-de-2021-dispoe-sobre-a-convocacao-da-10a-conferencia-municipal-de-saude-de-sao-bernardo-esatdo-do-maranhao-e-da-outras-providencias\/\">DECRETO MUNICIPAL N\u00ba 155, DE 29 DE NOVEMBRO DE 2021-DISP\u00d5E SOBRE A CONVOCA\u00c7\u00c3O DA 10\u00aa CONFER\u00caNCIA MUNICIPAL DE SA\u00daDE DE S\u00c3O BERNARDO, ESATDO DO MARANH\u00c3O, E D\u00c1 OUTRAS PROVID\u00caNCIAS.<\/a><\/li>\n\t\t<li class=\"wsp-post\"><a href=\"https:\/\/saobernardo.ma.gov.br\/transparencia\/decretos\/decreto-municipal-no-154-de-29-de-novembro-de-2021-dispoe-sobre-a-aprovacao-da-relacao-municipal-de-medicamentos-essenciais-remume-como-instrumento-tecnico-normativo-que\/\">DECRETO MUNICIPAL N\u00ba 154, DE 29 DE NOVEMBRO DE 2021- \u2018\u2019DISP\u00d5E SOBRE A APROVA\u00c7\u00c3O DA RELA\u00c7\u00c3O MUNICIPAL DE MEDICAMENTOS ESSENCIAIS \u2013 REMUME, COMO INSTRUMENTO T\u00c9CNICO-NORMATIVO QUE RE\u00daNE O ELENCO, E D\u00c1 OUTRAS PROVID\u00caNCIAS.\u2019\u2019<\/a><\/li>\n\t\t<li class=\"wsp-post\"><a href=\"https:\/\/saobernardo.ma.gov.br\/transparencia\/decretos\/decreto-municipal-no-153-2021-de-09-de-novembro-de-2021-dispoe-sobre-a-regulamentacao-da-lei-no-12-527-de-18-de-novembro-de-2011-que-dispoe-sobre-o-acesso-a-informacoes-previsto-no-inciso-xx-e-xiii\/\">DECRETO MUNICIPAL N\u00ba 153\/2021 DE 09 DE NOVEMBRO DE 2021-DISP\u00d5E SOBRE A REGULAMENTA\u00c7\u00c3O DA LEI N\u00ba 12.527, DE 18 DE NOVEMBRO DE 2011, QUE DISP\u00d5E SOBRE O ACESSO A INFORMA\u00c7\u00d5ES PREVISTO NO INCISO XX E XIII DO CAPUT DO ART. 5\u00b0, NO INCISO II DO \u00a7 3\u00ba DO ART. 37 E NO \u00a7 2\u00ba DO ART. 216 DA CONSTITUI\u00c7\u00c3O FEDERAL; E D\u00c1 OUTRAS PROVID\u00caNCIAS\u201d.<\/a><\/li>\n\t\t<li class=\"wsp-post\"><a href=\"https:\/\/saobernardo.ma.gov.br\/transparencia\/decretos\/decreto-municipal-no-152-2021-de-09-de-novembro-de-2021-dispoe-sobre-a-nota-fiscal-de-servicos-eletronica-nfs-e-a-declaracao-de-servicos-tomados-e-demais-obrigacoes-acessorias-co\/\">DECRETO MUNICIPAL N\u00ba 152\/2021 DE 09 DE NOVEMBRO DE 2021- \u2018\u2019DISP\u00d5E SOBRE A NOTA FISCAL DE SERVI\u00c7OS ELETR\u00d4NICA &#8211; NFS-E, A DECLARA\u00c7\u00c3O DE SERVI\u00c7OS TOMADOS E DEMAIS OBRIGA\u00c7\u00d5ES ACESS\u00d3RIAS CORRELATAS E D\u00c1 OUTRAS PROVID\u00caNCIAS.\u2019\u2019<\/a><\/li>\n\t\t<li class=\"wsp-post\"><a href=\"https:\/\/saobernardo.ma.gov.br\/transparencia\/decretos\/decreto-municipal-no-151-2021-de-09-de-novembro-de-2021-regulamenta-a-declaracao-eletronica-do-imposto-sobre-servico-a-instituicoes-financeiras-e-da-outras-providencias\/\">DECRETO MUNICIPAL N\u00ba 151\/2021 DE 09 DE NOVEMBRO DE 2021- \u2018\u2019REGULAMENTA A DECLARA\u00c7\u00c3O ELETR\u00d4NICA DO IMPOSTO SOBRE SERVI\u00c7O A INSTITUI\u00c7\u00d5ES FINANCEIRAS E D\u00c1 OUTRAS PROVID\u00caNCIAS.\u2019\u2019<\/a><\/li>\n\t\t<li class=\"wsp-post\"><a href=\"https:\/\/saobernardo.ma.gov.br\/transparencia\/decretos\/decreto-municipal-no-150-2021-de-09-de-novembro-de-2021-dispoe-sobre-a-implantacao-da-nova-ferramenta-sistema-tributario-e-sistema-de-nota-fiscal-de-servicos-eletronica\/\">DECRETO MUNICIPAL N\u00ba 150\/2021 DE 09 DE NOVEMBRO DE 2021- DISP\u00d5E SOBRE A IMPLANTA\u00c7\u00c3O DA NOVA FERRAMENTA (SISTEMA TRIBUT\u00c1RIO E SISTEMA DE NOTA FISCAL DE SERVI\u00c7OS ELETR\u00d4NICA)<\/a><\/li>\n\t\t<li class=\"wsp-post\"><a href=\"https:\/\/saobernardo.ma.gov.br\/transparencia\/decretos\/decreto-municipal-no-149-2021-de-09-de-novembro-de-2021-regulamenta-o-artigo-62-e-seguintes-da-lei-municipal-no-001-2004-codigo-tributario-municipal-e-da-outras-providenci\/\">DECRETO MUNICIPAL N\u00ba 149\/2021 DE 09 DE NOVEMBRO DE 2021- \u2018\u2019REGULAMENTA O ARTIGO 62 E SEGUINTES DA LEI MUNICIPAL N\u00ba 001\/2004 \u2013 C\u00d3DIGO TRIBUT\u00c1RIO MUNICIPAL E D\u00c1 OUTRAS PROVID\u00caNCIAS.\u2019\u2019<\/a><\/li>\n\t\t<li class=\"wsp-post\"><a href=\"https:\/\/saobernardo.ma.gov.br\/transparencia\/decretos\/decreto-municipal-no-148-de-09-de-novembro-de-2021-regulamenta-a-declaracao-eletronica-do-imposto-sobre-servico-a-atos-notariais-e-de-servicos-e-da-outras-providencias\/\">DECRETO MUNICIPAL N\u00ba 148\/2021 DE 09 DE NOVEMBRO DE 2021- \u2018\u2019REGULAMENTA A DECLARA\u00c7\u00c3O ELETR\u00d4NICA DO IMPOSTO SOBRE SERVI\u00c7O A ATOS NOTARIAIS E DE SERVI\u00c7OS, E D\u00c1 OUTRAS PROVID\u00caNCIAS.\u2019\u2019<\/a><\/li>\n\t\t<li class=\"wsp-post\"><a href=\"https:\/\/saobernardo.ma.gov.br\/transparencia\/decretos\/decreto-municipal-no-147-2021-de-26-de-outubro-de-2021-dispoe-sobre-a-transferencia-do-feriado-de-28-de-outubro-de-2021-dia-do-servidor-publico-municipal-para-segunda-feira-dia-01\/\">DECRETO MUNICIPAL N\u00ba 147\/2021 DE 26 DE OUTUBRO DE 2021- \u201cDISP\u00d5E SOBRE A TRANSFER\u00caNCIA DO FERIADO DE 28 DE OUTUBRO DE 2021 \u2013 DIA DO SERVIDOR P\u00daBLICO MUNICIPAL, PARA SEGUNDA-FEIRA DIA 01 DE NOVEMBRO, E D\u00c1 OUTRAS PROVID\u00caNCIAS\u201d.<\/a><\/li>\n\t\t<li class=\"wsp-post\"><a href=\"https:\/\/saobernardo.ma.gov.br\/transparencia\/decretos\/decreto-municipal-no-146-2021-de-07-de-outubro-de-2021-declara-de-utilidade-publica-para-fins-de-desapropriacao-em-carater-de-urgencia-o-imovel-que-especifica-e-da-outras-providencias\/\">DECRETO MUNICIPAL N\u00ba 146\/2021 DE 07 DE OUTUBRO DE 2021 &#8211;  \u201cDeclara de Utilidade P\u00fablica para fins de desapropria\u00e7\u00e3o, em car\u00e1ter de urg\u00eancia, o im\u00f3vel que especifica e d\u00e1 outras provid\u00eancias.\u201d<\/a><\/li>\n\t\t<li class=\"wsp-post\"><a href=\"https:\/\/saobernardo.ma.gov.br\/transparencia\/decretos\/decreto-municipal-no-145-2021-de-16-de-setembro-de-2021-convoca-a-conferencia-municipal-de-assistencia-social\/\">DECRETO MUNICIPAL N\u00ba 145\/2021 DE 16 DE SETEMBRO DE 2021- CONVOCA A CONFER\u00caNCIA MUNICIPAL DE ASSIST\u00caNCIA SOCIAL.<\/a><\/li>\n\t\t<li class=\"wsp-post\"><a href=\"https:\/\/saobernardo.ma.gov.br\/transparencia\/decretos\/decreto-municipal-no-144-2021-de-03-de-setembro-de-2021-decreta-ponto-facultativo-no-dia-06-de-setembro-de-2021-nas-reparticoes-publicas-municipais-e-da-outras-providencias\/\">DECRETO MUNICIPAL N\u00ba 144\/2021 DE 03 DE SETEMBRO DE 2021-\u201cDECRETA PONTO FACULTATIVO NO DIA 06 DE SETEMBRO DE 2021, NAS REPARTI\u00c7\u00d5ES P\u00daBLICAS MUNICIPAIS E D\u00c1 OUTRAS PROVID\u00caNCIAS\u201d.<\/a><\/li>\n\t\t<li class=\"wsp-post\"><a href=\"https:\/\/saobernardo.ma.gov.br\/transparencia\/decretos\/decreto-municipal-no-143-2021-de-16-de-agosto-de-2021-nomeia-os-membros-do-conselho-municipal-de-meio-ambiente-e-da-outras-providencias\/\">DECRETO MUNICIPAL N\u00ba 143\/2021 DE 16 DE AGOSTO DE 2021-\u201cNOMEIA OS MEMBROS DO CONSELHO MUNICIPAL DE MEIO AMBIENTE, E D\u00c1 OUTRAS PROVID\u00caNCIAS\u201d.<\/a><\/li>\n\t\t<li class=\"wsp-post\"><a href=\"https:\/\/saobernardo.ma.gov.br\/transparencia\/decretos\/decreto-municipal-no-142-2021-de-15-de-julho-de-2021-dispoe-sobre-regras-de-funcionamento-de-atividades-economicas-e-realizacoes-festivas-e-culturais-durante-o-festejo-de-sao-bernardo-em-raz\/\">DECRETO MUNICIPAL N\u00ba 142\/2021 DE 15 DE JULHO DE 2021-\u201cDISP\u00d5E SOBRE REGRAS DE FUNCIONAMENTO DE ATIVIDADES ECON\u00d4MICAS E REALIZA\u00c7\u00d5ES FESTIVAS E CULTURAIS DURANTE O FESTEJO DE S\u00c3O BERNARDO, EM RAZ\u00c3O DA PREVEN\u00c7\u00c3O E COMBATE A COVID-19, E D\u00c1 OUTRAS PROVID\u00caNCIAS.<\/a><\/li>\n\t\t<li class=\"wsp-post\"><a href=\"https:\/\/saobernardo.ma.gov.br\/transparencia\/decretos\/decreto-municipal-no-141-de-26-de-julho-de-2021-dispoe-sobre-a-prorrogacao-de-medidas-que-tratam-de-isolamento-social-a-proibicao-de-aglomeracoes-publicas-em-ambientes-publicos-e-privados-e\/\">DECRETO MUNICIPAL N\u00ba 141 DE 26 DE JULHO DE 2021- \u201cDisp\u00f5e sobre a prorroga\u00e7\u00e3o de medidas que tratam de isolamento social, a proibi\u00e7\u00e3o de aglomera\u00e7\u00f5es p\u00fablicas em ambientes p\u00fablicos e privados em decorr\u00eancia da pandemia do Corona-V\u00edrus; e d\u00e1 outras provid\u00eancias\u201d.<\/a><\/li>\n\t\t<li class=\"wsp-post\"><a href=\"https:\/\/saobernardo.ma.gov.br\/transparencia\/decretos\/errata-ao-decreto-municipal-no-140-de-25-de-junho-de-2021-nomeia-os-membros-do-conselho-municipal-de-alimentacao-escolar-para-o-quadrienio-2021-2025\/\">ERRATA AO DECRETO MUNICIPAL N\u00ba 140 DE 25 DE JUNHO DE 2021 &#8211; Nomeia os membros do Conselho Municipal de Alimenta\u00e7\u00e3o Escolar para o Quadri\u00eanio 2021\/2025.<\/a><\/li>\n\t\t<li class=\"wsp-post\"><a href=\"https:\/\/saobernardo.ma.gov.br\/transparencia\/decretos\/decreto-municipal-no-140-de-25-de-junho-de-2021-nomeia-os-membros-do-conselho-municipal-de-alimentacao-escolar-para-o-quadrienio-2021-2025\/\">DECRETO MUNICIPAL N\u00ba 140 DE 25 DE JUNHO DE 2021- Nomeia os membros do Conselho Municipal de Alimenta\u00e7\u00e3o Escolar para o Quadri\u00eanio 2021\/2025<\/a><\/li>\n\t\t<li class=\"wsp-post\"><a href=\"https:\/\/saobernardo.ma.gov.br\/transparencia\/decretos\/decreto-municipal-no-139-de-17-de-junho-de-2021-dispoe-sobre-a-prorrogacao-do-decreto-municipal-no-137-2021-que-trata-das-medidas-de-isolamento-social-proibicao-de-aglomeracoes-publicas-em\/\">DECRETO MUNICIPAL N\u00ba 139 DE 17 DE JUNHO DE 2021 &#8211; \u201cDisp\u00f5e sobre a prorroga\u00e7\u00e3o do Decreto Municipal n\u00ba 137\/2021 que trata das medidas de isolamento social, proibi\u00e7\u00e3o de aglomera\u00e7\u00f5es p\u00fablicas em ambientes p\u00fablicos e privados em decorr\u00eancia da pandemia do Corona-V\u00edrus; e d\u00e1 outras provid\u00eancias \u201d.l<\/a><\/li>\n\t\t<li class=\"wsp-post\"><a href=\"https:\/\/saobernardo.ma.gov.br\/transparencia\/decretos\/decreto-municipal-no-138-de-01-de-junho-de-2021-decreta-ponto-facultativo-no-dia-03-de-junho-de-2021-nas-reparticoes-publicas-municipais-e-da-outras-providencias\/\">DECRETO MUNICIPAL N\u00ba 138 DE 01 DE JUNHO DE 2021 &#8211; \u201cDECRETA PONTO FACULTATIVO NO DIA 03 DE JUNHO DE 2021, NAS REPARTI\u00c7\u00d5ES P\u00daBLICAS MUNICIPAIS E D\u00c1 OUTRAS PROVID\u00caNCIAS\u201d.<\/a><\/li>\n\t\t<li class=\"wsp-post\"><a href=\"https:\/\/saobernardo.ma.gov.br\/transparencia\/decretos\/decreto-municipal-no-137-de-26-de-maio-de-2021-dispoe-sobre-a-prorrogacao-das-medidas-de-isolamento-social-a-proibicao-de-aglomeracoes-publicas-em-ambientes-publicos-e-privados-em-decorre\/\">DECRETO MUNICIPAL N\u00ba 137 DE 26 DE MAIO DE 2021 &#8211; \u201cDisp\u00f5e sobre a prorroga\u00e7\u00e3o das medidas de isolamento social, a proibi\u00e7\u00e3o de aglomera\u00e7\u00f5es p\u00fablicas em ambientes p\u00fablicos e privados, em decorr\u00eancia da pandemia do Coronav\u00edrus; e d\u00e1 outras provid\u00eancias\u201d.<\/a><\/li>\n\t\t<li class=\"wsp-post\"><a href=\"https:\/\/saobernardo.ma.gov.br\/transparencia\/decretos\/decreto-municipal-no-136-de-20-de-maio-de-2021-declara-de-utilidade-publica-para-melhoria-e-ampliacao-de-sistema-abastecimento-de-agua-e-para-fins-de-desapropriacao-em-carater-de-urgencia\/\">DECRETO MUNICIPAL N\u00ba 136 DE 20 DE MAIO DE 2021 &#8211; \u201cDeclara de Utilidade P\u00fablica para melhoria e amplia\u00e7\u00e3o de sistema abastecimento de \u00e1gua e para fins de desapropria\u00e7\u00e3o, em car\u00e1ter de urg\u00eancia, o im\u00f3vel que especifica, e d\u00e1 outras provid\u00eancias\u201d.<\/a><\/li>\n\t\t<li class=\"wsp-post\"><a href=\"https:\/\/saobernardo.ma.gov.br\/transparencia\/decretos\/decreto-municipal-no-135-de-12-de-maio-de-2021-dispoe-sobre-a-prorrogacao-das-medidas-de-isolamento-social-a-proibicao-de-aglomeracoes-em-ambientes-publicos-e-privados-estabelecidas-no-dec\/\">DECRETO MUNICIPAL N\u00ba 135 DE 12 DE MAIO DE 2021 &#8211; \u201cDisp\u00f5e sobre a prorroga\u00e7\u00e3o das medidas de isolamento social, a proibi\u00e7\u00e3o de aglomera\u00e7\u00f5es em ambientes p\u00fablicos e privados estabelecidas no Decreto Municipal n\u00ba 134, de 21 de abril de 2021; e d\u00e1 outras provid\u00eancias\u201d.<\/a><\/li>\n\t\t<li class=\"wsp-post\"><a href=\"https:\/\/saobernardo.ma.gov.br\/transparencia\/decretos\/errata-no-002-2021-dispoe-sobre-a-correcao-ao-erro-material-no-decreto-municipal-no-129-de-31-de-marco-de-2021\/\">ERRATA N\u00ba 002\/2021-DISP\u00d5E SOBRE A CORRE\u00c7\u00c3O AO ERRO MATERIAL NO DECRETO MUNICIPAL N\u00ba 129, DE 31 DE MAR\u00c7O DE 2021<\/a><\/li>\n\t\t<li class=\"wsp-post\"><a href=\"https:\/\/saobernardo.ma.gov.br\/transparencia\/decretos\/decreto-municipal-no-134-de-21-de-abril-de-2021-dispoe-sobre-a-prorrogacao-das-medidas-de-isolamento-social-a-proibicao-das-aglomeracoes-publicas-em-ambientes-publicos-e-privados-em-decorren\/\">DECRETO MUNICIPAL N\u00ba 134 DE 21 DE ABRIL DE 2021- \u201cDISP\u00d5E SOBRE A PRORROGA\u00c7\u00c3O DAS MEDIDAS DE ISOLAMENTO SOCIAL A PROIBI\u00c7\u00c3O DAS AGLOMERA\u00c7\u00d5ES P\u00daBLICAS EM AMBIENTES P\u00daBLICOS E PRIVADOS EM DECORR\u00caNCIA DA PANDEMIA DO NOVO CORONA V\u00cdRUS\u201d<\/a><\/li>\n\t\t<li class=\"wsp-post\"><a href=\"https:\/\/saobernardo.ma.gov.br\/transparencia\/decretos\/decreto-no-133-de-09-de-abril-de-2021-decreta-situacao-de-calamidade-publica-no-municipio-de-sao-bernardo-ma-em-virtude-do-aumento-do-numero-de-casos-confirmados-de-contaminacao-pelo-corona\/\">DECRETO N\u00ba 133 DE 09 DE ABRIL DE 2021- \u201cDecreta situa\u00e7\u00e3o de Calamidade P\u00fablica no Munic\u00edpio de S\u00e3o Bernardo\/MA, em virtude do aumento do n\u00famero de casos confirmados de contamina\u00e7\u00e3o pelo Coronav\u00edrus (COVID-19) no Munic\u00edpio e no Estado do Maranh\u00e3o, e define outras medidas para o enfrentamento da pandemia.\u201d<\/a><\/li>\n\t\t<li class=\"wsp-post\"><a href=\"https:\/\/saobernardo.ma.gov.br\/transparencia\/decretos\/decreto-no-132-de-09-de-abril-de-2021-declara-de-utilidade-publica-para-melhoria-e-ampliacao-de-sistema-abastecimento-de-agua-e-para-fins-de-desapropriacao-em-carater-de-urgencia-o-imovel\/\">DECRETO N\u00ba 132 DE 09 DE ABRIL DE 2021- \u201cDeclara de Utilidade P\u00fablica para melhoria e amplia\u00e7\u00e3o de sistema abastecimento de \u00e1gua e para fins de desapropria\u00e7\u00e3o, em car\u00e1ter de urg\u00eancia, o im\u00f3vel que especifica, e d\u00e1 outras provid\u00eancias\u201d.<\/a><\/li>\n\t\t<li class=\"wsp-post\"><a href=\"https:\/\/saobernardo.ma.gov.br\/transparencia\/decretos\/decreto-no-131-de-09-de-abril-de-2021-declara-de-utilidade-publica-para-melhoria-e-ampliacao-de-sistema-abastecimento-de-agua-e-para-fins-de-desapropriacao-em-carater-de-urgencia-o-imovel\/\">DECRETO N\u00ba 131 DE 09 DE ABRIL DE 2021- \u201cDeclara de Utilidade P\u00fablica para melhoria e amplia\u00e7\u00e3o de sistema abastecimento de \u00e1gua e para fins de desapropria\u00e7\u00e3o, em car\u00e1ter de urg\u00eancia, o im\u00f3vel que especifica, e d\u00e1 outras provid\u00eancias\u201d.<\/a><\/li>\n\t\t<li class=\"wsp-post\"><a href=\"https:\/\/saobernardo.ma.gov.br\/transparencia\/decretos\/decreto-no-130-de-05-de-abril-de-2021-dispoe-sobre-a-prorrogacao-das-medidas-sanitarias-e-de-distanciamento-social-deferidas-no-decreto-municipal-no-127-de-06-de-marco-de-2021-e-da-outras-p-2\/\">DECRETO N\u00ba 130 DE 05 DE ABRIL DE 2021- \u201cDISP\u00d5E SOBRE A PRORROGA\u00c7\u00c3O DAS MEDIDAS SANIT\u00c1RIAS E DE DISTANCIAMENTO SOCIAL DEFERIDAS NO DECRETO MUNICIPAL N\u00ba 127 DE 06 DE MAR\u00c7O DE 2021, E D\u00c1 OUTRAS PROVID\u00caNCIAS.\u201d<\/a><\/li>\n\t\t<li class=\"wsp-post\"><a href=\"https:\/\/saobernardo.ma.gov.br\/transparencia\/decretos\/decreto-no-129-de-31-de-marco-de-2021-dispoe-sobre-a-nomeacao-dos-membros-do-conselho-municipal-de-acompanhamento-e-controle-social-do-fundo-de-desenvolvimento-da-educacao-basica-e-de-valorizacao-d\/\">DECRETO N\u00ba 129 DE 31 DE MAR\u00c7O DE 2021-&#8221; Disp\u00f5e sobre a nomea\u00e7\u00e3o dos membros do Conselho Municipal de Acompanhamento e Controle Social do Fundo de Desenvolvimento da Educa\u00e7\u00e3o B\u00e1sica e de Valoriza\u00e7\u00e3o dos Profissionais da Educa\u00e7\u00e3o \u2013 Conselho do CACS\/FUNDEB.&#8221;<\/a><\/li>\n\t\t<li class=\"wsp-post\"><a href=\"https:\/\/saobernardo.ma.gov.br\/transparencia\/decretos\/decreto-no-128-de-20-de-marco-de-2021-dispoe-sobre-a-prorrogacao-das-medidas-sanitarias-e-de-distanciamento-social-deferidas-no-decreto-municipal-no-127-de-06-de-marco-de-2021-e-da-outras\/\">DECRETO N\u00ba 128 DE 20 DE MAR\u00c7O DE 2021 &#8211;  \u201cDISP\u00d5E SOBRE A PRORROGA\u00c7\u00c3O DAS MEDIDAS SANIT\u00c1RIAS E DE DISTANCIAMENTO SOCIAL DEFERIDAS NO DECRETO MUNICIPAL N\u00ba 127 DE 06 DE MAR\u00c7O DE 2021, E D\u00c1 OUTRAS PROVID\u00caNCIAS.&#8221;<\/a><\/li>\n\t\t<li class=\"wsp-post\"><a href=\"https:\/\/saobernardo.ma.gov.br\/transparencia\/decretos\/errata-ao-decreto-municipal-n-127-de-05-de-marco-de-2021-dispoe-sobre-as-medidas-restritivas-e-de-isolamento-social-que-trata-da-covid-19-e-da-outras-providencias\/\">ERRATA AO DECRETO MUNICIPAL N\u00b0 127 DE 05 DE MAR\u00c7O DE 2021 &#8211; &#8220;DISP\u00d5E SOBRE AS MEDIDAS RESTRITIVAS E DE ISOLAMENTO SOCIAL QUE TRATA DA COVID-19, E D\u00c1 OUTRAS PROVID\u00caNCIAS.<\/a><\/li>\n\t\t<li class=\"wsp-post\"><a href=\"https:\/\/saobernardo.ma.gov.br\/transparencia\/decretos\/decreto-no-127-2021\/\">DECRETO N\u00ba 127\/2021<\/a><\/li>\n\t\t<li class=\"wsp-post\"><a href=\"https:\/\/saobernardo.ma.gov.br\/transparencia\/decretos\/decreto-municipal-no-126-de-10-de-fevereiro-de-2021-decreta-ponto-facultativo-no-feriado-de-carnaval-2021-nas-reparticoes-publicas-municipais-e-da-outras-providencias\/\">DECRETO MUNICIPAL N\u00ba 126, DE 10 DE FEVEREIRO DE 2021.\u201cDECRETA PONTO FACULTATIVO NO FERIADO DE CARNAVAL 2021, NAS REPARTI\u00c7\u00d5ES P\u00daBLICAS MUNICIPAIS E D\u00c1 OUTRAS PROVID\u00caNCIAS\u201d.<\/a><\/li>\n\t\t<li class=\"wsp-post\"><a href=\"https:\/\/saobernardo.ma.gov.br\/transparencia\/decretos\/decreto-municipal-no-125-de-19-de-janeiro-de-2021-dispoe-sobre-a-proibicao-da-realizacao-de-shows-festas-serestas-e-aglomeracaos-no-ambito-do-municipio-e-da-outras-providencias\/\">DECRETO MUNICIPAL N\u00ba 125, DE 19 DE JANEIRO DE 2021. \u201cDISP\u00d5E SOBRE A PROIBI\u00c7\u00c3O DA REALIZA\u00c7\u00c3O DE SHOWS, FESTAS, SERESTAS E AGLOMERA\u00c7\u00c3OS NO \u00c2MBITO DO MUNIC\u00cdPIO; E D\u00c1 OUTRAS PROVIDENCIAS.\u201d<\/a><\/li>\n\t\t<li class=\"wsp-post\"><a href=\"https:\/\/saobernardo.ma.gov.br\/transparencia\/decretos\/decreto-municipal-no-124-de-14-de-janeiro-de-2021-dispoe-sobre-a-suspensao-dos-efeitos-da-lei-municipal-no-778-de-29-de-dezembro-de-2020-que-fixa-os-subsidios-do-prefeito-vice\/\">DECRETO MUNICIPAL N\u00ba 124, DE 14 DE JANEIRO DE 2021. \u201cDisp\u00f5e sobre a suspens\u00e3o dos efeitos da Lei Municipal n\u00ba 778, de 29 de dezembro de 2020, que fixa os subs\u00eddios do Prefeito, Vice \u2013 Prefeito e dos Secret\u00e1rios Municipais, para o mandato de 2021-2024, e d\u00e1 outras provid\u00eancias.\u201d<\/a><\/li>\n\t\t<li class=\"wsp-post\"><a href=\"https:\/\/saobernardo.ma.gov.br\/transparencia\/decretos\/decreto-municipal-no-123-de-11-de-janeiro-de-2021-dispoe-sobre-a-revogacao-do-decreto-no-03-2017-e-70-2019-da-desconcentracao-administrativa-do-municipio-de-sao-bernardo-da-delegacao-de-c\/\">DECRETO MUNICIPAL N\u00ba 123, DE 11 DE JANEIRO DE 2021. \u201cDISP\u00d5E SOBRE A REVOGA\u00c7\u00c3O DO DECRETO N\u00ba 03\/2017 e 70\/2019; DA DESCONCENTRA\u00c7\u00c3O ADMINISTRATIVA DO MUNIC\u00cdPIO DE S\u00c3O BERNARDO; D\u00c1 DELEGA\u00c7\u00c3O DE COMPET\u00caNCIA AO ORDENADOR DE DESPESA E D\u00c1 OUTRAS PROVID\u00caNCIAS.\u201d<\/a><\/li>\n\t\t<li class=\"wsp-post\"><a href=\"https:\/\/saobernardo.ma.gov.br\/transparencia\/decretos\/comunicado-de-ordem-do-sr-prefeito-municipal-dr-joao-igor-vieira-carvalho-fica-prorrogado-ate-o-dia-08-01-2021-sexta-feira-o-recesso-do-funcionalismo-publico-municipal-devendo-a-chefia-imediata\/\">COMUNICADO DE ORDEM DO SR. PREFEITO MUNICIPAL, DR. JO\u00c3O IGOR VIEIRA CARVALHO, FICA PRORROGADO AT\u00c9 O DIA 08\/01\/2021, SEXTA FEIRA, O RECESSO DO FUNCIONALISMO P\u00daBLICO MUNICIPAL, DEVENDO A CHEFIA IMEDIATA ORGANIZAR SEUS SUBORDINADOS, A FIM DE QUE N\u00c3O CAUSE INTERRUP\u00c7\u00c3O DOS SERVI\u00c7OS P\u00daBLICOS.<\/a><\/li>\n\t\t<li class=\"wsp-post\"><a href=\"https:\/\/saobernardo.ma.gov.br\/transparencia\/decretos\/decreto-municipal-no-122-de-04-de-janeiro-de-2021-dispoe-sobre-a-exoneracao-dos-cargos-em-comissao-e-de-funcao-de-confianca-do-pessoal-da-administracao-direta-indireta-e-fundacional-do-po\/\">DECRETO MUNICIPAL N\u00ba 122, DE 04 DE JANEIRO DE 2021.\u201cDISP\u00d5E SOBRE A EXONERA\u00c7\u00c3O DOS CARGOS EM COMISS\u00c3O E DE FUN\u00c7\u00c3O DE CONFIAN\u00c7A, DO PESSOAL DA ADMINISTRA\u00c7\u00c3O DIRETA, INDIRETA E FUNDACIONAL, DO PODER EXECUTIVO MUNICIPAL, E D\u00c1 OUTRAS PROVID\u00caNCIAS.\u201d<\/a><\/li>\n\t\t<li class=\"wsp-post\"><a href=\"https:\/\/saobernardo.ma.gov.br\/transparencia\/decretos\/decreto-municipal-no-121-de-07-de-dezembro-de-2020-dispoe-sobre-o-recesso-funcional-das-reparticoes-publicas-no-municipio-de-sao-bernardo-ma-no-periodo-de-21-de-dezembro-de-2020-a-03-de-ja\/\">DECRETO MUNICIPAL N\u00ba 121, DE 07 DE DEZEMBRO DE 2020. \u201cDISP\u00d5E SOBRE O RECESSO FUNCIONAL DAS REPARTI\u00c7\u00d5ES P\u00daBLICAS NO MUNIC\u00cdPIO DE S\u00c3O BERNARDO\/MA, NO PER\u00cdODO DE 21 DE DEZEMBRO DE 2020 A 03 DE JANEIRO DE 2021, E D\u00c1 OUTRAS PROVID\u00caNCIAS\u201d<\/a><\/li>\n\t\t<li class=\"wsp-post\"><a href=\"https:\/\/saobernardo.ma.gov.br\/transparencia\/decretos\/decreto-municipal-no-120-de-22-de-outubro-de-2020-transfere-o-feriado-do-servidor-publico-dia-28-10-2020-para-o-dia-30-10-2020-nas-reparticoes-publicas-municipais-e-da-outras-providencias\/\">DECRETO MUNICIPAL N\u00ba 120, DE 22 DE OUTUBRO DE 2020. \u201cTRANSFERE O FERIADO DO SERVIDOR P\u00daBLICO, DIA 28\/10\/2020 PARA O DIA 30\/10\/2020, NAS REPARTI\u00c7\u00d5ES P\u00daBLICAS MUNICIPAIS E D\u00c1 OUTRAS PROVID\u00caNCIAS\u201d.<\/a><\/li>\n\t\t<li class=\"wsp-post\"><a href=\"https:\/\/saobernardo.ma.gov.br\/transparencia\/decretos\/decreto-municipal-no-119-de-15-de-outubro-de-2020-nomeia-os-membros-do-conselho-municipal-de-saude-e-da-outras-providencias\/\">DECRETO MUNICIPAL N\u00ba 119, DE 15 DE OUTUBRO DE 2020. \u201cNOMEIA OS MEMBROS DO CONSELHO MUNICIPAL DE SA\u00daDE, E D\u00c1 OUTRAS PROVID\u00caNCIAS\u201d.<\/a><\/li>\n\t\t<li class=\"wsp-post\"><a href=\"https:\/\/saobernardo.ma.gov.br\/transparencia\/decretos\/decreto-municipal-no-118-de-04-de-outubro-de-2020-torna-publico-o-cadastro-cultural-do-municipio-de-sao-bernardo-e-da-outras-providencias\/\">DECRETO MUNICIPAL N\u00ba 118, DE 04 DE OUTUBRO DE 2020.TORNA P\u00daBLICO O CADASTRO CULTURAL DO MUNIC\u00cdPIO DE S\u00c3O BERNARDO E D\u00c1 OUTRAS PROVID\u00caNCIAS.<\/a><\/li>\n\t\t<li class=\"wsp-post\"><a href=\"https:\/\/saobernardo.ma.gov.br\/transparencia\/decretos\/decreto-municipal-no-115-de-15-de-setembro-de-2020-dispoe-sobre-a-4a-fase-de-flexibilizacao-das-atividades-comerciais-e-sociais-no-municipio-e-prorrogacao-das-medidas-restritivas-e-de-isola\/\">DECRETO MUNICIPAL N\u00ba 115, DE 15 DE SETEMBRO DE 2020. \u201cDISP\u00d5E SOBRE A 4\u00aa FASE DE FLEXIBILIZA\u00c7\u00c3O DAS ATIVIDADES COMERCIAIS E SOCIAIS NO MUNIC\u00cdPIO E PRORROGA\u00c7\u00c3O DAS MEDIDAS RESTRITIVAS E DE ISOLAMENTO SOCIAL QUE TRATA DA CONVID-19 NOS DECRETOS MUNICIPAIS N\u00baS 96 ;98 99 e 103\/2020; E DAS OUTRAS PROVIDENCIAS.\u201d<\/a><\/li>\n\t\t<li class=\"wsp-post\"><a href=\"https:\/\/saobernardo.ma.gov.br\/transparencia\/decretos\/decreto-municipal-no-114-de-05-de-setembro-de-2020-dispoe-sobre-a-flexibilizacao-de-medidas-restritivas-de-combate-ao-covid-19-e-a-observacao-obrigatoria-de-medidas-sanitarias-durante-as-co\/\">DECRETO MUNICIPAL N\u00ba 114, DE 05 DE SETEMBRO DE 2020. \u201cDISP\u00d5E SOBRE A FLEXIBILIZA\u00c7\u00c3O DE MEDIDAS RESTRITIVAS DE COMBATE AO COVID-19 E A OBSERVA\u00c7\u00c3O OBRIGAT\u00d3RIA DE MEDIDAS SANIT\u00c1RIAS DURANTE AS CONVEN\u00c7\u00d5ES PARTID\u00c1RIAS MUNICIPAIS PELOS PARTIDOS POL\u00cdTICOS E CONVENCIONAIS, NO \u00c2MBITO DO MUNIC\u00cdPIO, E DAS OUTRAS PROVIDENCIAS. \u201d<\/a><\/li>\n\t\t<li class=\"wsp-post\"><a href=\"https:\/\/saobernardo.ma.gov.br\/transparencia\/decretos\/decreto-municipal-no-113-de-22-de-agosto-de-2020-declara-de-utilidade-publica-para-fins-de-desapropriacao-em-carater-de-urgencia-o-imovel-que-especifica-e-da-outras-providencias\/\">DECRETO MUNICIPAL N\u00ba 113, DE 22 DE AGOSTO DE 2020.\u201cDeclara de Utilidade P\u00fablica para fins de desapropria\u00e7\u00e3o, em car\u00e1ter de urg\u00eancia, o im\u00f3vel que especifica e d\u00e1 outras provid\u00eancias.\u201d<\/a><\/li>\n\t\t<li class=\"wsp-post\"><a href=\"https:\/\/saobernardo.ma.gov.br\/transparencia\/decretos\/decreto-municipal-no-112-de-22-de-agosto-de-2020-declara-de-utilidade-publica-para-fins-de-desapropriacao-em-carater-de-urgencia-o-imovel-que-especifica-e-da-outras-providencias\/\">DECRETO MUNICIPAL N\u00ba 112, DE 22 DE AGOSTO DE 2020.\u201cDeclara de Utilidade P\u00fablica para fins de desapropria\u00e7\u00e3o, em car\u00e1ter de urg\u00eancia, o im\u00f3vel que especifica e d\u00e1 outras provid\u00eancias.\u201d<\/a><\/li>\n\t\t<li class=\"wsp-post\"><a href=\"https:\/\/saobernardo.ma.gov.br\/transparencia\/decretos\/decreto-municipal-no-111-de-18-de-agosto-de-2020-dispoe-sobre-a-3a-fase-de-flexibilizacao-das-atividades-comerciais-no-municipio-e-prorrogacao-das-medidas-restritivas-e-de-isolamento-social\/\">DECRETO MUNICIPAL N\u00ba 111, DE 18 DE AGOSTO DE 2020. \u201cDISP\u00d5E SOBRE A 3\u00aa FASE DE FLEXIBILIZA\u00c7\u00c3O DAS ATIVIDADES COMERCIAIS NO MUNIC\u00cdPIO E PRORROGA\u00c7\u00c3O DAS MEDIDAS RESTRITIVAS E DE ISOLAMENTO SOCIAL QUE TRATA DA COVID-19 NOS DECRETOS MUNICIPAIS N\u00baS 96 ;98 99 e 103\/2020; E DAS OUTRAS PROVIDENCIAS.\u201d<\/a><\/li>\n\t\t<li class=\"wsp-post\"><a href=\"https:\/\/saobernardo.ma.gov.br\/transparencia\/decretos\/decreto-municipal-no-110-de-30-de-julho-de-2020-dispoe-sobre-a-2a-fase-de-flexibilizacao-das-atividades-comerciais-no-municipio-e-prorrogacao-das-medidas-restritivas-e-de-isolamento-social\/\">DECRETO MUNICIPAL N\u00ba 110, DE 30 DE JULHO DE 2020. \u201cDISP\u00d5E SOBRE A 2\u00aa FASE DE FLEXIBILIZA\u00c7\u00c3O DAS ATIVIDADES COMERCIAIS NO MUNIC\u00cdPIO E PRORROGA\u00c7\u00c3O DAS MEDIDAS RESTRITIVAS E DE ISOLAMENTO SOCIAL QUE TRATA DA CONVID-19 NOS DECRETOS MUNICIPAIS N\u00baS 96 ;98 99 e 103\/2020; E DAS OUTRAS PROVIDENCIAS.\u201d<\/a><\/li>\n\t\t<li class=\"wsp-post\"><a href=\"https:\/\/saobernardo.ma.gov.br\/transparencia\/decretos\/decreto-municipal-no-109-de-21-de-julho-de-2020-dispoe-sobre-a-permissao-para-abertura-de-academias-de-educacao-fisica-e-das-outras-providencias\/\">DECRETO MUNICIPAL N\u00ba 109, DE 21 DE JULHO DE 2020. \u201cDISP\u00d5E SOBRE A PERMISS\u00c3O PARA ABERTURA DE ACADEMIAS DE EDUCA\u00c7\u00c3O FISICA; E DAS OUTRAS PROVIDENCIAS.\u201d<\/a><\/li>\n\t\t<li class=\"wsp-post\"><a href=\"https:\/\/saobernardo.ma.gov.br\/transparencia\/decretos\/decreto-no-108-2020-de-07-de-julho-de-2020-declara-de-utilidade-publica-para-fins-de-desapropriacao-uma-area-de-terra-com-suas-benfeitorias-localizada-no-municipio-de-sao-bernardo-ma\/\">DECRETO N\u00ba 108\/2020, DE 07 DE JULHO DE 2020. DECLARA DE UTILIDADE P\u00daBLICA PARA FINS DE DESAPROPRIA\u00c7\u00c3O, UMA \u00c1REA DE TERRA  COM  SUAS  BENFEITORIAS, LOCALIZADA NO MUNIC\u00cdPIO DE S\u00c3O BERNARDO\/MA.<\/a><\/li>\n\t\t<li class=\"wsp-post\"><a href=\"https:\/\/saobernardo.ma.gov.br\/transparencia\/decretos\/decreto-municipal-no-107-de-30-de-junho-de-2020-dispoe-sobre-a-prorrogacao-das-medidas-restritivas-e-de-isolamento-social-que-trata-da-convid-19-nos-decretos-municipais-nos-96-98-e-103-202\/\">DECRETO MUNICIPAL N\u00ba 107, DE 30 DE JUNHO DE 2020. \u201cDISP\u00d5E SOBRE A PRORROGA\u00c7\u00c3O DAS MEDIDAS RESTRITIVAS E DE ISOLAMENTO SOCIAL QUE TRATA DA CONVID-19 NOS DECRETOS MUNICIPAIS N\u00baS 96 ;98 e 103\/2020; E DAS OUTRAS PROVIDENCIAS.\u201d<\/a><\/li>\n\t\t<li class=\"wsp-post\"><a href=\"https:\/\/saobernardo.ma.gov.br\/transparencia\/decretos\/decreto-municipal-no-106-de-19-de-junho-de-2020-determina-o-cumprimento-por-parte-do-municipio-de-sao-bernardo-ao-cumprimento-da-lei-estadual-no-11-274-de-04-de-junho-de-2020-que-dispoe-e\/\">DECRETO MUNICIPAL N\u00ba 106, DE 19 DE JUNHO DE 2020. \u201cDetermina o cumprimento por parte do Munic\u00edpio de S\u00e3o Bernardo ao cumprimento da Lei Estadual n\u00ba 11.274, de 04 de junho de 2020, que disp\u00f5e em car\u00e1ter excepcional sobre a suspens\u00e3o do cumprimento das obriga\u00e7\u00f5es financeiras referentes a empr\u00e9stimos consignados contra\u00eddos por servidores p\u00fablicos estaduais e municipais e empregados p\u00fablicos e privados no \u00e2mbito do Estado do Maranh\u00e3o; e d\u00e1 outras providencias.\u201d<\/a><\/li>\n\t\t<li class=\"wsp-post\"><a href=\"https:\/\/saobernardo.ma.gov.br\/transparencia\/decretos\/decreto-municipal-no-105-de-16-de-junho-de-2020-prorroga-a-validade-do-concurso-publico-municipal-edital-no-01-2017-e-da-outras-providencias\/\">DECRETO MUNICIPAL N\u00ba 105, DE 16 DE JUNHO DE 2020. \u201cPRORROGA A VALIDADE DO CONCURSO P\u00daBLICO MUNICIPAL EDITAL N\u00ba 01\/2017, E D\u00c1 OUTRAS PROVID\u00caNCIAS\u201d.<\/a><\/li>\n\t\t<li class=\"wsp-post\"><a href=\"https:\/\/saobernardo.ma.gov.br\/transparencia\/decretos\/instrucao-normativa-n-01-de-10-de-junho-de-2020-dispoe-sobre-a-regulamentacao-do-art-4o-caput-%c2%a7%c2%a7-1o-e-3o-do-decreto-municipal-no-103-2020-e-da-outras-providencias\/\">Instru\u00e7\u00e3o Normativa N\u00b0 01, de 10 de Junho de 2020. \u201cDISP\u00d5E SOBRE A REGULAMENTA\u00c7\u00c3O DO ART. 4\u00ba CAPUT, \u00a7\u00a7 1\u00ba e 3\u00ba, DO DECRETO MUNICIPAL N\u00ba 103\/2020; E D\u00c1 OUTRAS PROVID\u00caNCIAS\u201c.<\/a><\/li>\n\t\t<li class=\"wsp-post\"><a href=\"https:\/\/saobernardo.ma.gov.br\/transparencia\/decretos\/decreto-n-104-de-08-de-junho-de-2020-dispoe-sobre-a-semana-municipal-do-bebe-no-municipio-de-sao-bernardo-ma-e-da-outras-providencias\/\">Decreto N\u00b0 104, de 08 de Junho de 2020. Disp\u00f5e sobre a semana municipal do beb\u00ea no munic\u00edpio de S\u00e3o Bernardo\/MA e d\u00e1 outras provid\u00eancias.<\/a><\/li>\n\t\t<li class=\"wsp-post\"><a href=\"https:\/\/saobernardo.ma.gov.br\/transparencia\/decretos\/decreto-municipal-no-103-de-29-de-maio-de-2020-dispoe-sobre-a-prorrogacao-das-medidas-restritivas-e-de-isolamento-social-que-trata-da-convid-19-nos-decretos-municipais-nos-96-e-98-2020-decr\/\">DECRETO MUNICIPAL N\u00ba 103, DE 29 DE MAIO DE 2020.\u201cDISP\u00d5E SOBRE A PRORROGA\u00c7\u00c3O DAS MEDIDAS RESTRITIVAS E DE ISOLAMENTO SOCIAL QUE TRATA DA CONVID-19 NOS DECRETOS MUNICIPAIS N\u00baS 96 E 98\/2020; DECRETA TOQUE DE RECOLHER PARA A POPULA\u00c7\u00c3O NO PER\u00cdODO NOTURNO E NOS FINAIS DE SEMANA; E DAS OUTRAS PROVIDENCIAS.\u201d<\/a><\/li>\n\t\t<li class=\"wsp-post\"><a href=\"https:\/\/saobernardo.ma.gov.br\/transparencia\/decretos\/decreto-municipal-no-102-de-27-de-maio-de-2020-decreta-luto-oficial-no-municipio-por-conta-do-falecimento-do-ex-prefeito-bernardo-alves-rodrigues-e-da-outras-providencias\/\">DECRETO MUNICIPAL N\u00ba 102, DE 27 DE MAIO DE 2020. \u201cDECRETA LUTO OFICIAL NO MUNIC\u00cdPIO POR CONTA DO FALECIMENTO DO EX PREFEITO BERNARDO ALVES RODRIGUES, E D\u00c1 OUTRAS PROVID\u00caNCIAS\u201d.<\/a><\/li>\n\t\t<li class=\"wsp-post\"><a href=\"https:\/\/saobernardo.ma.gov.br\/transparencia\/decretos\/decreto-municipal-no-101-de-20-de-maio-de-2020-dispoe-sobre-a-prorrogacao-das-medidas-restritivas-e-de-isolamento-social-que-trata-da-covid-19-no-decreto-municipal-no-99-de-05-de-maio-de-2\/\">DECRETO MUNICIPAL N\u00ba 101, DE 20 DE MAIO DE 2020. \u201cDISP\u00d5E SOBRE A PRORROGA\u00c7\u00c3O DAS MEDIDAS RESTRITIVAS E DE ISOLAMENTO SOCIAL QUE TRATA DA COVID-19 NO DECRETO MUNICIPAL N\u00ba 99, DE 05 DE MAIO DE 2020, E DAS OUTRAS PROVIDENCIAS.\u201d<\/a><\/li>\n\t\t<li class=\"wsp-post\"><a href=\"https:\/\/saobernardo.ma.gov.br\/transparencia\/decretos\/decreto-municipal-no-100-de-19-de-maio-de-2020-anula-e-torna-sem-efeito-o-decreto-municipal-no-94-de-17-de-abril-de-2020-e-da-outras-providencias\/\">DECRETO MUNICIPAL N\u00ba 100, DE 19 DE MAIO DE 2020. \u201cANULA E TORNA SEM EFEITO O DECRETO MUNICIPAL N\u00ba 94, DE 17 DE ABRIL DE 2020, E D\u00c1 OUTRAS PROVID\u00caNCIAS\u201d.<\/a><\/li>\n\t\t<li class=\"wsp-post\"><a href=\"https:\/\/saobernardo.ma.gov.br\/transparencia\/decretos\/decreto-municipal-n-99-de-11-de-maio-de-2020-declara-estado-de-calamidade-publica-no-ambito-do-municipio-de-sao-bernardo-ma-em-virtude-da-confirmacao-de-casos-positivos-de-infeccoes-causadas\/\">Decreto Municipal N\u00b0 99, de 11 de Maio de 2020. Declara estado de Calamidade P\u00fablica no \u00e2mbito do Municipio de S\u00e3o Bernardo\/Ma, em virtude da confirma\u00e7\u00e3o de casos positivos de infec\u00e7\u00f5es causadas pelo v\u00edrus H1N1, da confirma\u00e7\u00e3o e aumento de caos positivos de contamina\u00e7\u00e3o pelo COVID-19.<\/a><\/li>\n\t\t<li class=\"wsp-post\"><a href=\"https:\/\/saobernardo.ma.gov.br\/transparencia\/decretos\/decreto-municipal-n-98-de-05-de-maio-de-2020-dispoe-sobre-a-decretacao-de-quarentena-no-municipio-o-fechamento-dos-orgaos-e-servicos-publicos-o-fechamento-da-rede-comercial-formal-e-informal-no\/\">DECRETO MUNICIPAL N&#8221; 98, DE 05 DE MAIO DE 2020. Disp\u00f5e sobre a decreta\u00e7\u00e3o de quarentena no municipio, o fechamento dos \u00f4rg\u00e2os e servi\u00e7os p\u00fablicos, o fechamento da rede comercial formal e informal no munic\u00edpio, a proibi\u00e7\u00e3o de aglomera \u00f5es p\u00fablicas em ambientes p\u00fablicos e pn ados,&#8217; e d\u00e1 outras provid\u00eancias.<\/a><\/li>\n\t\t<li class=\"wsp-post\"><a href=\"https:\/\/saobernardo.ma.gov.br\/transparencia\/decretos\/decreto-municipal-no-97-de-29-de-abril-de-2020-altera-o-%c2%a74o-e-inclui-os-%c2%a7%c2%a75o-6o-7o-e-8o-no-art-7o-do-decreto-municipal-no-96-de-28-de-abril-de-2020-que-trata-das-medi\/\">DECRETO MUNICIPAL N\u00ba 97, DE 29 DE ABRIL DE 2020 &#8211; \u201cALTERA O \u00a74\u00ba E INCLUI Os \u00a7\u00a75\u00ba, 6\u00ba, 7\u00ba e 8\u00ba, NO ART. 7\u00ba, DO DECRETO MUNICIPAL N\u00ba 96, DE 28 DE ABRIL DE 2020, QUE TRATA DAS MEDIDAS RESTRITIVAS E DE ISOLAMENTO SOCIAL DA CONVID-19, E DAS OUTRAS PROVIDENCIAS.\u201d<\/a><\/li>\n\t\t<li class=\"wsp-post\"><a href=\"https:\/\/saobernardo.ma.gov.br\/transparencia\/decretos\/decreto-municipal-no-96-de-28-de-abril-de-2020-dispoe-sobre-a-prorrogacao-de-regras-de-funcionamento-de-atividades-economicas-determinadasno-decreto-municipal-no-93-2020-autoriza-o-funcionamento-de\/\">DECRETO MUNICIPAL N\u00ba 96, DE 28 DE ABRIL DE 2020. DISP\u00d5E SOBRE A PRORROGA\u00c7\u00c3O DE REGRAS DE FUNCIONAMENTO DE ATIVIDADES ECON\u00d4MICAS DETERMINADASNO DECRETO MUNICIPAL N\u00ba 93\/2020; AUTORIZA O FUNCIONAMENTO DE ACADEMIAS DE EDUCA\u00c7\u00c3O FISICA;PRORROGA A SUSPENS\u00c3O DAS AULAS DA REDE P\u00daBLICA E PRIVADA DE ENSINO E DO SERVI\u00c7O P\u00daBLICO NO MUNIC\u00cdPIO DE S\u00c3OBERNARDO\/MA, EM RAZ\u00c3O DA PREVEN\u00c7\u00c3O E COMBATE A COVID-19, E D\u00c1 OUTRAS PROVID\u00caNCIAS.<\/a><\/li>\n\t\t<li class=\"wsp-post\"><a href=\"https:\/\/saobernardo.ma.gov.br\/transparencia\/decretos\/decreto-municipal-no-95-de-23-de-abril-de-2020-dispoe-sobre-a-nomeacao-de-servidor-aprovado-em-concurso-publico-edital-no-01-2017-convocados-atraves-do-edital-de-convocacao-no-07\/\">DECRETO MUNICIPAL N\u00ba 95, DE 23 DE ABRIL DE 2020. \u201cDisp\u00f5e sobre a nomea\u00e7\u00e3o de servidor aprovado em concurso p\u00fablico \u2013 Edital n\u00ba 01\/2017, convocados atrav\u00e9s do Edital de Convoca\u00e7\u00e3o n\u00ba 07\/2020, para provimento de cargos efetivos do quadro de pessoal do Munic\u00edpio, e d\u00e1 outras provid\u00eancias\u201d.<\/a><\/li>\n\t\t<li class=\"wsp-post\"><a href=\"https:\/\/saobernardo.ma.gov.br\/transparencia\/decretos\/teste-covid-19\/\">DECRETO MUNICIPAL N\u00ba 93, DE 12 DE ABRIL DE 2020. \u201cDISP\u00d5E SOBRE REGRAS DE FUNCIONAMENTO DE ATIVIDADES ECON\u00d4MICAS, DA PRORROGA\u00c7\u00c3O DA ANTECIPA\u00c7\u00c3O DE F\u00c9RIAS DOS ALUNOS DA REDE P\u00daBLICA E PRIVADA DE ENSINO E DO SERVI\u00c7O P\u00daBLICO NO MUNIC\u00cdPIO DE S\u00c3O BERNARDO\/MA, EM RAZ\u00c3O DA PREVEN\u00c7\u00c3O E COMBATE A COVID-19, E D\u00c1 OUTRAS PROVID\u00caNCIAS.<\/a><\/li>\n\t\t<li class=\"wsp-post\"><a href=\"https:\/\/saobernardo.ma.gov.br\/transparencia\/decretos\/decreto-municipal-no-93-de-12-de-abril-de-2020-dispoe-sobre-regras-de-funcionamento-de-atividades-economicas-da-prorrogacao-da-antecipacao-de-ferias-dos-alunos-da-rede-publica-e-privada-de\/\">DECRETO MUNICIPAL N\u00ba 93, DE 12 DE ABRIL DE 2020. \u201cDISP\u00d5E SOBRE REGRAS DE FUNCIONAMENTO DE ATIVIDADES ECON\u00d4MICAS, DA PRORROGA\u00c7\u00c3O DA ANTECIPA\u00c7\u00c3O DE F\u00c9RIAS DOS ALUNOS DA REDE P\u00daBLICA E PRIVADA DE ENSINO E DO SERVI\u00c7O P\u00daBLICO NO MUNIC\u00cdPIO DE S\u00c3O BERNARDO\/MA, EM RAZ\u00c3O DA PREVEN\u00c7\u00c3O E COMBATE A COVID-19, E D\u00c1 OUTRAS PROVID\u00caNCIAS.<\/a><\/li>\n\t\t<li class=\"wsp-post\"><a href=\"https:\/\/saobernardo.ma.gov.br\/transparencia\/decretos\/decreto-municipal-no-91-de-31-de-marco-de-2020-declara-de-utilidade-publica-para-fins-de-desapropriacao-em-carater-de-urgencia-o-imovel-que-especifica-e-da-outras-providencias\/\">DECRETO MUNICIPAL N\u00ba 91, DE 31 DE MAR\u00c7O DE 2020. \u201c Declara de Utilidade P\u00fablica para fins de desapropria\u00e7\u00e3o, em car\u00e1ter de urg\u00eancia, o im\u00f3vel que especifica e d\u00e1 outras provid\u00eancias.\u201d<\/a><\/li>\n\t\t<li class=\"wsp-post\"><a href=\"https:\/\/saobernardo.ma.gov.br\/transparencia\/decretos\/decreto-municipal-no-92-de-30-de-marco-de-2020-dispoe-sobre-a-prorrogacao-das-medidas-restritivas-e-de-isolamento-social-que-trata-da-convid-19-previstas-nos-decretos-municipais-nos-89-e-9\/\">DECRETO MUNICIPAL N\u00ba 92, DE 30 DE MAR\u00c7O DE 2020 &#8211; \u201cDISP\u00d5E SOBRE A PRORROGA\u00c7\u00c3O DAS MEDIDAS RESTRITIVAS E DE ISOLAMENTO SOCIAL QUE TRATA DA CONVID-19 PREVISTAS NOS DECRETOS MUNICIPAIS N\u00bas 89 E 90\/2020, E DAS OUTRAS PROVIDENCIAS.\u201d<\/a><\/li>\n\t\t<li class=\"wsp-post\"><a href=\"https:\/\/saobernardo.ma.gov.br\/transparencia\/decretos\/decreto-municipal-no-90-de-23-de-marco-de-2020-dispoe-sobre-medidas-complementares-ao-decreto-municipal-no-89-2020-que-trata-da-convid-19-e-das-outras-providencias\/\">DECRETO MUNICIPAL N\u00ba 90, DE 23 DE MAR\u00c7O DE 2020 &#8211; \u201cDISP\u00d5E SOBRE MEDIDAS COMPLEMENTARES AO DECRETO MUNICIPAL N\u00ba 89\/2020 QUE TRATA DA CONVID-19, E DAS OUTRAS PROVIDENCIAS.\u201d<\/a><\/li>\n\t\t<li class=\"wsp-post\"><a href=\"https:\/\/saobernardo.ma.gov.br\/transparencia\/decretos\/decreto-municipal-n-88-de-03-de-marco-de-2020-prorroga-o-prazo-para-contratacao-temporaria-do-processo-seletivo-simplificado-edital-n-01-2017\/\">Decreto Municipal N\u00b0 88, de 03 de Mar\u00e7o de 2020. Prorroga o prazo para Contrata\u00e7\u00e3o Tempor\u00e1ria do Processo Seletivo Simplificado &#8211; Edital N\u00b0 01\/2017<\/a><\/li>\n\t\t<li class=\"wsp-post\"><a href=\"https:\/\/saobernardo.ma.gov.br\/transparencia\/decretos\/decreto-municipal-n-87-de-21-de-fevereiro-de-2020-ponto-facultativo-durante-s-festividades-do-carnaval-2020-nas-reparticoes-publicas-municipais\/\">Decreto Municipal N\u00b0 87, de 21 de Fevereiro de 2020. Ponto facultativo durante s festividades do carnaval 2020 nas reparti\u00e7\u00f5es p\u00fablicas municipais<\/a><\/li>\n\t\t<li class=\"wsp-post\"><a href=\"https:\/\/saobernardo.ma.gov.br\/transparencia\/decretos\/decreto-n-86-de-13-de-fevereiro-de-2020-dispoe-sobre-a-criacao-de-comite-de-coordenacao-e-do-comite-executivo-para-elaboracao-do-plano-municipal-de-saneamento-basico-pmsb-e-da-outras-pro\/\">DECRETO N\u00b0 86, DE 13 DE FEVEREIRO DE 2020. &#8221; DISP\u00d5E SOBRE A CRIA\u00c7\u00c3O DE COMIT\u00ca DE COORDENA\u00c7\u00c3O E DO COMIT\u00ca EXECUTIVO PARA ELABORA\u00c7\u00c3O DO PLANO MUNICIPAL DE SANEAMENTO B\u00c1SICO &#8211; PMSB, E D\u00c1 OUTRAS PROVID\u00caNCIAS.&#8221;<\/a><\/li>\n\t\t<li class=\"wsp-post\"><a href=\"https:\/\/saobernardo.ma.gov.br\/transparencia\/decretos\/decreto-n-86-de-13-de-fevereiro-de-2020-dispoe-sobre-a-criacao-do-comite-de-coordenacao-e-do-comite-executivo-para-a-elaboracao-do-plano-municipal-de-saneamento-basico-pmsb\/\">Decreto N\u00b0 86, de 13 de fevereiro de 2020. Disp\u00f5e sobre a cria\u00e7\u00e3o do comit\u00ea de coordena\u00e7\u00e3o e do comit\u00ea executivo para a elabora\u00e7\u00e3o do plano municipal de saneamento b\u00e1sico &#8211; PMSB<\/a><\/li>\n\t\t<li class=\"wsp-post\"><a href=\"https:\/\/saobernardo.ma.gov.br\/transparencia\/decretos\/decreto-municipal-n-84-de-09-de-janeiro-de-2020-dispoe-sobre-a-anulacao-de-ato-administrativo-irregular-de-termo-de-constituicao-de-direito-de-superficie-termo-n-12-03042019\/\">Decreto Municipal N\u00b0 84, de 09, de Janeiro de 2020 &#8211; Disp\u00f5e sobre a anula\u00e7\u00e3o de ato administrativo irregular de termo de constitui\u00e7\u00e3o de direito de superf\u00edcie (termo n\u00b0 12-03042019).<\/a><\/li>\n\t\t<li class=\"wsp-post\"><a href=\"https:\/\/saobernardo.ma.gov.br\/transparencia\/decretos\/decreto-n-85-de-07-de-janeiro-de-2020-nomeia-componetes-da-comissao-permanente-de-sindicancia-e-processo-administrativo-disciplinar-pad\/\">Decreto N\u00b0 85, de 07 de Janeiro de 2020, Nomeia componetes da comiss\u00e3o permanente de sindic\u00e2ncia e processo administrativo disciplinar &#8211; PAD.<\/a><\/li>\n\t\t<li class=\"wsp-post\"><a href=\"https:\/\/saobernardo.ma.gov.br\/transparencia\/decretos\/decreto-municipal-no-83-de-05-de-dezembro-de-2019-dispoe-sobre-o-recesso-funcional-das-reparticoes-publicas-no-municipio-de-sao-bernardo-ma-no-periodo-de-21-de-dezembro-de-2019-a-03-de-janeiro-de\/\">Decreto Municipal N\u00ba 83, de 05 de dezembro de 2019. &#8220;Disp\u00f5e sobre o recesso funcional das reparti\u00e7\u00f5es p\u00fablicas no munic\u00edpio de S\u00e3o Bernardo\/Ma, no periodo de 21 de dezembro de 2019 a 03 de janeiro de 2020&#8221;.<\/a><\/li>\n\t\t<li class=\"wsp-post\"><a href=\"https:\/\/saobernardo.ma.gov.br\/transparencia\/decretos\/decreto-municipal-no-82-de-08-de-novembro-de-2019-declara-de-utilidade-publica-para-fins-de-desapropriacao-o-imovel-que-especifica\/\">Decreto Municipal N\u00ba 82, de  08 de Novembro de 2019. Declara de utilidade P\u00fablica para fins de desapropria\u00e7\u00e3o, o im\u00f3vel que especifica<\/a><\/li>\n\t\t<li class=\"wsp-post\"><a href=\"https:\/\/saobernardo.ma.gov.br\/transparencia\/decretos\/decreto-municipal-no-82-de-28-de-outubro-2019-convoca-a-x-conferencia-municipal-de-assistencia-social-de-sao-bernardo-ma\/\">Decreto Municipal N\u00ba 82 de 28 de Outubro 2019, &#8221; Convoca a X Confer\u00eancia Municipal de Assist\u00eancia Social de S\u00e3o Bernardo-Ma&#8221;<\/a><\/li>\n\t\t<li class=\"wsp-post\"><a href=\"https:\/\/saobernardo.ma.gov.br\/transparencia\/decretos\/decreto-municipal-n-81-de-25-de-outubro-de-2019-transfere-o-feriado-do-servidor-publico-dia-28-10-2019-para-o-dia-01-112019-nas-reparticoes-publicas-municipais-e-da-outras-providencias\/\">Decreto Municipal N\u00b0 81, de 25 de outubro de 2019, Transfere o feriado do servidor p\u00fablico dia 28\/10\/2019 para o dia 01\/112019, nas reparti\u00e7\u00f5es p\u00fablicas municipais e d\u00e1 outras provid\u00eancias.<\/a><\/li>\n\t\t<li class=\"wsp-post\"><a href=\"https:\/\/saobernardo.ma.gov.br\/transparencia\/decretos\/decreto-municipal-n-79-de-12-de-outubro-de-2019-dispoe-sobre-a-regulaziracao-fundiaria-urbana-da-sede-do-municipio-de-sao-bernardo-ma-estabelece-requisitos-para-enquadramento-na-reurb-s-e-reur\/\">Decreto Municipal N\u00b0 79 de 12 de outubro de 2019, disp\u00f5e sobre a regulazira\u00e7\u00e3o fundi\u00e1ria urbana da sede do munic\u00edpio de S\u00e3o Bernardo-Ma, estabelece requisitos para enquadramento na REURB-S E REURB-E<\/a><\/li>\n\t\t<li class=\"wsp-post\"><a href=\"https:\/\/saobernardo.ma.gov.br\/transparencia\/decretos\/decreto-muncipal-no-80-de-12-de-outubro-de-2019-dispoe-sobre-a-regularizacao-fundiaria-urbana-no-municipio-de-sao-bernardo-ma-estabelece-requisitos-para-enquadramento-na-reurb-s-e-reurb-e\/\">Decreto Muncipal N\u00ba 80 de 12 de Outubro de 2019, \u201cDisp\u00f5e sobre a regulariza\u00e7\u00e3o fundi\u00e1ria urbana no munic\u00edpio de S\u00e3o Bernardo\/MA; estabelece requisitos para enquadramento na REURB-S e REURB-E; regulamenta mecanismos para o procedimento de REURB; viabiliza a coopera\u00e7\u00e3o do munic\u00edpio com o cart\u00f3rio de registro de im\u00f3veis para fins de consecu\u00e7\u00e3o de regulariza\u00e7\u00e3o fundi\u00e1ria; e, d\u00e1 outras provid\u00eancias\u201d.<\/a><\/li>\n\t\t<li class=\"wsp-post\"><a href=\"https:\/\/saobernardo.ma.gov.br\/transparencia\/decretos\/decreto-municipal-n-78-de-02-de-outubro-de-2019-dispoe-sobre-a-nomeacao-de-servidor-aprovador-no-concurso-publico-edital-n-04-2017-convocados-atraves-do-edtial-de-convocacao-n-0\/\">Decreto Municipal N\u00b0 78, de 02 de outubro de 2019. Disp\u00f5e sobre a nomea\u00e7\u00e3o de servidor aprovador no concurso p\u00fablico &#8211; Edital n\u00b0 04\/2017. convocados atrav\u00e9s do edtial de convoca\u00e7\u00e3o n\u00b0 04\/2019, para provimento de cargos efetivos do quadro de pessoal do municipio.<\/a><\/li>\n\t\t<li class=\"wsp-post\"><a href=\"https:\/\/saobernardo.ma.gov.br\/transparencia\/decretos\/decreto-municipal-n-77-de-18-de-setembro-de-2019-que-regulamenta-a-lei-n-759-2019-que-dispoe-sobre-a-inspecao-sanitaria-industrial-dos-produtos-de-origem-animale-vegetal-no-municipio-de\/\">Decreto municipal N\u00b0 77, de 18 de setembro de 2019, que regulamenta a LEI N\u00b0 759\/2019 que disp\u00f5e sobre a inspe\u00e7\u00e3o sanit\u00e1ria industrial dos produtos de origem animale vegetal no municipio de S\u00e3o Bernardo-MA<\/a><\/li>\n\t\t<li class=\"wsp-post\"><a href=\"https:\/\/saobernardo.ma.gov.br\/transparencia\/decretos\/decreto-municipal-n-76-de-06-de-setembro-de-2019-dispoe-sobre-nomeacao-dos-conslheiros-municipais-e-suplentes-do-conselho-municipal-dos-direitos-da-crianca-e-do-adolescente-cmdca-e-da-outra\/\">Decreto Municipal N\u00b0 76, de 06 de setembro de 2019.  Disp\u00f5e sobre nomea\u00e7\u00e3o dos conslheiros municipais e suplentes do Conselho Municipal dos Direitos da Crian\u00e7a e do Adolescente &#8211; CMDCA e d\u00e1 outras provid\u00eancias.<\/a><\/li>\n\t\t<li class=\"wsp-post\"><a href=\"https:\/\/saobernardo.ma.gov.br\/transparencia\/decretos\/decreto-municipal-n-73-a-de-17-de-julho-de-2019-decreta-ponto-facultativo-nos-dias-19-a-22-de-julho-de-2019-nas-reparticoes-publicas-municipais-e-da-outras-providencias\/\">Decreto Municipal N\u00b0 73-A, de 17 de julho de 2019, Decreta Ponto Facultativo nos dias 19 a 22 de julho de 2019 nas reparti\u00e7oes p\u00fablicas municipais e d\u00e1 outras provid\u00eancias.<\/a><\/li>\n\t\t<li class=\"wsp-post\"><a href=\"https:\/\/saobernardo.ma.gov.br\/transparencia\/decretos\/decreto-municipal-n-73-de-17-de-julho-de-2019-ponto-facultativo-dias-19-a-22-de-julho-de-2019\/\">Decreto Municipal N\u00b0 73 de 17 de julho de 2019 &#8211;  Ponto Facultativo dias 19 \u00e0 22 de julho de 2019<\/a><\/li>\n\t\t<li class=\"wsp-post\"><a href=\"https:\/\/saobernardo.ma.gov.br\/transparencia\/decretos\/decreto-municipal-n-71-de-11-de-julho-de-2019-nomeia-os-membros-do-conselho-de-acompanhamento-e-controlhe-social-do-fundeb-cacs-para-o-bienio-2019-2021\/\">Decreto Municipal N\u00b0 71, de 11 de julho de 2019, Nomeia os membros do conselho de Acompanhamento e controlhe social do Fundeb-CACS para o Bi\u00eanio 2019\/2021.<\/a><\/li>\n\t\t<li class=\"wsp-post\"><a href=\"https:\/\/saobernardo.ma.gov.br\/transparencia\/decretos\/decreto-municipal-n-72-de-11-de-julho-de-2019-dispoe-sobre-a-nomeacao-de-servidor-aprovado-em-concurso-publico-edital-n-01-2017-convocados-atraves-do-edital-de-convocacao-n-04-20\/\">Decreto Municipal N\u00b0 72, de 11 de julho de 2019, Disp\u00f5e sobre a nomea\u00e7\u00e3o de servidor aprovado em concurso p\u00fablico, edital n\u00b0 01\/2017, convocados atrav\u00e9s do edital de convoca\u00e7\u00e3o n\u00b0 04\/2019, para provimento de cargos efetivos de pessoal do Municipio.<\/a><\/li>\n\t\t<li class=\"wsp-post\"><a href=\"https:\/\/saobernardo.ma.gov.br\/transparencia\/decretos\/decreto-municipal-n-70-de-26-de-junho-de-2019-dispoe-sobre-a-revogacao-do-decreto-n-032017-da-desconcentracao-administrativa-do-municipio-de-sao-bernardo\/\">Decreto Municipal N\u00b0 70, de 26 de junho de 2019, Disp\u00f5e sobre a revoga\u00e7\u00e3o do decreto N\u00b0 032017; da desconcentra\u00e7\u00e3o administrativa do municipio de S\u00e3o Bernardo<\/a><\/li>\n\t\t<li class=\"wsp-post\"><a href=\"https:\/\/saobernardo.ma.gov.br\/transparencia\/decretos\/decreto-municipal-n-69-de-26-de-junho-de-2019-dispoe-sobre-a-revogacao-do-decreto-n-03-2017-da-desconcentracao-administrativa-do-municipio-de-sao-bernardo-da-delegacao-de-competencia-aos\/\">Decreto Municipal N\u00b0 69 de 26 de junho de 2019, Disp\u00f5e sobre a revoga\u00e7\u00e3o do decreto N\u00b0 03\/2017 da desconcentra\u00e7\u00e3o administrativa do munic\u00edpio de S\u00e3o Bernardo; d\u00e1 delega\u00e7\u00e3o de compet\u00eancia aos ordenadores de despesa e d\u00e1 outras provid\u00eancias.<\/a><\/li>\n\t\t<li class=\"wsp-post\"><a href=\"https:\/\/saobernardo.ma.gov.br\/transparencia\/decretos\/decreto-municipal-n-68-de-11-de-junho-de-2019-regulamenta-a-lei-municipal-n-728-de-20-de-setembro-de-2017\/\">Decreto Municipal N\u00b0 68 de 11 de junho de 2019, Regulamenta a Lei Municipal N\u00b0 728 de 20 de setembro de 2017<\/a><\/li>\n\t\t<li class=\"wsp-post\"><a href=\"https:\/\/saobernardo.ma.gov.br\/transparencia\/decretos\/decreto-municipal-n-66-de-28-de-maio-de-2019-declara-de-utilidade-publica-para-fins-de-desapropriacao-o-imovel-que-especifica\/\">decreto municipal N\u00b0 66, de 28 de maio de 2019 declara de utilidade p\u00fablica para fins de desapropria\u00e7\u00e3o o im\u00f3vel que especifica<\/a><\/li>\n\t\t<li class=\"wsp-post\"><a href=\"https:\/\/saobernardo.ma.gov.br\/transparencia\/decretos\/decreto-municipal-n68-de-28-de-maio-de-2019-nomeia-os-componentes-da-comissao-permanente-de-sindicancia-e-processo-administrativo-disciplinar\/\">Decreto Municipal N\u00b068 de 28 de Maio de 2019 , Nomeia os componentes da comiss\u00e3o permanente de sindic\u00e2ncia e processo administrativo disciplinar<\/a><\/li>\n\t\t<li class=\"wsp-post\"><a href=\"https:\/\/saobernardo.ma.gov.br\/transparencia\/decretos\/decreto-municipal-n-65-de-08-de-maio-de-2019-dispoe-sobre-a-convocacao-da-9a-conferencia-municipal-de-saude-de-sao-bernardo-como-forum-para-definicao-das-diretrizes-do-plano-municipal-da-saude\/\">Decreto Municipal N\u00b0 65, de 08 de maio de 2019, Disp\u00f5e sobre a convoca\u00e7\u00e3o da 9\u00aa confer\u00eancia Municipal de Sa\u00fade de S\u00e3o Bernardo como f\u00f3rum para defini\u00e7\u00e3o das diretrizes do Plano Municipal da S\u00e1ude e d\u00e1 outras provid\u00eancias.<\/a><\/li>\n\t\t<li class=\"wsp-post\"><a href=\"https:\/\/saobernardo.ma.gov.br\/transparencia\/decretos\/decreto-municipal-n-63-de-02-de-maio-de-2019-regulamenta-o-servico-de-taxi-de-que-trata-a-lei-municipal-n-546-de-23-de-marco-de-2010-no-ambito-do-municipio-de-sao-bernardo-ma-e-da-out\/\">Decreto Municipal N\u00b0 63, de 02 de maio de 2019. Regulamenta o Servi\u00e7o de t\u00e1xi, de que trata a lei municipal N\u00b0 546 de 23 de mar\u00e7o de 2010, no \u00e2mbito do munic\u00edpio de S\u00e3o Bernardo-Ma, e d\u00e1 outras provid\u00eancias.<\/a><\/li>\n\t\t<li class=\"wsp-post\"><a href=\"https:\/\/saobernardo.ma.gov.br\/transparencia\/decretos\/decreto-municipal-n-63-de-02-de-maio-de-2019-dispoe-sobre-a-nomeacao-de-servidor-aprovado-em-concurso-publico-edital-01-2017-convocados-atraves-do-edital-de-convocacao-n-03-2019-para\/\">Decreto Municipal N\u00b0 63, de 02 de maio de 2019, Disp\u00f5e sobre a nomea\u00e7\u00e3o de servidor aprovado em concurso p\u00fablico, edital 01\/2017, convocados atrav\u00e9s do edital de convoca\u00e7\u00e3o n\u00b0 03\/2019, para provimento de cargos efetivos do quadro de pessoal do munic\u00edpio, e d\u00e1 outras provid\u00eancias.<\/a><\/li>\n\t\t<li class=\"wsp-post\"><a href=\"https:\/\/saobernardo.ma.gov.br\/transparencia\/decretos\/decreto-n-61-de-15-de-abril-de-2019-ponto-facultativo-no-dia-18-de-abril-de-2019-nas-reparticoes-publicas\/\">Decreto N\u00b0 61, de 15 de abril de 2019, ponto facultativo no dia 18 de abril de 2019 nas reparti\u00e7\u00f5es p\u00fablicas.<\/a><\/li>\n\t\t<li class=\"wsp-post\"><a href=\"https:\/\/saobernardo.ma.gov.br\/transparencia\/decretos\/decreto-municipal-n-61-de-15-de-abril-e-da-outras-providencias\/\">Decreto Municipal N\u00b0 61, de 15 de abril e d\u00e1 outras provid\u00eancias.<\/a><\/li>\n\t\t<li class=\"wsp-post\"><a href=\"https:\/\/saobernardo.ma.gov.br\/transparencia\/decretos\/decreto-municipal-n-59-de-04-de-abril-de-2019-dispoe-sobre-a-nomeacao-de-servidor-aprovado-em-concurso-publico-edital-n-012013\/\">decreto municipal N\u00b0 59, de 04 de abril de 2019, disp\u00f5e sobre a nomea\u00e7\u00e3o de servidor aprovado em concurso p\u00fablico Edital n\u00b0 012013.<\/a><\/li>\n\t\t<li class=\"wsp-post\"><a href=\"https:\/\/saobernardo.ma.gov.br\/transparencia\/decretos\/decreto-municipal-n-58-de-04-de-abril-de-2019-dispoe-sobre-a-nomeacao-de-servidor-aprovado-em-concurso-publico-edital-n-01-2017\/\">decreto municipal N\u00b0 58, de 04 de abril de 2019, disp\u00f5e sobre a nomea\u00e7\u00e3o de servidor aprovado em concurso p\u00fablico &#8211; Edital n\u00b0 01\/2017.<\/a><\/li>\n\t\t<li class=\"wsp-post\"><a href=\"https:\/\/saobernardo.ma.gov.br\/transparencia\/decretos\/decreto-municipal-n-67-de-31-de-maio-de-2019-dispoe-sobre-o-comite-de-coordenacao-e-o-comite-executivo-para-elaboracao-do-plano-municipal-de-saneamento-basico-pmsb\/\">Decreto Municipal N\u00b0 67, de 31 de maio de 2019, Disp\u00f5e sobre o comit\u00ea de coordena\u00e7\u00e3o e o comit\u00ea executivo para elabora\u00e7\u00e3o do Plano Municipal de Saneamento B\u00e1sico &#8211; PMSB<\/a><\/li>\n\t\t<li class=\"wsp-post\"><a href=\"https:\/\/saobernardo.ma.gov.br\/transparencia\/decretos\/decreto-n-370-de-14-de-marco-de-2019-dispoe-sobre-a-exoneracao-do-cargo-de-provimento-efetivo-de-agente-tributos-da-secretaria-municipal-de-administracao-e-financas-da-prefeitura-municipal-e\/\">Decreto N\u00b0 370, de 14 de mar\u00e7o de 2019. &#8220;disp\u00f5e sobre a exonera\u00e7\u00e3o do cargo de provimento efetivo de agente tributos da secretaria municipal de administra\u00e7\u00e3o e finan\u00e7as da prefeitura municipal e da outras provid\u00eancias.<\/a><\/li>\n\t\t<li class=\"wsp-post\"><a href=\"https:\/\/saobernardo.ma.gov.br\/transparencia\/decretos\/decreto-municipal-n-57-de-12-de-marco-de-2019-dispoe-sobre-a-nomeacao-de-servidor-aprovado-em-concurso-publico-edital-n-01-2017-convocados-atraves-do-edital-de-convocacao-n-02-2\/\">Decreto Municipal N\u00b0 57, de 12 de Mar\u00e7o de 2019, disp\u00f5e sobre a nomea\u00e7\u00e3o de servidor aprovado em concurso p\u00fablico &#8211; Edital n\u00b0 01\/2017, convocados atrav\u00e9s do Edital de Convoca\u00e7\u00e3o n\u00b0 02\/2019, para provimento de cargos efetivos do quadro de pessoal do Munic\u00edpio, e d\u00e1 outras provid\u00eancias.<\/a><\/li>\n\t\t<li class=\"wsp-post\"><a href=\"https:\/\/saobernardo.ma.gov.br\/transparencia\/decretos\/decreto-municipal-n-56-de-01-de-marco-de-2019-ponto-facultativo-no-feriado-de-carnaval-2019-nas-reparticoes-publicas-municipais-e-da-outras-providencias\/\">Decreto Municipal n\u00b0 56, de 01 de mar\u00e7o de 2019. Ponto Facultativo no feriado de Carnaval 2019 nas reparti\u00e7\u00f5es p\u00fablicas municipais e d\u00e1 outras provid\u00eancias.<\/a><\/li>\n\t\t<li class=\"wsp-post\"><a href=\"https:\/\/saobernardo.ma.gov.br\/transparencia\/decretos\/decreto-n-55-de-21-de-fevereiro-de-2019-regulamenta-a-lei-n-724-2017-lei-da-rpv-estabelece-os-criterios-para-pagamento-de-obrigacoes-de-pequeno-valor-perante-a-fazenda-publica-municip\/\">Decreto N\u00b0 55, de 21 de fevereiro de 2019. Regulamenta a Lei n\u00b0 724\/2017 &#8211; Lei da RPV; Estabelece os crit\u00e9rios para pagamento de obriga\u00e7\u00f5es de pequeno valor perante a fazenda P\u00fablica Municipal.<\/a><\/li>\n\t\t<li class=\"wsp-post\"><a href=\"https:\/\/saobernardo.ma.gov.br\/transparencia\/decretos\/decreto-municipal-n-54-de-13-de-fevereiro-de-2019-dispoe-sobre-a-nomeacao-de-servidor-aprovado-em-concurso-publico-edital-n-01-2017-para-provimento-de-cargos-efetivos-do-quadro-de-pes\/\">Decreto Municipal N\u00b0 54, de 13 de Fevereiro de 2019, Disp\u00f5e sobre a nomea\u00e7\u00e3o de servidor aprovado em concurso p\u00fablico &#8211; Edital n\u00b0 01\/2017, para provimento de cargos efetivos do quadro de pessoal do Municipio, e d\u00e1 outras provid\u00eancias,<\/a><\/li>\n\t\t<li class=\"wsp-post\"><a href=\"https:\/\/saobernardo.ma.gov.br\/transparencia\/decretos\/decreto-municipal-n-53-de-31-de-janeiro-de-2019-dispoe-sobre-a-nomeacao-de-servidor-aprovado-em-concurso-publico-edital-n-01-2017-para-provimento-de-cargos-efetivos-do-quadro-de-pessoa\/\">Decreto Municipal N\u00b0 53 de 31 de janeiro de 2019, disp\u00f5e sobre a nomea\u00e7\u00e3o de servidor aprovado em concurso p\u00fablico &#8211; edital n\u00b0 01\/2017, para provimento de cargos efetivos do quadro de pessoal do munic\u00edpio, e d\u00e1 outras provid\u00eancias.<\/a><\/li>\n\t\t<li class=\"wsp-post\"><a href=\"https:\/\/saobernardo.ma.gov.br\/transparencia\/decretos\/decreto-municipal-n-52-de-02-de-janeiro-de-2019-dispoe-sobre-a-delegacoes-de-competencias-e-autorizacao-para-ordenadores-de-despesas-assinarem-documentos-contabeis-de-licitacoes-de-prestacoe\/\">Decreto Municipal N\u00b0 52, de 02 de Janeiro de 2019. Disp\u00f5e sobre a delega\u00e7\u00f5es de compet\u00eancias e autoriza\u00e7\u00e3o para ordenadores de despesas assinarem documentos cont\u00e1beis, de licita\u00e7\u00f5es, de presta\u00e7\u00f5es de contas, entre outros e d\u00e1 outras provid\u00eancias.<\/a><\/li>\n\t\t<li class=\"wsp-post\"><a href=\"https:\/\/saobernardo.ma.gov.br\/transparencia\/decretos\/decreto-no-51-recesso-final-do-ano-2018\/\">DECRETO N\u00ba 51 RECESSO FINAL DO ANO 2018<\/a><\/li>\n\t\t<li class=\"wsp-post\"><a href=\"https:\/\/saobernardo.ma.gov.br\/transparencia\/decretos\/decreto-municipal-n-48-15-de-dezembro-de-2018-decreta-como-area-de-utilidade-publica-para-construcao-de-escola-publica-na-sede-do-municipio-e-da-outras-providencias\/\">Decreto Municipal N\u00b0 48, 15 de dezembro de 2018. Decreta como \u00e1rea de utilidade p\u00fablica para constru\u00e7\u00e3o de escola p\u00fablica na sede do munic\u00edpio, e d\u00e1 outras provid\u00eancias.<\/a><\/li>\n\t\t<li class=\"wsp-post\"><a href=\"https:\/\/saobernardo.ma.gov.br\/transparencia\/decretos\/decreto-municipal-n-47-15-de-dezembro-de-2018-decreta-como-area-de-utilidade-publica-para-construcao-de-escola-publica-no-pov-sao-raimundo-e-da-outras-providencias\/\">Decreto Municipal N\u00b0 47, 15 de dezembro de 2018. Decreta como \u00e1rea de utilidade p\u00fablica para constru\u00e7\u00e3o de escola p\u00fablica no Pov. S\u00e3o Raimundo, e d\u00e1 outras provid\u00eancias.<\/a><\/li>\n\t\t<li class=\"wsp-post\"><a href=\"https:\/\/saobernardo.ma.gov.br\/transparencia\/decretos\/decreto-municipal-n-49-15-de-dezembro-de-2018-decreta-como-area-de-utilidade-publica-para-construcao-de-escola-publica-na-sede-do-municipio-e-da-outras-providencias\/\">Decreto Municipal N\u00b0 49, 15 de dezembro de 2018. Decreta como \u00e1rea de utilidade p\u00fablica para constru\u00e7\u00e3o de escola p\u00fablica na sede do munic\u00edpio, e d\u00e1 outras provid\u00eancias.<\/a><\/li>\n\t\t<li class=\"wsp-post\"><a href=\"https:\/\/saobernardo.ma.gov.br\/transparencia\/decretos\/decreto-municipal-n-46-15-de-dezembro-de-2018-decreta-como-area-de-utilidade-publica-para-construcao-de-escola-publica-no-pov-currais-e-da-outras-providencias\/\">Decreto Municipal N\u00b0 46, 15 de dezembro de 2018. Decreta como \u00e1rea de utilidade p\u00fablica para constru\u00e7\u00e3o de escola p\u00fablica no Pov. Currais, e d\u00e1 outras provid\u00eancias.<\/a><\/li>\n\t\t<li class=\"wsp-post\"><a href=\"https:\/\/saobernardo.ma.gov.br\/transparencia\/decretos\/decreto-municipal-n-50-15-de-dezembro-de-2018-decreta-como-area-de-utilidade-publica-para-construcao-de-escola-publica-na-zona-rural-deste-municipio-e-da-outras-providencias\/\">Decreto Municipal N\u00b0 50, 15 de dezembro de 2018. Decreta como \u00e1rea de utilidade p\u00fablica para constru\u00e7\u00e3o de escola p\u00fablica na zona rural deste municipio, e d\u00e1 outras provid\u00eancias.<\/a><\/li>\n\t\t<li class=\"wsp-post\"><a href=\"https:\/\/saobernardo.ma.gov.br\/transparencia\/decretos\/decreto-n-43-28-de-novembro-de-2018-declara-de-utilidade-publica-fins-de-desapropriacao-por-fins-amigavel-ou-judical-imovel-que-especifica-objetivando-implatacao-de-escola-municipal-decre\/\">Decreto N\u00b0 43, 28 de novembro de 2018. Declara de utilidade p\u00fablica fins de desapropria\u00e7\u00e3o, por fins amigav\u00e9l ou judical, im\u00f3vel que especifica, objetivando implata\u00e7\u00e3o de escola municipal.  DECRETO MUNICIPAL N\u00b0 , E D\u00c1 OUTRAS PROVID\u00caNCIAS.<\/a><\/li>\n\t\t<li class=\"wsp-post\"><a href=\"https:\/\/saobernardo.ma.gov.br\/transparencia\/decretos\/decreto-municipal-n-40-de-05-de-setembro-de-2018-dispoe-sobre-a-implantacao-do-nucleo-de-cidadania-dos-adolescentes-nuca-do-municipio-de-sao-bernardo-ma-e-da-outras-providencias\/\">Decreto Municipal N\u00b0 40, de 05 de setembro de 2018 &#8211; disp\u00f5e sobre a implanta\u00e7\u00e3o do n\u00facleo de cidadania dos adolescentes (NUCA) do municipio de S\u00e3o Bernardo-MA e d\u00e1 outras provid\u00eancias.<\/a><\/li>\n\t\t<li class=\"wsp-post\"><a href=\"https:\/\/saobernardo.ma.gov.br\/transparencia\/decretos\/decreto-municipal-n-39-de-05-de-setembro-de-2018-institui-a-comissao-de-intersetorial-pelos-direitos-da-infancia-e-adolescencia-e-da-outras-providencias\/\">Decreto Municipal N\u00b0 39, de 05 de Setembro de 2018 &#8211; Institui a comiss\u00e3o de intersetorial pelos direitos da inf\u00e2ncia e adolesc\u00eancia e d\u00e1 outras provid\u00eancias.<\/a><\/li>\n\t\t<li class=\"wsp-post\"><a href=\"https:\/\/saobernardo.ma.gov.br\/transparencia\/decretos\/decreto-no38-2018-revoga-o-decreto-de-no37-2018-que-decretou-ponto-facultativo-no-dia-20-de-agosto-de-2018-nas-reparticoes-publicas-municipais-e-da-outras-providencias\/\">Decreto N\u00ba38\/2018 &#8211; REVOGA O DECRETO DE N\u00ba37\/2018 QUE DECRETOU PONTO FACULTATIVO NO DIA 20 DE AGOSTO DE 2018, NAS REPARTI\u00c7\u00d5ES P\u00daBLICAS MUNICIPAIS E D\u00c1 OUTRAS PROVID\u00caNCIAS.<\/a><\/li>\n\t\t<li class=\"wsp-post\"><a href=\"https:\/\/saobernardo.ma.gov.br\/transparencia\/decretos\/decreto-municipal-n36-15-de-agosto-de-2018-permissao-de-uso-do-imovel-publico-restaurante-do-balneario-do-rio-buriti-e-da-outras-providencias\/\">DECRETO MUNICIPAL N\u00b036 15 DE AGOSTO DE 2018 &#8211; PERMISS\u00c3O DE USO DO IM\u00d3VEL P\u00daBLICO (RESTAURANTE) DO BALNEARIO DO RIO BURITI, E D\u00c1 OUTRAS PROVID\u00caNCIAS.<\/a><\/li>\n\t\t<li class=\"wsp-post\"><a href=\"https:\/\/saobernardo.ma.gov.br\/transparencia\/decretos\/decreto-n-37-15-de-agosto-decreta-ponto-facultativo-no-dia-20-de-agosto-de-2018-nas-reparticoes-publicas-municipais-e-da-outras-providencias\/\">Decreto N\u00b0 37 &#8211; 15 de Agosto &#8211; Decreta Ponto Facultativo no dia 20 de agosto de 2018, nas reparti\u00e7\u00f5es p\u00fablicas municipais e d\u00e1 outras provid\u00eancias.<\/a><\/li>\n\t\t<li class=\"wsp-post\"><a href=\"https:\/\/saobernardo.ma.gov.br\/transparencia\/decretos\/decreto-municipal-n-35-de-19-de-julho-de-2018-ponto-facultativo-nos-dias-das-festividades-juninas-nas-reparticoes-publicas-municipais-e-da-outras-providencias\/\">Decreto Municipal N\u00b0 35, de 19 de Julho de 2018 &#8211; Ponto Facultativo nos dias das festividades juninas, nas reparti\u00e7\u00f5es p\u00fablicas municipais e d\u00e1 outras provid\u00eancias.<\/a><\/li>\n\t\t<li class=\"wsp-post\"><a href=\"https:\/\/saobernardo.ma.gov.br\/transparencia\/decretos\/decreto-municipal-n-35-de-13-de-julho-de-2018-regulamenta-o-artigo-3-da-lei-municipal-n-738-2018-e-da-outras-providencias\/\">Decreto Municipal N\u00b0 35, de 13 de julho de 2018 &#8211; Regulamenta o Artigo 3\u00b0, da Lei Municipal n\u00b0 738\/2018, e da outras provid\u00eancias.<\/a><\/li>\n\t\t<li class=\"wsp-post\"><a href=\"https:\/\/saobernardo.ma.gov.br\/transparencia\/decretos\/decreto-municipal-n-01-26-de-junho-de-2018-homologa-resultado-final-do-concurso-publico-realizado-pelo-municipio-de-sao-bernardo-ma\/\">Decreto Municipal N\u00b0 01, 26 de junho de 2018. Homologa resultado final do concurso p\u00fablico realizado pelo munic\u00edpio de S\u00e3o Bernardo-MA.<\/a><\/li>\n\t\t<li class=\"wsp-post\"><a href=\"https:\/\/saobernardo.ma.gov.br\/transparencia\/decretos\/decreto-n-32-ponto-facultativo-nos-jogos-da-selecao-brasileira-nas-reparticoes-publicas-municipais\/\">DECRETO N\u00b0 32 PONTO FACULTATIVO NOS JOGOS DA SELE\u00c7\u00c3O BRASILEIRA, NAS REPARTI\u00c7\u00d5ES P\u00daBLICAS MUNICIPAIS.<\/a><\/li>\n\t\t<li class=\"wsp-post\"><a href=\"https:\/\/saobernardo.ma.gov.br\/transparencia\/decretos\/decreto-n-04-de-26-de-marco-de-2018-ponto-facultativo-na-segunda-feira-dia-02-04-2018-nas-reparticoes-publicas-municipais\/\">Decreto N\u00b0 04, de 26 de mar\u00e7o de 2018, ponto facultativo na segunda feira, dia 02\/04\/2018, nas reparti\u00e7\u00f5es p\u00fablicas municipais.<\/a><\/li>\n\t\t<li class=\"wsp-post\"><a href=\"https:\/\/saobernardo.ma.gov.br\/transparencia\/decretos\/decreto-municipal-n-27-de-fevereiro-de-2018-nomeia-os-membros-do-conselho-municipal-de-saude-e-outras-providencias\/\">DECRETO MUNICIPAL N\u00b0 27, DE FEVEREIRO DE 2018- NOMEIA OS MEMBROS DO CONSELHO MUNICIPAL DE SA\u00daDE, E OUTRAS PROVID\u00caNCIAS.<\/a><\/li>\n\t\t<li class=\"wsp-post\"><a href=\"https:\/\/saobernardo.ma.gov.br\/transparencia\/decretos\/decreto-municipal-n-02-de-08-de-fevereiro-de-2018-nomeia-os-membros-do-conselho-municipal-de-saude-e-da-outras-providencias\/\">DECRETO MUNICIPAL N\u00b0 02, DE 08 DE FEVEREIRO DE 2018 Nomeia os membros do conselho municipal de sa\u00fade, e d\u00e1 outras provid\u00eancias.<\/a><\/li>\n\t\t<li class=\"wsp-post\"><a href=\"https:\/\/saobernardo.ma.gov.br\/transparencia\/decretos\/decreto-municipal-de-carnaval-2018-pmsb\/\">Decreto Municipal de carnaval 2018 pmsb<\/a><\/li>\n\t\t<li class=\"wsp-post\"><a href=\"https:\/\/saobernardo.ma.gov.br\/transparencia\/decretos\/decreto-municipal-n-07-de-fevereiro-de-2018-determina-a-retirada-de-nomes-de-pessoas-vivas-de-bens-publicos-de-qualquer-natureza-pertecentes-ao-municipio-de-sao-bernardo\/\">Decreto municipal n\u00b0 07 de fevereiro de 2018 &#8211; determina a retirada de nomes de pessoas vivas de bens p\u00fablicos de qualquer natureza pertecentes ao municipio de S\u00e3o Bernardo<\/a><\/li>\n\t\t<li class=\"wsp-post\"><a href=\"https:\/\/saobernardo.ma.gov.br\/transparencia\/decretos\/decreto-n-23-de-18-de-dezembro-de-2017-decreta-o-recesso-de-final-de-ano-nas-reparticoes-e-orgaos-publicos-municipais-e-da-outras-providencias\/\">Decreto n\u00b0 23 de 18 de dezembro de 2017 Decreta o recesso de final de ano nas reparti\u00e7\u00f5es e \u00f3rg\u00e3os p\u00fablicos municipais e da outras provid\u00eancias<\/a><\/li>\n\t\t<li class=\"wsp-post\"><a href=\"https:\/\/saobernardo.ma.gov.br\/transparencia\/decretos\/decreto-no-21-de-07-de-dezembro-de-2017-cria-a-comissao-permanente-de-processo-administrativo-disciplinar-e-da-outras-providencias\/\">Decreto N\u00ba 21 de  07 de Dezembro de 2017 Cria a Comiss\u00e3o Permanente de Processo Administrativo Disciplinar e da outras Provid\u00e8ncias.<\/a><\/li>\n\t\t<li class=\"wsp-post\"><a href=\"https:\/\/saobernardo.ma.gov.br\/transparencia\/decretos\/decreto-no-017-nomeia-os-membros-do-conselho-de-acompanhamento-social-do-fundeb-casc-para-bienio-20172019\/\">Decreto N\u00ba 017 &#8211; Nomeia os membros do conselho de acompanhamento social do Fundeb-CASC para Bi\u00eanio 2017\/2019<\/a><\/li>\n\t\t<li class=\"wsp-post\"><a href=\"https:\/\/saobernardo.ma.gov.br\/transparencia\/decretos\/decreto-no-19-ponto-facultativo-28-07-17\/\">DECRETO N\u00ba 19 PONTO FACULTATIVO 28-07-17<\/a><\/li>\n\t\t<li class=\"wsp-post\"><a href=\"https:\/\/saobernardo.ma.gov.br\/transparencia\/decretos\/decreto-no-018-regulamenta-a-lei-municipal-no-5432009-que-dispoe-sobre-a-concessao-de-beneficio-eventuais-no-ambito-da-politica-publica-de-assistencia-social-no-municipio-de-sao-bernardo\/\">Decreto N\u00ba 018 &#8211; Regulamenta a lei municipal N\u00ba 543\/2009, que disp\u00f5e sobre a concess\u00e3o de beneficio eventuais no \u00e2mbito da politica p\u00fablica de assist\u00eancia social no municipio de S\u00e3o Bernardo<\/a><\/li>\n\t\t<li class=\"wsp-post\"><a href=\"https:\/\/saobernardo.ma.gov.br\/transparencia\/decretos\/ponto-facultativo-no-dia-10-de-julho-de-2017\/\">PONTO FACULTATIVO NO DIA 10 DE JULHO DE 2017<\/a><\/li>\n\t\t<li class=\"wsp-post\"><a href=\"https:\/\/saobernardo.ma.gov.br\/transparencia\/decretos\/decreto-0142017-comissao-do-concurso-publico-municipal\/\">DECRETO 014\/2017 Comiss\u00e3o do Concurso Publico Municipal<\/a><\/li>\n\t\t<li class=\"wsp-post\"><a href=\"https:\/\/saobernardo.ma.gov.br\/transparencia\/decretos\/decreto-n-162017-nomeia-os-membros-do-conselho-municipal-de-alimentacao-para-o-quadrienio-20172021\/\">Decreto N\u00b0 16\/2017 Nomeia os membros do conselho municipal de alimenta\u00e7\u00e3o para o quadri\u00eanio 2017\/2021<\/a><\/li>\n\t\t<li class=\"wsp-post\"><a href=\"https:\/\/saobernardo.ma.gov.br\/transparencia\/decretos\/decreto-no-03-fazer-depois-da-lei-de-estrutura\/\">DECRETO N\u00ba 03 FAZER DEPOIS DA LEI DE ESTRUTURA<\/a><\/li>\n\t\t<li class=\"wsp-post\"><a href=\"https:\/\/saobernardo.ma.gov.br\/transparencia\/decretos\/comite-para-a-elaboracao-do-plano-municpal-de-saneamento-basico\/\">Comit\u00ea para a elabora\u00e7\u00e3o do Plano Municpal de Saneamento B\u00e1sico<\/a><\/li>\n\t\t<li class=\"wsp-post\"><a href=\"https:\/\/saobernardo.ma.gov.br\/transparencia\/decretos\/decreto-n12-11-de-abril-de-2017-conferencia-municipal\/\">Decreto n12 &#8211; 11 de abril de 2017 &#8211; conferencia municipal<\/a><\/li>\n\t\t<li class=\"wsp-post\"><a href=\"https:\/\/saobernardo.ma.gov.br\/transparencia\/decretos\/decreto-no-2-dispoe-sobre-o-distrato-de-pessoal-da-administracao-direta-da-prefeitura-municipal\/\">Decreto N\u00ba 2 &#8211; Disp\u00f5e sobre o distrato de pessoal da administra\u00e7\u00e3o direta da prefeitura municipal<\/a><\/li>\n<\/ul><\/li>\n\t<li><strong class=\"wsp-category-title\">Category: <a href=\"https:\/\/saobernardo.ma.gov.br\/transparencia\/category\/diarias\/\">Di\u00e1rias<\/a><\/strong>\n<ul class=\"wsp-posts-list\">\t\t<li class=\"wsp-post\"><a href=\"https:\/\/saobernardo.ma.gov.br\/transparencia\/diarias\/gastos-com-diarias-marco-de-2026\/\">Gastos com Di\u00e1rias \u2013 mar\u00e7o de 2026<\/a><\/li>\n\t\t<li class=\"wsp-post\"><a href=\"https:\/\/saobernardo.ma.gov.br\/transparencia\/diarias\/gastos-com-diarias-fevereiro-de-2026\/\">Gastos com Di\u00e1rias \u2013 fevereiro de 2026<\/a><\/li>\n\t\t<li class=\"wsp-post\"><a href=\"https:\/\/saobernardo.ma.gov.br\/transparencia\/diarias\/gastos-com-diarias-janeiro-de-2026\/\">Gastos com Di\u00e1rias \u2013 Janeiro de 2026<\/a><\/li>\n\t\t<li class=\"wsp-post\"><a href=\"https:\/\/saobernardo.ma.gov.br\/transparencia\/diarias\/gastos-com-diarias-novembro-de-2025\/\">Gastos com Di\u00e1rias- Novembro de 2025<\/a><\/li>\n\t\t<li class=\"wsp-post\"><a href=\"https:\/\/saobernardo.ma.gov.br\/transparencia\/diarias\/gastos-com-diarias-outubro-de-2025\/\">Gastos com Di\u00e1rias- Outubro de 2025<\/a><\/li>\n\t\t<li class=\"wsp-post\"><a href=\"https:\/\/saobernardo.ma.gov.br\/transparencia\/diarias\/gastos-com-diarias-setembro-de-2025\/\">Gastos com Di\u00e1rias \u2013 setembro de 2025<\/a><\/li>\n\t\t<li class=\"wsp-post\"><a href=\"https:\/\/saobernardo.ma.gov.br\/transparencia\/diarias\/gastos-com-diarias-agosto-de-2025\/\">Gastos com Di\u00e1rias \u2013 agosto de 2025<\/a><\/li>\n\t\t<li class=\"wsp-post\"><a href=\"https:\/\/saobernardo.ma.gov.br\/transparencia\/diarias\/gastos-com-diarias-julho-de-2025\/\">Gastos com Di\u00e1rias \u2013 Julho de 2025<\/a><\/li>\n\t\t<li class=\"wsp-post\"><a href=\"https:\/\/saobernardo.ma.gov.br\/transparencia\/diarias\/gastos-com-diarias-junho-de-2025\/\">Gastos com Di\u00e1rias \u2013 Junho de 2025<\/a><\/li>\n\t\t<li class=\"wsp-post\"><a href=\"https:\/\/saobernardo.ma.gov.br\/transparencia\/diarias\/gastos-com-diarias-abril-de-2025\/\">Gastos com Di\u00e1rias \u2013 Maio de 2025<\/a><\/li>\n\t\t<li class=\"wsp-post\"><a href=\"https:\/\/saobernardo.ma.gov.br\/transparencia\/diarias\/gastos-com-diarias-abril-de-2025-2\/\">Gastos com Di\u00e1rias \u2013 abril de 2025<\/a><\/li>\n\t\t<li class=\"wsp-post\"><a href=\"https:\/\/saobernardo.ma.gov.br\/transparencia\/diarias\/gastos-com-diarias-marco-de-2025\/\">Gastos com Di\u00e1rias \u2013 mar\u00e7o de 2025<\/a><\/li>\n\t\t<li class=\"wsp-post\"><a href=\"https:\/\/saobernardo.ma.gov.br\/transparencia\/diarias\/gastos-com-diarias-fevereiro-de-2025\/\">Gastos com Di\u00e1rias \u2013 Fevereiro de 2025<\/a><\/li>\n\t\t<li class=\"wsp-post\"><a href=\"https:\/\/saobernardo.ma.gov.br\/transparencia\/diarias\/gastos-com-diarias-janeiro-de-2025\/\">Gastos com Di\u00e1rias \u2013 Janeiro de 2025<\/a><\/li>\n\t\t<li class=\"wsp-post\"><a href=\"https:\/\/saobernardo.ma.gov.br\/transparencia\/diarias\/gastos-com-diarias-dezembro-de-2024\/\">Declara\u00e7\u00e3o de suspens\u00e3o de  Di\u00e1rias \u2013 Dezembro de 2024<\/a><\/li>\n\t\t<li class=\"wsp-post\"><a href=\"https:\/\/saobernardo.ma.gov.br\/transparencia\/diarias\/gastos-com-diarias-novembro-de-2024\/\">Gastos com Di\u00e1rias \u2013 Novembro de 2024<\/a><\/li>\n\t\t<li class=\"wsp-post\"><a href=\"https:\/\/saobernardo.ma.gov.br\/transparencia\/diarias\/gastos-com-diarias-outubro-de-2024\/\">Gastos com Di\u00e1rias- Outubro de 2024<\/a><\/li>\n\t\t<li class=\"wsp-post\"><a href=\"https:\/\/saobernardo.ma.gov.br\/transparencia\/diarias\/gastos-com-diarias-setembro-de-2024\/\">Gastos com Di\u00e1rias- Setembro de 2024<\/a><\/li>\n\t\t<li class=\"wsp-post\"><a href=\"https:\/\/saobernardo.ma.gov.br\/transparencia\/diarias\/gastos-com-diarias-agosto-de-2024\/\">Gastos com Di\u00e1rias- Agosto de 2024<\/a><\/li>\n\t\t<li class=\"wsp-post\"><a href=\"https:\/\/saobernardo.ma.gov.br\/transparencia\/diarias\/gastos-com-diarias-julho-de-2024\/\">Gastos com Di\u00e1rias- Julho de 2024<\/a><\/li>\n\t\t<li class=\"wsp-post\"><a href=\"https:\/\/saobernardo.ma.gov.br\/transparencia\/diarias\/gastos-com-diarias-junho-de-2024\/\">Gastos com Di\u00e1rias- Junho de 2024<\/a><\/li>\n\t\t<li class=\"wsp-post\"><a href=\"https:\/\/saobernardo.ma.gov.br\/transparencia\/diarias\/gastos-com-diarias-maio-de-2024\/\">Gastos com Di\u00e1rias \u2013 Maio de 2024<\/a><\/li>\n\t\t<li class=\"wsp-post\"><a href=\"https:\/\/saobernardo.ma.gov.br\/transparencia\/diarias\/gastos-com-diarias-abril-de-2024\/\">Gastos com Di\u00e1rias \u2013 Abril de 2024<\/a><\/li>\n\t\t<li class=\"wsp-post\"><a href=\"https:\/\/saobernardo.ma.gov.br\/transparencia\/diarias\/gastos-com-diarias-marco-de-2024\/\">Gastos com Di\u00e1rias \u2013 mar\u00e7o de 2024<\/a><\/li>\n\t\t<li class=\"wsp-post\"><a href=\"https:\/\/saobernardo.ma.gov.br\/transparencia\/diarias\/gastos-com-diarias-fevereiro-de-2024\/\">Gastos com Di\u00e1rias \u2013 Fevereiro de 2024<\/a><\/li>\n\t\t<li class=\"wsp-post\"><a href=\"https:\/\/saobernardo.ma.gov.br\/transparencia\/diarias\/gastos-com-diarias-janeiro-de-2023-2\/\">Gastos com Di\u00e1rias \u2013 Janeiro de 2024<\/a><\/li>\n\t\t<li class=\"wsp-post\"><a href=\"https:\/\/saobernardo.ma.gov.br\/transparencia\/diarias\/gastos-com-diarias-novembro-de-2023\/\">Gastos com Di\u00e1rias \u2013 Novembro de 2023<\/a><\/li>\n\t\t<li class=\"wsp-post\"><a href=\"https:\/\/saobernardo.ma.gov.br\/transparencia\/diarias\/gastos-com-diarias-outubro-de-2023\/\">Gastos com Di\u00e1rias \u2013 Outubro de 2023<\/a><\/li>\n\t\t<li class=\"wsp-post\"><a href=\"https:\/\/saobernardo.ma.gov.br\/transparencia\/diarias\/gastos-com-diarias-setembro-de-2023\/\">Gastos com Di\u00e1rias- Setembro de 2023<\/a><\/li>\n\t\t<li class=\"wsp-post\"><a href=\"https:\/\/saobernardo.ma.gov.br\/transparencia\/diarias\/gastos-com-diarias-agosto-de-2023\/\">Gastos com Di\u00e1rias- Agosto de 2023<\/a><\/li>\n\t\t<li class=\"wsp-post\"><a href=\"https:\/\/saobernardo.ma.gov.br\/transparencia\/diarias\/gastos-com-diarias-julho-de-2023\/\">Gastos com Di\u00e1rias- Julho  de 2023<\/a><\/li>\n\t\t<li class=\"wsp-post\"><a href=\"https:\/\/saobernardo.ma.gov.br\/transparencia\/diarias\/gastos-com-diarias-junho-de-2023\/\">Gastos com Di\u00e1rias- Junho de 2023<\/a><\/li>\n\t\t<li class=\"wsp-post\"><a href=\"https:\/\/saobernardo.ma.gov.br\/transparencia\/diarias\/gastos-com-diarias-maio-de-2023\/\">Gastos com Di\u00e1rias \u2013 Maio de 2023<\/a><\/li>\n\t\t<li class=\"wsp-post\"><a href=\"https:\/\/saobernardo.ma.gov.br\/transparencia\/diarias\/gastos-com-diarias-abril-2023\/\">Gastos com Di\u00e1rias \u2013 Abril de 2023<\/a><\/li>\n\t\t<li class=\"wsp-post\"><a href=\"https:\/\/saobernardo.ma.gov.br\/transparencia\/diarias\/gastos-com-diarias-marco-de-2023\/\">Gastos com Di\u00e1rias \u2013 mar\u00e7o de 2023<\/a><\/li>\n\t\t<li class=\"wsp-post\"><a href=\"https:\/\/saobernardo.ma.gov.br\/transparencia\/diarias\/gastos-com-diarias-fevereiro-de-2023\/\">Gastos com Di\u00e1rias \u2013 Fevereiro de 2023<\/a><\/li>\n\t\t<li class=\"wsp-post\"><a href=\"https:\/\/saobernardo.ma.gov.br\/transparencia\/diarias\/gastos-com-diarias-janeiro-de-2023\/\">Gastos com Di\u00e1rias \u2013 Janeiro de 2023<\/a><\/li>\n\t\t<li class=\"wsp-post\"><a href=\"https:\/\/saobernardo.ma.gov.br\/transparencia\/diarias\/gastos-com-diarias-dezembro-de-2022\/\">Gastos com Di\u00e1rias \u2013 Dezembro de 2022<\/a><\/li>\n\t\t<li class=\"wsp-post\"><a href=\"https:\/\/saobernardo.ma.gov.br\/transparencia\/diarias\/gastos-com-diarias-novembro-de-2022\/\">Gastos com Di\u00e1rias \u2013 Novembro de 2022<\/a><\/li>\n\t\t<li class=\"wsp-post\"><a href=\"https:\/\/saobernardo.ma.gov.br\/transparencia\/diarias\/gastos-com-diarias-outubro-de-2022\/\">Gastos com Di\u00e1rias \u2013 Outubro de 2022<\/a><\/li>\n\t\t<li class=\"wsp-post\"><a href=\"https:\/\/saobernardo.ma.gov.br\/transparencia\/diarias\/gastos-com-diarias-setembro-de-2022\/\">Gastos com Di\u00e1rias \u2013 Setembro de 2022<\/a><\/li>\n\t\t<li class=\"wsp-post\"><a href=\"https:\/\/saobernardo.ma.gov.br\/transparencia\/diarias\/gastos-com-diarias-agosto-de-2022\/\">Gastos com Di\u00e1rias- Agosto de 2022<\/a><\/li>\n\t\t<li class=\"wsp-post\"><a href=\"https:\/\/saobernardo.ma.gov.br\/transparencia\/diarias\/gastos-com-diarias-julho-de-2022\/\">Gastos com Di\u00e1rias- Julho de 2022<\/a><\/li>\n\t\t<li class=\"wsp-post\"><a href=\"https:\/\/saobernardo.ma.gov.br\/transparencia\/diarias\/gastos-com-diarias-junho-de-2022\/\">Gastos com Di\u00e1rias- Junho de 2022<\/a><\/li>\n\t\t<li class=\"wsp-post\"><a href=\"https:\/\/saobernardo.ma.gov.br\/transparencia\/diarias\/gastos-com-diarias-maio-de-2022\/\">Gastos com Di\u00e1rias \u2013 Maio de 2022<\/a><\/li>\n\t\t<li class=\"wsp-post\"><a href=\"https:\/\/saobernardo.ma.gov.br\/transparencia\/diarias\/gastos-com-diarias-abril-2022\/\">Gastos com Di\u00e1rias \u2013 Abril 2022<\/a><\/li>\n\t\t<li class=\"wsp-post\"><a href=\"https:\/\/saobernardo.ma.gov.br\/transparencia\/diarias\/gastos-com-diarias-marco-de-2022\/\">Gastos com Di\u00e1rias \u2013 mar\u00e7o de 2022<\/a><\/li>\n\t\t<li class=\"wsp-post\"><a href=\"https:\/\/saobernardo.ma.gov.br\/transparencia\/diarias\/gastos-com-diarias-fevereiro-de-2022\/\">Gastos com Di\u00e1rias \u2013 Fevereiro de 2022<\/a><\/li>\n\t\t<li class=\"wsp-post\"><a href=\"https:\/\/saobernardo.ma.gov.br\/transparencia\/diarias\/gastos-com-diarias-janeiro-de-2022\/\">Gastos com Di\u00e1rias \u2013 Janeiro de 2022<\/a><\/li>\n\t\t<li class=\"wsp-post\"><a href=\"https:\/\/saobernardo.ma.gov.br\/transparencia\/diarias\/gastos-com-diarias-dezembro-2021\/\">Gastos com Di\u00e1rias &#8211; Dezembro 2021<\/a><\/li>\n\t\t<li class=\"wsp-post\"><a href=\"https:\/\/saobernardo.ma.gov.br\/transparencia\/diarias\/gastos-com-diarias-novembro-de-2021\/\">Gastos com Di\u00e1rias &#8211; Novembro de 2021<\/a><\/li>\n\t\t<li class=\"wsp-post\"><a href=\"https:\/\/saobernardo.ma.gov.br\/transparencia\/diarias\/gastos-com-diarias-outubro-de-2021\/\">Gastos com Di\u00e1rias &#8211; Outubro de 2021<\/a><\/li>\n\t\t<li class=\"wsp-post\"><a href=\"https:\/\/saobernardo.ma.gov.br\/transparencia\/diarias\/gastos-com-diarias-setembro-de-2021\/\">Gastos com Di\u00e1rias &#8211; Setembro de 2021<\/a><\/li>\n\t\t<li class=\"wsp-post\"><a href=\"https:\/\/saobernardo.ma.gov.br\/transparencia\/diarias\/gastos-com-diarias-julho-de-2021\/\">Gastos com Di\u00e1rias &#8211; Julho de 2021<\/a><\/li>\n\t\t<li class=\"wsp-post\"><a href=\"https:\/\/saobernardo.ma.gov.br\/transparencia\/diarias\/gasto-de-diarias-junho-de-2021\/\">Gastos com Di\u00e1rias- Junho de 2021<\/a><\/li>\n\t\t<li class=\"wsp-post\"><a href=\"https:\/\/saobernardo.ma.gov.br\/transparencia\/diarias\/gastos-com-diarias-maio-de-2021\/\">Gastos com Di\u00e1rias- Maio de 2021<\/a><\/li>\n\t\t<li class=\"wsp-post\"><a href=\"https:\/\/saobernardo.ma.gov.br\/transparencia\/diarias\/gastos-com-diarias-fevereiro-de-2021\/\">Gastos com Di\u00e1rias &#8211; Fevereiro de 2021<\/a><\/li>\n\t\t<li class=\"wsp-post\"><a href=\"https:\/\/saobernardo.ma.gov.br\/transparencia\/diarias\/gastos-com-diarias-janeiro-de-2021\/\">Gastos com Di\u00e1rias &#8211; Janeiro de 2021<\/a><\/li>\n\t\t<li class=\"wsp-post\"><a href=\"https:\/\/saobernardo.ma.gov.br\/transparencia\/diarias\/gastos-com-diarias-janeiro-2021\/\">Gastos com Di\u00e1rias \u2013 Janeiro 2021<\/a><\/li>\n\t\t<li class=\"wsp-post\"><a href=\"https:\/\/saobernardo.ma.gov.br\/transparencia\/diarias\/gastos-com-diarias-novembro-de-2019\/\">Gastos com Di\u00e1rias &#8211; novembro de 2019<\/a><\/li>\n\t\t<li class=\"wsp-post\"><a href=\"https:\/\/saobernardo.ma.gov.br\/transparencia\/diarias\/gastos-com-diarias-outubro-de-2019\/\">Gastos com Di\u00e1rias &#8211; outubro de 2019<\/a><\/li>\n\t\t<li class=\"wsp-post\"><a href=\"https:\/\/saobernardo.ma.gov.br\/transparencia\/diarias\/gastos-com-diarias-setembro-de-2019\/\">Gastos com Di\u00e1rias &#8211; setembro de 2019<\/a><\/li>\n\t\t<li class=\"wsp-post\"><a href=\"https:\/\/saobernardo.ma.gov.br\/transparencia\/diarias\/gastos-com-diarias-julho-de-2019\/\">Gastos com Di\u00e1rias &#8211; julho de 2019<\/a><\/li>\n\t\t<li class=\"wsp-post\"><a href=\"https:\/\/saobernardo.ma.gov.br\/transparencia\/diarias\/gastos-com-diarias-junho-de-2019\/\">Gastos com Di\u00e1rias &#8211; Junho de 2019<\/a><\/li>\n\t\t<li class=\"wsp-post\"><a href=\"https:\/\/saobernardo.ma.gov.br\/transparencia\/diarias\/gastos-com-diarias-maio-2019\/\">Gastos com Di\u00e1rias &#8211; maio 2019<\/a><\/li>\n\t\t<li class=\"wsp-post\"><a href=\"https:\/\/saobernardo.ma.gov.br\/transparencia\/diarias\/gastos-com-diarias-abril-2019\/\">Gastos com Di\u00e1rias &#8211; Abril 2019<\/a><\/li>\n\t\t<li class=\"wsp-post\"><a href=\"https:\/\/saobernardo.ma.gov.br\/transparencia\/diarias\/gastos-com-diarias-marco-de-2019\/\">Gastos com Di\u00e1rias &#8211; mar\u00e7o de 2019<\/a><\/li>\n\t\t<li class=\"wsp-post\"><a href=\"https:\/\/saobernardo.ma.gov.br\/transparencia\/diarias\/gastos-com-diarias-fevereiro-de-2019\/\">Gastos com Di\u00e1rias &#8211; fevereiro de 2019<\/a><\/li>\n\t\t<li class=\"wsp-post\"><a href=\"https:\/\/saobernardo.ma.gov.br\/transparencia\/diarias\/gastos-com-diarias-janeiro-de-2019\/\">Gastos com Di\u00e1rias &#8211; Janeiro de 2019<\/a><\/li>\n<\/ul><\/li>\n\t<li><strong class=\"wsp-category-title\">Category: <a href=\"https:\/\/saobernardo.ma.gov.br\/transparencia\/category\/edital\/\">Edital<\/a><\/strong>\n<ul class=\"wsp-posts-list\">\t\t<li class=\"wsp-post\"><a href=\"https:\/\/saobernardo.ma.gov.br\/transparencia\/edital\/resultado-final-referente-ao-edital-de-chamamento-publico-no-01-2026-edital-de-fomento-a-cultura\/\">RESULTADO FINAL referente ao EDITAL DE CHAMAMENTO P\u00daBLICO N\u00ba 01\/2026 \u2013 EDITAL DE FOMENTO \u00c0 CULTURA<\/a><\/li>\n\t\t<li class=\"wsp-post\"><a href=\"https:\/\/saobernardo.ma.gov.br\/transparencia\/edital\/lista-de-habilitados-referente-ao-edital-de-chamamento-publico-no-01-2026-edital-de-fomento-a-cultura\/\">LISTA DE HABILITADOS referente ao EDITAL DE CHAMAMENTO P\u00daBLICO N\u00ba 01\/2026 \u2013 EDITAL DE FOMENTO \u00c0 CULTURA<\/a><\/li>\n\t\t<li class=\"wsp-post\"><a href=\"https:\/\/saobernardo.ma.gov.br\/transparencia\/edital\/edital-de-chamamento-publico-no-001-2026-edital-de-fomento-a-cultura\/\">EDITAL DE CHAMAMENTO P\u00daBLICO N\u00ba 001\/2026 \u2013 EDITAL DE FOMENTO \u00c0 CULTURA<\/a><\/li>\n\t\t<li class=\"wsp-post\"><a href=\"https:\/\/saobernardo.ma.gov.br\/transparencia\/edital\/termo-aditivo-no-01-ao-edital-de-matricula-no-001-2026\/\">TERMO ADITIVO N\u00ba 01 AO EDITAL DE MATR\u00cdCULA N\u00ba 001\/2026<\/a><\/li>\n\t\t<li class=\"wsp-post\"><a href=\"https:\/\/saobernardo.ma.gov.br\/transparencia\/edital\/edital-de-matricula-no-001-2026-dispoe-sobre-as-diretrizes-para-matricula-no-ensino-fundamental-educacao-infantil-e-educacao-de-jovens-e-adultos-nas-escolas-da-rede-publica-municipal-de-ensino-para\/\">EDITAL DE MATR\u00cdCULA N\u00ba 001\/2026 &#8211; Disp\u00f5e sobre as diretrizes para matr\u00edcula no Ensino Fundamental, Educa\u00e7\u00e3o Infantil e Educa\u00e7\u00e3o de Jovens e Adultos nas Escolas da Rede P\u00fablica Municipal de Ensino para o ano letivo de 2026.<\/a><\/li>\n\t\t<li class=\"wsp-post\"><a href=\"https:\/\/saobernardo.ma.gov.br\/transparencia\/edital\/edital-de-matricula-no-002-2024-dispoe-sobre-as-diretrizes-para-matricula-no-ensino-fundamental-educacao-infantil-e-educacao-de-jovens-e-adultos-nas-escolas-da-rede-publica-municipal-de-ensino-par\/\">EDITAL DE MATR\u00cdCULA N\u00ba 002\/2024 &#8211; Disp\u00f5e sobre as diretrizes para matr\u00edcula no Ensino Fundamental, Educa\u00e7\u00e3o Infantil e  Educa\u00e7\u00e3o de Jovens e Adultos nas Escolas da Rede P\u00fablica Municipal de Ensino para o ano  letivo de 2025.<\/a><\/li>\n\t\t<li class=\"wsp-post\"><a href=\"https:\/\/saobernardo.ma.gov.br\/transparencia\/edital\/lista-de-resultado-final-referente-ao-edital-de-chamamento-publico-no-01-2024-edital-de-premiacao-cultural\/\">LISTA DE RESULTADO FINAL referente ao EDITAL DE CHAMAMENTO P\u00daBLICO N\u00ba 01\/2024 \u2013 EDITAL DE PREMIA\u00c7\u00c3O CULTURAL<\/a><\/li>\n\t\t<li class=\"wsp-post\"><a href=\"https:\/\/saobernardo.ma.gov.br\/transparencia\/edital\/o-edital-de-chamamento-publico-no-01-2024-edital-de-premiacao-cultural\/\">O EDITAL DE CHAMAMENTO P\u00daBLICO NO 01\/2024 &#8211; EDITAL DE PREMIA\u00c7\u00c3O CULTURAL<\/a><\/li>\n\t\t<li class=\"wsp-post\"><a href=\"https:\/\/saobernardo.ma.gov.br\/transparencia\/edital\/edital-de-chamamento-publico-no-01-2024-edital-de-premiacao-cultural\/\">EDITAL DE CHAMAMENTO P\u00daBLICO N\u00ba 01\/2024 \u2013 EDITAL DE PREMIA\u00c7\u00c3O CULTURAL<\/a><\/li>\n\t\t<li class=\"wsp-post\"><a href=\"https:\/\/saobernardo.ma.gov.br\/transparencia\/edital\/resultado-edital-001-2024-feira-da-matriz-classificados-agricultura\/\">RESULTADO EDITAL 001\/2024 FEIRA DA MATRIZ &#8211;  Conectando pessoas, celebrando ra\u00edzes\u201d<\/a><\/li>\n\t\t<li class=\"wsp-post\"><a href=\"https:\/\/saobernardo.ma.gov.br\/transparencia\/edital\/edital-de-convocacao-001-2024-feira-da-matriz-conectando-pessoas-celebrando-raizes\/\">Edital de Convoca\u00e7\u00e3o 001\/2024 \u201cFEIRA DA MATRIZ: Conectando pessoas, celebrando ra\u00edzes\u201d<\/a><\/li>\n\t\t<li class=\"wsp-post\"><a href=\"https:\/\/saobernardo.ma.gov.br\/transparencia\/edital\/edital-de-matricula-no-001-2024-dispoe-sobre-as-diretrizes-para-matricula-na-educacao-infantil-ensino-fundamental-e-educacao-de-jovens-e-adultos-nas-escolas-da-rede-publica-municipal-de-ensino-par\/\">EDITAL DE MATR\u00cdCULA N\u00ba 001\/2024 &#8211; Disp\u00f5e sobre as diretrizes para matr\u00edcula na Educa\u00e7\u00e3o Infantil, Ensino Fundamental e Educa\u00e7\u00e3o de Jovens e Adultos, nas Escolas da Rede P\u00fablica Municipal de Ensino para o ano letivo 2024.<\/a><\/li>\n\t\t<li class=\"wsp-post\"><a href=\"https:\/\/saobernardo.ma.gov.br\/transparencia\/edital\/resultado-final-do-seletivo-de-gestores-escolares-da-rede-municipal-de-educacao-de-sao-bernardo-ma-edital-001-2023\/\">RESULTADO FINAL DO SELETIVO DE GESTORES ESCOLARES DA REDE MUNICIPAL DE EDUCA\u00c7\u00c3O DE S\u00c3O BERNARDO \u2013 MA | EDITAL 001\/2023<\/a><\/li>\n\t\t<li class=\"wsp-post\"><a href=\"https:\/\/saobernardo.ma.gov.br\/transparencia\/edital\/resultado-preliminar-das-titulacoes-e-entrevistas-do-seletivo-de-gestores-escolares-da-rede-municipal-de-educacao-de-sao-bernardo-ma-edital-001-2023\/\">RESULTADO PRELIMINAR DAS TITULA\u00c7O\u00caS E ENTREVISTAS DO SELETIVO DE GESTORES ESCOLARES DA REDE MUNICIPAL DE EDUCA\u00c7\u00c3O DE S\u00c3O BERNARDO \u2013 MA | EDITAL 001\/2023<\/a><\/li>\n\t\t<li class=\"wsp-post\"><a href=\"https:\/\/saobernardo.ma.gov.br\/transparencia\/edital\/resultado-final-das-inscricoes-do-seletivo-de-gestores-escolares-da-rede-municipal-de-educacao-de-sao-bernardo-ma-edital-001-2023\/\">RESULTADO FINAL DAS INSCRI\u00c7\u00d4ES DO SELETIVO DE GESTORES ESCOLARES DA REDE MUNICIPAL DE EDUCA\u00c7\u00c3O DE S\u00c3O BERNARDO \u2013 MA &#8211; EDITAL 001\/2023<\/a><\/li>\n\t\t<li class=\"wsp-post\"><a href=\"https:\/\/saobernardo.ma.gov.br\/transparencia\/edital\/resultado-preliminar-do-seletivo-de-gestores-escolares-da-rede-municipal-de-educacao-de-sao-bernardo-ma-edital-001-2023\/\">RESULTADO PRELIMINAR DO SELETIVO DE GESTORES ESCOLARES DA REDE MUNICIPAL DE EDUCA\u00c7\u00c3O DE S\u00c3O BERNARDO \u2013 MA | EDITAL 001\/2023<\/a><\/li>\n\t\t<li class=\"wsp-post\"><a href=\"https:\/\/saobernardo.ma.gov.br\/transparencia\/edital\/edital-no-09-2023-cmdca-de-publicacao-da-homologacao-do-resultado-final-do-processo-de-escolha-dos-membros-do-conselho-tutelar-do-municipio-de-sao-bernardo-ma\/\">EDITAL N\u00ba 09\/2023\/CMDCA, DE PUBLICA\u00c7\u00c3O DA HOMOLOGA\u00c7\u00c3O DO RESULTADO FINAL DO PROCESSO DE ESCOLHA DOS MEMBROS DO CONSELHO TUTELAR, DO MUNIC\u00cdPIO DE S\u00c3O BERNARDO\/MA.<\/a><\/li>\n\t\t<li class=\"wsp-post\"><a href=\"https:\/\/saobernardo.ma.gov.br\/transparencia\/edital\/edital-no-08-2023-cmdca-de-publicacao-do-resultado-da-votacao-a-comissao-especial-para-o-processo-de-escolha-dos-membros-do-conselho-tutelar-constituida-pelo-conselho-municipal-dos-direitos-da-cri\/\">EDITAL N\u00ba 08\/2023\/CMDCA, DE PUBLICA\u00c7\u00c3O DO RESULTADO DA VOTA\u00c7\u00c3O &#8211; A Comiss\u00e3o Especial para o Processo de Escolha dos Membros do Conselho Tutelar, constitu\u00edda pelo Conselho Municipal dos Direitos da Crian\u00e7a e do Adolescente do Munic\u00edpio de S\u00e3o Bernardo, na forma da Resolu\u00e7\u00e3o n\u00ba 08\/2023, torna p\u00fablico o resultado da elei\u00e7\u00e3o dos membros do Conselho Tutelar do Munic\u00edpio de S\u00e3o Bernardo\/MA, realizada no dia 1\u00ba de outubro de 2023.<\/a><\/li>\n\t\t<li class=\"wsp-post\"><a href=\"https:\/\/saobernardo.ma.gov.br\/transparencia\/edital\/edital-no-07-2023-cmdca-convocacao-de-mesarios-presidentes-de-mesa-e-escrutinadores-e-define-data-para-reuniao-com-referidos-servidores-candidatos-e-fiscais\/\">EDITAL N\u00ba 07\/2023\/CMDCA, CONVOCA\u00c7\u00c3O DE MES\u00c1RIOS, PRESIDENTES DE MESA E ESCRUTINADORES, E DEFINE DATA PARA REUNI\u00c3O COM REFERIDOS SERVIDORES, CANDIDATOS E FISCAIS.<\/a><\/li>\n\t\t<li class=\"wsp-post\"><a href=\"https:\/\/saobernardo.ma.gov.br\/transparencia\/edital\/edital-no-06-2023-cmdca-de-convocacao-dos-eleitores-edital-de-convocacao-dos-eleitores-do-municipio-de-sao-bernardo-para-o-processo-de-escolha-dos-membros-do-conselho-tutelar-do-municipio-de-sao-be\/\">EDITAL N\u00ba 06\/2023\/CMDCA, DE CONVOCA\u00c7\u00c3O DOS ELEITORES &#8211; Edital de convoca\u00e7\u00e3o dos eleitores do Munic\u00edpio de S\u00e3o Bernardo para o processo de escolha dos membros do Conselho Tutelar do Munic\u00edpio de S\u00e3o Bernardo, para o per\u00edodo de 2024 a 2028.<\/a><\/li>\n\t\t<li class=\"wsp-post\"><a href=\"https:\/\/saobernardo.ma.gov.br\/transparencia\/edital\/edital-para-realizacao-de-escolha-de-diretor-escolar-a-secretaria-municipal-de-educacao-ciencia-e-tecnologia-e-inovacao-semecti-de-sao-bernardo-ma-atraves-das-competencias-que-lhes-sao-conferida\/\">EDITAL PARA REALIZA\u00c7\u00c3O DE ESCOLHA DE DIRETOR ESCOLAR &#8211; A Secretaria Municipal de Educa\u00e7\u00e3o, Ci\u00eancia e Tecnologia e Inova\u00e7\u00e3o- SEMECTI, de S\u00e3o Bernardo-MA, atraves das competencias que lhes s\u00e3o conferidas, resolve, por meio do presente instrumento, estabelecer datas, normas e procedimentos acerca da realiza\u00e7\u00e3o da escolha dos diretores das escolas da Rede Municipal de Ensino de S\u00e3o Bernardo-MA, nos termos da Lei de n\u00ba 800, de 31 de agosto de 2022 e da Lei de n\u00ba 811, de 12 de setembro de 2023, conforme-as disposi\u00e7\u00f5es que segue in verbis:<\/a><\/li>\n\t\t<li class=\"wsp-post\"><a href=\"https:\/\/saobernardo.ma.gov.br\/transparencia\/edital\/ato-de-revogacao-de-chamada-publica-revogar-o-edital-de-chamamento-publico-no-001-2023-de-28-de-julho-de-2023\/\">ATO DE REVOGA\u00c7\u00c3O DE CHAMADA P\u00daBLICA &#8211; REVOGAR O EDITAL DE CHAMAMENTO P\u00daBLICO N\u00ba 001\/2023, de 28 de julho de 2023<\/a><\/li>\n\t\t<li class=\"wsp-post\"><a href=\"https:\/\/saobernardo.ma.gov.br\/transparencia\/edital\/edital-de-chamamento-publico-no-001-2023-municipio-de-sao-bernardo-secretaria-municipal-de-comunicacao-e-cultura-comissao-de-selecao-e-julgamento-de-chamaentos-publicos-lei-paulo-gustavo-cnpj-06\/\">EDITAL DE CHAMAMENTO P\u00daBLICO N\u00ba 001\/2023 &#8211; MUNIC\u00cdPIO DE S\u00c3O BERNARDO  SECRET\u00c1RIA MUNICIPAL DE COMUNICA\u00c7\u00c3O E CULTURA  COMISS\u00c3O DE SELE\u00c7\u00c3O E JULGAMENTO DE CHAMAENTOS P\u00daBLICOS LEI PAULO GUSTAVO CNPJ: 06.125.389\/0001-88.<\/a><\/li>\n\t\t<li class=\"wsp-post\"><a href=\"https:\/\/saobernardo.ma.gov.br\/transparencia\/edital\/edital-no-06-2023-cmdca-torna-publico-a-relacao-dos-candidatosas-aptos-a-concorrerem-ao-processo-de-escolha-para-conselho-tutelar-em-2023\/\">Edital N\u00ba 06\/2023\/CMDCA &#8211; Torna p\u00fablico a rela\u00e7\u00e3o dos Candidatos(as) aptos a concorrerem ao processo de escolha para Conselho Tutelar em 2023.<\/a><\/li>\n\t\t<li class=\"wsp-post\"><a href=\"https:\/\/saobernardo.ma.gov.br\/transparencia\/edital\/edital-no-05-2023-cmdca-a-comissao-especial-do-processo-de-escolha-para-membros-do-conselho-tutelar-de-sao-bernardo-ma\/\">Edital N\u00ba 05\/2023\/CMDCA &#8211; \tA COMISS\u00c3O ESPECIAL DO PROCESSO DE ESCOLHA PARA MEMBROS DO CONSELHO TUTELAR DE S\u00c3O BERNARDO\/MA<\/a><\/li>\n\t\t<li class=\"wsp-post\"><a href=\"https:\/\/saobernardo.ma.gov.br\/transparencia\/edital\/aditivo-n-03-ao-edital-no-01-2023-cmdca-prorrogacao-para-regularizacao-dos-documentos-pendentes-para-o-processo-de-escolha-dos-membros-do-conselho-tutelar-de-sao-bernardo-e-institui-o-novo-cro\/\">Aditivo N\u00b0 03 ao Edital N\u00ba 01\/2023\/CMDCA &#8211; Prorroga\u00e7\u00e3o para Regulariza\u00e7\u00e3o dos Documentos Pendentes para o Processo de Escolha dos Membros do Conselho Tutelar de S\u00e3o Bernardo e institui o novo cronograma, nos Termos do Edital N\u00ba 01\/2023\/CMDCA.<\/a><\/li>\n\t\t<li class=\"wsp-post\"><a href=\"https:\/\/saobernardo.ma.gov.br\/transparencia\/edital\/edital-para-chamada-publica-no-04-01-2023-de-02-06-2023-processo-seletivo-simplificado-para-selecao-e-contratacao-temporaria-de-bolsistas-para-o-projeto-de-atividades-curriculares-complementares-em\/\">EDITAL PARA CHAMADA P\u00daBLICA N\u00ba 04.01\/2023, de 02\/06\/2023 &#8211; Processo Seletivo Simplificado para sele\u00e7\u00e3o e contrata\u00e7\u00e3o tempor\u00e1ria de bolsistas para o Projeto de Atividades Curriculares Complementares em Contraturno de Alunos da Rede P\u00fablica municipal de Ensino, sob o regime especial de Direito Administrativo do Munic\u00edpio de S\u00e3o Bernardo \u2013 MA.<\/a><\/li>\n\t\t<li class=\"wsp-post\"><a href=\"https:\/\/saobernardo.ma.gov.br\/transparencia\/edital\/edital-para-chamada-publica-no-04-01-2023-de-18-05-2023-processo-seletivo-sim-plificado-para-selecao-e-contratacao-tem-poraria-de-bolsistas-para-o-projeto-de-atividades-curriculares-com-plem-entare\/\">EDITAL PARA CHAMADA P\u00daBLICA N\u00ba 04.01\/2023, de 18\/05\/2023 &#8211; Processo Seletivo Simplificado para sele\u00e7\u00e3o e contrata\u00e7\u00e3o tempor\u00e1ria de bolsistas para o Projeto de Atividades Curriculares Complementares em Contraturno de Alunos da Rede P\u00fablica municipal de Ensino, sob o  regime especial de Direito Administrativo do Munic\u00edpio de S\u00e3o Bernardo \u2013 MA.<\/a><\/li>\n\t\t<li class=\"wsp-post\"><a href=\"https:\/\/saobernardo.ma.gov.br\/transparencia\/edital\/aditivo-n-02-ao-edital-no-01-2023-cmdca-prorrogacao-das-inscricoes-para-o-processo-de-escolha-dos-membros-do-conselho-tutelar-de-sao-bernardo-e-institui-o-novo-cronograma-nos-termos-do-edital\/\">Aditivo N\u00b0 02 ao Edital N\u00ba 01\/2023\/CMDCA &#8211; Prorroga\u00e7\u00e3o das inscri\u00e7\u00f5es para o Processo de Escolha dos Membros do Conselho Tutelar de S\u00e3o Bernardo e institui o novo cronograma, nos Termos do Edital N\u00ba 01\/2023\/CMDCA.<\/a><\/li>\n\t\t<li class=\"wsp-post\"><a href=\"https:\/\/saobernardo.ma.gov.br\/transparencia\/edital\/edital-no-03-01-2023-de-13-de-abril-de-2023-a-secretaria-municipal-de-educacao-ciencia-tecnologia-e-inovacao-semecti-por-meio-da-comissao-especial-de-avaliacao-do-processo-seletivo-si\/\">EDITAL N\u00ba 03.01\/2023, de 13, de abril de 2023 &#8211; A Secretaria Municipal de Educa\u00e7\u00e3o, Ci\u00eancia, Tecnologia e Inova\u00e7\u00e3o \u2013 SEMECTI, por meio da Comiss\u00e3o Especial de Avalia\u00e7\u00e3o do Processo Seletivo Simplificado \u2013 Edital n\u00ba 01\/2023, nomeada pela PORTARIA\/SEMECTI\/PMSB\/MA N\u00ba 01, DE 21 DE MAR\u00c7O DE 2023, torna p\u00fablico a LISTA FINAL, por ordem de classifica\u00e7\u00e3o na Chamada P\u00fablica n\u00ba 01\/2023 \u2013 SEMECTI.<\/a><\/li>\n\t\t<li class=\"wsp-post\"><a href=\"https:\/\/saobernardo.ma.gov.br\/transparencia\/edital\/errata-no-001-2023-edital-no-02-cmdca-2023-retificacao-do-edital-no-01-2023-cmdca-03-de-abril-de-2023\/\">ERRATA N\u00ba 001\/2023 &#8211; EDITAL N\u00ba 02\/CMDCA\/2023 &#8211; RETIFICA\u00c7\u00c3O DO EDITAL N\u00ba 01\/2023\/CMDCA, 03 DE ABRIL DE 2023.<\/a><\/li>\n\t\t<li class=\"wsp-post\"><a href=\"https:\/\/saobernardo.ma.gov.br\/transparencia\/edital\/edital-no-02-01-2023-de-06-de-abril-de-2023-lista-preliminar-por-ordem-de-classificacao-na-chamada-publica-no-01-2023-semecti\/\">EDITAL N\u00ba 02.01\/2023, de 06, de abril de 2023 &#8211; LISTA PRELIMINAR, por ordem de classifica\u00e7\u00e3o na Chamada P\u00fablica n\u00ba 01\/2023 \u2013 SEMECTI.<\/a><\/li>\n\t\t<li class=\"wsp-post\"><a href=\"https:\/\/saobernardo.ma.gov.br\/transparencia\/edital\/edital-no-01-2023-cmdca-conselho-municipal-dos-direitos-da-crianca-e-dos-adolescentes-cmdca-sao-bernardo-maranhao-abre-inscricoes-para-o-processo-de-escolha-dos-membros-do-conselho-tutelar-de-sao\/\">EDITAL n\u00ba 01\/2023\/CMDCA CONSELHO MUNICIPAL DOS DIREITOS DA CRIAN\u00c7A E DOS ADOLESCENTES CMDCA S\u00c3O BERNARDO &#8211; MARANH\u00c3O &#8211; Abre inscri\u00e7\u00f5es para o Processo de Escolha dos membros do Conselho Tutelar de S\u00e3o Bernardo.<\/a><\/li>\n\t\t<li class=\"wsp-post\"><a href=\"https:\/\/saobernardo.ma.gov.br\/transparencia\/edital\/edital-para-chamada-publica-no-01-2023-processo-seletivo-simplificado-para-selecao-e-contratacao-temporaria-de-bolsistas-para-o-projeto-de-atividades-curriculares-complementares-em-contra-turno-de-a\/\">EDITAL PARA CHAMADA P\u00daBLICA N\u00ba 01\/2023 &#8211; Processo Seletivo Simplificado para sele\u00e7\u00e3o e contrata\u00e7\u00e3o tempor\u00e1ria de bolsistas para o Projeto de Atividades Curriculares Complementares em Contra turno de Alunos da Rede P\u00fablica municipal de Ensino, sob o regime especial de Direito Administrativo do Munic\u00edpio de S\u00e3o Bernardo \u2013 MA.<\/a><\/li>\n\t\t<li class=\"wsp-post\"><a href=\"https:\/\/saobernardo.ma.gov.br\/transparencia\/edital\/retificacao-do-1o-edital-de-convocacao-da-eleicao-do-conselho-municipal-de-saude-de-sao-bernardo-2021-bienio-2022-2024\/\">RETIFICA\u00c7\u00c3O DO 1\u00ba EDITAL DE CONVOCA\u00c7\u00c3O DA ELEI\u00c7\u00c3O DO CONSELHO MUNICIPAL DE SA\u00daDE DE S\u00c3O BERNARDO\/2021 BIENIO 2022-2024<\/a><\/li>\n\t\t<li class=\"wsp-post\"><a href=\"https:\/\/saobernardo.ma.gov.br\/transparencia\/edital\/edital-de-convocacao-da-eleicao-do-conselho-municipal-de-saude-de-sao-bernardo-bienio-2022-2024-dispoe-sobre-a-convocacao-para-eleicao-de-novos-membros-para-compor-o-conselho-municipal-de-saude-de-s\/\">01\u00ba EDITAL DE CONVOCA\u00c7\u00c3O DA ELEI\u00c7\u00c3O DO CONSELHO MUNICIPAL DE SA\u00daDE DE S\u00c3O BERNARDO BIENIO 2022-2024 &#8211; Disp\u00f5e sobre a convoca\u00e7\u00e3o para Elei\u00e7\u00e3o de novos Membros para compor o conselho Municipal de Sa\u00fade de S\u00e3o Bernardo-MA.<\/a><\/li>\n\t\t<li class=\"wsp-post\"><a href=\"https:\/\/saobernardo.ma.gov.br\/transparencia\/edital\/1a-errata-do-edital-de-cultura-no-01-2020-da-lei-aldir-blanc-23-de-novembro-de-2020\/\">1\u00aa ERRATA DO EDITAL DE CULTURA N\u00ba 01\/2020 DA LEI ALDIR BLANC &#8211; 23 de novembro de 2020<\/a><\/li>\n\t\t<li class=\"wsp-post\"><a href=\"https:\/\/saobernardo.ma.gov.br\/transparencia\/edital\/edital-no-001-2020-premiacao-de-artesaos-e-artesas-do-municipio-de-sao-bernardo-da-lei-aldir-blanc\/\">EDITAL N\u00ba 001\/2020 &#8211; PREMIA\u00c7\u00c3O DE ARTES\u00c3OS E ARTES\u00c3S DO MUNICIPIO  DE S\u00c3O BERNARDO DA LEI ALDIR BLANC.<\/a><\/li>\n\t\t<li class=\"wsp-post\"><a href=\"https:\/\/saobernardo.ma.gov.br\/transparencia\/edital\/edital-de-licitacao-pregao-eletronico-n-001-2020-contratacao-de-empresa-especializada-em-fornecimento-de-insumos-e-equipamento-voltado-enfrentamento-do-covid-19-coronavirus-para-suprir-as-n\/\">EDITAL DE LICITA\u00c7\u00c3O PREG\u00c3O ELETR\u00d4NICO N\u00b0 001\/2020 &#8211; Contrata\u00e7\u00e3o de empresa especializada em fornecimento de insumos e equipamento voltado enfrentamento do COVID-19 (Coronav\u00edrus), para suprir as necessidades da Secretaria Municipal de Sa\u00fade e Secretaria de Assist\u00eancia Social de S\u00e3o Bernardo\/MA.<\/a><\/li>\n\t\t<li class=\"wsp-post\"><a href=\"https:\/\/saobernardo.ma.gov.br\/transparencia\/edital\/5-edital-de-convocacao-para-nomeacao-do-concurso-publico-municipal-de-sao-bernardo-ma-edital-n-001-2017-dispoe-sobre-a-quinta-convocacao-para-nomeacao-do-concurso-publico-para-os-cargo\/\">6\u00b0 edital de convoca\u00e7\u00e3o para nomea\u00e7\u00e3o do concurso p\u00fablico municipal de S\u00e3o Bernardo\/Ma &#8211; Edital N\u00b0. 001\/2017. Disp\u00f5e sobre a quinta convoca\u00e7\u00e3o para nomea\u00e7\u00e3o do concurso p\u00fablico para os cargos da Secretaria Municipal de Sa\u00fade e d\u00e1 outras provid\u00eancias.<\/a><\/li>\n\t\t<li class=\"wsp-post\"><a href=\"https:\/\/saobernardo.ma.gov.br\/transparencia\/edital\/resultado-conselho-tutelar-2019-sao-bernardo-ma\/\">Resultado Conselho tutelar 2019 S\u00e3o Bernardo-Ma<\/a><\/li>\n\t\t<li class=\"wsp-post\"><a href=\"https:\/\/saobernardo.ma.gov.br\/transparencia\/edital\/dispoe-sobre-a-terceira-convocacao-para-nomeacao-do-concurso-publico-municipal-para-cargo-de-guarda-municipal-da-secretaria-municipal-de-administracao-edital-n-001-2017\/\">Disp\u00f5e sobre a terceira convoca\u00e7\u00e3o para nomea\u00e7\u00e3o do concurso p\u00fablico municipal para cargo de Guarda Municipal, da secretaria municipal de administra\u00e7\u00e3o &#8211; Edital N\u00b0 001\/2017.<\/a><\/li>\n\t\t<li class=\"wsp-post\"><a href=\"https:\/\/saobernardo.ma.gov.br\/transparencia\/edital\/4o-edital-dispoe-sobre-a-quarta-convocacao-para-nomeacao-do-concurso-publico-para-cargos-da-secretaria-municipal-de-educacao-ciencia-e-tecnologia-e-guarda-municipal-e-da-outras-providencias\/\">4\u00ba Edital &#8211; &#8220;Disp\u00f5e sobre a Quarta Convoca\u00e7\u00e3o para Nomea\u00e7\u00e3o do Concurso P\u00fablico para Cargos da Secret\u00e1ria Municipal de Educa\u00e7\u00e3o, Ci\u00eancia e Tecnologia e Guarda Municipal; e d\u00e1 outras provid\u00eancias&#8221; &#8211; EDITAL N\u00ba.001\/2017<\/a><\/li>\n\t\t<li class=\"wsp-post\"><a href=\"https:\/\/saobernardo.ma.gov.br\/transparencia\/edital\/edital-de-convocacao-n-01-2019-03-de-junho-de-2019-abandono-de-cargo-werrington-silva-teles\/\">Edital de Convoca\u00e7\u00e3o N\u00b0 01-2019, 03 de Junho de 2019, abandono de cargo Werrington Silva Teles<\/a><\/li>\n\t\t<li class=\"wsp-post\"><a href=\"https:\/\/saobernardo.ma.gov.br\/transparencia\/edital\/edital-do-processo-de-escolha-para-o-conselho-tutelar-de-sao-bernardo-ma-para-2020-2024\/\">Edital do Processo de Escolha para o Conselho Tutelar de S\u00e3o Bernardo &#8211; Ma para 2020\/2024<\/a><\/li>\n\t\t<li class=\"wsp-post\"><a href=\"https:\/\/saobernardo.ma.gov.br\/transparencia\/edital\/3a-chamada-concurso-municipal\/\">3\u00aa CHAMADA DO CONCURSO P\u00daBLICO MUNICIPAL DE S\u00c3O BERNARDO-MA<\/a><\/li>\n\t\t<li class=\"wsp-post\"><a href=\"https:\/\/saobernardo.ma.gov.br\/transparencia\/edital\/edital-2a-chamada-do-concurso-publico-municipal-de-sao-bernardo-ma\/\">Edital 2\u00aa Chamada do Concurso P\u00fablico Municipal de S\u00e3o Bernardo-MA<\/a><\/li>\n\t\t<li class=\"wsp-post\"><a href=\"https:\/\/saobernardo.ma.gov.br\/transparencia\/edital\/errata-de-edital-convocacao-concurso-municipal-sao-bernardo-ma\/\">ERRATA DO EDITAL N\u00b0 001-2017 DE CONVOCA\u00c7\u00c3O PARA NOMEA\u00c7\u00c3O DO CONCURSO P\u00daBLICO MUNICIPAL DE S\u00c3O BERNARDO-MA<\/a><\/li>\n\t\t<li class=\"wsp-post\"><a href=\"https:\/\/saobernardo.ma.gov.br\/transparencia\/edital\/edital-n-001-2017-de-convocacao-para-nomeacao-do-concurso-publico-municipal-de-sao-bernardo-ma\/\">Edital N\u00b0 001-2017 de Convoca\u00e7\u00e3o para nomea\u00e7\u00e3o do Concurso P\u00fablico Municipal de S\u00e3o Bernardo-Ma<\/a><\/li>\n\t\t<li class=\"wsp-post\"><a href=\"https:\/\/saobernardo.ma.gov.br\/transparencia\/edital\/edital-n-02-2018-processo-seletivo-simplificado-de-monitores-para-atuarem-no-programa-mais-alfabetizacao-de-sao-bernardo-ma\/\">Edital N\u00b0 02\/2018 &#8211; Processo seletivo simplificado de monitores para atuarem no programa mais alfabetiza\u00e7\u00e3o de S\u00e3o Bernardo-Ma<\/a><\/li>\n\t\t<li class=\"wsp-post\"><a href=\"https:\/\/saobernardo.ma.gov.br\/transparencia\/edital\/10o-edital-de-convocacao-para-nomeacao-do-concurso-publico-municipal-de-sao-bernardo-ma-edital-no-001-2017\/\">10\u00ba EDITAL DE CONVOCA\u00c7\u00c3O PARA NOMEA\u00c7\u00c3O DO CONCURSO P\u00daBLICO MUNICIPAL DE S\u00c3O BERNARDO\/MA &#8211; EDITAL N\u00ba. 001\/2017 &#8211; \u201cDisp\u00f5e sobre a d\u00e9cima Convoca\u00e7\u00e3o para nomea\u00e7\u00e3o em cargo p\u00fablico do Concurso P\u00fablico Edital 01\/2017, para cargos da Secretaria Municipal de Educa\u00e7\u00e3o; e d\u00e1 outras provid\u00eancias.\u201d<\/a><\/li>\n\t\t<li class=\"wsp-post\"><a href=\"https:\/\/saobernardo.ma.gov.br\/transparencia\/edital\/2o-edital-de-convocacao-para-nomeacao-em-concurso-publico-de-sao-bernardo-ma-edital-no-001-2017-dispoe-sobre-a-segunda-convocacao-para-nomeacao-em-concurso-publico-para-os-cargos-da-agente-ad\/\">2\u00ba EDITAL DE CONVOCA\u00c7\u00c3O PARA NOMEA\u00c7\u00c3O EM CONCURSO P\u00daBLICO DE S\u00c3O BERNARDO &#8211; MA &#8211; EDITAL N\u00ba. 001\/2017 &#8211; &#8220;Disp\u00f5e sobre a segunda convoca\u00e7\u00e3o para nomea\u00e7\u00e3o em Concurso P\u00fablico para os cargos da Agente Administrativo e Copeira da C\u00e2mara Municipal de S\u00e3o Bernardo &#8211; MA; e d\u00e1 outras provid\u00eancias.<\/a><\/li>\n\t\t<li class=\"wsp-post\"><a href=\"https:\/\/saobernardo.ma.gov.br\/transparencia\/edital\/7o-edital-de-convocacao-para-nomeacao-do-concurso-publico-municipal-de-sao-bernardo-ma-edital-no-001-2017\/\">7\u00ba EDITAL DE CONVOCA\u00c7\u00c3O PARA NOMEA\u00c7\u00c3O DO CONCURSO P\u00daBLICO MUNICIPAL DE S\u00c3O BERNARDO\/MA &#8211; EDITAL N\u00ba. 001\/2017.<\/a><\/li>\n\t\t<li class=\"wsp-post\"><a href=\"https:\/\/saobernardo.ma.gov.br\/transparencia\/edital\/9o-edital-de-convocacao-para-nomeacao-do-concurso-publico-municipal-de-sao-bernardo-ma-edital-no-001-2017-retificacao\/\">9\u00ba EDITAL DE CONVOCA\u00c7\u00c3O PARA NOMEA\u00c7\u00c3O DO CONCURSO P\u00daBLICO MUNICIPAL DE S\u00c3O BERNARDO\/MA &#8211; EDITAL N\u00ba. 001\/2017 &#8211; RETIFICA\u00c7\u00c3O<\/a><\/li>\n\t\t<li class=\"wsp-post\"><a href=\"https:\/\/saobernardo.ma.gov.br\/transparencia\/edital\/retificacao-do-9o-edital-de-convocacao-para-nomeacao-do-concurso-publico-municipal-de-sao-bernardo-ma-edital-no-001-2017\/\">RETIFICA\u00c7\u00c3O DO 9\u00ba EDITAL DE CONVOCA\u00c7\u00c3O PARA NOMEA\u00c7\u00c3O DO CONCURSO P\u00daBLICO MUNICIPAL DE S\u00c3O BERNARDO\/MA &#8211; EDITAL N\u00ba. 001\/2017 .<\/a><\/li>\n\t\t<li class=\"wsp-post\"><a href=\"https:\/\/saobernardo.ma.gov.br\/transparencia\/edital\/8o-edital-de-convocacao-para-nomeacao-do-concurso-publico-municipal-de-sao-bernardo-ma-edital-no-001-2017\/\">8\u00ba EDITAL DE CONVOCA\u00c7\u00c3O PARA NOMEA\u00c7\u00c3O DO CONCURSO P\u00daBLICO MUNICIPAL DE S\u00c3O BERNARDO\/MA &#8211; EDITAL N\u00ba. 001\/2017<\/a><\/li>\n\t\t<li class=\"wsp-post\"><a href=\"https:\/\/saobernardo.ma.gov.br\/transparencia\/edital\/9o-edital-de-convocacao-para-nomeacao-do-concurso-publico-municipal-de-sao-bernardo-ma-edital-no-001-2017\/\">9\u00ba EDITAL DE CONVOCA\u00c7\u00c3O PARA NOMEA\u00c7\u00c3O DO CONCURSO P\u00daBLICO MUNICIPAL DE S\u00c3O BERNARDO\/MA &#8211; EDITAL N\u00ba. 001\/2017.<\/a><\/li>\n<\/ul><\/li>\n\t<li><strong class=\"wsp-category-title\">Category: <a href=\"https:\/\/saobernardo.ma.gov.br\/transparencia\/category\/informativoscombateaocovid19\/\">Informativos - Combate ao COVID-19<\/a><\/strong>\n<ul class=\"wsp-posts-list\">\t\t<li class=\"wsp-post\"><a href=\"https:\/\/saobernardo.ma.gov.br\/transparencia\/informativoscombateaocovid19\/vigilancia-e-monitoramento-na-comunidade-escolar-municipio-de-sao-bernardo-ma\/\">Vigil\u00e2ncia e Monitoramento  na Comunidade Escolar Munic\u00edpio de S\u00e3o Bernardo &#8211; MA<\/a><\/li>\n\t\t<li class=\"wsp-post\"><a href=\"https:\/\/saobernardo.ma.gov.br\/transparencia\/leis\/lei-ordinaria-municipal-no-779-de-29-de-dezembro-de-2020-lei-aldir-blanc\/\">LEI ORDIN\u00c1RIA MUNICIPAL N\u00ba 779, DE 29 DE DEZEMBRO DE 2020. Lei Aldir Blanc<\/a><\/li>\n\t\t<li class=\"wsp-post\"><a href=\"https:\/\/saobernardo.ma.gov.br\/transparencia\/informativoscombateaocovid19\/plano-de-acao-covid-19-execucao-financeira-sao-bernardo-ma\/\">Plano de A\u00e7\u00e3o COVID-19 &#8211; Execu\u00e7\u00e3o Financeira S\u00e3o Bernardo-MA<\/a><\/li>\n<\/ul><\/li>\n\t<li><strong class=\"wsp-category-title\">Category: <a href=\"https:\/\/saobernardo.ma.gov.br\/transparencia\/category\/ldo\/\">LDO<\/a><\/strong>\n<ul class=\"wsp-posts-list\">\t\t<li class=\"wsp-post\"><a href=\"https:\/\/saobernardo.ma.gov.br\/transparencia\/leis\/lei-ordinaria-municipal-no-839-de-09-de-outubro-de-2025-dispoe-sobre-a-criacao-da-ldo-lei-de-diretrizes-orcamentarias-do-municipio-de-sao-bernardo-estado-do-maranhao-para-o-exercicio-de-2\/\">LEI ORDIN\u00c1RIA MUNICIPAL N\u00ba 839, DE 09 DE OUTUBRO DE 2025 &#8211; Disp\u00f5e sobre a cria\u00e7\u00e3o da LDO \u2013 Lei de diretrizes Or\u00e7ament\u00e1rias do munic\u00edpio de S\u00e3o Bernardo Estado do Maranh\u00e3o para o exerc\u00edcio de 2026 e d\u00e1 outras providencias.<\/a><\/li>\n\t\t<li class=\"wsp-post\"><a href=\"https:\/\/saobernardo.ma.gov.br\/transparencia\/leis\/lei-ordinaria-municipal-no-827-de-23-de-julho-de-2024-dispoe-sobre-a-criacao-da-ldo-lei-de-diretrizes-orcamentarias-do-municipio-de-sao-bernardo-estado-do-maranhao-para-o-exerc\/\">LEI ORDIN\u00c1RIA MUNICIPAL N\u00ba 827, DE 23 DE JULHO DE 2024 &#8211; \u201cDisp\u00f5e sobre a cria\u00e7\u00e3o da LDO \u2013 Lei de Diretrizes Or\u00e7ament\u00e1rias do Munic\u00edpio de S\u00e3o Bernardo, Estado do Maranh\u00e3o, para o exerc\u00edcio de 2025, e d\u00e1 outras providencias.\u201d<\/a><\/li>\n\t\t<li class=\"wsp-post\"><a href=\"https:\/\/saobernardo.ma.gov.br\/transparencia\/ldo\/lei-ordinaria-municipal-no-810-de-12-de-julho-de-2023-dispoe-sobre-a-criacao-da-ldo-lei-de-diretrizes-orcamentarias-do-municipio-de-sao-bernardo-estado-do-maranhao-para-o-exercicio-de-20-2\/\">LEI ORDIN\u00c1RIA MUNICIPAL N\u00ba 810, DE 12 DE JULHO DE 2023 &#8211; \u201cDisp\u00f5e sobre a cria\u00e7\u00e3o da LDO &#8211; Lei de diretrizes Or\u00e7ament\u00e1rias do munic\u00edpio de S\u00e3o Bernardo Estado do Maranh\u00e3o para o exerc\u00edcio de 2024 e d\u00e1 outras provid\u00eancias.\u201d<\/a><\/li>\n\t\t<li class=\"wsp-post\"><a href=\"https:\/\/saobernardo.ma.gov.br\/transparencia\/leis\/lei-ordinaria-municipal-no-801-de-31-de-agosto-de-2022-dispoe-sobre-a-criacao-da-ldo-lei-de-diretrizes-orcamentarias-do-municipio-de-sao-bernardo-estado-do-maranhao-para-exercici\/\">LEI ORDIN\u00c1RIA MUNICIPAL N\u00ba 801, DE 31 DE AGOSTO DE 2022 &#8211; \u201cDisp\u00f5e sobre a cria\u00e7\u00e3o da LDO \u2013 Lei de Diretrizes Or\u00e7ament\u00e1rias do Munic\u00edpio de S\u00e3o Bernardo Estado do Maranh\u00e3o para exerc\u00edcio de 2023 do Poder Executivo Municipal, e d\u00e1 outras provid\u00eancias.\u201d<\/a><\/li>\n\t\t<li class=\"wsp-post\"><a href=\"https:\/\/saobernardo.ma.gov.br\/transparencia\/ldo\/ldo-lei-de-diretrizes-orcamentarias-do-municipio-de-sao-bernardo-de-2021\/\">LDO \u2013 LEI DE DIRETRIZES OR\u00c7AMENTARIAS DO MUNIC\u00cdPIO DE S\u00c3O BERNARDO de 2021<\/a><\/li>\n\t\t<li class=\"wsp-post\"><a href=\"https:\/\/saobernardo.ma.gov.br\/transparencia\/ldo\/ldo-lei-de-diretrizes-orcamentarias-do-municipio-de-sao-bernardo-de-2020\/\">LDO &#8211; LEI DE DIRETRIZES OR\u00c7AMENTARIAS DO MUNIC\u00cdPIO DE S\u00c3O BERNARDO de 2020.<\/a><\/li>\n\t\t<li class=\"wsp-post\"><a href=\"https:\/\/saobernardo.ma.gov.br\/transparencia\/ldo\/lei-municipal-n-731-de-19-de-dezembro-de-2017-dispoe-sobre-a-criacao-da-ldo-lei-de-diretrizes-orcamentarias-do-municipio-de-sao-bernardo-estado-do-maranhao-para-o-exercicio-de-2019-e-da-outras\/\">LEI MUNICIPAL N\u00b0 741, 20 de Setembro de 2018 &#8211; DISP\u00d5E SOBRE A CRIA\u00c7\u00c3O DA LDO-LEI DE DIRETRIZES OR\u00c7AMENTARIAS DO MUNIC\u00cdPIO DE S\u00c3O BERNARDO, ESTADO DO MARANH\u00c3O PARA O EXERC\u00cdCIO DE 2019 E D\u00c1 OUTRAS PROVIDENCIAS<\/a><\/li>\n\t\t<li class=\"wsp-post\"><a href=\"https:\/\/saobernardo.ma.gov.br\/transparencia\/ldo\/lei-municipal-n-731-de-19-de-dezembro-de-2017-dispoe-sobre-a-criacao-da-ldo-lei-de-diretrizes-orcamentarias-do-municipio-de-sao-bernardo-estado-do-maranhao-para-o-exercicio-de-2018-e-da-outras\/\">Lei Municipal n\u00b0 731, de 19 de Dezembro de 2017-Disp\u00f5e sobre a cria\u00e7\u00e3o da LDO-Lei de diretrizes or\u00e7amentarias do Munic\u00edpio de S\u00e3o Bernardo, Estado do Maranh\u00e3o para o exercicio de 2018 e d\u00e1 outras providencias.<\/a><\/li>\n<\/ul><\/li>\n\t<li><strong class=\"wsp-category-title\">Category: <a href=\"https:\/\/saobernardo.ma.gov.br\/transparencia\/category\/leis\/\">Leis<\/a><\/strong>\n<ul class=\"wsp-posts-list\">\t\t<li class=\"wsp-post\"><a href=\"https:\/\/saobernardo.ma.gov.br\/transparencia\/leis\/lei-complementar-municipal-no-19-de-30-de-janeiro-de-2026-dispoe-sobre-a-alteracao-na-lei-de-estrutura-organizacional-basica-da-administracao-publica-direta-e-indireta-do-poder-executivo-m\/\">LEI COMPLEMENTAR MUNICIPAL N\u00ba 19, DE 30 DE JANEIRO DE 2026 &#8211; \u201cDisp\u00f5e sobre a altera\u00e7\u00e3o na lei de estrutura organizacional b\u00e1sica da Administra\u00e7\u00e3o P\u00fablica Direta e Indireta do Poder Executivo Municipal, cria nova estrutura, cargos e d\u00e1 outras provid\u00eancias.\u201d<\/a><\/li>\n\t\t<li class=\"wsp-post\"><a href=\"https:\/\/saobernardo.ma.gov.br\/transparencia\/leis\/lei-ordinaria-municipal-no-849-de-30-de-janeiro-de-2026-institui-a-politica-municipal-de-turismo-de-sao-bernardo-ma-estabelece-diretrizes-para-o-desenvolvimento-do-setor-cria-o-conselho\/\">LEI ORDIN\u00c1RIA MUNICIPAL N\u00ba 849, DE 30 DE JANEIRO DE 2026 &#8211; \u201cInstitui a pol\u00edtica municipal de turismo de S\u00e3o Bernardo\/MA, estabelece diretrizes para o desenvolvimento do setor, cria o conselho municipal de turismo \u2013 COMTUR, cria o fundo municipal de turismo- FUMTUR e d\u00e1 outras provid\u00eancias.<\/a><\/li>\n\t\t<li class=\"wsp-post\"><a href=\"https:\/\/saobernardo.ma.gov.br\/transparencia\/leis\/lei-complementar-municipal-no-18-de-19-de-dezembro-de-2025-dispoe-sobre-a-alteracao-na-lei-de-estrutura-organizacional-basica-da-administracao-publica-direta-e-indireta-do-poder-executivo\/\">LEI COMPLEMENTAR MUNICIPAL N\u00ba 18, DE 19 DE DEZEMBRO DE 2025 &#8211; \u201cDisp\u00f5e sobre a altera\u00e7\u00e3o na lei de estrutura organizacional b\u00e1sica da Administra\u00e7\u00e3o P\u00fablica Direta e Indireta do Poder Executivo Municipal, cria nova estrutura, cargos e d\u00e1 outras provid\u00eancias.\u201d<\/a><\/li>\n\t\t<li class=\"wsp-post\"><a href=\"https:\/\/saobernardo.ma.gov.br\/transparencia\/leis\/lei-ordinaria-municipal-no-848-de-15-de-dezembro-de-2025-institui-o-programa-jovem-vereadordestinado-a-alunos-do-ensino-fundamental-das-escolas-municipal-e-estadual-com\/\">LEI ORDIN\u00c1RIA MUNICIPAL N\u00ba 848, DE 15 DE DEZEMBRO DE 2025 &#8211; \u201cInstitui o Programa \u201cJOVEM VEREADOR\u201d,destinado a alunos do ensino fundamental das escolas municipal e estadual com o objetivo de aproximar os alunos do Poder Legislativo formando um canal direto entre os Vereadores e a comunidade escolar, na forma que especifica.\u201d<\/a><\/li>\n\t\t<li class=\"wsp-post\"><a href=\"https:\/\/saobernardo.ma.gov.br\/transparencia\/leis\/lei-ordinaria-municipal-no-847-de-15-de-dezembro-de-2025-dispoe-sobre-a-mudanca-de-nome-da-escola-municipal-rui-barbosa-para-escola-municipal-sergio-antonio-vieira-sousa\/\">LEI ORDIN\u00c1RIA MUNICIPAL N\u00ba 847, DE 15 DE DEZEMBRO DE 2025 &#8211; \u201cDISP\u00d5E SOBRE A MUDAN\u00c7A DE NOME DA ESCOLA MUNICIPAL RUI BARBOSA PARA \u201cESCOLA MUNICIPAL SERGIO ANT\u00d4NIO VIEIRA SOUSA.\u201d.<\/a><\/li>\n\t\t<li class=\"wsp-post\"><a href=\"https:\/\/saobernardo.ma.gov.br\/transparencia\/leis\/lei-ordinaria-municipal-no-846-de-01-de-dezembro-de-2025-dispoe-sobre-a-aposentadoria-compulsoria-por-idade-dos-servidores-publicos-municipais-vinculados-ao-regime-geral-de-previdencia-soc\/\">LEI ORDIN\u00c1RIA MUNICIPAL N\u00ba 846, DE 01 DE DEZEMBRO DE 2025 &#8211; \u201cDisp\u00f5e sobre a aposentadoria compuls\u00f3ria por idade dos servidores p\u00fablicos municipais vinculados ao Regime Geral de Previd\u00eancia Social \u2013 RGPS, no \u00e2mbito do Munic\u00edpio de S\u00e3o Bernardo \u2013 MA, e d\u00e1 outras provid\u00eancias.\u201d<\/a><\/li>\n\t\t<li class=\"wsp-post\"><a href=\"https:\/\/saobernardo.ma.gov.br\/transparencia\/leis\/lei-ordinaria-municipal-no-845-de-01-de-dezembro-de-2025-denomina-nomes-de-rua-no-povoado-coqueiro-neste-municipio-e-da-outras-providencias\/\">LEI ORDIN\u00c1RIA MUNICIPAL N\u00ba 845, DE 01 DE DEZEMBRO DE 2025 &#8211; \u201cDENOMINA NOMES DE RUA NO POVOADO COQUEIRO, NESTE MUNIC\u00cdPIO E D\u00c1 OUTRAS PROVID\u00caNCIAS\u201d.<\/a><\/li>\n\t\t<li class=\"wsp-post\"><a href=\"https:\/\/saobernardo.ma.gov.br\/transparencia\/leis\/lei-ordinaria-municipal-no-844-de-19-de-novembro-de-2025-dispoe-sobre-a-criacao-da-loa-lei-orcamentaria-anual-do-municipio-de-sao-bernardo-estado-do-maranhao-para-o-exercicio-de\/\">LEI ORDIN\u00c1RIA MUNICIPAL N\u00ba 844, DE 19 DE NOVEMBRO DE 2025 &#8211; \u201cDisp\u00f5e sobre a cria\u00e7\u00e3o da LOA \u2013 Lei Or\u00e7ament\u00e1ria Anual do munic\u00edpio de S\u00e3o Bernardo Estado do Maranh\u00e3o para o exerc\u00edcio de 2026 Estima a receita, fixa a despesa e d\u00e1 outras providencias.\u201d<\/a><\/li>\n\t\t<li class=\"wsp-post\"><a href=\"https:\/\/saobernardo.ma.gov.br\/transparencia\/leis\/lei-ordinaria-municipal-no-843-de-19-de-novembro-de-2025-autoriza-a-abertura-de-credito-adicional-suplementar-no-orcamento-vigente-e-da-outras-providencias\/\">LEI ORDIN\u00c1RIA MUNICIPAL N\u00ba 843, DE 19 DE NOVEMBRO DE 2025 &#8211; \u201cAUTORIZA A ABERTURA DE CR\u00c9DITO ADICIONAL SUPLEMENTAR NO OR\u00c7AMENTO VIGENTE E D\u00c1 OUTRAS PROVID\u00caNCIAS.\u201d<\/a><\/li>\n\t\t<li class=\"wsp-post\"><a href=\"https:\/\/saobernardo.ma.gov.br\/transparencia\/leis\/lei-complementar-municipal-no-17-de-11-de-novembro-de-2025-dispoe-sobre-a-alteracao-na-lei-de-estrutura-organizacional-basica-da-administracao-publica-direta-e-indireta-do-poder-executivo\/\">LEI COMPLEMENTAR MUNICIPAL N\u00ba 17, DE 11 DE NOVEMBRO DE 2025 &#8211; \u201cDisp\u00f5e sobre a altera\u00e7\u00e3o na Lei de Estrutura Organizacional B\u00e1sica da Administra\u00e7\u00e3o P\u00fablica Direta e Indireta do Poder Executivo Municipal, cria nova estrutura, cargos e d\u00e1 outras provid\u00eancias.\u201d<\/a><\/li>\n\t\t<li class=\"wsp-post\"><a href=\"https:\/\/saobernardo.ma.gov.br\/transparencia\/leis\/lei-ordinaria-municipal-no-842-de-11-de-novembro-de-2025-dispoe-sobre-a-politica-municipal-dos-direitos-da-crianca-e-do-adolescente-institui-o-conselho-municipal-dos-direitos-da-crianca-e-do-adole\/\">LEI ORDIN\u00c1RIA MUNICIPAL N\u00ba 842, DE 11 DE NOVEMBRO DE 2025 &#8211; Disp\u00f5e sobre a Pol\u00edtica Municipal dos Direitos da Crian\u00e7a e do Adolescente, institui o Conselho Municipal dos Direitos da Crian\u00e7a e do Adolescente \u2013 CMDCA, o Fundo Municipal dos Direitos da Crian\u00e7a e do Adolescente e Conselho Tutelar, nos termos previstos na Lei Federal n\u00ba 8.069 de 13 de julho de 1990 \u2013 Estatuto da Crian\u00e7a e do Adolescente e na Constitui\u00e7\u00e3o Federal de 1998.<\/a><\/li>\n\t\t<li class=\"wsp-post\"><a href=\"https:\/\/saobernardo.ma.gov.br\/transparencia\/leis\/lei-ordinaria-municipal-no-841-de-11-de-novembro-de-2025-cria-o-fundo-municipal-de-seguranca-publica-de-sao-bernardo-ma-e-da-outras-providencias\/\">LEI ORDIN\u00c1RIA MUNICIPAL N\u00ba 841, DE 11 DE NOVEMBRO DE 2025 &#8211; \u201cCria o Fundo Municipal de Seguran\u00e7a P\u00fablica de S\u00e3o Bernardo \u2013 MA e d\u00e1 outras provid\u00eancias.\u201d<\/a><\/li>\n\t\t<li class=\"wsp-post\"><a href=\"https:\/\/saobernardo.ma.gov.br\/transparencia\/leis\/lei-ordinaria-municipal-no-840-de-06-de-novemro-de-2025-institui-o-dia-municipal-do-desbravador-da-igreja-adventista-do-setimo-dia-no-ambito-do-municipio-de-sao-bernardo-maranha\/\">LEI ORDIN\u00c1RIA MUNICIPAL N\u00ba 840, DE 06 DE NOVEMRO DE 2025 &#8211; \u201cINSTITUI O DIA MUNICIPAL DO DESBRAVADOR DA IGREJA ADVENTISTA DO S\u00c9TIMO DIA, NO \u00c2MBITO DO MUNIC\u00cdPIO DE S\u00c3O BERNARDO \u2013 MARANH\u00c3O.\u201d<\/a><\/li>\n\t\t<li class=\"wsp-post\"><a href=\"https:\/\/saobernardo.ma.gov.br\/transparencia\/leis\/lei-ordinaria-municipal-no-838-de-22-de-setembro-de-2025-dispoe-sobre-a-criacao-do-ppa-plano-plurianual-do-municipio-de-sao-bernardo-estado-do-maranhao-para-o-quadrienio-2026-a-2029-e-da\/\">LEI ORDIN\u00c1RIA MUNICIPAL N\u00ba 838, DE 22 DE SETEMBRO DE 2025 &#8211; Disp\u00f5e sobre a cria\u00e7\u00e3o do PPA \u2013 Plano Plurianual do munic\u00edpio de S\u00e3o Bernardo Estado do Maranh\u00e3o para o quadri\u00eanio 2026 a 2029 e d\u00e1 outras providencias.<\/a><\/li>\n\t\t<li class=\"wsp-post\"><a href=\"https:\/\/saobernardo.ma.gov.br\/transparencia\/leis\/lei-ordinaria-municipal-no-837-de-17-de-setembro-de-2025-institui-a-loteria-municipal-no-ambito-do-municipio-de-sao-bernardo-ma-e-da-outras-providencias\/\">LEI ORDIN\u00c1RIA MUNICIPAL N\u00ba 837, DE 17 DE SETEMBRO DE 2025 &#8211; Institui a Loteria Municipal no \u00e2mbito do Munic\u00edpio de S\u00e3o Bernardo &#8211; MA, e d\u00e1 outras provid\u00eancias.<\/a><\/li>\n\t\t<li class=\"wsp-post\"><a href=\"https:\/\/saobernardo.ma.gov.br\/transparencia\/leis\/lei-ordinaria-municipal-no-836-de-30-de-junho-de-2025-revoga-o-inciso-iii-do-art-4o-da-lei-ordinaria-municipal-no-825-de-23-de-julho-de-2024-que-dispoe-sobre-incentivos-financeiros-para\/\">LEI ORDIN\u00c1RIA MUNICIPAL N\u00ba 836, DE 30 DE JUNHO DE 2025 &#8211; \u201cRevoga o inciso III do art. 4\u00ba da Lei Ordin\u00e1ria Municipal n\u00ba 825, de 23 de julho de 2024, que disp\u00f5e sobre incentivos financeiros para alunos da Educa\u00e7\u00e3o de Jovens e Adultos (EJA) no Munic\u00edpio de S\u00e3o Bernardo &#8211; MA.\u201d<\/a><\/li>\n\t\t<li class=\"wsp-post\"><a href=\"https:\/\/saobernardo.ma.gov.br\/transparencia\/leis\/lei-ordinaria-municipal-no-835-de-23-de-maio-de-2025-da-nome-a-ruas-do-loteamento-residencial-sao-bernardo-no-bairro-cajueiro-da-nome-ao-sistema-de-abastecimento-de-agua-do-loteamento-e\/\">LEI ORDIN\u00c1RIA MUNICIPAL N\u00ba 835, DE 23 DE MAIO DE 2025 &#8211; \u201cD\u00c1 NOME A RUAS DO LOTEAMENTO RESIDENCIAL S\u00c3O BERNARDO, NO BAIRRO CAJUEIRO; D\u00c1 NOME AO SISTEMA DE ABASTECIMENTO DE \u00c1GUA DO LOTEAMENTO, E D\u00c1 OUTRAS PROVID\u00caNCIAS\u201d.<\/a><\/li>\n\t\t<li class=\"wsp-post\"><a href=\"https:\/\/saobernardo.ma.gov.br\/transparencia\/leis\/lei-ordinaria-municipal-no-834-de-16-de-maio-de-2025-dispoe-sobre-a-denominacao-do-ginasio-poliesportivo-raimunda-spindola-da-silva-localizada-no-povoado-pedrinhas\/\">LEI ORDIN\u00c1RIA MUNICIPAL N\u00ba 834, DE 16 DE MAIO DE 2025 &#8211; &#8220;Disp\u00f5e sobre a denomina\u00e7\u00e3o do Gin\u00e1sio Poliesportivo \u201cRAIMUNDA SPINDOLA DA SILVA, localizada no Povoado Pedrinhas\u201d.<\/a><\/li>\n\t\t<li class=\"wsp-post\"><a href=\"https:\/\/saobernardo.ma.gov.br\/transparencia\/leis\/lei-municipal-no-833-de-14-de-abril-de-2025-dispoe-sobre-a-denominacao-da-quadra-poliesportiva-localizada-no-povoado-coqueiro-zona-rural-de-sao-bernardo-ma-e-da-outras-providencias\/\">LEI MUNICIPAL N\u00ba 833, DE 14 DE ABRIL DE 2025 &#8211; Disp\u00f5e sobre a denomina\u00e7\u00e3o da Quadra Poliesportiva localizada no Povoado Coqueiro, zona rural de S\u00e3o Bernardo\/MA, e d\u00e1 outras provid\u00eancias<\/a><\/li>\n\t\t<li class=\"wsp-post\"><a href=\"https:\/\/saobernardo.ma.gov.br\/transparencia\/leis\/lei-municipal-no-832-de-22-de-janeiro-de-2025-dispoe-sobre-a-revogacao-da-lei-municipal-n-832-2024-de-iniciativa-camara-municipal-de-sao-bernardo-ma-e-da-outras-providencias\/\">LEI MUNICIPAL N\u00ba 832, DE 22 DE JANEIRO DE 2025 &#8211; Disp\u00f5e sobre a revoga\u00e7\u00e3o da Lei Municipal N\u00b0 832\/2024 de iniciativa C\u00e2mara Municipal de S\u00e3o Bernardo\/MA e d\u00e1 outras provid\u00eancias.<\/a><\/li>\n\t\t<li class=\"wsp-post\"><a href=\"https:\/\/saobernardo.ma.gov.br\/transparencia\/leis\/lei-ordinaria-municipal-no-831-de-20-de-dezembro-de-2024-dispoe-sobre-a-criacao-da-loa-lei-orcamentaria-anual-do-municipio-de-sao-bernardo-estado-do-maranhao-para-o-exercicio-de-2025-esti\/\">LEI ORDIN\u00c1RIA MUNICIPAL N\u00ba 831, DE 20 DE DEZEMBRO DE 2024 &#8211; Disp\u00f5e sobre a cria\u00e7\u00e3o da LOA \u2013 Lei Or\u00e7ament\u00e1ria Anual do munic\u00edpio de S\u00e3o Bernardo Estado do Maranh\u00e3o para o exerc\u00edcio de 2025 Estima a receita, fixa a despesa e d\u00e1 outras providencias.<\/a><\/li>\n\t\t<li class=\"wsp-post\"><a href=\"https:\/\/saobernardo.ma.gov.br\/transparencia\/leis\/lei-no-830-de-11-de-novembro-de-2024-fixa-os-subsidios-do-prefeito-do-vice-prefeito-e-o-vencimento-dos-secretarios-municipais-para-o-mandato-com-inicio-em-1o-de-janeiro-de-2025-e-termino-em-31-de-d\/\">LEI N\u00ba 830 de 11 de novembro de 2024 &#8211; Fixa os subs\u00eddios do Prefeito, do Vice-Prefeito e o vencimento dos Secret\u00e1rios Municipais para o mandato com in\u00edcio em 1\u00ba de janeiro de 2025 e t\u00e9rmino em 31 de dezembro de 2028, e d\u00e1 outras provid\u00eancias.<\/a><\/li>\n\t\t<li class=\"wsp-post\"><a href=\"https:\/\/saobernardo.ma.gov.br\/transparencia\/leis\/lei-ordinaria-municipal-no-829-de-26-de-agosto-de-2024-dispoe-sobre-a-criacao-do-fundo-municipal-de-direitos-do-idoso-do-municipio-de-sao-bernardo-ma-e-da-outras-providencias\/\">LEI ORDIN\u00c1RIA MUNICIPAL N\u00ba 829, DE 26 DE AGOSTO DE 2024 &#8211; \u201cDisp\u00f5e sobre a cria\u00e7\u00e3o do fundo municipal de direitos do idoso do Munic\u00edpio de S\u00e3o Bernardo \u2013 MA, e d\u00e1 outras provid\u00eancias.\u201d<\/a><\/li>\n\t\t<li class=\"wsp-post\"><a href=\"https:\/\/saobernardo.ma.gov.br\/transparencia\/leis\/lei-ordinaria-municipal-no-828-de-26-de-agosto-de-2024-autoriza-abertura-de-credito-especial-suplementar-ao-orcamento-vigente-de-2024-no-valor-r-210-17106-duzentos-e-dez-mil-cento-e-set\/\">LEI ORDIN\u00c1RIA MUNICIPAL N\u00ba 828, DE 26 DE AGOSTO DE 2024 &#8211; \u201cAutoriza abertura de credito especial suplementar ao or\u00e7amento vigente de 2024 no valor R$ 210.171,06 (Duzentos e dez mil cento e setenta e um reais e seis centavos), par atender despesas com o programa de implementa\u00e7\u00e3o a pol\u00edtica nacional de cultura viva. Fomentar as redes de pontos de cultura, por meio de termos de compromisso cultural, pr\u00eamios e a concess\u00e3o de bolsas para agentes da cultura viva. Com amparo na Lei n\u00ba 14.399 de 08 de julho de 2022 \u2013 Lei Aldir Blanc; e d\u00e1 outras provid\u00eancias.\u201d<\/a><\/li>\n\t\t<li class=\"wsp-post\"><a href=\"https:\/\/saobernardo.ma.gov.br\/transparencia\/leis\/lei-ordinaria-municipal-no-826-de-23-de-julho-de-2024-autoriza-abertura-de-credito-especial-suplementar-ao-orcamento-vigente-de-2024-no-valor-r-3-237-50807-tres-milhoes-duzentos-e-tr\/\">LEI ORDIN\u00c1RIA MUNICIPAL N\u00ba 826, DE 23 DE JULHO DE 2024 &#8211; \u201cAutoriza abertura de cr\u00e9dito especial  suplementar ao or\u00e7amento vigente de 2024 no  valor R$ 3.237.508,07 (tr\u00eas milh\u00f5es duzentos e  trinta e sete mil quinhentos e oito reais e sete  centavos), para apoio e incentivo ao  desenvolvimento da educa\u00e7\u00e3o no munic\u00edpio de  S\u00e3o Bernardo\/MA, atrav\u00e9s do programa de  Educa\u00e7\u00e3o de Jovens e Adultos \u2013 EJA.\u201d<\/a><\/li>\n\t\t<li class=\"wsp-post\"><a href=\"https:\/\/saobernardo.ma.gov.br\/transparencia\/leis\/lei-ordinaria-municipal-no-825-de-23-de-julho-de-2024-dispoe-sobre-incentivos-financeiros-para-alunos-da-educacao-de-jovens-e-adultos-eja-no-municipio-de-sao-bernardo-ma-e-da-outras-p\/\">LEI ORDIN\u00c1RIA MUNICIPAL N\u00ba 825, DE 23 DE JULHO DE 2024 &#8211; \u201cDisp\u00f5e sobre incentivos financeiros para alunos da Educa\u00e7\u00e3o de Jovens e Adultos (EJA) no Munic\u00edpio de S\u00e3o Bernardo &#8211; MA, e d\u00e1 outras provid\u00eancias.\u201d<\/a><\/li>\n\t\t<li class=\"wsp-post\"><a href=\"https:\/\/saobernardo.ma.gov.br\/transparencia\/leis\/lei-ordinaria-municipal-no-824-de-09-de-julho-de-2024-institui-o-plano-de-cargos-carreiras-e-remuneracao-dos-agentes-comunitarios-de-saude-e-dos-agentes-de-combate-as-endemias-do-municipio-de-sa\/\">LEI ORDIN\u00c1RIA MUNICIPAL N\u00ba 824, DE 09 DE JULHO DE 2024 &#8211; &#8220;Institui o Plano de Cargos, Carreiras e Remunera\u00e7\u00e3o dos Agentes Comunit\u00e1rios de Sa\u00fade e dos Agentes de Combate \u00e0s Endemias do Munic\u00edpio de S\u00e3o Bernardo, Estado do Maranh\u00e3o, e d\u00e1 outras providencias.\u201d<\/a><\/li>\n\t\t<li class=\"wsp-post\"><a href=\"https:\/\/saobernardo.ma.gov.br\/transparencia\/leis\/lei-ordinaria-municipal-no-823-de-28-de-junho-de-2024-dispoe-sobre-a-denominacao-do-ginasio-poliesportivo-diego-sousa-do-povoado-mamorana\/\">LEI ORDIN\u00c1RIA MUNICIPAL N\u00ba 823, DE 28 DE JUNHO DE 2024 &#8211; &#8220;Disp\u00f5e sobre a denomina\u00e7\u00e3o do Gin\u00e1sio Poliesportivo Di\u00eago Sousa, do Povoado Mamorana\u201d<\/a><\/li>\n\t\t<li class=\"wsp-post\"><a href=\"https:\/\/saobernardo.ma.gov.br\/transparencia\/leis\/lei-ordinaria-municipal-no-822-de-23-de-maio-de-2024-dispoe-sobre-a-criacao-da-feira-da-matriz-conectando-pessoas-celebrando-raizes-no-municipio-de-sao-bernardo-ma-e\/\">LEI ORDIN\u00c1RIA MUNICIPAL N\u00ba 822, DE 23 DE MAIO DE 2024 &#8211; Disp\u00f5e sobre a cria\u00e7\u00e3o da \u201cFEIRA DA MATRIZ: Conectando pessoas, celebrando ra\u00edzes\u201d no Munic\u00edpio de S\u00e3o Bernardo \u2013 MA, e d\u00e1 outras provid\u00eancias.<\/a><\/li>\n\t\t<li class=\"wsp-post\"><a href=\"https:\/\/saobernardo.ma.gov.br\/transparencia\/leis\/lei-ordinaria-municipal-no-821-de-03-de-abril-de-2024-dispoe-sobre-a-criacao-do-centro-de-atendimento-educacional-especializado-caee-vinculado-a-secretaria-municipal-de-educacao\/\">LEI ORDIN\u00c1RIA MUNICIPAL N\u00ba 821, DE 03 DE ABRIL DE 2024 &#8211; \u201cDisp\u00f5e sobre a cria\u00e7\u00e3o do Centro de Atendimento Educacional Especializado &#8211; CAEE vinculado \u00e0 Secretaria Municipal de Educa\u00e7\u00e3o.<\/a><\/li>\n\t\t<li class=\"wsp-post\"><a href=\"https:\/\/saobernardo.ma.gov.br\/transparencia\/leis\/lei-ordinaria-municipal-no-820-de-26-de-marco-de-2024-institui-o-programa-de-educacao-integral-no-sistema-municipal-de-ensino-e-da-outras-providencias\/\">LEI ORDIN\u00c1RIA MUNICIPAL N\u00ba 820, DE 26 DE MAR\u00c7O DE 2024 &#8211; \u201cInstitui o Programa de Educa\u00e7\u00e3o Integral, no Sistema Municipal de Ensino e d\u00e1 outras provid\u00eancias.\u201d<\/a><\/li>\n\t\t<li class=\"wsp-post\"><a href=\"https:\/\/saobernardo.ma.gov.br\/transparencia\/leis\/lei-ordinaria-municipal-no-819-de-27-de-fevereiro-de-2024-determina-a-atualizacao-anual-do-piso-salarial-aos-profissionais-do-magisterio-da-rede-municipal-de-ensino-nos-termos-da-lei-fede\/\">LEI ORDIN\u00c1RIA MUNICIPAL N\u00ba 819, DE 27 DE FEVEREIRO DE 2024 &#8211; \u201cDetermina a atualiza\u00e7\u00e3o anual do Piso Salarial aos profissionais do magist\u00e9rio da rede municipal de ensino, nos termos da Lei Federal n\u00ba 11.738\/2008 e concede o reajuste determinado nos termos da Portaria interministerial MF\/MEC n\u00ba 7, de 29 de dezembro de 2023; e d\u00e1 outras provid\u00eancias.\u2019\u2019<\/a><\/li>\n\t\t<li class=\"wsp-post\"><a href=\"https:\/\/saobernardo.ma.gov.br\/transparencia\/leis\/lei-complementar-municipal-no-16-de-08-de-janeiro-de-2024-dispoe-sobre-legislacao-urbana-define-o-perimetro-da-zona-urbana-e-da-zona-de-expansao-urbana-da-sede-do-municipio-de-sao-bernard\/\">LEI COMPLEMENTAR MUNICIPAL N\u00ba 16, DE 08 DE JANEIRO DE 2024 &#8211; \u201cDisp\u00f5e sobre legisla\u00e7\u00e3o urbana, define o Per\u00edmetro da Zona Urbana e da Zona de Expans\u00e3o Urbana da Sede do Munic\u00edpio de S\u00e3o Bernardo \u2013 MA, revoga a Lei Municipal n\u00ba 570, de 05 de dezembro de 2011; E d\u00e1 outras provid\u00eancias.\u201d<\/a><\/li>\n\t\t<li class=\"wsp-post\"><a href=\"https:\/\/saobernardo.ma.gov.br\/transparencia\/leis\/lei-ordinaria-municipal-no-818-de-22-de-novembro-de-2023-dispoe-sobre-a-implantacao-da-politica-de-educacao-integral-na-rede-municipal-de-ensino-de-sao-bernardo-conforme-previsto-na-lei-mu\/\">LEI ORDIN\u00c1RIA MUNICIPAL N\u00ba 818, DE 22 DE NOVEMBRO DE 2023 &#8211; \u201cDisp\u00f5e sobre a implanta\u00e7\u00e3o da Pol\u00edtica de Educa\u00e7\u00e3o Integral na Rede Municipal de Ensino de S\u00e3o Bernardo conforme previsto na Lei Municipal N\u00ba 690\/2015 que disp\u00f5e sobre o Plano Municipal De Educa\u00e7\u00e3o.\u201d<\/a><\/li>\n\t\t<li class=\"wsp-post\"><a href=\"https:\/\/saobernardo.ma.gov.br\/transparencia\/leis\/lei-ordinaria-municipal-no-817-de-09-de-novembro-de-2023-dispoe-sobre-a-criacao-da-loa-lei-orcamentaria-anual-do-municipio-de-sao-bernardo-estado-do-maranhao-para-o-exercicio-de-2024-e\/\">LEI ORDIN\u00c1RIA MUNICIPAL N\u00ba 817, DE 09 DE NOVEMBRO DE 2023 &#8211; Disp\u00f5e sobre a cria\u00e7\u00e3o da LOA \u2013 Lei Or\u00e7ament\u00e1ria Anual do munic\u00edpio de S\u00e3o Bernardo, Estado do Maranh\u00e3o, para o exerc\u00edcio de 2024, Estima a receita, fixa a despesa e d\u00e1 outras providencias.<\/a><\/li>\n\t\t<li class=\"wsp-post\"><a href=\"https:\/\/saobernardo.ma.gov.br\/transparencia\/leis\/lei-ordinaria-municipal-no-816-de-30-de-outubro-de-2023-institui-a-semana-do-bebe-no-municipio-de-sao-bernardo-ma-e-da-outras-providencias\/\">LEI ORDIN\u00c1RIA MUNICIPAL N\u00ba 816, DE 30 DE OUTUBRO DE 2023 &#8211; Institui a Semana do Beb\u00ea no Munic\u00edpio de S\u00e3o Bernardo\/MA e d\u00e1 outras provid\u00eancias.<\/a><\/li>\n\t\t<li class=\"wsp-post\"><a href=\"https:\/\/saobernardo.ma.gov.br\/transparencia\/leis\/lei-ordinaria-municipal-no-815-de-10-de-outubro-de-2023-fixa-o-piso-salarial-dos-enfermeiros-tecnicos-de-enfermagem-e-auxiliares-de-enfermagem-no-ambito-do-municipio-de-sao-bernardo-ma-em-cons\/\">LEI ORDIN\u00c1RIA MUNICIPAL N\u00ba 815, DE 10 DE OUTUBRO DE 2023 &#8211; Fixa o piso salarial dos Enfermeiros, T\u00e9cnicos de  enfermagem e auxiliares de enfermagem, no \u00e2mbito do  Munic\u00edpio de S\u00e3o Bernardo\/MA, em conson\u00e2ncia com a  Emenda Constitucional n\u00ba 124\/2022 da Lei Federal  14.434\/2022, e d\u00e1 outras provid\u00eancias.<\/a><\/li>\n\t\t<li class=\"wsp-post\"><a href=\"https:\/\/saobernardo.ma.gov.br\/transparencia\/leis\/lei-ordinaria-municipal-no-814-de-26-de-setembro-de-2023-dispoe-sobre-a-dispensa-do-recolhimento-do-imposto-sobre-a-transmissao-inter-vivos-de-bens-imoveis-e-de-direitos-reais-a-eles-relat\/\">LEI ORDIN\u00c1RIA MUNICIPAL N\u00ba 814, DE 26 DE SETEMBRO DE 2023 &#8211; \u201cDisp\u00f5e sobre a dispensa do recolhimento do Imposto Sobre a Transmiss\u00e3o Inter Vivos de Bens Im\u00f3veis e de Direitos Reais a eles relativos \u2013 ITBI, dos foros e laud\u00eamios, do imposto sobre servi\u00e7os de qualquer natureza (ISS), e, ainda, da dispensa do recolhimento dos emolumentos e taxas, referentes ao Fundo de Arrendamento Residencial &#8211; FAR\/ Programa Habitacional Minha Casa.<\/a><\/li>\n\t\t<li class=\"wsp-post\"><a href=\"https:\/\/saobernardo.ma.gov.br\/transparencia\/leis\/lei-ordinaria-municipal-no-813-de-21-de-setembro-de-2023-dispoe-sobre-denominacao-de-logradouros-publicos-e-da-outras-providencias\/\">LEI ORDIN\u00c1RIA MUNICIPAL N\u00ba 813, DE 21 DE SETEMBRO DE 2023 &#8211; \u201cDisp\u00f5e sobre denomina\u00e7\u00e3o de logradouros p\u00fablicos, e d\u00e1 outras provid\u00eancias.\u201d<\/a><\/li>\n\t\t<li class=\"wsp-post\"><a href=\"https:\/\/saobernardo.ma.gov.br\/transparencia\/leis\/lei-ordinaria-municipal-no-812-de-21-de-setembro-de-2023-dispoe-sobre-denominacao-de-logradouros-publicos-e-da-outras-providencias\/\">LEI ORDIN\u00c1RIA MUNICIPAL N\u00ba 812, DE 21 DE SETEMBRO DE 2023 &#8211; \u201cDisp\u00f5e sobre denomina\u00e7\u00e3o de logradouros p\u00fablicos, e d\u00e1 outras provid\u00eancias.\u201d<\/a><\/li>\n\t\t<li class=\"wsp-post\"><a href=\"https:\/\/saobernardo.ma.gov.br\/transparencia\/leis\/lei-ordinaria-municipal-no-811-de-12-de-setembro-de-2023-dispoe-sobre-a-alteracao-da-lei-no-800-de-31-de-agosto-de-2022-que-estabelece-sobre-a-instituicao-da-gestao-democratica-e-sobre-a-p\/\">LEI ORDIN\u00c1RIA MUNICIPAL N\u00ba 811, DE 12 DE SETEMBRO DE 2023 &#8211; \u201cDisp\u00f5e sobre a altera\u00e7\u00e3o da Lei n\u00ba 800 de 31 de agosto de 2022 que estabelece sobre a institui\u00e7\u00e3o da gest\u00e3o democr\u00e1tica e sobre a participa\u00e7\u00e3o da comunidade escolar nos processos pedag\u00f3gicos da rede municipal de ensino de S\u00e3o Bernardo \u2013 MA e d\u00e1 outras provid\u00eancias.\u201d<\/a><\/li>\n\t\t<li class=\"wsp-post\"><a href=\"https:\/\/saobernardo.ma.gov.br\/transparencia\/leis\/lei-ordinaria-municipal-no-810-de-12-de-julho-de-2023-dispoe-sobre-a-criacao-da-ldo-lei-de-diretrizes-orcamentarias-do-municipio-de-sao-bernardo-estado-do-maranhao-para-o-exercicio-de-20\/\">LEI ORDIN\u00c1RIA MUNICIPAL N\u00ba 810, DE 12 DE JULHO DE 2023 &#8211; \u201cDisp\u00f5e sobre a cria\u00e7\u00e3o da LDO &#8211; Lei de diretrizes Or\u00e7ament\u00e1rias do munic\u00edpio de S\u00e3o Bernardo Estado do Maranh\u00e3o para o exerc\u00edcio de 2024 e d\u00e1 outras provid\u00eancias.\u201d<\/a><\/li>\n\t\t<li class=\"wsp-post\"><a href=\"https:\/\/saobernardo.ma.gov.br\/transparencia\/leis\/lei-ordinaria-municipal-no-809-de-12-de-julho-de-2023-promove-adequacao-orcamentaria-no-ambito-do-municipio-de-sao-bernardo-estado-do-maranhao-e-autoriza-a-abertura-de-credito-especial-ao-orcamento\/\">LEI ORDIN\u00c1RIA MUNICIPAL N\u00ba 809, DE 12 DE JULHO DE 2023 -Promove adequa\u00e7\u00e3o or\u00e7ament\u00e1ria no \u00e2mbito do munic\u00edpio de S\u00e3o Bernardo Estado do Maranh\u00e3o e autoriza a abertura de credito especial ao or\u00e7amento anual vigente no valor de R$- 263.132,72 duzentos e sessenta e tr\u00eas mil, cento e trinta e dois reais e setenta e dois centavos, e d\u00e1 outras providencias.<\/a><\/li>\n\t\t<li class=\"wsp-post\"><a href=\"https:\/\/saobernardo.ma.gov.br\/transparencia\/leis\/lei-ordinaria-municipal-no-808-de-12-de-junho-de-2023-autoriza-o-poder-executivo-a-desenvolver-acoes-e-aporte-de-contrapartida-municipal-para-implementar-o-programa-minha-casa-min\/\">Lei Ordin\u00e1ria Municipal n\u00ba 808, de 12 de junho de 2023 &#8211; \u201cAutoriza o Poder Executivo a desenvolver a\u00e7\u00f5es e aporte de contrapartida municipal para implementar o \u201cPrograma Minha Casa Minha Vida\u201d conforme disposto na Lei 11.977 de 07 de Julho de 2009 e na Medida Provis\u00f3ria 1.162 de 14 de fevereiro de 2023, e tamb\u00e9m nas disposi\u00e7\u00f5es das instru\u00e7\u00f5es normativas do Minist\u00e9rio das Cidades, e d\u00e1 outras provid\u00eancias.\u201d<\/a><\/li>\n\t\t<li class=\"wsp-post\"><a href=\"https:\/\/saobernardo.ma.gov.br\/transparencia\/leis\/lei-ordinaria-municipal-no-807-de-29-de-maio-de-2023-dispoe-sobre-a-criacao-do-conselho-municipal-de-seguranca-publica-do-municipio-de-sao-bernardo-estado-do-maranhao-e-da-outras-providen\/\">LEI ORDIN\u00c1RIA MUNICIPAL N\u00ba 807 DE 29 DE MAIO DE 2023 &#8211; \u201cDisp\u00f5e sobre a cria\u00e7\u00e3o do Conselho Municipal de Seguran\u00e7a P\u00fablica do Munic\u00edpio de S\u00e3o Bernardo, Estado do Maranh\u00e3o, e d\u00e1 outras provid\u00eancias.\u201d<\/a><\/li>\n\t\t<li class=\"wsp-post\"><a href=\"https:\/\/saobernardo.ma.gov.br\/transparencia\/leis\/lei-ordinaria-municipal-no-806-de-20-de-marco-de-2023-dispoe-sobre-o-reajuste-do-piso-salarial-dos-conselheiros-tutelares-do-municipio-de-sao-bernardo-ma-e-da-outras-providencias\/\">LEI ORDIN\u00c1RIA MUNICIPAL n\u00ba 806 de 20 de mar\u00e7o de 2023 &#8211; \u201cDisp\u00f5e sobre o reajuste do Piso Salarial dos  Conselheiros Tutelares, do Munic\u00edpio de S\u00e3o  Bernardo- MA; E d\u00e1 outras provid\u00eancias.\u201d<\/a><\/li>\n\t\t<li class=\"wsp-post\"><a href=\"https:\/\/saobernardo.ma.gov.br\/transparencia\/leis\/lei-ordinaria-municipal-no-805-de-29-de-dezembro-2022-dispoe-sobre-a-criacao-da-loa-lei-orcamentaria-anual-do-municipio-de-sao-bernardo-estado-do-maranhao-para-o-exercicio-de\/\">LEI ORDIN\u00c1RIA MUNICIPAL N\u00ba 805, DE 29 DE DEZEMBRO 2022 &#8211; \u201cDisp\u00f5e sobre a cria\u00e7\u00e3o da LOA \u2013 Lei  Or\u00e7ament\u00e1ria Anual do munic\u00edpio de  S\u00e3o Bernardo Estado do Maranh\u00e3o  para o exerc\u00edcio de 2023 Estima a  receita, fixa a despesa e d\u00e1 outras  providencias.\u201d<\/a><\/li>\n\t\t<li class=\"wsp-post\"><a href=\"https:\/\/saobernardo.ma.gov.br\/transparencia\/leis\/lei-complementar-municipal-no-15-de-27-de-dezembro-de-2022-altera-e-da-nova-redacao-a-lei-complementar-no-12-de-14-de-dezembro-de-2021-que-dispoe-sobre-a-concessao-do-abono\/\">LEI COMPLEMENTAR MUNICIPAL N\u00ba 15, DE 27 DE DEZEMBRO DE 2022 \u2013 \u201cAltera e da nova reda\u00e7\u00e3o a Lei Complementar n\u00ba 12, de 14 de dezembro de 2021 que disp\u00f5e sobre a concess\u00e3o do Abono \u2013 FUNDEB, em car\u00e1ter excepcional, aos profissionais da educa\u00e7\u00e3o b\u00e1sica da rede municipal de ensino, na forma que especifica; e d\u00e1 outras provid\u00eancias.\u201d<\/a><\/li>\n\t\t<li class=\"wsp-post\"><a href=\"https:\/\/saobernardo.ma.gov.br\/transparencia\/leis\/lei-ordinaria-municipal-no-804-de-29-de-novembro-de-2022-declara-de-utilidade-publica-a-associacao-bernardense-de-lutas-associadas-e-da-outras-providencias\/\">LEI ORDIN\u00c1RIA MUNICIPAL N\u00ba 804, DE 29 DE NOVEMBRO DE 2022 &#8211; \u201cDECLARA DE UTILIDADE P\u00daBLICA A \u201cASSOCIA\u00c7\u00c3O BERNARDENSE DE LUTAS ASSOCIADAS\u201d E D\u00c1 OUTRAS PROVID\u00caNCIAS.\u201d<\/a><\/li>\n\t\t<li class=\"wsp-post\"><a href=\"https:\/\/saobernardo.ma.gov.br\/transparencia\/leis\/lei-ordinaria-municipal-no-803-de-29-de-novembro-de-2022-dispoe-sobre-o-reajuste-do-piso-salarial-dos-agentes-comunitarios-de-saude-acs-e-agentes-de-combate-a-endemias\/\">LEI ORDIN\u00c1RIA MUNICIPAL N\u00ba 803, DE 29 DE NOVEMBRO DE 2022 &#8211; \u201cDisp\u00f5e sobre o reajuste do Piso Salarial dos Agentes Comunit\u00e1rios de Sa\u00fade \u2013 ACS e Agentes de Combate a Endemias \u2013 ACE, do Munic\u00edpio de S\u00e3o Bernardo- MA; E d\u00e1 outras provid\u00eancias.\u201d<\/a><\/li>\n\t\t<li class=\"wsp-post\"><a href=\"https:\/\/saobernardo.ma.gov.br\/transparencia\/leis\/lei-ordinaria-municipal-no-802-de-29-de-novembro-de-2022-dispoe-sobre-a-criacao-do-conselho-municipal-dos-direitos-da-pessoa-idosa-e-da-outras-providencias\/\">LEI ORDIN\u00c1RIA MUNICIPAL N\u00ba 802, DE 29 DE NOVEMBRO DE 2022 &#8211; Disp\u00f5e sobre a cria\u00e7\u00e3o do Conselho Municipal dos Direitos da Pessoa Idosa e d\u00e1 outras Provid\u00eancias.<\/a><\/li>\n\t\t<li class=\"wsp-post\"><a href=\"https:\/\/saobernardo.ma.gov.br\/transparencia\/leis\/lei-ordinaria-municipal-no-800-de-31-de-agosto-de-2022-dispoe-sobre-a-instituicao-da-gestao-democratica-e-sobre-a-participacao-da-comunidade-escolar-nos-processos-pedagogicos-da-rede-munic\/\">LEI ORDIN\u00c1RIA MUNICIPAL N\u00ba 800, DE 31 DE AGOSTO DE 2022 &#8211; \u201cDisp\u00f5e sobre a institui\u00e7\u00e3o da gest\u00e3o democr\u00e1tica e sobre a participa\u00e7\u00e3o da comunidade escolar nos processos pedag\u00f3gicos da rede municipal de ensino de S\u00e3o Bernardo \u2013 MA; e d\u00e1 outras provid\u00eancias.<\/a><\/li>\n\t\t<li class=\"wsp-post\"><a href=\"https:\/\/saobernardo.ma.gov.br\/transparencia\/leis\/lei-ordinaria-municipal-no-799-de-25-de-julho-de-2022-dispoe-sobre-a-denominacao-da-quadra-do-povoado-baixa-grande-quadra-poliesportiva-bernardo-ovidio-pebinha\/\">Lei Ordin\u00e1ria Municipal n\u00ba 799, de 25 de julho de 2022 &#8211; \u201cDisp\u00f5e sobre a Denomina\u00e7\u00e3o da QUADRA DO POVOADO  BAIXA GRANDE- Quadra Poliesportiva Bernardo Ov\u00eddio  (Pebinha)\u201d.<\/a><\/li>\n\t\t<li class=\"wsp-post\"><a href=\"https:\/\/saobernardo.ma.gov.br\/transparencia\/leis\/lei-ordinaria-municipal-no-798-de-12-de-julho-de-2022-dispoe-sobre-a-reestruturacao-de-cargos-publicos-e-carreiras-integrantes-da-estrutura-basica-da-guarda-civil-municipal-de-sao-bernardo\/\">LEI ORDIN\u00c1RIA MUNICIPAL N\u00ba 798, de 12 de julho de 2022 &#8211; \u201cDisp\u00f5e sobre a reestrutura\u00e7\u00e3o de cargos p\u00fablicos e carreiras integrantes da estrutura b\u00e1sica da Guarda Civil Municipal de S\u00e3o Bernardo\/MA\u201d.<\/a><\/li>\n\t\t<li class=\"wsp-post\"><a href=\"https:\/\/saobernardo.ma.gov.br\/transparencia\/leis\/lei-ordiaria-municipal-no-797-de-31-de-marco-de-2022-dispoe-sobre-a-descentralizacao-administrativa-e-financeira-municipal-de-sao-bernardo-estado-do-maranhao-e-da-outras-providencias\/\">LEI ORDI\u00c1RIA MUNICIPAL N\u00ba 797, DE 31 DE MAR\u00c7O DE 2022 &#8211; \u201cDisp\u00f5e sobre a descentraliza\u00e7\u00e3o administrativa e financeira municipal de S\u00e3o Bernardo, estado do Maranh\u00e3o, e d\u00e1 outras provid\u00eancias.<\/a><\/li>\n\t\t<li class=\"wsp-post\"><a href=\"https:\/\/saobernardo.ma.gov.br\/transparencia\/leis\/lei-complementar-municipal-no-14-de-31-de-marco-de-2022-dispoe-sobre-a-estrutura-organizacional-basica-da-administracao-publica-direta-e-indireta-do-poder-executivo-municipal-e-da-outras\/\">LEI COMPLEMENTAR MUNICIPAL N\u00ba 14, DE 31 DE MAR\u00c7O DE 2022 &#8211; \u201cDisp\u00f5e sobre a estrutura organizacional b\u00e1sica da Administra\u00e7\u00e3o P\u00fablica Direta e Indireta do Poder Executivo Municipal, e d\u00e1 outras provid\u00eancias.\u201d<\/a><\/li>\n\t\t<li class=\"wsp-post\"><a href=\"https:\/\/saobernardo.ma.gov.br\/transparencia\/leis\/lei-ordinaria-municipal-no-796-de-21-de-fevereiro-de-2022-concede-atualizacao-do-piso-salarial-aos-profissionais-do-magisterio-da-rede-municipal-de-ensino-para-o-ano-de-2022-nos\/\">LEI ORDIN\u00c1RIA MUNICIPAL N\u00ba 796, DE 21 DE FEVEREIRO DE 2022 &#8211; \u2018\u2019Concede atualiza\u00e7\u00e3o do piso salarial aos profissionais do magist\u00e9rio da rede municipal de ensino para o ano de 2022, nos termos da Lei Federal n\u00ba 11.738\/2008, e d\u00e1 outras provid\u00eancias.\u2019\u2019<\/a><\/li>\n\t\t<li class=\"wsp-post\"><a href=\"https:\/\/saobernardo.ma.gov.br\/transparencia\/leis\/lei-ordinaria-municipal-no-795-de-24-de-janeiro-de-2022-dispoe-sobre-a-obrigatoriedade-de-instalacao-de-porta-giratoria-com-detector-de-metais-nos-estabelecimentos-bancarios-de-sao-bernar\/\">LEI ORDIN\u00c1RIA MUNICIPAL N\u00ba 795, DE 24 DE JANEIRO DE 2022 &#8211; \u201cDISP\u00d5E SOBRE A OBRIGATORIEDADE DE INSTALA\u00c7\u00c3O DE PORTA GIRAT\u00d3RIA COM DETECTOR DE METAIS, NOS ESTABELECIMENTOS BANC\u00c1RIOS DE S\u00c3O BERNARDO, ESTADO DO MARANH\u00c3O; E D\u00c1 OUTRAS PROVID\u00caNCIAS.\u201d<\/a><\/li>\n\t\t<li class=\"wsp-post\"><a href=\"https:\/\/saobernardo.ma.gov.br\/transparencia\/leis\/lei-ordinaria-municipal-no-794-de-07-de-janeiro-de-2022-dispoe-sobre-o-sistema-unico-de-assistencia-social-do-municipio-de-sao-bernardo-estado-do-maranhao-e-da-outras-providencia\/\">LEI ORDIN\u00c1RIA MUNICIPAL N\u00ba 794, DE 07 DE JANEIRO DE 2022 -\u2018\u2019DISP\u00d5E SOBRE O SISTEMA \u00daNICO DE ASSIST\u00caNCIA SOCIAL DO MUNIC\u00cdPIO DE S\u00c3O BERNARDO, ESTADO DO MARANH\u00c3O, E D\u00c1 OUTRAS PROVID\u00caNCIAS.\u2019\u2019<\/a><\/li>\n\t\t<li class=\"wsp-post\"><a href=\"https:\/\/saobernardo.ma.gov.br\/transparencia\/leis\/lei-ordinaria-municipal-no-793-de-31-de-dezembro-de-2021-dispoe-sobre-a-criacao-da-loa-lei-orcamentaria-anual-do-municipio-de-sao-bernardo-estado-do-maranhao-para-exercicio-de-2\/\">LEI ORDIN\u00c1RIA MUNICIPAL N\u00ba 793, DE 31 DE DEZEMBRO DE 2021 &#8211; \u201cDisp\u00f5e sobre a cria\u00e7\u00e3o da LOA \u2013 Lei Or\u00e7ament\u00e1ria Anual do Munic\u00edpio de S\u00e3o Bernardo, Estado do Maranh\u00e3o para exerc\u00edcio de 2022, Estima a receita, fixa a despesa e d\u00e1 outras providencias.\u201d<\/a><\/li>\n\t\t<li class=\"wsp-post\"><a href=\"https:\/\/saobernardo.ma.gov.br\/transparencia\/leis\/lei-complementar-municipal-no-13-de-28-de-dezembro-de-2021-dispoe-sobre-a-criacao-do-ppa-plano-plurianual-do-municipio-de-sao-bernardo-estado-do-maranhao-para-o-quadrienio-2022\/\">LEI COMPLEMENTAR MUNICIPAL N\u00ba 13, de 28 de dezembro de 2021 &#8211; \u201cDisp\u00f5e sobre a cria\u00e7\u00e3o do PPA \u2013 Plano Plurianual do munic\u00edpio de S\u00e3o Bernardo, Estado do Maranh\u00e3o, para o quadri\u00eanio 2022 a 2025; E d\u00e1 outras provid\u00eancias.\u201d<\/a><\/li>\n\t\t<li class=\"wsp-post\"><a href=\"https:\/\/saobernardo.ma.gov.br\/transparencia\/leis\/lei-complementar-no-12-de-14-de-dezembro-de-2021-dispoe-sobre-a-concessao-do-abono-fundeb-em-carater-excepcional-aos-profissionais-da-educacao-basica-da-rede-municipal-de-ensin\/\">LEI COMPLEMENTAR MUNICIPAL N\u00ba 12, DE 14 DE DEZEMBRO DE 2021 &#8211; \u201cDisp\u00f5e sobre a concess\u00e3o do Abono \u2013 FUNDEB, em car\u00e1ter excepcional, aos profissionais da educa\u00e7\u00e3o b\u00e1sica da rede municipal de ensino, na forma que especifica; e d\u00e1 outras provid\u00eancias.\u201d<\/a><\/li>\n\t\t<li class=\"wsp-post\"><a href=\"https:\/\/saobernardo.ma.gov.br\/transparencia\/leis\/lei-ordinaria-municipal-no-792-de-19-de-novembro-de-2021-institui-o-dia-18-de-agosto-como-o-dia-do-vaqueiro-em-sao-bernardo-estado-do-maranhao-e-da-outras-previdencias\/\">LEI ORDIN\u00c1RIA MUNICIPAL N\u00ba 792, DE 19 DE NOVEMBRO DE 2021 -INSTITUI O DIA 18 DE AGOSTO COMO O DIA DO VAQUEIRO EM S\u00c3O BERNARDO, ESTADO DO MARANH\u00c3O; E D\u00c1 OUTRAS PREVIDENCIAS.&#8221;<\/a><\/li>\n\t\t<li class=\"wsp-post\"><a href=\"https:\/\/saobernardo.ma.gov.br\/transparencia\/leis\/lei-ordinaria-municipal-no-791-de-11-de-outubro-de-2021-dispoe-sobre-a-denominacao-da-ubs-unidade-basica-de-saude-vereador-bernardo-ferreira-machado-e-da-outras-providen\/\">LEI ORDIN\u00c1RIA MUNICIPAL N\u00ba 791, DE 11 DE OUTUBRO DE 2021- \u2018\u2019DISP\u00d5E SOBRE A DENOMINA\u00c7\u00c3O DA UBS \u2013 UNIDADE B\u00c1SICA DE SA\u00daDE VEREADOR BERNARDO FERREIRA MACHADO, E D\u00c1 OUTRAS PROVIDENCIAS.\u2019\u2019<\/a><\/li>\n\t\t<li class=\"wsp-post\"><a href=\"https:\/\/saobernardo.ma.gov.br\/transparencia\/leis\/lei-ordinaria-municipal-no-790-de-16-de-agosto-de-2021-dispoe-sobre-a-denominacao-da-ubs-unidade-basica-de-saude-vereadora-isabel-spindola-coelho-lima\/\">LEI ORDIN\u00c1RIA MUNICIPAL N\u00ba 790, DE 16 DE AGOSTO DE 2021-\u2018DISP\u00d5E SOBRE A DENOMINA\u00c7\u00c3O DA UBS \u2013 UNIDADE B\u00c1SICA DE SA\u00daDE VEREADORA ISABEL SPINDOLA COELHO LIMA.\u2019\u2019<\/a><\/li>\n\t\t<li class=\"wsp-post\"><a href=\"https:\/\/saobernardo.ma.gov.br\/transparencia\/leis\/lei-ordinaria-municipal-no-789-de-21-de-julho-de-2021-dispoe-sobre-a-regulamentacao-e-reorganizacao-do-conselho-municipal-de-educacao-de-sao-bernardo-ma-e-da-outras-providencias\/\">LEI ORDIN\u00c1RIA MUNICIPAL N\u00ba 789, DE 21 DE JULHO DE 2021- \u201cDisp\u00f5e sobre a Regulamenta\u00e7\u00e3o e Reorganiza\u00e7\u00e3o do Conselho Municipal de Educa\u00e7\u00e3o de S\u00e3o Bernardo \u2013 MA, e d\u00e1 outras provid\u00eancias.\u201d<\/a><\/li>\n\t\t<li class=\"wsp-post\"><a href=\"https:\/\/saobernardo.ma.gov.br\/transparencia\/leis\/lei-ordinaria-municipal-no-788-de-21-de-julho-de-2021-institui-o-sistema-municipal-de-ensino-publico-do-municipio-de-sao-bernardo-ma-e-da-outras-providencias\/\">LEI ORDIN\u00c1RIA MUNICIPAL N\u00ba 788, DE 21 DE JULHO DE 2021- \u201cInstitui o Sistema Municipal de Ensino P\u00fablico do Munic\u00edpio de S\u00e3o Bernardo \u2013 MA, e d\u00e1 outras providencias\u201d<\/a><\/li>\n\t\t<li class=\"wsp-post\"><a href=\"https:\/\/saobernardo.ma.gov.br\/transparencia\/leis\/lei-ordinaria-municipal-no-787-de-20-de-julho-de-2021-dispoe-sobre-o-programa-municipal-de-parcerias-publico-privadas-e-concessoes-do-municipio-de-sao-bernardo-estado-do-maranhao-e-da-ou\/\">LEI ORDIN\u00c1RIA MUNICIPAL N\u00ba 787, DE 20 DE JULHO DE 2021- \u201cDISP\u00d5E SOBRE O PROGRAMA MUNICIPAL DE PARCERIAS P\u00daBLICO-PRIVADAS E CONCESS\u00d5ES DO MUNIC\u00cdPIO DE S\u00c3O BERNARDO &#8211; ESTADO DO MARANH\u00c3O, E D\u00c1 OUTRAS PROVID\u00caNCIAS\u201d.<\/a><\/li>\n\t\t<li class=\"wsp-post\"><a href=\"https:\/\/saobernardo.ma.gov.br\/transparencia\/leis\/lei-ordinaria-no-786-de-16-de-julho-de-2021-cria-e-nomeia-escolas-publicas-municipais-na-sede-do-municipio-e-da-outras-providencias\/\">LEI ORDIN\u00c1RIA MUNICIPAL N\u00ba 786, DE 16 DE JULHO DE 2021-\u201cCRIA E NOMEIA ESCOLAS P\u00daBLICAS MUNICIPAIS NA SEDE DO MUNIC\u00cdPIO, E D\u00c1 OUTRAS PROVID\u00caNCIAS\u201d.<\/a><\/li>\n\t\t<li class=\"wsp-post\"><a href=\"https:\/\/saobernardo.ma.gov.br\/transparencia\/leis\/lei-complementar-municipal-no-11-de-15-de-julho-de-2021-autoriza-o-poder-executivo-atualizar-os-valores-da-tabela-para-cobranca-da-contribuicao-de-iluminacao-publica-cip-instituida-atraves-da-lei\/\">LEI COMPLEMENTAR MUNICIPAL N\u00ba 11, DE 15 DE JULHO DE 2021-AUTORIZA O PODER EXECUTIVO ATUALIZAR OS VALORES DA TABELA PARA COBRAN\u00c7A DA CONTRIBUI\u00c7\u00c3O DE ILUMINA\u00c7\u00c3O PUBLICA &#8211; CIP, INSTITU\u00cdDA ATRAV\u00c9S DA LEI MUNICIPAL N\u00ba 428\/2002 E D\u00c1 OUTRAS PROVIDENCIAS.<\/a><\/li>\n\t\t<li class=\"wsp-post\"><a href=\"https:\/\/saobernardo.ma.gov.br\/transparencia\/leis\/lei-ordinaria-municipal-no-785-de-14-de-julho-de-2021-declara-de-utilidade-publica-municipal-a-associacao-civil-denominada-de-instituto-meio-norte-de-infraestrutura-social-educaca\/\">LEI ORDIN\u00c1RIA MUNICIPAL N\u00ba 785 DE 14 DE JULHO DE 2021- \u2018\u2019DECLARA DE UTILIDADE P\u00daBLICA MUNICIPAL A ASSOCIA\u00c7\u00c3O CIVIL, DENOMINADA DE INSTITUTO MEIO NORTE DE INFRAESTRUTURA SOCIAL, EDUCA\u00c7\u00c3O E CIDADANIA \u2013 IMNISEC, E D\u00c1 OUTRAS PROVIDENCIAS.\u2019\u2019<\/a><\/li>\n\t\t<li class=\"wsp-post\"><a href=\"https:\/\/saobernardo.ma.gov.br\/transparencia\/leis\/lei-ordinaria-municipal-no-784-de-14-de-julho-de-2021-dispoe-sobre-a-criacao-da-ldo-lei-de-diretrizes-orcamentarias-do-municipio-de-sao-bernardo-estado-do-maranhao-para-o-exercicio-de-2022\/\">LEI ORDIN\u00c1RIA MUNICIPAL N\u00ba 784, DE 14 DE JULHO DE 2021- DISP\u00d5E SOBRE A CRIA\u00c7\u00c3O DA LDO \u2013 LEI DE DIRETRIZES OR\u00c7AMENT\u00c1RIAS DO MUNIC\u00cdPIO DE S\u00c3O BERNARDO ESTADO DO MARANH\u00c3O PARA O EXERC\u00cdCIO DE 2022 E D\u00c1 OUTRAS PROVIDENCIAS.<\/a><\/li>\n\t\t<li class=\"wsp-post\"><a href=\"https:\/\/saobernardo.ma.gov.br\/transparencia\/leis\/lei-ordinaria-municipal-no-781-de-28-de-abril-de-2021-dispoe-sobre-a-criacao-do-sistema-de-seguranca-alimentar-e-nutricional-do-municipio-de-sao-bernardo-estado-do-maranhao-no-ambito-do-sistema-na\/\">LEI ORDIN\u00c1RIA MUNICIPAL N\u00ba 781, DE 28 DE ABRIL DE 2021 &#8211; Disp\u00f5e sobre a cria\u00e7\u00e3o do Sistema de Seguran\u00e7a Alimentar e Nutricional do Munic\u00edpio de S\u00e3o Bernardo, Estado do Maranh\u00e3o no \u00e2mbito do Sistema Nacional de Seguran\u00e7a Alimentar e Nutricional &#8211; SISAN<\/a><\/li>\n\t\t<li class=\"wsp-post\"><a href=\"https:\/\/saobernardo.ma.gov.br\/transparencia\/leis\/lei-ordinaria-municipal-no-783-de-25-de-maio-de-2021-cria-e-institui-a-data-de-fundacao-das-escolas-publicas-da-rede-municipal-de-ensino-e-da-outras-providencias\/\">LEI ORDIN\u00c1RIA MUNICIPAL N\u00ba 783, DE 25 DE MAIO DE 2021 &#8211; \u201cCRIA E INSTITUI A DATA DE FUNDA\u00c7\u00c3O DAS ESCOLAS P\u00daBLICAS DA REDE MUNICIPAL DE ENSINO, E D\u00c1 OUTRAS PROVID\u00caNCIAS\u201d.<\/a><\/li>\n\t\t<li class=\"wsp-post\"><a href=\"https:\/\/saobernardo.ma.gov.br\/transparencia\/leis\/lei-ordinaria-municipal-no-782-de-25-de-maio-de-2021-dispoe-sobre-regras-para-o-uso-e-ocupacao-de-espacos-publicos-para-fins-de-realizacao-de-eventos-diversos-de-curta-duracao-instalacao-de-sinaliz\/\">LEI ORDIN\u00c1RIA MUNICIPAL N\u00ba 782, DE 25 DE MAIO DE 2021- Disp\u00f5e sobre regras para o uso e ocupa\u00e7\u00e3o de espa\u00e7os p\u00fablicos para fins de realiza\u00e7\u00e3o de eventos diversos de curta dura\u00e7\u00e3o, instala\u00e7\u00e3o de sinaliza\u00e7\u00e3o de vias e logradouros p\u00fablicos, presta\u00e7\u00e3o de servi\u00e7os e exerc\u00edcio de atividade econ\u00f4mica, mediante os instrumentos da autoriza\u00e7\u00e3o, permiss\u00e3o e concess\u00e3o e d\u00e1 outras provid\u00eancias. \u201c<\/a><\/li>\n\t\t<li class=\"wsp-post\"><a href=\"https:\/\/saobernardo.ma.gov.br\/transparencia\/leis\/lei-ordinaria-municipal-no-780-de-23-de-marco-de-2021-dispoe-sobre-a-reestruturacao-do-conselho-municipal-de-acompanhamento-e-controle-social-do-fundo-de-manutencao-e-desenvolvimento-da-ed\/\">LEI ORDIN\u00c1RIA  MUNICIPAL N\u00ba 780, DE 23 DE MAR\u00c7O DE 2021- \u201cDisp\u00f5e sobre a reestrutura\u00e7\u00e3o do Conselho Municipal de Acompanhamento e Controle Social do Fundo de Manuten\u00e7\u00e3o e Desenvolvimento da Educa\u00e7\u00e3o B\u00e1sica e de Valoriza\u00e7\u00e3o dos Profissionais da Educa\u00e7\u00e3o &#8211; CACS-FUNDEB<\/a><\/li>\n\t\t<li class=\"wsp-post\"><a href=\"https:\/\/saobernardo.ma.gov.br\/transparencia\/leis\/lei-ordinaria-municipal-no-778-de-29-de-dezembro-de-2020-fixa-o-subsidio-do-prefeito-do-vice-prefeito-e-dos-secretarios-municipais-de-sao-bernardo-ma-para-o-mandato-de\/\">LEI ORDIN\u00c1RIA MUNICIPAL N\u00ba 778, DE 29 DE DEZEMBRO DE 2020.\u201cFixa o subs\u00eddio do Prefeito, do Vice \u2013 Prefeito e dos Secret\u00e1rios Municipais de S\u00e3o Bernardo \u2013 MA, para o mandato de 2021 a 2024, e d\u00e1 outras provid\u00eancias.\u201d<\/a><\/li>\n\t\t<li class=\"wsp-post\"><a href=\"https:\/\/saobernardo.ma.gov.br\/transparencia\/leis\/lei-ordinaria-municipal-no-776-de-23-de-dezembro-de-2o2o-dispoe-sobre-a-criacao-da-ldo-lei-de-diretrizes-orcamentarias-do-municipio-de-sao-bernardo-estado-do-maranhao-para-o-exercicio-de-2021-e\/\">LEI ORDIN\u00c1RIA MUNICIPAL N\u00ba 776, de 23 de dezembro de 2O2O &#8211; &#8220;Disp\u00f5e sobre a cria\u00e7\u00e3o da LDO &#8211; Lei de diretrizes Or\u00e7ament\u00e1rias do munic\u00edpio de S\u00e3o Bernardo Estado do Maranh\u00e3o para o exerc\u00edcio de 2021 e d\u00e1 outras providencias.&#8221;<\/a><\/li>\n\t\t<li class=\"wsp-post\"><a href=\"https:\/\/saobernardo.ma.gov.br\/transparencia\/leis\/lei-ordinaria-municipal-no-777-de-23-de-dezembro-de-2020-dispoe-sobre-a-denomincao-de-logradouros-publicos-dispoe-sobre-a-declaracao-de-utilidade-publica-da-associacao-do\/\">LEI ORDIN\u00c1RIA MUNICIPAL N\u00ba 777, DE 23 DE DEZEMBRO DE 2020. \u201cDISP\u00d5E SOBRE A DENOMIN\u00c7\u00c3O DE LOGRADOUROS P\u00daBLICOS\u201d. \u201cDISP\u00d5E SOBRE A DECLARA\u00c7\u00c3O DE UTILIDADE P\u00daBLICA DA ASSOCIA\u00c7\u00c3O DOS AGRICULTORES FAMILIARES DO POVOADO FORMOSA.\u201d<\/a><\/li>\n\t\t<li class=\"wsp-post\"><a href=\"https:\/\/saobernardo.ma.gov.br\/transparencia\/leis\/lei-ordinaria-municipal-no-777-de-23-de-dezembro-de-2020-dispoe-sobre-a-denominacao-de-logradouros-publicos\/\">LEI ORDIN\u00c1RIA MUNICIPAL N\u00ba 777, DE 23 DE DEZEMBRO DE 2020. \u201cDISP\u00d5E SOBRE A DENOMINA\u00c7\u00c3O DE LOGRADOUROS P\u00daBLICOS\u201d.<\/a><\/li>\n\t\t<li class=\"wsp-post\"><a href=\"https:\/\/saobernardo.ma.gov.br\/transparencia\/leis\/lei-ordinaria-municipal-no-775-de-01-de-outubro-de-2020-cria-na-forma-dos-%c2%a7-4o-5o-e-6o-do-art-198-da-constituicao-federal-o-cargo-publico-de-agente-comunitario-de-saude-no-ambito-da\/\">LEI ORDIN\u00c1RIA MUNICIPAL N\u00ba 775, DE 03 DE OUTUBRO DE 2020. \u201cCria na forma dos \u00a7 4\u00ba, 5\u00ba e 6\u00ba do art. 198 da Constitui\u00e7\u00e3o Federal o Cargo P\u00fablico de Agente Comunit\u00e1rio de Sa\u00fade, no \u00e2mbito da Secretaria Municipal de Sa\u00fade do Munic\u00edpio de S\u00e3o Bernardo\/MA, e d\u00e1 outras provid\u00eancias\u201d<\/a><\/li>\n\t\t<li class=\"wsp-post\"><a href=\"https:\/\/saobernardo.ma.gov.br\/transparencia\/leis\/lei-ordinaria-municipal-n-774-de-15-de-setembro-de-2020-declara-de-utilidade-publica-a-associacao-dos-professores-contratados-com-direito-a-subvinculacao-das-verbas-de-difernancas-do-fundef\/\">Lei Ordin\u00e1ria Municipal  N\u00b0 774, de 15 de Setembro de 2020. Declara de utilidade p\u00fablica a &#8220;associa\u00e7\u00e3o dos professores contratados com direito a subvincula\u00e7\u00e3o das verbas de difernan\u00e7as do FUNDEF- per\u00edodo 1998-2006&#8221;.<\/a><\/li>\n\t\t<li class=\"wsp-post\"><a href=\"https:\/\/saobernardo.ma.gov.br\/transparencia\/leis\/loa-2020-lei-municipal-n-773-de-19-de-marco-de-2020-do-municipio-de-sao-bernardo-ma-para-o-exercicio-de-2020\/\">LOA-2020. Lei MUNICIPAL N\u00b0 773, DE 19 DE MAR\u00c7O DE 2020 do Munic\u00edpio de S\u00e3o Bernardo-Ma para o exerc\u00edcio de 2020.<\/a><\/li>\n\t\t<li class=\"wsp-post\"><a href=\"https:\/\/saobernardo.ma.gov.br\/transparencia\/leis\/lei-municipal-n-771-de-11-de-marco-de-2020-dispoe-sobre-a-denominacao-de-logradouros-publicos\/\">Lei Municipal N\u00b0 771 de 11 de Mar\u00e7o de 2020. Disp\u00f5e sobre a denomina\u00e7\u00e3o de logradouros p\u00fablicos<\/a><\/li>\n\t\t<li class=\"wsp-post\"><a href=\"https:\/\/saobernardo.ma.gov.br\/transparencia\/leis\/lei-municipal-n-770-de-08-de-janeiro-2020-dispoe-sobre-a-denominacao-de-logradouros-publicos-e-da-outras-providencias\/\">Lei Municipal N\u00b0 770, de 08 de Janeiro 2020. Disp\u00f5e sobre a denomina\u00e7\u00e3o de logradouros p\u00fablicos, e d\u00e1 outras provid\u00eancias<\/a><\/li>\n\t\t<li class=\"wsp-post\"><a href=\"https:\/\/saobernardo.ma.gov.br\/transparencia\/leis\/lei-municipal-n-769-de-08-de-janeiro-2020-autoriza-o-municipio-de-sao-bernardo-por-intermedio-do-poder-executivo-a-realizar-doacao-com-encargos-do-imovel-que-especifica-e-da-outras-providen\/\">Lei Municipal N\u00b0 769, de 08 de Janeiro 2020. Autoriza o Munic\u00edpio de S\u00e3o Bernardo, por interm\u00e9dio do poder executivo, a realizar doa\u00e7\u00e3o com encargos do im\u00f3vel que especifica, e d\u00e1 outras provid\u00eancias<\/a><\/li>\n\t\t<li class=\"wsp-post\"><a href=\"https:\/\/saobernardo.ma.gov.br\/transparencia\/leis\/lei-municipal-n-768-de-08-de-janeiro-2020-dispoe-sobre-a-obrigatoriedade-das-empresas-prestadoras-de-servicos-de-industria-comercio-temporarias-ou-de-servicos-terceirizados-no-municipio-de\/\">Lei Municipal N\u00b0 768, de 08 de Janeiro 2020. Disp\u00f5e sobre a obrigatoriedade das empresas prestadoras de servi\u00e7os, de ind\u00fastria, com\u00e9rcio, tempor\u00e1rias ou de servi\u00e7os terceirizados no munic\u00edpio de S\u00e3o Bernardo\/Ma, a contratarem e a manterem, prioritariamente, m\u00e3o de onra local, e d\u00e1 outras provid\u00eancias<\/a><\/li>\n\t\t<li class=\"wsp-post\"><a href=\"https:\/\/saobernardo.ma.gov.br\/transparencia\/leis\/lei-municipal-no-767-de-05-de-dezembro-de-2019-autoriza-o-poder-executivo-a-realizar-operacao-de-credito-com-o-banco-do-brasil-s-a\/\">Lei Municipal N\u00ba 767, de 05 de dezembro de 2019. Autoriza o poder executivo a realizar opera\u00e7\u00e3o de cr\u00e9dito com o Banco do Brasil S.A<\/a><\/li>\n\t\t<li class=\"wsp-post\"><a href=\"https:\/\/saobernardo.ma.gov.br\/transparencia\/leis\/lei-ordinaria-municipal-n-766-de-12-de-outubro-de-2019-altera-a-lei-municipal-n-728-de-20-de-setembro-de-2017\/\">Lei Ordin\u00e1ria Municipal N\u00b0 766, de 12 de outubro de 2019.  Altera a Lei Municipal N\u00b0 728, de 20 de setembro de 2017.<\/a><\/li>\n\t\t<li class=\"wsp-post\"><a href=\"https:\/\/saobernardo.ma.gov.br\/transparencia\/leis\/lei-ordinaria-municipal-n-765-de-outubro-de-2019-cria-o-bairro-urbano-parque-residencial-novo-sao-bernardo-autoriza-o-poder-publico-a-fazer-doacao-de-lotes-urbanos-revoga-a-lei-ordinaria-mu\/\">Lei Ordin\u00e1ria Municipal N\u00b0 765 de outubro de 2019. Cria o bairro urbano &#8220;Parque residencial novo S\u00e3o Bernardo; Autoriza o poder p\u00fablico a fazer doa\u00e7\u00e3o de lotes urbanos; Revoga a Lei Ordin\u00e1ria Municipal N\u00b0 746, de 03 de Dezembro de 2018.<\/a><\/li>\n\t\t<li class=\"wsp-post\"><a href=\"https:\/\/saobernardo.ma.gov.br\/transparencia\/leis\/lei-municipal-n-764-de-02-de-outubro-de-2019-estabelece-normas-complementares-criterios-e-procedimentos-administrativo-para-aplicacao-no-ambito-do-municipio-de-sao-bernardo-estado-do-maranhao-d\/\">Lei Municipal N\/ 764, de 02 de outubro de 2019, Estabelece normas complementares, crit\u00e9rios e procedimentos administrativo para aplica\u00e7\u00e3o, no \u00e2mbito do municipio de S\u00e3o Bernardo, estado do Maranh\u00e3o, da regulariza\u00e7\u00e3o fundi\u00e1ria urbana e rural prevista na lei federal N\u00b0 13.465, de 11 de Julho de 2017, e d\u00e1 outras provid\u00eancias.<\/a><\/li>\n\t\t<li class=\"wsp-post\"><a href=\"https:\/\/saobernardo.ma.gov.br\/transparencia\/leis\/lei-municipal-n-762-de-30-de-julho-de-2019-autoriza-a-concessao-de-direito-real-de-uso-cdru-em-favor-de-weslley-ferreira-de-moura-na-forma-que-especifica\/\">Lei Municipal N\u00b0 762, de 30 de julho de 2019, autoriza a concess\u00e3o de Direito Real de Uso &#8211; CDRU, em favor de Weslley Ferreira de Moura, na forma que especifica.<\/a><\/li>\n\t\t<li class=\"wsp-post\"><a href=\"https:\/\/saobernardo.ma.gov.br\/transparencia\/leis\/lei-ordindaria-municipal-n-763-de-30-de-julho-de-2019-dispoe-sobre-a-criacao-da-ldo-lei-de-diretrizes-orcamentarias-do-municipio-de-sao-bernardo-ma-para-o-exercicio-de-2020-e-da-outras-p\/\">Lei Ordind\u00e1ria Municipal N\u00b0 763, de 30 de Julho de 2019. Disp\u00f5e sobre a cria\u00e7\u00e3o da LDO &#8211; Lei de diretrizes Or\u00e7ament\u00e1rias do Municipio de S\u00e3o Bernardo &#8211; Ma, para o exerc\u00edcio de 2020, e d\u00e1 outras provid\u00eancias<\/a><\/li>\n\t\t<li class=\"wsp-post\"><a href=\"https:\/\/saobernardo.ma.gov.br\/transparencia\/leis\/lei-ordinaria-municipal-n759-de-21-de-junho-de-2019-dispoe-sobre-a-previa-inspencao-industrial-e-sanitaria-dos-produtores-de-origem-animal-no-municipio-de-sao-bernardo-ma\/\">Lei Ordin\u00e1ria Municipal N759, de 21 de Junho de 2019. &#8220;Disp\u00f5e sobre a pr\u00e9via inspen\u00e7\u00e3o industrial e sanit\u00e1ria dos produtores de origem animal no municipio de S\u00e3o Bernardo-MA<\/a><\/li>\n\t\t<li class=\"wsp-post\"><a href=\"https:\/\/saobernardo.ma.gov.br\/transparencia\/leis\/lei-ordinaria-n-761-de-21-de-junho-de-2019-dispoe-sobre-a-criacao-do-dia-do-evangelico-e-do-catolico-no-ambito-do-municipio-e-da-outras-providencias\/\">Lei Ordin\u00e1ria N\u00b0 761, de 21 de junho de 2019, Disp\u00f5e sobre a cria\u00e7\u00e3o do dia do evang\u00e9lico e do cat\u00f3lico no \u00e2mbito do munic\u00edpio, e d\u00e1 outras provid\u00eancias.<\/a><\/li>\n\t\t<li class=\"wsp-post\"><a href=\"https:\/\/saobernardo.ma.gov.br\/transparencia\/leis\/lei-municipal-no-755-de-20-de-maio-de-2019-dispoe-sobre-a-alteracao-da-lei-ordinaria-municipal-no-721-de-09-de-janeiro-de-2017-revoga-a-lei-municipal-n-735-de-29-de-maio-de-2018-e-da-outras\/\">Lei Municipal N\u00ba 755, de 20 de Maio de 2019. Disp\u00f5e sobre a altera\u00e7\u00e3o da Lei ordinaria Municipal N\u00ba 721, de 09 de Janeiro de 2017; revoga a Lei municipal N\u00b0 735, de 29 de Maio de 2018 e d\u00e1 outras publica\u00e7\u00f5es.<\/a><\/li>\n\t\t<li class=\"wsp-post\"><a href=\"https:\/\/saobernardo.ma.gov.br\/transparencia\/leis\/lei-municipal-n-755-de-20-de-maio-de-2019-alteracao-da-lei-municipal-n-721-que-revoga-a-lei-n-735\/\">Lei Municipal N\u00b0 755, de 20 de maio de 2019, altera\u00e7\u00e3o da lei municipal N\u00b0 721, que revoga a lei N\u00b0 735<\/a><\/li>\n\t\t<li class=\"wsp-post\"><a href=\"https:\/\/saobernardo.ma.gov.br\/transparencia\/leis\/lei-ordinaria-municipal-n-754-de-07-de-maio-de-2019-proibe-o-nome-de-pessoas-vivas-em-predios-e-equipamentos-publicos-bairros-localidades-vias-logradouros-e-pracas-publicas-altera-o-nome\/\">Lei Ordin\u00e1ria Municipal N\u00b0 754, de 07 de maio de 2019. Proibe o nome de pessoas vivas em pr\u00e9dios e equipamentos p\u00fablicos, bairros, localidades, vias, logradouros e pra\u00e7as p\u00fablicas; Altera o nome de logradouros e escolas municipais com nomes de pessoas vivas e d\u00e1 outras provid\u00eancias.<\/a><\/li>\n\t\t<li class=\"wsp-post\"><a href=\"https:\/\/saobernardo.ma.gov.br\/transparencia\/leis\/lei-ordinaria-municipal-n-753-de-07-de-maio-de-2019-dispoe-sobre-a-criacao-do-cargo-publico-de-carater-temporario-de-auxiliar-de-sala-de-vivenvia-escolar-constante-do-quadro-de-pessoal\/\">Lei Ordin\u00e1ria Municipal N\u00b0 753, de 07 de maio de 2019. Disp\u00f5e sobre a cria\u00e7\u00e3o do cargo p\u00fablico, de car\u00e1ter tempor\u00e1rio, de &#8220;Auxiliar de sala de Viv\u00eanvia escolar&#8221;, constante do quadro de pessoal da administra\u00e7\u00e3o direta, e d\u00e1 outras provid\u00eancias.<\/a><\/li>\n\t\t<li class=\"wsp-post\"><a href=\"https:\/\/saobernardo.ma.gov.br\/transparencia\/leis\/lei-ordinaria-municipal-no-751-2019-dispoe-sobre-a-politica-municipal-de-protecao-dos-direitos-da-pessoa-com-transtorno-do-espectro-autista-e-da-outras-providencias\/\">LEI ORDIN\u00c1RIA MUNICIPAL N\u00ba 751\/2019, de 15 de Abril de 2019 &#8211; &#8220;Disp\u00f5e sobre a Pol\u00edtica Municipal de Prote\u00e7\u00e3o dos Direitos da Pessoa com Transtorno do Espectro Autista e d\u00e1 outras provid\u00eancias&#8221;<\/a><\/li>\n\t\t<li class=\"wsp-post\"><a href=\"https:\/\/saobernardo.ma.gov.br\/transparencia\/leis\/lei-ordinaria-municipal-no-750-de-14-de-janeiro-de-2019-dispoe-sobre-a-criacao-da-loa-lei-orcamentaria-anual-do-municipio-de-sao-bernardo-estado-do-maranhao-para-o-exercicio-de-2o19-estima-a-re\/\">LEI ORDINARIA MUNICIPAL N\u00ba 750, de 14 de janeiro de 2019 &#8211; &#8220;Disp\u00f5e sobre a cria\u00e7\u00e3o da LOA &#8211; Lei Or\u00e7ament\u00e1ria Anual do munic\u00edpio de S\u00e3o Bernardo Estado do Maranh\u00e3o para o exerc\u00edcio de 2O19 Estima a receita, fixa a despesa e d\u00e1 outras providencias.<\/a><\/li>\n\t\t<li class=\"wsp-post\"><a href=\"https:\/\/saobernardo.ma.gov.br\/transparencia\/leis\/lei-municipal-n-742-10-de-janeiro-de-2019-autoriza-a-concessao-de-direito-real-de-uso-cdru-em-favor-de-francisco-de-assis-carvalho-aires-na-forma-que-especifica-e-da-outras-providencias\/\">LEI  MUNICIPAL N\u00b0 742, 10 de janeiro de 2019. Autoriza a concess\u00e3o de Direito Real de Uso &#8211; CDRU, em favor de Francisco de Assis Carvalho Aires, na forma que especifica e D\u00c1 OUTRAS PROVID\u00caNCIAS.<\/a><\/li>\n\t\t<li class=\"wsp-post\"><a href=\"https:\/\/saobernardo.ma.gov.br\/transparencia\/leis\/lei-municipal-n-748-10-de-janeiro-de-2019-autoriza-a-concessao-de-direito-real-de-uso-cdru-em-favor-de-eumarks-freitas-nogueira-e-maria-dos-milagres-de-almeida-na-forma-que-especifica-e-d\/\">LEI  MUNICIPAL N\u00b0 749, 10 de janeiro de 2019. Autoriza a concess\u00e3o de Direito Real de Uso &#8211; CDRU, em favor de Eumarks freitas Nogueira e Maria dos Milagres de Almeida, na forma que especifica e D\u00c1 OUTRAS PROVID\u00caNCIAS.<\/a><\/li>\n\t\t<li class=\"wsp-post\"><a href=\"https:\/\/saobernardo.ma.gov.br\/transparencia\/leis\/lei-municipal-n-747-10-de-janeiro-de-2019-autoriza-a-concessao-de-direito-real-de-uso-cdru-em-favor-de-bernardo-jairo-coelho-na-forma-que-especifica-e-da-outras-providencias\/\">LEI  MUNICIPAL N\u00b0 747, 10 de janeiro de 2019. Autoriza a concess\u00e3o de Direito Real de Uso &#8211; CDRU, em favor de Bernardo Jairo Coelho, na forma que especifica e D\u00c1 OUTRAS PROVID\u00caNCIAS.<\/a><\/li>\n\t\t<li class=\"wsp-post\"><a href=\"https:\/\/saobernardo.ma.gov.br\/transparencia\/leis\/lei-ordinaria-municipal-no-749-de-10-de-janeiro-de-2019-autoriza-a-concessao-de-direito-real-de-uso-cdru-em-favor-de-ldelma-ramos-batista-de-oliveira-e-edilberto-de-oliveira-marques-na-forma\/\">Lei Ordin\u00e1ria Municipal n\u00ba 749, de 10 de janeiro de 2019 &#8211; &#8220;Autoriza a Concess\u00e3o de Direito Real de Uso &#8211; CDRU, em favor de ldelma Ramos Batista de Oliveira e Edilberto de Oliveira Marques, na forma que especifica e d\u00e1 outras providencias&#8221;.<\/a><\/li>\n\t\t<li class=\"wsp-post\"><a href=\"https:\/\/saobernardo.ma.gov.br\/transparencia\/leis\/lei-ordinaria-municipal-no-744-de-03-de-dezembro-de-2018-autoriza-a-concessao-de-direito-real-de-uso-cdru-em-favor-de-joel-de-souza-pinto-e-ana-carla-do-nascimento-souza-na-forma-que-especific\/\">Lei Ordin\u00e1ria Municipal n\u00ba 744, de 03 de dezembro de 2018 &#8211; &#8220;Autoriza a Concess\u00e3o de Direito Real de Uso &#8211; CDRU em favor de Joel de Souza Pinto e Ana Carla do Nascimento Souza, na forma que especifica e d\u00e1 outras providencias&#8221;<\/a><\/li>\n\t\t<li class=\"wsp-post\"><a href=\"https:\/\/saobernardo.ma.gov.br\/transparencia\/leis\/lei-ordinaria-municipal-no-743-de-03-de-dezembro-de-2018-autoriza-a-concessao-de-direito-real-de-uso-cdru-em-favor-de-ldelma-ramos-batista-de-oliveira-e-edilberto-de-oliveira-marques-na-forma\/\">Lei Ordin\u00e1ria Municipal no 743, de 03 de dezembro de 2018 &#8211; &#8220;Autoriza a Concess\u00e3o de Direito Real de Uso &#8211; CDRU, em favor de ldelma Ramos Batista de Oliveira e Edilberto de Oliveira Marques, na forma que especifica e d\u00e1 outras providencias&#8221;.<\/a><\/li>\n\t\t<li class=\"wsp-post\"><a href=\"https:\/\/saobernardo.ma.gov.br\/transparencia\/leis\/lei-ordinaria-municipal-no-745-de-03-de-dezembro-de-2018-dispoe-sobre-a-consignacao-em-folha-de-pagamento-dos-servidores-publicos-municipais-empregados-publicos-vereadores-e-agentes-politicos-d\/\">Lei Ordin\u00e1ria Municipal no 745, de 03 de dezembro de 2018 &#8211; &#8220;Disp\u00f5e sobre a consigna\u00e7\u00e3o em folha de pagamento dos servidores p\u00fablicos municipais, empregados p\u00fablicos, Vereadores e Agentes Pol\u00edticos da Administra\u00e7\u00e3o Direta, Aut\u00e1rquica e Fundacional e da C\u00e2mara Municipal, e d\u00e1 outras provid\u00eancias&#8221;.<\/a><\/li>\n\t\t<li class=\"wsp-post\"><a href=\"https:\/\/saobernardo.ma.gov.br\/transparencia\/leis\/lei-municipal-n-742-de-31-de-outubro-de-2018-autoriza-a-concessao-de-direito-real-de-uso-em-favor-de-francisco-de-assis-carvalho-aires-na-forma-que-especifica-e-da-outras-providencias\/\">Lei Municipal N\u00b0 742 de 31 de outubro de 2018, &#8220;Autoriza a concess\u00e3o de direito real de uso em favor de Francisco de Assis Carvalho Aires, na forma que especifica e d\u00e1 outras providencias&#8221;.<\/a><\/li>\n\t\t<li class=\"wsp-post\"><a href=\"https:\/\/saobernardo.ma.gov.br\/transparencia\/leis\/lei-ordinaria-municipal-no-741-de-20-de-setembro-de-2018-dispoe-sobre-a-criacao-da-ldo-lei-de-diretrizes-orcamentarias-do-municipio-de-sao-bernardo-estado-do-maranhao-para-o-exercicio-de-2019\/\">LEI ORDINARIA MUNICIPAL N\u00ba 741, DE 20 DE SETEMBRO DE 2018 &#8211; &#8220;Disp\u00f5e sobre a cria\u00e7\u00e3o da LDO &#8211; Lei de diretrizes Or\u00e7ament\u00e1rias do Munic\u00edpio de S\u00e3o Bernardo Estado do Maranh\u00e3o para o exerc\u00edcio de 2019, e d\u00e1 outras providencias&#8221;.<\/a><\/li>\n\t\t<li class=\"wsp-post\"><a href=\"https:\/\/saobernardo.ma.gov.br\/transparencia\/leis\/lei-ordinaria-municipal-n-740-19-de-julho-de-2018-declara-de-utilidade-publica-a-associacao-danca-portuguesa-vila-ritimo-de-portugal-de-sao-bernardo-ma\/\">Lei ordin\u00e1ria Municipal N\u00b0 740, 19 de julho de 2018 &#8211;  Declara de utilidade p\u00fablica a &#8220;Associa\u00e7\u00e3o Dan\u00e7a Portuguesa Vila Ritimo de Portugal de S\u00e3o Bernardo-MA<\/a><\/li>\n\t\t<li class=\"wsp-post\"><a href=\"https:\/\/saobernardo.ma.gov.br\/transparencia\/leis\/lei-ordinaria-municipal-no-739-de-19-de-julho-de-2018-considera-de-utilidade-publica-e-sem-fins-lucrativos-a-fundacao-ecologica-da-area-de-preservacao-da-lagoa-do-bacuri-felb-rua-antonio-cou\/\">LEI ORDINARIA MUNICIPAL N\u00ba 739, DE 19 DE JULHO DE 2018 &#8211; &#8220;Considera de utilidade p\u00fablica e sem fins lucrativos a funda\u00e7\u00e3o ecol\u00f3gica da \u00e1rea de preserva\u00e7\u00e3o da Lagoa do Bacuri, FELB).&#8221; Rua Ant\u00f4nio Couto Meireles s\/n. Coqueiro S\u00e3o Bernardo-Ma&#8221;.<\/a><\/li>\n\t\t<li class=\"wsp-post\"><a href=\"https:\/\/saobernardo.ma.gov.br\/transparencia\/leis\/lei-ordinaria-municipal-n-738-10-de-julho-de-2018-altera-o-artigo-53-a-e-o-art-55-da-lei-municipaln-5892012-e-da-outras-providencias\/\">Lei ordin\u00e1ria Municipal N\u00b0 738, 10 de julho de 2018 &#8211; Altera o artigo 53-A e o ART. 55, da Lei Municipal,N\u00b0 5892012, e d\u00e1 outras Provid\u00eancias.<\/a><\/li>\n\t\t<li class=\"wsp-post\"><a href=\"https:\/\/saobernardo.ma.gov.br\/transparencia\/leis\/lei-ordinaria-municipal-n-738-de-10-de-julho-de-2018-inlcui-o-artigo-53-a-e-altera-o-art-55-da-lei-municipal-n-589-2012-e-da-outras-providencias\/\">Lei ordin\u00e1ria Municipal N\u00b0 738, de 10 de julho de 2018 &#8211; inlcui o artigo 53-A e Altera o Art. 55, da Lei Municipal N\u00b0 589\/2012 e d\u00e1 outras provid\u00eancias.<\/a><\/li>\n\t\t<li class=\"wsp-post\"><a href=\"https:\/\/saobernardo.ma.gov.br\/transparencia\/leis\/lei-municipal-n-737-de-30-de-maio-de-2018-dispoe-sobre-a-politica-de-protecao-de-conservacao-e-de-controle-do-meio-ambiente-e-da-melhoria-da-qualidade-de-vida-do-municipio-e-da-outras-providen\/\">LEI MUNICIPAL N\u00b0 737 DE 30 DE MAIO DE 2018. DISP\u00d5E SOBRE A POLITICA DE PROTE\u00c7\u00c3O, DE CONSERVA\u00c7\u00c3O E DE CONTROLE DO MEIO AMBIENTE E DA MELHORIA DA QUALIDADE DE VIDA DO MUNIC\u00cdPIO E D\u00c1 OUTRAS PROVID\u00caNCIAS.<\/a><\/li>\n\t\t<li class=\"wsp-post\"><a href=\"https:\/\/saobernardo.ma.gov.br\/transparencia\/leis\/lei-municipal-n-735-de-29-de-maio-de-2018-dispoe-sobre-a-alteracao-da-lei-ordinaria-municipal-n-721-de-09-de-janeiro-de-2017-e-da-outras-providencias\/\">LEI MUNICIPAL N\u00b0 735 DE 29 DE MAIO DE 2018, DISP\u00d5E SOBRE A ALTERA\u00c7\u00c3O DA LEI ORDIN\u00c1RIA MUNICIPAL N\u00b0 721 DE 09 DE JANEIRO DE 2017 E D\u00c1 OUTRAS PROVID\u00caNCIAS.<\/a><\/li>\n\t\t<li class=\"wsp-post\"><a href=\"https:\/\/saobernardo.ma.gov.br\/transparencia\/leis\/lei-municipal-n-736-29-de-abril-de-2018-fundo-municipal-de-educacao-fme-e-da-outras-providencias\/\">Lei Municipal N\u00b0 736, 29 de abril de 2018 &#8211; Fundo Municipal de Educa\u00e7\u00e3o &#8211; FME e d\u00e1 outras provid\u00eancias.<\/a><\/li>\n\t\t<li class=\"wsp-post\"><a href=\"https:\/\/saobernardo.ma.gov.br\/transparencia\/leis\/lei-municipal-n-734-16-de-abril-de-2018-autoriza-os-tomadores-de-financiamento-rurais-junto-ao-fundo-de-aval-do-municipio-de-sao-bernardo-ma\/\">LEI MUNICIPAL N\u00b0 734 &#8211; 16 DE ABRIL DE 2018 &#8211; AUTORIZA OS TOMADORES DE FINANCIAMENTO RURAIS JUNTO AO FUNDO DE AVAL DO MUNICIPIO DE S\u00c3O BERNARDO-MA<\/a><\/li>\n\t\t<li class=\"wsp-post\"><a href=\"https:\/\/saobernardo.ma.gov.br\/transparencia\/leis\/lei-municipal-n-733-de-22-de-marco-de-2018-autoriza-o-municipio-celebrar-convenio-com-a-apae-e-a-associacao-das-familias-da-casa-familiar-rural-para-cedencia-de-servidor-e-da-outras-providenci\/\">LEI MUNICIPAL N\u00b0 733, DE 22 DE MAR\u00c7O DE 2018. AUTORIZA O MUNICIPIO CELEBRAR CONVENIO COM A APAE E A ASSOCIA\u00c7\u00c3O DAS FAM\u00cdLIAS DA CASA FAMILIAR RURAL PARA CED\u00caNCIA DE SERVIDOR E D\u00c1 OUTRAS PROVID\u00caNCIAS<\/a><\/li>\n\t\t<li class=\"wsp-post\"><a href=\"https:\/\/saobernardo.ma.gov.br\/transparencia\/leis\/lei-diario-oficial-municipal-eletronico-n-723-2017-de-23-de-janeiro-de-2017-do-municipio-de-sao-bernardo\/\">Lei Di\u00e1rio Oficial Municipal Eletr\u00f5nico N\u00b0 723\/2017, de 23 de janeiro de 2017, do munic\u00edpio de S\u00e3o Bernardo.<\/a><\/li>\n\t\t<li class=\"wsp-post\"><a href=\"https:\/\/saobernardo.ma.gov.br\/transparencia\/leis\/lei-complementar-municipal-n-10-de-29-de-dezembro-de-2017-altera-a-lei-complementar-n-01-2004-de-20-de-dezembro-de-2004-que-instituiu-o-codigo-tributario-de-sao-bernardo-ma-a-fim\/\">LEI COMPLEMENTAR MUNICIPAL N\u00b0 10, DE 29 DE DEZEMBRO DE 2017 &#8211; &#8220;Altera a Lei Complementar n\u00b0. 01\/2004, de 20 de dezembro de 2004, que instituiu o C\u00f3digo Tribut\u00e1rio de S\u00e3o Bernardo MA, a fim de adequ\u00e1-la a Lei Complementar 157\/2015, e d\u00e1 outras provid\u00eancias&#8221;<\/a><\/li>\n\t\t<li class=\"wsp-post\"><a href=\"https:\/\/saobernardo.ma.gov.br\/transparencia\/leis\/lei-730-de-18-de-dezembro-2017-dispoe-sobre-a-criacao-do-conselho-municipal-de-saneamento-basico-e-da-outras-providencias\/\">lei 730  de 18 de  dezembro 2017 disp\u00f5e sobre a cria\u00e7\u00e3o do conselho municipal de saneamento b\u00e1sico e da outras provid\u00eancias<\/a><\/li>\n\t\t<li class=\"wsp-post\"><a href=\"https:\/\/saobernardo.ma.gov.br\/transparencia\/leis\/altera-lei-n-012004-20-de-dezembro-de-2004-codigo-tributario-de-sao-bernardo-ma\/\">Altera Lei n\u00b0 012004, 20 de dezembro de 2004 &#8211; c\u00f3digo tributario de S\u00e3o Bernardo-Ma<\/a><\/li>\n\t\t<li class=\"wsp-post\"><a href=\"https:\/\/saobernardo.ma.gov.br\/transparencia\/leis\/lei-729-de-31-de-outubro-de-2017-dispoe-sobre-a-denominacao-de-logradouros-publicos\/\">Lei 729 de 31 de outubro de 2017 disp\u00f5e sobre a denomina\u00e7\u00e3o de logradouros p\u00fablicos<\/a><\/li>\n\t\t<li class=\"wsp-post\"><a href=\"https:\/\/saobernardo.ma.gov.br\/transparencia\/leis\/lei-n-728-de-20-de-setembro-2017-cria-o-programa-bolsa-cidadao-municipal\/\">LEI N\u00b0 728, DE 20 DE SETEMBRO 2017- CRIA O PROGRAMA BOLSA CIDAD\u00c3O MUNICIPAL<\/a><\/li>\n\t\t<li class=\"wsp-post\"><a href=\"https:\/\/saobernardo.ma.gov.br\/transparencia\/leis\/lei-n-725-05-09-17-cria-vagas-em-cargos-de-provimento-efetivo-do-quadro-permanente-do-poder-executivo\/\">LEI N 727 -05-09-17 CRIA VAGAS  EM CARGOS DE PROVIMENTO EFETIVO DO QUADRO PERMANENTE DO PODER EXECUTIVO<\/a><\/li>\n\t\t<li class=\"wsp-post\"><a href=\"https:\/\/saobernardo.ma.gov.br\/transparencia\/leis\/lei-municipal-n-726-01-09-17-que-cria-a-escolinha-municipal-de-futebol\/\">LEI MUNICIPAL N\u00b0 726 &#8211; 01-09-17 QUE CRIA A ESCOLINHA MUNICIPAL DE FUTEBOL<\/a><\/li>\n\t\t<li class=\"wsp-post\"><a href=\"https:\/\/saobernardo.ma.gov.br\/transparencia\/leis\/lei-municipal-no-725-conselho-municipal-do-idoso-sao-bernardo-ma\/\">LEI MUNICIPAL N\u00ba 725 CONSELHO MUNICIPAL DO IDOSO- S\u00c3O BERNARDO-MA<\/a><\/li>\n\t\t<li class=\"wsp-post\"><a href=\"https:\/\/saobernardo.ma.gov.br\/transparencia\/leis\/lei-municipal-n-724-31-08-17-define-as-obrigacoes-de-pequeno-valor-rpvs\/\">LEI MUNICIPAL N\u00b0 724 &#8211; 31-08-17 DEFINE AS OBRIGA\u00c7\u00d5ES DE PEQUENO VALOR &#8211; RPV\u00b4S<\/a><\/li>\n\t\t<li class=\"wsp-post\"><a href=\"https:\/\/saobernardo.ma.gov.br\/transparencia\/leis\/lei-n-3571997-regime-juridico-dos-servidores-municipal\/\">LEI N\u00b0 357\/1997 &#8211; Regime Juridico dos Servidores Municipal<\/a><\/li>\n\t\t<li class=\"wsp-post\"><a href=\"https:\/\/saobernardo.ma.gov.br\/transparencia\/leis\/lei-n-012004-codigo-tributario-municipal\/\">Lei n\u00b0 01\/2004 &#8211; C\u00f3digo Tribut\u00e1rio Municipal<\/a><\/li>\n\t\t<li class=\"wsp-post\"><a href=\"https:\/\/saobernardo.ma.gov.br\/transparencia\/leis\/lei-n-485-conselho-municipal-de-saude\/\">Lei n\u00b0 485 &#8211; Conselho Municipal de Sa\u00fade<\/a><\/li>\n\t\t<li class=\"wsp-post\"><a href=\"https:\/\/saobernardo.ma.gov.br\/transparencia\/leis\/lei-n-309194-fundo-municipal-de-saude\/\">Lei n\u00b0 309194 &#8211; Fundo Municipal de Sa\u00fade<\/a><\/li>\n\t\t<li class=\"wsp-post\"><a href=\"https:\/\/saobernardo.ma.gov.br\/transparencia\/leis\/lei-de-micro-empresa-e-empresa-de-pequeno-porte\/\">LEI DE MICRO EMPRESA E EMPRESA DE PEQUENO PORTE<\/a><\/li>\n\t\t<li class=\"wsp-post\"><a href=\"https:\/\/saobernardo.ma.gov.br\/transparencia\/leis\/codigo-de-postura-de-sao-bernardo-ma\/\">C\u00d3DIGO DE POSTURA DE S\u00c3O BERNARDO-MA<\/a><\/li>\n\t\t<li class=\"wsp-post\"><a href=\"https:\/\/saobernardo.ma.gov.br\/transparencia\/leis\/lei-n-690-plano-municipal-de-educacao-pme\/\">Lei-n-690- Plano Municipal de Educa\u00e7\u00e3o &#8211; PME<\/a><\/li>\n\t\t<li class=\"wsp-post\"><a href=\"https:\/\/saobernardo.ma.gov.br\/transparencia\/leis\/lei-feriado-municipal-29-de-marco\/\">Lei feriado municipal 29 de Mar\u00e7o<\/a><\/li>\n\t\t<li class=\"wsp-post\"><a href=\"https:\/\/saobernardo.ma.gov.br\/transparencia\/leis\/contratacao-temporaria-lei-n-o7222017\/\">CONTRATA\u00c7\u00c3O TEMPOR\u00c1RIA LEI N.\u00ba722\/2017<\/a><\/li>\n\t\t<li class=\"wsp-post\"><a href=\"https:\/\/saobernardo.ma.gov.br\/transparencia\/leis\/loa-2017-sao-bernardo-ma\/\">LOA 2016 a 2017 S\u00c3O BERNARDO-MA<\/a><\/li>\n\t\t<li class=\"wsp-post\"><a href=\"https:\/\/saobernardo.ma.gov.br\/transparencia\/leis\/lei-organiza-de-sao-bernardo\/\">Lei Organica de S\u00e3o Bernardo<\/a><\/li>\n\t\t<li class=\"wsp-post\"><a href=\"https:\/\/saobernardo.ma.gov.br\/transparencia\/leis\/reforma-administrativa-de-sao-bernardo-2017\/\">LEI N\u00b0 721\/2017 REFORMA ADMINISTRATIVA DE S\u00c3O BERNARDO 2017<\/a><\/li>\n\t\t<li class=\"wsp-post\"><a href=\"https:\/\/saobernardo.ma.gov.br\/transparencia\/leis\/lei-no-720de-28-de-dezembro-de-2016-estima-a-receita-e-fixa-a-despesa-para-o-exercicio-de-2017-do-municipio-de-sao-bernardo-e-da-outras-providencias\/\">LEI N\u00ba 720,DE 28 DE DEZEMBRO DE 2016 &#8211; ESTIMA A RECEITA E FIXA A DESPESA PARA O EXERC\u00cdCIO DE 2017 DO MUNIC\u00cdPIO DE S\u00c3O BERNARDO E DA OUTRAS PROVID\u00caNCIAS.<\/a><\/li>\n\t\t<li class=\"wsp-post\"><a href=\"https:\/\/saobernardo.ma.gov.br\/transparencia\/leis\/lei-no719-de-16-de-dezembro-de-2016-estabelece-o-plano-de-carreira-e-remuneracao-os-agentes-comunitartos-de-saude-acs-visitador-em-saude-e-agente-de-endemias-do-municipio-de-sao-bernardo-ma-e\/\">LEI N\u00ba719, DE 16 DE DEZEMBRO DE 2016 &#8211; ESTABELECE O PLANO DE CARREIRA E REMUNERAC\u00c3O OS AGENTES COMUNITARTOS DE SAUDE (ACS), VISITADOR EM SAUDE E AGENTE DE ENDEMIAS DO MUNIC\u00cdPIO DE S\u00c3O BERNARDO &#8211; MA E DA OUTRAS PROVID\u00caNCIAS.<\/a><\/li>\n\t\t<li class=\"wsp-post\"><a href=\"https:\/\/saobernardo.ma.gov.br\/transparencia\/leis\/lei-municipal-no-705-2016-estima-a-receita-e-fixa-a-despesa-para-o-exercicio-de-2017-do-municipio-de-sao-bernardo-e-de-outras-providencias\/\">LEI MUNICIPAL N\u00ba 705\/2016 &#8211; Estima a Receita e fixa a Despesa para o exerc\u00edcio de 2017  do Munic\u00edpio de S\u00e3o Bernardo e de outras providencias.<\/a><\/li>\n\t\t<li class=\"wsp-post\"><a href=\"https:\/\/saobernardo.ma.gov.br\/transparencia\/leis\/lei-no-715-de-13-de-dezembro-de-2016-autoriza-a-concessao-de-direito-real-de-uso-em-favor-de-elcio-alves-de-oliveira-na-forma-que-especifica-e-da-outras-providencias\/\">LEI N\u00ba 715, DE 13 DE DEZEMBRO DE 2016 &#8211; AUTORIZA A CONCESS\u00c3O DE DIREITO REAL DE USO EM FAVOR DE ELCIO ALVES DE OLIVEIRA, NA FORMA QUE ESPECIFICA E DA OUTRAS PROVID\u00caNCIAS.<\/a><\/li>\n\t\t<li class=\"wsp-post\"><a href=\"https:\/\/saobernardo.ma.gov.br\/transparencia\/leis\/lei-no-708-de-08-db-dezembro-de-2016-autoriza-a-doacao-de-imovel-de-propriedade-do-municipio-para-a-associacao-beneficiente-dos-moradores-do-bairro-custodio-de-almeida-lima-costituicao-civil-sem\/\">LEI N\u00ba 708, DE 08 DB DEZEMBRO DE 2016 &#8211; AUTORIZA A DOA\u00c7\u00c3O DE IMOVEL DE PROPRIEDADE DO MUNICIPIO PARA A ASSOCIA\u00c7\u00c3O BENEFICIENTE DOS MORADORES DO BAIRRO CUST\u00d3DIO DE  ALMEIDA LIMA, COSTITUI\u00c7\u00c3O CIVIL SEM FINS LUCRATIVOS, CNPJ n\u00ba 06.101.57110001-07, E DA OUTRAS PROVID\u00caNCIAS<\/a><\/li>\n\t\t<li class=\"wsp-post\"><a href=\"https:\/\/saobernardo.ma.gov.br\/transparencia\/leis\/lei-no-704-de-14-novembro-de-2016-instituto-o-plano-de-carreira-para-servidores-integrantes-do-cargo-de-guarda-municipal\/\">LEI N\u00ba 704, DE 14 NOVEMBRO DE 2016 &#8211; INSTITUTO O PLANO DE CARREIRA PARA SERVIDORES INTEGRANTES DO CARGO  DE GUARDA MUNICIPAL.<\/a><\/li>\n\t\t<li class=\"wsp-post\"><a href=\"https:\/\/saobernardo.ma.gov.br\/transparencia\/leis\/lei-ordinaria-municipal-no201-1983-decreta-feriado-municipal-dia-20-de-agosto\/\">LEI ORDIN\u00c1RIA MUNICIPAL N\u00ba201\/1983- DECRETA FERIADO MUNICIPAL DIA 20 DE AGOSTO<\/a><\/li>\n\t\t<li class=\"wsp-post\"><a href=\"https:\/\/saobernardo.ma.gov.br\/transparencia\/leis\/certidao-vigencia-e-eficacia-de-lei-municipal-vigencia-e-eficacia-da-lei-municipal-no-201-1983-que-decreta-feriado-municipal-dia-20-de-agosto\/\">CERTID\u00c3O VIGENCIA E EFICACIA DE LEI MUNICIPAL ( VIG\u00caNCIA E EFICACIA DA LEI MUNICIPAL N\u00ba 201\/1983, QUE DECRETA FERIADO MUNICIPAL DIA 20 DE AGOSTO.)<\/a><\/li>\n\t\t<li class=\"wsp-post\"><a href=\"https:\/\/saobernardo.ma.gov.br\/transparencia\/leis\/lei-no-690-de-23-junho-de-2015-aprova-o-plano-municipal-de-educacao-pme-para-o-decenio-2015-2025-e-da-outras-providencias\/\">LEI ORDIN\u00c1RIA MUNICIPAL N\u00ba 690, DE 23 JUNHO DE 2015- APROVA O PLANO MUNICIPAL DE EDUCA\u00c7\u00c3O &#8211; PME PARA O DEC\u00caNIO 2015\/2025 E D\u00c1 OUTRAS PROVID\u00caNCIAS<\/a><\/li>\n\t\t<li class=\"wsp-post\"><a href=\"https:\/\/saobernardo.ma.gov.br\/transparencia\/leis\/lei-n-667-30-junho-2014-regula-o-funcionamento-de-bares-e-restaurantes-clubes-e-local-de-acesso-ao-publico\/\">LEI N\u00b0 667-30 JUNHO 2014 &#8211; REGULA O FUNCIONAMENTO DE BARES E RESTAURANTES, CLUBES E LOCAL DE ACESSO AO P\u00daBLICO<\/a><\/li>\n\t\t<li class=\"wsp-post\"><a href=\"https:\/\/saobernardo.ma.gov.br\/transparencia\/leis\/lei-no570-de-05-de-dezembro-de-2011-define-o-perimetro-da-zona-urbana-e-da-zona-de-expansao-urbana-da-sede-do-municipio-de-sao-bernardo-ma-e-da-outras-providencias\/\">LEI N\u00ba570, DE 05 DE DEZEMBRO DE 2011 &#8211; DEFINE O PER\u00cdMETRO DA ZONA URBANA E DA ZONA DE EXPANS\u00c3O URBANA DA SEDE DO MUNICIPIO DE S\u00c3O BERNARDO &#8211; MA E D\u00c1 OUTRAS PROVID\u00caNCIAS.<\/a><\/li>\n\t\t<li class=\"wsp-post\"><a href=\"https:\/\/saobernardo.ma.gov.br\/transparencia\/leis\/lei-n-554-de-27-de-dezembro-de-2010-dispoe-sobre-a-organizacao-e-a-gestao-da-assistencia-social-no-municipio-cria-o-conselho-municipal-de-assistencia-social-e-o-fundo-municipal-de-assistenci\/\">Lei Ordin\u00e1ria N\u00b0 554, de 27 de Dezembro de 2010, Disp\u00f5e sobre a organiza\u00e7\u00e3o e a gest\u00e3o da assist\u00eancia social, no munic\u00edpio, cria o conselho municipal de assistencia social e o fundo municipal de assist\u00eancia social e revoga as leis N\u00b0 402\/2000 e a 403\/2000 e d\u00e1 outras provid\u00eancias.<\/a><\/li>\n\t\t<li class=\"wsp-post\"><a href=\"https:\/\/saobernardo.ma.gov.br\/transparencia\/leis\/codigo-do-plano-diretor-do-municipio-projeto-de-lei-complementar-no-02-de-23-08-2010\/\">C\u00f3digo do Plano Diretor do Munic\u00edpio &#8211; Projeto de Lei Complementar N\u00ba 02 de 23\/08\/2010<\/a><\/li>\n\t\t<li class=\"wsp-post\"><a href=\"https:\/\/saobernardo.ma.gov.br\/transparencia\/leis\/projeto-de-lei-complementar-no-02-de-23-de-agosto-de-2010-dispoe-sobre-o-tratamento-diferenciado-as-empresas-de-pequeno-porte-de-que-trata-os-atrs-146-inciso-iiii-d-170inciso-ix-e-179-da\/\">PROJETO DE LEI COMPLEMENTAR N\u00ba 02 DE 23 DE AGOSTO DE 2010 &#8211; &#8220;Disp\u00f5e sobre o Tratamento diferenciado \u00e0s Empresas de pequeno porte de que trata os atrs, 146, inciso IIII, &#8220;d&#8221;, 170inciso IX e 179, da Constitui\u00e7\u00e3o da Republica Federativa do Brasil, regulamentada pela Lei Complementar n\u00ba 123\/2006 e na forma da Lei Complementar N\u00ba 02\/2027 Plano Diretor do Munic\u00edpio, e da outras providencias&#8221;<\/a><\/li>\n\t\t<li class=\"wsp-post\"><a href=\"https:\/\/saobernardo.ma.gov.br\/transparencia\/leis\/lei-n-546-2010-dispoe-sobre-o-servico-de-automoveis-de-aluguel-no-municipio-de-sao-bernardo-estado-do-maranhao\/\">LEI N\u00b0 546-2010, DISP\u00d5E SOBRE O SERVI\u00c7O DE AUTOM\u00d3VEIS DE ALUGUEL NO MUNIC\u00cdPIO DE S\u00c3O BERNARDO, ESTADO DO MARANH\u00c3O.<\/a><\/li>\n\t\t<li class=\"wsp-post\"><a href=\"https:\/\/saobernardo.ma.gov.br\/transparencia\/leis\/lei-no-519-2008-dispoe-sobre-a-regulamentacao-e-a-organizacao-do-conselho-municipal-de-educacao-de-sao-bernardo-ma-e-da-outras-providencias\/\">LEI N\u00ba 519\/2008 &#8211; DISP\u00d5E SOBRE A REGULAMENTA\u00c7\u00c3O E A ORGANIZA\u00c7\u00c3O DO CONSELHO MUNICIPAL DE EDUCA\u00c7\u00c3O DE S\u00c3O BERNARDO- MA, E D\u00c1 OUTRAS PROVID\u00caNCIAS.<\/a><\/li>\n\t\t<li class=\"wsp-post\"><a href=\"https:\/\/saobernardo.ma.gov.br\/transparencia\/leis\/lei-no-361-2007-de-21-de-dezembro-de-2007-cria-na-forma-dos-4o-5o-e-6o-do-art-198-da-costituicao-federal-o-cargo-publico-de-agente-comunitario-de-saude-no-ambito-da-secretaria-municipal-de-saude-e\/\">LEI N\u00ba 361\/2007, DE 21 DE DEZEMBRO DE 2007 &#8211; CRIA NA FORMA DOS 4\u00ba, 5\u00ba e 6\u00ba DO Art.198 DA COSTITUI\u00c7\u00c3O FEDERAL O CARGO P\u00daBLICO DE AGENTE COMUNIT\u00c1RIO DE SA\u00daDE NO \u00c2MBITO DA SECRETARIA MUNICIPAL DE SA\u00daDE E DA OUTRAS PROVID\u00caNCIAS.<\/a><\/li>\n\t\t<li class=\"wsp-post\"><a href=\"https:\/\/saobernardo.ma.gov.br\/transparencia\/leis\/lei-n-4752005-10-de-novembro-de-2005-autoriza-o-municipio-a-celebrar-contratos-na-forma-do-direito-de-superficie-e-da-outras-providencias\/\">Lei N\u00b0 475, 2005 &#8211; 10 de Novembro de 2005 &#8211; Autoriza o munic\u00edpio a celebrar contratos na forma do direito de superf\u00edcie e d\u00e1 outras provid\u00eancias.<\/a><\/li>\n\t\t<li class=\"wsp-post\"><a href=\"https:\/\/saobernardo.ma.gov.br\/transparencia\/leis\/lei-no-460-de-04-de-marco-de-2005-dispoe-sobre-a-politica-publica-municipal-de-atendimentos-ao-direitos-da-crianca-e-os-adolescentes-e-da-outras-providencias\/\">LEI N\u00ba 460, DE 04 DE MAR\u00c7O DE 2005 &#8211; DISP\u00d5E SOBRE A POL\u00cdTICA P\u00daBLICA MUNICIPAL DE ATENDIMENTOS AO DIREITOS DA CRIAN\u00c7A E OS ADOLESCENTES E D\u00c1 OUTRAS  PROVID\u00caNCIAS.<\/a><\/li>\n\t\t<li class=\"wsp-post\"><a href=\"https:\/\/saobernardo.ma.gov.br\/transparencia\/leis\/lei-complementar-no-01-de-20-de-dezembro-de-2oo4-altera-a-lei-complementar-no01-2004-de-20-de-dezembro-de-2004-que-instituiu-o-codigo-tributario-de-sao-bernardo-ma-a-fim-de-adequa-la-a-lei-co\/\">LEI COMPLEMENTAR N\u00ba 01, DE 20 DE DEZEMBRO DE 2OO4 &#8211; &#8220;Altera a Lei Complementar n\u00ba01\/2004, de 20 de dezembro de 2004, que instituiu o C\u00f3digo Tribut\u00e1rio de S\u00e3o Bernardo- MA, a fim de adequ\u00e1-la a Lei Complementar 157\/2016, e d\u00e1 outras provid\u00eancias&#8221;.<\/a><\/li>\n\t\t<li class=\"wsp-post\"><a href=\"https:\/\/saobernardo.ma.gov.br\/transparencia\/leis\/lei-no-426-de-06-de-dezembro-de-2022-aprovada-pela-camara-municipal-dispoe-sobre-a-qualificacao-da-associacao-de-pais-e-amigos-dos-excepcionais-de-sao-bernardo-ma-apae\/\">LEI N\u00ba 426 DE 06 DE DEZEMBRO DE 2022 APROVADA PELA C\u00c2MARA MUNICIPAL &#8211; Disp\u00f5e sobre a Qualifica\u00e7\u00e3o da Associa\u00e7\u00e3o de Pais e Amigos dos Excepcionais de s\u00e3o Bernardo &#8211; MA (APAE)<\/a><\/li>\n\t\t<li class=\"wsp-post\"><a href=\"https:\/\/saobernardo.ma.gov.br\/transparencia\/leis\/lei-no-416-institui-o-conselho-municipal-de-educacao-de-sao-bernardo-e-da-outras-providencias\/\">LEI N\u00ba 416 &#8211; INSTITUI O CONSELHO MUNICIPAL DE EDUCA\u00c7\u00c3O DE S\u00c3O BERNARDO, E DA OUTRAS PROVID\u00caNCIAS.<\/a><\/li>\n\t\t<li class=\"wsp-post\"><a href=\"https:\/\/saobernardo.ma.gov.br\/transparencia\/leis\/projeto-de-lei-no-09-2001-institui-o-conselho-municipal-de-educacao-de-sao-bernardo-e-da-outras-providencias\/\">PROJETO DE LEI N\u00ba 09\/2001- Institui o Conselho Municipal de Educa\u00e7\u00e3o de S\u00e3o Bernardo, e d\u00e1 outras provid\u00eancias.<\/a><\/li>\n\t\t<li class=\"wsp-post\"><a href=\"https:\/\/saobernardo.ma.gov.br\/transparencia\/leis\/lei-no-371-98-dispoe-sobre-a-criacao-de-conselho-municipal-de-educao\/\">LEI N\u00ba 371\/98 &#8211; DISP\u00d5E SOBRE A CRIA\u00c7\u00c3O DE CONSELHO MUNICIPAL DE EDU\u00c7\u00c3O.<\/a><\/li>\n<\/ul><\/li>\n\t<li><strong class=\"wsp-category-title\">Category: <a href=\"https:\/\/saobernardo.ma.gov.br\/transparencia\/category\/loa\/\">LOA<\/a><\/strong>\n<ul class=\"wsp-posts-list\">\t\t<li class=\"wsp-post\"><a href=\"https:\/\/saobernardo.ma.gov.br\/transparencia\/loa\/lei-orcamentaria-anual-dispoe-sobre-a-criacao-da-loa-lei-orcamentaria-anual-do-municipio-de-sao-bernardo-estado-do-maranhao-para-o-exercicio-de-2021estima-a-receita-fixa-a-despesa-e-da-out\/\">LEI OR\u00c7AMENTARIA ANUAL- Disp\u00f5e sobre a cria\u00e7\u00e3o da LOA \u2013 Lei Or\u00e7ament\u00e1ria Anual do munic\u00edpio de S\u00e3o Bernardo Estado do Maranh\u00e3o para o exerc\u00edcio de 2021Estima a receita, fixa a despesa e d\u00e1 outras providencias.<\/a><\/li>\n\t\t<li class=\"wsp-post\"><a href=\"https:\/\/saobernardo.ma.gov.br\/transparencia\/loa\/loa-2021-orcamentario-anual-do-municipio-de-sao-bernardo-ma\/\">LOA \u2013  2021 OR\u00c7AMENT\u00c1RIO ANUAL DO MUNIC\u00cdPiO DE S\u00c3O BERNARDO \u2013 MA<\/a><\/li>\n\t\t<li class=\"wsp-post\"><a href=\"https:\/\/saobernardo.ma.gov.br\/transparencia\/loa\/loa-lei-750-14-de-janeiro-de-2019-orcamentario-anual-do-municipio-de-sao-bernardo-ma\/\">LOA \u2013 LEI 750 &#8211; 14 de janeiro de 2019 OR\u00c7AMENT\u00c1RIO ANUAL DO MUNIC\u00cdPiO DE S\u00c3O BERNARDO &#8211; MA<\/a><\/li>\n\t\t<li class=\"wsp-post\"><a href=\"https:\/\/saobernardo.ma.gov.br\/transparencia\/loa\/loa-lei-orcamentario-anual-do-municipo-de-sao-bernardo-de-2018\/\">LOA  &#8211; Lei Or\u00e7ament\u00e1rio Anual do Munic\u00edpo de S\u00e3o Bernardo de 2018<\/a><\/li>\n<\/ul><\/li>\n\t<li><strong class=\"wsp-category-title\">Category: <a href=\"https:\/\/saobernardo.ma.gov.br\/transparencia\/category\/oficios\/\">Of\u00edcios<\/a><\/strong>\n<ul class=\"wsp-posts-list\">\t\t<li class=\"wsp-post\"><a href=\"https:\/\/saobernardo.ma.gov.br\/transparencia\/oficios\/oficio-no-064-2024-gabpref-pmsb-sao-bernardo-ma-10-de-abril-de-2024-assunto-interesse-no-distrato-do-acordo-de-cooperacao-tecnica\/\">OF\u00cdCIO N\u00ba 064\/2024\/GABPREF\/PMSB, S\u00e3o Bernardo\/MA, 10 de abril de 2024 &#8211; Assunto: Interesse no distrato do Acordo de Coopera\u00e7\u00e3o T\u00e9cnica .<\/a><\/li>\n\t\t<li class=\"wsp-post\"><a href=\"https:\/\/saobernardo.ma.gov.br\/transparencia\/oficios\/oficio-n352-2023-gab-pmsb-assunto-solicitacao-de-esclarecimentos-e-providencias-para-oscilacao-de-energia-eletrica-no-municipio-de-sao-bernardo-ma\/\">OF\u00cdCIO N\u00b0352\/2023\/GAB-PMSB &#8211; Assunto: Solicita\u00e7\u00e3o de esclarecimentos e provid\u00eancias para oscila\u00e7\u00e3o de energia el\u00e9trica no Munic\u00edpio de S\u00e3o Bernardo \u2013 MA.<\/a><\/li>\n\t\t<li class=\"wsp-post\"><a href=\"https:\/\/saobernardo.ma.gov.br\/transparencia\/oficios\/ofc-043-2023-semecti-secretaria-municipal-de-educacao-ciencia-tecnologia-e-inovacao\/\">OFC &#8211; 043.2023 &#8211; S\u00e3o Bernardo-Ma, 23 de maio de 2023. Resposta \u00e1 solicita\u00e7\u00e3o realizada por meio do Of\u00edcio n\u00ba 104.2023 &#8211; SECRETARIA MUNICIPAL DE EDUCA\u00c7\u00c3O, CI\u00caNCIA, TECNOLOGIA E INOVA\u00c7\u00c3O (SEMECTI)<\/a><\/li>\n<\/ul><\/li>\n\t<li><strong class=\"wsp-category-title\">Category: <a href=\"https:\/\/saobernardo.ma.gov.br\/transparencia\/category\/portarias\/\">Portarias<\/a><\/strong>\n<ul class=\"wsp-posts-list\">\t\t<li class=\"wsp-post\"><a href=\"https:\/\/saobernardo.ma.gov.br\/transparencia\/portarias\/portaria-no-665-de-27-de-abril-de-2026-resolvenomear-para-responder-interinamente-pelo-o-cargo-em-comissao-de-supervisor-a-pedagogico-dans-da-secretaria-municipal-de-educacao-ciencia-tecn\/\">PORTARIA N\u00ba 665, DE 27 DE ABRIL DE 2026 &#8211; RESOLVE NOMEAR, para responder Interinamente, pelo o Cargo em Comiss\u00e3o de, SUPERVISOR (A) PEDAG\u00d3GICO &#8211; DANS, DA SECRETARIA MUNICIPAL DE EDUCA\u00c7\u00c3O, CI\u00caNCIA, TECNOLOGIA E INOVA\u00c7\u00c3O, o (a) Sr(a). JOSEANA VIEIRA PESSOA VERAS.<\/a><\/li>\n\t\t<li class=\"wsp-post\"><a href=\"https:\/\/saobernardo.ma.gov.br\/transparencia\/portarias\/portaria-no-664-de-27-de-abril-de-2026-resolve-exonerar-do-cargo-em-comissao-de-supervisor-a-pedagogico-da-secretaria-municipal-de-educacao-ciencia-tecnologia-e-inovacao-o-a-sra-maria-d\/\">PORTARIA N\u00ba 664, DE 27 DE ABRIL DE 2026 &#8211; RESOLVE EXONERAR, do Cargo em Comiss\u00e3o de SUPERVISOR (A) PEDAG\u00d3GICO, DA SECRETARIA MUNICIPAL DE EDUCA\u00c7\u00c3O, CI\u00caNCIA, TECNOLOGIA E INOVA\u00c7\u00c3O, o (a) Sr(a). MARIA DA CONCEI\u00c7\u00c3O GOMES DA SILVA.<\/a><\/li>\n\t\t<li class=\"wsp-post\"><a href=\"https:\/\/saobernardo.ma.gov.br\/transparencia\/portarias\/portaria-no-663-de-27-de-abril-de-2026-resolve-nomear-para-o-cargo-em-comissao-de-assessor-especial-nivel-ii-dai-do-gabinete-do-prefeito-o-a-sra-ray-douglas-ferreira-da-silva\/\">PORTARIA N\u00ba 663, DE 27 DE ABRIL DE 2026 &#8211; RESOLVE NOMEAR, para o Cargo em Comiss\u00e3o de ASSESSOR ESPECIAL N\u00cdVEL II \u2013 DAI, DO GABINETE DO PREFEITO, o (a) Sr(a). RAY DOUGLAS FERREIRA DA SILVA.<\/a><\/li>\n\t\t<li class=\"wsp-post\"><a href=\"https:\/\/saobernardo.ma.gov.br\/transparencia\/portarias\/portaria-no-662-de-27-de-abril-de-2026-resolve-nomear-para-o-cargo-em-comissao-de-coordenador-a-da-unidade-municipal-de-cadastro-umc-dai-da-secretaria-municipal-de-agricultu\/\">PORTARIA N\u00ba 662, DE 27 DE ABRIL DE 2026 &#8211; RESOLVE NOMEAR, para o Cargo em Comiss\u00e3o de COORDENADOR (A) DA UNIDADE MUNICIPAL DE CADASTRO \u2013 UMC \u2013 DAI, DA SECRETARIA MUNICIPAL DE AGRICULTURA, PESCA E PECU\u00c1RIA, o (a) Sr(a). MARIA JAQUELINE CESARIO SILVA.<\/a><\/li>\n\t\t<li class=\"wsp-post\"><a href=\"https:\/\/saobernardo.ma.gov.br\/transparencia\/portarias\/portaria-no-661-de-22-de-abril-de-2026-resolve-art-1o-nomear-para-o-cargo-em-comissao-de-assessora-juridico-municipal-de-transito-dans-da-secretaria-municipal-de-seguranca-publica\/\">PORTARIA N\u00ba 661, DE 22 DE ABRIL DE 2026 &#8211; RESOLVE NOMEAR, para o Cargo em Comiss\u00e3o de ASSESSOR(A) JUR\u00cdDICO MUNICIPAL DE TR\u00c2NSITO \u2013 DANS, DA SECRETARIA MUNICIPAL DE SEGURAN\u00c7A P\u00daBLICA, TR\u00c2NSITO E DEFESA SOCIAL, o (a) Sr(a). JO\u00c3O FERREIRA LIMA NETO SEGUNDO.<\/a><\/li>\n\t\t<li class=\"wsp-post\"><a href=\"https:\/\/saobernardo.ma.gov.br\/transparencia\/portarias\/portaria-no-02-2026-semecti-sb-institui-o-recadastramento-dos-servidores-em-situacao-que-permuta-vinculadas-a-secretaria-municipal-de-educacao-ciencia-tecnologia-e-inovacao-semecti-do-municipi\/\">PORTARIA N\u00ba 02\/2026  SEMECTI\/SB &#8211;  Institui o recadastramento dos servidores em situa\u00e7\u00e3o de permuta vinculadas \u00e0 Secretaria Municipal de Educa\u00e7\u00e3o, Ci\u00eancia, Tecnologia e Inova\u00e7\u00e3o &#8211; SEMECTI do Munic\u00edpio de S\u00e3o Bernardo\/MA, e da outras proveni\u00eancias.<\/a><\/li>\n\t\t<li class=\"wsp-post\"><a href=\"https:\/\/saobernardo.ma.gov.br\/transparencia\/portarias\/portaria-no-660-de-16-de-abril-de-2026-fica-cedido-o-servidor-publico-municipal-do-cargo-de-auxiliar-do-deposito-da-secretaria-municipal-de-educacao-ciencia-tecnologia-e-inovacao-o-a-sra\/\">PORTARIA N\u00ba 660, DE 16 DE ABRIL DE 2026 &#8211; FICA CEDIDO, o Servidor P\u00fablico Municipal do Cargo de AUXILIAR DO DEP\u00d3SITO, DA SECRETARIA MUNICIPAL DE EDUCA\u00c7\u00c3O, CI\u00caNCIA, TECNOLOGIA E INOVA\u00c7\u00c3O, o (a) Sr(a). WENDLER DE LIMA DA SILVA<\/a><\/li>\n\t\t<li class=\"wsp-post\"><a href=\"https:\/\/saobernardo.ma.gov.br\/transparencia\/portarias\/portaria-no-659-de-10-de-abril-de-2026-resolve-nomear-para-o-cargo-em-comissao-de-assessor-pedagogico-nivel-iii-dai-da-secretaria-municipal-de-educacao-ciencia-tecnologia-e-inovacao\/\">PORTARIA N\u00ba 659, DE 10 DE ABRIL DE 2026 &#8211; RESOLVE NOMEAR, para o Cargo em Comiss\u00e3o de ASSESSOR PEDAG\u00d3GICO N\u00cdVEL III \u2013 DAI, DA SECRETARIA MUNICIPAL DE EDUCA\u00c7\u00c3O, CI\u00caNCIA, TECNOLOGIA E INOVA\u00c7\u00c3O, o (a) Sr(a). ANTONIO ALVES BEZERRA FILHO.<\/a><\/li>\n\t\t<li class=\"wsp-post\"><a href=\"https:\/\/saobernardo.ma.gov.br\/transparencia\/portarias\/portaria-no-658-de-07-de-abril-de-2026-resolve-nomear-para-o-cargo-em-comissao-de-assessor-juridico-pedagogico-dans-da-secretaria-municipal-de-educacao-ciencia-tecnologia-e-inovacao\/\">PORTARIA N\u00ba 658, DE 07 DE ABRIL DE 2026 &#8211; RESOLVE NOMEAR, para o Cargo em Comiss\u00e3o de ASSESSOR JUR\u00cdDICO PEDAG\u00d3GICO \u2013 DANS, DA SECRETARIA MUNICIPAL DE EDUCA\u00c7\u00c3O, CI\u00caNCIA, TECNOLOGIA E INOVA\u00c7\u00c3O, o (a) Sr(a). FRANCISCO ROG\u00c9RIO ROCHA SILVA J\u00daNIOR.<\/a><\/li>\n\t\t<li class=\"wsp-post\"><a href=\"https:\/\/saobernardo.ma.gov.br\/transparencia\/portarias\/portaria-no-657-de-01-de-abril-de-2026-resolve-nomear-para-responder-interinamente-pelo-o-cargo-em-comissao-de-secretario-municipal-dga-da-secretaria-municipal-de-turismo-emprego-e-co\/\">PORTARIA N\u00ba 657, DE 01 DE ABRIL DE 2026 &#8211; RESOLVE NOMEAR, para responder Interinamente, pelo o Cargo em Comiss\u00e3o de SECRET\u00c1RIO MUNICIPAL \u2013 DGA, DA SECRETARIA MUNICIPAL DE TURISMO, EMPREGO E COM\u00c9RCIO, o (a) Sr(a)., GENEILSON ROCHA CRUZ<\/a><\/li>\n\t\t<li class=\"wsp-post\"><a href=\"https:\/\/saobernardo.ma.gov.br\/transparencia\/portarias\/portaria-no-656-de-01-de-abril-de-2026-resolve-nomear-para-o-cargo-em-comissao-de-assessor-juridico-pedagogico-dans-da-secretaria-municipal-de-educacao-ciencia-tecnologia-e-inovacao\/\">PORTARIA N\u00ba 656, DE 01 DE ABRIL DE 2026 &#8211; RESOLVE NOMEAR, para o Cargo em Comiss\u00e3o de ASSESSOR JUR\u00cdDICO PEDAG\u00d3GICO \u2013 DANS, DA SECRETARIA MUNICIPAL DE EDUCA\u00c7\u00c3O, CI\u00caNCIA, TECNOLOGIA E INOVA\u00c7\u00c3O, o (a) Sr(a). RUTE ARAUJO DOS SANTOS.<\/a><\/li>\n\t\t<li class=\"wsp-post\"><a href=\"https:\/\/saobernardo.ma.gov.br\/transparencia\/portarias\/portaria-no-655-de-31-de-marco-de-2026-resolve-nomear-para-o-cargo-em-comissao-de-assessor-juridico-pedagogico-dans-da-secretaria-municipal-de-educacao-ciencia-tecnologia-e-inovacao\/\">PORTARIA N\u00ba 655, DE 31 DE MAR\u00c7O DE 2026 &#8211; RESOLVE NOMEAR, para o Cargo em Comiss\u00e3o de ASSESSOR JUR\u00cdDICO PEDAG\u00d3GICO \u2013 DANS, DA SECRETARIA MUNICIPAL DE EDUCA\u00c7\u00c3O, CI\u00caNCIA, TECNOLOGIA E INOVA\u00c7\u00c3O, o (a) Sr(a). PEDRO HENRIQUE PONTES DE DEUS.<\/a><\/li>\n\t\t<li class=\"wsp-post\"><a href=\"https:\/\/saobernardo.ma.gov.br\/transparencia\/portarias\/portaria-no-654-de-31-de-marco-de-2026-fica-delegado-a-competencia-de-gestora-do-fundo-municipal-dos-direitos-da-pessoa-idosa-do-municipio-de-sao-bernardo-estado-do-maranhao-a-sra-abilene-olive\/\">PORTARIA N\u00ba 654, DE 31 DE MAR\u00c7O DE 2026 &#8211; Fica delegado a compet\u00eancia de GESTORA DO FUNDO MUNICIPAL DOS DIREITOS DA PESSOA IDOSA, do munic\u00edpio de S\u00e3o Bernardo, Estado do Maranh\u00e3o, a Sra. Abilene Oliveira Sousa.<\/a><\/li>\n\t\t<li class=\"wsp-post\"><a href=\"https:\/\/saobernardo.ma.gov.br\/transparencia\/portarias\/portaria-no-653-de-31-de-marco-de-2026-autoriza-a-presidente-do-conselho-municipal-de-meio-ambiente-para-as-funcoes-de-gestora-do-fundo-municipal-de-meio-ambiente-do-municipio-de-sao-bernardo-ma-e\/\">PORTARIA N\u00ba 653, DE 31 DE MAR\u00c7O DE 2026 &#8211; Fica delegado a compet\u00eancia de GESTORA DO FUNDO MUNICIPAL DE MEIO AMBIENTE, do munic\u00edpio de S\u00e3o Bernardo, Estado do Maranh\u00e3o, a Sra. Isabella Vieira Carvalho de Moraes.<\/a><\/li>\n\t\t<li class=\"wsp-post\"><a href=\"https:\/\/saobernardo.ma.gov.br\/transparencia\/portarias\/portaria-no-652-de-27-de-marco-de-2026-resolve-nomear-para-o-cargo-em-comissao-de-coordenador-pedagogico-das-da-e-m-manoel-de-almeida-portugal-o-a-sra-joao-paulo-cunha-de-melo\/\">PORTARIA N\u00ba 652, DE 27 DE MAR\u00c7O DE 2026 &#8211; RESOLVE NOMEAR, para o Cargo em Comiss\u00e3o de COORDENADOR PEDAG\u00d3GICO &#8211; DAS, DA E. M. MANOEL DE ALMEIDA PORTUGAL, o (a) Sr(a). JO\u00c3O PAULO CUNHA DE MELO<\/a><\/li>\n\t\t<li class=\"wsp-post\"><a href=\"https:\/\/saobernardo.ma.gov.br\/transparencia\/portarias\/portaria-no-651-de-27-de-marco-de-2026-resolve-nomear-para-o-cargo-em-comissao-de-assessor-pedagogico-nivel-iii-dai-da-secretaria-municipal-de-educacao-ciencia-tecnologia-e-inovacao\/\">PORTARIA N\u00ba 651, DE 27 DE MAR\u00c7O DE 2026 &#8211; RESOLVE NOMEAR, para o Cargo em Comiss\u00e3o de ASSESSOR PEDAG\u00d3GICO N\u00cdVEL III \u2013 DAI, DA SECRETARIA MUNICIPAL DE EDUCA\u00c7\u00c3O, CI\u00caNCIA, TECNOLOGIA E INOVA\u00c7\u00c3O, o (a) Sr(a). THALYSON SALOM\u00c3O SANTOS CASTRO<\/a><\/li>\n\t\t<li class=\"wsp-post\"><a href=\"https:\/\/saobernardo.ma.gov.br\/transparencia\/portarias\/portaria-no-650-de-27-de-marco-de-2026-resolve-nomear-para-o-cargo-em-comissao-de-assessor-pedagogico-nivel-iii-dai-da-secretaria-municipal-de-educacao-ciencia-tecnologia-e-inovacao\/\">PORTARIA N\u00ba 650, DE 27 DE MAR\u00c7O DE 2026 &#8211; RESOLVE NOMEAR, para o Cargo em Comiss\u00e3o de ASSESSOR PEDAG\u00d3GICO N\u00cdVEL III \u2013 DAI, DA SECRETARIA MUNICIPAL DE EDUCA\u00c7\u00c3O, CI\u00caNCIA, TECNOLOGIA E INOVA\u00c7\u00c3O, o (a) Sr(a). PHILLIPPY CARDELLY ALBUQUERQUE DOS SANTOS<\/a><\/li>\n\t\t<li class=\"wsp-post\"><a href=\"https:\/\/saobernardo.ma.gov.br\/transparencia\/portarias\/portaria-no-649-de-26-de-marco-de-2026-resolve-nomear-para-o-cargo-em-comissao-de-inspetor-escolar-dai-de-polo-o-a-sra-dairla-cristina-dos-santos-assuncao\/\">PORTARIA N\u00ba 649, DE 26 DE MAR\u00c7O DE 2026 &#8211; RESOLVE NOMEAR, para o Cargo em Comiss\u00e3o de INSPETOR ESCOLAR \u2013 DAI, DE POLO, o (a) Sr(a). DAIRLA CRISTINA DOS SANTOS ASSUN\u00c7\u00c3O<\/a><\/li>\n\t\t<li class=\"wsp-post\"><a href=\"https:\/\/saobernardo.ma.gov.br\/transparencia\/portarias\/portaria-no-648-de-26-de-marco-de-2026-resolve-nomear-para-o-cargo-em-comissao-de-coordenador-pedagogico-das-da-e-m-coracao-de-jesus-o-a-sra-aline-maria-costa\/\">PORTARIA N\u00ba 648, DE 26 DE MAR\u00c7O DE 2026 &#8211; RESOLVE NOMEAR, para o Cargo em Comiss\u00e3o de COORDENADOR PEDAG\u00d3GICO &#8211; DAS, DA E. M. CORA\u00c7\u00c3O DE JESUS, o (a) Sr(a). ALINE MARIA COSTA<\/a><\/li>\n\t\t<li class=\"wsp-post\"><a href=\"https:\/\/saobernardo.ma.gov.br\/transparencia\/portarias\/portaria-no-647-de-26-de-marco-de-2026-resolve-nomear-para-o-cargo-em-comissao-de-inspetor-escolar-da-i-da-e-m-monsenhor-mauricio-laurent-o-a-sra-alex-oliveira-marques\/\">PORTARIA N\u00ba 647, DE 26 DE MAR\u00c7O DE 2026 &#8211; RESOLVE NOMEAR, para o Cargo em Comiss\u00e3o de INSPETOR ESCOLAR DA-I, DA E.M. MONSENHOR MAURICIO LAURENT, o (a) Sr(a). ALEX OLIVEIRA MARQUES<\/a><\/li>\n\t\t<li class=\"wsp-post\"><a href=\"https:\/\/saobernardo.ma.gov.br\/transparencia\/portarias\/portaria-no-646-de-26-de-marco-de-2026-resolve-nomear-para-o-cargo-em-comissao-de-inspetor-escolar-da-i-da-unidade-integrada-presidente-castelo-branco-o-a-sra-ana-luiza-silva-da-costa\/\">PORTARIA N\u00ba 646, DE 26 DE MAR\u00c7O DE 2026 &#8211; RESOLVE NOMEAR, para o Cargo em Comiss\u00e3o de INSPETOR ESCOLAR DA-I, DA UNIDADE INTEGRADA PRESIDENTE CASTELO BRANCO, o (a) Sr(a). ANA LUIZA SILVA DA COSTA<\/a><\/li>\n\t\t<li class=\"wsp-post\"><a href=\"https:\/\/saobernardo.ma.gov.br\/transparencia\/portarias\/portaria-no-645-de-26-de-marco-de-2026-resolve-nomear-para-o-cargo-em-comissao-de-inspetor-escolar-dai-da-e-m-instituto-educacional-conego-nestor-de-carvalho-cunha-o-a-sra-leils\/\">PORTARIA N\u00ba 645, DE 26 DE MAR\u00c7O DE 2026 &#8211; RESOLVE NOMEAR, para o Cargo em Comiss\u00e3o de INSPETOR ESCOLAR \u2013 DAI, DA E. M. INSTITUTO EDUCACIONAL C\u00d4NEGO NESTOR DE CARVALHO CUNHA, o (a) Sr(a). LEILSON GALV\u00c3O DE SOUSA<\/a><\/li>\n\t\t<li class=\"wsp-post\"><a href=\"https:\/\/saobernardo.ma.gov.br\/transparencia\/portarias\/portaria-no-644-de-26-de-marco-de-2026-resolve-nomear-para-o-cargo-em-comissao-de-coordenador-pedagogico-das-da-unidade-integrada-professora-celia-cristina-pereira-dos-reis-o-a-sra-rodrig\/\">PORTARIA N\u00ba 644, DE 26 DE MAR\u00c7O DE 2026 &#8211; RESOLVE NOMEAR, para o Cargo em Comiss\u00e3o de COORDENADOR PEDAG\u00d3GICO &#8211; DAS, DA UNIDADE INTEGRADA PROFESSORA CELIA CRISTINA PEREIRA DOS REIS, o (a) Sr(a). RODRIGO ALVES MESQUITA NOGUEIRA<\/a><\/li>\n\t\t<li class=\"wsp-post\"><a href=\"https:\/\/saobernardo.ma.gov.br\/transparencia\/portarias\/portaria-conjunta-no-01-de-24-de-marco-de-2026-dispoe-sobre-a-proibicao-de-entrada-de-garrafas-e-recipientes-de-vidros-no-circuito-da-praca-29-de-marco-nos-dias-29-e-30-d\/\">PORTARIA CONJUNTA N\u00ba 01, DE 24 DE MAR\u00c7O DE 2026 &#8211; \u201cDisp\u00f5e sobre a proibi\u00e7\u00e3o de entrada de garrafas e recipientes de vidros no circuito da \u201cPra\u00e7a 29 de mar\u00e7o\u201d nos dias 29 e 30 de mar\u00e7o de 2026, e d\u00e1 outras provid\u00eancias\u201d<\/a><\/li>\n\t\t<li class=\"wsp-post\"><a href=\"https:\/\/saobernardo.ma.gov.br\/transparencia\/portarias\/portaria-no-643-de-19-de-marco-de-2026-resolve-nomear-para-o-cargo-em-comissao-de-diretor-a-escolar-da-e-m-rui-barbosa-o-a-sra-leidiele-oliveira-machado\/\">PORTARIA N\u00ba 643, DE 19 DE MAR\u00c7O DE 2026 &#8211; RESOLVE NOMEAR, para o Cargo em Comiss\u00e3o de DIRETOR (A) ESCOLAR, DA E.M. RUI BARBOSA, o (a) Sr(a). LEIDIELE OLIVEIRA MACHADO<\/a><\/li>\n\t\t<li class=\"wsp-post\"><a href=\"https:\/\/saobernardo.ma.gov.br\/transparencia\/portarias\/portaria-no-642-de-12-de-marco-de-2026-resolve-nomear-para-o-cargo-em-comissao-de-secretario-a-escolar-dai-1-da-e-m-paulo-freire-o-a-sra-estefani-soares-silva-santos-2\/\">PORTARIA N\u00ba 642, DE 12 DE MAR\u00c7O DE 2026 &#8211; RESOLVE NOMEAR, para o Cargo em Comiss\u00e3o de SECRET\u00c1RIO (A) ESCOLAR DAI-1, DA E.M. PAULO FREIRE, o (a) Sr(a). ESTEFANI SOARES SILVA SANTOS<\/a><\/li>\n\t\t<li class=\"wsp-post\"><a href=\"https:\/\/saobernardo.ma.gov.br\/transparencia\/portarias\/portaria-no-642-de-12-de-marco-de-2026-resolve-nomear-para-o-cargo-em-comissao-de-secretario-a-escolar-dai-1-da-e-m-paulo-freire-o-a-sra-estefani-soares-silva-santos\/\">PORTARIA N\u00ba 641, DE 12 DE MAR\u00c7O DE 2026 &#8211; RESOLVE EXONERAR, do Cargo em Comiss\u00e3o de SECRET\u00c1RIO (A) ESCOLAR DA E.M. PAULO FREIRE, o (a) Sr(a). ANA CLAUDIA DA COSTA SILVA<\/a><\/li>\n\t\t<li class=\"wsp-post\"><a href=\"https:\/\/saobernardo.ma.gov.br\/transparencia\/portarias\/portaria-no-641-de-12-de-marco-de-2026-resolve-exonerar-do-cargo-em-comissao-de-secretario-a-escolar-da-e-m-paulo-freire-o-a-sra-ana-claudia-da-costa-silva\/\">PORTARIA N\u00ba 640, DE 12 DE MAR\u00c7O DE 2026 &#8211; RESOLVE EXONERAR, do Cargo em Comiss\u00e3o de COORDENADOR PEDAG\u00d3GICO, DA E.M. PROF\u00aa CELIA CRISTINA, o (a) Sr(a). GIZELE OLIVEIRA DOS SANTOS<\/a><\/li>\n\t\t<li class=\"wsp-post\"><a href=\"https:\/\/saobernardo.ma.gov.br\/transparencia\/portarias\/portaria-no-639-de-11-de-marco-de-2026-autoriza-o-presidente-do-conselho-municipal-dos-direitos-da-crianca-e-do-adolescente-cmdca-para-as-funcoes-do-fundo-municipal-da-crianca-e\/\">PORTARIA N\u00ba 639, DE 11 DE MAR\u00c7O DE 2026 &#8211; \u201cAutoriza o Presidente do Conselho Municipal dos Direitos da Crian\u00e7a e do Adolescente \u2013 CMDCA para as fun\u00e7\u00f5es do Fundo Municipal da Crian\u00e7a e do Adolescente do Munic\u00edpio de S\u00e3o Bernardo e d\u00e1 outras provid\u00eancias\u201d.<\/a><\/li>\n\t\t<li class=\"wsp-post\"><a href=\"https:\/\/saobernardo.ma.gov.br\/transparencia\/portarias\/portaria-no-638-de-11-de-marco-de-2026-resolve-nomear-para-o-cargo-em-comissao-de-assessor-especial-nivel-i-das-do-gabinete-do-prefeito-o-a-sra-otaviano-diniz-braga-neto\/\">PORTARIA N\u00ba 638, DE 11 DE MAR\u00c7O DE 2026 &#8211; RESOLVE NOMEAR, para o Cargo em Comiss\u00e3o de ASSESSOR ESPECIAL N\u00cdVEL I &#8211; DAS, DO GABINETE DO PREFEITO, o (a) Sr(a). OTAVIANO DINIZ BRAGA NETO.<\/a><\/li>\n\t\t<li class=\"wsp-post\"><a href=\"https:\/\/saobernardo.ma.gov.br\/transparencia\/portarias\/portaria-no-637-de-11-de-marco-de-2026-resolve-nomear-para-o-cargo-em-comissao-de-assessor-especial-nivel-i-das-do-gabinete-do-prefeito-o-a-sra-mauro-celso-araujo-franca\/\">PORTARIA N\u00ba 637, DE 11 DE MAR\u00c7O DE 2026 &#8211; RESOLVE NOMEAR, para o Cargo em Comiss\u00e3o de ASSESSOR ESPECIAL N\u00cdVEL I &#8211; DAS, DO GABINETE DO PREFEITO, o (a) Sr(a). MAURO CELSO ARAUJO FRAN\u00c7A.<\/a><\/li>\n\t\t<li class=\"wsp-post\"><a href=\"https:\/\/saobernardo.ma.gov.br\/transparencia\/portarias\/portaria-no-636-de-11-de-marco-de-2026-resolve-nomear-para-o-cargo-em-comissao-de-assessor-especial-nivel-ii-dai-do-gabinete-do-prefeito-o-a-sra-jorge-leonardo-silva-soares\/\">PORTARIA N\u00ba 636, DE 11 DE MAR\u00c7O DE 2026 &#8211; RESOLVE NOMEAR, para o Cargo em Comiss\u00e3o de ASSESSOR ESPECIAL N\u00cdVEL II &#8211; DAI, DO GABINETE DO PREFEITO, o (a) Sr(a). JORGE LEONARDO SILVA SOARES.<\/a><\/li>\n\t\t<li class=\"wsp-post\"><a href=\"https:\/\/saobernardo.ma.gov.br\/transparencia\/portarias\/portaria-no-635-de-11-de-marco-de-2026-resolve-exonerar-do-cargo-em-comissao-de-assessor-especial-nivel-ii-do-gabinete-do-prefeito-o-a-sra-isaura-santos-da-silva\/\">PORTARIA N\u00ba 635, DE 11 DE MAR\u00c7O DE 2026 &#8211; RESOLVE EXONERAR, do Cargo em Comiss\u00e3o de ASSESSOR ESPECIAL N\u00cdVEL II, DO GABINETE DO PREFEITO, o (a) Sr(a). ISAURA SANTOS DA SILVA<\/a><\/li>\n\t\t<li class=\"wsp-post\"><a href=\"https:\/\/saobernardo.ma.gov.br\/transparencia\/portarias\/portaria-no-634-de-11-de-marco-de-2026-resolve-exonerar-do-cargo-em-comissao-de-assessor-juridico-da-procuradoria-geral-municipal-o-a-sra-amanda-macedo-do-nascimento\/\">PORTARIA N\u00ba 634, DE 11 DE MAR\u00c7O DE 2026 &#8211; RESOLVE EXONERAR, do Cargo em Comiss\u00e3o de ASSESSOR JUR\u00cdDICO, DA PROCURADORIA GERAL MUNICIPAL, o (a) Sr(a). AMANDA MAC\u00caDO DO NASCIMENTO.<\/a><\/li>\n\t\t<li class=\"wsp-post\"><a href=\"https:\/\/saobernardo.ma.gov.br\/transparencia\/portarias\/portaria-no-633-de-09-de-marco-de-2026-resolve-nomear-para-o-cargo-em-comissao-de-assessor-juridico-dans-da-procuradoria-geral-municipal-o-a-sra-amanda-macedo-do-nascimento\/\">PORTARIA N\u00ba 633, DE 09 DE MAR\u00c7O DE 2026 &#8211; RESOLVE NOMEAR, para o Cargo em Comiss\u00e3o de ASSESSOR JUR\u00cdDICO \u2013 DANS, DA PROCURADORIA GERAL MUNICIPAL, o (a) Sr(a). AMANDA MAC\u00caDO DO NASCIMENTO.<\/a><\/li>\n\t\t<li class=\"wsp-post\"><a href=\"https:\/\/saobernardo.ma.gov.br\/transparencia\/portarias\/portaria-no-632-de-06-de-marco-de-2026-resolve-nomear-para-o-cargo-em-comissao-de-assessor-especial-nivel-iii-dai-1-do-gabinete-do-prefeito-o-a-sra-geralda-soares-pessoa\/\">PORTARIA N\u00ba 632, DE 06 DE MAR\u00c7O DE 2026 &#8211; RESOLVE NOMEAR, para o Cargo em Comiss\u00e3o de ASSESSOR ESPECIAL N\u00cdVEL III \u2013 DAI-1, DO GABINETE DO PREFEITO, o (a) Sr(a). GERALDA SOARES PESSOA<\/a><\/li>\n\t\t<li class=\"wsp-post\"><a href=\"https:\/\/saobernardo.ma.gov.br\/transparencia\/portarias\/portaria-no-631-de-06-de-marco-de-2026-resolve-exonerar-do-cargo-em-comissao-de-assessor-especial-nivel-iii-do-gabinete-do-prefeito-o-a-sra-beniza-dos-santos-alves\/\">PORTARIA N\u00ba 631, DE 06 DE MAR\u00c7O DE 2026 &#8211; RESOLVE EXONERAR, do Cargo em Comiss\u00e3o de ASSESSOR ESPECIAL N\u00cdVEL III, DO GABINETE DO PREFEITO, o (a) Sr(a). BENIZA DOS SANTOS ALVES<\/a><\/li>\n\t\t<li class=\"wsp-post\"><a href=\"https:\/\/saobernardo.ma.gov.br\/transparencia\/portarias\/portaria-no-630-de-24-de-fevereiro-de-2026-resolve-exonerar-do-cargo-em-comissao-de-coordenador-pedagogico-das-da-e-m-coracao-de-jesus-da-secretaria-municipal-de-educacao-ciencia-tecnologia\/\">PORTARIA N\u00ba 630, DE 24 DE FEVEREIRO DE 2026 &#8211; RESOLVE EXONERAR, do Cargo em Comiss\u00e3o de COORDENADOR PEDAGOGICO &#8211; DAS, da E.M. CORA\u00c7\u00c3O DE JESUS, da SECRETARIA MUNICIPAL DE EDUCA\u00c7\u00c3O, CI\u00caNCIA, TECNOLOGIA E INOVA\u00c7\u00c3O, o(a) Sr(a). JAELSON SILVA MENDES<\/a><\/li>\n\t\t<li class=\"wsp-post\"><a href=\"https:\/\/saobernardo.ma.gov.br\/transparencia\/portarias\/portaria-no-629-de-24-de-fevereiro-de-2026-resolve-nomear-para-cargo-em-comissao-de-inspetor-escolar-dai-da-u-i-bernardo-coelho-de-almeida-da-secretaria-municipal-de-educacao-ciencia-tecnol\/\">PORTARIA N\u00ba 629, DE 24 DE FEVEREIRO DE 2026 &#8211; RESOLVE NOMEAR, para Cargo em Comiss\u00e3o de INSPETOR ESCOLAR &#8211; DAI, da U.I. BERNARDO COELHO DE ALMEIDA, da SECRETARIA MUNICIPAL DE EDUCA\u00c7\u00c3O, CI\u00caNCIA, TECNOLOGIA E INOVA\u00c7\u00c3O, o(a) Sr(a). ANA RUTH SANTOS<\/a><\/li>\n\t\t<li class=\"wsp-post\"><a href=\"https:\/\/saobernardo.ma.gov.br\/transparencia\/portarias\/portaria-no-628-de-24-de-fevereiro-de-2026-resolve-nomear-para-cargo-em-comissao-de-assessor-pegagogico-nivel-iii-dai-da-secretaria-municipal-de-educacao-ciencia-tecnologia-e-inovacao-oa-s\/\">PORTARIA N\u00ba 628, DE 24 DE FEVEREIRO DE 2026 &#8211; RESOLVE NOMEAR, para Cargo em Comiss\u00e3o de ASSESSOR PEGAG\u00d3GICO N\u00cdVEL III &#8211; DAI, da SECRETARIA MUNICIPAL DE EDUCA\u00c7\u00c3O, CI\u00caNCIA, TECNOLOGIA E INOVA\u00c7\u00c3O, o(a) Sr(a). JO\u00c3O ISAQUE FORTES MACHADO.<\/a><\/li>\n\t\t<li class=\"wsp-post\"><a href=\"https:\/\/saobernardo.ma.gov.br\/transparencia\/portarias\/portaria-no-627-de-24-de-fevereiro-de-2026-resolve-nomear-para-cargo-em-comissao-de-assessor-pegagogico-nivel-iii-dai-da-secretaria-municipal-de-educacao-ciencia-tecnologia-e-inovacao-oa-s\/\">PORTARIA N\u00ba 627, DE 24 DE FEVEREIRO DE 2026 &#8211; RESOLVE NOMEAR, para Cargo em Comiss\u00e3o de ASSESSOR PEGAG\u00d3GICO N\u00cdVEL III &#8211; DAI, da SECRETARIA MUNICIPAL DE EDUCA\u00c7\u00c3O, CI\u00caNCIA, TECNOLOGIA E INOVA\u00c7\u00c3O, o(a) Sr(a). DAVYLA PAMELA MARQUES GINO.<\/a><\/li>\n\t\t<li class=\"wsp-post\"><a href=\"https:\/\/saobernardo.ma.gov.br\/transparencia\/portarias\/portaria-no-626-de-24-de-fevereiro-de-2026-resolve-nomear-para-cargo-em-comissao-de-assessor-pegagogico-nivel-iii-dai-da-secretaria-municipal-de-educacao-ciencia-tecnologia-e-inovacao-oa-s\/\">PORTARIA N\u00ba 626, DE 24 DE FEVEREIRO DE 2026 &#8211; RESOLVE NOMEAR, para Cargo em Comiss\u00e3o de ASSESSOR PEGAG\u00d3GICO N\u00cdVEL III &#8211; DAI, da SECRETARIA MUNICIPAL DE EDUCA\u00c7\u00c3O, CI\u00caNCIA, TECNOLOGIA E INOVA\u00c7\u00c3O, o(a) Sr(a). EZEQUIEL ARAUJO QUARESMA DE MIRANDA<\/a><\/li>\n\t\t<li class=\"wsp-post\"><a href=\"https:\/\/saobernardo.ma.gov.br\/transparencia\/portarias\/portaria-no-625-de-24-de-fevereiro-de-2026-resolve-nomear-para-cargo-em-comissao-de-assessor-pegagogico-nivel-iii-dai-da-secretaria-municipal-de-educacao-ciencia-tecnologia-e-inovacao-oa-s\/\">PORTARIA N\u00ba 625, DE 24 DE FEVEREIRO DE 2026 &#8211; RESOLVE NOMEAR, para Cargo em Comiss\u00e3o de ASSESSOR PEGAG\u00d3GICO N\u00cdVEL III &#8211; DAI, da SECRETARIA MUNICIPAL DE EDUCA\u00c7\u00c3O, CI\u00caNCIA, TECNOLOGIA E INOVA\u00c7\u00c3O, o(a) Sr(a). JOSENIR SANTANA LOPES.<\/a><\/li>\n\t\t<li class=\"wsp-post\"><a href=\"https:\/\/saobernardo.ma.gov.br\/transparencia\/portarias\/portaria-no-624-de-24-de-fevereiro-de-2026-resolve-nomear-para-cargo-em-comissao-de-assessor-pegagogico-nivel-iii-dai-da-secretaria-municipal-de-educacao-ciencia-tecnologia-e-inovacao-oa-s\/\">PORTARIA N\u00ba 624, DE 24 DE FEVEREIRO DE 2026 &#8211; RESOLVE NOMEAR, para Cargo em Comiss\u00e3o de ASSESSOR PEGAG\u00d3GICO N\u00cdVEL III &#8211; DAI, da SECRETARIA MUNICIPAL DE EDUCA\u00c7\u00c3O, CI\u00caNCIA, TECNOLOGIA E INOVA\u00c7\u00c3O, o(a) Sr(a). LIANNA SOUSA LOPES<\/a><\/li>\n\t\t<li class=\"wsp-post\"><a href=\"https:\/\/saobernardo.ma.gov.br\/transparencia\/portarias\/portaria-no-623-de-24-de-fevereiro-de-2026-resolve-nomear-para-cargo-em-comissao-de-coordenador-pedagogico-das-da-u-i-ver-rubenito-silva-couto-da-secretaria-municipal-de-educacao-ciencia-t\/\">PORTARIA N\u00ba 623, DE 24 DE FEVEREIRO DE 2026 &#8211; RESOLVE NOMEAR, para Cargo em Comiss\u00e3o de COORDENADOR PEDAGOGICO &#8211; DAS, da U.I. VER. RUBENITO SILVA COUTO, da SECRETARIA MUNICIPAL DE EDUCA\u00c7\u00c3O, CI\u00caNCIA, TECNOLOGIA E INOVA\u00c7\u00c3O, o(a) Sr(a). FRANCELIA VERAS LOPES<\/a><\/li>\n\t\t<li class=\"wsp-post\"><a href=\"https:\/\/saobernardo.ma.gov.br\/transparencia\/portarias\/portaria-no-622-de-24-de-fevereiro-de-2026-resolve-nomear-para-cargo-em-comissao-de-coordenador-pedagogico-das-da-e-m-sata-rita-da-secretaria-municipal-de-educacao-ciencia-tecnologia-e-inov\/\">PORTARIA N\u00ba 622, DE 24 DE FEVEREIRO DE 2026 &#8211; RESOLVE NOMEAR, para Cargo em Comiss\u00e3o de COORDENADOR PEDAGOGICO &#8211; DAS, da E.M. SATA RITA, da SECRETARIA MUNICIPAL DE EDUCA\u00c7\u00c3O, CI\u00caNCIA, TECNOLOGIA E INOVA\u00c7\u00c3O, o(a) Sr(a). VALDEIDE MARIA DA SILVA MOTA.<\/a><\/li>\n\t\t<li class=\"wsp-post\"><a href=\"https:\/\/saobernardo.ma.gov.br\/transparencia\/portarias\/portaria-no-621-de-24-de-fevereiro-de-2026-resolve-nomear-para-cargo-em-comissao-de-inspetor-escolar-dai-da-creche-bibi-da-secretaria-municipal-de-educacao-ciencia-tecnologia-e-inovacao-oa\/\">PORTARIA N\u00ba 621, DE 24 DE FEVEREIRO DE 2026 &#8211; RESOLVE NOMEAR, para Cargo em Comiss\u00e3o de INSPETOR ESCOLAR &#8211; DAI, da CRECHE BIBI, da SECRETARIA MUNICIPAL DE EDUCA\u00c7\u00c3O, CI\u00caNCIA, TECNOLOGIA E INOVA\u00c7\u00c3O, o(a) Sr(a). MARIA ANTONIA SILVA SANTOS.<\/a><\/li>\n\t\t<li class=\"wsp-post\"><a href=\"https:\/\/saobernardo.ma.gov.br\/transparencia\/portarias\/portaria-no-620-de-24-de-fevereiro-de-2026-resolve-nomear-para-cargo-em-comissao-de-diretor-escolar-da-e-m-conego-nestor-da-secretaria-municipal-de-educacao-ciencia-tecnologia-e-inovacao-oa\/\">PORTARIA N\u00ba 620, DE 24 DE FEVEREIRO DE 2026 &#8211; RESOLVE NOMEAR, para Cargo em Comiss\u00e3o de DIRETOR ESCOLAR, da E.M. C\u00d4NEGO NESTOR, da SECRETARIA MUNICIPAL DE EDUCA\u00c7\u00c3O, CI\u00caNCIA, TECNOLOGIA E INOVA\u00c7\u00c3O, o(a) Sr(a). RONALDO SOUSA DOS SANTOS JUNIOR.<\/a><\/li>\n\t\t<li class=\"wsp-post\"><a href=\"https:\/\/saobernardo.ma.gov.br\/transparencia\/portarias\/portaria-no-619-de-24-de-fevereiro-de-2026-resolve-nomear-para-cargo-em-comissao-de-inspetor-escolar-dai-da-e-m-monteiro-lobato-da-secretaria-municipal-de-educacao-ciencia-tecnologia-e-inov\/\">PORTARIA N\u00ba 619, DE 24 DE FEVEREIRO DE 2026 &#8211; RESOLVE NOMEAR, para Cargo em Comiss\u00e3o de INSPETOR ESCOLAR &#8211; DAI, da E.M. MONTEIRO LOBATO, da SECRETARIA MUNICIPAL DE EDUCA\u00c7\u00c3O, CI\u00caNCIA, TECNOLOGIA E INOVA\u00c7\u00c3O, o(a) Sr(a). AMANDA DA SILVA DIAS.<\/a><\/li>\n\t\t<li class=\"wsp-post\"><a href=\"https:\/\/saobernardo.ma.gov.br\/transparencia\/portarias\/portaria-no-618-de-24-de-fevereiro-de-2026-resolve-nomear-para-cargo-em-comissao-de-coordenador-pedagogico-das-da-e-m-monsenhor-mauricio-laurent-da-secretaria-municipal-de-educacao-ciencia\/\">PORTARIA N\u00ba 618, DE 24 DE FEVEREIRO DE 2026 &#8211; RESOLVE NOMEAR, para Cargo em Comiss\u00e3o de COORDENADOR PEDAGOGICO &#8211; DAS, da E.M. MONSENHOR MAURICIO LAURENT, da SECRETARIA MUNICIPAL DE EDUCA\u00c7\u00c3O, CI\u00caNCIA, TECNOLOGIA E INOVA\u00c7\u00c3O, o(a) Sr(a). THALITA CRISTINA PEREIRA COUTO.<\/a><\/li>\n\t\t<li class=\"wsp-post\"><a href=\"https:\/\/saobernardo.ma.gov.br\/transparencia\/portarias\/portaria-no-617-de-24-de-fevereiro-de-2026-resolve-nomear-para-cargo-em-comissao-de-diretora-adjunta-da-i-e-conego-nestor-de-carvalho-cunha-da-secretaria-municipal-de-educacao-ciencia-tecnolo\/\">PORTARIA N\u00ba 617, DE 24 DE FEVEREIRO DE 2026 &#8211; RESOLVE NOMEAR, para Cargo em Comiss\u00e3o de DIRETORA ADJUNTA, da I.E. C\u00d4NEGO NESTOR DE CARVALHO CUNHA, da SECRETARIA MUNICIPAL DE EDUCA\u00c7\u00c3O, CI\u00caNCIA, TECNOLOGIA E INOVA\u00c7\u00c3O, o(a) Sr(a). ANY ELLE VARANDA SPINDOLA.<\/a><\/li>\n\t\t<li class=\"wsp-post\"><a href=\"https:\/\/saobernardo.ma.gov.br\/transparencia\/portarias\/portaria-no-616-de-24-de-fevereiro-de-2026-resolve-nomear-para-cargo-em-comissao-de-coordenador-pedagogico-das-da-i-e-conego-nestor-de-carvalho-cunha-da-secretaria-municipal-de-educacao-cien\/\">PORTARIA N\u00ba 616, DE 24 DE FEVEREIRO DE 2026 &#8211; RESOLVE NOMEAR, para Cargo em Comiss\u00e3o de COORDENADOR PEDAGOGICO &#8211; DAS, da I.E. C\u00d4NEGO NESTOR DE CARVALHO CUNHA, da SECRETARIA MUNICIPAL DE EDUCA\u00c7\u00c3O, CI\u00caNCIA, TECNOLOGIA E INOVA\u00c7\u00c3O, o(a) Sr(a). ROSILENE RODRIGUES ROCHA.<\/a><\/li>\n\t\t<li class=\"wsp-post\"><a href=\"https:\/\/saobernardo.ma.gov.br\/transparencia\/portarias\/portaria-no-615-de-24-de-fevereiro-de-2026-resolve-nomear-para-cargo-em-comissao-de-assessor-pegagogico-nivel-iii-dai-da-secretaria-municipal-de-educacao-ciencia-tecnologia-e-inovacao-oa-s\/\">PORTARIA N\u00ba 615, DE 24 DE FEVEREIRO DE 2026 &#8211; RESOLVE NOMEAR, para Cargo em Comiss\u00e3o de ASSESSOR PEGAG\u00d3GICO N\u00cdVEL III &#8211; DAI, da SECRETARIA MUNICIPAL DE EDUCA\u00c7\u00c3O, CI\u00caNCIA, TECNOLOGIA E INOVA\u00c7\u00c3O, o(a) Sr(a). JEFTE MARINHO CANDEIRA FREITAS.<\/a><\/li>\n\t\t<li class=\"wsp-post\"><a href=\"https:\/\/saobernardo.ma.gov.br\/transparencia\/portarias\/portaria-no-614-de-24-de-fevereiro-de-2026-resolve-nomear-para-cargo-em-comissao-de-coordenador-pedagogico-das-da-e-m-pref-jose-ferreira-de-sousa-da-secretaria-municipal-de-educacao-ciencia\/\">PORTARIA N\u00ba 614, DE 24 DE FEVEREIRO DE 2026 &#8211; RESOLVE NOMEAR, para Cargo em Comiss\u00e3o de COORDENADOR PEDAGOGICO &#8211; DAS, da E.M. PREF. JOS\u00c9 FERREIRA DE SOUSA, da SECRETARIA MUNICIPAL DE EDUCA\u00c7\u00c3O, CI\u00caNCIA, TECNOLOGIA E INOVA\u00c7\u00c3O, o(a) Sr(a). ALINE SILVA ALBUQUERQUE.<\/a><\/li>\n\t\t<li class=\"wsp-post\"><a href=\"https:\/\/saobernardo.ma.gov.br\/transparencia\/portarias\/portaria-no-613-de-24-de-fevereiro-de-2026-resolve-nomear-para-cargo-em-comissao-de-diretora-adjunta-da-u-i-prof-celia-cristina-pereira-dos-reis-da-secretaria-municipal-de-educacao-ciencia-t\/\">PORTARIA N\u00ba 613, DE 24 DE FEVEREIRO DE 2026 &#8211; RESOLVE NOMEAR, para Cargo em Comiss\u00e3o de DIRETORA ADJUNTA, da U.I. PROF. CELIA CRISTINA PEREIRA DOS REIS, da SECRETARIA MUNICIPAL DE EDUCA\u00c7\u00c3O, CI\u00caNCIA, TECNOLOGIA E INOVA\u00c7\u00c3O, o(a) Sr(a). MARCIA LOPES DE SOUSA.<\/a><\/li>\n\t\t<li class=\"wsp-post\"><a href=\"https:\/\/saobernardo.ma.gov.br\/transparencia\/portarias\/portaria-no-612-de-24-de-fevereiro-de-2026-resolve-nomear-para-cargo-em-comissao-de-coordenador-pedagogico-das-da-e-m-prof-maria-de-lourdes-correia-lima-serra-da-secretaria-municipal-de-educ\/\">PORTARIA N\u00ba 612, DE 24 DE FEVEREIRO DE 2026 &#8211; RESOLVE NOMEAR, para Cargo em Comiss\u00e3o de COORDENADOR PEDAGOGICO &#8211; DAS, da E.M. PROF. MARIA DE LOURDES CORREIA LIMA SERRA, da SECRETARIA MUNICIPAL DE EDUCA\u00c7\u00c3O, CI\u00caNCIA, TECNOLOGIA E INOVA\u00c7\u00c3O, o(a) Sr(a). MARIA DEUZANE DA SILVA SANTOS.<\/a><\/li>\n\t\t<li class=\"wsp-post\"><a href=\"https:\/\/saobernardo.ma.gov.br\/transparencia\/portarias\/portaria-no-611-de-24-de-fevereiro-de-2026-resolve-nomear-para-cargo-em-comissao-de-diretora-adjunta-da-e-m-raimundo-poincare-de-sousa-da-secretaria-municipal-de-educacao-ciencia-tecnologia-e\/\">PORTARIA N\u00ba 611, DE 24 DE FEVEREIRO DE 2026 &#8211; RESOLVE NOMEAR, para Cargo em Comiss\u00e3o de DIRETORA ADJUNTA, da E.M. RAIMUNDO POINCAR\u00c9 DE SOUSA, da SECRETARIA MUNICIPAL DE EDUCA\u00c7\u00c3O, CI\u00caNCIA, TECNOLOGIA E INOVA\u00c7\u00c3O, o(a) Sr(a). RUTH MIRANDA COSTA.<\/a><\/li>\n\t\t<li class=\"wsp-post\"><a href=\"https:\/\/saobernardo.ma.gov.br\/transparencia\/portarias\/portaria-no-610-de-24-de-fevereiro-de-2026-resolve-art-1o-nomear-para-cargo-em-comissao-de-diretora-escolar-da-i-e-conego-nestor-de-carvalho-cunha-da-secretaria-municipal-de-educacao-cienci\/\">PORTARIA N\u00ba 610, DE 24 DE FEVEREIRO DE 2026 &#8211; RESOLVE NOMEAR, para Cargo em Comiss\u00e3o de DIRETORA ESCOLAR, da I.E. C\u00d4NEGO NESTOR DE CARVALHO CUNHA, da SECRETARIA MUNICIPAL DE EDUCA\u00c7\u00c3O, CI\u00caNCIA, TECNOLOGIA E INOVA\u00c7\u00c3O, o(a) Sr(a). FRANCISCA PEDROZA DA PAZ.<\/a><\/li>\n\t\t<li class=\"wsp-post\"><a href=\"https:\/\/saobernardo.ma.gov.br\/transparencia\/portarias\/portaria-no-609-de-24-de-fevereiro-de-2026-resolve-nomear-para-cargo-em-comissao-de-assessor-pegagogico-nivel-iii-dai-da-secretaria-municipal-de-educacao-ciencia-tecnologia-e-inovacao-oa-s\/\">PORTARIA N\u00ba 609, DE 24 DE FEVEREIRO DE 2026 &#8211; RESOLVE NOMEAR, para Cargo em Comiss\u00e3o de ASSESSOR PEGAG\u00d3GICO N\u00cdVEL III &#8211; DAI, da SECRETARIA MUNICIPAL DE EDUCA\u00c7\u00c3O, CI\u00caNCIA, TECNOLOGIA E INOVA\u00c7\u00c3O, o(a) Sr(a). MARIA LUCILENE DA SILVA CARVALHO.<\/a><\/li>\n\t\t<li class=\"wsp-post\"><a href=\"https:\/\/saobernardo.ma.gov.br\/transparencia\/portarias\/portaria-no-608-de-24-de-fevereiro-de-2026-resolve-art-1o-nomear-para-cargo-em-comissao-de-assessor-pegagogico-nivel-iii-dai-da-secretaria-municipal-de-educacao-ciencia-tecnologia-e-inovac\/\">PORTARIA N\u00ba 608, DE 24 DE FEVEREIRO DE 2026 &#8211; RESOLVE NOMEAR, para Cargo em Comiss\u00e3o de ASSESSOR PEGAG\u00d3GICO N\u00cdVEL III &#8211; DAI, da SECRETARIA MUNICIPAL DE EDUCA\u00c7\u00c3O, CI\u00caNCIA, TECNOLOGIA E INOVA\u00c7\u00c3O, o(a) Sr(a). GERSON RICARDO COSTA FARIAS.<\/a><\/li>\n\t\t<li class=\"wsp-post\"><a href=\"https:\/\/saobernardo.ma.gov.br\/transparencia\/portarias\/portaria-no-607-de-24-de-fevereiro-de-2026-resolve-exonerar-do-cargo-em-comissao-de-diretora-escolar-da-e-m-conego-nestor-da-secretaria-municipal-de-educacao-ciencia-tecnologia-e-inovacao-o\/\">PORTARIA N\u00ba 607, DE 24 DE FEVEREIRO DE 2026 &#8211; RESOLVE EXONERAR, do Cargo em Comiss\u00e3o de DIRETORA ESCOLAR, da E.M. C\u00d4NEGO NESTOR, da SECRETARIA MUNICIPAL DE EDUCA\u00c7\u00c3O, CI\u00caNCIA, TECNOLOGIA E INOVA\u00c7\u00c3O, o(a) Sr(a). MARCIA LOPES DE SOUSA<\/a><\/li>\n\t\t<li class=\"wsp-post\"><a href=\"https:\/\/saobernardo.ma.gov.br\/transparencia\/portarias\/portaria-no-606-de-24-de-fevereiro-de-2026-resolve-art-1o-exonerar-do-cargo-em-comissao-de-coordenador-pedagogico-das-da-u-i-ver-rubenito-silva-couto-da-secretaria-municipal-de-educacao\/\">PORTARIA N\u00ba 606, DE 24 DE FEVEREIRO DE 2026 &#8211; RESOLVE EXONERAR, do Cargo em Comiss\u00e3o de COORDENADOR PEDAGOGICO &#8211; DAS, da U.I. VER. RUBENITO SILVA COUTO, da SECRETARIA MUNICIPAL DE EDUCA\u00c7\u00c3O, CI\u00caNCIA, TECNOLOGIA E INOVA\u00c7\u00c3O, o(a) Sr(a). GERSON RICARDO COSTA FARIAS.<\/a><\/li>\n\t\t<li class=\"wsp-post\"><a href=\"https:\/\/saobernardo.ma.gov.br\/transparencia\/portarias\/portaria-no-605-de-24-de-fevereiro-de-2026-resolve-exonerar-do-cargo-em-comissao-de-diretora-adjunta-da-u-i-prof-celia-cristina-pereira-dos-reis-da-secretaria-municipal-de-educacao-ciencia-t\/\">PORTARIA N\u00ba 605, DE 24 DE FEVEREIRO DE 2026 &#8211; RESOLVE EXONERAR, do Cargo em Comiss\u00e3o de DIRETORA ADJUNTA, da U.I. PROF. CELIA CRISTINA PEREIRA DOS REIS, da SECRETARIA MUNICIPAL DE EDUCA\u00c7\u00c3O, CI\u00caNCIA, TECNOLOGIA E INOVA\u00c7\u00c3O, o(a) Sr(a). JOS\u00c9 MARIA DA SILVA.<\/a><\/li>\n\t\t<li class=\"wsp-post\"><a href=\"https:\/\/saobernardo.ma.gov.br\/transparencia\/portarias\/portaria-no-604-de-24-de-fevereiro-de-2026-resolve-exonerar-do-cargo-em-comissao-de-diretora-escolar-da-i-e-conego-nestor-de-carvalho-cunha-da-secretaria-municipal-de-educacao-ciencia-tecnolo\/\">PORTARIA N\u00ba 604, DE 24 DE FEVEREIRO DE 2026 &#8211; RESOLVE EXONERAR, do Cargo em Comiss\u00e3o de DIRETORA ESCOLAR, da I.E. C\u00d4NEGO NESTOR DE CARVALHO CUNHA, da SECRETARIA MUNICIPAL DE EDUCA\u00c7\u00c3O, CI\u00caNCIA, TECNOLOGIA E INOVA\u00c7\u00c3O, o(a) Sr(a). MARIA LUCILENE DA SILVA CARVALHO.<\/a><\/li>\n\t\t<li class=\"wsp-post\"><a href=\"https:\/\/saobernardo.ma.gov.br\/transparencia\/portarias\/portaria-no-603-de-24-de-fevereiro-de-2026-resolve-exonerar-do-cargo-em-comissao-de-diretora-adjunta-da-e-m-raimundo-poincare-de-sousa-da-secretaria-municipal-de-educacao-ciencia-tecnologia-e\/\">PORTARIA N\u00ba 603, DE 24 DE FEVEREIRO DE 2026 &#8211; RESOLVE EXONERAR, do Cargo em Comiss\u00e3o de DIRETORA ADJUNTA, da E.M. RAIMUNDO POINCAR\u00c9 DE SOUSA, da SECRETARIA MUNICIPAL DE EDUCA\u00c7\u00c3O, CI\u00caNCIA, TECNOLOGIA E INOVA\u00c7\u00c3O, o(a) Sr(a). FRANCISCA PEDROZA DA PAZ.<\/a><\/li>\n\t\t<li class=\"wsp-post\"><a href=\"https:\/\/saobernardo.ma.gov.br\/transparencia\/portarias\/portaria-no-602-de-24-de-fevereiro-de-2026-resolve-exonerar-do-cargo-em-comissao-de-diretora-adjunta-do-i-e-conego-nestor-de-carvalho-cunha-da-secretaria-municipal-de-educacao-ciencia-tecnolo\/\">PORTARIA N\u00ba 602, DE 24 DE FEVEREIRO DE 2026 &#8211; RESOLVE EXONERAR, do Cargo em Comiss\u00e3o de DIRETORA ADJUNTA, do I.E. C\u00d4NEGO NESTOR DE CARVALHO CUNHA, da SECRETARIA MUNICIPAL DE EDUCA\u00c7\u00c3O, CI\u00caNCIA, TECNOLOGIA E INOVA\u00c7\u00c3O, o(a) Sr(a). RUTH MIRANDA COSTA.<\/a><\/li>\n\t\t<li class=\"wsp-post\"><a href=\"https:\/\/saobernardo.ma.gov.br\/transparencia\/portarias\/portaria-no-601-de-24-de-fevereiro-de-2026-resolve-exonerar-do-cargo-em-comissao-de-coordenador-pedagogico-das-da-i-e-conego-nestor-de-carvalho-cunha-da-secretaria-municipal-de-educacao-cien\/\">PORTARIA N\u00ba 601, DE 24 DE FEVEREIRO DE 2026 &#8211; RESOLVE EXONERAR, do Cargo em Comiss\u00e3o de COORDENADOR PEDAGOGICO &#8211; DAS, da I.E. C\u00d4NEGO NESTOR DE CARVALHO CUNHA, da SECRETARIA MUNICIPAL DE EDUCA\u00c7\u00c3O, CI\u00caNCIA, TECNOLOGIA E INOVA\u00c7\u00c3O, o(a) Sr(a). MARIA DEUZANE DA SILVA SANTOS.<\/a><\/li>\n\t\t<li class=\"wsp-post\"><a href=\"https:\/\/saobernardo.ma.gov.br\/transparencia\/portarias\/portaria-no-600-de-24-de-fevereiro-de-2026-resolve-exonerar-do-cargo-em-comissao-de-coordenador-pedagogico-das-da-em-santa-rita-da-secretaria-municipal-de-educacao-ciencia-tecnologia-e-inova\/\">PORTARIA N\u00ba 600, DE 24 DE FEVEREIRO DE 2026 &#8211; RESOLVE EXONERAR, do Cargo em Comiss\u00e3o de COORDENADOR PEDAGOGICO &#8211; DAS, da EM SANTA RITA, da SECRETARIA MUNICIPAL DE EDUCA\u00c7\u00c3O, CI\u00caNCIA, TECNOLOGIA E INOVA\u00c7\u00c3O, o(a) Sr(a). DAIANA MOTA SILVA<\/a><\/li>\n\t\t<li class=\"wsp-post\"><a href=\"https:\/\/saobernardo.ma.gov.br\/transparencia\/portarias\/portaria-no-599-de-20-de-fevereiro-de-2026-resolve-nomear-para-o-cargo-em-comissao-de-comandante-da-guarda-civil-municipal-dans-da-secretaria-municipal-de-seguranca-publica-transito-e\/\">PORTARIA N\u00ba 599, DE 20 DE FEVEREIRO DE 2026 &#8211; RESOLVE NOMEAR, para o Cargo em Comiss\u00e3o de COMANDANTE DA GUARDA CIVIL MUNICIPAL \u2013 DANS, DA SECRETARIA MUNICIPAL DE SEGURAN\u00c7A P\u00daBLICA, TR\u00c2NSITO E DEFESA SOCIAL, o (a) Sr(a). BRENDA HELLEN GOMES ARAUJO COSTA.<\/a><\/li>\n\t\t<li class=\"wsp-post\"><a href=\"https:\/\/saobernardo.ma.gov.br\/transparencia\/portarias\/portaria-no-598-de-20-de-fevereiro-de-2026-resolve-nomear-para-o-cargo-em-comissao-de-chefe-do-departamento-municipal-de-comunicacao-e-do-diario-oficial-do-municipio-das-da-secretaria-m\/\">PORTARIA N\u00ba 598, DE 20 DE FEVEREIRO DE 2026 &#8211; RESOLVE NOMEAR, para o Cargo em Comiss\u00e3o de Chefe do Departamento Municipal de Comunica\u00e7\u00e3o e do Di\u00e1rio Oficial do Munic\u00edpio \u2013 DAS, da Secretaria Municipal de Comunica\u00e7\u00e3o Social, o(a) Sr(a), Sr(a).VALDEANE PESSOA DOS SANTOS.<\/a><\/li>\n\t\t<li class=\"wsp-post\"><a href=\"https:\/\/saobernardo.ma.gov.br\/transparencia\/portarias\/portaria-no-597-de-20-de-fevereiro-de-2026-resolve-designar-para-o-cargo-em-comissao-de-coordenador-administrativo-de-patrimonio-publico-das-da-secretaria-municipal-de-patrimonio-e-logi\/\">PORTARIA N\u00ba 597, DE 20 DE FEVEREIRO DE 2026 &#8211; RESOLVE DESIGNAR, para o Cargo em Comiss\u00e3o de Coordenador Administrativo de Patrim\u00f4nio P\u00fablico \u2013 DAS, da Secretaria Municipal de Patrim\u00f4nio e Log\u00edstica, o (a) Sr(a), ROBSON REGES DOS SANTOS ARA\u00daJO<\/a><\/li>\n\t\t<li class=\"wsp-post\"><a href=\"https:\/\/saobernardo.ma.gov.br\/transparencia\/portarias\/portaria-no-596-de-20-de-fevereiro-de-2026-resolve-designar-para-o-cargo-em-comissao-de-chefe-do-departamento-de-regularizacao-fundiaria-das-da-secretaria-municipal-de-patrimonio-e-logi\/\">PORTARIA N\u00ba 596, DE 20 DE FEVEREIRO DE 2026 &#8211; RESOLVE DESIGNAR, para o Cargo em Comiss\u00e3o de Chefe do Departamento de Regulariza\u00e7\u00e3o Fundi\u00e1ria \u2013 DAS, da Secretaria Municipal de Patrim\u00f4nio e Log\u00edstica, o (a) Sr(a), BERNARDO EDSON CORREIA LIMA ARAUJO JUNIOR.<\/a><\/li>\n\t\t<li class=\"wsp-post\"><a href=\"https:\/\/saobernardo.ma.gov.br\/transparencia\/portarias\/portaria-no-595-de-13-de-fevereiro-de-2026-resolve-nomear-para-o-cargo-em-comissao-de-secretario-municipal-dga-da-secretaria-municipal-de-patrimonio-e-logistica-antonio-couto-meireles\/\">PORTARIA N\u00ba 595, DE 13 DE FEVEREIRO DE 2026 &#8211; RESOLVE NOMEAR, para o Cargo em Comiss\u00e3o de SECRET\u00c1RIO MUNICIPAL \u2013 DGA, DA SECRETARIA MUNICIPAL DE PATRIM\u00d4NIO E LOG\u00cdSTICA, ANTONIO COUTO MEIRELES NETO<\/a><\/li>\n\t\t<li class=\"wsp-post\"><a href=\"https:\/\/saobernardo.ma.gov.br\/transparencia\/portarias\/portaria-no-594-de-13-de-fevereiro-de-2026-resolve-nomear-para-o-cargo-em-comissao-de-secretario-municipal-dga-da-secretaria-municipal-de-seguranca-publica-transito-e-defesa-social-o\/\">PORTARIA N\u00ba 594, DE 13 DE FEVEREIRO DE 2026 &#8211; RESOLVE NOMEAR, para o Cargo em Comiss\u00e3o de SECRET\u00c1RIO MUNICIPAL \u2013 DGA, DA SECRETARIA MUNICIPAL DE SEGURAN\u00c7A P\u00daBLICA, TR\u00c2NSITO E DEFESA SOCIAL, o (a) Sr(a). LUIS ANTONIO PORTO DE CASTRO JUNIOR<\/a><\/li>\n\t\t<li class=\"wsp-post\"><a href=\"https:\/\/saobernardo.ma.gov.br\/transparencia\/portarias\/portaria-no-593-de-13-de-fevereiro-de-2026-resolve-nomear-para-o-cargo-em-comissao-de-secretario-municipal-dga-da-secretaria-municipal-de-comunicacao-social-o-a-sra-renato-damasce\/\">PORTARIA N\u00ba 593, DE 13 DE FEVEREIRO DE 2026 &#8211; RESOLVE NOMEAR, para o Cargo em Comiss\u00e3o de SECRET\u00c1RIO MUNICIPAL \u2013 DGA, DA SECRETARIA MUNICIPAL DE COMUNICA\u00c7\u00c3O SOCIAL, o (a) Sr(a). RENATO DAMASCENO SILVA<\/a><\/li>\n\t\t<li class=\"wsp-post\"><a href=\"https:\/\/saobernardo.ma.gov.br\/transparencia\/portarias\/portaria-no-592-de-13-de-fevereiro-de-2026-resolve-nomear-para-o-cargo-em-comissao-de-secretarioa-municipal-dga-da-secretaria-municipal-de-mulheres-e-minorias-o-a-sra-tassila-ca\/\">PORTARIA N\u00ba 592, DE 13 DE FEVEREIRO DE 2026 &#8211; RESOLVE NOMEAR, para o Cargo em Comiss\u00e3o de SECRET\u00c1RIO(A) MUNICIPAL \u2013 DGA, DA SECRETARIA MUNICIPAL DE MULHERES E MINORIAS, o (a) Sr(a). T\u00c1SSILA CANDEIRA COSTA CARVALHO.<\/a><\/li>\n\t\t<li class=\"wsp-post\"><a href=\"https:\/\/saobernardo.ma.gov.br\/transparencia\/portarias\/portaria-no-591-de-12-de-fevereiro-de-2026-resolve-nomear-para-o-cargo-em-comissao-de-assessor-juridico-dans-da-secretaria-municipal-de-direitos-humanos-e-cidadania-o-a-sra-leonard\/\">PORTARIA N\u00ba 591, DE 12 DE FEVEREIRO DE 2026 -RESOLVE NOMEAR, para o Cargo em Comiss\u00e3o de Assessor Jur\u00eddico \u2013 DANS, da Secretaria Municipal de Direitos Humanos e Cidadania, o (a) Sr(a). LEONARDO DA VICCI COSTA MONTEIRO<\/a><\/li>\n\t\t<li class=\"wsp-post\"><a href=\"https:\/\/saobernardo.ma.gov.br\/transparencia\/portarias\/portaria-no-590-de-12-de-fevereiro-de-2026-resolve-nomear-para-o-cargo-em-comissao-de-chefe-do-departamento-de-emissao-de-alvaras-e-licencas-dai-da-secretaria-municipal-de-obras-oa-s\/\">PORTARIA N\u00ba 590, DE 12 DE FEVEREIRO DE 2026 &#8211; RESOLVE NOMEAR, para o Cargo em Comiss\u00e3o de Chefe do Departamento de Emiss\u00e3o de Alvar\u00e1s e Licen\u00e7as \u2013 DAI, da Secretaria Municipal de Obras, o(a) Sr(a), ANTONIO JO\u00c3O MARTINS LOPES<\/a><\/li>\n\t\t<li class=\"wsp-post\"><a href=\"https:\/\/saobernardo.ma.gov.br\/transparencia\/portarias\/portaria-no-589-de-12-de-fevereiro-de-2026-resolve-nomear-para-o-cargo-em-comissao-de-secretario-municipal-dga-da-secretaria-municipal-de-obras-oa-sra-jose-jailton-silva-spindola\/\">PORTARIA N\u00ba 589, DE 12 DE FEVEREIRO DE 2026 &#8211; RESOLVE NOMEAR, para o Cargo em Comiss\u00e3o de Secret\u00e1rio Municipal \u2013 DGA, da Secretaria Municipal de Obras, o(a) Sr(a), JOS\u00c9 JAILTON SILVA SPINDOLA<\/a><\/li>\n\t\t<li class=\"wsp-post\"><a href=\"https:\/\/saobernardo.ma.gov.br\/transparencia\/portarias\/portaria-no-588-de-12-de-fevereiro-de-2026-resolve-nomear-para-o-cargo-em-comissao-de-coordenacao-de-promocao-e-desenvolvimento-de-politicas-publicas-para-juventude-dans-da-secretaria-municipal\/\">PORTARIA N\u00ba 588, DE 12 DE FEVEREIRO DE 2026 -RESOLVE NOMEAR, para o Cargo em Comiss\u00e3o de Coordena\u00e7\u00e3o de Promo\u00e7\u00e3o e Desenvolvimento de Pol\u00edticas P\u00fablicas para Juventude &#8211; DANS, da Secretaria Municipal de Juventude, o (a) Sr(a). JASSYANE SILVA CANDEIRA<\/a><\/li>\n\t\t<li class=\"wsp-post\"><a href=\"https:\/\/saobernardo.ma.gov.br\/transparencia\/portarias\/portaria-no-587-de-12-de-fevereiro-de-2026-resolve-nomear-para-o-cargo-em-comissao-de-secretario-municipal-dga-da-secretaria-municipal-de-juventude-oa-sra-andre-filipe-portela-lim\/\">PORTARIA N\u00ba 587, DE 12 DE FEVEREIRO DE 2026 &#8211; RESOLVE NOMEAR, para o Cargo em Comiss\u00e3o de Secret\u00e1rio Municipal \u2013 DGA, da Secretaria Municipal de Juventude, o(a) Sr(a), ANDRE FILIPE PORTELA LIMA.<\/a><\/li>\n\t\t<li class=\"wsp-post\"><a href=\"https:\/\/saobernardo.ma.gov.br\/transparencia\/portarias\/portaria-no-586-de-12-de-fevereiro-de-2026-resolve-nomear-para-o-cargo-em-comissao-de-secretario-municipal-dga-da-secretaria-municipal-de-cultura-oa-sra-geneilson-rocha-cruz\/\">PORTARIA N\u00ba 586, DE 12 DE FEVEREIRO DE 2026 &#8211; RESOLVE NOMEAR, para o Cargo em Comiss\u00e3o de Secret\u00e1rio Municipal \u2013 DGA, da Secretaria Municipal de Cultura, o(a) Sr(a), GENEILSON ROCHA CRUZ.<\/a><\/li>\n\t\t<li class=\"wsp-post\"><a href=\"https:\/\/saobernardo.ma.gov.br\/transparencia\/portarias\/portaria-no585-de-12-de-fevereiro-de-2026-resolve-exonerar-do-cargo-em-comissao-de-assessor-especial-nivel-i-da-secretaria-municipal-de-gestao-o-a-sra-renato-damasceno-silva\/\">PORTARIA N\u00ba585, DE 12 DE FEVEREIRO DE 2026 &#8211; RESOLVE EXONERAR, do Cargo em Comiss\u00e3o de ASSESSOR ESPECIAL N\u00cdVEL I, DA SECRETARIA MUNICIPAL DE GEST\u00c3O, o (a) Sr(a). RENATO DAMASCENO SILVA<\/a><\/li>\n\t\t<li class=\"wsp-post\"><a href=\"https:\/\/saobernardo.ma.gov.br\/transparencia\/portarias\/portaria-no-584-de-12-de-fevereiro-de-2026-resolve-exonerar-do-cargo-em-comissao-de-comandante-da-guarda-do-gabinete-do-prefeito-o-a-sra-luis-antonio-porto-de-castro-junior\/\">PORTARIA N\u00ba 584, DE 12 DE FEVEREIRO DE 2026 &#8211; RESOLVE EXONERAR, do Cargo em Comiss\u00e3o de COMANDANTE DA GUARDA, DO GABINETE DO PREFEITO, o (a) Sr(a). LUIS ANTONIO PORTO DE CASTRO JUNIOR<\/a><\/li>\n\t\t<li class=\"wsp-post\"><a href=\"https:\/\/saobernardo.ma.gov.br\/transparencia\/portarias\/portaria-no-583-de-12-de-fevereiro-de-2026-resolve-exonerar-do-cargo-em-comissao-de-coordenador-da-defesa-civil-do-gabinete-do-prefeito-o-a-sra-luis-antonio-porto-de-castro\/\">PORTARIA N\u00ba 583, DE 12 DE FEVEREIRO DE 2026 &#8211; RESOLVE EXONERAR, do Cargo em Comiss\u00e3o de COORDENADOR DA DEFESA CIVIL, DO GABINETE DO PREFEITO, o (a) Sr(a). LUIS ANTONIO PORTO DE CASTRO<\/a><\/li>\n\t\t<li class=\"wsp-post\"><a href=\"https:\/\/saobernardo.ma.gov.br\/transparencia\/portarias\/portaria-no-582-de-12-de-fevereiro-de-2026-resolve-nomear-para-o-cargo-em-comissao-de-assessor-juridico-dans-da-secretaria-municipal-de-direitos-humanos-e-cidadania-o-a-sra-eder-oliveira\/\">PORTARIA N\u00ba 582, DE 12 DE FEVEREIRO DE 2026 &#8211; RESOLVE NOMEAR, para o Cargo em Comiss\u00e3o de ASSESSOR JUR\u00cdDICO &#8211; DANS, DA SECRETARIA MUNICIPAL DE DIREITOS HUMANOS E CIDADANIA, o (a) Sr(a). \u00c9DER OLIVEIRA FERREIRA DE SOUSA<\/a><\/li>\n\t\t<li class=\"wsp-post\"><a href=\"https:\/\/saobernardo.ma.gov.br\/transparencia\/portarias\/portaria-no-581-de-12-de-fevereiro-de-2026-resolve-exonerar-do-cargo-em-comissao-de-assessor-juridico-da-secretaria-municipal-de-juventude-mulheres-e-minorias-o-a-sra-eder-oliveira-ferreira\/\">PORTARIA N\u00ba 581, DE 12 DE FEVEREIRO DE 2026 &#8211; RESOLVE EXONERAR, do Cargo em Comiss\u00e3o de ASSESSOR JUR\u00cdDICO, DA SECRETARIA MUNICIPAL DE JUVENTUDE, MULHERES E MINORIAS o (a) Sr(a). \u00c9DER OLIVEIRA FERREIRA DE SOUSA<\/a><\/li>\n\t\t<li class=\"wsp-post\"><a href=\"https:\/\/saobernardo.ma.gov.br\/transparencia\/portarias\/portaria-no-580-de-12-de-fevereiro-de-2026-resolve-nomear-para-o-cargo-em-comissao-de-coordenacao-de-enfermagem-dans-da-secretaria-municipal-de-saude-o-a-sra-noelia-cristina-coelho-santos\/\">PORTARIA N\u00ba 580, DE 12 DE FEVEREIRO DE 2026 &#8211; RESOLVE NOMEAR, para o Cargo em Comiss\u00e3o de COORDENA\u00c7\u00c3O DE ENFERMAGEM &#8211; DANS, DA SECRETARIA MUNICIPAL DE SA\u00daDE, o (a) Sr(a). NOELIA CRISTINA COELHO SANTOS<\/a><\/li>\n\t\t<li class=\"wsp-post\"><a href=\"https:\/\/saobernardo.ma.gov.br\/transparencia\/portarias\/portaria-no-579-de-12-de-fevereiro-de-2026-resolve-exonerar-do-cargo-em-comissao-de-assessor-especial-nivel-i-da-secretaria-municipal-de-saude-o-a-sra-noelia-cristina-coelho-santos\/\">PORTARIA N\u00ba 579, DE 12 DE FEVEREIRO DE 2026 &#8211; RESOLVE EXONERAR, do Cargo em Comiss\u00e3o de ASSESSOR ESPECIAL N\u00cdVEL I, DA SECRETARIA MUNICIPAL DE SA\u00daDE, o (a) Sr(a). NOELIA CRISTINA COELHO SANTOS.<\/a><\/li>\n\t\t<li class=\"wsp-post\"><a href=\"https:\/\/saobernardo.ma.gov.br\/transparencia\/portarias\/portaria-no-578-de-02-de-fevereiro-de-2026-resolve-exonerar-do-cargo-em-comissao-de-coordenador-a-de-programa-cras-da-secretaria-municipal-de-assistencia-social-o-a-sra-grazyella-silva-e\/\">PORTARIA N\u00ba 578, DE 02 DE FEVEREIRO DE 2026 &#8211; RESOLVE EXONERAR, do Cargo em Comiss\u00e3o de COORDENADOR (A) DE PROGRAMA CRAS, da SECRETARIA MUNICIPAL DE ASSIST\u00caNCIA SOCIAL, o (a) Sr(a). GRAZYELLA SILVA E SILVA.<\/a><\/li>\n\t\t<li class=\"wsp-post\"><a href=\"https:\/\/saobernardo.ma.gov.br\/transparencia\/portarias\/portaria-no-577-de-30-de-janeiro-de-2026-resolve-exonerar-do-cargo-em-comissao-de-secretario-a-escolar-da-secretaria-municipal-de-educacao-ciencia-tecnologia-e-inovacao-o-a-sra-joseane-m\/\">PORTARIA N\u00ba 577, DE 30 DE JANEIRO DE 2026 &#8211; RESOLVE EXONERAR, do Cargo em Comiss\u00e3o de SECRET\u00c1RIO (A) ESCOLAR, da SECRETARIA MUNICIPAL DE EDUCA\u00c7\u00c3O, CI\u00caNCIA TECNOLOGIA E INOVA\u00c7\u00c3O, o (a) Sr(a). JOSEANE MARQUES DA SILVA SANTOS<\/a><\/li>\n\t\t<li class=\"wsp-post\"><a href=\"https:\/\/saobernardo.ma.gov.br\/transparencia\/portarias\/portaria-no-576-de-30-de-janeiro-de-2026-resolve-nomear-para-o-cargo-em-comissao-de-assessor-pedagogico-nivel-ii-das-da-secretaria-municipal-de-educacao-ciencia-tecnologia-e-inovacao-o-a-sr\/\">PORTARIA N\u00ba 576, DE 30 DE JANEIRO DE 2026 &#8211; RESOLVE NOMEAR, para o Cargo em Comiss\u00e3o de ASSESSOR PEDAG\u00d3GICO N\u00cdVEL II &#8211; DAS, da SECRETARIA MUNICIPAL DE EDUCA\u00c7\u00c3O, CI\u00caNCIA TECNOLOGIA E INOVA\u00c7\u00c3O, o (a) Sr(a). GICELIA CARDOSO LAGES DA SILVA<\/a><\/li>\n\t\t<li class=\"wsp-post\"><a href=\"https:\/\/saobernardo.ma.gov.br\/transparencia\/portarias\/portaria-no-575-de-30-de-janeiro-de-2026-resolve-exonerar-do-cargo-em-comissao-de-assessor-especial-nivel-ii-do-gabinete-do-prefeito-o-a-sra-savio-pereira-braga\/\">PORTARIA N\u00ba 575, DE 30 DE JANEIRO DE 2026 &#8211; RESOLVE EXONERAR, do Cargo em Comiss\u00e3o de ASSESSOR ESPECIAL N\u00cdVEL II, do GABINETE DO PREFEITO, o (a) Sr(a). SAVIO PEREIRA BRAGA<\/a><\/li>\n\t\t<li class=\"wsp-post\"><a href=\"https:\/\/saobernardo.ma.gov.br\/transparencia\/portarias\/portaria-no-574-de-29-de-janeiro-de-2026-resolve-nomear-para-o-cargo-em-comissao-de-coordenador-pedagogico-das-da-secretaria-municipal-de-educacao-ciencia-tecnologia-e-inovacao-oa-sra-v\/\">PORTARIA N\u00ba 574, DE 29 DE JANEIRO DE 2026 &#8211; RESOLVE NOMEAR, para o Cargo em Comiss\u00e3o de COORDENADOR PEDAGOGICO &#8211; DAS, da SECRETARIA MUNICIPAL DE EDUCA\u00c7\u00c3O, CI\u00caNCIA, TECNOLOGIA E INOVA\u00c7\u00c3O, o(a) Sr(a). VITORIA VILAR DA SILVA<\/a><\/li>\n\t\t<li class=\"wsp-post\"><a href=\"https:\/\/saobernardo.ma.gov.br\/transparencia\/portarias\/portaria-no-573-de-29-de-janeiro-de-2026-resolve-nomear-para-o-cargo-em-comissao-de-inspetor-escolar-dai-da-secretaria-municipal-de-educacao-ciencia-tecnologia-e-inovacao-oa-sra-matheus\/\">PORTARIA N\u00ba 573, DE 29 DE JANEIRO DE 2026 &#8211; RESOLVE NOMEAR, para o Cargo em Comiss\u00e3o de INSPETOR ESCOLAR &#8211; DAI, da SECRETARIA MUNICIPAL DE EDUCA\u00c7\u00c3O, CI\u00caNCIA, TECNOLOGIA E INOVA\u00c7\u00c3O, o(a) Sr(a). MATHEUS DA COSTA CORDEIRO<\/a><\/li>\n\t\t<li class=\"wsp-post\"><a href=\"https:\/\/saobernardo.ma.gov.br\/transparencia\/portarias\/portaria-no-572-de-29-de-janeiro-de-2026-resolve-nomear-para-o-cargo-em-comissao-de-diretor-escolar-da-secretaria-municipal-de-educacao-ciencia-tecnologia-e-inovacao-oa-sra-joseana-mar\/\">PORTARIA N\u00ba 572, DE 29 DE JANEIRO DE 2026 &#8211; RESOLVE NOMEAR, para o Cargo em Comiss\u00e3o de DIRETOR ESCOLAR &#8211; , da SECRETARIA MUNICIPAL DE EDUCA\u00c7\u00c3O, CI\u00caNCIA, TECNOLOGIA E INOVA\u00c7\u00c3O, o(a) Sr(a). JOSEANA MARQUES DA SILVA SANTOS<\/a><\/li>\n\t\t<li class=\"wsp-post\"><a href=\"https:\/\/saobernardo.ma.gov.br\/transparencia\/portarias\/portaria-no-571-de-29-de-janeiro-de-2026-resolve-nomear-para-o-cargo-em-comissao-de-secretario-escolar-dai-1-da-secretaria-municipal-de-educacao-ciencia-tecnologia-e-inovacao-oa-sra-gus\/\">PORTARIA N\u00ba 571, DE 29 DE JANEIRO DE 2026 &#8211; RESOLVE NOMEAR, para o Cargo em Comiss\u00e3o de SECRET\u00c1RIO ESCOLAR &#8211; DAI-1, da SECRETARIA MUNICIPAL DE EDUCA\u00c7\u00c3O, CI\u00caNCIA, TECNOLOGIA E INOVA\u00c7\u00c3O, o(a) Sr(a). GUSTAVO COSTA SABRY DE OLIVEIRA<\/a><\/li>\n\t\t<li class=\"wsp-post\"><a href=\"https:\/\/saobernardo.ma.gov.br\/transparencia\/portarias\/portaria-no-570-de-29-de-janeiro-de-2026-resolve-nomear-para-o-cargo-em-comissao-de-assessor-pedagogico-nivel-iii-dai-da-secretaria-municipal-de-educacao-ciencia-tecnologia-e-inovacao-oa-s\/\">PORTARIA N\u00ba 570, DE 29 DE JANEIRO DE 2026 &#8211; RESOLVE NOMEAR, para o Cargo em Comiss\u00e3o de ASSESSOR PEDAG\u00d3GICO N\u00cdVEL III &#8211; DAI, da SECRETARIA MUNICIPAL DE EDUCA\u00c7\u00c3O, CI\u00caNCIA, TECNOLOGIA E INOVA\u00c7\u00c3O, o(a) Sr(a). JONAS SANTOS SILVA<\/a><\/li>\n\t\t<li class=\"wsp-post\"><a href=\"https:\/\/saobernardo.ma.gov.br\/transparencia\/portarias\/portaria-no-569-de-29-de-janeiro-de-2026-resolve-nomear-para-o-cargo-em-comissao-de-diretor-adjunto-da-secretaria-municipal-de-educacao-ciencia-tecnologia-e-inovacao-oa-sra-daniele-sil\/\">PORTARIA N\u00ba 569, DE 29 DE JANEIRO DE 2026 &#8211; RESOLVE NOMEAR, para o Cargo em Comiss\u00e3o de DIRETOR ADJUNTO &#8211; , da SECRETARIA MUNICIPAL DE EDUCA\u00c7\u00c3O, CI\u00caNCIA, TECNOLOGIA E INOVA\u00c7\u00c3O, o(a) Sr(a). DANIELE SILVA COSTA<\/a><\/li>\n\t\t<li class=\"wsp-post\"><a href=\"https:\/\/saobernardo.ma.gov.br\/transparencia\/portarias\/portaria-no-568-de-29-de-janeiro-de-2026-resolve-nomear-para-o-cargo-em-comissao-de-diretor-escolar-da-secretaria-municipal-de-educacao-ciencia-tecnologia-e-inovacao-oa-sra-jose-arnald\/\">PORTARIA N\u00ba 568, DE 29 DE JANEIRO DE 2026 &#8211; RESOLVE NOMEAR, para o Cargo em Comiss\u00e3o de DIRETOR ESCOLAR &#8211; , da SECRETARIA MUNICIPAL DE EDUCA\u00c7\u00c3O, CI\u00caNCIA, TECNOLOGIA E INOVA\u00c7\u00c3O, o(a) Sr(a). JOSE ARNALDO DA SILVA SOUSA<\/a><\/li>\n\t\t<li class=\"wsp-post\"><a href=\"https:\/\/saobernardo.ma.gov.br\/transparencia\/portarias\/portaria-no-567-de-29-de-janeiro-de-2026-resolve-nomear-para-o-cargo-em-comissao-de-assessor-pedagogico-nivel-iii-dai-da-secretaria-municipal-de-educacao-ciencia-tecnologia-e-inovacao-oa-s\/\">PORTARIA N\u00ba 567, DE 29 DE JANEIRO DE 2026 &#8211; RESOLVE NOMEAR, para o Cargo em Comiss\u00e3o de ASSESSOR PEDAG\u00d3GICO N\u00cdVEL III &#8211; DAI, da SECRETARIA MUNICIPAL DE EDUCA\u00c7\u00c3O, CI\u00caNCIA, TECNOLOGIA E INOVA\u00c7\u00c3O, o(a) Sr(a). SILVIA FEITOSA CANDEIRA<\/a><\/li>\n\t\t<li class=\"wsp-post\"><a href=\"https:\/\/saobernardo.ma.gov.br\/transparencia\/portarias\/portaria-no-566-de-29-de-janeiro-de-2026-resolve-nomear-para-o-cargo-em-comissao-de-assessor-pedagogico-nivel-i-dans-da-secretaria-municipal-de-educacao-ciencia-tecnologia-e-inovacao-oa-sr\/\">PORTARIA N\u00ba 566, DE 29 DE JANEIRO DE 2026 &#8211; RESOLVE NOMEAR, para o Cargo em Comiss\u00e3o de ASSESSOR PEDAG\u00d3GICO N\u00cdVEL I &#8211; DANS, da SECRETARIA MUNICIPAL DE EDUCA\u00c7\u00c3O, CI\u00caNCIA, TECNOLOGIA E INOVA\u00c7\u00c3O, o(a) Sr(a). VITOR CARLOS DIAS COSTA<\/a><\/li>\n\t\t<li class=\"wsp-post\"><a href=\"https:\/\/saobernardo.ma.gov.br\/transparencia\/portarias\/portaria-no-565-de-29-de-janeiro-de-2026-resolve-nomear-para-o-cargo-em-comissao-de-inspetor-escolar-dai-da-secretaria-municipal-de-educacao-ciencia-tecnologia-e-inovacao-oa-sra-tania-m\/\">PORTARIA N\u00ba 565, DE 29 DE JANEIRO DE 2026 &#8211; RESOLVE NOMEAR, para o Cargo em Comiss\u00e3o de INSPETOR ESCOLAR &#8211; DAI, da SECRETARIA MUNICIPAL DE EDUCA\u00c7\u00c3O, CI\u00caNCIA, TECNOLOGIA E INOVA\u00c7\u00c3O, o(a) Sr(a). TANIA MARIA SILVA LIMA<\/a><\/li>\n\t\t<li class=\"wsp-post\"><a href=\"https:\/\/saobernardo.ma.gov.br\/transparencia\/portarias\/portaria-no-564-de-29-de-janeiro-de-2026-resolve-nomear-para-o-cargo-em-comissao-de-inspetor-escolar-dai-da-secretaria-municipal-de-educacao-ciencia-tecnologia-e-inovacao-oa-sra-tamyres\/\">PORTARIA N\u00ba 564, DE 29 DE JANEIRO DE 2026 &#8211; RESOLVE NOMEAR, para o Cargo em Comiss\u00e3o de INSPETOR ESCOLAR &#8211; DAI, da SECRETARIA MUNICIPAL DE EDUCA\u00c7\u00c3O, CI\u00caNCIA, TECNOLOGIA E INOVA\u00c7\u00c3O, o(a) Sr(a). TAMYRES DE SOUZA MARTINS<\/a><\/li>\n\t\t<li class=\"wsp-post\"><a href=\"https:\/\/saobernardo.ma.gov.br\/transparencia\/portarias\/portaria-no-563-de-29-de-janeiro-de-2026-resolve-nomear-para-o-cargo-em-comissao-de-inspetor-escolar-dai-da-secretaria-municipal-de-educacao-ciencia-tecnologia-e-inovacao-oa-sra-nara-re\/\">PORTARIA N\u00ba 563, DE 29 DE JANEIRO DE 2026 &#8211; RESOLVE NOMEAR, para o Cargo em Comiss\u00e3o de INSPETOR ESCOLAR &#8211; DAI, da SECRETARIA MUNICIPAL DE EDUCA\u00c7\u00c3O, CI\u00caNCIA, TECNOLOGIA E INOVA\u00c7\u00c3O, o(a) Sr(a). NARA REGIANE SILVA REIS<\/a><\/li>\n\t\t<li class=\"wsp-post\"><a href=\"https:\/\/saobernardo.ma.gov.br\/transparencia\/portarias\/portaria-no-562-de-29-de-janeiro-de-2026-resolve-nomear-para-o-cargo-em-comissao-de-inspetor-escolar-dai-da-secretaria-municipal-de-educacao-ciencia-tecnologia-e-inovacao-oa-sra-maria-e\/\">PORTARIA N\u00ba 562, DE 29 DE JANEIRO DE 2026 &#8211; RESOLVE NOMEAR, para o Cargo em Comiss\u00e3o de INSPETOR ESCOLAR &#8211; DAI, da SECRETARIA MUNICIPAL DE EDUCA\u00c7\u00c3O, CI\u00caNCIA, TECNOLOGIA E INOVA\u00c7\u00c3O, o(a) Sr(a). MARIA EDUARDA TAVARES DE OLIVEIRA<\/a><\/li>\n\t\t<li class=\"wsp-post\"><a href=\"https:\/\/saobernardo.ma.gov.br\/transparencia\/portarias\/portaria-no-561-de-29-de-janeiro-de-2026-resolve-nomear-para-o-cargo-em-comissao-de-inspetor-escolar-dai-da-secretaria-municipal-de-educacao-ciencia-tecnologia-e-inovacao-oa-sra-ludmyll\/\">PORTARIA N\u00ba 561, DE 29 DE JANEIRO DE 2026 &#8211; RESOLVE NOMEAR, para o Cargo em Comiss\u00e3o de INSPETOR ESCOLAR &#8211; DAI, da SECRETARIA MUNICIPAL DE EDUCA\u00c7\u00c3O, CI\u00caNCIA, TECNOLOGIA E INOVA\u00c7\u00c3O, o(a) Sr(a). LUDMYLLA VIEIRA DE CARVALHO<\/a><\/li>\n\t\t<li class=\"wsp-post\"><a href=\"https:\/\/saobernardo.ma.gov.br\/transparencia\/portarias\/portaria-no-560-de-29-de-janeiro-de-2026-resolve-nomear-para-o-cargo-em-comissao-de-inspetor-escolar-dai-da-secretaria-municipal-de-educacao-ciencia-tecnologia-e-inovacao-oa-sra-jose-ed\/\">PORTARIA N\u00ba 560, DE 29 DE JANEIRO DE 2026 &#8211; RESOLVE NOMEAR, para o Cargo em Comiss\u00e3o de INSPETOR ESCOLAR &#8211; DAI, da SECRETARIA MUNICIPAL DE EDUCA\u00c7\u00c3O, CI\u00caNCIA, TECNOLOGIA E INOVA\u00c7\u00c3O, o(a) Sr(a). JOSE EDVAN DA SILVA<\/a><\/li>\n\t\t<li class=\"wsp-post\"><a href=\"https:\/\/saobernardo.ma.gov.br\/transparencia\/portarias\/portaria-no-559-de-29-de-janeiro-de-2026-resolve-nomear-para-o-cargo-em-comissao-de-inspetor-escolar-dai-da-secretaria-municipal-de-educacao-ciencia-tecnologia-e-inovacao-oa-sra-jacelma\/\">PORTARIA N\u00ba 559, DE 29 DE JANEIRO DE 2026 &#8211; RESOLVE NOMEAR, para o Cargo em Comiss\u00e3o de INSPETOR ESCOLAR &#8211; DAI, da SECRETARIA MUNICIPAL DE EDUCA\u00c7\u00c3O, CI\u00caNCIA, TECNOLOGIA E INOVA\u00c7\u00c3O, o(a) Sr(a). JACELMA QUEIROZ FARIAS<\/a><\/li>\n\t\t<li class=\"wsp-post\"><a href=\"https:\/\/saobernardo.ma.gov.br\/transparencia\/portarias\/portaria-no-558-de-29-de-janeiro-de-2026-resolve-nomear-para-o-cargo-em-comissao-de-inspetor-escolar-dai-da-secretaria-municipal-de-educacao-ciencia-tecnologia-e-inovacao-oa-sra-guilherm\/\">PORTARIA N\u00ba 558, DE 29 DE JANEIRO DE 2026 -RESOLVE NOMEAR, para o Cargo em Comiss\u00e3o de INSPETOR ESCOLAR &#8211; DAI, da SECRETARIA MUNICIPAL DE EDUCA\u00c7\u00c3O, CI\u00caNCIA, TECNOLOGIA E INOVA\u00c7\u00c3O, o(a) Sr(a). GUILHERME LIRA ARAUJO<\/a><\/li>\n\t\t<li class=\"wsp-post\"><a href=\"https:\/\/saobernardo.ma.gov.br\/transparencia\/portarias\/portaria-no-557-de-29-de-janeiro-de-2026-resolve-nomear-para-o-cargo-em-comissao-de-inspetor-escolar-dai-da-secretaria-municipal-de-educacao-ciencia-tecnologia-e-inovacao-oa-sra-gracien\/\">PORTARIA N\u00ba 557, DE 29 DE JANEIRO DE 2026 &#8211; RESOLVE NOMEAR, para o Cargo em Comiss\u00e3o de INSPETOR ESCOLAR &#8211; DAI, da SECRETARIA MUNICIPAL DE EDUCA\u00c7\u00c3O, CI\u00caNCIA, TECNOLOGIA E INOVA\u00c7\u00c3O, o(a) Sr(a). GRACIENE SILVA MONTEIRO LIMA<\/a><\/li>\n\t\t<li class=\"wsp-post\"><a href=\"https:\/\/saobernardo.ma.gov.br\/transparencia\/portarias\/portaria-no-556-de-29-de-janeiro-de-2026-resolve-nomear-para-o-cargo-em-comissao-de-inspetor-escolar-dai-da-secretaria-municipal-de-educacao-ciencia-tecnologia-e-inovacao-oa-sra-gideal\/\">PORTARIA N\u00ba 556, DE 29 DE JANEIRO DE 2026 &#8211; RESOLVE NOMEAR, para o Cargo em Comiss\u00e3o de INSPETOR ESCOLAR &#8211; DAI, da SECRETARIA MUNICIPAL DE EDUCA\u00c7\u00c3O, CI\u00caNCIA, TECNOLOGIA E INOVA\u00c7\u00c3O, o(a) Sr(a). GIDEAL TEIXEIRA SOUZA<\/a><\/li>\n\t\t<li class=\"wsp-post\"><a href=\"https:\/\/saobernardo.ma.gov.br\/transparencia\/portarias\/portaria-no-555-de-29-de-janeiro-de-2026-resolve-nomear-para-o-cargo-em-comissao-de-diretora-escolar-da-secretaria-municipal-de-educacao-ciencia-tecnologia-e-inovacao-oa-sra-eliene-ver\/\">PORTARIA N\u00ba 555, DE 29 DE JANEIRO DE 2026 &#8211; RESOLVE NOMEAR, para o Cargo em Comiss\u00e3o de DIRETORA ESCOLAR &#8211; , da SECRETARIA MUNICIPAL DE EDUCA\u00c7\u00c3O, CI\u00caNCIA, TECNOLOGIA E INOVA\u00c7\u00c3O, o(a) Sr(a). ELIENE VERAS COSTA<\/a><\/li>\n\t\t<li class=\"wsp-post\"><a href=\"https:\/\/saobernardo.ma.gov.br\/transparencia\/portarias\/portaria-no-554-de-29-de-janeiro-de-2026-resolve-nomear-para-o-cargo-em-comissao-de-inspetor-escolar-dai-da-secretaria-municipal-de-educacao-ciencia-tecnologia-e-inovacao-oa-sra-anaysa-s\/\">PORTARIA N\u00ba 554, DE 29 DE JANEIRO DE 2026 -RESOLVE NOMEAR, para o Cargo em Comiss\u00e3o de INSPETOR ESCOLAR &#8211; DAI, da SECRETARIA MUNICIPAL DE EDUCA\u00c7\u00c3O, CI\u00caNCIA, TECNOLOGIA E INOVA\u00c7\u00c3O, o(a) Sr(a). ANAYSA SILVA E SILVA<\/a><\/li>\n\t\t<li class=\"wsp-post\"><a href=\"https:\/\/saobernardo.ma.gov.br\/transparencia\/portarias\/portaria-no-553-de-29-de-janeiro-de-2026-resolve-nomear-para-o-cargo-em-comissao-de-coordenador-pedagogico-das-da-secretaria-municipal-de-educacao-ciencia-tecnologia-e-inovacao-oa-sra-s\/\">PORTARIA N\u00ba 553, DE 29 DE JANEIRO DE 2026 &#8211; RESOLVE NOMEAR, para o Cargo em Comiss\u00e3o de COORDENADOR PEDAGOGICO &#8211; DAS, da SECRETARIA MUNICIPAL DE EDUCA\u00c7\u00c3O, CI\u00caNCIA, TECNOLOGIA E INOVA\u00c7\u00c3O, o(a) Sr(a). SANDRA DA SILVA<\/a><\/li>\n\t\t<li class=\"wsp-post\"><a href=\"https:\/\/saobernardo.ma.gov.br\/transparencia\/portarias\/portaria-no-552-de-29-de-janeiro-de-2026-resolve-nomear-para-o-cargo-em-comissao-de-coordenador-pedagogico-das-da-secretaria-municipal-de-educacao-ciencia-tecnologia-e-inovacao-oa-sra-r\/\">PORTARIA N\u00ba 552, DE 29 DE JANEIRO DE 2026 &#8211; RESOLVE NOMEAR, para o Cargo em Comiss\u00e3o de COORDENADOR PEDAGOGICO &#8211; DAS, da SECRETARIA MUNICIPAL DE EDUCA\u00c7\u00c3O, CI\u00caNCIA, TECNOLOGIA E INOVA\u00c7\u00c3O, o(a) Sr(a). REGILDA APRIGIO PAZ<\/a><\/li>\n\t\t<li class=\"wsp-post\"><a href=\"https:\/\/saobernardo.ma.gov.br\/transparencia\/portarias\/portaria-no-551-de-29-de-janeiro-de-2026-resolve-nomear-para-o-cargo-em-comissao-de-coordenador-pedagogico-das-da-secretaria-municipal-de-educacao-ciencia-tecnologia-e-inovacao-oa-sra-l\/\">PORTARIA N\u00ba 551, DE 29 DE JANEIRO DE 2026 &#8211; RESOLVE NOMEAR, para o Cargo em Comiss\u00e3o de COORDENADOR PEDAGOGICO &#8211; DAS, da SECRETARIA MUNICIPAL DE EDUCA\u00c7\u00c3O, CI\u00caNCIA, TECNOLOGIA E INOVA\u00c7\u00c3O, o(a) Sr(a). LUCINEIDE AMORIM LIMA<\/a><\/li>\n\t\t<li class=\"wsp-post\"><a href=\"https:\/\/saobernardo.ma.gov.br\/transparencia\/portarias\/portaria-no-550-de-29-de-janeiro-de-2026-resolve-nomear-para-o-cargo-em-comissao-de-coordenador-pedagogico-das-da-secretaria-municipal-de-educacao-ciencia-tecnologia-e-inovacao-oa-sra\/\">PORTARIA N\u00ba 550, DE 29 DE JANEIRO DE 2026. &#8211; RESOLVE NOMEAR, para o Cargo em Comiss\u00e3o de COORDENADOR PEDAGOGICO &#8211; DAS, da SECRETARIA MUNICIPAL DE EDUCA\u00c7\u00c3O, CI\u00caNCIA, TECNOLOGIA E INOVA\u00c7\u00c3O, o(a) Sr(a). LEIDIELE OLIVEIRA MACHADO<\/a><\/li>\n\t\t<li class=\"wsp-post\"><a href=\"https:\/\/saobernardo.ma.gov.br\/transparencia\/portarias\/portaria-no-549-de-29-de-janeiro-de-2026-resolve-nomear-para-o-cargo-em-comissao-de-coordenador-pedagogico-das-da-secretaria-municipal-de-educacao-ciencia-tecnologia-e-inovacao-oa-sra-k\/\">PORTARIA N\u00ba 549, DE 29 DE JANEIRO DE 2026 &#8211; RESOLVE NOMEAR, para o Cargo em Comiss\u00e3o de COORDENADOR PEDAGOGICO &#8211; DAS, da SECRETARIA MUNICIPAL DE EDUCA\u00c7\u00c3O, CI\u00caNCIA, TECNOLOGIA E INOVA\u00c7\u00c3O, o(a) Sr(a). KATRINE MARIA PEREIRA CARVALHO<\/a><\/li>\n\t\t<li class=\"wsp-post\"><a href=\"https:\/\/saobernardo.ma.gov.br\/transparencia\/portarias\/portaria-no-548-de-29-de-janeiro-de-2026-resolve-nomear-para-o-cargo-em-comissao-de-coordenador-pedagogico-das-da-secretaria-municipal-de-educacao-ciencia-tecnologia-e-inovacao-oa-sra-j\/\">PORTARIA N\u00ba 548, DE 29 DE JANEIRO DE 2026 &#8211; RESOLVE NOMEAR, para o Cargo em Comiss\u00e3o de COORDENADOR PEDAGOGICO &#8211; DAS, da SECRETARIA MUNICIPAL DE EDUCA\u00c7\u00c3O, CI\u00caNCIA, TECNOLOGIA E INOVA\u00c7\u00c3O, o(a) Sr(a). JANAINA VIANA DA SILVA<\/a><\/li>\n\t\t<li class=\"wsp-post\"><a href=\"https:\/\/saobernardo.ma.gov.br\/transparencia\/portarias\/portaria-no-547-de-29-de-janeiro-de-2026-resolve-nomear-para-o-cargo-em-comissao-de-coordenador-pedagogico-das-da-secretaria-municipal-de-educacao-ciencia-tecnologia-e-inovacao-oa-sra-g\/\">PORTARIA N\u00ba 547, DE 29 DE JANEIRO DE 2026 &#8211; RESOLVE NOMEAR, para o Cargo em Comiss\u00e3o de COORDENADOR PEDAGOGICO &#8211; DAS, da SECRETARIA MUNICIPAL DE EDUCA\u00c7\u00c3O, CI\u00caNCIA, TECNOLOGIA E INOVA\u00c7\u00c3O, o(a) Sr(a). GILDELENE FARIAS CARDOSO<\/a><\/li>\n\t\t<li class=\"wsp-post\"><a href=\"https:\/\/saobernardo.ma.gov.br\/transparencia\/portarias\/portaria-no-546-de-29-de-janeiro-de-2026-resolve-nomear-para-o-cargo-em-comissao-de-coordenador-pedagogico-das-da-secretaria-municipal-de-educacao-ciencia-tecnologia-e-inovacao-oa-sra-g\/\">PORTARIA N\u00ba 546, DE 29 DE JANEIRO DE 2026 &#8211; RESOLVE NOMEAR, para o Cargo em Comiss\u00e3o de COORDENADOR PEDAGOGICO &#8211; DAS, da SECRETARIA MUNICIPAL DE EDUCA\u00c7\u00c3O, CI\u00caNCIA, TECNOLOGIA E INOVA\u00c7\u00c3O, o(a) Sr(a). GEOVANA ALVES ALMEIDA<\/a><\/li>\n\t\t<li class=\"wsp-post\"><a href=\"https:\/\/saobernardo.ma.gov.br\/transparencia\/portarias\/portaria-no-545-de-29-de-janeiro-de-2026-resolve-nomear-para-o-cargo-em-comissao-de-coordenador-pedagogico-das-da-secretaria-municipal-de-educacao-ciencia-tecnologia-e-inovacao-oa-sra-f\/\">PORTARIA N\u00ba 545, DE 29 DE JANEIRO DE 2026 &#8211; RESOLVE NOMEAR, para o Cargo em Comiss\u00e3o de COORDENADOR PEDAGOGICO &#8211; DAS, da SECRETARIA MUNICIPAL DE EDUCA\u00c7\u00c3O, CI\u00caNCIA, TECNOLOGIA E INOVA\u00c7\u00c3O, o(a) Sr(a). FLAVIA PEREIRA CARDOZO<\/a><\/li>\n\t\t<li class=\"wsp-post\"><a href=\"https:\/\/saobernardo.ma.gov.br\/transparencia\/portarias\/portaria-no-544-de-29-de-janeiro-de-2026-resolve-nomear-para-o-cargo-em-comissao-de-coordenador-pedagogico-das-da-secretaria-municipal-de-educacao-ciencia-tecnologia-e-inovacao-oa-sra-e\/\">PORTARIA N\u00ba 544, DE 29 DE JANEIRO DE 2026 &#8211; RESOLVE NOMEAR, para o Cargo em Comiss\u00e3o de COORDENADOR PEDAGOGICO &#8211; DAS, da SECRETARIA MUNICIPAL DE EDUCA\u00c7\u00c3O, CI\u00caNCIA, TECNOLOGIA E INOVA\u00c7\u00c3O, o(a) Sr(a). EDINEIA SILVA ALVES<\/a><\/li>\n\t\t<li class=\"wsp-post\"><a href=\"https:\/\/saobernardo.ma.gov.br\/transparencia\/portarias\/portaria-no-543-de-29-de-janeiro-de-2026-resolve-nomear-para-o-cargo-em-comissao-de-coordenador-pedagogico-das-da-secretaria-municipal-de-educacao-ciencia-tecnologia-e-inovacao-oa-sra-d\/\">PORTARIA N\u00ba 543, DE 29 DE JANEIRO DE 2026 &#8211; RESOLVE NOMEAR, para o Cargo em Comiss\u00e3o de COORDENADOR PEDAGOGICO &#8211; DAS, da SECRETARIA MUNICIPAL DE EDUCA\u00c7\u00c3O, CI\u00caNCIA, TECNOLOGIA E INOVA\u00c7\u00c3O, o(a) Sr(a). DAIANA MOTA SILVA.<\/a><\/li>\n\t\t<li class=\"wsp-post\"><a href=\"https:\/\/saobernardo.ma.gov.br\/transparencia\/portarias\/portaria-no-542-de-29-de-janeiro-de-2026-resolve-nomear-para-o-cargo-em-comissao-de-coordenador-pedagogico-das-da-secretaria-municipal-de-educacao-ciencia-tecnologia-e-inovacao-oa-sra-a\/\">PORTARIA N\u00ba 542, DE 29 DE JANEIRO DE 2026 &#8211; RESOLVE NOMEAR, para o Cargo em Comiss\u00e3o de COORDENADOR PEDAGOGICO &#8211; DAS, da SECRETARIA MUNICIPAL DE EDUCA\u00c7\u00c3O, CI\u00caNCIA, TECNOLOGIA E INOVA\u00c7\u00c3O, o(a) Sr(a). ALAN COSTA PEREIRA<\/a><\/li>\n\t\t<li class=\"wsp-post\"><a href=\"https:\/\/saobernardo.ma.gov.br\/transparencia\/portarias\/portaria-no-541-de-29-de-janeiro-de-2026-resolve-exonerar-do-cargo-em-comissao-de-diretor-adjunto-da-em-coracao-de-jesus-oa-sra-jonas-santos-silva\/\">PORTARIA N\u00ba 541, DE 29 DE JANEIRO DE 2026 &#8211; RESOLVE EXONERAR, do Cargo em Comiss\u00e3o de DIRETOR ADJUNTO &#8211; , da EM CORA\u00c7AO DE JESUS, o(a) Sr(a). JONAS SANTOS SILVA.<\/a><\/li>\n\t\t<li class=\"wsp-post\"><a href=\"https:\/\/saobernardo.ma.gov.br\/transparencia\/portarias\/portaria-no-540-de-29-de-janeiro-de-2026-resolve-exonerar-do-cargo-em-comissao-de-diretor-escolar-da-em-coracao-de-jesus-oa-sra-daniele-silva-costa\/\">PORTARIA N\u00ba 540, DE 29 DE JANEIRO DE 2026 &#8211; RESOLVE EXONERAR, do Cargo em Comiss\u00e3o de DIRETOR ESCOLAR &#8211; , da EM CORA\u00c7AO DE JESUS, o(a) Sr(a). DANIELE SILVA COSTA<\/a><\/li>\n\t\t<li class=\"wsp-post\"><a href=\"https:\/\/saobernardo.ma.gov.br\/transparencia\/portarias\/portaria-no-539-de-29-de-janeiro-de-2026-resolve-exonerar-do-cargo-em-comissao-de-secretario-escolar-dai-1-da-em-conego-nestor-oa-sra-alexsander-lawosyer-araujo-cardozo\/\">PORTARIA N\u00ba 539, DE 29 DE JANEIRO DE 2026 &#8211; RESOLVE EXONERAR, do Cargo em Comiss\u00e3o de SECRET\u00c1RIO ESCOLAR &#8211; DAI-1, da EM CONEGO NESTOR, o(a) Sr(a). ALEXSANDER LAWOSYER ARAUJO CARDOZO<\/a><\/li>\n\t\t<li class=\"wsp-post\"><a href=\"https:\/\/saobernardo.ma.gov.br\/transparencia\/portarias\/portaria-no-538-de-29-de-janeiro-de-2026-resolve-exonerar-do-cargo-em-comissao-de-inspetor-escolar-dai-de-polo-oa-sra-tania-maria-silva-lima\/\">PORTARIA N\u00ba 538, DE 29 DE JANEIRO DE 2026 &#8211; RESOLVE EXONERAR, do Cargo em Comiss\u00e3o de INSPETOR ESCOLAR &#8211; DAI, de POLO, o(a) Sr(a). TANIA MARIA SILVA LIMA<\/a><\/li>\n\t\t<li class=\"wsp-post\"><a href=\"https:\/\/saobernardo.ma.gov.br\/transparencia\/portarias\/portaria-no-537-de-29-de-janeiro-de-2026-resolve-exonerar-do-cargo-em-comissao-de-inspetor-escolar-dai-de-polo-oa-sra-maria-eduarda-tavares-de-oliveira\/\">PORTARIA N\u00ba 537, DE 29 DE JANEIRO DE 2026 &#8211; RESOLVE EXONERAR, do Cargo em Comiss\u00e3o de INSPETOR ESCOLAR &#8211; DAI, de POLO, o(a) Sr(a). MARIA EDUARDA TAVARES DE OLIVEIRA.<\/a><\/li>\n\t\t<li class=\"wsp-post\"><a href=\"https:\/\/saobernardo.ma.gov.br\/transparencia\/portarias\/portaria-no-536-de-29-de-janeiro-de-2026-resolve-exonerar-do-cargo-em-comissao-de-inspetor-escolar-dai-de-polo-oa-sra-jose-edvan-da-silva\/\">PORTARIA N\u00ba 536, DE 29 DE JANEIRO DE 2026 &#8211; RESOLVE EXONERAR, do Cargo em Comiss\u00e3o de INSPETOR ESCOLAR &#8211; DAI, de POLO, o(a) Sr(a). JOSE EDVAN DA SILVA<\/a><\/li>\n\t\t<li class=\"wsp-post\"><a href=\"https:\/\/saobernardo.ma.gov.br\/transparencia\/portarias\/portaria-no-535-de-29-de-janeiro-de-2026-resolve-exonerar-do-cargo-em-comissao-de-inspetor-escolar-dai-de-polo-oa-sra-guilherme-lira-araujo\/\">PORTARIA N\u00ba 535, DE 29 DE JANEIRO DE 2026 &#8211; RESOLVE EXONERAR, do Cargo em Comiss\u00e3o de INSPETOR ESCOLAR &#8211; DAI, de POLO, o(a) Sr(a). GUILHERME LIRA ARAUJO.<\/a><\/li>\n\t\t<li class=\"wsp-post\"><a href=\"https:\/\/saobernardo.ma.gov.br\/transparencia\/portarias\/portaria-no-534-de-29-de-janeiro-de-2026-resolve-exonerar-do-cargo-em-comissao-de-inspetor-escolar-dai-de-polo-oa-sra-graciene-silva-monteiro-lima\/\">PORTARIA N\u00ba 534, DE 29 DE JANEIRO DE 2026 &#8211; RESOLVE EXONERAR, do Cargo em Comiss\u00e3o de INSPETOR ESCOLAR &#8211; DAI, de POLO, o(a) Sr(a). GRACIENE SILVA MONTEIRO LIMA.<\/a><\/li>\n\t\t<li class=\"wsp-post\"><a href=\"https:\/\/saobernardo.ma.gov.br\/transparencia\/portarias\/portaria-no-533-de-29-de-janeiro-de-2026-resolve-exonerar-do-cargo-em-comissao-de-inspetor-escolar-dai-de-polo-oa-sra-gideal-teixeira-souza\/\">PORTARIA N\u00ba 533, DE 29 DE JANEIRO DE 2026 &#8211; RESOLVE EXONERAR, do Cargo em Comiss\u00e3o de INSPETOR ESCOLAR &#8211; DAI, de POLO, o(a) Sr(a). GIDEAL TEIXEIRA SOUZA<\/a><\/li>\n\t\t<li class=\"wsp-post\"><a href=\"https:\/\/saobernardo.ma.gov.br\/transparencia\/portarias\/portaria-no-532-de-29-de-janeiro-de-2026-resolve-exonerar-do-cargo-em-comissao-de-inspetor-escolar-dai-de-polo-oa-sra-anaysa-silva-e-silva\/\">PORTARIA N\u00ba 532, DE 29 DE JANEIRO DE 2026 &#8211; RESOLVE EXONERAR, do Cargo em Comiss\u00e3o de INSPETOR ESCOLAR &#8211; DAI, de POLO, o(a) Sr(a). ANAYSA SILVA E SILVA<\/a><\/li>\n\t\t<li class=\"wsp-post\"><a href=\"https:\/\/saobernardo.ma.gov.br\/transparencia\/portarias\/portaria-no-531-de-29-de-janeiro-de-2026-resolve-exonerar-do-cargo-em-comissao-de-inspetor-escolar-dai-da-em-nossa-senhora-de-fatima-oa-sra-eliene-veras-costa\/\">PORTARIA N\u00ba 531, DE 29 DE JANEIRO DE 2026 &#8211; RESOLVE EXONERAR, do Cargo em Comiss\u00e3o de INSPETOR ESCOLAR &#8211; DAI, da EM NOSSA SENHORA DE FATIMA, o(a) Sr(a). ELIENE VERAS COSTA<\/a><\/li>\n\t\t<li class=\"wsp-post\"><a href=\"https:\/\/saobernardo.ma.gov.br\/transparencia\/portarias\/portaria-no-530-de-29-de-janeiro-de-2026-resolve-exonerar-do-cargo-em-comissao-de-coordenador-pedagogico-das-de-polo-oa-sra-sandra-da-silva\/\">PORTARIA N\u00ba 530, DE 29 DE JANEIRO DE 2026 &#8211; RESOLVE EXONERAR, do Cargo em Comiss\u00e3o de COORDENADOR PEDAGOGICO &#8211; DAS, de POLO, o(a) Sr(a). SANDRA DA SILVA<\/a><\/li>\n\t\t<li class=\"wsp-post\"><a href=\"https:\/\/saobernardo.ma.gov.br\/transparencia\/portarias\/portaria-no-529-de-29-de-janeiro-de-2026-resolve-exonerar-do-cargo-em-comissao-de-coordenador-pedagogico-das-de-polo-oa-sra-regilda-aprigio-paz\/\">PORTARIA N\u00ba 529, DE 29 DE JANEIRO DE 2026 &#8211; RESOLVE EXONERAR, do Cargo em Comiss\u00e3o de COORDENADOR PEDAGOGICO &#8211; DAS, de POLO, o(a) Sr(a). REGILDA APRIGIO PAZ<\/a><\/li>\n\t\t<li class=\"wsp-post\"><a href=\"https:\/\/saobernardo.ma.gov.br\/transparencia\/portarias\/portaria-no-528-de-29-de-janeiro-de-2026-resolve-exonerar-do-cargo-em-comissao-de-coordenador-pedagogico-das-de-polo-oa-sra-leidiele-oliveira-machado\/\">PORTARIA N\u00ba 528, DE 29 DE JANEIRO DE 2026- RESOLVE EXONERAR, do Cargo em Comiss\u00e3o de COORDENADOR PEDAGOGICO &#8211; DAS, de POLO, o(a) Sr(a). LEIDIELE OLIVEIRA MACHADO.<\/a><\/li>\n\t\t<li class=\"wsp-post\"><a href=\"https:\/\/saobernardo.ma.gov.br\/transparencia\/portarias\/portaria-no-527-de-29-de-janeiro-de-2026-resolve-exonerar-do-cargo-em-comissao-de-coordenador-pedagogico-das-de-polo-oa-sra-janaina-viana-da-silva\/\">PORTARIA N\u00ba 527, DE 29 DE JANEIRO DE 2026 &#8211; RESOLVE EXONERAR, do Cargo em Comiss\u00e3o de COORDENADOR PEDAGOGICO &#8211; DAS, de POLO, o(a) Sr(a). JANAINA VIANA DA SILVA.<\/a><\/li>\n\t\t<li class=\"wsp-post\"><a href=\"https:\/\/saobernardo.ma.gov.br\/transparencia\/portarias\/portaria-no-526-de-29-de-janeiro-de-2026-resolve-exonerar-do-cargo-em-comissao-de-coordenador-pedagogico-das-de-polo-oa-sra-gildelene-farias-cardoso\/\">PORTARIA N\u00ba 526, DE 29 DE JANEIRO DE 2026 &#8211; RESOLVE EXONERAR, do Cargo em Comiss\u00e3o de COORDENADOR PEDAGOGICO &#8211; DAS, de POLO, o(a) Sr(a). GILDELENE FARIAS CARDOSO.<\/a><\/li>\n\t\t<li class=\"wsp-post\"><a href=\"https:\/\/saobernardo.ma.gov.br\/transparencia\/portarias\/portaria-no-525-de-29-de-janeiro-de-2026-resolve-exonerar-do-cargo-em-comissao-de-coordenador-pedagogico-das-de-polo-oa-sra-flavia-pereira-cardozo\/\">PORTARIA N\u00ba 525, DE 29 DE JANEIRO DE 2026 &#8211; RESOLVE EXONERAR, do Cargo em Comiss\u00e3o de COORDENADOR PEDAGOGICO &#8211; DAS, de POLO, o(a) Sr(a). FLAVIA PEREIRA CARDOZO<\/a><\/li>\n\t\t<li class=\"wsp-post\"><a href=\"https:\/\/saobernardo.ma.gov.br\/transparencia\/portarias\/portaria-no-524-de-29-de-janeiro-de-2026-resolve-exonerar-do-cargo-em-comissao-de-coordenador-pedagogico-das-de-polo-oa-sra-edineia-silva-alves\/\">PORTARIA N\u00ba 524, DE 29 DE JANEIRO DE 2026 &#8211; RESOLVE EXONERAR, do Cargo em Comiss\u00e3o de COORDENADOR PEDAGOGICO &#8211; DAS, de POLO, o(a) Sr(a). EDINEIA SILVA ALVES<\/a><\/li>\n\t\t<li class=\"wsp-post\"><a href=\"https:\/\/saobernardo.ma.gov.br\/transparencia\/portarias\/portaria-no-523-de-29-de-janeiro-de-2026-resolve-exonerar-do-cargo-em-comissao-de-inspetor-escolar-dai-da-ui-pres-castelo-branco-oa-sra-alan-costa-pereira\/\">PORTARIA N\u00ba 523, DE 29 DE JANEIRO DE 2026 &#8211; RESOLVE EXONERAR, do Cargo em Comiss\u00e3o de INSPETOR ESCOLAR &#8211; DAI, da UI PRES. CASTELO BRANCO, o(a) Sr(a). ALAN COSTA PEREIRA<\/a><\/li>\n\t\t<li class=\"wsp-post\"><a href=\"https:\/\/saobernardo.ma.gov.br\/transparencia\/portarias\/portaria-no-001-26-semecti-de-27-de-janeiro-de-2026-dispoe-sobre-o-calendario-escolar-da-rede-municipal-de-ensino-de-sao-bernardo-ma-para-o-ano-letivo-de-2026-e-da-outras-pro\/\">PORTARIA N\u00ba 001\/26 &#8211; SEMECTI, DE 27 DE JANEIRO DE 2026 &#8211; \u201cDisp\u00f5e sobre o Calend\u00e1rio Escolar da Rede Municipal de Ensino de S\u00e3o Bernardo \u2013 MA, para o ano letivo de 2026, e d\u00e1 outras provid\u00eancias\u201d.<\/a><\/li>\n\t\t<li class=\"wsp-post\"><a href=\"https:\/\/saobernardo.ma.gov.br\/transparencia\/portarias\/portaria-no-522-de-22-de-janeiro-de-2026-resolve-nomear-para-o-cargo-em-comissao-de-chefe-do-departamento-de-almoxarifado-e-transportes-dai-da-secretaria-municipal-de-assistencia-social\/\">PORTARIA N\u00ba 522, DE 22 DE JANEIRO DE 2026 &#8211; RESOLVE NOMEAR, para o Cargo em Comiss\u00e3o de CHEFE DO DEPARTAMENTO DE ALMOXARIFADO E TRANSPORTES \u2013 DAI, DA SECRETARIA MUNICIPAL DE ASSIST\u00caNCIA SOCIAL, o (a) S.r.(a). MOIS\u00c9S SOARES SILVA.<\/a><\/li>\n\t\t<li class=\"wsp-post\"><a href=\"https:\/\/saobernardo.ma.gov.br\/transparencia\/portarias\/portaria-no-521-de-20-de-janeiro-de-2026-instaura-processo-administrativo-disciplinar-para-apuracao-de-abandono-de-cargo-e-da-outras-providencias\/\">PORTARIA N\u00ba 521, DE 20 DE JANEIRO DE 2026 &#8211; \u201cInstaura Processo Administrativo Disciplinar para apura\u00e7\u00e3o de abandono de cargo e d\u00e1 outras provid\u00eancias.\u201d<\/a><\/li>\n\t\t<li class=\"wsp-post\"><a href=\"https:\/\/saobernardo.ma.gov.br\/transparencia\/portarias\/portaria-no-520-de-07-de-janeiro-de-2026-resolve-fica-cedido-o-servidor-publico-municipal-do-cargo-efetivo-de-agente-administrativo-da-prefeitura-municipal-de-sao-bernardo-estado-do-maranhao-o\/\">PORTARIA N\u00ba 520, DE 07 DE JANEIRO DE 2026 &#8211; RESOLVE FICA CEDIDO, o Servidor P\u00fablico Municipal, do Cargo Efetivo de AGENTE ADMINISTRATIVO, da PREFEITURA MUNICIPAL DE S\u00c3O BERNARDO, ESTADO DO MARANH\u00c3O, o (a) Sr(a). ISA\u00cdAS PEREIRA SILVA.<\/a><\/li>\n\t\t<li class=\"wsp-post\"><a href=\"https:\/\/saobernardo.ma.gov.br\/transparencia\/portarias\/portaria-no-519-de-07-de-janeiro-de-2026-resolve-revogar-a-portaria-no-237-de-22-de-janeiro-de-2025-da-cessao-do-servidor-a-sra-isaias-pereira-silva-para-prestar-servico-junto-ao-forum-de-ju\/\">PORTARIA N\u00ba 519, DE 07 DE JANEIRO DE 2026 &#8211; RESOLVE REVOGAR, a portaria n\u00ba 237 de 22 de janeiro de 2025, da Cess\u00e3o do Servidor (a) Sr(a). ISA\u00cdAS PEREIRA SILVA para prestar servi\u00e7o junto ao F\u00f3rum de Justi\u00e7a da comarca de S\u00e3o Bernardo, Estado do Maranh\u00e3o.<\/a><\/li>\n\t\t<li class=\"wsp-post\"><a href=\"https:\/\/saobernardo.ma.gov.br\/transparencia\/portarias\/portaria-no-518-de-05-de-janeiro-de-2026-resolve-nomear-para-o-cargo-em-comissao-de-chefe-do-cerimonial-do-governo-das-do-gabinete-do-prefeito-o-a-sra-jefferson-lima-moreno\/\">PORTARIA N\u00ba 518, DE 05 DE JANEIRO DE 2026 &#8211; RESOLVE NOMEAR, para o Cargo em Comiss\u00e3o de CHEFE DO CERIMONIAL DO GOVERNO \u2013 DAS DO GABINETE DO PREFEITO, o (a) Sr(a). JEFFERSON LIMA MORENO.<\/a><\/li>\n\t\t<li class=\"wsp-post\"><a href=\"https:\/\/saobernardo.ma.gov.br\/transparencia\/portarias\/portaria-no-517-de-05-de-janeiro-de-2026-resolve-exonerar-do-cargo-em-comissao-de-assessor-pedagogico-nivel-iii-da-secretaria-municipal-de-educacao-ciencia-tecnologia-e-inovacao-o-a-sra-j\/\">PORTARIA N\u00ba 517, DE 05 DE JANEIRO DE 2026 &#8211; RESOLVE EXONERAR, do Cargo em Comiss\u00e3o de ASSESSOR PEDAG\u00d3GICO N\u00cdVEL III, DA SECRETARIA MUNICIPAL DE EDUCA\u00c7\u00c3O, CI\u00caNCIA, TECNOLOGIA E INOVA\u00c7\u00c3O, o (a) Sr(a). JEFFERSON LIMA MORENO.<\/a><\/li>\n\t\t<li class=\"wsp-post\"><a href=\"https:\/\/saobernardo.ma.gov.br\/transparencia\/portarias\/portaria-no-516-de-01-de-janeiro-de-2026-resolve-nomear-para-o-cargo-em-comissao-de-secretario-municipal-dga-da-secretaria-municipal-de-assistencia-social-o-a-sra-joao-batista-araujo-pime\/\">PORTARIA N\u00ba 516, DE 01 DE JANEIRO DE 2026 &#8211; RESOLVE NOMEAR, para o Cargo em Comiss\u00e3o de SECRET\u00c1RIO MUNICIPAL &#8211; DGA, da SECRETARIA MUNICIPAL DE ASSIST\u00caNCIA SOCIAL, o (a) Sr(a). JO\u00c3O BATISTA ARAUJO PIMENTEL.<\/a><\/li>\n\t\t<li class=\"wsp-post\"><a href=\"https:\/\/saobernardo.ma.gov.br\/transparencia\/portarias\/portaria-no-515-de-01-de-janeiro-de-2026-resolve-exonerar-do-cargo-em-comissao-de-chefe-de-gabinete-da-secretaria-municipal-de-assistencia-social-o-a-sra-joao-batista-araujo-pimentel\/\">PORTARIA N\u00ba 515, DE 01 DE JANEIRO DE 2026 &#8211; RESOLVE EXONERAR, do Cargo em Comiss\u00e3o de CHEFE DE GABINETE, DA SECRETARIA MUNICIPAL DE ASSIST\u00caNCIA SOCIAL, o (a) Sr(a). JO\u00c3O BATISTA ARAUJO PIMENTEL.<\/a><\/li>\n\t\t<li class=\"wsp-post\"><a href=\"https:\/\/saobernardo.ma.gov.br\/transparencia\/portarias\/portaria-no-514-de-31-de-dezembro-de-2025-resolve-exonerar-do-cargo-em-comissao-de-secretaria-municipal-da-secretaria-municipal-de-assistencia-social-o-a-sra-tassila-candeira-costa-carvalho\/\">PORTARIA N\u00ba 514, DE 31 DE DEZEMBRO DE 2025 &#8211; RESOLVE EXONERAR, do Cargo em Comiss\u00e3o de SECRET\u00c1RIA MUNICIPAL, DA SECRETARIA MUNICIPAL DE ASSIST\u00caNCIA SOCIAL, o (a) Sr(a). T\u00c1SSILA CANDEIRA COSTA CARVALHO<\/a><\/li>\n\t\t<li class=\"wsp-post\"><a href=\"https:\/\/saobernardo.ma.gov.br\/transparencia\/portarias\/portaria-no-oo7-2025-semecti-sb-dispoe-sobre-o-homologacao-do-instalacao-em-carater-permanente-do-forum-municipal-de-educacao-de-sao-bernardo-ma-aprovo-o-regimento-interno-reconhece-o-composi\/\">PORTARIA N\u00ba OO7\/2025 &#8211; SEMECTI\/SB &#8211; Disp\u00f5e sobre o homologa\u00e7\u00e3o do instala\u00e7\u00e3o em car\u00e1ter permanente, do F\u00f3rum Municipal de Educa\u00e7\u00e3o de S\u00e3o Bernardo &#8211; MA, aprovo o Regimento interno, reconhece o composi\u00e7\u00e3o de suo mesa diretor e da outros provid\u00eancias.<\/a><\/li>\n\t\t<li class=\"wsp-post\"><a href=\"https:\/\/saobernardo.ma.gov.br\/transparencia\/portarias\/portaria-no-513-de-27-de-novembro-de-2025-nomeia-os-membros-da-camara-intersetorial-de-seguranca-alimentar-e-nutricional-de-sao-bernardo-ma-e-da-outras-providencias\/\">PORTARIA N\u00ba 513, DE 27 DE NOVEMBRO DE 2025 &#8211; Nomeia os membros da C\u00e2mara Intersetorial de Seguran\u00e7a Alimentar e Nutricional de S\u00e3o Bernardo \u2013 MA, e d\u00e1 outras provid\u00eancias.<\/a><\/li>\n\t\t<li class=\"wsp-post\"><a href=\"https:\/\/saobernardo.ma.gov.br\/transparencia\/portarias\/portaria-no-512-de-27-de-novembro-de-2025-nomeia-os-membros-do-conselho-municipal-de-seguranca-alimentar-e-nutricional-de-sao-bernardo-ma-comsea-para-o-bienio-2025-2027-e-da-outras-providencias\/\">PORTARIA N\u00ba 512, DE 27 DE NOVEMBRO DE 2025 &#8211; Nomeia os membros do Conselho Municipal de Seguran\u00e7a Alimentar e Nutricional de S\u00e3o Bernardo\/MA &#8211; COMSEA para o bi\u00eanio 2025-2027, e d\u00e1 outras provid\u00eancias.<\/a><\/li>\n\t\t<li class=\"wsp-post\"><a href=\"https:\/\/saobernardo.ma.gov.br\/transparencia\/portarias\/portaria-no-511-de-25-de-novembro-de-2025-resolve-exonerar-por-falecimento-do-cargo-efetivo-de-motorista-da-prefeitura-municipal-estado-do-maranhao-o-a-sra-jose-de-sousa-alencar\/\">PORTARIA N\u00ba 511, DE 25 DE NOVEMBRO DE 2025 &#8211; RESOLVE EXONERAR, por falecimento, do Cargo Efetivo de MOTORISTA, DA PREFEITURA MUNICIPAL, ESTADO DO MARANH\u00c3O, o (a) Sr(a). JOSE DE SOUSA ALENCAR<\/a><\/li>\n\t\t<li class=\"wsp-post\"><a href=\"https:\/\/saobernardo.ma.gov.br\/transparencia\/portarias\/portaria-no-510-de-19-de-novembro-de-2025-resolve-nomear-para-o-cargo-em-comissao-de-assessor-pedagogico-nivel-iii-dai-da-secretaria-municipal-de-educacao-ciencia-tecnologia-e-inovacao-o-a\/\">PORTARIA N\u00ba 510, DE 19 DE NOVEMBRO DE 2025 &#8211; RESOLVE NOMEAR, para o Cargo em Comiss\u00e3o de ASSESSOR PEDAG\u00d3GICO N\u00cdVEL III &#8211; DAI, DA SECRETARIA MUNICIPAL DE EDUCA\u00c7\u00c3O, CI\u00caNCIA, TECNOLOGIA E INOVA\u00c7\u00c3O, o (a) Sr(a). LAUDIMIR DE CARVALHO OLIVEIRA<\/a><\/li>\n\t\t<li class=\"wsp-post\"><a href=\"https:\/\/saobernardo.ma.gov.br\/transparencia\/portarias\/portaria-no-509-de-10-de-novembro-de-2025-dispoe-sobre-o-credenciamento-da-secretaria-municipal-de-educacao-ciencia-tecnologia-e-inovacao-para-as-funcoes-de-gestora-do-fundeb-e-da-outras-provid\/\">PORTARIA N\u00ba 509, DE 10 DE NOVEMBRO DE 2025 &#8211; &#8220;Disp\u00f5e sobre o credenciamento da Secret\u00e1ria Municipal de Educa\u00e7\u00e3o, Ci\u00eancia, Tecnologia e Inova\u00e7\u00e3o para as fun\u00e7\u00f5es de Gestora do FUNDEB e d\u00e1 outras provid\u00eancias.&#8221;<\/a><\/li>\n\t\t<li class=\"wsp-post\"><a href=\"https:\/\/saobernardo.ma.gov.br\/transparencia\/portarias\/portaria-no-508-de-23-de-outubro-de-2025-resolve-fica-cedido-a-servidora-publica-municipal-do-cargo-efetivo-de-professor-nivel-i-com-matricula-no-655-1-da-secretaria-municipal-de-educacao-cien\/\">PORTARIA N\u00ba 508, DE 23 DE OUTUBRO DE 2025 &#8211; RESOLVE FICA CEDIDO, a Servidora P\u00fablica Municipal, do Cargo Efetivo de PROFESSOR N\u00cdVEL I, com matr\u00edcula n\u00ba 655-1, da SECRETARIA MUNICIPAL DE EDUCA\u00c7\u00c3O, CI\u00caNCIA, TECNOLOGIA E INOVA\u00c7\u00c3O, o (a) Sr(a). MARIA DO SOCORRO MONTEIRO COSTA, portador (a) do CPF n\u00ba ***.***.803-91, para prestar servi\u00e7o junto ao F\u00f3rum de Justi\u00e7a da comarca de S\u00e3o Bernardo, Estado do Maranh\u00e3o.<\/a><\/li>\n\t\t<li class=\"wsp-post\"><a href=\"https:\/\/saobernardo.ma.gov.br\/transparencia\/portarias\/portaria-no-507-de-23-de-outubro-de-2025-resolve-exonerar-por-falecimento-do-cargo-de-provimento-efetivo-de-professor-nivel-i-da-secretaria-municipal-de-educacao-o-a-sra-celso-alves-da-cos\/\">PORTARIA N\u00ba 507, DE 23 DE OUTUBRO DE 2025 &#8211; RESOLVE EXONERAR, por falecimento, do Cargo de Provimento Efetivo de PROFESSOR N\u00cdVEL I, da SECRETARIA MUNICIPAL DE EDUCA\u00c7\u00c3O, o (a) Sr(a). CELSO ALVES DA COSTA<\/a><\/li>\n\t\t<li class=\"wsp-post\"><a href=\"https:\/\/saobernardo.ma.gov.br\/transparencia\/portarias\/portaria-no-506-de-23-de-outubro-de-2025-resolve-nomear-para-o-cargo-em-comissao-de-assessor-pedagogico-nivel-i-dans-da-secretaria-municipal-de-educacao-ciencia-tecnologia-e-inovacao-o-a\/\">PORTARIA N\u00ba 506, DE 23 DE OUTUBRO DE 2025 &#8211; RESOLVE .NOMEAR, para o Cargo em Comiss\u00e3o de ASSESSOR PEDAG\u00d3GICO N\u00cdVEL I &#8211; DANS, da SECRETARIA MUNICIPAL DE EDUCA\u00c7\u00c3O, CI\u00caNCIA, TECNOLOGIA E INOVA\u00c7\u00c3O, o (a) Sr(a). ANNE KAROLYNE SOARES TELES.<\/a><\/li>\n\t\t<li class=\"wsp-post\"><a href=\"https:\/\/saobernardo.ma.gov.br\/transparencia\/portarias\/portaria-no-505-de-22-de-outubro-de-2025-resolve-nomear-para-o-cargo-em-comissao-de-assessor-especial-nivel-i-das-do-gabinete-do-prefeito-o-a-sra-antonio-vieira-brito-neto\/\">PORTARIA N\u00ba 505, DE 22 DE OUTUBRO DE 2025 &#8211; RESOLVE NOMEAR, para o Cargo em Comiss\u00e3o de ASSESSOR ESPECIAL N\u00cdVEL I &#8211; DAS, do GABINETE DO PREFEITO, o (a) Sr(a). ANTONIO VIEIRA BRITO NETO.<\/a><\/li>\n\t\t<li class=\"wsp-post\"><a href=\"https:\/\/saobernardo.ma.gov.br\/transparencia\/portarias\/portaria-no-504-de-22-de-outubro-de-2025-resolve-exonerar-do-cargo-em-comissao-de-assessor-especial-nivel-i-do-gabinete-do-prefeito-o-a-sra-paulo-bismarck-porto-de-oliveira\/\">PORTARIA N\u00ba 504, DE 22 DE OUTUBRO DE 2025 &#8211; RESOLVE EXONERAR, do Cargo em Comiss\u00e3o de ASSESSOR ESPECIAL N\u00cdVEL I, do GABINETE DO PREFEITO, o (a) Sr(a). PAULO BISMARCK PORTO DE OLIVEIRA<\/a><\/li>\n\t\t<li class=\"wsp-post\"><a href=\"https:\/\/saobernardo.ma.gov.br\/transparencia\/portarias\/portaria-no-503-de-20-de-outubro-de-2025-resolve-revogar-a-portaria-no-245-de-27-de-janeiro-de-2025-da-cessao-da-servidora-o-a-sra-jeane-oliveira-da-silva\/\">PORTARIA N\u00ba 503, DE 20 DE OUTUBRO DE 2025 &#8211; RESOLVE REVOGAR, a portaria n\u00ba 245 de 27 de janeiro de 2025, da Cess\u00e3o da Servidora o (a) Sr(a). JEANE OLIVEIRA DA SILVA.<\/a><\/li>\n\t\t<li class=\"wsp-post\"><a href=\"https:\/\/saobernardo.ma.gov.br\/transparencia\/portarias\/portaria-no-006-2025-semecti-sb-dispoe-sobre-a-transferencia-do-feriado-escolar-alusivo-ao-dia-do-professor-e-da-outras-providencias\/\">PORTARIA N\u00ba 006\/2025 \u2013 SEMECTI\/SB &#8211; Disp\u00f5e sobre a transfer\u00eancia do feriado escolar alusivo ao Dia do Professor e d\u00e1 outras provid\u00eancias<\/a><\/li>\n\t\t<li class=\"wsp-post\"><a href=\"https:\/\/saobernardo.ma.gov.br\/transparencia\/portarias\/decreto-municipal-no-32-de-14-de-outubro-de-2025-dispoe-sobre-ponto-facultativo-no-dia-17-de-outubro-de-2025-em-alusao-ao-dia-do-professor-e-da-outras-providencias\/\">DECRETO MUNICIPAL N\u00ba 32, DE 14 DE OUTUBRO DE 2025. &#8211; Disp\u00f5e sobre ponto facultativo no dia 17 de outubro de 2025, em alus\u00e3o ao Dia do Professor, e d\u00e1 outras provid\u00eancias<\/a><\/li>\n\t\t<li class=\"wsp-post\"><a href=\"https:\/\/saobernardo.ma.gov.br\/transparencia\/portarias\/portaria-no-502-de-13-de-outubro-de-2025-resolve-nomear-para-o-cargo-em-comissao-de-diretor-escolar-da-escola-municipal-anastacio-portela-o-a-sra-maria-ionete-pinto-da-silva\/\">PORTARIA N\u00ba 502, DE 13 DE OUTUBRO DE 2025 &#8211; RESOLVE NOMEAR, para o Cargo em Comiss\u00e3o de DIRETOR ESCOLAR, da ESCOLA MUNICIPAL ANAST\u00c1CIO PORTELA, o (a) Sr(a). MARIA IONETE PINTO DA SILVA<\/a><\/li>\n\t\t<li class=\"wsp-post\"><a href=\"https:\/\/saobernardo.ma.gov.br\/transparencia\/portarias\/portaria-no-501-de-13-de-outubro-de-2025-resolve-exonerar-a-pedido-do-cargo-em-comissao-de-diretor-escolar-da-escola-municipal-anastacio-portela-o-a-sra-juliana-rafaela-dos-santos-de-sousa\/\">PORTARIA N\u00ba 501, DE 13 DE OUTUBRO DE 2025 &#8211; RESOLVE EXONERAR a pedido, do Cargo em Comiss\u00e3o de DIRETOR ESCOLAR, da ESCOLA MUNICIPAL ANAST\u00c1CIO PORTELA, o (a) Sr(a). JULIANA RAFAELA DOS SANTOS DE SOUSA<\/a><\/li>\n\t\t<li class=\"wsp-post\"><a href=\"https:\/\/saobernardo.ma.gov.br\/transparencia\/portarias\/portaria-no-500-de-13-de-outubro-de-2025-resolve-nomear-para-o-cargo-em-comissao-de-diretor-escolar-da-escola-municipal-coracao-de-jesus-o-a-sra-daniele-silva-costa\/\">PORTARIA N\u00ba 500, DE 13 DE OUTUBRO DE 2025 &#8211; RESOLVE NOMEAR, para o Cargo em Comiss\u00e3o de DIRETOR ESCOLAR, da ESCOLA MUNICIPAL CORA\u00c7\u00c3O DE JESUS, o (a) Sr(a). DANIELE SILVA COSTA<\/a><\/li>\n\t\t<li class=\"wsp-post\"><a href=\"https:\/\/saobernardo.ma.gov.br\/transparencia\/portarias\/portaria-no-499-de-10-de-outubro-de-2025-designa-o-servidor-edmilson-de-almeida-lima-junior-ocupante-do-cargo-de-coordenador-de-meio-ambiente-lotado-na-secretaria-municipal-de-meio-ambie\/\">PORTARIA N\u00ba 499, DE 10 DE OUTUBRO DE 2025 &#8211; \u201cDesigna o servidor EDMILSON DE ALMEIDA LIMA JUNIOR, ocupante do cargo de Coordenador de Meio Ambiente, lotado na Secretaria Municipal de Meio Ambiente, para responder pelos formul\u00e1rios do Sistema Nacional de Informa\u00e7\u00f5es sobre a Gest\u00e3o de Res\u00edduos S\u00f3lidos (SINIR) e demais instrumentos correlatos; da estrutura organizacional do poder executivo; e d\u00e1 outras provid\u00eancias\u201d<\/a><\/li>\n\t\t<li class=\"wsp-post\"><a href=\"https:\/\/saobernardo.ma.gov.br\/transparencia\/portarias\/portaria-no-498-de-10-de-outubro-de-2025-resolve-nomear-para-responder-interinamente-pelo-o-cargo-em-comissao-de-coordenador-do-programa-de-vigilancia-ambiental-das-da-secretaria-municipal-de-s\/\">PORTARIA N\u00ba 498, DE 10 DE OUTUBRO DE 2025 -RESOLVE NOMEAR, para responder Interinamente, pelo o Cargo em Comiss\u00e3o de COORDENADOR DO PROGRAMA DE VIGIL\u00c3NCIA AMBIENTAL &#8211; DAS, DA SECRETARIA MUNICIPAL DE SA\u00daDE, o (a) Sr(a). MARIA ILDENICE SILVA CUNHA.<\/a><\/li>\n\t\t<li class=\"wsp-post\"><a href=\"https:\/\/saobernardo.ma.gov.br\/transparencia\/portarias\/portaria-no-497-de-10-de-outubro-de-2025-resolve-nomear-para-responder-interinamente-pelo-cargo-em-comissao-de-chefe-do-departamento-de-limpeza-e-coleta-de-lixo-das-da-secretaria-munic\/\">PORTARIA N\u00ba 497, DE 10 DE OUTUBRO DE 2025 &#8211; RESOLVE NOMEAR, para responder Interinamente, pelo Cargo em Comiss\u00e3o de CHEFE DO DEPARTAMENTO DE LIMPEZA E COLETA DE LIXO \u2013 DAS, DA SECRETARIA MUNICIPAL DE URBANISMO E SERVI\u00c7OS P\u00daBLICOS, o (a) Sr(a). EDMILSON DE ALMEIDA LIMA JUNIOR.<\/a><\/li>\n\t\t<li class=\"wsp-post\"><a href=\"https:\/\/saobernardo.ma.gov.br\/transparencia\/portarias\/portaria-no-496-de-08-de-outubro-de-2025-dispoe-sobre-a-nomeacao-da-comissao-municipal-de-regularizacao-fundiaria-e-da-outras-providencias\/\">PORTARIA N\u00ba 496, DE 08 DE OUTUBRO DE 2025 &#8211; \u201cDISP\u00d5E SOBRE A NOMEA\u00c7\u00c3O DA COMISS\u00c3O MUNICIPAL DE REGULARIZA\u00c7\u00c3O FUNDI\u00c1RIA, E D\u00c1 OUTRAS PROVID\u00caNCIAS\u201d.<\/a><\/li>\n\t\t<li class=\"wsp-post\"><a href=\"https:\/\/saobernardo.ma.gov.br\/transparencia\/portarias\/portaria-no-495-de-30-de-setembro-de-2025-resolve-nomear-para-o-cargo-em-comissao-de-assessor-especial-nivel-i-das-do-gabinete-do-prefeito-o-a-sra-ruyagus-rocha-sousa\/\">PORTARIA N\u00ba 495, DE 30 DE SETEMBRO DE 2025 &#8211; RESOLVE NOMEAR, para o Cargo em Comiss\u00e3o de ASSESSOR ESPECIAL N\u00cdVEL I &#8211; DAS, DO GABINETE DO PREFEITO, o (a) Sr(a). RUYAGUS ROCHA SOUSA.<\/a><\/li>\n\t\t<li class=\"wsp-post\"><a href=\"https:\/\/saobernardo.ma.gov.br\/transparencia\/portarias\/portaria-no-494-de-30-de-setembro-de-2025-resolve-exonerar-do-cargo-em-comissao-de-coordenador-do-programa-de-vigilancia-ambiental-da-secretaria-municipal-de-saude-o-a-s-r-a-franklin-nelso\/\">PORTARIA N\u00ba 494, DE 30 DE SETEMBRO DE 2025 &#8211; RESOLVE EXONERAR, do Cargo em Comiss\u00e3o de COORDENADOR DO PROGRAMA DE VIGIL\u00c2NCIA AMBIENTAL, DA SECRETARIA MUNICIPAL DE SA\u00daDE, o (a) S.r. (a). FRANKLIN NELSON SILVA CASTRO.<\/a><\/li>\n\t\t<li class=\"wsp-post\"><a href=\"https:\/\/saobernardo.ma.gov.br\/transparencia\/portarias\/portaria-no-493-de-23-de-setembro-de-2025-resolve-exonerar-do-cargo-em-comissao-de-assessor-pedagogico-nivel-iii-da-secretaria-municipal-de-educacao-ciencia-tecnologia-e-inovacao-o-a-sra\/\">PORTARIA N\u00ba 493, DE 23 DE SETEMBRO DE 2025 &#8211; RESOLVE EXONERAR, do Cargo em Comiss\u00e3o de ASSESSOR PEDAG\u00d3GICO N\u00cdVEL III, da SECRETARIA MUNICIPAL DE EDUCA\u00c7\u00c3O, CI\u00caNCIA, TECNOLOGIA E INOVA\u00c7\u00c3O, o (a) Sr(a). GICELIA CARDOSO LAGES DA SILVA.<\/a><\/li>\n\t\t<li class=\"wsp-post\"><a href=\"https:\/\/saobernardo.ma.gov.br\/transparencia\/portarias\/portaria-no-492-de-22-de-setembro-de-2025-resolve-nomear-para-o-cargo-em-comissao-de-assessor-especial-nivel-ii-dai-do-gabinete-do-prefeito-o-a-sra-gilson-alex-fonseca-carvalho\/\">PORTARIA N\u00ba 492, DE 22 DE SETEMBRO DE 2025 &#8211; RESOLVE NOMEAR, para o Cargo em Comiss\u00e3o de ASSESSOR ESPECIAL N\u00cdVEL II &#8211; DAI, DO GABINETE DO PREFEITO, o (a) Sr(a). GILSON ALEX FONSECA CARVALHO<\/a><\/li>\n\t\t<li class=\"wsp-post\"><a href=\"https:\/\/saobernardo.ma.gov.br\/transparencia\/portarias\/portaria-no-491-de-22-de-setembro-de-2025-resolve-nomear-para-o-cargo-em-comissao-de-assessor-pedagogico-nivel-ii-das-da-secretaria-municipal-de-educacao-ciencia-tecnologia-e-inovacao-o-a\/\">PORTARIA N\u00ba 491, DE 22 DE SETEMBRO DE 2025 &#8211; RESOLVE NOMEAR, para o Cargo em Comiss\u00e3o de ASSESSOR PEDAG\u00d3GICO N\u00cdVEL II &#8211; DAS, DA SECRETARIA MUNICIPAL DE EDUCA\u00c7\u00c3O, CI\u00caNCIA, TECNOLOGIA E INOVA\u00c7\u00c3O, o (a) Sr(a). FRANCISCO PAULO LINHARES MACHADO.<\/a><\/li>\n\t\t<li class=\"wsp-post\"><a href=\"https:\/\/saobernardo.ma.gov.br\/transparencia\/portarias\/portaria-no-490-de-22-de-setembro-de-2025-resolve-nomear-para-o-cargo-em-comissao-de-assessor-pedagogico-nivel-ii-das-da-secretaria-municipal-de-educacao-ciencia-tecnologia-e-inovacao-o-a\/\">PORTARIA N\u00ba 490, DE 22 DE SETEMBRO DE 2025 &#8211; RESOLVE NOMEAR, para o Cargo em Comiss\u00e3o de ASSESSOR PEDAG\u00d3GICO N\u00cdVEL II &#8211; DAS, DA SECRETARIA MUNICIPAL DE EDUCA\u00c7\u00c3O, CI\u00caNCIA, TECNOLOGIA E INOVA\u00c7\u00c3O, o (a) Sr(a). DAVY ARAUJO SOUZA.<\/a><\/li>\n\t\t<li class=\"wsp-post\"><a href=\"https:\/\/saobernardo.ma.gov.br\/transparencia\/portarias\/portaria-no489-de-22-de-setembro-de-2025-resolve-nomear-para-o-cargo-em-comissao-de-assessor-pedagogico-nivel-ii-das-da-secretaria-municipal-de-educacao-ciencia-tecnologia-e-inovacao-o-a-s\/\">PORTARIA N\u00ba489, DE 22 DE SETEMBRO DE 2025 &#8211; RESOLVE NOMEAR, para o Cargo em Comiss\u00e3o de ASSESSOR PEDAG\u00d3GICO N\u00cdVEL II &#8211; DAS, DA SECRETARIA MUNICIPAL DE EDUCA\u00c7\u00c3O, CI\u00caNCIA, TECNOLOGIA E INOVA\u00c7\u00c3O, o (a) Sr(a). CLAUDIANE GARCEZ DE SOUSA SILVA.<\/a><\/li>\n\t\t<li class=\"wsp-post\"><a href=\"https:\/\/saobernardo.ma.gov.br\/transparencia\/portarias\/portaria-no488-de-22-de-setembro-de-2025-resolve-nomear-do-cargo-em-comissao-de-assessor-pedagogico-nivel-ii-das-da-secretaria-municipal-de-educacao-ciencia-tecnologia-e-inovacao-o-a-sra\/\">PORTARIA N\u00ba488, DE 22 DE SETEMBRO DE 2025 &#8211; RESOLVE NOMEAR, do Cargo em Comiss\u00e3o de ASSESSOR PEDAG\u00d3GICO N\u00cdVEL II &#8211; DAS, DA SECRETARIA MUNICIPAL DE EDUCA\u00c7\u00c3O, CI\u00caNCIA, TECNOLOGIA E INOVA\u00c7\u00c3O, o (a) Sr(a). ANA MARIA VIEIRA SANTOS<\/a><\/li>\n\t\t<li class=\"wsp-post\"><a href=\"https:\/\/saobernardo.ma.gov.br\/transparencia\/portarias\/portaria-no-487-de-22-de-setembro-de-2025-resolve-exonerar-do-cargo-em-comissao-de-assessor-pedagogico-nivel-i-da-secretaria-municipal-de-educacao-ciencia-tecnologia-e-inovacao-o-a-sra-fr\/\">PORTARIA N\u00ba 487, DE 22 DE SETEMBRO DE 2025 &#8211; RESOLVE EXONERAR, do Cargo em Comiss\u00e3o de ASSESSOR PEDAG\u00d3GICO N\u00cdVEL I, DA SECRETARIA MUNICIPAL DE EDUCA\u00c7\u00c3O, CI\u00caNCIA, TECNOLOGIA E INOVA\u00c7\u00c3O, o (a) Sr(a). FRANCISCO PAULO LINHARES MACHADO<\/a><\/li>\n\t\t<li class=\"wsp-post\"><a href=\"https:\/\/saobernardo.ma.gov.br\/transparencia\/portarias\/portaria-no-486-de-22-de-setembro-de-2025-resolve-exonerar-do-cargo-em-comissao-de-assessor-pedagogico-nivel-i-da-secretaria-municipal-de-educacao-ciencia-tecnologia-e-inovacao-o-a-sra-da\/\">PORTARIA N\u00ba 486, DE 22 DE SETEMBRO DE 2025 &#8211; RESOLVE EXONERAR, do Cargo em Comiss\u00e3o de ASSESSOR PEDAG\u00d3GICO N\u00cdVEL I, DA SECRETARIA MUNICIPAL DE EDUCA\u00c7\u00c3O, CI\u00caNCIA, TECNOLOGIA E INOVA\u00c7\u00c3O, o (a) Sr(a). DAVY ARAUJO SOUZA<\/a><\/li>\n\t\t<li class=\"wsp-post\"><a href=\"https:\/\/saobernardo.ma.gov.br\/transparencia\/portarias\/portaria-no485-de-22-de-setembro-de-2025-resolve-exonerar-do-cargo-em-comissao-de-assessor-pedagogico-nivel-i-da-secretaria-municipal-de-educacao-ciencia-tecnologia-e-inovacao-o-a-sra-cla\/\">PORTARIA N\u00ba485, DE 22 DE SETEMBRO DE 2025 &#8211; RESOLVE EXONERAR, do Cargo em Comiss\u00e3o de ASSESSOR PEDAG\u00d3GICO N\u00cdVEL I, DA SECRETARIA MUNICIPAL DE EDUCA\u00c7\u00c3O, CI\u00caNCIA, TECNOLOGIA E INOVA\u00c7\u00c3O, o (a) Sr(a). CLAUDIANE GARCEZ DE SOUSA SILVA<\/a><\/li>\n\t\t<li class=\"wsp-post\"><a href=\"https:\/\/saobernardo.ma.gov.br\/transparencia\/portarias\/portaria-no-484-de-22-de-setembro-de-2025-resolve-exonerar-do-cargo-em-comissao-de-assessor-pedagogico-nivel-i-da-secretaria-municipal-de-educacao-ciencia-tecnologia-e-inovacao-o-a-sra-ana\/\">PORTARIA N\u00ba 484, DE 22 DE SETEMBRO DE 2025- RESOLVE EXONERAR, do Cargo em Comiss\u00e3o de ASSESSOR PEDAG\u00d3GICO N\u00cdVEL I, DA SECRETARIA MUNICIPAL DE EDUCA\u00c7\u00c3O, CI\u00caNCIA, TECNOLOGIA E INOVA\u00c7\u00c3O, o (a) Sr(a). ANA MARIA VIEIRA SANTOS.<\/a><\/li>\n\t\t<li class=\"wsp-post\"><a href=\"https:\/\/saobernardo.ma.gov.br\/transparencia\/portarias\/portaria-no-483-de-22-de-setembro-de-2025-resolve-nomear-para-o-cargo-em-comissao-de-assessor-pedagogico-nivel-iii-dai-da-secretaria-municipal-de-educacao-ciencia-tecnologia-e-inovacao-o-a\/\">PORTARIA N\u00ba 483, DE 22 DE SETEMBRO DE 2025 &#8211; RESOLVE NOMEAR, para o Cargo em Comiss\u00e3o de ASSESSOR PEDAG\u00d3GICO N\u00cdVEL III &#8211; DAI, DA SECRETARIA MUNICIPAL DE EDUCA\u00c7\u00c3O, CI\u00caNCIA, TECNOLOGIA E INOVA\u00c7\u00c3O, o (a) Sr(a). TAIS DA SILVA DOS SANTOS.<\/a><\/li>\n\t\t<li class=\"wsp-post\"><a href=\"https:\/\/saobernardo.ma.gov.br\/transparencia\/portarias\/portaria-no482-de-22-de-setembro-de-2025-resolve-nomear-para-o-cargo-em-comissao-de-assessor-pedagogico-nivel-iii-dai-da-secretaria-municipal-de-educacao-ciencia-tecnologia-e-inovacao-o-a\/\">PORTARIA N\u00ba482, DE 22 DE SETEMBRO DE 2025 &#8211; RESOLVE NOMEAR, para o Cargo em Comiss\u00e3o de ASSESSOR PEDAG\u00d3GICO N\u00cdVEL III &#8211; DAI, DA SECRETARIA MUNICIPAL DE EDUCA\u00c7\u00c3O, CI\u00caNCIA, TECNOLOGIA E INOVA\u00c7\u00c3O, o (a) Sr(a). PATRICIA SOARES SILVA.<\/a><\/li>\n\t\t<li class=\"wsp-post\"><a href=\"https:\/\/saobernardo.ma.gov.br\/transparencia\/portarias\/portaria-no481-de-22-de-setembro-de-2025-resolve-nomear-para-o-cargo-em-comissao-de-assessor-pedagogico-nivel-iii-dai-da-secretaria-municipal-de-educacao-ciencia-tecnologia-e-inovacao-o-a\/\">PORTARIA N\u00ba481, DE 22 DE SETEMBRO DE 2025 &#8211; RESOLVE NOMEAR, para o Cargo em Comiss\u00e3o de ASSESSOR PEDAG\u00d3GICO N\u00cdVEL III &#8211; DAI, DA SECRETARIA MUNICIPAL DE EDUCA\u00c7\u00c3O, CI\u00caNCIA, TECNOLOGIA E INOVA\u00c7\u00c3O, o (a) Sr(a). NUBIA MARIA DE ALMEIDA COSTA<\/a><\/li>\n\t\t<li class=\"wsp-post\"><a href=\"https:\/\/saobernardo.ma.gov.br\/transparencia\/portarias\/portaria-no480-de-22-de-setembro-de-2025-resolve-nomear-para-o-cargo-em-comissao-de-assessor-pedagogico-nivel-iii-dai-da-secretaria-municipal-de-educacao-ciencia-tecnologia-e-inovacao-o-a\/\">PORTARIA N\u00ba480, DE 22 DE SETEMBRO DE 2025 &#8211; RESOLVE NOMEAR, para o Cargo em Comiss\u00e3o de ASSESSOR PEDAG\u00d3GICO N\u00cdVEL III &#8211; DAI, DA SECRETARIA MUNICIPAL DE EDUCA\u00c7\u00c3O, CI\u00caNCIA, TECNOLOGIA E INOVA\u00c7\u00c3O, o (a) Sr(a). MARCOS GILDANE DE ARAUJO BARROS<\/a><\/li>\n\t\t<li class=\"wsp-post\"><a href=\"https:\/\/saobernardo.ma.gov.br\/transparencia\/portarias\/portaria-no-479-de-22-de-setembro-de-2025-resolve-nomear-para-o-cargo-em-comissao-de-assessor-pedagogico-nivel-iii-dai-da-secretaria-municipal-de-educacao-ciencia-tecnologia-e-inovacao-o-a\/\">PORTARIA N\u00ba 479, DE 22 DE SETEMBRO DE 2025 &#8211; RESOLVE NOMEAR, para o Cargo em Comiss\u00e3o de ASSESSOR PEDAG\u00d3GICO N\u00cdVEL III &#8211; DAI, DA SECRETARIA MUNICIPAL DE EDUCA\u00c7\u00c3O, CI\u00caNCIA, TECNOLOGIA E INOVA\u00c7\u00c3O, o (a) Sr(a). LUCAS COSTA DO NASCIMENTO<\/a><\/li>\n\t\t<li class=\"wsp-post\"><a href=\"https:\/\/saobernardo.ma.gov.br\/transparencia\/portarias\/portaria-no478-de-22-de-setembro-de-2025-resolve-nomear-para-o-cargo-em-comissao-de-assessor-pedagogico-nivel-iii-dai-da-secretaria-municipal-de-educacao-ciencia-tecnologia-e-inovacao\/\">PORTARIA N\u00ba478, DE 22 DE SETEMBRO DE 2025 &#8211; RESOLVE NOMEAR, para o Cargo em Comiss\u00e3o de ASSESSOR PEDAG\u00d3GICO N\u00cdVEL III \u2013 DAI, DA SECRETARIA MUNICIPAL DE EDUCA\u00c7\u00c3O, CI\u00caNCIA, TECNOLOGIA E INOVA\u00c7\u00c3O, o (a) Sr(a). JOSE CLAUDIO FELIX DOS SANTOS.<\/a><\/li>\n\t\t<li class=\"wsp-post\"><a href=\"https:\/\/saobernardo.ma.gov.br\/transparencia\/portarias\/portaria-no477-de-18-de-setembro-de-2025-resolve-nomear-para-o-cargo-em-comissao-de-assessor-pedagogico-nivel-iii-dai-da-secretaria-municipal-de-educacao-ciencia-tecnologia-e-inovacao-o-a\/\">PORTARIA N\u00ba477, DE 22 DE SETEMBRO DE 2025 &#8211; RESOLVE NOMEAR, para o Cargo em Comiss\u00e3o de ASSESSOR PEDAG\u00d3GICO N\u00cdVEL III &#8211; DAI, DA SECRETARIA MUNICIPAL DE EDUCA\u00c7\u00c3O, CI\u00caNCIA, TECNOLOGIA E INOVA\u00c7\u00c3O, o (a) Sr(a). GILDEAN FARIAS CARDOSO<\/a><\/li>\n\t\t<li class=\"wsp-post\"><a href=\"https:\/\/saobernardo.ma.gov.br\/transparencia\/portarias\/portaria-no476-de-22-de-setembro-de-2025-resolve-nomear-para-o-cargo-em-comissao-de-assessor-pedagogico-nivel-iii-dai-da-secretaria-municipal-de-educacao-ciencia-tecnologia-e-inovacao-o-a\/\">PORTARIA N\u00ba476, DE 22 DE SETEMBRO DE 2025 &#8211; RESOLVE NOMEAR, para o Cargo em Comiss\u00e3o de ASSESSOR PEDAG\u00d3GICO N\u00cdVEL III &#8211; DAI, DA SECRETARIA MUNICIPAL DE EDUCA\u00c7\u00c3O, CI\u00caNCIA, TECNOLOGIA E INOVA\u00c7\u00c3O, o (a) Sr(a). GICELIA CARDOSO LAGES DA SILVA.<\/a><\/li>\n\t\t<li class=\"wsp-post\"><a href=\"https:\/\/saobernardo.ma.gov.br\/transparencia\/portarias\/portaria-no475-de-22-de-setembro-de-2025-resolve-nomear-para-o-cargo-em-comissao-de-assessor-pedagogico-nivel-iii-dai-da-secretaria-municipal-de-educacao-ciencia-tecnologia-e-inovacao-o-a\/\">PORTARIA N\u00ba475, DE 22 DE SETEMBRO DE 2025 &#8211; RESOLVE NOMEAR, para o Cargo em Comiss\u00e3o de ASSESSOR PEDAG\u00d3GICO N\u00cdVEL III &#8211; DAI, DA SECRETARIA MUNICIPAL DE EDUCA\u00c7\u00c3O, CI\u00caNCIA, TECNOLOGIA E INOVA\u00c7\u00c3O, o (a) Sr(a). FRANCISCA MARTA DA SILVA DOS SANTOS.<\/a><\/li>\n\t\t<li class=\"wsp-post\"><a href=\"https:\/\/saobernardo.ma.gov.br\/transparencia\/portarias\/portaria-no474-de-22-de-setembro-de-2025-resolve-nomear-para-o-cargo-em-comissao-de-assessor-pedagogico-nivel-iii-dai-da-secretaria-municipal-de-educacao-ciencia-tecnologia-e-inovacao-o-a\/\">PORTARIA N\u00ba474, DE 22 DE SETEMBRO DE 2025 &#8211; RESOLVE NOMEAR, para o Cargo em Comiss\u00e3o de ASSESSOR PEDAG\u00d3GICO N\u00cdVEL III &#8211; DAI, DA SECRETARIA MUNICIPAL DE EDUCA\u00c7\u00c3O, CI\u00caNCIA, TECNOLOGIA E INOVA\u00c7\u00c3O, o (a) Sr(a). FERNANDO ARAUJO.<\/a><\/li>\n\t\t<li class=\"wsp-post\"><a href=\"https:\/\/saobernardo.ma.gov.br\/transparencia\/portarias\/portaria-no473-de-22-de-setembro-de-2025-resolve-nomear-para-o-cargo-em-comissao-de-assessor-pedagogico-nivel-iii-dai-da-secretaria-municipal-de-educacao-ciencia-tecnologia-e-inovacao-o-a\/\">PORTARIA N\u00ba473, DE 22 DE SETEMBRO DE 2025 &#8211; RESOLVE NOMEAR, para o Cargo em Comiss\u00e3o de ASSESSOR PEDAG\u00d3GICO N\u00cdVEL III &#8211; DAI, DA SECRETARIA MUNICIPAL DE EDUCA\u00c7\u00c3O, CI\u00caNCIA, TECNOLOGIA E INOVA\u00c7\u00c3O, o (a) Sr(a). DEYVISON SILVA LISBOA.<\/a><\/li>\n\t\t<li class=\"wsp-post\"><a href=\"https:\/\/saobernardo.ma.gov.br\/transparencia\/portarias\/portaria-no472-de-22-de-setembro-de-2025-resolve-nomear-do-cargo-em-comissao-de-assessor-pedagogico-nivel-iii-dai-da-secretaria-municipal-de-educacao-ciencia-tecnologia-e-inovacao-o-a-sra\/\">PORTARIA N\u00ba472, DE 22 DE SETEMBRO DE 2025 &#8211; RESOLVE NOMEAR, do Cargo em Comiss\u00e3o de ASSESSOR PEDAG\u00d3GICO N\u00cdVEL III &#8211; DAI, DA SECRETARIA MUNICIPAL DE EDUCA\u00c7\u00c3O, CI\u00caNCIA, TECNOLOGIA E INOVA\u00c7\u00c3O, o (a) Sr(a). CLAUDIOMAR ALMEIDA SOUZA<\/a><\/li>\n\t\t<li class=\"wsp-post\"><a href=\"https:\/\/saobernardo.ma.gov.br\/transparencia\/portarias\/portaria-no471-de-22-de-setembro-de-2025-resolve-nomear-do-cargo-em-comissao-de-assessor-pedagogico-nivel-iii-dai-da-secretaria-municipal-de-educacao-ciencia-tecnologia-e-inovacao-o\/\">PORTARIA N\u00ba471, DE 22 DE SETEMBRO DE 2025 &#8211; RESOLVE NOMEAR, do Cargo em Comiss\u00e3o de ASSESSOR PEDAG\u00d3GICO N\u00cdVEL III \u2013 DAI, DA SECRETARIA MUNICIPAL DE EDUCA\u00c7\u00c3O, CI\u00caNCIA, TECNOLOGIA E INOVA\u00c7\u00c3O, o (a) Sr(a). CASSIA ROCHA PORTELA<\/a><\/li>\n\t\t<li class=\"wsp-post\"><a href=\"https:\/\/saobernardo.ma.gov.br\/transparencia\/portarias\/portaria-no470-de-22-de-setembro-de-2025-resolve-nomear-para-o-cargo-em-comissao-de-assessor-pedagogico-nivel-iii-dai-da-secretaria-municipal-de-educacao-ciencia-tecnologia-e-inovacao\/\">PORTARIA N\u00ba470, DE 22 DE SETEMBRO DE 2025 &#8211; RESOLVE NOMEAR, para o Cargo em Comiss\u00e3o de ASSESSOR PEDAG\u00d3GICO N\u00cdVEL III \u2013 DAI, DA SECRETARIA MUNICIPAL DE EDUCA\u00c7\u00c3O, CI\u00caNCIA, TECNOLOGIA E INOVA\u00c7\u00c3O, o (a) Sr(a). ANDRESSA MARIA RODRIGUES COUTO<\/a><\/li>\n\t\t<li class=\"wsp-post\"><a href=\"https:\/\/saobernardo.ma.gov.br\/transparencia\/portarias\/portaria-no469-de-22-de-setembro-de-2025-resolve-exonerar-do-cargo-em-comissao-de-assessor-pedagogico-nivel-ii-da-secretaria-municipal-de-educacao-ciencia-tecnologia-e-inovacao-o-a-sra-ta\/\">PORTARIA N\u00ba469, DE 22 DE SETEMBRO DE 2025 &#8211; RESOLVE EXONERAR, do Cargo em Comiss\u00e3o de ASSESSOR PEDAG\u00d3GICO N\u00cdVEL II, DA SECRETARIA MUNICIPAL DE EDUCA\u00c7\u00c3O, CI\u00caNCIA, TECNOLOGIA E INOVA\u00c7\u00c3O, o (a) Sr(a). TAIS DA SILVA DOS SANTOS.<\/a><\/li>\n\t\t<li class=\"wsp-post\"><a href=\"https:\/\/saobernardo.ma.gov.br\/transparencia\/portarias\/portaria-no468-de-22-de-setembro-de-2025-resolve-exonerar-do-cargo-em-comissao-de-assessor-pedagogico-nivel-ii-da-secretaria-municipal-de-educacao-ciencia-tecnologia-e-inovacao-o-a-sra-pa\/\">PORTARIA N\u00ba468, DE 22 DE SETEMBRO DE 2025 &#8211; RESOLVE EXONERAR, do Cargo em Comiss\u00e3o de ASSESSOR PEDAG\u00d3GICO N\u00cdVEL II, DA SECRETARIA MUNICIPAL DE EDUCA\u00c7\u00c3O, CI\u00caNCIA, TECNOLOGIA E INOVA\u00c7\u00c3O, o (a) Sr(a). PATRICIA SOARES SILVA.<\/a><\/li>\n\t\t<li class=\"wsp-post\"><a href=\"https:\/\/saobernardo.ma.gov.br\/transparencia\/portarias\/portaria-no467-de-22-de-setembro-de-2025-resolve-exonerar-do-cargo-em-comissao-de-assessor-pedagogico-nivel-ii-da-secretaria-municipal-de-educacao-ciencia-tecnologia-e-inovacao-o-a-sra-nu\/\">PORTARIA N\u00ba467, DE 22 DE SETEMBRO DE 2025 &#8211; RESOLVE EXONERAR, do Cargo em Comiss\u00e3o de ASSESSOR PEDAG\u00d3GICO N\u00cdVEL II, DA SECRETARIA MUNICIPAL DE EDUCA\u00c7\u00c3O, CI\u00caNCIA, TECNOLOGIA E INOVA\u00c7\u00c3O, o (a) Sr(a). NUBIA MARIA DE ALMEIDA COSTA.<\/a><\/li>\n\t\t<li class=\"wsp-post\"><a href=\"https:\/\/saobernardo.ma.gov.br\/transparencia\/portarias\/portaria-no466-de-22-de-setembro-de-2025-resolve-exonerar-do-cargo-em-comissao-de-assessor-pedagogico-nivel-ii-da-secretaria-municipal-de-educacao-ciencia-tecnologia-e-inovacao-o-a-sra-ma\/\">PORTARIA N\u00ba466, DE 22 DE SETEMBRO DE 2025 &#8211; RESOLVE EXONERAR, do Cargo em Comiss\u00e3o de ASSESSOR PEDAG\u00d3GICO N\u00cdVEL II, DA SECRETARIA MUNICIPAL DE EDUCA\u00c7\u00c3O, CI\u00caNCIA, TECNOLOGIA E INOVA\u00c7\u00c3O, o (a) Sr(a). MARCOS GILDANE DE ARAUJO BARROS.<\/a><\/li>\n\t\t<li class=\"wsp-post\"><a href=\"https:\/\/saobernardo.ma.gov.br\/transparencia\/portarias\/portaria-no465-de-22-de-setembro-de-2025-resolve-exonerar-do-cargo-em-comissao-de-assessor-pedagogico-nivel-ii-da-secretaria-municipal-de-educacao-ciencia-tecnologia-e-inovacao-o-a-sra-lu\/\">PORTARIA N\u00ba465, DE 22 DE SETEMBRO DE 2025 &#8211; RESOLVE EXONERAR, do Cargo em Comiss\u00e3o de ASSESSOR PEDAG\u00d3GICO N\u00cdVEL II, DA SECRETARIA MUNICIPAL DE EDUCA\u00c7\u00c3O, CI\u00caNCIA, TECNOLOGIA E INOVA\u00c7\u00c3O, o (a) Sr(a). LUCAS COSTA DO NASCIMENTO.<\/a><\/li>\n\t\t<li class=\"wsp-post\"><a href=\"https:\/\/saobernardo.ma.gov.br\/transparencia\/portarias\/portaria-no464-de-22-de-setembro-de-2025\/\">PORTARIA N\u00ba464, DE 22 DE SETEMBRO DE 2025 &#8211; RESOLVE EXONERAR, do Cargo em Comiss\u00e3o de ASSESSOR PEDAG\u00d3GICO N\u00cdVEL II, DA SECRETARIA MUNICIPAL DE EDUCA\u00c7\u00c3O, CI\u00caNCIA, TECNOLOGIA E INOVA\u00c7\u00c3O, o (a) Sr(a). JOSE CLAUDIO FELIX DOS SANTOS<\/a><\/li>\n\t\t<li class=\"wsp-post\"><a href=\"https:\/\/saobernardo.ma.gov.br\/transparencia\/portarias\/portaria-no463-de-22-de-setembro-de-2025-exonerar-do-cargo-em-comissao-de-assessor-pedagogico-nivel-ii-da-secretaria-municipal-de-educacao-ciencia-tecnologia-e-inovacao-o-a-sra-gildean-fa\/\">PORTARIA N\u00ba463, DE 22 DE SETEMBRO DE 2025 &#8211; EXONERAR, do Cargo em Comiss\u00e3o de ASSESSOR PEDAG\u00d3GICO N\u00cdVEL II, DA SECRETARIA MUNICIPAL DE EDUCA\u00c7\u00c3O, CI\u00caNCIA, TECNOLOGIA E INOVA\u00c7\u00c3O, o (a) Sr(a). GILDEAN FARIAS CARDOSO.<\/a><\/li>\n\t\t<li class=\"wsp-post\"><a href=\"https:\/\/saobernardo.ma.gov.br\/transparencia\/portarias\/portaria-no462-de-22-de-setembro-de-2025-resolve-exonerar-do-cargo-em-comissao-de-assessor-pedagogico-nivel-ii-da-secretaria-municipal-de-educacao-ciencia-tecnologia-e-inovacao-o-a-sra-gi\/\">PORTARIA N\u00ba462, DE 22 DE SETEMBRO DE 2025 &#8211; RESOLVE EXONERAR, do Cargo em Comiss\u00e3o de ASSESSOR PEDAG\u00d3GICO N\u00cdVEL II, DA SECRETARIA MUNICIPAL DE EDUCA\u00c7\u00c3O, CI\u00caNCIA, TECNOLOGIA E INOVA\u00c7\u00c3O, o (a) Sr(a). GICELIA CARDOSO LAGES DA SILVA.<\/a><\/li>\n\t\t<li class=\"wsp-post\"><a href=\"https:\/\/saobernardo.ma.gov.br\/transparencia\/portarias\/portaria-no-461-de-22-de-setembro-de-2025-resolve-exonerar-do-cargo-em-comissao-de-assessor-pedagogico-nivel-ii-da-secretaria-municipal-de-educacao-ciencia-tecnologia-e-inovacao-o-a-sra-f\/\">PORTARIA N\u00ba 461, DE 22 DE SETEMBRO DE 2025 &#8211; RESOLVE EXONERAR, do Cargo em Comiss\u00e3o de ASSESSOR PEDAG\u00d3GICO N\u00cdVEL II, DA SECRETARIA MUNICIPAL DE EDUCA\u00c7\u00c3O, CI\u00caNCIA, TECNOLOGIA E INOVA\u00c7\u00c3O, o (a) Sr(a). FRANCISCA MARTA DA SILVA DOS SANTOS.<\/a><\/li>\n\t\t<li class=\"wsp-post\"><a href=\"https:\/\/saobernardo.ma.gov.br\/transparencia\/portarias\/portaria-no-460-de-22-de-setembro-de-2025-resolve-exonerar-do-cargo-em-comissao-de-assessor-pedagogico-nivel-ii-da-secretaria-municipal-de-educacao-ciencia-tecnologia-e-inovacao-o-a-sra-f\/\">PORTARIA N\u00ba 460, DE 22 DE SETEMBRO DE 2025 &#8211; RESOLVE EXONERAR, do Cargo em Comiss\u00e3o de ASSESSOR PEDAG\u00d3GICO N\u00cdVEL II, DA SECRETARIA MUNICIPAL DE EDUCA\u00c7\u00c3O, CI\u00caNCIA, TECNOLOGIA E INOVA\u00c7\u00c3O, o (a) Sr(a). FERNANDO ARAUJO.<\/a><\/li>\n\t\t<li class=\"wsp-post\"><a href=\"https:\/\/saobernardo.ma.gov.br\/transparencia\/portarias\/portaria-no-459-de-22-de-setembro-de-2025-exonerar-do-cargo-em-comissao-de-assessor-pedagogico-nivel-ii-da-secretaria-municipal-de-educacao-ciencia-tecnologia-e-inovacao-o-a-sra-deyvison\/\">PORTARIA N\u00ba 459, DE 22 DE SETEMBRO DE 2025 &#8211; EXONERAR, do Cargo em Comiss\u00e3o de ASSESSOR PEDAG\u00d3GICO N\u00cdVEL II, DA SECRETARIA MUNICIPAL DE EDUCA\u00c7\u00c3O, CI\u00caNCIA, TECNOLOGIA E INOVA\u00c7\u00c3O, o (a) Sr(a). DEYVISON SILVA LISBOA<\/a><\/li>\n\t\t<li class=\"wsp-post\"><a href=\"https:\/\/saobernardo.ma.gov.br\/transparencia\/portarias\/portaria-no-458-de-22-de-setembro-de-2025-resolve-exonerar-do-cargo-em-comissao-de-assessor-pedagogico-nivel-ii-da-secretaria-municipal-de-educacao-ciencia-tecnologia-e-inovacao-o-a-sra-c\/\">PORTARIA N\u00ba 458, DE 22 DE SETEMBRO DE 2025 &#8211; RESOLVE EXONERAR, do Cargo em Comiss\u00e3o de ASSESSOR PEDAG\u00d3GICO N\u00cdVEL II, DA SECRETARIA MUNICIPAL DE EDUCA\u00c7\u00c3O, CI\u00caNCIA, TECNOLOGIA E INOVA\u00c7\u00c3O, o (a) Sr(a). CLAUDIOMAR ALMEIDA SOUZA.<\/a><\/li>\n\t\t<li class=\"wsp-post\"><a href=\"https:\/\/saobernardo.ma.gov.br\/transparencia\/portarias\/portaria-no457-de-22-de-setembro-de-2025-resolve-exonerar-do-cargo-em-comissao-de-assessor-pedagogico-nivel-ii-da-secretaria-municipal-de-educacao-ciencia-tecnologia-e-inovacao-o-a-sra-ca\/\">PORTARIA N\u00ba,457 DE 22 DE SETEMBRO DE 2025 &#8211; RESOLVE EXONERAR, do Cargo em Comiss\u00e3o de ASSESSOR PEDAG\u00d3GICO N\u00cdVEL II, DA SECRETARIA MUNICIPAL DE EDUCA\u00c7\u00c3O, CI\u00caNCIA, TECNOLOGIA E INOVA\u00c7\u00c3O, o (a) Sr(a). CASSIA ROCHA PORTELA.<\/a><\/li>\n\t\t<li class=\"wsp-post\"><a href=\"https:\/\/saobernardo.ma.gov.br\/transparencia\/portarias\/portaria-no-456-de-22-de-setembro-de-2025-resolve-exonerar-do-cargo-em-comissao-de-assessor-pedagogico-nivel-ii-da-secretaria-municipal-de-educacao-ciencia-tecnologia-e-inovacao-o-a-sra-a\/\">PORTARIA N\u00ba 456, DE 22 DE SETEMBRO DE 2025 &#8211; RESOLVE EXONERAR, do Cargo em Comiss\u00e3o de ASSESSOR PEDAG\u00d3GICO N\u00cdVEL II, DA SECRETARIA MUNICIPAL DE EDUCA\u00c7\u00c3O, CI\u00caNCIA, TECNOLOGIA E INOVA\u00c7\u00c3O, o (a) Sr(a). ANDRESSA MARIA RODRIGUES COUTO.<\/a><\/li>\n\t\t<li class=\"wsp-post\"><a href=\"https:\/\/saobernardo.ma.gov.br\/transparencia\/portarias\/portaria-no-455-de-22-de-setembro-de-2025-resolve-nomear-para-o-cargo-em-comissao-de-assessor-especial-nivel-ii-dai-do-gabinete-do-prefeito-o-a-sra-isabella-nunes-abreu-duarte\/\">PORTARIA N\u00ba 455, DE 22 DE SETEMBRO DE 2025 &#8211; RESOLVE NOMEAR, para o Cargo em Comiss\u00e3o de ASSESSOR ESPECIAL N\u00cdVEL II &#8211; DAI, DO GABINETE DO PREFEITO, o (a) Sr(a). ISABELLA NUNES ABREU DUARTE.<\/a><\/li>\n\t\t<li class=\"wsp-post\"><a href=\"https:\/\/saobernardo.ma.gov.br\/transparencia\/portarias\/portaria-no-454-de-22-de-setembro-de-2025-resolve-nomear-para-o-cargo-em-comissao-de-assessor-especial-nivel-ii-dai-do-gabinete-do-prefeito-o-a-sra-giselly-ferrari-almeida-da-silva\/\">PORTARIA N\u00ba 454, DE 22 DE SETEMBRO DE 2025 &#8211; RESOLVE NOMEAR, para o Cargo em Comiss\u00e3o de ASSESSOR ESPECIAL N\u00cdVEL II &#8211; DAI, DO GABINETE DO PREFEITO, o (a) Sr(a). GISELLY FERRARI ALMEIDA DA SILVA<\/a><\/li>\n\t\t<li class=\"wsp-post\"><a href=\"https:\/\/saobernardo.ma.gov.br\/transparencia\/portarias\/portaria-no-453-de-22-de-setembro-de-2025-resolve-nomear-para-o-cargo-em-comissao-de-assessor-especial-nivel-ii-dai-do-gabinete-do-prefeito-o-a-sra-diogenes-cabral-de-lima\/\">PORTARIA N\u00ba 453, DE 22 DE SETEMBRO DE 2025 &#8211; RESOLVE NOMEAR, para o Cargo em Comiss\u00e3o de ASSESSOR ESPECIAL N\u00cdVEL II &#8211; DAI, DO GABINETE DO PREFEITO, o (a) Sr(a). DIOGENES CABRAL DE LIMA.<\/a><\/li>\n\t\t<li class=\"wsp-post\"><a href=\"https:\/\/saobernardo.ma.gov.br\/transparencia\/portarias\/portaria-no-452-de-22-de-setembro-de-2025-resolve-nomear-para-o-cargo-em-comissao-de-assessor-especial-nivel-ii-dai-do-gabinete-do-prefeito-o-a-sra-cintia-raquel-veloso-gusmao\/\">PORTARIA N\u00ba 452, DE 22 DE SETEMBRO DE 2025 &#8211; RESOLVE NOMEAR, para o Cargo em Comiss\u00e3o de ASSESSOR ESPECIAL N\u00cdVEL II &#8211; DAI, DO GABINETE DO PREFEITO, o (a) Sr(a). CINTIA RAQUEL VELOSO GUSM\u00c3O.<\/a><\/li>\n\t\t<li class=\"wsp-post\"><a href=\"https:\/\/saobernardo.ma.gov.br\/transparencia\/portarias\/portaria-no-451-de-22-de-setembro-de-2025-resolve-nomear-para-o-cargo-em-comissao-de-assessor-especial-nivel-ii-dai-do-gabinete-do-prefeito-o-a-sra-carlos-alberto-sales-lopes\/\">PORTARIA N\u00ba 451, DE 22 DE SETEMBRO DE 2025 &#8211; RESOLVE NOMEAR, para o Cargo em Comiss\u00e3o de ASSESSOR ESPECIAL N\u00cdVEL II &#8211; DAI, DO GABINETE DO PREFEITO, o (a) Sr(a). CARLOS ALBERTO SALES LOPES.<\/a><\/li>\n\t\t<li class=\"wsp-post\"><a href=\"https:\/\/saobernardo.ma.gov.br\/transparencia\/portarias\/portaria-no-450-de-22-de-setembro-de-2025-resolve-nomear-para-o-cargo-em-comissao-de-assessor-especial-nivel-ii-dai-do-gabinete-do-prefeito-o-a-sra-carlos-alberto-gusmao\/\">PORTARIA N\u00ba 450, DE 22 DE SETEMBRO DE 2025 &#8211; RESOLVE NOMEAR, para o Cargo em Comiss\u00e3o de ASSESSOR ESPECIAL N\u00cdVEL II &#8211; DAI, DO GABINETE DO PREFEITO, o (a) Sr(a). CARLOS ALBERTO GUSM\u00c3O.<\/a><\/li>\n\t\t<li class=\"wsp-post\"><a href=\"https:\/\/saobernardo.ma.gov.br\/transparencia\/portarias\/portaria-no-449-de-22-de-setembro-de-2025-resolve-nomear-para-o-cargo-em-comissao-de-assessor-especial-nivel-ii-dai-do-gabinete-do-prefeito-o-a-sra-antonio-jose-lobato-brito\/\">PORTARIA N\u00ba 449, DE 22 DE SETEMBRO DE 2025 &#8211; RESOLVE NOMEAR, para o Cargo em Comiss\u00e3o de ASSESSOR ESPECIAL N\u00cdVEL II &#8211; DAI, DO GABINETE DO PREFEITO, o (a) Sr(a). ANTONIO JOSE LOBATO BRITO.<\/a><\/li>\n\t\t<li class=\"wsp-post\"><a href=\"https:\/\/saobernardo.ma.gov.br\/transparencia\/portarias\/portaria-no448-de-22-de-setembro-de-2025-resolve-nomear-para-o-cargo-em-comissao-de-assessor-especial-nivel-ii-dai-do-gabinete-do-prefeito-o-a-sra-andre-goncalves-monteiro-de-lima\/\">PORTARIA N\u00ba448, DE 22 DE SETEMBRO DE 2025 &#8211; RESOLVE NOMEAR para o Cargo em Comiss\u00e3o de ASSESSOR ESPECIAL N\u00cdVEL II &#8211; DAI, DO GABINETE DO PREFEITO, o (a) Sr(a). ANDRE GON\u00c7ALVES MONTEIRO DE LIMA.<\/a><\/li>\n\t\t<li class=\"wsp-post\"><a href=\"https:\/\/saobernardo.ma.gov.br\/transparencia\/portarias\/portaria-no-447-de-22-de-setembro-de-2025-resolve-exonerar-do-cargo-em-comissao-de-assessor-especial-nivel-i-do-gabinete-do-prefeito-o-a-sra-isabella-nunes-abreu-duarte\/\">PORTARIA N\u00ba 447, DE 22 DE SETEMBRO DE 2025 &#8211; RESOLVE EXONERAR, do Cargo em Comiss\u00e3o de ASSESSOR ESPECIAL N\u00cdVEL I, DO GABINETE DO PREFEITO, o (a) Sr(a). ISABELLA NUNES ABREU DUARTE.<\/a><\/li>\n\t\t<li class=\"wsp-post\"><a href=\"https:\/\/saobernardo.ma.gov.br\/transparencia\/portarias\/portaria-no-446-de-22-de-setembro-de-2025-resolve-exonerar-do-cargo-em-comissao-de-assessor-especial-nivel-i-do-gabinete-do-prefeito-o-a-sra-giselly-ferrari-almeida-da-silva\/\">PORTARIA N\u00ba 446, DE 22 DE SETEMBRO DE 2025 &#8211; RESOLVE EXONERAR, do Cargo em Comiss\u00e3o de ASSESSOR ESPECIAL N\u00cdVEL I, DO GABINETE DO PREFEITO, o (a) Sr(a). GISELLY FERRARI ALMEIDA DA SILVA.<\/a><\/li>\n\t\t<li class=\"wsp-post\"><a href=\"https:\/\/saobernardo.ma.gov.br\/transparencia\/portarias\/portaria-no445-de-22-de-setembro-de-2025-resolve-exonerar-do-cargo-em-comissao-de-assessor-especial-nivel-i-do-gabinete-do-prefeito-o-a-sra-gilson-alex-fonseca-carvalho\/\">PORTARIA N\u00ba445, DE 22 DE SETEMBRO DE 2025- RESOLVE EXONERAR, do Cargo em Comiss\u00e3o de ASSESSOR ESPECIAL N\u00cdVEL I, DO GABINETE DO PREFEITO, o (a) Sr(a). GILSON ALEX FONSECA CARVALHO.<\/a><\/li>\n\t\t<li class=\"wsp-post\"><a href=\"https:\/\/saobernardo.ma.gov.br\/transparencia\/portarias\/portaria-no444-de-22-de-setembro-de-2025-resolve-exonerar-do-cargo-em-comissao-de-assessor-especial-nivel-i-do-gabinete-do-prefeito-o-a-sra-diogenes-cabral-de-lima\/\">PORTARIA N\u00ba444, DE 22 DE SETEMBRO DE 2025 &#8211; RESOLVE EXONERAR, do Cargo em Comiss\u00e3o de ASSESSOR ESPECIAL N\u00cdVEL I, DO GABINETE DO PREFEITO, o (a) Sr(a). DIOGENES CABRAL DE LIMA.<\/a><\/li>\n\t\t<li class=\"wsp-post\"><a href=\"https:\/\/saobernardo.ma.gov.br\/transparencia\/portarias\/portaria-no-443-de-22-de-setembro-de-2025-resolve-exonerar-do-cargo-em-comissao-de-assessor-especial-nivel-i-do-gabinete-do-prefeito-o-a-sra-cintia-raquel-veloso-gusmao\/\">PORTARIA N\u00ba 443, DE 22 DE SETEMBRO DE 2025 &#8211; RESOLVE EXONERAR, do Cargo em Comiss\u00e3o de ASSESSOR ESPECIAL N\u00cdVEL I, DO GABINETE DO PREFEITO, o (a) Sr(a). CINTIA RAQUEL VELOSO GUSM\u00c3O<\/a><\/li>\n\t\t<li class=\"wsp-post\"><a href=\"https:\/\/saobernardo.ma.gov.br\/transparencia\/portarias\/portaria-no-442-de-22-de-setembro-de-2025-resolve-exonerar-do-cargo-em-comissao-de-assessor-especial-nivel-i-do-gabinete-do-prefeito-o-a-sra-carlos-alberto-sales-lopes\/\">PORTARIA N\u00ba 442, DE 22 DE SETEMBRO DE 2025 &#8211; RESOLVE EXONERAR, do Cargo em Comiss\u00e3o de ASSESSOR ESPECIAL N\u00cdVEL &#8211; I, DO GABINETE DO PREFEITO, o (a) Sr(a). CARLOS ALBERTO SALES LOPES.<\/a><\/li>\n\t\t<li class=\"wsp-post\"><a href=\"https:\/\/saobernardo.ma.gov.br\/transparencia\/portarias\/portaria-no441-de-22-de-setembro-de-2025-resolve-exonerar-do-cargo-em-comissao-de-assessor-especial-nivel-i-do-gabinete-do-prefeito-o-a-sra-carlos-alberto-gusmao\/\">PORTARIA N\u00ba441, DE 22 DE SETEMBRO DE 2025 &#8211; RESOLVE EXONERAR, do Cargo em Comiss\u00e3o de ASSESSOR ESPECIAL N\u00cdVEL I, DO GABINETE DO PREFEITO, o (a) Sr(a). CARLOS ALBERTO GUSM\u00c3O.<\/a><\/li>\n\t\t<li class=\"wsp-post\"><a href=\"https:\/\/saobernardo.ma.gov.br\/transparencia\/portarias\/portaria-no440-de-22-de-setembro-de-2025-resolve-exonerar-do-cargo-em-comissao-de-assessor-especial-nivel-i-do-gabinete-do-prefeito-o-a-sra-antonio-jose-lobato-brito\/\">PORTARIA N\u00ba440, DE 22 DE SETEMBRO DE 2025 &#8211; RESOLVE EXONERAR, do Cargo em Comiss\u00e3o de ASSESSOR ESPECIAL N\u00cdVEL I, DO GABINETE DO PREFEITO, o (a) Sr(a). ANTONIO JOSE LOBATO BRITO.<\/a><\/li>\n\t\t<li class=\"wsp-post\"><a href=\"https:\/\/saobernardo.ma.gov.br\/transparencia\/portarias\/portaria-no439-de-22-de-setembro-de-2025-resolve-exonerar-do-cargo-em-comissao-de-assessor-especial-nivel-i-do-gabinete-do-prefeito-o-a-sra-andre-goncalves-monteiro-de-lima\/\">PORTARIA N\u00ba439, DE 22 DE SETEMBRO DE 2025 &#8211; RESOLVE EXONERAR, do Cargo em Comiss\u00e3o de ASSESSOR ESPECIAL N\u00cdVEL I, DO GABINETE DO PREFEITO, o (a) Sr(a). ANDRE GON\u00c7ALVES MONTEIRO DE LIMA.<\/a><\/li>\n\t\t<li class=\"wsp-post\"><a href=\"https:\/\/saobernardo.ma.gov.br\/transparencia\/portarias\/portaria-no-438-de-09-de-setembro-de-2025-resolve-nomear-para-o-cargo-em-comissao-de-assessor-pedagogico-nivel-iii-dai-da-secretaria-municipal-de-educacao-ciencia-tecnologia-e-inovaca\/\">PORTARIA N\u00ba 438, DE 09 DE SETEMBRO DE 2025 &#8211; RESOLVE NOMEAR, para o Cargo em Comiss\u00e3o de ASSESSOR PEDAG\u00d3GICO N\u00cdVEL III \u2013 DAI, DA SECRETARIA MUNICIPAL DE EDUCA\u00c7\u00c3O, CI\u00caNCIA, TECNOLOGIA E INOVA\u00c7\u00c3O, o (a) Sr(a). RIALISON FERREIRA DO NASCIMENTO<\/a><\/li>\n\t\t<li class=\"wsp-post\"><a href=\"https:\/\/saobernardo.ma.gov.br\/transparencia\/portarias\/portaria-no-437-de-09-de-setembro-de-2025-resolve-art-1o-nomear-para-o-cargo-em-comissao-de-assessor-especial-nivel-ii-dai-do-gabinete-do-prefeito-o-a-sra-beu-veras-barros\/\">PORTARIA N\u00ba 437, DE 09 DE SETEMBRO DE 2025 &#8211; RESOLVE NOMEAR, para o Cargo em Comiss\u00e3o de ASSESSOR ESPECIAL N\u00cdVEL II \u2013 DAI, DO GABINETE DO PREFEITO, o (a) Sr(a). BEU VERAS BARROS.<\/a><\/li>\n\t\t<li class=\"wsp-post\"><a href=\"https:\/\/saobernardo.ma.gov.br\/transparencia\/portarias\/portaria-no-436-de-09-de-setembro-de-2025-resolve-nomear-para-o-cargo-em-comissao-de-assessor-especial-nivel-ii-dai-do-gabinete-do-prefeito-o-a-sra-isaura-santos-da-silva\/\">PORTARIA N\u00ba 436, DE 09 DE SETEMBRO DE 2025 &#8211; RESOLVE NOMEAR, para o Cargo em Comiss\u00e3o de ASSESSOR ESPECIAL N\u00cdVEL II \u2013 DAI, DO GABINETE DO PREFEITO, o (a) Sr(a). ISAURA SANTOS DA SILVA.<\/a><\/li>\n\t\t<li class=\"wsp-post\"><a href=\"https:\/\/saobernardo.ma.gov.br\/transparencia\/portarias\/portaria-no435-de-09-de-setembro-de-2025-resolve-nomear-para-o-cargo-em-comissao-de-assessor-juridico-pedagogico-dans-da-secretaria-municipal-de-educacao-ciencia-tecnologia-e-inovacao\/\">PORTARIA N\u00ba435, DE 09 DE SETEMBRO DE 2025 &#8211; RESOLVE NOMEAR, para o Cargo em Comiss\u00e3o de ASSESSOR JUR\u00cdDICO PEDAG\u00d3GICO \u2013 DANS, DA SECRETARIA MUNICIPAL DE EDUCA\u00c7\u00c3O, CI\u00caNCIA, TECNOLOGIA E INOVA\u00c7\u00c3O, o (a) Sr(a). JOSE IVANILDO DA CUNHA SILVA FILHO.<\/a><\/li>\n\t\t<li class=\"wsp-post\"><a href=\"https:\/\/saobernardo.ma.gov.br\/transparencia\/portarias\/portaria-no-434-de-04-de-setembro-de-2025-resolve-nomear-para-o-cargo-em-comissao-de-diretor-adjunto-do-jardim-de-infancia-saci-perere-o-a-sra-bernarda-de-araujo-freire\/\">PORTARIA N\u00ba 434, DE 04 DE SETEMBRO DE 2025 &#8211; RESOLVE NOMEAR, para o Cargo em Comiss\u00e3o de DIRETOR ADJUNTO, do JARDIM DE INF\u00c2NCIA SACI &#8211; PERER\u00ca, o (a) Sr(a). BERNARDA DE ARAUJO FREIRE.<\/a><\/li>\n\t\t<li class=\"wsp-post\"><a href=\"https:\/\/saobernardo.ma.gov.br\/transparencia\/portarias\/portaria-no-433-de-04-de-setembro-de-2025-resolve-exonerar-do-cargo-em-comissao-de-diretor-adjunto-do-jardim-de-infancia-saci-perere-o-a-sra-maria-costa-carvalho\/\">PORTARIA N\u00ba 433, DE 04 DE SETEMBRO DE 2025 &#8211; RESOLVE EXONERAR, do Cargo em Comiss\u00e3o de DIRETOR ADJUNTO, do JARDIM DE INF\u00c2NCIA SACI &#8211; PERER\u00ca, o (a) Sr(a). MARIA COSTA CARVALHO.<\/a><\/li>\n\t\t<li class=\"wsp-post\"><a href=\"https:\/\/saobernardo.ma.gov.br\/transparencia\/portarias\/portaria-no-432-de-04-de-setembro-de-2025-resolve-art-1o-nomear-para-o-cargo-em-comissao-de-chefe-do-departamento-de-inscricao-e-cobranca-da-divida-ativa-das-da-secretaria-municipal\/\">PORTARIA N\u00ba 432, DE 04 DE SETEMBRO DE 2025 &#8211; RESOLVE NOMEAR, para o Cargo em Comiss\u00e3o de CHEFE DO DEPARTAMENTO DE INSCRI\u00c7\u00c3O E COBRAN\u00c7A DA D\u00cdVIDA ATIVA \u2013 DAS, DA SECRETARIA MUNICIPAL DE FAZENDA, o (a) Sr(a). STEFANIE ANALIA CARDOSO DOS SANTOS.<\/a><\/li>\n\t\t<li class=\"wsp-post\"><a href=\"https:\/\/saobernardo.ma.gov.br\/transparencia\/portarias\/portaria-no-431-de-03-de-setembro-de-2025-resolve-nomear-para-o-cargo-em-comissao-de-assessor-especial-nivel-ii-dai-do-gabinete-do-prefeito-o-a-sra-maria-araujo-pessoa-mourao\/\">PORTARIA N\u00ba 431, DE 03 DE SETEMBRO DE 2025 &#8211; RESOLVE NOMEAR, para o Cargo em Comiss\u00e3o de ASSESSOR ESPECIAL N\u00cdVEL II \u2013 DAI, DO GABINETE DO PREFEITO, o (a) Sr(a). MARIA ARAUJO PESSOA MOUR\u00c3O<\/a><\/li>\n\t\t<li class=\"wsp-post\"><a href=\"https:\/\/saobernardo.ma.gov.br\/transparencia\/portarias\/portaria-n-ooo4-2025-_-semecti-sao-bernardo-ma-criacao-da-comissao-provisoria-para-criacao-do-forum-municipal-de-educacao-do-municipio-de-sao-bernardo-ma\/\">PORTARIA N \u00baOO4\/2025 _ SEMECTI\/S\u00c3O BERNARDO-MA &#8211; Cria\u00e7\u00e3o da comiss\u00e3o provis\u00f3ria para cria\u00e7\u00e3o do F\u00f3rum Municipal de Educa\u00e7\u00e3o do Munic\u00edpio de S\u00e3o Bernardo &#8211; MA.<\/a><\/li>\n\t\t<li class=\"wsp-post\"><a href=\"https:\/\/saobernardo.ma.gov.br\/transparencia\/portarias\/portaria-no-430-de-27-de-agosto-de-2025-resolve-nomear-para-o-cargo-em-comissao-de-assessor-pedagogico-nivel-i-dans-da-secretaria-municipal-de-educacao-ciencia-tecnologia-e-inovacao\/\">PORTARIA N\u00ba 430, DE 27 DE AGOSTO DE 2025 &#8211; RESOLVE NOMEAR, para o Cargo em Comiss\u00e3o de ASSESSOR PEDAG\u00d3GICO N\u00cdVEL I \u2013 DANS, DA SECRETARIA MUNICIPAL DE EDUCA\u00c7\u00c3O, CI\u00caNCIA, TECNOLOGIA E INOVA\u00c7\u00c3O, o (a) Sr(a). JARDEL SELES DE SOUZA<\/a><\/li>\n\t\t<li class=\"wsp-post\"><a href=\"https:\/\/saobernardo.ma.gov.br\/transparencia\/portarias\/portaria-no-429-de-27-de-agosto-de-2025-resolve-art-1o-exonerar-do-cargo-em-comissao-de-assessor-especial-nivel-ii-do-gabinete-do-prefeito-o-a-sra-jardel-seles-de-souza\/\">PORTARIA N\u00ba 429, DE 27 DE AGOSTO DE 2025 &#8211; RESOLVE EXONERAR, do Cargo em Comiss\u00e3o de ASSESSOR ESPECIAL N\u00cdVEL II, DO GABINETE DO PREFEITO, o (a) Sr(a). JARDEL SELES DE SOUZA<\/a><\/li>\n\t\t<li class=\"wsp-post\"><a href=\"https:\/\/saobernardo.ma.gov.br\/transparencia\/portarias\/portaria-no-428-de-27-de-agosto-de-2025-resolve-exonerar-do-cargo-em-comissao-de-assessor-pedagogico-nivel-i-da-secretaria-municipal-de-educacao-ciencia-tecnologia-e-inovacao-o-a-sra-vald\/\">PORTARIA N\u00ba 428, DE 27 DE AGOSTO DE 2025 &#8211; RESOLVE EXONERAR, do Cargo em Comiss\u00e3o de ASSESSOR PEDAG\u00d3GICO N\u00cdVEL I, da SECRETARIA MUNICIPAL DE EDUCA\u00c7\u00c3O, CI\u00caNCIA, TECNOLOGIA E INOVA\u00c7\u00c3O, o (a) Sr(a). VALDEMIR MELO SILVA.<\/a><\/li>\n\t\t<li class=\"wsp-post\"><a href=\"https:\/\/saobernardo.ma.gov.br\/transparencia\/portarias\/portaria-no-427-de-27-de-agosto-de-2025-resolve-exonerar-por-falecimento-do-cargo-de-provimento-efetivo-de-auxiliar-de-servicos-gerais-da-prefeitura-municipal-estado-do-maranhao-o-a-sra-s\/\">PORTARIA N\u00ba 427, DE 27 DE AGOSTO DE 2025 &#8211; RESOLVE EXONERAR, por falecimento, do Cargo de Provimento Efetivo de AUXILIAR DE SERVI\u00c7OS GERAIS, DA PREFEITURA MUNICIPAL, ESTADO DO MARANH\u00c3O, o (a) Sr(a). SAMUEL SOUSA.<\/a><\/li>\n\t\t<li class=\"wsp-post\"><a href=\"https:\/\/saobernardo.ma.gov.br\/transparencia\/portarias\/portaria-no-426-de-27-de-agosto-de-2025-resolve-exonerar-do-cargo-em-comissao-de-orientador-educacional-da-secretaria-municipal-de-educacao-ciencia-tecnologia-e-inovacao-o-a-sra-andrea-s\/\">PORTARIA N\u00ba 426, DE 27 DE AGOSTO DE 2025 &#8211; RESOLVE  EXONERAR, do Cargo em Comiss\u00e3o de ORIENTADOR EDUCACIONAL, DA SECRETARIA MUNICIPAL DE EDUCA\u00c7\u00c3O, CI\u00caNCIA, TECNOLOGIA E INOVA\u00c7\u00c3O, o (a) Sr(a). ANDREA SIMONE SANTOS GON\u00c7ALVES.<\/a><\/li>\n\t\t<li class=\"wsp-post\"><a href=\"https:\/\/saobernardo.ma.gov.br\/transparencia\/portarias\/portaria-no-425-de-27-de-agosto-de-2025-resolve-exonerar-a-pedido-do-cargo-de-provimento-efetivo-de-agente-administrativo-da-prefeitura-municipal-de-sao-bernardo-estado-do-maranhao-o-a-sra\/\">PORTARIA N\u00ba 425, DE 27 DE AGOSTO DE 2025 &#8211; RESOLVE EXONERAR a pedido, do Cargo de Provimento Efetivo de AGENTE ADMINISTRATIVO, da PREFEITURA MUNICIPAL DE S\u00c3O BERNARDO ESTADO DO MARANH\u00c3O, o (a) Sr(a). ISANARA KETHLY SILVA SAMPAIO.<\/a><\/li>\n\t\t<li class=\"wsp-post\"><a href=\"https:\/\/saobernardo.ma.gov.br\/transparencia\/portarias\/portaria-no-424-de-21-de-agosto-de-2025-resolve-nomear-para-o-cargo-em-comissao-de-assessor-pedagogico-nivel-i-dans-da-secretaria-municipal-de-educacao-ciencia-tecnologia-e-inovacao\/\">PORTARIA N\u00ba 424, DE 21 DE AGOSTO DE 2025 &#8211; RESOLVE  NOMEAR, para o Cargo em Comiss\u00e3o de ASSESSOR PEDAG\u00d3GICO N\u00cdVEL I \u2013 DANS, DA SECRETARIA MUNICIPAL DE EDUCA\u00c7\u00c3O, CI\u00caNCIA, TECNOLOGIA E INOVA\u00c7\u00c3O, o (a) Sr(a). DAISY FILGUEIRAS LIMA BAQUIL.<\/a><\/li>\n\t\t<li class=\"wsp-post\"><a href=\"https:\/\/saobernardo.ma.gov.br\/transparencia\/portarias\/portaria-no-423-de-21-de-agosto-de-2025-resolve-nomear-para-o-cargo-em-comissao-de-assessor-especial-nivel-ii-dai-do-gabinete-do-prefeito-o-a-sra-jardel-seles-de-souza\/\">PORTARIA N\u00ba 423, DE 21 DE AGOSTO DE 2025 &#8211; RESOLVE NOMEAR, para o Cargo em Comiss\u00e3o de ASSESSOR ESPECIAL N\u00cdVEL II \u2013 DAI, DO GABINETE DO PREFEITO, o (a) Sr(a). JARDEL SELES DE SOUZA.<\/a><\/li>\n\t\t<li class=\"wsp-post\"><a href=\"https:\/\/saobernardo.ma.gov.br\/transparencia\/portarias\/portaria-no-422-de-01-de-agosto-de-2025-resolve-nomear-para-o-cargo-em-comissao-de-chefe-do-departamento-de-esportes-e-eventos-dai-da-secretaria-municipal-esporte-e-lazer-o-a-sra-k\/\">PORTARIA N\u00ba 422, DE 01 DE AGOSTO DE 2025 -RESOLVE NOMEAR, para o Cargo em Comiss\u00e3o de CHEFE DO DEPARTAMENTO DE ESPORTES E EVENTOS \u2013 DAI, DA SECRETARIA MUNICIPAL ESPORTE E LAZER, o (a) Sr(a). KARLOS ALBERTO ALMEIDA PAZ.<\/a><\/li>\n\t\t<li class=\"wsp-post\"><a href=\"https:\/\/saobernardo.ma.gov.br\/transparencia\/portarias\/portaria-no-421-de-01-de-agosto-de-2025-resolve-nomear-para-o-cargo-em-comissao-de-assessor-especial-nivel-iii-dai-da-secretaria-municipal-de-saude-o-a-sra-bruna-miranda-costa\/\">PORTARIA N\u00ba 421, DE 01 DE AGOSTO DE 2025 &#8211; RESOLVE .NOMEAR, para o Cargo em Comiss\u00e3o de ASSESSOR ESPECIAL N\u00cdVEL III &#8211; DAI, da SECRETARIA MUNICIPAL DE SA\u00daDE, o (a) Sr(a). BRUNA MIRANDA COSTA.<\/a><\/li>\n\t\t<li class=\"wsp-post\"><a href=\"https:\/\/saobernardo.ma.gov.br\/transparencia\/portarias\/portaria-no420-de-1o-de-agosto-de-2025-resolve-nomear-para-o-cargo-em-comissao-de-assessor-juridico-pedagogico-dans-da-secretaria-municipal-de-educacao-ciencia-tecnologia-e-inovacao\/\">PORTARIA N\u00ba420, DE 1\u00ba DE AGOSTO DE 2025 &#8211; RESOLVE NOMEAR, para o Cargo em Comiss\u00e3o de ASSESSOR JUR\u00cdDICO PEDAG\u00d3GICO \u2013 DANS, DA SECRETARIA MUNICIPAL DE EDUCA\u00c7\u00c3O, CI\u00caNCIA, TECNOLOGIA E INOVA\u00c7\u00c3O.<\/a><\/li>\n\t\t<li class=\"wsp-post\"><a href=\"https:\/\/saobernardo.ma.gov.br\/transparencia\/portarias\/portaria-no-419-de-01-de-agosto-de-2025-resolve-nomear-para-o-cargo-em-comissao-de-diretor-adjunto-do-hospital-das-da-secretaria-municipal-de-saude-o-a-sra-eunice-lima-do-nascimen\/\">PORTARIA N\u00ba 419, DE 01 DE AGOSTO DE 2025 &#8211; RESOLVE NOMEAR, para o Cargo em Comiss\u00e3o de DIRETOR ADJUNTO DO HOSPITAL \u2013 DAS, da SECRETARIA MUNICIPAL DE SA\u00daDE, o (a) Sr(a). EUNICE LIMA DO NASCIMENTO.<\/a><\/li>\n\t\t<li class=\"wsp-post\"><a href=\"https:\/\/saobernardo.ma.gov.br\/transparencia\/portarias\/portaria-no-418-de-01-de-agosto-de-2025-resolve-exonerar-do-cargo-em-comissao-de-assessor-especial-nivel-iii-da-secretaria-municipal-de-saude-o-a-sra-eunice-lima-do-nascimento\/\">PORTARIA N\u00ba 418, DE 01 DE AGOSTO DE 2025 &#8211; RESOLVE EXONERAR, do Cargo em Comiss\u00e3o de ASSESSOR ESPECIAL N\u00cdVEL III, da SECRETARIA MUNICIPAL DE SA\u00daDE, o (a) Sr(a). EUNICE LIMA DO NASCIMENTO.<\/a><\/li>\n\t\t<li class=\"wsp-post\"><a href=\"https:\/\/saobernardo.ma.gov.br\/transparencia\/portarias\/portaria-no-417-de-01-de-agosto-de-2025-resolve-nomear-para-o-cargo-em-comissao-de-coordenador-da-defesa-civil-das-do-gabinte-do-prefeito-o-a-sra-luis-antonio-porto-de-castro\/\">PORTARIA N\u00ba 417, DE 01 DE AGOSTO DE 2025 &#8211; RESOLVE  NOMEAR, para o Cargo em Comiss\u00e3o de COORDENADOR DA DEFESA CIVIL \u2013 DAS, DO GABINTE DO PREFEITO, o (a) Sr(a). LUIS ANTONIO PORTO DE CASTRO.<\/a><\/li>\n\t\t<li class=\"wsp-post\"><a href=\"https:\/\/saobernardo.ma.gov.br\/transparencia\/portarias\/portaria-no-416-de-01-de-agosto-de-2025-resolve-exonerar-por-responder-interinamente-pelo-cargo-em-comissao-de-coordenador-da-defesa-civil-do-gabinte-do-prefeito-o-a-sra-luis-antonio-porto\/\">PORTARIA N\u00ba 416, DE 01 DE AGOSTO DE 2025 &#8211; RESOLVE EXONERAR, por Responder Interinamente pelo Cargo em Comiss\u00e3o de COORDENADOR DA DEFESA CIVIL, DO GABINTE DO PREFEITO, o (a) Sr(a). LUIS ANTONIO PORTO DE CASTRO JUNIOR<\/a><\/li>\n\t\t<li class=\"wsp-post\"><a href=\"https:\/\/saobernardo.ma.gov.br\/transparencia\/portarias\/portaria-no-415-de-30-de-julho-de-2025-resolve-ceder-a-servidora-publica-municipal-do-cargo-de-provimento-efetivo-de-agente-administrativo-com-matricula-no-22-1-da-secretaria-municipal-de-admi\/\">PORTARIA N\u00ba 415, DE 30 DE JULHO DE 2025 &#8211; RESOLVE CEDER, a Servidora P\u00fablica Municipal, do Cargo de Provimento Efetivo, de AGENTE ADMINISTRATIVO, com matr\u00edcula n\u00ba 22-1, da Secretaria Municipal de Administra\u00e7\u00e3o a Sra. MARINETE CARDOSO COSTA.<\/a><\/li>\n\t\t<li class=\"wsp-post\"><a href=\"https:\/\/saobernardo.ma.gov.br\/transparencia\/portarias\/portaria-no-414-de-30-de-julho-de-2025-resolve-fica-revogada-a-portaria-no-229-de-22-de-janeiro-de-2025-da-servidora-publica-municipal-do-cargo-de-provimento-efetivo-de-agente-administrativo\/\">PORTARIA N\u00ba 414, DE 30 DE JULHO DE 2025 &#8211; RESOLVE FICA REVOGADA, a portaria n\u00ba 229, de 22 de janeiro de 2025, da Servidora P\u00fablica Municipal, do Cargo de Provimento Efetivo, de AGENTE ADMINISTRATIVO, com matr\u00edcula n\u00ba 22-1, da Secretaria Municipal de Administra\u00e7\u00e3o a Sra. MARINETE CARDOSO COSTA<\/a><\/li>\n\t\t<li class=\"wsp-post\"><a href=\"https:\/\/saobernardo.ma.gov.br\/transparencia\/portarias\/portaria-no-413-de-25-de-julho-de-2025-resolve-nomear-para-o-cargo-em-comissao-de-assessor-especial-nivel-i-das-do-gabinte-do-prefeito-o-a-sra-isabella-nunes-abreu-duarte\/\">PORTARIA N\u00ba 413, DE 25 DE JULHO DE 2025 &#8211; RESOLVE NOMEAR, para o Cargo em Comiss\u00e3o de ASSESSOR ESPECIAL N\u00cdVEL I \u2013 DAS, DO GABINTE DO PREFEITO, o (a) Sr(a). ISABELLA NUNES ABREU DUARTE.<\/a><\/li>\n\t\t<li class=\"wsp-post\"><a href=\"https:\/\/saobernardo.ma.gov.br\/transparencia\/portarias\/portaria-no-412-de-25-de-julho-de-2025-resolve-nomear-para-o-cargo-em-comissao-de-assessor-especial-nivel-i-das-do-gabinte-do-prefeito-o-a-sra-rafaela-ribeiro-costa-carneiro-colin\/\">PORTARIA N\u00ba 412, DE 25 DE JULHO DE 2025 &#8211; RESOLVE NOMEAR, para o Cargo em Comiss\u00e3o de ASSESSOR ESPECIAL N\u00cdVEL I \u2013 DAS, DO GABINTE DO PREFEITO, o (a) Sr(a). RAFAELA RIBEIRO COSTA CARNEIRO COLINS.<\/a><\/li>\n\t\t<li class=\"wsp-post\"><a href=\"https:\/\/saobernardo.ma.gov.br\/transparencia\/portarias\/portaria-no-411-de-25-de-julho-de-2025-resolve-o-nomear-para-o-cargo-em-comissao-de-assessor-especial-nivel-iii-dai-1-do-gabinte-do-prefeito-o-a-sra-gabriel-da-silva-lima\/\">PORTARIA N\u00ba 411, DE 25 DE JULHO DE 2025 &#8211; RESOLVE \u00ba. NOMEAR, para o Cargo em Comiss\u00e3o de ASSESSOR ESPECIAL N\u00cdVEL III \u2013 DAI -1, DO GABINTE DO PREFEITO, o (a) Sr(a). GABRIEL DA SILVA LIMA<\/a><\/li>\n\t\t<li class=\"wsp-post\"><a href=\"https:\/\/saobernardo.ma.gov.br\/transparencia\/portarias\/portaria-no-410-de-25-de-julho-de-2025-resolve-nomear-para-o-cargo-em-comissao-de-assessor-especial-nivel-ii-dai-do-gabinte-do-prefeito-o-a-sra-julimar-duarte-vieira-sobrinho\/\">PORTARIA N\u00ba 410, DE 25 DE JULHO DE 2025 &#8211; RESOLVE NOMEAR, para o Cargo em Comiss\u00e3o de ASSESSOR ESPECIAL N\u00cdVEL II \u2013 DAI, DO GABINTE DO PREFEITO, o (a) Sr(a). JULIMAR DUARTE VIEIRA SOBRINHO.<\/a><\/li>\n\t\t<li class=\"wsp-post\"><a href=\"https:\/\/saobernardo.ma.gov.br\/transparencia\/portarias\/portaria-no-409-de-25-de-julho-de-2025-resolve-exonerar-do-cargo-em-comissao-de-chefe-do-departamento-de-almoxarifado-e-suprimentos-da-secretaria-municipal-de-abastecimento-e-recursos-hidricos-o\/\">PORTARIA N\u00ba 409, DE 25 DE JULHO DE 2025 &#8211; RESOLVE EXONERAR, do Cargo em Comiss\u00e3o de CHEFE DO DEPARTAMENTO DE ALMOXARIFADO E SUPRIMENTOS, DA SECRETARIA MUNICIPAL DE ABASTECIMENTO E RECURSOS H\u00cdDRICOS, o (a) Sr(a). JULIMAR DUARTE VIEIRA SOBRINHO.<\/a><\/li>\n\t\t<li class=\"wsp-post\"><a href=\"https:\/\/saobernardo.ma.gov.br\/transparencia\/portarias\/portaria-no-0003-2025-semecti-sb%d0%bc%d0%b0-constitui-readaptacao-de-servidor-por-motivo-de-limitacao-funcional-permanente-com-mudanca-de-funcao-para-exercicio-em-cargo-compativel\/\">PORTARIA N\u00ba 0003\/2025 &#8211; SEMECTI\/SB\u041c\u0410 &#8211; Constitui readapta\u00e7\u00e3o de servidor por motivo de limita\u00e7\u00e3o funcional permanente, com mudan\u00e7a de fun\u00e7\u00e3o para exerc\u00edcio em cargo compat\u00edvel.<\/a><\/li>\n\t\t<li class=\"wsp-post\"><a href=\"https:\/\/saobernardo.ma.gov.br\/transparencia\/portarias\/portaria-conjuta-n-03-de-09-de-julho-de-2025\/\">PORTARIA CONJUTA N\u00b0 03, DE 09 DE JULHO DE 2025 &#8211; Constitui a Coordena\u00e7\u00e3o de Educa\u00e7\u00e3o Ambiental para criar a Pol\u00edtica de Educa\u00e7\u00e3o Ambiental, de forma cont\u00ednua, permanente e sustent\u00e1vel, na Rede Municipal de Ensino do Munic\u00edpio de S\u00e3o Bernardo \u2013 MA.<\/a><\/li>\n\t\t<li class=\"wsp-post\"><a href=\"https:\/\/saobernardo.ma.gov.br\/transparencia\/portarias\/portaria-conjunta-n-03-de-09-de-julho-de-2025-dispoe-sobre-a-proibicao-de-entrada-de-garrafas-e-recipientes-de-vidros-no-circuito-da-igreja-matriz-e-balneario-rio-buriti-e-da-outras-pr\/\">PORTARIA CONJUNTA N\u00b0 03, DE 09 DE JULHO DE 2025 &#8211; &#8220;Disp\u00f5e sobre a proibi\u00e7\u00e3o de entrada de garrafas e recipientes de vidros no circuito da &#8220;Igreja Matriz e Balne\u00e1rio Rio Buriti&#8221;, e d\u00e1 outras provid\u00eancias&#8221;<\/a><\/li>\n\t\t<li class=\"wsp-post\"><a href=\"https:\/\/saobernardo.ma.gov.br\/transparencia\/portarias\/portaria-no-408-de-08-de-julho-de-2025-resolve-nomear-para-o-cargo-em-comissao-de-assessor-especial-nivel-i-das-do-gabinte-do-prefeito-o-a-sra-michael-carvalho-da-silva\/\">PORTARIA N\u00ba 408, DE 08 DE JULHO DE 2025 &#8211; RESOLVE NOMEAR, para o Cargo em Comiss\u00e3o de ASSESSOR ESPECIAL N\u00cdVEL I \u2013 DAS, DO GABINTE DO PREFEITO, o (a) Sr(a). MICHAEL CARVALHO DA SILVA.<\/a><\/li>\n\t\t<li class=\"wsp-post\"><a href=\"https:\/\/saobernardo.ma.gov.br\/transparencia\/portarias\/portaria-no-407-de-27-de-junho-de-2025-resolve-nomear-para-o-cargo-em-comissao-de-assessor-especial-nivel-ii-dai-do-gabinte-do-prefeito-o-a-sra-valquiria-alves-da-rocha\/\">PORTARIA N\u00ba 407, DE 27 DE JUNHO DE 2025 &#8211; RESOLVE NOMEAR, para o Cargo em Comiss\u00e3o de ASSESSOR ESPECIAL N\u00cdVEL II \u2013 DAI, DO GABINTE DO PREFEITO, o (a) Sr(a). VALQU\u00cdRIA ALVES DA ROCHA.<\/a><\/li>\n\t\t<li class=\"wsp-post\"><a href=\"https:\/\/saobernardo.ma.gov.br\/transparencia\/portarias\/portaria-no-406-de-26-de-junho-de-2025-resolve-nomear-para-o-cargo-em-comissao-de-inspetor-escolar-dai-de-polo-da-secretaria-municipal-de-educacao-ciencia-tecnologia-e-inovacao-o-a\/\">PORTARIA N\u00ba 406, DE 26 DE JUNHO DE 2025 &#8211; RESOLVE NOMEAR, para o Cargo em Comiss\u00e3o de INSPETOR ESCOLAR \u2013 DAI, DE POLO, DA SECRETARIA MUNICIPAL DE EDUCA\u00c7\u00c3O, CI\u00caNCIA, TECNOLOGIA E INOVA\u00c7\u00c3O o (a) Sr. (a), LUIS CARLOS SANTOS REIS.<\/a><\/li>\n\t\t<li class=\"wsp-post\"><a href=\"https:\/\/saobernardo.ma.gov.br\/transparencia\/portarias\/portaria-no-405-de-26-de-junho-de-2025-resolve-nomear-para-o-cargo-em-comissao-de-inspetor-escolar-dai-de-polo-da-secretaria-municipal-de-educacao-ciencia-tecnologia-e-inovacao-o-a\/\">PORTARIA N\u00ba 405, DE 26 DE JUNHO DE 2025 &#8211; RESOLVE NOMEAR, para o Cargo em Comiss\u00e3o de INSPETOR ESCOLAR \u2013 DAI, DE POLO, DA SECRETARIA MUNICIPAL DE EDUCA\u00c7\u00c3O, CI\u00caNCIA, TECNOLOGIA E INOVA\u00c7\u00c3O o (a) Sr. (a), ANAYSA SILVA E SILVA.<\/a><\/li>\n\t\t<li class=\"wsp-post\"><a href=\"https:\/\/saobernardo.ma.gov.br\/transparencia\/portarias\/portaria-no-404-de-26-de-junho-de-2025-resolve-nomear-para-o-cargo-em-comissao-de-coordenador-de-atencao-basica-dans-da-secretaria-municipal-de-saude-o-a-sra-nara-karolinne-silva\/\">PORTARIA N\u00ba 404, DE 26 DE JUNHO DE 2025 &#8211; RESOLVE NOMEAR, para o Cargo em Comiss\u00e3o de COORDENADOR DE ATEN\u00c7\u00c3O B\u00c1SICA \u2013 DANS, DA SECRETARIA MUNICIPAL DE SA\u00daDE, o (a) Sr(a). NARA KAROLINNE SILVA CARVALHO.<\/a><\/li>\n\t\t<li class=\"wsp-post\"><a href=\"https:\/\/saobernardo.ma.gov.br\/transparencia\/portarias\/portaria-no-403-de-24-de-junho-de-2025-resolve-nomear-para-o-cargo-em-comissao-de-assessor-especial-nivel-i-das-do-gabinte-do-prefeito-o-a-sra-railey-reis-da-conceicao\/\">PORTARIA N\u00ba 403, DE 24 DE JUNHO DE 2025 &#8211; RESOLVE NOMEAR, para o Cargo em Comiss\u00e3o de ASSESSOR ESPECIAL N\u00cdVEL I \u2013 DAS, DO GABINTE DO PREFEITO, o (a) Sr(a). RA\u00cdRLEY REIS DA CONCEI\u00c7\u00c3O<\/a><\/li>\n\t\t<li class=\"wsp-post\"><a href=\"https:\/\/saobernardo.ma.gov.br\/transparencia\/portarias\/portaria-no-402-de-23-de-junho-de-2025-resolve-nomear-para-o-cargo-em-comissao-de-coordenador-pedagogico-das-da-escola-municipal-coracao-de-jesus-o-a-sr-a-jaelson-silva-mendes\/\">PORTARIA N\u00ba 402, DE 23 DE JUNHO DE 2025 &#8211; RESOLVE NOMEAR, para o Cargo em Comiss\u00e3o de COORDENADOR PEDAG\u00d3GICO \u2013 DAS, DA ESCOLA MUNICIPAL CORA\u00c7\u00c3O DE JESUS, o (a) Sr. (a), JAELSON SILVA MENDES.<\/a><\/li>\n\t\t<li class=\"wsp-post\"><a href=\"https:\/\/saobernardo.ma.gov.br\/transparencia\/portarias\/portaria-no-001-de-18-de-junho-de-2025-designa-composicao-do-comite-municipal-e-intersetorial-de-educacao-integral-e-em-tempo-integral-no-municipio-de-sao-bernardo-do-maranhao-ma-e-da-outras-provi\/\">PORTARIA N\u00ba 001 DE 18 DE JUNHO DE 2025 &#8211; Designa composi\u00e7\u00e3o do Comit\u00ea Municipal e Intersetorial de Educa\u00e7\u00e3o Integral e em Tempo Integral no munic\u00edpio de S\u00e3o Bernardo do Maranh\u00e3o (MA) e d\u00e1 outras provid\u00eancias.<\/a><\/li>\n\t\t<li class=\"wsp-post\"><a href=\"https:\/\/saobernardo.ma.gov.br\/transparencia\/portarias\/portaria-no-401-de-04-de-junho-de-2025-resolve-nomear-para-o-cargo-em-comissao-de-assessor-especial-nivel-i-das-do-gabinte-do-prefeito-o-a-s-r-a-gilson-alex-fonseca-carvalho\/\">PORTARIA N\u00ba 401, DE 04 DE JUNHO DE 2025 &#8211; RESOLVE NOMEAR, para o Cargo em Comiss\u00e3o de ASSESSOR ESPECIAL N\u00cdVEL I \u2013 DAS, DO GABINTE DO PREFEITO, o (a) S.r.(a). GILSON ALEX FONSECA CARVALHO.<\/a><\/li>\n\t\t<li class=\"wsp-post\"><a href=\"https:\/\/saobernardo.ma.gov.br\/transparencia\/portarias\/portaria-no-400-de-03-de-junho-de-2025-resolve-exonerar-do-cargo-em-comissao-de-coordenador-de-engenharia-civil-da-secretaria-municipal-de-urbanismo-e-servicos-publicos-o-a-sra-marcus-vinic\/\">PORTARIA N\u00ba 400, DE 03 DE JUNHO DE 2025 &#8211; RESOLVE EXONERAR, do Cargo em Comiss\u00e3o de COORDENADOR DE ENGENHARIA CIVIL, DA SECRETARIA MUNICIPAL DE URBANISMO E SERVI\u00c7OS P\u00daBLICOS, o (a) Sr(a). MARCUS VINICIUS SOUZA PINTO.<\/a><\/li>\n\t\t<li class=\"wsp-post\"><a href=\"https:\/\/saobernardo.ma.gov.br\/transparencia\/portarias\/portaria-no-399-de-03-de-junho-de-2025-resolve-exonerar-do-cargo-em-comissao-de-coordenador-de-engenharia-da-secretaria-municipal-de-obras-patrimonio-e-logistica-o-a-sra-franknilva-vieira\/\">PORTARIA N\u00ba 399, DE 03 DE JUNHO DE 2025 &#8211; RESOLVE EXONERAR, do Cargo em Comiss\u00e3o de COORDENADOR DE ENGENHARIA, DA SECRETARIA MUNICIPAL DE OBRAS, PATRIM\u00d4NIO E LOG\u00cdSTICA, o (a) Sr(a). FRANKNILVA VIEIRA DA SILVA MATOS.<\/a><\/li>\n\t\t<li class=\"wsp-post\"><a href=\"https:\/\/saobernardo.ma.gov.br\/transparencia\/portarias\/portaria-no-398-de-02-de-junho-de-2025-resolve-nomear-para-o-cargo-em-comissao-de-chefe-do-departamento-de-fiscalizacao-e-inspecao-pecuaria-das-da-secretaria-municipal-de-agricultura-p\/\">PORTARIA N\u00ba 398, DE 02 DE JUNHO DE 2025 &#8211; RESOLVE NOMEAR, para o Cargo em Comiss\u00e3o de CHEFE DO DEPARTAMENTO DE FISCALIZA\u00c7\u00c3O E INSPE\u00c7\u00c3O PECU\u00c1RIA \u2013 DAS, da SECRETARIA MUNICIPAL DE AGRICULTURA, PESCA E PECU\u00c1RIA, o (a) Sr(a). ANTONIO VENESCAL DE ARRUDA.<\/a><\/li>\n\t\t<li class=\"wsp-post\"><a href=\"https:\/\/saobernardo.ma.gov.br\/transparencia\/portarias\/portaria-no-397-de-30-de-maio-de-2025-resolve-nomear-para-o-cargo-em-comissao-de-assessor-pedagogico-nivel-ii-das-da-secretaria-municipal-de-educacao-ciencia-tecnologia-e-inovacao-o-a-sra\/\">PORTARIA N\u00ba 397, DE 30 DE MAIO DE 2025 &#8211; RESOLVE NOMEAR, para o Cargo em Comiss\u00e3o de ASSESSOR PEDAG\u00d3GICO N\u00cdVEL II &#8211; DAS, da SECRETARIA MUNICIPAL DE EDUCA\u00c7\u00c3O, CI\u00caNCIA, TECNOLOGIA E INOVA\u00c7\u00c3O, o (a) Sr(a). MARCOS GILDANE DE ARAUJO BARROS.<\/a><\/li>\n\t\t<li class=\"wsp-post\"><a href=\"https:\/\/saobernardo.ma.gov.br\/transparencia\/portarias\/portaria-no-396-de-28-de-maio-de-2025-resolve-exonerar-do-cargo-em-comissao-de-coordenador-de-atencao-basica-da-secretaria-municipal-de-saude-o-a-sra-virginia-matos-gomes-dos-santos\/\">PORTARIA N\u00ba 396, DE 28 DE MAIO DE 2025 &#8211; RESOLVE EXONERAR, do Cargo em Comiss\u00e3o de COORDENADOR DE ATEN\u00c7\u00c3O B\u00c1SICA, da SECRETARIA MUNICIPAL DE SA\u00daDE, o (a) Sr(a). VIRG\u00cdNIA MATOS GOMES DOS SANTOS.<\/a><\/li>\n\t\t<li class=\"wsp-post\"><a href=\"https:\/\/saobernardo.ma.gov.br\/transparencia\/portarias\/portaria-no-395-de-27-de-maio-de-2025-resolve-resolve-nomear-para-o-cargo-em-comissao-de-assessor-especial-nivel-iii-dai-da-secretaria-municipal-de-cidadania-e-direitos-humanos-o-a-sra-re\/\">PORTARIA N\u00ba 395, DE 27 DE MAIO DE 2025 &#8211; RESOLVE RESOLVE NOMEAR, para o Cargo em Comiss\u00e3o de ASSESSOR ESPECIAL N\u00cdVEL III &#8211; DAI, da SECRETARIA MUNICIPAL DE CIDADANIA E DIREITOS HUMANOS, o (a) Sr(a). RENAN WHANTELY SOUZA VAZ<\/a><\/li>\n\t\t<li class=\"wsp-post\"><a href=\"https:\/\/saobernardo.ma.gov.br\/transparencia\/portarias\/portaria-no-394-de-27-de-maio-de-2025-resolve-nomear-para-o-cargo-em-comissao-de-assessor-pedagogico-nivel-i-dans-da-secretaria-municipal-de-educacao-ciencia-tecnologia-e-inovacao-o-a-sra\/\">PORTARIA N\u00ba 394, DE 27 DE MAIO DE 2025 &#8211; RESOLVE NOMEAR, para o Cargo em Comiss\u00e3o de ASSESSOR PEDAG\u00d3GICO N\u00cdVEL I &#8211; DANS, da SECRETARIA MUNICIPAL DE EDUCA\u00c7\u00c3O, CI\u00caNCIA, TECNOLOGIA E INOVA\u00c7\u00c3O, o (a) Sr(a). BRUNO JOSE DE MORAES LIMA.<\/a><\/li>\n\t\t<li class=\"wsp-post\"><a href=\"https:\/\/saobernardo.ma.gov.br\/transparencia\/portarias\/portaria-no-393-de-22-de-maio-de-2025-resolve-nomear-para-o-cargo-em-comissao-de-coordenador-de-polo-das-da-secretaria-municipal-de-educacao-ciencia-tecnologia-e-inovacao-o-a-sra-edinei\/\">PORTARIA N\u00ba 393, DE 22 DE MAIO DE 2025 &#8211; RESOLVE NOMEAR, para o Cargo em Comiss\u00e3o de COORDENADOR DE POLO &#8211; DAS, da SECRETARIA MUNICIPAL DE EDUCA\u00c7\u00c3O, CI\u00caNCIA, TECNOLOGIA E INOVA\u00c7\u00c3O, o (a) Sr(a). EDIN\u00c9IA SILVA ALVES.<\/a><\/li>\n\t\t<li class=\"wsp-post\"><a href=\"https:\/\/saobernardo.ma.gov.br\/transparencia\/portarias\/portaria-no-392-de-20-de-maio-de-2025-resolve-exonerar-a-pedido-do-cargo-efetivo-de-professora-da-prefeitura-municipal-de-sao-bernardo-estado-do-maranhao-o-a-sra-maria-de-fatima-silva-lira\/\">PORTARIA N\u00ba 392, DE 20 DE MAIO DE 2025 &#8211; RESOLVE EXONERAR a pedido, do Cargo Efetivo de PROFESSORA, da PREFEITURA MUNICIPAL DE S\u00c3O BERNARDO ESTADO DO MARANH\u00c3O, o (a) Sr(a). MARIA DE F\u00c1TIMA SILVA LIRA.<\/a><\/li>\n\t\t<li class=\"wsp-post\"><a href=\"https:\/\/saobernardo.ma.gov.br\/transparencia\/portarias\/portaria-no-392-a-de-20-de-maio-de-2025-dispoe-sobre-a-instauracao-de-processo-administrativo-disciplinar-em-face-do-exprocurador-geral-do-municipio-de-sao-bernardo-ma-sr-ajalmar-rego-da-rocha-fi\/\">PORTARIA N\u00ba 392-A, DE 20 DE MAIO DE 2025 &#8211; Disp\u00f5e sobre a instaura\u00e7\u00e3o de Processo Administrativo Disciplinar em face do exProcurador-Geral do Munic\u00edpio de S\u00e3o Bernardo\/MA, Sr. Ajalmar Rego da Rocha Filho.<\/a><\/li>\n\t\t<li class=\"wsp-post\"><a href=\"https:\/\/saobernardo.ma.gov.br\/transparencia\/portarias\/portaria-no-391-de-14-de-maio-de-2025-resolve-exonerar-a-pedido-do-cargo-efetivo-de-agente-adminitrativo-da-prefeitura-municipal-de-sao-bernardo-estado-do-maranhao-o-a-sra-luzia-alana-ferre\/\">PORTARIA N\u00ba 391, DE 14 DE MAIO DE 2025 &#8211; RESOLVE EXONERAR a pedido, do Cargo Efetivo de AGENTE ADMINITRATIVO, da PREFEITURA MUNICIPAL DE S\u00c3O BERNARDO ESTADO DO MARANH\u00c3O, o (a) Sr(a). LUZIA ALANA FERREIRA COSTA.<\/a><\/li>\n\t\t<li class=\"wsp-post\"><a href=\"https:\/\/saobernardo.ma.gov.br\/transparencia\/portarias\/portaria-no-390-de-14-de-maio-de-2025-resolve-exonerar-a-pedido-do-cargo-efetivo-de-nutricionista-da-secretaria-municipal-de-saude-o-a-sra-barbara-de-sousa-costa-rebelo\/\">PORTARIA N\u00ba 390, DE 14 DE MAIO DE 2025 &#8211; RESOLVE EXONERAR a pedido, do Cargo Efetivo de NUTRICIONISTA, da SECRETARIA MUNICIPAL DE SA\u00daDE, o (a) Sr(a). B\u00c1RBARA DE SOUSA COSTA REBELO.<\/a><\/li>\n\t\t<li class=\"wsp-post\"><a href=\"https:\/\/saobernardo.ma.gov.br\/transparencia\/portarias\/portaria-no-389-de-13-de-maio-de-2025-resolve-nomear-para-o-cargo-em-comissao-de-assessor-especial-nivel-ii-dai-do-gabinete-do-prefeito-o-a-sra-savio-pereira-braga\/\">PORTARIA N\u00ba 389, DE 13 DE MAIO DE 2025 &#8211; RESOLVE NOMEAR, para o Cargo em Comiss\u00e3o de ASSESSOR ESPECIAL N\u00cdVEL II \u2013 DAI, do GABINETE DO PREFEITO, o (a) Sr(a). SAVIO PEREIRA BRAGA.<\/a><\/li>\n\t\t<li class=\"wsp-post\"><a href=\"https:\/\/saobernardo.ma.gov.br\/transparencia\/portarias\/portaria-no-388-de-13-de-maio-de-2025-resolve-nomear-para-o-cargo-em-comissao-de-assessor-especial-nivel-ii-dai-do-gabinete-do-prefeito-o-a-sra-aldeiza-cristina-pereira-cardoso\/\">PORTARIA N\u00ba 388, DE 13 DE MAIO DE 2025 &#8211; RESOLVE NOMEAR, para o Cargo em Comiss\u00e3o de ASSESSOR ESPECIAL N\u00cdVEL II \u2013 DAI, do GABINETE DO PREFEITO, o (a) Sr(a). ALDEIZA CRISTINA PEREIRA CARDOSO.<\/a><\/li>\n\t\t<li class=\"wsp-post\"><a href=\"https:\/\/saobernardo.ma.gov.br\/transparencia\/portarias\/portaria-no-387-de-13-de-maio-de-2025-resolve-nomear-para-o-cargo-em-comissao-de-chefe-do-departamento-de-reurso-hidricos-dai-da-secretaria-municipal-de-abastecimento-e-recursos-hidricos-o-a\/\">PORTARIA N\u00ba 387, DE 13 DE MAIO DE 2025 &#8211; RESOLVE NOMEAR, para o Cargo em Comiss\u00e3o de CHEFE DO DEPARTAMENTO DE RECURSO H\u00cdDRICOS &#8211; DAI, da SECRETARIA MUNICIPAL DE ABASTECIMENTO E RECURSOS H\u00cdDRICOS, o (a) Sr(a). LAILSON CUNHA DINIZ.<\/a><\/li>\n\t\t<li class=\"wsp-post\"><a href=\"https:\/\/saobernardo.ma.gov.br\/transparencia\/portarias\/portaria-no-386-de-08-de-maio-de-2025-resolve-exonerar-do-cargo-em-comissao-de-chefe-do-departamento-de-reurso-hidricos-da-secretaria-municipal-de-abastecimento-e-recursos-hidricos-o-a-sra\/\">PORTARIA N\u00ba 386, DE 08 DE MAIO DE 2025 &#8211; RESOLVE EXONERAR, do Cargo em Comiss\u00e3o de CHEFE DO DEPARTAMENTO DE REURSO H\u00cdDRICOS, DA SECRETARIA MUNICIPAL DE ABASTECIMENTO E RECURSOS H\u00cdDRICOS, o (a) Sr(a). LAILSON CUNHA DINIZ.<\/a><\/li>\n\t\t<li class=\"wsp-post\"><a href=\"https:\/\/saobernardo.ma.gov.br\/transparencia\/portarias\/portaria-no-385-de-08-de-maio-de-2025-resolve-exonerar-do-cargo-em-comissao-de-assessor-pedagogico-nivel-i-da-secretaria-municipal-de-educacao-ciencia-tecnologia-e-inovacao-o-a-sra-filome\/\">PORTARIA N\u00ba 385, DE 08 DE MAIO DE 2025 &#8211; RESOLVE EXONERAR, do Cargo em Comiss\u00e3o de ASSESSOR PEDAG\u00d3GICO N\u00cdVEL I, da SECRETARIA MUNICIPAL DE EDUCA\u00c7\u00c3O, CI\u00caNCIA, TECNOLOGIA E INOVA\u00c7\u00c3O, o (a) Sr(a). FILOMENA MARIA GOMES DE SOUSA SANTOS<\/a><\/li>\n\t\t<li class=\"wsp-post\"><a href=\"https:\/\/saobernardo.ma.gov.br\/transparencia\/portarias\/portaria-no-384-de-05-de-maio-de-2025-resolve-nomear-para-o-cargo-em-comissao-de-assessor-especial-nivel-i-das-do-gabinete-do-prefeito-o-a-sra-diogenes-cabral-de-lima\/\">PORTARIA N\u00ba 384, DE 05 DE MAIO DE 2025 &#8211; RESOLVE NOMEAR, para o Cargo em Comiss\u00e3o de ASSESSOR ESPECIAL N\u00cdVEL I \u2013 DAS, do GABINETE DO PREFEITO, o (a) Sr(a). DIOGENES CABRAL DE LIMA.<\/a><\/li>\n\t\t<li class=\"wsp-post\"><a href=\"https:\/\/saobernardo.ma.gov.br\/transparencia\/portarias\/portaria-no-383-de-30-de-abril-de-2025-resolve-exonerar-a-pedido-do-cargo-efetivo-de-professor-de-ensino-infantil-da-secretaria-municipal-de-educacao-ciencia-tecnologia-e-inovacao-o-a-sra\/\">PORTARIA N\u00ba 383, DE 30 DE ABRIL DE 2025 &#8211; RESOLVE EXONERAR a Pedido, do Cargo Efetivo de PROFESSOR DE ENSINO INFANTIL, da SECRETARIA MUNICIPAL DE EDUCA\u00c7\u00c3O, CI\u00caNCIA, TECNOLOGIA E INOVA\u00c7\u00c3O, o (a) Sr(a). GIRLIANE NUNES FEITOSA LIMA.<\/a><\/li>\n\t\t<li class=\"wsp-post\"><a href=\"https:\/\/saobernardo.ma.gov.br\/transparencia\/portarias\/portaria-no-382-de-30-de-abril-de-2025-resolve-nomear-para-o-cargo-em-comissao-de-assessor-pedagogico-nivel-i-dans-da-secretaria-municipal-de-educacao-ciencia-tecnologia-e-inovacao-o-a-sr\/\">PORTARIA N\u00ba 382, DE 30 DE ABRIL DE 2025 &#8211; RESOLVE NOMEAR, para o Cargo em Comiss\u00e3o de ASSESSOR PEDAG\u00d3GICO N\u00cdVEL I &#8211; DANS, da SECRETARIA MUNICIPAL DE EDUCA\u00c7\u00c3O, CI\u00caNCIA, TECNOLOGIA E INOVA\u00c7\u00c3O, o (a) Sr(a). DAYNA FIGUEIRAS LIMA BAQUIL.<\/a><\/li>\n\t\t<li class=\"wsp-post\"><a href=\"https:\/\/saobernardo.ma.gov.br\/transparencia\/portarias\/portaria-no-381-de-30-de-abril-de-2025-resolve-nomear-para-o-cargo-em-comissao-de-assessor-pedagogico-nivel-ii-das-da-secretaria-municipal-de-educacao-ciencia-tecnologia-e-inovacao-o-a-sr\/\">PORTARIA N\u00ba 381, DE 30 DE ABRIL DE 2025 &#8211; RESOLVE NOMEAR, para o Cargo em Comiss\u00e3o de ASSESSOR PEDAG\u00d3GICO N\u00cdVEL II &#8211; DAS, da SECRETARIA MUNICIPAL DE EDUCA\u00c7\u00c3O, CI\u00caNCIA, TECNOLOGIA E INOVA\u00c7\u00c3O, o (a) Sr(a). CLAUDIOMAR ALMEIDA SOUZA.<\/a><\/li>\n\t\t<li class=\"wsp-post\"><a href=\"https:\/\/saobernardo.ma.gov.br\/transparencia\/portarias\/portaria-no-380-de-30-de-abril-de-2025-resolve-exonerar-do-cargo-em-comissao-de-diretor-adjunto-da-escola-municipal-francisco-marques-da-silva-o-a-sra-claudiomar-almeida-souza\/\">PORTARIA N\u00ba 380, DE 30 DE ABRIL DE 2025 &#8211; RESOLVE EXONERAR, do Cargo em Comiss\u00e3o de DIRETOR ADJUNTO, da ESCOLA MUNICIPAL FRANCISCO MARQUES DA SILVA, o (a) Sr(a). CLAUDIOMAR ALMEIDA SOUZA.<\/a><\/li>\n\t\t<li class=\"wsp-post\"><a href=\"https:\/\/saobernardo.ma.gov.br\/transparencia\/portarias\/portaria-no-379-de-28-de-abril-de-2025-resolve-exonerar-do-cargo-em-comissao-de-assessor-especial-nivel-iii-do-gabinete-do-prefeito-o-a-sra-yolanda-maria-campos-pereira-e-silva\/\">PORTARIA N\u00ba 379, DE 28 DE ABRIL DE 2025 &#8211; RESOLVE EXONERAR, do Cargo em Comiss\u00e3o de ASSESSOR ESPECIAL N\u00cdVEL III, do GABINETE DO PREFEITO, o (a) Sr(a). YOLANDA MARIA CAMPOS PEREIRA E SILVA.<\/a><\/li>\n\t\t<li class=\"wsp-post\"><a href=\"https:\/\/saobernardo.ma.gov.br\/transparencia\/portarias\/portaria-no-378-de-24-de-abril-de-2025-resolve-nomear-para-o-cargo-em-comissao-de-diretor-adjunto-da-escola-municipal-francisco-marques-da-silva-o-a-sra-maria-cleomar-de-jesus-silva-cunha\/\">PORTARIA N\u00ba 378, DE 24 DE ABRIL DE 2025 &#8211; RESOLVE NOMEAR, para o Cargo em Comiss\u00e3o de DIRETOR ADJUNTO, da ESCOLA MUNICIPAL FRANCISCO MARQUES DA SILVA, o (a) Sr(a). MARIA CLEOMAR DE JESUS SILVA CUNHA.<\/a><\/li>\n\t\t<li class=\"wsp-post\"><a href=\"https:\/\/saobernardo.ma.gov.br\/transparencia\/portarias\/portaria-no-377-de-24-de-abril-de-2025-resolve-nomear-para-o-cargo-em-comissao-de-inspetor-escolar-dai-de-polo-da-secretaria-municipal-de-educacao-ciencia-tecnologia-e-inovacao-o-a\/\">PORTARIA N\u00ba 377, DE 24 DE ABRIL DE 2025 &#8211; RESOLVE NOMEAR, para o Cargo em Comiss\u00e3o de INSPETOR ESCOLAR \u2013 DAI, de POLO, da SECRETARIA MUNICIPAL DE EDUCA\u00c7\u00c3O, CI\u00caNCIA, TECNOLOGIA E INOVA\u00c7\u00c3O, o (a) Sr(a). MARIA EDUARDA TAVARES OLIVEIRA.<\/a><\/li>\n\t\t<li class=\"wsp-post\"><a href=\"https:\/\/saobernardo.ma.gov.br\/transparencia\/portarias\/portaria-no-376-de-24-de-abril-de-2025-resolve-nomear-para-o-cargo-em-comissao-de-inspetor-escolar-dai-de-polo-da-secretaria-municipal-de-educacao-ciencia-tecnologia-e-inovacao-o-a\/\">PORTARIA N\u00ba 376, DE 24 DE ABRIL DE 2025 &#8211; RESOLVE NOMEAR, para o Cargo em Comiss\u00e3o de INSPETOR ESCOLAR \u2013 DAI, de POLO, da SECRETARIA MUNICIPAL DE EDUCA\u00c7\u00c3O, CI\u00caNCIA, TECNOLOGIA E INOVA\u00c7\u00c3O, o (a) Sr(a). JO\u00c3O DE DEUS LIRA SANTOS.<\/a><\/li>\n\t\t<li class=\"wsp-post\"><a href=\"https:\/\/saobernardo.ma.gov.br\/transparencia\/portarias\/portaria-no-375-de-24-de-abril-de-2025-resolve-nomear-para-o-cargo-em-comissao-de-assessor-especial-nivel-ii-dai-do-gabinete-do-prefeito-o-a-sra-rosivania-rocha-rodrigues\/\">PORTARIA N\u00ba 375, DE 24 DE ABRIL DE 2025 &#8211; RESOLVE NOMEAR, para o Cargo em Comiss\u00e3o de ASSESSOR ESPECIAL N\u00cdVEL II \u2013 DAI, do GABINETE DO PREFEITO, o (a) Sr(a). ROSIV\u00c2NIA ROCHA RODRIGUES<\/a><\/li>\n\t\t<li class=\"wsp-post\"><a href=\"https:\/\/saobernardo.ma.gov.br\/transparencia\/portarias\/portaria-no-374-de-23-de-abril-de-2025-resolve-nomear-para-o-cargo-em-comissao-de-assessor-especial-nivel-ii-dai-do-gabinete-do-prefeito-o-a-sra-luiz-soares-monteiro-junior\/\">PORTARIA N\u00ba 374, DE 23 DE ABRIL DE 2025 &#8211; RESOLVE NOMEAR, para o Cargo em Comiss\u00e3o de ASSESSOR ESPECIAL N\u00cdVEL II \u2013 DAI, do GABINETE DO PREFEITO, o (a) Sr(a). LUIZ SOARES MONTEIRO JUNIOR<\/a><\/li>\n\t\t<li class=\"wsp-post\"><a href=\"https:\/\/saobernardo.ma.gov.br\/transparencia\/portarias\/portaria-no-373-de-14-de-abril-de-2025-resolve-nomear-para-o-cargo-em-comissao-de-assessor-juridico-pedagogico-dans-da-secretaria-municipal-de-educacao-ciencia-tecnologia-e-inovacao-o-a-sr\/\">PORTARIA N\u00ba 373, DE 14 DE ABRIL DE 2025 &#8211; RESOLVE NOMEAR, para o Cargo em Comiss\u00e3o de ASSESSOR JUR\u00cdDICO PEDAG\u00d3GICO &#8211; DANS, da SECRETARIA MUNICIPAL DE EDUCA\u00c7\u00c3O, CI\u00caNCIA, TECNOLOGIA E INOVA\u00c7\u00c3O o (a) Sr(a). FELIPE BRITO FORTES.<\/a><\/li>\n\t\t<li class=\"wsp-post\"><a href=\"https:\/\/saobernardo.ma.gov.br\/transparencia\/portarias\/portaria-no-372-de-14-de-abril-de-2025-resolve-nomear-para-o-cargo-em-comissao-de-assessor-juridico-pedagogico-dans-da-secretaria-municipal-de-educacao-ciencia-tecnologia-e-inovacao-o-a-sr\/\">PORTARIA N\u00ba 372, DE 14 DE ABRIL DE 2025 &#8211; RESOLVE EXONERAR, do Cargo em Comiss\u00e3o de ASSESSOR JUR\u00cdDICO DA PROCURADORIA GERAL MUNICIPAL, o (a) Sr(a). MARIANA PEREIRA LIMA.<\/a><\/li>\n\t\t<li class=\"wsp-post\"><a href=\"https:\/\/saobernardo.ma.gov.br\/transparencia\/portarias\/portaria-no-371-de-08-de-abril-de-2025-resolve-nomear-para-o-cargo-em-comissao-de-assessor-juridico-dans-da-procuradoria-geral-municipal-oa-sr-a-mariana-pereira-lima\/\">PORTARIA N\u00ba 371, DE 08 DE ABRIL DE 2025 &#8211; RESOLVE NOMEAR, para o Cargo em Comiss\u00e3o de ASSESSOR JUR\u00cdDICO \u2013 DANS, da PROCURADORIA GERAL MUNICIPAL, o(a) Sr.(a). MARIANA PEREIRA LIMA.<\/a><\/li>\n\t\t<li class=\"wsp-post\"><a href=\"https:\/\/saobernardo.ma.gov.br\/transparencia\/portarias\/portaria-no-370-de-03-de-abril-de-2025-resolve-nomear-para-o-cargo-em-comissao-de-assessor-especial-nivel-i-das-do-gabinete-do-prefeito-o-a-sra-giselly-ferrari-almeida-da-silva\/\">PORTARIA N\u00ba 370, DE 03 DE ABRIL DE 2025 &#8211; RESOLVE NOMEAR, para o Cargo em Comiss\u00e3o de ASSESSOR ESPECIAL N\u00cdVEL I \u2013 DAS, do GABINETE DO PREFEITO, o (a) Sr(a). GISELLY FERRARI ALMEIDA DA SILVA.<\/a><\/li>\n\t\t<li class=\"wsp-post\"><a href=\"https:\/\/saobernardo.ma.gov.br\/transparencia\/portarias\/portaria-no-369-de-02-de-abril-de-2025-resolve-nomear-para-o-cargo-em-comissao-de-inspetor-escolar-dai-de-polo-da-secretaria-municipal-de-educacao-ciencia-tecnologia-e-inovacao-o-a\/\">PORTARIA N\u00ba 369, DE 02 DE ABRIL DE 2025 &#8211; RESOLVE NOMEAR, para o Cargo em Comiss\u00e3o de INSPETOR ESCOLAR \u2013 DAI, de POLO, da SECRETARIA MUNICIPAL DE EDUCA\u00c7\u00c3O, CI\u00caNCIA TECNOLOGIA E INOVA\u00c7\u00c3O, o (a) Sr(a). MARIA DAS NEVES ALVES DE SOUZA.<\/a><\/li>\n\t\t<li class=\"wsp-post\"><a href=\"https:\/\/saobernardo.ma.gov.br\/transparencia\/portarias\/portaria-no-368-de-02-de-abril-de-2025-resolve-nomear-para-o-cargo-em-comissao-de-inspetor-escolar-dai-de-polo-da-secretaria-municipal-de-educacao-ciencia-tecnologia-e-inovacao-o-a\/\">PORTARIA N\u00ba 368, DE 02 DE ABRIL DE 2025 &#8211; RESOLVE NOMEAR, para o Cargo em Comiss\u00e3o de INSPETOR ESCOLAR \u2013 DAI, de POLO, da SECRETARIA MUNICIPAL DE EDUCA\u00c7\u00c3O, CI\u00caNCIA TECNOLOGIA E INOVA\u00c7\u00c3O, o (a) Sr(a). LUCIANA OLIVEIRA CARVALHO SILVA.<\/a><\/li>\n\t\t<li class=\"wsp-post\"><a href=\"https:\/\/saobernardo.ma.gov.br\/transparencia\/portarias\/portaria-no-367-de-28-de-marco-de-2025-resolve-nomear-para-o-cargo-em-comissao-de-assessor-especial-nivel-i-das-do-gabinete-do-prefeito-o-a-sra-paulo-bismarck-porto-de-oliveira\/\">PORTARIA N\u00ba 367, DE 28 DE MAR\u00c7O DE 2025 &#8211; RESOLVE NOMEAR, para o Cargo em Comiss\u00e3o de ASSESSOR ESPECIAL N\u00cdVEL I \u2013 DAS, do GABINETE DO PREFEITO, o (a) Sr(a). PAULO BISMARCK PORTO DE OLIVEIRA.<\/a><\/li>\n\t\t<li class=\"wsp-post\"><a href=\"https:\/\/saobernardo.ma.gov.br\/transparencia\/portarias\/portaria-no-366-de-28-de-marco-de-2025-resolve-nomear-para-o-cargo-em-comissao-de-assessor-especial-nivel-i-das-do-gabinete-do-prefeito-o-a-sra-luana-laryssa-modesto-de-freitas\/\">PORTARIA N\u00ba 366, DE 28 DE MAR\u00c7O DE 2025 &#8211; RESOLVE NOMEAR, para o Cargo em Comiss\u00e3o de ASSESSOR ESPECIAL N\u00cdVEL I \u2013 DAS, do GABINETE DO PREFEITO, o (a) Sr(a). LUANA LARYSSA MODESTO DE FREITAS.<\/a><\/li>\n\t\t<li class=\"wsp-post\"><a href=\"https:\/\/saobernardo.ma.gov.br\/transparencia\/portarias\/portaria-no-365-de-28-de-marco-de-2025-resolve-nomear-para-o-cargo-em-comissao-de-assessor-especial-nivel-i-das-do-gabinete-do-prefeito-o-a-sra-jasson-cunha-da-silva\/\">PORTARIA N\u00ba 365, DE 28 DE MAR\u00c7O DE 2025 &#8211; RESOLVE NOMEAR, para o Cargo em Comiss\u00e3o de ASSESSOR ESPECIAL N\u00cdVEL I \u2013 DAS, do GABINETE DO PREFEITO, o (a) Sr(a). JASSON CUNHA DA SILVA.<\/a><\/li>\n\t\t<li class=\"wsp-post\"><a href=\"https:\/\/saobernardo.ma.gov.br\/transparencia\/portarias\/portaria-no-364-de-28-de-marco-de-2025-resolve-nomear-para-o-cargo-em-comissao-de-assessor-especial-nivel-i-das-do-gabinete-do-prefeito-o-a-sra-solange-maria-falcao-brito\/\">PORTARIA N\u00ba 364, DE 28 DE MAR\u00c7O DE 2025 &#8211; RESOLVE NOMEAR, para o Cargo em Comiss\u00e3o de ASSESSOR ESPECIAL N\u00cdVEL I \u2013 DAS, do GABINETE DO PREFEITO, o (a) Sr(a). SOLANGE MARIA FALC\u00c3O BRITO.<\/a><\/li>\n\t\t<li class=\"wsp-post\"><a href=\"https:\/\/saobernardo.ma.gov.br\/transparencia\/portarias\/portaria-no-363-de-28-de-marco-de-2025-resolve-nomear-para-o-cargo-em-comissao-de-assessor-especial-nivel-i-das-do-gabinete-do-prefeito-o-a-sra-antonio-jose-lobato-brito\/\">PORTARIA N\u00ba 363, DE 28 DE MAR\u00c7O DE 2025 &#8211; RESOLVE NOMEAR, para o Cargo em Comiss\u00e3o de ASSESSOR ESPECIAL N\u00cdVEL I \u2013 DAS, do GABINETE DO PREFEITO, o (a) Sr(a). ANTONIO JOSE LOBATO BRITO.<\/a><\/li>\n\t\t<li class=\"wsp-post\"><a href=\"https:\/\/saobernardo.ma.gov.br\/transparencia\/portarias\/portaria-no-362-de-28-de-marco-de-2025-resolve-nomear-para-o-cargo-em-comissao-de-assessor-pedagogico-nivel-ii-das-da-secretaria-municipal-de-educacao-ciencia-tecnologia-e-inovacao-o\/\">PORTARIA N\u00ba 362, DE 28 DE MAR\u00c7O DE 2025 &#8211; RESOLVE NOMEAR, para o Cargo em Comiss\u00e3o de ASSESSOR PEDAG\u00d3GICO N\u00cdVEL II\u2013 DAS, da SECRETARIA MUNICIPAL DE EDUCA\u00c7\u00c3O, CI\u00caNCIA, TECNOLOGIA E INOVA\u00c7\u00c3O, o (a) Sr(a). GICELIA CARDOSO LAGES DA SILVA.<\/a><\/li>\n\t\t<li class=\"wsp-post\"><a href=\"https:\/\/saobernardo.ma.gov.br\/transparencia\/portarias\/portaria-no-361-de-28-de-marco-de-2025-resolve-nomear-para-o-cargo-em-comissao-de-assessor-especial-nivel-iii-dai-1-do-gabinete-do-prefeito-o-a-sra-francisco-paiva-teixeira\/\">PORTARIA N\u00ba 361, DE 28 DE MAR\u00c7O DE 2025 &#8211; RESOLVE NOMEAR, para o Cargo em Comiss\u00e3o de ASSESSOR ESPECIAL N\u00cdVEL III \u2013 DAI -1, do GABINETE DO PREFEITO, o (a) Sr(a). FRANCISCO PAIVA TEIXEIRA.<\/a><\/li>\n\t\t<li class=\"wsp-post\"><a href=\"https:\/\/saobernardo.ma.gov.br\/transparencia\/portarias\/portaria-no-344-de-27-de-marco-de-2025-resolve-nomear-para-o-cargo-em-comissao-de-coordenador-pedagogico-das-de-polo-oa-sra-janaina-viana-da-silva\/\">PORTARIA N\u00ba 344, DE 27 DE MAR\u00c7O DE 2025 &#8211; RESOLVE NOMEAR, para o Cargo em Comiss\u00e3o de COORDENADOR PEDAGOGICO &#8211; DAS, de POLO, o(a) Sr(a). JANAINA VIANA DA SILVA<\/a><\/li>\n\t\t<li class=\"wsp-post\"><a href=\"https:\/\/saobernardo.ma.gov.br\/transparencia\/portarias\/portaria-no-360-de-27-de-marco-de-2025-resolve-nomear-para-o-cargo-em-comissao-de-inspetor-escolar-dai-de-polo-oa-sra-tania-maria-silva-lima\/\">PORTARIA N\u00ba 360, DE 27 DE MAR\u00c7O DE 2025 &#8211; RESOLVE NOMEAR, para o Cargo em Comiss\u00e3o de INSPETOR ESCOLAR &#8211; DAI, de POLO, o(a) Sr(a). TANIA MARIA SILVA LIMA.<\/a><\/li>\n\t\t<li class=\"wsp-post\"><a href=\"https:\/\/saobernardo.ma.gov.br\/transparencia\/portarias\/portaria-no-359-de-27-de-marco-de-2025-resolve-nomear-para-o-cargo-em-comissao-de-inspetor-escolar-dai-de-polo-oa-sra-savio-sousa-veras\/\">PORTARIA N\u00ba 359, DE 27 DE MAR\u00c7O DE 2025 &#8211; RESOLVE NOMEAR, para o Cargo em Comiss\u00e3o de INSPETOR ESCOLAR &#8211; DAI, de POLO, o(a) Sr(a). SAVIO SOUSA VERAS.<\/a><\/li>\n\t\t<li class=\"wsp-post\"><a href=\"https:\/\/saobernardo.ma.gov.br\/transparencia\/portarias\/portaria-no-358-de-27-de-marco-de-2025-resolve-nomear-para-o-cargo-em-comissao-de-inspetor-escolar-dai-de-polo-oa-sra-kleitton-bezerra-dos-santos\/\">PORTARIA N\u00ba 358, DE 27 DE MAR\u00c7O DE 2025 &#8211; RESOLVE NOMEAR, para o Cargo em Comiss\u00e3o de INSPETOR ESCOLAR &#8211; DAI, de POLO, o(a) Sr(a). KLEITTON BEZERRA DOS SANTOS.<\/a><\/li>\n\t\t<li class=\"wsp-post\"><a href=\"https:\/\/saobernardo.ma.gov.br\/transparencia\/portarias\/portaria-no-357-de-27-de-marco-de-2025-resolve-nomear-para-o-cargo-em-comissao-de-inspetor-escolar-dai-de-polo-oa-sra-jose-edvan-da-silva\/\">PORTARIA N\u00ba 357, DE 27 DE MAR\u00c7O DE 2025 &#8211; RESOLVE NOMEAR, para o Cargo em Comiss\u00e3o de INSPETOR ESCOLAR &#8211; DAI, de POLO, o(a) Sr(a). JOSE EDVAN DA SILVA.<\/a><\/li>\n\t\t<li class=\"wsp-post\"><a href=\"https:\/\/saobernardo.ma.gov.br\/transparencia\/portarias\/portaria-no-356-de-27-de-marco-de-2025-resolve-nomear-para-o-cargo-em-comissao-de-inspetor-escolar-dai-de-polo-oa-sra-guilherme-lira-araujo\/\">PORTARIA N\u00ba 356, DE 27 DE MAR\u00c7O DE 2025 &#8211; RESOLVE NOMEAR, para o Cargo em Comiss\u00e3o de INSPETOR ESCOLAR &#8211; DAI, de POLO, o(a) Sr(a). GUILHERME LIRA ARAUJO.<\/a><\/li>\n\t\t<li class=\"wsp-post\"><a href=\"https:\/\/saobernardo.ma.gov.br\/transparencia\/portarias\/portaria-no-355-de-27-de-marco-de-2025-resolve-nomear-para-o-cargo-em-comissao-de-inspetor-escolar-dai-de-polo-oa-sra-graciene-silva-monteiro-lima\/\">PORTARIA N\u00ba 355, DE 27 DE MAR\u00c7O DE 2025 &#8211; RESOLVE NOMEAR, para o Cargo em Comiss\u00e3o de INSPETOR ESCOLAR &#8211; DAI, de POLO, o(a) Sr(a). GRACIENE SILVA MONTEIRO LIMA.<\/a><\/li>\n\t\t<li class=\"wsp-post\"><a href=\"https:\/\/saobernardo.ma.gov.br\/transparencia\/portarias\/portaria-no-354-de-27-de-marco-de-2025-resolve-nomear-para-o-cargo-em-comissao-de-inspetor-escolar-dai-de-polo-oa-sra-gideal-teixeira-souza\/\">PORTARIA N\u00ba 354, DE 27 DE MAR\u00c7O DE 2025 &#8211; RESOLVE NOMEAR, para o Cargo em Comiss\u00e3o de INSPETOR ESCOLAR &#8211; DAI, de POLO, o(a) Sr(a). GIDEAL TEIXEIRA SOUZA.<\/a><\/li>\n\t\t<li class=\"wsp-post\"><a href=\"https:\/\/saobernardo.ma.gov.br\/transparencia\/portarias\/portaria-no-353-de-27-de-marco-de-2025-resolve-nomear-para-o-cargo-em-comissao-de-inspetor-escolar-dai-da-em-santa-luzia-oa-sra-samara-leao-brito\/\">PORTARIA N\u00ba 353, DE 27 DE MAR\u00c7O DE 2025 &#8211; RESOLVE NOMEAR, para o Cargo em Comiss\u00e3o de INSPETOR ESCOLAR &#8211; DAI, da EM SANTA LUZIA, o(a) Sr(a). SAMARA LEAO BRITO.<\/a><\/li>\n\t\t<li class=\"wsp-post\"><a href=\"https:\/\/saobernardo.ma.gov.br\/transparencia\/portarias\/portaria-no-352-de-27-de-marco-de-2025-resolve-nomear-para-o-cargo-em-comissao-de-inspetor-escolar-dai-da-em-vereador-rubenito-silva-couto-oa-sra-katia-silva-rocha\/\">PORTARIA N\u00ba 352, DE 27 DE MAR\u00c7O DE 2025 &#8211; RESOLVE NOMEAR, para o Cargo em Comiss\u00e3o de INSPETOR ESCOLAR &#8211; DAI, da EM VEREADOR RUBENITO SILVA COUTO, o(a) Sr(a). KATIA SILVA ROCHA.<\/a><\/li>\n\t\t<li class=\"wsp-post\"><a href=\"https:\/\/saobernardo.ma.gov.br\/transparencia\/portarias\/portaria-no-351-de-27-de-marco-de-2025-resolve-nomear-para-o-cargo-em-comissao-de-inspetor-escolar-dai-da-em-coracao-de-jesus-oa-sra-jefson-silva-costa\/\">PORTARIA N\u00ba 351, DE 27 DE MAR\u00c7O DE 2025 &#8211; RESOLVE NOMEAR, para o Cargo em Comiss\u00e3o de INSPETOR ESCOLAR &#8211; DAI, da EM CORACAO DE JESUS, o(a) Sr(a). JEFSON SILVA COSTA.<\/a><\/li>\n\t\t<li class=\"wsp-post\"><a href=\"https:\/\/saobernardo.ma.gov.br\/transparencia\/portarias\/portaria-no-350-de-27-de-marco-de-2025-resolve-nomear-para-o-cargo-em-comissao-de-inspetor-escolar-dai-da-ui-pres-castelo-branco-oa-sra-alan-costa-pereira\/\">PORTARIA N\u00ba 350, DE 27 DE MAR\u00c7O DE 2025 &#8211; RESOLVE NOMEAR, para o Cargo em Comiss\u00e3o de INSPETOR ESCOLAR &#8211; DAI, da UI PRES CASTELO BRANCO, o(a) Sr(a). ALAN COSTA PEREIRA.<\/a><\/li>\n\t\t<li class=\"wsp-post\"><a href=\"https:\/\/saobernardo.ma.gov.br\/transparencia\/portarias\/portaria-no-349-de-27-de-marco-de-2025-resolve-nomear-para-o-cargo-em-comissao-de-coordenador-pedagogico-das-de-polo-oa-sra-sandra-da-silva\/\">PORTARIA N\u00ba 349, DE 27 DE MAR\u00c7O DE 2025 &#8211; RESOLVE NOMEAR, para o Cargo em Comiss\u00e3o de COORDENADOR PEDAGOGICO &#8211; DAS, de POLO, o(a) Sr(a). SANDRA DA SILVA .<\/a><\/li>\n\t\t<li class=\"wsp-post\"><a href=\"https:\/\/saobernardo.ma.gov.br\/transparencia\/portarias\/portaria-no-348-de-27-de-marco-de-2025-resolve-nomear-para-o-cargo-em-comissao-de-coordenador-pedagogico-das-de-polo-oa-sra-regilda-aprigio-paz\/\">PORTARIA N\u00ba 348, DE 27 DE MAR\u00c7O DE 2025 &#8211; RESOLVE NOMEAR, para o Cargo em Comiss\u00e3o de COORDENADOR PEDAGOGICO &#8211; DAS, de POLO, o(a) Sr(a). REGILDA APRIGIO PAZ.<\/a><\/li>\n\t\t<li class=\"wsp-post\"><a href=\"https:\/\/saobernardo.ma.gov.br\/transparencia\/portarias\/portaria-no-347-de-27-de-marco-de-2025-resolve-nomear-para-o-cargo-em-comissao-de-coordenador-pedagogico-das-de-polo-oa-sra-maria-rosimar-teixeira-da-silva\/\">PORTARIA N\u00ba 347, DE 27 DE MAR\u00c7O DE 2025 &#8211; RESOLVE NOMEAR, para o Cargo em Comiss\u00e3o de COORDENADOR PEDAGOGICO &#8211; DAS, de POLO, o(a) Sr(a). MARIA ROSIMAR TEIXEIRA DA SILVA.<\/a><\/li>\n\t\t<li class=\"wsp-post\"><a href=\"https:\/\/saobernardo.ma.gov.br\/transparencia\/portarias\/portaria-no-346-de-27-de-marco-de-2025-resolve-nomear-para-o-cargo-em-comissao-de-coordenador-pedagogico-das-de-polo-oa-sra-maria-de-fatima-ribeiro-da-silva\/\">PORTARIA N\u00ba 346, DE 27 DE MAR\u00c7O DE 2025 &#8211; RESOLVE NOMEAR, para o Cargo em Comiss\u00e3o de COORDENADOR PEDAGOGICO &#8211; DAS, de POLO, o(a) Sr(a). MARIA DE FATIMA RIBEIRO DA SILVA.<\/a><\/li>\n\t\t<li class=\"wsp-post\"><a href=\"https:\/\/saobernardo.ma.gov.br\/transparencia\/portarias\/portaria-no-345-de-27-de-marco-de-2025-resolve-nomear-para-o-cargo-em-comissao-de-coordenador-pedagogico-das-de-polo-oa-sra-leidiele-oliveira-machado\/\">PORTARIA N\u00ba 345, DE 27 DE MAR\u00c7O DE 2025 &#8211; RESOLVE NOMEAR, para o Cargo em Comiss\u00e3o de COORDENADOR PEDAGOGICO &#8211; DAS, de POLO, o(a) Sr(a). LEIDIELE OLIVEIRA MACHADO.<\/a><\/li>\n\t\t<li class=\"wsp-post\"><a href=\"https:\/\/saobernardo.ma.gov.br\/transparencia\/portarias\/portaria-no-343-de-27-de-marco-de-2025-resolve-nomear-para-o-cargo-em-comissao-de-coordenador-pedagogico-das-de-polo-oa-sra-gildelene-farias-cardoso\/\">PORTARIA N\u00ba 343, DE 27 DE MAR\u00c7O DE 2025 &#8211; RESOLVE NOMEAR, para o Cargo em Comiss\u00e3o de COORDENADOR PEDAGOGICO &#8211; DAS, de POLO, o(a) Sr(a). GILDELENE FARIAS CARDOSO.<\/a><\/li>\n\t\t<li class=\"wsp-post\"><a href=\"https:\/\/saobernardo.ma.gov.br\/transparencia\/portarias\/portaria-no-342-de-27-de-marco-de-2025-resolve-nomear-para-o-cargo-em-comissao-de-coordenador-pedagogico-das-de-polo-oa-sra-flavia-pereira-cardozo\/\">PORTARIA N\u00ba 342, DE 27 DE MAR\u00c7O DE 2025 &#8211; RESOLVE NOMEAR, para o Cargo em Comiss\u00e3o de COORDENADOR PEDAGOGICO &#8211; DAS, de POLO, o(a) Sr(a). FLAVIA PEREIRA CARDOZO.<\/a><\/li>\n\t\t<li class=\"wsp-post\"><a href=\"https:\/\/saobernardo.ma.gov.br\/transparencia\/portarias\/portaria-no-341-de-27-de-marco-de-2025-resolve-nomear-para-o-cargo-em-comissao-de-coordenador-pedagogico-das-de-polo-oa-sra-bernardete-cunha-de-araujo\/\">PORTARIA N\u00ba 341, DE 27 DE MAR\u00c7O DE 2025 &#8211; RESOLVE NOMEAR, para o Cargo em Comiss\u00e3o de COORDENADOR PEDAGOGICO &#8211; DAS, de POLO, o(a) Sr(a). BERNARDETE CUNHA DE ARAUJO.<\/a><\/li>\n\t\t<li class=\"wsp-post\"><a href=\"https:\/\/saobernardo.ma.gov.br\/transparencia\/portarias\/portaria-no-340-de-27-de-marco-de-2025-resolve-nomear-para-o-cargo-em-comissao-de-coordenador-pedagogico-das-do-inst-educ-conego-nestor-carvalho-cunha-oa-sra-maria-deuzane-da-silva-santos\/\">PORTARIA N\u00ba 340, DE 27 DE MAR\u00c7O DE 2025 &#8211; RESOLVE NOMEAR, para o Cargo em Comiss\u00e3o de COORDENADOR PEDAGOGICO &#8211; DAS, do INST EDUC CONEGO NESTOR CARVALHO CUNHA, o(a) Sr(a). MARIA DEUZANE DA SILVA SANTOS.<\/a><\/li>\n\t\t<li class=\"wsp-post\"><a href=\"https:\/\/saobernardo.ma.gov.br\/transparencia\/portarias\/portaria-no-339-de-27-de-marco-de-2025-resolve-nomear-para-o-cargo-em-comissao-de-coordenador-pedagogico-das-da-em-mons-mauricio-oa-sra-maria-dos-milagres-pontes-meneses\/\">PORTARIA N\u00ba 339, DE 27 DE MAR\u00c7O DE 2025 &#8211; RESOLVE NOMEAR, para o Cargo em Comiss\u00e3o de COORDENADOR PEDAGOGICO &#8211; DAS, da EM MONS MAURICIO, o(a) Sr(a). MARIA DOS MILAGRES PONTES MENESES.<\/a><\/li>\n\t\t<li class=\"wsp-post\"><a href=\"https:\/\/saobernardo.ma.gov.br\/transparencia\/portarias\/portaria-no-338-de-27-de-marco-de-2025-resolve-nomear-para-o-cargo-em-comissao-de-coordenador-pedagogico-das-de-polo-oa-sra-ismael-araujo-monteiro\/\">PORTARIA N\u00ba 338, DE 27 DE MAR\u00c7O DE 2025 &#8211; RESOLVE NOMEAR, para o Cargo em Comiss\u00e3o de COORDENADOR PEDAGOGICO &#8211; DAS, de POLO, o(a) Sr(a). ISMAEL ARAUJO MONTEIRO.<\/a><\/li>\n\t\t<li class=\"wsp-post\"><a href=\"https:\/\/saobernardo.ma.gov.br\/transparencia\/portarias\/portaria-no-337-de-27-de-marco-de-2025-resolve-nomear-para-o-cargo-em-comissao-de-coordenador-pedagogico-das-da-em-prof-celia-cristina-oa-sra-gizele-oliveira-dos-santos\/\">PORTARIA N\u00ba 337, DE 27 DE MAR\u00c7O DE 2025 &#8211; RESOLVE NOMEAR, para o Cargo em Comiss\u00e3o de COORDENADOR PEDAGOGICO &#8211; DAS, da EM PROF CELIA CRISTINA, o(a) Sr(a). GIZELE OLIVEIRA DOS SANTOS.<\/a><\/li>\n\t\t<li class=\"wsp-post\"><a href=\"https:\/\/saobernardo.ma.gov.br\/transparencia\/portarias\/portaria-no-336-de-27-de-marco-de-2025-resolve-nomear-para-o-cargo-em-comissao-de-coordenador-pedagogico-das-da-em-vereador-rubenito-silva-couto-oa-sra-gerson-ricardo-costa-farias\/\">PORTARIA N\u00ba 336, DE 27 DE MAR\u00c7O DE 2025 &#8211; RESOLVE NOMEAR, para o Cargo em Comiss\u00e3o de COORDENADOR PEDAGOGICO &#8211; DAS, da EM VEREADOR RUBENITO SILVA COUTO, o(a) Sr(a). GERSON RICARDO COSTA FARIAS.<\/a><\/li>\n\t\t<li class=\"wsp-post\"><a href=\"https:\/\/saobernardo.ma.gov.br\/transparencia\/portarias\/portaria-no-335-de-25-de-marco-de-2025-nomeia-componentes-da-comissao-permanente-de-sindicancia-e-processo-administrativo-disciplinar\/\">PORTARIA N\u00ba 335, DE 25 DE MAR\u00c7O DE 2025 &#8211; \u201cNOMEIA COMPONENTES DA COMISS\u00c3O PERMANENTE DE SINDIC\u00c2NCIA E PROCESSO ADMINISTRATIVO DISCIPLINAR\u201d<\/a><\/li>\n\t\t<li class=\"wsp-post\"><a href=\"https:\/\/saobernardo.ma.gov.br\/transparencia\/portarias\/portaria-no-334-de-25-de-marco-de-2025-resolve-nomear-para-o-cargo-em-comissao-de-assessor-pedagogico-nivel-iii-dai-da-secretaria-municipal-de-educacao-ciencia-tecnologia-e-inovacao-o-a-sr\/\">PORTARIA N\u00ba 334, DE 25 DE MAR\u00c7O DE 2025 &#8211; RESOLVE NOMEAR, para o Cargo em Comiss\u00e3o de ASSESSOR PEDAG\u00d3GICO N\u00cdVEL III &#8211; DAI, DA SECRETARIA MUNICIPAL DE EDUCA\u00c7\u00c3O, CI\u00caNCIA, TECNOLOGIA E INOVA\u00c7\u00c3O, o (a) Sr(a). SAMARA FARIAS GARCEZ.<\/a><\/li>\n\t\t<li class=\"wsp-post\"><a href=\"https:\/\/saobernardo.ma.gov.br\/transparencia\/portarias\/portaria-no-333-de-25-de-marco-de-2025-resolve-nomear-para-o-cargo-em-comissao-de-assessor-pedagogico-nivel-iii-dai-da-secretaria-municipal-de-educacao-ciencia-tecnologia-e-inovacao-o-a-sr\/\">PORTARIA N\u00ba 333, DE 25 DE MAR\u00c7O DE 2025 &#8211; RESOLVE NOMEAR, para o Cargo em Comiss\u00e3o de ASSESSOR PEDAG\u00d3GICO N\u00cdVEL III &#8211; DAI, DA SECRETARIA MUNICIPAL DE EDUCA\u00c7\u00c3O, CI\u00caNCIA, TECNOLOGIA E INOVA\u00c7\u00c3O, o (a) Sr(a). ROM\u00c1RIO PEREIRA DA COSTA.<\/a><\/li>\n\t\t<li class=\"wsp-post\"><a href=\"https:\/\/saobernardo.ma.gov.br\/transparencia\/portarias\/portaria-no-332-de-24-de-marco-de-2025-resolve-nomear-para-o-cargo-em-comissao-de-assessor-especial-nivel-iii-dai-1-do-gabinete-do-prefeito-o-a-sra-raimundo-nonato-rocha-coelho\/\">PORTARIA N\u00ba 332, DE 24 DE MAR\u00c7O DE 2025 &#8211; RESOLVE NOMEAR, para o Cargo em Comiss\u00e3o de ASSESSOR ESPECIAL N\u00cdVEL III \u2013 DAI -1, do GABINETE DO PREFEITO, o (a) Sr(a). RAIMUNDO NONATO ROCHA CO\u00caLHO.<\/a><\/li>\n\t\t<li class=\"wsp-post\"><a href=\"https:\/\/saobernardo.ma.gov.br\/transparencia\/portarias\/portaria-conjunta-no-02-de-21-de-marco-de-2025-dispoe-sobre-a-proibicao-de-entrada-de-garrafas-e-recipientes-de-vidros-no-circuito-da-praca-municipal-valdomiro-pereira-e-da-outras-pro\/\">PORTARIA CONJUNTA N\u00ba 02, DE 21 DE MAR\u00c7O DE 2025 &#8211; &#8220;Disp\u00f5e sobre a proibi\u00e7\u00e3o de entrada de garrafas e recipientes de vidros no circuito da &#8220;Pra\u00e7a Municipal Valdomiro Pereira\u201d; e d\u00e1 outras provid\u00eancias&#8221;<\/a><\/li>\n\t\t<li class=\"wsp-post\"><a href=\"https:\/\/saobernardo.ma.gov.br\/transparencia\/portarias\/portaria-no-331-de-21-de-marco-de-2025-resolve-nomear-para-o-cargo-em-comissao-de-assessor-tecnico-administrativo-dai-1-do-gabinete-da-vice-prefeita-o-a-sra-bruno-da-silva-lima\/\">PORTARIA N\u00ba 331, DE 21 DE MAR\u00c7O DE 2025 &#8211; RESOLVE NOMEAR, para o Cargo em Comiss\u00e3o de, ASSESSOR T\u00c9CNICO ADMINISTRATIVO \u2013 DAI -1, do GABINETE DA VICE PREFEITA, o (a) Sr(a). BRUNO DA SILVA LIMA<\/a><\/li>\n\t\t<li class=\"wsp-post\"><a href=\"https:\/\/saobernardo.ma.gov.br\/transparencia\/portarias\/portaria-no-330-de-21-de-marco-de-2025-resolve-nomear-para-o-cargo-em-comissao-de-assessor-especial-nivel-ii-dai-do-gabinete-da-vice-prefeita-o-a-sra-isa-costa-lima\/\">PORTARIA N\u00ba 330, DE 21 DE MAR\u00c7O DE 2025 &#8211; RESOLVE NOMEAR, para o Cargo em Comiss\u00e3o de, ASSESSOR ESPECIAL N\u00cdVEL II \u2013 DAI, do GABINETE DA VICE PREFEITA, o (a) Sr(a). ISA COSTA LIMA.<\/a><\/li>\n\t\t<li class=\"wsp-post\"><a href=\"https:\/\/saobernardo.ma.gov.br\/transparencia\/portarias\/portaria-no-329-de-20-de-marco-de-2025-resolve-nomear-para-o-cargo-em-comissao-de-chefe-de-gabinete-das-do-gabinete-da-vice-prefeita-o-a-sra-selma-ferreira-machado\/\">PORTARIA N\u00ba 329, DE 20 DE MAR\u00c7O DE 2025 &#8211; RESOLVE NOMEAR, para o Cargo em Comiss\u00e3o de, CHEFE DE GABINETE &#8211; DAS, do GABINETE DA VICE PREFEITA, o (a) Sr(a). SELMA FERREIRA MACHADO.<\/a><\/li>\n\t\t<li class=\"wsp-post\"><a href=\"https:\/\/saobernardo.ma.gov.br\/transparencia\/portarias\/portaria-no-328-de-20-de-marco-de-2025-resolve-nomear-para-o-cargo-em-comissao-de-assessor-especial-nivel-iii-dai-1-do-gabinete-do-prefeito-o-a-sra-luis-carlos-rocha-rodrigues\/\">PORTARIA N\u00ba 328, DE 20 DE MAR\u00c7O DE 2025 &#8211; RESOLVE NOMEAR, para o Cargo em Comiss\u00e3o de, ASSESSOR ESPECIAL N\u00cdVEL III \u2013 DAI- 1, do GABINETE DO PREFEITO, o (a) Sr(a). LUIS CARLOS ROCHA RODRIGUES.<\/a><\/li>\n\t\t<li class=\"wsp-post\"><a href=\"https:\/\/saobernardo.ma.gov.br\/transparencia\/portarias\/portaria-no-327-de-19-de-marco-de-2025-resolve-exonerar-a-pedido-do-cargo-efetivo-de-professor-para-acompanhamento-educacional-especializado-na-area-de-deficiencia-auditiva-libras-da-secretaria\/\">PORTARIA N\u00ba 327, DE 19 DE MAR\u00c7O DE 2025 &#8211; RESOLVE EXONERAR a pedido, do Cargo Efetivo de PROFESSOR PARA ACOMPANHAMENTO EDUCACIONAL ESPECIALIZADO NA \u00c1REA DE DEFICI\u00caNCIA AUDITIVA (LIBRAS) da SECRETARIA MUNICIPAL DE EDUCA\u00c7\u00c3O, CI\u00caNCIA, TECNOLOGIA E INOVA\u00c7\u00c3O, o (a) Sr(a). FRANCISCA DAS CHAGAS MENDES DE OLIVEIRA.<\/a><\/li>\n\t\t<li class=\"wsp-post\"><a href=\"https:\/\/saobernardo.ma.gov.br\/transparencia\/portarias\/portaria-no-326-de-19-de-marco-de-2025-resolve-nomear-para-o-cargo-em-comissao-de-diretor-adjunto-da-escola-municipal-rui-barbosa-o-a-sra-ana-maria-portela-silva\/\">PORTARIA N\u00ba 326, DE 19 DE MAR\u00c7O DE 2025 &#8211; RESOLVE NOMEAR, para o Cargo em Comiss\u00e3o de DIRETOR ADJUNTO, da ESCOLA MUNICIPAL RUI BARBOSA, o (a) Sr(a). ANA MARIA PORTELA SILVA.<\/a><\/li>\n\t\t<li class=\"wsp-post\"><a href=\"https:\/\/saobernardo.ma.gov.br\/transparencia\/portarias\/portaria-no-325-de-19-de-marco-de-2025-resolve-nomear-para-o-cargo-em-comissao-de-secretario-escolar-dai-1-da-escola-municipal-pontes-de-aguiar-o-a-sra-karleno-jose-de-sousa-reis\/\">PORTARIA N\u00ba 325, DE 19 DE MAR\u00c7O DE 2025 &#8211; RESOLVE NOMEAR, para o Cargo em Comiss\u00e3o de SECRET\u00c1RIO ESCOLAR \u2013 DAI-1, da ESCOLA MUNICIPAL PONTES DE AGUIAR, o (a) Sr(a). KARLENO JOS\u00c9 DE SOUSA REIS.<\/a><\/li>\n\t\t<li class=\"wsp-post\"><a href=\"https:\/\/saobernardo.ma.gov.br\/transparencia\/portarias\/portaria-no-324-de-19-de-marco-de-2025-resolve-nomear-para-o-cargo-em-comissao-de-coordenador-do-programa-escola-aberta-das-da-secretaria-municipal-de-educacao-ciencia-tecnologia-e-in\/\">PORTARIA N\u00ba 324, DE 19 DE MAR\u00c7O DE 2025 &#8211; RESOLVE NOMEAR, para o Cargo em Comiss\u00e3o de COORDENADOR DO PROGRAMA ESCOLA ABERTA \u2013 DAS, da SECRETARIA MUNICIPAL DE EDUCA\u00c7\u00c3O, CI\u00caNCIA, TECNOLOGIA E INOVA\u00c7\u00c3O, o (a) Sr(a). JOS\u00c9 HENRIQUE MARQUES.<\/a><\/li>\n\t\t<li class=\"wsp-post\"><a href=\"https:\/\/saobernardo.ma.gov.br\/transparencia\/portarias\/portaria-no-323-de-01-de-marco-de-2025-resolve-nomear-para-o-cargo-em-comissao-de-assessor-especial-nivel-iii-dai-1-do-gabinete-do-prefeito-o-a-sra-francisco-das-chagas-da-silva\/\">PORTARIA N\u00ba 323, DE 01 DE MAR\u00c7O DE 2025 &#8211; RESOLVE NOMEAR, para o Cargo em Comiss\u00e3o de ASSESSOR ESPECIAL N\u00cdVEL III\u2013 DAI -1, do GABINETE DO PREFEITO, o (a) Sr(a). FRANCISCO DAS CHAGAS DA SILVA<\/a><\/li>\n\t\t<li class=\"wsp-post\"><a href=\"https:\/\/saobernardo.ma.gov.br\/transparencia\/portarias\/portaria-no-322-de-27-de-fevereiro-de-2025-resolve-nomear-para-o-cargo-em-comissao-de-assessor-especial-nivel-iii-dai-da-secretaria-municipal-de-saude-o-a-sra-eunice-lima-do-nascim\/\">PORTARIA N\u00ba 322, DE 27 DE FEVEREIRO DE 2025 &#8211; RESOLVE NOMEAR, para o Cargo em Comiss\u00e3o de ASSESSOR ESPECIAL N\u00cdVEL III\u2013 DAI, da SECRETARIA MUNICIPAL DE SA\u00daDE, o (a) Sr(a). EUNICE LIMA DO NASCIMENTO.<\/a><\/li>\n\t\t<li class=\"wsp-post\"><a href=\"https:\/\/saobernardo.ma.gov.br\/transparencia\/portarias\/portaria-no-321-de-26-de-fevereiro-de-2025-resolve-designar-ao-cargo-de-fiscal-de-contratos-que-envolvam-a-realizacao-de-obras-publicas-da-prefeitura-municipal-de-sao-bernardo-estado-do-maranhao\/\">PORTARIA N\u00ba 321, DE 26 DE FEVEREIRO DE 2025 &#8211; RESOLVE DESIGNAR, ao cargo de FISCAL DE CONTRATOS QUE ENVOLVAM A REALIZA\u00c7\u00c3O DE OBRAS P\u00daBLICAS, da PREFEITURA MUNICIPAL DE S\u00c3O BERNARDO, ESTADO DO MARANH\u00c3O, o (a) Sr(a). ROBERTO MIRANDA LEITE.<\/a><\/li>\n\t\t<li class=\"wsp-post\"><a href=\"https:\/\/saobernardo.ma.gov.br\/transparencia\/portarias\/portaria-no-320-de-26-de-fevereiro-de-2025-resolve-nomear-para-o-cargo-em-comissao-de-assessor-pedagogico-nivel-i-dans-da-secretaria-municipal-de-educacao-ciencia-tecnologia-e-inovacao-o-a\/\">PORTARIA N\u00ba 320, DE 26 DE FEVEREIRO DE 2025 &#8211; RESOLVE NOMEAR, para o Cargo em Comiss\u00e3o de ASSESSOR PEDAG\u00d3GICO N\u00cdVEL I &#8211; DANS, da SECRETARIA MUNICIPAL DE EDUCA\u00c7\u00c3O, CI\u00caNCIA, TECNOLOGIA E INOVA\u00c7\u00c3O, o (a) Sr(a). VALDEMIR MELO SILVA<\/a><\/li>\n\t\t<li class=\"wsp-post\"><a href=\"https:\/\/saobernardo.ma.gov.br\/transparencia\/portarias\/portaria-no-319-de-26-de-fevereiro-de-2025-resolve-nomear-para-o-cargo-em-comissao-de-coordenadora-de-promocao-e-desenvolvimento-de-politicas-publicas-para-juventude-mulheres-e-minorias\/\">PORTARIA N\u00ba 319, DE 26 DE FEVEREIRO DE 2025 &#8211; RESOLVE NOMEAR, para o Cargo em Comiss\u00e3o de, COORDENADORA DE PROMO\u00c7\u00c3O E DESENVOLVIMENTO DE POL\u00cdTICAS P\u00daBLICAS PARA JUVENTUDE, MULHERES E MINORIAS \u2013 DANS, da SECRETARIA MUNICIPAL DE JUVENTUDE, MULHERES E MINORIAS, o (a) Sr(a). JASSYANE SILVA CANDEIRA<\/a><\/li>\n\t\t<li class=\"wsp-post\"><a href=\"https:\/\/saobernardo.ma.gov.br\/transparencia\/portarias\/portaria-no-318-de-26-de-fevereiro-de-2025-resolve-nomear-para-o-cargo-em-comissao-de-assessor-especial-nivel-i-das-do-gabinete-do-prefeito-o-a-sra-carlos-alberto-sales-lopes\/\">PORTARIA N\u00ba 318, DE 26 DE FEVEREIRO DE 2025 &#8211; RESOLVE NOMEAR, para o Cargo em Comiss\u00e3o de, ASSESSOR ESPECIAL N\u00cdVEL I &#8211; DAS, do GABINETE DO PREFEITO, o (a) Sr(a). CARLOS ALBERTO SALES LOPES<\/a><\/li>\n\t\t<li class=\"wsp-post\"><a href=\"https:\/\/saobernardo.ma.gov.br\/transparencia\/portarias\/portaria-no-317-de-26-de-fevereiro-de-2025-resolve-designar-para-o-cargo-em-comissao-de-assessor-especial-nivel-i-dans-da-secretaria-municipal-de-gestao-o-a-sra-renato-damasceno-s\/\">PORTARIA N\u00ba 317, DE 26 DE FEVEREIRO DE 2025 &#8211; RESOLVE DESIGNAR, para o Cargo em Comiss\u00e3o de ASSESSOR ESPECIAL N\u00cdVEL I \u2013 DANS, da SECRETARIA MUNICIPAL DE GEST\u00c3O, o (a) Sr(a). RENATO DAMASCENO SILVA.<\/a><\/li>\n\t\t<li class=\"wsp-post\"><a href=\"https:\/\/saobernardo.ma.gov.br\/transparencia\/portarias\/portaria-no-316-de-26-de-fevereiro-de-2025-resolve-nomear-para-o-cargo-em-comissao-de-assessor-pedagogico-nivel-ii-das-da-secretaria-municipal-de-educacao-ciencia-tecnologia-e-inovacao-o-a\/\">PORTARIA N\u00ba 316, DE 26 DE FEVEREIRO DE 2025 &#8211; RESOLVE NOMEAR, para o Cargo em Comiss\u00e3o de, ASSESSOR PEDAG\u00d3GICO N\u00cdVEL II &#8211; DAS, da SECRETARIA MUNICIPAL DE EDUCA\u00c7\u00c3O CI\u00caNCIA, TECNOLOGIA E INOVA\u00c7\u00c3O, o (a) Sr(a). CASSIA ROCHA PORTELA<\/a><\/li>\n\t\t<li class=\"wsp-post\"><a href=\"https:\/\/saobernardo.ma.gov.br\/transparencia\/portarias\/portaria-no-315-de-26-de-fevereiro-de-2025-resolve-exonerar-do-cargo-em-comissao-de-assessor-pedagogico-nivel-i-da-secretaria-municipal-de-educacao-ciencia-tecnologia-e-inovacao-o-a-sra-c\/\">PORTARIA N\u00ba 315, DE 26 DE FEVEREIRO DE 2025 &#8211; RESOLVE EXONERAR, do Cargo em Comiss\u00e3o de, ASSESSOR PEDAG\u00d3GICO N\u00cdVEL I, da SECRETARIA MUNICIPAL DE EDUCA\u00c7\u00c3O CI\u00caNCIA, TECNOLOGIA E INOVA\u00c7\u00c3O, o (a) Sr(a). CASSIA ROCHA PORTELA.<\/a><\/li>\n\t\t<li class=\"wsp-post\"><a href=\"https:\/\/saobernardo.ma.gov.br\/transparencia\/portarias\/portaria-no-314-de-26-de-fevereiro-de-2025-resolve-nomear-para-o-cargo-em-comissao-de-assessor-juridico-das-da-secretaria-municipal-de-assistencia-social-o-a-sra-naiza-ferreira-s\/\">PORTARIA N\u00ba 314, DE 26 DE FEVEREIRO DE 2025 &#8211; RESOLVE: NOMEAR, para o Cargo em Comiss\u00e3o de ASSESSOR JUR\u00cdDICO \u2013 DAS, da SECRETARIA MUNICIPAL DE ASSIST\u00caNCIA SOCIAL, o (a) Sr(a). NAIZA FERREIRA SILVA<\/a><\/li>\n\t\t<li class=\"wsp-post\"><a href=\"https:\/\/saobernardo.ma.gov.br\/transparencia\/portarias\/portaria-no-313-de-26-de-fevereiro-de-2025-resolve-nomear-para-o-cargo-em-comissao-de-chefe-do-departamento-de-emissao-de-alvaras-e-licencas-dai-da-secretaria-municipal-de-obras-patrim\/\">PORTARIA N\u00ba 313, DE 26 DE FEVEREIRO DE 2025 &#8211; RESOLVE NOMEAR, para o Cargo em Comiss\u00e3o de CHEFE DO DEPARTAMENTO DE EMISS\u00c3O DE ALVAR\u00c1S E LICEN\u00c7AS \u2013 DAI, da SECRETARIA MUNICIPAL DE OBRAS, PATRIM\u00d4NIO E LOG\u00cdSTICA, o (a) Sr(a). ANTONIO JO\u00c3O MARTINS LOPES.<\/a><\/li>\n\t\t<li class=\"wsp-post\"><a href=\"https:\/\/saobernardo.ma.gov.br\/transparencia\/portarias\/portaria-no-312-de-26-de-fevereiro-de-2025-resolve-nomear-para-o-cargo-em-comissao-de-assessor-especial-nivel-ii-das-da-secretaria-municipal-de-saude-o-a-sra-lucas-brito-fortes\/\">PORTARIA N\u00ba 312, DE 26 DE FEVEREIRO DE 2025 &#8211; RESOLVE NOMEAR, para o Cargo em Comiss\u00e3o de, ASSESSOR ESPECIAL N\u00cdVEL II \u2013 DAS, da SECRETARIA MUNICIPAL DE SA\u00daDE, o (a) Sr(a). LUCAS BRITO FORTES.<\/a><\/li>\n\t\t<li class=\"wsp-post\"><a href=\"https:\/\/saobernardo.ma.gov.br\/transparencia\/portarias\/portaria-conjunta-no-01-de-25-de-fevereiro-de-2025-dispoe-sobre-a-proibicao-de-entrada-de-garrafas-e-recipientes-de-vidros-no-circuito-do-balneario-rio-buriti-e-da-outra\/\">PORTARIA CONJUNTA N\u00ba 01, DE 25 DE FEVEREIRO DE 2025 &#8211; \u201cDisp\u00f5e sobre a proibi\u00e7\u00e3o de entrada de garrafas e recipientes de vidros no circuito do \u201cBalne\u00e1rio Rio Buriti\u201d; e d\u00e1 outras provid\u00eancias\u201d<\/a><\/li>\n\t\t<li class=\"wsp-post\"><a href=\"https:\/\/saobernardo.ma.gov.br\/transparencia\/portarias\/portaria-no-311-de-25-de-fevereiro-de-2025-resolve-exonerar-a-pedido-do-cargo-efetivo-de-professora-de-historia-do-6o-ao-9o-ano-da-secretaria-municipal-de-educacao-ciencia-tecnologia-e-inovacao\/\">PORTARIA N\u00ba 311, DE 25 DE FEVEREIRO DE 2025 &#8211; RESOLVE EXONERAR a Pedido, do Cargo Efetivo de PROFESSORA DE HIST\u00d3RIA DO 6\u00ba AO 9\u00ba ANO, da SECRETARIA MUNICIPAL DE EDUCA\u00c7\u00c3O, CI\u00caNCIA, TECNOLOGIA E INOVA\u00c7\u00c3O, o (a) Sr(a). RAIMUNDA NONATA SILVA PEIXOTO PIMENTEL.<\/a><\/li>\n\t\t<li class=\"wsp-post\"><a href=\"https:\/\/saobernardo.ma.gov.br\/transparencia\/portarias\/portaria-no-310-de-24-de-fevereiro-de-2025-resolve-nomear-para-o-cargo-em-comissao-de-assessor-pedagogico-nivel-i-dans-da-secretaria-municipal-de-educacao-ciencia-tecnologia-e-inovacao-o-a\/\">PORTARIA N\u00ba 310 DE 24 DE FEVEREIRO DE 2025 &#8211; RESOLVE NOMEAR, para o Cargo em Comiss\u00e3o de ASSESSOR PEDAG\u00d3GICO N\u00cdVEL I &#8211; DANS, DA SECRETARIA MUNICIPAL DE EDUCA\u00c7\u00c3O, CI\u00caNCIA, TECNOLOGIA E INOVA\u00c7\u00c3O, o (a) Sr(a). FRANCISCO DAS CHAGAS JUAN CUNHA OLIVEIRA.<\/a><\/li>\n\t\t<li class=\"wsp-post\"><a href=\"https:\/\/saobernardo.ma.gov.br\/transparencia\/portarias\/portaria-no-309-de-21-de-fevereiro-de-2025-resolve-nomear-para-o-cargo-em-comissao-de-coordenador-municipal-da-secretaria-municipal-de-educacao-ciencia-tecnologia-e-inovacao-o-a-sra-gisla\/\">PORTARIA N\u00ba 309, DE 21 DE FEVEREIRO DE 2025 &#8211; RESOLVE NOMEAR, para o Cargo em Comiss\u00e3o de COORDENADOR MUNICIPAL, da SECRETARIA MUNICIPAL DE EDUCA\u00c7\u00c3O, CI\u00caNCIA, TECNOLOGIA E INOVA\u00c7\u00c3O, o (a) Sr(a). GISLAYNNE CRISTINA FERREIRA BRITO.<\/a><\/li>\n\t\t<li class=\"wsp-post\"><a href=\"https:\/\/saobernardo.ma.gov.br\/transparencia\/portarias\/portaria-no-308-de-21-de-fevereiro-de-2025-resolve-exonerar-do-cargo-em-comissao-de-coordenador-municipal-da-secretaria-municipal-de-educacao-ciencia-tecnologia-e-inovacao-o-a-sra-willber\/\">PORTARIA N\u00ba 308, DE 21 DE FEVEREIRO DE 2025 &#8211; RESOLVE EXONERAR, do Cargo em Comiss\u00e3o de COORDENADOR MUNICIPAL, da SECRETARIA MUNICIPAL DE EDUCA\u00c7\u00c3O, CI\u00caNCIA, TECNOLOGIA E INOVA\u00c7\u00c3O, o (a) Sr(a). WILLBERTH GALENO DA SILVA SOUSA.<\/a><\/li>\n\t\t<li class=\"wsp-post\"><a href=\"https:\/\/saobernardo.ma.gov.br\/transparencia\/portarias\/portaria-no-307-de-21-de-fevereiro-de-2025-resolve-exonerar-do-cargo-em-comissao-de-coordenador-do-programa-escola-aberta-da-secretaria-municipal-de-educacao-ciencia-tecnologia-e-inovacao-o-a\/\">PORTARIA N\u00ba 307, DE 21 DE FEVEREIRO DE 2025 &#8211; RESOLVE EXONERAR, do Cargo em Comiss\u00e3o de COORDENADOR DO PROGRAMA ESCOLA ABERTA, da SECRETARIA MUNICIPAL DE EDUCA\u00c7\u00c3O, CI\u00caNCIA, TECNOLOGIA E INOVA\u00c7\u00c3O, o (a) Sr(a). GISLAYNNE CRISTINA FERREIRA BRITO<\/a><\/li>\n\t\t<li class=\"wsp-post\"><a href=\"https:\/\/saobernardo.ma.gov.br\/transparencia\/portarias\/portaria-no-306-de-21-de-fevereiro-de-2025-resolve-nomear-para-o-cargo-em-comissao-de-secretario-escolar-dai-1-da-escola-municipal-marly-macieira-costa-o-a-sra-francisca-das-chaga\/\">PORTARIA N\u00ba 306, DE 21 DE FEVEREIRO DE 2025 &#8211; RESOLVE NOMEAR, para o Cargo em Comiss\u00e3o de SECRET\u00c1RIO ESCOLAR \u2013 DAI-1, da ESCOLA MUNICIPAL MARLY MACIEIRA COSTA, o (a) Sr(a). FRANCISCA DAS CHAGAS MARQUES.<\/a><\/li>\n\t\t<li class=\"wsp-post\"><a href=\"https:\/\/saobernardo.ma.gov.br\/transparencia\/portarias\/portaria-no-305-de-21-de-fevereiro-de-2025-resolve-exonerar-do-cargo-em-comissao-de-secretario-escolar-da-escola-municipal-marly-macieira-costa-o-a-sra-luciana-oliveira-carvalho\/\">PORTARIA N\u00ba 305, DE 21 DE FEVEREIRO DE 2025 &#8211; RESOLVE EXONERAR, do Cargo em Comiss\u00e3o de SECRET\u00c1RIO ESCOLAR, da ESCOLA MUNICIPAL MARLY MACIEIRA COSTA, o (a) Sr(a). LUCIANA OLIVEIRA CARVALHO.<\/a><\/li>\n\t\t<li class=\"wsp-post\"><a href=\"https:\/\/saobernardo.ma.gov.br\/transparencia\/portarias\/portaria-no-204-de-20-de-fevereiro-de-2025-resolve-revogar-a-portaria-no-277-de-06-de-fevereiro-de-2025-do-cargo-de-assessor-especial-nivel-iii-dai-1-do-gabinete-do-prefeito-da-sra\/\">PORTARIA N\u00ba 304, DE 20 DE FEVEREIRO DE 2025 &#8211; RESOLVE REVOGAR, a portaria n\u00ba 277, de 06 de fevereiro de 2025, do cargo de, ASSESSOR ESPECIAL N\u00cdVEL III \u2013 DAI-1, DO GABINETE DO PREFEITO, da Sr(a). MARIA DAS GRA\u00c7AS SILVA MACHADO DOS SANTOS.<\/a><\/li>\n\t\t<li class=\"wsp-post\"><a href=\"https:\/\/saobernardo.ma.gov.br\/transparencia\/portarias\/portaria-no-303-de-20-de-fevereiro-de-2025-resolve-nomear-para-o-cargo-em-comissao-de-coordenador-pedagogico-das-do-polo-v-o-a-sra-maria-valdilene-santos-pereira\/\">PORTARIA N\u00ba 303, DE 20 DE FEVEREIRO DE 2025 &#8211; RESOLVE NOMEAR, para o Cargo em Comiss\u00e3o de COORDENADOR PEDAG\u00d3GICO \u2013 DAS, do POLO V, o (a) Sr(a). MARIA VALDILENE SANTOS PEREIRA.<\/a><\/li>\n\t\t<li class=\"wsp-post\"><a href=\"https:\/\/saobernardo.ma.gov.br\/transparencia\/portarias\/portaria-no-302-de-20-de-fevereiro-de-2025-resolve-nomear-para-o-cargo-em-comissao-de-assessor-especial-nivel-i-das-do-gabinete-do-prefeito-o-a-sra-francisco-das-chagas-carvalho-s\/\">PORTARIA N\u00ba 302, DE 20 DE FEVEREIRO DE 2025 &#8211; RESOLVE NOMEAR, para o Cargo em Comiss\u00e3o de ASSESSOR ESPECIAL N\u00cdVEL I \u2013 DAS, DO GABINETE DO PREFEITO, o (a) Sr(a). FRANCISCO DAS CHAGAS CARVALHO SILVA.<\/a><\/li>\n\t\t<li class=\"wsp-post\"><a href=\"https:\/\/saobernardo.ma.gov.br\/transparencia\/portarias\/portaria-no-301-de-20-de-fevereiro-de-2025-resolve-nomear-para-o-cargo-em-comissao-de-assessor-especial-nivel-iii-dai-1-da-secretaria-municipal-de-meio-ambiente-o-a-sra-jose-de-ri\/\">PORTARIA N\u00ba 301, DE 20 DE FEVEREIRO DE 2025 &#8211; RESOLVE NOMEAR, para o Cargo em Comiss\u00e3o de ASSESSOR ESPECIAL N\u00cdVEL III \u2013 DAI -1, da SECRETARIA MUNICIPAL DE MEIO AMBIENTE o (a) Sr(a). JOS\u00c9 DE RIBAMAR MARINHO JUNIOR.<\/a><\/li>\n\t\t<li class=\"wsp-post\"><a href=\"https:\/\/saobernardo.ma.gov.br\/transparencia\/portarias\/portaria-no-300-de-07-de-fevereiro-de-2025-resolve-nomear-para-o-cargo-em-comissao-de-coordenador-pedagogico-das-da-secretaria-municipal-de-educacao-ciencia-tecnologia-e-inovacao-o-a-sra\/\">PORTARIA N\u00ba 300, DE 07 DE FEVEREIRO DE 2025 &#8211; RESOLVE NOMEAR, para o Cargo em Comiss\u00e3o de COORDENADOR PEDAG\u00d3GICO &#8211; DAS, da SECRETARIA MUNICIPAL DE EDUCA\u00c7\u00c3O, CI\u00caNCIA, TECNOLOGIA E INOVA\u00c7\u00c3O, o (a) Sr(a). KELYANNE DE SOUSA REIS<\/a><\/li>\n\t\t<li class=\"wsp-post\"><a href=\"https:\/\/saobernardo.ma.gov.br\/transparencia\/portarias\/portaria-no-299-de-07-de-fevereiro-de-2025-resolve-nomear-para-o-cargo-em-comissao-de-diretor-adjunto-do-jardim-de-infancia-saci-perere-o-a-sra-maria-costa-carvalho\/\">PORTARIA N\u00ba 299, DE 07 DE FEVEREIRO DE 2025 &#8211; RESOLVE NOMEAR, para o Cargo em Comiss\u00e3o de DIRETOR ADJUNTO, do JARDIM DE INF\u00c2NCIA SACI &#8211; PERER\u00ca, o (a) Sr(a). MARIA COSTA CARVALHO.<\/a><\/li>\n\t\t<li class=\"wsp-post\"><a href=\"https:\/\/saobernardo.ma.gov.br\/transparencia\/portarias\/portaria-no-298-de-07-de-fevereiro-de-2025-resolve-nomear-para-o-cargo-em-comissao-de-assessor-pedagogico-nivel-ii-das-da-secretaria-municipal-de-educacao-ciencia-tecnologia-e-inovaca\/\">PORTARIA N\u00ba 298, DE 07 DE FEVEREIRO DE 2025 &#8211; RESOLVE NOMEAR, para o Cargo em Comiss\u00e3o de ASSESSOR PEDAG\u00d3GICO N\u00cdVEL II \u2013 DAS, DA SECRETARIA MUNICIPAL DE EDUCA\u00c7\u00c3O, CI\u00caNCIA, TECNOLOGIA E INOVA\u00c7\u00c3O, o (a) Sr(a). JOSE CLAUDIO FELIX DOS SANTOS.<\/a><\/li>\n\t\t<li class=\"wsp-post\"><a href=\"https:\/\/saobernardo.ma.gov.br\/transparencia\/portarias\/portaria-no-297-de-07-de-fevereiro-de-2025-resolve-nomear-para-o-cargo-em-comissao-de-assessor-pedagogico-nivel-i-dans-da-secretaria-municipal-de-educacao-ciencia-tecnologia-e-inovaca\/\">PORTARIA N\u00ba 297, DE 07 DE FEVEREIRO DE 2025 &#8211; RESOLVE NOMEAR, para o Cargo em Comiss\u00e3o de ASSESSOR PEDAG\u00d3GICO N\u00cdVEL I \u2013 DANS, DA SECRETARIA MUNICIPAL DE EDUCA\u00c7\u00c3O, CI\u00caNCIA, TECNOLOGIA E INOVA\u00c7\u00c3O, o (a) Sr(a). JACIEL RODRIGUES DE ARAUJO FILHO<\/a><\/li>\n\t\t<li class=\"wsp-post\"><a href=\"https:\/\/saobernardo.ma.gov.br\/transparencia\/portarias\/portaria-no-296-de-07-de-fevereiro-de-2025-resolve-exonerar-do-cargo-em-comissao-de-diretor-adjunto-do-jardim-de-infancia-saci-perere-o-a-sra-kelyanne-de-sousa-reis\/\">PORTARIA N\u00ba 296, DE 07 DE FEVEREIRO DE 2025 &#8211; RESOLVE EXONERAR, do Cargo em Comiss\u00e3o de DIRETOR ADJUNTO, do JARDIM DE INF\u00c2NCIA SACI &#8211; PERER\u00ca, o (a) Sr(a). KELYANNE DE SOUSA REIS.<\/a><\/li>\n\t\t<li class=\"wsp-post\"><a href=\"https:\/\/saobernardo.ma.gov.br\/transparencia\/portarias\/portaria-no-295-de-07-de-fevereiro-de-2025-resolve-nomear-para-o-cargo-em-comissao-de-assessor-especial-nivel-i-das-do-gabinete-do-prefeito-o-a-sra-francisco-das-chagas-silva-barr\/\">PORTARIA N\u00ba 295, DE 07 DE FEVEREIRO DE 2025 &#8211; RESOLVE NOMEAR, para o Cargo em Comiss\u00e3o de ASSESSOR ESPECIAL N\u00cdVEL I \u2013 DAS, DO GABINETE DO PREFEITO, o (a) Sr(a). FRANCISCO DAS CHAGAS SILVA BARROS.<\/a><\/li>\n\t\t<li class=\"wsp-post\"><a href=\"https:\/\/saobernardo.ma.gov.br\/transparencia\/portarias\/portaria-no-294-de-07-de-fevereiro-de-2025-resolve-nomear-para-o-cargo-em-comissao-de-assessor-pedagogico-nivel-iii-dai-da-secretaria-municipal-de-educacao-ciencia-tecnologia-e-inovac\/\">PORTARIA N\u00ba 294, DE 07 DE FEVEREIRO DE 2025 &#8211; RESOLVE NOMEAR, para o Cargo em Comiss\u00e3o de ASSESSOR PEDAG\u00d3GICO N\u00cdVEL III \u2013 DAI, DA SECRETARIA MUNICIPAL DE EDUCA\u00c7\u00c3O, CI\u00caNCIA, TECNOLOGIA E INOVA\u00c7\u00c3O, o (a) Sr(a). NEDONCELLIA FERREIRA DE OLIVEIRA.<\/a><\/li>\n\t\t<li class=\"wsp-post\"><a href=\"https:\/\/saobernardo.ma.gov.br\/transparencia\/portarias\/portaria-no-293-de-06-de-fevereiro-de-2025-resolve-nomear-para-o-cargo-em-comissao-de-assessor-tecnico-administrativo-dai-1-da-secretaria-municipal-de-cidadania-e-direitos-humanos-o-a-sra\/\">PORTARIA N\u00ba 293, DE 06 DE FEVEREIRO DE 2025 &#8211; RESOLVE NOMEAR, para o Cargo em Comiss\u00e3o de ASSESSOR T\u00c9CNICO ADMINISTRATIVO &#8211; DAI-1, da SECRETARIA MUNICIPAL DE CIDADANIA E DIREITOS HUMANOS, o (a) Sr(a). ANA PAULA DE SOUSA ARA\u00daJO.<\/a><\/li>\n\t\t<li class=\"wsp-post\"><a href=\"https:\/\/saobernardo.ma.gov.br\/transparencia\/portarias\/portaria-no-292-de-06-de-fevereiro-de-2025-resolve-nomear-para-o-cargo-em-comissao-de-chefe-do-departamento-de-expedicao-de-documentos-dai-da-secretaria-municipal-de-cidadania-e-direito\/\">PORTARIA N\u00ba 292, DE 06 DE FEVEREIRO DE 2025 &#8211; RESOLVE NOMEAR, para o Cargo em Comiss\u00e3o de CHEFE DO DEPARTAMENTO DE EXPEDI\u00c7\u00c3O DE DOCUMENTOS \u2013 DAI, da SECRETARIA MUNICIPAL DE CIDADANIA E DIREITOS HUMANOS, o (a) Sr(a). ROSANA SILVA SANTOS.<\/a><\/li>\n\t\t<li class=\"wsp-post\"><a href=\"https:\/\/saobernardo.ma.gov.br\/transparencia\/portarias\/portaria-no-291-de-06-de-fevereiro-de-2025-resolve-nomear-para-o-cargo-em-comissao-de-chefe-do-departamento-da-junta-militar-dai-da-secretaria-municipal-de-cidadania-e-direitos-humanos\/\">PORTARIA N\u00ba 291, DE 06 DE FEVEREIRO DE 2025 &#8211; RESOLVE NOMEAR, para o Cargo em Comiss\u00e3o de CHEFE DO DEPARTAMENTO DA JUNTA MILITAR \u2013 DAI, da SECRETARIA MUNICIPAL DE CIDADANIA E DIREITOS HUMANOS, o (a) Sr(a).ANA CL\u00c1UDIA SOUSA DOS SANTOS<\/a><\/li>\n\t\t<li class=\"wsp-post\"><a href=\"https:\/\/saobernardo.ma.gov.br\/transparencia\/portarias\/portaria-no-290-de-06-de-fevereiro-de-2025-resolve-nomear-para-o-cargo-em-comissao-de-assessor-pedagogico-nivel-iii-dai-da-secretaria-municipal-de-educacao-ciencia-tecnologia-e-inovacao-o-a\/\">PORTARIA N\u00ba 290, DE 06 DE FEVEREIRO DE 2025 &#8211; RESOLVE NOMEAR, para o Cargo em Comiss\u00e3o de ASSESSOR PEDAG\u00d3GICO N\u00cdVEL III &#8211; DAI, DA SECRETARIA MUNICIPAL DE EDUCA\u00c7\u00c3O, CI\u00caNCIA, TECNOLOGIA E INOVA\u00c7\u00c3O, o (a) Sr(a). CAROLINA ALVES DE BRITO<\/a><\/li>\n\t\t<li class=\"wsp-post\"><a href=\"https:\/\/saobernardo.ma.gov.br\/transparencia\/portarias\/portaria-no-289-de-06-de-fevereiro-de-2025-resolve-nomear-para-o-cargo-em-comissao-de-assessor-juridico-das-da-secretaria-municipal-de-cidadania-e-direitos-humanos-o-a-sra-leonardo\/\">PORTARIA N\u00ba 289, DE 06 DE FEVEREIRO DE 2025 &#8211; RESOLVE NOMEAR, para o Cargo em Comiss\u00e3o de ASSESSOR JUR\u00cdDICO \u2013 DAS, da SECRETARIA MUNICIPAL DE CIDADANIA E DIREITOS HUMANOS, o (a) Sr(a).LEONARDO DA VICCI COSTA MONTEIRO.<\/a><\/li>\n\t\t<li class=\"wsp-post\"><a href=\"https:\/\/saobernardo.ma.gov.br\/transparencia\/portarias\/portaria-no-288-de-06-de-fevereiro-de-2025-resolve-nomear-para-o-cargo-em-comissao-de-assessor-especial-nivel-iii-dai-1-do-gabinete-do-prefeito-o-a-sra-francisco-das-chagas-costa\/\">PORTARIA N\u00ba 288, DE 06 DE FEVEREIRO DE 2025 &#8211; RESOLVE NOMEAR, para o Cargo em Comiss\u00e3o de ASSESSOR ESPECIAL N\u00cdVEL III \u2013 DAI-1, DO GABINETE DO PREFEITO, o (a) Sr(a). FRANCISCO DAS CHAGAS COSTA ALMEIDA.<\/a><\/li>\n\t\t<li class=\"wsp-post\"><a href=\"https:\/\/saobernardo.ma.gov.br\/transparencia\/portarias\/portaria-no-287-de-06-de-fevereiro-de-2025-resolve-nomear-para-o-cargo-em-comissao-de-assessor-especial-nivel-i-das-do-gabinete-do-prefeito-o-a-sra-cintia-raquel-veloso-gusmao\/\">PORTARIA N\u00ba 287, DE 06 DE FEVEREIRO DE 2025 &#8211; RESOLVE NOMEAR, para o Cargo em Comiss\u00e3o de ASSESSOR ESPECIAL N\u00cdVEL I &#8211; DAS, DO GABINETE DO PREFEITO, o (a) Sr(a).CINTIA RAQUEL VELOSO GUSM\u00c3O.<\/a><\/li>\n\t\t<li class=\"wsp-post\"><a href=\"https:\/\/saobernardo.ma.gov.br\/transparencia\/portarias\/portaria-no-286-de-06-de-fevereiro-de-2025-resolve-nomear-para-o-cargo-em-comissao-de-assessor-especial-nivel-i-das-do-gabinete-do-prefeito-o-a-sra-carlos-alberto-gusmao\/\">PORTARIA N\u00ba 286, DE 06 DE FEVEREIRO DE 2025 &#8211; RESOLVE NOMEAR, para o Cargo em Comiss\u00e3o de ASSESSOR ESPECIAL N\u00cdVEL I &#8211; DAS, DO GABINETE DO PREFEITO, o (a) Sr(a).CARLOS ALBERTO GUSM\u00c3O<\/a><\/li>\n\t\t<li class=\"wsp-post\"><a href=\"https:\/\/saobernardo.ma.gov.br\/transparencia\/portarias\/portaria-no-285-de-06-de-fevereiro-de-2025-resolve-nomear-para-o-cargo-em-comissao-de-assessor-especial-nivel-iii-dai-1-do-gabinete-do-prefeito-o-a-sra-roberio-mendonca-araujo\/\">PORTARIA N\u00ba 285, DE 06 DE FEVEREIRO DE 2025 &#8211; RESOLVE NOMEAR, para o Cargo em Comiss\u00e3o de ASSESSOR ESPECIAL N\u00cdVEL III \u2013 DAI-1, DO GABINETE DO PREFEITO, o (a) Sr(a).ROBERIO MENDON\u00c7A ARA\u00daJO.<\/a><\/li>\n\t\t<li class=\"wsp-post\"><a href=\"https:\/\/saobernardo.ma.gov.br\/transparencia\/portarias\/portaria-no-284-de-06-de-fevereiro-de-2025-resolve-nomear-para-o-cargo-em-comissao-de-assessor-especial-nivel-iii-dai-1-do-gabinete-do-prefeito-o-a-sra-maria-inalva-costa-de-carva\/\">PORTARIA N\u00ba 284, DE 06 DE FEVEREIRO DE 2025 &#8211; RESOLVE NOMEAR, para o Cargo em Comiss\u00e3o de ASSESSOR ESPECIAL N\u00cdVEL III \u2013 DAI-1, DO GABINETE DO PREFEITO, o (a) Sr(a). MARIA INALVA COSTA DE CARVALHO.<\/a><\/li>\n\t\t<li class=\"wsp-post\"><a href=\"https:\/\/saobernardo.ma.gov.br\/transparencia\/portarias\/portaria-no-283-de-06-de-fevereiro-de-2025-resolve-nomear-para-o-cargo-em-comissao-de-assessor-pedagogico-nivel-i-dans-da-secretaria-municipal-de-educacao-ciencia-tecnologia-e-inovacao-o-a\/\">PORTARIA N\u00ba 283, DE 06 DE FEVEREIRO DE 2025 &#8211; RESOLVE NOMEAR, para o Cargo em Comiss\u00e3o de ASSESSOR PEDAG\u00d3GICO N\u00cdVEL I &#8211; DANS, DA SECRETARIA MUNICIPAL DE EDUCA\u00c7\u00c3O, CI\u00caNCIA, TECNOLOGIA E INOVA\u00c7\u00c3O, o (a) Sr(a). CARLOS DANIEL DE SENA ROCHA.<\/a><\/li>\n\t\t<li class=\"wsp-post\"><a href=\"https:\/\/saobernardo.ma.gov.br\/transparencia\/portarias\/portaria-no-282-de-06-de-fevereiro-de-2025-resolve-exonerar-do-cargo-em-comissao-de-assessor-pedagogico-nivel-iii-da-secretaria-municipal-de-educacao-ciencia-tecnologia-e-inovacao-o-a-sra\/\">PORTARIA N\u00ba 282, DE 06 DE FEVEREIRO DE 2025 &#8211; RESOLVE EXONERAR, do Cargo em Comiss\u00e3o de ASSESSOR PEDAG\u00d3GICO N\u00cdVEL III, DA SECRETARIA MUNICIPAL DE EDUCA\u00c7\u00c3O, CI\u00caNCIA, TECNOLOGIA E INOVA\u00c7\u00c3O, o (a) Sr(a). CARLOS DANIEL DE SENA ROCHA.<\/a><\/li>\n\t\t<li class=\"wsp-post\"><a href=\"https:\/\/saobernardo.ma.gov.br\/transparencia\/portarias\/portaria-no-281-de-06-de-fevereiro-de-2025-resolve-nomear-para-o-cargo-em-comissao-de-diretor-clinico-das-da-secretaria-municipal-de-saude-o-a-sra-antonio-jose-carvalho-duailibe\/\">PORTARIA N\u00ba 281, DE 06 DE FEVEREIRO DE 2025 &#8211; RESOLVE NOMEAR, para o Cargo em Comiss\u00e3o de DIRETOR CL\u00cdNICO \u2013 DAS, da SECRETARIA MUNICIPAL DE SA\u00daDE, o (a) Sr(a).ANTONIO JOSE CARVALHO DUAILIBE.<\/a><\/li>\n\t\t<li class=\"wsp-post\"><a href=\"https:\/\/saobernardo.ma.gov.br\/transparencia\/portarias\/portaria-no-280-de-06-de-fevereiro-de-2025-resolve-nomear-para-o-cargo-em-comissao-de-assessor-especial-nivel-iii-dai-1-da-secretaria-municipal-de-agricultura-pesca-e-pecuaria-o-a-s\/\">PORTARIA N\u00ba 280, DE 06 DE FEVEREIRO DE 2025 &#8211; RESOLVE NOMEAR, para o Cargo em Comiss\u00e3o de ASSESSOR ESPECIAL N\u00cdVEL III \u2013 DAI-1, da SECRETARIA MUNICIPAL DE AGRICULTURA, PESCA E PECU\u00c1RIA, o (a) Sr(a). EDNA CARLA DOS SANTOS.<\/a><\/li>\n\t\t<li class=\"wsp-post\"><a href=\"https:\/\/saobernardo.ma.gov.br\/transparencia\/portarias\/portaria-no-279-de-06-de-fevereiro-de-2025-resolve-nomear-para-o-cargo-em-comissao-de-assessor-especial-nivel-iii-dai-1-do-gabinete-do-prefeito-o-a-sra-lilian-joice-silva-carvalho\/\">PORTARIA N\u00ba 279, DE 06 DE FEVEREIRO DE 2025 &#8211; RESOLVE NOMEAR, para o Cargo em Comiss\u00e3o de ASSESSOR ESPECIAL N\u00cdVEL III \u2013 DAI-1, DO GABINETE DO PREFEITO, o (a) Sr(a). LILIAN JOICE SILVA CARVALHO.<\/a><\/li>\n\t\t<li class=\"wsp-post\"><a href=\"https:\/\/saobernardo.ma.gov.br\/transparencia\/portarias\/portaria-no-278-de-06-de-fevereiro-de-2025-resolve-nomear-para-o-cargo-em-comissao-de-assessor-especial-nivel-iii-dai-1-do-gabinete-do-prefeito-o-a-sra-francisco-das-chagas-silva\/\">PORTARIA N\u00ba 278, DE 06 DE FEVEREIRO DE 2025 &#8211; RESOLVE NOMEAR, para o Cargo em Comiss\u00e3o de ASSESSOR ESPECIAL N\u00cdVEL III \u2013 DAI-1, DO GABINETE DO PREFEITO, o (a) Sr(a). FRANCISCO DAS CHAGAS SILVA MACHADO.<\/a><\/li>\n\t\t<li class=\"wsp-post\"><a href=\"https:\/\/saobernardo.ma.gov.br\/transparencia\/portarias\/portaria-no-277-de-06-de-fevereiro-de-2025-resolve-nomear-para-o-cargo-em-comissao-de-assessor-especial-nivel-iii-dai-1-do-gabinete-do-prefeito-o-a-sra-maria-das-gracas-silva-mach\/\">PORTARIA N\u00ba 277, DE 06 DE FEVEREIRO DE 2025 &#8211; RESOLVE NOMEAR, para o Cargo em Comiss\u00e3o de ASSESSOR ESPECIAL N\u00cdVEL III \u2013 DAI-1, DO GABINETE DO PREFEITO, o (a) Sr(a). MARIA DAS GRA\u00c7AS SILVA MACHADO DOS SANTOS.<\/a><\/li>\n\t\t<li class=\"wsp-post\"><a href=\"https:\/\/saobernardo.ma.gov.br\/transparencia\/portarias\/portaria-no-276-de-06-de-fevereiro-de-2025-resolve-nomear-para-o-cargo-em-comissao-de-assessor-especial-nivel-iii-dai-1-do-gabinete-do-prefeito-o-a-sra-domingos-spindola-dos-santo\/\">PORTARIA N\u00ba 276, DE 06 DE FEVEREIRO DE 2025 &#8211; RESOLVE NOMEAR, para o Cargo em Comiss\u00e3o de ASSESSOR ESPECIAL N\u00cdVEL III \u2013 DAI-1, DO GABINETE DO PREFEITO, o (a) Sr(a). DOMINGOS SPINDOLA DOS SANTOS.<\/a><\/li>\n\t\t<li class=\"wsp-post\"><a href=\"https:\/\/saobernardo.ma.gov.br\/transparencia\/portarias\/portaria-no-275-de-06-de-fevereiro-de-2025-resolve-nomear-para-o-cargo-em-comissao-de-assessor-especial-nivel-iii-dai-1-do-gabinete-do-prefeito-o-a-sra-antonio-bernardo-silva\/\">PORTARIA N\u00ba 275, DE 06 DE FEVEREIRO DE 2025 -RESOLVE \u00ba.NOMEAR, para o Cargo em Comiss\u00e3o de ASSESSOR JUR\u00cdDICO \u2013 DAS, da SECRETARIA MUNICIPAL DE JUVENTUDE, MULHERES E MINORIAS o (a) Sr(a). \u00c9DER OLIVEIRA FERREIRA DE SOUSA.<\/a><\/li>\n\t\t<li class=\"wsp-post\"><a href=\"https:\/\/saobernardo.ma.gov.br\/transparencia\/portarias\/portaria-no-274-de-06-de-fevereiro-de-2025-resolve-nomear-para-o-cargo-em-comissao-de-assessor-especial-nivel-iii-dai-1-do-gabinete-do-prefeito-o-a-sra-maria-perpertuo-peres-de-ol\/\">PORTARIA N\u00ba 274, DE 06 DE FEVEREIRO DE 2025 &#8211; RESOLVE NOMEAR, para o Cargo em Comiss\u00e3o de ASSESSOR ESPECIAL N\u00cdVEL III \u2013 DAI-1, DO GABINETE DO PREFEITO, o (a) Sr(a). MARIA PERPERTUO PERES DE OLIVEIRA SILVA.<\/a><\/li>\n\t\t<li class=\"wsp-post\"><a href=\"https:\/\/saobernardo.ma.gov.br\/transparencia\/portarias\/portaria-no-273-de-05-de-fevereiro-de-2025-resolve-nomear-para-o-cargo-em-comissao-de-assessor-especial-nivel-iii-dai-1-do-gabinete-do-prefeito-o-a-sra-beniza-dos-santos-alves\/\">PORTARIA N\u00ba 273, DE 05 DE FEVEREIRO DE 2025 &#8211; RESOLVE NOMEAR, para o Cargo em Comiss\u00e3o de ASSESSOR ESPECIAL N\u00cdVEL III \u2013 DAI-1, DO GABINETE DO PREFEITO, o (a) Sr(a). BENIZA DOS SANTOS ALVES.<\/a><\/li>\n\t\t<li class=\"wsp-post\"><a href=\"https:\/\/saobernardo.ma.gov.br\/transparencia\/portarias\/portaria-no-272-de-05-de-fevereiro-de-2025-resolve-nomear-para-o-cargo-em-comissao-de-assessor-especial-nivel-iii-dai-1-do-gabinete-do-prefeito-o-a-sra-claudio-jose-silva-cavalcan\/\">PORTARIA N\u00ba 272, DE 05 DE FEVEREIRO DE 2025 &#8211; RESOLVE NOMEAR, para o Cargo em Comiss\u00e3o de ASSESSOR ESPECIAL N\u00cdVEL III \u2013 DAI-1, DO GABINETE DO PREFEITO, o (a) Sr(a). CLAUDIO JOS\u00c9 SILVA CAVALCANTE<\/a><\/li>\n\t\t<li class=\"wsp-post\"><a href=\"https:\/\/saobernardo.ma.gov.br\/transparencia\/portarias\/portaria-no-271-de-05-de-fevereiro-de-2025-resolve-nomear-para-o-cargo-em-comissao-de-assessor-especial-nivel-iii-dai-1-do-gabinete-do-prefeito-o-a-sra-moacy-pereira-de-sousa\/\">PORTARIA N\u00ba 271, DE 05 DE FEVEREIRO DE 2025 &#8211; RESOLVE NOMEAR, para o Cargo em Comiss\u00e3o de ASSESSOR ESPECIAL N\u00cdVEL III \u2013 DAI-1, DO GABINETE DO PREFEITO, o (a) Sr(a). MOACY PEREIRA DE SOUSA.<\/a><\/li>\n\t\t<li class=\"wsp-post\"><a href=\"https:\/\/saobernardo.ma.gov.br\/transparencia\/portarias\/portaria-no-270-de-05-de-fevereiro-de-2025-resolve-nomear-para-o-cargo-em-comissao-de-assessor-especial-nivel-iii-dai-1-do-gabinete-do-prefeito-o-a-sra-airton-freire-de-sousa\/\">PORTARIA N\u00ba 270, DE 05 DE FEVEREIRO DE 2025 &#8211; RESOLVE NOMEAR, para o Cargo em Comiss\u00e3o de ASSESSOR ESPECIAL N\u00cdVEL III \u2013 DAI-1, DO GABINETE DO PREFEITO, o (a) Sr(a). AIRTON FREIRE DE SOUSA<\/a><\/li>\n\t\t<li class=\"wsp-post\"><a href=\"https:\/\/saobernardo.ma.gov.br\/transparencia\/portarias\/portaria-no-269-de-05-de-fevereiro-de-2025-resolve-nomear-para-o-cargo-em-comissao-de-assessor-especial-nivel-iii-dai-1-do-gabinete-do-prefeito-o-a-sra-maria-da-luz-cardozo-sousa\/\">PORTARIA N\u00ba 269, DE 05 DE FEVEREIRO DE 2025 &#8211; RESOLVE NOMEAR, para o Cargo em Comiss\u00e3o de ASSESSOR ESPECIAL N\u00cdVEL III \u2013 DAI-1, DO GABINETE DO PREFEITO, o (a) Sr(a). MARIA DA LUZ CARDOZO SOUSA.<\/a><\/li>\n\t\t<li class=\"wsp-post\"><a href=\"https:\/\/saobernardo.ma.gov.br\/transparencia\/portarias\/portaria-no-268-de-5-de-fevereiro-de-2025-resolve-nomear-para-o-cargo-em-comissao-de-assessor-especial-nivel-iii-dai-1-do-gabinete-do-prefeito-o-a-sra-maria-de-nazare-lopes-da-si\/\">PORTARIA N\u00ba 268, DE  5 DE FEVEREIRO DE 2025 &#8211; RESOLVE NOMEAR, para o Cargo em Comiss\u00e3o de ASSESSOR ESPECIAL N\u00cdVEL III \u2013 DAI-1, DO GABINETE DO PREFEITO, o (a) Sr(a). MARIA DE NAZAR\u00c9 LOPES DA SILVA.<\/a><\/li>\n\t\t<li class=\"wsp-post\"><a href=\"https:\/\/saobernardo.ma.gov.br\/transparencia\/portarias\/portaria-no-267-de-05-de-fevereiro-de-2025-resolve-nomear-para-o-cargo-em-comissao-de-assessor-especial-nivel-iii-dai-1-do-gabinete-do-prefeito-o-a-sra-luzia-de-amarante-sousa\/\">PORTARIA N\u00ba 267, DE 05 DE FEVEREIRO DE 2025 &#8211; RESOLVE NOMEAR, para o Cargo em Comiss\u00e3o de ASSESSOR ESPECIAL N\u00cdVEL III \u2013 DAI-1, DO GABINETE DO PREFEITO, o (a) Sr(a). LUZIA DE AMARANTE SOUSA.<\/a><\/li>\n\t\t<li class=\"wsp-post\"><a href=\"https:\/\/saobernardo.ma.gov.br\/transparencia\/portarias\/portaria-no-266-de-05-de-fevereiro-de-2025-resolve-nomear-para-o-cargo-em-comissao-de-secretario-municipal-dga-da-secretaria-municipal-de-obras-patrimonio-e-logistica-o-a-sra-jos\/\">PORTARIA N\u00ba 266, DE 05 DE FEVEREIRO DE 2025 &#8211; RESOLVE NOMEAR, para o Cargo em Comiss\u00e3o de SECRET\u00c1RIO MUNICIPAL \u2013 DGA, da SECRETARIA MUNICIPAL DE OBRAS, PATRIM\u00d4NIO E LOG\u00cdSTICA, o (a) Sr(a). JOS\u00c9 JAILTON SILVA SPINDOLA,<\/a><\/li>\n\t\t<li class=\"wsp-post\"><a href=\"https:\/\/saobernardo.ma.gov.br\/transparencia\/portarias\/portaria-no-265-de-05-de-fevereiro-de-2025-resolve-exonerar-do-cargo-interino-de-secretario-municipal-da-secretaria-municipal-de-obras-patrimonio-e-logistica-o-a-sra-clayton-souza-silva\/\">PORTARIA N\u00ba 265, DE 05 DE FEVEREIRO DE 2025 &#8211; RESOLVE EXONERAR, do Cargo Interino, de SECRET\u00c1RIO MUNICIPAL da SECRETARIA MUNICIPAL DE OBRAS, PATRIM\u00d4NIO E LOG\u00cdSTICA, o (a) Sr(a). CLAYTON SOUZA SILVA.<\/a><\/li>\n\t\t<li class=\"wsp-post\"><a href=\"https:\/\/saobernardo.ma.gov.br\/transparencia\/portarias\/portaria-no-264-de-05-de-fevereiro-de-2025-resolve-nomear-para-o-cargo-em-comissao-de-assessor-especial-nivel-ii-dai-do-gabinete-do-prefeito-o-a-sra-carlos-alberto-silva-sousa\/\">PORTARIA N\u00ba 264, DE 05 DE FEVEREIRO DE 2025 &#8211; RESOLVE NOMEAR, para o Cargo em Comiss\u00e3o de ASSESSOR ESPECIAL N\u00cdVEL II \u2013 DAI, DO GABINETE DO PREFEITO, o (a) Sr(a). CARLOS ALBERTO SILVA SOUSA.<\/a><\/li>\n\t\t<li class=\"wsp-post\"><a href=\"https:\/\/saobernardo.ma.gov.br\/transparencia\/portarias\/portaria-no-263-de-05-de-fevereiro-de-2025-resolve-nomear-para-o-cargo-em-comissao-de-assessor-especial-nivel-i-das-do-gabinete-do-prefeito-o-a-sra-raimundo-pereira-braga-filho\/\">PORTARIA N\u00ba 263, DE 05 DE FEVEREIRO DE 2025 &#8211; RESOLVE NOMEAR, para o Cargo em Comiss\u00e3o de ASSESSOR ESPECIAL N\u00cdVEL I \u2013 DAS, DO GABINETE DO PREFEITO, o (a) Sr(a). RAIMUNDO PEREIRA BRAGA FILHO.<\/a><\/li>\n\t\t<li class=\"wsp-post\"><a href=\"https:\/\/saobernardo.ma.gov.br\/transparencia\/portarias\/portaria-no-262-de-05-de-fevereiro-de-2025-resolve-nomear-para-o-cargo-em-comissao-de-assessor-especial-nivel-i-das-do-gabinete-do-prefeito-o-a-sra-conceicao-de-maria-soares-braga\/\">PORTARIA N\u00ba 262, DE 05 DE FEVEREIRO DE 2025 &#8211; RESOLVE NOMEAR, para o Cargo em Comiss\u00e3o de ASSESSOR ESPECIAL N\u00cdVEL I \u2013 DAS, DO GABINETE DO PREFEITO, o (a) Sr(a). CONCEI\u00c7\u00c3O DE MARIA SOARES BRAGA.<\/a><\/li>\n\t\t<li class=\"wsp-post\"><a href=\"https:\/\/saobernardo.ma.gov.br\/transparencia\/portarias\/portaria-no-261-de-04-de-fevereiro-de-2025-resolve-nomear-para-o-cargo-em-comissao-de-coordenador-de-recursos-humanos-das-da-secretaria-municipal-de-assistencia-social-o-a-sra-ana\/\">PORTARIA N\u00ba 261, DE 04 DE FEVEREIRO DE 2025 &#8211; RESOLVE NOMEAR, para o Cargo em Comiss\u00e3o de COORDENADOR DE RECURSOS HUMANOS \u2013 DAS, da SECRETARIA MUNICIPAL DE ASSIST\u00caNCIA SOCIAL, o (a) Sr(a). ANANDA WALESKA SOARES DE ARA\u00daJO.<\/a><\/li>\n\t\t<li class=\"wsp-post\"><a href=\"https:\/\/saobernardo.ma.gov.br\/transparencia\/portarias\/portaria-no-260-de-04-de-fevereiro-de-2025-resolve-nomear-para-o-cargo-em-comissao-de-secretario-municipal-dga-da-secretaria-municipal-de-cidadania-e-direitos-humanos-o-a-sra-albe\/\">PORTARIA N\u00ba 260, DE 04 DE FEVEREIRO DE 2025 &#8211; RESOLVE NOMEAR, para o Cargo em Comiss\u00e3o de SECRET\u00c1RIO MUNICIPAL \u2013 DGA, DA SECRETARIA MUNICIPAL DE CIDADANIA E DIREITOS HUMANOS, o (a) Sr(a). ALBERTO LUIZ DOS REIS SOUSA.<\/a><\/li>\n\t\t<li class=\"wsp-post\"><a href=\"https:\/\/saobernardo.ma.gov.br\/transparencia\/portarias\/portaria-no-259-de-04-de-fevereiro-de-2025-resolve-nomear-para-o-cargo-em-comissao-de-assessor-especial-nivel-i-das-do-gabinete-do-prefeito-o-a-sra-andre-goncalves-monteiro-de-lim\/\">PORTARIA N\u00ba 259, DE 04 DE FEVEREIRO DE 2025 &#8211; RESOLVE NOMEAR, para o Cargo em Comiss\u00e3o de ASSESSOR ESPECIAL N\u00cdVEL I \u2013 DAS, DO GABINETE DO PREFEITO, o (a) Sr(a). ANDRE GON\u00c7ALVES MONTEIRO DE LIMA.<\/a><\/li>\n\t\t<li class=\"wsp-post\"><a href=\"https:\/\/saobernardo.ma.gov.br\/transparencia\/portarias\/portaria-no-258-de-03-de-fevereiro-de-2025-resolve-o-designar-para-o-cargo-em-comissao-de-coordenador-de-acompanhamento-e-como-fiscal-de-contratos-da-admministracao-da-prefeitura-municipal-estado\/\">PORTARIA N\u00ba 258, DE 03 DE FEVEREIRO DE 2025 &#8211; RESOLVE \u00ba.DESIGNAR, para o Cargo em Comiss\u00e3o de COORDENADOR DE ACOMPANHAMENTO e COMO FISCAL DE CONTRATOS DA ADMMINISTRA\u00c7\u00c3O, da PREFEITURA MUNICIPAL ESTADO DO MARANH\u00c3O, o (a) Sr(a). MANOEL DE JESUS SILVA DE SOUSA.<\/a><\/li>\n\t\t<li class=\"wsp-post\"><a href=\"https:\/\/saobernardo.ma.gov.br\/transparencia\/portarias\/portaria-no-257-de-01-de-fevereiro-de-2025-resolve-nomear-para-o-cargo-em-comissao-de-assessor-pedagogico-nivel-i-dans-da-secretaria-municipal-de-educacao-ciencia-tecnologia-e-inovacao-o-a\/\">PORTARIA N\u00ba 257, DE 01 DE FEVEREIRO DE 2025 &#8211; RESOLVE NOMEAR, para o Cargo em Comiss\u00e3o de ASSESSOR PEDAG\u00d3GICO N\u00cdVEL I &#8211; DANS, da SECRETARIA MUNICIPAL DE EDUCA\u00c7\u00c3O, CI\u00caNCIA, TECNOLOGIA E INOVA\u00c7\u00c3O, o (a) Sr(a). M\u00d4NICA AMADOR SOUSA.<\/a><\/li>\n\t\t<li class=\"wsp-post\"><a href=\"https:\/\/saobernardo.ma.gov.br\/transparencia\/portarias\/portaria-no-256-de-27-de-janeiro-de-2025-resolve-exonerar-do-cargo-em-comissao-de-assessor-pedagogico-da-secretaria-municipal-de-educacao-ciencia-tecnologia-e-inovacao-o-a-sra-maria-cleom\/\">PORTARIA N\u00ba 256, DE 27 DE JANEIRO DE 2025 &#8211; RESOLVE EXONERAR, do Cargo em Comiss\u00e3o de ASSESSOR PEDAG\u00d3GICO, da SECRETARIA MUNICIPAL DE EDUCA\u00c7\u00c3O, CI\u00caNCIA, TECNOLOGIA E INOVA\u00c7\u00c3O, o (a) Sr(a). MARIA CLEOMAR DE JESUS SILVA<\/a><\/li>\n\t\t<li class=\"wsp-post\"><a href=\"https:\/\/saobernardo.ma.gov.br\/transparencia\/portarias\/portaria-no-255-de-27-de-janeiro-de-2025-resolve-exonerar-do-cargo-em-comissao-de-assessor-pedagogico-da-secretaria-municipal-de-educacao-ciencia-tecnologia-e-inovacao-o-a-sra-valdemir-me\/\">PORTARIA N\u00ba 255, DE 27 DE JANEIRO DE 2025 &#8211; RESOLVE EXONERAR, do Cargo em Comiss\u00e3o de ASSESSOR PEDAG\u00d3GICO, da SECRETARIA MUNICIPAL DE EDUCA\u00c7\u00c3O, CI\u00caNCIA, TECNOLOGIA E INOVA\u00c7\u00c3O, o (a) Sr(a). VALDEMIR MELO SILVA.<\/a><\/li>\n\t\t<li class=\"wsp-post\"><a href=\"https:\/\/saobernardo.ma.gov.br\/transparencia\/portarias\/portaria-no-254-de-27-de-janeiro-de-2025-resolve-nomear-para-o-cargo-em-comissao-de-assessor-juridico-pedagogico-dans-da-secretaria-municipal-de-educacao-ciencia-tecnologia-e-inovacao-o-a-s\/\">PORTARIA N\u00ba 254, DE 27 DE JANEIRO DE 2025 &#8211; RESOLVE NOMEAR, para o Cargo em Comiss\u00e3o de ASSESSOR JUR\u00cdDICO PEDAG\u00d3GICO &#8211; DANS, da SECRETARIA MUNICIPAL DE EDUCA\u00c7\u00c3O, CI\u00caNCIA, TECNOLOGIA E INOVA\u00c7\u00c3O, o (a) Sr(a). BENNO CESAR NOGUEIRA DE CALDAS.<\/a><\/li>\n\t\t<li class=\"wsp-post\"><a href=\"https:\/\/saobernardo.ma.gov.br\/transparencia\/portarias\/portaria-no-253-de-27-de-janeiro-de-2025-resolve-nomear-para-o-cargo-em-comissao-de-assessor-juridico-pedagogico-dans-da-secretaria-municipal-de-educacao-ciencia-tecnologia-e-inovacao-o-a-s\/\">PORTARIA N\u00ba 253, DE 27 DE JANEIRO DE 2025 &#8211; RESOLVE NOMEAR, para o Cargo em Comiss\u00e3o de ASSESSOR JUR\u00cdDICO PEDAG\u00d3GICO- DANS, da SECRETARIA MUNICIPAL DE EDUCA\u00c7\u00c3O, CI\u00caNCIA, TECNOLOGIA E INOVA\u00c7\u00c3O, o (a) Sr(a). LUIS NUNES MARTINS NETO.<\/a><\/li>\n\t\t<li class=\"wsp-post\"><a href=\"https:\/\/saobernardo.ma.gov.br\/transparencia\/portarias\/portaria-no-252-de-27-de-janeiro-de-2025-resolve-nomear-para-o-cargo-em-comissao-de-inspetor-escolar-dai-da-escola-municipal-nossa-senhora-de-fatima-o-a-sra-eliene-veras-costa\/\">PORTARIA N\u00ba 252, DE 27 DE JANEIRO DE 2025 &#8211; RESOLVE NOMEAR, para o Cargo em Comiss\u00e3o de INSPETOR ESCOLAR &#8211; DAI, da ESCOLA MUNICIPAL NOSSA SENHORA DE F\u00c1TIMA, o (a) Sr(a). ELIENE VERAS COSTA.<\/a><\/li>\n\t\t<li class=\"wsp-post\"><a href=\"https:\/\/saobernardo.ma.gov.br\/transparencia\/portarias\/portaria-no-251-de-27-de-janeiro-de-2025-resolve-nomear-para-o-cargo-em-comissao-de-diretor-escolar-da-escola-municipal-santa-luzia-o-a-sra-ligia-maria-magalhaes-de-carvalho\/\">PORTARIA N\u00ba 251, DE 27 DE JANEIRO DE 2025 &#8211; RESOLVE NOMEAR, para o Cargo em Comiss\u00e3o de DIRETOR ESCOLAR, da ESCOLA MUNICIPAL SANTA LUZIA, o (a) Sr(a). L\u00cdGIA MARIA MAGALH\u00c3ES DE CARVALHO.<\/a><\/li>\n\t\t<li class=\"wsp-post\"><a href=\"https:\/\/saobernardo.ma.gov.br\/transparencia\/portarias\/portaria-no-250-de-27-de-janeiro-de-2025-resolve-nomear-para-o-cargo-em-comissao-de-diretor-escolar-da-escola-municipal-instituto-educacional-conego-nestor-de-carvalho-cunha-o-a-sra-maria\/\">PORTARIA N\u00ba 250, DE 27 DE JANEIRO DE 2025 &#8211; RESOLVE NOMEAR, para o Cargo em Comiss\u00e3o de DIRETOR ESCOLAR, da ESCOLA MUNICIPAL, INSTITUTO EDUCACIONAL C\u00d4NEGO NESTOR DE CARVALHO CUNHA, o (a) Sr(a). MARIA LUCILENE DA SILVA CARVALHO<\/a><\/li>\n\t\t<li class=\"wsp-post\"><a href=\"https:\/\/saobernardo.ma.gov.br\/transparencia\/portarias\/portaria-no-249-de-27-de-janeiro-de-2025-resolve-nomear-do-cargo-em-comissao-de-coordenador-de-atencao-basica-dans-da-secretaria-municipal-de-saude-o-a-sr-a-virginia-matos-gomes-dos-sant\/\">PORTARIA N\u00ba 249, DE 27 DE JANEIRO DE 2025 &#8211; RESOLVE NOMEAR, do Cargo em Comiss\u00e3o de COORDENADOR DE ATEN\u00c7\u00c3O B\u00c1SICA &#8211; DANS, da SECRETARIA MUNICIPAL DE SA\u00daDE, o (a) Sr. (a), VIRG\u00cdNIA MATOS GOMES DOS SANTOS.<\/a><\/li>\n\t\t<li class=\"wsp-post\"><a href=\"https:\/\/saobernardo.ma.gov.br\/transparencia\/portarias\/portaria-no-248-de-27-de-janeiro-de-2025-resolve-nomear-do-cargo-em-comissao-de-assessor-pedagogico-nivel-ii-das-da-secretaria-municipal-de-educacao-ciencia-tecnologia-e-inovacao-o\/\">PORTARIA N\u00ba 248, DE 27 DE JANEIRO DE 2025 &#8211; RESOLVE .NOMEAR, para o Cargo em Comiss\u00e3o de COORDENADOR DA GEST\u00c3O SUAS DA ATEN\u00c7\u00c3O SOCIAL E B\u00c1SICA \u2013 DANS, da SECRETARIA MUNICIPAL DE ASSIST\u00caNCIA SOCIAL, o (a) Sr. (a), ABILENE OLIVEIRA SOUSA.<\/a><\/li>\n\t\t<li class=\"wsp-post\"><a href=\"https:\/\/saobernardo.ma.gov.br\/transparencia\/portarias\/portaria-no-247-de-27-de-janeiro-de-2025-resolve-nomear-do-cargo-em-comissao-de-assessor-pedagogico-nivel-i-dans-da-secretaria-municipal-de-educacao-ciencia-tecnologia-e-inovacao-o\/\">PORTARIA N\u00ba 247, DE 27 DE JANEIRO DE 2025 &#8211; RESOLVE NOMEAR, do Cargo em Comiss\u00e3o de ASSESSOR PEDAG\u00d3GICO N\u00cdVEL I \u2013 DANS, da SECRETARIA MUNICIPAL DE EDUCA\u00c7AO, CI\u00caNCIA, TECNOLOGIA E INOVA\u00c7\u00c3O, o (a) Sr. (a), ELI\u00daDE DA CUNHA SILVA.<\/a><\/li>\n\t\t<li class=\"wsp-post\"><a href=\"https:\/\/saobernardo.ma.gov.br\/transparencia\/portarias\/portaria-no-246-de-27-de-janeiro-de-2025-resolve-fica-cedido-o-servidor-publico-municipal-do-cargo-efetivo-de-auxiliar-de-servicos-gerais-da-prefeitura-municipal-de-sao-bernardo-estado-do-maranh\/\">PORTARIA N\u00ba 246, DE 27 DE JANEIRO DE 2025 &#8211; RESOLVE FICA CEDIDO, o Servidor P\u00fablico Municipal, do Cargo Efetivo de AUXILIAR DE SERVI\u00c7OS GERAIS, da PREFEITURA MUNICIPAL DE S\u00c3O BERNARDO ESTADO DO MARANH\u00c3O, o (a) Sr(a). MARCONI FERNANDES DE ARA\u00daJO.<\/a><\/li>\n\t\t<li class=\"wsp-post\"><a href=\"https:\/\/saobernardo.ma.gov.br\/transparencia\/portarias\/portaria-no-245-de-27-de-janeiro-de-2025-resolve-fica-cedida-a-servidora-publica-municipal-do-cargo-efetivo-de-professor-de-lingua-portuguesa-da-secretaria-municipal-de-educacao-ciencia-tecnolo\/\">PORTARIA N\u00ba 245, DE 27 DE JANEIRO DE 2025 &#8211; RESOLVE FICA CEDIDA, a Servidora P\u00fablica Municipal, do Cargo Efetivo de PROFESSOR DE L\u00cdNGUA PORTUGUESA, da Secretaria Municipal de Educa\u00e7\u00e3o, Ci\u00eancia Tecnologia e Inova\u00e7\u00e3o, o (a) Sr(a). JEANE OLIVEIRA DA SILVA.<\/a><\/li>\n\t\t<li class=\"wsp-post\"><a href=\"https:\/\/saobernardo.ma.gov.br\/transparencia\/portarias\/portaria-no-244-de-23-de-janeiro-de-2025-resolve-fica-cedico-o-servidor-publico-do-cargo-efetivo-de-professor-com-habilitacao-em-matematica-da-prefeitura-municipal-de-sao-bernardo-estado-do-mara\/\">PORTARIA N\u00ba 244, DE 23 DE JANEIRO DE 2025 &#8211; RESOLVE FICA CEDIDO, o Servidor P\u00fablico do Cargo Efetivo de PROFESSOR COM HABILITA\u00c7\u00c3O EM MATEM\u00c1TICA, DA PREFEITURA MUNICIPAL DE S\u00c3O BERNARDO, ESTADO DO MARANH\u00c3O, o (a) Sr(a). MAELIO CESAR FREITAS DOS SANTOS.<\/a><\/li>\n\t\t<li class=\"wsp-post\"><a href=\"https:\/\/saobernardo.ma.gov.br\/transparencia\/portarias\/portaria-no-243-de-23-de-janeiro-de-2025-resolve-nomear-para-o-cargo-em-comissao-de-secretario-escolar-do-inst-educ-conego-nestor-carvalho-cunha-o-a-sra-katarina-santos-da-silva\/\">PORTARIA N\u00ba 243, DE 23 DE JANEIRO DE 2025 &#8211; RESOLVE NOMEAR, para o cargo em Comiss\u00e3o de SECRET\u00c1RIO ESCOLAR, do INST EDUC CONEGO NESTOR CARVALHO CUNHA, o (a) Sr(a). KATARINA SANTOS DA SILVA.<\/a><\/li>\n\t\t<li class=\"wsp-post\"><a href=\"https:\/\/saobernardo.ma.gov.br\/transparencia\/portarias\/portaria-no-242-de-23-de-janeiro-de-2025-resolve-nomear-para-o-cargo-em-comissao-de-secretario-escolar-dai-1-da-escola-municipal-santa-rita-o-a-sra-david-kane-rocha-santos\/\">PORTARIA N\u00ba 242, DE 23 DE JANEIRO DE 2025 &#8211; RESOLVE NOMEAR, para o Cargo em Comiss\u00e3o de SECRET\u00c1RIO ESCOLAR, DAI-1, da ESCOLA MUNICIPAL SANTA RITA o (a) Sr(a) DAVID KAU\u00ca ROCHA SANTOS.<\/a><\/li>\n\t\t<li class=\"wsp-post\"><a href=\"https:\/\/saobernardo.ma.gov.br\/transparencia\/portarias\/portaria-no-241-de-23-de-janeiro-de-2025-resolve-exonerar-do-cargo-em-comissao-de-secretario-escolar-da-escola-municipal-santa-rita-o-a-sra-ingrid-lima-da-silva\/\">PORTARIA N\u00ba 241, DE 23 DE JANEIRO DE 2025 &#8211; RESOLVE EXONERAR, do Cargo em Comiss\u00e3o de SECRET\u00c1RIO ESCOLAR, da ESCOLA MUNICIPAL SANTA RITA, o (a) Sr(a). INGRID LIMA DA SILVA.<\/a><\/li>\n\t\t<li class=\"wsp-post\"><a href=\"https:\/\/saobernardo.ma.gov.br\/transparencia\/portarias\/portaria-no-240-de-22-de-janeiro-de-2025-resolve-fica-cedida-a-servidora-publica-municipal-do-cargo-efetivo-de-auxiliar-de-servicos-gerais-com-a-matricula-no-766-da-prefeitura-municipal-de-sao\/\">PORTARIA N\u00ba 240, DE 22 DE JANEIRO DE 2025 &#8211; RESOLVE FICA CEDIDA, a Servidora P\u00fablica Municipal, do Cargo Efetivo de AUXILIAR DE SERVI\u00c7OS GERAIS, com a matr\u00edcula n\u00ba 766, da PREFEITURA MUNICIPAL DE S\u00c3O BERNARDO, ESTADO DO MARANH\u00c3O, o (a) Sr. (a) DACY OLIVEIRA DOS SANTOS.<\/a><\/li>\n\t\t<li class=\"wsp-post\"><a href=\"https:\/\/saobernardo.ma.gov.br\/transparencia\/portarias\/portaria-no-239-de-22-de-janeiro-de-2025-resolve-fica-cedido-o-servidor-publico-municipal-do-cargo-efetivo-de-agente-administrativo-com-a-matricula-no-516-1-da-prefeitura-municipal-de-sao-berna\/\">PORTARIA N\u00ba 239, DE 22 DE JANEIRO DE 2025 &#8211; RESOLVE FICA CEDIDO, o Servidor P\u00fablico Municipal, do Cargo Efetivo de AGENTE ADMINISTRATIVO, com a matr\u00edcula n\u00ba 516-1, da PREFEITURA MUNICIPAL DE S\u00c3O BERNARDO, ESTADO DO MARANH\u00c3O, o (a) Sr. (a) ANTONIO MARCOS BESSA KROGH.<\/a><\/li>\n\t\t<li class=\"wsp-post\"><a href=\"https:\/\/saobernardo.ma.gov.br\/transparencia\/portarias\/portaria-no-238-de-22-de-janeiro-de-2025-resolve-fica-cedida-a-servidora-publica-municipal-do-cargo-efetivo-de-agente-administrativo-com-a-matricula-no-566-1-da-prefeitura-municipal-de-sao-bern\/\">PORTARIA N\u00ba 238, DE 22 DE JANEIRO DE 2025 &#8211; RESOLVE FICA CEDIDA, a Servidora P\u00fablica Municipal, do Cargo Efetivo de AGENTE ADMINISTRATIVO, com a matr\u00edcula n\u00ba 566-1, da PREFEITURA MUNICIPAL DE S\u00c3O BERNARDO, ESTADO DO MARANH\u00c3O, o (a) Sr. (a) MARIA LUZIA ROCHA RODRIGUES MESSIAS.<\/a><\/li>\n\t\t<li class=\"wsp-post\"><a href=\"https:\/\/saobernardo.ma.gov.br\/transparencia\/portarias\/portaria-no-237-de-22-de-janeiro-de-2025-resolve-fica-cedido-o-servidor-publico-municipal-do-cargo-efetivo-de-agente-administrativo-com-a-matricula-no-14-1-da-prefeitura-municipal-de-sao-bernar\/\">PORTARIA N\u00ba 237, DE 22 DE JANEIRO DE 2025 &#8211; RESOLVE FICA CEDIDO, o Servidor P\u00fablico Municipal, do Cargo Efetivo de AGENTE ADMINISTRATIVO, com a matr\u00edcula n\u00ba 14-1, da PREFEITURA MUNICIPAL DE S\u00c3O BERNARDO, ESTADO DO MARANH\u00c3O, o (a) Sr. (a) ISAIAS PEREIRA SILVA.<\/a><\/li>\n\t\t<li class=\"wsp-post\"><a href=\"https:\/\/saobernardo.ma.gov.br\/transparencia\/portarias\/portaria-no-236-de-22-de-janeiro-de-2025-resolve-fica-cedida-a-servidora-publica-municipal-do-cargo-efetivo-de-agente-administrativo-com-a-matricula-no-488-1-da-prefeitura-municipal-de-sao-bern\/\">PORTARIA N\u00ba 236, DE 22 DE JANEIRO DE 2025 &#8211; RESOLVE FICA CEDIDA, a Servidora P\u00fablica Municipal, do Cargo Efetivo de AGENTE ADMINISTRATIVO, com a matr\u00edcula n\u00ba 488-1, da PREFEITURA MUNICIPAL DE S\u00c3O BERNARDO, ESTADO DO MARANH\u00c3O, o (a) Sr. (a) THA\u00cdS AIRES MARQUES.<\/a><\/li>\n\t\t<li class=\"wsp-post\"><a href=\"https:\/\/saobernardo.ma.gov.br\/transparencia\/portarias\/portaria-no-235-de-22-de-janeiro-de-2025-resolve-fica-cedido-a-servidora-publica-municipal-do-cargo-efetivo-de-professora-nivel-i-com-a-matricula-no-385-1-da-secretaria-municipal-de-educacao-c\/\">PORTARIA N\u00ba 235, DE 22 DE JANEIRO DE 2025 &#8211; RESOLVE FICA CEDIDO, a Servidora P\u00fablica Municipal, do Cargo Efetivo de PROFESSORA N\u00cdVEL I, com a matr\u00edcula n\u00ba 385-1, da SECRETARIA MUNICIPAL DE EDUCA\u00c7\u00c3O, CI\u00caNCIA, TECNOLOGIA E INOVA\u00c7\u00c3O, o (a) Sr. (a) REJANE LOPES DE OLIVEIRA.<\/a><\/li>\n\t\t<li class=\"wsp-post\"><a href=\"https:\/\/saobernardo.ma.gov.br\/transparencia\/portarias\/portaria-no-234-de-22-de-janeiro-de-2025-resolve-fica-cedido-o-servidor-publico-municipal-do-cargo-efetivo-de-atendente-de-consultorio-medico-da-prefeitura-municipal-de-sao-bernardo-estado-do-m\/\">PORTARIA N\u00ba 234, DE 22 DE JANEIRO DE 2025 &#8211; RESOLVE FICA CEDIDO, o Servidor P\u00fablico Municipal, do Cargo Efetivo de ATENDENTE DE CONSULT\u00d3RIO M\u00c9DICO, da Prefeitura Municipal de S\u00e3o Bernardo, Estado do Maranh\u00e3o, o (a) Sr. (a) MARIA DO ROS\u00c1RIO SILVA AIRES.<\/a><\/li>\n\t\t<li class=\"wsp-post\"><a href=\"https:\/\/saobernardo.ma.gov.br\/transparencia\/portarias\/portaria-no-233-de-22-de-janeiro-de-2025-resolve-fica-cedido-o-servidor-publico-municipal-do-cargo-efetivo-de-auxiliar-de-servicos-gerais-com-a-matricula-no-91-1-da-secretaria-municipal-de-educ\/\">PORTARIA N\u00ba 233, DE 22 DE JANEIRO DE 2025 &#8211; RESOLVE FICA CEDIDO, o Servidor P\u00fablico Municipal, do Cargo Efetivo de AUXILIAR DE SERVI\u00c7OS GERAIS, com a matr\u00edcula n\u00ba 91-1, da Secretaria Municipal de Educa\u00e7\u00e3o, o Sr. (a) RONALDO ARA\u00daJO DOS SANTOS.<\/a><\/li>\n\t\t<li class=\"wsp-post\"><a href=\"https:\/\/saobernardo.ma.gov.br\/transparencia\/portarias\/portaria-no-232-de-22-de-janeiro-de-2025-resolve-fica-cedido-o-servidor-publico-municipal-do-cargo-efetivo-de-agente-administrativo-com-matricula-no-624-da-prefeitura-municipal-de-sao-bernardo\/\">PORTARIA N\u00ba 232, DE 22 DE JANEIRO DE 2025 &#8211; RESOLVE FICA CEDIDO, o Servidor P\u00fablico Municipal, do Cargo Efetivo de AGENTE ADMINISTRATIVO, com matr\u00edcula n\u00ba 624, da Prefeitura Municipal de S\u00e3o Bernardo, Estado do Maranh\u00e3o, o Sr. (a) ORLANILDO ROCHA CAVALCANTE<\/a><\/li>\n\t\t<li class=\"wsp-post\"><a href=\"https:\/\/saobernardo.ma.gov.br\/transparencia\/portarias\/portaria-no-231-de-22-de-janeiro-de-2025-resolve-fica-cedida-a-servidora-publica-municipal-do-cargo-efetivo-de-agente-administrativo-da-prefeitura-municipal-de-sao-bernardo-estado-do-maranhao\/\">PORTARIA N\u00ba 231, DE 22 DE JANEIRO DE 2025 &#8211; RESOLVE FICA CEDIDA, a Servidora P\u00fablica Municipal, do Cargo Efetivo de AGENTE ADMINISTRATIVO, da Prefeitura Municipal de S\u00e3o Bernardo, Estado do Maranh\u00e3o, o Sr. (a) ELIS\u00c2NGELA SILVA LIMA.<\/a><\/li>\n\t\t<li class=\"wsp-post\"><a href=\"https:\/\/saobernardo.ma.gov.br\/transparencia\/portarias\/portaria-no-230-de-22-de-janeiro-de-2025-resolve-exonerar-a-pedido-do-cargo-efetivo-de-agente-administrativo-da-prefeitura-municipal-de-sao-bernardo-estado-do-maranhao-o-a-sra-bernardo-lui\/\">PORTARIA N\u00ba 230, DE 22 DE JANEIRO DE 2025 &#8211; RESOLVE EXONERAR a pedido, do Cargo Efetivo de AGENTE ADMINISTRATIVO, da PREFEITURA MUNICIPAL DE S\u00c3O BERNARDO, ESTADO DO MARANH\u00c3O, o (a) Sr(a). BERNARDO LUIS MATA.<\/a><\/li>\n\t\t<li class=\"wsp-post\"><a href=\"https:\/\/saobernardo.ma.gov.br\/transparencia\/portarias\/portaria-no-229-de-22-de-janeiro-de-2025-resolve-fica-cedida-a-servidora-publica-municipal-do-cargo-de-provimento-efetivo-de-agente-administrativo-com-matricula-no-22-1-da-secretaria-municipal\/\">PORTARIA N\u00ba 229, DE 22 DE JANEIRO DE 2025 &#8211; RESOLVE FICA CEDIDA, a Servidora p\u00fablica Municipal, do Cargo de Provimento Efetivo, de AGENTE ADMINISTRATIVO, com matr\u00edcula n\u00ba 22-1, da Secretaria Municipal de Administra\u00e7\u00e3o o (a) S.r.(a). MARINETE CARDOSO COSTA.<\/a><\/li>\n\t\t<li class=\"wsp-post\"><a href=\"https:\/\/saobernardo.ma.gov.br\/transparencia\/portarias\/portaria-no-228-de-22-de-janeiro-de-2025-resolve-fica-cedida-a-servidora-publica-do-cargo-efetivo-de-professor-de-ensino-infantil-da-prefeitura-municipal-estado-do-maranhao-a-sr-a-zoraide-ma\/\">PORTARIA N\u00ba 228, DE 22 DE JANEIRO DE 2025 &#8211; RESOLVE FICA CEDIDA, a servidora p\u00fablica do cargo efetivo de PROFESSOR DE ENSINO INFANTIL, DA PREFEITURA MUNICIPAL, ESTADO DO MARANH\u00c3O, a Sr.(a). ZORAIDE MAYARA ARA\u00daJO VAZ CARVALHO.<\/a><\/li>\n\t\t<li class=\"wsp-post\"><a href=\"https:\/\/saobernardo.ma.gov.br\/transparencia\/portarias\/portaria-no-227-de-22-de-janeiro-de-2025-resolve-exonerar-a-pedido-do-cargo-efetivo-de-professor-a-de-educacao-fisica-lotada-no-polo-i-com-matricula-no-2170-1-o-a-sra-andressa-daniele\/\">PORTARIA N\u00ba 227, DE 22 DE JANEIRO DE 2025 &#8211; RESOLVE EXONERAR a pedido, do Cargo Efetivo de PROFESSOR (A) DE EDUCA\u00c7\u00c3O F\u00cdSICA, LOTADA NO POLO &#8211; I, com matr\u00edcula n\u00ba 2170-1, o (a) Sr(a). ANDRESSA DANIELE APARECIDA DA SILVA.<\/a><\/li>\n\t\t<li class=\"wsp-post\"><a href=\"https:\/\/saobernardo.ma.gov.br\/transparencia\/portarias\/portaria-no-226-de-22-de-janeiro-de-2025-resolve-exonerar-a-pedido-do-cargo-efetivo-de-agente-administrativo-com-matricula-no-2432-1-da-secretaria-municipal-de-educacao-ciencia-tecnologia-e-in\/\">PORTARIA N\u00ba 226, DE 22 DE JANEIRO DE 2025 &#8211; RESOLVE EXONERAR a pedido, do Cargo Efetivo de AGENTE ADMINISTRATIVO, com matr\u00edcula n\u00ba 2432-1, da SECRETARIA MUNICIPAL DE EDUCA\u00c7\u00c3O, CI\u00caNCIA, TECNOLOGIA E INOVA\u00c7\u00c3O, o (a) Sr(a). TA\u00cdS SILVA CARVALHO.<\/a><\/li>\n\t\t<li class=\"wsp-post\"><a href=\"https:\/\/saobernardo.ma.gov.br\/transparencia\/portarias\/portaria-no-225-de-21-de-janeiro-de-2025-resolve-nomear-para-o-cargo-em-comissao-de-assessor-pedagogico-nivel-ii-das-da-secretaria-municipal-de-educacao-ciencia-tecnologia-e-inovacao\/\">PORTARIA N\u00ba 225, DE 21 DE JANEIRO DE 2025 &#8211; RESOLVE NOMEAR, para o Cargo em Comiss\u00e3o de ASSESSOR PEDAG\u00d3GICO N\u00cdVEL II \u2013 DAS, da SECRETARIA MUNICIPAL DE EDUCA\u00c7\u00c3O, CI\u00caNCIA, TECNOLOGIA E INOVA\u00c7\u00c3O, o (a) Sr(a). ELAYNE VIT\u00d3RIA MONTEIRO PORTELA NETO.<\/a><\/li>\n\t\t<li class=\"wsp-post\"><a href=\"https:\/\/saobernardo.ma.gov.br\/transparencia\/portarias\/portaria-no-224-de-16-de-janeiro-de-2025-resolve-exonerar-do-cargo-em-comissao-de-secretario-escolar-do-inst-educ-conego-nestor-carvalho-cunha-o-a-sra-frazao-silva-oliveira\/\">PORTARIA N\u00ba 224, DE 16 DE JANEIRO DE 2025 &#8211; RESOLVE EXONERAR, do Cargo em Comiss\u00e3o de SECRET\u00c1RIO ESCOLAR, do INST EDUC CONEGO NESTOR CARVALHO CUNHA, o (a) Sr(a). FRAZAO SILVA OLIVEIRA.<\/a><\/li>\n\t\t<li class=\"wsp-post\"><a href=\"https:\/\/saobernardo.ma.gov.br\/transparencia\/portarias\/portaria-no-223-de-13-de-janeiro-de-2025-resolve-nomear-para-o-cargo-em-comissao-de-chefe-do-departamento-de-urbanizacao-e-paisagismo-das-da-secretaria-municipal-de-urbanismo-e-servicos\/\">PORTARIA N\u00ba 223, DE 13 DE JANEIRO DE 2025 &#8211; RESOLVE NOMEAR, para o Cargo em Comiss\u00e3o de CHEFE DO DEPARTAMENTO DE URBANIZA\u00c7\u00c3O E PAISAGISMO \u2013 DAS, da SECRETARIA MUNICIPAL DE URBANISMO E SERVI\u00c7OS P\u00daBLICOS, o (a) S.r.(a). WAGNER CARVALHO SILVA.<\/a><\/li>\n\t\t<li class=\"wsp-post\"><a href=\"https:\/\/saobernardo.ma.gov.br\/transparencia\/portarias\/portaria-no-222-de-10-de-janeiro-de-2025-resolve-nomear-para-o-cargo-em-comissao-de-assessor-especial-nivel-iii-dai-da-secretaria-municipal-de-assistencia-social-o-a-sra-francisca\/\">PORTARIA N\u00ba 222, DE 10 DE JANEIRO DE 2025 &#8211; RESOLVE NOMEAR, para o Cargo em Comiss\u00e3o de ASSESSOR ESPECIAL NIVEL III \u2013 DAI, da SECRETARIA MUNICIPAL DE ASSIST\u00caNCIA SOCIAL, o (a) Sr(a). FRANCISCA DAS CHAGAS GARCIA COSTA DE CARVALHO.<\/a><\/li>\n\t\t<li class=\"wsp-post\"><a href=\"https:\/\/saobernardo.ma.gov.br\/transparencia\/portarias\/portaria-no-221-de-10-de-janeiro-de-2025-resolve-nomear-para-responder-interinamente-pelo-o-cargo-em-comissao-de-coordenador-da-defesa-civil-das-do-gabinete-do-prefeito-o-a-sra-luis-anto\/\">PORTARIA N\u00ba 221, DE 10 DE JANEIRO DE 2025 &#8211; RESOLVE NOMEAR, para responder Interinamente, pelo o Cargo em Comiss\u00e3o de COORDENADOR DA DEFESA CIVIL &#8211; DAS, do GABINETE DO PREFEITO, o (a) Sr(a). LUIS ANTONIO PORTO DE CASTRO JUNIOR.<\/a><\/li>\n\t\t<li class=\"wsp-post\"><a href=\"https:\/\/saobernardo.ma.gov.br\/transparencia\/portarias\/portaria-no-220-de-09-de-janeiro-de-2025-resolve-nomear-para-o-cargo-em-comissao-de-inspetor-de-vigilancia-patrimonial-dai-1-da-secretaria-municipal-de-educacao-ciencia-tecnologia-e-inovacao\/\">PORTARIA N\u00ba 220, DE 09 DE JANEIRO DE 2025 &#8211; RESOLVE NOMEAR, para o Cargo em Comiss\u00e3o de INSPETOR DE VIGIL\u00c2NCIA PATRIMONIAL &#8211; DAI-1, da SECRETARIA MUNICIPAL DE EDUCA\u00c7\u00c3O, CI\u00caNCIA, TECNOLOGIA E INOVA\u00c7\u00c3O, o (a) Sr(a). RODRIGO DOS SANTOS COSTA.<\/a><\/li>\n\t\t<li class=\"wsp-post\"><a href=\"https:\/\/saobernardo.ma.gov.br\/transparencia\/portarias\/portaria-no-219-de-09-de-janeiro-de-2025-resolve-nomear-para-o-cargo-em-comissao-de-inspetor-de-vigilancia-patrimonial-dai-1-da-secretaria-municipal-de-educacao-ciencia-tecnologia-e-inovacao\/\">PORTARIA N\u00ba 219, DE 09 DE JANEIRO DE 2025 &#8211; RESOLVE NOMEAR, para o Cargo em Comiss\u00e3o de INSPETOR DE VIGIL\u00c2NCIA PATRIMONIAL &#8211; DAI-1, da SECRETARIA MUNICIPAL DE EDUCA\u00c7\u00c3O, CI\u00caNCIA, TECNOLOGIA E INOVA\u00c7\u00c3O, o (a) Sr(a). ANTONIO EDINALDO RODRIGUES DA SILVA.<\/a><\/li>\n\t\t<li class=\"wsp-post\"><a href=\"https:\/\/saobernardo.ma.gov.br\/transparencia\/portarias\/portaria-no-218-de-08-de-janeiro-de-2025-resolve-nomear-para-o-cargo-em-comissao-de-assessor-pedagogico-nivel-i-dans-da-secretaria-municipal-de-educacao-ciencia-tecnologia-e-inovacao\/\">PORTARIA N\u00ba 218, DE 08 DE JANEIRO DE 2025 &#8211; RESOLVE NOMEAR, para o Cargo em Comiss\u00e3o de ASSESSOR PEDAG\u00d3GICO, N\u00cdVEL I \u2013 DANS, da SECRETARIA MUNICIPAL DE EDUCA\u00c7\u00c3O, CI\u00caNCIA, TECNOLOGIA E INOVA\u00c7\u00c3O, o (a) Sr(a). RAIANE GON\u00c7ALVES COSTA.<\/a><\/li>\n\t\t<li class=\"wsp-post\"><a href=\"https:\/\/saobernardo.ma.gov.br\/transparencia\/portarias\/portaria-no-217-de-08-de-janeiro-de-2025-resolve-nomear-para-o-cargo-em-comissao-de-diretor-a-escolar-da-escola-municipal-cruzeiro-do-sul-o-a-sra-nayra-aline-varanda-santos-spindula\/\">PORTARIA N\u00ba 217, DE 08 DE JANEIRO DE 2025 &#8211; RESOLVE .NOMEAR, para o Cargo em Comiss\u00e3o de DIRETOR (A) ESCOLAR, da ESCOLA MUNICIPAL CRUZEIRO DO SUL, (o) a Sr(a). NAYRA ALINE VARANDA SANTOS SPINDULA.<\/a><\/li>\n\t\t<li class=\"wsp-post\"><a href=\"https:\/\/saobernardo.ma.gov.br\/transparencia\/portarias\/portaria-no-216-de-03-de-janeiro-de-2025-nomeia-servidor-publico-como-agente-de-contratacao-dos-contratos-convenios-firmados-pelo-municipio-de-sao-bernardo-estado-do-maranhao-e-da-outras\/\">PORTARIA N\u00ba 216, DE 03 DE JANEIRO DE 2025 &#8211; \u201cNomeia servidor p\u00fablico como AGENTE DE CONTRATA\u00c7\u00c3O dos contratos\/conv\u00eanios firmados pelo Munic\u00edpio de S\u00e3o Bernardo, Estado do Maranh\u00e3o, e d\u00e1 outras provid\u00eancias.\u201d<\/a><\/li>\n\t\t<li class=\"wsp-post\"><a href=\"https:\/\/saobernardo.ma.gov.br\/transparencia\/portarias\/portaria-no-215-de-01-de-janeiro-de-2025-resolve-nomear-para-o-cargo-em-comissao-de-secretarioa-escolar-da-em-custodio-de-almeida-lima-oa-sra-bernardete-cunha-de-araujo\/\">PORTARIA N\u00ba 215, DE 01 DE JANEIRO DE 2025 &#8211; RESOLVE NOMEAR, para o Cargo em Comiss\u00e3o de SECRET\u00c1RIO(A) ESCOLAR da EM CUSTODIO DE ALMEIDA LIMA, o(a) Sr(a). BERNARDETE CUNHA DE ARAUJO<\/a><\/li>\n\t\t<li class=\"wsp-post\"><a href=\"https:\/\/saobernardo.ma.gov.br\/transparencia\/portarias\/portaria-no-214-de-01-de-janeiro-de-2025-resolve-nomear-para-o-cargo-em-comissao-de-secretarioa-escolar-da-em-francisco-marques-da-silva-oa-sra-wesllyane-de-castro-teles\/\">PORTARIA N\u00ba 214, DE 01 DE JANEIRO DE 2025 &#8211; RESOLVE NOMEAR, para o Cargo em Comiss\u00e3o de SECRET\u00c1RIO(A) ESCOLAR da EM FRANCISCO MARQUES DA SILVA, o(a) Sr(a). WESLLYANE DE CASTRO TELES<\/a><\/li>\n\t\t<li class=\"wsp-post\"><a href=\"https:\/\/saobernardo.ma.gov.br\/transparencia\/portarias\/portaria-no-213-de-01-de-janeiro-de-2025-resolve-nomear-para-o-cargo-em-comissao-de-secretarioa-escolar-da-ui-pres-castelo-branco-oa-sra-aline-rodrigues-da-costa\/\">PORTARIA N\u00ba 213, DE 01 DE JANEIRO DE 2025 &#8211; RESOLVE NOMEAR, para o Cargo em Comiss\u00e3o de SECRET\u00c1RIO(A) ESCOLAR da UI PRES CASTELO BRANCO, o(a) Sr(a). ALINE RODRIGUES DA COSTA<\/a><\/li>\n\t\t<li class=\"wsp-post\"><a href=\"https:\/\/saobernardo.ma.gov.br\/transparencia\/portarias\/portaria-no-212-de-01-de-janeiro-de-2025-resolve-nomear-para-o-cargo-em-comissao-de-secretarioa-escolar-da-em-jose-de-freitas-oa-sra-railson-batista-da-silva\/\">PORTARIA N\u00ba 212, DE 01 DE JANEIRO DE 2025 &#8211; RESOLVE NOMEAR, para o Cargo em Comiss\u00e3o de SECRET\u00c1RIO(A) ESCOLAR da EM JOSE DE FREITAS, o(a) Sr(a). RAILSON BATISTA DA SILVA<\/a><\/li>\n\t\t<li class=\"wsp-post\"><a href=\"https:\/\/saobernardo.ma.gov.br\/transparencia\/portarias\/portaria-no-211-de-01-de-janeiro-de-2025-resolve-nomear-para-o-cargo-em-comissao-de-secretarioa-escolar-da-ui-professora-celia-cristina-pereira-dos-reis-oa-sra-patricia-da-silva-oliveira\/\">PORTARIA N\u00ba 211, DE 01 DE JANEIRO DE 2025 &#8211; RESOLVE NOMEAR, para o Cargo em Comiss\u00e3o de SECRET\u00c1RIO(A) ESCOLAR da UI PROFESSORA CELIA CRISTINA PEREIRA DOS REIS, o(a) Sr(a). PATRICIA DA SILVA OLIVEIRA<\/a><\/li>\n\t\t<li class=\"wsp-post\"><a href=\"https:\/\/saobernardo.ma.gov.br\/transparencia\/portarias\/portaria-no-210-de-01-de-janeiro-de-2025-resolve-nomear-para-o-cargo-em-comissao-de-secretarioa-escolar-da-em-santa-luzia-oa-sra-nilza-maria-lira-silva\/\">PORTARIA N\u00ba 210, DE 01 DE JANEIRO DE 2025 &#8211; RESOLVE NOMEAR, para o Cargo em Comiss\u00e3o de SECRET\u00c1RIO(A) ESCOLAR da EM SANTA LUZIA, o(a) Sr(a). NILZA MARIA LIRA SILVA<\/a><\/li>\n\t\t<li class=\"wsp-post\"><a href=\"https:\/\/saobernardo.ma.gov.br\/transparencia\/portarias\/portaria-no-209-de-01-de-janeiro-de-2025-resolve-nomear-para-o-cargo-em-comissao-de-secretarioa-escolar-da-em-benedito-leite-oa-sra-milene-souza-oliveira\/\">PORTARIA N\u00ba 209, DE 01 DE JANEIRO DE 2025 &#8211; RESOLVE NOMEAR, para o Cargo em Comiss\u00e3o de SECRET\u00c1RIO(A) ESCOLAR da EM BENEDITO LEITE, o(a) Sr(a). MILENE SOUZA OLIVEIRA<\/a><\/li>\n\t\t<li class=\"wsp-post\"><a href=\"https:\/\/saobernardo.ma.gov.br\/transparencia\/portarias\/portaria-no-208-de-01-de-janeiro-de-2025-resolve-nomear-para-o-cargo-em-comissao-de-secretarioa-escolar-da-em-ismael-de-sena-monteiro-oa-sra-maria-jose-da-conceicao-de-oliveira\/\">PORTARIA N\u00ba 208, DE 01 DE JANEIRO DE 2025 &#8211; RESOLVE NOMEAR, para o Cargo em Comiss\u00e3o de SECRET\u00c1RIO(A) ESCOLAR da EM ISMAEL DE SENA MONTEIRO, o(a) Sr(a). MARIA JOSE DA CONCEICAO DE OLIVEIRA<\/a><\/li>\n\t\t<li class=\"wsp-post\"><a href=\"https:\/\/saobernardo.ma.gov.br\/transparencia\/portarias\/portaria-no-207-de-01-de-janeiro-de-2025-resolve-nomear-para-o-cargo-em-comissao-de-secretarioa-escolar-da-ui-juscelino-kubitschek-oa-sra-maria-de-jesus-da-silva\/\">PORTARIA N\u00ba 207, DE 01 DE JANEIRO DE 2025 &#8211; RESOLVE NOMEAR, para o Cargo em Comiss\u00e3o de SECRET\u00c1RIO(A) ESCOLAR da UI JUSCELINO KUBITSCHEK, o(a) Sr(a). MARIA DE JESUS DA SILVA<\/a><\/li>\n\t\t<li class=\"wsp-post\"><a href=\"https:\/\/saobernardo.ma.gov.br\/transparencia\/portarias\/portaria-no-206-de-01-de-janeiro-de-2025-resolve-nomear-para-o-cargo-em-comissao-de-secretarioa-escolar-da-em-santa-terezinha-oa-sra-maria-da-conceicao-silva\/\">PORTARIA N\u00ba 206, DE 01 DE JANEIRO DE 2025 &#8211; RESOLVE NOMEAR, para o Cargo em Comiss\u00e3o de SECRET\u00c1RIO(A) ESCOLAR da EM SANTA TEREZINHA, o(a) Sr(a). MARIA DA CONCEICAO SILVA<\/a><\/li>\n\t\t<li class=\"wsp-post\"><a href=\"https:\/\/saobernardo.ma.gov.br\/transparencia\/portarias\/portaria-no-205-de-01-de-janeiro-de-2025-resolve-nomear-para-o-cargo-em-comissao-de-secretarioa-escolar-da-em-santo-antonio-oa-sra-marciana-lima-dos-santos\/\">PORTARIA N\u00ba 205, DE 01 DE JANEIRO DE 2025 &#8211; RESOLVE NOMEAR, para o Cargo em Comiss\u00e3o de SECRET\u00c1RIO(A) ESCOLAR da EM SANTO ANTONIO, o(a) Sr(a). MARCIANA LIMA DOS SANTOS<\/a><\/li>\n\t\t<li class=\"wsp-post\"><a href=\"https:\/\/saobernardo.ma.gov.br\/transparencia\/portarias\/portaria-no-204-de-01-de-janeiro-de-2025-resolve-nomear-para-o-cargo-em-comissao-de-secretarioa-escolar-da-ui-vereador-rubenito-silva-couto-oa-sra-marcelina-costa-couto\/\">PORTARIA N\u00ba 204, DE 01 DE JANEIRO DE 2025 &#8211; RESOLVE NOMEAR, para o Cargo em Comiss\u00e3o de SECRET\u00c1RIO(A) ESCOLAR da UI VEREADOR RUBENITO SILVA COUTO, o(a) Sr(a). MARCELINA COSTA COUTO<\/a><\/li>\n\t\t<li class=\"wsp-post\"><a href=\"https:\/\/saobernardo.ma.gov.br\/transparencia\/portarias\/portaria-no-203-de-01-de-janeiro-de-2025-resolve-nomear-para-o-cargo-em-comissao-de-secretarioa-escolar-da-em-maria-jose-coelho-lima-oa-sra-luzia-lima-souza\/\">PORTARIA N\u00ba 203, DE 01 DE JANEIRO DE 2025 &#8211; RESOLVE NOMEAR, para o Cargo em Comiss\u00e3o de SECRET\u00c1RIO(A) ESCOLAR da EM MARIA JOSE COELHO LIMA, o(a) Sr(a). LUZIA LIMA SOUZA<\/a><\/li>\n\t\t<li class=\"wsp-post\"><a href=\"https:\/\/saobernardo.ma.gov.br\/transparencia\/portarias\/portaria-no-202-de-01-de-janeiro-de-2025-resolve-nomear-para-o-cargo-em-comissao-de-secretarioa-escolar-da-em-fernando-coelho-oa-sra-luis-fernando-cardoso-coelho\/\">PORTARIA N\u00ba 202, DE 01 DE JANEIRO DE 2025 &#8211; RESOLVE NOMEAR, para o Cargo em Comiss\u00e3o de SECRET\u00c1RIO(A) ESCOLAR da EM FERNANDO COELHO, o(a) Sr(a). LUIS FERNANDO CARDOSO COELHO<\/a><\/li>\n\t\t<li class=\"wsp-post\"><a href=\"https:\/\/saobernardo.ma.gov.br\/transparencia\/portarias\/portaria-no-201-de-01-de-janeiro-de-2025-resolve-nomear-para-o-cargo-em-comissao-de-secretarioa-escolar-da-em-marly-macieira-costa-oa-sra-luciana-oliveira-carvalho\/\">PORTARIA N\u00ba 201, DE 01 DE JANEIRO DE 2025 &#8211; RESOLVE NOMEAR, para o Cargo em Comiss\u00e3o de SECRET\u00c1RIO(A) ESCOLAR da EM MARLY MACIEIRA COSTA, o(a) Sr(a). LUCIANA OLIVEIRA CARVALHO<\/a><\/li>\n\t\t<li class=\"wsp-post\"><a href=\"https:\/\/saobernardo.ma.gov.br\/transparencia\/portarias\/portaria-no-200-de-01-de-janeiro-de-2025-resolve-nomear-para-o-cargo-em-comissao-de-secretarioa-escolar-da-ui-rui-barbosa-oa-sra-lariele-de-oliveira-machado\/\">PORTARIA N\u00ba 200, DE 01 DE JANEIRO DE 2025 &#8211; RESOLVE NOMEAR, para o Cargo em Comiss\u00e3o de SECRET\u00c1RIO(A) ESCOLAR da UI RUI BARBOSA, o(a) Sr(a). LARIELE DE OLIVEIRA MACHADO<\/a><\/li>\n\t\t<li class=\"wsp-post\"><a href=\"https:\/\/saobernardo.ma.gov.br\/transparencia\/portarias\/portaria-no-199-de-01-de-janeiro-de-2025-resolve-nomear-para-o-cargo-em-comissao-de-secretarioa-escolar-da-em-cruzeiro-do-sul-oa-sra-josiane-sousa-aguiar\/\">PORTARIA N\u00ba 199, DE 01 DE JANEIRO DE 2025 &#8211; RESOLVE NOMEAR, para o Cargo em Comiss\u00e3o de SECRET\u00c1RIO(A) ESCOLAR da EM CRUZEIRO DO SUL, o(a) Sr(a). JOSIANE SOUSA AGUIAR<\/a><\/li>\n\t\t<li class=\"wsp-post\"><a href=\"https:\/\/saobernardo.ma.gov.br\/transparencia\/portarias\/portaria-no-198-de-01-de-janeiro-de-2025-resolve-nomear-para-o-cargo-em-comissao-de-secretarioa-escolar-da-em-pres-campos-salles-oa-sra-joseana-marques-da-silva-santos\/\">PORTARIA N\u00ba 198, DE 01 DE JANEIRO DE 2025 &#8211; RESOLVE NOMEAR, para o Cargo em Comiss\u00e3o de SECRET\u00c1RIO(A) ESCOLAR da EM PRES CAMPOS SALLES, o(a) Sr(a). JOSEANA MARQUES DA SILVA SANTOS<\/a><\/li>\n\t\t<li class=\"wsp-post\"><a href=\"https:\/\/saobernardo.ma.gov.br\/transparencia\/portarias\/portaria-no-197-de-01-de-janeiro-de-2025-resolve-nomear-para-o-cargo-em-comissao-de-secretarioa-escolar-da-em-dr-raimundo-machado-filho-oa-sra-jessyca-carvalho-nascimento\/\">PORTARIA N\u00ba 197, DE 01 DE JANEIRO DE 2025 &#8211; RESOLVE NOMEAR, para o Cargo em Comiss\u00e3o de SECRET\u00c1RIO(A) ESCOLAR da EM DR RAIMUNDO MACHADO FILHO, o(a) Sr(a). JESSYCA CARVALHO NASCIMENTO<\/a><\/li>\n\t\t<li class=\"wsp-post\"><a href=\"https:\/\/saobernardo.ma.gov.br\/transparencia\/portarias\/portaria-no-196-de-01-de-janeiro-de-2025-resolve-nomear-para-o-cargo-em-comissao-de-secretarioa-escolar-da-em-manoel-de-almeida-portugal-oa-sra-jardel-rodrigues-silva\/\">PORTARIA N\u00ba 196, DE 01 DE JANEIRO DE 2025 &#8211; RESOLVE NOMEAR, para o Cargo em Comiss\u00e3o de SECRET\u00c1RIO(A) ESCOLAR da EM MANOEL DE ALMEIDA PORTUGAL, o(a) Sr(a). JARDEL RODRIGUES SILVA<\/a><\/li>\n\t\t<li class=\"wsp-post\"><a href=\"https:\/\/saobernardo.ma.gov.br\/transparencia\/portarias\/portaria-no-195-de-01-de-janeiro-de-2025-resolve-nomear-para-o-cargo-em-comissao-de-secretarioa-escolar-da-em-prefeito-jose-ferreira-de-sousa-oa-sra-janaina-miranda-sousa\/\">PORTARIA N\u00ba 195, DE 01 DE JANEIRO DE 2025 &#8211; RESOLVE NOMEAR, para o Cargo em Comiss\u00e3o de SECRET\u00c1RIO(A) ESCOLAR da EM PREFEITO JOSE FERREIRA DE SOUSA, o(a) Sr(a). JANAINA MIRANDA SOUSA<\/a><\/li>\n\t\t<li class=\"wsp-post\"><a href=\"https:\/\/saobernardo.ma.gov.br\/transparencia\/portarias\/portaria-no-194-de-01-de-janeiro-de-2025-resolve-nomear-para-o-cargo-em-comissao-de-secretarioa-escolar-da-pre-escolar-branca-de-neve-oa-sra-jacqueline-barbosa-silva\/\">PORTARIA N\u00ba 194, DE 01 DE JANEIRO DE 2025 &#8211; RESOLVE  NOMEAR, para o Cargo em Comiss\u00e3o de SECRET\u00c1RIO(A) ESCOLAR da PRE- ESCOLAR BRANCA DE NEVE, o(a) Sr(a). JACQUELINE BARBOSA SILVA<\/a><\/li>\n\t\t<li class=\"wsp-post\"><a href=\"https:\/\/saobernardo.ma.gov.br\/transparencia\/portarias\/portaria-no-193-de-01-de-janeiro-de-2025-resolve-nomear-para-o-cargo-em-comissao-de-secretarioa-escolar-da-em-jardim-de-infancia-saci-perere-oa-sra-israella-dhulia-sousa-ciqueira\/\">PORTARIA N\u00ba 193, DE 01 DE JANEIRO DE 2025 &#8211; RESOLVE NOMEAR, para o Cargo em Comiss\u00e3o de SECRET\u00c1RIO(A) ESCOLAR da EM JARDIM DE INFANCIA SACI PERERE, o(a) Sr(a). ISRAELLA DHULIA SOUSA CIQUEIRA<\/a><\/li>\n\t\t<li class=\"wsp-post\"><a href=\"https:\/\/saobernardo.ma.gov.br\/transparencia\/portarias\/portaria-no-192-de-01-de-janeiro-de-2025-resolve-nomear-para-o-cargo-em-comissao-de-secretarioa-escolar-da-em-santa-rita-oa-sra-ingrid-lima-da-silva\/\">PORTARIA N\u00ba 192, DE 01 DE JANEIRO DE 2025 &#8211; RESOLVE NOMEAR, para o Cargo em Comiss\u00e3o de SECRET\u00c1RIO(A) ESCOLAR da EM SANTA RITA, o(a) Sr(a). INGRID LIMA DA SILVA<\/a><\/li>\n\t\t<li class=\"wsp-post\"><a href=\"https:\/\/saobernardo.ma.gov.br\/transparencia\/portarias\/portaria-no-191-de-01-de-janeiro-de-2025-resolve-nomear-para-o-cargo-em-comissao-de-secretarioa-escolar-da-em-monteiro-lobato-oa-sra-heloina-loiola-de-souza\/\">PORTARIA N\u00ba 191, DE 01 DE JANEIRO DE 2025 &#8211; RESOLVE NOMEAR, para o Cargo em Comiss\u00e3o de SECRET\u00c1RIO(A) ESCOLAR da EM MONTEIRO LOBATO, o(a) Sr(a). HELOINA LOIOLA DE SOUZA.<\/a><\/li>\n\t\t<li class=\"wsp-post\"><a href=\"https:\/\/saobernardo.ma.gov.br\/transparencia\/portarias\/portaria-no-190-de-01-de-janeiro-de-2025-resolve-nomear-para-o-cargo-em-comissao-de-secretarioa-escolar-da-em-professora-aurea-serra-castelo-branco-oa-sra-aline-rodrigues-da-costa\/\">PORTARIA N\u00ba 190, DE 01 DE JANEIRO DE 2025 &#8211; RESOLVE NOMEAR, para o Cargo em Comiss\u00e3o de SECRET\u00c1RIO(A) ESCOLAR da EM PROFESSORA AUREA SERRA CASTELO BRANCO, o(a) Sr(a). ALINE RODRIGUES DA COSTA<\/a><\/li>\n\t\t<li class=\"wsp-post\"><a href=\"https:\/\/saobernardo.ma.gov.br\/transparencia\/portarias\/portaria-no-189-de-01-de-janeiro-de-2025-resolve-nomear-para-o-cargo-em-comissao-de-secretarioa-escolar-da-em-raimundo-poincare-de-sousa-oa-sra-geiza-machado-carvalho\/\">PORTARIA N\u00ba 189, DE 01 DE JANEIRO DE 2025 &#8211; RESOLVE NOMEAR, para o Cargo em Comiss\u00e3o de SECRET\u00c1RIO(A) ESCOLAR da EM RAIMUNDO POINCARE DE SOUSA, o(a) Sr(a). GEIZA MACHADO CARVALHO<\/a><\/li>\n\t\t<li class=\"wsp-post\"><a href=\"https:\/\/saobernardo.ma.gov.br\/transparencia\/portarias\/portaria-no-188-de-01-de-janeiro-de-2025-resolve-nomear-para-o-cargo-em-comissao-de-secretarioa-escolar-da-inst-educ-conego-nestor-carvalho-cunha-oa-sra-frazao-silva-oliveira\/\">PORTARIA N\u00ba 188, DE 01 DE JANEIRO DE 2025 &#8211; RESOLVE NOMEAR, para o Cargo em Comiss\u00e3o de SECRET\u00c1RIO(A) ESCOLAR da INST EDUC CONEGO NESTOR CARVALHO CUNHA, o(a) Sr(a). FRAZAO SILVA OLIVEIRA<\/a><\/li>\n\t\t<li class=\"wsp-post\"><a href=\"https:\/\/saobernardo.ma.gov.br\/transparencia\/portarias\/portaria-no-187-de-01-de-janeiro-de-2025-resolve-nomear-para-o-cargo-em-comissao-de-secretarioa-escolar-da-em-rui-barbosa-oa-sra-francisca-maria-gomes-de-queiroz\/\">PORTARIA N\u00ba 187, DE 01 DE JANEIRO DE 2025 &#8211; RESOLVE NOMEAR, para o Cargo em Comiss\u00e3o de SECRET\u00c1RIO(A) ESCOLAR da EM RUI BARBOSA, o(a) Sr(a). FRANCISCA MARIA GOMES DE QUEIROZ<\/a><\/li>\n\t\t<li class=\"wsp-post\"><a href=\"https:\/\/saobernardo.ma.gov.br\/transparencia\/portarias\/portaria-no-186-de-01-de-janeiro-de-2025-resolve\/\">PORTARIA N\u00ba 186, DE 01 DE JANEIRO DE 2025 &#8211; RESOLVE NOMEAR, para o Cargo em Comiss\u00e3o de SECRET\u00c1RIO(A) ESCOLAR da EM FRANCISCA LIMA SPINDOLA, o(a) Sr(a). FRANCISCA DAS CHAGAS FARIAS SILVA<\/a><\/li>\n\t\t<li class=\"wsp-post\"><a href=\"https:\/\/saobernardo.ma.gov.br\/transparencia\/portarias\/portaria-no-185-de-01-de-janeiro-de-2025-resolve-nomear-para-o-cargo-em-comissao-de-secretarioa-escolar-da-em-monsenhor-mauricio-laurent-oa-sra-fabiana-monteiro-viana\/\">PORTARIA N\u00ba 185, DE 01 DE JANEIRO DE 2025 &#8211; RESOLVE NOMEAR, para o Cargo em Comiss\u00e3o de SECRET\u00c1RIO(A) ESCOLAR da EM MONSENHOR MAURICIO LAURENT, o(a) Sr(a). FABIANA MONTEIRO VIANA<\/a><\/li>\n\t\t<li class=\"wsp-post\"><a href=\"https:\/\/saobernardo.ma.gov.br\/transparencia\/portarias\/portaria-no-184-de-01-de-janeiro-de-2025-resolve-nomear-para-o-cargo-em-comissao-de-secretarioa-escolar-da-em-professora-maria-de-lourdes-correia-lima-serra-oa-sra-elenice-de-paula-gomes\/\">PORTARIA N\u00ba 184, DE 01 DE JANEIRO DE 2025 &#8211; RESOLVE NOMEAR, para o Cargo em Comiss\u00e3o de SECRET\u00c1RIO(A) ESCOLAR da EM PROFESSORA MARIA DE LOURDES CORREIA LIMA SERRA, o(a) Sr(a). ELENICE DE PAULA GOMES<\/a><\/li>\n\t\t<li class=\"wsp-post\"><a href=\"https:\/\/saobernardo.ma.gov.br\/transparencia\/portarias\/portaria-no-183-de-01-de-janeiro-de-2025-resolve-nomear-para-o-cargo-em-comissao-de-secretarioa-escolar-da-em-claudimira-andrade-costa-oa-sra-cristiane-de-oliveira-lima\/\">PORTARIA N\u00ba 183, DE 01 DE JANEIRO DE 2025 &#8211; RESOLVE NOMEAR, para o Cargo em Comiss\u00e3o de SECRET\u00c1RIO(A) ESCOLAR da EM CLAUDIMIRA ANDRADE COSTA, o(a) Sr(a). CRISTIANE DE OLIVEIRA LIMA<\/a><\/li>\n\t\t<li class=\"wsp-post\"><a href=\"https:\/\/saobernardo.ma.gov.br\/transparencia\/portarias\/portaria-no-182-de-01-de-janeiro-de-2025-resolve-nomear-para-o-cargo-em-comissao-de-secretarioa-escolar-da-crechi-bibi-oa-sra-carolayne-rodrigues-cunha\/\">PORTARIA N\u00ba 182, DE 01 DE JANEIRO DE 2025 &#8211; RESOLVE NOMEAR, para o Cargo em Comiss\u00e3o de SECRET\u00c1RIO(A) ESCOLAR da CRECHI BIBI, o(a) Sr(a). CAROLAYNE RODRIGUES CUNHA<\/a><\/li>\n\t\t<li class=\"wsp-post\"><a href=\"https:\/\/saobernardo.ma.gov.br\/transparencia\/portarias\/portaria-no-181-de-01-de-janeiro-de-2025-resolve-nomear-para-o-cargo-em-comissao-de-secretarioa-escolar-da-em-nossa-senhora-de-fatima-oa-sra-beatriz-ferreira-machado\/\">PORTARIA N\u00ba 181, DE 01 DE JANEIRO DE 2025 &#8211; RESOLVE NOMEAR, para o Cargo em Comiss\u00e3o de SECRET\u00c1RIO(A) ESCOLAR da EM NOSSA SENHORA DE FATIMA, o(a) Sr(a). BEATRIZ FERREIRA MACHADO<\/a><\/li>\n\t\t<li class=\"wsp-post\"><a href=\"https:\/\/saobernardo.ma.gov.br\/transparencia\/portarias\/portaria-no-180-de-01-de-janeiro-de-2025-resolve-nomear-para-o-cargo-em-comissao-de-secretarioa-escolar-da-em-coracao-de-jesus-oa-sra-aurinete-pereira-dos-santos\/\">PORTARIA N\u00ba 180, DE 01 DE JANEIRO DE 2025 &#8211; RESOLVE NOMEAR, para o Cargo em Comiss\u00e3o de SECRET\u00c1RIO(A) ESCOLAR da EM CORACAO DE JESUS, o(a) Sr(a). AURINETE PEREIRA DOS SANTOS<\/a><\/li>\n\t\t<li class=\"wsp-post\"><a href=\"https:\/\/saobernardo.ma.gov.br\/transparencia\/portarias\/portaria-no-179-de-01-de-janeiro-de-2025-resolve-nomear-para-o-cargo-em-comissao-de-secretarioa-escolar-da-em-goncalves-dias-oa-sra-arisvanda-costa-sousa\/\">PORTARIA N\u00ba 179, DE 01 DE JANEIRO DE 2025 &#8211; RESOLVE NOMEAR, para o Cargo em Comiss\u00e3o de SECRET\u00c1RIO(A) ESCOLAR da EM GONCALVES DIAS, o(a) Sr(a). ARISVANDA COSTA SOUSA.<\/a><\/li>\n\t\t<li class=\"wsp-post\"><a href=\"https:\/\/saobernardo.ma.gov.br\/transparencia\/portarias\/portaria-no-178-de-01-de-janeiro-de-2025-resolve-nomear-para-o-cargo-em-comissao-de-secretarioa-escolar-da-ui-bernardo-coelho-de-almeida-oa-sra-aracele-da-cruz-ribeiro\/\">PORTARIA N\u00ba 178, DE 01 DE JANEIRO DE 2025 &#8211; RESOLVE NOMEAR, para o Cargo em Comiss\u00e3o de SECRET\u00c1RIO(A) ESCOLAR da UI BERNARDO COELHO DE ALMEIDA, o(a) Sr(a). ARACELE DA CRUZ RIBEIRO.<\/a><\/li>\n\t\t<li class=\"wsp-post\"><a href=\"https:\/\/saobernardo.ma.gov.br\/transparencia\/portarias\/portaria-no-177-de-01-de-janeiro-de-2025-resolve-nomear-para-o-cargo-em-comissao-de-secretarioa-escolar-da-em-anastacio-portela-oa-sra-anna-karine-nascimento-de-sousa\/\">PORTARIA N\u00ba 177, DE 01 DE JANEIRO DE 2025 &#8211; RESOLVE NOMEAR, para o Cargo em Comiss\u00e3o de SECRET\u00c1RIO(A) ESCOLAR da EM ANASTACIO PORTELA, o(a) Sr(a). ANNA KARINE NASCIMENTO DE SOUSA.<\/a><\/li>\n\t\t<li class=\"wsp-post\"><a href=\"https:\/\/saobernardo.ma.gov.br\/transparencia\/portarias\/portaria-no-176-de-01-de-janeiro-de-2025-resolve-nomear-para-o-cargo-em-comissao-de-secretarioa-escolar-da-em-paulo-freire-oa-sra-ana-claudia-da-costa-silva\/\">PORTARIA N\u00ba 176, DE 01 DE JANEIRO DE 2025 &#8211; RESOLVE NOMEAR, para o Cargo em Comiss\u00e3o de SECRET\u00c1RIO(A) ESCOLAR da EM PAULO FREIRE, o(a) Sr(a). ANA CLAUDIA DA COSTA SILVA.<\/a><\/li>\n\t\t<li class=\"wsp-post\"><a href=\"https:\/\/saobernardo.ma.gov.br\/transparencia\/portarias\/portaria-no-175-de-01-de-janeiro-de-2025-resolve-nomear-para-o-cargo-em-comissao-de-secretarioa-escolar-da-em-sao-vicente-oa-sra-aline-de-sousa-ferreira\/\">PORTARIA N\u00ba 175, DE 01 DE JANEIRO DE 2025 &#8211; RESOLVE NOMEAR, para o Cargo em Comiss\u00e3o de SECRET\u00c1RIO(A) ESCOLAR da EM SAO VICENTE, o(a) Sr(a). ALINE DE SOUSA FERREIRA.<\/a><\/li>\n\t\t<li class=\"wsp-post\"><a href=\"https:\/\/saobernardo.ma.gov.br\/transparencia\/portarias\/portaria-no-174-de-01-de-janeiro-de-2025-resolve-nomear-para-o-cargo-em-comissao-de-secretarioa-escolar-da-em-conego-nestor-oa-sra-alexsander-lawosyer-araujo-cardozo\/\">PORTARIA N\u00ba 174, DE 01 DE JANEIRO DE 2025 &#8211; RESOLVE NOMEAR, para o Cargo em Comiss\u00e3o de SECRET\u00c1RIO(A) ESCOLAR da EM CONEGO NESTOR, o(a) Sr(a). ALEXSANDER LAWOSYER ARAUJO CARDOZO.<\/a><\/li>\n\t\t<li class=\"wsp-post\"><a href=\"https:\/\/saobernardo.ma.gov.br\/transparencia\/portarias\/portaria-no-173-de-01-de-janeiro-de-2025-resolve-designar-para-o-cargo-em-comissao-de-diretor-da-escola-de-musica-da-secretaria-municipal-de-educacao-ciencia-tecnologia-e-inovacao-oa-sra-r\/\">PORTARIA N\u00ba 173, DE 01 DE JANEIRO DE 2025 &#8211; RESOLVE DESIGNAR, para o Cargo em Comiss\u00e3o de DIRETOR DA ESCOLA DE MUSICA da SECRETARIA MUNICIPAL DE EDUCA\u00c7\u00c3O, CI\u00caNCIA, TECNOLOGIA E INOVA\u00c7\u00c3O, o(a) Sr(a). RAFAEL DE OLIVEIRA LIRA ARAGAO<\/a><\/li>\n\t\t<li class=\"wsp-post\"><a href=\"https:\/\/saobernardo.ma.gov.br\/transparencia\/portarias\/portaria-no-172-de-01-de-janeiro-de-2025-resolve-designar-para-o-cargo-em-comissao-de-diretor-adjunto-da-em-conego-nestor-oa-sra-vanessa-dos-santos-candeira\/\">PORTARIA N\u00ba 172, DE 01 DE JANEIRO DE 2025 &#8211; RESOLVE DESIGNAR, para o Cargo em Comiss\u00e3o de DIRETOR ADJUNTO da EM CONEGO NESTOR, o(a) Sr(a). VANESSA DOS SANTOS CANDEIRA<\/a><\/li>\n\t\t<li class=\"wsp-post\"><a href=\"https:\/\/saobernardo.ma.gov.br\/transparencia\/portarias\/portaria-no-171-de-01-de-janeiro-de-2025-resolve-nomear-para-o-cargo-em-comissao-de-diretor-adjunto-da-inst-educ-conego-nestor-carvalho-cunha-oa-sra-ruth-miranda-costa-meneses\/\">PORTARIA N\u00ba 171, DE 01 DE JANEIRO DE 2025 &#8211; RESOLVE NOMEAR, para o Cargo em Comiss\u00e3o de DIRETOR ADJUNTO da INST EDUC CONEGO NESTOR CARVALHO CUNHA, o(a) Sr(a). RUTH MIRANDA COSTA MENESES.<\/a><\/li>\n\t\t<li class=\"wsp-post\"><a href=\"https:\/\/saobernardo.ma.gov.br\/transparencia\/portarias\/portaria-no-170-de-01-de-janeiro-de-2025-resolve-nomear-para-o-cargo-em-comissao-de-diretor-adjunto-da-em-monsenhor-mauricio-laurent-oa-sra-regislene-araujo-meireles\/\">PORTARIA N\u00ba 170, DE 01 DE JANEIRO DE 2025 &#8211; RESOLVE NOMEAR, para o Cargo em Comiss\u00e3o de DIRETOR ADJUNTO da EM MONSENHOR MAURICIO LAURENT, o(a) Sr(a). REGISLENE ARAUJO MEIRELES<\/a><\/li>\n\t\t<li class=\"wsp-post\"><a href=\"https:\/\/saobernardo.ma.gov.br\/transparencia\/portarias\/portaria-no-169-de-01-de-janeiro-de-2025-resolve-nomear-para-o-cargo-em-comissao-de-diretor-adjunto-da-em-professora-aurea-serra-castelo-branco-oa-sra-raimundo-pereira-da-costa-filho\/\">PORTARIA N\u00ba 169, DE 01 DE JANEIRO DE 2025 &#8211; RESOLVE NOMEAR, para o Cargo em Comiss\u00e3o de DIRETOR ADJUNTO da EM PROFESSORA AUREA SERRA CASTELO BRANCO, o(a) Sr(a). RAIMUNDO PEREIRA DA COSTA FILHO.<\/a><\/li>\n\t\t<li class=\"wsp-post\"><a href=\"https:\/\/saobernardo.ma.gov.br\/transparencia\/portarias\/portaria-no-168-de-01-de-janeiro-de-2025-resolve-nomear-para-o-cargo-em-comissao-de-diretor-adjunto-da-em-monteiro-lobato-oa-sra-raimunda-nonata-alves-garces\/\">PORTARIA N\u00ba 168, DE 01 DE JANEIRO DE 2025 &#8211; RESOLVE NOMEAR, para o Cargo em Comiss\u00e3o de DIRETOR ADJUNTO da EM MONTEIRO LOBATO, o(a) Sr(a). RAIMUNDA NONATA ALVES GARCES.<\/a><\/li>\n\t\t<li class=\"wsp-post\"><a href=\"https:\/\/saobernardo.ma.gov.br\/transparencia\/portarias\/portaria-no-167-de-01-de-janeiro-de-2025-resolve-nomear-para-o-cargo-em-comissao-de-diretor-adjunto-da-em-dr-raimundo-machado-filho-oa-sra-milka-emanuela-pereira-dos-reis\/\">PORTARIA N\u00ba 167, DE 01 DE JANEIRO DE 2025 &#8211; RESOLVE NOMEAR, para o Cargo em Comiss\u00e3o de DIRETOR ADJUNTO da EM DR RAIMUNDO MACHADO FILHO, o(a) Sr(a). MILKA EMANUELA PEREIRA DOS REIS<\/a><\/li>\n\t\t<li class=\"wsp-post\"><a href=\"https:\/\/saobernardo.ma.gov.br\/transparencia\/portarias\/portaria-no-166-de-01-de-janeiro-de-2025-resolve-nomear-para-o-cargo-em-comissao-de-diretor-adjunto-da-em-santa-rita-oa-sra-marlucia-pereira-de-araujo\/\">PORTARIA N\u00ba 166, DE 01 DE JANEIRO DE 2025 &#8211; RESOLVE NOMEAR, para o Cargo em Comiss\u00e3o de DIRETOR ADJUNTO da EM SANTA RITA, o(a) Sr(a). MARLUCIA PEREIRA DE ARAUJO.<\/a><\/li>\n\t\t<li class=\"wsp-post\"><a href=\"https:\/\/saobernardo.ma.gov.br\/transparencia\/portarias\/portaria-no-165-de-01-de-janeiro-de-2025-resolve-nomear-para-o-cargo-em-comissao-de-diretor-adjunto-da-em-goncalves-dias-oa-sra-maria-meire-de-lima-costa-silva\/\">PORTARIA N\u00ba 165, DE 01 DE JANEIRO DE 2025 &#8211; RESOLVE NOMEAR, para o Cargo em Comiss\u00e3o de DIRETOR ADJUNTO da EM GONCALVES DIAS, o(a) Sr(a). MARIA MEIRE DE LIMA COSTA SILVA.<\/a><\/li>\n\t\t<li class=\"wsp-post\"><a href=\"https:\/\/saobernardo.ma.gov.br\/transparencia\/portarias\/portaria-no-164-de-01-de-janeiro-de-2025-resolve-nomear-para-o-cargo-em-comissao-de-diretor-adjunto-da-crechi-bibi-oa-sra-maria-luzinete-pinto-da-silva\/\">PORTARIA N\u00ba 164, DE 01 DE JANEIRO DE 2025 &#8211; RESOLVE NOMEAR, para o Cargo em Comiss\u00e3o de DIRETOR ADJUNTO da CRECHI BIBI, o(a) Sr(a). MARIA LUZINETE PINTO DA SILVA.<\/a><\/li>\n\t\t<li class=\"wsp-post\"><a href=\"https:\/\/saobernardo.ma.gov.br\/transparencia\/portarias\/portaria-no-163-de-01-de-janeiro-de-2025-resolve-nomear-para-o-cargo-em-comissao-de-diretor-adjunto-da-em-professora-maria-de-lourdes-correia-lima-serra-oa-sra-maria-da-conceicao-costa-marqu\/\">PORTARIA N\u00ba 163, DE 01 DE JANEIRO DE 2025 &#8211; RESOLVE NOMEAR, para o Cargo em Comiss\u00e3o de DIRETOR ADJUNTO da EM PROFESSORA MARIA DE LOURDES CORREIA LIMA SERRA, o(a) Sr(a). MARIA DA CONCEICAO COSTA MARQUES.<\/a><\/li>\n\t\t<li class=\"wsp-post\"><a href=\"https:\/\/saobernardo.ma.gov.br\/transparencia\/portarias\/portaria-no-162-de-01-de-janeiro-de-2025-resolve-nomear-para-o-cargo-em-comissao-de-diretor-adjunto-da-ui-juscelino-kubitschek-oa-sra-maria-ana-lucia-lopes-da-silva\/\">PORTARIA N\u00ba 162, DE 01 DE JANEIRO DE 2025 &#8211; RESOLVE NOMEAR, para o Cargo em Comiss\u00e3o de DIRETOR ADJUNTO da UI JUSCELINO KUBITSCHEK, o(a) Sr(a). MARIA ANA LUCIA LOPES DA SILVA.<\/a><\/li>\n\t\t<li class=\"wsp-post\"><a href=\"https:\/\/saobernardo.ma.gov.br\/transparencia\/portarias\/portaria-no-161-de-01-de-janeiro-de-2025-resolve-nomear-para-o-cargo-em-comissao-de-diretor-adjunto-da-ui-vereador-rubenito-silva-couto-oa-sra-lina-rosa-carvalho-da-silva\/\">PORTARIA N\u00ba 161, DE 01 DE JANEIRO DE 2025 &#8211; RESOLVE  NOMEAR, para o Cargo em Comiss\u00e3o de DIRETOR ADJUNTO da UI VEREADOR RUBENITO SILVA COUTO, o(a) Sr(a). LINA ROSA CARVALHO DA SILVA<\/a><\/li>\n\t\t<li class=\"wsp-post\"><a href=\"https:\/\/saobernardo.ma.gov.br\/transparencia\/portarias\/portaria-no-160-de-01-de-janeiro-de-2025-resolve-nomear-para-o-cargo-em-comissao-de-diretor-adjunto-da-em-jardim-de-infancia-saci-perere-oa-sra-kelyanne-de-sousa-reis\/\">PORTARIA N\u00ba 160, DE 01 DE JANEIRO DE 2025 &#8211; RESOLVE NOMEAR, para o Cargo em Comiss\u00e3o de DIRETOR ADJUNTO da EM JARDIM DE INFANCIA SACI PERERE, o(a) Sr(a). KELYANNE DE SOUSA REIS.<\/a><\/li>\n\t\t<li class=\"wsp-post\"><a href=\"https:\/\/saobernardo.ma.gov.br\/transparencia\/portarias\/portaria-no-159-de-01-de-janeiro-de-2025-resolve-nomear-para-o-cargo-em-comissao-de-diretor-adjunto-da-ui-professora-celia-cristina-pereira-dos-reis-oa-sra-jose-maria-da-silva\/\">PORTARIA N\u00ba 159, DE 01 DE JANEIRO DE 2025 &#8211; RESOLVE NOMEAR, para o Cargo em Comiss\u00e3o de DIRETOR ADJUNTO da UI PROFESSORA CELIA CRISTINA PEREIRA DOS REIS, o(a) Sr(a). JOSE MARIA DA SILVA.<\/a><\/li>\n\t\t<li class=\"wsp-post\"><a href=\"https:\/\/saobernardo.ma.gov.br\/transparencia\/portarias\/portaria-no-158-de-01-de-janeiro-de-2025-resolve-nomear-para-o-cargo-em-comissao-de-diretor-adjunto-da-em-coracao-de-jesus-oa-sra-jonas-santos-silva\/\">PORTARIA N\u00ba 158, DE 01 DE JANEIRO DE 2025 &#8211; RESOLVE NOMEAR, para o Cargo em Comiss\u00e3o de DIRETOR ADJUNTO da EM CORACAO DE JESUS, o(a) Sr(a). JONAS SANTOS SILVA.<\/a><\/li>\n\t\t<li class=\"wsp-post\"><a href=\"https:\/\/saobernardo.ma.gov.br\/transparencia\/portarias\/portaria-no-157-de-01-de-janeiro-de-2025-resolve-nomear-para-o-cargo-em-comissao-de-diretor-adjunto-da-em-manoel-de-almeida-portugal-oa-sra-joel-vieira-almeida\/\">PORTARIA N\u00ba 157, DE 01 DE JANEIRO DE 2025 &#8211; RESOLVE NOMEAR, para o Cargo em Comiss\u00e3o de DIRETOR ADJUNTO da EM MANOEL DE ALMEIDA PORTUGAL, o(a) Sr(a). JOEL VIEIRA ALMEIDA.<\/a><\/li>\n\t\t<li class=\"wsp-post\"><a href=\"https:\/\/saobernardo.ma.gov.br\/transparencia\/portarias\/portaria-no-156-de-01-de-janeiro-de-2025-resolve-nomear-para-o-cargo-em-comissao-de-diretor-adjunto-da-ui-pres-castelo-branco-oa-sra-iolete-silva-constancio\/\">PORTARIA N\u00ba 156, DE 01 DE JANEIRO DE 2025 &#8211; RESOLVE NOMEAR, para o Cargo em Comiss\u00e3o de DIRETOR ADJUNTO da UI PRES CASTELO BRANCO, o(a) Sr(a). IOLETE SILVA CONSTANCIO<\/a><\/li>\n\t\t<li class=\"wsp-post\"><a href=\"https:\/\/saobernardo.ma.gov.br\/transparencia\/portarias\/portaria-no-155-de-01-de-janeiro-de-2025-resolve-nomear-para-o-cargo-em-comissao-de-diretor-adjunto-da-em-santa-terezinha-oa-sra-francisco-das-chagas-araujo-junior\/\">PORTARIA N\u00ba 155, DE 01 DE JANEIRO DE 2025 &#8211; RESOLVE NOMEAR, para o Cargo em Comiss\u00e3o de DIRETOR ADJUNTO da EM SANTA TEREZINHA, o(a) Sr(a). FRANCISCO DAS CHAGAS ARAUJO JUNIOR.<\/a><\/li>\n\t\t<li class=\"wsp-post\"><a href=\"https:\/\/saobernardo.ma.gov.br\/transparencia\/portarias\/portaria-no-154-de-01-de-janeiro-de-2025-nomear-para-o-cargo-em-comissao-de-diretor-adjunto-da-em-raimundo-poincare-de-sousa-oa-sra-francisca-pedroza-paz\/\">PORTARIA N\u00ba 154, DE 01 DE JANEIRO DE 2025 &#8211; NOMEAR, para o Cargo em Comiss\u00e3o de DIRETOR ADJUNTO da EM RAIMUNDO POINCARE DE SOUSA, o(a) Sr(a). FRANCISCA PEDROZA PAZ.<\/a><\/li>\n\t\t<li class=\"wsp-post\"><a href=\"https:\/\/saobernardo.ma.gov.br\/transparencia\/portarias\/portaria-no-153-de-01-de-janeiro-de-2025-resolve-nomear-para-o-cargo-em-comissao-de-diretor-adjunto-da-ui-bernardo-coelho-de-almeida-oa-sra-francinete-silva-nascimento\/\">PORTARIA N\u00ba 153, DE 01 DE JANEIRO DE 2025 &#8211; RESOLVE NOMEAR, para o Cargo em Comiss\u00e3o de DIRETOR ADJUNTO da UI BERNARDO COELHO DE ALMEIDA, o(a) Sr(a). FRANCINETE SILVA NASCIMENTO.<\/a><\/li>\n\t\t<li class=\"wsp-post\"><a href=\"https:\/\/saobernardo.ma.gov.br\/transparencia\/portarias\/portaria-no-152-de-01-de-janeiro-de-2025-resolve-nomear-para-o-cargo-em-comissao-de-diretor-adjunto-da-pre-escolar-branca-de-neve-oa-sra-franciene-tavares\/\">PORTARIA N\u00ba 152, DE 01 DE JANEIRO DE 2025 &#8211; RESOLVE NOMEAR, para o Cargo em Comiss\u00e3o de DIRETOR ADJUNTO da PRE- ESCOLAR BRANCA DE NEVE, o(a) Sr(a). FRANCIENE TAVARES.<\/a><\/li>\n\t\t<li class=\"wsp-post\"><a href=\"https:\/\/saobernardo.ma.gov.br\/transparencia\/portarias\/portaria-no-151-de-01-de-janeiro-de-2025-resolve-nomear-para-o-cargo-em-comissao-de-diretor-adjunto-da-em-prefeito-jose-ferreira-de-sousa-oa-sra-francidalva-araujo-de-sousa\/\">PORTARIA N\u00ba 151, DE 01 DE JANEIRO DE 2025 &#8211; RESOLVE NOMEAR, para o Cargo em Comiss\u00e3o de DIRETOR ADJUNTO da EM PREFEITO JOSE FERREIRA DE SOUSA, o(a) Sr(a). FRANCIDALVA ARAUJO DE SOUSA.<\/a><\/li>\n\t\t<li class=\"wsp-post\"><a href=\"https:\/\/saobernardo.ma.gov.br\/transparencia\/portarias\/portaria-no-150-de-01-de-janeiro-de-2025-resolve-nomear-para-o-cargo-em-comissao-de-diretor-adjunto-da-em-francisca-lima-spindola-oa-sra-elda-da-silva-monteiro\/\">PORTARIA N\u00ba 150, DE 01 DE JANEIRO DE 2025 &#8211; RESOLVE NOMEAR, para o Cargo em Comiss\u00e3o de DIRETOR ADJUNTO da EM FRANCISCA LIMA SPINDOLA, o(a) Sr(a). ELDA DA SILVA MONTEIRO.<\/a><\/li>\n\t\t<li class=\"wsp-post\"><a href=\"https:\/\/saobernardo.ma.gov.br\/transparencia\/portarias\/portaria-no-149-de-01-de-janeiro-de-2025-resolve-nomear-para-o-cargo-em-comissao-de-diretor-adjunto-da-em-jose-de-freitas-oa-sra-daniela-gomes\/\">PORTARIA N\u00ba 149, DE 01 DE JANEIRO DE 2025 &#8211; RESOLVE NOMEAR, para o Cargo em Comiss\u00e3o de DIRETOR ADJUNTO da EM JOSE DE FREITAS, o(a) Sr(a). DANIELA GOMES<\/a><\/li>\n\t\t<li class=\"wsp-post\"><a href=\"https:\/\/saobernardo.ma.gov.br\/transparencia\/portarias\/portaria-no-148-de-01-de-janeiro-de-2025-resolve-nomear-para-o-cargo-em-comissao-de-diretor-adjunto-da-em-anastacio-portela-oa-sra-cleonice-maria-cavalcante-de-oliveira\/\">PORTARIA N\u00ba 148, DE 01 DE JANEIRO DE 2025 &#8211; RESOLVE NOMEAR, para o Cargo em Comiss\u00e3o de DIRETOR ADJUNTO da EM ANASTACIO PORTELA, o(a) Sr(a). CLEONICE MARIA CAVALCANTE DE OLIVEIRA.<\/a><\/li>\n\t\t<li class=\"wsp-post\"><a href=\"https:\/\/saobernardo.ma.gov.br\/transparencia\/portarias\/portaria-no-147-de-01-de-janeiro-de-2025-resolve-nomear-para-o-cargo-em-comissao-de-diretor-adjunto-da-em-francisco-marques-da-silva-oa-sra-claudiomar-almeida-souza\/\">PORTARIA N\u00ba 147, DE 01 DE JANEIRO DE 2025 &#8211; RESOLVE NOMEAR, para o Cargo em Comiss\u00e3o de DIRETOR ADJUNTO da EM FRANCISCO MARQUES DA SILVA, o(a) Sr(a). CLAUDIOMAR ALMEIDA SOUZA<\/a><\/li>\n\t\t<li class=\"wsp-post\"><a href=\"https:\/\/saobernardo.ma.gov.br\/transparencia\/portarias\/portaria-no-146-de-01-de-janeiro-de-2025-resolve-nomear-para-o-cargo-em-comissao-de-diretor-adjunto-da-em-paulo-freire-oa-sra-rayane-rocha-rodrigues\/\">PORTARIA N\u00ba 146, DE 01 DE JANEIRO DE 2025 -RESOLVE  NOMEAR, para o Cargo em Comiss\u00e3o de DIRETOR ADJUNTO da EM PAULO FREIRE, o(a) Sr(a). RAYANE ROCHA RODRIGUES<\/a><\/li>\n\t\t<li class=\"wsp-post\"><a href=\"https:\/\/saobernardo.ma.gov.br\/transparencia\/portarias\/portaria-no-145-de-01-de-janeiro-de-2025-resolve-nomear-para-o-cargo-em-comissao-de-diretor-adjunto-da-em-fernando-coelho-oa-sra-carmen-lucia-coelho-soares\/\">PORTARIA N\u00ba 145, DE 01 DE JANEIRO DE 2025 &#8211; RESOLVE NOMEAR, para o Cargo em Comiss\u00e3o de DIRETOR ADJUNTO da EM FERNANDO COELHO, o(a) Sr(a). CARMEN LUCIA COELHO SOARES.<\/a><\/li>\n\t\t<li class=\"wsp-post\"><a href=\"https:\/\/saobernardo.ma.gov.br\/transparencia\/portarias\/portaria-no-144-de-01-de-janeiro-de-2025-resolve-nomear-para-o-cargo-em-comissao-de-diretor-adjunto-da-em-santa-luzia-oa-sra-angelica-nunes-furtado-neta\/\">PORTARIA N\u00ba 144, DE 01 DE JANEIRO DE 2025 &#8211; RESOLVE NOMEAR, para o Cargo em Comiss\u00e3o de DIRETOR ADJUNTO da EM SANTA LUZIA, o(a) Sr(a). ANGELICA NUNES FURTADO NETA.<\/a><\/li>\n\t\t<li class=\"wsp-post\"><a href=\"https:\/\/saobernardo.ma.gov.br\/transparencia\/portarias\/portaria-no-0143-de-01-de-janeiro-de-2025-resolve-nomear-para-o-cargo-em-comissao-de-assessor-pedagogico-nivel-iii-dai-da-secretaria-municipal-de-educacao-ciencia-tecnologia-e-inovacao-oa\/\">PORTARIA N\u00ba 0143, DE 01 DE JANEIRO DE 2025 &#8211; RESOLVE NOMEAR, para o Cargo em Comiss\u00e3o de ASSESSOR PEDAG\u00d3GICO NIVEL III &#8211; DAI, da SECRETARIA MUNICIPAL DE EDUCA\u00c7\u00c3O, CI\u00caNCIA, TECNOLOGIA E INOVA\u00c7\u00c3O, o(a) Sr(a). ANDERSON DARLLEY DA SILVA FERREIRA.<\/a><\/li>\n\t\t<li class=\"wsp-post\"><a href=\"https:\/\/saobernardo.ma.gov.br\/transparencia\/portarias\/portaria-no-0142-de-01-de-janeiro-de-2025-resolve-nomear-para-o-cargo-em-comissao-de-assessor-pedagogico-nivel-ii-das-da-secretaria-municipal-de-educacao-ciencia-tecnologia-e-inovacao-oa-s\/\">PORTARIA N\u00ba 0142, DE 01 DE JANEIRO DE 2025 &#8211; RESOLVE NOMEAR, para o Cargo em Comiss\u00e3o de ASSESSOR PEDAG\u00d3GICO NIVEL II &#8211; DAS, da SECRETARIA MUNICIPAL DE EDUCA\u00c7\u00c3O, CI\u00caNCIA, TECNOLOGIA E INOVA\u00c7\u00c3O, o(a) Sr(a). LUCAS COSTA DO NASCIMENTO.<\/a><\/li>\n\t\t<li class=\"wsp-post\"><a href=\"https:\/\/saobernardo.ma.gov.br\/transparencia\/portarias\/portaria-no-0141-de-01-de-janeiro-de-2025-resolve-nomear-para-o-cargo-em-comissao-de-assessor-pedagogico-nivel-i-dans-da-secretaria-municipal-de-educacao-ciencia-tecnologia-e-inovacao-oa-s\/\">PORTARIA N\u00ba 0141, DE 01 DE JANEIRO DE 2025 &#8211; RESOLVE NOMEAR, para o Cargo em Comiss\u00e3o de ASSESSOR PEDAG\u00d3GICO NIVEL I &#8211; DANS, da SECRETARIA MUNICIPAL DE EDUCA\u00c7\u00c3O, CI\u00caNCIA, TECNOLOGIA E INOVA\u00c7\u00c3O, o(a) Sr(a). VALDEMIR MELO SILVA.<\/a><\/li>\n\t\t<li class=\"wsp-post\"><a href=\"https:\/\/saobernardo.ma.gov.br\/transparencia\/portarias\/portaria-no-0140-de-01-de-janeiro-de-2025-resolve-nomear-para-o-cargo-em-comissao-de-assessor-pedagogico-nivel-i-dans-da-secretaria-municipal-de-educacao-ciencia-tecnologia-e-inovacao-oa-s\/\">PORTARIA N\u00ba 0140, DE 01 DE JANEIRO DE 2025 &#8211; RESOLVE NOMEAR, para o Cargo em Comiss\u00e3o de ASSESSOR PEDAG\u00d3GICO NIVEL I &#8211; DANS, da SECRETARIA MUNICIPAL DE EDUCA\u00c7\u00c3O, CI\u00caNCIA, TECNOLOGIA E INOVA\u00c7\u00c3O, o(a) Sr(a). MARIA CLEOMAR DE JESUS SILVA.<\/a><\/li>\n\t\t<li class=\"wsp-post\"><a href=\"https:\/\/saobernardo.ma.gov.br\/transparencia\/portarias\/portaria-no-0139-de-01-de-janeiro-de-2025-resolve-nomear-para-o-cargo-em-comissao-de-chefe-do-departamento-de-protocolo-e-distribuicao-das-da-secretaria-municipal-de-educacao-ciencia-tecnolog\/\">PORTARIA N\u00ba 0139, DE 01 DE JANEIRO DE 2025 &#8211; RESOLVE NOMEAR, para o Cargo em Comiss\u00e3o de CHEFE DO DEPARTAMENTO DE PROTOCOLO E DISTRIBUI\u00c7\u00c3O &#8211; DAS, da SECRETARIA MUNICIPAL DE EDUCA\u00c7\u00c3O, CI\u00caNCIA, TECNOLOGIA E INOVA\u00c7\u00c3O, o(a) Sr(a). HELANE SOUSA CUNHA.<\/a><\/li>\n\t\t<li class=\"wsp-post\"><a href=\"https:\/\/saobernardo.ma.gov.br\/transparencia\/portarias\/portaria-no-0138-de-01-de-janeiro-de-2025-resolve-nomear-para-o-cargo-em-comissao-de-assessor-pedagogico-nivel-iii-dai-da-secretaria-municipal-de-educacao-ciencia-tecnologia-e-inovacao-oa\/\">PORTARIA N\u00ba 0138, DE 01 DE JANEIRO DE 2025 &#8211; RESOLVE NOMEAR, para o Cargo em Comiss\u00e3o de ASSESSOR PEDAG\u00d3GICO NIVEL III &#8211; DAI, da SECRETARIA MUNICIPAL DE EDUCA\u00c7\u00c3O, CI\u00caNCIA, TECNOLOGIA E INOVA\u00c7\u00c3O, o(a) Sr(a). LUDINILSON BRANDAO RIBEIRO.<\/a><\/li>\n\t\t<li class=\"wsp-post\"><a href=\"https:\/\/saobernardo.ma.gov.br\/transparencia\/portarias\/portaria-no-0137-de-01-de-janeiro-de-2025-resolve-nomear-para-o-cargo-em-comissao-de-assessor-pedagogico-nivel-iii-dai-da-secretaria-municipal-de-educacao-ciencia-tecnologia-e-inovacao-oa\/\">PORTARIA N\u00ba 0137, DE 01 DE JANEIRO DE 2025 &#8211; RESOLVE NOMEAR, para o Cargo em Comiss\u00e3o de ASSESSOR PEDAG\u00d3GICO NIVEL III &#8211; DAI, da SECRETARIA MUNICIPAL DE EDUCA\u00c7\u00c3O, CI\u00caNCIA, TECNOLOGIA E INOVA\u00c7\u00c3O, o(a) Sr(a). JEFFERSON LIMA MORENO.<\/a><\/li>\n\t\t<li class=\"wsp-post\"><a href=\"https:\/\/saobernardo.ma.gov.br\/transparencia\/portarias\/portaria-no-0136-de-01-de-janeiro-de-2025-resolve-nomear-para-o-cargo-em-comissao-de-assessor-pedagogico-nivel-iii-dai-da-secretaria-municipal-de-educacao-ciencia-tecnologia-e-inovacao-oa\/\">PORTARIA N\u00ba 0136, DE 01 DE JANEIRO DE 2025 &#8211; RESOLVE NOMEAR, para o Cargo em Comiss\u00e3o de ASSESSOR PEDAG\u00d3GICO NIVEL III &#8211; DAI, da SECRETARIA MUNICIPAL DE EDUCA\u00c7\u00c3O, CI\u00caNCIA, TECNOLOGIA E INOVA\u00c7\u00c3O, o(a) Sr(a). GABRIEL DE DEUS SANTOS MACHADO.<\/a><\/li>\n\t\t<li class=\"wsp-post\"><a href=\"https:\/\/saobernardo.ma.gov.br\/transparencia\/portarias\/portaria-no-0135-de-01-de-janeiro-de-2025-resolve-nomear-para-o-cargo-em-comissao-de-chefe-do-departamento-de-transportes-das-da-secretaria-municipal-de-educacao-ciencia-tecnologia-e-inovacao\/\">PORTARIA N\u00ba 0135, DE 01 DE JANEIRO DE 2025 &#8211; RESOLVE NOMEAR, para o Cargo em Comiss\u00e3o de CHEFE DO DEPARTAMENTO DE TRANSPORTES &#8211; DAS, da SECRETARIA MUNICIPAL DE EDUCA\u00c7\u00c3O, CI\u00caNCIA, TECNOLOGIA E INOVA\u00c7\u00c3O, o(a) Sr(a). DUCIEL SILVA OLIVEIRA.<\/a><\/li>\n\t\t<li class=\"wsp-post\"><a href=\"https:\/\/saobernardo.ma.gov.br\/transparencia\/portarias\/portaria-no-0134-de-01-de-janeiro-de-2025-resolve-nomear-para-o-cargo-em-comissao-de-assessor-pedagogico-nivel-iii-dai-da-secretaria-municipal-de-educacao-ciencia-tecnologia-e-inovacao-oa\/\">PORTARIA N\u00ba 0134, DE 01 DE JANEIRO DE 2025 &#8211; RESOLVE NOMEAR, para o Cargo em Comiss\u00e3o de ASSESSOR PEDAG\u00d3GICO NIVEL III &#8211; DAI, da SECRETARIA MUNICIPAL DE EDUCA\u00c7\u00c3O, CI\u00caNCIA, TECNOLOGIA E INOVA\u00c7\u00c3O, o(a) Sr(a). CARLOS DANIEL DE SENA ROCHA.<\/a><\/li>\n\t\t<li class=\"wsp-post\"><a href=\"https:\/\/saobernardo.ma.gov.br\/transparencia\/portarias\/portaria-no-0133-de-01-de-janeiro-de-2025-resolve-nomear-para-o-cargo-em-comissao-de-assessor-pedagogico-nivel-iii-dai-da-secretaria-municipal-de-educacao-ciencia-tecnologia-e-inovacao-oa\/\">PORTARIA N\u00ba 0133, DE 01 DE JANEIRO DE 2025 &#8211; RESOLVE NOMEAR, para o Cargo em Comiss\u00e3o de ASSESSOR PEDAG\u00d3GICO NIVEL III &#8211; DAI, da SECRETARIA MUNICIPAL DE EDUCA\u00c7\u00c3O, CI\u00caNCIA, TECNOLOGIA E INOVA\u00c7\u00c3O, o(a) Sr(a). BERNARDO JOSE DE ALMEIDA COSTA JUNIOR.<\/a><\/li>\n\t\t<li class=\"wsp-post\"><a href=\"https:\/\/saobernardo.ma.gov.br\/transparencia\/portarias\/portaria-no-0132-de-01-de-janeiro-de-2025-resolve-nomear-para-o-cargo-em-comissao-de-assessor-pedagogico-nivel-iii-dai-da-secretaria-municipal-de-educacao-ciencia-tecnologia-e-inovacao-oa\/\">PORTARIA N\u00ba 0132, DE 01 DE JANEIRO DE 2025 &#8211; RESOLVE NOMEAR, para o Cargo em Comiss\u00e3o de ASSESSOR PEDAG\u00d3GICO NIVEL III &#8211; DAI, da SECRETARIA MUNICIPAL DE EDUCA\u00c7\u00c3O, CI\u00caNCIA, TECNOLOGIA E INOVA\u00c7\u00c3O, o(a) Sr(a). ANA CLAUDIA CALDAS CANDEIRA<\/a><\/li>\n\t\t<li class=\"wsp-post\"><a href=\"https:\/\/saobernardo.ma.gov.br\/transparencia\/portarias\/portaria-no-0131-de-01-de-janeiro-de-2025-resolve-nomear-para-o-cargo-em-comissao-de-assessor-pedagogico-nivel-iii-dai-da-secretaria-municipal-de-educacao-ciencia-tecnologia-e-inovacao-oa\/\">PORTARIA N\u00ba 0131, DE 01 DE JANEIRO DE 2025 &#8211; RESOLVE NOMEAR, para o Cargo em Comiss\u00e3o de ASSESSOR PEDAG\u00d3GICO NIVEL III &#8211; DAI, da SECRETARIA MUNICIPAL DE EDUCA\u00c7\u00c3O, CI\u00caNCIA, TECNOLOGIA E INOVA\u00c7\u00c3O, o(a) Sr(a). ALEX DE SOUSA MELO.<\/a><\/li>\n\t\t<li class=\"wsp-post\"><a href=\"https:\/\/saobernardo.ma.gov.br\/transparencia\/portarias\/portaria-no-0130-de-01-de-janeiro-de-2025-resolve-nomear-para-o-cargo-em-comissao-de-coordenador-municipal-da-secretaria-municipal-de-educacao-ciencia-tecnologia-e-inovacao-oa-sra-will\/\">PORTARIA N\u00ba 0130, DE 01 DE JANEIRO DE 2025 &#8211; RESOLVE NOMEAR, para o Cargo em Comiss\u00e3o de COORDENADOR MUNICIPAL &#8211; , da SECRETARIA MUNICIPAL DE EDUCA\u00c7\u00c3O, CI\u00caNCIA, TECNOLOGIA E INOVA\u00c7\u00c3O, o(a) Sr(a). WILLBERTH GALENO DA SILVA.<\/a><\/li>\n\t\t<li class=\"wsp-post\"><a href=\"https:\/\/saobernardo.ma.gov.br\/transparencia\/portarias\/portaria-no-0129-de-01-de-janeiro-de-2025-resolve-nomear-para-o-cargo-em-comissao-de-articulador-municipal-pedagogica-da-secretaria-municipal-de-educacao-ciencia-tecnologia-e-inovacao-oa\/\">PORTARIA N\u00ba 0129, DE 01 DE JANEIRO DE 2025 &#8211; RESOLVE NOMEAR, para o Cargo em Comiss\u00e3o de ARTICULADOR MUNICIPAL PEDAG\u00d3GICA &#8211; , da SECRETARIA MUNICIPAL DE EDUCA\u00c7\u00c3O, CI\u00caNCIA, TECNOLOGIA E INOVA\u00c7\u00c3O, o(a) Sr(a). CLERES MARIA ROCHA DE ARAUJO.<\/a><\/li>\n\t\t<li class=\"wsp-post\"><a href=\"https:\/\/saobernardo.ma.gov.br\/transparencia\/portarias\/portaria-no-0128-de-01-de-janeiro-de-2025-resolve-nomear-para-o-cargo-em-comissao-de-articulador-municipal-de-gestao-da-secretaria-municipal-de-educacao-ciencia-tecnologia-e-inovacao-oa-s\/\">PORTARIA N\u00ba 0128, DE 01 DE JANEIRO DE 2025 &#8211; RESOLVE NOMEAR, para o Cargo em Comiss\u00e3o de ARTICULADOR MUNICIPAL DE GEST\u00c3O &#8211; , da SECRETARIA MUNICIPAL DE EDUCA\u00c7\u00c3O, CI\u00caNCIA, TECNOLOGIA E INOVA\u00c7\u00c3O, o(a) Sr(a). DANILO BARBOSA DA SILVA DOS SANTOS.<\/a><\/li>\n\t\t<li class=\"wsp-post\"><a href=\"https:\/\/saobernardo.ma.gov.br\/transparencia\/portarias\/portaria-no-0127-de-01-de-janeiro-de-2025-resolve-nomear-para-o-cargo-em-comissao-de-coordenador-dos-programas-pdde-das-da-secretaria-municipal-de-educacao-ciencia-tecnologia-e-inovacao-oa\/\">PORTARIA N\u00ba 0127, DE 01 DE JANEIRO DE 2025 &#8211; RESOLVE NOMEAR, para o Cargo em Comiss\u00e3o de COORDENADOR DOS PROGRAMAS PDDE &#8211; DAS, da SECRETARIA MUNICIPAL DE EDUCA\u00c7\u00c3O, CI\u00caNCIA, TECNOLOGIA E INOVA\u00c7\u00c3O, o(a) Sr(a). ANTONIO GABRIEL SOUSA SILVA.<\/a><\/li>\n\t\t<li class=\"wsp-post\"><a href=\"https:\/\/saobernardo.ma.gov.br\/transparencia\/portarias\/portaria-no-0126-de-01-de-janeiro-de-2025-resolve-nomear-para-o-cargo-em-comissao-de-coordenador-do-programa-esporte-na-escola-das-da-secretaria-municipal-de-educacao-ciencia-tecnologia-e-ino\/\">PORTARIA N\u00ba 0126, DE 01 DE JANEIRO DE 2025 &#8211; RESOLVE NOMEAR, para o Cargo em Comiss\u00e3o de COORDENADOR DO PROGRAMA ESPORTE NA ESCOLA &#8211; DAS, da SECRETARIA MUNICIPAL DE EDUCA\u00c7\u00c3O, CI\u00caNCIA, TECNOLOGIA E INOVA\u00c7\u00c3O, o(a) Sr(a). JOSE AUGUSTO GOMES BARROS<\/a><\/li>\n\t\t<li class=\"wsp-post\"><a href=\"https:\/\/saobernardo.ma.gov.br\/transparencia\/portarias\/portaria-no-0125-de-01-de-janeiro-de-2025-resolve-nomear-para-o-cargo-em-comissao-de-coordenador-do-programa-escola-aberta-das-da-secretaria-municipal-de-educacao-ciencia-tecnologia-e-inovaca\/\">PORTARIA N\u00ba 0125, DE 01 DE JANEIRO DE 2025 &#8211; RESOLVE NOMEAR, para o Cargo em Comiss\u00e3o de COORDENADOR DO PROGRAMA ESCOLA ABERTA &#8211; DAS, da SECRETARIA MUNICIPAL DE EDUCA\u00c7\u00c3O, CI\u00caNCIA, TECNOLOGIA E INOVA\u00c7\u00c3O, o(a) Sr(a). GISLAYNNE CRISTINA FERREIRA BRITO.<\/a><\/li>\n\t\t<li class=\"wsp-post\"><a href=\"https:\/\/saobernardo.ma.gov.br\/transparencia\/portarias\/portaria-no-0124-de-01-de-janeiro-de-2025-resolve-designar-para-o-cargo-em-comissao-de-coordenador-do-programa-de-saude-na-escola-pse-das-da-secretaria-municipal-de-educacao-ciencia-tecnolo\/\">PORTARIA N\u00ba 0124, DE 01 DE JANEIRO DE 2025 &#8211; RESOLVE DESIGNAR, para o Cargo em Comiss\u00e3o de COORDENADOR DO PROGRAMA DE SA\u00daDE NA ESCOLA &#8211; PSE &#8211; DAS, da SECRETARIA MUNICIPAL DE EDUCA\u00c7\u00c3O, CI\u00caNCIA, TECNOLOGIA E INOVA\u00c7\u00c3O, o(a) Sr(a). ROSANGELA MARIA ROCHA OLIVEIRA.<\/a><\/li>\n\t\t<li class=\"wsp-post\"><a href=\"https:\/\/saobernardo.ma.gov.br\/transparencia\/portarias\/portaria-no-0123-de-01-de-janeiro-de-2025-resolve-nomear-para-o-cargo-em-comissao-de-chefe-de-departamento-do-censo-escolar-das-da-secretaria-municipal-de-educacao-ciencia-tecnologia-e-inovac\/\">PORTARIA N\u00ba 0123, DE 01 DE JANEIRO DE 2025 &#8211; RESOLVE NOMEAR, para o Cargo em Comiss\u00e3o de CHEFE DE DEPARTAMENTO DO CENSO ESCOLAR &#8211; DAS, da SECRETARIA MUNICIPAL DE EDUCA\u00c7\u00c3O, CI\u00caNCIA, TECNOLOGIA E INOVA\u00c7\u00c3O, o(a) Sr(a). SUZANY MEIRELES SILVA<\/a><\/li>\n\t\t<li class=\"wsp-post\"><a href=\"https:\/\/saobernardo.ma.gov.br\/transparencia\/portarias\/portaria-no-0122-de-01-de-janeiro-de-2025-resolve-nomear-para-o-cargo-em-comissao-de-chefe-de-departamento-de-tecnologias-estruturais-das-da-secretaria-municipal-de-educacao-ciencia-tecnologi\/\">PORTARIA N\u00ba 0122, DE 01 DE JANEIRO DE 2025 &#8211; RESOLVE NOMEAR, para o Cargo em Comiss\u00e3o de CHEFE DE DEPARTAMENTO DE TECNOLOGIAS ESTRUTURAIS &#8211; DAS, da SECRETARIA MUNICIPAL DE EDUCA\u00c7\u00c3O, CI\u00caNCIA, TECNOLOGIA E INOVA\u00c7\u00c3O, o(a) Sr(a). JANIO QUADROS DE ALMEIDA MARTINS FILHO.<\/a><\/li>\n\t\t<li class=\"wsp-post\"><a href=\"https:\/\/saobernardo.ma.gov.br\/transparencia\/portarias\/portaria-no-0121-de-01-de-janeiro-de-2025-resolve-nomear-para-o-cargo-em-comissao-de-chefe-de-departamento-de-inspecao-escolar-das-da-secretaria-municipal-de-educacao-ciencia-tecnologia-e-ino\/\">PORTARIA N\u00ba 0121, DE 01 DE JANEIRO DE 2025 &#8211; RESOLVE NOMEAR, para o Cargo em Comiss\u00e3o de CHEFE DE DEPARTAMENTO DE INSPE\u00c7\u00c3O ESCOLAR &#8211; DAS, da SECRETARIA MUNICIPAL DE EDUCA\u00c7\u00c3O, CI\u00caNCIA, TECNOLOGIA E INOVA\u00c7\u00c3O, o(a) Sr(a). NEUDA MARIA DE ALMEIDA COSTA.<\/a><\/li>\n\t\t<li class=\"wsp-post\"><a href=\"https:\/\/saobernardo.ma.gov.br\/transparencia\/portarias\/portaria-no-0120-de-01-de-janeiro-de-2025-resolve-designar-para-o-cargo-em-comissao-de-chefe-do-departamento-de-frequencia-escolar-das-da-secretaria-municipal-de-educacao-ciencia-tecnologia-e\/\">PORTARIA N\u00ba 0120, DE 01 DE JANEIRO DE 2025 &#8211; RESOLVE DESIGNAR, para o Cargo em Comiss\u00e3o de CHEFE DO DEPARTAMENTO DE FREQU\u00caNCIA ESCOLAR &#8211; DAS, da SECRETARIA MUNICIPAL DE EDUCA\u00c7\u00c3O, CI\u00caNCIA, TECNOLOGIA E INOVA\u00c7\u00c3O, o(a) Sr(a). T\u00c1SSIO GABRIEL GOMES DOS REIS.<\/a><\/li>\n\t\t<li class=\"wsp-post\"><a href=\"https:\/\/saobernardo.ma.gov.br\/transparencia\/portarias\/portaria-no-0119-de-01-de-janeiro-de-2025-resolve-nomear-para-o-cargo-em-comissao-de-chefe-de-departamento-de-guarda-e-logistica-da-merenda-escolar-das-da-secretaria-municipal-de-educacao-cien\/\">PORTARIA N\u00ba 0119, DE 01 DE JANEIRO DE 2025 &#8211; RESOLVE NOMEAR, para o Cargo em Comiss\u00e3o de CHEFE DE DEPARTAMENTO DE GUARDA E LOGIST\u00cdCA DA MERENDA ESCOLAR &#8211; DAS, da SECRETARIA MUNICIPAL DE EDUCA\u00c7\u00c3O, CI\u00caNCIA, TECNOLOGIA E INOVA\u00c7\u00c3O, o(a) Sr(a). PAULO WAGNER DOS SANTOS SOUSA.<\/a><\/li>\n\t\t<li class=\"wsp-post\"><a href=\"https:\/\/saobernardo.ma.gov.br\/transparencia\/portarias\/portaria-no-0118-de-01-de-janeiro-de-2025-resolve-nomear-para-o-cargo-em-comissao-de-chefe-de-departamento-de-fotocopias-das-da-secretaria-municipal-de-educacao-ciencia-tecnologia-e-inovacao\/\">PORTARIA N\u00ba 0118, DE 01 DE JANEIRO DE 2025 &#8211; RESOLVE NOMEAR, para o Cargo em Comiss\u00e3o de CHEFE DE DEPARTAMENTO DE FOTOC\u00d3PIAS &#8211; DAS, da SECRETARIA MUNICIPAL DE EDUCA\u00c7\u00c3O, CI\u00caNCIA, TECNOLOGIA E INOVA\u00c7\u00c3O, o(a) Sr(a). DANILO DE ALMEIDA LIMA PORTELA.<\/a><\/li>\n\t\t<li class=\"wsp-post\"><a href=\"https:\/\/saobernardo.ma.gov.br\/transparencia\/portarias\/portaria-no-0117-de-01-de-janeiro-de-2025-resolve-nomear-para-o-cargo-em-comissao-de-chefe-de-departamento-de-fiscalizacao-de-obras-das-da-secretaria-municipal-de-educacao-ciencia-tecnologia\/\">PORTARIA N\u00ba 0117, DE 01 DE JANEIRO DE 2025 &#8211; RESOLVE NOMEAR, para o Cargo em Comiss\u00e3o de CHEFE DE DEPARTAMENTO DE FISCALIZA\u00c7\u00c3O DE OBRAS &#8211; DAS, da SECRETARIA MUNICIPAL DE EDUCA\u00c7\u00c3O, CI\u00caNCIA, TECNOLOGIA E INOVA\u00c7\u00c3O, o(a) Sr(a). LUCAS JOAO PAULO NUNES DA SILVA.<\/a><\/li>\n\t\t<li class=\"wsp-post\"><a href=\"https:\/\/saobernardo.ma.gov.br\/transparencia\/portarias\/portaria-no-0116-de-01-de-janeiro-de-2025-resolve-designar-para-o-cargo-em-comissao-de-chefe-de-departamento-de-bens-material-e-patrmonio-das-da-secretaria-municipal-de-educacao-ciencia-tecn\/\">PORTARIA N\u00ba 0116, DE 01 DE JANEIRO DE 2025 &#8211; RESOLVE DESIGNAR, para o Cargo em Comiss\u00e3o de CHEFE DE DEPARTAMENTO DE BENS, MATERIAL E PATRM\u00d4NIO &#8211; DAS, da SECRETARIA MUNICIPAL DE EDUCA\u00c7\u00c3O, CI\u00caNCIA, TECNOLOGIA E INOVA\u00c7\u00c3O, o(a) Sr(a). SERGIO EWERTON ESCORCIO DA SILVA.<\/a><\/li>\n\t\t<li class=\"wsp-post\"><a href=\"https:\/\/saobernardo.ma.gov.br\/transparencia\/portarias\/portaria-no-0115-de-01-de-janeiro-de-2025-resolve-designar-para-o-cargo-em-comissao-de-chefe-de-departamento-de-alimentacao-escolar-das-da-secretaria-municipal-de-educacao-ciencia-tecnologia\/\">PORTARIA N\u00ba 0115, DE 01 DE JANEIRO DE 2025 &#8211; RESOLVE DESIGNAR, para o Cargo em Comiss\u00e3o de CHEFE DE DEPARTAMENTO DE ALIMENTA\u00c7\u00c3O ESCOLAR &#8211; DAS, da SECRETARIA MUNICIPAL DE EDUCA\u00c7\u00c3O, CI\u00caNCIA, TECNOLOGIA E INOVA\u00c7\u00c3O, o(a) Sr(a). SABRINA DE CASSIA ARAUJO BARROS.<\/a><\/li>\n\t\t<li class=\"wsp-post\"><a href=\"https:\/\/saobernardo.ma.gov.br\/transparencia\/portarias\/portaria-no-0114-de-01-de-janeiro-de-2025-resolve-nomear-para-o-cargo-em-comissao-de-assessor-pedagogico-nivel-ii-das-da-secretaria-municipal-de-educacao-ciencia-tecnologia-e-inovacao-oa-s\/\">PORTARIA N\u00ba 0114, DE 01 DE JANEIRO DE 2025 &#8211; RESOLVE NOMEAR, para o Cargo em Comiss\u00e3o de ASSESSOR PEDAG\u00d3GICO N\u00cdVEL II &#8211; DAS, da SECRETARIA MUNICIPAL DE EDUCA\u00c7\u00c3O, CI\u00caNCIA, TECNOLOGIA E INOVA\u00c7\u00c3O, o(a) Sr(a). FRANCISCA MARTA DA SILVA DOS SANTOS<\/a><\/li>\n\t\t<li class=\"wsp-post\"><a href=\"https:\/\/saobernardo.ma.gov.br\/transparencia\/portarias\/portaria-no-0113-de-01-de-janeiro-de-2025-resolve-nomear-para-o-cargo-em-comissao-de-assessor-pedagogico-nivel-ii-das-da-secretaria-municipal-de-educacao-ciencia-tecnologia-e-inovacao-oa-s\/\">PORTARIA N\u00ba 0113, DE 01 DE JANEIRO DE 2025 &#8211; RESOLVE NOMEAR, para o Cargo em Comiss\u00e3o de ASSESSOR PEDAG\u00d3GICO NIVEL II &#8211; DAS, da SECRETARIA MUNICIPAL DE EDUCA\u00c7\u00c3O, CI\u00caNCIA, TECNOLOGIA E INOVA\u00c7\u00c3O, o(a) Sr(a). TAIS DA SILVA DOS SANTOS<\/a><\/li>\n\t\t<li class=\"wsp-post\"><a href=\"https:\/\/saobernardo.ma.gov.br\/transparencia\/portarias\/portaria-no-0112-de-01-de-janeiro-de-2025-resolve-designar-para-o-cargo-em-comissao-de-assessor-pedagogico-nivel-ii-das-da-secretaria-municipal-de-educacao-ciencia-tecnologia-e-inovacao-oa\/\">PORTARIA N\u00ba 0112, DE 01 DE JANEIRO DE 2025 &#8211; RESOLVE DESIGNAR, para o Cargo em Comiss\u00e3o de ASSESSOR PEDAG\u00d3GICO NIVEL II &#8211; DAS, da SECRETARIA MUNICIPAL DE EDUCA\u00c7\u00c3O, CI\u00caNCIA, TECNOLOGIA E INOVA\u00c7\u00c3O, o(a) Sr(a). RAIMUNDO NONATO MOREIRA MACHADO.<\/a><\/li>\n\t\t<li class=\"wsp-post\"><a href=\"https:\/\/saobernardo.ma.gov.br\/transparencia\/portarias\/portaria-no-0111-de-01-de-janeiro-de-2025-resolve-nomear-para-o-cargo-em-comissao-de-assessor-pedagogico-nivel-ii-das-da-secretaria-municipal-de-educacao-ciencia-tecnologia-e-inovacao-oa-s\/\">PORTARIA N\u00ba 0111, DE 01 DE JANEIRO DE 2025 &#8211; RESOLVE NOMEAR, para o Cargo em Comiss\u00e3o de ASSESSOR PEDAG\u00d3GICO NIVEL II &#8211; DAS, da SECRETARIA MUNICIPAL DE EDUCA\u00c7\u00c3O, CI\u00caNCIA, TECNOLOGIA E INOVA\u00c7\u00c3O, o(a) Sr(a). PATRICIA SOARES SILVA<\/a><\/li>\n\t\t<li class=\"wsp-post\"><a href=\"https:\/\/saobernardo.ma.gov.br\/transparencia\/portarias\/portaria-no-0110-de-01-de-janeiro-de-2025-nomear-para-o-cargo-em-comissao-de-assessor-pedagogico-nivel-ii-das-da-secretaria-municipal-de-educacao-ciencia-tecnologia-e-inovacao-oa-sra-nu\/\">PORTARIA N\u00ba 0110, DE 01 DE JANEIRO DE 2025 &#8211; NOMEAR, para o Cargo em Comiss\u00e3o de ASSESSOR PEDAG\u00d3GICO NIVEL II &#8211; DAS, da SECRETARIA MUNICIPAL DE EDUCA\u00c7\u00c3O, CI\u00caNCIA, TECNOLOGIA E INOVA\u00c7\u00c3O, o(a) Sr(a). NUBIA MARIA DE ALMEIDA COSTA.<\/a><\/li>\n\t\t<li class=\"wsp-post\"><a href=\"https:\/\/saobernardo.ma.gov.br\/transparencia\/portarias\/portaria-no-0109-de-01-de-janeiro-de-2025-resolve-nomear-para-o-cargo-em-comissao-de-assessor-pedagogico-nivel-ii-das-da-secretaria-municipal-de-educacao-ciencia-tecnologia-e-inovacao-oa-s\/\">PORTARIA N\u00ba 0109, DE 01 DE JANEIRO DE 2025 &#8211; RESOLVE NOMEAR, para o Cargo em Comiss\u00e3o de ASSESSOR PEDAG\u00d3GICO NIVEL II &#8211; DAS, da SECRETARIA MUNICIPAL DE EDUCA\u00c7\u00c3O, CI\u00caNCIA, TECNOLOGIA E INOVA\u00c7\u00c3O, o(a) Sr(a). GILDEAN FARIAS CARDOSO<\/a><\/li>\n\t\t<li class=\"wsp-post\"><a href=\"https:\/\/saobernardo.ma.gov.br\/transparencia\/portarias\/portaria-no-0108-de-01-de-janeiro-de-2025-resolve-nomear-para-o-cargo-em-comissao-de-assessor-pedagogico-nivel-ii-das-da-secretaria-municipal-de-educacao-ciencia-tecnologia-e-inovacao-oa-s\/\">PORTARIA N\u00ba 0108, DE 01 DE JANEIRO DE 2025 &#8211; RESOLVE NOMEAR, para o Cargo em Comiss\u00e3o de ASSESSOR PEDAG\u00d3GICO NIVEL II &#8211; DAS, da SECRETARIA MUNICIPAL DE EDUCA\u00c7\u00c3O, CI\u00caNCIA, TECNOLOGIA E INOVA\u00c7\u00c3O, o(a) Sr(a). GERMANA PEREIRA DE ARAUJO.<\/a><\/li>\n\t\t<li class=\"wsp-post\"><a href=\"https:\/\/saobernardo.ma.gov.br\/transparencia\/portarias\/portaria-no-0107-de-01-de-janeiro-de-2025-resolve-nomear-para-o-cargo-em-comissao-de-assessor-pedagogico-nivel-ii-das-da-secretaria-municipal-de-educacao-ciencia-tecnologia-e-inovacao-oa-s\/\">PORTARIA N\u00ba 0107, DE 01 DE JANEIRO DE 2025 &#8211; RESOLVE NOMEAR, para o Cargo em Comiss\u00e3o de ASSESSOR PEDAG\u00d3GICO NIVEL II &#8211; DAS, da SECRETARIA MUNICIPAL DE EDUCA\u00c7\u00c3O, CI\u00caNCIA, TECNOLOGIA E INOVA\u00c7\u00c3O, o(a) Sr(a). FERNANDO ARAUJO<\/a><\/li>\n\t\t<li class=\"wsp-post\"><a href=\"https:\/\/saobernardo.ma.gov.br\/transparencia\/portarias\/portaria-no-0106-de-01-de-janeiro-de-2025-resolve-nomear-para-o-cargo-em-comissao-de-assessor-pedagogico-nivel-ii-das-da-secretaria-municipal-de-educacao-ciencia-tecnologia-e-inovacao-oa-s\/\">PORTARIA N\u00ba 0106, DE 01 DE JANEIRO DE 2025 &#8211; RESOLVE NOMEAR, para o Cargo em Comiss\u00e3o de ASSESSOR PEDAG\u00d3GICO NIVEL II &#8211; DAS, da SECRETARIA MUNICIPAL DE EDUCA\u00c7\u00c3O, CI\u00caNCIA, TECNOLOGIA E INOVA\u00c7\u00c3O, o(a) Sr(a). DEYVISON SILVA LISBOA.<\/a><\/li>\n\t\t<li class=\"wsp-post\"><a href=\"https:\/\/saobernardo.ma.gov.br\/transparencia\/portarias\/portaria-no-0105-de-01-de-janeiro-de-2025-resolve-designar-para-o-cargo-em-comissao-de-assessor-pedagogico-nivel-ii-das-da-secretaria-municipal-de-educacao-ciencia-tecnologia-e-inovacao-oa\/\">PORTARIA N\u00ba 0105, DE 01 DE JANEIRO DE 2025 &#8211; RESOLVE DESIGNAR, para o Cargo em Comiss\u00e3o de ASSESSOR PEDAG\u00d3GICO NIVEL II &#8211; DAS, da SECRETARIA MUNICIPAL DE EDUCA\u00c7\u00c3O, CI\u00caNCIA, TECNOLOGIA E INOVA\u00c7\u00c3O, o(a) Sr(a). BRUNA MARIA ROCHA DA SILVA.<\/a><\/li>\n\t\t<li class=\"wsp-post\"><a href=\"https:\/\/saobernardo.ma.gov.br\/transparencia\/portarias\/portaria-no-0104-de-01-de-janeiro-de-2025-resolve-nomear-para-o-cargo-em-comissao-de-assessor-pedagogico-nivel-ii-das-da-secretaria-municipal-de-educacao-ciencia-tecnologia-e-inovacao-oa-s\/\">PORTARIA N\u00ba 0104, DE 01 DE JANEIRO DE 2025 &#8211; RESOLVE NOMEAR, para o Cargo em Comiss\u00e3o de ASSESSOR PEDAG\u00d3GICO NIVEL II &#8211; DAS, da SECRETARIA MUNICIPAL DE EDUCA\u00c7\u00c3O, CI\u00caNCIA, TECNOLOGIA E INOVA\u00c7\u00c3O, o(a) Sr(a). ANDRESSA MARIA RODRIGUES COUTO.<\/a><\/li>\n\t\t<li class=\"wsp-post\"><a href=\"https:\/\/saobernardo.ma.gov.br\/transparencia\/portarias\/portaria-no-0103-de-01-de-janeiro-de-2025-resolve-nomear-para-o-cargo-em-comissao-de-orientacao-educacional-dans-da-secretaria-municipal-de-educacao-ciencia-tecnologia-e-inovacao-oa-sra\/\">PORTARIA N\u00ba 0103, DE 01 DE JANEIRO DE 2025 &#8211; RESOLVE NOMEAR, para o Cargo em Comiss\u00e3o de ORIENTA\u00c7\u00c3O EDUCACIONAL &#8211; DANS, da SECRETARIA MUNICIPAL DE EDUCA\u00c7\u00c3O, CI\u00caNCIA, TECNOLOGIA E INOVA\u00c7\u00c3O, o(a) Sr(a). ELINEIDE ARAUJO MONTEIRO PORTELA.<\/a><\/li>\n\t\t<li class=\"wsp-post\"><a href=\"https:\/\/saobernardo.ma.gov.br\/transparencia\/portarias\/portaria-no-0102-de-01-de-janeiro-de-2025-resolve-designar-para-o-cargo-em-comissao-de-orientacao-educacional-dans-da-secretaria-municipal-de-educacao-ciencia-tecnologia-e-inovacao-oa-sra\/\">PORTARIA N\u00ba 0102, DE 01 DE JANEIRO DE 2025 &#8211; RESOLVE DESIGNAR, para o Cargo em Comiss\u00e3o de ORIENTA\u00c7\u00c3O EDUCACIONAL &#8211; DANS, da SECRETARIA MUNICIPAL DE EDUCA\u00c7\u00c3O, CI\u00caNCIA, TECNOLOGIA E INOVA\u00c7\u00c3O, o(a) Sr(a). ANDREA SIMONE SANTOS GONCALVES.<\/a><\/li>\n\t\t<li class=\"wsp-post\"><a href=\"https:\/\/saobernardo.ma.gov.br\/transparencia\/portarias\/portaria-no-0101-de-01-de-janeiro-de-2025-nomear-para-o-cargo-em-comissao-de-coordenador-geral-de-politicas-educacionais-dans-da-secretaria-municipal-de-educacao-ciencia-tecnologia-e-inovacao\/\">PORTARIA N\u00ba 0101, DE 01 DE JANEIRO DE 2025 &#8211; RESOLVE NOMEAR, para o Cargo em Comiss\u00e3o de COORDENADOR GERAL DE POL\u00cdTICAS EDUCACIONAIS &#8211; DANS, da SECRETARIA MUNICIPAL DE EDUCA\u00c7\u00c3O, CI\u00caNCIA, TECNOLOGIA E INOVA\u00c7\u00c3O, o(a) Sr(a). EDILBERTO DE OLIVEIRA MARQUES.<\/a><\/li>\n\t\t<li class=\"wsp-post\"><a href=\"https:\/\/saobernardo.ma.gov.br\/transparencia\/portarias\/portaria-no-0100-de-01-de-janeiro-de-2025-resolve-nomear-para-o-cargo-em-comissao-de-coordenador-de-recursos-humanos-dans-da-secretaria-municipal-de-educacao-ciencia-tecnologia-e-inovacao-o\/\">PORTARIA N\u00ba 0100, DE 01 DE JANEIRO DE 2025 &#8211; RESOLVE NOMEAR, para o Cargo em Comiss\u00e3o de COORDENADOR DE RECURSOS HUMANOS &#8211; DANS, da SECRETARIA MUNICIPAL DE EDUCA\u00c7\u00c3O, CI\u00caNCIA, TECNOLOGIA E INOVA\u00c7\u00c3O, o(a) Sr(a). THATILA COSTA DOS SANTOS LIMA.<\/a><\/li>\n\t\t<li class=\"wsp-post\"><a href=\"https:\/\/saobernardo.ma.gov.br\/transparencia\/portarias\/portaria-no-099-de-01-de-janeiro-de-2025-resolve-designar-para-o-cargo-em-comissao-de-coordenador-de-planejamento-das-acoes-articuladas-da-educao-dans-da-secretaria-municipal-de-educacao-cienc\/\">PORTARIA N\u00ba 099, DE 01 DE JANEIRO DE 2025 &#8211; RESOLVE DESIGNAR, para o Cargo em Comiss\u00e3o de COORDENADOR DE PLANEJAMENTO DAS A\u00c7\u00d5ES ARTICULADAS DA EDU\u00c7\u00c3O &#8211; DANS, da SECRETARIA MUNICIPAL DE EDUCA\u00c7\u00c3O, CI\u00caNCIA, TECNOLOGIA E INOVA\u00c7\u00c3O, o(a) Sr(a). BIANCA CARVALHO SILVA.<\/a><\/li>\n\t\t<li class=\"wsp-post\"><a href=\"https:\/\/saobernardo.ma.gov.br\/transparencia\/portarias\/portaria-no-098-de-01-de-janeiro-de-2025-designar-para-o-cargo-em-comissao-de-coordenador-de-formacao-e-avaliacao-dans-da-secretaria-municipal-de-educacao-ciencia-tecnologia-e-inovacao-oa\/\">PORTARIA N\u00ba 098, DE 01 DE JANEIRO DE 2025 &#8211; DESIGNAR, para o Cargo em Comiss\u00e3o de COORDENADOR DE FORMA\u00c7\u00c3O E AVALIA\u00c7\u00c3O &#8211; DANS, da SECRETARIA MUNICIPAL DE EDUCA\u00c7\u00c3O, CI\u00caNCIA, TECNOLOGIA E INOVA\u00c7\u00c3O, o(a) Sr(a). JOSEANA VIEIRA PESSOA VERAS.<\/a><\/li>\n\t\t<li class=\"wsp-post\"><a href=\"https:\/\/saobernardo.ma.gov.br\/transparencia\/portarias\/portaria-no-097-de-01-de-janeiro-de-2025-resolve-nomear-para-o-cargo-em-comissao-de-coordenador-de-financas-dans-da-secretaria-municipal-de-educacao-ciencia-tecnologia-e-inovacao-oa-sra\/\">PORTARIA N\u00ba 097, DE 01 DE JANEIRO DE 2025 &#8211; RESOLVE NOMEAR, para o Cargo em Comiss\u00e3o de COORDENADOR DE FINAN\u00c7AS &#8211; DANS, da SECRETARIA MUNICIPAL DE EDUCA\u00c7\u00c3O, CI\u00caNCIA, TECNOLOGIA E INOVA\u00c7\u00c3O, o(a) Sr(a). JOAO NUNES DOS REIS.<\/a><\/li>\n\t\t<li class=\"wsp-post\"><a href=\"https:\/\/saobernardo.ma.gov.br\/transparencia\/portarias\/portaria-no-096-de-01-de-janeiro-de-2025-resolve-designar-para-o-cargo-em-comissao-de-coordenador-de-estastica-dans-da-secretaria-municipal-de-educacao-ciencia-tecnologia-e-inovacao-oa-sr\/\">PORTARIA N\u00ba 096, DE 01 DE JANEIRO DE 2025 &#8211; RESOLVE DESIGNAR, para o Cargo em Comiss\u00e3o de COORDENADOR DE ESTASTICA &#8211; DANS, da SECRETARIA MUNICIPAL DE EDUCA\u00c7\u00c3O, CI\u00caNCIA, TECNOLOGIA E INOVA\u00c7\u00c3O, o(a) Sr(a). MARCIO VASCONCELOS GARCIA.<\/a><\/li>\n\t\t<li class=\"wsp-post\"><a href=\"https:\/\/saobernardo.ma.gov.br\/transparencia\/portarias\/portaria-no-095-de-01-de-janeiro-de-2025-resolve-nomear-para-o-cargo-em-comissao-de-coordenador-de-engenharia-civil-dans-da-secretaria-municipal-de-educacao-ciencia-tecnologia-e-inovacao-oa\/\">PORTARIA N\u00ba 095, DE 01 DE JANEIRO DE 2025 &#8211; RESOLVE NOMEAR, para o Cargo em Comiss\u00e3o de COORDENADOR DE ENGENHARIA C\u00cdVIL &#8211; DANS, da SECRETARIA MUNICIPAL DE EDUCA\u00c7\u00c3O, CI\u00caNCIA, TECNOLOGIA E INOVA\u00c7\u00c3O, o(a) Sr(a). ATILA OLIVEIRA PORTELA.<\/a><\/li>\n\t\t<li class=\"wsp-post\"><a href=\"https:\/\/saobernardo.ma.gov.br\/transparencia\/portarias\/portaria-no-094-de-01-de-janeiro-de-2025-resolve-nomear-para-o-cargo-em-comissao-de-coordenador-de-ciencia-tecnologia-e-inovacao-dans-da-secretaria-municipal-de-educacao-ciencia-tecnologia-e\/\">PORTARIA N\u00ba 094, DE 01 DE JANEIRO DE 2025 &#8211; RESOLVE NOMEAR, para o Cargo em Comiss\u00e3o de COORDENADOR DE CI\u00caNCIA, TECNOLOGIA E INOVA\u00c7\u00c3O &#8211; DANS, da SECRETARIA MUNICIPAL DE EDUCA\u00c7\u00c3O, CI\u00caNCIA, TECNOLOGIA E INOVA\u00c7\u00c3O, o(a) Sr(a). KARLYSON SILVA LIMA ARA\u00daJO.<\/a><\/li>\n\t\t<li class=\"wsp-post\"><a href=\"https:\/\/saobernardo.ma.gov.br\/transparencia\/portarias\/portaria-no-093-de-01-de-janeiro-de-2025-resolve-designar-para-o-cargo-em-comissao-de-coordenador-de-atividades-e-meios-dans-da-secretaria-municipal-de-educacao-ciencia-tecnologia-e-inovacao\/\">PORTARIA N\u00ba 093, DE 01 DE JANEIRO DE 2025 &#8211; RESOLVE DESIGNAR, para o Cargo em Comiss\u00e3o de COORDENADOR DE ATIVIDADES E MEIOS &#8211; DANS, da SECRETARIA MUNICIPAL DE EDUCA\u00c7\u00c3O, CI\u00caNCIA, TECNOLOGIA E INOVA\u00c7\u00c3O, o(a) Sr(a). DOUGLAS CUNHA CRUZ<\/a><\/li>\n\t\t<li class=\"wsp-post\"><a href=\"https:\/\/saobernardo.ma.gov.br\/transparencia\/portarias\/portaria-no-092-de-01-de-janeiro-de-2025-resolve-nomear-para-o-cargo-em-comissao-de-assessor-pedagogico-nivel-i-dans-da-secretaria-municipal-de-educacao-ciencia-tecnologia-e-inovacao-oa-sr\/\">PORTARIA N\u00ba 092, DE 01 DE JANEIRO DE 2025 &#8211; RESOLVE NOMEAR, para o Cargo em Comiss\u00e3o de ASSESSOR PEDAG\u00d3GICO NIVEL I &#8211; DANS, da SECRETARIA MUNICIPAL DE EDUCA\u00c7\u00c3O, CI\u00caNCIA, TECNOLOGIA E INOVA\u00c7\u00c3O, o(a) Sr(a). THALYSON LIMA DA CRUZ.<\/a><\/li>\n\t\t<li class=\"wsp-post\"><a href=\"https:\/\/saobernardo.ma.gov.br\/transparencia\/portarias\/portaria-no-091-de-01-de-janeiro-de-2025-nomear-para-o-cargo-em-comissao-de-assessor-pedagogico-nivel-i-dans-da-secretaria-municipal-de-educacao-ciencia-tecnologia-e-inovacao-oa-sra-mar\/\">PORTARIA N\u00ba 091, DE 01 DE JANEIRO DE 2025 &#8211; NOMEAR, para o Cargo em Comiss\u00e3o de ASSESSOR PEDAG\u00d3GICO NIVEL I &#8211; DANS, da SECRETARIA MUNICIPAL DE EDUCA\u00c7\u00c3O, CI\u00caNCIA, TECNOLOGIA E INOVA\u00c7\u00c3O, o(a) Sr(a). MARIA DO SOCORRO CARVALHO DE SOUSA.<\/a><\/li>\n\t\t<li class=\"wsp-post\"><a href=\"https:\/\/saobernardo.ma.gov.br\/transparencia\/portarias\/portaria-no-090-de-01-de-janeiro-de-2025-resolve-nomear-para-o-cargo-em-comissao-de-assessor-pedagogico-nivel-i-dans-da-secretaria-municipal-de-educacao-ciencia-tecnologia-e-inovacao-oa-sr\/\">PORTARIA N\u00ba 090, DE 01 DE JANEIRO DE 2025 &#8211; RESOLVE NOMEAR, para o Cargo em Comiss\u00e3o de ASSESSOR PEDAG\u00d3GICO NIVEL I &#8211; DANS, da SECRETARIA MUNICIPAL DE EDUCA\u00c7\u00c3O, CI\u00caNCIA, TECNOLOGIA E INOVA\u00c7\u00c3O, o(a) Sr(a). MARIA DA GRACA SILVA MACHADO.<\/a><\/li>\n\t\t<li class=\"wsp-post\"><a href=\"https:\/\/saobernardo.ma.gov.br\/transparencia\/portarias\/portaria-no-089-de-01-de-janeiro-de-2025-resolve-nomear-para-o-cargo-em-comissao-de-assessor-pedagogico-nivel-i-dans-da-secretaria-municipal-de-educacao-ciencia-tecnologia-e-inovacao-oa-sr\/\">PORTARIA N\u00ba 089, DE 01 DE JANEIRO DE 2025 &#8211; RESOLVE NOMEAR, para o Cargo em Comiss\u00e3o de ASSESSOR PEDAG\u00d3GICO NIVEL I &#8211; DANS, da SECRETARIA MUNICIPAL DE EDUCA\u00c7\u00c3O, CI\u00caNCIA, TECNOLOGIA E INOVA\u00c7\u00c3O, o(a) Sr(a). JURANDIR CARVALHO DE SOUSA.<\/a><\/li>\n\t\t<li class=\"wsp-post\"><a href=\"https:\/\/saobernardo.ma.gov.br\/transparencia\/portarias\/portaria-no-088-de-01-de-janeiro-de-2025-resolve-nomear-para-o-cargo-em-comissao-de-assessor-pedagogico-nivel-i-dans-da-secretaria-municipal-de-educacao-ciencia-tecnologia-e-inovacao-oa-sr\/\">PORTARIA N\u00ba 088, DE 01 DE JANEIRO DE 2025 &#8211; RESOLVE NOMEAR, para o Cargo em Comiss\u00e3o de ASSESSOR PEDAG\u00d3GICO NIVEL I &#8211; DANS, da SECRETARIA MUNICIPAL DE EDUCA\u00c7\u00c3O, CI\u00caNCIA, TECNOLOGIA E INOVA\u00c7\u00c3O, o(a) Sr(a). FRANCISCO PAULO LINHARES MACHADO.<\/a><\/li>\n\t\t<li class=\"wsp-post\"><a href=\"https:\/\/saobernardo.ma.gov.br\/transparencia\/portarias\/portaria-no-087-de-01-de-janeiro-de-2025-resolve-nomear-para-o-cargo-em-comissao-de-assessor-pedagogico-nivel-i-dans-da-secretaria-municipal-de-educacao-ciencia-tecnologia-e-inovacao-oa-sr\/\">PORTARIA N\u00ba 087, DE 01 DE JANEIRO DE 2025 &#8211; RESOLVE NOMEAR, para o Cargo em Comiss\u00e3o de ASSESSOR PEDAG\u00d3GICO NIVEL I &#8211; DANS, da SECRETARIA MUNICIPAL DE EDUCA\u00c7\u00c3O, CI\u00caNCIA, TECNOLOGIA E INOVA\u00c7\u00c3O, o(a) Sr(a). FILOMENA MARIA GOMES DE SOUSA SANTOS.<\/a><\/li>\n\t\t<li class=\"wsp-post\"><a href=\"https:\/\/saobernardo.ma.gov.br\/transparencia\/portarias\/portaria-no-086-de-01-de-janeiro-de-2025-resolve-nomear-para-o-cargo-em-comissao-de-assessor-pedagogico-nivel-i-dans-da-secretaria-municipal-de-educacao-ciencia-tecnologia-e-inovacao-oa-sr\/\">PORTARIA N\u00ba 086, DE 01 DE JANEIRO DE 2025 &#8211; RESOLVE NOMEAR, para o Cargo em Comiss\u00e3o de ASSESSOR PEDAG\u00d3GICO NIVEL I &#8211; DANS, da SECRETARIA MUNICIPAL DE EDUCA\u00c7\u00c3O, CI\u00caNCIA, TECNOLOGIA E INOVA\u00c7\u00c3O, o(a) Sr(a). DULCE MARIA AMADOR SOUSA.<\/a><\/li>\n\t\t<li class=\"wsp-post\"><a href=\"https:\/\/saobernardo.ma.gov.br\/transparencia\/portarias\/portaria-no-085-de-01-de-janeiro-de-2025-resolve-nomear-para-o-cargo-em-comissao-de-assessor-pedagogico-nivel-i-dans-da-secretaria-municipal-de-educacao-ciencia-tecnologia-e-inovacao-oa-sr\/\">PORTARIA N\u00ba 085, DE 01 DE JANEIRO DE 2025 &#8211; RESOLVE NOMEAR, para o Cargo em Comiss\u00e3o de ASSESSOR PEDAG\u00d3GICO NIVEL I &#8211; DANS, da SECRETARIA MUNICIPAL DE EDUCA\u00c7\u00c3O, CI\u00caNCIA, TECNOLOGIA E INOVA\u00c7\u00c3O, o(a) Sr(a). EDLA COSTA CARVALHO MAGALHAES.<\/a><\/li>\n\t\t<li class=\"wsp-post\"><a href=\"https:\/\/saobernardo.ma.gov.br\/transparencia\/portarias\/portaria-no-084-de-01-de-janeiro-de-2025-resolve-nomear-para-o-cargo-em-comissao-de-assessor-pedagogico-nivel-i-dans-da-secretaria-municipal-de-educacao-ciencia-tecnologia-e-inovacao-oa-sr\/\">PORTARIA N\u00ba 084, DE 01 DE JANEIRO DE 2025 &#8211; RESOLVE NOMEAR, para o Cargo em Comiss\u00e3o de ASSESSOR PEDAG\u00d3GICO NIVEL I &#8211; DANS, da SECRETARIA MUNICIPAL DE EDUCA\u00c7\u00c3O, CI\u00caNCIA, TECNOLOGIA E INOVA\u00c7\u00c3O, o(a) Sr(a). DAVY ARAUJO SOUZA.<\/a><\/li>\n\t\t<li class=\"wsp-post\"><a href=\"https:\/\/saobernardo.ma.gov.br\/transparencia\/portarias\/portaria-no-083-de-01-de-janeiro-de-2025-resolve-nomear-para-o-cargo-em-comissao-de-assessor-pedagogico-nivel-i-dans-da-secretaria-municipal-de-educacao-ciencia-tecnologia-e-inovacao-oa-sr\/\">PORTARIA N\u00ba 083, DE 01 DE JANEIRO DE 2025 &#8211; RESOLVE NOMEAR, para o Cargo em Comiss\u00e3o de ASSESSOR PEDAG\u00d3GICO NIVEL I &#8211; DANS, da SECRETARIA MUNICIPAL DE EDUCA\u00c7\u00c3O, CI\u00caNCIA, TECNOLOGIA E INOVA\u00c7\u00c3O, o(a) Sr(a). CLAUDIANE GARCEZ DE SOUSA SILVA.<\/a><\/li>\n\t\t<li class=\"wsp-post\"><a href=\"https:\/\/saobernardo.ma.gov.br\/transparencia\/portarias\/portaria-no-082-de-01-de-janeiro-de-2025-resolve-nomear-para-o-cargo-em-comissao-de-assessor-pedagogico-nivel-i-dans-da-secretaria-municipal-de-educacao-ciencia-tecnologia-e-inovacao-oa-sr\/\">PORTARIA N\u00ba 082, DE 01 DE JANEIRO DE 2025 &#8211; RESOLVE NOMEAR, para o Cargo em Comiss\u00e3o de ASSESSOR PEDAG\u00d3GICO NIVEL I &#8211; DANS, da SECRETARIA MUNICIPAL DE EDUCA\u00c7\u00c3O, CI\u00caNCIA, TECNOLOGIA E INOVA\u00c7\u00c3O, o(a) Sr(a). CASSIA ROCHA PORTELA.<\/a><\/li>\n\t\t<li class=\"wsp-post\"><a href=\"https:\/\/saobernardo.ma.gov.br\/transparencia\/portarias\/portaria-no-081-de-01-de-janeiro-de-2025-resolve-nomear-para-o-cargo-em-comissao-de-assessor-pedagogico-nivel-i-dans-da-secretaria-municipal-de-educacao-ciencia-tecnologia-e-inovacao-oa-sr\/\">PORTARIA N\u00ba 081, DE 01 DE JANEIRO DE 2025 &#8211; RESOLVE NOMEAR, para o Cargo em Comiss\u00e3o de ASSESSOR PEDAG\u00d3GICO NIVEL I &#8211; DANS, da SECRETARIA MUNICIPAL DE EDUCA\u00c7\u00c3O, CI\u00caNCIA, TECNOLOGIA E INOVA\u00c7\u00c3O, o(a) Sr(a). ANTONIO CARLOS ALVES LIMA.<\/a><\/li>\n\t\t<li class=\"wsp-post\"><a href=\"https:\/\/saobernardo.ma.gov.br\/transparencia\/portarias\/portaria-no-080-de-01-de-janeiro-de-2025-resolve-nomear-para-o-cargo-em-comissao-de-assessor-pedagogico-nivel-i-dans-da-secretaria-municipal-de-educacao-ciencia-tecnologia-e-inovacao-oa-sr\/\">PORTARIA N\u00ba 080, DE 01 DE JANEIRO DE 2025 &#8211; RESOLVE NOMEAR, para o Cargo em Comiss\u00e3o de ASSESSOR PEDAG\u00d3GICO NIVEL I &#8211; DANS, da SECRETARIA MUNICIPAL DE EDUCA\u00c7\u00c3O, CI\u00caNCIA, TECNOLOGIA E INOVA\u00c7\u00c3O, o(a) Sr(a). ANA MARIA VIEIRA SANTOS.<\/a><\/li>\n\t\t<li class=\"wsp-post\"><a href=\"https:\/\/saobernardo.ma.gov.br\/transparencia\/portarias\/portaria-no-079-de-01-de-janeiro-de-2025-resolve-nomear-para-o-cargo-em-comissao-de-assessor-juridico-pedagogico-dans-da-secretaria-municipal-de-educacao-ciencia-tecnologia-e-inovacao-oa\/\">PORTARIA N\u00ba 079, DE 01 DE JANEIRO DE 2025 &#8211; RESOLVE NOMEAR, para o Cargo em Comiss\u00e3o de ASSESSOR JURIDICO &#8211; PEDAG\u00d3GICO &#8211; DANS, da SECRETARIA MUNICIPAL DE EDUCA\u00c7\u00c3O, CI\u00caNCIA, TECNOLOGIA E INOVA\u00c7\u00c3O, o(a) Sr(a). RAFAEL DE DEUS SANTOS MACHADO.<\/a><\/li>\n\t\t<li class=\"wsp-post\"><a href=\"https:\/\/saobernardo.ma.gov.br\/transparencia\/portarias\/portaria-no-078-de-01-de-janeiro-de-2025-resolve-nomear-para-o-cargo-em-comissao-de-assessor-juridico-pedagogico-dans-da-secretaria-municipal-de-educacao-ciencia-tecnologia-e-inovacao-oa\/\">PORTARIA N\u00ba 078, DE 01 DE JANEIRO DE 2025 &#8211; RESOLVE NOMEAR, para o Cargo em Comiss\u00e3o de ASSESSOR JURIDICO &#8211; PEDAG\u00d3GICO &#8211; DANS, da SECRETARIA MUNICIPAL DE EDUCA\u00c7\u00c3O, CI\u00caNCIA, TECNOLOGIA E INOVA\u00c7\u00c3O, o(a) Sr(a). ALBERTO COSTA FERREIRA NETO.<\/a><\/li>\n\t\t<li class=\"wsp-post\"><a href=\"https:\/\/saobernardo.ma.gov.br\/transparencia\/portarias\/portaria-no-077-de-01-de-janeiro-de-2025-resolve-nomear-para-o-cargo-em-comissao-de-assessor-juridico-pedagogico-dans-da-secretaria-municipal-de-educacao-ciencia-tecnologia-e-inovacao-oa\/\">PORTARIA N\u00ba 077, DE 01 DE JANEIRO DE 2025 &#8211; RESOLVE NOMEAR, para o Cargo em Comiss\u00e3o de ASSESSOR JURIDICO &#8211; PEDAG\u00d3GICO &#8211; DANS, da SECRETARIA MUNICIPAL DE EDUCA\u00c7\u00c3O, CI\u00caNCIA, TECNOLOGIA E INOVA\u00c7\u00c3O, o(a) Sr(a). BRUNA IANE MENEZES DE AGUIAR.<\/a><\/li>\n\t\t<li class=\"wsp-post\"><a href=\"https:\/\/saobernardo.ma.gov.br\/transparencia\/portarias\/portaria-no-076-de-01-de-janeiro-de-2025-resolve-nomear-para-o-cargo-em-comissao-de-assessor-juridico-pedagogico-dans-da-secretaria-municipal-de-educacao-ciencia-tecnologia-e-inovacao-oa\/\">PORTARIA N\u00ba 076, DE 01 DE JANEIRO DE 2025 &#8211; RESOLVE NOMEAR, para o Cargo em Comiss\u00e3o de ASSESSOR JURIDICO &#8211; PEDAG\u00d3GICO &#8211; DANS, da SECRETARIA MUNICIPAL DE EDUCA\u00c7\u00c3O, CI\u00caNCIA, TECNOLOGIA E INOVA\u00c7\u00c3O, o(a) Sr(a). ALINE MARIA MENDES PEREIRA NESELLO.<\/a><\/li>\n\t\t<li class=\"wsp-post\"><a href=\"https:\/\/saobernardo.ma.gov.br\/transparencia\/portarias\/portaria-no-075-de-01-de-janeiro-de-2025-resolve-designar-para-o-cargo-em-comissao-de-supervisora-pedagogico-dans-da-secretaria-municipal-de-educacao-ciencia-tecnologia-e-inovacao-oa-sr\/\">PORTARIA N\u00ba 075, DE 01 DE JANEIRO DE 2025 &#8211; RESOLVE DESIGNAR, para o Cargo em Comiss\u00e3o de SUPERVISOR(A) PEDAG\u00d3GICO &#8211; DANS, da SECRETARIA MUNICIPAL DE EDUCA\u00c7\u00c3O, CI\u00caNCIA, TECNOLOGIA E INOVA\u00c7\u00c3O, o(a) Sr(a). ZENAIDE RODRIGUES SILVA.<\/a><\/li>\n\t\t<li class=\"wsp-post\"><a href=\"https:\/\/saobernardo.ma.gov.br\/transparencia\/portarias\/portaria-no-074-de-01-de-janeiro-de-2025-resolve-designar-para-o-cargo-em-comissao-de-supervisora-pedagogico-dans-da-secretaria-municipal-de-educacao-ciencia-tecnologia-e-inovacao-oa-sr\/\">PORTARIA N\u00ba 074, DE 01 DE JANEIRO DE 2025 &#8211; RESOLVE DESIGNAR, para o Cargo em Comiss\u00e3o de SUPERVISOR(A) PEDAG\u00d3GICO &#8211; DANS, da SECRETARIA MUNICIPAL DE EDUCA\u00c7\u00c3O, CI\u00caNCIA, TECNOLOGIA E INOVA\u00c7\u00c3O, o(a) Sr(a). MARIA IVANECIA DE COSTA SANTOS.<\/a><\/li>\n\t\t<li class=\"wsp-post\"><a href=\"https:\/\/saobernardo.ma.gov.br\/transparencia\/portarias\/portaria-no-073-de-01-de-janeiro-de-2025-resolve-designar-para-o-cargo-em-comissao-de-supervisora-pedagogico-dans-da-secretaria-municipal-de-educacao-ciencia-tecnologia-e-inovacao-oa-sr\/\">PORTARIA N\u00ba 073, DE 01 DE JANEIRO DE 2025 &#8211; RESOLVE DESIGNAR, para o Cargo em Comiss\u00e3o de SUPERVISOR(A) PEDAG\u00d3GICO &#8211; DANS, da SECRETARIA MUNICIPAL DE EDUCA\u00c7\u00c3O, CI\u00caNCIA, TECNOLOGIA E INOVA\u00c7\u00c3O, o(a) Sr(a). MARIA IVANA COSTA SANTOS.<\/a><\/li>\n\t\t<li class=\"wsp-post\"><a href=\"https:\/\/saobernardo.ma.gov.br\/transparencia\/portarias\/portaria-no-072-de-01-de-janeiro-de-2025-resolve-designar-para-o-cargo-em-comissao-de-supervisora-pedagogico-dans-da-secretaria-municipal-de-educacao-ciencia-tecnologia-e-inovacao-oa-sr\/\">PORTARIA N\u00ba 072, DE 01 DE JANEIRO DE 2025 &#8211; RESOLVE DESIGNAR, para o Cargo em Comiss\u00e3o de SUPERVISOR(A) PEDAG\u00d3GICO &#8211; DANS, da SECRETARIA MUNICIPAL DE EDUCA\u00c7\u00c3O, CI\u00caNCIA, TECNOLOGIA E INOVA\u00c7\u00c3O, o(a) Sr(a). MARIA DA CONCEICAO GOMES DA SILVA.<\/a><\/li>\n\t\t<li class=\"wsp-post\"><a href=\"https:\/\/saobernardo.ma.gov.br\/transparencia\/portarias\/portaria-no-071-de-01-de-janeiro-de-2025-resolve-designar-para-o-cargo-em-comissao-de-supervisora-pedagogico-dans-da-secretaria-municipal-de-educacao-ciencia-tecnologia-e-inovacao-oa-sr\/\">PORTARIA N\u00ba 071, DE 01 DE JANEIRO DE 2025 &#8211; RESOLVE DESIGNAR, para o Cargo em Comiss\u00e3o de SUPERVISOR(A) PEDAG\u00d3GICO &#8211; DANS, da SECRETARIA MUNICIPAL DE EDUCA\u00c7\u00c3O, CI\u00caNCIA, TECNOLOGIA E INOVA\u00c7\u00c3O, o(a) Sr(a). ABDIAS FERREIRA DA COSTA FILHO.<\/a><\/li>\n\t\t<li class=\"wsp-post\"><a href=\"https:\/\/saobernardo.ma.gov.br\/transparencia\/portarias\/portaria-no-070-de-01-de-janeiro-de-2025-resolve-designar-para-o-cargo-em-comissao-de-superintendente-geral-de-ensino-dans-da-secretaria-municipal-de-educacao-ciencia-tecnologia-e-inovacao-o\/\">PORTARIA N\u00ba 070, DE 01 DE JANEIRO DE 2025 &#8211; RESOLVE DESIGNAR, para o Cargo em Comiss\u00e3o de SUPERINTENDENTE GERAL DE ENSINO &#8211; DANS, da SECRETARIA MUNICIPAL DE EDUCA\u00c7\u00c3O, CI\u00caNCIA, TECNOLOGIA E INOVA\u00c7\u00c3O, o(a) Sr(a). CLEBER DOS SANTOS VERAS.<\/a><\/li>\n\t\t<li class=\"wsp-post\"><a href=\"https:\/\/saobernardo.ma.gov.br\/transparencia\/portarias\/portaria-no-069-de-01-de-janeiro-de-2025-resolve-designar-para-o-cargo-em-comissao-de-chefe-de-gabinete-dans-da-secretaria-municipal-de-educacao-ciencia-tecnologia-e-inovacao-oa-sra-elo\/\">PORTARIA N\u00ba 069, DE 01 DE JANEIRO DE 2025 &#8211; RESOLVE DESIGNAR, para o Cargo em Comiss\u00e3o de CHEFE DE GABINETE &#8211; DANS, da SECRETARIA MUNICIPAL DE EDUCA\u00c7\u00c3O, CI\u00caNCIA, TECNOLOGIA E INOVA\u00c7\u00c3O, o(a) Sr(a). ELONEIDA MARIA DE CARVALHO SPINDOLA.<\/a><\/li>\n\t\t<li class=\"wsp-post\"><a href=\"https:\/\/saobernardo.ma.gov.br\/transparencia\/portarias\/portaria-no-068-de-01-de-janeiro-de-2025-resolve-nomear-para-o-cargo-em-comissao-de-coordenador-de-engenharia-civil-dans-da-secretaria-municipal-de-urbanismo-e-servicos-publicos-oa-sra-ma\/\">PORTARIA N\u00ba 068, DE 01 DE JANEIRO DE 2025 &#8211; RESOLVE NOMEAR, para o Cargo em Comiss\u00e3o de COORDENADOR DE ENGENHARIA CIVIL &#8211; DANS, da SECRETARIA MUNICIPAL DE URBANISMO E SERVICOS PUBLICOS, o(a) Sr(a). MARCUS VINICIUS SOUZA PINTO.<\/a><\/li>\n\t\t<li class=\"wsp-post\"><a href=\"https:\/\/saobernardo.ma.gov.br\/transparencia\/portarias\/portaria-no-067-de-01-de-janeiro-de-2025-designar-para-o-cargo-em-comissao-de-coordenador-administrativo-de-patromonio-publico-das-da-secretaria-municipal-de-obras-patrimonio-e-logistica-oa\/\">PORTARIA N\u00ba 067, DE 01 DE JANEIRO DE 2025 &#8211; DESIGNAR, para o Cargo em Comiss\u00e3o de COORDENADOR ADMINISTRATIVO DE PATROM\u00d4NIO PUBLICO &#8211; DAS, da SECRETARIA MUNICIPAL DE OBRAS, PATRIMONIO E LOGISTICA, o(a) Sr(a). ROBSON REGES SANTOS ARAUJO.<\/a><\/li>\n\t\t<li class=\"wsp-post\"><a href=\"https:\/\/saobernardo.ma.gov.br\/transparencia\/portarias\/portaria-no-066-de-01-de-janeiro-de-2025-resolve-nomear-para-o-cargo-em-comissao-de-coordenador-de-engenharia-dans-da-secretaria-municipal-de-obras-patrimonio-e-logistica-oa-sra-franknil\/\">PORTARIA N\u00ba 066, DE 01 DE JANEIRO DE 2025 &#8211; RESOLVE NOMEAR, para o Cargo em Comiss\u00e3o de COORDENADOR DE ENGENHARIA &#8211; DANS, da SECRETARIA MUNICIPAL DE OBRAS, PATRIMONIO E LOGISTICA, o(a) Sr(a). FRANKNILVA VIEIRA DA SILVA MATOS.<\/a><\/li>\n\t\t<li class=\"wsp-post\"><a href=\"https:\/\/saobernardo.ma.gov.br\/transparencia\/portarias\/portaria-no-065-de-01-de-janeiro-de-2025-resolve-nomear-para-o-cargo-em-comissao-de-coordenador-de-gestao-e-fiscalizacao-ambiental-dans-da-secretaria-municipal-de-meio-ambiente-oa-sra-edm\/\">PORTARIA N\u00ba 065, DE 01 DE JANEIRO DE 2025 &#8211; RESOLVE NOMEAR, para o Cargo em Comiss\u00e3o de COORDENADOR DE GESTAO E FISCALIZACAO AMBIENTAL &#8211; DANS, da SECRETARIA MUNICIPAL DE MEIO AMBIENTE, o(a) Sr(a). EDMILSON DE ALMEIDA LIMA JUNIOR.<\/a><\/li>\n\t\t<li class=\"wsp-post\"><a href=\"https:\/\/saobernardo.ma.gov.br\/transparencia\/portarias\/portaria-no-064-de-01-de-janeiro-de-2025-resolve-nomear-para-o-cargo-em-comissao-de-chefe-do-departamento-de-recursos-hidricos-dai-da-secretaria-municipal-de-abastecimento-e-recursos-hidricos\/\">PORTARIA N\u00ba 064, DE 01 DE JANEIRO DE 2025 &#8211; RESOLVE NOMEAR, para o Cargo em Comiss\u00e3o de CHEFE DO DEPARTAMENTO DE RECURSOS HIDR\u00cdCOS &#8211; DAI, da SECRETARIA MUNICIPAL DE ABASTECIMENTO E RECURSOS HIDRICOS, o(a) Sr(a). LAILSON CUNHA DINIZ.<\/a><\/li>\n\t\t<li class=\"wsp-post\"><a href=\"https:\/\/saobernardo.ma.gov.br\/transparencia\/portarias\/portaria-no-063-de-01-de-janeiro-de-2025-resolve-nomear-para-o-cargo-em-comissao-de-chefe-do-departamento-de-almoxarifado-e-suprimentos-dai-da-secretaria-municipal-de-abastecimento-e-recursos-h\/\">PORTARIA N\u00ba 063, DE 01 DE JANEIRO DE 2025 &#8211; RESOLVE NOMEAR, para o Cargo em Comiss\u00e3o de CHEFE DO DEPARTAMENTO DE ALMOXARIFADO E SUPRIMENTOS &#8211; DAI, da SECRETARIA MUNICIPAL DE ABASTECIMENTO E RECURSOS HIDRICOS, o(a) Sr(a). JULIMAR DUARTE VIEIRA SOBRINHO.<\/a><\/li>\n\t\t<li class=\"wsp-post\"><a href=\"https:\/\/saobernardo.ma.gov.br\/transparencia\/portarias\/portaria-no-062-de-01-de-janeiro-de-2025-resolve-nomear-para-o-cargo-em-comissao-de-assessor-especial-nivel-iii-dai-1-da-secretaria-municipal-de-abastecimento-e-recursos-hidricos-oa-sra-j\/\">PORTARIA N\u00ba 062, DE 01 DE JANEIRO DE 2025 &#8211; RESOLVE NOMEAR, para o Cargo em Comiss\u00e3o de ASSESSOR ESPECIAL NIVEL III &#8211; DAI-1, da SECRETARIA MUNICIPAL DE ABASTECIMENTO E RECURSOS HIDRICOS, o(a) Sr(a). JOSE DOS SANTOS PEREIRA.<\/a><\/li>\n\t\t<li class=\"wsp-post\"><a href=\"https:\/\/saobernardo.ma.gov.br\/transparencia\/portarias\/portaria-no-061-de-01-de-janeiro-de-2025-resolve-nomear-para-o-cargo-em-comissao-de-coord-de-planejamento-orcamento-e-avaliacao-das-da-secretaria-municipal-de-abastecimento-e-recursos-hidricos\/\">PORTARIA N\u00ba 061, DE 01 DE JANEIRO DE 2025 &#8211; RESOLVE NOMEAR, para o Cargo em Comiss\u00e3o de COORD DE PLANEJAMENTO, OR\u00c7AMENTO E AVALIA\u00c7\u00c3O &#8211; DAS, da SECRETARIA MUNICIPAL DE ABASTECIMENTO E RECURSOS HIDRICOS, o(a) Sr(a). JEFERSON PEREIRA.<\/a><\/li>\n\t\t<li class=\"wsp-post\"><a href=\"https:\/\/saobernardo.ma.gov.br\/transparencia\/portarias\/portaria-no-060-de-01-de-janeiro-de-2025-resolve-nomear-para-o-cargo-em-comissao-de-assessor-especial-nivel-iii-dai-1-da-secretaria-municipal-de-abastecimento-e-recursos-hidricos-oa-sra-e\/\">PORTARIA N\u00ba 060, DE 01 DE JANEIRO DE 2025 &#8211; RESOLVE NOMEAR, para o Cargo em Comiss\u00e3o de ASSESSOR ESPECIAL NIVEL III &#8211; DAI-1, da SECRETARIA MUNICIPAL DE ABASTECIMENTO E RECURSOS HIDRICOS, o(a) Sr(a). EDMILSON MACIEL CARVALHO.<\/a><\/li>\n\t\t<li class=\"wsp-post\"><a href=\"https:\/\/saobernardo.ma.gov.br\/transparencia\/portarias\/portaria-no-059-de-01-de-janeiro-de-2025-resolve-nomear-para-o-cargo-em-comissao-de-assessor-especial-nivel-iii-dai-1-da-gabinete-do-prefeito-oa-sra-yolanda-maria-campos-pereira-e-silva\/\">PORTARIA N\u00ba 059, DE 01 DE JANEIRO DE 2025 &#8211; RESOLVE NOMEAR, para o Cargo em Comiss\u00e3o de ASSESSOR ESPECIAL NIVEL III &#8211; DAI-1, da GABINETE DO PREFEITO, o(a) Sr(a). YOLANDA MARIA CAMPOS PEREIRA E SILVA.<\/a><\/li>\n\t\t<li class=\"wsp-post\"><a href=\"https:\/\/saobernardo.ma.gov.br\/transparencia\/portarias\/portaria-no-058-de-01-de-janeiro-de-2025-resolve-nomear-para-o-cargo-em-comissao-de-assessor-especial-nivel-iii-dai-1-da-gabinete-do-prefeito-oa-sra-maride-coelho-de-almeida-neto\/\">PORTARIA N\u00ba 058, DE 01 DE JANEIRO DE 2025 &#8211; RESOLVE NOMEAR, para o Cargo em Comiss\u00e3o de ASSESSOR ESPECIAL NIVEL III &#8211; DAI-1, da GABINETE DO PREFEITO, o(a) Sr(a). MARIDE COELHO DE ALMEIDA NETO.<\/a><\/li>\n\t\t<li class=\"wsp-post\"><a href=\"https:\/\/saobernardo.ma.gov.br\/transparencia\/portarias\/portaria-no-057-de-01-de-janeiro-de-2025-resolve-designar-para-o-cargo-em-comissao-de-comandante-da-guarda-das-da-gabinete-do-prefeito-oa-sra-luis-antonio-porto-de-castro-junior\/\">PORTARIA N\u00ba 057, DE 01 DE JANEIRO DE 2025 &#8211; RESOLVE DESIGNAR, para o Cargo em Comiss\u00e3o de COMANDANTE DA GUARDA &#8211; DAS, da GABINETE DO PREFEITO, o(a) Sr(a). LUIS ANTONIO PORTO DE CASTRO JUNIOR.<\/a><\/li>\n\t\t<li class=\"wsp-post\"><a href=\"https:\/\/saobernardo.ma.gov.br\/transparencia\/portarias\/portaria-no-056-de-01-de-janeiro-de-2025-resolve-nomear-para-o-cargo-em-comissao-de-assessor-especial-nivel-ii-dai-da-gabinete-do-prefeito-oa-sra-antonia-valdira-braga-oliveira\/\">PORTARIA N\u00ba 056, DE 01 DE JANEIRO DE 2025 &#8211; RESOLVE NOMEAR, para o Cargo em Comiss\u00e3o de ASSESSOR ESPECIAL NIVEL II &#8211; DAI, da GABINETE DO PREFEITO, o(a) Sr(a). ANTONIA VALDIRA BRAGA OLIVEIRA.<\/a><\/li>\n\t\t<li class=\"wsp-post\"><a href=\"https:\/\/saobernardo.ma.gov.br\/transparencia\/portarias\/portaria-no-055-de-01-de-janeiro-de-2025-resolve-nomear-para-o-cargo-em-comissao-de-assessor-especial-nivel-i-das-da-gabinete-do-prefeito-oa-sra-aldenor-rodigues-dos-santos-neto\/\">PORTARIA N\u00ba 055, DE 01 DE JANEIRO DE 2025 &#8211; RESOLVE NOMEAR, para o Cargo em Comiss\u00e3o de ASSESSOR ESPECIAL NIVEL I &#8211; DAS, da GABINETE DO PREFEITO, o(a) Sr(a). ALDENOR RODIGUES DOS SANTOS NETO.<\/a><\/li>\n\t\t<li class=\"wsp-post\"><a href=\"https:\/\/saobernardo.ma.gov.br\/transparencia\/portarias\/portaria-no-054-de-01-de-janeiro-de-2025-resolve-designar-para-o-cargo-em-comissao-de-chefe-do-departamento-de-regularizacao-fundiaria-das-da-secretaria-municipal-de-obras-patrimonio-e-logisti\/\">PORTARIA N\u00ba 054, DE 01 DE JANEIRO DE 2025 &#8211; RESOLVE DESIGNAR, para o Cargo em Comiss\u00e3o de CHEFE DO DEPARTAMENTO DE REGULARIZA\u00c7\u00c3O FUNDI\u00c1RIA &#8211; DAS, da SECRETARIA MUNICIPAL DE OBRAS, PATRIM\u00d4NIO E LOG\u00cdSTICA, o(a) Sr(a). BERNARDO EDSON CORREIA LIMA ARAUJO JUNIOR.<\/a><\/li>\n\t\t<li class=\"wsp-post\"><a href=\"https:\/\/saobernardo.ma.gov.br\/transparencia\/portarias\/portaria-no-053-de-01-de-janeiro-de-2025-resolve-nomear-para-o-cargo-em-comissao-de-chefe-do-departamento-do-diario-oficial-do-municipio-das-da-secretaria-municipal-de-comunicacao-e-cultura-oa\/\">PORTARIA N\u00ba 053, DE 01 DE JANEIRO DE 2025 &#8211; RESOLVE NOMEAR, para o Cargo em Comiss\u00e3o de CHEFE DO DEPARTAMENTO DO DI\u00c1RIO OFICIAL DO MUNICIPIO &#8211; DAS, da SECRETARIA MUNICIPAL DE COMUNICACAO E CULTURA o(a) Sr(a). VALDEANE PESSOA DOS SANTOS<\/a><\/li>\n\t\t<li class=\"wsp-post\"><a href=\"https:\/\/saobernardo.ma.gov.br\/transparencia\/portarias\/portaria-no-052-de-01-de-janeiro-de-2025-resolve-nomear-para-o-cargo-em-comissao-de-coordenador-de-programa-do-servico-de-convivencia-e-fortalecimento-de-vinculos-das-da-secretaria-municipal-de\/\">PORTARIA N\u00ba 052, DE 01 DE JANEIRO DE 2025 &#8211; RESOLVE NOMEAR, para o Cargo em Comiss\u00e3o de COORDENADOR DE PROGRAMA DO SERVICO DE CONVIVENCIA E FORTALECIMENTO DE V\u00cdNCULOS &#8211; DAS, da SECRETARIA MUNICIPAL DE ASSISTENCIA SOCIAL, o(a) Sr(a). SIMONE DE JESUS MAGALHAES.<\/a><\/li>\n\t\t<li class=\"wsp-post\"><a href=\"https:\/\/saobernardo.ma.gov.br\/transparencia\/portarias\/portaria-no-051-de-01-de-janeiro-de-2025-resolve-nomear-para-o-cargo-em-comissao-de-chefe-de-gabinete-dans-da-secretaria-municipal-de-assistencia-social-oa-sr-joao-batista-araujo-pimentel\/\">PORTARIA N\u00ba 051, DE 01 DE JANEIRO DE 2025 &#8211; RESOLVE NOMEAR, para o Cargo em Comiss\u00e3o de CHEFE DE GABINETE &#8211; DANS, da SECRETARIA MUNICIPAL DE ASSISTENCIA SOCIAL, o(a) Sr. JOAO BATISTA ARAUJO PIMENTEL.<\/a><\/li>\n\t\t<li class=\"wsp-post\"><a href=\"https:\/\/saobernardo.ma.gov.br\/transparencia\/portarias\/portaria-no-050-de-01-de-janeiro-de-2025-resolve-nomear-para-o-cargo-em-comissao-de-coordenador-de-programa-cras-das-da-secretaria-municipal-de-assistencia-social-oa-sra-grazyella-silva-e\/\">PORTARIA N\u00ba 050, DE 01 DE JANEIRO DE 2025 &#8211; RESOLVE NOMEAR, para o Cargo em Comiss\u00e3o de COORDENADOR DE PROGRAMA CRAS &#8211; DAS, da SECRETARIA MUNICIPAL DE ASSISTENCIA SOCIAL, o(a) Sr(a). GRAZYELLA SILVA E SILVA.<\/a><\/li>\n\t\t<li class=\"wsp-post\"><a href=\"https:\/\/saobernardo.ma.gov.br\/transparencia\/portarias\/portaria-no-049-de-01-de-janeiro-de-2025-resolve-nomear-para-o-cargo-em-comissao-de-coordenador-de-programa-creas-das-da-secretaria-municipal-de-assistencia-social-oa-sra-gescilene-cavalc\/\">PORTARIA N\u00ba 049, DE 01 DE JANEIRO DE 2025 &#8211; RESOLVE NOMEAR, para o Cargo em Comiss\u00e3o de COORDENADOR DE PROGRAMA CREAS &#8211; DAS, da SECRETARIA MUNICIPAL DE ASSISTENCIA SOCIAL, o(a) Sr(a). GESCILENE CAVALCANTE DE GOIS.<\/a><\/li>\n\t\t<li class=\"wsp-post\"><a href=\"https:\/\/saobernardo.ma.gov.br\/transparencia\/portarias\/portaria-no-048-de-01-de-janeiro-de-2025-resolve-designar-para-o-cargo-em-comissao-de-coordenadora-do-bolsa-familia-dans-da-secretaria-municipal-de-assistencia-social-oa-sra-danylo-da-s\/\">PORTARIA N\u00ba 048, DE 01 DE JANEIRO DE 2025 &#8211; RESOLVE DESIGNAR, para o Cargo em Comiss\u00e3o de COORDENADOR(A) DO BOLSA FAMILIA &#8211; DANS, da SECRETARIA MUNICIPAL DE ASSISTENCIA SOCIAL, o(a) Sr(a). DANYLO DA SILVA LIMA.<\/a><\/li>\n\t\t<li class=\"wsp-post\"><a href=\"https:\/\/saobernardo.ma.gov.br\/transparencia\/portarias\/portaria-no-047-de-01-de-janeiro-de-2025-resolve-designar-para-o-cargo-em-comissao-de-chefe-do-setor-de-protocolo-e-distribuicao-dai-da-secretaria-municipal-de-saude-oa-sra-maria-da-paz-c\/\">PORTARIA N\u00ba 047, DE 01 DE JANEIRO DE 2025 &#8211; RESOLVE DESIGNAR, para o Cargo em Comiss\u00e3o de CHEFE DO SETOR DE PROTOCOLO E DISTRIBUI\u00c7\u00c3O &#8211; DAI, da SECRETARIA MUNICIPAL DE SA\u00daDE, o(a) Sr(a). MARIA DA PAZ CARVALHO CUNHA.<\/a><\/li>\n\t\t<li class=\"wsp-post\"><a href=\"https:\/\/saobernardo.ma.gov.br\/transparencia\/portarias\/portaria-no-046-de-01-de-janeiro-de-2025-resolve-designar-para-o-cargo-em-comissao-de-chefe-do-departamento-de-controle-e-informacao-da-producao-hospitalar-dai-da-secretaria-municipal-de-saude\/\">PORTARIA N\u00ba 046, DE 01 DE JANEIRO DE 2025 &#8211; RESOLVE DESIGNAR, para o Cargo em Comiss\u00e3o de CHEFE DO DEPARTAMENTO DE CONTROLE E INFORMA\u00c7\u00c3O DA PRODU\u00c7\u00c3O HOSPITALAR &#8211; DAI, da SECRETARIA MUNICIPAL DE SA\u00daDE, o(a) Sr(a). JOSE FIRMINO DE OLIVEIRA FILHO.<\/a><\/li>\n\t\t<li class=\"wsp-post\"><a href=\"https:\/\/saobernardo.ma.gov.br\/transparencia\/portarias\/portaria-no-045-de-01-de-janeiro-de-2025-resolve-nomear-para-o-cargo-em-comissao-de-chefe-do-departamento-de-suprimento-e-almoxarifado-dai-da-secretaria-municipal-de-saude-oa-sra-francisc\/\">PORTARIA N\u00ba 045, DE 01 DE JANEIRO DE 2025 &#8211; RESOLVE NOMEAR, para o Cargo em Comiss\u00e3o de CHEFE DO DEPARTAMENTO DE SUPRIMENTO E ALMOXARIFADO &#8211; DAI, da SECRETARIA MUNICIPAL DE SA\u00daDE, o(a) Sr(a). FRANCISCO DAS CHAGAS GARCES SILVA.<\/a><\/li>\n\t\t<li class=\"wsp-post\"><a href=\"https:\/\/saobernardo.ma.gov.br\/transparencia\/portarias\/portaria-no-044-de-01-de-janeiro-de-2025-resolve-nomear-para-o-cargo-em-comissao-de-coordenador-do-programa-de-vigilancia-sanitaria-das-da-secretaria-municipal-de-saude-oa-sra-vanessa-cri\/\">PORTARIA N\u00ba 044, DE 01 DE JANEIRO DE 2025 &#8211; RESOLVE NOMEAR, para o Cargo em Comiss\u00e3o de COORDENADOR DO PROGRAMA DE VIGIL\u00c2NCIA SANITARIA &#8211; DAS, da SECRETARIA MUNICIPAL DE SA\u00daDE, o(a) Sr(a). VANESSA CRISTINA DUAILIBE SOUSA.<\/a><\/li>\n\t\t<li class=\"wsp-post\"><a href=\"https:\/\/saobernardo.ma.gov.br\/transparencia\/portarias\/portaria-no-043-de-01-de-janeiro-de-2025-resolve-nomear-para-o-cargo-em-comissao-de-coordenador-do-programa-ists-aids-das-da-secretaria-municipal-de-saude-oa-sra-sueliane-da-luz-cunha\/\">PORTARIA N\u00ba 043, DE 01 DE JANEIRO DE 2025 &#8211; RESOLVE NOMEAR, para o Cargo em Comiss\u00e3o de COORDENADOR DO PROGRAMA ISTs &#8211; AIDS &#8211; DAS, da SECRETARIA MUNICIPAL DE SA\u00daDE, o(a) Sr(a). SUELIANE DA LUZ CUNHA.<\/a><\/li>\n\t\t<li class=\"wsp-post\"><a href=\"https:\/\/saobernardo.ma.gov.br\/transparencia\/portarias\/portaria-no-042-de-01-de-janeiro-de-2025-resolve-nomear-para-o-cargo-em-comissao-de-coordenador-do-programa-saude-da-mulher-das-da-secretaria-municipal-de-saude-oa-sra-soraida-maria-alves\/\">PORTARIA N\u00ba 042, DE 01 DE JANEIRO DE 2025 &#8211; RESOLVE NOMEAR, para o Cargo em Comiss\u00e3o de COORDENADOR DO PROGRAMA SAUDE DA MULHER &#8211; DAS, da SECRETARIA MUNICIPAL DE SA\u00daDE, o(a) Sr(a). SORAIDA MARIA ALVES RODRIGUES.<\/a><\/li>\n\t\t<li class=\"wsp-post\"><a href=\"https:\/\/saobernardo.ma.gov.br\/transparencia\/portarias\/portaria-no-041-de-01-de-janeiro-de-2025-resolve-designar-para-o-cargo-em-comissao-de-coordenador-do-programa-nucleo-de-apoio-a-saude-da-familia-nasf-das-da-secretaria-municipal-de-saude-oa\/\">PORTARIA N\u00ba 041, DE 01 DE JANEIRO DE 2025 &#8211; RESOLVE DESIGNAR, para o Cargo em Comiss\u00e3o de COORDENADOR DO PROGRAMA NUCLEO DE APOIO A SAUDE DA FAMILIA &#8211; NASF &#8211; DAS, da SECRETARIA MUNICIPAL DE SA\u00daDE, o(a) Sr(a). SANDRA MARIA RIBEIRO DA SILVA.<\/a><\/li>\n\t\t<li class=\"wsp-post\"><a href=\"https:\/\/saobernardo.ma.gov.br\/transparencia\/portarias\/portaria-no-040-de-01-de-janeiro-de-2025-resolve-nomear-para-o-cargo-em-comissao-de-coordenador-do-programa-saude-na-escola-pse-das-da-secretaria-municipal-de-saude-oa-sra-maria-ildenice\/\">PORTARIA N\u00ba 040, DE 01 DE JANEIRO DE 2025 &#8211; RESOLVE NOMEAR, para o Cargo em Comiss\u00e3o de COORDENADOR DO PROGRAMA SAUDE NA ESCOLA PSE &#8211; DAS, da SECRETARIA MUNICIPAL DE SA\u00daDE, o(a) Sr(a). MARIA ILDENICE SILVA CUNHA.<\/a><\/li>\n\t\t<li class=\"wsp-post\"><a href=\"https:\/\/saobernardo.ma.gov.br\/transparencia\/portarias\/portaria-no-039-de-01-de-janeiro-de-2025-resolve-nomear-para-o-cargo-em-comissao-de-coordenador-do-programa-bolsa-familia-das-da-secretaria-municipal-de-saude-oa-sra-kamai-silva-rodrigues\/\">PORTARIA N\u00ba 039, DE 01 DE JANEIRO DE 2025 &#8211; RESOLVE NOMEAR, para o Cargo em Comiss\u00e3o de COORDENADOR DO PROGRAMA BOLSA FAMILIA &#8211; DAS, da SECRETARIA MUNICIPAL DE SA\u00daDE, o(a) Sr(a). KAMAI SILVA RODRIGUES.<\/a><\/li>\n\t\t<li class=\"wsp-post\"><a href=\"https:\/\/saobernardo.ma.gov.br\/transparencia\/portarias\/portaria-no-038-de-01-de-janeiro-de-2025-resolve-nomear-para-o-cargo-em-comissao-de-coordenador-do-programa-saude-bucal-das-da-secretaria-municipal-de-saude-oa-sra-helenshuane-escorcio-co\/\">PORTARIA N\u00ba 038, DE 01 DE JANEIRO DE 2025 &#8211; RESOLVE NOMEAR, para o Cargo em Comiss\u00e3o de COORDENADOR DO PROGRAMA SAUDE BUCAL &#8211; DAS, da SECRETARIA MUNICIPAL DE SA\u00daDE, o(a) Sr(a). HELENSHUANE ESCORCIO COSTA.<\/a><\/li>\n\t\t<li class=\"wsp-post\"><a href=\"https:\/\/saobernardo.ma.gov.br\/transparencia\/portarias\/portaria-no-037-de-01-de-janeiro-de-2025-resolve-nomear-para-o-cargo-em-comissao-de-coordenador-do-programa-de-vigilancia-ambiental-das-da-secretaria-municipal-de-saude-oa-sra-franklin-ne\/\">PORTARIA N\u00ba 037, DE 01 DE JANEIRO DE 2025 &#8211; RESOLVE NOMEAR, para o Cargo em Comiss\u00e3o de COORDENADOR DO PROGRAMA DE VIGIL\u00c2NCIA AMBIENTAL &#8211; DAS, da SECRETARIA MUNICIPAL DE SA\u00daDE, o(a) Sr(a). FRANKLIN NELSON SILVA CASTRO.<\/a><\/li>\n\t\t<li class=\"wsp-post\"><a href=\"https:\/\/saobernardo.ma.gov.br\/transparencia\/portarias\/portaria-no-036-de-01-de-janeiro-de-2025-resolve-nomear-para-o-cargo-em-comissao-de-chefe-do-departamento-de-farmacia-hospitalar-das-da-secretaria-municipal-de-saude-oa-sra-fernanda-alann\/\">PORTARIA N\u00ba 036, DE 01 DE JANEIRO DE 2025 &#8211; RESOLVE NOMEAR, para o Cargo em Comiss\u00e3o de CHEFE DO DEPARTAMENTO DE FARMACIA HOSPITALAR &#8211; DAS, da SECRETARIA MUNICIPAL DE SA\u00daDE, o(a) Sr(a). FERNANDA ALANNA CARVALHO DA COSTA.<\/a><\/li>\n\t\t<li class=\"wsp-post\"><a href=\"https:\/\/saobernardo.ma.gov.br\/transparencia\/portarias\/portaria-no-035-de-01-de-janeiro-de-2025-resolve-nomear-para-o-cargo-em-comissao-de-coordenador-de-nutricao-das-da-secretaria-municipal-de-saude-oa-sra-clecia-cristina-da-silva-aires\/\">PORTARIA N\u00ba 035, DE 01 DE JANEIRO DE 2025 &#8211; RESOLVE NOMEAR, para o Cargo em Comiss\u00e3o de COORDENADOR DE NUTRI\u00c7\u00c3O &#8211; DAS, da SECRETARIA MUNICIPAL DE SA\u00daDE, o(a) Sr(a). CLECIA CRISTINA DA SILVA AIRES.<\/a><\/li>\n\t\t<li class=\"wsp-post\"><a href=\"https:\/\/saobernardo.ma.gov.br\/transparencia\/portarias\/portaria-no-034-de-01-de-janeiro-de-2025-resolve-nomear-para-o-cargo-em-comissao-de-chefe-do-departamento-de-recursos-humanos-das-da-secretaria-municipal-de-saude-oa-sra-brenda-lira-nunes\/\">PORTARIA N\u00ba 034, DE 01 DE JANEIRO DE 2025 &#8211; RESOLVE NOMEAR, para o Cargo em Comiss\u00e3o de CHEFE DO DEPARTAMENTO DE RECURSOS HUMANOS &#8211; DAS, da SECRETARIA MUNICIPAL DE SA\u00daDE, o(a) Sr(a). BRENDA LIRA NUNES.<\/a><\/li>\n\t\t<li class=\"wsp-post\"><a href=\"https:\/\/saobernardo.ma.gov.br\/transparencia\/portarias\/portaria-no-033-de-01-de-janeiro-de-2025-resolve-nomear-para-o-cargo-em-comissao-de-chefe-do-departamento-de-transporte-das-da-secretaria-municipal-de-saude-oa-sra-arieldes-garcia-candeir\/\">PORTARIA N\u00ba 033, DE 01 DE JANEIRO DE 2025 &#8211; RESOLVE NOMEAR, para o Cargo em Comiss\u00e3o de CHEFE DO DEPARTAMENTO DE TRANSPORTE &#8211; DAS, da SECRETARIA MUNICIPAL DE SA\u00daDE, o(a) Sr(a). ARIELDES GARCIA CANDEIRA.<\/a><\/li>\n\t\t<li class=\"wsp-post\"><a href=\"https:\/\/saobernardo.ma.gov.br\/transparencia\/portarias\/portaria-no-032-de-01-de-janeiro-de-2025-resolve-nomear-para-o-cargo-em-comissao-de-assessor-especial-nivel-i-dans-da-secretaria-municipal-de-saude-oa-sra-noelia-cristina-coelho-santos\/\">PORTARIA N\u00ba 032, DE 01 DE JANEIRO DE 2025 &#8211; RESOLVE NOMEAR, para o Cargo em Comiss\u00e3o de ASSESSOR ESPECIAL NIVEL I &#8211; DANS, da SECRETARIA MUNICIPAL DE SA\u00daDE, o(a) Sr(a). NOELIA CRISTINA COELHO SANTOS.<\/a><\/li>\n\t\t<li class=\"wsp-post\"><a href=\"https:\/\/saobernardo.ma.gov.br\/transparencia\/portarias\/portaria-no-031-de-01-de-janeiro-de-2025-resolve-nomear-para-o-cargo-em-comissao-de-coordenador-de-vigilancia-em-saude-dans-da-secretaria-municipal-de-saude-oa-sra-livia-silva-monteiro\/\">PORTARIA N\u00ba 031, DE 01 DE JANEIRO DE 2025 &#8211; RESOLVE NOMEAR, para o Cargo em Comiss\u00e3o de COORDENADOR DE VIGILANCIA EM SAUDE &#8211; DANS, da SECRETARIA MUNICIPAL DE SA\u00daDE, o(a) Sr(a). LIVIA SILVA MONTEIRO.<\/a><\/li>\n\t\t<li class=\"wsp-post\"><a href=\"https:\/\/saobernardo.ma.gov.br\/transparencia\/portarias\/portaria-no-030-de-01-de-janeiro-de-2025-resolve-designar-para-o-cargo-em-comissao-de-coordenador-de-planejamento-e-orcamento-dans-da-secretaria-municipal-de-saude-oa-sra-edilberto-viana\/\">PORTARIA N\u00ba 030, DE 01 DE JANEIRO DE 2025 &#8211; RESOLVE DESIGNAR, para o Cargo em Comiss\u00e3o de COORDENADOR DE PLANEJAMENTO E OR\u00c7AMENTO &#8211; DANS, da SECRETARIA MUNICIPAL DE SA\u00daDE, o(a) Sr(a). EDILBERTO VIANA SILVA.<\/a><\/li>\n\t\t<li class=\"wsp-post\"><a href=\"https:\/\/saobernardo.ma.gov.br\/transparencia\/portarias\/portaria-no-029-de-01-de-janeiro-de-2025-resolve-designar-para-o-cargo-em-comissao-de-diretora-geral-do-hospital-dans-da-secretaria-municipal-de-saude-oa-sra-ana-maria-dos-reis-santos\/\">PORTARIA N\u00ba 029, DE 01 DE JANEIRO DE 2025 &#8211; RESOLVE DESIGNAR, para o Cargo em Comiss\u00e3o de DIRETOR(A) GERAL DO HOSPITAL &#8211; DANS, da SECRETARIA MUNICIPAL DE SA\u00daDE, o(a) Sr(a). ANA MARIA DOS REIS SANTOS.<\/a><\/li>\n\t\t<li class=\"wsp-post\"><a href=\"https:\/\/saobernardo.ma.gov.br\/transparencia\/portarias\/portaria-no-028-de-01-de-janeiro-de-2025-resolve-designar-para-o-cargo-em-comissao-de-assessor-tecnico-administrativo-dai-1-da-controladoria-geral-do-municipio-oa-sra-priscila-silva-menes\/\">PORTARIA N\u00ba 028, DE 01 DE JANEIRO DE 2025 &#8211; RESOLVE DESIGNAR, para o Cargo em Comiss\u00e3o de ASSESSOR TECNICO ADMINISTRATIVO &#8211; DAI-1, da CONTROLADORIA GERAL DO MUNICIPIO, o(a) Sr(a). PRISCILA SILVA MENESES.<\/a><\/li>\n\t\t<li class=\"wsp-post\"><a href=\"https:\/\/saobernardo.ma.gov.br\/transparencia\/portarias\/portaria-no-027-de-01-de-janeiro-de-2025-resolve-nomear-para-o-cargo-em-comissao-de-assessor-tecnico-administrativo-dai-1-da-procuradoria-geral-municipal-oa-sra-isabelle-santos-costa\/\">PORTARIA N\u00ba 027, DE 01 DE JANEIRO DE 2025 &#8211; RESOLVE NOMEAR, para o Cargo em Comiss\u00e3o de ASSESSOR T\u00c9CNICO ADMINISTRATIVO &#8211; DAI-1, da PROCURADORIA GERAL MUNICIPAL, o(a) Sr(a). ISABELLE SANTOS COSTA.<\/a><\/li>\n\t\t<li class=\"wsp-post\"><a href=\"https:\/\/saobernardo.ma.gov.br\/transparencia\/portarias\/portaria-no-026-de-01-de-janeiro-de-2025-resolve-nomear-para-o-cargo-em-comissao-de-assessor-tecnico-administrativo-dai-1-da-procuradoria-geral-municipal-oa-sra-gabriela-carvalho-silva\/\">PORTARIA N\u00ba 026, DE 01 DE JANEIRO DE 2025 &#8211; RESOLVE NOMEAR, para o Cargo em Comiss\u00e3o de ASSESSOR T\u00c9CNICO ADMINISTRATIVO &#8211; DAI-1, da PROCURADORIA GERAL MUNICIPAL, o(a) Sr(a). GABRIELA CARVALHO SILVA.<\/a><\/li>\n\t\t<li class=\"wsp-post\"><a href=\"https:\/\/saobernardo.ma.gov.br\/transparencia\/portarias\/portaria-no-025-de-01-de-janeiro-de-2025-resolve-nomear-para-o-cargo-em-comissao-de-assessor-juridico-dans-da-procuradoria-geral-municipal-oa-sr-rafael-pinto-alencar\/\">PORTARIA N\u00ba 025, DE 01 DE JANEIRO DE 2025 &#8211; RESOLVE NOMEAR, para o Cargo em Comiss\u00e3o de ASSESSOR JURIDICO &#8211; DANS, da PROCURADORIA GERAL MUNICIPAL, o(a) Sr. RAFAEL PINTO ALENCAR.<\/a><\/li>\n\t\t<li class=\"wsp-post\"><a href=\"https:\/\/saobernardo.ma.gov.br\/transparencia\/portarias\/portaria-no-024-de-01-de-janeiro-de-2025-resolve-nomear-para-o-cargo-em-comissao-de-assessor-juridico-dans-da-procuradoria-geral-municipal-oa-sra-jose-de-alencar-soares-junior\/\">PORTARIA N\u00ba 024, DE 01 DE JANEIRO DE 2025 &#8211; RESOLVE NOMEAR, para o Cargo em Comiss\u00e3o de ASSESSOR JURIDICO &#8211; DANS, da PROCURADORIA GERAL MUNICIPAL, o(a) Sr(a). JOSE DE ALENCAR SOARES JUNIOR.<\/a><\/li>\n\t\t<li class=\"wsp-post\"><a href=\"https:\/\/saobernardo.ma.gov.br\/transparencia\/portarias\/portaria-no-023-de-01-de-janeiro-de-2025-resolve-nomear-para-o-cargo-em-comissao-de-coordenador-de-tributos-e-arrecadacao-dans-da-secretaria-municipal-de-fazenda-oa-s-r-genezio-evangelista\/\">PORTARIA N\u00ba 023, DE 01 DE JANEIRO DE 2025 &#8211; RESOLVE NOMEAR, para o Cargo em Comiss\u00e3o de COORDENADOR DE TRIBUTOS E ARRECADA\u00c7\u00c3O &#8211; DANS, da SECRETARIA MUNICIPAL DE FAZENDA, o(a) S.r. GENEZIO EVANGELISTA DE CARVALHO JUNIOR.<\/a><\/li>\n\t\t<li class=\"wsp-post\"><a href=\"https:\/\/saobernardo.ma.gov.br\/transparencia\/portarias\/portaria-no-022-de-01-de-janeiro-de-2025-resolve-nomear-para-o-cargo-em-comissao-de-coordenador-de-contabilidade-publica-dans-da-secretaria-municipal-de-fazenda-oa-sra-walter-de-sousa-bar\/\">PORTARIA N\u00ba 022, DE 01 DE JANEIRO DE 2025 &#8211; RESOLVE NOMEAR, para o Cargo em Comiss\u00e3o de COORDENADOR DE CONTABILIDADE PUBLICA &#8211; DANS, da SECRETARIA MUNICIPAL DE FAZENDA, o(a) Sr(a). WALTER DE SOUSA BARROS.<\/a><\/li>\n\t\t<li class=\"wsp-post\"><a href=\"https:\/\/saobernardo.ma.gov.br\/transparencia\/portarias\/portaria-no-021-de-01-de-janeiro-de-2025-resolve-nomear-para-o-cargo-em-comissao-de-assessor-tecnico-administrativo-dai-1-da-secretaria-municipal-de-gestao-oa-sra-luciana-pereira-silva-cu\/\">PORTARIA N\u00ba 021, DE 01 DE JANEIRO DE 2025 &#8211; RESOLVE NOMEAR, para o Cargo em Comiss\u00e3o de ASSESSOR TECNICO ADMINISTRATIVO &#8211; DAI-1, da SECRETARIA MUNICIPAL DE GEST\u00c3O, o(a) Sr(a). LUCIANA PEREIRA SILVA CUNHA.<\/a><\/li>\n\t\t<li class=\"wsp-post\"><a href=\"https:\/\/saobernardo.ma.gov.br\/transparencia\/portarias\/portaria-no-020-de-01-de-janeiro-de-2025-resolve-nomear-para-o-cargo-em-comissao-de-assessor-tecnico-administrativo-dai-1-da-secretaria-municipal-de-gestao-oa-sra-jakeson-da-conceicao-da\/\">PORTARIA N\u00ba 020, DE 01 DE JANEIRO DE 2025 &#8211; RESOLVE NOMEAR, para o Cargo em Comiss\u00e3o de ASSESSOR TECNICO ADMINISTRATIVO &#8211; DAI-1, da SECRETARIA MUNICIPAL DE GEST\u00c3O, o(a) Sr(a). JAKESON DA CONCEICAO DA SILVA.<\/a><\/li>\n\t\t<li class=\"wsp-post\"><a href=\"https:\/\/saobernardo.ma.gov.br\/transparencia\/portarias\/portaria-no-019-de-01-de-janeiro-de-2025-resolve-nomear-para-responder-interinamente-pelo-cargo-em-comissao-de-secretario-municipal-dga-da-secretaria-municipal-de-obras-patrimonio-e-l\/\">PORTARIA N\u00ba 019, DE 01 DE JANEIRO DE 2025 &#8211; RESOLVE NOMEAR, para responder Interinamente, pelo Cargo em Comiss\u00e3o de Secret\u00e1rio Municipal \u2013 DGA, da Secretaria Municipal de Obras, Patrim\u00f4nio e Log\u00edstica, o Sr. CLAYTON SOUZA SILVA.<\/a><\/li>\n\t\t<li class=\"wsp-post\"><a href=\"https:\/\/saobernardo.ma.gov.br\/transparencia\/portarias\/portaria-no-018-de-01-de-janeiro-de-2025-resolve-designar-para-o-cargo-em-comissao-de-coordenador-geral-de-compras-licitacao-e-logistica-pregoeiro-dans-da-secretaria-municipal-de-gestao-oa\/\">PORTARIA N\u00ba 018, DE 01 DE JANEIRO DE 2025 &#8211; RESOLVE DESIGNAR, para o Cargo em Comiss\u00e3o de COORDENADOR GERAL DE COMPRAS, LICITA\u00c7\u00c3O E LOGISTICA (PREGOEIRO) &#8211; DANS, da SECRETARIA MUNICIPAL DE GEST\u00c3O, o(a) Sr(a). ADILA CRISTINA DOS REIS PEREIRA<\/a><\/li>\n\t\t<li class=\"wsp-post\"><a href=\"https:\/\/saobernardo.ma.gov.br\/transparencia\/portarias\/portaria-no-017-de-01-de-janeiro-de-2025-resolve-nomear-interinamente-para-o-cargo-em-comissao-interinamente-de-coordenadora-de-recursos-humanos-dans-da-secretaria-municipal-de-gestao-oa-s\/\">PORTARIA N\u00ba 017, DE 01 DE JANEIRO DE 2025 &#8211; RESOLVE NOMEAR, INTERINAMENTE para o Cargo em Comiss\u00e3o Interinamente de COORDENADOR(A) DE RECURSOS HUMANOS &#8211; DANS, da SECRETARIA MUNICIPAL DE GEST\u00c3O, o(a) Sr(a). THATILA COSTA DOS SANTOS LIMA.<\/a><\/li>\n\t\t<li class=\"wsp-post\"><a href=\"https:\/\/saobernardo.ma.gov.br\/transparencia\/portarias\/portaria-no-016-de-01-de-janeiro-de-2025-resolve-nomear-para-o-cargo-em-comissao-de-secretario-a-municipal-dga-da-secretaria-municipal-de-esporte-e-lazer-oa-sra-afranio-coelho-amorim\/\">PORTARIA N\u00ba 016, DE 01 DE JANEIRO DE 2025 &#8211; RESOLVE NOMEAR, para o Cargo em Comiss\u00e3o de SECRETARIO (A) MUNICIPAL &#8211; DGA, da SECRETARIA MUNICIPAL DE ESPORTE E LAZER, o(a) Sr(a). AFRANIO COELHO AMORIM.<\/a><\/li>\n\t\t<li class=\"wsp-post\"><a href=\"https:\/\/saobernardo.ma.gov.br\/transparencia\/portarias\/portaria-no-015-de-01-de-janeiro-de-2025-nomear-para-o-cargo-em-comissao-de-secretario-a-municipal-dga-da-secretaria-municipal-de-abastecimento-e-recursos-hidricos-oa-sra-romulo-carvalh\/\">PORTARIA N\u00ba 015, DE 01 DE JANEIRO DE 2025 &#8211; NOMEAR, para o Cargo em Comiss\u00e3o de SECRETARIO (A) MUNICIPAL &#8211; DGA, da SECRETARIA MUNICIPAL DE ABASTECIMENTO E RECURSOS HIDRICOS, o(a) Sr(a). ROMULO CARVALHO SILVA.<\/a><\/li>\n\t\t<li class=\"wsp-post\"><a href=\"https:\/\/saobernardo.ma.gov.br\/transparencia\/portarias\/portaria-no-014-de-01-de-janeiro-de-2025-resolve-nomear-para-o-cargo-em-comissao-de-secretario-a-municipal-dga-da-secretaria-municipal-de-urbanismo-e-servicos-publicos-oa-sra-clayton-so\/\">PORTARIA N\u00ba 014, DE 01 DE JANEIRO DE 2025 &#8211; RESOLVE NOMEAR, para o Cargo em Comiss\u00e3o de SECRETARIO (A) MUNICIPAL &#8211; DGA, da SECRETARIA MUNICIPAL DE URBANISMO E SERVICOS PUBLICOS, o(a) Sr(a). CLAYTON SOUZA SILVA.<\/a><\/li>\n\t\t<li class=\"wsp-post\"><a href=\"https:\/\/saobernardo.ma.gov.br\/transparencia\/portarias\/portaria-no-013-de-01-de-janeiro-de-2025-resolve-nomear-para-o-cargo-em-comissao-de-secretario-a-municipal-dga-da-secretaria-municipal-de-juventude-mulheres-e-minorias-oa-sr-andre-filipe\/\">PORTARIA N\u00ba 013, DE 01 DE JANEIRO DE 2025 &#8211; RESOLVE NOMEAR, para o Cargo em Comiss\u00e3o de SECRETARIO (A) MUNICIPAL &#8211; DGA, da SECRETARIA MUNICIPAL DE JUVENTUDE, MULHERES E MINORIAS, o(a) Sr. ANDRE FILIPE PORTELA LIMA.<\/a><\/li>\n\t\t<li class=\"wsp-post\"><a href=\"https:\/\/saobernardo.ma.gov.br\/transparencia\/portarias\/portaria-no-012-de-01-de-janeiro-de-2025-resolve-nomear-para-o-cargo-em-comissao-de-secretario-a-municipal-dga-da-secretaria-municipal-de-agricultura-pesca-e-pecuaria-oa-sra-gilberto-d\/\">PORTARIA N\u00ba 012, DE 01 DE JANEIRO DE 2025 &#8211; RESOLVE NOMEAR, para o Cargo em Comiss\u00e3o de SECRETARIO (A) MUNICIPAL &#8211; DGA, da SECRETARIA MUNICIPAL DE AGRICULTURA, PESCA E PECUARIA, o(a) Sr(a). GILBERTO DE OLIVEIRA MARQUES<\/a><\/li>\n\t\t<li class=\"wsp-post\"><a href=\"https:\/\/saobernardo.ma.gov.br\/transparencia\/portarias\/portaria-no-011-de-01-de-janeiro-de-2025-resolve-nomear-para-o-cargo-em-comissao-de-secretario-a-municipal-dga-da-secretaria-municipal-de-comunicacao-e-cultura-oa-sra-geneilson-rocha-cr\/\">PORTARIA N\u00ba 011, DE 01 DE JANEIRO DE 2025 &#8211; RESOLVE NOMEAR, para o Cargo em Comiss\u00e3o de SECRETARIO (A) MUNICIPAL &#8211; DGA, da SECRETARIA MUNICIPAL DE COMUNICACAO E CULTURA, o(a) Sr(a). GENEILSON ROCHA CRUZ.<\/a><\/li>\n\t\t<li class=\"wsp-post\"><a href=\"https:\/\/saobernardo.ma.gov.br\/transparencia\/portarias\/portaria-no-010-de-01-de-janeiro-de-2025-resolve-nomear-para-o-cargo-em-comissao-de-secretario-a-municipal-dga-da-secretaria-municipal-de-meio-ambiente-oa-sra-isabela-vieira-carvalho\/\">PORTARIA N\u00ba 010, DE 01 DE JANEIRO DE 2025 &#8211; RESOLVE NOMEAR, para o Cargo em Comiss\u00e3o de SECRETARIO (A) MUNICIPAL &#8211; DGA, da SECRETARIA MUNICIPAL DE MEIO AMBIENTE, o(a) Sr(a). ISABELA VIEIRA CARVALHO DE MORAES.<\/a><\/li>\n\t\t<li class=\"wsp-post\"><a href=\"https:\/\/saobernardo.ma.gov.br\/transparencia\/portarias\/portaria-no-09-de-01-de-janeiro-de-2025-resolve-nomear-para-o-cargo-em-comissao-de-secretario-a-municipal-dga-da-secretaria-municipal-de-saude-oa-sra-graziela-marques-moreno\/\">PORTARIA N\u00ba 09, DE 01 DE JANEIRO DE 2025 &#8211; RESOLVE NOMEAR, para o Cargo em Comiss\u00e3o de SECRETARIO (A) MUNICIPAL &#8211; DGA, da SECRETARIA MUNICIPAL DE SA\u00daDE, o(a) Sr(a). GRAZIELA MARQUES MORENO.<\/a><\/li>\n\t\t<li class=\"wsp-post\"><a href=\"https:\/\/saobernardo.ma.gov.br\/transparencia\/portarias\/portaria-no-08-de-01-de-janeiro-de-2025-resolve-nomear-para-o-cargo-em-comissao-de-secretario-a-municipal-dga-da-secretaria-municipal-de-educacao-ciencia-tecnologia-e-inovacao-oa-sra\/\">PORTARIA N\u00ba 08, DE 01 DE JANEIRO DE 2025 &#8211; RESOLVE NOMEAR, para o Cargo em Comiss\u00e3o de SECRETARIO (A) MUNICIPAL &#8211; DGA, da SECRETARIA MUNICIPAL DE EDUCA\u00c7\u00c3O, CI\u00caNCIA, TECNOLOGIA E INOVA\u00c7\u00c3O, o(a) Sr(a). DINAMARA AMADOR SOUSA REGO<\/a><\/li>\n\t\t<li class=\"wsp-post\"><a href=\"https:\/\/saobernardo.ma.gov.br\/transparencia\/portarias\/portaria-no-07-de-01-de-janeiro-de-2025-resolve-nomear-para-o-cargo-em-comissao-de-secretario-a-municipal-dga-da-secretaria-municipal-de-assistencia-social-oa-sra-tassila-candeira-costa\/\">PORTARIA N\u00ba 07, DE 01 DE JANEIRO DE 2025 &#8211; RESOLVE NOMEAR, para o Cargo em Comiss\u00e3o de SECRETARIO (A) MUNICIPAL &#8211; DGA, da SECRETARIA MUNICIPAL DE ASSIST\u00caNCIA SOCIAL, o(a) Sr(a). TASSILA CANDEIRA COSTA CARVALHO.<\/a><\/li>\n\t\t<li class=\"wsp-post\"><a href=\"https:\/\/saobernardo.ma.gov.br\/transparencia\/portarias\/portaria-no-06-de-01-de-janeiro-de-2025-resolve-nomear-para-o-cargo-em-comissao-de-controladora-geral-dga-da-controladoria-do-municipio-oa-sra-erika-raianna-da-silva-lima\/\">PORTARIA N\u00ba 06, DE 01 DE JANEIRO DE 2025 &#8211; RESOLVE NOMEAR, para o Cargo em Comiss\u00e3o de CONTROLADOR(A) GERAL &#8211; DGA, da CONTROLADORIA DO MUNICIPIO, o(a) Sr(a). ERIKA RAIANNA DA SILVA LIMA.<\/a><\/li>\n\t\t<li class=\"wsp-post\"><a href=\"https:\/\/saobernardo.ma.gov.br\/transparencia\/portarias\/portaria-no-05-de-01-de-janeiro-de-2025-resolve-nomear-para-o-cargo-em-comissao-de-procuradora-geral-dga-da-procuradoria-geral-municipal-oa-sra-natalia-candeira-costa-ferreira\/\">PORTARIA N\u00ba 05, DE 01 DE JANEIRO DE 2025 &#8211; RESOLVE NOMEAR, para o Cargo em Comiss\u00e3o de PROCURADOR(A) GERAL &#8211; DGA, da PROCURADORIA GERAL MUNICIPAL, o(a) Sr(a). NATALIA CANDEIRA COSTA FERREIRA.<\/a><\/li>\n\t\t<li class=\"wsp-post\"><a href=\"https:\/\/saobernardo.ma.gov.br\/transparencia\/portarias\/portaria-no-04-de-01-de-janeiro-de-2025-resolve-nomear-para-o-cargo-em-comissao-de-tesoureiro-geral-dans-da-secretaria-municipal-de-fazenda-oa-sra-manoel-de-jesus-silva-de-sousa\/\">PORTARIA N\u00ba 04, DE 01 DE JANEIRO DE 2025 &#8211; RESOLVE NOMEAR, para o Cargo em Comiss\u00e3o de TESOUREIRO GERAL &#8211; DANS, da SECRETARIA MUNICIPAL DE FAZENDA, o(a) Sr(a). MANOEL DE JESUS SILVA DE SOUSA.<\/a><\/li>\n\t\t<li class=\"wsp-post\"><a href=\"https:\/\/saobernardo.ma.gov.br\/transparencia\/portarias\/portaria-no-03-de-01-de-janeiro-de-2025-resolve-nomear-para-o-cargo-em-comissao-de-secretarioa-municipal-dga-da-secretaria-municipal-de-fazenda-oa-sra-ronaldo-de-oliveira-sousa\/\">PORTARIA N\u00ba 03, DE 01 DE JANEIRO DE 2025 &#8211; RESOLVE NOMEAR, para o Cargo em Comiss\u00e3o de SECRETARIO(A) MUNICIPAL &#8211; DGA, da SECRETARIA MUNICIPAL DE FAZENDA, o(a) Sr(a). RONALDO DE OLIVEIRA SOUSA.<\/a><\/li>\n\t\t<li class=\"wsp-post\"><a href=\"https:\/\/saobernardo.ma.gov.br\/transparencia\/portarias\/portaria-no-02-de-01-de-janeiro-de-2025-resolve-nomear-para-o-cargo-em-comissao-de-chefe-de-gabinete-dans-do-gabinete-do-prefeito-oa-sra-nara-lettycia-rocha-tomaz\/\">PORTARIA N\u00ba 02, DE 01 DE JANEIRO DE 2025 &#8211; RESOLVE NOMEAR, para o Cargo em Comiss\u00e3o de CHEFE DE GABINETE &#8211; DANS, do GABINETE DO PREFEITO, o(a) Sr(a). NARA LETTYCIA ROCHA TOMAZ.<\/a><\/li>\n\t\t<li class=\"wsp-post\"><a href=\"https:\/\/saobernardo.ma.gov.br\/transparencia\/portarias\/portaria-no-01-de-01-de-janeiro-de-2025-resolve-nomear-para-o-cargo-em-comissao-de-secretarioa-municipal-dga-da-secretaria-municipal-de-gestao-oa-s-r-a-francisco-das-chagas-pereira-de-s\/\">PORTARIA N\u00ba 01, DE 01 DE JANEIRO DE 2025 &#8211; RESOLVE NOMEAR, para o Cargo em Comiss\u00e3o de SECRETARIO(A) MUNICIPAL &#8211; DGA, da SECRETARIA MUNICIPAL DE GEST\u00c3O, o(a) S.r.(a). FRANCISCO DAS CHAGAS PEREIRA DE SOUZA.<\/a><\/li>\n\t\t<li class=\"wsp-post\"><a href=\"https:\/\/saobernardo.ma.gov.br\/transparencia\/portarias\/portaria-no-884-de-13-de-dezembro-de-2024-resolve-exonerar-a-pedido-do-cargo-efetivo-de-fisioterapeuta-municipal-da-secretaria-municipal-de-saude-o-sr-ygor-jose-cunha-da-silva\/\">PORTARIA N\u00ba 884, DE 13 DE DEZEMBRO DE 2024 &#8211; RESOLVE EXONERAR a pedido, do Cargo Efetivo de Fisioterapeuta  Municipal, da Secretaria Municipal de Sa\u00fade, o Sr. YGOR JOS\u00c9 CUNHA DA SILVA.<\/a><\/li>\n\t\t<li class=\"wsp-post\"><a href=\"https:\/\/saobernardo.ma.gov.br\/transparencia\/portarias\/portaria-no-883-de-11-de-dezembro-de-2024-resolve-exonerar-a-pedido-do-cargo-efetivo-de-auxiliar-de-enfermagem-da-secretaria-municipal-de-saude-a-sra-maria-alcionete-gomes-soares-menezes\/\">PORTARIA N\u00ba 883, DE 11 DE DEZEMBRO DE 2024 &#8211; RESOLVE EXONERAR a pedido, do Cargo Efetivo, de Auxiliar de  Enfermagem, da Secretaria Municipal de Sa\u00fade, a Sra. MARIA ALCIONETE GOMES  SOARES MENEZES.<\/a><\/li>\n\t\t<li class=\"wsp-post\"><a href=\"https:\/\/saobernardo.ma.gov.br\/transparencia\/portarias\/portaria-no-882-de-04-de-dezembro-de-2024-resolve-nomear-para-o-cargo-em-comissao-de-assessor-juridico-pedagogico-dans-da-secretaria-municipal-de-educacao-ciencia-tecnologia-e-inovacao-o-sr\/\">PORTARIA N\u00ba 882, DE 04 DE DEZEMBRO DE 2024 &#8211; RESOLVE NOMEAR, para o Cargo em Comiss\u00e3o de Assessor Jur\u00eddico Pedag\u00f3gico &#8211; DANS, da Secretaria Municipal de Educa\u00e7\u00e3o, Ci\u00eancia, Tecnologia e Inova\u00e7\u00e3o, o Sr. LUIS NUNES MARTINS NETO.<\/a><\/li>\n\t\t<li class=\"wsp-post\"><a href=\"https:\/\/saobernardo.ma.gov.br\/transparencia\/portarias\/portaria-no-881-de-02-de-dezembro-de-2024-resolve-exonerar-do-cargo-em-comissao-de-assessor-especial-nivel-iii-da-secretaria-municipal-de-direitos-humanos-e-cidadania-o-sr-renan-whantely-souza\/\">PORTARIA N\u00ba 881, DE 02 DE DEZEMBRO DE 2024 &#8211; RESOLVE EXONERAR, do Cargo em Comiss\u00e3o de Assessor Especial N\u00edvel III, da Secretaria Municipal de Cidadania e  Direitos Humanos, o Sr. RENAN WHANTELY SOUZA VAZ.<\/a><\/li>\n\t\t<li class=\"wsp-post\"><a href=\"https:\/\/saobernardo.ma.gov.br\/transparencia\/portarias\/portaria-no-880-de-26-de-novembro-de-2024-resolve-nomear-para-o-cargo-em-comissao-de-assessor-especial-nivel-iii-dai-1-do-gabinete-do-prefeito-o-sr-gildomar-farias-cardoso\/\">PORTARIA N\u00ba 880, DE 26 DE NOVEMBRO DE 2024 &#8211; RESOLVE NOMEAR, para o Cargo em Comiss\u00e3o de Assessor Especial N\u00edvel III \u2013 DAI-1, do Gabinete do Prefeito, o Sr. GILDOMAR FARIAS CARDOSO.<\/a><\/li>\n\t\t<li class=\"wsp-post\"><a href=\"https:\/\/saobernardo.ma.gov.br\/transparencia\/portarias\/portaria-no-879-de-08-de-novembro-de-2024-exonerar-do-cargo-em-comissao-de-inspetor-escolar-da-escola-municipal-cruzeiro-do-sul-a-sra-sara-regina-cunha-da-cruz\/\">PORTARIA N\u00ba 879, DE 08 DE NOVEMBRO DE 2024 &#8211; EXONERAR, do Cargo em Comiss\u00e3o de Inspetor Escolar, da  Escola Municipal Cruzeiro do Sul, a Sra. SARA REGINA CUNHA DA CRUZ.<\/a><\/li>\n\t\t<li class=\"wsp-post\"><a href=\"https:\/\/saobernardo.ma.gov.br\/transparencia\/portarias\/portaria-no-878-de-08-de-novembro-de-2024-resolve-nomear-para-o-cargo-em-comissao-de-chefe-do-departamento-do-censo-escolar-das-da-secretaria-municipal-de-educacao-ciencia-tecnologia\/\">PORTARIA N\u00ba 878, DE 08 DE NOVEMBRO DE 2024 &#8211; RESOLVE NOMEAR, para o Cargo em Comiss\u00e3o de Chefe do Departamento  do Censo Escolar \u2013 DAS, da Secretaria Municipal de Educa\u00e7\u00e3o, Ci\u00eancia, Tecnologia  e Inova\u00e7\u00e3o, a Sra. SUZANY MEIRELES SILVA.<\/a><\/li>\n\t\t<li class=\"wsp-post\"><a href=\"https:\/\/saobernardo.ma.gov.br\/transparencia\/portarias\/portaria-no-877-de-08-de-novembro-de-2024-resolve-exonerar-do-cargo-em-comissao-de-assessor-pedagogico-nivel-iii-da-secretaria-municipal-de-educacao-ciencia-tecnologia-e-inovacao-a-sra-suza\/\">PORTARIA N\u00ba 877, DE 08 DE NOVEMBRO DE 2024 &#8211; RESOLVE EXONERAR, do Cargo em Comiss\u00e3o de Assessor Pedag\u00f3gico  N\u00edvel III, da Secretaria Municipal de Educa\u00e7\u00e3o, Ci\u00eancia, Tecnologia e Inova\u00e7\u00e3o, a Sra.  SUZANY MEIRELES SILVA.<\/a><\/li>\n\t\t<li class=\"wsp-post\"><a href=\"https:\/\/saobernardo.ma.gov.br\/transparencia\/portarias\/portaria-no-876-de-01-de-novembro-de-2024-resolve-nomear-para-o-cargo-em-comissao-de-chefe-do-departamento-de-urbanizacao-e-paisagismo-das-da-secretaria-municipal-de-urbanismo-e-servicos-public\/\">PORTARIA N\u00ba 876, DE 01 DE NOVEMBRO DE 2024 &#8211; RESOLVE NOMEAR, para o Cargo em Comiss\u00e3o de Chefe do Departamento de Urbaniza\u00e7\u00e3o e Paisagismo &#8211; DAS, da Secretaria Municipal de Urbanismo e Servi\u00e7os P\u00fablicos, o Sr. WAGNER CARVALHO SILVA.<\/a><\/li>\n\t\t<li class=\"wsp-post\"><a href=\"https:\/\/saobernardo.ma.gov.br\/transparencia\/portarias\/portaria-no-875-de-01-de-novembro-de-2024-resolve-exonerar-do-cargo-em-comissao-de-chefe-do-departamento-de-transportes-da-secretaria-municipal-de-educacao-ciencia-tecnologia-e-inovacao-o-sr\/\">PORTARIA N\u00ba 875, DE 01 DE NOVEMBRO DE 2024 &#8211; RESOLVE EXONERAR, do Cargo em Comiss\u00e3o de Chefe do Departamento de Transportes, da Secretaria Municipal de Educa\u00e7\u00e3o, Ci\u00eancia, Tecnologia e Inova\u00e7\u00e3o, o Sr. WAGNER CARVALHO SILVA.<\/a><\/li>\n\t\t<li class=\"wsp-post\"><a href=\"https:\/\/saobernardo.ma.gov.br\/transparencia\/portarias\/portaria-no-874-de-31-de-outubro-de-2024-resolve-nomear-para-responder-interinamente-pelo-cargo-em-comissao-de-secretario-municipal-dga-da-secretaria-municipal-de-obras-patrimonio-e-l\/\">PORTARIA N\u00ba 874, DE 31 DE OUTUBRO DE 2024 &#8211; RESOLVE NOMEAR, para responder Interinamente, pelo Cargo em Comiss\u00e3o de Secret\u00e1rio Municipal \u2013 DGA, da Secretaria Municipal de Obras, Patrim\u00f4nio e Log\u00edstica, o Sr. CLAYTON SOUZA SILVA.<\/a><\/li>\n\t\t<li class=\"wsp-post\"><a href=\"https:\/\/saobernardo.ma.gov.br\/transparencia\/portarias\/portaria-no-873-de-29-de-outubro-de-2024-resolve-nomear-para-o-cargo-em-comissao-de-secretario-municipal-dga-da-secretaria-municipal-de-abastecimento-e-recursos-hidricos-o-sr-romulo\/\">PORTARIA N\u00ba 873, DE 29 DE OUTUBRO DE 2024 &#8211; RESOLVE NOMEAR, para o Cargo em Comiss\u00e3o de Secret\u00e1rio Municipal \u2013  DGA, da Secretaria Municipal de Abastecimento e Recursos H\u00eddricos, o Sr. ROMULO  CARVALHO SILVA.<\/a><\/li>\n\t\t<li class=\"wsp-post\"><a href=\"https:\/\/saobernardo.ma.gov.br\/transparencia\/portarias\/portaria-no-872-de-29-de-outubro-de-2024-resolve-exonerar-do-cargo-em-comissao-de-chefe-do-departamento-de-urbanizacao-e-paisagismo-da-secretaria-municipal-de-urbanismo-e-servicos-publicos-o\/\">PORTARIA N\u00ba 872, DE 29 DE OUTUBRO DE 2024 &#8211; RESOLVE  EXONERAR, do Cargo em Comiss\u00e3o de Chefe do Departamento  de Urbaniza\u00e7\u00e3o e Paisagismo, da Secretaria Municipal de Urbanismo e Servi\u00e7os  P\u00fablicos, o Sr. ROMULO CARVLAHO SILVA.<\/a><\/li>\n\t\t<li class=\"wsp-post\"><a href=\"https:\/\/saobernardo.ma.gov.br\/transparencia\/portarias\/portaria-no-871-a-de-28-de-outubro-de-2024-institui-a-comissao-de-transicao-de-governo-do-poder-executivo-municipal-de-que-trata-a-lei-organica-do-municipio-a-instrucao-normativa-tce-ma-n\/\">PORTARIA N\u00ba 871-A, DE 28 DE OUTUBRO DE 2024 &#8211; \u201cInstitui a Comiss\u00e3o de Transi\u00e7\u00e3o de Governo do Poder Executivo Municipal de que trata a Lei Org\u00e2nica do Munic\u00edpio, a Instru\u00e7\u00e3o Normativa TCE\/MA n\u00ba 80\/2024, a Lei Federal n\u00ba 10.609\/02 e, d\u00e1 outras providencias.\u201d<\/a><\/li>\n\t\t<li class=\"wsp-post\"><a href=\"https:\/\/saobernardo.ma.gov.br\/transparencia\/portarias\/portaria-no-871-de-22-de-outubro-de-2024-resolve-nomear-para-o-cargo-em-comissao-de-secretaria-municipal-dga-da-secretaria-municipal-de-saude-a-sra-graziela-marques-moreno\/\">PORTARIA N\u00ba 871, DE 22 DE OUTUBRO DE 2024 &#8211; RESOLVE NOMEAR, para o Cargo em Comiss\u00e3o de Secret\u00e1ria Municipal \u2013 DGA, da Secretaria Municipal de Sa\u00fade, a Sra. GRAZIELA MARQUES MORENO.<\/a><\/li>\n\t\t<li class=\"wsp-post\"><a href=\"https:\/\/saobernardo.ma.gov.br\/transparencia\/portarias\/portaria-no-870-de-22-de-outubro-de-2024-resolve-exonerar-do-cargo-em-comissao-de-diretora-adjunta-do-hospital-da-secretaria-municipal-de-saude-a-sra-graziela-marques-moreno\/\">PORTARIA N\u00ba 870, DE 22 DE OUTUBRO DE 2024 &#8211; RESOLVE EXONERAR, do Cargo em Comiss\u00e3o de Diretora Adjunta do Hospital, da Secretaria  Municipal de Sa\u00fade, a Sra. GRAZIELA MARQUES MORENO.<\/a><\/li>\n\t\t<li class=\"wsp-post\"><a href=\"https:\/\/saobernardo.ma.gov.br\/transparencia\/portarias\/portaria-no-869-de-22-de-outubro-de-2024-resolve-nomear-para-o-cargo-em-comissao-de-secretaria-municipal-da-secretaria-municipal-de-educacao-ciencia-tecnologia-e-inovacao-a-sra-dinamara-amad\/\">PORTARIA N\u00ba 869, DE 22 DE OUTUBRO DE 2024 &#8211; RESOLVE NOMEAR, para o Cargo em Comiss\u00e3o de Secret\u00e1ria Municipal, da Secretaria  Municipal de Educa\u00e7\u00e3o, Ci\u00eancia, Tecnologia e Inova\u00e7\u00e3o, a Sra. DINAMARA AMADOR  SOUSA R\u00caGO.<\/a><\/li>\n\t\t<li class=\"wsp-post\"><a href=\"https:\/\/saobernardo.ma.gov.br\/transparencia\/portarias\/portaria-no-868-de-22-de-outubro-de-2024-resolve-exonerar-do-cargo-em-comissao-de-assessor-pedagogico-nivel-ii-das-da-secretaria-municipal-de-educacao-semecti-a-sra-dinamara-amador\/\">PORTARIA N\u00ba 868, DE 22 DE OUTUBRO DE 2024 &#8211; RESOLVE EXONERAR, do Cargo em Comiss\u00e3o de Assessor Pedag\u00f3gico N\u00edvel II \u2013 DAS, da  Secretaria Municipal de Educa\u00e7\u00e3o &#8211; SEMECTI, a Sra. DINAMARA AMADOR SOUSA.<\/a><\/li>\n\t\t<li class=\"wsp-post\"><a href=\"https:\/\/saobernardo.ma.gov.br\/transparencia\/portarias\/portaria-no-867-de-16-de-outubro-de-2024-resolve-exonerar-do-cargo-em-comissao-de-coordenador-de-recursos-humanos-da-secretaria-municipal-assistencia-social-o-sr-moises-soares-silva\/\">PORTARIA N\u00ba 867, DE 16 DE OUTUBRO DE 2024 &#8211; RESOLVE EXONERAR, do Cargo em Comiss\u00e3o de Coordenador de  Recursos Humanos, da Secretaria Municipal Assist\u00eancia Social, o Sr. MOISES  SOARES SILVA<\/a><\/li>\n\t\t<li class=\"wsp-post\"><a href=\"https:\/\/saobernardo.ma.gov.br\/transparencia\/portarias\/portaria-no-866-de-16-de-outubro-de-2024-resolve-exonerar-do-cargo-em-comissao-de-secretario-municipal-da-secretaria-municipal-de-abastecimento-e-recursos-hidricos-o-sr-bernardo-wagner-rocha\/\">PORTARIA N\u00ba 866, DE 16 DE OUTUBRO DE 2024 &#8211; RESOLVE EXONERAR, do Cargo em Comiss\u00e3o de Secret\u00e1rio Municipal, da  Secretaria Municipal de Abastecimento e Recursos H\u00eddricos, o Sr. BERNARDO  WAGNER ROCHA SILVA<\/a><\/li>\n\t\t<li class=\"wsp-post\"><a href=\"https:\/\/saobernardo.ma.gov.br\/transparencia\/portarias\/portaria-no-865-de-16-de-outubro-de-2024-resolve-exonerar-do-cargo-interino-de-secretario-municipal-da-secretaria-municipal-de-obras-patrimonio-e-logistica-o-sr-bernardo-wagner-rocha-silva\/\">PORTARIA N\u00ba 865, DE 16 DE OUTUBRO DE 2024 &#8211; RESOLVE EXONERAR, do Cargo Interino, de Secret\u00e1rio Municipal, da  Secretaria Municipal de Obras, Patrim\u00f4nio e Log\u00edstica, o Sr. BERNARDO WAGNER  ROCHA SILVA<\/a><\/li>\n\t\t<li class=\"wsp-post\"><a href=\"https:\/\/saobernardo.ma.gov.br\/transparencia\/portarias\/portaria-no-864-de-16-de-outubro-de-2024-resolve-exonerar-do-cargo-em-comissao-de-diretor-escolar-da-escola-municipal-coracao-de-jesus-o-sr-jose-arnaldo-da-silva-sousa\/\">PORTARIA N\u00ba 864, DE 16 DE OUTUBRO DE 2024 &#8211; RESOLVE EXONERAR, do Cargo em Comiss\u00e3o de Diretor Escolar, da  Escola Municipal, Cora\u00e7\u00e3o de Jesus, o Sr. JOS\u00c9 ARNALDO DA SILVA SOUSA<\/a><\/li>\n\t\t<li class=\"wsp-post\"><a href=\"https:\/\/saobernardo.ma.gov.br\/transparencia\/portarias\/portaria-no-863-de-16-de-outubro-de-2024-resolve-exonerar-do-cargo-interino-de-secretario-municipal-da-secretaria-municipal-de-cidadania-e-direitos-humanos-o-sr-haroldo-aires-castro\/\">PORTARIA N\u00ba 863, DE 16 DE OUTUBRO DE 2024 &#8211; RESOLVE EXONERAR, do Cargo Interino, de Secret\u00e1rio Municipal, da  Secretaria Municipal de Cidadania e Direitos Humanos, o Sr. HAROLDO AIRES  CASTRO<\/a><\/li>\n\t\t<li class=\"wsp-post\"><a href=\"https:\/\/saobernardo.ma.gov.br\/transparencia\/portarias\/portaria-no-862-de-16-de-outubro-de-2024-resolve-exonerar-do-cargo-em-comissao-de-secretario-municipal-da-secretaria-municipal-de-saude-o-sr-haroldo-aires-castro\/\">PORTARIA N\u00ba 862, DE 16 DE OUTUBRO DE 2024 &#8211; RESOLVE EXONERAR, do Cargo em Comiss\u00e3o de Secret\u00e1rio Municipal, da  Secretaria Municipal de Sa\u00fade, o Sr. HAROLDO AIRES CASTRO.<\/a><\/li>\n\t\t<li class=\"wsp-post\"><a href=\"https:\/\/saobernardo.ma.gov.br\/transparencia\/portarias\/portaria-no-861-de-16-de-outubro-de-2024-resolve-exonerar-do-cargo-em-comissao-de-coordenador-de-estatistica-da-secretaria-municipal-de-educacao-ciencia-tecnologia-e-inovacao-o-sr-vitor-car\/\">PORTARIA N\u00ba 861, DE 16 DE OUTUBRO DE 2024 &#8211; RESOLVE EXONERAR, do Cargo em Comiss\u00e3o de Coordenador de  Estat\u00edstica, da Secretaria Municipal de Educa\u00e7\u00e3o, Ci\u00eancia, Tecnologia e Inova\u00e7\u00e3o, o  Sr. VITOR CARLOS DIAS COSTA.<\/a><\/li>\n\t\t<li class=\"wsp-post\"><a href=\"https:\/\/saobernardo.ma.gov.br\/transparencia\/portarias\/portaria-no-860-de-16-de-outubro-de-2024-resolve-exonerar-do-cargo-em-comissao-de-chefe-do-departamento-do-censo-escolar-da-secretaria-municipal-de-educacao-ciencia-tecnologia-e-inovacao-a-s\/\">PORTARIA N\u00ba 860, DE 16 DE OUTUBRO DE 2024 &#8211; RESOLVE EXONERAR, do Cargo em Comiss\u00e3o de Chefe do Departamento  do Censo Escolar, da Secretaria Municipal de Educa\u00e7\u00e3o, Ci\u00eancia, Tecnologia e  Inova\u00e7\u00e3o, a Sra. SILVIA FEITOSA CANDEIRA.<\/a><\/li>\n\t\t<li class=\"wsp-post\"><a href=\"https:\/\/saobernardo.ma.gov.br\/transparencia\/portarias\/portaria-no-859-de-16-de-outubro-de-2024-resolve-exonerar-do-cargo-em-comissao-de-secretaria-municipal-da-secretaria-municipal-de-educacao-ciencia-tecnologia-e-inovacao-a-sra-leila-raquel-c\/\">PORTARIA N\u00ba 859, DE 16 DE OUTUBRO DE 2024 &#8211; RESOLVE EXONERAR, do Cargo em Comiss\u00e3o de Secret\u00e1ria Municipal, da  Secretaria Municipal de Educa\u00e7\u00e3o, Ci\u00eancia, Tecnologia e Inova\u00e7\u00e3o, a Sra. LEILA  RAQUEL COSTA CARVALHO.<\/a><\/li>\n\t\t<li class=\"wsp-post\"><a href=\"https:\/\/saobernardo.ma.gov.br\/transparencia\/portarias\/portaria-no-858-de-11-de-outubro-de-2024-resolve-nomear-para-o-cargo-em-comissao-de-secretario-municipal-dga-da-secretaria-municipal-de-gestao-o-sr-francisco-das-chagas-pereira-de-so\/\">PORTARIA N\u00ba 858, DE 11 DE OUTUBRO DE 2024 &#8211; RESOLVE NOMEAR, para o Cargo em Comiss\u00e3o de Secret\u00e1rio Municipal \u2013 DGA, da Secretaria Municipal de Gest\u00e3o, o Sr. FRANCISCO DAS CHAGAS PEREIRA  DE SOUZA.<\/a><\/li>\n\t\t<li class=\"wsp-post\"><a href=\"https:\/\/saobernardo.ma.gov.br\/transparencia\/portarias\/portaria-no-857-de-11-de-outubro-de-2024-resolve-exonerar-do-cargo-interino-de-secretario-municipal-de-gestao-a-sra-nara-lettycia-rocha-tomaz\/\">PORTARIA N\u00ba 857, DE 11 DE OUTUBRO DE 2024 &#8211; RESOLVE EXONERAR, do Cargo Interino, de Secret\u00e1rio Municipal de  Gest\u00e3o, a Sra. NARA LETTYCIA ROCHA TOMAZ.<\/a><\/li>\n\t\t<li class=\"wsp-post\"><a href=\"https:\/\/saobernardo.ma.gov.br\/transparencia\/portarias\/portaria-no-856-de-11-de-outubro-de-2024-resolve-nomear-para-o-cargo-em-comissao-de-assessor-especial-nivel-ii-dai-do-gabinete-do-prefeito-a-sra-maria-perpetuo-peres-de-oliveira-si\/\">PORTARIA N\u00ba 856, DE 11 DE OUTUBRO DE 2024 &#8211; RESOLVE  NOMEAR, para o Cargo em Comiss\u00e3o de Assessor Especial N\u00edvel  II \u2013 DAI, do Gabinete do Prefeito, a Sra. MARIA PERPETUO PERES DE OLIVEIRA  SILVA.<\/a><\/li>\n\t\t<li class=\"wsp-post\"><a href=\"https:\/\/saobernardo.ma.gov.br\/transparencia\/portarias\/portaria-no-855-de-11-de-outubro-de-2024-resolve-nomear-para-o-cargo-em-comissao-de-assessor-especial-nivel-ii-dai-do-gabinete-do-prefeito-a-sra-beniza-dos-santos-alves\/\">PORTARIA N\u00ba 855, DE 11 DE OUTUBRO DE 2024 &#8211; RESOLVE NOMEAR, para o Cargo em Comiss\u00e3o de Assessor Especial N\u00edvel  II \u2013 DAI, do Gabinete do Prefeito, a Sra. BENIZA DOS SANTOS ALVES.<\/a><\/li>\n\t\t<li class=\"wsp-post\"><a href=\"https:\/\/saobernardo.ma.gov.br\/transparencia\/portarias\/portaria-no-854-de-11-de-outubro-de-2024-resolve-nomear-para-o-cargo-em-comissao-de-assessor-especial-nivel-ii-dai-do-gabinete-do-prefeito-o-sr-domingos-spindola-dos-santos\/\">PORTARIA N\u00ba 854, DE 11 DE OUTUBRO DE 2024 &#8211; RESOLVE  NOMEAR, para o Cargo em Comiss\u00e3o de Assessor Especial N\u00edvel  II \u2013 DAI, do Gabinete do Prefeito, o Sr. DOMINGOS SPINDOLA DOS SANTOS.<\/a><\/li>\n\t\t<li class=\"wsp-post\"><a href=\"https:\/\/saobernardo.ma.gov.br\/transparencia\/portarias\/portaria-no-853-de-11-de-outubro-de-2024-resolve-nomear-para-o-cargo-em-comissao-de-assessor-juridico-pedagogico-dans-da-secretaria-municipal-de-educacao-ciencia-tecnologia-e-inovacao-o-s\/\">PORTARIA N\u00ba 853, DE 11 DE OUTUBRO DE 2024 &#8211; RESOLVE NOMEAR, para o Cargo em Comiss\u00e3o de Assessor Jur\u00eddico &#8211; Pedag\u00f3gico &#8211; DANS, da Secretaria Municipal de Educa\u00e7\u00e3o, Ci\u00eancia, Tecnologia e  Inova\u00e7\u00e3o, o Sr. JOELSI FRANK COSTA.<\/a><\/li>\n\t\t<li class=\"wsp-post\"><a href=\"https:\/\/saobernardo.ma.gov.br\/transparencia\/portarias\/portaria-no-852-de-11-de-outubro-de-2024-resolve-nomear-para-o-cargo-em-comissao-de-comandante-da-guarda-municipal-das-do-gabinete-do-prefeito-o-sr-luis-antonio-porto-de-castro-junior\/\">PORTARIA N\u00ba 852, DE 11 DE OUTUBRO DE 2024 &#8211; RESOLVE  NOMEAR, para o Cargo em Comiss\u00e3o de Comandante da Guarda  Municipal &#8211; DAS, do Gabinete do Prefeito, o Sr. LUIS ANTONIO PORTO DE CASTRO  JUNIOR.<\/a><\/li>\n\t\t<li class=\"wsp-post\"><a href=\"https:\/\/saobernardo.ma.gov.br\/transparencia\/portarias\/portaria-no-851-de-11-de-outubro-de-2024-resolve-exonerar-do-cargo-em-comissao-de-comandante-da-guarda-municipal-do-gabinete-do-prefeito-o-sr-aurelio-barroso-de-almeida\/\">PORTARIA N\u00ba 851, DE 11 DE OUTUBRO DE 2024 &#8211; RESOLVE EXONERAR, do Cargo em Comiss\u00e3o de Comandante da Guarda  Municipal, do Gabinete do Prefeito, o Sr. AURELIO BARROSO DE ALMEIDA.<\/a><\/li>\n\t\t<li class=\"wsp-post\"><a href=\"https:\/\/saobernardo.ma.gov.br\/transparencia\/portarias\/portaria-no-850-de-11-de-outubro-de-2024-resolve-nomear-para-o-cargo-em-comissao-de-assessor-especial-nivel-i-das-do-gabinete-do-prefeito-a-sra-maria-inalva-costa-de-carvalho\/\">REVOGADA &#8211; PORTARIA N\u00ba 850, DE 11 DE OUTUBRO DE 2024 &#8211; RESOLVE NOMEAR, para o Cargo em Comiss\u00e3o de Assessor Especial N\u00edvel  I \u2013 DAS, do Gabinete do Prefeito, a Sra. MARIA INALVA COSTA DE CARVALHO.<\/a><\/li>\n\t\t<li class=\"wsp-post\"><a href=\"https:\/\/saobernardo.ma.gov.br\/transparencia\/portarias\/portaria-no-849-de-11-de-outubro-de-2024-resolve-nomeaar-para-o-cargo-em-comissao-de-assessor-especial-nivel-ii-dai-do-gabinete-do-prefeito-o-sr-moacy-pereira-de-sousa\/\">REVOGADA &#8211; PORTARIA N\u00ba 849, DE 11 DE OUTUBRO DE 2024 &#8211; RESOLVE  NOMEAR, para o Cargo em Comiss\u00e3o de Assessor Especial  N\u00edvel II \u2013 DAI, do Gabinete do Prefeito, o Sr. MOACY PEREIRA DE SOUSA.<\/a><\/li>\n\t\t<li class=\"wsp-post\"><a href=\"https:\/\/saobernardo.ma.gov.br\/transparencia\/portarias\/portaria-no-848-de-10-de-outubro-de-2024-resolve-nomear-para-o-cargo-em-comissao-de-diretor-clinico-das-da-secretaria-municipal-de-saude-o-sr-antonio-jose-carvalho-duailibe\/\">REVOGADA &#8211; PORTARIA N\u00ba 848, DE 10 DE OUTUBRO DE 2024 &#8211; RESOLVE  NOMEAR, para o Cargo em Comiss\u00e3o de Diretor Cl\u00ednico \u2013 DAS,  da Secretaria Municipal de Sa\u00fade, o Sr. ANTONIO JOSE CARVALHO DUAILIBE.<\/a><\/li>\n\t\t<li class=\"wsp-post\"><a href=\"https:\/\/saobernardo.ma.gov.br\/transparencia\/portarias\/portaria-no-847-de-10-de-outubro-de-2024-resolve-nomear-para-o-cargo-em-comissao-de-diretor-escolar-da-escola-municipal-jardim-de-infancia-saci-perere-a-sra-antonia-caetano-de-almeida\/\">REVOGADA &#8211; PORTARIA N\u00ba 847, DE 10 DE OUTUBRO DE 2024 &#8211; RESOLVE NOMEAR, para o Cargo em Comiss\u00e3o de Diretor Escolar, da  Escola Municipal Jardim de Inf\u00e2ncia Saci- Perer\u00ea, a Sra. ANTONIA CAETANO DE  ALMEIDA.<\/a><\/li>\n\t\t<li class=\"wsp-post\"><a href=\"https:\/\/saobernardo.ma.gov.br\/transparencia\/portarias\/portaria-no-846-de-10-de-outubro-de-2024-resolve-nomear-para-o-cargo-em-comissao-de-assessor-especial-nivel-ii-dai-do-gabinete-do-prefeito-a-sra-maria-de-nazare-lopes-da-silva\/\">REVOGADA &#8211; PORTARIA N\u00ba 846, DE 10 DE OUTUBRO DE 2024 &#8211; RESOLVE NOMEAR, para o Cargo em Comiss\u00e3o de Assessor Especial N\u00edvel  II \u2013 DAI, do Gabinete do Prefeito, a Sra. MARIA DE NAZAR\u00c9 LOPES DA SILVA.<\/a><\/li>\n\t\t<li class=\"wsp-post\"><a href=\"https:\/\/saobernardo.ma.gov.br\/transparencia\/portarias\/portaria-no-845-de-10-de-outubro-de-2024-resolve-nomear-para-o-cargo-em-comissao-de-assessor-pedagogico-nivel-iii-dai-da-secretaria-municipal-de-educacao-ciencia-tecnologia-e-inovaca\/\">REVOGADA &#8211; PORTARIA N\u00ba 845, DE 10 DE OUTUBRO DE 2024 -RESOLVE  NOMEAR, para o Cargo em Comiss\u00e3o de Assessor Pedag\u00f3gico,  N\u00edvel III \u2013 DAI, da Secretaria Municipal de Educa\u00e7\u00e3o, Ci\u00eancia Tecnologia e Inova\u00e7\u00e3o,  o Sr. CARLOS DANIEL DE SENA ROCHA.<\/a><\/li>\n\t\t<li class=\"wsp-post\"><a href=\"https:\/\/saobernardo.ma.gov.br\/transparencia\/portarias\/portaria-no-844-de-10-de-outubro-de-2024-resolve-nomear-para-o-cargo-em-comissao-de-assessor-pedagogico-nivel-i-dans-da-secretaria-municipal-de-educacao-ciencia-tecnologia-e-inovacao-a-sra\/\">REVOGADA &#8211; PORTARIA N\u00ba 844, DE 10 DE OUTUBRO DE 2024 &#8211; RESOLVE NOMEAR, para o Cargo em Comiss\u00e3o de Assessor Pedag\u00f3gico N\u00edvel I &#8211; DANS, da Secretaria Municipal de Educa\u00e7\u00e3o, Ci\u00eancia, Tecnologia e Inova\u00e7\u00e3o,  a Sra. MARIA DAS GRA\u00c7AS SILVA MACHADO.<\/a><\/li>\n\t\t<li class=\"wsp-post\"><a href=\"https:\/\/saobernardo.ma.gov.br\/transparencia\/portarias\/portaria-no-843-de-10-de-outubro-de-2024-resolve-designar-para-o-cargo-em-comissao-de-supervisor-pedagogico-dans-da-secretaria-municipal-de-educacao-ciencia-tecnologia-e-inovacao-o-sr-abd\/\">PORTARIA N\u00ba 843, DE 10 DE OUTUBRO DE 2024 &#8211; RESOLVE DESIGNAR, para o Cargo em Comiss\u00e3o de Supervisor  Pedag\u00f3gico &#8211; DANS, da Secretaria Municipal de Educa\u00e7\u00e3o, Ci\u00eancia, Tecnologia e  Inova\u00e7\u00e3o, o Sr. ABDIAS FERREIRA DA COSTA FILHO.<\/a><\/li>\n\t\t<li class=\"wsp-post\"><a href=\"https:\/\/saobernardo.ma.gov.br\/transparencia\/portarias\/portaria-no-842-de-10-de-outubro-de-2024-resolve-nomear-para-o-cargo-em-comissao-de-diretor-adjunto-da-escola-municipal-nilza-coelho-lima-a-sra-raimunda-nonata-alves-garcez\/\">REVOGADA &#8211; PORTARIA N\u00ba 842, DE 10 DE OUTUBRO DE 2024 &#8211; RESOLVE NOMEAR, para o Cargo em Comiss\u00e3o de Diretor Adjunto, da  Escola Municipal Nilza Coelho Lima, a Sra. RAIMUNDA NONATA ALVES GARC\u00caZ.<\/a><\/li>\n\t\t<li class=\"wsp-post\"><a href=\"https:\/\/saobernardo.ma.gov.br\/transparencia\/portarias\/portaria-no-841-de-10-de-outubro-de-2024-resolve-nomear-para-o-cargo-em-comissao-de-assessor-pedagogico-nivel-i-dans-da-secretaria-municipal-de-educacao-ciencia-tecnologia-e-inova\/\">REVOGADA &#8211; PORTARIA N\u00ba 841, DE 10 DE OUTUBRO DE 2024 &#8211; RESOLVE NOMEAR, para o Cargo em Comiss\u00e3o de Assessor Pedag\u00f3gico  N\u00edvel I \u2013 DANS, da Secretaria Municipal de Educa\u00e7\u00e3o, Ci\u00eancia, Tecnologia e  Inova\u00e7\u00e3o, a Sra. CLAUDIANE GARC\u00caZ DE SOUSA SILVA.<\/a><\/li>\n\t\t<li class=\"wsp-post\"><a href=\"https:\/\/saobernardo.ma.gov.br\/transparencia\/portarias\/portaria-no-840-de-10-de-outubro-de-2024-resolve-nomear-para-o-cargo-em-comissao-de-assessor-especial-nivel-ii-dai-do-gabinete-do-prefeito-o-sr-claudio-jose-silva-cavalcante\/\">REVOGADA &#8211; PORTARIA N\u00ba 840, DE 10 DE OUTUBRO DE 2024 &#8211; RESOLVE NOMEAR, para o Cargo em Comiss\u00e3o de Assessor Especial N\u00edvel  II \u2013 DAI, do Gabinete do Prefeito, o Sr. CLAUDIO JOS\u00c9 SILVA CAVALCANTE.<\/a><\/li>\n\t\t<li class=\"wsp-post\"><a href=\"https:\/\/saobernardo.ma.gov.br\/transparencia\/portarias\/portaria-no-839-de-10-de-outubro-de-2024-resolve-nomear-para-o-cargo-em-comissao-de-assessor-especial-nivel-i-das-do-gabinete-do-prefeito-o-sr-airton-freire-de-sousa\/\">REVOGADA &#8211; PORTARIA N\u00ba 839, DE 10 DE OUTUBRO DE 2024 &#8211; RESOLVE NOMEAR, para o Cargo em Comiss\u00e3o de Assessor Especial N\u00edvel  I \u2013 DAS, do Gabinete do Prefeito, o Sr. AIRTON FREIRE DE SOUSA.<\/a><\/li>\n\t\t<li class=\"wsp-post\"><a href=\"https:\/\/saobernardo.ma.gov.br\/transparencia\/portarias\/portaria-no-838-de-10-de-outubro-de-2024-resolve-nomear-para-o-cargo-em-comissao-de-assessor-especial-nivel-iii-dai-1-do-gabinete-do-prefeito-a-sra-dilva-dos-santos-sousa\/\">REVOGADA &#8211; PORTARIA N\u00ba 838, DE 10 DE OUTUBRO DE 2024 &#8211; RESOLVE NOMEAR, para o Cargo em Comiss\u00e3o de Assessor Especial N\u00edvel  III &#8211; DAI &#8211; 1, do Gabinete do Prefeito, a Sra. DILVA DOS SANTOS SOUSA.<\/a><\/li>\n\t\t<li class=\"wsp-post\"><a href=\"https:\/\/saobernardo.ma.gov.br\/transparencia\/portarias\/portaria-no-837-de-10-de-outubro-de-2024-resolve-nomear-para-o-cargo-em-comissao-de-chefe-do-departamento-de-fiscalizacao-de-obras-das-da-secretaria-municipal-de-educacao-ciencia-tecnologi\/\">REVOGADA &#8211; PORTARIA N\u00ba 837, DE 10 DE OUTUBRO DE 2024 &#8211; RESOLVE  NOMEAR, para o Cargo em Comiss\u00e3o de Chefe do Departamento  de Fiscaliza\u00e7\u00e3o de Obras &#8211; DAS, da Secretaria Municipal de Educa\u00e7\u00e3o, Ci\u00eancia,  Tecnologia e Inova\u00e7\u00e3o, o Sr. LUCAS JO\u00c3O PAULO NUNES DA SILVA.<\/a><\/li>\n\t\t<li class=\"wsp-post\"><a href=\"https:\/\/saobernardo.ma.gov.br\/transparencia\/portarias\/portaria-no-836-de-09-de-outubro-de-2024-resolve-exonerar-por-falecimento-do-cargo-em-comissao-de-coordenador-pedagogico-do-polo-i-a-sra-tomazia-cardoso-santos-ferreira\/\">PORTARIA N\u00ba 836, DE 09 DE OUTUBRO DE 2024 &#8211; RESOLVE EXONERAR por falecimento, do Cargo em Comiss\u00e3o  de Coordenador Pedag\u00f3gico, do Polo I, a Sra. TOMAZIA CARDOSO SANTOS FERREIRA.<\/a><\/li>\n\t\t<li class=\"wsp-post\"><a href=\"https:\/\/saobernardo.ma.gov.br\/transparencia\/portarias\/portaria-no-835-de-11-de-setembro-de-2024-resolve-exonerar-a-pedido-do-cargo-em-comissao-de-assessor-especial-nivel-i-do-gabinete-do-prefeito-o-sr-francisco-das-chagas-pereira-de-souza\/\">PORTARIA N\u00ba 835, DE 11 DE SETEMBRO DE 2024 &#8211; RESOLVE EXONERAR a pedido, do Cargo em Comiss\u00e3o de Assessor Especial N\u00edvel I, do Gabinete do Prefeito, o Sr. FRANCISCO DAS CHAGAS PEREIRA DE SOUZA.<\/a><\/li>\n\t\t<li class=\"wsp-post\"><a href=\"https:\/\/saobernardo.ma.gov.br\/transparencia\/portarias\/portaria-no-834-de-06-de-setembro-de-2024-resolve-nomear-para-o-cargo-em-comissao-de-assessor-especial-nivel-ii-dai-do-gabinete-do-prefeito-o-sr-romario-pereira-da-costa\/\">REVOGADA &#8211; PORTARIA N\u00ba 834, DE 06 DE SETEMBRO DE 2024 &#8211; RESOLVE NOMEAR, para o cargo em Comiss\u00e3o de Assessor Especial N\u00edvel  II \u2013 DAI, do Gabinete do Prefeito, o Sr. ROMARIO PEREIRA DA COSTA.<\/a><\/li>\n\t\t<li class=\"wsp-post\"><a href=\"https:\/\/saobernardo.ma.gov.br\/transparencia\/portarias\/portaria-no-833-de-06-de-setembro-de-2024-resolve-exonerar-do-cargo-em-comissao-de-inspetor-escolar-do-polo-vi-o-sr-romario-pereira-da-costa\/\">PORTARIA N\u00ba 833, DE 06 DE SETEMBRO DE 2024 &#8211; RESOLVE EXONERAR, do Cargo em Comiss\u00e3o de Inspetor Escolar, do Polo  VI, o Sr. ROMARIO PEREIRA DA COSTA.<\/a><\/li>\n\t\t<li class=\"wsp-post\"><a href=\"https:\/\/saobernardo.ma.gov.br\/transparencia\/portarias\/portaria-conjunta-no-04-de-12-de-agosto-de-2024-dispoe-sobre-a-proibicao-de-entrada-de-garrafas-e-recipientes-de-vidros-no-circuito-da-praca-de-eventos-e-da-outras-provi\/\">PORTARIA CONJUNTA N\u00ba 04, DE 12 DE AGOSTO DE 2024 &#8211; \u201cDisp\u00f5e sobre a proibi\u00e7\u00e3o de entrada de garrafas e recipientes de vidros no circuito da \u201cPra\u00e7a de Eventos\u201d; e d\u00e1 outras provid\u00eancias\u201d<\/a><\/li>\n\t\t<li class=\"wsp-post\"><a href=\"https:\/\/saobernardo.ma.gov.br\/transparencia\/portarias\/portaria-no-832-de-01-de-agosto-de-2024-resolve-exonerar-a-pedido-do-cargo-em-comissao-de-assessor-pedagogico-nivel-iii-da-secretaria-municipal-de-educacao-ciencia-tecnologia-e-inovacao-o-sr-c\/\">PORTARIA N\u00ba 832, DE 01 DE AGOSTO DE 2024 &#8211; RESOLVE EXONERAR a pedido do Cargo em Comiss\u00e3o de Assessor Pedag\u00f3gico N\u00edvel III, da Secretaria Municipal de Educa\u00e7\u00e3o, Ci\u00eancia, Tecnologia e Inova\u00e7\u00e3o, o Sr. CARLOS DANIEL DE SENA ROCHA.<\/a><\/li>\n\t\t<li class=\"wsp-post\"><a href=\"https:\/\/saobernardo.ma.gov.br\/transparencia\/portarias\/portaria-no-831-de-30-de-julho-de-2024-resolve-nomear-para-o-cargo-em-comissao-de-assessor-especial-nivel-i-das-do-gabinete-do-prefeito-o-sr-rafael-freire-de-sousa\/\">REVOGADA &#8211; PORTARIA N\u00ba 831, DE 30 DE JULHO DE 2024 &#8211; RESOLVE NOMEAR, para o Cargo em Comiss\u00e3o de Assessor Especial N\u00edvel  I \u2013 DAS, do Gabinete do Prefeito, o Sr. RAFAEL FREIRE DE SOUSA.<\/a><\/li>\n\t\t<li class=\"wsp-post\"><a href=\"https:\/\/saobernardo.ma.gov.br\/transparencia\/portarias\/portaria-no-830-de-30-de-julho-de-2024-resolve-nomear-para-o-cargo-em-comissao-de-diretor-escolar-da-escola-municipal-tiradentes-a-sra-claudilene-messias-de-sousa-cruz\/\">REVOGADA &#8211; PORTARIA N\u00ba 830, DE 30 DE JULHO DE 2024 &#8211; RESOLVE NOMEAR, para o Cargo em Comiss\u00e3o de Diretor Escolar, da  Escola Municipal Tiradentes, a Sra. CLAUDILENE MESSIAS DE SOUSA CRUZ.<\/a><\/li>\n\t\t<li class=\"wsp-post\"><a href=\"https:\/\/saobernardo.ma.gov.br\/transparencia\/portarias\/portaria-no-829-de-30-de-julho-de-2024-resolve-exonerar-do-cargo-em-comissao-de-secretario-escolar-da-escola-municipal-tiradentes-a-sra-claudilene-messias-de-sousa-cruz\/\">PORTARIA N\u00ba 829, DE 30 DE JULHO DE 2024 &#8211; RESOLVE EXONERAR, do Cargo em Comiss\u00e3o de Secret\u00e1rio Escolar, da  Escola Municipal Tiradentes, a Sra. CLAUDILENE MESSIAS DE SOUSA CRUZ.<\/a><\/li>\n\t\t<li class=\"wsp-post\"><a href=\"https:\/\/saobernardo.ma.gov.br\/transparencia\/portarias\/portaria-no-828-de-28-de-maio-de-2024-resolve-exonerar-do-cargo-em-comissao-de-assessor-juridico-pedagogico-da-secretaria-municipal-de-educacao-ciencia-tecnologia-e-inovacao-a-sra-cynthia-soar\/\">PORTARIA N\u00ba 828, DE 28 DE MAIO DE 2024 &#8211; RESOLVE EXONERAR, do cargo em Comiss\u00e3o de Assessor Jur\u00eddico Pedag\u00f3gico da Secretaria Municipal de Educa\u00e7\u00e3o, Ci\u00eancia, Tecnologia e Inova\u00e7\u00e3o, a Sra. CYNTHIA SOARES DE CALDAS EWERTON<\/a><\/li>\n\t\t<li class=\"wsp-post\"><a href=\"https:\/\/saobernardo.ma.gov.br\/transparencia\/portarias\/portaria-no-827-de-25-de-julho-de-2024-resolve-exonerar-do-cargo-em-comissao-de-assessor-especial-nivel-iii-do-gabinete-do-prefeito-o-sr-gildomar-farias-cardoso\/\">PORTARIA N\u00ba 827, DE 25 DE JULHO DE 2024 &#8211; RESOLVE EXONERAR, do Cargo em Comiss\u00e3o de Assessor Especial N\u00edvel III, do Gabinete do Prefeito, o Sr. GILDOMAR FARIAS CARDOSO<\/a><\/li>\n\t\t<li class=\"wsp-post\"><a href=\"https:\/\/saobernardo.ma.gov.br\/transparencia\/portarias\/portaria-conjunta-no-03-de-17-de-julho-de-2024-dispoe-sobre-a-proibicao-de-entrada-de-garrafas-e-recipientes-de-vidros-no-circuito-do-6o-arraial-de-um-novo-tempo-e-da-outras-providencias\/\">PORTARIA CONJUNTA N\u00ba 03, DE 17 DE JULHO DE 2024 &#8211; &#8220;Disp\u00f5e sobre a proibi\u00e7\u00e3o de entrada de garrafas e recipientes de vidros no circuito do 6\u00ba Arraial de Um Novo Tempo&#8221;; e d\u00e1 outras provid\u00eancias &#8220;<\/a><\/li>\n\t\t<li class=\"wsp-post\"><a href=\"https:\/\/saobernardo.ma.gov.br\/transparencia\/portarias\/portaria-no-826-de-02-de-julho-de-2024-dispoe-sobre-a-exoneracao-do-membro-da-comissao-de-processo-administrativo-disciplinar-do-poder-executivo-municipal-de-sao-bernardo\/\">PORTARIA N\u00ba 826, DE 02 DE JULHO DE 2024 &#8211; \u201cDisp\u00f5e sobre a exonera\u00e7\u00e3o do Membro da Comiss\u00e3o de Processo Administrativo  Disciplinar do Poder Executivo Municipal  de S\u00e3o Bernardo.\u201d<\/a><\/li>\n\t\t<li class=\"wsp-post\"><a href=\"https:\/\/saobernardo.ma.gov.br\/transparencia\/portarias\/portaria-no-825-de-02-de-julho-de-2024-dispoe-sobre-a-exoneracao-do-membro-do-conselho-municipal-de-saude-de-sao-bernardo-do-bienio-2022-2024\/\">PORTARIA N\u00ba 825, DE 02 DE JULHO DE 2024 &#8211; \u201cDisp\u00f5e sobre a exonera\u00e7\u00e3o do Membro do  Conselho Municipal de Sa\u00fade de S\u00e3o  Bernardo do Bi\u00eanio 2022-2024.<\/a><\/li>\n\t\t<li class=\"wsp-post\"><a href=\"https:\/\/saobernardo.ma.gov.br\/transparencia\/portarias\/portaria-no-824-de-02-de-julho-de-2024-resolve-exonerar-a-pedido-do-cargo-em-comissao-de-diretor-escolar-da-escola-municipal-jardim-de-infancia-saci-perere-a-sra-antonia-caetano-de-almeida\/\">PORTARIA N\u00ba 824, DE 02 DE JULHO DE 2024 &#8211; RESOLVE EXONERAR a pedido, do cargo em Comiss\u00e3o de Diretor Escolar,  da Escola Municipal Jardim de Inf\u00e2ncia Saci- Perer\u00ea, a Sra. ANTONIA CAETANO DE  ALMEIDA.<\/a><\/li>\n\t\t<li class=\"wsp-post\"><a href=\"https:\/\/saobernardo.ma.gov.br\/transparencia\/portarias\/portaria-no-824-de-02-de-julho-de-2024-resolve-resolve-o-exonerar-a-pedido-do-cargo-em-comissao-de-diretor-escolar-da-escola-municipal-jardim-de-infancia-saci-perere-a-sra-antonia-caetano-de\/\">PORTARIA N\u00ba 824, DE 02 DE JULHO DE 2024 &#8211; RESOLVE RESOLVE EXONERAR a pedido, do cargo em Comiss\u00e3o de Diretor Escolar, da Escola Municipal Jardim de Inf\u00e2ncia Saci- Perer\u00ea, a Sra. ANTONIA CAETANO DE ALMEIDA.<\/a><\/li>\n\t\t<li class=\"wsp-post\"><a href=\"https:\/\/saobernardo.ma.gov.br\/transparencia\/portarias\/portaria-no-823-de-01-de-julho-de-2024-resolve-exonerar-a-pedido-do-cargo-em-comissao-de-diretor-escolar-da-escola-municipal-nilza-coelho-lima-a-sra-raimunda-nonata-alves-garces\/\">PORTARIA N\u00ba 823, DE 01 DE JULHO DE 2024 &#8211; RESOLVE EXONERAR a pedido, do cargo em Comiss\u00e3o de Diretor Escolar,  da Escola Municipal Nilza Coelho Lima, a Sra. RAIMUNDA NONATA ALVES  GARCES.<\/a><\/li>\n\t\t<li class=\"wsp-post\"><a href=\"https:\/\/saobernardo.ma.gov.br\/transparencia\/portarias\/portaria-no-822-de-01-de-julho-de-2024-resolve-exonera-a-pedido-do-cargo-em-comissao-de-diretor-clinico-da-secretaria-municipal-de-saude-o-sr-antonio-jose-carvalho-dualibe\/\">PORTARIA N\u00ba 822, DE 01 DE JULHO DE 2024 &#8211; RESOLVE EXONERA a pedido, do cargo em Comiss\u00e3o de Diretor Clinico, da Secretaria Municipal de Sa\u00fade, o Sr. ANTONIO JOS\u00c9 CARVALHO DUALIBE.<\/a><\/li>\n\t\t<li class=\"wsp-post\"><a href=\"https:\/\/saobernardo.ma.gov.br\/transparencia\/portarias\/portaria-no-821-de-01-de-julho-de-2024-resolve-exonerar-a-pedido-do-cargo-em-comissao-de-supervisor-pedagogico-da-secretaria-municipal-de-educacao-ciencia-tecnologia-e-inovacao-o-sr-abdias-f\/\">PORTARIA N\u00ba 821, DE 01 DE JULHO DE 2024 &#8211; RESOLVE EXONERAR a pedido, do Cargo em Comiss\u00e3o de Supervisor  Pedag\u00f3gico, da Secretaria Municipal de Educa\u00e7\u00e3o, Ci\u00eancia, Tecnologia e Inova\u00e7\u00e3o, o Sr. ABDIAS FERREIRA DA COSTA FILHO<\/a><\/li>\n\t\t<li class=\"wsp-post\"><a href=\"https:\/\/saobernardo.ma.gov.br\/transparencia\/portarias\/portaria-no-820-de-01-de-jilho-de-2024-resolve-exonerar-a-pedido-do-cargo-em-comissao-de-assessor-juridico-pedagogico-da-secretaria-municipal-de-educacao-ciencia-tecnologia-e-inovaca\/\">PORTARIA N\u00ba 820, DE 01 DE JILHO DE 2024 &#8211; RESOLVE EXONERAR a pedido, do Cargo em Comiss\u00e3o de Assessor  Jur\u00eddico \u2013 Pedag\u00f3gico da Secretaria Municipal de Educa\u00e7\u00e3o, Ci\u00eancia, Tecnologia e  Inova\u00e7\u00e3o, o Sr. JOELSI FRANK COSTA.<\/a><\/li>\n\t\t<li class=\"wsp-post\"><a href=\"https:\/\/saobernardo.ma.gov.br\/transparencia\/portarias\/portaria-no-819-de-01-de-julho-de-2024-resolve-exonerar-a-pedido-do-cargo-em-comissao-de-chefe-do-departamento-de-fiscalizacao-de-obras-da-secretaria-municipal-de-educacao-ciencia-tecnologia\/\">PORTARIA N\u00ba 819, DE 01 DE JULHO DE 2024 &#8211; RESOLVE EXONERAR a pedido, do Cargo em Comiss\u00e3o de Chefe do  Departamento de Fiscaliza\u00e7\u00e3o de Obras, da Secretaria Municipal de Educa\u00e7\u00e3o,  Ci\u00eancia, Tecnologia e Inova\u00e7\u00e3o, o Sr. LUCAS JO\u00c3O PAULO NUNES DA SILVA.<\/a><\/li>\n\t\t<li class=\"wsp-post\"><a href=\"https:\/\/saobernardo.ma.gov.br\/transparencia\/portarias\/portaria-no-818-de-01-de-abril-de-2024-resolve-exonerar-a-pedido-cargo-em-comissao-de-assessor-especial-nivel-i-do-gabinete-do-prefeito-o-sr-airton-freire-de-sousa\/\">PORTARIA N\u00ba 818, DE 01 DE JULHO DE 2024 &#8211; RESOLVE EXONERAR a pedido, Cargo em Comiss\u00e3o de Assessor Especial N\u00edvel I, do Gabinete do Prefeito, o Sr. AIRTON FREIRE DE SOUSA.<\/a><\/li>\n\t\t<li class=\"wsp-post\"><a href=\"https:\/\/saobernardo.ma.gov.br\/transparencia\/portarias\/portaria-no-817-de-01-de-julho-de-2024-resolve-exonerar-a-pedido-do-cargo-em-comissao-assessor-pedagogico-nivel-i-da-secretaria-municipal-de-educacao-ciencia-tecnologia-e-inovacao-a-sra-cla\/\">PORTARIA N\u00ba 817, DE 01 DE JULHO DE 2024 &#8211; RESOLVE EXONERAR a pedido, do Cargo em Comiss\u00e3o Assessor  Pedag\u00f3gico N\u00edvel I, da Secretaria Municipal de Educa\u00e7\u00e3o, Ci\u00eancia, Tecnologia e  Inova\u00e7\u00e3o, a Sra. CLAUDIANE GARC\u00caZ DE SOUSA SILVA.<\/a><\/li>\n\t\t<li class=\"wsp-post\"><a href=\"https:\/\/saobernardo.ma.gov.br\/transparencia\/portarias\/portaria-no-816-de-01-de-julho-de-2024-resolve-exonerar-a-pedido-do-cargo-em-comissao-de-assessor-pedagogico-nivel-i-da-secretaria-municipal-de-educacao-ciencia-tecnologia-e-inovacao-a-sra-ma\/\">PORTARIA N\u00ba 816, DE 01 DE JULHO DE 2024 &#8211; RESOLVE EXONERAR a pedido, do Cargo em Comiss\u00e3o de Assessor Pedag\u00f3gico N\u00edvel I, da Secretaria Municipal de Educa\u00e7\u00e3o, Ci\u00eancia, Tecnologia e Inova\u00e7\u00e3o, a Sra. MARIA DAS GRA\u00c7AS SILVA MACHADO DOS SANTOS<\/a><\/li>\n\t\t<li class=\"wsp-post\"><a href=\"https:\/\/saobernardo.ma.gov.br\/transparencia\/portarias\/portaria-no-815-de-01-de-julho-de-2024-resolve-exonerar-a-pedido-do-cargo-em-comissao-de-assessor-especial-nivel-ii-do-gabinete-do-prefeito-o-sr-claudio-jose-silva-cavalcante\/\">PORTARIA N\u00ba 815, DE 01 DE JULHO DE 2024 &#8211; RESOLVE EXONERAR a pedido, do Cargo em Comiss\u00e3o de Assessor  Especial N\u00edvel II, do Gabinete do Prefeito, o Sr. CLAUDIO JOS\u00c9 SILVA  CAVALCANTE.<\/a><\/li>\n\t\t<li class=\"wsp-post\"><a href=\"https:\/\/saobernardo.ma.gov.br\/transparencia\/portarias\/portaria-no-814-de-01-de-julho-de-2024-resolve-exonerar-a-pedido-do-cargo-em-comissao-de-assessor-especial-nivel-iii-do-gabinete-do-prefeito-a-sra-dilva-dos-santos-sousa\/\">PORTARIA N\u00ba 814, DE 01 DE JULHO DE 2024 &#8211; RESOLVE EXONERAR a pedido, do Cargo em Comiss\u00e3o de Assessor  Especial N\u00edvel III, do Gabinete do Prefeito, a Sra. DILVA DOS SANTOS SOUSA.<\/a><\/li>\n\t\t<li class=\"wsp-post\"><a href=\"https:\/\/saobernardo.ma.gov.br\/transparencia\/portarias\/portaria-no-813-de-25-de-junho-de-2024-resolve-nomear-para-o-cargo-em-comissao-de-chefe-do-departamento-de-tecnologias-estruturais-das-da-secretaria-municipal-de-educacao-ciencia-tecnologia\/\">REVOGADA &#8211; PORTARIA N\u00ba 813, DE 25 DE JUNHO DE 2024 &#8211; RESOLVE NOMEAR, para o cargo em Comiss\u00e3o de Chefe do Departamento  de Tecnologias Estruturais &#8211; DAS, da Secretaria Municipal de Educa\u00e7\u00e3o, Ci\u00eancia,  Tecnologia e Inova\u00e7\u00e3o, o Sr. J\u00c2NIO QUADROS DE ALMEIDA MARTINS FILHO.<\/a><\/li>\n\t\t<li class=\"wsp-post\"><a href=\"https:\/\/saobernardo.ma.gov.br\/transparencia\/portarias\/portaria-no-812-de-25-de-junho-de-2024-resolve-nomear-para-o-cargo-em-comissao-de-inspetor-escolar-dai-da-creche-branca-de-neve-a-sra-maria-eduarda-tavares-oliveira\/\">REVOGADA &#8211; PORTARIA N\u00ba 812, DE 25 DE JUNHO DE 2024 &#8211; RESOLVE  NOMEAR, para o cargo em Comiss\u00e3o de Inspetor Escolar \u2013 DAI,  da Creche Branca de Neve, a Sra. MARIA EDUARDA TAVARES OLIVEIRA.<\/a><\/li>\n\t\t<li class=\"wsp-post\"><a href=\"https:\/\/saobernardo.ma.gov.br\/transparencia\/portarias\/portaria-no-811-de-25-de-junho-de-2024-resolve-exonerar-do-cargo-em-comissao-de-inspetor-escolar-da-creche-branca-de-neve-a-sra-francisca-maria-silva-de-oliveira\/\">PORTARIA N\u00ba 811, DE 25 DE JUNHO DE 2024 &#8211; RESOLVE EXONERAR, do Cargo em Comiss\u00e3o de Inspetor Escolar, da  Creche Branca de Neve, a Sra. FRANCISCA MARIA SILVA DE OLIVEIRA.<\/a><\/li>\n\t\t<li class=\"wsp-post\"><a href=\"https:\/\/saobernardo.ma.gov.br\/transparencia\/portarias\/portaria-no-810-de-25-de-junho-de-2024-resolve-nomear-para-o-cargo-em-comissao-de-secretario-escolar-dai-1-da-escola-municipal-cruzeiro-do-sul-a-sra-josiane-sousa-aguiar\/\">REVOGADA &#8211; PORTARIA N\u00ba 810, DE 25 DE JUNHO DE 2024 &#8211; RESOLVE NOMEAR, para o cargo em Comiss\u00e3o de Secret\u00e1rio Escolar \u2013 DAI -1, da Escola Municipal Cruzeiro do Sul, a Sra. JOSIANE SOUSA AGUIAR<\/a><\/li>\n\t\t<li class=\"wsp-post\"><a href=\"https:\/\/saobernardo.ma.gov.br\/transparencia\/portarias\/portaria-no-809-de-25-de-junho-de-2024-resolve-exonerar-do-cargo-em-comissao-de-secretario-escolar-da-escola-municipal-cruzeiro-do-sul-a-sra-maria-da-conceicao-rodrigues\/\">PORTARIA N\u00ba 809, DE 25 DE JUNHO DE 2024 &#8211; RESOLVE EXONERAR, do cargo em Comiss\u00e3o de Secret\u00e1rio Escolar, da  Escola Municipal Cruzeiro do Sul, a Sra. MARIA DA CONCEI\u00c7\u00c3O RODRIGUES.<\/a><\/li>\n\t\t<li class=\"wsp-post\"><a href=\"https:\/\/saobernardo.ma.gov.br\/transparencia\/portarias\/portaria-no-808-de-25-de-junho-de-2024-resolve-nomear-para-o-cargo-em-comissao-de-coordenador-de-atividades-e-meio-dans-da-secretaria-municipal-de-educacao-ciencia-tecnologia-e-inov\/\">REVOGADA &#8211; PORTARIA N\u00ba 808, DE 25 DE JUNHO DE 2024 &#8211; RESOLVE NOMEAR, para o cargo em Comiss\u00e3o de Coordenador de  Atividades e Meio \u2013 DANS, da Secretaria Municipal de Educa\u00e7\u00e3o, Ci\u00eancia, Tecnologia  e Inova\u00e7\u00e3o, o Sr. DOUGLAS CUNHA CRUZ.<\/a><\/li>\n\t\t<li class=\"wsp-post\"><a href=\"https:\/\/saobernardo.ma.gov.br\/transparencia\/portarias\/portaria-no-807-de-25-de-junho-de-2024-resolve-nomear-para-o-cargo-em-comissao-de-chefe-do-departamento-de-guarda-e-logistica-da-merenda-escolar-das-da-secretaria-municipal-de-educaca\/\">REVOGADA &#8211; PORTARIA N\u00ba 807, DE 25 DE JUNHO DE 2024 &#8211; RESOLVE NOMEAR, para o Cargo em Comiss\u00e3o de Chefe do Departamento  de Guarda e Log\u00edstica da Merenda Escolar \u2013 DAS, da Secretaria Municipal de  Educa\u00e7\u00e3o, Ci\u00eancia, Tecnologia e Inova\u00e7\u00e3o, o Sr. PAULO WAGNER DOS SANTOS  SOUSA.<\/a><\/li>\n\t\t<li class=\"wsp-post\"><a href=\"https:\/\/saobernardo.ma.gov.br\/transparencia\/portarias\/portaria-no-806-de-25-de-junho-de-2024-resolve-exonerar-do-cargo-em-comissao-de-chefe-do-departamento-de-guarda-e-logistica-da-merenda-escolar-da-secretaria-municipal-de-educacao-ciencia-tec\/\">PORTARIA N\u00ba 806, DE 25 DE JUNHO DE 2024 &#8211; RESOLVE  EXONERAR, do cargo em Comiss\u00e3o de Chefe do Departamento  de Guarda e Log\u00edstica da Merenda Escolar, da Secretaria Municipal de Educa\u00e7\u00e3o,  Ci\u00eancia, Tecnologia e Inova\u00e7\u00e3o, o Sr. DOUGLAS CUNHA CRUZ.<\/a><\/li>\n\t\t<li class=\"wsp-post\"><a href=\"https:\/\/saobernardo.ma.gov.br\/transparencia\/portarias\/portaria-no-805-de-24-de-junho-de-2024-resolve-nomear-para-o-cargo-em-comissao-de-assessor-especial-nivel-i-das-do-gabinete-do-prefeito-o-sr-andre-goncalves-monteiro-de-lima\/\">REVOGADA &#8211; PORTARIA N\u00ba 805, DE 24 DE JUNHO DE 2024 &#8211; RESOLVE NOMEAR, para o cargo em Comiss\u00e3o de Assessor Especial N\u00edvel I \u2013 DAS, do Gabinete do Prefeito, o Sr. ANDRE GONCALVES MONTEIRO DE LIMA.<\/a><\/li>\n\t\t<li class=\"wsp-post\"><a href=\"https:\/\/saobernardo.ma.gov.br\/transparencia\/portarias\/portaria-no-804-de-13-de-junho-de-2024-resolve-nomear-para-o-cargo-em-comissao-de-assessor-pedagogico-nivel-iii-dai-da-secretaria-municipal-de-educacao-ciencia-tecnologia-e-inovacao\/\">REVOGADA &#8211; PORTARIA N\u00ba 804, DE 13 DE JUNHO DE 2024 &#8211; RESOLVE NOMEAR, para o Cargo em Comiss\u00e3o de Assessor Pedag\u00f3gico  N\u00edvel III\u2013 DAI, da Secretaria Municipal de Educa\u00e7\u00e3o, Ci\u00eancia, Tecnologia e Inova\u00e7\u00e3o,  o Sr. ALEX DE SOUSA MELO.<\/a><\/li>\n\t\t<li class=\"wsp-post\"><a href=\"https:\/\/saobernardo.ma.gov.br\/transparencia\/portarias\/portaria-no-803-de-13-de-junho-de-2024-resolve-nomear-para-o-cargo-em-comissao-de-assessor-pedagogico-nivel-ii-das-da-secretaria-municipal-de-educacao-ciencia-tecnologia-e-inovacao\/\">REVOGADA &#8211; PORTARIA N\u00ba 803, DE 13 DE JUNHO DE 2024 &#8211; RESOLVE  NOMEAR, para o Cargo em Comiss\u00e3o de Assessor Pedag\u00f3gico  N\u00edvel II \u2013 DAS, da Secretaria Municipal de Educa\u00e7\u00e3o, Ci\u00eancia, Tecnologia e Inova\u00e7\u00e3o,  a Sra. LEANDRA S\u00c1 SANTOS.<\/a><\/li>\n\t\t<li class=\"wsp-post\"><a href=\"https:\/\/saobernardo.ma.gov.br\/transparencia\/portarias\/portaria-no-802-de-13-de-junho-de-2024-resolve-nomear-para-o-cargo-em-comissao-de-assessor-pedagogico-nivel-ii-das-da-secretaria-municipal-de-educacao-ciencia-tecnologia-e-inovacao\/\">REVOGADA &#8211; PORTARIA N\u00ba 802, DE 13 DE JUNHO DE 2024 &#8211; RESOLVE NOMEAR, para o Cargo em Comiss\u00e3o de Assessor Jur\u00eddico \u2013 Pedag\u00f3gico &#8211; DANS, da Secretaria Municipal de Educa\u00e7\u00e3o, Ci\u00eancia Tecnologia e  Inova\u00e7\u00e3o, a Sra. ALINE MARIA MENDES PEREIRA NESELLO.<\/a><\/li>\n\t\t<li class=\"wsp-post\"><a href=\"https:\/\/saobernardo.ma.gov.br\/transparencia\/portarias\/portaria-no-801-de-12-de-junho-de-2024-resolve-nomear-para-o-cargo-em-comissao-de-assessor-especial-nivel-i-das-do-gabinete-do-prefeito-o-sr-raimundo-pereira-braga-filho\/\">REVOGADA &#8211; PORTARIA N\u00ba 801, DE 12 DE JUNHO DE 2024 &#8211; RESOLVE NOMEAR, para o Cargo em Comiss\u00e3o de Assessor Especial N\u00edvel I \u2013 DAS, do Gabinete do Prefeito, o Sr. RAIMUNDO PEREIRA BRAGA FILHO.<\/a><\/li>\n\t\t<li class=\"wsp-post\"><a href=\"https:\/\/saobernardo.ma.gov.br\/transparencia\/portarias\/portaria-no-800-de-06-de-junho-de-2024-resolve-nomear-para-o-cargo-em-comissao-de-coordenador-de-atencao-basica-dans-da-secretaria-municipal-de-saude-a-sra-virginia-matos-gomes-dos\/\">REVOGADA &#8211; PORTARIA N\u00ba 800, DE 06 DE JUNHO DE 2024 &#8211; RESOLVE NOMEAR, para o Cargo em Comiss\u00e3o de Coordenador de  Aten\u00e7\u00e3o B\u00e1sica \u2013 DANS, da Secretaria Municipal de Sa\u00fade, a Sra. VIRG\u00cdNIA MATOS  GOMES DOS SANTOS.<\/a><\/li>\n\t\t<li class=\"wsp-post\"><a href=\"https:\/\/saobernardo.ma.gov.br\/transparencia\/portarias\/portaria-no-799-de-06-de-junho-de-2024-resolve-nomear-para-o-cargo-em-comissao-de-coordenador-pedagogico-das-da-escola-municipal-professora-maria-de-lurdes-correia-lima-serra-a-sra-jo\/\">REVOGADA &#8211; PORTARIA N\u00ba 799, DE 06 DE JUNHO DE 2024 &#8211; RESOLVE NOMEAR, para o Cargo em Comiss\u00e3o de Coordenador Pedag\u00f3gico \u2013 DAS, da Escola Municipal Professora Maria de Lurdes Correia Lima Serra, a Sra. JOSELENA DA COSTA CAVALCANTE GOMES.<\/a><\/li>\n\t\t<li class=\"wsp-post\"><a href=\"https:\/\/saobernardo.ma.gov.br\/transparencia\/portarias\/portaria-no-798-de-05-de-junho-de-2024-resolve-exonerar-do-cargo-em-comissao-de-coordenador-de-atencao-basica-da-secretaria-municipal-de-saude-a-sra-alessandra-de-freitas-ferreira\/\">PORTARIA N\u00ba 798, DE 05 DE JUNHO DE 2024 &#8211; RESOLVE EXONERAR, do Cargo em Comiss\u00e3o de Coordenador de Aten\u00e7\u00e3o B\u00e1sica, da Secretaria Municipal de Sa\u00fade, a Sra. ALESSANDRA DE FREITAS FERREIRA.<\/a><\/li>\n\t\t<li class=\"wsp-post\"><a href=\"https:\/\/saobernardo.ma.gov.br\/transparencia\/portarias\/portaria-no-797-de-05-de-junho-de-2024-resolve-nomear-para-o-cargo-em-comissao-de-assessor-especial-nivel-iii-dai-1-do-gabinete-do-prefeito-o-sr-carlos-weliton-fonseca\/\">REVOGADA &#8211; PORTARIA N\u00ba 797, DE 05 DE JUNHO DE 2024 &#8211; RESOLVE NOMEAR, para o Cargo em Comiss\u00e3o, de Assessor Especial N\u00edvel III \u2013 DAI-1, do Gabinete do Prefeito, o Sr. CARLOS WELITON FONSECA.<\/a><\/li>\n\t\t<li class=\"wsp-post\"><a href=\"https:\/\/saobernardo.ma.gov.br\/transparencia\/portarias\/portaria-no-796-de-03-de-junho-de-2024-resolve-nomear-para-o-cargo-em-comissao-de-coordenador-da-defesa-civil-das-do-gabinete-do-prefeito-o-sr-luis-antonio-porto-de-castro\/\">REVOGADA &#8211; PORTARIA N\u00ba 796, DE 03 DE JUNHO DE 2024 &#8211; RESOLVE NOMEAR, para o Cargo em Comiss\u00e3o de Coordenador da Defesa  Civil \u2013 DAS, do Gabinete do Prefeito, o Sr. LUIS ANTONIO PORTO DE CASTRO.<\/a><\/li>\n\t\t<li class=\"wsp-post\"><a href=\"https:\/\/saobernardo.ma.gov.br\/transparencia\/portarias\/portaria-no-795-de-03-de-junho-de-2024-resolve-art-1o-exonerar-do-cargo-interino-de-coordenador-da-defesa-civil-do-gabinete-do-prefeito-o-sr-aurelio-barroso-de-almeida\/\">PORTARIA N\u00ba 795, DE 03 DE JUNHO DE 2024 &#8211; RESOLVE EXONERAR, do Cargo Interino, de Coordenador da Defesa Civil,  do Gabinete do Prefeito, o Sr. AURELIO BARROSO DE ALMEIDA.<\/a><\/li>\n\t\t<li class=\"wsp-post\"><a href=\"https:\/\/saobernardo.ma.gov.br\/transparencia\/portarias\/portaria-no-794-de-03-de-junho-de-2024-resolve-nomear-para-o-cargo-em-comissao-de-secretario-municipal-dga-de-urbanismo-e-servicos-publicos-o-sr-clayton-souza-silva\/\">PORTARIA N\u00ba 794, DE 03 DE JUNHO DE 2024 &#8211; RESOLVE  NOMEAR, para o Cargo em Comiss\u00e3o de Secret\u00e1rio Municipal \u2013 DGA, de Urbanismo e Servi\u00e7os P\u00fablicos, o Sr. CLAYTON SOUZA SILVA.<\/a><\/li>\n\t\t<li class=\"wsp-post\"><a href=\"https:\/\/saobernardo.ma.gov.br\/transparencia\/portarias\/portaria-no-793-de-03-de-junho-de-2024-resolve-exonerar-do-cargo-em-comissao-de-coordenador-de-atividade-e-meio-da-secretaria-municipal-e-educacao-ciencia-tecnologia-e-inovacao-o-sr-clayton\/\">PORTARIA N\u00ba 793, DE 03 DE JUNHO DE 2024 &#8211; RESOLVE EXONERAR, do Cargo em Comiss\u00e3o de Coordenador de  Atividade e Meio, da Secretaria Municipal e Educa\u00e7\u00e3o, Ci\u00eancia, Tecnologia e  Inova\u00e7\u00e3o, o Sr. CLAYTON SOUSA SILVA.<\/a><\/li>\n\t\t<li class=\"wsp-post\"><a href=\"https:\/\/saobernardo.ma.gov.br\/transparencia\/portarias\/portaria-no-792-de-03-de-junho-de-2024-resolve-exonerar-do-cargo-interino-de-secretario-municipal-de-urbanismo-e-servicos-publicos-o-sr-ronaldo-de-olivera-sousa\/\">PORTARIA N\u00ba 792, DE 03 DE JUNHO DE 2024 -RESOLVE EXONERAR, do Cargo Interino, de Secret\u00e1rio Municipal de  Urbanismo e Servi\u00e7os P\u00fablicos, o Sr. RONALDO DE OLIVERA SOUSA.<\/a><\/li>\n\t\t<li class=\"wsp-post\"><a href=\"https:\/\/saobernardo.ma.gov.br\/transparencia\/portarias\/portaria-no-791-de-28-de-maio-de-2024-resolve-nomear-para-o-cargo-em-comissao-de-assessor-pedagogico-nivel-i-dans-da-secretaria-municipal-de-educacao-ciencia-tecnologia-e-inovacao-o\/\">REVOGADA &#8211; PORTARIA N\u00ba 791, DE 28 DE MAIO DE 2024 &#8211; RESOLVE NOMEAR, para o Cargo em Comiss\u00e3o de Assessor Pedag\u00f3gico N\u00edvel I \u2013 DANS, da Secretaria Municipal de Educa\u00e7\u00e3o, Ci\u00eancia, Tecnologia e Inova\u00e7\u00e3o, o Sr. THIAGO HENRIQUE CARVALHO MAGALHAES DE LIMA.<\/a><\/li>\n\t\t<li class=\"wsp-post\"><a href=\"https:\/\/saobernardo.ma.gov.br\/transparencia\/portarias\/portaria-no-790-de-28-de-maio-de-2024-resolve-nomear-para-o-cargo-em-comissao-de-coordenador-de-engenharia-civil-dans-da-secretaria-municipal-de-urbanismo-e-servicos-publicos-o-sr-marcus-vini\/\">PORTARIA N\u00ba 790, DE 28 DE MAIO DE 2024 &#8211; RESOLVE NOMEAR, para o Cargo em Comiss\u00e3o de Coordenador de Engenharia Civil &#8211; DANS, da Secretaria Municipal de Urbanismo e Servi\u00e7os P\u00fablicos, o Sr. MARCUS VINICIUS SOUZA PINTO.<\/a><\/li>\n\t\t<li class=\"wsp-post\"><a href=\"https:\/\/saobernardo.ma.gov.br\/transparencia\/portarias\/portaria-no-789-de-28-de-maio-de-2024-resolve-exonerar-do-cargo-em-comissao-de-coordenador-de-engenharia-civil-da-secretaria-municipal-de-urbanismo-e-servicos-publicos-o-sr-isac-de-farias-ferre\/\">PORTARIA N\u00ba 789, DE 28 DE MAIO DE 2024 &#8211; RESOLVE EXONERAR, do Cargo em Comiss\u00e3o de Coordenador de Engenharia Civil, da Secretaria Municipal de Urbanismo e Servi\u00e7os P\u00fablicos, o Sr. ISAC DE FARIAS FERREIRA.<\/a><\/li>\n\t\t<li class=\"wsp-post\"><a href=\"https:\/\/saobernardo.ma.gov.br\/transparencia\/portarias\/portaria-no-788-de-28-de-maio-de-2024-resolve-nomear-para-o-cargo-em-comissao-de-assessor-pedagogico-nivel-iii-dai-da-secretaria-municipal-de-educacao-ciencia-tecnologia-e-inovacao\/\">REVOGADA &#8211; PORTARIA N\u00ba 788, DE 28 DE MAIO DE 2024 &#8211; RESOLVE NOMEAR, para o Cargo em Comiss\u00e3o de Assessor Pedag\u00f3gico  N\u00edvel III \u2013 DAI, da Secretaria Municipal de Educa\u00e7\u00e3o, Ci\u00eancia, Tecnologia e Inova\u00e7\u00e3o, o Sr. GABRIEL DE DEUS SANTOS MACHADO.<\/a><\/li>\n\t\t<li class=\"wsp-post\"><a href=\"https:\/\/saobernardo.ma.gov.br\/transparencia\/portarias\/portaria-no-787-de-28-de-maio-de-2024-resolve-nomear-para-o-cargo-em-comissao-de-assessor-tecnico-administrativo-dai-1-da-procuradoria-geral-do-municipio-a-sra-isabelle-santos-costa-machado\/\">REVOGADA &#8211; PORTARIA N\u00ba 787, DE 28 DE MAIO DE 2024 &#8211; RESOLVE NOMEAR, para o Cargo em Comiss\u00e3o de Assessor T\u00e9cnico  Administrativo- DAI-1, da Procuradoria Geral do Munic\u00edpio, a Sra. ISABELLE SANTOS  COSTA MACHADO.<\/a><\/li>\n\t\t<li class=\"wsp-post\"><a href=\"https:\/\/saobernardo.ma.gov.br\/transparencia\/portarias\/portaria-no-786-de-28-de-maio-de-2024-resolve-nomear-para-o-cargo-em-comissao-de-coordenador-pedagogico-das-da-escola-municipal-monsenhor-mauricio-laurent-a-sra-maria-dos-milagres-p\/\">REVOGADA &#8211; PORTARIA N\u00ba 786, DE 28 DE MAIO DE 2024 &#8211; RESOLVE NOMEAR, para o Cargo em Comiss\u00e3o de Coordenador  Pedag\u00f3gico \u2013 DAS, da Escola Municipal Monsenhor Maur\u00edcio Laurent, a Sra. MARIA  DOS MILAGRES PONTES MENESES.<\/a><\/li>\n\t\t<li class=\"wsp-post\"><a href=\"https:\/\/saobernardo.ma.gov.br\/transparencia\/portarias\/portaria-no-785-de-28-de-maio-de-2024-resolve-nomear-do-cargo-em-comissao-de-coordenador-pedagogico-do-instituto-educacional-conego-nestor-a-sra-maria-dos-milagres-pontes-meneses\/\">PORTARIA N\u00ba 785, DE 28 DE MAIO DE 2024 &#8211; RESOLVE EXONERAR, do Cargo em Comiss\u00e3o de Coordenador Pedag\u00f3gico, do Instituto Educacional C\u00f4nego Nestor, a Sra. MARIA DOS MILAGRES PONTES MENESES<\/a><\/li>\n\t\t<li class=\"wsp-post\"><a href=\"https:\/\/saobernardo.ma.gov.br\/transparencia\/portarias\/portaria-no-784-de-28-de-maio-de-2024-resolve-nomear-para-o-cargo-em-comissao-de-coordenador-pedagogico-das-da-escola-municipal-vereador-rubenito-silva-couto-o-sr-gerson-ricardo-cos\/\">REVOGADA &#8211; PORTARIA N\u00ba 784, DE 28 DE MAIO DE 2024 &#8211; RESOLVE NOMEAR, para o Cargo em Comiss\u00e3o de Coordenador  Pedag\u00f3gico \u2013 DAS, da Escola Municipal Vereador Rubenito Silva Couto, o Sr.  GERSON RICARDO COSTA FARIAS.<\/a><\/li>\n\t\t<li class=\"wsp-post\"><a href=\"https:\/\/saobernardo.ma.gov.br\/transparencia\/portarias\/portaria-no-783-de-28-de-maio-de-2024-resolve-exonerar-do-cargo-em-comissao-de-inspetor-escolar-da-escola-municipal-unidade-integrada-vereador-rubenito-silva-couto-o-sr-gerson-ricardo-costa-fa\/\">PORTARIA N\u00ba 783, DE 28 DE MAIO DE 2024 &#8211; RESOLVE EXONERAR, do Cargo em Comiss\u00e3o de Inspetor Escolar, da Escola Municipal Unidade Integrada Vereador Rubenito Silva Couto, o Sr. GERSON  RICARDO COSTA FARIAS.<\/a><\/li>\n\t\t<li class=\"wsp-post\"><a href=\"https:\/\/saobernardo.ma.gov.br\/transparencia\/portarias\/portaria-no-782-de-28-de-maio-de-2024-resolve-nomear-para-o-cargo-em-comissao-de-diretor-adjunto-da-escola-municipal-unidade-integrada-vereador-rubenito-silva-couto-a-sra-lina-rosa-carvalho\/\">REVOGADA &#8211; PORTARIA N\u00ba 782, DE 28 DE MAIO DE 2024 &#8211; RESOLVE NOMEAR, para o Cargo em Comiss\u00e3o de Diretor Adjunto, da  Escola Municipal Unidade Integrada Vereador Rubenito Silva Couto, a Sra. LINA  ROSA CARVALHO DA SILVA.<\/a><\/li>\n\t\t<li class=\"wsp-post\"><a href=\"https:\/\/saobernardo.ma.gov.br\/transparencia\/portarias\/portaria-no-781-de-28-de-maio-de-2024-resolve-exonerar-do-cargo-em-comissao-de-coordenador-pedagogico-da-escola-municipal-unidade-integrada-vereador-rubenito-couto-a-sra-lina-rosa-carvalho-da\/\">PORTARIA N\u00ba 781, DE 28 DE MAIO DE 2024 &#8211; RESOLVE EXONERAR, do Cargo em Comiss\u00e3o de Coordenador  Pedag\u00f3gico, da Escola Municipal Unidade Integrada Vereador Rubenito Couto, a Sra.  LINA ROSA CARVALHO DA SILVA.<\/a><\/li>\n\t\t<li class=\"wsp-post\"><a href=\"https:\/\/saobernardo.ma.gov.br\/transparencia\/portarias\/portaria-no-780-de-28-de-maio-de-2024-resolve-nomear-para-o-cargo-em-comissao-de-assessor-pedagogico-nivel-ii-das-da-secretaria-municipal-de-educacao-ciencia-tecnologia-e-inovacao\/\">REVOGADA &#8211; PORTARIA N\u00ba 780, DE 28 DE MAIO DE 2024 &#8211; RESOLVE NOMEAR, para o Cargo em Comiss\u00e3o de Assessor Pedag\u00f3gico  N\u00edvel II \u2013 DAS, da Secretaria Municipal de Educa\u00e7\u00e3o, Ci\u00eancia, Tecnologia e Inova\u00e7\u00e3o,  a Sra. ANDRESSA MARIA RODRIGUES COUTO CAVALCANTE.<\/a><\/li>\n\t\t<li class=\"wsp-post\"><a href=\"https:\/\/saobernardo.ma.gov.br\/transparencia\/portarias\/portaria-no-779-de-27-de-maio-de-2024-resolve-exonerar-do-cargo-em-comissao-de-diretor-adjunto-da-escola-municipal-unidade-integrada-vereador-rubenito-couto-a-sra-andressa-maria-rodrigues-cou\/\">PORTARIA N\u00ba 779, DE 27 DE MAIO DE 2024 &#8211; RESOLVE EXONERAR, do Cargo em Comiss\u00e3o de Diretor Adjunto, da  Escola Municipal Unidade Integrada Vereador Rubenito Couto, a Sra. ANDRESSA  MARIA RODRIGUES COUTO.<\/a><\/li>\n\t\t<li class=\"wsp-post\"><a href=\"https:\/\/saobernardo.ma.gov.br\/transparencia\/portarias\/portaria-no-778-de-28-de-maio-de-2024-resolve-nomear-para-o-cargo-em-comissao-de-coordenador-pedagogico-das-do-polo-iv-da-secretaria-municipal-de-educacao-ciencia-tecnologia-e-inovacao-o-s\/\">REVOGADA &#8211; PORTARIA N\u00ba 778, DE 28 DE MAIO DE 2024 &#8211; RESOLVE NOMEAR, para o Cargo em Comiss\u00e3o de Coordenador  Pedag\u00f3gico &#8211; DAS do Polo IV, da Secretaria Municipal de Educa\u00e7\u00e3o, Ci\u00eancia,  Tecnologia e Inova\u00e7\u00e3o, o Sr. EDUARDO HENRRIQUE DE SOUSA LIMA.<\/a><\/li>\n\t\t<li class=\"wsp-post\"><a href=\"https:\/\/saobernardo.ma.gov.br\/transparencia\/portarias\/portaria-no-777-de-27-de-maio-de-2024-resolve-nomear-para-o-cargo-em-comissao-de-inspetor-escolar-dai-da-escola-municipal-unidade-integrada-vereador-rubenito-silva-couto-a-sra-luciana-maria\/\">REVOGADA &#8211; PORTARIA N\u00ba 777, DE 27 DE MAIO DE 2024 &#8211; RESOLVE NOMEAR, para o Cargo em Comiss\u00e3o de Inspetor Escolar &#8211; DAI, da Escola Municipal, Unidade Integrada Vereador Rubenito Silva Couto, a Sra. LUCIANA MARIA DA SILVA MORAIS.<\/a><\/li>\n\t\t<li class=\"wsp-post\"><a href=\"https:\/\/saobernardo.ma.gov.br\/transparencia\/portarias\/portaria-no-776-de-27-de-maio-de-2024-resolve-nomear-para-o-cargo-em-comissao-de-coordenador-pedagogico-do-polo-viii-das-da-secretaria-municipal-de-educacao-ciencia-tecnologia-e-inov\/\">REVOGADA &#8211; PORTARIA N\u00ba 776, DE 27 DE MAIO DE 2024 &#8211; RESOLVE NOMEAR, para o cargo em Comiss\u00e3o de Coordenador Pedag\u00f3gico do Polo VIII \u2013 DAS, da Secretaria Municipal de Educa\u00e7\u00e3o, Ci\u00eancia,  Tecnologia e Inova\u00e7\u00e3o, o Sr. MIRIAN SOUZA OLIVEIRA<\/a><\/li>\n\t\t<li class=\"wsp-post\"><a href=\"https:\/\/saobernardo.ma.gov.br\/transparencia\/portarias\/portaria-no-775-de-27-de-maio-de-2024-resolve-art-1o-nomear-para-o-cargo-em-comissao-de-secretario-municipal-dga-da-secretaria-municipal-de-comunicacao-e-cultura-o-sr-geneilson-rocha-cruz\/\">REVOGADA &#8211; PORTARIA N\u00ba 775, DE 27 DE MAIO DE 2024 &#8211; RESOLVE NOMEAR, para o Cargo em Comiss\u00e3o de Secret\u00e1rio Municipal &#8211; DGA, da Secretaria Municipal de Comunica\u00e7\u00e3o e Cultura, o Sr. GENEILSON ROCHA  CRUZ.<\/a><\/li>\n\t\t<li class=\"wsp-post\"><a href=\"https:\/\/saobernardo.ma.gov.br\/transparencia\/portarias\/portaria-no-774-de-27-de-maio-de-2024-resolve-nomear-para-responder-interinamente-pelo-cargo-em-comissao-de-secretario-municipal-dga-da-secretaria-municipal-de-cidadania-e-direitos-h\/\">REVOGADA &#8211; PORTARIA N\u00ba 774, DE 27 DE MAIO DE 2024 &#8211; RESOLVE NOMEAR, para responder Interinamente, pelo Cargo em  Comiss\u00e3o de Secret\u00e1rio Municipal \u2013 DGA, da Secretaria Municipal de Cidadania e  Direitos Humanos, o Sr. HAROLDO AIRES CASTRO.<\/a><\/li>\n\t\t<li class=\"wsp-post\"><a href=\"https:\/\/saobernardo.ma.gov.br\/transparencia\/portarias\/portaria-no-773-de-27-de-maio-de-2024-resolve-nomear-para-responder-interinamente-pelo-cargo-em-comissao-de-secretario-municipal-dga-da-secretaria-municipal-de-obras-patrimonio-e-lo\/\">REVOGADA &#8211; PORTARIA N\u00ba 773, DE 27 DE MAIO DE 2024 &#8211; RESOLVE NOMEAR, para responder Interinamente, pelo Cargo em  Comiss\u00e3o de Secret\u00e1rio Municipal \u2013 DGA, da Secretaria Municipal de Obras,  Patrim\u00f4nio e Log\u00edstica, o Sr. BERNARDO WAGNER ROCHA SILVA.<\/a><\/li>\n\t\t<li class=\"wsp-post\"><a href=\"https:\/\/saobernardo.ma.gov.br\/transparencia\/portarias\/portaria-no-772-de-13-de-maio-de-2024-dispoe-sobre-a-nomeacao-de-servidores-para-compor-o-sim-servico-de-inspecao-municipal-e-da-outras-providencias\/\">PORTARIA N\u00ba 772, DE 13 DE MAIO DE 2024 &#8211; \u201cDisp\u00f5e sobre a nomea\u00e7\u00e3o de servidores para compor o SIM \u2013 Servi\u00e7o de Inspe\u00e7\u00e3o Municipal, e d\u00e1 outras provid\u00eancias.\u201d<\/a><\/li>\n\t\t<li class=\"wsp-post\"><a href=\"https:\/\/saobernardo.ma.gov.br\/transparencia\/portarias\/portaria-no-771-de-02-de-maio-de-2024-resolve-nomear-para-o-cargo-em-comissao-de-assessor-especial-nivel-iii-dai-1-da-secretaria-municipal-de-esporte-e-lazer-o-sr-francisco-gabriel\/\">REVOGADA &#8211; PORTARIA N\u00ba 771, DE 02 DE MAIO DE 2024 &#8211; RESOLVE NOMEAR, para o Cargo em Comiss\u00e3o de Assessor Especial N\u00edvel III \u2013 DAI &#8211; 1, da Secretaria Municipal de Esporte e Lazer, o Sr. FRANCISCO GABRIEL DAMASCENO RODRIGUES.<\/a><\/li>\n\t\t<li class=\"wsp-post\"><a href=\"https:\/\/saobernardo.ma.gov.br\/transparencia\/portarias\/portaria-no-770-de-26-de-abril-de-2024-resolve-nomear-para-o-cargo-em-comissao-de-assessor-pedagogico-nivel-i-dans-da-secretaria-municipal-de-educacao-ciencia-tecnologia-e-inovacao-a-sra-l\/\">REVOGADA &#8211; PORTARIA N\u00ba 770, DE 26 DE ABRIL DE 2024 &#8211; RESOLVE NOMEAR, para o Cargo em Comiss\u00e3o de Assessor Pedag\u00f3gico  N\u00edvel I &#8211; DANS, da Secretaria Municipal de Educa\u00e7\u00e3o, Ci\u00eancia, Tecnologia e Inova\u00e7\u00e3o, a Sra. LUCIANA MARIA SILVA MACHADO<\/a><\/li>\n\t\t<li class=\"wsp-post\"><a href=\"https:\/\/saobernardo.ma.gov.br\/transparencia\/portarias\/resolve-exonerar-do-cargo-em-comissao-de-coordenador-pedagogico-da-creche-bibi-a-sra-vanderlandia-maria-de-lima-vieira\/\">PORTARIA N\u00ba 769, DE 26 DE ABRIL DE 2024 &#8211; RESOLVE EXONERAR, do Cargo em Comiss\u00e3o de Coordenador  Pedag\u00f3gico, da Creche Bibi, a Sra. VANDERLANDIA MARIA DE LIMA VIEIRA<\/a><\/li>\n\t\t<li class=\"wsp-post\"><a href=\"https:\/\/saobernardo.ma.gov.br\/transparencia\/portarias\/portaria-no-768-de-26-de-abril-de-2024-resolve-nomear-para-o-cargo-em-comissao-de-secretario-escolar-dai1-da-escola-municipal-tiradentes-a-sra-claudilene-messias-de-sousa-cruz\/\">PORTARIA N\u00ba 768, DE 26 DE ABRIL DE 2024 &#8211; RESOLVE NOMEAR, para o Cargo em Comiss\u00e3o de Secret\u00e1rio Escolar &#8211; DAI1, da Escola Municipal Tiradentes, a Sra. CLAUDILENE MESSIAS DE  SOUSA CRUZ.<\/a><\/li>\n\t\t<li class=\"wsp-post\"><a href=\"https:\/\/saobernardo.ma.gov.br\/transparencia\/portarias\/portaria-no-767-de-26-de-abril-de-2024-resolve-exonerar-do-cargo-em-comissao-de-diretor-escolar-da-escola-municipal-tiradentes-a-sra-claudilene-messias-de-sousa-cruz\/\">PORTARIA N\u00ba 767, DE 26 DE ABRIL DE 2024 &#8211; RESOLVE EXONERAR, do Cargo em Comiss\u00e3o de Diretor Escolar, da Escola  Municipal Tiradentes, a Sra. CLAUDILENE MESSIAS DE SOUSA CRUZ<\/a><\/li>\n\t\t<li class=\"wsp-post\"><a href=\"https:\/\/saobernardo.ma.gov.br\/transparencia\/portarias\/portaria-no-766-de-26-de-abril-de-2024-resolve-exonerar-do-cargo-em-comissao-de-diretor-escolar-da-escola-municipal-integrada-rui-barbosa-a-sra-luciana-maria-silva-machado\/\">PORTARIA N\u00ba 766, DE 26 DE ABRIL DE 2024 &#8211; RESOLVE EXONERAR, do Cargo em Comiss\u00e3o de Diretor Escolar, da Escola  Municipal, Integrada Rui Barbosa, a Sra. LUCIANA MARIA SILVA MACHADO<\/a><\/li>\n\t\t<li class=\"wsp-post\"><a href=\"https:\/\/saobernardo.ma.gov.br\/transparencia\/portarias\/portaria-no-765-de-26-de-abril-de-2024-resolve-exonerar-do-cargo-em-comissao-de-coordenador-pedagogico-da-secretaria-municipal-de-educacao-ciencia-tecnologia-e-inovacao-o-sr-genilson-santos\/\">PORTARIA N\u00ba 765, DE 26 DE ABRIL DE 2024 &#8211; RESOLVE EXONERAR, do Cargo em Comiss\u00e3o de Coordenador Pedag\u00f3gico, da Secretaria Municipal, de Educa\u00e7\u00e3o, Ci\u00eancia, Tecnologia e Inova\u00e7\u00e3o,  o Sr. GENILSON SANTOS DA SILVA<\/a><\/li>\n\t\t<li class=\"wsp-post\"><a href=\"https:\/\/saobernardo.ma.gov.br\/transparencia\/portarias\/portaria-no-764-de-16-de-abril-de-2024-resolve-nomear-para-o-cargo-em-comissao-de-secretario-escolar-dai-1-da-escola-municipal-santo-antonio-a-sra-marciana-lima-dos-santos\/\">REVOGADA &#8211; PORTARIA N\u00ba 764, DE 16 DE ABRIL DE 2024 &#8211; RESOLVE NOMEAR, para o Cargo em Comiss\u00e3o de Secret\u00e1rio Escolar \u2013 DAI  &#8211; 1, da Escola Municipal Santo Ant\u00f4nio, a Sra. MARCIANA LIMA DOS SANTOS.<\/a><\/li>\n\t\t<li class=\"wsp-post\"><a href=\"https:\/\/saobernardo.ma.gov.br\/transparencia\/portarias\/portaria-no-763-de-16-de-abril-de-2024-resolve-exonerar-do-cargo-em-comissao-de-secretario-escolar-da-escola-municipal-jose-de-freitas-a-sra-marciana-lima-dos-santos\/\">PORTARIA N\u00ba 763, DE 16 DE ABRIL DE 2024 &#8211; RESOLVE EXONERAR, do Cargo em Comiss\u00e3o de Secret\u00e1rio Escolar, da  Escola Municipal Jos\u00e9 de Freitas, a Sra. MARCIANA LIMA DOS SANTOS.<\/a><\/li>\n\t\t<li class=\"wsp-post\"><a href=\"https:\/\/saobernardo.ma.gov.br\/transparencia\/portarias\/portaria-no-762-de-16-de-abril-de-2024-resolve-nomear-para-o-cargo-em-comissao-de-secretario-escolar-dai-1-da-escola-municipal-jose-de-freitas-o-sr-railson-batista-da-silva\/\">REVOGADA &#8211; PORTARIA N\u00ba 762, DE 16 DE ABRIL DE 2024 &#8211; RESOLVE NOMEAR, para o Cargo em Comiss\u00e3o de Secret\u00e1rio Escolar \u2013 DAI  &#8211; 1, da Escola Municipal Jos\u00e9 de Freitas, o Sr. RAILSON BATISTA DA SILVA.<\/a><\/li>\n\t\t<li class=\"wsp-post\"><a href=\"https:\/\/saobernardo.ma.gov.br\/transparencia\/portarias\/portaria-no-761-de-16-de-maio-de-2024-resolve-exonerar-do-cargo-em-comissao-de-secretario-escolar-da-escola-municipal-santo-antonio-o-sr-railson-batista-da-silva\/\">PORTARIA N\u00ba 761, DE 16 DE MAIO DE 2024 &#8211; RESOLVE EXONERAR, do Cargo em Comiss\u00e3o de Secret\u00e1rio Escolar, da  Escola Municipal, Santo Ant\u00f4nio, o Sr. RAILSON BATISTA DA SILVA.<\/a><\/li>\n\t\t<li class=\"wsp-post\"><a href=\"https:\/\/saobernardo.ma.gov.br\/transparencia\/portarias\/portaria-no-760-de-10-de-abril-de-2024-resolve-nomear-para-o-cargo-em-comissao-de-assessor-juridico-dans-da-procuradoria-geral-do-municipio-a-sra-mariana-pereira-nina\/\">REVOGADA &#8211; PORTARIA N\u00ba 760, DE 10 DE ABRIL DE 2024 &#8211; RESOLVE NOMEAR, para o Cargo em Comiss\u00e3o de Assessor Jur\u00eddico DANS, da Procuradoria Geral do Munic\u00edpio, a Sra. MARIANA PEREIRA NINA.<\/a><\/li>\n\t\t<li class=\"wsp-post\"><a href=\"https:\/\/saobernardo.ma.gov.br\/transparencia\/portarias\/portaria-no-759-de-10-de-abeil-de-2024-resolve-exonerar-a-pedido-do-cargo-em-comissao-de-assessora-juridica-da-procuradoria-geral-do-municipio-a-sra-aline-dantas-amaral\/\">PORTARIA N\u00ba 759, DE 10 DE ABRIL DE 2024 &#8211; RESOLVE EXONERAR a pedido, do Cargo em Comiss\u00e3o de Assessora Jur\u00eddica da Procuradoria Geral do Munic\u00edpio, a Sra. ALINE DANTAS AMARAL.<\/a><\/li>\n\t\t<li class=\"wsp-post\"><a href=\"https:\/\/saobernardo.ma.gov.br\/transparencia\/portarias\/portaria-no-758-de-10-de-abril-de-2024-resolve-nomear-para-o-cargo-em-comissao-de-assessor-especial-nivel-i-das-do-gabinete-do-prefeito-a-sra-conceicao-de-maria-soares-braga\/\">REVOGADA &#8211; PORTARIA N\u00ba 758, DE 10 DE ABRIL DE 2024 &#8211; RESOLVE  NOMEAR, para o Cargo em Comiss\u00e3o de Assessor Especial N\u00edvel I \u2013 DAS, do Gabinete do Prefeito, a Sra. CONCEI\u00c7\u00c3O DE MARIA SOARES BRAGA.<\/a><\/li>\n\t\t<li class=\"wsp-post\"><a href=\"https:\/\/saobernardo.ma.gov.br\/transparencia\/portarias\/portaria-no-757-de-10-de-abril-de-2024-resolve-exonerar-do-cargo-em-comissao-de-assessor-especial-nivel-i-do-gabinete-do-prefeito-a-sra-roxana-braga-mathias-gomes-ribeiro\/\">PORTARIA N\u00ba 757, DE 10 DE ABRIL DE 2024 &#8211; RESOLVE EXONERAR, do Cargo em Comiss\u00e3o de Assessor Especial N\u00edvel I, do Gabinete do Prefeito, a Sra. ROXANA BRAGA MATHIAS GOMES RIBEIRO.<\/a><\/li>\n\t\t<li class=\"wsp-post\"><a href=\"https:\/\/saobernardo.ma.gov.br\/transparencia\/portarias\/portaria-no-756-de-03-de-abril-de-2024-resolve-nomear-para-responder-interinamente-pelo-o-cargo-em-comissao-de-secretario-municipal-dga-da-secretaria-municipal-de-gestao-a-sra-nara-lettycia\/\">REVOGADA &#8211; PORTARIA N\u00ba 756, DE 03 DE ABRIL DE 2024 &#8211; RESOLVE NOMEAR, para responder Interinamente, pelo o Cargo em  Comiss\u00e3o de Secret\u00e1rio Municipal &#8211; DGA, da Secretaria Municipal de Gest\u00e3o, a Sra. NARA LETTYCIA ROCHA TOMAZ.<\/a><\/li>\n\t\t<li class=\"wsp-post\"><a href=\"https:\/\/saobernardo.ma.gov.br\/transparencia\/portarias\/portaria-no-755-de-03-de-abril-de-2024-resolve-exonerar-a-pedido-do-cargo-em-comissao-de-secretario-municipal-da-secretaria-municipal-de-gestao-o-sr-james-lopes-pereira\/\">PORTARIA N\u00ba 755, DE 03 DE ABRIL DE 2024 &#8211; RESOLVE EXONERAR a pedido, do Cargo em Comiss\u00e3o de Secret\u00e1rio  Municipal, da Secretaria Municipal de Gest\u00e3o, o Sr. JAMES LOPES PEREIRA.<\/a><\/li>\n\t\t<li class=\"wsp-post\"><a href=\"https:\/\/saobernardo.ma.gov.br\/transparencia\/portarias\/portaria-no-754-de-03-de-abril-de-2024-resolve-nomear-para-responder-interinamente-pelo-o-cargo-em-comissao-de-coordenador-da-defesa-civil-das-do-gabinete-do-prefeito-o-sr-aurelio-barroso-d\/\">REVOGADA &#8211; PORTARIA N\u00ba 754, DE 03 DE ABRIL DE 2024 &#8211; RESOLVE NOMEAR, para responder Interinamente, pelo o Cargo em  Comiss\u00e3o de Coordenador da Defesa Civil &#8211; DAS, do Gabinete do Prefeito, o Sr. AURELIO BARROSO DE ALMEIDA.<\/a><\/li>\n\t\t<li class=\"wsp-post\"><a href=\"https:\/\/saobernardo.ma.gov.br\/transparencia\/portarias\/portaria-no-753-de-03-de-abril-de-2024-resolve-nomear-para-o-cargo-em-comissao-de-comandante-da-guarda-municipal-das-do-gabinete-do-prefeito-o-sr-aurelio-barroso-de-almeida\/\">REVOGADA &#8211; PORTARIA N\u00ba 753, DE 03 DE ABRIL DE 2024 &#8211; RESOLVE NOMEAR, para o Cargo em Comiss\u00e3o de Comandante da Guarda  Municipal &#8211; DAS, do Gabinete do Prefeito o Sr. AURELIO BARROSO DE ALMEIDA.<\/a><\/li>\n\t\t<li class=\"wsp-post\"><a href=\"https:\/\/saobernardo.ma.gov.br\/transparencia\/portarias\/portaria-no-752-de-02-de-abril-de-2024-resolve-nomear-para-responder-interinamente-pelo-cargo-em-comissao-de-secretario-municipal-da-secretaria-municipal-de-urbanismo-e-servicos-publicos-o-sr\/\">REVOGADA &#8211; PORTARIA N\u00ba 752, DE 02 DE ABRIL DE 2024 &#8211; RESOLVE NOMEAR, para responder Interinamente, pelo Cargo em  Comiss\u00e3o de Secret\u00e1rio Municipal, da Secretaria Municipal de Urbanismo e Servi\u00e7os  P\u00fablicos, o Sr. RONALDO DE OLIVEIRA SOUSA.<\/a><\/li>\n\t\t<li class=\"wsp-post\"><a href=\"https:\/\/saobernardo.ma.gov.br\/transparencia\/portarias\/portaria-no-751-de-02-de-abril-de-2024-resolve-nomear-para-o-cargo-em-comissao-de-secretario-municipal-dga-da-secretaria-municipal-da-fazenda-o-sr-ronaldo-de-oliveira-sousa\/\">REVOGADA &#8211; PORTARIA N\u00ba 751, DE 02 DE ABRIL DE 2024 &#8211; RESOLVE  NOMEAR, para o Cargo em Comiss\u00e3o de Secret\u00e1rio Municipal &#8211; DGA, da Secretaria Municipal da Fazenda, o Sr. RONALDO DE OLIVEIRA SOUSA.<\/a><\/li>\n\t\t<li class=\"wsp-post\"><a href=\"https:\/\/saobernardo.ma.gov.br\/transparencia\/portarias\/portaria-no-750-de-02-de-abril-de-2024-resolve-nomear-para-o-cargo-em-comissao-de-assessor-pedagogico-nivel-iii-dai-da-secretaria-municipal-de-educacao-ciencia-tecnologia-e-inovacao-a-sra\/\">REVOGADA &#8211; PORTARIA N\u00ba 750, DE 02 DE ABRIL DE 2024 &#8211; RESOLVE  NOMEAR, para o Cargo em Comiss\u00e3o de Assessor Pedag\u00f3gico  N\u00edvel III &#8211; DAI, da Secretaria Municipal de Educa\u00e7\u00e3o, Ci\u00eancia, Tecnologia e Inova\u00e7\u00e3o, a Sra. MARIA EDUARDA PORTELA TAVARES.<\/a><\/li>\n\t\t<li class=\"wsp-post\"><a href=\"https:\/\/saobernardo.ma.gov.br\/transparencia\/portarias\/portaria-no-749-de-02-de-abril-de-2024-resolve-nomear-para-o-cargo-em-comissao-de-secretario-municipal-dga-da-secretaria-municipal-de-juventude-mulheres-e-minorias-o-sr-andre-filipe-portela\/\">REVOGADA &#8211; PORTARIA N\u00ba 749, DE 02 DE ABRIL DE 2024 &#8211; RESOLVE NOMEAR, para o Cargo em Comiss\u00e3o de Secret\u00e1rio Municipal &#8211; DGA, da Secretaria Municipal de Juventude, Mulheres e Minorias, o Sr. ANDR\u00c9 FILIPE PORTELA LIMA.<\/a><\/li>\n\t\t<li class=\"wsp-post\"><a href=\"https:\/\/saobernardo.ma.gov.br\/transparencia\/portarias\/portaria-no-748-de-02-de-abril-de-2024-resolve-exonerar-do-cargo-em-comissao-de-assessor-pedagogico-nivel-iii-da-secretaria-municipal-de-educacao-ciencia-tecnologia-e-inovacao-o-sr-andre-fil\/\">PORTARIA N\u00ba 748, DE 02 DE ABRIL DE 2024 &#8211; RESOLVE EXONERAR, do Cargo em Comiss\u00e3o de Assessor Pedag\u00f3gico  N\u00edvel III, da Secretaria Municipal de Educa\u00e7\u00e3o, Ci\u00eancia, Tecnologia e Inova\u00e7\u00e3o, o Sr. ANDR\u00c9 FILIPE PORTELA LIMA.<\/a><\/li>\n\t\t<li class=\"wsp-post\"><a href=\"https:\/\/saobernardo.ma.gov.br\/transparencia\/portarias\/portaria-no-747-de-02-de-abril-de-2024-resolve-exonerar-do-cargo-em-comissao-de-secretario-municipal-da-secretaria-municipal-de-urbanismo-e-servicos-publicos-o-sr-ronaldo-de-oliveira-sousa\/\">PORTARIA N\u00ba 747, DE 02 DE ABRIL DE 2024 &#8211; RESOLVE EXONERAR, do Cargo em Comiss\u00e3o de Secret\u00e1rio Municipal, da Secretaria Municipal de Urbanismo e Servi\u00e7os P\u00fablicos, o Sr. RONALDO DE  OLIVEIRA SOUSA<\/a><\/li>\n\t\t<li class=\"wsp-post\"><a href=\"https:\/\/saobernardo.ma.gov.br\/transparencia\/portarias\/portaria-no-746-de-02-de-abril-de-2024-resolve-exonerar-por-responder-interinamente-pela-secretaria-municipal-de-comunicacao-e-cultura-o-sr-ronaldo-de-oliveira-sousa\/\">PORTARIA N\u00ba 746, DE 02 DE ABRIL DE 2024 &#8211; RESOLVE EXONERAR, por responder Interinamente, pela Secretaria  Municipal de Comunica\u00e7\u00e3o e Cultura, o Sr. RONALDO DE OLIVEIRA SOUSA.<\/a><\/li>\n\t\t<li class=\"wsp-post\"><a href=\"https:\/\/saobernardo.ma.gov.br\/transparencia\/portarias\/portaria-no-745-de-01-de-abril-de-2024-resolve-exonerar-do-cargo-em-comissao-de-assessor-tecnico-administrativo-da-procuradoria-geral-do-municipio-a-sra-isabelle-santos-costa\/\">PORTARIA N\u00ba 745, DE 01 DE ABRIL DE 2024 &#8211; RESOLVE EXONERAR, do Cargo em Comiss\u00e3o de Assessor T\u00e9cnico  Administrativo, da Procuradoria Geral do Munic\u00edpio, a Sra. ISABELLE SANTOS  COSTA.<\/a><\/li>\n\t\t<li class=\"wsp-post\"><a href=\"https:\/\/saobernardo.ma.gov.br\/transparencia\/portarias\/portaria-no-744-de-01-de-abril-de-2024-resolve-exonerar-do-cargo-em-comissao-de-assessor-pedagogico-nivel-iii-da-secretaria-municipal-de-educacao-ciencia-tecnologia-e-inovacao-o-sr-gabriel-d\/\">PORTARIA N\u00ba 744, DE 01 DE ABRIL DE 2024 &#8211; RESOLVE EXONERAR, do Cargo em Comiss\u00e3o de Assessor Pedag\u00f3gico  N\u00edvel III, da Secretaria Municipal de Educa\u00e7\u00e3o, Ci\u00eancia, Tecnologia e Inova\u00e7\u00e3o, o Sr. GABRIEL DE DEUS SANTOS MACHADO.<\/a><\/li>\n\t\t<li class=\"wsp-post\"><a href=\"https:\/\/saobernardo.ma.gov.br\/transparencia\/portarias\/portaria-no-743-de-01-de-abril-de-2024-resolve-exonerar-a-pedido-do-cargo-em-comissao-de-secretario-municipal-da-secretaria-municipal-de-juventude-mulheres-e-minorias-a-sra-deborah-de-lourdes\/\">PORTARIA N\u00ba 743, DE 01 DE ABRIL DE 2024 &#8211; RESOLVE EXONERAR a pedido, do Cargo em Comiss\u00e3o de Secret\u00e1rio  Municipal, da Secretaria Municipal de Juventude, Mulheres e Minorias, a Sra. D\u00c9BORAH DE LOURDES PORTELA BRAGA.<\/a><\/li>\n\t\t<li class=\"wsp-post\"><a href=\"https:\/\/saobernardo.ma.gov.br\/transparencia\/portarias\/portaria-no-742-de-01-de-abril-de-2024-resolve-exonerar-a-pedido-do-cargo-em-comissao-de-secretario-municipal-da-secretaria-municipal-de-fazenda-o-sr-francisco-das-chagas-carvalho\/\">PORTARIA N\u00ba 742, DE 01 DE ABRIL DE 2024 &#8211; RESOLVE EXONERAR a pedido, do Cargo em Comiss\u00e3o de Secret\u00e1rio  Municipal, da Secretaria Municipal de Fazenda, o Sr. FRANCISCO DAS CHAGAS  CARVALHO.<\/a><\/li>\n\t\t<li class=\"wsp-post\"><a href=\"https:\/\/saobernardo.ma.gov.br\/transparencia\/portarias\/portaria-no-741-de-01-de-abril-de-2024-resolve-exonerar-a-pedido-por-responder-interinamente-pelo-cargo-em-comissao-de-coordenador-da-defesa-civil-do-gabinete-do-prefeito-o-sr-luis-antonio-p\/\">PORTARIA N\u00ba 741, DE 01 DE ABRIL DE 2024 &#8211; RESOLVE EXONERAR a pedido por Responder Interinamente, pelo Cargo  em Comiss\u00e3o, de Coordenador da Defesa Civil, do Gabinete do Prefeito, o Sr.  LU\u00cdS ANT\u00d4NIO PORTO DE CASTRO J\u00daNIOR.<\/a><\/li>\n\t\t<li class=\"wsp-post\"><a href=\"https:\/\/saobernardo.ma.gov.br\/transparencia\/portarias\/portaria-no-740-de-01-de-abril-de-2024-resolve-exonerar-a-pedido-do-cargo-em-comissao-de-comandante-da-guarda-municipal-do-gabinete-do-prefeito-o-sr-luis-antonio-porto-de-castro-junior\/\">PORTARIA N\u00ba 740, DE 01 DE ABRIL DE 2024 &#8211; RESOLVE EXONERAR a pedido, do Cargo em Comiss\u00e3o de Comandante da  Guarda Municipal, do Gabinete do Prefeito, o Sr. LU\u00cdS ANT\u00d4NIO PORTO DE  CASTRO J\u00daNIOR.<\/a><\/li>\n\t\t<li class=\"wsp-post\"><a href=\"https:\/\/saobernardo.ma.gov.br\/transparencia\/portarias\/portaria-no-739-de-01-de-abril-de-2024-resolve-exonerar-a-pedido-do-cargo-em-comissao-de-secretario-municipal-da-secretaria-municipal-de-cidadania-e-direitos-humanos-o-sr-antonio-couto-meirel\/\">PORTARIA N\u00ba 739, DE 01 DE ABRIL DE 2024 &#8211; RESOLVE EXONERAR a pedido, do Cargo em Comiss\u00e3o de Secret\u00e1rio  Municipal, da Secretaria Municipal de Cidadania e Direitos Humanos, o Sr. ANTONIO  COUTO MEIRELES NETO.<\/a><\/li>\n\t\t<li class=\"wsp-post\"><a href=\"https:\/\/saobernardo.ma.gov.br\/transparencia\/portarias\/portaria-no-738-de-01-de-abril-de-2024-resolve-exonerar-a-pedido-do-cargo-em-comissao-de-secretario-municipal-da-secretaria-municipal-de-obras-patrimonio-e-logistica-o-sr-jose-jailton-silva\/\">PORTARIA N\u00ba 738, DE 01 DE ABRIL DE 2024 &#8211; RESOLVE EXONERAR a pedido, do Cargo em Comiss\u00e3o de Secret\u00e1rio  Municipal, da Secretaria Municipal de Obras, Patrim\u00f4nio e Log\u00edstica, o Sr. JOS\u00c9  JAILTON SILVA SPINDOLA.<\/a><\/li>\n\t\t<li class=\"wsp-post\"><a href=\"https:\/\/saobernardo.ma.gov.br\/transparencia\/portarias\/portaria-no-737-de-01-de-abril-de-2024-resolve-nomear-para-o-cargo-em-comissao-de-articuladora-municipal-pedagogica-da-secretaria-municipal-de-educacao-ciencia-tecnologia-e-inovacao-a-sra-cl\/\">REVOGADA &#8211; PORTARIA N\u00ba 737, DE 01 DE ABRIL DE 2024 &#8211; RESOLVE NOMEAR, para o Cargo em Comiss\u00e3o de Articuladora Municipal  Pedag\u00f3gica, da Secretaria Municipal de Educa\u00e7\u00e3o, Ci\u00eancia, Tecnologia e Inova\u00e7\u00e3o, a Sra. CLERES MARIA ROCHA DE ARA\u00daJO.<\/a><\/li>\n\t\t<li class=\"wsp-post\"><a href=\"https:\/\/saobernardo.ma.gov.br\/transparencia\/portarias\/portaria-no-736-de-01-de-abril-de-2024-resolve-nomear-para-o-cargo-em-comissao-de-articulador-municipal-de-gestao-da-secretaria-municipal-de-educacao-ciencia-tecnologia-e-inovacao-o-sr-danil\/\">REVOGADA &#8211; PORTARIA N\u00ba 736, DE 01 DE ABRIL DE 2024 &#8211; RESOLVE NOMEAR, para o Cargo em Comiss\u00e3o de Articulador Municipal de  Gest\u00e3o, da Secretaria Municipal de Educa\u00e7\u00e3o, Ci\u00eancia, Tecnologia e Inova\u00e7\u00e3o, o Sr. DANILO BARBOSA DA SILVA DOS SANTOS.<\/a><\/li>\n\t\t<li class=\"wsp-post\"><a href=\"https:\/\/saobernardo.ma.gov.br\/transparencia\/portarias\/portaria-no-735-de-01-de-abril-de-2024-resolve-nomear-para-o-cargo-em-comissao-de-coordenador-municipal-da-secretaria-municipal-de-educacao-ciencia-tecnologia-e-inovacao-o-sr-willberth-galen\/\">REVOGADA &#8211; PORTARIA N\u00ba 735, DE 01 DE ABRIL DE 2024 &#8211; RESOLVE NOMEAR, para o Cargo em Comiss\u00e3o de Coordenador Municipal,  da Secretaria Municipal de Educa\u00e7\u00e3o, Ci\u00eancia, Tecnologia e Inova\u00e7\u00e3o, o Sr. WILLBERTH GALENO DA SILVA SOUSA.<\/a><\/li>\n\t\t<li class=\"wsp-post\"><a href=\"https:\/\/saobernardo.ma.gov.br\/transparencia\/portarias\/portaria-no-734-de-01-de-abril-de-2024-resolve-exonerar-do-cargo-em-comissao-de-assessor-pedagogico-nivel-ii-da-secretaria-municipal-de-educacao-ciencia-tecnologia-e-inovacao-a-sra-cleres-ma\/\">PORTARIA N\u00ba 734, DE 01 DE ABRIL DE 2024 &#8211; RESOLVE EXONERAR, do Cargo em Comiss\u00e3o de Assessor Pedag\u00f3gico  N\u00edvel II, da Secretaria Municipal de Educa\u00e7\u00e3o, Ci\u00eancia, Tecnologia e Inova\u00e7\u00e3o a Sra.  CLERES MARIA ROCHA DE ARAUJO.<\/a><\/li>\n\t\t<li class=\"wsp-post\"><a href=\"https:\/\/saobernardo.ma.gov.br\/transparencia\/portarias\/portaria-no-733-de-01-de-abril-de-2024-resolve-exonerar-do-cargo-em-comissao-de-coordenador-pedagogico-da-escola-municipal-maria-de-lourdes-serra-o-sr-danilo-barbosa-da-silva-dos-santos\/\">PORTARIA N\u00ba 733, DE 01 DE ABRIL DE 2024 &#8211; RESOLVE EXONERAR, do Cargo em Comiss\u00e3o de Coordenador  Pedag\u00f3gico, da Escola Municipal, Maria de Lourdes Serra, o Sr. DANILO BARBOSA  DA SILVA DOS SANTOS.<\/a><\/li>\n\t\t<li class=\"wsp-post\"><a href=\"https:\/\/saobernardo.ma.gov.br\/transparencia\/portarias\/portaria-no-732-de-01-de-abril-de-2024-resolve-exonerar-do-cargo-em-comissao-de-assessor-pedagogico-nivel-i-da-secretaria-municipal-de-educacao-ciencia-tecnologia-e-inovacao-o-sr-wilberth-ca\/\">PORTARIA N\u00ba 732, DE 01 DE ABRIL DE 2024 &#8211; RESOLVE EXONERAR, do Cargo em Comiss\u00e3o de Coordenador  Pedag\u00f3gico, da Escola Municipal Francisco Marques da Silva, o Sr. WILLBERTH  GALENO DA SILVA SOUSA.<\/a><\/li>\n\t\t<li class=\"wsp-post\"><a href=\"https:\/\/saobernardo.ma.gov.br\/transparencia\/portarias\/portaria-no-731-de-26-de-marco-de-2024-resolve-fica-cedido-a-servidora-publica-municipal-de-cargo-efetivo-de-agente-administrativo-da-secretaria-municipal-de-gestao-a-sra-thais-aires-marques\/\">PORTARIA N\u00ba 731, DE 26 DE MAR\u00c7O DE 2024 &#8211; RESOLVE FICA cedido, a Servidora P\u00fablica Municipal, de Cargo Efetivo de Agente Administrativo, da Secretaria Municipal de Gest\u00e3o, a Sra. Thais Aires Marques.<\/a><\/li>\n\t\t<li class=\"wsp-post\"><a href=\"https:\/\/saobernardo.ma.gov.br\/transparencia\/portarias\/portaria-no-730-de-26-de-marco-de-2024-resolve-exonerar-por-aposentadoria-do-cargo-efetivo-de-professor-de-portugues-do-municipio-de-sao-bernardo-estado-do-maranhao-a-sra-yete-do-nascimento-ca\/\">PORTARIA N\u00ba 730, DE 26 DE MAR\u00c7O DE 2024 &#8211; RESOLVE EXONERAR por Aposentadoria, do Cargo Efetivo de Professor de Portugu\u00eas, do Munic\u00edpio de S\u00e3o Bernardo, Estado do Maranh\u00e3o, a Sra. YETE DO NASCIMENTO CASTELO BRANCO.<\/a><\/li>\n\t\t<li class=\"wsp-post\"><a href=\"https:\/\/saobernardo.ma.gov.br\/transparencia\/portarias\/portaria-no-729-de-26-de-marco-de-2024-resolve-nomear-para-o-cargo-em-comissao-de-assessor-pedagogico-nivel-ii-das-da-secretaria-municipal-de-educacao-ciencia-tecnologia-e-inovacao-o-sr-f\/\">REVOGADA &#8211; PORTARIA N\u00ba 729, DE 26 DE MAR\u00c7O DE 2024 &#8211; RESOLVE NOMEAR, para o Cargo em Comiss\u00e3o de Assessor Pedag\u00f3gico  N\u00edvel II &#8211; DAS, da Secretaria Municipal de Educa\u00e7\u00e3o, Ci\u00eancia, Tecnologia e Inova\u00e7\u00e3o,  o Sr. FERNANDO ARA\u00daJO BRITO.<\/a><\/li>\n\t\t<li class=\"wsp-post\"><a href=\"https:\/\/saobernardo.ma.gov.br\/transparencia\/portarias\/portaria-no-728-de-26-de-marco-de-2024-resolve-nomear-para-o-cargo-em-comissao-de-inspetor-escolar-dai-da-escola-municipal-raimundo-machado-filho-o-sr-guilherme-lira-araujo\/\">REVOGADA &#8211; PORTARIA N\u00ba 728, DE 26 DE MAR\u00c7O DE 2024 &#8211; RESOLVE NOMEAR, para o Cargo em Comiss\u00e3o de Inspetor Escolar &#8211; DAI, da Escola Municipal, Raimundo Machado Filho, o Sr. GUILHERME LIRA ARAUJO.<\/a><\/li>\n\t\t<li class=\"wsp-post\"><a href=\"https:\/\/saobernardo.ma.gov.br\/transparencia\/portarias\/portaria-no-727-de-26-de-marco-de-2024-resolve-nomear-para-o-cargo-em-comissao-de-inspetor-escolar-dai-da-escola-municipal-monsenhor-mauricio-laurent-a-sra-patricia-cirqueira-da-silva\/\">REVOGADA &#8211; PORTARIA N\u00ba 727, DE 26 DE MAR\u00c7O DE 2024 &#8211; RESOLVE NOMEAR, para o Cargo em Comiss\u00e3o de Inspetor Escolar &#8211; DAI,  da Escola Municipal, Monsenhor Maur\u00edcio Laurent, a Sra. PATRICIA CIRQUEIRA DA  SILVA.<\/a><\/li>\n\t\t<li class=\"wsp-post\"><a href=\"https:\/\/saobernardo.ma.gov.br\/transparencia\/portarias\/portaria-no-726-de-26-de-marco-de-2024-resolve-nomear-para-o-cargo-em-comissao-de-inspetor-escolar-dai-da-escola-municipal-instituto-educacional-conego-nestor-de-carvalho-cunha-o-sr\/\">REVOGADA &#8211; PORTARIA N\u00ba 726, DE 26 DE MAR\u00c7O DE 2024 &#8211; RESOLVE NOMEAR, para o Cargo em Comiss\u00e3o de Inspetor Escolar \u2013 DAI,  da Escola Municipal, Instituto Educacional C\u00f4nego Nestor de Carvalho Cunha, o Sr. MATEUS LIMA BEZERRA.<\/a><\/li>\n\t\t<li class=\"wsp-post\"><a href=\"https:\/\/saobernardo.ma.gov.br\/transparencia\/portarias\/poertaria-conjunta-no-02-de-21-de-marco-de-2024-dispoe-sobre-a-proibicao-de-entrada-de-garrafas-e-recipientes-de-vidros-no-circuito-da-praca-de-eventos-onde-ocorrera-a-festa-de-aniversario\/\">POERTARIA CONJUNTA N\u00ba 02, DE 21 DE MAR\u00c7O DE 2024 &#8211; \u201cDisp\u00f5e sobre a proibi\u00e7\u00e3o de entrada de garrafas e recipientes de vidros no circuito da Pra\u00e7a de Eventos onde ocorrer\u00e1 a Festa de ANIVERS\u00c1RIO DE 86 ANOS DE EMANCIPA\u00c7\u00c3O POL\u00cdTICA DE S\u00c3O BERNARDO\u201d; e d\u00e1 outras provid\u00eancias\u201d<\/a><\/li>\n\t\t<li class=\"wsp-post\"><a href=\"https:\/\/saobernardo.ma.gov.br\/transparencia\/portarias\/portaria-no-725-de-21-de-marco-de-2024-resolve-nomear-para-o-cargo-em-comissao-de-coordenador-de-programa-cras-das-da-secretaria-municipal-de-assistencia-social-a-sra-grazyella-silva-e-silva\/\">REVOGADA &#8211; PORTARIA N\u00ba 725, DE 21 DE MAR\u00c7O DE 2024 &#8211; RESOLVE NOMEAR, para o Cargo em Comiss\u00e3o de Coordenador de  Programa CRAS &#8211; DAS, da Secretaria Municipal de Assist\u00eancia Social, a Sra. GRAZYELLA SILVA E SILVA<\/a><\/li>\n\t\t<li class=\"wsp-post\"><a href=\"https:\/\/saobernardo.ma.gov.br\/transparencia\/portarias\/portaria-no-724-de-21-de-marco-de-2024-resolve-exonerar-do-cargo-em-comissao-de-coordenador-de-programa-cras-da-secretaria-municipal-de-assistencia-social-a-sra-maria-de-loudes-sal\/\">PORTARIA N\u00ba 724, DE 21 DE MAR\u00c7O DE 2024 &#8211; RESOLVE EXONERAR, do Cargo em Comiss\u00e3o de Coordenador, de  Programa \u2013 CRAS, da Secretaria Municipal de Assist\u00eancia Social, a Sra. MARIA DE  LOUDES SALES MIRANDA<\/a><\/li>\n\t\t<li class=\"wsp-post\"><a href=\"https:\/\/saobernardo.ma.gov.br\/transparencia\/portarias\/portaria-no-723-de-20-de-marco-de-2024-resolve-nomear-para-o-cargo-em-comissao-de-secretario-escolar-dai-1-da-escola-municipal-paulo-freire-a-sra-ana-claudia-da-costa-silva\/\">REVOGADA &#8211; PORTARIA N\u00ba 723, DE 20 DE MAR\u00c7O DE 2024 &#8211; RESOLVE NOMEAR, para o Cargo em Comiss\u00e3o de Secret\u00e1rio Escolar &#8211; DAI &#8211; 1, da Escola Municipal, Paulo Freire, a Sra. ANA CLAUDIA DA COSTA SILVA.<\/a><\/li>\n\t\t<li class=\"wsp-post\"><a href=\"https:\/\/saobernardo.ma.gov.br\/transparencia\/portarias\/portaria-no-722-de-18-de-marco-de-2024-resolve-nomear-para-o-cargo-em-comissao-de-assessor-especial-nivel-ii-dai-do-gabinete-do-prefeito-o-sr-emerson-silva-zeidam\/\">REVOGADA &#8211; PORTARIA N\u00ba 722, DE 18 DE MAR\u00c7O DE 2024 &#8211; RESOLVE NOMEAR, para o Cargo em Comiss\u00e3o de Assessor Especial N\u00edvel  II &#8211; DAI, do Gabinete do Prefeito, o Sr. EMERSON SILVA ZEIDAM<\/a><\/li>\n\t\t<li class=\"wsp-post\"><a href=\"https:\/\/saobernardo.ma.gov.br\/transparencia\/portarias\/portaria-no-721-de-11-de-marco-de-2024-resolve-nomear-para-o-cargo-em-comissao-de-assessor-especial-nivel-ii-dai-do-gabinete-do-prefeito-o-sr-francisco-das-chagas-dos-santos-farias\/\">REVOGADA &#8211; PORTARIA N\u00ba 721, DE 11 DE MAR\u00c7O DE 2024 &#8211; RESOLVE NOMEAR, para o Cargo em Comiss\u00e3o de Assessor Especial N\u00edvel  II \u2013 DAI, do Gabinete do Prefeito, o Sr. FRANCISCO DAS CHAGAS DOS SANTOS  FARIAS<\/a><\/li>\n\t\t<li class=\"wsp-post\"><a href=\"https:\/\/saobernardo.ma.gov.br\/transparencia\/portarias\/portaria-no-720-de-07-de-marco-de-2024-resolve-nomear-para-o-cargo-em-comissao-de-coordenador-pedagogico-das-da-escola-municipal-instituto-educacional-conego-nestor-de-carvalho-cunha-a-sra\/\">REVOGADA &#8211; PORTARIA N\u00ba 720, DE 07 DE MAR\u00c7O DE 2024 &#8211; RESOLVE NOMEAR, para o Cargo em Comiss\u00e3o de Coordenador  Pedag\u00f3gico &#8211; DAS, da Escola Municipal, Instituto Educacional C\u00f4nego Nestor de  Carvalho Cunha, a Sra. ISANARA KETHLY SILVA SAMPAIO<\/a><\/li>\n\t\t<li class=\"wsp-post\"><a href=\"https:\/\/saobernardo.ma.gov.br\/transparencia\/portarias\/portaria-no-719-de-06-de-marco-de-2024-resolve-nomear-para-o-cargo-em-comissao-de-coordenador-pedagogico-das-da-creche-bibi-a-sra-vanderlandia-maria-de-lima-vieira\/\">REVOGADA &#8211; PORTARIA N\u00ba 719, DE 06 DE MAR\u00c7O DE 2024 &#8211; RESOLVE NOMEAR, para o Cargo em Comiss\u00e3o de Coordenador  Pedag\u00f3gico &#8211; DAS, da Creche Bibi, a Sra. VANDERLANDIA MARIA DE LIMA VIEIRA<\/a><\/li>\n\t\t<li class=\"wsp-post\"><a href=\"https:\/\/saobernardo.ma.gov.br\/transparencia\/portarias\/portaria-no-718-de-06-de-marco-de-2024-resolve-nomear-para-o-cargo-em-comissao-de-assessor-tecnico-administrativo-dai-1-da-controladoria-geral-do-municipio-a-sra-priscila-silva-me\/\">REVOGADA &#8211; PORTARIA N\u00ba 718, DE 06 DE MAR\u00c7O DE 2024 &#8211; RESOLVE NOMEAR, para o Cargo em Comiss\u00e3o de Assessor T\u00e9cnico  Administrativo \u2013 DAI &#8211; 1, da Controladoria Geral do Munic\u00edpio, a Sra. PRISCILA SILVA  MENESES<\/a><\/li>\n\t\t<li class=\"wsp-post\"><a href=\"https:\/\/saobernardo.ma.gov.br\/transparencia\/portarias\/portaria-no-717-de-06-de-marco-de-2024-resolve-nomear-para-o-cargo-em-comissao-de-coordenador-pedagogico-das-da-escola-municipal-monsenhor-mauricio-laurent-o-sr-walison-vieira-de-carvalho\/\">REVOGADA &#8211; PORTARIA N\u00ba 717, DE 06 DE MAR\u00c7O DE 2024 &#8211; RESOLVE NOMEAR, para o Cargo em Comiss\u00e3o de Coordenador  Pedag\u00f3gico &#8211; DAS, da Escola Municipal, Monsenhor Maur\u00edcio Laurent, o Sr.  WALISON VIEIRA DE CARVALHO<\/a><\/li>\n\t\t<li class=\"wsp-post\"><a href=\"https:\/\/saobernardo.ma.gov.br\/transparencia\/portarias\/portaria-no-716-de-06-de-marco-de-2024-resolve-nomear-para-o-cargo-em-comissao-de-coordenador-pedagogico-das-da-escola-municipal-francisco-marques-da-silva-a-sra-gildelene-farias-cardoso\/\">REVOGADA &#8211; PORTARIA N\u00ba 716, DE 06 DE MAR\u00c7O DE 2024 &#8211; RESOLVE NOMEAR, para o Cargo em Comiss\u00e3o de Coordenador  Pedag\u00f3gico &#8211; DAS, da Escola Municipal, Francisco Marques da Silva, a Sra. GILDELENE FARIAS CARDOSO<\/a><\/li>\n\t\t<li class=\"wsp-post\"><a href=\"https:\/\/saobernardo.ma.gov.br\/transparencia\/portarias\/portaria-no-715-de-06-de-marco-de-2024-resolve-nomear-para-o-cargo-em-comissao-de-chefe-do-departamento-de-almoxarifado-dai-da-secretaria-municipal-de-esporte-e-lazer-o-sr-francisco-kauan-b\/\">REVOGADA &#8211; PORTARIA N\u00ba 715, DE 06 DE MAR\u00c7O DE 2024 &#8211; RESOLVE NOMEAR, para o Cargo em Comiss\u00e3o de Chefe do Departamento  de Almoxarifado &#8211; DAI, da Secretaria Municipal de Esporte e Lazer, o Sr. FRANCISCO  KAU\u00c3N BARROS<\/a><\/li>\n\t\t<li class=\"wsp-post\"><a href=\"https:\/\/saobernardo.ma.gov.br\/transparencia\/portarias\/portaria-no-714-de-28-de-fevereiro-de-2024-resolve-nomear-para-o-cargo-em-comissao-de-assessor-pedagogico-nivel-iii-dai-da-secretaria-municipal-de-educacao-ciencia-tecnologia-e-inovacao-o-sr\/\">REVOGADA &#8211; PORTARIA N\u00ba 714, DE 28 DE FEVEREIRO DE 2024 &#8211; RESOLVE NOMEAR, para o Cargo em Comiss\u00e3o de Assessor Pedag\u00f3gico N\u00edvel III &#8211; DAI, da Secretaria Municipal de Educa\u00e7\u00e3o, Ci\u00eancia, Tecnologia e Inova\u00e7\u00e3o, o Sr. ANDERSON DARLLEY DA SILVA FERREIRA<\/a><\/li>\n\t\t<li class=\"wsp-post\"><a href=\"https:\/\/saobernardo.ma.gov.br\/transparencia\/portarias\/portaria-no-713-de-28-de-fevereiro-de-2024-resolve-exonerar-do-cargo-em-comissao-de-coordenador-pedagogico-da-escola-municipal-francisco-marques-da-silva-a-sra-larissa-amanda-dos-santos-pont\/\">PORTARIA N\u00ba 713, DE 28 DE FEVEREIRO DE 2024 &#8211; RESOLVE EXONERAR, do Cargo em Comiss\u00e3o de Coordenador  Pedag\u00f3gico, da Escola Municipal, Francisco Marques da Silva, a Sra. LARISSA  AMANDA DOS SANTOS PONTES<\/a><\/li>\n\t\t<li class=\"wsp-post\"><a href=\"https:\/\/saobernardo.ma.gov.br\/transparencia\/portarias\/portaria-no-712-de-28-de-fevereiro-de-2024-resolve-nomear-para-o-cargo-em-comissao-de-diretor-adjunto-da-escola-municipal-nilza-coelho-lima-a-sra-raimunda-nonata-alves-garces\/\">REVOGADA &#8211; PORTARIA N\u00ba 712, DE 28 DE FEVEREIRO DE 2024 &#8211; RESOLVE NOMEAR, para o Cargo em Comiss\u00e3o de Diretor Adjunto, da  Escola Municipal, Nilza Coelho Lima, a Sra. RAIMUNDA NONATA ALVES GARCES<\/a><\/li>\n\t\t<li class=\"wsp-post\"><a href=\"https:\/\/saobernardo.ma.gov.br\/transparencia\/portarias\/portaria-no-711-de-28-de-fevereiro-de-2024-resolve-exonerar-do-cargo-em-comissao-de-inspetor-escolar-da-escola-municipal-monteiro-lobato-a-sra-raimunda-nonata-alves-garces\/\">PORTARIA N\u00ba 711, DE 28 DE FEVEREIRO DE 2024 &#8211; RESOLVE EXONERAR, do Cargo em Comiss\u00e3o de Inspetor Escolar, da Escola Municipal, Monteiro Lobato, a Sra. RAIMUNDA NONATA ALVES GARCES<\/a><\/li>\n\t\t<li class=\"wsp-post\"><a href=\"https:\/\/saobernardo.ma.gov.br\/transparencia\/portarias\/portaria-no-710-de-28-de-fevereiro-de-2024-resolve-nomear-para-o-cargo-em-comissao-de-diretor-escolar-da-escola-municipal-nilza-coelho-lima-o-sr-valdemir-melo-silva\/\">REVOGADA &#8211; PORTARIA N\u00ba 710, DE 28 DE FEVEREIRO DE 2024 &#8211; RESOLVE NOMEAR, para o Cargo em Comiss\u00e3o de Diretor Escolar, da  Escola Municipal, Nilza Coelho Lima, o Sr. VALDEMIR MELO SILVA<\/a><\/li>\n\t\t<li class=\"wsp-post\"><a href=\"https:\/\/saobernardo.ma.gov.br\/transparencia\/portarias\/portaria-no-709-de-28-de-fevereiro-de-2024-resolve-exonerar-do-cargo-em-comissao-de-assessor-pedagogico-nivel-ii-da-secretaria-municipal-de-educacao-ciencia-tecnologia-e-inovacao-o-sr-valdem\/\">PORTARIA N\u00ba 709, DE 28 DE FEVEREIRO DE 2024 &#8211; RESOLVE EXONERAR, do Cargo em Comiss\u00e3o de Assessor Pedag\u00f3gico  N\u00edvel II, da Secretaria Municipal de Educa\u00e7\u00e3o, Ci\u00eancia, Tecnologia e Inova\u00e7\u00e3o, o Sr. VALDEMIR MELO SILVA<\/a><\/li>\n\t\t<li class=\"wsp-post\"><a href=\"https:\/\/saobernardo.ma.gov.br\/transparencia\/portarias\/portaria-no-708-de-27-de-fevereiro-de-2024-resolve-nomear-para-o-cargo-em-comissao-de-assessor-pedagogico-nivel-i-dans-da-secretaria-municipal-de-educacao-ciencia-tecnologia-e-inovacao-a-s\/\">REVOGADA &#8211; PORTARIA N\u00ba 708, DE 27 DE FEVEREIRO DE 2024 &#8211; RESOLVE NOMEAR, para o Cargo em Comiss\u00e3o de Assessor Pedag\u00f3gico  N\u00edvel I &#8211; DANS, da Secretaria Municipal de Educa\u00e7\u00e3o, Ci\u00eancia, Tecnologia e Inova\u00e7\u00e3o,  a Sra. FILOMENA MARIA GOMES DE SOUSA SANTOS<\/a><\/li>\n\t\t<li class=\"wsp-post\"><a href=\"https:\/\/saobernardo.ma.gov.br\/transparencia\/portarias\/portaria-no-707-de-27-de-fevereiro-de-2024-resolve-nomear-para-o-cargo-em-comissao-de-assessor-pedagogico-nivel-i-dans-da-secretaria-municipal-de-educacao-ciencia-tecnologia-e-inovacao-a-s\/\">REVOGADA &#8211; PORTARIA N\u00ba 707, DE 27 DE FEVEREIRO DE 2024 &#8211; RESOLVE NOMEAR, para o Cargo em Comiss\u00e3o de Assessor Pedag\u00f3gico  N\u00edvel I &#8211; DANS, da Secretaria Municipal de Educa\u00e7\u00e3o, Ci\u00eancia, Tecnologia e Inova\u00e7\u00e3o,  a Sra. MARIA DO SOCORRO CARVALHO DE SOUSA<\/a><\/li>\n\t\t<li class=\"wsp-post\"><a href=\"https:\/\/saobernardo.ma.gov.br\/transparencia\/portarias\/portaria-no-706-de-27-de-fevereiro-de-2024-resolve-nomear-para-o-cargo-em-comissao-de-coordenador-pedagogico-das-da-escola-municipal-monsenhor-mauricio-laurent-o-sr-walison-vieira-de-carval\/\">REVOGADA &#8211; PORTARIA N\u00ba 706, DE 27 DE FEVEREIRO DE 2024 &#8211; RESOLVE NOMEAR, para o Cargo em Comiss\u00e3o de Coordenador  Pedag\u00f3gico &#8211; DAS, da Escola Municipal, Monsenhor Maur\u00edcio Laurent, o Sr. WALISON VIEIRA DE CARVALHO<\/a><\/li>\n\t\t<li class=\"wsp-post\"><a href=\"https:\/\/saobernardo.ma.gov.br\/transparencia\/portarias\/portaria-no-705-de-27-de-fevereiro-de-2024-resolve-nomear-para-o-cargo-em-comissao-de-diretor-escolar-da-escola-municipal-santa-luzia-a-sra-ligia-maria-magalhaes-de-carvalho\/\">REVOGADA &#8211; PORTARIA N\u00ba 705, DE 27 DE FEVEREIRO DE 2024 &#8211; RESOLVE NOMEAR, para o Cargo em Comiss\u00e3o de Diretor Escolar, da  Escola Municipal, Santa Luzia, a Sra. L\u00cdGIA MARIA MAGALH\u00c3ES DE CARVALHO<\/a><\/li>\n\t\t<li class=\"wsp-post\"><a href=\"https:\/\/saobernardo.ma.gov.br\/transparencia\/portarias\/portaria-no-704-de-27-de-fevereiro-de-2024-resolve-nomear-para-o-cargo-em-comissao-de-secretario-escolar-dai-1-do-jardim-de-infancia-saci-perere-a-sra-israella-dhulia-sousa-cirqu\/\">REVOGADA &#8211; PORTARIA N\u00ba 704, DE 27 DE FEVEREIRO DE 2024 &#8211; RESOLVE NOMEAR, para o Cargo em Comiss\u00e3o de Secret\u00e1rio Escolar \u2013 DAI  &#8211; 1, do Jardim de Inf\u00e2ncia Saci- Perer\u00ea, a Sra. ISRAELLA DHULIA SOUSA  CIRQUEIRA<\/a><\/li>\n\t\t<li class=\"wsp-post\"><a href=\"https:\/\/saobernardo.ma.gov.br\/transparencia\/portarias\/portaria-no-703-de-27-de-fevereiro-de-2024-resolve-exonerar-do-cargo-em-comissao-de-coordenador-pedagogico-do-jardim-de-infancia-saci-perere-a-sra-isrraela-dhulia-sousa-cirqueira\/\">PORTARIA N\u00ba 703, DE 27 DE FEVEREIRO DE 2024 &#8211; RESOLVE EXONERAR, do Cargo em Comiss\u00e3o de Coordenador  Pedag\u00f3gico, do Jardim de Inf\u00e2ncia Saci-Perer\u00ea, a Sra. ISRAELLA DHULIA SOUSA CIRQUEIRA<\/a><\/li>\n\t\t<li class=\"wsp-post\"><a href=\"https:\/\/saobernardo.ma.gov.br\/transparencia\/portarias\/portaria-no-702-de-27-de-fevereiro-de-2024-resolve-nomear-para-o-cargo-em-comissao-de-secretario-escolar-dai-1-da-escola-municipal-instituto-educacional-conego-nestor-de-carvalho-cu\/\">REVOGADA &#8211; PORTARIA N\u00ba 702, DE 27 DE FEVEREIRO DE 2024 &#8211; RESOLVE NOMEAR, para o Cargo em Comiss\u00e3o de Secret\u00e1rio Escolar \u2013 DAI  &#8211; 1, da Escola Municipal, Instituto Educacional C\u00f4nego Nestor de Carvalho Cunha, o Sr. FRAZ\u00c3O SILVA OLIVEIRA<\/a><\/li>\n\t\t<li class=\"wsp-post\"><a href=\"https:\/\/saobernardo.ma.gov.br\/transparencia\/portarias\/portaria-no-701-de-27-de-fevereiro-de-2024-resolve-exonerar-do-cargo-em-comissao-de-inspetor-escolar-da-escola-municipal-monsenhor-mauricio-laurent-o-sr-frazao-silva-oliveira\/\">PORTARIA N\u00ba 701, DE 27 DE FEVEREIRO DE 2024 &#8211; RESOLVE EXONERAR, do Cargo em Comiss\u00e3o de Inspetor Escolar, da  Escola Municipal, Monsenhor Maur\u00edcio Laurent, o Sr. FRAZ\u00c3O SILVA OLIVEIRA<\/a><\/li>\n\t\t<li class=\"wsp-post\"><a href=\"https:\/\/saobernardo.ma.gov.br\/transparencia\/portarias\/portaria-no-700-de-27-de-fevereiro-de-2024-resolve-nomear-para-o-cargo-em-comissao-de-diretor-escolar-da-escola-municipal-instituto-educacional-conego-nestor-de-carvalho-cunha-a-sra-maria-luc\/\">REVOGADA &#8211; PORTARIA N\u00ba 700, DE 27 DE FEVEREIRO DE 2024 &#8211; RESOLVE NOMEAR, para o Cargo em Comiss\u00e3o de Diretor Escolar, da  Escola Municipal, Instituto Educacional C\u00f4nego Nestor de Carvalho Cunha, a Sra. MARIA LUCILENE DA SILVA CARVALHO<\/a><\/li>\n\t\t<li class=\"wsp-post\"><a href=\"https:\/\/saobernardo.ma.gov.br\/transparencia\/portarias\/portaria-no-699-de-27-de-fevereiro-de-2024\/\">PORTARIA N\u00ba 699, DE 27 DE FEVEREIRO DE 2024 &#8211; RESOLVE EXONERAR, do Cargo em Comiss\u00e3o de Assessor Pedag\u00f3gico  N\u00edvel I, da Secretaria Municipal de Educa\u00e7\u00e3o, Ci\u00eancia, Tecnologia e Inova\u00e7\u00e3o, a Sra,  MARIA LUCILENE DA SILVA<\/a><\/li>\n\t\t<li class=\"wsp-post\"><a href=\"https:\/\/saobernardo.ma.gov.br\/transparencia\/portarias\/portaria-no-698-de-27-de-fevereiro-de-2024-resolve-nomear-para-o-cargo-em-comissao-de-diretor-adjunto-da-escola-municipal-instituto-educacional-conego-nestor-de-carvalho-cunha-a-sra-ruth-miran\/\">REVOGADA &#8211; PORTARIA N\u00ba 698, DE 27 DE FEVEREIRO DE 2024 &#8211; RESOLVE NOMEAR, para o Cargo em Comiss\u00e3o de Diretor Adjunto, da Escola Municipal, Instituto Educacional C\u00f4nego Nestor de Carvalho Cunha, a Sra. RUTH MIRANDA COSTA<\/a><\/li>\n\t\t<li class=\"wsp-post\"><a href=\"https:\/\/saobernardo.ma.gov.br\/transparencia\/portarias\/portaria-no-697-de-27-de-fevereiro-de-2024-resolve-exonerar-do-cargo-em-comissao-de-coordenador-pedagogico-da-escola-municipal-monsenhor-mauricio-laurent-a-sra-ruth-miranda-costa-meneses\/\">PORTARIA N\u00ba 697, DE 27 DE FEVEREIRO DE 2024 &#8211; RESOLVE EXONERAR, do Cargo em Comiss\u00e3o de Coordenador  Pedag\u00f3gico, da Escola Municipal, Monsenhor Maur\u00edcio Laurent, a Sra. RUTH  MIRANDA COSTA MENESES<\/a><\/li>\n\t\t<li class=\"wsp-post\"><a href=\"https:\/\/saobernardo.ma.gov.br\/transparencia\/portarias\/portaria-no-696-de-27-de-fevereiro-de-2024-resolve-nomear-para-o-cargo-em-comissao-de-inspetor-escolar-dai-da-escola-municipal-conego-nestor-o-sr-romulo-melo-de-sousa\/\">REVOGADA &#8211; PORTARIA N\u00ba 696, DE 27 DE FEVEREIRO DE 2024 &#8211; RESOLVE NOMEAR, para o Cargo em Comiss\u00e3o de Inspetor Escolar &#8211; DAI,  da Escola Municipal, Instituto Educacional C\u00f4nego Nestor de Carvalho Cunha, o Sr.  R\u00d4MULO MELO DE SOUSA<\/a><\/li>\n\t\t<li class=\"wsp-post\"><a href=\"https:\/\/saobernardo.ma.gov.br\/transparencia\/portarias\/portaria-no-695-de-27-de-fevereiro-de-2024-resolve-exonerar-do-cargo-em-comissao-de-secretario-escolar-da-escola-municipal-paulo-freire-o-sr-romulo-melo-de-sousa\/\">PORTARIA N\u00ba 695 DE 27 DE FEVEREIRO DE 2024 &#8211; RESOLVE EXONERAR, do Cargo em Comiss\u00e3o de Secret\u00e1rio Escolar, da  Escola Municipal, Paulo Freire, o Sr. R\u00d4MULO MELO DE SOUSA<\/a><\/li>\n\t\t<li class=\"wsp-post\"><a href=\"https:\/\/saobernardo.ma.gov.br\/transparencia\/portarias\/portaria-no-694-de-27-de-fevereiro-de-2024-resolve-exonerar-do-cargo-em-comissao-de-diretor-escolar-da-escola-municipal-santa-luzia-a-sra-jimmy-carter-nascimento-santos\/\">PORTARIA N\u00ba 694, DE 27 DE FEVEREIRO DE 2024 &#8211; RESOLVE EXONERAR, do Cargo em Comiss\u00e3o de Diretor Escolar, da  Escola Municipal, Santa Luzia, a Sra. JIMMY CARTER NASCIMENTO SANTOS<\/a><\/li>\n\t\t<li class=\"wsp-post\"><a href=\"https:\/\/saobernardo.ma.gov.br\/transparencia\/portarias\/portaria-conjunta-no-01-de-06-de-fevereiro-de-2024-dispoe-sobre-a-proibicao-de-entrada-de-garrafas-e-recipientes-de-vidros-no-circuito-do-carnaval-folia-2024-e-da-outras-providencias\/\">PORTARIA CONJUNTA N\u00ba 01, DE 06 DE FEVEREIRO DE 2024 &#8211; &#8220;Dispoe sobre a proibi\u00e7\u00e3o de entrada de garrafas e recipientes de vidros no circuito do &#8221; CARNAVAL FOLIA 2024&#8243;; e da outras provid\u00eancias&#8221;.<\/a><\/li>\n\t\t<li class=\"wsp-post\"><a href=\"https:\/\/saobernardo.ma.gov.br\/transparencia\/portarias\/portaria-no-693-de-05-de-fevereiro-de-2024-resolve-nomear-para-o-cargo-em-comissao-de-secretario-escolar-dai1-da-escola-municipal-claudimira-andrade-costa-a-sra-cristiane-de-oliveira-lima\/\">REVOGADA &#8211; PORTARIA N\u00ba 693, DE 02 DE FEVEREIRO DE 2024 &#8211; RESOLVE NOMEAR, para o Cargo em Comiss\u00e3o de Secret\u00e1rio Escolar &#8211; DAI1, da Escola Municipal, Claudimira Andrade Costa, a Sra. CRISTIANE DE OLIVEIRA LIMA.<\/a><\/li>\n\t\t<li class=\"wsp-post\"><a href=\"https:\/\/saobernardo.ma.gov.br\/transparencia\/portarias\/portaria-no-692-de-29-de-janeiro-de-2024-resolve-nomear-para-o-cargo-em-comissao-de-diretor-escolar-da-escola-municipal-cruzeiro-do-sul-a-sra-nayra-aline-varanda-spindola\/\">REVOGADA &#8211; PORTARIA N\u00ba 692, DE 29 DE JANEIRO DE 2024 &#8211; RESOLVE NOMEAR, para o Cargo em Comiss\u00e3o de Diretor Escolar, da  Escola Municipal Cruzeiro do Sul, a Sra. NAYRA AL\u00cdNE VARANDA SP\u00cdNDOLA<\/a><\/li>\n\t\t<li class=\"wsp-post\"><a href=\"https:\/\/saobernardo.ma.gov.br\/transparencia\/portarias\/portaria-no-691-de-29-de-janeiro-de-2024-resolve-nomear-para-o-cargo-em-comissao-de-secretario-escolar-dai1-da-escola-municipal-cruzeiro-do-sul-a-sra-maria-da-conceicao-rodrigues\/\">REVOGADA &#8211; PORTARIA N\u00ba 691, DE 29 DE JANEIRO DE 2024 &#8211; RESOLVE NOMEAR, para o Cargo em Comiss\u00e3o de Secret\u00e1rio Escolar &#8211; DAI1, da Escola Municipal Cruzeiro do Sul, a Sra. MARIA DA CONCEI\u00c7\u00c3O RODRIGUES<\/a><\/li>\n\t\t<li class=\"wsp-post\"><a href=\"https:\/\/saobernardo.ma.gov.br\/transparencia\/portarias\/portaria-no-690-de-29-de-janeiro-de-2024-resolve-exonerar-do-cargo-em-comissao-de-diretor-escolar-da-escola-municipal-cruzeiro-do-sul-a-sra-maria-da-conceicao-rodrigues\/\">PORTARIA N\u00ba 690, DE 29 DE JANEIRO DE 2024 &#8211; RESOLVE EXONERAR, do Cargo em Comiss\u00e3o de Diretor Escolar, da  Escola Municipal Cruzeiro do Sul, a Sra. MARIA DA CONCEI\u00c7\u00c3O RODRIGUES.<\/a><\/li>\n\t\t<li class=\"wsp-post\"><a href=\"https:\/\/saobernardo.ma.gov.br\/transparencia\/portarias\/portaria-no-689-de-26-de-janeiro-de-2024-resolve-nomear-para-o-cargo-em-comissao-de-secretario-escolar-dai-01-da-escola-municipal-santo-antonio-o-sr-railson-batista-da-silva\/\">REVOGADA &#8211; PORTARIA N\u00ba 689, DE 26 DE JANEIRO DE 2024 &#8211; RESOLVE NOMEAR, para o Cargo em Comiss\u00e3o de Secret\u00e1rio Escolar &#8211; DAI 01, da Escola Municipal, Santo Ant\u00f4nio, o Sr. RAILSON BATISTA DA SILVA<\/a><\/li>\n\t\t<li class=\"wsp-post\"><a href=\"https:\/\/saobernardo.ma.gov.br\/transparencia\/portarias\/portaria-no-688-de-26-de-janeiro-de-2024-resolve-exonerar-a-pedido-do-cargo-efetivo-de-motorista-da-cidade-de-sao-bernardo-sede-estado-do-maranhao-o-sr-pablo-andre-ferreira-dos-santos\/\">PORTARIA N\u00ba 688, DE 26 DE JANEIRO DE 2024. &#8211; RESOLVE EXONERAR a pedido, do Cargo Efetivo de Motorista, da Cidade de S\u00e3o Bernardo &#8211; SEDE, Estado do Maranh\u00e3o, o Sr. PABLO ANDR\u00c9 FERREIRA DOS SANTOS<\/a><\/li>\n\t\t<li class=\"wsp-post\"><a href=\"https:\/\/saobernardo.ma.gov.br\/transparencia\/portarias\/portaria-no-687-de-25-de-janeiro-de-2024-resolve-nomear-para-o-cargo-em-comissao-de-controlador-geral-dga-da-controladoria-geral-do-municipio-a-sra-erika-raianna-silva-lima\/\">REVOGADA &#8211; PORTARIA N\u00ba 687, DE 25 DE JANEIRO DE 2024 &#8211; RESOLVE NOMEAR, para o Cargo em Comiss\u00e3o de Controlador Geral  \u2013 DGA, da Controladoria Geral do Munic\u00edpio, a Sra. ERIKA RAIANNA SILVA LIMA.<\/a><\/li>\n\t\t<li class=\"wsp-post\"><a href=\"https:\/\/saobernardo.ma.gov.br\/transparencia\/portarias\/portaria-no-686-de-25-de-janeiro-de-2024-resolve-exonerar-do-cargo-em-comissao-de-assessor-tecnico-administrativo-da-controladoria-geral-do-municipio-a-sra-erika-raianna-da-silva-e-silva\/\">PORTARIA N\u00ba 686, DE 25 DE JANEIRO DE 2024 &#8211; RESOLVE EXONERAR, do Cargo em Comiss\u00e3o de Assessor T\u00e9cnico  Administrativo, da Controladoria Geral do Munic\u00edpio, a Sra. ERIKA RAIANNA DA  SILVA E SILVA.<\/a><\/li>\n\t\t<li class=\"wsp-post\"><a href=\"https:\/\/saobernardo.ma.gov.br\/transparencia\/portarias\/portaria-no-685-de-25-de-janeiro-de-2024-resolve-nomear-para-o-cargo-em-comissao-de-assessor-especial-nivel-i-das-do-gabinete-do-prefeito-o-sr-airton-freire-de-sousa\/\">REVOGADA &#8211; PORTARIA N\u00ba 685, DE 25 DE JANEIRO DE 2024 &#8211; RESOLVE NOMEAR, para o Cargo em Comiss\u00e3o de Assessor Especial N\u00edvel  I \u2013 DAS, do Gabinete do Prefeito, o Sr. AIRTON FREIRE DE SOUSA.<\/a><\/li>\n\t\t<li class=\"wsp-post\"><a href=\"https:\/\/saobernardo.ma.gov.br\/transparencia\/portarias\/portaria-no-684-de-25-de-janeiro-de-2024-resolve-exonerar-do-cargo-em-comissao-de-controlador-geral-da-controladoria-geral-do-municipio-o-sr-airton-freire-de-sousa\/\">PORTARIA N\u00ba 684, DE 25 DE JANEIRO DE 2024 &#8211; RESOLVE EXONERAR, do Cargo em Comiss\u00e3o de Controlador Geral da  Controladoria Geral do Munic\u00edpio, o Sr. AIRTON FREIRE DE SOUSA.<\/a><\/li>\n\t\t<li class=\"wsp-post\"><a href=\"https:\/\/saobernardo.ma.gov.br\/transparencia\/portarias\/portaria-no-683-de-25-de-janeiro-de-2024-resolve-nomear-para-o-cargo-em-comissao-de-assessor-pedagogico-nivel-i-dans-da-secretaria-municipal-de-educacao-ciencia-tecnologia-e-inovacao-a-sr\/\">REVOGADA &#8211; PORTARIA N\u00ba 683, DE 25 DE JANEIRO DE 2024 &#8211; RESOLVE NOMEAR, para o Cargo em Comiss\u00e3o de Assessor Pedag\u00f3gico  N\u00edvel I, &#8211; DANS, da Secretaria Municipal de Educa\u00e7\u00e3o, Ci\u00eancia, Tecnologia e  Inova\u00e7\u00e3o, a Sra. ANA MARIA VIEIRA SANTOS.<\/a><\/li>\n\t\t<li class=\"wsp-post\"><a href=\"https:\/\/saobernardo.ma.gov.br\/transparencia\/portarias\/portaria-no-682-de-25-de-janeiro-de-2024-resolve-nomear-para-o-cargo-em-comissao-de-assessor-pedagogico-nivel-ii-das-da-secretaria-municipal-de-educacao-ciencia-tecnologia-e-inovacao-o-sr\/\">REVOGADA &#8211; PORTARIA N\u00ba 682, DE 25 DE JANEIRO DE 2024 &#8211; RESOLVE NOMEAR, para o Cargo em Comiss\u00e3o de Assessor Pedag\u00f3gico  N\u00edvel II &#8211; DAS, da Secretaria Municipal de Educa\u00e7\u00e3o, Ci\u00eancia, Tecnologia e Inova\u00e7\u00e3o, o Sr. MATHEUS EURICO DE ARA\u00daJO FERRER<\/a><\/li>\n\t\t<li class=\"wsp-post\"><a href=\"https:\/\/saobernardo.ma.gov.br\/transparencia\/portarias\/portaria-no-681-de-24-de-janeiro-de-2024-resolve-exonerar-do-cargo-em-comissao-de-diretor-escolar-da-escola-municipal-nilza-coelho-lima-a-sra-nayra-aline-varanda-spindola\/\">PORTARIA N\u00ba 681, DE 24 DE JANEIRO DE 2024 &#8211; RESOLVE EXONERAR, do Cargo em Comiss\u00e3o de Diretor Escolar, da  Escola Municipal, Nilza Coelho Lima, a Sra. NAYRA AL\u00cdNE VARANDA SPINDOLA.<\/a><\/li>\n\t\t<li class=\"wsp-post\"><a href=\"https:\/\/saobernardo.ma.gov.br\/transparencia\/portarias\/portaria-no-680-de-24-de-janeiro-de-2024-resolve-exonerar-do-cargo-em-comissao-de-diretor-escolar-da-escola-municipal-instituto-educacional-conego-nestor-de-carvalho-cunha-a-sra-lucelia-dos-s\/\">PORTARIA N\u00ba 680, DE 24 DE JANEIRO DE 2024 &#8211; RESOLVE EXONERAR, do Cargo em Comiss\u00e3o de Diretor Escolar da Escola  Municipal, Instituto Educacional C\u00f4nego Nestor de Carvalho Cunha, a Sra. LUC\u00c9LIA  DOS SANTOS SOUZA.<\/a><\/li>\n\t\t<li class=\"wsp-post\"><a href=\"https:\/\/saobernardo.ma.gov.br\/transparencia\/portarias\/portaria-no-679-de-24-de-janeiro-de-2024-resolve-exonerar-do-cargo-em-comissao-de-diretor-escolar-da-associacao-de-pais-e-amigos-dos-excepcionais-apae-a-sra-ana-maria-vieira-santos\/\">PORTARIA N\u00ba 679, DE 24 DE JANEIRO DE 2024 &#8211; RESOLVE EXONERAR, do Cargo em Comiss\u00e3o de Diretor Escolar, da  Associa\u00e7\u00e3o de Pais e Amigos dos Excepcionais \u2013 APAE, a Sra. ANA MARIA VIEIRA  SANTOS.<\/a><\/li>\n\t\t<li class=\"wsp-post\"><a href=\"https:\/\/saobernardo.ma.gov.br\/transparencia\/portarias\/portaria-no-678-de-23-de-janeiro-de-2024-resolve-nomear-para-o-cargo-em-comissao-de-assessor-pedagogico-nivel-i-dans-da-secretaria-municipal-de-educacao-ciencia-tecnologia-e-inovacao-o-sr-an\/\">REVOGADA &#8211; PORTARIA N\u00ba 678, DE 23 DE JANEIRO DE 2024 &#8211; RESOLVE NOMEAR, para o Cargo em Comiss\u00e3o de Assessor Pedag\u00f3gico N\u00edvel I &#8211; DANS da Secretaria Municipal de Educa\u00e7\u00e3o, Ci\u00eancia, Tecnologia e Inova\u00e7\u00e3o, o Sr. ANTONIO CARLOS ALVES LIMA<\/a><\/li>\n\t\t<li class=\"wsp-post\"><a href=\"https:\/\/saobernardo.ma.gov.br\/transparencia\/portarias\/portaria-no-677-de-23-de-janeiro-de-2024-resolve-exonerar-do-cargo-em-comissao-de-assessor-especial-nivel-iii-do-gabinete-do-prefeito-o-sr-francisco-das-chagas-rocha-coelho\/\">PORTARIA N\u00ba 677, DE 23 DE JANEIRO DE 2024 &#8211; RESOLVE EXONERAR, do Cargo em Comiss\u00e3o de Assessor Especial N\u00edvel III, do Gabinete do Prefeito o Sr. FRANCISCO DAS CHAGAS ROCHA COELHO<\/a><\/li>\n\t\t<li class=\"wsp-post\"><a href=\"https:\/\/saobernardo.ma.gov.br\/transparencia\/portarias\/portaria-no-676-de-23-de-janeiro-de-2024-resolve-nomear-para-o-cargo-em-comissao-de-assessor-especial-nivel-i-das-do-gabinete-do-prefeito-o-sr-diogenes-cabral-de-lima\/\">REVOGADA &#8211; PORTARIA N\u00ba 676, DE 23 DE JANEIRO DE 2024 &#8211; RESOLVE NOMEAR, para o Cargo em Comiss\u00e3o de Assessor Especial N\u00edvel  I &#8211; DAS, do Gabinete do Prefeito, o Sr. DIOGENES CABRAL DE LIMA.<\/a><\/li>\n\t\t<li class=\"wsp-post\"><a href=\"https:\/\/saobernardo.ma.gov.br\/transparencia\/portarias\/portaria-no-675-de-23-de-janeiro-de-2024-resolve-exonerar-do-cargo-em-comissao-de-secretario-escolar-da-escola-municipal-santo-antonio-a-sra-inacia-rosangela-pereira-da-silva\/\">REVOGADA &#8211; PORTARIA N\u00ba 675, DE 23 DE JANEIRO DE 2024 &#8211; RESOLVE EXONERAR, do Cargo em Comiss\u00e3o de Secret\u00e1rio Escolar, da Escola Municipal, Santo Ant\u00f4nio, a Sra. IN\u00c1CIA ROSANGELA PEREIRA DA SILVA.<\/a><\/li>\n\t\t<li class=\"wsp-post\"><a href=\"https:\/\/saobernardo.ma.gov.br\/transparencia\/portarias\/portaria-no-674-de-23-de-janeiro-de-2024-resolve-nomear-para-o-cargo-em-comissao-de-inspetor-escolar-dai-da-escola-municipal-monsenhor-mauricio-laurent-a-sra-mirelly-sousa-da-silva\/\">REVOGADA &#8211; PORTARIA N\u00ba 674, DE 23 DE JANEIRO DE 2024 &#8211; RESOLVE NOMEAR, para o Cargo em Comiss\u00e3o de Inspetor Escolar \u2013 DAI, da Escola Municipal, Monsenhor Maur\u00edcio Laurent, a Sra. MIRELLY SOUSA DA  SILVA<\/a><\/li>\n\t\t<li class=\"wsp-post\"><a href=\"https:\/\/saobernardo.ma.gov.br\/transparencia\/portarias\/portaria-no-673-de-23-de-janeiro-de-2024-resolve-nomear-para-o-cargo-em-comissao-de-inspetor-escolar-dai-da-escola-municipal-unidade-integrada-profa-celia-cristina-pereira-dos-reis-o-sr-kev\/\">REVOGADA &#8211; PORTARIA N\u00ba 673, DE 23 DE JANEIRO DE 2024 &#8211; RESOLVE  NOMEAR, para o Cargo em Comiss\u00e3o de Diretor Escolar, da Escola Municipal, Ismael de Sena Monteiro, o Sr. MARIA JOS\u00c9 DA CONCEI\u00c7\u00c3O DE OLIVEIRA<\/a><\/li>\n\t\t<li class=\"wsp-post\"><a href=\"https:\/\/saobernardo.ma.gov.br\/transparencia\/portarias\/portaria-no-672-de-23-de-janeiro-de-2024-resolve-nomear-r-para-o-cargo-em-comissao-de-secretario-escolar-dai-01-da-escola-municipal-benedito-leite-a-sra-milene-souza-oliveira\/\">REVOGADA &#8211; PORTARIA N\u00ba 672, DE 23 DE JANEIRO DE 2024 &#8211; RESOLVE  NOMEAR, para o Cargo em Comiss\u00e3o de Diretor Escolar, da Escola Municipal, Santo Ant\u00f4nio, a Sra. MARCIANA LIMA DOS SANTOS<\/a><\/li>\n\t\t<li class=\"wsp-post\"><a href=\"https:\/\/saobernardo.ma.gov.br\/transparencia\/portarias\/portaria-no-671-de-23-de-janeiro-de-2024-resolve-exonerar-do-cargo-em-comissao-de-secretario-escolar-da-escola-municipal-benedito-leite-a-sra-francisca-oliveira-souza\/\">REVOGADA &#8211; PORTARIA N\u00ba 671, DE 23 DE JANEIRO DE 2024 &#8211; RESOLVE  NOMEAR, para o Cargo em Comiss\u00e3o de Diretor Escolar, da Escola Municipal, MARLY MACIEIRA COSTA, a Sra. LUCIANA OLIVEIRA CARVALHO<\/a><\/li>\n\t\t<li class=\"wsp-post\"><a href=\"https:\/\/saobernardo.ma.gov.br\/transparencia\/portarias\/portaria-no-670-de-22-de-janeiro-de-2024-resolve-exonerar-a-pedido-do-cargo-efetivo-de-professor-de-portugues-do-municipio-de-sao-bernardo-estado-do-maranhao-a-sra-abilene-oliveira-sousa\/\">PORTARIA N\u00ba 670, DE 22 DE JANEIRO DE 2024 &#8211; RESOLVE EXONERAR a pedido, do Cargo Efetivo de Professor de  Portugu\u00eas, do Munic\u00edpio de S\u00e3o Bernardo, Estado do Maranh\u00e3o, a Sra. ABILENE  OLIVEIRA SOUSA<\/a><\/li>\n\t\t<li class=\"wsp-post\"><a href=\"https:\/\/saobernardo.ma.gov.br\/transparencia\/portarias\/portaria-no-669-de-22-de-janeiro-de-2024-resolve-exonerar-do-cargo-em-comissao-de-assessor-pedagogico-nivel-ii-da-secretaria-municipal-de-educacao-ciencia-tecnologia-e-inovacao-a-sra-abilene\/\">PORTARIA N\u00ba 669, DE 22 DE JANEIRO DE 2024 &#8211; RESOLVE EXONERAR, do Cargo em Comiss\u00e3o de Assessor Pedag\u00f3gico  N\u00edvel II, da Secretaria Municipal de Educa\u00e7\u00e3o, Ci\u00eancia, Tecnologia e Inova\u00e7\u00e3o, a Sra. ABILENE OLIVEIRA DE SOUSA.<\/a><\/li>\n\t\t<li class=\"wsp-post\"><a href=\"https:\/\/saobernardo.ma.gov.br\/transparencia\/portarias\/portaria-no-01-de-08-de-janeiro-de-2024-gab-semecti-resolve-nomear-a-equipe-tecnica-responsavel-pelo-programa-de-educacao-em-tempo-integral-para-realizacao-do-planejamento-acompanhamento-peda\/\">PORTARIA N\u00ba 01, DE 08 DE JANEIRO DE 2024- GAB. SEMECTI &#8211; RESOLVE  NOMEAR, a Equipe T\u00e9cnica respons\u00e1vel pelo Programa de Educa\u00e7\u00e3o em Tempo Integral, para realiza\u00e7\u00e3o do planejamento, acompanhamento pedag\u00f3gico e log\u00edstica e execu\u00e7\u00e3o do programa, gest\u00e3o de insumos e recursos para a oferta com qualidade da jornada em Tempo Integral, no \u00e2mbito do munic\u00edpio de S\u00c3O BERNARDO -MA.<\/a><\/li>\n\t\t<li class=\"wsp-post\"><a href=\"https:\/\/saobernardo.ma.gov.br\/transparencia\/portarias\/portaria-no-668-de-17-de-janeiro-de-2024-resolve-nomear-para-o-cargo-em-comissao-de-diretor-escolar-da-escola-municipal-pontes-aguiar-a-sr-a-maria-do-socorro-de-sousa-reis\/\">REVOGADA &#8211; PORTARIA N\u00ba 668, DE 17 DE JANEIRO DE 2024 &#8211; RESOLVE NOMEAR, para o Cargo em Comiss\u00e3o de Diretor Escolar, da Escola Municipal  Pontes Aguiar, a Sr.\u00aa Maria do Socorro de Sousa Reis.<\/a><\/li>\n\t\t<li class=\"wsp-post\"><a href=\"https:\/\/saobernardo.ma.gov.br\/transparencia\/portarias\/portaria-no-667-de-17-de-janeiro-de-2024-resolve-nomear-para-o-cargo-em-comissao-de-diretor-escolar-da-escola-municipal-jose-de-freitas-a-sr-a-izabela-maria-carvalho-silva\/\">REVOGADA &#8211; PORTARIA N\u00ba 667, DE 17 DE JANEIRO DE 2024 &#8211; RESOLVE NOMEAR, para o Cargo em Comiss\u00e3o de Diretor Escolar, da Escola  Municipal Jos\u00e9 de Freitas, a Sr.\u00aa Izabela Maria Carvalho Silva.<\/a><\/li>\n\t\t<li class=\"wsp-post\"><a href=\"https:\/\/saobernardo.ma.gov.br\/transparencia\/portarias\/portaria-no-666-de-17-de-janeiro-de-2024-resolve-nomear-para-o-cargo-em-comissao-de-diretor-escolar-da-escola-municipal-creche-sao-vicente-a-sr-a-maria-da-conceicao-amorim-lima\/\">REVOGADA &#8211; PORTARIA N\u00ba 666, DE 17 DE JANEIRO DE 2024 &#8211; RESOLVE NOMEAR, para o Cargo em Comiss\u00e3o de Diretor Escolar, da Escola Municipal  Creche S\u00e3o Vicente, a Sr.\u00aa Maria da Concei\u00e7\u00e3o Amorim Lima.<\/a><\/li>\n\t\t<li class=\"wsp-post\"><a href=\"https:\/\/saobernardo.ma.gov.br\/transparencia\/portarias\/portaria-no-665-de-17-de-janeiro-de-2024-resolve-nomear-para-o-cargo-em-comissao-de-diretor-escolar-da-escola-municipal-santa-rita-a-sr-a-raimunda-nonata-alves-mota\/\">REVOGADA &#8211; PORTARIA N\u00ba 665, DE 17 DE JANEIRO DE 2024 &#8211; RESOLVE NOMEAR, para o Cargo em Comiss\u00e3o de Diretor Escolar, da Escola Municipal  Santa Rita, a Sr.\u00aa Raimunda Nonata Alves Mota.<\/a><\/li>\n\t\t<li class=\"wsp-post\"><a href=\"https:\/\/saobernardo.ma.gov.br\/transparencia\/portarias\/portaria-no-664-de-17-de-janeiro-de-2024-resolve-nomear-para-o-cargo-em-comissao-de-diretor-escolar-da-escola-municipal-raimundo-poincare-de-sousa-a-sr-a-maria-das-dores-silva-de-sousa\/\">REVOGADA &#8211; PORTARIA N\u00ba 664, DE 17 DE JANEIRO DE 2024 &#8211; RESOLVE NOMEAR, para o Cargo em Comiss\u00e3o de Diretor Escolar, da Escola Municipal  Raimundo Poincar\u00e9 de Sousa, a Sr.\u00aa Maria das Dores Silva de Sousa.<\/a><\/li>\n\t\t<li class=\"wsp-post\"><a href=\"https:\/\/saobernardo.ma.gov.br\/transparencia\/portarias\/portaria-no-663-de-17-de-janeiro-de-2024-resolve-nomear-para-o-cargo-em-comissao-de-diretor-escolar-da-escola-municipal-tiradentes-a-sr-a-claudilene-messias-de-sousa-cruz\/\">REVOGADA &#8211; PORTARIA N\u00ba 663, DE 17 DE JANEIRO DE 2024 &#8211; RESOLVE NOMEAR, para o Cargo em Comiss\u00e3o de Diretor Escolar, da Escola Municipal  Tiradentes, a Sr.\u00aa Claudilene Messias de Sousa Cruz.<\/a><\/li>\n\t\t<li class=\"wsp-post\"><a href=\"https:\/\/saobernardo.ma.gov.br\/transparencia\/portarias\/portaria-no-662-de-17-de-janeiro-de-2024-resolve-nomear-para-o-cargo-em-comissao-de-diretor-escolar-da-escola-municipal-conego-nestor-a-sr-a-marcia-lopes-de-sousa\/\">REVOGADA &#8211; PORTARIA N\u00ba 662, DE 17 DE JANEIRO DE 2024 &#8211; RESOLVE NOMEAR, para o Cargo em Comiss\u00e3o de Diretor Escolar, da Escola Municipal  C\u00f4nego Nestor, a Sr.\u00aa Marcia Lopes de Sousa.<\/a><\/li>\n\t\t<li class=\"wsp-post\"><a href=\"https:\/\/saobernardo.ma.gov.br\/transparencia\/portarias\/portaria-no-661-de-17-de-janeiro-de-2024-resolve-nomear-para-o-cargo-em-comissao-de-diretor-escolar-da-escola-municipal-unidade-integrada-bernardo-coelho-de-almeida-a-sr-a-patriciane-dos-santos\/\">REVOGADA &#8211; PORTARIA N\u00ba 661, DE 17 DE JANEIRO DE 2024 &#8211; RESOLVE NOMEAR, para o Cargo em Comiss\u00e3o de Diretor Escolar, da Escola Municipal  Unidade Integrada Bernardo Coelho de Almeida, a Sr.\u00aa Patriciane dos Santos Bezerra.<\/a><\/li>\n\t\t<li class=\"wsp-post\"><a href=\"https:\/\/saobernardo.ma.gov.br\/transparencia\/portarias\/portaria-no-660-de-17-de-janeiro-de-2024-resolve-nomear-para-o-cargo-em-comissao-de-diretor-escolar-da-escola-municipal-francisca-lima-spindola-a-sr-a-isabel-cristina-da-costa-pinto\/\">REVOGADA &#8211; PORTARIA N\u00ba 660, DE 17 DE JANEIRO DE 2024 &#8211; RESOLVE NOMEAR, para o Cargo em Comiss\u00e3o de Diretor Escolar, da Escola Municipal  Francisca Lima Spindola, a Sr.\u00aa Isabel Cristina da Costa Pinto.<\/a><\/li>\n\t\t<li class=\"wsp-post\"><a href=\"https:\/\/saobernardo.ma.gov.br\/transparencia\/portarias\/portaria-no-659-de-17-de-janeiro-de-2024-resolve-nomear-para-o-cargo-em-comissao-de-diretor-escolar-da-escola-municipal-benedito-leite-a-sr-a-fabricia-carvalho-rodrigues\/\">REVOGADA &#8211; PORTARIA N\u00ba 659, DE 17 DE JANEIRO DE 2024 &#8211; RESOLVE NOMEAR, para o Cargo em Comiss\u00e3o de Diretor Escolar, da Escola Municipal  Benedito Leite, a Sr.\u00aa Fabricia Carvalho Rodrigues.<\/a><\/li>\n\t\t<li class=\"wsp-post\"><a href=\"https:\/\/saobernardo.ma.gov.br\/transparencia\/portarias\/portaria-no-658-de-17-de-janeiro-de-2024-resolve-nomear-para-o-cargo-em-comissao-de-diretor-escolar-da-escola-municipal-goncalves-dias-o-sr-mariano-da-silva-lima\/\">REVOGADA &#8211; PORTARIA N\u00ba 658, DE 17 DE JANEIRO DE 2024 &#8211; RESOLVE NOMEAR, para o Cargo em Comiss\u00e3o de Diretor Escolar, da Escola Municipal  Gon\u00e7alves Dias, o Sr. Mariano da Silva Lima.<\/a><\/li>\n\t\t<li class=\"wsp-post\"><a href=\"https:\/\/saobernardo.ma.gov.br\/transparencia\/portarias\/portaria-no-657-de-17-de-janeiro-de-2024-resolve-nomear-para-o-cargo-em-comissao-de-diretor-escolar-da-escola-municipal-profa-maria-de-lourdes-correia-lima-serra-a-sra-maria-leonara-oliveira\/\">REVOGADA &#8211; PORTARIA N\u00ba 657, DE 17 DE JANEIRO DE 2024 &#8211; RESOLVE NOMEAR, para o Cargo em Comiss\u00e3o de Diretor Escolar, da Escola Municipal  PROF\u00aa MARIA DE LOURDES CORREIA LIMA SERRA, a Sra. MARIA LEONARA  OLIVEIRA SOUSA<\/a><\/li>\n\t\t<li class=\"wsp-post\"><a href=\"https:\/\/saobernardo.ma.gov.br\/transparencia\/portarias\/portaria-no-656-de-17-de-janeiro-de-2024-resolve-nomear-para-o-cargo-em-comissao-de-diretor-escolar-da-escola-municipal-coracao-de-jesus-o-sr-jose-arnaldo-da-silva-sousa\/\">REVOGADA &#8211; PORTARIA N\u00ba 656, DE 17 DE JANEIRO DE 2024 &#8211; RESOLVE NOMEAR, para o Cargo em Comiss\u00e3o de Diretor Escolar, da Escola Municipal  CORA\u00c7\u00c3O DE JESUS, o Sr. JOSE ARNALDO DA SILVA SOUSA<\/a><\/li>\n\t\t<li class=\"wsp-post\"><a href=\"https:\/\/saobernardo.ma.gov.br\/transparencia\/portarias\/portaria-no-655-de-17-de-janeiro-de-2024-resolve-nomear-para-o-cargo-em-comissao-de-diretor-escolar-da-escola-municipal-monsenhor-mauricio-laurent-o-sr-fabricio-de-sousa-meireles\/\">PORTARIA N\u00ba 655, DE 17 DE JANEIRO DE 2024 &#8211; RESOLVE NOMEAR, para o Cargo em Comiss\u00e3o de Diretor Escolar, da Escola Municipal  MONSENHOR MAURICIO LAURENT, o Sr. FABRICIO DE SOUSA MEIRELES<\/a><\/li>\n\t\t<li class=\"wsp-post\"><a href=\"https:\/\/saobernardo.ma.gov.br\/transparencia\/portarias\/portaria-no-654-de-17-de-janeiro-de-2024-resolve-nomear-para-o-cargo-em-comissao-de-diretor-escolar-da-escola-municipal-manoel-de-almeida-portugal-a-sra-djane-silva-almeida-lopes\/\">REVOGADA &#8211; PORTARIA N\u00ba 654, DE 17 DE JANEIRO DE 2024 &#8211; RESOLVE NOMEAR, para o Cargo em Comiss\u00e3o de Diretor Escolar, da Escola Municipal  MANOEL DE ALMEIDA PORTUGAL, a Sra. DJANE SILVA ALMEIDA LOPES.<\/a><\/li>\n\t\t<li class=\"wsp-post\"><a href=\"https:\/\/saobernardo.ma.gov.br\/transparencia\/portarias\/portaria-no-653-de-17-de-janeiro-de-2024-resolve-nomear-para-o-cargo-em-comissao-de-diretor-escolar-da-escola-municipal-maria-jose-coelho-lima-a-sra-susane-santos-lira\/\">REVOGADA &#8211; PORTARIA N\u00ba 653, DE 17 DE JANEIRO DE 2024 &#8211; RESOLVE NOMEAR, para o Cargo em Comiss\u00e3o de Diretor Escolar, da Escola Municipal  MARIA JOS\u00c9 COELHO LIMA, a Sra. SUSANE SANTOS LIRA.<\/a><\/li>\n\t\t<li class=\"wsp-post\"><a href=\"https:\/\/saobernardo.ma.gov.br\/transparencia\/portarias\/portaria-no-652-de-17-de-janeiro-de-2024-resolve-nomear-para-o-cargo-em-comissao-de-diretor-escolar-da-escola-municipal-creche-municipal-pre-escolar-bibi-a-sra-roselane-maria-dos-reis-sousa\/\">REVOGADA &#8211; PORTARIA N\u00ba 652, DE 17 DE JANEIRO DE 2024 &#8211; RESOLVE NOMEAR, para o Cargo em Comiss\u00e3o de Diretor Escolar, da Escola Municipal  CRECHE MUNICIPAL PR\u00c9- ESCOLAR BIBI, a Sra. ROSELANE MARIA DOS REIS  SOUSA.<\/a><\/li>\n\t\t<li class=\"wsp-post\"><a href=\"https:\/\/saobernardo.ma.gov.br\/transparencia\/portarias\/portaria-no-651-de-17-de-janeiro-de-2024-resolve-nomear-para-o-cargo-em-comissao-de-diretor-escolar-da-escola-municipal-paulo-freire-a-sra-antonia-maria-lima-dos-santos\/\">REVOGADA &#8211; PORTARIA N\u00ba 651, DE 17 DE JANEIRO DE 2024 &#8211; RESOLVE NOMEAR, para o Cargo em Comiss\u00e3o de Diretor Escolar, da Escola Municipal  PAULO FREIRE, a Sra. ANTONIA MARIA LIMA DOS SANTOS.<\/a><\/li>\n\t\t<li class=\"wsp-post\"><a href=\"https:\/\/saobernardo.ma.gov.br\/transparencia\/portarias\/portaria-no-650-de-17-de-janeiro-de-2024-resolve-nomear-para-o-cargo-em-comissao-de-diretor-escolar-da-escola-municipal-unidade-integrada-profa-celia-cristina-pereira-dos-reis-a-sra-geovana-o\/\">REVOGADA &#8211; PORTARIA N\u00ba 650, DE 17 DE JANEIRO DE 2024 &#8211; RESOLVE NOMEAR, para o Cargo em Comiss\u00e3o de Diretor Escolar, da Escola Municipal  UNIDADE INTEGRADA PROF\u00aa C\u00c9LIA CRISTINA PEREIRA DOS REIS, a Sra.  GEOVANA OLIVEIRA ARA\u00daJO.<\/a><\/li>\n\t\t<li class=\"wsp-post\"><a href=\"https:\/\/saobernardo.ma.gov.br\/transparencia\/portarias\/portaria-no-649-de-17-de-janeiro-de-2024-resolve-nomear-para-o-cargo-em-comissao-de-diretor-escolar-da-escola-municipal-fernando-coelho-a-sra-maria-alrineide-silva-spindola-cardoza\/\">REVOGADA &#8211; PORTARIA N\u00ba 649, DE 17 DE JANEIRO DE 2024 &#8211; RESOLVE NOMEAR, para o Cargo em Comiss\u00e3o de Diretor Escolar, da Escola Municipal  FERNANDO COELHO, a Sra. MARIA ALRINEIDE SILVA SPINDOLA CARDOZA<\/a><\/li>\n\t\t<li class=\"wsp-post\"><a href=\"https:\/\/saobernardo.ma.gov.br\/transparencia\/portarias\/portaria-no-648-de-17-de-janeiro-de-2024-resolve-nomear-para-o-cargo-em-comissao-de-diretor-escolar-da-escola-municipal-unidade-integrada-vereador-rubenito-silva-couto-a-sra-maria-solange-sil\/\">REVOGADA &#8211; PORTARIA N\u00ba 648, DE 17 DE JANEIRO DE 2024 &#8211; RESOLVE NOMEAR, para o Cargo em Comiss\u00e3o de Diretor Escolar, da Escola Municipal  UNIDADE INTEGRADA VEREADOR RUBENITO SILVA COUTO, a Sra. MARIA  SOLANGE SILVA DO NASCIMENTO.<\/a><\/li>\n\t\t<li class=\"wsp-post\"><a href=\"https:\/\/saobernardo.ma.gov.br\/transparencia\/portarias\/portaria-no-647-de-17-de-janeiro-de-2024-resolve-nomear-para-o-cargo-em-comissao-de-diretor-escolar-da-escola-municipal-unidade-integrada-presidente-castelo-branco-a-sra-selene-ferreira-macha\/\">REVOGADA &#8211; PORTARIA N\u00ba 647, DE 17 DE JANEIRO DE 2024 &#8211; RESOLVE NOMEAR, para o Cargo em Comiss\u00e3o de Diretor Escolar, da Escola Municipal  UNIDADE INTEGRADA PRESIDENTE CASTELO BRANCO, a Sra. SELENE  FERREIRA MACHADO.<\/a><\/li>\n\t\t<li class=\"wsp-post\"><a href=\"https:\/\/saobernardo.ma.gov.br\/transparencia\/portarias\/portaria-no-646-de-17-de-janeiro-de-2024-resolve-nomear-para-o-cargo-em-comissao-de-diretor-escolar-da-escola-municipal-guilberto-alves-o-sr-antonio-de-padua-lima-da-silva\/\">REVOGADA &#8211; PORTARIA N\u00ba 646, DE 17 DE JANEIRO DE 2024 &#8211; RESOLVE NOMEAR, para o Cargo em Comiss\u00e3o de Diretor Escolar, da Escola Municipal  Guilberto Alves, o Sr. ANTONIO DE PADUA LIMA DA SILVA<\/a><\/li>\n\t\t<li class=\"wsp-post\"><a href=\"https:\/\/saobernardo.ma.gov.br\/transparencia\/portarias\/portaria-no-645-de-17-de-janeiro-de-2024-resolve-nomear-para-o-cargo-em-comissao-de-diretor-escolar-da-escola-municipal-jardim-de-infancia-saci-perere-a-sra-antonia-caetano-de-almeida\/\">REVOGADA &#8211; PORTARIA N\u00ba 645, DE 17 DE JANEIRO DE 2024 &#8211; RESOLVE NOMEAR, para o Cargo em Comiss\u00e3o de Diretor Escolar, da Escola Municipal  Jardim de Inf\u00e2ncia Saci- Perer\u00ea a Sra. ANTONIA CAETANO DE ALMEIDA.<\/a><\/li>\n\t\t<li class=\"wsp-post\"><a href=\"https:\/\/saobernardo.ma.gov.br\/transparencia\/portarias\/portaria-no-644-de-17-de-janeiro-de-2024-resolve-nomear-para-o-cargo-em-comissao-de-diretor-escolar-da-escola-municipal-creche-branca-de-neve-a-sra-bruna-gessila-santos-machado\/\">REVOGADA &#8211; PORTARIA N\u00ba 644, DE 17 DE JANEIRO DE 2024 &#8211; RESOLVE NOMEAR, para o Cargo em Comiss\u00e3o de Diretor Escolar, da Escola Municipal  Creche Branca de Neve, a Sra. BRUNA GESSILA SANTOS MACHADO.<\/a><\/li>\n\t\t<li class=\"wsp-post\"><a href=\"https:\/\/saobernardo.ma.gov.br\/transparencia\/portarias\/portaria-no-643-de-17-de-janeiro-de-2024-resolve-nomear-para-o-cargo-em-comissao-de-diretor-escolar-da-escola-municipal-raimundo-machado-filho-a-sra-alzenira-da-silva-almeida\/\">REVOGADA &#8211; PORTARIA N\u00ba 643, DE 17 DE JANEIRO DE 2024 &#8211; RESOLVE NOMEAR, para o Cargo em Comiss\u00e3o de Diretor Escolar, da Escola Municipal  Raimundo Machado Filho, a Sra. ALZENIRA DA SILVA ALMEIDA,<\/a><\/li>\n\t\t<li class=\"wsp-post\"><a href=\"https:\/\/saobernardo.ma.gov.br\/transparencia\/portarias\/portaria-no-642-de-17-de-janeiro-de-2024-resolve-nomear-para-o-cargo-em-comissao-de-diretor-escolar-da-escola-municipal-anastacio-portela-a-sra-juliana-rafaela-dos-santos-de-sousa\/\">REVOGADA &#8211; PORTARIA N\u00ba 642, DE 17 DE JANEIRO DE 2024 &#8211; RESOLVE NOMEAR, para o Cargo em Comiss\u00e3o de Diretor Escolar, da Escola Municipal  Anast\u00e1cio Portela, a Sra. JULIANA RAFAELA DOS SANTOS DE SOUSA<\/a><\/li>\n\t\t<li class=\"wsp-post\"><a href=\"https:\/\/saobernardo.ma.gov.br\/transparencia\/portarias\/portaria-no-641-de-17-de-janeiro-de-2024-resolve-nomear-para-o-cargo-em-comissao-de-diretor-escolar-da-escola-municipal-francisco-marques-da-silva-a-sra-kelma-da-silva-viana-mendes\/\">REVOGADO &#8211; PORTARIA N\u00ba 641, DE 17 DE JANEIRO DE 2024 &#8211; RESOLVE NOMEAR, para o Cargo em Comiss\u00e3o de Diretor Escolar, da Escola Municipal Francisco Marques da Silva, a Sra. KELMA DA SILVA VIANA MENDES<\/a><\/li>\n\t\t<li class=\"wsp-post\"><a href=\"https:\/\/saobernardo.ma.gov.br\/transparencia\/portarias\/portaria-no-640-de-17-de-janeiro-de-2024-resolve-nomear-para-o-cargo-em-comissao-de-diretor-escolar-da-escola-municipal-rui-barbosa-a-sra-francimara-silva-lima\/\">REVOGADA &#8211; PORTARIA N\u00ba 640, DE 17 DE JANEIRO DE 2024 &#8211; RESOLVE NOMEAR, para o Cargo em Comiss\u00e3o de Diretor Escolar, da Escola Municipal  Rui Barbosa, a Sra. FRANCIMARA SILVA LIMA.<\/a><\/li>\n\t\t<li class=\"wsp-post\"><a href=\"https:\/\/saobernardo.ma.gov.br\/transparencia\/portarias\/portaria-no-639-de-17-de-janeiro-de-2024-resolve-nomear-para-o-cargo-em-comissao-de-diretor-escolar-da-escola-municipal-monteiro-lobato-a-sra-midia-duarte-costa\/\">REVOGADA &#8211; PORTARIA N\u00ba 639, DE 17 DE JANEIRO DE 2024 &#8211; RESOLVE NOMEAR, para o Cargo em Comiss\u00e3o de Diretor Escolar, da Escola Municipal  Monteiro Lobato, a Sra. MIDIA DUARTE COSTA<\/a><\/li>\n\t\t<li class=\"wsp-post\"><a href=\"https:\/\/saobernardo.ma.gov.br\/transparencia\/portarias\/portaria-no-638-de-17-de-janeiro-de-2024-resolve-nomear-para-o-cargo-em-comissao-de-diretor-escolar-da-escola-municipal-professora-aurea-serra-castelo-branco-a-sra-salete-da-silva-gomes\/\">REVOGADA &#8211; PORTARIA N\u00ba 638, DE 17 DE JANEIRO DE 2024 &#8211; RESOLVE NOMEAR, para o Cargo em Comiss\u00e3o de Diretor Escolar, da Escola Municipal  Professora \u00c1urea Serra Castelo Branco, a Sra. SALETE DA SILVA GOMES<\/a><\/li>\n\t\t<li class=\"wsp-post\"><a href=\"https:\/\/saobernardo.ma.gov.br\/transparencia\/portarias\/portaria-no-637-de-17-de-janeiro-de-2024-resolve-nomear-para-o-cargo-em-comissao-de-diretor-escolar-da-escola-municipal-unidade-integrada-juscelino-kubitschek-o-sr-charles-degaulle-costa-sabry\/\">REVOGADA &#8211; PORTARIA N\u00ba 637, DE 17 DE JANEIRO DE 2024 &#8211; RESOLVE NOMEAR, para o Cargo em Comiss\u00e3o de Diretor Escolar, da Escola Municipal  Unidade Integrada Juscelino Kubitschek, o Sr. CHARLES DEGAULLE COSTA SABRY.<\/a><\/li>\n\t\t<li class=\"wsp-post\"><a href=\"https:\/\/saobernardo.ma.gov.br\/transparencia\/portarias\/portaria-no-636-de-17-de-janeiro-de-2024-resolve-nomear-para-o-cargo-em-comissao-de-diretor-escolar-da-escola-municipal-prefeito-jose-ferreira-de-sousa-a-sra-raquel-freire-martins\/\">REVOGADA &#8211; PORTARIA N\u00ba 636, DE 17 DE JANEIRO DE 2024 &#8211; RESOLVE NOMEAR, para o Cargo em Comiss\u00e3o de Diretor Escolar, da Escola Municipal  Prefeito Jos\u00e9 Ferreira de Sousa, a Sra. RAQUEL FREIRE MARTINS<\/a><\/li>\n\t\t<li class=\"wsp-post\"><a href=\"https:\/\/saobernardo.ma.gov.br\/transparencia\/portarias\/portaria-no-635-de-16-de-janeiro-de-2024-resolve-exonerar-do-cargo-em-comissao-de-diretor-escolar-da-escola-municipal-profa-maria-de-lourdes-correia-lima-serra-a-sra-maria-leonara-oliveira\/\">PORTARIA N\u00ba 635, DE 16 DE JANEIRO DE 2024 &#8211; RESOLVE EXONERAR, do Cargo em Comiss\u00e3o de Diretor Escolar, da  Escola Municipal, Prof\u00aa Maria de Lourdes Correia Lima Serra, a Sra. MARIA  LEONARA OLIVEIRA.<\/a><\/li>\n\t\t<li class=\"wsp-post\"><a href=\"https:\/\/saobernardo.ma.gov.br\/transparencia\/portarias\/portaria-no-634-de-16-de-janeiro-de-2024-resolve-nomear-para-o-cargo-em-comissao-de-assessor-especial-nivel-i-das-do-gabinete-do-prefeito-a-sra-roxana-braga-mathias-gomes-ribeiro\/\">REVOGADA &#8211; PORTARIA N\u00ba 634, DE 16 DE JANEIRO DE 2024 &#8211; RESOLVE NOMEAR, para o Cargo em Comiss\u00e3o de Assessor Especial N\u00edvel  I &#8211; DAS, do Gabinete do Prefeito, a Sra. ROXANA BRAGA MATHIAS GOMES  RIBEIRO.<\/a><\/li>\n\t\t<li class=\"wsp-post\"><a href=\"https:\/\/saobernardo.ma.gov.br\/transparencia\/portarias\/portaria-no-633-de-16-de-janeiro-de-2024-resolve-exonerar-do-cargo-em-comissao-de-diretor-escolar-da-escola-municipal-pontes-aguiar-a-sra-maria-do-socorro-de-sousa-reis\/\">PORTARIA N\u00ba 633, DE 16 DE JANEIRO DE 2024 &#8211; RESOLVE EXONERAR, do Cargo em Comiss\u00e3o de Diretor Escolar, da  Escola Municipal, Pontes Aguiar, a Sra. MARIA DO SOCORRO DE SOUSA REIS.<\/a><\/li>\n\t\t<li class=\"wsp-post\"><a href=\"https:\/\/saobernardo.ma.gov.br\/transparencia\/portarias\/portaria-no-632-de-16-de-janeiro-de-2024-resolve-exonerar-do-cargo-em-comissao-de-diretor-escolar-da-escola-municipal-jose-de-freitas-a-sra-isabela-maria-carvalho-silva\/\">PORTARIA N\u00ba 632, DE 16 DE JANEIRO DE 2024 &#8211; RESOLVE EXONERAR, do Cargo em Comiss\u00e3o de Diretor Escolar, da  Escola Municipal Jos\u00e9 de Freitas, a Sra. ISABELA MARIA CARVALHO SILVA.<\/a><\/li>\n\t\t<li class=\"wsp-post\"><a href=\"https:\/\/saobernardo.ma.gov.br\/transparencia\/portarias\/portaria-no-631-de-16-de-janeiro-de-2024-resolve-exonerar-do-cargo-em-comissao-de-diretor-escolar-da-escola-municipal-sao-vicente-a-sra-maria-da-concecao-amorim-lima\/\">PORTARIA N\u00ba 631, DE 16 DE JANEIRO DE 2024 &#8211; RESOLVE EXONERAR, do Cargo em Comiss\u00e3o de Diretor Escolar, da Escola  Municipal, S\u00e3o Vicente, a Sra. MARIA DA CONCE\u00c7\u00c3O AMORIM LIMA.<\/a><\/li>\n\t\t<li class=\"wsp-post\"><a href=\"https:\/\/saobernardo.ma.gov.br\/transparencia\/portarias\/portaria-no-630-de-16-de-janeiro-de-2024-resolve-exonerar-do-cargo-em-comissao-de-diretor-escolar-da-escola-municipal-santa-rita-a-sra-raimunda-nonata-alves-mota-silva\/\">PORTARIA N\u00ba 630, DE 16 DE JANEIRO DE 2024 &#8211; RESOLVE EXONERAR, do Cargo em Comiss\u00e3o de Diretor Escolar, da  Escola Municipal, Santa Rita, a Sra. RAIMUNDA NONATA ALVES MOTA SILVA.<\/a><\/li>\n\t\t<li class=\"wsp-post\"><a href=\"https:\/\/saobernardo.ma.gov.br\/transparencia\/portarias\/portaria-no-629-de-16-de-janeiro-de-2024-resolve-exonerar-do-cargo-em-comissao-de-diretor-escolar-da-escola-municipal-raimundo-poincare-de-sousa-a-sra-maria-das-dores-silva-de-sousa\/\">PORTARIA N\u00ba 629, DE 16 DE JANEIRO DE 2024 &#8211; RESOLVE EXONERAR, do Cargo em Comiss\u00e3o de Diretor Escolar, da  Escola Municipal, Raimundo Poincar\u00e9 de Sousa, a Sra. MARIA DAS DORES SILVA  DE SOUSA.<\/a><\/li>\n\t\t<li class=\"wsp-post\"><a href=\"https:\/\/saobernardo.ma.gov.br\/transparencia\/portarias\/portaria-no-628-de-16-de-janeiro-de-2024-resolve-exonerar-do-cargo-em-comissao-de-diretor-escolar-da-escola-municipal-tira-dentes-a-sra-claudilene-de-sousa-messias\/\">PORTARIA N\u00ba 628, DE 16 DE JANEIRO DE 2024 &#8211; RESOLVE EXONERAR do Cargo em Comiss\u00e3o de Diretor Escolar, da Escola  Municipal Tira Dentes, a Sra. CLAUDILENE DE SOUSA MESSIAS.<\/a><\/li>\n\t\t<li class=\"wsp-post\"><a href=\"https:\/\/saobernardo.ma.gov.br\/transparencia\/portarias\/portaria-no-627-de-16-de-janeiro-de-2024-resolve-exonerar-do-cargo-em-comissao-de-diretor-escolar-da-escola-municipal-conego-nestor-a-sra-marcia-lopes-de-sousa\/\">PORTARIA N\u00ba 627, DE 16 DE JANEIRO DE 2024 &#8211; RESOLVE EXONERAR, do Cargo em Comiss\u00e3o de Diretor Escolar, da  Escola Municipal C\u00f4nego Nestor, a Sra. MARCIA LOPES DE SOUSA.<\/a><\/li>\n\t\t<li class=\"wsp-post\"><a href=\"https:\/\/saobernardo.ma.gov.br\/transparencia\/portarias\/portaria-no-626-de-16-de-janeiro-de-2024-resolve-exonerar-do-cargo-em-comissao-de-diretor-escolar-da-escola-municipal-integrada-bernardo-coelho-de-almeida-a-sra-patriciane-dos-santos-bezerra\/\">PORTARIA N\u00ba 626, DE 16 DE JANEIRO DE 2024 &#8211; RESOLVE EXONERAR, do Cargo em Comiss\u00e3o de Diretor Escolar, da  Escola Municipal, Integrada Bernardo Coelho de Almeida, a Sra. PATRICIANE DOS  SANTOS BEZERRA.<\/a><\/li>\n\t\t<li class=\"wsp-post\"><a href=\"https:\/\/saobernardo.ma.gov.br\/transparencia\/portarias\/portaria-no-625-de-16-de-janeiro-de-2024-resolve-exonerar-do-cargo-em-comissao-de-diretor-escolar-da-escola-municipal-francisca-lima-spindola-a-sra-isabel-cristina-da-costa-pinto\/\">PORTARIA N\u00ba 625, DE 16 DE JANEIRO DE 2024 &#8211; RESOLVE EXONERAR, do Cargo em Comiss\u00e3o de Diretor Escolar, da Escola  Municipal, Francisca Lima Spindola, a Sra. ISABEL CRISTINA DA COSTA PINTO.<\/a><\/li>\n\t\t<li class=\"wsp-post\"><a href=\"https:\/\/saobernardo.ma.gov.br\/transparencia\/portarias\/portaria-no-624-de-16-de-jaeniro-de-2024-resolve-o-exonerar-do-cargo-em-comissao-de-diretor-escolar-da-escola-municipal-goncalves-dias-o-sr-mariano-da-silva-lima\/\">PORTARIA N\u00ba 624, DE 16 DE JAENIRO DE 2024 &#8211; RESOLVE \u00ba.EXONERAR, do Cargo em Comiss\u00e3o de Diretor Escolar, da Escola  Municipal Gon\u00e7alves Dias, o Sr. MARIANO DA SILVA LIMA.<\/a><\/li>\n\t\t<li class=\"wsp-post\"><a href=\"https:\/\/saobernardo.ma.gov.br\/transparencia\/portarias\/portaria-no-623-de-16-de-janeiro-de-2024-resolve-exonerar-do-cargo-em-comissao-de-diretor-escolar-da-escola-municipal-coracao-de-jesus-o-sr-jose-arnaldo-da-silva\/\">PORTARIA N\u00ba 623, DE 16 DE JANEIRO DE 2024 &#8211; RESOLVE EXONERAR, do Cargo em Comiss\u00e3o de Diretor Escolar, da  Escola Municipal Cora\u00e7\u00e3o de Jesus, o Sr. JOS\u00c9 ARNALDO DA SILVA.<\/a><\/li>\n\t\t<li class=\"wsp-post\"><a href=\"https:\/\/saobernardo.ma.gov.br\/transparencia\/portarias\/portaria-no-622-de-16-de-janeiro-de-2024-resolve-exonerar-do-cargo-em-comissao-de-diretor-escolar-da-escola-municipal-monsenhor-mauricio-laurent-o-sr-fabricio-de-sousa-meireles\/\">PORTARIA N\u00ba 622, DE 16 DE JANEIRO DE 2024 &#8211; RESOLVE EXONERAR, do Cargo em Comiss\u00e3o de Diretor Escolar, da  Escola Municipal Monsenhor Maur\u00edcio Laurent, o Sr. FABR\u00cdCIO DE SOUSA  MEIRELES.<\/a><\/li>\n\t\t<li class=\"wsp-post\"><a href=\"https:\/\/saobernardo.ma.gov.br\/transparencia\/portarias\/portaria-no-621-de-16-de-janeiro-de-2024-resolve-exonerar-do-cargo-em-comissao-de-diretor-escolar-da-escola-municipal-manoel-de-almeida-portugal-a-sra-djane-silva-almeida-lopes\/\">PORTARIA N\u00ba 621, DE 16 DE JANEIRO DE 2024 &#8211; RESOLVE EXONERAR, do Cargo em Comiss\u00e3o de Diretor Escolar, da  Escola Municipal Manoel de Almeida Portugal, a Sra. DJANE SILVA ALMEIDA  LOPES.<\/a><\/li>\n\t\t<li class=\"wsp-post\"><a href=\"https:\/\/saobernardo.ma.gov.br\/transparencia\/portarias\/portaria-no-620-de-16-de-janeiro-de-2024-resolve-exonerar-do-cargo-em-comissao-de-diretor-escolar-da-escola-municipal-maria-jose-coelho-lima-a-sra-susane-santos-lira\/\">PORTARIA N\u00ba 620, DE 16 DE JANEIRO DE 2024 &#8211; RESOLVE EXONERAR, do Cargo em Comiss\u00e3o de Diretor Escolar, da  Escola Municipal Maria Jos\u00e9 Coelho Lima, a Sra. SUSANE SANTOS LIRA.<\/a><\/li>\n\t\t<li class=\"wsp-post\"><a href=\"https:\/\/saobernardo.ma.gov.br\/transparencia\/portarias\/portaria-no-619-de-16-de-janeiro-de-2024-resolve-exonerar-do-cargo-em-comissao-de-diretor-escolar-da-creche-bibi-a-sra-roselane-maria-dos-reis-sousa\/\">PORTARIA N\u00ba 619, DE 16 DE JANEIRO DE 2024 &#8211; RESOLVE EXONERAR, do Cargo em Comiss\u00e3o de Diretor Escolar, da,  Creche Bibi, a Sra. ROSELANE MARIA DOS REIS SOUSA.<\/a><\/li>\n\t\t<li class=\"wsp-post\"><a href=\"https:\/\/saobernardo.ma.gov.br\/transparencia\/portarias\/portaria-no-618-de-16-de-janeiro-de-2024-resolve-exonerar-do-cargo-em-comissao-de-diretor-escolar-da-escola-municipal-paulo-freire-a-sra-antonia-maria-lima-dos-santos\/\">PORTARIA N\u00ba 618, DE 16 DE JANEIRO DE 2024 &#8211; RESOLVE EXONERAR, do Cargo em Comiss\u00e3o de Diretor Escolar, da  Escola Municipal Paulo Freire, a Sra. ANTONIA MARIA LIMA DOS SANTOS.<\/a><\/li>\n\t\t<li class=\"wsp-post\"><a href=\"https:\/\/saobernardo.ma.gov.br\/transparencia\/portarias\/portaria-no-617-de-16-de-janeiro-de-2024-resolve-exonerar-do-cargo-em-comissao-de-diretor-escolar-da-escola-municipal-unidade-integrada-professora-celia-cristina-pereira-dos-reis-a-sra-geovan\/\">PORTARIA N\u00ba 617, DE 16 DE JANEIRO DE 2024 &#8211; RESOLVE EXONERAR, do Cargo em Comiss\u00e3o de Diretor Escolar, da  Escola Municipal, Unidade Integrada Professora C\u00e9lia Cristina Pereira dos Reis, a Sra. GEOVANA OLIVEIRA ARA\u00daJO.<\/a><\/li>\n\t\t<li class=\"wsp-post\"><a href=\"https:\/\/saobernardo.ma.gov.br\/transparencia\/portarias\/portaria-no-616-de-16-de-janeiro-de-2024-resolve-exonerar-do-cargo-em-comissao-de-diretor-escolar-da-escola-municipal-fernando-coelho-a-sra-maria-alrineide-silva-spindola-cardoza\/\">PORTARIA N\u00ba 616, DE 16 DE JANEIRO DE 2024 &#8211; RESOLVE EXONERAR, do Cargo em Comiss\u00e3o de Diretor Escolar, da  Escola Municipal, Fernando Coelho, a Sra. MARIA ALRINEIDE SILVA SPINDOLA CARDOZA.<\/a><\/li>\n\t\t<li class=\"wsp-post\"><a href=\"https:\/\/saobernardo.ma.gov.br\/transparencia\/portarias\/portaria-no-615-de-16-de-janeiro-de-2024-resolve-exonerar-do-cargo-em-comissao-de-diretor-escolar-da-escola-municipal-unidade-integrada-vereador-rubenito-silva-couto-a-sra-maria-solange-silv\/\">PORTARIA N\u00ba 615, DE 16 DE JANEIRO DE 2024 &#8211; RESOLVE EXONERAR, do Cargo em Comiss\u00e3o de Diretor Escolar, da  Escola Municipal, Unidade Integrada Vereador Rubenito Silva Couto, a Sra. MARIA  SOLANGE SILVA DO NASCIMENTO.<\/a><\/li>\n\t\t<li class=\"wsp-post\"><a href=\"https:\/\/saobernardo.ma.gov.br\/transparencia\/portarias\/portaria-no-614-de-16-de-janeiro-de-2024-resolve-exonerar-do-cargo-em-comissao-de-diretor-escolar-da-escola-municipal-unidade-integrada-presidente-castelo-branco-a-sra-selene-ferreira-machad\/\">PORTARIA N\u00ba 614, DE 16 DE JANEIRO DE 2024 &#8211; RESOLVE EXONERAR, do Cargo em Comiss\u00e3o de Diretor Escolar, da Escola  Municipal, Unidade Integrada Presidente Castelo Branco, a Sra. SELENE FERREIRA  MACHADO.<\/a><\/li>\n\t\t<li class=\"wsp-post\"><a href=\"https:\/\/saobernardo.ma.gov.br\/transparencia\/portarias\/portaria-no-613-de-16-de-janeiro-de-2024-resolve-exonerar-do-cargo-em-comissao-de-diretor-escolar-da-escola-municipal-guilberto-alves-o-sr-antonio-de-padua-lima-da-silva\/\">PORTARIA N\u00ba 613, DE 16 DE JANEIRO DE 2024 &#8211; RESOLVE  EXONERAR, do Cargo em Comiss\u00e3o de Diretor Escolar, da  Escola Municipal Guilberto Alves, o Sr. ANTONIO DE PADUA LIMA DA SILVA.<\/a><\/li>\n\t\t<li class=\"wsp-post\"><a href=\"https:\/\/saobernardo.ma.gov.br\/transparencia\/portarias\/portaria-no-612-de-16-de-janeiro-de-2024-resolve-exonerar-do-cargo-em-comissao-de-diretor-escolar-da-escola-municipal-jardim-de-infancia-saci-perere-a-sra-antonia-caetano-de-almeida\/\">PORTARIA N\u00ba 612, DE 16 DE JANEIRO DE 2024 &#8211; RESOLVE EXONERAR, do Cargo em Comiss\u00e3o de Diretor Escolar, da  Escola Municipal Jardim de Inf\u00e2ncia Saci Perer\u00ea, a Sra. ANTONIA CAETANO DE  ALMEIDA.<\/a><\/li>\n\t\t<li class=\"wsp-post\"><a href=\"https:\/\/saobernardo.ma.gov.br\/transparencia\/portarias\/portaria-no-611-de-16-de-janeiro-de-2024-resolve-exonerar-do-cargo-em-comissao-de-diretor-escolar-da-creche-branca-de-neve-a-sra-bruna-gessila-santos-machado\/\">PORTARIA N\u00ba 611, DE 16 DE JANEIRO DE 2024 &#8211; RESOLVE EXONERAR, do Cargo em Comiss\u00e3o de Diretor Escolar, da  Creche Branca de Neve, a Sra. BRUNA GESSILA SANTOS MACHADO.<\/a><\/li>\n\t\t<li class=\"wsp-post\"><a href=\"https:\/\/saobernardo.ma.gov.br\/transparencia\/portarias\/portaria-no-610-de-16-de-janeiro-de-2024-resolve-exonerar-do-cargo-em-comissao-de-diretor-escolar-da-escola-municipal-raimundo-machado-filho-a-sra-alzenira-da-silva-almeida\/\">PORTARIA N\u00ba 610, DE 16 DE JANEIRO DE 2024 &#8211; RESOLVE  EXONERAR, do Cargo em Comiss\u00e3o de Diretor Escolar, da  Escola Municipal Raimundo Machado Filho, a Sra. ALZENIRA DA SILVA ALMEIDA.<\/a><\/li>\n\t\t<li class=\"wsp-post\"><a href=\"https:\/\/saobernardo.ma.gov.br\/transparencia\/portarias\/portaria-no-609-de-16-de-janeiro-de-2024-resolve-exonerar-do-cargo-em-comissao-de-diretor-escolar-da-escola-municipal-anastacio-portela-a-sra-juliana-rafaela-dos-santos-de-sousa\/\">PORTARIA N\u00ba 609, DE 16 DE JANEIRO DE 2024 &#8211; RESOLVE  EXONERAR, do Cargo em Comiss\u00e3o de Diretor Escolar, da  Escola Municipal, Anast\u00e1cio Portela, a Sra. JULIANA RAFAELA DOS SANTOS DE  SOUSA.<\/a><\/li>\n\t\t<li class=\"wsp-post\"><a href=\"https:\/\/saobernardo.ma.gov.br\/transparencia\/portarias\/portaria-no-608-de-16-de-janeiro-de-2024-resolve-exonerar-do-cargo-em-comissao-de-diretor-escolar-da-escola-municipal-rui-barbosa-a-sra-francimara-silva-lima\/\">PORTARIA N\u00ba 608, DE 16 DE JANEIRO DE 2024 &#8211; RESOLVE EXONERAR, do Cargo em Comiss\u00e3o de Diretor Escolar, da Escola  Municipal, Rui Barbosa, a Sra. FRANCIMARA SILVA LIMA.<\/a><\/li>\n\t\t<li class=\"wsp-post\"><a href=\"https:\/\/saobernardo.ma.gov.br\/transparencia\/portarias\/portaria-no-607-de-16-de-janeiro-de-2024-resolve-exonerar-do-cargo-em-comissao-de-diretor-escolar-da-escola-municipal-francisco-marques-da-silva-a-sra-kelma-da-silva-viana-mendes\/\">PORTARIA N\u00ba 607 DE 16 DE JANEIRO DE 2024 &#8211; RESOLVE EXONERAR, do Cargo em Comiss\u00e3o de Diretor Escolar, da  Escola Municipal, Francisco Marques da Silva, a Sra. KELMA DA SILVA VIANA  MENDES.<\/a><\/li>\n\t\t<li class=\"wsp-post\"><a href=\"https:\/\/saobernardo.ma.gov.br\/transparencia\/portarias\/portaria-no-606-de-16-de-janeirode-2024-resolve-exonerar-do-cargo-em-comissao-de-diretor-escolar-da-escola-municipal-monteiro-lobato-a-sra-midia-duarte-costa\/\">PORTARIA N\u00ba 606, DE 16 DE JANEIRODE 2024 &#8211; RESOLVE EXONERAR, do Cargo em Comiss\u00e3o de Diretor Escolar, da  Escola Municipal, Monteiro Lobato, a Sra. MIDIA DUARTE COSTA.<\/a><\/li>\n\t\t<li class=\"wsp-post\"><a href=\"https:\/\/saobernardo.ma.gov.br\/transparencia\/portarias\/portaria-no-605-de-16-de-janeiro-de-2024-resolve-exonerar-do-cargo-em-comissao-de-diretor-escolar-da-escola-municipal-professora-aurea-serra-castelo-branco-a-sra-salete-da-silva-gomes\/\">PORTARIA N\u00ba 605, DE 16 DE JANEIRO DE 2024 &#8211; RESOLVE EXONERAR, do Cargo em Comiss\u00e3o de Diretor Escolar, da  Escola Municipal, Professora \u00c1urea Serra Castelo Branco a Sra. SALETE DA SILVA  GOMES.<\/a><\/li>\n\t\t<li class=\"wsp-post\"><a href=\"https:\/\/saobernardo.ma.gov.br\/transparencia\/portarias\/portaria-no-604-de-16-de-janeiro-de-2024-resolve-exonerar-do-cargo-em-comissao-de-diretor-escolar-da-escola-municipal-unidade-integrada-juscelino-kubitschek-o-sr-charles-degaulle-costa-sabr\/\">PORTARIA N\u00ba 604, DE 16 DE JANEIRO DE 2024 &#8211; RESOLVE  EXONERAR, do Cargo em Comiss\u00e3o de Diretor Escolar, da  Escola Municipal, Unidade Integrada Juscelino Kubitschek, o Sr. CHARLES  DEGAULLE COSTA SABRY.<\/a><\/li>\n\t\t<li class=\"wsp-post\"><a href=\"https:\/\/saobernardo.ma.gov.br\/transparencia\/portarias\/portaria-no-603-de-16-de-janeiro-de-2024-resolve-exonerar-do-cargo-em-comissao-de-diretor-escolar-da-escola-municipal-prefeito-jose-ferreira-de-sousa-a-sra-raquel-freire-martins\/\">PORTARIA N\u00ba 603, DE 16 DE JANEIRO DE 2024 &#8211; RESOLVE EXONERAR, do Cargo em Comiss\u00e3o de Diretor Escolar, da Escola  Municipal, Prefeito Jos\u00e9 Ferreira de Sousa, a Sra. RAQUEL FREIRE MARTINS.<\/a><\/li>\n\t\t<li class=\"wsp-post\"><a href=\"https:\/\/saobernardo.ma.gov.br\/transparencia\/portarias\/portaria-conjunta-no-02-de-15-de-janeiro-de-2024-dispoe-sobre-as-regras-de-inscricao-para-matriculas-no-ensino-de-jovens-e-adultos-eja-no-municipio-de-sao-bernardo-e-da-outras-providenci\/\">PORTARIA CONJUNTA N\u00ba 02, DE 15 DE JANEIRO DE 2024 &#8211; \u201cDisp\u00f5e sobre as regras de inscri\u00e7\u00e3o para matr\u00edculas no ensino de jovens e adultos (EJA) no Munic\u00edpio de S\u00e3o Bernardo e d\u00e1 outras provid\u00eancias.\u201d<\/a><\/li>\n\t\t<li class=\"wsp-post\"><a href=\"https:\/\/saobernardo.ma.gov.br\/transparencia\/portarias\/portaria-no-602-de-11-de-janeiro-de-2024-resolve-nomear-para-o-cargo-em-comissao-de-coordenadora-de-cultura-dans-da-secretaria-municipal-de-comunicacao-e-cultura-a-sra-maria-leny-marq\/\">REVOGADA &#8211; PORTARIA N\u00ba 602, DE 11 DE JANEIRO DE 2024 &#8211; RESOLVE NOMEAR, para o cargo em Comiss\u00e3o de Coordenadora de Cultura \u2013 DANS, da Secretaria Municipal de Comunica\u00e7\u00e3o e Cultura, a Sra. MARIA LENY MARQUES<\/a><\/li>\n\t\t<li class=\"wsp-post\"><a href=\"https:\/\/saobernardo.ma.gov.br\/transparencia\/portarias\/portaria-n-01-de-11-de-janeiro-de-2024-dispoe-sobre-a-instauracao-de-processo-desindicancia-administra-tiva-para-apuracao-de-suposto-cometimentode-ilegalidadecometida-por-servidores\/\">PORTARIA N\u00b0 01, DE 11 DE JANEIRO DE 2024 &#8211; &#8220;DISP\u00d5E SOBRE A INSTAURA\u00c7\u00c3O DE PROCESSO DE\tSINDIC\u00c2NCIA ADMINISTRA TIVA PARA APURA\u00c7\u00c3O DE SUPOSTO COMETIMENTO\t\tDE ILEGALIDADE\t\tCOMETIDA POR SERVIDOR(ES) DO MUNIC\u00cdPIO, E D\u00c1 OUTRAS PROVID\u00c9NCIAS\u201d<\/a><\/li>\n\t\t<li class=\"wsp-post\"><a href=\"https:\/\/saobernardo.ma.gov.br\/transparencia\/portarias\/portaria-n-601-de-09-de-janeiro-de-2024-resolve-nomear-a-sra-eliane-da-silva-garces-para-ocupar-o-cargo-de-conselheiro-tutelar\/\">PORTARIA N\u00ba 601, DE 09 DE JANEIRO DE 2024 &#8211; RESOLVE NOMEAR, a Sra. ELIANE DA SILVA GARC\u00caS  para ocupar o cargo de CONSELHEIRO TUTELAR.<\/a><\/li>\n\t\t<li class=\"wsp-post\"><a href=\"https:\/\/saobernardo.ma.gov.br\/transparencia\/portarias\/portaria-no-600-de-09-de-janeiro-de-2024-resolve-nomear-o-sr-aronildo-rocha-rodrigues-para-ocupar-o-cargo-de-conselheiro-tutelar\/\">PORTARIA N\u00ba 600, DE 09 DE JANEIRO DE 2024 &#8211; RESOLVE &#8211; NOMEAR, o Sr. ARONILDO ROCHA RODRIGUES, , para ocupar o cargo de CONSELHEIRO TUTELAR.<\/a><\/li>\n\t\t<li class=\"wsp-post\"><a href=\"https:\/\/saobernardo.ma.gov.br\/transparencia\/portarias\/portaria-n-599-de-09-de-janeiro-de-2024-resolve-nomear-a-sra-marly-maria-da-silva-para-ocupar-o-cargo-de-conselheiro-tutelar\/\">PORTARIA N\u00ba 599, DE 09 DE JANEIRO DE 2024 &#8211; RESOLVE NOMEAR, a Sra. MARLY MARIA DA SILVA, para ocupar o cargo de CONSELHEIRO TUTELAR.<\/a><\/li>\n\t\t<li class=\"wsp-post\"><a href=\"https:\/\/saobernardo.ma.gov.br\/transparencia\/portarias\/portaria-n-598-de-09-de-janeiro-de-2024-dispoe-sobre-a-nomeacao-de-conselheiro-tutelar-para-compor-o-orgao-do-conselho-tutelar-municipal-de-sao-bernardo-ma-para-o-quadrienio-202412028-e-da\/\">PORTARIA N\u00ba 598, DE 09 DE JANEIRO DE 2024 &#8211; RESOLVE NOMEAR, a Sra. AMARA VIEIRA DOS SANTOS LOPES SILVA, para ocupar o cargo de CONSELHEIRO TUTELAR<\/a><\/li>\n\t\t<li class=\"wsp-post\"><a href=\"https:\/\/saobernardo.ma.gov.br\/transparencia\/portarias\/portaria-n-597-de-09-de-janeiro-de-2024-dispoe-sobre-a-nomeacao-de-conselheiro-tutelar-para-colnpor-o-orgao-do-conselho-tutelar-municipal-de-sao-bernardo-ma-para-o-quadrienio-202412028-e-da\/\">PORTARIA N\u00ba 597, DE 09 DE JANEIRO DE 2024 &#8211; RESOLVE  NOMEAR, o Sr. TEONILSON DA SILVA MORENO, para ocupar o cargo de CONSELHEIRO TUTELAR.<\/a><\/li>\n\t\t<li class=\"wsp-post\"><a href=\"https:\/\/saobernardo.ma.gov.br\/transparencia\/portarias\/portaria-no-596-de-08-de-janeiro-de-2024-resolve-nomear-para-responder-interinamente-pela-secretaria-municipal-de-comunicacao-e-cultura-o-sr-ronaldo-de-oliveira-sousa\/\">REVOGADA &#8211; PORTARIA N\u00ba 596, DE 08 DE JANEIRO DE 2024 -RESOLVE  NOMEAR, para responder Interinamente, pela Secretaria Municipal de Comunica\u00e7\u00e3o e Cultura, o Sr. RONALDO DE OLIVEIRA SOUSA<\/a><\/li>\n\t\t<li class=\"wsp-post\"><a href=\"https:\/\/saobernardo.ma.gov.br\/transparencia\/portarias\/portaria-no-595-de-08-de-janeiro-de-2024-resolve-exonerar-do-cargo-em-comissao-de-coordenadora-de-cultura-da-secretaria-municipal-de-comunicacao-e-cultura-a-sra-maria-leny-marques\/\">REVOGADA &#8211; PORTARIA N\u00ba 595, DE 08 DE JANEIRO DE 2024 &#8211; RESOLVE EXONERAR, do Cargo em Comiss\u00e3o de Coordenadora de Cultura, da Secretaria Municipal de Comunica\u00e7\u00e3o e Cultura, a Sra. MARIA LENY MARQUES<\/a><\/li>\n\t\t<li class=\"wsp-post\"><a href=\"https:\/\/saobernardo.ma.gov.br\/transparencia\/portarias\/portaria-no-594-de-08-de-janeiro-de-2024-resolve-exonerar-a-pedido-do-cargo-em-comissao-de-secretario-municipal-da-secretaria-de-comunicacao-e-cultura-o-sr-carlos-humberto-sousa-lima\/\">REVOGADA &#8211; PORTARIA N\u00ba 594, DE 08 DE JANEIRO DE 2024 &#8211; RESOLVE EXONERAR a pedido, do Cargo em Comiss\u00e3o de Secret\u00e1rio Municipal da Secretaria de Comunica\u00e7\u00e3o e Cultura, o Sr. CARLOS HUMBERTO SOUSA LIMA<\/a><\/li>\n\t\t<li class=\"wsp-post\"><a href=\"https:\/\/saobernardo.ma.gov.br\/transparencia\/portarias\/portaria-no-593-de-28-de-dezembro-de-2023-nomeia-servidor-publico-como-agente-de-contratacao-dos-contratos-convenios-firmados-pelo-municipio-de-sao-bernardo-estado-do-maranhao-e-da-out\/\">PORTARIA N\u00ba 593, DE 28 DE DEZEMBRO DE 2023 -\u201cNomeia servidor p\u00fablico como AGENTE DE  CONTRATA\u00c7\u00c3O dos contratos\/conv\u00eanios firmados  pelo Munic\u00edpio de S\u00e3o Bernardo, Estado do  Maranh\u00e3o, e d\u00e1 outras provid\u00eancias.\u201d<\/a><\/li>\n\t\t<li class=\"wsp-post\"><a href=\"https:\/\/saobernardo.ma.gov.br\/transparencia\/portarias\/portaria-no-592-de-18-de-dezembro-de-2023-resolve-exonerar-por-falecimento-do-cargo-em-comissao-de-assessor-pedagogico-nivel-i-da-secretaria-municipal-de-educacao-ciencia-tecnologia-e-inovacao\/\">PORTARIA N\u00ba 592, DE 18 DE DEZEMBRO DE 2023 &#8211; RESOLVE EXONERAR por falecimento, do Cargo em Comiss\u00e3o de Assessor Pedag\u00f3gico N\u00edvel I, da Secretaria Municipal de Educa\u00e7\u00e3o, Ci\u00eancia, Tecnologia e Inova\u00e7\u00e3o, a Sra. MARIANA DEBORA CLAUDIANO DO NASCIMENTO<\/a><\/li>\n\t\t<li class=\"wsp-post\"><a href=\"https:\/\/saobernardo.ma.gov.br\/transparencia\/portarias\/portaria-no-591-de-14-de-dezembro-de-2023-resolve-exonerar-do-cargo-em-comissao-de-chefe-do-departamento-de-tecnologias-estruturais-da-secretaria-municipal-de-educacao-ciencia-tecnologia-e-inov\/\">PORTARIA N\u00ba 591, DE 14 DE DEZEMBRO DE 2023 &#8211; RESOLVE EXONERAR, do Cargo em Comiss\u00e3o de Chefe do Departamento de Tecnologias Estruturais, da Secretaria Municipal de Educa\u00e7\u00e3o, Ci\u00eancia, Tecnologia e Inova\u00e7\u00e3o, o Sr. ARLINDO CESAR VIANA MONTELES<\/a><\/li>\n\t\t<li class=\"wsp-post\"><a href=\"https:\/\/saobernardo.ma.gov.br\/transparencia\/portarias\/portaria-no-590-de-11-de-dezembro-de-2023-resolve-exonerar-do-cargo-em-comissao-de-assessora-especial-nivel-ii-do-gabinete-da-vice-prefeita-municipal-a-sra-renata-lima-ferreira\/\">PORTARIA N\u00ba 590, DE 11 DE DEZEMBRO DE 2023 &#8211; RESOLVE  EXONERAR, do Cargo em Comiss\u00e3o de Assessora Especial N\u00edvel II, do Gabinete da Vice Prefeita Municipal, a Sra. RENATA LIMA FERREIRA<\/a><\/li>\n\t\t<li class=\"wsp-post\"><a href=\"https:\/\/saobernardo.ma.gov.br\/transparencia\/portarias\/portaria-no-589-de-30-de-novembro-de-2023-resolve-exonerar-do-cargo-em-comissao-de-assessor-especial-nivel-ii-do-gabinete-do-prefeito-o-sr-gediel-pereira-alencar\/\">PORTARIA N\u00ba 589, DE 30 DE NOVEMBRO DE 2023 &#8211; RESOLVE  EXONERAR, do Cargo em Comiss\u00e3o de Assessor Especial N\u00edvel II, do Gabinete do Prefeito, o Sr. GEDIEL PEREIRA ALENCAR<\/a><\/li>\n\t\t<li class=\"wsp-post\"><a href=\"https:\/\/saobernardo.ma.gov.br\/transparencia\/portarias\/portaria-no-588-de-28-de-novembro-de-2023-resolve-nomear-para-o-cargo-em-comissao-de-coordenador-de-ciencia-tecnologia-e-inovacao-dans-da-secretaria-municipal-de-ciencia-tecnologia-e-inovac\/\">PORTARIA N\u00ba 588, DE 28 DE NOVEMBRO DE 2023 &#8211; RESOLVE NOMEAR, para o Cargo em Comiss\u00e3o de Coordenador de  Ci\u00eancia, Tecnologia e Inova\u00e7\u00e3o &#8211; DANS, da Secretaria Municipal de Ci\u00eancia,  Tecnologia e Inova\u00e7\u00e3o, o Sr. KARLYSON SILVA LIMA ARAUJO<\/a><\/li>\n\t\t<li class=\"wsp-post\"><a href=\"https:\/\/saobernardo.ma.gov.br\/transparencia\/portarias\/portaria-no-587-de-28-de-novembro-de-2023-resolve-nomear-para-o-cargo-em-comissao-de-assessor-pedagogico-nivel-i-dans-da-secretaria-de-educacao-ciencia-tecnologia-e-inovacao-o-sr-wilberth-c\/\">PORTARIA N\u00ba 587, DE 28 DE NOVEMBRO DE 2023 &#8211; RESOLVE NOMEAR, para o Cargo em Comiss\u00e3o de Assessor Pedag\u00f3gico  N\u00edvel I &#8211; DANS, da Secretaria de Educa\u00e7\u00e3o, Ci\u00eancia Tecnologia e Inova\u00e7\u00e3o, o Sr. WILBERTH CASTRO DA SILVA<\/a><\/li>\n\t\t<li class=\"wsp-post\"><a href=\"https:\/\/saobernardo.ma.gov.br\/transparencia\/portarias\/portaria-no-586-de-28-de-novembro-de-2023-resolve-exonerar-do-cargo-em-comissao-de-coordenador-de-ciencia-tecnologia-e-inovacao-da-secretaria-municipal-de-educacao-ciencia-tecnologia-e-inova\/\">PORTARIA N\u00ba 586, DE 28 DE NOVEMBRO DE 2023 &#8211; RESOLVE EXONERAR, do Cargo em Comiss\u00e3o de Coordenador de Ci\u00eancia,  Tecnologia e Inova\u00e7\u00e3o, da Secretaria Municipal de Educa\u00e7\u00e3o, Ci\u00eancia, Tecnologia e  Inova\u00e7\u00e3o, o Sr. WILBERTH CASTRO DA SILVA<\/a><\/li>\n\t\t<li class=\"wsp-post\"><a href=\"https:\/\/saobernardo.ma.gov.br\/transparencia\/portarias\/portaria-no-585-de-28-de-novembro-de-2023-resolve-nomear-para-o-cargo-em-comissao-de-inspetor-escolar-dai-da-escola-municipal-goncalves-dias-a-sra-marinilde-costa-silva-alves\/\">PORTARIA N\u00ba 585, DE 28 DE NOVEMBRO DE 2023 &#8211; RESOLVE NOMEAR, para o Cargo em Comiss\u00e3o de Inspetor Escolar -DAI,  da Escola Municipal Gon\u00e7alves Dias, a Sra. MARINILDE COSTA SILVA ALVES<\/a><\/li>\n\t\t<li class=\"wsp-post\"><a href=\"https:\/\/saobernardo.ma.gov.br\/transparencia\/portarias\/portaria-no-584-de-28-de-novembro-de-2023-resolve-nomear-para-o-cargo-em-comissao-de-assessor-especial-nivel-ii-dai-do-gabinete-do-prefeito-o-sr-beu-veras-barros\/\">PORTARIA N\u00ba 584, DE 28 DE NOVEMBRO DE 2023 &#8211; RESOLVE  NOMEAR, para o Cargo em Comiss\u00e3o de Assessor Especial N\u00edvel  II &#8211; DAI, do Gabinete do Prefeito, o Sr. BEU VERAS BARROS<\/a><\/li>\n\t\t<li class=\"wsp-post\"><a href=\"https:\/\/saobernardo.ma.gov.br\/transparencia\/portarias\/portaria-no-583-de-21-de-novembro-de-2023-resolve-nomear-para-o-cargo-em-comissao-de-assessor-pedagogico-nivel-iii-dai-da-secretaria-municipal-de-educacao-ciencia-tecnologia-e-inovacao-o-sr\/\">PORTARIA N\u00ba 583, DE 21 DE NOVEMBRO DE 2023 &#8211; RESOLVE  NOMEAR, para o Cargo em Comiss\u00e3o de Assessor Pedag\u00f3gico N\u00edvel III &#8211; DAI, da Secretaria Municipal de Educa\u00e7\u00e3o, Ci\u00eancia, Tecnologia e Inova\u00e7\u00e3o, o Sr. CARLOS DANIEL DE SENA ROCHA.<\/a><\/li>\n\t\t<li class=\"wsp-post\"><a href=\"https:\/\/saobernardo.ma.gov.br\/transparencia\/portarias\/portaria-no-582-de-14-de-novembro-de-2023-resolve-nomear-para-o-cargo-em-comissao-de-secretario-escolar-dai-1-da-escola-municipal-monteiro-lobato-a-sra-heloina-loiola-de-souza\/\">PORTARIA N\u00ba 582, DE 14 DE NOVEMBRO DE 2023 &#8211; RESOLVE NOMEAR, para o Cargo em Comiss\u00e3o de Secret\u00e1rio Escolar \u2013 DAI -1, da Escola Municipal Monteiro Lobato, a Sra. HELOINA LOIOLA DE SOUZA<\/a><\/li>\n\t\t<li class=\"wsp-post\"><a href=\"https:\/\/saobernardo.ma.gov.br\/transparencia\/portarias\/portaria-no-582-a-de-14-de-novembro-de-2023-fica-constituida-a-comissao-que-sera-responsavel-pelos-tramites-oriundos-do-procedimento-da-sindicancia-a-ser-instaurada-para-a-apuracao-de-possiveis-irr\/\">PORTARIA N\u00ba 582-A, DE 14 DE NOVEMBRO DE 2023 &#8211; Fica constitu\u00edda a Comiss\u00e3o que ser\u00e1 respons\u00e1vel pelos tr\u00e2mites oriundos do procedimento da Sindic\u00e2ncia a ser instaurada para a apura\u00e7\u00e3o de poss\u00edveis irregularidades junto ao Sistema de Informa\u00e7\u00e3o do Minist\u00e9rio da Educa\u00e7\u00e3o, notadamente ao que se referente a Educa\u00e7\u00e3o em Tempo Integral e ao EJA.<\/a><\/li>\n\t\t<li class=\"wsp-post\"><a href=\"https:\/\/saobernardo.ma.gov.br\/transparencia\/portarias\/portaria-no-581-de-07-de-novembro-de-2023-resolve-nomear-para-o-cargo-em-comissao-de-coordenador-dos-programas-pdde-das-da-secretaria-municipal-de-educacao-ciencia-tecnologia-e-inovacao-o-s\/\">PORTARIA N\u00ba 581, DE 07 DE NOVEMBRO DE 2023 &#8211; RESOLVE  NOMEAR, para o Cargo em Comiss\u00e3o de Coordenador Dos Programas PDDE &#8211; DAS, da Secretaria Municipal de Educa\u00e7\u00e3o, Ci\u00eancia, Tecnologia e Inova\u00e7\u00e3o, o Sr. ANT\u00d4NIO GABRIEL SOUSA SILVA<\/a><\/li>\n\t\t<li class=\"wsp-post\"><a href=\"https:\/\/saobernardo.ma.gov.br\/transparencia\/portarias\/portaria-no-580-de-07-de-novembro-de-2023-resolve-exonerar-do-cargo-em-comissao-de-assessor-pedagogico-nivel-iii-da-secretaria-municipal-de-educacao-ciencia-tecnologia-e-inovacao-o-sr-antonio\/\">PORTARIA N\u00ba 580, DE 07 DE NOVEMBRO DE 2023 &#8211; RESOLVE EXONERAR, do Cargo em Comiss\u00e3o de Assessor Pedag\u00f3gico N\u00edvel III, da Secretaria Municipal de Educa\u00e7\u00e3o, Ci\u00eancia, Tecnologia e Inova\u00e7\u00e3o, o Sr. ANT\u00d4NIO GABRIEL SOUSA SILVA<\/a><\/li>\n\t\t<li class=\"wsp-post\"><a href=\"https:\/\/saobernardo.ma.gov.br\/transparencia\/portarias\/portaria-no-579-de-07-de-novembro-de-2023-resolve-exonerar-do-cargo-em-comissao-de-coordenador-dos-programas-pdde-da-secretaria-municipal-de-educacao-ciencia-tecnologia-e-inovacao-o-sr-gumerc\/\">PORTARIA N\u00ba 579, DE 07 DE NOVEMBRO DE 2023 &#8211; RESOLVE EXONERAR, do Cargo em Comiss\u00e3o de Coordenador Dos Programas PDDE, da Secretaria Municipal de Educa\u00e7\u00e3o, Ci\u00eancia, Tecnologia e Inova\u00e7\u00e3o, o Sr. GUMERCINDO ALVES DA COSTA JUNIOR<\/a><\/li>\n\t\t<li class=\"wsp-post\"><a href=\"https:\/\/saobernardo.ma.gov.br\/transparencia\/portarias\/portaria-no-578-de-30-de-outubro-de-2023-resolve-municipal-celia-cristina-pereira-dos-reis-a-sra-maria-jamilly-silva-pereira\/\">PORTARIA N\u00ba 578, DE 30 DE OUTUBRO DE 2023 &#8211; RESOLVE EXONERAR, do Cargo em Comiss\u00e3o de Inspetor Escolar, da  Escola Municipal C\u00e9lia Cristina Pereira dos Reis, a Sra. MARIA JAMILLY SILVA  PEREIRA<\/a><\/li>\n\t\t<li class=\"wsp-post\"><a href=\"https:\/\/saobernardo.ma.gov.br\/transparencia\/portarias\/portaria-no-577-de-25-de-outubro-de-2023-resolve-nomear-para-o-cargo-em-comissao-de-assessor-especial-nivel-ii-dai-do-gabinete-do-prefeito-o-sr-wenderson-ricardo-carvalho-da-silva\/\">PORTARIA N\u00ba 577, DE 25 DE OUTUBRO DE 2023 &#8211; RESOLVE NOMEAR, para o Cargo em Comiss\u00e3o de Assessor Especial N\u00edvel II \u2013 DAI, do Gabinete do Prefeito, o Sr. WENDERSON RICARDO CARVALHO DA SILVA<\/a><\/li>\n\t\t<li class=\"wsp-post\"><a href=\"https:\/\/saobernardo.ma.gov.br\/transparencia\/portarias\/portaria-no-576-de-25-de-outubro-de-2023-resolve-nomear-para-o-cargo-em-comissao-de-assessor-especial-nivel-iii-dai-1-da-secretaria-municipal-de-abastecimento-e-recursos-hidricos-sema\/\">PORTARIA N\u00ba 576, DE 25 DE OUTUBRO DE 2023 &#8211; RESOLVE NOMEAR, para o Cargo em Comiss\u00e3o de Assessor Especial N\u00edvel III \u2013 DAI-1, da Secretaria Municipal de Abastecimento e Recursos H\u00eddricos &#8211; SEMARH, o Sr. EDMILSON MACIEL CARVALHO<\/a><\/li>\n\t\t<li class=\"wsp-post\"><a href=\"https:\/\/saobernardo.ma.gov.br\/transparencia\/portarias\/portaria-no-575-de-25-de-outubro-de-2023-resolve-exonerar-do-cargo-em-comissao-de-assessor-especial-nivel-iii-da-secretaria-municipal-de-abastecimento-e-recursos-hidricos-semarh-o-sr-francisc\/\">PORTARIA N\u00ba 575, DE 25 DE OUTUBRO DE 2023 &#8211; RESOLVE EXONERAR, do Cargo em Comiss\u00e3o de Assessor Especial N\u00edvel III, da Secretaria Municipal de Abastecimento e Recursos H\u00eddricos &#8211; SEMARH, o Sr. FRANCISCO DE ASSIS DOS SANTOS BRITO<\/a><\/li>\n\t\t<li class=\"wsp-post\"><a href=\"https:\/\/saobernardo.ma.gov.br\/transparencia\/portarias\/portaria-no-004-de-24-de-outubro-de-2023-regulamentar-a-politica-de-educacao-em-tempo-integral-no-municipio-de-sao-bernardo-ma\/\">PORTARIA N\u00ba 004, DE 24 DE OUTUBRO DE 2023 &#8211; Regulamentar a Pol\u00edtica de Educa\u00e7\u00e3o em Tempo  Integral no Munic\u00edpio de S\u00e3o Bernardo\/MA.<\/a><\/li>\n\t\t<li class=\"wsp-post\"><a href=\"https:\/\/saobernardo.ma.gov.br\/transparencia\/portarias\/portaria-no-574-de-23-de-outubro-de-2023-resolve-nomear-do-cargo-em-comissao-de-assessor-pedagogico-nivel-ii-das-da-secretaria-municipal-de-educacao-ciencia-tecnologia-e-inovacao-o-sr-luca\/\">PORTARIA N\u00ba 574, DE 23 DE OUTUBRO DE 2023 &#8211; RESOLVE NOMEAR, do Cargo em Comiss\u00e3o de Assessor Pedag\u00f3gico N\u00edvel  II &#8211; DAS, da Secretaria Municipal de Educa\u00e7\u00e3o, Ci\u00eancia, Tecnologia e Inova\u00e7\u00e3o, o Sr. LUCAS COSTA DO NASCIMENTO<\/a><\/li>\n\t\t<li class=\"wsp-post\"><a href=\"https:\/\/saobernardo.ma.gov.br\/transparencia\/portarias\/portaria-no-573-de-23-de-outubro-de-2023-resolve-nomear-para-o-cargo-em-comissao-de-coordenador-pedagogico-das-da-escola-municipal-francisco-marques-da-silva-a-sr-larissa-amanda-dos-santos\/\">PORTARIA N\u00ba 573, DE 23 DE OUTUBRO DE 2023 &#8211; RESOLVE NOMEAR, para o Cargo em Comiss\u00e3o de Coordenador  Pedag\u00f3gico &#8211; DAS, da Escola Municipal Francisco Marques da Silva, a Sr. LARISSA  AMANDA DOS SANTOS PONTES<\/a><\/li>\n\t\t<li class=\"wsp-post\"><a href=\"https:\/\/saobernardo.ma.gov.br\/transparencia\/portarias\/portaria-no-572-de-23-de-outubro-de-2023-resolve-exonerar-do-cargo-em-comissao-de-assessor-especial-nivel-i-do-gabinete-do-prefeito-o-sr-lucas-costa-do-nascimento\/\">PORTARIA N\u00ba 572, DE 23 DE OUTUBRO DE 2023 &#8211; RESOLVE EXONERAR, do Cargo em Comiss\u00e3o de Assessor Especial N\u00edvel  I, do Gabinete do Prefeito, o Sr. LUCAS COSTA DO NASCIMENTO<\/a><\/li>\n\t\t<li class=\"wsp-post\"><a href=\"https:\/\/saobernardo.ma.gov.br\/transparencia\/portarias\/portaria-no-571-de-23-de-outubro-de-2023-resolve-exonerar-do-cargo-em-comissao-de-assessor-pedagogico-nivel-ii-da-secretaria-municipal-de-educacao-ciencia-tecnologia-e-inovacao-a-sra-larissa\/\">PORTARIA N\u00ba 571, DE 23 DE OUTUBRO DE 2023 &#8211; RESOLVE EXONERAR, do Cargo em Comiss\u00e3o de Assessor Pedag\u00f3gico  N\u00edvel II, da Secretaria Municipal de Educa\u00e7\u00e3o, Ci\u00eancia, Tecnologia e Inova\u00e7\u00e3o, a Sra. LARISSA AMANDA DOS SANTOS PONTES<\/a><\/li>\n\t\t<li class=\"wsp-post\"><a href=\"https:\/\/saobernardo.ma.gov.br\/transparencia\/portarias\/portaria-no-570-de-04-de-outubro-de-2023-resolve-nomear-para-responder-interinamente-pelo-cargo-em-comissao-de-coordenador-geral-de-compras-licitacao-e-logistica-pregoeiro-dans-da-se\/\">PORTARIA N\u00ba 570, DE 04 DE OUTUBRO DE 2023 &#8211; RESOLVE NOMEAR, para responder Interinamente como substituto, pelo Cargo em Comiss\u00e3o de Coordenador Geral de Compras, Licita\u00e7\u00e3o e Log\u00edstica \u2013 Pregoeiro -DANS, da Secretaria Municipal de Gest\u00e3o, o Sr. JAKESON DA  CONCEI\u00c7\u00c3O DA SILVA<\/a><\/li>\n\t\t<li class=\"wsp-post\"><a href=\"https:\/\/saobernardo.ma.gov.br\/transparencia\/portarias\/portaria-no-569-de-04-de-outubro-de-2023-resolve-exonerar-do-cargo-em-comissao-de-coordenador-geral-de-compras-licitacao-e-logistica-pregoeira-da-secretaria-municipal-de-gestao-a-sr\/\"><\/a><\/li>\n\t\t<li class=\"wsp-post\"><a href=\"https:\/\/saobernardo.ma.gov.br\/transparencia\/portarias\/portaria-no-568-de-03-de-outubro-de-2023-resolve-nomear-para-o-cargo-em-comissao-de-assessor-especial-nivel-ii-dai-do-gabinete-do-prefeito-a-sra-ladyane-tavares-da-silva\/\">PORTARIA N\u00ba 568, DE 03 DE OUTUBRO DE 2023 &#8211; RESOLVE NOMEAR, para o Cargo em Comiss\u00e3o de Assessor Especial N\u00edvel II &#8211; DAI, do Gabinete do Prefeito, a Sra. LADYANE TAVARES DA SILVA<\/a><\/li>\n\t\t<li class=\"wsp-post\"><a href=\"https:\/\/saobernardo.ma.gov.br\/transparencia\/portarias\/portaria-no-001-2023-de-26-de-setembro-de-2023-institui-a-comissao-organizadora-municipal-da-1o-conferencia-municipal-da-juventude-mulheres-e-minorias\/\">PORTARIA N\u00ba 001\/2023, DE 26 DE SETEMBRO DE 2023 &#8211; Institui a Comiss\u00e3o Organizadora Municipal da 1\u00ba Confer\u00eancia Municipal da Juventude, Mulheres e Minorias.<\/a><\/li>\n\t\t<li class=\"wsp-post\"><a href=\"https:\/\/saobernardo.ma.gov.br\/transparencia\/portarias\/portaria-no-567-de-26-de-setembro-de-2023-resolve-nomear-para-o-cargo-em-comissao-de-coordenador-pedagogico-das-da-creche-branca-de-neve-a-sra-cristina-ferreira-machado\/\">PORTARIA N\u00ba 567, DE 26 DE SETEMBRO DE 2023 &#8211; RESOLVE NOMEAR, para o Cargo em Comiss\u00e3o de Coordenador  Pedag\u00f3gico &#8211; DAS, da Creche Branca de Neve, a Sra. CRISTINA FERREIRA  MACHADO.<\/a><\/li>\n\t\t<li class=\"wsp-post\"><a href=\"https:\/\/saobernardo.ma.gov.br\/transparencia\/portarias\/portaria-no-566-de-26-de-setembro-de-2023-resolve-exonerar-do-cargo-em-comissao-de-coordenador-pedagogico-da-creche-branca-de-neve-a-sra-ana-claudia-da-conceicao\/\">PORTARIA N\u00ba 566, DE 26 DE SETEMBRO DE 2023 &#8211; RESOLVE EXONERAR, do Cargo em Comiss\u00e3o de Coordenador  Pedag\u00f3gico, da Creche Branca de Neve, a Sra. ANA CLAUDIA DA CONCEI\u00c7\u00c3O.<\/a><\/li>\n\t\t<li class=\"wsp-post\"><a href=\"https:\/\/saobernardo.ma.gov.br\/transparencia\/portarias\/portaria-no-565-de-15-de-setembro-de-2023-resolve-nomear-para-o-cargo-em-comissao-de-assessor-especial-nivel-iii-dai-1-do-gabinete-do-prefeito-a-sra-yolanda-maria-campos-pereira-e-sil\/\">PORTARIA N\u00ba 565, DE 15 DE SETEMBRO DE 2023 &#8211; RESOLVE NOMEAR, para o Cargo em Comiss\u00e3o de Assessor Especial N\u00edvel III \u2013 DAI-1, do Gabinete do Prefeito, a Sra. YOLANDA MARIA CAMPOS PEREIRA E SILVA.<\/a><\/li>\n\t\t<li class=\"wsp-post\"><a href=\"https:\/\/saobernardo.ma.gov.br\/transparencia\/portarias\/portaria-no-564-de-11-de-setembro-de-2023-resolve-exonerar-a-pedido-por-aposentadoria-voluntaria-do-cargo-de-provimento-efetivo-de-professora-de-matematica-do-6o-ao-9o-ano-da-secretaria-munici\/\">PORTARIA N\u00ba 564, DE 11 DE SETEMBRO DE 2023 &#8211; RESOLVE EXONERAR a pedido por Aposentadoria Volunt\u00e1ria, do Cargo  de Provimento Efetivo, de Professora de Matem\u00e1tica do 6\u00ba ao 9\u00ba ano, da Secretaria  Municipal de Educa\u00e7\u00e3o, Ci\u00eancia, Tecnologia e Inova\u00e7\u00e3o, a Sra. LUCILENE MATA.<\/a><\/li>\n\t\t<li class=\"wsp-post\"><a href=\"https:\/\/saobernardo.ma.gov.br\/transparencia\/portarias\/portaria-no-563-de-04-de-setembro-de-2023-resolve-nomear-para-o-cargo-em-comissao-de-assessor-especial-nivel-ii-dai-do-gabinete-do-prefeito-o-sr-gediel-pereira-alencar\/\">PORTARIA N\u00ba 563, DE 04 DE SETEMBRO DE 2023 &#8211; RESOLVE NOMEAR, para o Cargo em Comiss\u00e3o de Assessor Especial n\u00edvel II &#8211; DAI, do Gabinete do Prefeito, o Sr. GEDIEL PEREIRA ALENCAR<\/a><\/li>\n\t\t<li class=\"wsp-post\"><a href=\"https:\/\/saobernardo.ma.gov.br\/transparencia\/portarias\/portaria-no-562-de-31-de-agosto-de-2023-resolve-nomear-para-o-cargo-em-comissao-de-secretario-escolar-dai-1-da-escola-municipal-santa-teresinha-a-sra-maria-da-conceicao-silva\/\">PORTARIA N\u00ba 562, DE 31 DE AGOSTO DE 2023 &#8211; RESOLVE NOMEAR, para o Cargo em Comiss\u00e3o de Secret\u00e1rio Escolar \u2013 DAI-1, da Escola Municipal Santa Teresinha, a Sra. MARIA DA CONCEI\u00c7\u00c3O SILVA<\/a><\/li>\n\t\t<li class=\"wsp-post\"><a href=\"https:\/\/saobernardo.ma.gov.br\/transparencia\/portarias\/portaria-no-561-de-31-de-agosto-de-2023-resolve-exonerar-do-cargo-em-comissao-de-secretario-escolar-da-escola-municipal-claudimira-de-andrade-costa-a-sra-maria-da-conceicao-silva\/\">PORTARIA N\u00ba 561, DE 31 DE AGOSTO DE 2023 &#8211; RESOLVE EXONERAR, do Cargo em Comiss\u00e3o de Secret\u00e1rio Escolar, da  Escola Municipal Claudimira de Andrade Costa, a Sra. MARIA DA CONCEI\u00c7\u00c3O SILVA<\/a><\/li>\n\t\t<li class=\"wsp-post\"><a href=\"https:\/\/saobernardo.ma.gov.br\/transparencia\/portarias\/portaria-no-560-de-31-de-agosto-de-2023-resolve-exonerar-do-cargo-em-comissao-de-secretario-escolar-da-escola-municipal-santa-teresinha-a-sra-iara-da-silva-veras\/\">PORTARIA N\u00ba 560, DE 31 DE AGOSTO DE 2023 &#8211; RESOLVE EXONERAR, do Cargo em Comiss\u00e3o de Secret\u00e1rio Escolar, da  Escola Municipal Santa Teresinha, a Sra. IARA DA SILVA VERAS<\/a><\/li>\n\t\t<li class=\"wsp-post\"><a href=\"https:\/\/saobernardo.ma.gov.br\/transparencia\/portarias\/portaria-no-559-de-29-de-agosto-de-2023-resolve-nomear-para-o-cargo-em-comissao-de-coordenador-do-programa-saude-da-mulher-das-da-secretaria-municipal-de-saude-a-sra-soraida-maria-alves-rodr\/\">PORTARIA N\u00ba 559, DE 29 DE AGOSTO DE 2023 &#8211; RESOLVE NOMEAR, para o Cargo em Comiss\u00e3o de Coordenador do  Programa Sa\u00fade da Mulher &#8211; DAS, da Secretaria Municipal de Sa\u00fade, a Sra. SORAIDA MARIA ALVES RODRIGUES<\/a><\/li>\n\t\t<li class=\"wsp-post\"><a href=\"https:\/\/saobernardo.ma.gov.br\/transparencia\/portarias\/portaria-no-558-de-29-de-agosto-de-2023-resolve-exonerar-do-cargo-em-comissao-de-coordenador-do-programa-de-saude-da-mulher-da-secretaria-municipal-de-saude-a-sra-nara-karolinne-silva-carvalh\/\">PORTARIA N\u00ba 558, DE 29 DE AGOSTO DE 2023 &#8211; RESOLVE EXONERAR, do Cargo em Comiss\u00e3o de Coordenador do  Programa de Sa\u00fade da Mulher, da Secretaria Municipal de Sa\u00fade, a Sra. NARA  KAROLINNE SILVA CARVALHO,<\/a><\/li>\n\t\t<li class=\"wsp-post\"><a href=\"https:\/\/saobernardo.ma.gov.br\/transparencia\/portarias\/portaria-no-557-de-29-de-agosto-de-2023-resolve-exonerar-do-cargo-em-comissao-de-assessor-pedagogico-nivel-iii-da-secretaria-municipal-de-ciencia-tecnologia-e-inovacao-a-sra-anna-beatriz-de\/\">PORTARIA N\u00ba 557, DE 29 DE AGOSTO DE 2023 &#8211; RESOLVE EXONERAR, do Cargo em Comiss\u00e3o de Assessor Pedag\u00f3gico  N\u00edvel III, da Secretaria Municipal de Ci\u00eancia, Tecnologia e Inova\u00e7\u00e3o, a Sra. ANNA  BEATRIZ DE ARA\u00daJO BACELAR LE\u00c3O<\/a><\/li>\n\t\t<li class=\"wsp-post\"><a href=\"https:\/\/saobernardo.ma.gov.br\/transparencia\/portarias\/portaria-no-556-de-29-de-agosto-de-2023-resolve-nomear-para-o-cargo-em-comissao-de-assessor-pedagogico-nivel-iii-dai-da-secretaria-municipal-de-educacao-ciencia-tecnologia-e-inovacao-o-sr\/\">PORTARIA N\u00ba 556, DE 29 DE AGOSTO DE 2023 &#8211; RESOLVE NOMEAR, para o Cargo em Comiss\u00e3o de Assessor Pedag\u00f3gico  N\u00edvel III &#8211; DAI, da Secretaria Municipal de Educa\u00e7\u00e3o, Ci\u00eancia, Tecnologia e Inova\u00e7\u00e3o,  o Sr. BERNARDO JOSE DE ALMEIDA COSTA JUNIOR<\/a><\/li>\n\t\t<li class=\"wsp-post\"><a href=\"https:\/\/saobernardo.ma.gov.br\/transparencia\/portarias\/portaria-no-555-de-29-de-agosto-de-2023-resolve-nomear-para-o-cargo-em-comissao-de-assessor-pedagogico-nivel-iii-dai-da-secretaria-municipal-de-ciencia-tecnologia-e-inovacao-o-sr-jefferson-l\/\">PORTARIA N\u00ba 555, DE 29 DE AGOSTO DE 2023 &#8211; RESOLVE NOMEAR, para o Cargo em Comiss\u00e3o de Assessor Pedag\u00f3gico N\u00edvel III &#8211; DAI, da Secretaria Municipal de Ci\u00eancia, Tecnologia e Inova\u00e7\u00e3o, o Sr. JEFFERSON LIMA MORENO<\/a><\/li>\n\t\t<li class=\"wsp-post\"><a href=\"https:\/\/saobernardo.ma.gov.br\/transparencia\/portarias\/portaria-no-554-de-29-de-agosto-de-2023-resolve-exonerar-do-cargo-em-comissao-de-inspetor-escolar-da-associacao-de-pais-e-amigos-dos-excepcionais-apae-o-sr-jefferson-lima-moreno\/\">PORTARIA N\u00ba 554, DE 29 DE AGOSTO DE 2023 &#8211; RESOLVE EXONERAR, do Cargo em Comiss\u00e3o de Inspetor Escolar, da  Associa\u00e7\u00e3o de Pais e Amigos dos Excepcionais &#8211; APAE, o Sr. JEFFERSON LIMA  MORENO<\/a><\/li>\n\t\t<li class=\"wsp-post\"><a href=\"https:\/\/saobernardo.ma.gov.br\/transparencia\/portarias\/portaria-no-553-de-21-de-agosto-de-2023-resolve-nomear-para-o-cargo-em-comissao-de-assessor-especial-nivel-i-das-do-gabinete-do-prefeito-o-sr-fabio-lima-freitas\/\">PORTARIA N\u00ba 553, DE 21 DE AGOSTO DE 2023 &#8211; RESOLVE NOMEAR, para o Cargo em Comiss\u00e3o de Assessor Especial N\u00edvel I &#8211; DAS, do Gabinete do Prefeito, o Sr. F\u00c1BIO LIMA FREITAS<\/a><\/li>\n\t\t<li class=\"wsp-post\"><a href=\"https:\/\/saobernardo.ma.gov.br\/transparencia\/portarias\/portaria-no-552-de-16-de-agosto-de-2023-resolve-nomear-para-o-cargo-em-comissao-de-assessor-juridico-pedagogico-dans-da-secretaria-municipal-de-educacao-ciencia-tecnologia-e-inovacao-o-sr\/\">PORTARIA N\u00ba 552, DE 16 DE AGOSTO DE 2023 &#8211; RESOLVE NOMEAR, para o Cargo em Comiss\u00e3o de Assessor Jur\u00eddico  Pedag\u00f3gico &#8211; DANS, da Secretaria Municipal de Educa\u00e7\u00e3o, Ci\u00eancia, Tecnologia e  Inova\u00e7\u00e3o, o Sr. RAFAEL DE DEUS SANTOS MACHADO<\/a><\/li>\n\t\t<li class=\"wsp-post\"><a href=\"https:\/\/saobernardo.ma.gov.br\/transparencia\/portarias\/portaria-no-551-de-14-de-agosto-de-2023-resolve-exonerar-por-aposentadoria-do-cargo-de-provimento-efetivo-de-professor-nivel-iii-da-secretaria-municipal-de-educacao-ciencia-tecnologia-e-inovaca\/\">PORTARIA N\u00ba 551, DE 14 DE AGOSTO DE 2023 &#8211; RESOLVE EXONERAR por aposentadoria, do Cargo de Provimento Efetivo de Professor N\u00edvel III, da Secretaria Municipal de Educa\u00e7\u00e3o, Ci\u00eancia, Tecnologia e Inova\u00e7\u00e3o, a Sra. SILVANA VIEIRA SOUSA<\/a><\/li>\n\t\t<li class=\"wsp-post\"><a href=\"https:\/\/saobernardo.ma.gov.br\/transparencia\/portarias\/portaria-no-550-de-14-de-agosto-de-2023-resolve-designar-para-o-cargo-em-comissao-de-assessor-especial-nivel-iii-dai-da-secretaria-municipal-de-juventude-mulheres-e-minorias-o-sr-sam\/\">PORTARIA N\u00ba 550, DE 14 DE AGOSTO DE 2023 &#8211; RESOLVE DESIGNAR, para o Cargo em Comiss\u00e3o de Assessor Especial N\u00edvel III \u2013 DAI, da Secretaria Municipal de Juventude, Mulheres e Minorias, o Sr. SAMUEL SOUSA<\/a><\/li>\n\t\t<li class=\"wsp-post\"><a href=\"https:\/\/saobernardo.ma.gov.br\/transparencia\/portarias\/portaria-no-549-de-11-de-agosto-de-2023-dispoe-sobre-a-concessao-de-servidor-publico-de-cargo-efetivo-de-agente-administrativo-da-secretaria-municipal-de-educacao-ciencia-tecnologia-e\/\">PORTARIA N\u00ba 549, DE 11 DE AGOSTO DE 2023 &#8211; \u201cDisp\u00f5e sobre a concess\u00e3o de Servidor P\u00fablico de  Cargo Efetivo de Agente Administrativo da  Secretaria Municipal de Educa\u00e7\u00e3o, Ci\u00eancia,  Tecnologia e Inova\u00e7\u00e3o \u2013 Semecti, da Estrutura  Organizacional da Prefeitura Municipal; e d\u00e1  outras provid\u00eancias\u201d<\/a><\/li>\n\t\t<li class=\"wsp-post\"><a href=\"https:\/\/saobernardo.ma.gov.br\/transparencia\/portarias\/portaria-no-548-de-11-de-agosto-de-2023-dispoe-sobre-a-concessao-de-servidora-publica-de-cargo-efetivo-de-agente-administrativo-da-secretaria-municipal-de-educacao-ciencia-tecnologia\/\">PORTARIA N\u00ba 548, DE 11 DE AGOSTO DE 2023 &#8211; \u201cDisp\u00f5e sobre a concess\u00e3o de Servidora P\u00fablica  de Cargo Efetivo de Agente Administrativo da  Secretaria Municipal de Educa\u00e7\u00e3o, Ci\u00eancia,  Tecnologia e Inova\u00e7\u00e3o \u2013 SEMECTI, da Estrutura  Organizacional da Prefeitura Municipal; e d\u00e1  outras provid\u00eancias\u201d<\/a><\/li>\n\t\t<li class=\"wsp-post\"><a href=\"https:\/\/saobernardo.ma.gov.br\/transparencia\/portarias\/portaria-no-547-de-27-de-julho-de-2023-resolve-nomear-para-o-cargo-em-comissao-de-assessor-especial-nivel-ii-dai-do-gabinete-do-prefeito-o-sr-daniel-alex-araujo-carvalho\/\">PORTARIA N\u00ba 547, DE 27 DE JULHO DE 2023 &#8211; RESOLVE NOMEAR, para o Cargo em Comiss\u00e3o de Assessor Especial N\u00edvel II &#8211; DAI, do Gabinete do Prefeito, o Sr. DANIEL ALEX ARA\u00daJO CARVALHO<\/a><\/li>\n\t\t<li class=\"wsp-post\"><a href=\"https:\/\/saobernardo.ma.gov.br\/transparencia\/portarias\/portaria-no-546-de-27-de-julho-de-2023-resolve-nomear-para-o-cargo-em-comissao-de-secretario-escolar-dai-1-da-escola-municipal-custodio-de-almeida-lima-a-sra-laurinete-alves-silva\/\">PORTARIA N\u00ba 546, DE 27 DE JULHO DE 2023 &#8211; RESOLVE NOMEAR, para o Cargo em Comiss\u00e3o de Secret\u00e1rio Escolar \u2013DAI  &#8211; 1, da Escola Municipal, Cust\u00f3dio de Almeida Lima, a Sra. LAURINETE ALVES SILVA CARVALHO<\/a><\/li>\n\t\t<li class=\"wsp-post\"><a href=\"https:\/\/saobernardo.ma.gov.br\/transparencia\/portarias\/portaria-no-545-de-27-de-julho-de-2023-resolve-nomear-para-o-cargo-em-comissao-de-coordenador-pedagogico-das-da-escola-municipal-pontes-de-aguiar-a-sra-karlene-jose-de-sousa-reis\/\">PORTARIA N\u00ba 545, DE 27 DE JULHO DE 2023 &#8211; RESOLVE NOMEAR, para o Cargo em Comiss\u00e3o de Coordenador  Pedag\u00f3gico \u2013 DAS, da Escola Municipal, Pontes de Aguiar, a Sra. KARLENE JOS\u00c9 DE SOUSA REIS<\/a><\/li>\n\t\t<li class=\"wsp-post\"><a href=\"https:\/\/saobernardo.ma.gov.br\/transparencia\/portarias\/portaria-no-544-de-27-de-julho-de-2023-resolve-exonerar-do-cargo-em-comissao-de-secretario-escolar-da-escola-municipal-pontes-de-aguiar-a-sra-karlene-jose-de-sousa-reis\/\">PORTARIA N\u00ba 544, DE 27 DE JULHO DE 2023 &#8211; RESOLVE EXONERAR, do Cargo em Comiss\u00e3o de Secret\u00e1rio Escolar, da Escola Municipal, Pontes de Aguiar, a Sra. KARLENE JOS\u00c9 DE SOUSA REIS<\/a><\/li>\n\t\t<li class=\"wsp-post\"><a href=\"https:\/\/saobernardo.ma.gov.br\/transparencia\/portarias\/portaria-no-543-de-21-de-julho-de-2023-resolve-exonerar-a-pedido-do-cargo-em-comissao-de-assessor-especial-nivel-iii-da-secretaria-municipal-de-meio-ambiente-o-sr-matheus-lima-dos-reis-sousa\/\">PORTARIA N\u00ba 543, DE 21 DE JULHO DE 2023 &#8211; RESOLVE EXONERAR a pedido, do Cargo em Comiss\u00e3o de Assessor Especial N\u00edvel III, da Secretaria Municipal de Meio Ambiente, o Sr. MATHEUS LIMA DOS REIS SOUSA<\/a><\/li>\n\t\t<li class=\"wsp-post\"><a href=\"https:\/\/saobernardo.ma.gov.br\/transparencia\/portarias\/portaria-no-542-de-12-de-julho-de-2023-dispoe-sobre-a-nomeacao-da-mesa-diretora-do-conselho-municipal-de-saude-de-sao-bernardo-para-o-bienio-2022-2024-e-da-outras-providencias\/\">PORTARIA N\u00ba 542, DE 12 DE JULHO DE 2023 &#8211; Disp\u00f5e sobre a nomea\u00e7\u00e3o da Mesa Diretora do Conselho Municipal de Sa\u00fade de S\u00e3o Bernardo para o Bi\u00eanio 2022-2024 e d\u00e1 outras providencias.<\/a><\/li>\n\t\t<li class=\"wsp-post\"><a href=\"https:\/\/saobernardo.ma.gov.br\/transparencia\/portarias\/portaria-conjunta-pmsb-ma-no-01-05-de-julho-de-2023-dispoe-sobre-a-proibicao-de-entrada-de-garrafas-e-recipientes-de-vidros-no-circuito-do-iv-arraia-de-um-novo-tempo-e-da-outras-providenc\/\">PORTARIA CONJUNTA\/PMSB\/MA N\u00ba 01, 05 DE JULHO DE 2023 &#8211; &#8221; Disp\u00f5e sobre a proibi\u00e7\u00e3o de entrada de garrafas e recipientes de vidros  no circuito do &#8220;IV Arrai\u00e1  de Um Novo Tempo&#8221;; e d\u00e1 outras providencias&#8221;<\/a><\/li>\n\t\t<li class=\"wsp-post\"><a href=\"https:\/\/saobernardo.ma.gov.br\/transparencia\/portarias\/portaria-no-541-de-30-de-junho-de-2023-resolve-nomear-para-o-cargo-em-comissao-de-assessor-especial-nivel-i-das-do-gabinete-do-prefeito-o-sr-carlos-alberto-sales-lopes\/\">PORTARIA N\u00ba 541, DE 30 DE JUNHO DE 2023 &#8211; RESOLVE NOMEAR, para o Cargo em Comiss\u00e3o de Assessor Especial N\u00edvel I &#8211; DAS, do Gabinete do Prefeito, o Sr. CARLOS ALBERTO SALES LOPES<\/a><\/li>\n\t\t<li class=\"wsp-post\"><a href=\"https:\/\/saobernardo.ma.gov.br\/transparencia\/portarias\/portaria-no-540-de-29-de-junho-de-2023-resolve-nomear-para-o-cargo-em-comissao-de-assessor-pedagogico-nivel-iii-dai-da-secretaria-municipal-de-educacao-ciencia-tecnologia-e-inovacao-a-sra-an\/\">PORTARIA N\u00ba 540, DE 29 DE JUNHO DE 2023 -RESOLVE NOMEAR, para o Cargo em Comiss\u00e3o de Assessor Pedag\u00f3gico N\u00edvel III &#8211; DAI, da Secretaria Municipal de Educa\u00e7\u00e3o, Ci\u00eancia, Tecnologia e Inova\u00e7\u00e3o, a Sra. ANA CLAUDIA CALDAS CANDEIRA<\/a><\/li>\n\t\t<li class=\"wsp-post\"><a href=\"https:\/\/saobernardo.ma.gov.br\/transparencia\/portarias\/portaria-no-539-de-28-de-junho-de-2023-resolve-exonerar-a-pedido-do-cargo-efetivo-de-atendente-ambulatorial-com-lotacao-na-cidade-de-sao-bernardo-ma-sede-a-sra-solange-souza-silva\/\">PORTARIA N\u00ba 539, DE 28 DE JUNHO DE 2023 &#8211; RESOLVE EXONERAR a pedido, do Cargo Efetivo de Atendente Ambulatorial, com lota\u00e7\u00e3o na Cidade de S\u00e3o Bernardo \u2013 MA &#8211; SEDE, a Sra, SOLANGE SOUZA SILVA<\/a><\/li>\n\t\t<li class=\"wsp-post\"><a href=\"https:\/\/saobernardo.ma.gov.br\/transparencia\/portarias\/portaria-no-538-de-28-de-junho-de-2023-resolve-nomear-para-o-cargo-em-comissao-de-diretor-escolar-da-escola-municipal-guioberto-alves-o-sr-antonio-de-padua-lima-da-silva\/\">PORTARIA N\u00ba 538, DE 28 DE JUNHO DE 2023 &#8211; RESOLVE NOMEAR, para o Cargo em Comiss\u00e3o de Diretor Escolar, da Escola Municipal Guioberto Alves, o Sr. ANTONIO DE PADUA LIMA DA SILVA<\/a><\/li>\n\t\t<li class=\"wsp-post\"><a href=\"https:\/\/saobernardo.ma.gov.br\/transparencia\/portarias\/portaria-no-537-de-28-de-junho-de-2023-resolve-exonerar-do-cargo-em-comissao-de-secretario-escolar-da-escola-municipal-guioberto-alves-o-sr-antonio-de-padua-lima-da-silva\/\">PORTARIA N\u00ba 537, DE 28 DE JUNHO DE 2023 &#8211; RESOLVE EXONERAR, do Cargo em Comiss\u00e3o de Secret\u00e1rio Escolar, da Escola Municipal Guioberto Alves, o Sr. ANTONIO DE PADUA LIMA DA SILVA<\/a><\/li>\n\t\t<li class=\"wsp-post\"><a href=\"https:\/\/saobernardo.ma.gov.br\/transparencia\/portarias\/portaria-no-536-de-28-de-junho-de-2023-resolve-nomear-para-o-cargo-em-comissao-de-coordenador-do-programa-ists-aids-das-da-secretaria-municipal-de-saude-a-sra-sueliane-da-luz-cunha\/\">PORTARIA N\u00ba 536, DE 28 DE JUNHO DE 2023 &#8211; RESOLVE NOMEAR, para o Cargo em Comiss\u00e3o de Coordenador do Programa ISTs-AIDS &#8211; DAS, da Secretaria Municipal de Sa\u00fade, a Sra. SUELIANE DA LUZ CUNHA<\/a><\/li>\n\t\t<li class=\"wsp-post\"><a href=\"https:\/\/saobernardo.ma.gov.br\/transparencia\/portarias\/portaria-no-535-de-20-de-junho-de-2023-dispoe-sobre-a-nomeacao-dos-membros-para-comporem-a-comissao-de-regularizacao-fundiaria-rural-do-municipio-de-sao-bernardo-ma-e-da-outras-providenci\/\">PORTARIA N\u00ba 535, DE 20 DE JUNHO DE 2023 &#8211; \u201cDisp\u00f5e sobre a nomea\u00e7\u00e3o dos membros para comporem a comiss\u00e3o de Regulariza\u00e7\u00e3o Fundi\u00e1ria Rural do munic\u00edpio de S\u00e3o Bernardo\/MA, e d\u00e1 outras provid\u00eancias.\u201d<\/a><\/li>\n\t\t<li class=\"wsp-post\"><a href=\"https:\/\/saobernardo.ma.gov.br\/transparencia\/portarias\/portaria-no-534-de-12-de-junho-de-2023-resolve-nomear-para-o-cargo-em-comissao-de-secretario-municipal-dga-da-secretaria-municipal-de-juventude-mulheres-e-minorias-a-sra-deborah-de-lourdes-p\/\">PORTARIA N\u00ba 534, DE 12 DE JUNHO DE 2023 &#8211; RESOLVE NOMEAR, para o Cargo em Comiss\u00e3o de Secret\u00e1rio Municipal &#8211; DGA, da Secretaria Municipal de Juventude, Mulheres e Minorias, a Sra. D\u00c9BORAH DE LOURDES PORTELA BRAGA<\/a><\/li>\n\t\t<li class=\"wsp-post\"><a href=\"https:\/\/saobernardo.ma.gov.br\/transparencia\/portarias\/portaria-no-533-de-12-de-junho-de-2023-resolve-nomear-para-o-cargo-em-comissao-de-secretario-municipal-dga-da-secretaria-municipal-de-obras-patrimonio-e-logistica-o-sr-jose-jailton-silva-spin\/\">PORTARIA N\u00ba 533, DE 12 DE JUNHO DE 2023 &#8211; RESOLVE NOMEAR, para o Cargo em Comiss\u00e3o de Secret\u00e1rio Municipal -DGA, da Secretaria Municipal de Obras, Patrim\u00f4nio e Log\u00edstica, o Sr. JOS\u00c9 JAILTON SILVA SPINDOLA<\/a><\/li>\n\t\t<li class=\"wsp-post\"><a href=\"https:\/\/saobernardo.ma.gov.br\/transparencia\/portarias\/portaria-no-532-de-12-de-junho-de-2023-resolve-nomear-para-o-cargo-em-comissao-de-secretario-municipal-dga-da-secretaria-municipal-de-gestao-o-sr-james-lopes-pereira\/\">PORTARIA N\u00ba 532, DE 12 DE JUNHO DE 2023 &#8211; RESOLVE NOMEAR, para o Cargo em Comiss\u00e3o de Secret\u00e1rio Municipal &#8211; DGA, da Secretaria Municipal de Gest\u00e3o, o Sr. JAMES LOPES PEREIRA<\/a><\/li>\n\t\t<li class=\"wsp-post\"><a href=\"https:\/\/saobernardo.ma.gov.br\/transparencia\/portarias\/portaria-no-531-de-12-de-junho-de-2023-resolve-exonerar-do-cargo-interino-de-secretario-municipal-de-gestao-o-sr-ronaldo-de-oliveira-sousa\/\">PORTARIA N\u00ba 531, DE 12 DE JUNHO DE 2023 &#8211; RESOLVE EXONERAR, do Cargo Interino, de Secret\u00e1rio Municipal de Gest\u00e3o, o Sr. RONALDO DE OLIVEIRA SOUSA<\/a><\/li>\n\t\t<li class=\"wsp-post\"><a href=\"https:\/\/saobernardo.ma.gov.br\/transparencia\/portarias\/portaria-no-530-de-12-de-junho-de-2023-resolve-exonerar-do-cargo-interino-de-secretario-municipal-de-obras-patrimonio-e-logistica-o-sr-joelsi-frank-costa\/\">PORTARIA N\u00ba 530, DE 12 DE JUNHO DE 2023 &#8211; RESOLVE EXONERAR, do Cargo Interino, de Secret\u00e1rio Municipal de Obras, Patrim\u00f4nio e Log\u00edstica o Sr. JOELSI FRANK COSTA<\/a><\/li>\n\t\t<li class=\"wsp-post\"><a href=\"https:\/\/saobernardo.ma.gov.br\/transparencia\/portarias\/portaria-no-529-de-12-de-junho-de-2023-dispoe-sobre-a-exoneracao-do-cargo-interino-de-secretario-municipal-de-juventude-mulheres-e-minorias-e-da-outras-providencias\/\">PORTARIA N\u00ba 529, DE 12 DE JUNHO DE 2023 &#8211; RESOLVE EXONERAR do cargo Interino, de Secret\u00e1rio Municipal de Juventude, Mulheres e Minorias, o Sr. AFRANIO CO\u00caLHO AMORIM<\/a><\/li>\n\t\t<li class=\"wsp-post\"><a href=\"https:\/\/saobernardo.ma.gov.br\/transparencia\/portarias\/portaria-no-04-2023-semecti-institui-o-programa-municipal-de-lavagem-de-maos-e-higiene-para-criancas-e-adolescentes-na-pre-escola-e-series-inicias-do-ensino-fundamental\/\">PORTARIA N\u00ba. 04\/2023-SEMECTI &#8211; Institui o Programa Municipal de Lavagem de M\u00e3os e Higiene para crian\u00e7as e adolescentes na pr\u00e9-escola e s\u00e9ries inicias do ensino fundamental.<\/a><\/li>\n\t\t<li class=\"wsp-post\"><a href=\"https:\/\/saobernardo.ma.gov.br\/transparencia\/portarias\/portaria-no-528-de-26-de-maio-de-2023-resolve-exonerar-a-pedido-do-cargo-efetivo-de-agente-administrativo-da-secretaria-municipal-de-gestao-o-sr-ivan-marques-da-silva\/\">PORTARIA N\u00ba 528, DE 26 DE MAIO DE 2023 &#8211; RESOLVE EXONERAR a pedido, do Cargo Efetivo, de Agente Administrativo, da Secretaria Municipal de Gest\u00e3o, o Sr. IVAN MARQUES DA SILVA<\/a><\/li>\n\t\t<li class=\"wsp-post\"><a href=\"https:\/\/saobernardo.ma.gov.br\/transparencia\/portarias\/portaria-no-527-de-25-de-maio-de-2023-resolve-nomear-para-o-cargo-em-comissao-de-secretario-escolar-dai-1-da-escola-municipal-pontes-de-aguiar-a-sra-karlene-jose-de-sousa-reis\/\">PORTARIA N\u00ba 527, DE 25 DE MAIO DE 2023 &#8211; RESOLVE NOMEAR, para o Cargo em Comiss\u00e3o de Secret\u00e1rio Escolar \u2013 DAI &#8211; 1, da Escola Municipal, Pontes de Aguiar, a Sra. KARLENE JOS\u00c9 DE SOUSA REIS<\/a><\/li>\n\t\t<li class=\"wsp-post\"><a href=\"https:\/\/saobernardo.ma.gov.br\/transparencia\/portarias\/portaria-no-526-de-25-de-maio-de-2023-resolve-nomear-para-o-cargo-em-comissao-de-diretor-escolar-da-escola-municipal-tiradentes-a-sra-claudilene-messias-de-sousa\/\">PORTARIA N\u00ba 526, DE 25 DE MAIO DE 2023 &#8211; RESOLVE NOMEAR, para o Cargo em Comiss\u00e3o de Diretor Escolar, da Escola Municipal, Tiradentes, a Sra. CLAUDILENE MESSIAS DE SOUSA CRUZ<\/a><\/li>\n\t\t<li class=\"wsp-post\"><a href=\"https:\/\/saobernardo.ma.gov.br\/transparencia\/portarias\/portaria-no-525-de-25-de-maio-de-2023-resolve-nomear-para-o-cargo-em-comissao-de-diretor-escolar-da-escola-municipal-custodio-de-almeida-lima-o-sr-filemo-galvao-sousa\/\">PORTARIA N\u00ba 525, DE 25 DE MAIO DE 2023 &#8211; RESOLVE NOMEAR, para o Cargo em Comiss\u00e3o de Diretor Escolar, da Escola Municipal, Cust\u00f3dio de Almeida Lima, o Sr. FILEMO GALV\u00c3O SOUSA<\/a><\/li>\n\t\t<li class=\"wsp-post\"><a href=\"https:\/\/saobernardo.ma.gov.br\/transparencia\/portarias\/portaria-no-524-de-25-de-maio-de-2023-resolve-nomear-para-o-cargo-em-comissao-de-diretor-adjunto-da-escola-municipal-monsenhor-mauricio-laurent-a-sra-regislene-araujo-meireles\/\">PORTARIA N\u00ba 524, DE 25 DE MAIO DE 2023 &#8211; RESOLVE NOMEAR, para o Cargo em Comiss\u00e3o de Diretor Adjunto, da Escola Municipal, Monsenhor Maur\u00edcio Laurent, a Sra. REGISLENE ARAUJO MEIRELES<\/a><\/li>\n\t\t<li class=\"wsp-post\"><a href=\"https:\/\/saobernardo.ma.gov.br\/transparencia\/portarias\/portaria-no-523-de-25-de-maio-de-2023-resolve-nomear-para-o-cargo-em-comissao-de-diretor-escolar-da-escola-municipal-monsenhor-mauricio-laurent-o-sr-fabricio-de-sousa-meireles\/\">PORTARIA N\u00ba 523, DE 25 DE MAIO DE 2023 &#8211; RESOLVE NOMEAR, para o Cargo em Comiss\u00e3o de Diretor Escolar, da Escola Municipal, Monsenhor Maur\u00edcio Laurent, o Sr. FABR\u00cdCIO DE SOUSA MEIRELES<\/a><\/li>\n\t\t<li class=\"wsp-post\"><a href=\"https:\/\/saobernardo.ma.gov.br\/transparencia\/portarias\/portaria-no-522-de-25-de-maio-de-2023-resolve-exonerar-do-cargo-em-comissao-de-secretario-escolar-da-escola-municipal-tiradentes-a-sra-claudilene-messias-de-sousa-cruz\/\">PORTARIA N\u00ba 522, DE 25 DE MAIO DE 2023 &#8211; RESOLVE EXONERAR, do Cargo em Comiss\u00e3o de Secret\u00e1rio Escolar, da Escola Municipal Tiradentes, a Sra. CLAUDILENE MESSIAS DE SOUSA CRUZ<\/a><\/li>\n\t\t<li class=\"wsp-post\"><a href=\"https:\/\/saobernardo.ma.gov.br\/transparencia\/portarias\/portaria-no-521-de-25-de-maio-de-2023-resolve-exonerar-do-cargo-em-comissao-de-secretario-escolar-da-escola-municipal-custodio-de-almeida-lima-o-sr-filemo-galvao-sousa\/\">PORTARIA N\u00ba 521, DE 25 DE MAIO DE 2023 &#8211; RESOLVE EXONERAR, do Cargo em Comiss\u00e3o de Secret\u00e1rio Escolar, da Escola Municipal, Cust\u00f3dio de Almeida Lima, o Sr. FILEMO GALV\u00c3O SOUSA<\/a><\/li>\n\t\t<li class=\"wsp-post\"><a href=\"https:\/\/saobernardo.ma.gov.br\/transparencia\/portarias\/portaria-no-520-de-25-de-maio-de-2023-resolve-exonerar-do-cargo-em-comissao-de-diretor-adjunto-da-escola-municipal-paulo-freire-a-sra-regislene-araujo-meireles\/\">PORTARIA N\u00ba 520, DE 25 DE MAIO DE 2023 &#8211; RESOLVE EXONERAR, do Cargo em Comiss\u00e3o de Diretor Adjunto, da Escola Municipal Paulo Freire, a Sra. REGISLENE ARAUJO MEIRELES<\/a><\/li>\n\t\t<li class=\"wsp-post\"><a href=\"https:\/\/saobernardo.ma.gov.br\/transparencia\/portarias\/portaria-no-519-de-25-de-maio-de-2023-resolve-exonerar-do-cargo-em-comissao-de-diretor-adjunto-da-escola-municipal-unidade-integrada-professora-celia-cristina-pereira-dos-reis-o-sr-fabricio-de\/\">PORTARIA N\u00ba 519, DE 25 DE MAIO DE 2023 &#8211; RESOLVE EXONERAR, do Cargo em Comiss\u00e3o de Diretor Adjunto, da Escola Municipal, Unidade Integrada Professora C\u00e9lia Cristina Pereira dos Reis, o Sr. FABR\u00cdCIO DE SOUSA MEIRELES<\/a><\/li>\n\t\t<li class=\"wsp-post\"><a href=\"https:\/\/saobernardo.ma.gov.br\/transparencia\/portarias\/portaria-no-518-de-24-de-maio-de-2023-resolve-nomear-para-o-cargo-em-comissao-de-diretor-escolar-da-escola-municipal-pontes-aguiar-a-sra-maria-do-socorro-de-sousa-reis\/\">PORTARIA N\u00ba 518, DE 24 DE MAIO DE 2023 &#8211; RESOLVE NOMEAR, para o Cargo em Comiss\u00e3o de Diretor Escolar, da Escola Municipal, Pontes Aguiar, a Sra. MARIA DO SOCORRO DE SOUSA REIS<\/a><\/li>\n\t\t<li class=\"wsp-post\"><a href=\"https:\/\/saobernardo.ma.gov.br\/transparencia\/portarias\/portaria-no-517-de-24-de-maio-de-2023-resolve-nomear-para-o-cargo-em-comissao-de-diretor-escolar-da-escola-municipal-cruzeiro-do-sul-a-sra-maria-da-conceicao-rodrigues\/\">PORTARIA N\u00ba 517, DE 24 DE MAIO DE 2023 &#8211; RESOLVE NOMEAR, para o Cargo em Comiss\u00e3o de Diretor Escolar, da Escola Municipal, Cruzeiro do Sul, a Sra. MARIA DA CONCEI\u00c7\u00c3O RODRIGUES<\/a><\/li>\n\t\t<li class=\"wsp-post\"><a href=\"https:\/\/saobernardo.ma.gov.br\/transparencia\/portarias\/portaria-no-516-de-24-de-maio-de-2023-resolve-nomear-para-o-cargo-em-comissao-de-diretor-adjunto-da-escola-municipal-unidade-integrada-professora-celia-cristina-pereira-dos-reis-o-sr-jose-mari\/\">PORTARIA N\u00ba 516, DE 24 DE MAIO DE 2023 &#8211; RESOLVE NOMEAR, para o Cargo em Comiss\u00e3o de Diretor Adjunto, da Escola Municipal, Unidade Integrada Professora C\u00e9lia Cristina Pereira dos Reis, o Sr. JOS\u00c9 MARIA DA SILVA<\/a><\/li>\n\t\t<li class=\"wsp-post\"><a href=\"https:\/\/saobernardo.ma.gov.br\/transparencia\/portarias\/portaria-no-515-de-24-de-maio-de-2023-resolve-nomear-para-o-cargo-em-comissao-de-diretor-adjunto-da-escola-municipal-paulo-freire-o-sr-charles-costa-silva\/\">PORTARIA N\u00ba 515, DE 24 DE MAIO DE 2023 &#8211; RESOLVE NOMEAR, para o Cargo em Comiss\u00e3o de Diretor Adjunto, da Escola Municipal, Paulo Freire, o Sr. CHARLES COSTA SILVA<\/a><\/li>\n\t\t<li class=\"wsp-post\"><a href=\"https:\/\/saobernardo.ma.gov.br\/transparencia\/portarias\/portaria-no-514-de-24-de-maio-de-2023-resolve-nomear-para-o-cargo-em-comissao-de-assessor-pedagogico-nivel-ii-das-da-secretaria-municipal-de-educacao-ciencia-tecnologia-e-inovacao-o-sr-vald\/\">PORTARIA N\u00ba 514, DE 24 DE MAIO DE 2023 &#8211; RESOLVE NOMEAR, para o Cargo em Comiss\u00e3o de Assessor Pedag\u00f3gico N\u00edvel II &#8211; DAS, da Secretaria Municipal de Educa\u00e7\u00e3o, Ci\u00eancia, Tecnologia e Inova\u00e7\u00e3o, o Sr. VALDEMIR MELO SILVA<\/a><\/li>\n\t\t<li class=\"wsp-post\"><a href=\"https:\/\/saobernardo.ma.gov.br\/transparencia\/portarias\/portaria-no-513-de-24-de-maio-de-2023-resolve-nomear-para-o-cargo-em-comissao-de-coordenador-pedagogico-das-da-escola-municipal-raimundo-poincare-a-sra-sheysa-vieira-pimentel\/\">PORTARIA N\u00ba 513, DE 24 DE MAIO DE 2023 &#8211; RESOLVE NOMEAR, para o Cargo em Comiss\u00e3o de Coordenador Pedag\u00f3gico &#8211; DAS, da Escola Municipal, Raimundo Poincar\u00e9, a Sra. SHEYSA VIEIRA PIMENTEL<\/a><\/li>\n\t\t<li class=\"wsp-post\"><a href=\"https:\/\/saobernardo.ma.gov.br\/transparencia\/portarias\/portaria-no-512-de-24-de-maio-de-2023-resolve-nomear-para-o-cargo-em-comissao-de-diretor-adjunto-da-escola-municipal-monteiro-lobato-a-sra-maria-cleomar-de-jesus-silva-cunha\/\">PORTARIA N\u00ba 512, DE 24 DE MAIO DE 2023 &#8211; RESOLVE NOMEAR, para o Cargo em Comiss\u00e3o de Diretor Adjunto, da Escola Municipal, Monteiro Lobato a Sra. MARIA CLEOMAR DE JESUS SILVA CUNHA<\/a><\/li>\n\t\t<li class=\"wsp-post\"><a href=\"https:\/\/saobernardo.ma.gov.br\/transparencia\/portarias\/portaria-no-511-de-24-de-maio-de-2023-resolve-exonerar-do-cargo-em-comissao-de-secretario-escolar-da-escola-municipal-pontes-de-aguiar-a-sra-maria-do-socorro-de-sousa-reis\/\">PORTARIA N\u00ba 511, DE 24 DE MAIO DE 2023 &#8211; RESOLVE EXONERAR, do Cargo em Comiss\u00e3o de Secret\u00e1rio Escolar, da Escola Municipal, Pontes de Aguiar a Sra. MARIA DO SOCORRO DE SOUSA REIS<\/a><\/li>\n\t\t<li class=\"wsp-post\"><a href=\"https:\/\/saobernardo.ma.gov.br\/transparencia\/portarias\/portaria-no-510-de-24-de-maio-de-2023-resolve-exonerar-do-cargo-em-comissao-de-secretario-escolar-da-escola-municipal-cruzeiro-do-sul-a-sra-maria-da-conceicao-rodrigues-da-costa\/\">PORTARIA N\u00ba 510, DE 24 DE MAIO DE 2023 &#8211; RESOLVE EXONERAR, do Cargo em Comiss\u00e3o de Secret\u00e1rio Escolar, da Escola Municipal, Cruzeiro do Sul, a Sra. MARIA DA CONCEI\u00c7\u00c3O RODRIGUES DA COSTA<\/a><\/li>\n\t\t<li class=\"wsp-post\"><a href=\"https:\/\/saobernardo.ma.gov.br\/transparencia\/portarias\/portaria-no-509-de-24-de-maio-de-2023-resolve-exonerar-do-cargo-em-comissao-de-diretor-adjunto-da-escola-municipal-monteiro-lobato-o-sr-jose-maria-da-silva\/\">PORTARIA N\u00ba 509, DE 24 DE MAIO DE 2023 &#8211; RESOLVE EXONERAR, do Cargo em Comiss\u00e3o de Diretor Adjunto, da Escola Municipal, Monteiro Lobato o Sr. JOS\u00c9 MARIA DA SILVA<\/a><\/li>\n\t\t<li class=\"wsp-post\"><a href=\"https:\/\/saobernardo.ma.gov.br\/transparencia\/portarias\/portaria-no-508-de-24-demaio-de-2023-resolve-exonerar-do-cargo-em-comissao-de-coordenador-pedagogico-da-escola-municipal-coracao-de-jesus-o-sr-charles-costa-silva\/\">PORTARIA N\u00ba 508, DE 24 DEMAIO DE 2023 &#8211; RESOLVE EXONERAR, do Cargo em Comiss\u00e3o de Coordenador Pedag\u00f3gico, da Escola Municipal, Cora\u00e7\u00e3o de Jesus, o Sr. CHARLES COSTA SILVA<\/a><\/li>\n\t\t<li class=\"wsp-post\"><a href=\"https:\/\/saobernardo.ma.gov.br\/transparencia\/portarias\/portaria-no-507-de-24-de-maio-de-2023-resolve-exonerar-do-cargo-em-comissao-de-diretor-escolar-da-escola-municipal-monsenhor-mauricio-laurent-o-sr-valdemir-melo-silva\/\">PORTARIA N\u00ba 507, DE 24 DE MAIO DE 2023 &#8211; RESOLVE EXONERAR, do Cargo em Comiss\u00e3o de Diretor Escolar, da Escola Municipal, Monsenhor Maur\u00edcio Laurent, o Sr. VALDEMIR MELO SILVA<\/a><\/li>\n\t\t<li class=\"wsp-post\"><a href=\"https:\/\/saobernardo.ma.gov.br\/transparencia\/portarias\/portaria-no-506-de-24-de-maio-de-2023-resolve-exonerar-do-cargo-em-comissao-de-coordenador-pedagogico-da-escola-municipal-monsenhor-mauricio-laurent-a-sra-sheysa-vieira-pimente\/\">PORTARIA N\u00ba 506, DE 24 DE MAIO DE 2023 &#8211; RESOLVE EXONERAR, do Cargo em Comiss\u00e3o de Coordenador Pedag\u00f3gico, da Escola Municipal, Monsenhor Maur\u00edcio Laurent, a Sra. SHEYSA VIEIRA PIMENTE<\/a><\/li>\n\t\t<li class=\"wsp-post\"><a href=\"https:\/\/saobernardo.ma.gov.br\/transparencia\/portarias\/portaria-no-505-de-24-de-maio-de-2023-resolve-exonerar-do-cargo-em-comissao-de-diretor-adjunto-da-escola-municipal-monsenhor-mauricio-laurent-a-sra-maria-cleomar-de-jesus-silva-cunha\/\">PORTARIA N\u00ba 505, DE 24 DE MAIO DE 2023 &#8211; RESOLVE EXONERAR, do Cargo em Comiss\u00e3o de Diretor Adjunto, da Escola Municipal, Monsenhor Maur\u00edcio Laurent, a Sra. MARIA CLEOMAR DE JESUS SILVA CUNHA<\/a><\/li>\n\t\t<li class=\"wsp-post\"><a href=\"https:\/\/saobernardo.ma.gov.br\/transparencia\/portarias\/portaria-no-504-de-08-de-maio-de-2023-resolve-nomear-para-responder-interinamente-pelo-cargo-em-comissao-de-secretario-municipal-de-obras-patrimonio-e-logistica-o-sr-joelsi-frank-costa\/\">PORTARIA N\u00ba 504, DE 08 DE MAIO DE 2023 &#8211; RESOLVE NOMEAR para responder interinamente, pelo Cargo em Comiss\u00e3o de Secret\u00e1rio Municipal de Obras, Patrim\u00f4nio e Log\u00edstica, o Sr. JOELSI FRANK COSTA<\/a><\/li>\n\t\t<li class=\"wsp-post\"><a href=\"https:\/\/saobernardo.ma.gov.br\/transparencia\/portarias\/portaria-no-503-de-08-de-maio-de-2023-resolve-exonerar-do-cargo-em-comissao-de-assessor-pedagogico-nivel-i-dans-da-secretaria-municipal-de-educacao-ciencia-tecnologia-e-inovacao-o-sr-rafael\/\">PORTARIA N\u00ba 503, DE 08 DE MAIO DE 2023 &#8211; RESOLVE EXONERAR, do Cargo em Comiss\u00e3o de Assessor Pedag\u00f3gico N\u00edvel I &#8211; DANS, da Secretaria Municipal de Educa\u00e7\u00e3o, Ci\u00eancia, Tecnologia e Inova\u00e7\u00e3o, o Sr. RAFAEL BATISTA CARVALHO MACEDO<\/a><\/li>\n\t\t<li class=\"wsp-post\"><a href=\"https:\/\/saobernardo.ma.gov.br\/transparencia\/portarias\/portaria-no-502-de-08-de-maio-de-2023-resolve-exonerar-a-pedido-do-cargo-em-comissao-de-secretario-municipal-de-obras-patrimonio-e-logistica-o-sr-antonio-bernardo-silva\/\">PORTARIA N\u00ba 502, DE 08 DE MAIO DE 2023 &#8211; RESOLVE EXONERAR a pedido, do Cargo em Comiss\u00e3o de Secret\u00e1rio Municipal de Obras, Patrim\u00f4nio e Log\u00edstica, o Sr. ANTONIO BERNARDO SILVA<\/a><\/li>\n\t\t<li class=\"wsp-post\"><a href=\"https:\/\/saobernardo.ma.gov.br\/transparencia\/portarias\/portaria-no-501-de-08-de-maio-de-2023-resolve-exonerar-a-pedido-do-cargo-em-comissao-de-assessor-especial-nivel-iii-do-gabinete-do-prefeito-a-sra-nagila-dos-santos-lopes\/\">PORTARIA N\u00ba 501, DE 08 DE MAIO DE 2023 &#8211; RESOLVE EXONERAR a pedido, do Cargo em Comiss\u00e3o de Assessor Especial N\u00edvel III, do Gabinete do Prefeito, a Sra. NAGILA DOS SANTOS LOPES<\/a><\/li>\n\t\t<li class=\"wsp-post\"><a href=\"https:\/\/saobernardo.ma.gov.br\/transparencia\/portarias\/portaria-no-500-de-08-de-maio-de-2023-resolve-exonerar-a-pedido-do-cargo-em-comissao-de-assessor-especial-nivel-ii-do-gabinete-do-prefeito-o-sr-francisco-das-chagas-silva-barros\/\">PORTARIA N\u00ba 500, DE 08 DE MAIO DE 2023 &#8211; RESOLVE EXONERAR a pedido, do Cargo em Comiss\u00e3o de Assessor Especial N\u00edvel II, do Gabinete do Prefeito, o Sr. FRANCISCO DAS CHAGAS SILVA BARROS<\/a><\/li>\n\t\t<li class=\"wsp-post\"><a href=\"https:\/\/saobernardo.ma.gov.br\/transparencia\/portarias\/portaria-no-497-de-26-de-abril-de-2023-resolve-nomear-para-o-cargo-em-comissao-de-secretario-escolar-dai-1-da-escola-municipal-pontes-de-aguiar-a-sra-maria-do-socorro-de-sou\/\">PORTARIA N\u00ba 497, DE 26 DE ABRIL DE 2023 &#8211; RESOLVE NOMEAR, para o Cargo em Comiss\u00e3o de Secret\u00e1rio Escolar \u2013 DAI \u2013 1, da Escola Municipal Pontes de Aguiar, a Sra. MARIA DO SOCORRO DE SOUSA REIS<\/a><\/li>\n\t\t<li class=\"wsp-post\"><a href=\"https:\/\/saobernardo.ma.gov.br\/transparencia\/portarias\/portaria-no-496-de-26-de-abril-de-2023-resolve-nomear-para-o-cargo-em-comissao-de-assessor-juridico-pedagogico-dans-da-secretaria-municipal-de-educacao-ciencia-tecnologia-e-inovacao-a-sra\/\">PORTARIA N\u00ba 496, DE 26 DE ABRIL DE 2023 &#8211; RESOLVE NOMEAR, para o Cargo em Comiss\u00e3o de Assessor Jur\u00eddico-  Pedag\u00f3gico &#8211; DANS, da Secretaria Municipal de Educa\u00e7\u00e3o, Ci\u00eancia, Tecnologia e Inova\u00e7\u00e3o, a Sra. CYNTHIA SOARES DE CALDAS EWERTON<\/a><\/li>\n\t\t<li class=\"wsp-post\"><a href=\"https:\/\/saobernardo.ma.gov.br\/transparencia\/portarias\/portaria-no-499-de-26-de-abril-de-2023-resolve-nomear-para-o-cargo-em-comissao-de-inspetor-escolar-dai-da-escola-municipal-juscelino-kubitschek-o-sr-gideal-teixeira-souza\/\">PORTARIA N\u00ba 499, DE 26 DE ABRIL DE 2023 &#8211; RESOLVE NOMEAR, para o Cargo em Comiss\u00e3o de Inspetor Escolar \u2013 DAI, da Escola Municipal Juscelino Kubitschek, o Sr. GIDEAL TEIXEIRA SOUZA<\/a><\/li>\n\t\t<li class=\"wsp-post\"><a href=\"https:\/\/saobernardo.ma.gov.br\/transparencia\/portarias\/portaria-no-495-de-26-de-abril-de-2023-resolve-nomear-para-o-cargo-em-comissao-de-assessor-especial-nivel-ii-dai-do-gabinete-do-prefeito-o-sr-antonio-de-deus-moreira-machado\/\">PORTARIA N\u00ba 495, DE 26 DE ABRIL DE 2023 &#8211; RESOLVE NOMEAR, para o Cargo em Comiss\u00e3o de Assessor Especial N\u00edvel II &#8211; DAI, do Gabinete do Prefeito, o Sr. ANTONIO DE DEUS MOREIRA MACHADO<\/a><\/li>\n\t\t<li class=\"wsp-post\"><a href=\"https:\/\/saobernardo.ma.gov.br\/transparencia\/portarias\/portaria-no-494-de-26-de-abril-de-2023-resolve-exonerar-do-cargo-em-comissao-de-coordenador-pedagogico-do-polo-iv-a-sra-maria-do-socorro-de-sousa-reis\/\">PORTARIA N\u00ba 494, DE 26 DE ABRIL DE 2023 &#8211; RESOLVE EXONERAR, do Cargo em Comiss\u00e3o de Coordenador Pedag\u00f3gico, do Polo IV, a Sra. MARIA DO SOCORRO DE SOUSA REIS<\/a><\/li>\n\t\t<li class=\"wsp-post\"><a href=\"https:\/\/saobernardo.ma.gov.br\/transparencia\/portarias\/portaria-no-498-de-26-de-abril-de-2023-resolve-nomear-para-o-cargo-em-comissao-de-secretario-escolar-dai-1-da-escola-municipal-juscelino-kubitschek-a-sra-maria-de-jesus-da-s\/\">PORTARIA N\u00ba 498, DE 26 DE ABRIL DE 2023 &#8211; RESOLVE NOMEAR, para o Cargo em Comiss\u00e3o de Secret\u00e1rio Escolar \u2013 DAI \u2013 1, da Escola Municipal Juscelino Kubitschek, a Sra. MARIA DE JESUS DA SILVA<\/a><\/li>\n\t\t<li class=\"wsp-post\"><a href=\"https:\/\/saobernardo.ma.gov.br\/transparencia\/portarias\/portaria-no-493-de-25-de-abril-de-2023-resolve-fica-cedida-a-servidora-publica-municipal-do-cargo-efetivo-de-professora-nivel-iii-com-matricula-no-385-1-da-secretaria-municipal-de-educacao-cie\/\">PORTARIA N\u00ba 493, DE 25 DE ABRIL DE 2023 &#8211; RESOLVE Fica Cedida, a Servidora P\u00fablica Municipal, do Cargo Efetivo de Professora N\u00edvel III, com matricula n\u00ba 385-1, da Secretaria Municipal de Educa\u00e7\u00e3o, Ci\u00eancia, Tecnologia e Inova\u00e7\u00e3o, a Sra. REJANE LOPES DE OLIVEIRA<\/a><\/li>\n\t\t<li class=\"wsp-post\"><a href=\"https:\/\/saobernardo.ma.gov.br\/transparencia\/portarias\/portaria-no-492-de-25-de-abril-de-2023-resolve-nomear-para-o-cargo-em-comissao-de-inspetor-escolar-dai-da-escola-municipal-monteiro-lobato-o-sr-leandro-kel-araujo-santos\/\">PORTARIA N\u00ba 492, DE 25 DE ABRIL DE 2023 &#8211; RESOLVE NOMEAR, para o Cargo em Comiss\u00e3o de Inspetor Escolar &#8211; DAI,  da Escola Municipal, Monteiro Lobato, o Sr. LEANDRO KEL ARAUJO SANTOS<\/a><\/li>\n\t\t<li class=\"wsp-post\"><a href=\"https:\/\/saobernardo.ma.gov.br\/transparencia\/portarias\/portaria-no-491-de-25-de-abril-de-2023-resolve-nomear-para-o-cargo-em-comissao-de-coordenador-pedagogico-das-da-escola-municipal-monsenhor-mauricio-laurent-o-sr-wilbert-galeno-da-silva-sousa\/\">PORTARIA N\u00ba 491, DE 25 DE ABRIL DE 2023 &#8211; RESOLVE NOMEAR, para o Cargo em Comiss\u00e3o de Coordenador Pedag\u00f3gico &#8211; DAS, da Escola Municipal Francisco Marques da Silva, o Sr. WILLBERTH GALENO DA SILVA SOUSA<\/a><\/li>\n\t\t<li class=\"wsp-post\"><a href=\"https:\/\/saobernardo.ma.gov.br\/transparencia\/portarias\/portaria-no-490-de-25-de-abril-de-2023-resolve-nomear-para-o-cargo-em-comissao-de-assessor-especial-nivel-i-das-do-gabinete-do-prefeito-o-sr-joao-batista-pereira-da-silva\/\">PORTARIA N\u00ba 490, DE 25 DE ABRIL DE 2023 &#8211; RESOLVE NOMEAR, para o Cargo em Comiss\u00e3o de Assessor Especial N\u00edvel I &#8211; DAS, do Gabinete do Prefeito, o Sr. JO\u00c3O BATISTA PEREIRA DA SILVA<\/a><\/li>\n\t\t<li class=\"wsp-post\"><a href=\"https:\/\/saobernardo.ma.gov.br\/transparencia\/portarias\/portaria-no-489-de-25-de-abril-de-2023-resolve-nomear-para-o-cargo-em-comissao-de-assessor-pedagogico-nivel-ii-das-da-secretaria-municipal-de-educacao-ciencia-tecnologia-e-inovacao\/\">PORTARIA N\u00ba 489, DE 25 DE ABRIL DE 2023 &#8211; RESOLVE: NOMEAR, para o Cargo em Comiss\u00e3o de Assessor Pedag\u00f3gico, N\u00edvel II \u2013 DAS, da Secretaria Municipal de Educa\u00e7\u00e3o, Ci\u00eancia, Tecnologia e Inova\u00e7\u00e3o, o Sr. FRANCISCO DOS REIS SILVA DE SOUSA J\u00daNIOR<\/a><\/li>\n\t\t<li class=\"wsp-post\"><a href=\"https:\/\/saobernardo.ma.gov.br\/transparencia\/portarias\/portaria-no-488-de-19-de-abril-de-2023-resolve-exonerar-a-pedido-do-cargo-efetivo-de-professor-nivel-i-da-secretaria-municipal-de-educacao-ciencia-tecnologia-e-inovacao-a-sra-ana-iran-costa-a\/\">PORTARIA N\u00ba 488, DE 19 DE ABRIL DE 2023 &#8211; RESOLVE EXONERAR a pedido, do Cargo Efetivo de Professor N\u00edvel I, da Secretaria Municipal de Educa\u00e7\u00e3o, Ci\u00eancia, Tecnologia e Inova\u00e7\u00e3o, a Sra. ANA IRAN COSTA AIRES<\/a><\/li>\n\t\t<li class=\"wsp-post\"><a href=\"https:\/\/saobernardo.ma.gov.br\/transparencia\/portarias\/portaria-no-487-de-14-de-abril-de-2023-resolve-exonerar-a-pedido-do-cargo-efetivo-de-auxiliar-deservicosgerais-do-municipio-de-sao-bernardo-ma-o-sr-jose-erisvaldotexeirados-santos\/\">PORTARIA N\u00ba 487, DE 14 DE ABRIL DE 2023 &#8211; RESOLVE EXONERAR a pedido, do Cargo Efetivo de Auxiliar de Servi\u00e7os Gerais, do Munic\u00edpio de S\u00e3o Bernardo &#8211; MA, o Sr. JOSE ERISVALDO TEXEIRA DOS SANTOS<\/a><\/li>\n\t\t<li class=\"wsp-post\"><a href=\"https:\/\/saobernardo.ma.gov.br\/transparencia\/portarias\/portaria-no-486-de-13-de-abril-de-2023-resolve-exonerar-a-pedido-do-cargo-efetivo-de-professor-de-necessidades-educativas-especiais-nee-lotado-no-polo-sede-o-sr-igor-de-sousa-coutinho-campo\/\">PORTARIA N\u00ba 486, DE 13 DE ABRIL DE 2023 &#8211; RESOLVE EXONERAR a pedido, do Cargo Efetivo de Professor de  Necessidades Educativas Especiais &#8211; NEE, Lotado no Polo SEDE, o Sr. IGOR DE  SOUSA COUTINHO CAMPOS<\/a><\/li>\n\t\t<li class=\"wsp-post\"><a href=\"https:\/\/saobernardo.ma.gov.br\/transparencia\/portarias\/portaria-no-485-de-24-de-marco-de-2023-resolve-nomear-para-o-cargo-em-comissao-de-diretor-escolar-da-unidade-integrada-presidente-castelo-branco-a-sra-selene-ferreira-machado\/\">PORTARIA N\u00ba 485, DE 24 DE MAR\u00c7O DE 2023 &#8211; RESOLVE NOMEAR, para o Cargo em Comiss\u00e3o de Diretor Escolar, da  Unidade Integrada Presidente Castelo Branco, a Sra. SELENE FERREIRA  MACHADO<\/a><\/li>\n\t\t<li class=\"wsp-post\"><a href=\"https:\/\/saobernardo.ma.gov.br\/transparencia\/portarias\/portaria-no-484-de-24-de-marco-de-2023-resolve-exonerar-do-cargo-em-comissao-de-coordenador-pedagogico-do-polo-vii-a-sra-selene-ferreira-machado\/\">PORTARIA N\u00ba 484, DE 24 DE MAR\u00c7O DE 2023 &#8211; RESOLVE EXONERAR, do Cargo em Comiss\u00e3o de Coordenador  Pedag\u00f3gico, do Polo VII, a Sra. SELENE FERREIRA MACHADO<\/a><\/li>\n\t\t<li class=\"wsp-post\"><a href=\"https:\/\/saobernardo.ma.gov.br\/transparencia\/portarias\/portaria-no-483-de-24-de-marco-de-2023-resolve-nomear-para-o-cargo-em-comissao-de-coordenador-pedagogico-das-da-secretaria-municipal-de-educacao-ciencia-tecnologia-e-inovacao-a-sra-leidie\/\">PORTARIA N\u00ba 483, DE 24 DE MAR\u00c7O DE 2023 &#8211; RESOLVE NOMEAR, para o Cargo em Comiss\u00e3o de Coordenador  Pedag\u00f3gico &#8211; DAS, da Secretaria Municipal de Educa\u00e7\u00e3o, Ci\u00eancia, Tecnologia e  Inova\u00e7\u00e3o, a Sra. LEIDIELE OLIVEIRA MACHADO<\/a><\/li>\n\t\t<li class=\"wsp-post\"><a href=\"https:\/\/saobernardo.ma.gov.br\/transparencia\/portarias\/portaria-no-482-de-24-de-marco-de-2023-resolve-exonerar-do-cargo-em-comissao-de-secretario-escolar-da-unidade-integrada-rui-barbosa-a-sra-leidiele-oliveira-machado\/\">PORTARIA N\u00ba 482, DE 24 DE MAR\u00c7O DE 2023 &#8211; RESOLVE EXONERAR, do Cargo em Comiss\u00e3o de Secret\u00e1rio Escolar, da  Unidade Integrada Rui Barbosa, a Sra. LEIDIELE OLIVEIRA MACHADO<\/a><\/li>\n\t\t<li class=\"wsp-post\"><a href=\"https:\/\/saobernardo.ma.gov.br\/transparencia\/portarias\/portaria-no-481-de-24-de-marco-de-2023-resolve-nomear-para-o-cargo-em-comissao-de-diretor-adjunto-da-unidade-integrada-presidente-castelo-branco-a-sra-iolete-silva-constancio\/\">PORTARIA N\u00ba 481, DE 24 DE MAR\u00c7O DE 2023 &#8211; RESOLVE NOMEAR, para o Cargo em Comiss\u00e3o de Diretor Adjunto, da  Unidade Integrada Presidente Castelo Branco, a Sra. IOLETE SILVA CONSTANCIO<\/a><\/li>\n\t\t<li class=\"wsp-post\"><a href=\"https:\/\/saobernardo.ma.gov.br\/transparencia\/portarias\/portaria-no-480-de-24-de-marco-de-2023-resolve-exonerar-do-cargo-em-comissao-de-diretor-escolar-da-unidade-integrada-presidente-castelo-branco-a-sra-iolete-silva-constancio\/\">PORTARIA N\u00ba 480, DE 24 DE MAR\u00c7O DE 2023 &#8211; RESOLVE EXONERAR, do Cargo em Comiss\u00e3o de Diretor Escolar, da  Unidade Integrada Presidente Castelo Branco, a Sra. IOLETE SILVA CONSTANCIO<\/a><\/li>\n\t\t<li class=\"wsp-post\"><a href=\"https:\/\/saobernardo.ma.gov.br\/transparencia\/portarias\/portaria-no-479-de-24-de-marco-de-2023-resolve-nomear-para-o-cargo-em-comissao-de-diretor-escolar-da-unidade-integrada-rui-barbosa-a-sra-luciana-maria-silva-machado\/\">PORTARIA N\u00ba 479, DE 24 DE MAR\u00c7O DE 2023 &#8211; RESOLVE NOMEAR, para o Cargo em Comiss\u00e3o de Diretor Escolar, da  Unidade Integrada Rui Barbosa, a Sra. LUCIANA MARIA SILVA MACHADO<\/a><\/li>\n\t\t<li class=\"wsp-post\"><a href=\"https:\/\/saobernardo.ma.gov.br\/transparencia\/portarias\/portaria-no-478-de-24-de-marco-de-2023-resolve-exonerar-do-cargo-em-comissao-de-diretor-adjunto-da-escola-municipal-presidente-castelo-branco-a-sra-luciana-maria-silva-machado\/\">PORTARIA N\u00ba 478, DE 24 DE MAR\u00c7O DE 2023 &#8211; RESOLVE EXONERAR, do Cargo em Comiss\u00e3o de Diretor Adjunto, da  Escola Municipal, Presidente Castelo Branco, a Sra. LUCIANA MARIA SILVA  MACHADO<\/a><\/li>\n\t\t<li class=\"wsp-post\"><a href=\"https:\/\/saobernardo.ma.gov.br\/transparencia\/portarias\/portaria-no-477-de-24-de-marco-de-2023-resolve-nomear-para-o-cargo-em-comissao-de-assessor-pedagogico-nivel-i-dans-da-secretaria-municipal-de-educacao-ciencia-tecnologia-e-inovacao-a-sra-m\/\">PORTARIA N\u00ba 477, DE 24 DE MAR\u00c7O DE 2023 &#8211; RESOLVE NOMEAR, para o Cargo em Comiss\u00e3o de Assessor Pedag\u00f3gico  N\u00edvel I &#8211; DANS, da Secretaria Municipal de Educa\u00e7\u00e3o, Ci\u00eancia, Tecnologia e Inova\u00e7\u00e3o, a Sra. MARIA DA GRA\u00c7A SILVA MACHADO<\/a><\/li>\n\t\t<li class=\"wsp-post\"><a href=\"https:\/\/saobernardo.ma.gov.br\/transparencia\/portarias\/portaria-no-476-de-24-de-marco-de-2023-resolve-exonerar-do-cargo-em-comissao-de-diretor-escolar-da-unidade-integrada-rui-barbosa-a-sra-maria-da-graca-silva-machado\/\">PORTARIA N\u00ba 476, DE 24 DE MAR\u00c7O DE 2023 &#8211; RESOLVE EXONERAR, do Cargo em Comiss\u00e3o de Diretor Escolar, da  Unidade Integrada Rui Barbosa, a Sra. MARIA DA GRA\u00c7A SILVA MACHADO<\/a><\/li>\n\t\t<li class=\"wsp-post\"><a href=\"https:\/\/saobernardo.ma.gov.br\/transparencia\/portarias\/portaria-no-475-de-24-de-marco-de-2023-resolve-nomear-para-o-cargo-em-comissao-assessor-especial-nivel-iii-dai-1-do-gabinete-do-prefeito-a-sra-maria-das-dores-silva-constancio\/\">PORTARIA N\u00ba 475, DE 24 DE MAR\u00c7O DE 2023 &#8211; RESOLVE NOMEAR, para o Cargo em Comiss\u00e3o Assessor Especial N\u00edvel III  \u2013 DAI -1, do Gabinete do Prefeito, a Sra. MARIA DAS DORES SILVA CONSTANCIO<\/a><\/li>\n\t\t<li class=\"wsp-post\"><a href=\"https:\/\/saobernardo.ma.gov.br\/transparencia\/portarias\/portaria-conjunta-no-01-de-22-de-marco-de-2023-dispoe-sobre-a-proibicao-de-entrada-de-garrafas-e-recipientes-de-vidros-no-circuito-da-praca-de-eventos-onde-ocorrera-a-festa-de-aniversario-de-85\/\">PORTARIA CONJUNTA N\u00ba 01, DE 22 DE MAR\u00c7O DE 2023 &#8211; &#8221; Disp\u00f5e sobre a proibi\u00e7\u00e3o de entrada de garrafas e recipientes de vidros no circuito da Pra\u00e7a de Eventos onde ocorrer\u00e1 a Festa de Anivers\u00e1rio de 85 anos de S\u00e3o Bernardo; e da outras provid\u00eancias&#8221;<\/a><\/li>\n\t\t<li class=\"wsp-post\"><a href=\"https:\/\/saobernardo.ma.gov.br\/transparencia\/portarias\/portaria-no-474-de-23-de-marco-de-2023-resolve-nomear-para-o-cargo-em-comissao-de-assessor-juridico-dans-da-procuradoria-geral-do-municipio-o-sr-jose-de-alencar-soares-junior\/\">PORTARIA N\u00ba 474, DE 23 DE MAR\u00c7O DE 2023 &#8211; RESOLVE NOMEAR, para o Cargo em Comiss\u00e3o de Assessor Jur\u00eddico &#8211; DANS, da Procuradoria Geral do Munic\u00edpio, o Sr. JOS\u00c9 DE ALENCAR SOARES  J\u00daNIOR<\/a><\/li>\n\t\t<li class=\"wsp-post\"><a href=\"https:\/\/saobernardo.ma.gov.br\/transparencia\/portarias\/portaria-no-473-de-23-de-marco-de-2023-resolve-exonerar-do-cargo-em-comissao-de-assessor-juridico-pedagogico-da-secretaria-municipal-de-educacao-ciencia-tecnologia-e-inovacao-o-sr-jose-de-a\/\">PORTARIA N\u00ba 473, DE 23 DE MAR\u00c7O DE 2023 &#8211; RESOLVE EXONERAR, do Cargo em Comiss\u00e3o de Assessor Jur\u00eddico  Pedag\u00f3gico da, Secretaria Municipal de Educa\u00e7\u00e3o, Ci\u00eancia, Tecnologia e Inova\u00e7\u00e3o, o  Sr. JOS\u00c9 DE ALENCAR SOARES J\u00daNIOR<\/a><\/li>\n\t\t<li class=\"wsp-post\"><a href=\"https:\/\/saobernardo.ma.gov.br\/transparencia\/portarias\/portaria-no-472-de-23-de-marco-de-2023-resolve-nomear-para-o-cargo-em-comissao-de-assessor-especial-nivel-iii-dai-1-do-gabinete-do-prefeito-a-sra-leudiane-araujo-sousa\/\">PORTARIA N\u00ba 472, DE 23 DE MAR\u00c7O DE 2023 &#8211; RESOLVE NOMEAR, para o Cargo em Comiss\u00e3o de Assessor Especial N\u00edvel  III \u2013 DAI-1, do Gabinete do Prefeito a Sra. LEUDIANE ARAUJO SOUSA,<\/a><\/li>\n\t\t<li class=\"wsp-post\"><a href=\"https:\/\/saobernardo.ma.gov.br\/transparencia\/portarias\/portaria-no-471-de-23-de-marco-de-2023-resolve-exonerar-do-cargo-em-comissao-de-secretario-escolar-da-escola-municipal-francisco-marques-da-silva-a-sra-leudiane-araujo-sousa-machado\/\">PORTARIA N\u00ba 471, DE 23 DE MAR\u00c7O DE 2023 &#8211; RESOLVE EXONERAR, do Cargo em Comiss\u00e3o de Secret\u00e1rio Escolar, da  Escola Municipal, Francisco Marques da Silva, a Sra. LEUDIANE ARAUJO SOUSA MACHADO<\/a><\/li>\n\t\t<li class=\"wsp-post\"><a href=\"https:\/\/saobernardo.ma.gov.br\/transparencia\/portarias\/portaria-no-470-de-23-de-marco-de-2023-resolve-nomear-para-o-cargo-em-comissao-de-assessor-pedagogico-nivel-ii-das-da-secretaria-municipal-de-educacao-ciencia-tecnologia-e-inovacao-a-sra\/\">PORTARIA N\u00ba 470, DE 23 DE MAR\u00c7O DE 2023 &#8211; RESOLVE NOMEAR, para o Cargo em Comiss\u00e3o de Assessor Pedag\u00f3gico  N\u00edvel II &#8211; DAS, da Secretaria Municipal de Educa\u00e7\u00e3o, Ci\u00eancia, Tecnologia e Inova\u00e7\u00e3o,  a Sra. LARISSA AMANDA DOS SANTOS PONTES<\/a><\/li>\n\t\t<li class=\"wsp-post\"><a href=\"https:\/\/saobernardo.ma.gov.br\/transparencia\/portarias\/portaria-no-469-de-23-de-marco-de-2023-resolve-nomear-para-o-cargo-em-comissao-de-assessor-pedagogico-nivel-ii-das-da-secretaria-municipal-de-educacao-ciencia-tecnologia-e-inovacao\/\">PORTARIA N\u00ba 469, DE 23 DE MAR\u00c7O DE 2023 &#8211; RESOLVE NOMEAR, para o Cargo em Comiss\u00e3o de Assessor Pedag\u00f3gico  N\u00edvel II \u2013 DAS, da Secretaria Municipal de Educa\u00e7\u00e3o, Ci\u00eancia, Tecnologia, e Inova\u00e7\u00e3o,  o Sr. GILDEAN FARIAS CARDOSO<\/a><\/li>\n\t\t<li class=\"wsp-post\"><a href=\"https:\/\/saobernardo.ma.gov.br\/transparencia\/portarias\/portaria-no-468-de-23-de-marco-de-2023-resolve-nomear-para-o-cargo-em-comissao-de-assessor-especial-nivel-iii-dai-1-do-gabinete-do-prefeito-o-sr-miguel-couto-de-carvalho\/\">PORTARIA N\u00ba 468, DE 23 DE MAR\u00c7O DE 2023 &#8211; RESOLVE NOMEAR, para o Cargo em Comiss\u00e3o de Assessor Especial N\u00edvel  III \u2013 DAI \u2013 1, do Gabinete do Prefeito, o Sr. MIGUEL COUTO DE CARVALHO<\/a><\/li>\n\t\t<li class=\"wsp-post\"><a href=\"https:\/\/saobernardo.ma.gov.br\/transparencia\/portarias\/portaria-no-467-de-23-de-marco-de-2023-resolve-nomear-para-o-cargo-em-comissao-de-assessor-especial-nivel-iii-dai-1-do-gabinete-do-prefeito-o-sr-jose-antonio-silva-santos\/\">PORTARIA N\u00ba 467, DE 23 DE MAR\u00c7O DE 2023 &#8211; RESOLVE NOMEAR, para o Cargo em Comiss\u00e3o de Assessor Especial N\u00edvel  III \u2013 DAI &#8211; 1, do Gabinete do Prefeito, o Sr. JOSE ANTONIO SILVA SANTOS<\/a><\/li>\n\t\t<li class=\"wsp-post\"><a href=\"https:\/\/saobernardo.ma.gov.br\/transparencia\/portarias\/portaria-no-466-de-23-de-marco-de-2023-resolve-nomear-para-o-cargo-em-comissao-de-assessor-especial-nivel-iii-dai-1-do-gabinete-do-prefeito-o-sr-francisco-das-chagas-rocha-coelho\/\">PORTARIA N\u00ba 466, DE 23 DE MAR\u00c7O DE 2023 &#8211; RESOLVE NOMEAR, para o Cargo em Comiss\u00e3o de Assessor Especial N\u00edvel  III \u2013 DAI -1, do Gabinete do Prefeito, o Sr. FRANCISCO DAS CHAGAS ROCHA  COELHO<\/a><\/li>\n\t\t<li class=\"wsp-post\"><a href=\"https:\/\/saobernardo.ma.gov.br\/transparencia\/portarias\/portaria-no-465-de-23-de-marco-de-2023-resolve-nomear-para-o-cargo-em-comissao-de-assessor-especial-nivel-i-das-do-gabinete-do-prefeito-o-sr-waldenilson-castro-ribeiro\/\">PORTARIA N\u00ba 465, DE 23 DE MAR\u00c7O DE 2023 &#8211; RESOLVE NOMEAR, para o Cargo em Comiss\u00e3o de Assessor Especial N\u00edvel  I &#8211; DAS, do Gabinete do Prefeito, o Sr. WALDENILSON CASTRO RIBEIRO<\/a><\/li>\n\t\t<li class=\"wsp-post\"><a href=\"https:\/\/saobernardo.ma.gov.br\/transparencia\/portarias\/portaria-no-464-de-23-de-marco-de-2023-resolve-nomear-para-o-cargo-em-comissao-de-assessor-especial-nivel-iii-dai-1-do-gabinete-do-prefeito-o-sr-carlos-alberto-de-oliveira-marques\/\">PORTARIA N\u00ba 464, DE 23 DE MAR\u00c7O DE 2023 &#8211; RESOLVE NOMEAR, para o Cargo em Comiss\u00e3o de Assessor Especial N\u00edvel  III \u2013 DAI-1, do Gabinete do Prefeito, o Sr. CARLOS ALBERTO DE OLIVEIRA  MARQUES<\/a><\/li>\n\t\t<li class=\"wsp-post\"><a href=\"https:\/\/saobernardo.ma.gov.br\/transparencia\/portarias\/portaria-no-463-de-22-de-marco-de-2023-resolve-nomear-para-o-cargo-em-comissao-de-assessor-pedagogico-nivel-iii-dai-da-secretaria-municipal-de-educacao-ciencia-tecnologia-e-inovacao-o-sr\/\">PORTARIA N\u00ba 463, DE 22 DE MAR\u00c7O DE 2023 &#8211; RESOLVE NOMEAR, para o Cargo em Comiss\u00e3o de Assessor Pedag\u00f3gico  N\u00edvel I &#8211; DANS, da Secretaria Municipal de Educa\u00e7\u00e3o, Ci\u00eancia, Tecnologia e Inova\u00e7\u00e3o,  o Sr. JACIEL RODRIGUES DE ARAUJO FILHO<\/a><\/li>\n\t\t<li class=\"wsp-post\"><a href=\"https:\/\/saobernardo.ma.gov.br\/transparencia\/portarias\/portaria-semecti-pmsb-ma-no-01-de-21-de-marco-de-2023-dispoe-sobre-a-nomeacao-da-comissao-especial-encarregada-da-realizacao-fiscalizacao-analise-e-avaliacao-do-processo-seletivo-001-202\/\">PORTARIA\/SEMECTI\/PMSB\/MA N\u00ba 01, DE 21 DE MAR\u00c7O DE 2023 &#8211; \u201cDISP\u00d5E SOBRE A NOMEA\u00c7\u00c3O DA COMISS\u00c3O ESPECIAL ENCARREGADA DA REALIZA\u00c7\u00c3O, FISCALIZA\u00c7\u00c3O, AN\u00c1LISE E AVALIA\u00c7\u00c3O DO PROCESSO SELETIVO 001\/2023 DA SECRETARIA MUNICIPAL DE EDUCA\u00c7\u00c3O \u2013 SEMECTI; E D\u00c1 OUTRAS PROVID\u00caNCIAS\u201d<\/a><\/li>\n\t\t<li class=\"wsp-post\"><a href=\"https:\/\/saobernardo.ma.gov.br\/transparencia\/portarias\/portaria-no-462-de-20-de-marco-de-2023-resolve-nomear-para-o-cargo-em-comissao-de-assessor-especial-nivel-ii-dai-do-gabinete-do-prefeito-a-sra-maria-de-jesus-reis-vaz\/\">PORTARIA N\u00ba 462, DE 20 DE MAR\u00c7O DE 2023 &#8211; RESOLVE NOMEAR, para o Cargo em Comiss\u00e3o de Assessor Especial N\u00edvel  II \u2013 DAI, do Gabinete do Prefeito, a Sra. MARIA DE JESUS REIS VAZ<\/a><\/li>\n\t\t<li class=\"wsp-post\"><a href=\"https:\/\/saobernardo.ma.gov.br\/transparencia\/portarias\/portaria-no-461-de-10-de-marco-de-2023-resolve-nomear-para-o-cargo-em-comissao-de-inspetor-escolar-dai-da-escola-municipal-maria-jose-coelho-lima-o-sr-bruno-da-silva-lima\/\">PORTARIA N\u00ba 461, DE 10 DE MAR\u00c7O DE 2023 &#8211; RESOLVE NOMEAR, para o Cargo em Comiss\u00e3o de Inspetor Escolar &#8211; DAI,  da Escola Municipal Maria Jos\u00e9 Coelho Lima, o Sr. BRUNO DA SILVA LIMA<\/a><\/li>\n\t\t<li class=\"wsp-post\"><a href=\"https:\/\/saobernardo.ma.gov.br\/transparencia\/portarias\/portaria-no-460-de-10-de-marco-de-2023-resolve-nomear-para-o-cargo-em-comissao-de-secretario-escolar-dai-01-da-escola-municipal-maria-jose-coelho-lima-o-sra-luzia-lima-souza\/\">PORTARIA N\u00ba 460, DE 10 DE MAR\u00c7O DE 2023 &#8211; RESOLVE NOMEAR para o Cargo em Comiss\u00e3o de Secret\u00e1rio Escolar DAI 01, da Escola Municipal, Maria Jos\u00e9 Coelho Lima, o Sra. LUZIA LIMA SOUZA<\/a><\/li>\n\t\t<li class=\"wsp-post\"><a href=\"https:\/\/saobernardo.ma.gov.br\/transparencia\/portarias\/portaria-no-459-de-10-de-marco-de-2023-resolve-exonerar-do-cargo-efetivo-de-secretario-escolar-da-escola-municipal-jose-coelho-lima-o-sr-samuel-sousa\/\">PORTARIA N\u00ba 459, DE 10 DE MAR\u00c7O DE 2023 &#8211; RESOLVE EXONERAR, do Cargo Efetivo de Secret\u00e1rio Escolar, da Escola  Municipal Jos\u00e9 Coelho Lima, o Sr. SAMUEL SOUSA<\/a><\/li>\n\t\t<li class=\"wsp-post\"><a href=\"https:\/\/saobernardo.ma.gov.br\/transparencia\/portarias\/portaria-no-458-de-10-de-marco-de-2023-resolve-art-1o-nomear-para-o-cargo-em-comissao-de-inspetor-escolar-dai-da-escola-municipal-francisco-marques-da-silva-a-sra-maria-dos-milagres-santo\/\">PORTARIA N\u00ba 458, DE 10 DE MAR\u00c7O DE 2023 &#8211; RESOLVE NOMEAR, para o Cargo em Comiss\u00e3o de Inspetor Escolar &#8211; DAI,  da Escola Municipal Francisco Marques da Silva, a Sra. MARIA DOS MILAGRES SANTOS SILVA<\/a><\/li>\n\t\t<li class=\"wsp-post\"><a href=\"https:\/\/saobernardo.ma.gov.br\/transparencia\/portarias\/portaria-no-457-de-10-de-marco-de-2023-resolve-fica-cedida-a-servidora-publica-municipal-de-cargo-de-carater-contratual-de-auxiliar-de-servicos-gerais-da-secretaria-municipal-de-gestao-a-sra\/\">PORTARIA N\u00ba 457, DE 10 DE MAR\u00c7O DE 2023 &#8211; RESOLVE Fica cedida, a Servidora P\u00fablica Municipal, de Cargo de Car\u00e1ter  Contratual de Auxiliar de Servi\u00e7os Gerais, da Secretaria Municipal de Gest\u00e3o, a Sra. THAYANE COSTA SILVA<\/a><\/li>\n\t\t<li class=\"wsp-post\"><a href=\"https:\/\/saobernardo.ma.gov.br\/transparencia\/portarias\/portaria-no-456-de-09-de-marco-de-2023-resolve-nomear-para-o-cargo-em-comissao-de-inspetor-escolar-dai-da-escola-municipal-conego-nestor-o-sr-ronaldo-sousa-dos-santos-junior\/\">PORTARIA N\u00ba 456, DE 09 DE MAR\u00c7O DE 2023 &#8211; RESOLVE NOMEAR, para o Cargo em Comiss\u00e3o de Inspetor Escolar \u2013 DAI, da Escola Municipal Conego Nestor, o Sr. RONALDO SOUSA DOS SANTOS JUNIOR<\/a><\/li>\n\t\t<li class=\"wsp-post\"><a href=\"https:\/\/saobernardo.ma.gov.br\/transparencia\/portarias\/portaria-no-455-de-09-de-marco-de-2023-resolve-exonerar-do-cargo-em-comissao-de-inspetor-escolar-da-escola-municipal-conego-nestor-o-sr-iago-jorge-sousa-de-castro\/\">PORTARIA N\u00ba 455, DE 09 DE MAR\u00c7O DE 2023 &#8211; RESOLVE EXONERAR, do Cargo em Comiss\u00e3o de Inspetor Escolar, da  Escola Municipal C\u00f4nego Nestor, o Sr. IAGO JORGE SOUSA DE CASTRO<\/a><\/li>\n\t\t<li class=\"wsp-post\"><a href=\"https:\/\/saobernardo.ma.gov.br\/transparencia\/portarias\/portaria-no-454-de-06-de-marco-de-2023-resolve-exonerar-do-cargo-em-comissao-de-assessor-pedagogico-nivel-i-da-secretaria-municipal-de-educacao-ciencia-tecnologia-e-inovacao-o-sr-josualdo-lira\/\">PORTARIA N\u00ba 454, DE 06 DE MAR\u00c7O DE 2023 &#8211; RESOLVE EXONERAR, do Cargo em Comiss\u00e3o de Assessor Pedag\u00f3gico N\u00edvel I, da Secretaria Municipal de Educa\u00e7\u00e3o, Ci\u00eancia, Tecnologia e Inova\u00e7\u00e3o o Sr. JOSUALDO LIRA DE OLIVEIRA<\/a><\/li>\n\t\t<li class=\"wsp-post\"><a href=\"https:\/\/saobernardo.ma.gov.br\/transparencia\/portarias\/portaria-no-453-de-06-de-marco-de-2023-resolve-nomear-para-o-cargo-em-comissao-de-inspetor-escolar-dai-da-escola-municipal-professora-maria-de-lourdes-serra-o-sr-jose-edvan-da-silva\/\">PORTARIA N\u00ba 453, DE 06 DE MAR\u00c7O DE 2023 &#8211; RESOLVE NOMEAR, para o Cargo em Comiss\u00e3o de Inspetor Escolar &#8211; DAI, da Escola Municipal, Professora Maria de Lourdes Serra, o Sr. JOSE EDVAN DA SILVA<\/a><\/li>\n\t\t<li class=\"wsp-post\"><a href=\"https:\/\/saobernardo.ma.gov.br\/transparencia\/portarias\/portaria-no-452-de-28-de-fevereiro-de-2023-resolve-nomear-para-o-cargo-em-comissao-de-assessor-pedagogico-nivel-iii-dai-da-secretaria-municipal-de-educacao-ciencia-tecnologia-e-inovacao-a-sr\/\">PORTARIA N\u00ba 452, DE 28 DE FEVEREIRO DE 2023 &#8211; RESOLVE NOMEAR, para o Cargo em Comiss\u00e3o de Assessor Pedag\u00f3gico N\u00edvel III &#8211; DAI, da Secretaria Municipal de Educa\u00e7\u00e3o, Ci\u00eancia, Tecnologia e Inova\u00e7\u00e3o, a Sra. CARMEM L\u00daCIA DA SILVA<\/a><\/li>\n\t\t<li class=\"wsp-post\"><a href=\"https:\/\/saobernardo.ma.gov.br\/transparencia\/portarias\/portaria-no-451-de-27-de-fevereiro-de-2023-resolve-nomear-para-o-cargo-em-comissao-de-assessor-tecnico-administrativo-dai-1-do-gabinete-da-vice-prefeita-o-sr-rodrigo-araujo-de-alencar\/\">PORTARIA N\u00ba 451, DE 27 DE FEVEREIRO DE 2023 &#8211; RESOLVE NOMEAR, para o Cargo em Comiss\u00e3o de Assessor T\u00e9cnico  Administrativo DAI &#8211; 1, do Gabinete da Vice Prefeita, o Sr. RODRIGO ARAUJO DE  ALENCAR<\/a><\/li>\n\t\t<li class=\"wsp-post\"><a href=\"https:\/\/saobernardo.ma.gov.br\/transparencia\/portarias\/portaria-no-450-de-24-de-fevereiro-de-2023-resolve-nomear-para-o-cargo-em-comissao-de-inspetor-escolar-dai-da-escola-municipal-santa-teresinha-a-sra-maria-das-neves-alves-de-souza\/\">PORTARIA N\u00ba 450, DE 24 DE FEVEREIRO DE 2023 &#8211; RESOLVE NOMEAR, para o Cargo em Comiss\u00e3o de Inspetor Escolar &#8211; DAI,  da Escola Municipal, Santa Teresinha a Sra. MARIA DAS NEVES ALVES DE SOUZA<\/a><\/li>\n\t\t<li class=\"wsp-post\"><a href=\"https:\/\/saobernardo.ma.gov.br\/transparencia\/portarias\/portaria-no-449-de-24-de-fevereiro-de-2023-resolve-nomear-para-o-cargo-em-comissao-de-assessor-especial-nivel-iii-dai-1-do-gabinete-do-prefeito-a-sra-sabrina-alves-conceicao\/\">PORTARIA N\u00ba 449, DE 24 DE FEVEREIRO DE 2023 &#8211; RESOLVE NOMEAR, para o Cargo em Comiss\u00e3o de Assessor Especial N\u00edvel  III \u2013 DAI &#8211; 1, do Gabinete do Prefeito, a Sra. SABRINA ALVES CONCEI\u00c7\u00c3O<\/a><\/li>\n\t\t<li class=\"wsp-post\"><a href=\"https:\/\/saobernardo.ma.gov.br\/transparencia\/portarias\/portaria-no-448-de-24-de-fevereiro-de-2023-resolve-exonerar-do-cargo-em-comissao-de-inspetor-escolar-polo-v-a-sra-ivonice-alves-dos-santos\/\">PORTARIA N\u00ba 448, DE 24 DE FEVEREIRO DE 2023 &#8211; RESOLVE EXONERAR, do Cargo em Comiss\u00e3o de Inspetor Escolar, Polo V, a Sra. IVONICE ALVES DOS SANTOS<\/a><\/li>\n\t\t<li class=\"wsp-post\"><a href=\"https:\/\/saobernardo.ma.gov.br\/transparencia\/portarias\/portaria-no-447-de-27-de-fevereiro-de-2023-resolve-exonerar-do-cargo-em-comissao-de-inspetor-escolar-da-escola-municipal-monsenhor-mauricio-lauret-o-sr-francisco-rogerio-rocha-silva-junior\/\">PORTARIA N\u00ba 447, DE 27 DE FEVEREIRO DE 2023 &#8211; RESOLVE EXONERAR, do Cargo em Comiss\u00e3o de Inspetor Escolar, da  Escola Municipal, Monsenhor Maur\u00edcio Lauret, o Sr. FRANCISCO ROG\u00c9RIO ROCHA  SILVA J\u00daNIOR<\/a><\/li>\n\t\t<li class=\"wsp-post\"><a href=\"https:\/\/saobernardo.ma.gov.br\/transparencia\/portarias\/portaria-no-446-de-24-de-fevereiro-de-2023-resolve-nomear-para-o-cargo-em-comissao-de-assessor-pedagogico-nivel-i-dans-da-secretaria-municipal-de-educacao-ciencia-tecnologia-e-inovacao-o-sr\/\">PORTARIA N\u00ba 446, DE 24 DE FEVEREIRO DE 2023 &#8211; RESOLVE NOMEAR, para o Cargo em Comiss\u00e3o de Assessor Pedag\u00f3gico N\u00edvel I &#8211; DANS, da Secretaria Municipal de Educa\u00e7\u00e3o, Ci\u00eancia, Tecnologia e Inova\u00e7\u00e3o,  o Sr. JOSUALDO LIRA DE OLIVEIRA<\/a><\/li>\n\t\t<li class=\"wsp-post\"><a href=\"https:\/\/saobernardo.ma.gov.br\/transparencia\/portarias\/portaria-no-445-de-24-de-fevereiro-de-2023-resolve-nomear-para-o-cargo-em-comissao-de-inspetor-escolar-dai-da-escola-municipal-santa-luzia-a-sra-samara-leao-britos\/\">PORTARIA N\u00ba 445, DE 24 DE FEVEREIRO DE 2023 &#8211; RESOLVE NOMEAR, para o Cargo em Comiss\u00e3o de Inspetor Escolar &#8211; DAI, da Escola Municipal Santa Luzia, a Sra. SAMARA LE\u00c3O BRITOS<\/a><\/li>\n\t\t<li class=\"wsp-post\"><a href=\"https:\/\/saobernardo.ma.gov.br\/transparencia\/portarias\/portaria-no-444-de-24-de-fevereiro-de-2023-resolve-nomear-para-o-cargo-em-comissao-de-assessor-pedagogico-nivel-ii-das-da-secretaria-de-educacao-ciencia-tecnologia-e-inovacao-a-sra-germana\/\">PORTARIA N\u00ba 444, DE 24 DE FEVEREIRO DE 2023 &#8211; RESOLVE NOMEAR, para o Cargo em Comiss\u00e3o de Assessor Pedag\u00f3gico  N\u00edvel II &#8211; DAS, da Secretaria de Educa\u00e7\u00e3o, Ci\u00eancia, Tecnologia e Inova\u00e7\u00e3o, a Sra. GERMANA PEREIRA DE ARA\u00daJO<\/a><\/li>\n\t\t<li class=\"wsp-post\"><a href=\"https:\/\/saobernardo.ma.gov.br\/transparencia\/portarias\/portaria-no-443-de-24-de-fevereiro-de-2023-resolve-nomear-para-o-cargo-em-comissao-de-assessor-pedagogico-nivel-i-dans-da-secretaria-municipal-de-educacao-ciencia-tecnologia-e-inovacao-a-s\/\">PORTARIA N\u00ba 443 DE 24 DE FEVEREIRO DE 2023 &#8211; RESOLVE NOMEAR, para o Cargo em Comiss\u00e3o de Assessor Pedag\u00f3gico  N\u00edvel I &#8211; DANS, da Secretaria Municipal, de Educa\u00e7\u00e3o, Ci\u00eancia, Tecnologia e  Inova\u00e7\u00e3o, a Sra. MARIA LUCILENE DA SILVA<\/a><\/li>\n\t\t<li class=\"wsp-post\"><a href=\"https:\/\/saobernardo.ma.gov.br\/transparencia\/portarias\/portaria-no-442-de-24-de-fevereiro-de-2023-resolve-nomear-para-o-cargo-em-comissao-de-assessor-pedagogico-nivel-ii-das-da-secretaria-municipal-de-educacao-ciencia-tecnologia-e-inovacao-a-s\/\">PORTARIA N\u00ba 442, DE 24 DE FEVEREIRO DE 2023 &#8211; RESOLVE NOMEAR, para o Cargo em Comiss\u00e3o de Assessor Pedag\u00f3gico  N\u00edvel II &#8211; DAS, da Secretaria Municipal, de Educa\u00e7\u00e3o, Ci\u00eancia, Tecnologia e Inova\u00e7\u00e3o. a Sra. CLERES MARIA ROCHA DE ARAUJO<\/a><\/li>\n\t\t<li class=\"wsp-post\"><a href=\"https:\/\/saobernardo.ma.gov.br\/transparencia\/portarias\/portaria-no-441-de-24-de-fevereiro-de-2023-resolve-nomear-para-o-cargo-em-comissao-de-inspetor-escolar-dai-da-escola-municipal-paulo-freire-o-sr-matheus-da-costa-cordeiro\/\">PORTARIA N\u00ba 441, DE 24 DE FEVEREIRO DE 2023 &#8211; RESOLVE NOMEAR, para o Cargo em Comiss\u00e3o de Inspetor Escolar, &#8211; DAI,  da Escola Municipal Paulo Freire, o Sr. MATHEUS DA COSTA CORDEIRO<\/a><\/li>\n\t\t<li class=\"wsp-post\"><a href=\"https:\/\/saobernardo.ma.gov.br\/transparencia\/portarias\/portaria-no-440-de-24-de-fevereiro-de-2023-resolve-nomear-para-o-cargo-em-comissao-de-assessor-especial-nivel-iii-dai-1-do-gabinete-do-prefeito-o-sr-maride-coelho-de-almeid\/\">PORTARIA N\u00ba 440, DE 24 DE FEVEREIRO DE 2023 &#8211; RESOLVE NOMEAR, para o Cargo em Comiss\u00e3o de Assessor Especial N\u00edvel  III \u2013 DAI \u2013 1, do Gabinete do Prefeito, o Sr. MARIDE COELHO DE ALMEIDA NETO<\/a><\/li>\n\t\t<li class=\"wsp-post\"><a href=\"https:\/\/saobernardo.ma.gov.br\/transparencia\/portarias\/portaria-no-439-de-24-de-fevereiro-de-2023-resolve-nomear-para-o-cargo-em-comissao-de-coordenador-pedagogico-das-da-secretaria-municipal-ciencia-tecnologia-e-inovacao-o-sr-genilson-santos-d\/\">PORTARIA N\u00ba 439, DE 24 DE FEVEREIRO DE 2023 &#8211; RESOLVE NOMEAR, para o Cargo em Comiss\u00e3o de Coordenador  Pedag\u00f3gico &#8211; DAS, da Secretaria Municipal, Ci\u00eancia, Tecnologia e Inova\u00e7\u00e3o o Sr. GENILSON SANTOS DA SILVA<\/a><\/li>\n\t\t<li class=\"wsp-post\"><a href=\"https:\/\/saobernardo.ma.gov.br\/transparencia\/portarias\/portaria-no-438-de-24-de-fevereiro-de-2023-resolve-nomear-para-o-cargo-em-comissao-de-secretario-escolar-dai-1-da-escola-municipal-francisco-marques-da-silva-a-sra-wesllyane-de-cast\/\">PORTARIA N\u00ba 438, DE 24 DE FEVEREIRO DE 2023 &#8211; RESOLVE NOMEAR, para o Cargo em Comiss\u00e3o de Secret\u00e1rio Escolar \u2013 DAI-1, da Escola Municipal, Francisco Marques da Silva, a Sra. WESLLYANE DE  CASTRO TELES<\/a><\/li>\n\t\t<li class=\"wsp-post\"><a href=\"https:\/\/saobernardo.ma.gov.br\/transparencia\/portarias\/portaria-no-437-de-24-de-fevereiro-de-2023-resolve-nomear-para-o-cargo-em-comissao-de-coordenador-pedagogico-das-da-secretaria-municipal-de-educacao-ciencia-tecnologia-e-inovacao-a\/\">PORTARIA N\u00ba 437, DE 24 DE FEVEREIRO DE 2023 &#8211; RESOLVE NOMEAR, para o Cargo em Comiss\u00e3o de Coordenador  Pedag\u00f3gico \u2013 DAS, da Secretaria Municipal de Educa\u00e7\u00e3o, Ci\u00eancia, Tecnologia e  Inova\u00e7\u00e3o, a Sra. BERNADETE CUNHA DE ARA\u00daJO<\/a><\/li>\n\t\t<li class=\"wsp-post\"><a href=\"https:\/\/saobernardo.ma.gov.br\/transparencia\/portarias\/portaria-no-436-de-24-de-fevereiro-de-2023-resolve-nomear-para-o-cargo-em-comissao-de-coordenador-pedagogico-das-da-escola-municipal-bernardo-coelho-de-almeida-a-sra-sandra-da-silva\/\">PORTARIA N\u00ba 436, DE 24 DE FEVEREIRO DE 2023 &#8211; RESOLVE NOMEAR, para o cargo em Comiss\u00e3o de Coordenador  Pedag\u00f3gico &#8211; DAS, da Escola Municipal, Bernardo Coelho de Almeida, a Sra. SANDRA DA SILVA<\/a><\/li>\n\t\t<li class=\"wsp-post\"><a href=\"https:\/\/saobernardo.ma.gov.br\/transparencia\/portarias\/portaria-no-435-de-24-de-fevereiro-de-2023-resolve-art-1o-nomear-para-o-cargo-em-comissao-de-diretor-adjunto-da-escola-municipal-bernardo-coelho-de-almeida-a-sra-francinete-silva-nasciment\/\">PORTARIA N\u00ba 435, DE 24 DE FEVEREIRO DE 2023 &#8211; RESOLVE NOMEAR, para o Cargo em Comiss\u00e3o de Diretor Adjunto, da  Escola Municipal Bernardo Coelho de Almeida, a Sra. FRANCINETE SILVA  NASCIMENTO<\/a><\/li>\n\t\t<li class=\"wsp-post\"><a href=\"https:\/\/saobernardo.ma.gov.br\/transparencia\/portarias\/portaria-no-434-de-24-de-fevereiro-de-2023-resolve-nomear-para-o-cargo-em-comissao-de-diretor-adjunto-da-creche-branca-de-neve-a-sra-franciene-tavares\/\">PORTARIA N\u00ba 434, DE 24 DE FEVEREIRO DE 2023 &#8211; RESOLVE NOMEAR, para o Cargo em Comiss\u00e3o de Diretor Adjunto, da  Creche Branca de Neve, a Sra. FRANCIENE TAVARES<\/a><\/li>\n\t\t<li class=\"wsp-post\"><a href=\"https:\/\/saobernardo.ma.gov.br\/transparencia\/portarias\/portaria-no-433-de-24-de-fevereiro-de-2023-resolve-nomear-para-o-cargo-em-comissao-de-secretario-escolar-da-creche-branca-de-neve-a-sra-jacqueline-barbosa-silva\/\">PORTARIA N\u00ba 433, DE 24 DE FEVEREIRO DE 2023 &#8211; RESOLVE NOMEAR, para o Cargo em Comiss\u00e3o de Secret\u00e1rio Escolar, da  Creche Branca de Neve, a Sra. JACQUELINE BARBOSA SILVA<\/a><\/li>\n\t\t<li class=\"wsp-post\"><a href=\"https:\/\/saobernardo.ma.gov.br\/transparencia\/portarias\/portaria-no-432-de-24-de-fevereiro-de-2023-resolve-art-1o-nomear-para-o-cargo-em-comissao-de-inspetor-escolar-dai-da-creche-branca-de-neve-a-sra-francivania-rodrigues-de-sousa\/\">PORTARIA N\u00ba 432, DE 24 DE FEVEREIRO DE 2023 &#8211; RESOLVE NOMEAR, para o Cargo em Comiss\u00e3o de Inspetor Escolar \u2013 DAI,  da Creche Branca de Neve, a Sra. FRANCIVANIA RODRIGUES DE SOUSA<\/a><\/li>\n\t\t<li class=\"wsp-post\"><a href=\"https:\/\/saobernardo.ma.gov.br\/transparencia\/portarias\/portaria-no-431-de-24-de-fevereiro-de-2023-resolve-nomear-para-o-cargo-em-comissao-de-diretor-escolar-da-creche-branca-de-neve-a-sra-bruna-gessila-santos-machado\/\">PORTARIA N\u00ba 431, DE 24 DE FEVEREIRO DE 2023 &#8211; RESOLVE NOMEAR, para o Cargo em Comiss\u00e3o de Diretor Escolar, da  Creche Branca de Neve, a Sra. BRUNA GESSILA SANTOS MACHADO<\/a><\/li>\n\t\t<li class=\"wsp-post\"><a href=\"https:\/\/saobernardo.ma.gov.br\/transparencia\/portarias\/portaria-no-430-de-24-de-fevereiro-de-2023-resolve-exonerar-do-cargo-em-comissao-de-secretario-escolar-da-creche-branca-de-neve-a-sra-wesllyane-de-castro-teles\/\">PORTARIA N\u00ba 430, DE 24 DE FEVEREIRO DE 2023 &#8211; RESOLVE EXONERAR, do Cargo em Comiss\u00e3o de Secret\u00e1rio Escolar, da  Creche Branca de Neve, a Sra. WESLLYANE DE CASTRO TELES<\/a><\/li>\n\t\t<li class=\"wsp-post\"><a href=\"https:\/\/saobernardo.ma.gov.br\/transparencia\/portarias\/portaria-no-429-de-24-de-fevereiro-de-2023-resolve-exonerar-do-cargo-em-comissao-de-diretor-adjunto-da-creche-branca-de-neve-a-sra-germana-pereira-de-araujo\/\">PORTARIA N\u00ba 429, DE 24 DE FEVEREIRO DE 2023 &#8211; RESOLVE EXONERAR, do Cargo em Comiss\u00e3o de Diretor Adjunto, da  Creche Branca de Neve, a Sra. GERMANA PEREIRA DE ARAUJO<\/a><\/li>\n\t\t<li class=\"wsp-post\"><a href=\"https:\/\/saobernardo.ma.gov.br\/transparencia\/portarias\/portaria-no-428-de-24-de-fevereiro-de-2023-resolve-exonerar-do-cargo-em-comissao-de-diretor-escolar-da-creche-branca-de-neve-a-sra-maria-lucilene-da-silva-carvalho\/\">PORTARIA N\u00ba 428, DE 24 DE FEVEREIRO DE 2023 &#8211; RESOLVE EXONERAR, do Cargo em Comiss\u00e3o de Diretor Escolar, da  Creche Branca de Neve, a Sra. MARIA LUCILENE DA SILVA CARVALHO<\/a><\/li>\n\t\t<li class=\"wsp-post\"><a href=\"https:\/\/saobernardo.ma.gov.br\/transparencia\/portarias\/portaria-no-427-de-24-de-fevereiro-de-2023-resolve-exonerar-do-cargo-de-comissao-de-inspetor-escolar-da-creche-branca-de-neve-o-sr-roberty-samuel-ferreira-silva\/\">PORTARIA N\u00ba 427, DE 24 DE FEVEREIRO DE 2023 &#8211; RESOLVE EXONERAR, do Cargo de Comiss\u00e3o de Inspetor Escolar, da  Creche, Branca de Neve, o Sr. ROBERTY SAMUEL FERREIRA SILVA<\/a><\/li>\n\t\t<li class=\"wsp-post\"><a href=\"https:\/\/saobernardo.ma.gov.br\/transparencia\/portarias\/portaria-no-426-de-24-de-fevereiro-de-2023-resolve-nomear-para-o-cargo-em-comissao-de-assessor-especial-nivel-iii-dai-1-do-gabinete-do-prefeito-o-sr-milton-barbosa-de-oliveira\/\">PORTARIA N\u00ba 426, DE 24 DE FEVEREIRO DE 2023 &#8211; RESOLVE NOMEAR, para o Cargo em Comiss\u00e3o de Assessor Especial  N\u00edvel III- DAI-1, do Gabinete do Prefeito, o Sr. MILTON BARBOSA DE  OLIVEIRA<\/a><\/li>\n\t\t<li class=\"wsp-post\"><a href=\"https:\/\/saobernardo.ma.gov.br\/transparencia\/portarias\/portaria-no-425-de-24-de-fevereiro-de-2023-dispoe-sobre-a-nomeacao-dos-membros-para-comporem-a-comissao-permanente-de-licitacao-e-o-pregoeiro-do-municipio-com-atribuicoes-no-exercicio\/\">PORTARIA N\u00ba 425, DE 24 DE FEVEREIRO DE 2023 &#8211; \u201cDISP\u00d5E SOBRE A NOMEA\u00c7\u00c3O DOS  MEMBROS PARA COMPOREM A COMISS\u00c3O  PERMANENTE DE LICITA\u00c7\u00c3O E O  PREGOEIRO DO MUNIC\u00cdPIO, COM  ATRIBUI\u00c7\u00d5ES NO EXERC\u00cdCIO FINANCEIRO  DE 2023, E D\u00c1 OUTRAS PROVID\u00caNCIAS\u201d.<\/a><\/li>\n\t\t<li class=\"wsp-post\"><a href=\"https:\/\/saobernardo.ma.gov.br\/transparencia\/portarias\/portaria-no-01-2023-o-secretario-municipal-de-saude-de-sao-bernardo-ma-fica-convocada-a-11a-conferencia-municipal-de-saude-de-sao-bernardo-ma-conforme-determinacao-legal-do-decreto-no-2\/\">PORTARIA N\u00ba 01\/2023  O SECRET\u00c1RIO MUNICIPAL DE SA\u00daDE DE S\u00c3O BERNARDO \u2013 MA &#8211; Fica convocada a 11\u00aa Confer\u00eancia Municipal de Sa\u00fade de S\u00e3o Bernardo -MA, conforme determina\u00e7\u00e3o legal do Decreto n\u00ba 200\/2023, de 27 de fevereiro de 2023, do Prefeito Municipal.<\/a><\/li>\n\t\t<li class=\"wsp-post\"><a href=\"https:\/\/saobernardo.ma.gov.br\/transparencia\/portarias\/portaria-no-424-de-17-de-fevereiro-de-2023\/\">PORTARIA N\u00ba 424, DE 17 DE FEVEREIRO DE 2023 &#8211; RESOLVE NOMEAR, para o Cargo de Comiss\u00e3o de Coordenador Geral  de Compras, Licita\u00e7\u00e3o e Log\u00edstica \u2013Pregoeiro (a), &#8211; DANS, da Secretaria  Municipal de Gest\u00e3o, a Sra. ADILA CRISTINA DOS REIS PEREIRA<\/a><\/li>\n\t\t<li class=\"wsp-post\"><a href=\"https:\/\/saobernardo.ma.gov.br\/transparencia\/portarias\/portaria-no-423-de-17-de-fevereiro-de-2023-resolve-exonerar-do-cargo-de-comissao-de-coordenador-geral-de-compras-licitacao-e-logistica-pregoeiro-a-da-secretaria-municipal-de-gestao-a-sra\/\">PORTARIA N\u00ba 423, DE 17 DE FEVEREIRO DE 2023 &#8211; RESOLVE EXONERAR, do Cargo de Comiss\u00e3o de Coordenador Geral de  Compras, Licita\u00e7\u00e3o e Log\u00edstica &#8211; Pregoeiro (a), da Secretaria Municipal de Gest\u00e3o, a  Sra. ELIZA DOS SANTOS ARAUJO LIMA<\/a><\/li>\n\t\t<li class=\"wsp-post\"><a href=\"https:\/\/saobernardo.ma.gov.br\/transparencia\/portarias\/portaria-no-422-de-14-de-fevereiro-de-2023-resolve-nomear-para-o-cargo-em-comissao-de-coordenador-pedagogico-das-da-escola-municipal-monsenhor-mauricio-laurent-a-sra-ruth-miranda-costa-menese\/\">PORTARIA N\u00ba 422, DE 14 DE FEVEREIRO DE 2023 &#8211; RESOLVE NOMEAR, para o Cargo em Comiss\u00e3o de Coordenador Pedag\u00f3gico &#8211; DAS, da Escola Municipal Monsenhor Maur\u00edcio Laurent, a Sra. RUTH MIRANDA COSTA MENESES<\/a><\/li>\n\t\t<li class=\"wsp-post\"><a href=\"https:\/\/saobernardo.ma.gov.br\/transparencia\/portarias\/portaria-no-421-de-08-de-fevereiro-de-2023-resolve-nomear-para-responder-interinamente-pelo-cargo-em-comissao-de-coordenador-da-defesa-civil-das-do-gabinete-do-prefeito-o-sr-luis-antonio-po\/\">PORTARIA N\u00ba 421, DE 08 DE FEVEREIRO DE 2023 &#8211; RESOLVE NOMEAR, para responder interinamente, pelo Cargo em Comiss\u00e3o, de Coordenador da Defesa Civil &#8211; DAS, do Gabinete do Prefeito, o Sr. LUIS ANTONIO PORTO DE CASTRO JUNIOR<\/a><\/li>\n\t\t<li class=\"wsp-post\"><a href=\"https:\/\/saobernardo.ma.gov.br\/transparencia\/portarias\/portaria-no-420-de-06-de-fevereiro-de-2023-resolve-nomear-para-o-cargo-em-comissao-de-secretario-escolar-dai-1-da-escola-municipal-pontes-de-aguiar-o-sr-antonio-de-padua-lima-da-sil\/\">PORTARIA N\u00ba 420, DE 06 DE FEVEREIRO DE 2023 -RESOLVE NOMEAR, para o Cargo em Comiss\u00e3o de Secret\u00e1rio Escolar, &#8211;  DAI \u2013 1, da Escola Municipal Guioberto Alves, o Sr. ANTONIO DE PADUA LIMA DA  SILVA<\/a><\/li>\n\t\t<li class=\"wsp-post\"><a href=\"https:\/\/saobernardo.ma.gov.br\/transparencia\/portarias\/portaria-no-419-de-06-de-fevereiro-de-2023-resolve-exonerar-do-cargo-em-comissao-de-diretor-adjunto-da-escola-municipal-bernardo-coelho-de-almeida-o-sr-cicero-tenorio-santos-barros\/\">PORTARIA N\u00ba 419, DE 06 DE FEVEREIRO DE 2023 &#8211; RESOLVE EXONERAR, do Cargo em Comiss\u00e3o de Diretor Adjunto, da Escola Municipal Bernardo Coelho de Almeida, o Sr. CICERO TEN\u00d3RIO SANTOS BARROS<\/a><\/li>\n\t\t<li class=\"wsp-post\"><a href=\"https:\/\/saobernardo.ma.gov.br\/transparencia\/portarias\/portaria-no-418-de-06-de-fevereiro-de-2023-resolve-exonerar-do-cargo-em-comissao-de-secretario-escolar-da-escola-municipal-pontes-de-aguiar-a-sra-dhebora-de-araujo-costa-rodrigues\/\">PORTARIA N\u00ba 418, DE 06 DE FEVEREIRO DE 2023 &#8211; RESOLVE EXONERAR, do Cargo em Comiss\u00e3o de Secret\u00e1rio Escolar, da Escola Municipal Pontes de Aguiar a Sra. DHEBORA DE ARAUJO COSTA RODRIGUES<\/a><\/li>\n\t\t<li class=\"wsp-post\"><a href=\"https:\/\/saobernardo.ma.gov.br\/transparencia\/portarias\/portaria-no-417-de-06-de-fevereiro-de-2023-resolve-nomear-para-o-cargo-em-comissao-de-assessor-pedagogico-nivel-i-dans-da-secretaria-de-educacao-ciencia-tecnologia-e-inovacao-a-sra-claudian\/\">PORTARIA N\u00ba 417, DE 06 DE FEVEREIRO DE 2023 &#8211; RESOLVE NOMEAR, para o Cargo em Comiss\u00e3o de Assessor Pedag\u00f3gico N\u00edvel I &#8211; DANS, da Secretaria de Educa\u00e7\u00e3o, Ci\u00eancia, Tecnologia e Inova\u00e7\u00e3o a Sra.  CLAUDIANE GARC\u00caZ DE SOUSA SILVA<\/a><\/li>\n\t\t<li class=\"wsp-post\"><a href=\"https:\/\/saobernardo.ma.gov.br\/transparencia\/portarias\/portaria-no-416-de-03-de-fevereiro-de-2023-resolve-nomear-para-o-cargo-em-comissao-de-assessor-especial-nivel-i-das-do-gabinete-do-prefeito-o-sr-lucas-costa-do-nascimento\/\">PORTARIA N\u00ba 416, DE 03 DE FEVEREIRO DE 2023 &#8211; RESOLVE NOMEAR, para o Cargo em Comiss\u00e3o de Assessor Especial N\u00edvel I \u2013 DAS, do Gabinete do Prefeito o Sr. LUCAS COSTA DO NASCIMENTO<\/a><\/li>\n\t\t<li class=\"wsp-post\"><a href=\"https:\/\/saobernardo.ma.gov.br\/transparencia\/portarias\/portaria-no-415-de-01-de-fevereiro-de-2023-resolve-exonerar-a-pedido-do-cargo-efetivo-de-professora-com-habilitacao-em-geografia-com-lotacao-na-zona-rural-localidade-povoado-formosa-a-sra-soni\/\">PORTARIA N\u00ba 415, DE 01 DE FEVEREIRO DE 2023 &#8211; RESOLVE EXONERAR a pedido, do Cargo Efetivo de Professora com Habilita\u00e7\u00e3o em Geografia, com lota\u00e7\u00e3o na Zona Rural, Localidade Povoado Formosa, a Sra. S\u00d4NIA MARIA ARA\u00daJO DE SOUSA LIMA<\/a><\/li>\n\t\t<li class=\"wsp-post\"><a href=\"https:\/\/saobernardo.ma.gov.br\/transparencia\/portarias\/portaria-no-414-de-30-de-janeiro-de-2023-resolve-nomear-para-o-cargo-em-comissao-de-assessor-especial-nivel-i-das-do-gabinete-do-prefeito-o-sr-antonio-edivaldo-lima-dias\/\">PORTARIA N\u00ba 414, DE 30 DE JANEIRO DE 2023 &#8211; RESOLVE NOMEAR, para o Cargo em Comiss\u00e3o de Assessor Especial  N\u00edvel I- DAS, do Gabinete do Prefeito, o Sr. ANTONIO EDIVALDO LIMA DIAS<\/a><\/li>\n\t\t<li class=\"wsp-post\"><a href=\"https:\/\/saobernardo.ma.gov.br\/transparencia\/portarias\/portaria-no-413-de-27-de-janeiro-de-2023-resolve-nomear-para-o-cargo-em-comissao-de-assessor-especial-nivel-iii-dai-1-do-gabinete-do-prefeito-o-sr-francisco-das-chagas-da-silva\/\">PORTARIA N\u00ba 413, DE 27 DE JANEIRO DE 2023 &#8211; RESOLVE NOMEAR, para o Cargo em Comiss\u00e3o de Assessor Especial  N\u00edvel III- DAI-1, do Gabinete do Prefeito, o Sr. FRANCISCO DAS CHAGAS DA  SILVA<\/a><\/li>\n\t\t<li class=\"wsp-post\"><a href=\"https:\/\/saobernardo.ma.gov.br\/transparencia\/portarias\/portaria-no-412-de-27-de-janeiro-de-2023-resolve-nomear-para-o-cargo-em-comissao-de-assessor-especial-nivel-ii-dai-do-gabinete-do-prefeito-o-sr-karlos-alberto-almeida-paz\/\">PORTARIA N\u00ba 412, DE 27 DE JANEIRO DE 2023 &#8211; RESOLVE NOMEAR, para o Cargo em Comiss\u00e3o de Assessor Especial  N\u00edvel II- DAI, do Gabinete do Prefeito, o Sr. KARLOS ALBERTO ALMEIDA PAZ<\/a><\/li>\n\t\t<li class=\"wsp-post\"><a href=\"https:\/\/saobernardo.ma.gov.br\/transparencia\/portarias\/portaria-no-411-de-27-de-janeiro-de-2023-resolve-nomear-para-o-cargo-em-comissao-de-assessor-especial-nivel-ii-dai-do-gabinete-do-prefeito-o-sr-francisco-das-chagas-silva-barros\/\">PORTARIA N\u00ba 411, DE 27 DE JANEIRO DE 2023 &#8211; RESOLVE NOMEAR, para o Cargo em Comiss\u00e3o de Assessor Especial N\u00edvel II- DAI, do Gabinete do Prefeito, o Sr. FRANCISCO DAS CHAGAS SILVA BARROS<\/a><\/li>\n\t\t<li class=\"wsp-post\"><a href=\"https:\/\/saobernardo.ma.gov.br\/transparencia\/portarias\/portaria-no-410-de-24-de-janeiro-de-2023-resolve-exonerar-a-pedido-do-cargo-efetivo-de-agente-administrativo-da-secretaria-municipal-de-educacao-ciencia-tecnologia-e-inovacao-a-sra-maria-do\/\">PORTARIA N\u00ba 410, DE 24 DE JANEIRO DE 2023 &#8211; RESOLVE EXONERAR a pedido, do Cargo Efetivo de Agente Administrativo, da Secretaria Municipal, de Educa\u00e7\u00e3o, Ci\u00eancia, Tecnologia e Inova\u00e7\u00e3o, a Sra. MARIA DO SOCORRO NASCIMENTO DA COSTA<\/a><\/li>\n\t\t<li class=\"wsp-post\"><a href=\"https:\/\/saobernardo.ma.gov.br\/transparencia\/portarias\/portaria-no-409-de-24-de-janeiro-de-2023-resolve-exonerar-do-cargo-em-comissao-de-secretario-escolar-da-escola-municipal-monteiro-lobato-a-sra-jammilly-costa-mourao\/\">PORTARIA N\u00ba 409, DE 24 DE JANEIRO DE 2023 &#8211; RESOLVE EXONERAR, do Cargo em Comiss\u00e3o de Secret\u00e1rio Escolar, da Escola Municipal Monteiro Lobato, a Sra. JAMMILLY COSTA MOUR\u00c3O<\/a><\/li>\n\t\t<li class=\"wsp-post\"><a href=\"https:\/\/saobernardo.ma.gov.br\/transparencia\/portarias\/portaria-no-408-de-18-de-janeiro-de-2023-resolve-nomear-para-o-cargo-em-comissao-de-assessor-juridico-pedagogico-dans-da-secretaria-municipal-de-educacao-ciencia-tecnologia-e-inova\/\">PORTARIA N\u00ba 408, DE 18 DE JANEIRO DE 2023 &#8211; RESOLVE NOMEAR, para o Cargo em Comiss\u00e3o de Assessor Jur\u00eddico \u2013 Pedag\u00f3gico &#8211; DANS, da Secretaria Municipal de Educa\u00e7\u00e3o, Ci\u00eancia, Tecnologia e  Inova\u00e7\u00e3o, o Sr. JOELSI FRANK COSTA<\/a><\/li>\n\t\t<li class=\"wsp-post\"><a href=\"https:\/\/saobernardo.ma.gov.br\/transparencia\/portarias\/portaria-no-407-de-18-de-janeiro-de-2023-resolve-nomear-para-o-cargo-em-comissao-de-assessor-juridico-dans-da-procuradoria-geral-do-municipio-o-sr-rafael-pinto-alencar\/\">PORTARIA N\u00ba 407, DE 18 DE JANEIRO DE 2023 &#8211; RESOLVE NOMEAR, para o Cargo em Comiss\u00e3o de Assessor Jur\u00eddico &#8211; DANS, da Procuradoria Geral do Munic\u00edpio, o Sr. RAFAEL PINTO ALENCAR<\/a><\/li>\n\t\t<li class=\"wsp-post\"><a href=\"https:\/\/saobernardo.ma.gov.br\/transparencia\/portarias\/portaria-no-406-de-18-de-janeiro-de-2023-resolve-exonerar-do-cargo-em-comissao-de-assessor-juridico-dans-da-procuradoria-geral-do-municipio-o-sr-joelsi-frank-costa\/\">PORTARIA N\u00ba 406, DE 18 DE JANEIRO DE 2023 &#8211; RESOLVE EXONERAR, do Cargo em Comiss\u00e3o de Assessor Jur\u00eddico &#8211; DANS, da Procuradoria Geral do Munic\u00edpio, o Sr. JOELSI FRANK COSTA<\/a><\/li>\n\t\t<li class=\"wsp-post\"><a href=\"https:\/\/saobernardo.ma.gov.br\/transparencia\/portarias\/portaria-no-405-de-18-de-janeiro-de-2023-resolve-exonerar-do-cargo-em-comissao-de-assessor-juridico-pedagogico-da-secretaria-municipal-de-educacao-ciencia-tecnologia-e-inovacao-o-sr-rafael\/\">PORTARIA N\u00ba 405, DE 18 DE JANEIRO DE 2023 &#8211; RESOLVE EXONERAR, do Cargo em Comiss\u00e3o de Assessor Jur\u00eddico &#8211; Pedag\u00f3gico, da Secretaria Municipal de Educa\u00e7\u00e3o, Ci\u00eancia, Tecnologia e Inova\u00e7\u00e3o, o  Sr. RAFAEL PINTO ALENCAR<\/a><\/li>\n\t\t<li class=\"wsp-post\"><a href=\"https:\/\/saobernardo.ma.gov.br\/transparencia\/portarias\/portaria-no-404-de-16-de-janeiro-de-2023-resolve-nomear-para-o-cargo-em-comissao-de-assessor-especial-nivel-i-das-do-gabinete-do-prefeito-o-sr-breno-vinicios-soares-alves\/\">PORTARIA N\u00ba 404, DE 16 DE JANEIRO DE 2023 &#8211; RESOLVE NOMEAR, para o Cargo em Comiss\u00e3o de Assessor Especial N\u00edvel I &#8211; DAS, do Gabinete do Prefeito o Sr. BRENO VIN\u00cdCIOS SOARES ALVES<\/a><\/li>\n\t\t<li class=\"wsp-post\"><a href=\"https:\/\/saobernardo.ma.gov.br\/transparencia\/portarias\/portaria-no-403-de-11-de-janeiro-de-2023-resolve-exonerar-do-cargo-de-coordenador-pedagogico-da-escola-municipal-monsenhor-mauricio-laurent-o-sr-breno-tomaz-da-costa\/\">PORTARIA N\u00ba 403, DE 11 DE JANEIRO DE 2023 &#8211; RESOLVE EXONERAR, do Cargo de Coordenador Pedag\u00f3gico, da Escola Municipal Monsenhor Maur\u00edcio Laurent, o Sr. BRENO TOMAZ DA COSTA<\/a><\/li>\n\t\t<li class=\"wsp-post\"><a href=\"https:\/\/saobernardo.ma.gov.br\/transparencia\/portarias\/portaria-no-402-de-11-de-janeiro-de-2023-resolve-nomear-para-o-cargo-em-comissao-de-assessor-juridico-pedagogico-dans-da-secretaria-municipal-de-educacao-ciencia-tecnologia-e-inovacao-o-sr\/\">PORTARIA N\u00ba 402, DE 11 DE JANEIRO DE 2023 &#8211; RESOLVE NOMEAR, para o Cargo em Comiss\u00e3o de Assessor Jur\u00eddico &#8211; Pedag\u00f3gico &#8211; DANS, da Secretaria Municipal de Educa\u00e7\u00e3o, Ci\u00eancia, Tecnologia e Inova\u00e7\u00e3o, o Sr. JOS\u00c9 DE ALENCAR SOARES J\u00daNIOR<\/a><\/li>\n\t\t<li class=\"wsp-post\"><a href=\"https:\/\/saobernardo.ma.gov.br\/transparencia\/portarias\/portaria-no-401-de-22-de-dezembro-de-2022-resolve-nomear-para-o-cargo-em-comissao-de-secretario-escolar-dai-1-da-escola-municipal-monteiro-lobato-a-sra-jammilly-costa-mourao\/\">PORTARIA N\u00ba 401, DE 22 DE DEZEMBRO DE 2022 &#8211; RESOLVE NOMEAR, para o Cargo em Comiss\u00e3o de Secret\u00e1rio Escolar \u2013 DAI-1, da Escola Municipal, Monteiro Lobato, a Sra. JAMMILLY COSTA MOUR\u00c3O<\/a><\/li>\n\t\t<li class=\"wsp-post\"><a href=\"https:\/\/saobernardo.ma.gov.br\/transparencia\/portarias\/portaria-no-400-de-22-de-dezembro-de-2022-resolve-nomear-para-o-cargo-em-comissao-de-coordenador-pedagogico-das-do-jardim-de-infancia-saci-perere-a-sra-israella-dhulia-sousa-ciqueira\/\">PORTARIA N\u00ba 400, DE 22 DE DEZEMBRO DE 2022 &#8211; RESOLVE NOMEAR, para o Cargo em Comiss\u00e3o de Coordenador Pedag\u00f3gico- DAS, do Jardim de Inf\u00e2ncia Saci-Perer\u00ea, a Sra. ISRAELLA DHULIA SOUSA CIQUEIRA<\/a><\/li>\n\t\t<li class=\"wsp-post\"><a href=\"https:\/\/saobernardo.ma.gov.br\/transparencia\/portarias\/portaria-no-399-de-22-de-dezembro-de-2022-resolve-exonerar-do-cargo-em-comissao-de-secretario-escolar-do-jardim-de-infancia-saci-perere-a-sra-israella-dhulia-sousa-ciqueira\/\">PORTARIA N\u00ba 399, DE 22 DE DEZEMBRO DE 2022 &#8211; RESOLVE EXONERAR, do Cargo em Comiss\u00e3o de Secret\u00e1rio Escolar, do Jardim de Inf\u00e2ncia Saci- Perer\u00ea, a Sra. ISRAELLA DHULIA SOUSA CIQUEIRA<\/a><\/li>\n\t\t<li class=\"wsp-post\"><a href=\"https:\/\/saobernardo.ma.gov.br\/transparencia\/portarias\/resolve-exonerar-a-pedido-do-cargo-efetivo-de-agente-administrativo-da-secretaria-municipal-de-educacao-ciencia-tecnologia-e-inovacao-a-sra-mary-rose-sousa-costa-vieira\/\">PORTARIA N\u00ba 398, DE 13 DE DEZEMBRO DE 2022 &#8211; RESOLVE EXONERAR a pedido, do Cargo Efetivo de Agente Administrativo, da Secret\u00e1ria Municipal de Educa\u00e7\u00e3o, Ci\u00eancia, Tecnologia e Inova\u00e7\u00e3o, a Sra. MARY ROSE SOUSA COSTA VIEIRA<\/a><\/li>\n\t\t<li class=\"wsp-post\"><a href=\"https:\/\/saobernardo.ma.gov.br\/transparencia\/portarias\/portaria-no-397-de-27-de-outubro-de-2022-resolve-nomear-para-o-cargo-em-comissao-de-inspetor-escolar-dai-da-escola-municipal-santa-luzia-o-sr-igor-santos-araujo-lima\/\">PORTARIA N\u00ba 397, DE 27 DE OUTUBRO DE 2022 &#8211; RESOLVE NOMEAR, para o Cargo em Comiss\u00e3o de Inspetor Escolar- DAI, da Escola Municipal Santa Luzia, o Sr. IGOR SANTOS ARAUJO LIMA<\/a><\/li>\n\t\t<li class=\"wsp-post\"><a href=\"https:\/\/saobernardo.ma.gov.br\/transparencia\/portarias\/portaria-no-396-de-27-de-outubro-de-2022-resolve-nomear-para-o-cargo-em-comissao-de-diretor-adjunto-do-jardim-de-infancia-saci-perere-a-sra-kelyanne-de-sousa-reis\/\">PORTARIA N\u00ba 396, DE 27 DE OUTUBRO DE 2022 &#8211; RESOLVE NOMEAR, para o Cargo em Comiss\u00e3o de Diretor Adjunto do Jardim de Inf\u00e2ncia Saci-Perer\u00ea, a Sra. KELYANNE DE SOUSA REIS<\/a><\/li>\n\t\t<li class=\"wsp-post\"><a href=\"https:\/\/saobernardo.ma.gov.br\/transparencia\/portarias\/portaria-no395-de-27-de-outubro-de-2022-resolve-exonerar-do-cargo-em-comissao-de-coordenador-pedagogico-do-jardim-de-infancia-saci-perere-a-sra-kelyanne-de-sousa-reis\/\">PORTARIA N\u00ba395, DE 27 DE OUTUBRO DE 2022 &#8211; RESOLVE EXONERAR, do Cargo em Comiss\u00e3o de Coordenador Pedag\u00f3gico, do Jardim de Inf\u00e2ncia Saci-Perer\u00ea, a Sra. KELYANNE DE SOUSA REIS<\/a><\/li>\n\t\t<li class=\"wsp-post\"><a href=\"https:\/\/saobernardo.ma.gov.br\/transparencia\/portarias\/portaria-no394-de-26-de-outubro-de-2022-resolve-exonerar-por-falecimento-do-cargo-de-provimento-efetivo-de-agente-administrativo-da-secretaria-municipal-de-educacao-ciencia-tecnologia-e-inovaca\/\">PORTARIA N\u00ba394, DE 26 DE OUTUBRO DE 2022 &#8211; RESOLVE EXONERAR, por falecimento, do Cargo de Provimento Efetivo de Agente Administrativo da Secretaria Municipal de Educa\u00e7\u00e3o, Ci\u00eancia, Tecnologia e Inova\u00e7\u00e3o, o Sr. ADAILTON LIMA PORTO<\/a><\/li>\n\t\t<li class=\"wsp-post\"><a href=\"https:\/\/saobernardo.ma.gov.br\/transparencia\/portarias\/portaria-no-393-de-21-de-outubro-de-2022-resolve-exonerar-por-falecimento-do-cargo-em-comissao-de-diretor-adjunto-do-jardim-de-infancia-saci-perere-o-sr-adailton-lima-porto\/\">PORTARIA N\u00ba 393, DE 21 DE OUTUBRO DE 2022 &#8211; RESOLVE EXONERAR, por falecimento, do Cargo em Comiss\u00e3o de Diretor Adjunto, do Jardim de Inf\u00e2ncia Saci Perer\u00ea, o Sr. ADAILTON LIMA PORTO<\/a><\/li>\n\t\t<li class=\"wsp-post\"><a href=\"https:\/\/saobernardo.ma.gov.br\/transparencia\/portarias\/portaria-no-392-2022-gp-dispoe-sobre-a-nomeacao-dos-membros-do-conselho-municipal-de-saude-de-sao-bernardo-para-o-bienio-2022-2024-e-da-outras-providencias\/\">PORTARIA N\u00ba 392\/2022 &#8211; GP &#8211; Disp\u00f5e sobre a Nomea\u00e7\u00e3o dos Membros do Conselho Municipal de Sa\u00fade de S\u00e3o Bernardo para o Bi\u00eanio 2022-2024 e d\u00e1 outras providencias.<\/a><\/li>\n\t\t<li class=\"wsp-post\"><a href=\"https:\/\/saobernardo.ma.gov.br\/transparencia\/portarias\/portaria-no391-de-10-de-outubro-de-2022-resolve-nomear-para-o-cargo-em-comissao-de-assessor-especial-nivel-ii-dai-do-gabinete-do-prefeito-o-sr-carlos-alberto-silva-sousa\/\">PORTARIA N\u00ba391, DE 10 DE OUTUBRO DE 2022 &#8211; RESOLVE NOMEAR, para o Cargo em Comiss\u00e3o de Assessor Especial N\u00edvel II- DAI, do Gabinete do Prefeito, o Sr. CARLOS ALBERTO SILVA SOUSA<\/a><\/li>\n\t\t<li class=\"wsp-post\"><a href=\"https:\/\/saobernardo.ma.gov.br\/transparencia\/portarias\/portaria-no-390-de-10-de-outubro-de-2022-resolve-exonerar-do-cargo-em-comissao-de-assessor-pedagogico-nivel-iii-da-secretaria-municipal-de-educacao-ciencia-tecnologia-e-inovacao-o-sr-carlos-a\/\">PORTARIA N\u00ba 390, DE 10 DE OUTUBRO DE 2022 &#8211; RESOLVE EXONERAR, do Cargo em Comiss\u00e3o de Assessor Pedag\u00f3gico N\u00edvel III, da Secretaria Municipal de Educa\u00e7\u00e3o, Ci\u00eancia, Tecnologia e Inova\u00e7\u00e3o, o Sr. CARLOS ALBERTO SILVA SOUSA<\/a><\/li>\n\t\t<li class=\"wsp-post\"><a href=\"https:\/\/saobernardo.ma.gov.br\/transparencia\/portarias\/portaria-no-389-de-05-de-outubro-de-2022-resolve-nomear-para-o-cargo-em-comissao-de-assessora-juridica-dans-da-procuradoria-geral-do-municipio-a-sra-aline-dantas-amaral\/\">PORTARIA N\u00ba 389, DE 05 DE OUTUBRO DE 2022 &#8211; RESOLVE NOMEAR, para o Cargo em Comiss\u00e3o de Assessora Jur\u00eddica \u2013 DANS, da Procuradoria Geral do Munic\u00edpio, a Sra. ALINE DANTAS AMARAL<\/a><\/li>\n\t\t<li class=\"wsp-post\"><a href=\"https:\/\/saobernardo.ma.gov.br\/transparencia\/portarias\/portaria-no388-de-27-de-setembro-de-2022-resolve-nomear-para-o-cargo-em-comissao-de-assessor-especial-nivel-iii-dai-1-do-gabinete-do-prefeito-o-sr-luis-carlos-rocha-rodrigues\/\">PORTARIA N\u00ba388, DE 27 DE SETEMBRO DE 2022 &#8211; RESOLVE NOMEAR, para o Cargo em Comiss\u00e3o de Assessor Especial N\u00edvel  III \u2013 DAI &#8211; 1, do Gabinete do Prefeito, o Sr. LUIS CARLOS ROCHA RODRIGUES<\/a><\/li>\n\t\t<li class=\"wsp-post\"><a href=\"https:\/\/saobernardo.ma.gov.br\/transparencia\/portarias\/portaria-no387-de-27-de-setembro-de-2022-resolve-nomear-para-o-cargo-em-comissao-de-assessor-pedagogico-nivel-i-dans-da-secretaria-municipal-de-educacao-ciencia-tecnologia-e-inovacao-a-sra\/\">PORTARIA N\u00ba387, DE 27 DE SETEMBRO DE 2022 &#8211; RESOLVE NOMEAR, para o Cargo em Comiss\u00e3o de Assessor Pedag\u00f3gico N\u00edvel I &#8211; DANS, da Secretaria Municipal de Educa\u00e7\u00e3o Ci\u00eancia, Tecnologia e Inova\u00e7\u00e3o,  a Sra. FRANCISCA DAS CHAGAS DOS SANTOS LIMA DA CRUZ<\/a><\/li>\n\t\t<li class=\"wsp-post\"><a href=\"https:\/\/saobernardo.ma.gov.br\/transparencia\/portarias\/portaria-no386-de-27-de-setembro-de-2022-resolve-nomear-para-o-cargo-em-comissao-de-inspetor-escolar-dai-da-escola-municipal-cruzeiro-do-sul-a-sra-sara-regina-cunha-da-cruz\/\">PORTARIA N\u00ba386, DE 27 DE SETEMBRO DE 2022 &#8211; RESOLVE NOMEAR, para o Cargo em Comiss\u00e3o de Inspetor Escolar &#8211; DAI,  da Escola Municipal Cruzeiro do Sul, a Sra. SARA REGINA CUNHA DA CRUZ<\/a><\/li>\n\t\t<li class=\"wsp-post\"><a href=\"https:\/\/saobernardo.ma.gov.br\/transparencia\/portarias\/portaria-no-385-de-27-de-setembro-de-2022-resolve-nomear-para-o-cargo-em-comissao-de-assessor-pedagogico-nivel-i-dans-da-secretaria-municipal-de-educacao-ciencia-tecnologia-e-inovacao-a-sra\/\">PORTARIA N\u00ba 385, DE 27 DE SETEMBRO DE 2022 &#8211; RESOLVE NOMEAR, para o Cargo em Comiss\u00e3o de Assessor Pedag\u00f3gico N\u00edvel I-DANS, da Secretaria Municipal de Educa\u00e7\u00e3o, Ci\u00eancia, Tecnologia e Inova\u00e7\u00e3o,  a Sra. ANA PAULA BRAGA NASCIMENTO<\/a><\/li>\n\t\t<li class=\"wsp-post\"><a href=\"https:\/\/saobernardo.ma.gov.br\/transparencia\/portarias\/portaria-no-384-de-27-de-setembro-de-2022-resolve-nomear-para-o-cargo-em-comissao-de-assessor-pedagogico-nivel-iii-dai-da-secretaria-municipal-de-educacao-ciencia-tecnologia-e-inovacao-o-sr\/\">PORTARIA N\u00ba 384, DE 27 DE SETEMBRO DE 2022 &#8211; RESOLVE NOMEAR, para o Cargo em Comiss\u00e3o de Assessor Pedag\u00f3gico  N\u00edvel III &#8211; DAI da Secretaria Municipal de Educa\u00e7\u00e3o, Ci\u00eancia, Tecnologia e Inova\u00e7\u00e3o,  o Sr. LUIS GUILHERME CARVALHO ARAUJO<\/a><\/li>\n\t\t<li class=\"wsp-post\"><a href=\"https:\/\/saobernardo.ma.gov.br\/transparencia\/portarias\/portaria-no-383-de-26-de-setembro-de-2022-resolve-nomear-para-o-cargo-em-comissao-de-inspetor-escolar-dai-da-escola-municipal-unidade-integrada-bernardo-coelho-de-almeida-a-sra-ana-ruth-santo\/\">PORTARIA N\u00ba 383, DE 26 DE SETEMBRO DE 2022 &#8211; RESOLVE NOMEAR, para o Cargo em Comiss\u00e3o de Inspetor Escolar &#8211; DAI, da Escola Municipal Unidade Integrada Bernardo Coelho de Almeida, a Sra. ANA RUTH SANTOS<\/a><\/li>\n\t\t<li class=\"wsp-post\"><a href=\"https:\/\/saobernardo.ma.gov.br\/transparencia\/portarias\/portaria-no-382-de-23-de-setembro-de-2022-resolve-nomear-para-o-cargo-em-comissao-de-assessor-especial-nivel-ii-dai-do-gabinete-do-prefeito-o-sr-francisco-das-chagas-silva-machado\/\">PORTARIA N\u00ba 382, DE 23 DE SETEMBRO DE 2022 &#8211; RESOLVE NOMEAR, para o Cargo em Comiss\u00e3o de Assessor Especial N\u00edvel II &#8211; DAI, do Gabinete do Prefeito o Sr. FRANCISCO DAS CHAGAS SILVA MACHADO<\/a><\/li>\n\t\t<li class=\"wsp-post\"><a href=\"https:\/\/saobernardo.ma.gov.br\/transparencia\/portarias\/portaria-n0-381-de-19-de-setembro-de-2022-dispoe-sobre-a-nomeacao-para-a-funcao-de-agente-transformador-da-ciencia-atc-para-o-programa-do-ministerio-da-ciencia-tecnologia-e-inovacoes\/\">PORTARIA N\u00ba 381, DE 19 DE SETEMBRO DE 2022 &#8211; RESOLVE Nomear o Sr. GERSON RICARDO COSTA FARIAS, como Agente Transformador para Ci\u00eancia (ATC) de S\u00e3o Bernardo\/MA.<\/a><\/li>\n\t\t<li class=\"wsp-post\"><a href=\"https:\/\/saobernardo.ma.gov.br\/transparencia\/portarias\/portaria-no-380-de-14-de-setembro-de-2022-fica-cedida-a-servidora-publica-municipal-de-contrato-temporario-de-carater-publicista-de-auxiliar-de-servicos-gerais-da-secretaria-municipal-de-educaca\/\">PORTARIA N\u00ba 380, DE 14 DE SETEMBRO DE 2022 &#8211; Fica Cedida, a Servidora P\u00fablica Municipal de Contrato Tempor\u00e1rio de Car\u00e1ter Publicista, de Auxiliar de Servi\u00e7os Gerais, da Secretaria Municipal de Educa\u00e7\u00e3o, Ci\u00eancia, Tecnologia e Inova\u00e7\u00e3o, a Sra. SANDRA MARIA BRAGA SILVA<\/a><\/li>\n\t\t<li class=\"wsp-post\"><a href=\"https:\/\/saobernardo.ma.gov.br\/transparencia\/portarias\/portaria-no-379-de-05-de-setembro-de-2022-resolve-nomear-para-o-cargo-em-comissao-de-coordenador-da-unidade-municipal-de-cadastro-umc-dai-da-secretaria-municipal-de-agricultura-pesca\/\">PORTARIA N\u00ba 379, DE 05 DE SETEMBRO DE 2022 &#8211; RESOLVE NOMEAR, para o Cargo em Comiss\u00e3o de Coordenador da Unidade Municipal de Cadastro \u2013 UMC &#8211; DAI, da Secretaria Municipal de Agricultura, Pesca, e Pecu\u00e1ria, o Sr. JO\u00c3O VITOR PERES LEAL LIMA<\/a><\/li>\n\t\t<li class=\"wsp-post\"><a href=\"https:\/\/saobernardo.ma.gov.br\/transparencia\/portarias\/portaria-no-378-de-05-de-setembro-de-2022-resolve-exonerar-do-cargo-em-comissao-de-assessor-especial-nivel-iii-do-gabinete-do-prefeito-a-sra-valdiane-barbosa-lopes-de-freitas\/\">PORTARIA N\u00ba 378, DE 05 DE SETEMBRO DE 2022 &#8211; RESOLVE EXONERAR, do Cargo em Comiss\u00e3o de Assessor Especial N\u00edvel III, do Gabinete do Prefeito, a Sra. VALDIANE BARBOSA LOPES DE FREITAS<\/a><\/li>\n\t\t<li class=\"wsp-post\"><a href=\"https:\/\/saobernardo.ma.gov.br\/transparencia\/portarias\/portaria-no-377-de-25-de-agosto-de-2022-resolve-nomear-para-o-cargo-em-comissao-de-coordenador-de-programa-creas-das-da-secretaria-municipal-de-assistencia-social-a-sra-gescilene-cava\/\">PORTARIA N\u00ba 377, DE 25 DE AGOSTO DE 2022 &#8211; RESOLVE NOMEAR, para o Cargo em Comiss\u00e3o de Coordenador de Programa CREAS \u2013 DAS, da Secretaria Municipal de Assist\u00eancia Social, a Sra. GESCILENE CAVALCANTE DE GOIS<\/a><\/li>\n\t\t<li class=\"wsp-post\"><a href=\"https:\/\/saobernardo.ma.gov.br\/transparencia\/portarias\/portaria-no-376-de-25-de-agosto-de-2022-resolve-exonerar-do-cargo-em-comissao-de-coordenador-de-programa-creas-das-da-secretaria-municipal-de-assistencia-social-a-sra-elanne-mayara-de-andrade\/\">PORTARIA N\u00ba 376, DE 25 DE AGOSTO DE 2022 &#8211; RESOLVE EXONERAR, do Cargo em Comiss\u00e3o de Coordenador de Programa CREAS &#8211; DAS, da Secretaria Municipal de Assist\u00eancia Social, a Sra. ELANNE MAYARA DE ANDRADE SILVA SOUSA<\/a><\/li>\n\t\t<li class=\"wsp-post\"><a href=\"https:\/\/saobernardo.ma.gov.br\/transparencia\/portarias\/portaria-no375-de-25-de-agosto-de-2022-resolve-art-1o-nomear-para-o-cargo-em-comissao-de-assessor-pedagogico-nivel-iii-dai-da-secretaria-municipal-de-educacao-ciencia-tecnologia-e-inovacao\/\">PORTARIA N\u00ba375, DE 25 DE AGOSTO DE 2022 &#8211; RESOLVE NOMEAR, para o Cargo em Comiss\u00e3o de Assessor Pedag\u00f3gico N\u00edvel III &#8211; DAI, da Secretaria Municipal de Educa\u00e7\u00e3o, Ci\u00eancia, Tecnologia e Inova\u00e7\u00e3o o Sr. LUDINILSON BRAND\u00c3O RIBEIRO<\/a><\/li>\n\t\t<li class=\"wsp-post\"><a href=\"https:\/\/saobernardo.ma.gov.br\/transparencia\/portarias\/portaria-no-374-de-24-de-agosto-de-2022-resolve-art-1o-exonerar-do-cargo-em-comissao-de-secretario-escolar-%c2%ac-dai-1-da-secretaria-municipal-de-educacao-ciencia-tecnologia-e-inovacao-o-s\/\">PORTARIA N\u00ba 374, DE 24 DE AGOSTO DE 2022 &#8211; RESOLVE EXONERAR, do Cargo em Comiss\u00e3o de Secret\u00e1rio Escolar \u00ac- DAI-1, da Secretaria Municipal de Educa\u00e7\u00e3o, Ci\u00eancia, Tecnologia e Inova\u00e7\u00e3o o Sr. JOSE ANTONIO SILVA SANTOS<\/a><\/li>\n\t\t<li class=\"wsp-post\"><a href=\"https:\/\/saobernardo.ma.gov.br\/transparencia\/portarias\/portaria-no-373-de-04-de-agosto-de-2022-resolve-nomear-para-o-cargo-em-comissao-de-assessor-especial-nivel-i-das-do-gabinete-do-prefeito-o-sr-leonardo-furtado-portela\/\">PORTARIA N\u00ba 373, DE 04 DE AGOSTO DE 2022 &#8211; RESOLVE NOMEAR, para o Cargo em Comiss\u00e3o de Assessor Especial N\u00edvel I &#8211; DAS, do Gabinete do Prefeito, o Sr. LEONARDO FURTADO PORTELA<\/a><\/li>\n\t\t<li class=\"wsp-post\"><a href=\"https:\/\/saobernardo.ma.gov.br\/transparencia\/portarias\/portaria-no-372-de-04-de-agosto-de-2022-resolve-nomear-para-o-cargo-em-comissao-de-assessor-pedagogico-nivel-i-dans-da-secretaria-municipal-de-educacao-ciencia-tecnologia-e-inovacao-o-sr-di\/\">PORTARIA N\u00ba 372, DE 04 DE AGOSTO DE 2022 &#8211; RESOLVE NOMEAR, para o Cargo em Comiss\u00e3o de Assessor Pedag\u00f3gico N\u00edvel I &#8211; DANS, da Secretaria Municipal de Educa\u00e7\u00e3o, Ci\u00eancia, Tecnologia e Inova\u00e7\u00e3o, o Sr. DI\u00caGO SILVA PEREIRA<\/a><\/li>\n\t\t<li class=\"wsp-post\"><a href=\"https:\/\/saobernardo.ma.gov.br\/transparencia\/portarias\/portaria-no-371-de-03-de-agosto-de-2022-resolve-exonerar-a-pedido-do-cargo-efetivo-de-monitora-de-onibus-escolar-da-secretaria-municipal-de-educacao-ciencia-tecnologia-e-inovacao-a-sra-leila\/\">PORTARIA N\u00ba 371, DE 03 DE AGOSTO DE 2022 &#8211; RESOLVE EXONERAR a pedido, do Cargo Efetivo, de Monitora de \u00d4nibus Escolar, da Secretaria Municipal de Educa\u00e7\u00e3o, Ci\u00eancia, Tecnologia e Inova\u00e7\u00e3o, a Sra. LEILANE SILVA CARVALHO<\/a><\/li>\n\t\t<li class=\"wsp-post\"><a href=\"https:\/\/saobernardo.ma.gov.br\/transparencia\/portarias\/portaria-no-370-de-03-de-agosto-de-2022-nomear-servidores-para-compor-o-sim-servico-de-inspecao-municipal-e-da-outras-providencias\/\">PORTARIA N\u00ba 370, DE 03 DE AGOSTO DE 2022 &#8211; \u201cNomear servidores para compor o SIM \u2013 Servi\u00e7o de Inspe\u00e7\u00e3o Municipal, e d\u00e1 outras provid\u00eancias\u201d.<\/a><\/li>\n\t\t<li class=\"wsp-post\"><a href=\"https:\/\/saobernardo.ma.gov.br\/transparencia\/portarias\/portaria-cgm-pmsb-no-02-2022-dispoe-sobre-a-instalacaode-sindicancia-e-da-outras-providencias\/\">PORTARIA\/CGM\/PMSB N\u00ba 02\/2022 &#8211; DISP\u00d5E SOBRE A INSTALA\u00c7\u00c3O DE SINDIC\u00c2NCIA E D\u00c1 OUTRAS PROVID\u00caNCIAS.<\/a><\/li>\n\t\t<li class=\"wsp-post\"><a href=\"https:\/\/saobernardo.ma.gov.br\/transparencia\/portarias\/portaria-no-369-de-27-de-julho-de-2022-resolve-nomear-para-o-cargo-em-comissao-de-assessor-especial-nivel-ii-dai-do-gabinete-do-prefeito-o-sr-francisco-jose-costa\/\">PORTARIA N\u00ba 369, DE 27 DE JULHO DE 2022 &#8211; RESOLVE NOMEAR, para o Cargo em Comiss\u00e3o de Assessor Especial N\u00edvel II &#8211; DAI, do Gabinete do Prefeito, o Sr. FRANCISCO JOS\u00c9 COSTA<\/a><\/li>\n\t\t<li class=\"wsp-post\"><a href=\"https:\/\/saobernardo.ma.gov.br\/transparencia\/portarias\/portaria-no-368-de-27-de-julho-de-2022-resolve-nomear-para-o-cargo-em-comissao-de-assessor-especial-nivel-iii-dai-1-do-gabinete-do-prefeito-a-sra-nedocelia-ferreira-oliveira\/\">PORTARIA N\u00ba 368, DE 27 DE JULHO DE 2022 &#8211; RESOLVE NOMEAR, para o Cargo em Comiss\u00e3o de Assessor Especial N\u00edvel III \u2013 DAI-1, do Gabinete do Prefeito, a Sra.  NEDONC\u00c9LLIA FERREIRA DE OLIVEIRA<\/a><\/li>\n\t\t<li class=\"wsp-post\"><a href=\"https:\/\/saobernardo.ma.gov.br\/transparencia\/portarias\/portaria-no-367-de-27-de-julho-de-2022-resolve-nomear-para-o-cargo-em-comissao-de-assessor-especial-nivel-iii-dai-1-do-gabinete-do-prefeito-o-sra-maria-de-jesus-teixeira-martins\/\">PORTARIA N\u00ba 367, DE 27 DE JULHO DE 2022 &#8211; RESOLVE NOMEAR, para o Cargo em Comiss\u00e3o de Assessor Especial N\u00edvel III \u2013 DAI-1, do Gabinete do Prefeito, o Sra. MARIA DE JESUS TEIXEIRA MARTINS<\/a><\/li>\n\t\t<li class=\"wsp-post\"><a href=\"https:\/\/saobernardo.ma.gov.br\/transparencia\/portarias\/portaria-no-366-de-25-de-julho-de-2022-resolve-nomear-para-o-cargo-em-comissao-de-assessor-especial-nivel-i-das-do-gabinete-do-prefeito-o-sr-francisco-das-chagas-pereira-de-souza\/\">PORTARIA N\u00ba 366, DE 25 DE JULHO DE 2022 &#8211; RESOLVE NOMEAR, para o Cargo em Comiss\u00e3o de Assessor Especial N\u00edvel I &#8211; DAS, do Gabinete do Prefeito, o Sr. FRANCISCO DAS CHAGAS PEREIRA DE SOUZA<\/a><\/li>\n\t\t<li class=\"wsp-post\"><a href=\"https:\/\/saobernardo.ma.gov.br\/transparencia\/portarias\/portaria-no-365-de-25-de-julho-de-2022-resolve-nomear-para-o-cargo-em-comissao-de-assessor-pedagogico-nivel-i-dans-da-secretaria-municipal-de-educacao-ciencia-tecnologia-e-inovacao-o\/\">PORTARIA N\u00ba 365, DE 25 DE JULHO DE 2022 &#8211; RESOLVE NOMEAR, para o Cargo em Comiss\u00e3o de Assessor Pedag\u00f3gico N\u00edvel I \u2013 DANS, da Secretaria Municipal de Educa\u00e7\u00e3o, Ci\u00eancia, Tecnologia e Inova\u00e7\u00e3o o Sr. THALYSON LIMA DA CRUZ<\/a><\/li>\n\t\t<li class=\"wsp-post\"><a href=\"https:\/\/saobernardo.ma.gov.br\/transparencia\/portarias\/portaria-no-364-de-21-de-julho-de-2022-resolve-nomear-para-o-cargo-em-comissao-de-coordenador-de-engenharia-civil-dans-da-secretaria-municipal-de-urbanismo-e-servicos-publicos-o-sr-is\/\">PORTARIA N\u00ba 364, DE 21 DE JULHO DE 2022 &#8211; RESOLVE NOMEAR, para o Cargo em Comiss\u00e3o de Coordenador de Engenharia Civil \u2013 DANS, da Secretaria Municipal de Urbanismo e Servi\u00e7os P\u00fablicos, o Sr. ISAC DE FARIAS FERREIRA<\/a><\/li>\n\t\t<li class=\"wsp-post\"><a href=\"https:\/\/saobernardo.ma.gov.br\/transparencia\/portarias\/portaria-no-363-de-21-de-julho-de-2022-resolve-nomear-para-o-cargo-em-comissao-de-chefe-do-departamento-de-transportes-das-da-secretaria-municipal-de-obras-patrimonio-e-logistica-o-sr-cleito\/\">PORTARIA N\u00ba 363, DE 21 DE JULHO DE 2022 &#8211; RESOLVE NOMEAR, para o Cargo em Comiss\u00e3o de Chefe do Departamento de Transportes &#8211; DAS, da Secretaria Municipal de Obras, Patrim\u00f4nio e Log\u00edstica, o Sr. CLEITON SARAIVA DE SOUSA JUNIOR<\/a><\/li>\n\t\t<li class=\"wsp-post\"><a href=\"https:\/\/saobernardo.ma.gov.br\/transparencia\/portarias\/portaria-no-362-de-21-de-abril-de-2022-resolve-nomear-para-o-cargo-em-comissao-de-coordenadora-de-engenharia-dans-da-secretaria-municipal-de-obras-patrimonio-e-logistica-a-sra-franknilva-viei\/\">PORTARIA N\u00ba 362, DE 21 DE ABRIL DE 2022 &#8211; RESOLVE NOMEAR, para o Cargo em Comiss\u00e3o de Coordenadora de Engenharia &#8211; DANS, da Secretaria Municipal de Obras, Patrim\u00f4nio e Log\u00edstica a Sra. FRANKNILVA VIEIRA DA SILVA MATOS<\/a><\/li>\n\t\t<li class=\"wsp-post\"><a href=\"https:\/\/saobernardo.ma.gov.br\/transparencia\/portarias\/portaria-no-361-de-21-de-julho-de-2022-resolve-nomear-para-o-cargo-em-comissao-de-assessor-especial-nivel-iii-dai-da-secretaria-municipal-de-direitos-humanos-e-cidadania-o-sr-renan-whantely-s\/\">PORTARIA N\u00ba 361, DE 21 DE JULHO DE 2022 &#8211; RESOLVE NOMEAR, para o Cargo em Comiss\u00e3o de Assessor Especial N\u00edvel III &#8211; DAI, da Secretaria Municipal de Direitos Humanos e Cidadania, o Sr. RENAN WHANTELY SOUSA VAZ<\/a><\/li>\n\t\t<li class=\"wsp-post\"><a href=\"https:\/\/saobernardo.ma.gov.br\/transparencia\/portarias\/portaria-no-360-de-21-de-julho-de-2022-resolve-nomear-para-o-cargo-em-comissao-de-assessor-tecnico-administrativo-dai-i-da-controladoria-geral-do-municipio-a-sra-erika-raianna-da-silv\/\">PORTARIA N\u00ba 360, DE 21 DE JULHO DE 2022 &#8211; RESOLVE NOMEAR, para o Cargo em Comiss\u00e3o de Assessor T\u00e9cnico Administrativo DAI \u2013 I, da Controladoria Geral do Munic\u00edpio, a Sra. ERIKA RAIANNA DA SILVA E SILVA<\/a><\/li>\n\t\t<li class=\"wsp-post\"><a href=\"https:\/\/saobernardo.ma.gov.br\/transparencia\/portarias\/portaria-no-359-de-21-de-julho-de-2022-resolve-nomear-para-o-cargo-em-comissao-de-chefe-do-departamento-de-fiscalizacao-e-inspecao-pecuaria-das-da-secretaria-municipal-de-agricultura-pesca-e-p\/\">PORTARIA N\u00ba 359, DE 21 DE JULHO DE 2022 &#8211; RESOLVE NOMEAR, para o Cargo em Comiss\u00e3o de Chefe do Departamento de Fiscaliza\u00e7\u00e3o e Inspe\u00e7\u00e3o Pecu\u00e1ria &#8211; DAS, da Secretaria Municipal de Agricultura, Pesca e Pecu\u00e1ria, o Sr. ANTONIO VENESCAL DE ARRUDA<\/a><\/li>\n\t\t<li class=\"wsp-post\"><a href=\"https:\/\/saobernardo.ma.gov.br\/transparencia\/portarias\/portaria-no-358-de-21-de-julho-de-2022-resolve-nomear-para-o-cargo-em-comissao-assessor-especial-nivel-iii-dai-1-da-secretaria-municipal-de-agricultura-pesca-e-pecuaria-o-sr-edmils\/\">PORTARIA N\u00ba 358, DE 21 DE JULHO DE 2022 &#8211; RESOLVE NOMEAR, para o Cargo em Comiss\u00e3o Assessor Especial N\u00edvel III \u2013 DAI &#8211; 1, da Secretaria Municipal de Agricultura, Pesca e Pecu\u00e1ria, o Sr. EDMILSON DE ALMEIDA LIMA<\/a><\/li>\n\t\t<li class=\"wsp-post\"><a href=\"https:\/\/saobernardo.ma.gov.br\/transparencia\/portarias\/portaria-no-357-de-21-de-julho-de-2022-resolve-nomear-para-o-cargo-em-comissao-de-coordenadora-de-agricultura-pesca-e-pecuaria-dans-da-secretaria-municipal-de-agricultura-pesca-e-pecu\/\">PORTARIA N\u00ba 357, DE 21 DE JULHO DE 2022 &#8211; RESOLVE NOMEAR, para o Cargo em Comiss\u00e3o de Coordenadora de Agricultura, Pesca e Pecu\u00e1ria \u2013 DANS, da Secretaria Municipal de Agricultura, Pesca e Pecu\u00e1ria, a Sra. EDNA CARLA DOS SANTOS<\/a><\/li>\n\t\t<li class=\"wsp-post\"><a href=\"https:\/\/saobernardo.ma.gov.br\/transparencia\/portarias\/portaria-no-356-de-21-de-julho-de-2022-resolve-nomear-para-o-cargo-em-comissao-de-chefe-do-departamento-de-almoxarifado-das-da-secretaria-municipal-de-comunicacao-e-cultura-o-sr-mario\/\">PORTARIA N\u00ba 356, DE 21 DE JULHO DE 2022 &#8211; RESOLVE NOMEAR, para o Cargo em Comiss\u00e3o de Chefe do Departamento de Almoxarifado \u2013 DAS, da Secretaria Municipal de Comunica\u00e7\u00e3o e Cultura, o Sr. MARIO CESAR SOARES DA COSTA<\/a><\/li>\n\t\t<li class=\"wsp-post\"><a href=\"https:\/\/saobernardo.ma.gov.br\/transparencia\/portarias\/portaria-no-355-de-21-de-julho-de-2022-resolve-nomear-para-o-cargo-em-comissao-de-assessora-especial-nivel-iii-dai-da-secretaria-municipal-de-comunicacao-e-cultura-a-sra-larice-carval\/\">PORTARIA N\u00ba 355, DE 21 DE JULHO DE 2022 &#8211; RESOLVE NOMEAR, para o Cargo em Comiss\u00e3o de Assessora Especial N\u00edvel III \u2013 DAI, da Secretaria Municipal de Comunica\u00e7\u00e3o e Cultura, a Sra. LARICE CARVALHO SILVA,<\/a><\/li>\n\t\t<li class=\"wsp-post\"><a href=\"https:\/\/saobernardo.ma.gov.br\/transparencia\/portarias\/portaria-no-354-de-21-de-julho-de-2022-resolve-nomear-para-o-cargo-em-comissao-de-chefe-do-departamento-do-diario-oficial-do-municipio-das-da-secretaria-municipal-de-comunicacao-e-cultu\/\">PORTARIA N\u00ba 354, DE 21 DE JULHO DE 2022 &#8211; RESOLVE NOMEAR, para o Cargo em Comiss\u00e3o de Chefe do Departamento do Di\u00e1rio Oficial do Munic\u00edpio \u2013 DAS, da Secretaria Municipal de Comunica\u00e7\u00e3o e Cultura, a Sra. VALDEANE PESSOA DOS SANTOS<\/a><\/li>\n\t\t<li class=\"wsp-post\"><a href=\"https:\/\/saobernardo.ma.gov.br\/transparencia\/portarias\/portaria-no-353-de-21-de-julho-de-2022-resolve-nomear-para-o-cargo-em-comissao-de-coordenadora-de-cultura-dans-da-secretaria-municipal-de-comunicacao-e-cultura-a-sra-maria-leny-marque\/\">PORTARIA N\u00ba 353, DE 21 DE JULHO DE 2022 &#8211; RESOLVE NOMEAR, para o Cargo em Comiss\u00e3o de Coordenadora de Cultura \u2013 DANS, da Secretaria Municipal de Comunica\u00e7\u00e3o e Cultura, a Sra. MARIA LENY MARQUES<\/a><\/li>\n\t\t<li class=\"wsp-post\"><a href=\"https:\/\/saobernardo.ma.gov.br\/transparencia\/portarias\/portaria-no-352-de-21-de-julho-de-2022-resolve-nomear-para-o-cargo-em-comissao-de-coordenador-de-comunicacao-dans-da-secretaria-municipal-de-comunicacao-e-cultura-o-sr-francisco-das-c\/\">PORTARIA N\u00ba 352, DE 21 DE JULHO DE 2022 &#8211; RESOLVE NOMEAR, para o Cargo em Comiss\u00e3o de Coordenador de Comunica\u00e7\u00e3o \u2013 DANS, da Secretaria Municipal de Comunica\u00e7\u00e3o e Cultura, o Sr. FRANCISCO DAS CHAGAS COSTA ALMEIDA<\/a><\/li>\n\t\t<li class=\"wsp-post\"><a href=\"https:\/\/saobernardo.ma.gov.br\/transparencia\/portarias\/portaria-no-351-de-21-de-julho-de-2022-resolve-nomear-para-o-cargo-em-comissao-de-chefe-administrativo-da-rodoviaria-das-da-secretaria-municipal-de-urbanismo-e-servicos-publicos-o-sr\/\">PORTARIA N\u00ba 351, DE 21 DE JULHO DE 2022 &#8211; RESOLVE NOMEAR, para o Cargo em Comiss\u00e3o de Chefe Administrativo da Rodovi\u00e1ria \u2013 DAS, da Secretaria Municipal de Urbanismo e Servi\u00e7os P\u00fablicos, o Sr. ELSON JAMES FONTELES CUNHA<\/a><\/li>\n\t\t<li class=\"wsp-post\"><a href=\"https:\/\/saobernardo.ma.gov.br\/transparencia\/portarias\/portaria-no-350-de-21-de-julho-de-2022-resolve-nomear-para-o-cargo-em-comissao-de-assessor-especial-nivel-iii-dai-1-do-gabinete-do-prefeito-o-sr-luiz-soares-monteiro-junior\/\">PORTARIA N\u00ba 350, DE 21 DE JULHO DE 2022 &#8211; RESOLVE NOMEAR, para o Cargo em Comiss\u00e3o de Assessor Especial N\u00edvel III \u2013 DAI-1, do Gabinete do Prefeito, o Sr. LUIZ SOARES MONTEIRO JUNIOR<\/a><\/li>\n\t\t<li class=\"wsp-post\"><a href=\"https:\/\/saobernardo.ma.gov.br\/transparencia\/portarias\/portaria-no-349-de-21-de-julho-de-2022-resolve-nomear-para-o-cargo-em-comissao-de-assessor-especial-nivel-iii-dai-1-do-gabinete-do-prefeito-a-sra-nagila-dos-santos-lopes\/\">PORTARIA N\u00ba 349, DE 21 DE JULHO DE 2022 &#8211; RESOLVE NOMEAR, para o Cargo em Comiss\u00e3o de Assessor Especial N\u00edvel III \u2013 DAI-1, do Gabinete do Prefeito, a Sra. NAGILA DOS SANTOS LOPES<\/a><\/li>\n\t\t<li class=\"wsp-post\"><a href=\"https:\/\/saobernardo.ma.gov.br\/transparencia\/portarias\/portaria-no-348-de-21-de-julho-de-2022-resolve-nomear-para-o-cargo-em-comissao-de-assessor-especial-nivel-iii-dai-1-do-gabinete-do-prefeito-o-sr-jose-dilson-farias-de-carvalho\/\">PORTARIA N\u00ba 348, DE 21 DE JULHO DE 2022 &#8211; RESOLVE NOMEAR, para o Cargo em Comiss\u00e3o de Assessor Especial N\u00edvel III \u2013 DAI-1, do Gabinete do Prefeito, o Sr. JOS\u00c9 DILSON FARIAS DE CARVALHO<\/a><\/li>\n\t\t<li class=\"wsp-post\"><a href=\"https:\/\/saobernardo.ma.gov.br\/transparencia\/portarias\/portaria-no-347-de-21-de-julho-de-2022-resolve-nomear-para-o-cargo-em-comissao-de-assessor-especial-nivel-iii-dai-1-do-gabinete-do-prefeito-o-sr-jose-ailton-silva-spindola\/\">PORTARIA N\u00ba 347, DE 21 DE JULHO DE 2022 &#8211; RESOLVE NOMEAR, para o Cargo em Comiss\u00e3o de Assessor Especial N\u00edvel III \u2013 DAI-1, do Gabinete do Prefeito, o Sr. JOS\u00c9 AILTON SILVA SPINDOLA<\/a><\/li>\n\t\t<li class=\"wsp-post\"><a href=\"https:\/\/saobernardo.ma.gov.br\/transparencia\/portarias\/portaria-no-346-de-21-de-julho-de-2022-resolve-nomear-para-o-cargo-em-comissao-de-assessor-especial-nivel-iii-dai-1-do-gabinete-do-prefeito-o-sr-gildomar-farias-cardoso\/\">PORTARIA N\u00ba 346, DE 21 DE JULHO DE 2022 &#8211; RESOLVE NOMEAR, para o Cargo em Comiss\u00e3o de Assessor Especial N\u00edvel III \u2013 DAI-1, do Gabinete do Prefeito, o Sr. GILDOMAR FARIAS CARDOSO<\/a><\/li>\n\t\t<li class=\"wsp-post\"><a href=\"https:\/\/saobernardo.ma.gov.br\/transparencia\/portarias\/portaria-no-345-de-21-de-julho-de-2022-resolve-nomear-para-o-cargo-em-comissao-de-assessor-especial-nivel-iii-dai-1-do-gabinete-do-prefeito-o-sr-francisco-antonio-sirqueira-de-araujo\/\">PORTARIA N\u00ba 345, DE 21 DE JULHO DE 2022 &#8211; RESOLVE NOMEAR, para o Cargo em Comiss\u00e3o de Assessor Especial N\u00edvel III \u2013 DAI-1, do Gabinete do Prefeito, o Sr. FRANCISCO ANTONIO SIRQUEIRA DE ARAUJO<\/a><\/li>\n\t\t<li class=\"wsp-post\"><a href=\"https:\/\/saobernardo.ma.gov.br\/transparencia\/portarias\/portaria-no-344-de-21-de-julho-de-2022-resolve-nomear-para-o-cargo-em-comissao-de-assessor-especial-nivel-iii-dai-1-do-gabinete-do-prefeito-a-sra-dilva-dos-santos-sousa\/\">PORTARIA N\u00ba 344, DE 21 DE JULHO DE 2022 &#8211; RESOLVE NOMEAR, para o Cargo em Comiss\u00e3o de Assessor Especial N\u00edvel III \u2013 DAI-1, do Gabinete do Prefeito, a Sra. DILVA DOS SANTOS SOUSA<\/a><\/li>\n\t\t<li class=\"wsp-post\"><a href=\"https:\/\/saobernardo.ma.gov.br\/transparencia\/portarias\/portaria-no-343-de-21-de-julho-de-2022-resolve-nomear-para-o-cargo-em-comissao-de-assessor-especial-nivel-ii-dai-do-gabinete-do-prefeito-o-sr-roberio-mendonca-araujo\/\">PORTARIA N\u00ba 343, DE 21 DE JULHO DE 2022 &#8211; RESOLVE NOMEAR, para o Cargo em Comiss\u00e3o de Assessor Especial N\u00edvel II \u2013 DAI, do Gabinete do Prefeito, o Sr. ROBERIO MENDON\u00c7A ARA\u00daJO<\/a><\/li>\n\t\t<li class=\"wsp-post\"><a href=\"https:\/\/saobernardo.ma.gov.br\/transparencia\/portarias\/portaria-no-342-de-21-de-julho-de-2022-resolve-nomear-para-o-cargo-em-comissao-de-assessor-especial-nivel-ii-dai-do-gabinete-do-prefeito-o-sr-claudio-jose-silva-cavalcante\/\">PORTARIA N\u00ba 342, DE 21 DE JULHO DE 2022 &#8211; RESOLVE NOMEAR, para o Cargo em Comiss\u00e3o de Assessor Especial N\u00edvel II \u2013 DAI, do Gabinete do Prefeito, o Sr. CLAUDIO JOS\u00c9 SILVA CAVALCANTE<\/a><\/li>\n\t\t<li class=\"wsp-post\"><a href=\"https:\/\/saobernardo.ma.gov.br\/transparencia\/portarias\/portaria-no-341-de-21-de-julho-de-2022-resolve-nomear-para-o-cargo-em-comissao-de-assessor-especial-nivel-i-das-do-gabinete-do-prefeito-o-sr-aldenor-rodrigues-dos-santos-neto\/\">PORTARIA N\u00ba 341, DE 21 DE JULHO DE 2022 &#8211; RESOLVE NOMEAR, para o Cargo em Comiss\u00e3o de Assessor Especial N\u00edvel I \u2013 DAS, do Gabinete do Prefeito, o Sr. Aldenor Rodrigues dos Santos Neto<\/a><\/li>\n\t\t<li class=\"wsp-post\"><a href=\"https:\/\/saobernardo.ma.gov.br\/transparencia\/portarias\/portaria-no-340-de-21-de-julho-de-2022-resolve-nomear-para-o-cargo-em-comissao-de-assessor-tecnico-administrativo-dai-i-da-secretaria-municipal-de-gestao-o-sr-jakson-da-conceicao-da-s\/\">PORTARIA N\u00ba 340, DE 21 DE JULHO DE 2022 &#8211; RESOLVE NOMEAR, para o Cargo em Comiss\u00e3o de Assessor T\u00e9cnico Administrativo DAI \u2013 I, da Secretaria Municipal de Gest\u00e3o, o Sr. JAKSON DA CONCEI\u00c7\u00c3O DA SILVA<\/a><\/li>\n\t\t<li class=\"wsp-post\"><a href=\"https:\/\/saobernardo.ma.gov.br\/transparencia\/portarias\/portaria-no-339-de-21-de-julho-de-2022-resolve-nomear-para-o-cargo-em-comissao-de-chefe-do-departamento-de-processamento-de-dados-e-desenvolvimento-da-informacao-das-da-secretaria-municipal-de\/\">PORTARIA N\u00ba 339, DE 21 DE JULHO DE 2022 &#8211; RESOLVE NOMEAR, para o Cargo em Comiss\u00e3o de Chefe do Departamento de Processamento de Dados e Desenvolvimento da Informa\u00e7\u00e3o &#8211; DAS, da Secretaria Municipal de Gest\u00e3o, o Sr. JO\u00c3O PEDRO SANTOS ARA\u00daJO<\/a><\/li>\n\t\t<li class=\"wsp-post\"><a href=\"https:\/\/saobernardo.ma.gov.br\/transparencia\/portarias\/portaria-no-338-de-21-de-julho-de-2022-resolve-nomear-para-o-cargo-em-comissao-de-assessor-especial-nivel-i-dans-da-secretaria-municipal-de-gestao-a-sra-yarley-rodrigues-de-sousa\/\">PORTARIA N\u00ba 338, DE 21 DE JULHO DE 2022 -RESOLVE NOMEAR, para o Cargo em Comiss\u00e3o de Assessor Especial N\u00edvel I &#8211; DANS, da Secretaria Municipal de Gest\u00e3o, a Sra. YARLEY RODRIGUES DE SOUSA<\/a><\/li>\n\t\t<li class=\"wsp-post\"><a href=\"https:\/\/saobernardo.ma.gov.br\/transparencia\/portarias\/portaria-no-337-2022-institui-a-nomeacao-do-fiscal-de-contratos-que-envolvam-materiais-de-consumo-e-servicos-comuns-o-sr-manoel-de-jesus-silva-de-sousa\/\">PORTARIA N\u00ba 337\/2022 &#8211; Institui a Nomea\u00e7\u00e3o do Fiscal de contratos que envolvam materiais de consumo e servi\u00e7os comuns, o Sr. MANOEL DE JESUS SILVA DE SOUSA<\/a><\/li>\n\t\t<li class=\"wsp-post\"><a href=\"https:\/\/saobernardo.ma.gov.br\/transparencia\/portarias\/portaria-conjunta-no-01-de-13-de-julho-de-2022-dispoe-sobre-a-proibicao-de-entrada-de-garrafas-e-recipientes-de-vidros-no-circuito-do-iv-arraial-de-um-novo-tempo-e-da-ou\/\">PORTARIA CONJUNTA N\u00ba 01, DE 13 DE JULHO DE 2022 &#8211; \u201cDisp\u00f5e sobre a proibi\u00e7\u00e3o de entrada de garrafas e recipientes de vidros no circuito do \u201cIV Arraial de Um Novo Tempo\u201d; e d\u00e1 outras provid\u00eancias\u201d<\/a><\/li>\n\t\t<li class=\"wsp-post\"><a href=\"https:\/\/saobernardo.ma.gov.br\/transparencia\/portarias\/portaria-no-337-de-i2-de-julho-de-2022-resolve-nomear-para-responder-interinamente-pela-secretaria-municipal-de-juventude-mulheres-e-minorias-o-sr-afranio-coelho-amorim\/\">PORTARIA N\u00ba 337, DE ,I2 DE JULHO DE 2022 &#8211; RESOLVE NOMEAR, para responder interinamente, pela Secretaria Municipal de Juventude, Mulheres e Minorias, o Sr. AFRANIO CO\u00caLHO AMORIM<\/a><\/li>\n\t\t<li class=\"wsp-post\"><a href=\"https:\/\/saobernardo.ma.gov.br\/transparencia\/portarias\/portaria-no-336-de-12-de-julho-de-2022-resolve-nomear-para-o-cargo-em-comissao-de-tesoureiro-geral-dans-da-secretaria-municipal-da-fazenda-o-sr-manoel-de-jesus-silva-de-sousa\/\">PORTARIA N\u00ba  336, DE 12 DE JULHO DE 2022 &#8211; RESOLVE NOMEAR, para o Cargo em Comiss\u00e3o de Tesoureiro Geral &#8211; DANS, da Secretaria Municipal da Fazenda, o Sr. MANOEL DE JESUS SILVA DE SOUSA,<\/a><\/li>\n\t\t<li class=\"wsp-post\"><a href=\"https:\/\/saobernardo.ma.gov.br\/transparencia\/portarias\/portaria-no-335-de-12-de-julho-de-2022-resolve-art-10-nomear-para-responder-interinamente-pela-secretaria-municipal-de-gestao-o-sr-ronaldo-de-oliveira-sousa\/\">PORTARIA N\u00ba 335, DE 12 DE JULHO DE 2022 &#8211; RESOLVE NOMEAR, para responder interinamente, pela Secretaria Municipal de Gest\u00e3o, o Sr. RONALDO DE OLIVEIRA SOUSA<\/a><\/li>\n\t\t<li class=\"wsp-post\"><a href=\"https:\/\/saobernardo.ma.gov.br\/transparencia\/portarias\/portaria-no-334-de-12-de-julho-de-2022-resolve-exonerar-a-pedido-do-cargo-em-comissao-de-secretario-municipal-dga-da-secretaria-municipal-de-gestao-o-sr-manoel-de-jesus-silva-de-sousa\/\">PORTARIA N\u00ba 334, DE 12 DE JULHO DE 2022 &#8211; RESOLVE EXONERAR a pedido, do Cargo em Comiss\u00e3o de Secret\u00e1rio Municipal &#8211; DGA, da Secretaria Municipal de Gest\u00e3o, o Sr. MANOEL DE JESUS SILVA DE SOUSA<\/a><\/li>\n\t\t<li class=\"wsp-post\"><a href=\"https:\/\/saobernardo.ma.gov.br\/transparencia\/portarias\/portaria-no-333-de-12-de-julho-de-2022-resolve-art-1o-exonerar-a-pedido-do-cargo-em-comissao-de-tesoureiro-geral-dans-da-secretaria-municipal-da-fazenda-o-sr-izaniel-cutrim-bogea\/\">PORTARIA N\u00ba 333, DE 12 DE JULHO DE 2022 &#8211; RESOLVE EXONERAR a pedido, do Cargo em Comiss\u00e3o de Tesoureiro Geral &#8211; DANS, da Secretaria Municipal da Fazenda, o Sr. IZANIEL CUTRIM BOGEA<\/a><\/li>\n\t\t<li class=\"wsp-post\"><a href=\"https:\/\/saobernardo.ma.gov.br\/transparencia\/portarias\/portaria-no-332-de-01-de-julho-de-2022-resolve-nomear-interinamente-para-o-cargo-em-comissao-interina-de-coordenadora-da-gestao-suas-da-atencao-social-e-basica-dans-da-secretaria-municipal-de-a\/\">PORTARIA N\u00ba 332, DE 01 DE JULHO DE 2022 &#8211; RESOLVE NOMEAR INTERINAMENTE, para o Cargo em Comiss\u00e3o Interina de Coordenadora da Gest\u00e3o Suas da Aten\u00e7\u00e3o Social e B\u00e1sica &#8211; DANS, da Secretaria Municipal de Assist\u00eancia Social, a Sra. EDLA COSTA CARVALHO MAGALH\u00c3ES<\/a><\/li>\n\t\t<li class=\"wsp-post\"><a href=\"https:\/\/saobernardo.ma.gov.br\/transparencia\/portarias\/portaria-no-331-de-01-de-julho-de-2022-resolve-nomear-para-o-cargo-em-comissao-de-assessor-pedagogico-nivel-i-dans-da-secretaria-municipal-de-educacao-a-sra-edila-costa-carvalho\/\">PORTARIA N\u00ba 331, DE 01 DE JULHO DE 2022 &#8211; RESOLVE NOMEAR, para o Cargo em Comiss\u00e3o de Assessor Pedag\u00f3gico N\u00edvel I \u2013 DANS, da Secretaria Municipal de Educa\u00e7\u00e3o, a Sra. EDLA COSTA CARVALHO MAGALH\u00c3ES<\/a><\/li>\n\t\t<li class=\"wsp-post\"><a href=\"https:\/\/saobernardo.ma.gov.br\/transparencia\/portarias\/portaria-no330-de-30-de-junho-de-2022-resolve-exonerar-do-cargo-em-comissao-de-coordenador-da-gestao-suas-da-atencao-social-e-basica-dans-da-secretaria-municipal-de-assistencia-social\/\">PORTARIA N\u00ba330, DE 30 DE JUNHO DE 2022 &#8211; RESOLVE EXONERAR, do Cargo em Comiss\u00e3o de Coordenador da Gest\u00e3o Suas da Aten\u00e7\u00e3o Social e B\u00e1sica \u2013 DANS, da Secretaria Municipal de Assist\u00eancia Social, a Sra. EDILA COSTA CARVALHO<\/a><\/li>\n\t\t<li class=\"wsp-post\"><a href=\"https:\/\/saobernardo.ma.gov.br\/transparencia\/portarias\/portaria-no-329-de-30-de-junho-de-2022-resolve-nomear-para-o-cargo-em-comissao-de-assessor-pedagogico-nivel-i-dans-da-secretaria-municipal-de-educacao-o-sr-rafael-batista-carvalho-macedo\/\">PORTARIA N\u00ba 329, DE 30 DE JUNHO DE 2022 &#8211; RESOLVE NOMEAR, para o Cargo em Comiss\u00e3o de Assessor Pedag\u00f3gico N\u00edvel I &#8211; DANS, da Secretaria Municipal de Educa\u00e7\u00e3o, o Sr. RAFAEL BATISTA CARVALHO MACEDO<\/a><\/li>\n\t\t<li class=\"wsp-post\"><a href=\"https:\/\/saobernardo.ma.gov.br\/transparencia\/portarias\/portaria-no-328-de-30-junho-de-2022-resolve-nomear-para-o-cargo-em-comissao-de-assessor-pedagogico-nivel-iii-dai-da-secretaria-municipal-de-educacao-o-sr-andre-filipe-portela-lima\/\">PORTARIA N\u00ba 328, DE 30 JUNHO DE 2022 &#8211; RESOLVE NOMEAR, para o Cargo em Comiss\u00e3o de Assessor Pedag\u00f3gico N\u00edvel III &#8211; DAI, da Secretaria Municipal de Educa\u00e7\u00e3o, o Sr. ANDR\u00c9 FILIPE PORTELA LIMA<\/a><\/li>\n\t\t<li class=\"wsp-post\"><a href=\"https:\/\/saobernardo.ma.gov.br\/transparencia\/portarias\/portaria-no-327-de-30-de-junho-de-2022-resolve-exonerar-do-cargo-em-comissao-de-assessor-especial-nivel-iii-dai-da-secretaria-municipal-de-cidadania-e-direitos-humanos-o-sr-andre-filipe-porte\/\">PORTARIA N\u00ba 327, DE 30 DE JUNHO DE 2022 &#8211; RESOLVE EXONERAR, do Cargo em Comiss\u00e3o de Assessor Especial N\u00edvel III &#8211; DAI, da Secretaria Municipal de Cidadania e Direitos Humanos, o Sr. ANDR\u00c9 FILIPE PORTELA LIMA<\/a><\/li>\n\t\t<li class=\"wsp-post\"><a href=\"https:\/\/saobernardo.ma.gov.br\/transparencia\/portarias\/portaria-no-326-de-30-de-junho-de-2022-resolve-nomear-para-o-cargo-em-comissao-de-assessor-pedagogico-nivel-i-dans-da-secretaria-municipal-de-educacao-o-sr-marcos-gildane-de-araujo-barros\/\">PORTARIA N\u00ba 326, DE 30 DE JUNHO DE 2022 &#8211; RESOLVE NOMEAR, para o Cargo em Comiss\u00e3o de Assessor Pedag\u00f3gico N\u00edvel I &#8211; DANS, da Secretaria Municipal de Educa\u00e7\u00e3o, o Sr. MARCOS GILDANE DE ARAUJO BARROS<\/a><\/li>\n\t\t<li class=\"wsp-post\"><a href=\"https:\/\/saobernardo.ma.gov.br\/transparencia\/portarias\/portaria-no-325-de-23-de-junho-de-2022-resolve-nomear-para-o-cargo-em-comissao-de-assessor-especial-nivel-ii-dai-do-gabinete-do-prefeito-municipal-a-sra-antonia-valdira-braga-oliveira\/\">PORTARIA N\u00ba 325, DE 23 DE JUNHO DE 2022 &#8211; RESOLVE NOMEAR, para o Cargo em Comiss\u00e3o de Assessor Especial N\u00edvel II &#8211; DAI, do Gabinete do Prefeito Municipal, a Sra. ANTONIA VALDIRA BRAGA OLIVEIRA<\/a><\/li>\n\t\t<li class=\"wsp-post\"><a href=\"https:\/\/saobernardo.ma.gov.br\/transparencia\/portarias\/portaria-no-324-de-23-de-junho-de-2022-resolve-nomear-para-o-cargo-em-comissao-de-chefe-do-departamento-de-fiscalizacao-de-ordem-e-postura-urbana-das-da-secretaria-municipal-de-urbanism\/\">PORTARIA N\u00ba 324, DE 23 DE JUNHO DE 2022 &#8211; RESOLVE NOMEAR, para o Cargo em Comiss\u00e3o de Chefe do Departamento de Fiscaliza\u00e7\u00e3o de Ordem e Postura Urbana \u2013 DAS, da Secretaria Municipal de Urbanismo e Servi\u00e7os P\u00fablicos, o Sr. ANTONIO JO\u00c3O MARTINS LOPES<\/a><\/li>\n\t\t<li class=\"wsp-post\"><a href=\"https:\/\/saobernardo.ma.gov.br\/transparencia\/portarias\/portaria-no-323-de-23-de-junho-de-2022-resolve-exonerar-do-cargo-em-comissao-de-assessor-especial-nivel-1-dans-do-gabinete-do-prefeito-municipal-o-sr-bernardo-antonio-dos-santos\/\">PORTARIA N\u00ba 323, DE 23 DE JUNHO DE 2022 &#8211; RESOLVE EXONERAR, do Cargo em Comiss\u00e3o de Assessor Especial N\u00edvel 1- DANS, do Gabinete do Prefeito Municipal, o Sr. BERNARDO ANTONIO DOS SANTOS<\/a><\/li>\n\t\t<li class=\"wsp-post\"><a href=\"https:\/\/saobernardo.ma.gov.br\/transparencia\/portarias\/portaria-no-322-de-21-de-junho-de-2022-resolve-nomear-para-o-cargo-em-comissao-de-diretor-escolar-da-escola-municipal-instituto-educacional-conego-nestor-de-carvalho-cunha-a-sra-lucelia-dos-sant\/\">PORTARIA N\u00ba 322, DE 21 DE JUNHO DE 2022 &#8211; RESOLVE NOMEAR, para o Cargo em Comiss\u00e3o de Diretor Escolar da Escola Municipal Instituto Educacional C\u00f4nego Nestor de Carvalho Cunha, a Sra. LUCELIA DOS SANTOS SOUZA<\/a><\/li>\n\t\t<li class=\"wsp-post\"><a href=\"https:\/\/saobernardo.ma.gov.br\/transparencia\/portarias\/portaria-no321-de-21-de-junho-de-2022-resolve-nomear-para-o-cargo-em-comissao-de-diretor-escolar-da-escola-municipal-nilza-coelho-lima-a-sra-nayra-aline-varanda-spindula\/\">PORTARIA N\u00ba321, DE 21 DE JUNHO DE 2022 &#8211; RESOLVE NOMEAR, para o Cargo em Comiss\u00e3o de Diretor Escolar da Escola Municipal Nilza Coelho Lima, a Sra. NAYRA AL\u00cdNE VARANDA SPINDULA<\/a><\/li>\n\t\t<li class=\"wsp-post\"><a href=\"https:\/\/saobernardo.ma.gov.br\/transparencia\/portarias\/portaria-no-320-de-21-de-junho-de-2022-resolve-nomear-para-o-cargo-em-comissao-de-assessor-tecnico-administrativo-dai-1-da-procuradoria-geral-do-municipio-a-sra-gabriela-carvalho-si\/\">PORTARIA N\u00ba 320, DE 21 DE JUNHO DE 2022 &#8211; RESOLVE NOMEAR, para o Cargo em Comiss\u00e3o de Assessor T\u00e9cnico Administrativo \u2013 DAI &#8211; 1, da Procuradoria Geral do Munic\u00edpio, a Sra. GABRIELA CARVALHO SILVA<\/a><\/li>\n\t\t<li class=\"wsp-post\"><a href=\"https:\/\/saobernardo.ma.gov.br\/transparencia\/portarias\/portaria-no-319-de-16-de-junho-de-2022-resolve-nomear-para-o-cargo-em-comissao-de-secretario-escolar-dai-1-da-escola-municipal-paulo-freire-o-sr-romulo-melo-de-sousa\/\">PORTARIA N\u00ba 319, DE 16 DE JUNHO DE 2022 &#8211; RESOLVE NOMEAR, para o Cargo em Comiss\u00e3o de Secret\u00e1rio Escolar \u2013 DAI \u2013 1, da Escola Municipal Paulo Freire, o Sr. ROMULO MELO DE SOUSA<\/a><\/li>\n\t\t<li class=\"wsp-post\"><a href=\"https:\/\/saobernardo.ma.gov.br\/transparencia\/portarias\/portaria-cgm-pmsb-no-01-2022-dispoe-sobre-a-instalacao-de-sindicancia-e-da-outras-providencias\/\">PORTARIA \/CGM\/PMSB N\u00ba 01\/2022 &#8211; DISP\u00d5E SOBRE A INSTALA\u00c7AO DE SINDIC\u00c2NCIA E D\u00c1 OUTRAS PROVID\u00caNCIAS.<\/a><\/li>\n\t\t<li class=\"wsp-post\"><a href=\"https:\/\/saobernardo.ma.gov.br\/transparencia\/portarias\/portaria-no-318-de-15-de-junho-de-2022-resolve-nomear-para-o-cargo-em-comissao-de-diretor-adjunto-da-escola-municipal-paulo-freire-a-sra-regislene-araujo-meireles\/\">PORTARIA N\u00ba 318, DE 15 DE JUNHO DE 2022 &#8211; RESOLVE NOMEAR, para o Cargo em Comiss\u00e3o de Diretor Adjunto, da Escola Municipal Paulo Freire, a Sra. REGISLENE ARAUJO MEIRELES<\/a><\/li>\n\t\t<li class=\"wsp-post\"><a href=\"https:\/\/saobernardo.ma.gov.br\/transparencia\/portarias\/portaria-no-317-de-15-de-junho-de-2022-resolve-nomear-para-o-cargo-em-comissao-de-diretor-escolar-da-escola-municipal-paulo-freire-a-sra-antonia-maria-lima-dos-santos\/\">PORTARIA N\u00ba 317, DE 15 DE JUNHO DE 2022 &#8211; RESOLVE NOMEAR, para o Cargo em Comiss\u00e3o de Diretor Escolar da Escola Municipal Paulo Freire, a Sra. ANTONIA MARIA LIMA DOS SANTOS<\/a><\/li>\n\t\t<li class=\"wsp-post\"><a href=\"https:\/\/saobernardo.ma.gov.br\/transparencia\/portarias\/portaria-no-316-de-15-de-junho-de-2022-resolve-nomear-para-o-cargo-em-comissao-de-coordenadora-pedagogica-das-da-escola-municipal-paulo-freire-a-sra-kawany-victorya-almeida-dos-santos\/\">PORTARIA N\u00ba 316, DE 15 DE JUNHO DE 2022 &#8211; RESOLVE NOMEAR, para o Cargo em Comiss\u00e3o de Coordenadora Pedag\u00f3gica &#8211; DAS, da Escola Municipal Paulo Freire, a Sra. KAWANY VICTORYA ALMEIDA DOS SANTOS<\/a><\/li>\n\t\t<li class=\"wsp-post\"><a href=\"https:\/\/saobernardo.ma.gov.br\/transparencia\/portarias\/portaria-no-315-de-14-de-junho-de-2022-resolve-fica-cedida-a-servidora-publica-municipal-de-cargo-efetivo-de-professora-de-lingua-portuguesa-da-secretaria-municipal-de-educacao-a-sra-jeane-ol\/\">PORTARIA N\u00ba 315, DE 14 DE JUNHO DE 2022 &#8211; RESOLVE &#8211;  FICA cedida a Servidora P\u00fablica Municipal de Cargo Efetivo de Professora de L\u00edngua Portuguesa, da Secretaria Municipal de Educa\u00e7\u00e3o, a Sra. JEANE OLIVEIRA DA SILVA<\/a><\/li>\n\t\t<li class=\"wsp-post\"><a href=\"https:\/\/saobernardo.ma.gov.br\/transparencia\/portarias\/portaria-no-314-de-14-de-junho-de-2022-resolve-exonerar-do-cargo-em-comissao-de-diretor-escolar-da-escola-municipal-paulo-freire-sra-regina-lucia-de-sousa-meireles\/\">PORTARIA N\u00ba 314, DE 14 DE JUNHO DE 2022 &#8211; RESOLVE EXONERAR, do  Cargo em Comiss\u00e3o de Diretor Escolar, da  Escola Municipal Paulo Freire,  Sra. REGINA LUCIA DE SOUSA MEIRELES<\/a><\/li>\n\t\t<li class=\"wsp-post\"><a href=\"https:\/\/saobernardo.ma.gov.br\/transparencia\/portarias\/portaria-no-313-de-14-de-junho-de-2022-resolve-exonerar-do-cargo-em-comissao-de-diretor-adjunto-da-escola-municipal-paulo-freire-o-sra-antonia-maria-lima-dos-santos\/\">PORTARIA N\u00ba 313, DE 14 DE JUNHO DE 2022 &#8211; RESOLVE EXONERAR, do Cargo em Comiss\u00e3o de Diretor Adjunto da Escola Municipal Paulo Freire, o Sra. ANTONIA MARIA LIMA DOS SANTOS<\/a><\/li>\n\t\t<li class=\"wsp-post\"><a href=\"https:\/\/saobernardo.ma.gov.br\/transparencia\/portarias\/portaria-no-312-de-14-de-junho-de-2022-resolve-exonerar-do-cargo-em-comissao-de-inspetor-escolar-dai-da-escola-municipal-professora-maria-de-lourdes-serra-a-sra-kawany-victorya-almeida-dos-sa\/\">PORTARIA N\u00ba 312, DE 14 DE JUNHO DE 2022 &#8211; RESOLVE EXONERAR, do Cargo em Comiss\u00e3o de Inspetor Escolar &#8211; DAI, da Escola Municipal Professora Maria de Lourdes Serra, a Sra. KAWANY VICTORYA ALMEIDA DOS SANTOS<\/a><\/li>\n\t\t<li class=\"wsp-post\"><a href=\"https:\/\/saobernardo.ma.gov.br\/transparencia\/portarias\/portaria-no-311-de-10-de-junho-de-2022-resolve-nomear-para-o-cargo-em-comissao-de-chefe-do-departamento-de-urbanizacao-e-paisagismo-das-da-secretaria-municipal-de-urbanismo-e-servicos-publicos\/\">PORTARIA N\u00ba 311, DE 10 DE JUNHO DE 2022 &#8211; RESOLVE  NOMEAR, para o Cargo em comiss\u00e3o de Chefe do Departamento de Urbaniza\u00e7\u00e3o e Paisagismo &#8211; DAS, da Secretaria Municipal de Urbanismo e Servi\u00e7os P\u00fablicos, o Sr. ROMULO CARVALHO SILVA<\/a><\/li>\n\t\t<li class=\"wsp-post\"><a href=\"https:\/\/saobernardo.ma.gov.br\/transparencia\/portarias\/portaria-no-310-de-07-de-junho-de-2022-resolve-nomear-para-o-cargo-em-comissao-de-assessora-tecnico-administrativo-dai-1-da-secretaria-municipal-de-gestao-a-sra-jeane-oliveira-da-si\/\">PORTARIA N\u00ba 310, DE 07 DE JUNHO DE 2022 &#8211; RESOLVE NOMEAR, para o Cargo em Comiss\u00e3o de Assessora T\u00e9cnico Administrativo \u2013 Dai &#8211; 1, da Secretaria Municipal de Gest\u00e3o, a Sra. JEANE OLIVEIRA DA SILVA<\/a><\/li>\n\t\t<li class=\"wsp-post\"><a href=\"https:\/\/saobernardo.ma.gov.br\/transparencia\/portarias\/portaria-no-309-de-06-de-junho-de-2022-resolve-nomear-para-o-cargo-em-comissao-de-assessor-especial-nivel-iii-dai-da-secretaria-municipal-de-cidadania-e-direitos-humanos-o-sr-andre-f\/\">PORTARIA N\u00ba 309, DE 06 DE JUNHO DE 2022 &#8211; RESOLVE NOMEAR, para o Cargo em Comiss\u00e3o de Assessor Especial N\u00edvel  III \u2013 DAI, da Secretaria Municipal de Cidadania e Direitos Humanos, o Sr. Andr\u00e9 Filipe  Portela Lima<\/a><\/li>\n\t\t<li class=\"wsp-post\"><a href=\"https:\/\/saobernardo.ma.gov.br\/transparencia\/portarias\/portaria-no-308-de-06-de-junho-de-2022-resolve-nomear-para-o-cargo-em-comissao-de-assessor-juridico-das-da-secretaria-municipal-de-juventude-mulheres-e-minorias-o-sr-eder-oliveira-ferreira\/\">PORTARIA N\u00ba 308, DE 06 DE JUNHO DE 2022 &#8211; RESOLVE NOMEAR, para o Cargo em Comiss\u00e3o de Assessor Jur\u00eddico &#8211; DAS, da Secretaria Municipal de Juventude, Mulheres e Minorias, o Sr. \u00c9der Oliveira  Ferreira de Sousa<\/a><\/li>\n\t\t<li class=\"wsp-post\"><a href=\"https:\/\/saobernardo.ma.gov.br\/transparencia\/portarias\/portaria-no-307-de-06-de-junho-de-2022-resolve-nomear-para-o-cargo-em-comissao-de-coordenadora-de-promocao-e-desenvolvimento-de-politicas-publicas-para-juventude-mulheres-e-minorias-d\/\">PORTARIA N\u00ba 307, DE 06 DE JUNHO DE 2022 &#8211; RESOLVE NOMEAR, para o Cargo em Comiss\u00e3o de Coordenadora de  Promo\u00e7\u00e3o e Desenvolvimento de Pol\u00edticas P\u00fablicas para Juventude, Mulheres e  Minorias \u2013 DANS da Secretaria Municipal de Juventude, Mulheres e Minorias, a Sra.  Jassyane Silva Candeira<\/a><\/li>\n\t\t<li class=\"wsp-post\"><a href=\"https:\/\/saobernardo.ma.gov.br\/transparencia\/portarias\/portaria-no-306-de-06-de-junho-de-2022-resolve-nomear-para-o-cargo-em-comissao-de-assessor-tecnico-administrativo-dai-1-da-secretaria-municipal-de-cidadania-e-direitos-humanos-a-sra-a\/\">PORTARIA N\u00ba 306, DE 06 DE JUNHO DE 2022 &#8211; RESOLVE NOMEAR, para o Cargo em Comiss\u00e3o de Assessor T\u00e9cnico Administrativo \u2013 DAI 1, da Secretaria Municipal de Cidadania e Direitos Humanos, a Sra. Ana Paula de Sousa Ara\u00fajo<\/a><\/li>\n\t\t<li class=\"wsp-post\"><a href=\"https:\/\/saobernardo.ma.gov.br\/transparencia\/portarias\/portaria-no-305-de-06-de-junho-de-2022-resolve-nomear-para-o-cargo-em-comissao-de-chefe-de-departamento-de-expedicao-de-documentos-dai-da-secretaria-municipal-de-cidadania-e-direitos-hu\/\">PORTARIA N\u00ba 305, DE 06 DE JUNHO DE 2022 &#8211; RESOLVE NOMEAR, para o Cargo em Comiss\u00e3o de Chefe de Departamento de Expedi\u00e7\u00e3o de Documentos \u2013 DAI, da Secretaria Municipal de Cidadania e Direitos Humanos, a Sra. Rosana Silva Santos<\/a><\/li>\n\t\t<li class=\"wsp-post\"><a href=\"https:\/\/saobernardo.ma.gov.br\/transparencia\/portarias\/portaria-no-304-de-06-de-junho-de-2022\/\">PORTARIA N\u00ba 304, DE 06 DE JUNHO DE 2022 &#8211; RESOLVE NOMEAR, para o Cargo em Comiss\u00e3o de Chefe de Departamento da Junta Militar &#8211; DAI, da Secretaria Municipal de Cidadania e Direitos Humanos, a Sra. Ana Cl\u00e1udia Sousa dos Santos<\/a><\/li>\n\t\t<li class=\"wsp-post\"><a href=\"https:\/\/saobernardo.ma.gov.br\/transparencia\/portarias\/portaria-no-303-de-06-de-junho-de-2022-resolve-nomear-para-o-cargo-em-comissao-de-assessor-juridico-dans-da-secretaria-municipal-de-cidadania-e-direitos-humanos-o-sr-leonardo-da-vicci-costa-m\/\">PORTARIA N\u00ba 303, DE 06 DE JUNHO DE 2022 &#8211; RESOLVE NOMEAR, para o Cargo em Comiss\u00e3o de Assessor Jur\u00eddico &#8211; DAS, da Secretaria Municipal de Cidadania e Direitos Humanos, o Sr. LEONARDO DA VICCI COSTA MONTEIRO<\/a><\/li>\n\t\t<li class=\"wsp-post\"><a href=\"https:\/\/saobernardo.ma.gov.br\/transparencia\/portarias\/portaria-no302-de-06-de-junho-de-2022-resolve-nomear-para-o-cargo-em-comissao-de-assessor-especial-nivel-iii-dai-1-da-secretaria-municipal-de-abastecimento-e-recursos-hidricos-semarh-o-sr-fra\/\">PORTARIA N\u00ba302, DE 06 DE JUNHO DE 2022 &#8211; RESOLVE NOMEAR, para o Cargo em Comiss\u00e3o de Assessor Especial N\u00edvel III DAI-1, da Secretaria Municipal de Abastecimento e Recursos H\u00eddricos &#8211; SEMARH, o Sr. FRANCISCO DE ASSIS DOS SANTOS BRITO<\/a><\/li>\n\t\t<li class=\"wsp-post\"><a href=\"https:\/\/saobernardo.ma.gov.br\/transparencia\/portarias\/portaria-no-301-de-06-de-junho-de-2022-resolve-nomear-para-o-cargo-em-comissao-de-assessor-especial-nivel-iii-dai-1-da-secretaria-municipal-de-abastecimento-e-recursos-hidricos-semarh\/\">PORTARIA N\u00ba 301, DE 06 DE JUNHO DE 2022 &#8211; RESOLVE NOMEAR, para o Cargo em Comiss\u00e3o de Assessor Especial N\u00edvel III \u2013 DAI-1, da Secretaria Municipal de Abastecimento e Recursos H\u00eddricos- SEMARH, o Sr. JOSE DOS SANTOS PEREIRA<\/a><\/li>\n\t\t<li class=\"wsp-post\"><a href=\"https:\/\/saobernardo.ma.gov.br\/transparencia\/portarias\/portaria-no-300-de-06-de-junho-de-2022-resolve-nomear-para-o-cargo-em-comissao-de-chefe-do-departamento-de-almoxarifado-e-suprimentos-dai-da-secretaria-municipal-de-abastecimento-e-recursos-hi\/\">PORTARIA N\u00ba 300, DE 06 DE JUNHO DE 2022 &#8211; RESOLVE NOMEAR, para o Cargo em Comiss\u00e3o de Chefe do Departamento de Almoxarifado e Suprimentos &#8211; DAI, da Secretaria Municipal de Abastecimento  e Recursos h\u00eddricos &#8211; SMARH, o Sr. JULIMAR DUARTE VIEIRA SOBRINHO<\/a><\/li>\n\t\t<li class=\"wsp-post\"><a href=\"https:\/\/saobernardo.ma.gov.br\/transparencia\/portarias\/portaria-no-299-de-06-de-junho-de-2022-resolve-nomear-para-o-cargo-em-comissao-de-chefe-do-departamento-de-recursos-hidricos-dai-da-secretaria-municipal-de-abastecimento-e-recursos-hidricos-se\/\">PORTARIA N\u00ba 299, DE 06 DE JUNHO DE 2022 &#8211; RESOLVE NOMEAR, para o Cargo em Comiss\u00e3o de Chefe do Departamento de Recursos H\u00eddricos &#8211; DAI, da Secretaria Municipal de Abastecimento e Recursos H\u00eddricos- SEMARH, o Sr. LAILSON CUNHA DINIZ<\/a><\/li>\n\t\t<li class=\"wsp-post\"><a href=\"https:\/\/saobernardo.ma.gov.br\/transparencia\/portarias\/portaria-no-298-de-06-de-junho-de-2022-resolve-nomear-para-o-cargo-em-comissao-de-coordenador-de-planejamento-orcamento-e-avaliacao-das-da-secretaria-municipal-de-abastecimento-e-recursos-hidr\/\">PORTARIA N\u00ba 298, DE 06 DE JUNHO DE 2022 &#8211; RESOLVE NOMEAR, para o Cargo em Comiss\u00e3o de Coordenador de Planejamento, Or\u00e7amento e Avalia\u00e7\u00e3o &#8211; DAS, da Secretaria Municipal de Abastecimento e Recursos h\u00eddricos SEMARH, o Sr. JEFERSON PEREIRA<\/a><\/li>\n\t\t<li class=\"wsp-post\"><a href=\"https:\/\/saobernardo.ma.gov.br\/transparencia\/portarias\/portaria-no-297-de-03-de-junho-de-2022-resolve-nomear-para-o-cargo-em-comissao-de-assessora-especial-nivel-ii-dai-do-gabinete-da-vice-prefeita-municipal-estrutura-organizacional-do-po\/\">PORTARIA N\u00ba 297, DE 03 DE JUNHO DE 2022 &#8211; RESOLVE NOMEAR, para o Cargo em Comiss\u00e3o de Assessora Especial N\u00edvel II \u2013 DAI, do Gabinete da Vice Prefeita Municipal &#8211; Estrutura Organizacional do Poder Executivo, a Sra. RENATA LIMA FERREIRA<\/a><\/li>\n\t\t<li class=\"wsp-post\"><a href=\"https:\/\/saobernardo.ma.gov.br\/transparencia\/portarias\/portaria-no-296-de-01-de-junho-de-2022-resolve-nomear-para-o-cargo-em-comissao-de-chefe-de-gabinete-dans-da-prefeitura-municipal-de-sao-bernardo-ma-a-sra-nara-lettycia-rocha-tomaz\/\">PORTARIA N\u00ba 296, DE 01 DE JUNHO DE 2022 &#8211; RESOLVE NOMEAR, para o Cargo em Comiss\u00e3o de Chefe de Gabinete \u2013 DANS, da Prefeitura Municipal de S\u00e3o Bernardo\/MA, a Sra. NARA LETTYCIA ROCHA TOMAZ<\/a><\/li>\n\t\t<li class=\"wsp-post\"><a href=\"https:\/\/saobernardo.ma.gov.br\/transparencia\/portarias\/portaria-no-295-de-01-de-junho-de-2022-nomear-servidores-para-compor-o-sim-servico-de-inspecao-municipal-e-da-outras-providencias\/\">PORTARIA N\u00ba 295, DE 01 DE JUNHO DE 2022 &#8211; \u201cNomear servidores para compor o SIM \u2013 Servi\u00e7o de Inspe\u00e7\u00e3o Municipal, e d\u00e1 outras provid\u00eancias.\u201d<\/a><\/li>\n\t\t<li class=\"wsp-post\"><a href=\"https:\/\/saobernardo.ma.gov.br\/transparencia\/portarias\/portaria-no-294-de-31-de-maio-de-2022-resolve-exonerar-do-cargo-em-comissao-de-assessora-tecnico-administrativo-dai-1-da-procuradoria-geral-do-municipio-a-sra-nara-lettycia-rocha-to\/\">PORTARIA N\u00ba 294, DE 31 DE MAIO DE 2022 &#8211; RESOLVE EXONERAR, do Cargo em Comiss\u00e3o de Assessora T\u00e9cnico Administrativo \u2013 DAI &#8211; 1, da Procuradoria Geral do Munic\u00edpio, a Sra. NARA LETTYCIA ROCHA TOMAZ<\/a><\/li>\n\t\t<li class=\"wsp-post\"><a href=\"https:\/\/saobernardo.ma.gov.br\/transparencia\/portarias\/portaria-no-293-de-26-de-maio-de-2022-resolve-nomear-para-o-cargo-em-comissao-de-secretario-escolar-dai-1-da-escola-municipal-santa-teresinha-a-sra-iara-da-silva-veras\/\">PORTARIA N\u00ba 293, DE 26 DE MAIO DE 2022 &#8211; RESOLVE NOMEAR, para o Cargo em Comiss\u00e3o de Secret\u00e1rio Escolar \u2013 DAI-1, da Escola Municipal Santa Teresinha, a Sra. IARA DA SILVA VERAS<\/a><\/li>\n\t\t<li class=\"wsp-post\"><a href=\"https:\/\/saobernardo.ma.gov.br\/transparencia\/portarias\/portaria-no-292-de-23-de-maio-de-2022-resolve-exonerar-a-pedido-do-cargo-em-comissao-de-assessor-pedagogico-nivel-iii-dai-da-secretaria-municipal-de-educacao-semecti-a-sra-maria-dio\/\">PORTARIA N\u00ba 292, DE 23 DE MAIO DE 2022 &#8211; RESOLVE EXONERAR, a pedido do Cargo em Comiss\u00e3o de Assessor Pedag\u00f3gico N\u00edvel III \u2013 DAI, da Secretaria Municipal de Educa\u00e7\u00e3o &#8211; SEMECTI, a Sra. MARIA DIONEIA SPINDOLA DAMASCENO<\/a><\/li>\n\t\t<li class=\"wsp-post\"><a href=\"https:\/\/saobernardo.ma.gov.br\/transparencia\/portarias\/portaria-no-291-de-19-de-maio-de-2022-resolve-nomear-para-o-cargo-em-comissao-de-assessor-pedagogico-nivel-iii-dai-da-secretaria-municipal-de-educacao-semecti-a-sra-anna-beatriz-de\/\">PORTARIA N\u00ba 291, DE 19 DE MAIO DE 2022 &#8211; RESOLVE NOMEAR, para o Cargo em Comiss\u00e3o de Assessor Pedag\u00f3gico N\u00edvel III \u2013 DAI, da Secretaria Municipal de Educa\u00e7\u00e3o &#8211; SEMECTI, a Sra. ANNA BEATRIZ DE ARA\u00daJO BACELAR LE\u00c3O<\/a><\/li>\n\t\t<li class=\"wsp-post\"><a href=\"https:\/\/saobernardo.ma.gov.br\/transparencia\/portarias\/portaria-no-290-de-19-de-maio-de-2022-dispoe-sobre-a-nomeacao-para-cargo-em-designacao-de-diretor-escolar-e-da-outras-providencias-resolve-nomear-para-o-cargo-em-designacao-de\/\">PORTARIA N\u00ba 290, DE 19 DE MAIO DE 2022 &#8211; RESOLVE NOMEAR, para o Cargo em Designa\u00e7\u00e3o de Diretor Escolar, da Unidade Integrada Professora C\u00e9lia Cristina Pereira dos Reis, a Sra. GEOVANA OLIVEIRA ARA\u00daJO<\/a><\/li>\n\t\t<li class=\"wsp-post\"><a href=\"https:\/\/saobernardo.ma.gov.br\/transparencia\/portarias\/portaria-no-289-de-12-de-maio-de-2022-dispoe-sobre-a-nomeacao-para-cargo-em-comissao-de-assessor-pedagogico-nivel-ii-da-secretaria-municipal-de-educacao-e-da-outras-providencias\/\">PORTARIA N\u00ba 289, DE 12 DE MAIO DE 2022 &#8211; RESOLVE NOMEAR, para o Cargo em Comiss\u00e3o de Assessor Pedag\u00f3gico N\u00edvel II \u2013 DAS, da Secretaria Municipal de Educa\u00e7\u00e3o &#8211; SEMECTI, a Sra. ROSIV\u00c2NIA ROCHA RODRIGUES<\/a><\/li>\n\t\t<li class=\"wsp-post\"><a href=\"https:\/\/saobernardo.ma.gov.br\/transparencia\/portarias\/portaria-no-288-de-11-de-maio-de-2022-dispoe-sobre-a-exoneracao-do-cargo-em-comissao-de-assessor-pedagogico-nivel-ii-da-secretaria-municipal-de-educacao-e-da-outras-providencias\/\">PORTARIA N\u00ba 288, DE 11 DE MAIO DE 2022 &#8211; RESOLVE &#8211; EXONERAR, a pedido do Cargo em Comiss\u00e3o de Assessor Pedag\u00f3gico N\u00edvel II \u2013 DAS, da Secretaria Municipal de Educa\u00e7\u00e3o &#8211; SEMECTI, a Sra. ROSICLEIDA ROCHA RODRIGUES<\/a><\/li>\n\t\t<li class=\"wsp-post\"><a href=\"https:\/\/saobernardo.ma.gov.br\/transparencia\/portarias\/portaria-no-286-de-03-de-maio-de-2022-dispoe-sobre-a-designacao-para-cargo-em-comissao-de-chefe-do-departamento-de-regularizacao-fundiaria-da-secretaria-municipal-de-obras-patrimonio\/\">PORTARIA N\u00ba 286, DE 03 DE MAIO DE 2022 &#8211; RESOLVE DESIGNAR, para o Cargo em comiss\u00e3o de Chefe do Departamento de Regulariza\u00e7\u00e3o Fundi\u00e1ria &#8211; DAS, da Secretaria Municipal de Municipal de Obras, Patrim\u00f4nio e Log\u00edstica, o Sr. BERNARDO EDSON CORREIA LIMA ARAUJO JUNIOR<\/a><\/li>\n\t\t<li class=\"wsp-post\"><a href=\"https:\/\/saobernardo.ma.gov.br\/transparencia\/portarias\/portaria-no-285-de-03-de-maio-de-2022-dispoe-sobre-a-nomeacao-para-cargo-em-comissao-de-chefe-do-departamento-administrativo-do-mercado-publico-e-feiras-livres-da-secretaria-municipal\/\">PORTARIA N\u00ba 285, DE 03 DE MAIO DE 2022 -RESOLVE NOMEAR, para o cargo em Comiss\u00e3o de Chefe Administrativo do Mercardo P\u00fablico e Feiras Livres &#8211; DAS, da Secretaria Municipal de Urbanismo e Servi\u00e7os P\u00fablicos, o Sr. BERNARDO CARVALHO ALMEIDA FILHO<\/a><\/li>\n\t\t<li class=\"wsp-post\"><a href=\"https:\/\/saobernardo.ma.gov.br\/transparencia\/portarias\/portaria-no-284-de-28-de-abril-de-2022-dispoe-sobre-a-nomeacao-para-cargo-em-comissao-de-assessor-especial-nivel-i-da-secretaria-municipal-de-saude-e-da-outras-providencias\/\">PORTARIA N\u00ba 284, DE 28 DE ABRIL DE 2022 &#8211; RESOLVE NOMEAR, para o Cargo em Comiss\u00e3o de Assessor Especial N\u00edvel I \u2013 DANS, da Secretaria Municipal de Sa\u00fade, o Sr(a). NOELIA CRISTINA COELHO SANTOS<\/a><\/li>\n\t\t<li class=\"wsp-post\"><a href=\"https:\/\/saobernardo.ma.gov.br\/transparencia\/portarias\/portaria-no-281-de-28-de-abril-de-2022-dispoe-sobre-a-nomeacao-para-cargo-em-comissao-de-chefe-do-departamento-de-suprimento-e-almoxarifado-da-secretaria-municipal-de-saude-e-da-outra\/\">PORTARIA N\u00ba 281, DE 28 DE ABRIL DE 2022 &#8211; RESOLVE NOMEAR, para o Cargo em Comiss\u00e3o de Chefe do Departamento de Suprimento e Almoxarifado \u2013 DAI, da Secretaria Municipal de Sa\u00fade, o Sr(a). FRANCISCO DAS CHAGAS GARCES SILVA<\/a><\/li>\n\t\t<li class=\"wsp-post\"><a href=\"https:\/\/saobernardo.ma.gov.br\/transparencia\/portarias\/portaria-no-280-de-28-de-abril-de-2022-dispoe-sobre-a-nomeacao-para-cargo-em-comissao-de-chefe-do-departamento-de-transportes-da-secretaria-municipal-de-saude-e-da-outras-providencias\/\">PORTARIA N\u00ba 280, DE 28 DE ABRIL DE 2022 &#8211; RESOLVE NOMEAR, para o Cargo em Comiss\u00e3o de Chefe do Departamento de Transportes \u2013 DAS, da Secretaria Municipal de Sa\u00fade, o Sr(a). ARIELDES GARCIA CANDEIRA<\/a><\/li>\n\t\t<li class=\"wsp-post\"><a href=\"https:\/\/saobernardo.ma.gov.br\/transparencia\/portarias\/portaria-no-279-de-28-de-abril-de-2022-dispoe-sobre-a-nomeacao-para-cargo-em-comissao-de-chefe-do-departamento-de-recursos-humanos-da-secretaria-municipal-de-saude-e-da-outras-provide\/\">PORTARIA N\u00ba 279, DE 28 DE ABRIL DE 2022 &#8211; RESOLVE NOMEAR, para o Cargo em Comiss\u00e3o de Chefe do Departamento de Recursos Humanos \u2013 DAS, da Secretaria Municipal de Sa\u00fade, o Sr(a). BRENDA LIRA NUNES<\/a><\/li>\n\t\t<li class=\"wsp-post\"><a href=\"https:\/\/saobernardo.ma.gov.br\/transparencia\/portarias\/portaria-no-278-de-28-de-abril-de-2022-dispoe-sobre-a-nomeacao-para-cargo-em-comissao-de-coordenador-do-programa-nucleo-de-apoio-a-saude-da-familia-nasf-da-secretaria-municipa\/\">PORTARIA N\u00ba 278, DE 28 DE ABRIL DE 2022 &#8211; RESOLVE NOMEAR, para o Cargo em Comiss\u00e3o de Coordenador do Programa N\u00facleo de Apoio a Sa\u00fade da Fam\u00edlia &#8211; NASF \u2013 DAS, da Secretaria Municipal de Sa\u00fade, o Sr(a). SANDRA MARIA RIBEIRO DA SILVA<\/a><\/li>\n\t\t<li class=\"wsp-post\"><a href=\"https:\/\/saobernardo.ma.gov.br\/transparencia\/portarias\/portaria-no-277-de-28-de-abril-de-2022-dispoe-sobre-a-nomeacao-para-cargo-em-comissao-de-coordenador-do-programa-saude-da-mulher-da-secretaria-municipal-de-saude-e-da-outras-providenc\/\">PORTARIA N\u00ba 277, DE 28 DE ABRIL DE 2022 &#8211; RESOLVE NOMEAR, para o Cargo em Comiss\u00e3o de Coordenador do Programa Sa\u00fade da Mulher \u2013 DAS, da Secretaria Municipal de Sa\u00fade, o Sr(a). NARA KAROLINNE SILVA CARVALHO<\/a><\/li>\n\t\t<li class=\"wsp-post\"><a href=\"https:\/\/saobernardo.ma.gov.br\/transparencia\/portarias\/portaria-no-276-de-28-de-abril-de-2022-dispoe-sobre-a-nomeacao-para-cargo-em-comissao-de-coordenador-do-programa-saude-bucal-da-secretaria-municipal-de-saude-e-da-outras-providencias\/\">PORTARIA N\u00ba 276, DE 28 DE ABRIL DE 2022 &#8211; RESOLVE NOMEAR, para o Cargo em Comiss\u00e3o de Coordenador do Programa Sa\u00fade Bucal \u2013 DAS, da Secretaria Municipal de Sa\u00fade, o Sr(a). HELENSHUANE ESCORCIO COSTA<\/a><\/li>\n\t\t<li class=\"wsp-post\"><a href=\"https:\/\/saobernardo.ma.gov.br\/transparencia\/portarias\/portaria-no-275-de-28-de-abril-de-2022-dispoe-sobre-a-nomeacao-para-cargo-em-comissao-de-coordenador-do-programa-de-saude-na-escola-pse-da-secretaria-municipal-de-saude-e-da-outras-p\/\">PORTARIA N\u00ba 275, DE 28 DE ABRIL DE 2022 &#8211; RESOLVE NOMEAR, para o Cargo em Comiss\u00e3o de Coordenador do Programa de Sa\u00fade na Escola PSE \u2013 DAS, da Secretaria Municipal de Sa\u00fade, o Sr(a). MARIA ILDENICE SILVA CUNHA<\/a><\/li>\n\t\t<li class=\"wsp-post\"><a href=\"https:\/\/saobernardo.ma.gov.br\/transparencia\/portarias\/portaria-no-274-de-28-de-abril-de-2022-dispoe-sobre-a-nomeacao-para-cargo-em-comissao-de-coordenador-do-programa-bolsa-familia-da-secretaria-municipal-de-saude-e-da-outras-providencia\/\">PORTARIA N\u00ba 274, DE 28 DE ABRIL DE 2022 &#8211; RESOLVE NOMEAR, para o Cargo em Comiss\u00e3o de Coordenador do Programa Bolsa Fam\u00edlia \u2013 DAS, da Secretaria Municipal de Sa\u00fade, o Sr(a). KAMAY SILVA RODRIGUES<\/a><\/li>\n\t\t<li class=\"wsp-post\"><a href=\"https:\/\/saobernardo.ma.gov.br\/transparencia\/portarias\/portaria-no-273-de-28-de-abril-de-2022-dispoe-sobre-a-nomeacao-para-cargo-em-comissao-de-coordenador-de-vigilancia-em-saude-da-secretaria-municipal-de-saude-e-da-outras-providencias\/\">PORTARIA N\u00ba 273, DE 28 DE ABRIL DE 2022 &#8211; RESOLVE NOMEAR, para o Cargo em Comiss\u00e3o de Coordenador de Vigil\u00e2ncia em Sa\u00fade \u2013 DANS, da Secretaria Municipal de Sa\u00fade, o Sr(a). LIVIA SILVA MONTEIRO<\/a><\/li>\n\t\t<li class=\"wsp-post\"><a href=\"https:\/\/saobernardo.ma.gov.br\/transparencia\/portarias\/portaria-no-272-de-28-de-abril-de-2022-dispoe-sobre-a-nomeacao-para-cargo-em-comissao-de-coordenador-do-programa-de-vigilancia-ambiental-da-secretaria-municipal-de-saude-e-da-outras-p\/\">PORTARIA N\u00ba 272, DE 28 DE ABRIL DE 2022 &#8211; RESOLVE NOMEAR, para o Cargo em Comiss\u00e3o de Coordenador do Programa de Vigil\u00e2ncia Ambiental \u2013 DAS, da Secretaria Municipal de Sa\u00fade, o Sr. FRANKLIN NELSON SILVA CASTRO<\/a><\/li>\n\t\t<li class=\"wsp-post\"><a href=\"https:\/\/saobernardo.ma.gov.br\/transparencia\/portarias\/portaria-no-271-de-28-de-abril-de-2022-dispoe-sobre-a-nomeacao-para-cargo-em-comissao-de-coordenador-do-programa-de-vigilancia-sanitaria-da-secretaria-municipal-de-saude-e-da-outras-p\/\">PORTARIA N\u00ba 271, DE 28 DE ABRIL DE 2022 &#8211; RESOLVE NOMEAR, para o Cargo em Comiss\u00e3o de Coordenador do Programa de Vigil\u00e2ncia Sanit\u00e1ria \u2013 DAS, da Secretaria Municipal de Sa\u00fade, o Sr(a). VANESSA CRISTINA DUAILIBE SOUSA<\/a><\/li>\n\t\t<li class=\"wsp-post\"><a href=\"https:\/\/saobernardo.ma.gov.br\/transparencia\/portarias\/portaria-no-270-de-28-de-abril-de-2022-dispoe-sobre-a-nomeacao-para-cargo-em-comissao-de-diretor-clinico-da-secretaria-municipal-de-saude-e-da-outras-providencias\/\">PORTARIA N\u00ba 270, DE 28 DE ABRIL DE 2022 &#8211; RESOLVE NOMEAR, para o Cargo em Comiss\u00e3o de Diretor Clinico \u2013 DAS, da Secretaria Municipal de Sa\u00fade, o Sr(a). ANTONIO JOS\u00c9 CARVALHO DUALIBE<\/a><\/li>\n\t\t<li class=\"wsp-post\"><a href=\"https:\/\/saobernardo.ma.gov.br\/transparencia\/portarias\/portaria-no-269-de-28-de-abril-de-2022-dispoe-sobre-a-nomeacao-para-cargo-em-comissao-de-coordenador-de-nutricao-da-secretaria-municipal-de-saude-e-da-outras-providencias\/\">PORTARIA N\u00ba 269, DE 28 DE ABRIL DE 2022 &#8211; RESOLVE NOMEAR, para o Cargo em Comiss\u00e3o de Coordenador de Nutri\u00e7\u00e3o \u2013 DAS, da Secretaria Municipal de Sa\u00fade, o Sr(a). CLECIA CRISTINA DA SILVA AIRES<\/a><\/li>\n\t\t<li class=\"wsp-post\"><a href=\"https:\/\/saobernardo.ma.gov.br\/transparencia\/portarias\/portaria-no-268-de-28-de-abril-de-2022-dispoe-sobre-a-nomeacao-para-cargo-em-comissao-de-diretor-geral-do-hospital-da-secretaria-municipal-de-saude-e-da-outras-providencias\/\">PORTARIA N\u00ba 268, DE 28 DE ABRIL DE 2022 &#8211; RESOLVE NOMEAR, para o Cargo em Comiss\u00e3o de Diretor Geral do Hospital \u2013 DANS, da Secretaria Municipal de Sa\u00fade, o Sr(a). ANA MARIA DOS REIS SANTOS<\/a><\/li>\n\t\t<li class=\"wsp-post\"><a href=\"https:\/\/saobernardo.ma.gov.br\/transparencia\/portarias\/portaria-no-267-de-28-de-abril-de-2022-dispoe-sobre-a-nomeacao-para-cargo-em-comissao-de-coordenador-de-planejamento-e-orcamento-da-secretaria-municipal-de-saude-e-da-outras-providenc\/\">PORTARIA N\u00ba 267, DE 28 DE ABRIL DE 2022 &#8211; RESOLVE NOMEAR, para o Cargo em Comiss\u00e3o de Coordenador de Planejamento e Or\u00e7amento \u2013 DANS, da Secretaria Municipal de Sa\u00fade, o Sr(a). EDILBERTO VIANA SILVA<\/a><\/li>\n\t\t<li class=\"wsp-post\"><a href=\"https:\/\/saobernardo.ma.gov.br\/transparencia\/portarias\/portaria-no-266-de-28-de-abril-de-2022-dispoe-sobre-a-nomeacao-para-cargo-em-comissao-de-coordenador-de-atencao-basica-da-secretaria-municipal-de-saude-e-da-outras-providencias\/\">PORTARIA N\u00ba 266, DE 28 DE ABRIL DE 2022 &#8211; RESOLVE NOMEAR, para o Cargo em Comiss\u00e3o de Coordenador de Aten\u00e7\u00e3o B\u00e1sica \u2013 DANS, da Secretaria Municipal de Sa\u00fade, o Sr(a). ALESSANDRA DE FREITAS FERREIRA<\/a><\/li>\n\t\t<li class=\"wsp-post\"><a href=\"https:\/\/saobernardo.ma.gov.br\/transparencia\/portarias\/portaria-no-265-de-27-de-abril-de-2022-dispoe-sobre-a-nomeacao-para-cargo-em-comissao-de-assessor-tecnico-administrativo-do-municipio-e-da-outras-providencias\/\">PORTARIA N\u00ba 265, DE 27 DE ABRIL DE 2022 &#8211; RESOLVE NOMEAR, para o Cargo em Comiss\u00e3o de Assessora T\u00e9cnico Administrativo \u2013 DAI &#8211; 1, da Procuradoria Geral do Munic\u00edpio, a Sa. ISABELLE SANTOS COSTA<\/a><\/li>\n\t\t<li class=\"wsp-post\"><a href=\"https:\/\/saobernardo.ma.gov.br\/transparencia\/portarias\/portaria-no-264-de-27-de-abril-de-2022-dispoe-sobre-a-nomeacao-para-cargo-em-comissao-de-assessor-tecnico-administrativo-do-municipio-e-da-outras-providencias\/\">PORTARIA N\u00ba 264, DE 27 DE ABRIL DE 2022 &#8211; RESOLVE NOMEAR, para o Cargo em Comiss\u00e3o de Assessora T\u00e9cnico Administrativo \u2013 DAI &#8211; 1, da Procuradoria Geral do Munic\u00edpio, a Sra. NARA LETTYCIA ROCHA TOMAZ<\/a><\/li>\n\t\t<li class=\"wsp-post\"><a href=\"https:\/\/saobernardo.ma.gov.br\/transparencia\/portarias\/portaria-no-263-de-12-de-abril-de-2022-dispoe-sobre-a-exoneracao-do-cargo-de-provimento-efetivo-de-professor-nivel-i-da-secretaria-municipal-de-educacao-da-estrutura-organizacional-da-prefeitu\/\">PORTARIA N\u00ba 263, DE 12 DE ABRIL DE 2022 &#8211; RESOLVE EXONERAR por aposentadoria, do Cargo de Provimento Efetivo de Professora N\u00edvel I, da Secretaria Municipal de Educa\u00e7\u00e3o, a Sr. FRANCISCA MARIA SILVA MONTEIRO<\/a><\/li>\n\t\t<li class=\"wsp-post\"><a href=\"https:\/\/saobernardo.ma.gov.br\/transparencia\/portarias\/portaria-no-262-de-08-de-abril-de-2022-dispoe-sobre-a-nomeacao-para-o-cargo-em-comissao-interina-de-coordenadora-de-recursos-humanos-da-secretaria-municipal-de-gestao-e-da-outras-prov\/\">PORTARIA N\u00ba 262, DE 08 DE ABRIL DE 2022 &#8211; RESOLVE NOMEAR, INTERINAMENTE, para o Cargo em Comiss\u00e3o de Coordenador(a) de Recursos Humanos &#8211; DANS, da Secretaria Municipal de Gest\u00e3o, a Sra. TH\u00c1TILA COSTA DOS SANTOS LIMA<\/a><\/li>\n\t\t<li class=\"wsp-post\"><a href=\"https:\/\/saobernardo.ma.gov.br\/transparencia\/portarias\/portaria-no-261-de-27-de-abril-de-2022-dispoe-sobre-a-nomeacao-para-cargo-em-comissao-de-coordenadora-de-recursos-humanos-da-secretaria-municipal-de-educacao-e-da-outras-providencias\/\">PORTARIA N\u00ba 261, DE 27 DE ABRIL DE 2022 &#8211; RESOLVE NOMEAR, para o Cargo em Comiss\u00e3o de Coordenadora de Recursos Humanos &#8211; DANS, da Secretaria Municipal de Educa\u00e7\u00e3o &#8211; SEMECTI, a Sra. TH\u00c1TILA COSTA DOS SANTOS<\/a><\/li>\n\t\t<li class=\"wsp-post\"><a href=\"https:\/\/saobernardo.ma.gov.br\/transparencia\/portarias\/portaria-no-260-de-27-de-abril-de-2022-dispoe-sobre-a-nomeacao-para-cargo-em-comissao-de-assessor-especial-nivel-iii-da-secretaria-municipal-do-meio-ambiente-e-da-outras-providencias\/\">PORTARIA N\u00ba 260, DE 27 DE ABRIL DE 2022 &#8211; RESOLVE NOMEAR, para o Cargo em Comiss\u00e3o de Assessor Especial N\u00edvel III \u2013 DAI-1, da Secretaria Municipal do Meio Ambiente, o Sr(a) MATHEUS LIMA DOS REIS SOUSA<\/a><\/li>\n\t\t<li class=\"wsp-post\"><a href=\"https:\/\/saobernardo.ma.gov.br\/transparencia\/portarias\/portaria-no-259-de-27-de-abril-de-2022-dispoe-sobre-a-nomeacao-para-cargo-em-comissao-de-chefe-do-departamento-de-licenciamento-ambiental-da-secretaria-municipal-do-meio-ambiente-e-da\/\">PORTARIA N\u00ba 259, DE 27 DE ABRIL DE 2022 &#8211; RESOLVE  NOMEAR, para o Cargo em Comiss\u00e3o de Chefe do Departamento de Licenciamento Ambiental \u2013 DAS, da Secretaria Municipal do Meio Ambiente, o Sr(a). JOS\u00c9 DE RIBAMAR MARINHO J\u00daNIOR<\/a><\/li>\n\t\t<li class=\"wsp-post\"><a href=\"https:\/\/saobernardo.ma.gov.br\/transparencia\/portarias\/portaria-no-258-de-27-de-abril-de-2022-dispoe-sobre-a-nomeacao-para-cargo-em-comissao-de-coordenador-de-gestao-e-fiscalizacao-ambiental-da-secretaria-municipal-do-meio-ambiente-e-da-ou\/\">PORTARIA N\u00ba 258, DE 27 DE ABRIL DE 2022. RESOLVE NOMEAR, para o Cargo em Comiss\u00e3o de Coordenador de Gest\u00e3o e Fiscaliza\u00e7\u00e3o Ambiental \u2013 DANS, da Secretaria Municipal do Meio Ambiente, o Sr(a). EDIMILSON DE ALMEIDA LIMA J\u00daNIOR<\/a><\/li>\n\t\t<li class=\"wsp-post\"><a href=\"https:\/\/saobernardo.ma.gov.br\/transparencia\/portarias\/portaria-no-257-de-27-de-abril-de-2022-dispoe-sobre-a-nomeacao-para-cargo-em-comissao-de-controlador-geral-da-controladoria-geral-do-municipio-e-da-outras-providencias\/\">PORTARIA N\u00ba 257, DE 27 DE ABRIL DE 2022 &#8211; RESOLVE NOMEAR, para o Cargo em Comiss\u00e3o de Controlador Geral &#8211; DGA, da Controladoria Geral do Munic\u00edpio, o Sr. AIRTON FREIRE DE SOUSA<\/a><\/li>\n\t\t<li class=\"wsp-post\"><a href=\"https:\/\/saobernardo.ma.gov.br\/transparencia\/portarias\/portaria-no-256-de-27-de-abril-de-2022-dispoe-sobre-a-nomeacao-para-cargo-em-comissao-de-chefe-de-departamento-de-auditoria-e-fiscalizacao-da-controladoria-geral-do-municipio-e-da-out\/\">PORTARIA N\u00ba 256, DE 27 DE ABRIL DE 2022 &#8211; RESOLVE NOMEAR, para o Cargo em Comiss\u00e3o de Chefe de Departamento de Auditoria e Fiscaliza\u00e7\u00e3o &#8211; DAS, da Controladoria Geral do Munic\u00edpio, a Sra. LUCIANA PEREIRA SILVA CUNHA<\/a><\/li>\n\t\t<li class=\"wsp-post\"><a href=\"https:\/\/saobernardo.ma.gov.br\/transparencia\/portarias\/portaria-no-255-de-27-de-abril-de-2022-dispoe-sobre-a-nomeacao-para-cargo-em-comissao-de-coordenador-de-recursos-humanos-de-assistencia-social-e-da-outras-providencias\/\">PORTARIA N\u00ba 255, DE 27 DE ABRIL DE 2022 &#8211; RESOLVE NOMEAR, para o Cargo em Comiss\u00e3o de Coordenador de Recursos Humanos &#8211; DAS, da Secretaria Municipal de Assist\u00eancia Social, o Sr(a). MOISES SOARES SILVA<\/a><\/li>\n\t\t<li class=\"wsp-post\"><a href=\"https:\/\/saobernardo.ma.gov.br\/transparencia\/portarias\/portaria-no-254-de-27-de-abril-de-2022-dispoe-sobre-a-nomeacao-para-cargo-em-comissao-de-coordenador-de-programa-creas-de-assistencia-social-e-da-outras-providencias\/\">PORTARIA N\u00ba 254, DE 27 DE ABRIL DE 2022 &#8211; RESOLVE NOMEAR, para o Cargo em Comiss\u00e3o de Coordenador de Programa CREAS &#8211; DAS, da Secretaria Municipal de Assist\u00eancia Social, o Sr(a). ELIANE MAYARA DE ANDRADE SILVA SOUSA<\/a><\/li>\n\t\t<li class=\"wsp-post\"><a href=\"https:\/\/saobernardo.ma.gov.br\/transparencia\/portarias\/portaria-no-253-de-27-de-abril-de-2022-dispoe-sobre-a-nomeacao-para-cargo-em-comissao-de-coordenador-de-programa-do-servico-de-convivencia-a-fortalecimento-de-vinculos-de-assistencia-s\/\">PORTARIA N\u00ba 253, DE 27 DE ABRIL DE 2022 &#8211; RESOLVE NOMEAR, para o Cargo em Comiss\u00e3o de Coordenador de Programa do Servi\u00e7o de Conviv\u00eancia a Fortalecimento de V\u00ednculos &#8211; DAS, da Secretaria Municipal de Assist\u00eancia Social, o Sr(a). SIMONE DE JESUS MAGALH\u00c3ES<\/a><\/li>\n\t\t<li class=\"wsp-post\"><a href=\"https:\/\/saobernardo.ma.gov.br\/transparencia\/portarias\/portaria-no-252-de-27-de-abril-de-2022-dispoe-sobre-a-nomeacao-para-cargo-em-comissao-de-coordenador-de-programa-cras-de-assistencia-social-e-da-outras-providencias\/\">PORTARIA N\u00ba 252, DE 27 DE ABRIL DE 2022 &#8211; RESOLVE NOMEAR, para o Cargo em Comiss\u00e3o de Coordenador de Programa CRAS &#8211; DAS, da Secretaria Municipal de Assist\u00eancia Social, o Sr(a). MARIA DE LOURDES SALES MIRANDA<\/a><\/li>\n\t\t<li class=\"wsp-post\"><a href=\"https:\/\/saobernardo.ma.gov.br\/transparencia\/portarias\/portaria-no-120-de-27-de-abril-de-2022-dispoe-sobre-a-nomeacao-para-cargo-em-comissao-de-coordenador-de-programa-pdde-da-secretaria-municipal-de-educacao-e-da-outras-providencias\/\">PORTARIA N\u00ba 120, DE 27 DE ABRIL DE 2022 &#8211; RESOLVE NOMEAR, para o Cargo em Comiss\u00e3o de Coordenador do Programa PDDE &#8211; DAS, na Secretaria Municipal de Educa\u00e7\u00e3o &#8211; SEMECTI, o Sr. GUMERCINDO ALVES DA COSTA JUNIOR<\/a><\/li>\n\t\t<li class=\"wsp-post\"><a href=\"https:\/\/saobernardo.ma.gov.br\/transparencia\/portarias\/portaria-no-119-de-27-de-abril-de-2022-dispoe-sobre-a-nomeacao-para-cargo-em-comissao-de-coordenador-de-programa-esporte-na-escola-da-secretaria-municipal-de-educacao-e-da-outras-provide\/\">PORTARIA N\u00ba 119, DE 27 DE ABRIL DE 2022 &#8211; RESOLVE NOMEAR, para o Cargo em Comiss\u00e3o de Coordenador do Programa Esporte na Escola &#8211; DAS, na Secretaria Municipal de Educa\u00e7\u00e3o &#8211; SEMECTI, o Sr. JOSE AUGUSTO GOMES BARROS<\/a><\/li>\n\t\t<li class=\"wsp-post\"><a href=\"https:\/\/saobernardo.ma.gov.br\/transparencia\/portarias\/portaria-no-118-de-27-de-abril-de-2022-dispoe-sobre-a-nomeacao-para-cargo-em-comissao-de-coordenador-de-programa-escola-aberta-da-secretaria-municipal-de-educacao-e-da-outras-providencias\/\">PORTARIA N\u00ba 118, DE 27 DE ABRIL DE 2022 &#8211; RESOLVE NOMEAR, para o Cargo em Comiss\u00e3o de Coordenador do Programa Escola Aberta &#8211; DAS, na Secretaria Municipal de Educa\u00e7\u00e3o &#8211; SEMECTI, a Sra. GISLAYNNE CRISTINA FERREIRA BRITO<\/a><\/li>\n\t\t<li class=\"wsp-post\"><a href=\"https:\/\/saobernardo.ma.gov.br\/transparencia\/portarias\/portaria-no-117-de-27-de-abril-de-2022-dispoe-sobre-a-designacao-para-cargo-em-comissao-coordenador-do-programa-saude-na-escola-da-secretaria-municipal-de-educacao-e-da-outras-providenci\/\">PORTARIA N\u00ba 117, DE 27 DE ABRIL DE 2022 &#8211; \u201cRESOLVE DESIGNAR, para o Cargo em Comiss\u00e3o de Coordenador do Programa de Sa\u00fade na Escola &#8211; DAS, na Secretaria Municipal de Educa\u00e7\u00e3o &#8211; SEMECTI, a Sra. ROSANGELA MARIA ROCHA OLIVEIRA<\/a><\/li>\n\t\t<li class=\"wsp-post\"><a href=\"https:\/\/saobernardo.ma.gov.br\/transparencia\/portarias\/portaria-no-116-de-27-de-abril-de-2022-dispoe-sobre-a-nomeacao-para-cargo-em-comissao-de-coordenador-pedagogico-da-secretaria-municipal-de-educacao-e-da-outras-providencias\/\">PORTARIA N\u00ba 116, DE 27 DE ABRIL DE 2022 &#8211; RESOLVE NOMEAR, para o Cargo em Comiss\u00e3o de Coordenador Pedag\u00f3gico \u2013 DAS, do Polo IFMA, o Sr. ISMAEL ARAUJO MONTEIRO<\/a><\/li>\n\t\t<li class=\"wsp-post\"><a href=\"https:\/\/saobernardo.ma.gov.br\/transparencia\/portarias\/portaria-no-115-de-27-de-abril-de-2022-dispoe-sobre-a-nomeacao-para-cargo-em-comissao-de-coordenador-pedagogico-da-secretaria-municipal-de-educacao-e-da-outras-providencias\/\">PORTARIA N\u00ba 115, DE 27 DE ABRIL DE 2022 &#8211; RESOLVE NOMEAR, para o Cargo em Comiss\u00e3o de Coordenador Pedag\u00f3gico \u2013 DAS, do Polo VII, a Sra. SELENE FERREIRA MACHADO<\/a><\/li>\n\t\t<li class=\"wsp-post\"><a href=\"https:\/\/saobernardo.ma.gov.br\/transparencia\/portarias\/portaria-no-114-de-27-de-abril-de-2022-dispoe-sobre-a-nomeacao-para-cargo-em-comissao-de-coordenador-pedagogico-da-secretaria-municipal-de-educacao-e-da-outras-providencias\/\">PORTARIA N\u00ba 114, DE 27 DE ABRIL DE 2022 &#8211; RESOLVE NOMEAR, para o Cargo em Comiss\u00e3o de Coordenador Pedag\u00f3gico \u2013 DAS, do Escola Municipal Monsenhor Mauricio Laurent, a Sra. SHEYSA VIEIRA PIMENTEL<\/a><\/li>\n\t\t<li class=\"wsp-post\"><a href=\"https:\/\/saobernardo.ma.gov.br\/transparencia\/portarias\/portaria-no-113-de-27-de-abril-de-2022-dispoe-sobre-a-nomeacao-para-cargo-em-comissao-de-coordenador-pedagogico-da-secretaria-municipal-de-educacao-e-da-outras-providencias\/\">PORTARIA N\u00ba 113, DE 27 DE ABRIL DE 2022 &#8211; RESOLVE NOMEAR, para o Cargo em Comiss\u00e3o de Coordenador Pedag\u00f3gico \u2013 DAS, da Unidade Integrada Juscelino Kubitschek, a Sra. REGILDA APRIGIO PAZ<\/a><\/li>\n\t\t<li class=\"wsp-post\"><a href=\"https:\/\/saobernardo.ma.gov.br\/transparencia\/portarias\/portaria-no-112-de-27-de-abril-de-2022-dispoe-sobre-a-nomeacao-para-cargo-em-comissao-de-coordenador-pedagogico-da-secretaria-municipal-de-educacao-e-da-outras-providencias\/\">PORTARIA N\u00ba 112, DE 27 DE ABRIL DE 2022 &#8211; RESOLVE NOMEAR, para o Cargo em Comiss\u00e3o de Coordenador Pedag\u00f3gico \u2013 DAS, da Escola Municipal Paulo Freire, a Sra. RAYANE ROCHA RODRIGUES<\/a><\/li>\n\t\t<li class=\"wsp-post\"><a href=\"https:\/\/saobernardo.ma.gov.br\/transparencia\/portarias\/portaria-no-111-de-27-de-abril-de-2022-dispoe-sobre-a-nomeacao-para-cargo-em-comissao-de-coordenador-pedagogico-da-secretaria-municipal-de-educacao-e-da-outras-providencias\/\">PORTARIA N\u00ba 111, DE 27 DE ABRIL DE 2022 &#8211; RESOLVE NOMEAR, para o Cargo em Comiss\u00e3o de Coordenador Pedag\u00f3gico \u2013 DAS, da Escola Municipal Raimundo Machado Filho, o Sr. MATHEUS SILVA COSTA<\/a><\/li>\n\t\t<li class=\"wsp-post\"><a href=\"https:\/\/saobernardo.ma.gov.br\/transparencia\/portarias\/portaria-no-110-de-27-de-abril-de-2022-dispoe-sobre-a-nomeacao-para-cargo-em-comissao-de-coordenador-pedagogico-da-secretaria-municipal-de-educacao-e-da-outras-providencias\/\">PORTARIA N\u00ba 110, DE 27 DE ABRIL DE 2022 &#8211; RESOLVE NOMEAR, para o Cargo em Comiss\u00e3o de Coordenador Pedag\u00f3gico \u2013 DAS, da Escola Municipal Francisco Marques da Silva, a Sra. MARIA ZITA PEREIRA DA COSTA<\/a><\/li>\n\t\t<li class=\"wsp-post\"><a href=\"https:\/\/saobernardo.ma.gov.br\/transparencia\/portarias\/portaria-no-109-de-27-de-abril-de-2022-dispoe-sobre-a-nomeacao-para-cargo-em-comissao-de-coordenador-pedagogico-da-secretaria-municipal-de-educacao-e-da-outras-providencias\/\">PORTARIA N\u00ba 109, DE 27 DE ABRIL DE 2022 &#8211; RESOLVE NOMEAR, para o Cargo em Comiss\u00e3o de Coordenador Pedag\u00f3gico \u2013 DAS, do Polo V, a Sra. MARIA VALDILENE SANTOS PEREIRA<\/a><\/li>\n\t\t<li class=\"wsp-post\"><a href=\"https:\/\/saobernardo.ma.gov.br\/transparencia\/portarias\/portaria-no-108-de-27-de-abril-de-2022-dispoe-sobre-a-nomeacao-para-cargo-em-comissao-de-coordenador-pedagogico-da-secretaria-municipal-de-educacao-e-da-outras-providencias\/\">PORTARIA N\u00ba 108, DE 27 DE ABRIL DE 2022 &#8211; RESOLVE NOMEAR, para o Cargo em Comiss\u00e3o de Coordenador Pedag\u00f3gico \u2013 DAS, do Polo II, a Sra. MARIA ROSIMAR TEIXEIRA DA SILVA<\/a><\/li>\n\t\t<li class=\"wsp-post\"><a href=\"https:\/\/saobernardo.ma.gov.br\/transparencia\/portarias\/portaria-no-107-de-27-de-abril-de-2022-dispoe-sobre-a-nomeacao-para-cargo-em-comissao-de-coordenador-pedagogico-da-secretaria-municipal-de-educacao-e-da-outras-providencias\/\">PORTARIA N\u00ba 107, DE 27 DE ABRIL DE 2022 &#8211; RESOLVE NOMEAR, para o Cargo em Comiss\u00e3o de Coordenador Pedag\u00f3gico \u2013 DAS, do Instituto Educacional C\u00f4nego Nestor, a Sra. MARIA DOS MILAGRES PONTES MENESES<\/a><\/li>\n\t\t<li class=\"wsp-post\"><a href=\"https:\/\/saobernardo.ma.gov.br\/transparencia\/portarias\/portaria-no-106-de-27-de-abril-de-2022-dispoe-sobre-a-nomeacao-para-cargo-em-comissao-de-coordenador-pedagogico-da-secretaria-municipal-de-educacao-e-da-outras-providencias\/\">PORTARIA N\u00ba 106, DE 27 DE ABRIL DE 2022 &#8211; RESOLVE NOMEAR, para o Cargo em Comiss\u00e3o de Coordenador Pedag\u00f3gico \u2013 DAS, da Escola Municipal Anast\u00e1cio Portela, a Sra. MARIA DENISE COUTO SILVA<\/a><\/li>\n\t\t<li class=\"wsp-post\"><a href=\"https:\/\/saobernardo.ma.gov.br\/transparencia\/portarias\/portaria-no-105-de-27-de-abril-de-2022-dispoe-sobre-a-nomeacao-para-cargo-em-comissao-de-coordenador-pedagogico-da-secretaria-municipal-de-educacao-e-da-outras-providencias\/\">PORTARIA N\u00ba 105, DE 27 DE ABRIL DE 2022 &#8211; RESOLVE NOMEAR, para o Cargo em Comiss\u00e3o de Coordenador Pedag\u00f3gico \u2013 DAS, da Escola Municipal Jos\u00e9 de Freiras, a Sra. MARIA DE FATIMA RIBEIRO DA SILVA<\/a><\/li>\n\t\t<li class=\"wsp-post\"><a href=\"https:\/\/saobernardo.ma.gov.br\/transparencia\/portarias\/portaria-no-104-de-27-de-abril-de-2022-dispoe-sobre-a-nomeacao-para-cargo-em-comissao-de-coordenador-pedagogico-da-secretaria-municipal-de-educacao-e-da-outras-providencias\/\">PORTARIA N\u00ba 104, DE 27 DE ABRIL DE 2022 &#8211; RESOLVE NOMEAR, para o Cargo em Comiss\u00e3o de Coordenador Pedag\u00f3gico \u2013 DAS, da Unidade Integrada Vereador Rubenito Couto, a Sra. LINA ROSA CARVALHO DA SILVA<\/a><\/li>\n\t\t<li class=\"wsp-post\"><a href=\"https:\/\/saobernardo.ma.gov.br\/transparencia\/portarias\/portaria-no-103-de-27-de-abril-de-2022-dispoe-sobre-a-nomeacao-para-cargo-em-comissao-de-coordenador-pedagogico-da-secretaria-municipal-de-educacao-e-da-outras-providencias\/\">PORTARIA N\u00ba 103, DE 27 DE ABRIL DE 2022 &#8211; RESOLVE NOMEAR, para o Cargo em Comiss\u00e3o de Coordenador Pedag\u00f3gico \u2013 DAS, do Escola Municipal C\u00f4nego Nestor, o Sr. GLAUBER SOUSA AGUIAR<\/a><\/li>\n\t\t<li class=\"wsp-post\"><a href=\"https:\/\/saobernardo.ma.gov.br\/transparencia\/portarias\/portaria-no-102-de-27-de-abril-de-2022-dispoe-sobre-a-nomeacao-para-cargo-em-comissao-de-coordenador-pedagogico-da-secretaria-municipal-de-educacao-e-da-outras-providencias\/\">PORTARIA N\u00ba 102, DE 27 DE ABRIL DE 2022 &#8211; RESOLVE NOMEAR, para o Cargo em Comiss\u00e3o de Coordenador Pedag\u00f3gico \u2013 DAS, do Instituto Educacional C\u00f4nego Nestor , a Sra. GIZELE OLIVEIRA DOS SANTOS<\/a><\/li>\n\t\t<li class=\"wsp-post\"><a href=\"https:\/\/saobernardo.ma.gov.br\/transparencia\/portarias\/portaria-no-101-de-27-de-abril-de-2022-dispoe-sobre-a-nomeacao-para-cargo-em-comissao-de-coordenador-pedagogico-da-secretaria-municipal-de-educacao-e-da-outras-providencias\/\">PORTARIA N\u00ba 101, DE 27 DE ABRIL DE 2022 &#8211; RESOLVE NOMEAR, para o Cargo em Comiss\u00e3o de Coordenador Pedag\u00f3gico \u2013 DAS, do Polo III, a Sra. FRANCINETE SILVA NASCIMENTO<\/a><\/li>\n\t\t<li class=\"wsp-post\"><a href=\"https:\/\/saobernardo.ma.gov.br\/transparencia\/portarias\/portaria-no-100-de-27-de-abril-de-2022-dispoe-sobre-a-nomeacao-para-cargo-em-comissao-de-coordenador-pedagogico-da-secretaria-municipal-de-educacao-e-da-outras-providencias\/\">PORTARIA N\u00ba 100, DE 27 DE ABRIL DE 2022 &#8211; RESOLVE NOMEAR, para o Cargo em Comiss\u00e3o de Coordenador Pedag\u00f3gico \u2013 DAS, da Escola Municipal Raimundo Poincar\u00e9 de Sousa, a Sra. FLAVIA PEREIRA CARDOZO<\/a><\/li>\n\t\t<li class=\"wsp-post\"><a href=\"https:\/\/saobernardo.ma.gov.br\/transparencia\/portarias\/portaria-no-99-de-27-de-abril-de-2022-dispoe-sobre-a-nomeacao-para-cargo-em-comissao-de-coordenador-pedagogico-da-secretaria-municipal-de-educacao-e-da-outras-providencias\/\">PORTARIA N\u00ba 99, DE 27 DE ABRIL DE 2022 &#8211; RESOLVE NOMEAR, para o Cargo em Comiss\u00e3o de Coordenador Pedag\u00f3gico \u2013 DAS, da Escola Municipal Maria de Lourdes Serra, o Sr. DANILO BARBOSA DA SILVA DOS SANTOS<\/a><\/li>\n\t\t<li class=\"wsp-post\"><a href=\"https:\/\/saobernardo.ma.gov.br\/transparencia\/portarias\/portaria-no-98-de-27-de-abril-de-2022-dispoe-sobre-a-nomeacao-para-cargo-em-comissao-de-coordenador-pedagogico-da-secretaria-municipal-de-educacao-e-da-outras-providencias\/\">PORTARIA N\u00ba 98, DE 27 DE ABRIL DE 2022 &#8211; RESOLVE NOMEAR, para o Cargo em Comiss\u00e3o de Coordenador Pedag\u00f3gico \u2013 DAS, da Escola Municipal Cora\u00e7\u00e3o de Jesus, o Sr. CHARLES COSTA SILVA<\/a><\/li>\n\t\t<li class=\"wsp-post\"><a href=\"https:\/\/saobernardo.ma.gov.br\/transparencia\/portarias\/portaria-no-97-de-27-de-abril-de-2022-dispoe-sobre-a-nomeacao-para-cargo-em-comissao-de-coordenador-pedagogico-da-secretaria-municipal-de-educacao-e-da-outras-providencias\/\">PORTARIA N\u00ba 97, DE 27 DE ABRIL DE 2022 &#8211; RESOLVE NOMEAR, para o Cargo em Comiss\u00e3o de Coordenador Pedag\u00f3gico \u2013 DAS, da Escola Municipal Monsenhor Maur\u00edcio Laurent, o Sr. BRENO TOMAZ DA COSTA<\/a><\/li>\n\t\t<li class=\"wsp-post\"><a href=\"https:\/\/saobernardo.ma.gov.br\/transparencia\/portarias\/portaria-no-96-de-27-de-abril-de-2022-dispoe-sobre-a-nomeacao-para-cargo-em-comissao-de-coordenador-pedagogico-da-secretaria-municipal-de-educacao-e-da-outras-providencias\/\">PORTARIA N\u00ba 96, DE 27 DE ABRIL DE 2022 &#8211; 31 de mar\u00e7o de 2022, RESOLVE NOMEAR, para o Cargo em Comiss\u00e3o de Coordenador Pedag\u00f3gico \u2013 DAS, da Creche Banca de Neve, a Sra. ANA CLAUDIA DA CONCEICAO<\/a><\/li>\n\t\t<li class=\"wsp-post\"><a href=\"https:\/\/saobernardo.ma.gov.br\/transparencia\/portarias\/portaria-no-95-de-27-de-abril-de-2022-dispoe-sobre-a-nomeacao-para-cargo-em-comissao-de-coordenador-pedagogico-da-secretaria-municipal-de-educacao-e-da-outras-providencias\/\">PORTARIA N\u00ba 95, DE 27 DE ABRIL DE 2022 &#8211; RESOLVE NOMEAR, para o Cargo em Comiss\u00e3o de Coordenador Pedag\u00f3gico \u2013 DAS, do Polo IV, a Sra. MARIA DO SOCORRO DE SOUSA REIS<\/a><\/li>\n\t\t<li class=\"wsp-post\"><a href=\"https:\/\/saobernardo.ma.gov.br\/transparencia\/portarias\/portaria-no-94-de-27-de-abril-de-2022-dispoe-sobre-a-designacao-para-cargo-em-comissao-de-coordenador-pedagogico-da-secretaria-municipal-de-educacao-e-da-outras-providencias\/\">PORTARIA N\u00ba 94, DE 27 DE ABRIL DE 2022 -RESOLVE DESIGNAR, para o Cargo em Comiss\u00e3o de Coordenador Pedag\u00f3gico &#8211; DAS,  do Polo I, a Sra. TOMAZIA CARDOSO SANTOS<\/a><\/li>\n\t\t<li class=\"wsp-post\"><a href=\"https:\/\/saobernardo.ma.gov.br\/transparencia\/portarias\/portaria-no-93-de-27-de-abril-de-2022-dispoe-sobre-a-nomeacao-para-cargo-em-comissao-de-coordenador-pedagogico-da-secretaria-municipal-de-educacao-e-da-outras-providencias\/\">PORTARIA N\u00ba 93, DE 27 DE ABRIL DE 2022 &#8211;  RESOLVE NOMEAR, para o Cargo em Comiss\u00e3o de Coordenador Pedag\u00f3gico &#8211; DAS, da Escola Municipal Monteiro Lobato, a Sra. MARIA LIGIA SILVA SALES<\/a><\/li>\n\t\t<li class=\"wsp-post\"><a href=\"https:\/\/saobernardo.ma.gov.br\/transparencia\/portarias\/portaria-no-92-de-27-de-abril-de-2022-dispoe-sobre-a-nomeacao-para-cargo-em-comissao-de-coordenador-pedagogico-da-secretaria-municipal-de-educacao-e-da-outras-providencias\/\">PORTARIA N\u00ba 92, DE 27 DE ABRIL DE 2022 &#8211; RESOLVE NOMEAR, para o Cargo em Comiss\u00e3o de Coordenador Pedag\u00f3gico &#8211; DAS, da Escola Municipal Santa Rita, a Sra. MARIA DEUZANE DA SILVA SANTOS<\/a><\/li>\n\t\t<li class=\"wsp-post\"><a href=\"https:\/\/saobernardo.ma.gov.br\/transparencia\/portarias\/portaria-no-91-de-27-de-abril-de-2022-dispoe-sobre-a-nomeacao-para-cargo-em-comissao-de-coordenador-pedagogico-da-secretaria-municipal-de-educacao-e-da-outras-providencias\/\">PORTARIA N\u00ba 91, DE 27 DE ABRIL DE 2022 &#8211; RESOLVE NOMEAR, para o Cargo em Comiss\u00e3o de Coordenador Pedag\u00f3gico &#8211; DAS, do Jardim de Inf\u00e2ncia Saci-Perer\u00ea, a Sra. KELYANNE DE SOUSA REIS<\/a><\/li>\n\t\t<li class=\"wsp-post\"><a href=\"https:\/\/saobernardo.ma.gov.br\/transparencia\/portarias\/portaria-no-90-de-27-de-abril-de-2022-dispoe-sobre-a-nomeacao-para-cargo-em-comissao-de-coordenador-pedagogico-da-secretaria-municipal-de-educacao-e-da-outras-providencias\/\">PORTARIA N\u00ba 90, DE 27 DE ABRIL DE 2022 &#8211; RESOLVE NOMEAR, para o Cargo em Comiss\u00e3o de Coordenador Pedag\u00f3gico &#8211; DAS, do Polo VIII, o Sr. ALAN COSTA PEREIRA<\/a><\/li>\n\t\t<li class=\"wsp-post\"><a href=\"https:\/\/saobernardo.ma.gov.br\/transparencia\/portarias\/portaria-no-149-de-27-de-abril-de-2022-dispoe-sobre-a-nomeacao-para-cargo-em-comissao-de-diretor-escolar-da-secretaria-municipal-de-educacao-e-da-outras-providencias\/\">PORTARIA N\u00ba 149, DE 27 DE ABRIL DE 2022 &#8211; RESOLVE NOMEAR, para o Cargo em Comiss\u00e3o de Diretor Escolar, da Escola Municipal Santa Terezinha, a Sra. ROSILENE SILVA ARAUJO<\/a><\/li>\n\t\t<li class=\"wsp-post\"><a href=\"https:\/\/saobernardo.ma.gov.br\/transparencia\/portarias\/portaria-no-148-de-27-de-abril-de-2022-dispoe-sobre-a-nomeacao-para-cargo-em-comissao-de-diretor-escolar-da-secretaria-municipal-de-educacao-e-da-outras-providencias\/\">PORTARIA N\u00ba 148, DE 27 DE ABRIL DE 2022 &#8211; RESOLVE NOMEAR, para o Cargo em Comiss\u00e3o de Diretor Escolar, da Escola Municipal Paulo Freire, a Sra. REGINA LUCIA DE SOUSA MEIRELES<\/a><\/li>\n\t\t<li class=\"wsp-post\"><a href=\"https:\/\/saobernardo.ma.gov.br\/transparencia\/portarias\/portaria-no-147-de-27-de-abril-de-2022-dispoe-sobre-a-nomeacao-para-cargo-em-comissao-de-diretor-escolar-da-secretaria-municipal-de-educacao-e-da-outras-providencias\/\">PORTARIA N\u00ba 147, DE 27 DE ABRIL DE 2022 &#8211; RESOLVE NOMEAR, para o Cargo em Comiss\u00e3o de Diretor Escolar, da Escola Municipal Prefeito Jos\u00e9 Ferreira de Sousa, a Sra. RAQUEL FREIRE MARTINS<\/a><\/li>\n\t\t<li class=\"wsp-post\"><a href=\"https:\/\/saobernardo.ma.gov.br\/transparencia\/portarias\/portaria-no-146-de-27-de-abril-de-2022-dispoe-sobre-a-nomeacao-para-cargo-em-comissao-de-diretor-escolar-da-secretaria-municipal-de-educacao-e-da-outras-providencias\/\">PORTARIA N\u00ba 146, DE 27 DE ABRIL DE 2022 &#8211; RESOLVE NOMEAR, para o Cargo em Comiss\u00e3o de Diretor Escolar, da Unidade Integrada Bernardo Coelho de Almeida, a Sra. PATRICIANE DOS SANTOS BEZERRA<\/a><\/li>\n\t\t<li class=\"wsp-post\"><a href=\"https:\/\/saobernardo.ma.gov.br\/transparencia\/portarias\/portaria-no-145-de-27-de-abril-de-2022-dispoe-sobre-a-nomeacao-para-cargo-em-comissao-de-diretor-escolar-o-da-secretaria-municipal-de-educacao-e-da-outras-providencias\/\">PORTARIA N\u00ba 145, DE 27 DE ABRIL DE 2022 &#8211; de 31 de mar\u00e7o de 2022, RESOLVE NOMEAR, para o Cargo em Comiss\u00e3o de Diretor Escolar, do Unidade Integrada Vereador Rubenito Couto, a Sra. MARIA SOLANGE SILVA DO NASCIMENTO<\/a><\/li>\n\t\t<li class=\"wsp-post\"><a href=\"https:\/\/saobernardo.ma.gov.br\/transparencia\/portarias\/portaria-no-144-de-27-de-abril-de-2022-dispoe-sobre-a-nomeacao-para-cargo-em-comissao-de-diretor-escolar-da-secretaria-municipal-de-educacao-e-da-outras-providencias\/\">PORTARIA N\u00ba 144, DE 27 DE ABRIL DE 2022 &#8211; RESOLVE NOMEAR, para o Cargo em Comiss\u00e3o de Diretor Escolar, do Escola Municipal Jose de Freitas, a Sra. ISABELA MARIA CARVALHO SILVA<\/a><\/li>\n\t\t<li class=\"wsp-post\"><a href=\"https:\/\/saobernardo.ma.gov.br\/transparencia\/portarias\/portaria-no-143-de-27-de-abril-de-2022-dispoe-sobre-a-nomeacao-para-cargo-em-comissao-de-diretor-escolar-da-secretaria-municipal-de-educacao-e-da-outras-providencias\/\">PORTARIA N\u00ba 143, DE 27 DE ABRIL DE 2022 &#8211; RESOLVE NOMEAR, para o Cargo em Comiss\u00e3o de Diretor Escolar, do Escola Municipal Manoel de Almeida Portugal, a Sra. DJANE SILVA ALMEIDA LOPES<\/a><\/li>\n\t\t<li class=\"wsp-post\"><a href=\"https:\/\/saobernardo.ma.gov.br\/transparencia\/portarias\/portaria-no-142-de-27-de-abril-de-2022-dispoe-sobre-a-nomeacao-para-cargo-em-comissao-de-diretor-escolar-da-secretaria-municipal-de-educacao-e-da-outras-providencias\/\">PORTARIA N\u00ba 142, DE 27 DE ABRIL DE 2022 &#8211; RESOLVE NOMEAR, para o Cargo em Comiss\u00e3o de Diretor Escolar, do Jardim de Inf\u00e2ncia Saci-Perer\u00ea, a Sra. ANTONIA CAETANO DE ALMEIDA<\/a><\/li>\n\t\t<li class=\"wsp-post\"><a href=\"https:\/\/saobernardo.ma.gov.br\/transparencia\/portarias\/portaria-no-141-de-27-de-abril-de-2022dispoe-sobre-a-nomeacao-para-cargo-em-comissao-de-diretor-escolar-da-secretaria-municipal-de-educacao-e-da-outras-providencias\/\">PORTARIA N\u00ba 141, DE 27 DE ABRIL DE 2022 &#8211; RESOLVE NOMEAR, para o Cargo em Comiss\u00e3o de Diretor Escolar, da Escola Municipal Raimundo Machado Filho, a Sra. ALZENIRA DA SILVA ALMEIDA<\/a><\/li>\n\t\t<li class=\"wsp-post\"><a href=\"https:\/\/saobernardo.ma.gov.br\/transparencia\/portarias\/portaria-no-139-de-27-de-abril-de-2022-dispoe-sobre-a-nomeacao-para-cargo-em-comissao-de-diretor-adjunto-da-secretaria-municipal-de-educacao-e-da-outras-providencias\/\">PORTARIA N\u00ba 139, DE 27 DE ABRIL DE 2022 &#8211; RESOLVE NOMEAR, para o Cargo em Comiss\u00e3o de Diretor Adjunto, da Escola Municipal C\u00f4nego Nestor, a Sra. VANESSA DOS SANTOS CANDEIRA<\/a><\/li>\n\t\t<li class=\"wsp-post\"><a href=\"https:\/\/saobernardo.ma.gov.br\/transparencia\/portarias\/portaria-no-138-de-27-de-abril-de-2022-dispoe-sobre-a-nomeacao-para-cargo-em-comissao-de-diretor-adjunto-da-secretaria-municipal-de-educacao-e-da-outras-providencias\/\">PORTARIA N\u00ba 138, DE 27 DE ABRIL DE 2022 &#8211; RESOLVE NOMEAR, para o Cargo em Designa\u00e7\u00e3o de Diretor Adjunto, da Escola Municipal Monteiro Lobato, o Sr. JOS\u00c9 MARIA DA SILVA<\/a><\/li>\n\t\t<li class=\"wsp-post\"><a href=\"https:\/\/saobernardo.ma.gov.br\/transparencia\/portarias\/portaria-no-137-de-27-de-abril-de-2022-dispoe-sobre-a-nomeacao-para-cargo-em-comissao-de-diretor-adjunto-da-secretaria-municipal-de-educacao-e-da-outras-providencias\/\">PORTARIA N\u00ba 137, DE 27 DE ABRIL DE 2022 &#8211; RESOLVE NOMEAR, para o Cargo em Comiss\u00e3o de Diretor Adjunto, da Unidade Integrada Professora C\u00e9lia Cristina Pereira dos Reis, o Sr. FABRICIO DE SOUSA MEIRELES<\/a><\/li>\n\t\t<li class=\"wsp-post\"><a href=\"https:\/\/saobernardo.ma.gov.br\/transparencia\/portarias\/portaria-no-136-de-27-de-abril-de-2022-dispoe-sobre-a-nomeacao-para-cargo-em-comissao-de-diretor-adjunto-da-secretaria-municipal-de-educacao-e-da-outras-providencias\/\">PORTARIA N\u00ba 136, DE 27 DE ABRIL DE 2022 &#8211; 31 de mar\u00e7o de 2022, RESOLVE NOMEAR, para o Cargo em Comiss\u00e3o de Diretor Adjunto, do Jardim de Inf\u00e2ncia Saci Perer\u00ea, o Sr. ADAILTON LIMA PORTO<\/a><\/li>\n\t\t<li class=\"wsp-post\"><a href=\"https:\/\/saobernardo.ma.gov.br\/transparencia\/portarias\/portaria-no-135-de-27-de-abril-de-2022-dispoe-sobre-a-designacao-para-cargo-em-comissao-de-assessor-pedagogico-nivel-ii-da-secretaria-municipal-de-educacao-e-da-outras-providencias\/\">PORTARIA N\u00ba 135, DE 27 DE ABRIL DE 2022 &#8211; RESOLVE DESIGNAR, para o Cargo em Comiss\u00e3o de Assessor Pedag\u00f3gico N\u00edvel II &#8211; DANS, na Secretaria Municipal de Educa\u00e7\u00e3o &#8211; SEMECTI, o Sr. RAIMUNDO NONATO MOREIRA MACHADO<\/a><\/li>\n\t\t<li class=\"wsp-post\"><a href=\"https:\/\/saobernardo.ma.gov.br\/transparencia\/portarias\/portaria-no-134-de-27-de-abril-de-2022-dispoe-sobre-a-designacao-para-cargo-em-comissao-de-orientador-educacional-da-secretaria-municipal-de-educacao-e-da-outras-providencias\/\">PORTARIA N\u00ba 134, DE 27 DE ABRIL DE 2022 &#8211; RESOLVE DESIGNAR, para o Cargo em Comiss\u00e3o de Orientador Educacional &#8211; DANS, na Secretaria Municipal de Educa\u00e7\u00e3o &#8211; SEMECTI, a Sra. ANDREA SIMONE GONCALVES ARAUJO<\/a><\/li>\n\t\t<li class=\"wsp-post\"><a href=\"https:\/\/saobernardo.ma.gov.br\/transparencia\/portarias\/portaria-no-133-de-27-de-abril-de-2022-dispoe-sobre-a-designacao-para-cargo-em-comissao-de-supervisor-pedagogico-da-secretaria-municipal-de-educacao-e-da-outras-providencias\/\">PORTARIA N\u00ba 133, DE 27 DE ABRIL DE 2022 &#8211; RESOLVE DESIGNAR, para o Cargo em Comiss\u00e3o de Supervisor Pedag\u00f3gico &#8211; DANS, na Secretaria Municipal de Educa\u00e7\u00e3o &#8211; SEMECTI, a Sra. ZENAIDE RODRIGUES SILVA<\/a><\/li>\n\t\t<li class=\"wsp-post\"><a href=\"https:\/\/saobernardo.ma.gov.br\/transparencia\/portarias\/portaria-no-132-de-27-de-abril-de-2022-dispoe-sobre-a-designacao-para-cargo-em-comissao-de-supervisor-pedagogico-da-secretaria-municipal-de-educacao-e-da-outras-providencias\/\">PORTARIA N\u00ba 132, DE 27 DE ABRIL DE 2022 &#8211; RESOLVE DESIGNAR, para o Cargo em Comiss\u00e3o de Supervisor Pedag\u00f3gico &#8211; DANS, na Secretaria Municipal de Educa\u00e7\u00e3o &#8211; SEMECTI, a Sra. MARIA IVANA COSTA SANTOS<\/a><\/li>\n\t\t<li class=\"wsp-post\"><a href=\"https:\/\/saobernardo.ma.gov.br\/transparencia\/portarias\/portaria-no-131-de-27-de-abril-de-2022-dispoe-sobre-a-designacao-para-cargo-em-comissao-de-supervisor-pedagogico-da-secretaria-municipal-de-educacao-e-da-outras-providencias\/\">PORTARIA N\u00ba 131, DE 27 DE ABRIL DE 2022 &#8211; RESOLVE DESIGNAR, para o Cargo em Comiss\u00e3o de Supervisor Pedag\u00f3gico &#8211; DANS, na Secretaria Municipal de Educa\u00e7\u00e3o &#8211; SEMECTI, a Sra. MARIA DA CONCEICAO GOMES DA SILVA<\/a><\/li>\n\t\t<li class=\"wsp-post\"><a href=\"https:\/\/saobernardo.ma.gov.br\/transparencia\/portarias\/portaria-no-130-de-27-de-abril-de-2022-dispoe-sobre-a-designacao-para-cargo-em-comissao-de-supervisor-pedagogico-da-secretaria-municipal-de-educacao-e-da-outras-providencias\/\">PORTARIA N\u00ba 130, DE 27 DE ABRIL DE 2022 &#8211; RESOLVE DESIGNAR, para o Cargo em Comiss\u00e3o de Supervisor Pedag\u00f3gico &#8211; DANS, na Secretaria Municipal de Educa\u00e7\u00e3o &#8211; SEMECTI, o Sr. ABDIAS FERREIRA DA COSTA FILHO<\/a><\/li>\n\t\t<li class=\"wsp-post\"><a href=\"https:\/\/saobernardo.ma.gov.br\/transparencia\/portarias\/portaria-no-129-de-27-de-abril-de-2022-dispoe-sobre-a-designacao-para-cargo-em-comissao-de-superintendencia-geral-de-ensino-da-secretaria-municipal-de-educacao-e-da-outras-providencias\/\">PORTARIA N\u00ba 129, DE 27 DE ABRIL DE 2022 &#8211; RESOLVE DESIGNAR, para o Cargo em Comiss\u00e3o de Superintend\u00eancia Geral de Ensino &#8211; DANS, na Secretaria Municipal de Educa\u00e7\u00e3o &#8211; SEMECTI, o Sr. CLEBER DOS SANTOS VERAS<\/a><\/li>\n\t\t<li class=\"wsp-post\"><a href=\"https:\/\/saobernardo.ma.gov.br\/transparencia\/portarias\/portaria-no-128-de-27-de-abril-de-2022-dispoe-sobre-a-designacao-para-cargo-em-comissao-de-chefe-do-departamento-de-bens-material-e-patrimonio-da-secretaria-municipal-de-educacao-e-da-o\/\">PORTARIA N\u00ba 128, DE 27 DE ABRIL DE 2022 &#8211; RESOLVE DESIGNAR, para o Cargo em Comiss\u00e3o de Chefe do Departamento de Bens, material e Patrim\u00f4nio &#8211; DAS, na Secretaria Municipal de Educa\u00e7\u00e3o &#8211; SEMECTI, o Sr. SERGIO EWERTON ESCORCIO DA SILVA<\/a><\/li>\n\t\t<li class=\"wsp-post\"><a href=\"https:\/\/saobernardo.ma.gov.br\/transparencia\/portarias\/portaria-no-127-de-27-de-abril-de-2022-dispoe-sobre-a-designacao-para-cargo-em-comissao-de-chefe-do-departamento-de-frequencia-escolar-da-secretaria-municipal-de-educacao-e-da-outras-pro\/\">PORTARIA N\u00ba 127, DE 27 DE ABRIL DE 2022 &#8211; RESOLVE DESIGNAR, para o Cargo em Comiss\u00e3o de Chefe do Departamento de Frequ\u00eancia Escolar &#8211; DAS, na Secretaria Municipal de Educa\u00e7\u00e3o &#8211; SEMECTI, o Sr. MARCIO VASCONCELOS GARCIA<\/a><\/li>\n\t\t<li class=\"wsp-post\"><a href=\"https:\/\/saobernardo.ma.gov.br\/transparencia\/portarias\/portaria-no-250-de-27-de-abril-de-2022-dispoe-sobre-a-designacao-para-cargo-em-comissao-de-coordenador-do-bolsa-familia-de-assistencia-social-e-da-outras-providencias\/\">PORTARIA N\u00ba 250, DE 27 DE ABRIL DE 2022 &#8211; RESOLVE DESIGNAR, para o Cargo em Comiss\u00e3o de Coordenador do Bolsa Fam\u00edlia &#8211; DANS, da Secretaria Municipal de Assist\u00eancia Social, o Sr(a). DANILO DA SILVA LIMA<\/a><\/li>\n\t\t<li class=\"wsp-post\"><a href=\"https:\/\/saobernardo.ma.gov.br\/transparencia\/portarias\/portaria-no-126-de-27-de-abril-de-2022-dispoe-sobre-a-designacao-para-cargo-em-comissao-de-coordenador-de-formacao-e-avaliacao-da-secretaria-municipal-de-educacao-e-da-outras-providencia\/\">PORTARIA N\u00ba 126, DE 27 DE ABRIL DE 2022 &#8211; RESOLVE DESIGNAR, para o Cargo em Comiss\u00e3o de Coordenador Forma\u00e7\u00e3o e Avalia\u00e7\u00e3o &#8211; DANS, na Secretaria Municipal de Educa\u00e7\u00e3o &#8211; SEMECTI, a Sra. JOSEANA VIEIRA PESSOA VERAS<\/a><\/li>\n\t\t<li class=\"wsp-post\"><a href=\"https:\/\/saobernardo.ma.gov.br\/transparencia\/portarias\/portaria-no-249-de-27-de-abril-de-2022-dispoe-sobre-a-nomeacao-para-cargo-em-comissao-de-chefe-de-gabinete-de-assistencia-social-e-da-outras-providencias\/\">PORTARIA N\u00ba 249, DE 27 DE ABRIL DE 2022 &#8211; RESOLVE NOMEAR, para o Cargo em Comiss\u00e3o de Chefe de Gabinete &#8211; DANS, da Secretaria Municipal de Assist\u00eancia Social, o Sr(a). JO\u00c3O BATISTA ARAUJO PIMENTEL<\/a><\/li>\n\t\t<li class=\"wsp-post\"><a href=\"https:\/\/saobernardo.ma.gov.br\/transparencia\/portarias\/portaria-no-125-de-27-de-abril-de-2022-dispoe-sobre-a-designacao-para-cargo-em-comissao-de-coordenador-de-ciencia-tecnologia-e-inovacao-da-secretaria-municipal-de-educacao-e-da-outras-pr\/\">PORTARIA N\u00ba 125, DE 27 DE ABRIL DE 2022 &#8211; RESOLVE DESIGNAR, para o Cargo em Comiss\u00e3o de Coordenador Ci\u00eancia Tecnologia e Inova\u00e7\u00e3o &#8211; DANS, na Secretaria Municipal de Educa\u00e7\u00e3o &#8211; SEMECTI, o Sr. WILBERTH CASTRO DA SILVA<\/a><\/li>\n\t\t<li class=\"wsp-post\"><a href=\"https:\/\/saobernardo.ma.gov.br\/transparencia\/portarias\/portaria-no-124-de-27-de-abril-de-2022-dispoe-sobre-a-designacao-para-cargo-em-comissao-de-coordenador-de-planejamento-das-acoes-articuladas-da-educacao-da-secretaria-municipal-de-educaca\/\">PORTARIA N\u00ba 124, DE 27 DE ABRIL DE 2022 &#8211; 31 de mar\u00e7o de 2022, RESOLVE DESIGNAR, para o Cargo em Comiss\u00e3o de Coordenador de Planejamento das A\u00e7\u00f5es Articuladas da Educa\u00e7\u00e3o &#8211; DANS, na Secretaria Municipal de Educa\u00e7\u00e3o &#8211; SEMECTI, a Sra. BIANCA CARVALHO SILVA<\/a><\/li>\n\t\t<li class=\"wsp-post\"><a href=\"https:\/\/saobernardo.ma.gov.br\/transparencia\/portarias\/portaria-no-123-de-27-de-abril-de-2022-dispoe-sobre-a-designacao-para-cargo-em-comissao-de-chefe-do-departamento-de-guarda-e-logistica-da-merenda-escolar-da-secretaria-municipal-de-educac\/\">PORTARIA N\u00ba 123, DE 27 DE ABRIL DE 2022 &#8211; RESOLVE DESIGNAR, para o Cargo em Comiss\u00e3o de Chefe do Departamento de Guarda e Log\u00edstica da Merenda Escolar &#8211; DAS, na Secretaria Municipal de Educa\u00e7\u00e3o &#8211; SEMECTI, o Sr. DOUGLAS CUNHA CRUZ<\/a><\/li>\n\t\t<li class=\"wsp-post\"><a href=\"https:\/\/saobernardo.ma.gov.br\/transparencia\/portarias\/portaria-no-122-de-27-de-abril-de-2022-dispoe-sobre-a-designacao-para-cargo-em-comissao-chefe-do-departamento-de-alimentacao-escolar-na-escola-da-secretaria-municipal-de-educacao-e-da-ou\/\">PORTARIA N\u00ba 122, DE 27 DE ABRIL DE 2022 &#8211; RESOLVE DESIGNAR, para o Cargo em Comiss\u00e3o de Chefe do Departamento de Alimenta\u00e7\u00e3o Escolar &#8211; DAS, na Secretaria Municipal de Educa\u00e7\u00e3o &#8211; SEMECTI, a Sra. SABRINA DE C\u00c1SSIA ARA\u00daJO BARROS<\/a><\/li>\n\t\t<li class=\"wsp-post\"><a href=\"https:\/\/saobernardo.ma.gov.br\/transparencia\/portarias\/portaria-no-121-de-27-de-abril-de-2022-dispoe-sobre-a-designacao-para-cargo-em-comissao-chefe-de-gabinete-na-escola-da-secretaria-municipal-de-educacao-e-da-outras-providencias-2\/\">PORTARIA N\u00ba 121, DE 27 DE ABRIL DE 2022 &#8211; RESOLVE DESIGNAR, para o Cargo em Comiss\u00e3o de Chefe de Gabinete &#8211; DANS, na Secretaria Municipal de Educa\u00e7\u00e3o &#8211; SEMECTI, a Sra. ELONEIDA MARIA DE CARVALHO SPINDOLA<\/a><\/li>\n\t\t<li class=\"wsp-post\"><a href=\"https:\/\/saobernardo.ma.gov.br\/transparencia\/portarias\/portaria-no-244-de-27-de-abril-de-2022-dispoe-sobre-a-nomeacao-para-cargo-em-comissao-de-diretor-escolar-e-da-outras-providencias\/\">PORTARIA N\u00ba 244, DE 27 DE ABRIL DE 2022 &#8211; RESOLVE NOMEAR, para o Cargo em Comiss\u00e3o de Diretor Escolar, da Escola Municipal Monsenhor Maur\u00edcio Laurent, o Sr. VALDEMIR MELO SILVA<\/a><\/li>\n\t\t<li class=\"wsp-post\"><a href=\"https:\/\/saobernardo.ma.gov.br\/transparencia\/portarias\/portaria-no-243-de-27-de-abril-de-2022-dispoe-sobre-a-nomeacao-para-cargo-em-comissao-de-diretor-escolar-e-da-outras-providencias\/\">PORTARIA N\u00ba 243, DE 27 DE ABRIL DE 2022 &#8211; RESOLVE  NOMEAR, para o Cargo em Comiss\u00e3o de Diretor Escolar, da Escola Municipal Maria Jose Coelho Lima, a Sra. SUSANE SANTOS LIRA<\/a><\/li>\n\t\t<li class=\"wsp-post\"><a href=\"https:\/\/saobernardo.ma.gov.br\/transparencia\/portarias\/portaria-no-242-de-27-de-abril-de-2022-dispoe-sobre-a-nomeacao-para-cargo-em-comissao-de-diretor-escolar-e-da-outras-providencias\/\">PORTARIA N\u00ba 242, DE 27 DE ABRIL DE 2022 &#8211; RESOLVE NOMEAR, para o Cargo em Comiss\u00e3o de Diretor Escolar, da Escola Municipal Prof. Aurea Serra Castelo Branco, a Sra. SALETE DA SILVA GOMES<\/a><\/li>\n\t\t<li class=\"wsp-post\"><a href=\"https:\/\/saobernardo.ma.gov.br\/transparencia\/portarias\/portaria-no-241-de-27-de-abril-de-2022-dispoe-sobre-a-nomeacao-para-cargo-em-comissao-de-diretor-escolar-e-da-outras-providencias\/\">PORTARIA N\u00ba 241, DE 27 DE ABRIL DE 2022 &#8211; RESOLVE NOMEAR, para o Cargo em Comiss\u00e3o de Diretor Escolar, da Creche Bibi, a Sra. ROSELANE MARIA DOS REIS SOUSA<\/a><\/li>\n\t\t<li class=\"wsp-post\"><a href=\"https:\/\/saobernardo.ma.gov.br\/transparencia\/portarias\/portaria-no-239-de-27-de-abril-de-2022-dispoe-sobre-a-nomeacao-para-cargo-em-comissao-de-diretor-escolar-e-da-outras-providencias\/\">PORTARIA N\u00ba 239, DE 27 DE ABRIL DE 2022 &#8211; RESOLVE NOMEAR, para o Cargo em Comiss\u00e3o de Diretor Escolar, da Escola Municipal Monteiro Lobato, a Sra. MIDIA DUARTE COSTA<\/a><\/li>\n\t\t<li class=\"wsp-post\"><a href=\"https:\/\/saobernardo.ma.gov.br\/transparencia\/portarias\/portaria-no-238-de-27-de-abril-de-2022-dispoe-sobre-a-nomeacao-para-cargo-em-comissao-de-diretor-escolar-e-da-outras-providencias\/\">PORTARIA N\u00ba 238, DE 27 DE ABRIL DE 2022 &#8211; RESOLVE NOMEAR, para o Cargo em Comiss\u00e3o de Diretor Escolar, da Creche Branca de Neve, a Sra. MARIA LUCILENE DA SILVA CARVALHO<\/a><\/li>\n\t\t<li class=\"wsp-post\"><a href=\"https:\/\/saobernardo.ma.gov.br\/transparencia\/portarias\/portaria-no-237-de-27-de-abril-de-2022-dispoe-sobre-a-nomeacao-para-cargo-em-comissao-de-diretor-escolar-e-da-outras-providencias\/\">PORTARIA N\u00ba 237, DE 27 DE ABRIL DE 2022 &#8211; RESOLVE NOMEAR, para o Cargo em Comiss\u00e3o de Diretor Escolar, da Escola Municipal Prof. Maria de Lourdes Correia Lima, a Sra. MARIA LEONARA OLIVEIRA<\/a><\/li>\n\t\t<li class=\"wsp-post\"><a href=\"https:\/\/saobernardo.ma.gov.br\/transparencia\/portarias\/portaria-no-236-de-27-de-abril-de-2022-dispoe-sobre-a-nomeacao-para-cargo-em-comissao-de-diretor-escolar-e-da-outras-providencias\/\">PORTARIA N\u00ba 236, DE 27 DE ABRIL DE 2022 &#8211; RESOLVE NOMEAR, para o Cargo em Comiss\u00e3o de Diretor Escolar, da Escola Municipal Raimundo Poincar\u00e9 de Sousa , a Sra. MARIA DAS DORES SILVA DE SOUSA<\/a><\/li>\n\t\t<li class=\"wsp-post\"><a href=\"https:\/\/saobernardo.ma.gov.br\/transparencia\/portarias\/portaria-no-235-de-27-de-abril-de-2022-dispoe-sobre-a-nomeacao-para-cargo-em-comissao-de-diretor-escolar-e-da-outras-providencias\/\">PORTARIA N\u00ba 235, DE 27 DE ABRIL DE 2022 &#8211; RESOLVE NOMEAR, para o Cargo em Comiss\u00e3o de Diretor Escolar, da Unidade Integrada Rui Barbosa, a Sra. MARIA DA GRACA SILVA MACHADO<\/a><\/li>\n\t\t<li class=\"wsp-post\"><a href=\"https:\/\/saobernardo.ma.gov.br\/transparencia\/portarias\/portaria-no-234-de-27-de-abril-de-2022-dispoe-sobre-a-nomeacao-para-cargo-em-comissao-de-diretor-escolar-e-da-outras-providencias\/\">PORTARIA N\u00ba 234, DE 27 DE ABRIL DE 2022 &#8211; RESOLVE NOMEAR, para o Cargo em Comiss\u00e3o de Diretor Escolar, da Escola Municipal S\u00e3o Vicente, a Sra. MARIA DA CONCEICAO AMORIM LIMA ROCHA<\/a><\/li>\n\t\t<li class=\"wsp-post\"><a href=\"https:\/\/saobernardo.ma.gov.br\/transparencia\/portarias\/portaria-no-233-de-27-de-abril-de-2022-dispoe-sobre-a-nomeacao-para-cargo-em-comissao-de-diretor-escolar-e-da-outras-providencias\/\">PORTARIA N\u00ba 233, DE 27 DE ABRIL DE 2022 &#8211; RESOLVE NOMEAR, para o Cargo em Comiss\u00e3o de Diretor Escolar, da Escola Municipal Fernando Coelho, a Sra. MARIA ALRINEIDE SILVA SPINDOLA CARDOZO<\/a><\/li>\n\t\t<li class=\"wsp-post\"><a href=\"https:\/\/saobernardo.ma.gov.br\/transparencia\/portarias\/portaria-no-232-de-27-de-abril-de-2022-dispoe-sobre-a-nomeacao-para-cargo-em-comissao-de-diretor-escolar-e-da-outras-providencias\/\">PORTARIA N\u00ba 232, DE 27 DE ABRIL DE 2022 &#8211; RESOLVE NOMEAR, para o Cargo em Comiss\u00e3o de Diretor Escolar, da Escola Municipal C\u00f4nego Nestor, a Sra. MARCIA LOPES DE SOUSA<\/a><\/li>\n\t\t<li class=\"wsp-post\"><a href=\"https:\/\/saobernardo.ma.gov.br\/transparencia\/portarias\/portaria-no-196-de-27-de-abril-de-2022-dispoe-sobre-a-designacao-para-cargo-em-comissao-de-diretor-adjunto-e-da-outras-providencias\/\">PORTARIA N\u00ba 196 DE 27 DE ABRIL DE 2022 &#8211; RESOLVE NOMEAR, para o Cargo em Comiss\u00e3o de Diretor Adjunto da EM Santa Luzia, o Sr(a). ANGELICA NUNES FURTADO NETA<\/a><\/li>\n\t\t<li class=\"wsp-post\"><a href=\"https:\/\/saobernardo.ma.gov.br\/transparencia\/portarias\/portaria-no-231-de-27-de-abril-de-2022-dispoe-sobre-a-nomeacao-para-cargo-em-comissao-de-diretor-escolar-e-da-outras-providencias\/\">PORTARIA N\u00ba 231, DE 27 DE ABRIL DE 2022 &#8211; RESOLVE NOMEAR, para o Cargo em Comiss\u00e3o de Diretor Escolar, da Escola Municipal Francisco Marques da Silva, a Sra. KELMA DA SILVA VIANA MENDES<\/a><\/li>\n\t\t<li class=\"wsp-post\"><a href=\"https:\/\/saobernardo.ma.gov.br\/transparencia\/portarias\/portaria-no-195-de-27-de-abril-de-2022-dispoe-sobre-a-designacao-para-cargo-em-comissao-de-diretor-adjunto-e-da-outras-providencias\/\">PORTARIA N\u00ba 195 DE 27 DE ABRIL DE 2022 &#8211; RESOLVE NOMEAR, para o Cargo em Comiss\u00e3o de Diretor Adjunto da Unidade Integrada Vereador Rubenito Couto, o Sr(a). ANDRESSA MARIA RODRIGUES COUTO<\/a><\/li>\n\t\t<li class=\"wsp-post\"><a href=\"https:\/\/saobernardo.ma.gov.br\/transparencia\/portarias\/portaria-no-230-de-27-de-abril-de-2022-dispoe-sobre-a-nomeacao-para-cargo-em-comissao-de-diretor-escolar-e-da-outras-providencias\/\">PORTARIA N\u00ba 230, DE 27 DE ABRIL DE 2022 &#8211; RESOLVE NOMEAR, para o Cargo em Comiss\u00e3o de Diretor Escolar, da Escola Municipal Anast\u00e1cio Portela, a Sra. JULIANA RAFAELA DOS SANTOS DE SOUSA<\/a><\/li>\n\t\t<li class=\"wsp-post\"><a href=\"https:\/\/saobernardo.ma.gov.br\/transparencia\/portarias\/portaria-no-194-de-27-de-abril-de-2022-dispoe-sobre-a-nomeacao-para-cargo-em-comissao-de-coordenador-pedagogico-da-secretaria-municipal-de-educacao-e-da-outras-providencias\/\">PORTARIA N\u00ba 194, DE 27 DE ABRIL DE 2022 &#8211; RESOLVE NOMEAR, para o Cargo em Comiss\u00e3o de Coordenador Pedag\u00f3gico \u2013 DAS, da Creche Bibi, a Sra. LAESSYA DAMASCENO SILVA<\/a><\/li>\n\t\t<li class=\"wsp-post\"><a href=\"https:\/\/saobernardo.ma.gov.br\/transparencia\/portarias\/portaria-no-229-de-27-de-abril-de-2022-dispoe-sobre-a-nomeacao-para-cargo-em-comissao-de-diretor-escolar-e-da-outras-providencias\/\">PORTARIA N\u00ba 229, DE 27 DE ABRIL DE 2022 &#8211; RESOLVE NOMEAR, para o Cargo em Comiss\u00e3o de Diretor Escolar, da Escola Municipal Professora Francisca Lima Spindola, a Sra. ISABEL CRISTINA DA COSTA PINTO<\/a><\/li>\n\t\t<li class=\"wsp-post\"><a href=\"https:\/\/saobernardo.ma.gov.br\/transparencia\/portarias\/portaria-no-193-de-27-de-abril-de-2022-dispoe-sobre-a-designacao-para-cargo-em-comissao-de-diretor-escolar-da-secretaria-municipal-de-educacao-e-da-outras-providencias\/\">PORTARIA N\u00ba 193, DE 27 DE ABRIL DE 2022 &#8211; RESOLVE NOMEAR, para o Cargo em Comiss\u00e3o de Diretor Escolar, da Escola Municipal Santa Luzia, o Sr. JIMMY CARTER NASCIMENTO SANTOS<\/a><\/li>\n\t\t<li class=\"wsp-post\"><a href=\"https:\/\/saobernardo.ma.gov.br\/transparencia\/portarias\/portaria-no-192-de-27-de-abril-de-2022-dispoe-sobre-a-nomeacao-para-cargo-em-comissao-de-inspetor-de-vigilancia-patrimonial-da-secretaria-municipal-de-educacao-e-da-outras-providencia\/\">PORTARIA N\u00ba 192, DE 27 DE ABRIL DE 2022 &#8211; RESOLVE NOMEAR, para o Cargo em Comiss\u00e3o de Inspetor de Vigil\u00e2ncia Patrimonial \u2013 DAI-1, da Secretaria Municipal de Educa\u00e7\u00e3o &#8211; SEMECTI, o Sr. ANTONIO KLEBER ALVES CAVALCANTE<\/a><\/li>\n\t\t<li class=\"wsp-post\"><a href=\"https:\/\/saobernardo.ma.gov.br\/transparencia\/portarias\/portaria-no-191-de-27-de-abril-de-2022-dispoe-sobre-a-nomeacao-para-cargo-em-comissao-inspetor-de-vigilancia-patrimonial-da-secretaria-municipal-de-educacao-e-da-outras-providencias\/\">PORTARIA N\u00ba 191, DE 27 DE ABRIL DE 2022 &#8211; RESOLVE NOMEAR, para o Cargo em Comiss\u00e3o de Inspetor de Vigil\u00e2ncia Patrimonial \u2013 DAI-1, da Secretaria Municipal de Educa\u00e7\u00e3o &#8211; SEMECTI, o Sr. DUCIEL SILVA OLIVEIRA<\/a><\/li>\n\t\t<li class=\"wsp-post\"><a href=\"https:\/\/saobernardo.ma.gov.br\/transparencia\/portarias\/portaria-no-190-de-27-de-abril-de-2022-dispoe-sobre-a-nomeacao-para-cargo-em-comissao-inspetor-de-vigilancia-patrimonial-da-secretaria-municipal-de-educacao-e-da-outras-providencias\/\">PORTARIA N\u00ba 190, DE 27 DE ABRIL DE 2022 &#8211; RESOLVE NOMEAR, para o Cargo em Comiss\u00e3o de Inspetor de Vigil\u00e2ncia Patrimonial \u2013 DAI-1, da Secretaria Municipal de Educa\u00e7\u00e3o &#8211; SEMECTI, o Sr. FRANCISCO DAS CHAGAS LOPES DE SOUSA<\/a><\/li>\n\t\t<li class=\"wsp-post\"><a href=\"https:\/\/saobernardo.ma.gov.br\/transparencia\/portarias\/portaria-no-228-de-27-de-abril-de-2022-dispoe-sobre-a-nomeacao-para-cargo-em-comissao-de-diretor-escolar-e-da-outras-providencias\/\">PORTARIA N\u00ba 228, DE 27 DE ABRIL DE 2022 &#8211; RESOLVE NOMEAR, para o Cargo em Comiss\u00e3o de Diretor Escolar, da Unidade Integrada Presidente Castelo Branco, a Sra. IOLETE SILVA CONSTANCIO<\/a><\/li>\n\t\t<li class=\"wsp-post\"><a href=\"https:\/\/saobernardo.ma.gov.br\/transparencia\/portarias\/portaria-no-189-de-27-de-abril-de-2022-dispoe-sobre-a-nomeacao-para-cargo-em-comissao-de-assessor-pedagogico-nivel-i-da-secretaria-municipal-de-educacao-e-da-outras-providencias\/\">PORTARIA N\u00ba 189, DE 27 DE ABRIL DE 2022 &#8211; RESOLVE  NOMEAR, para o Cargo em Comiss\u00e3o de Assessor Pedag\u00f3gico N\u00edvel I \u2013 DANS, da Secretaria Municipal de Educa\u00e7\u00e3o &#8211; SEMECTI, a Sra. MARIA DOS AFLITOS DE SOUSA MARQUES<\/a><\/li>\n\t\t<li class=\"wsp-post\"><a href=\"https:\/\/saobernardo.ma.gov.br\/transparencia\/portarias\/portaria-no-227-de-27-de-abril-de-2022-dispoe-sobre-a-nomeacao-para-cargo-em-comissao-de-diretor-escolar-e-da-outras-providencias\/\">PORTARIA N\u00ba 227, DE 27 DE ABRIL DE 2022 &#8211; RESOLVE NOMEAR, para o Cargo em Comiss\u00e3o de Diretor Escolar, da Escola Municipal  Rui Barbosa, a Sra. FRANCIMARA SILVA LIMA<\/a><\/li>\n\t\t<li class=\"wsp-post\"><a href=\"https:\/\/saobernardo.ma.gov.br\/transparencia\/portarias\/portaria-no-188-de-27-de-abril-de-2022-dispoe-sobre-a-nomeacao-para-cargo-em-comissao-de-assessor-pedagogico-nivel-i-da-secretaria-municipal-de-educacao-e-da-outras-providencias\/\">PORTARIA N\u00ba 188, DE 27 DE ABRIL DE 2022 &#8211; RESOLVE NOMEAR, para o Cargo em Comiss\u00e3o de Assessor Pedag\u00f3gico N\u00edvel I \u2013 DANS, da Secretaria Municipal de Educa\u00e7\u00e3o &#8211; SEMECTI, o Sr. DAVY ARAUJO SOUZA<\/a><\/li>\n\t\t<li class=\"wsp-post\"><a href=\"https:\/\/saobernardo.ma.gov.br\/transparencia\/portarias\/portaria-no-226-de-27-de-abril-de-2022-dispoe-sobre-a-nomeacao-para-cargo-em-comissao-de-diretor-escolar-e-da-outras-providencias\/\">PORTARIA N\u00ba 226, DE 27 DE ABRIL DE 2022 &#8211; RESOLVE NOMEAR, para o Cargo em Comiss\u00e3o de Diretor Escolar, da Escola Municipal Nossa Senhora de F\u00e1tima, a Sra. ELIENE VERAS COSTA<\/a><\/li>\n\t\t<li class=\"wsp-post\"><a href=\"https:\/\/saobernardo.ma.gov.br\/transparencia\/portarias\/portaria-no-225-de-27-de-abril-de-2022-dispoe-sobre-a-nomeacao-para-cargo-em-comissao-de-diretor-escolar-e-da-outras-providencias\/\">PORTARIA N\u00ba 225, DE 27 DE ABRIL DE 2022 &#8211; RESOLVE NOMEAR, para o Cargo em Comiss\u00e3o de Diretor Escolar, da Associa\u00e7\u00e3o de Pais e Amigos dos Excepcionais &#8211; APAE, a Sra. ANA MARIA VIEIRA SANTOS<\/a><\/li>\n\t\t<li class=\"wsp-post\"><a href=\"https:\/\/saobernardo.ma.gov.br\/transparencia\/portarias\/portaria-no-224-de-27-de-abril-de-2022-dispoe-sobre-a-nomeacao-para-cargo-em-comissao-de-inspetor-escolar-da-secretaria-municipal-de-educacao-e-da-outras-providencias\/\">PORTARIA N\u00ba 224, DE 27 DE ABRIL DE 2022 &#8211; RESOLVE NOMEAR, para o Cargo em Comiss\u00e3o de Inspetor Escolar \u2013 DAI, da Escola Municipal Rubenito Couto, o Sr. GERSON RICARDO COSTA FARIAS<\/a><\/li>\n\t\t<li class=\"wsp-post\"><a href=\"https:\/\/saobernardo.ma.gov.br\/transparencia\/portarias\/portaria-no-186-de-27-de-abril-de-2022-dispoe-sobre-a-nomeacao-para-cargo-em-comissao-de-assessor-pedagogico-nivel-iii-da-secretaria-municipal-de-educacao-e-da-outras-providencias\/\">PORTARIA N\u00ba 186, DE 27 DE ABRIL DE 2022 &#8211; RESOLVE NOMEAR, para o Cargo em Comiss\u00e3o de Assessor Pedag\u00f3gico N\u00edvel III \u2013 DAI, da Secretaria Municipal de Educa\u00e7\u00e3o &#8211; SEMECTI, a Sra. TAIS DA SILVA DOS SANTOS<\/a><\/li>\n\t\t<li class=\"wsp-post\"><a href=\"https:\/\/saobernardo.ma.gov.br\/transparencia\/portarias\/portaria-no-185-de-27-de-abril-de-2022-dispoe-sobre-a-nomeacao-para-cargo-em-comissao-de-assessor-pedagogico-nivel-iii-da-secretaria-municipal-de-educacao-e-da-outras-providencias\/\">PORTARIA N\u00ba 185, DE 27 DE ABRIL DE 2022 &#8211; RESOLVE NOMEAR, para o Cargo em Comiss\u00e3o de Assessor Pedag\u00f3gico N\u00edvel III \u2013 DAI, da Secretaria Municipal de Educa\u00e7\u00e3o &#8211; SEMECTI, a Sra. SUZANY MEIRELES SILVA<\/a><\/li>\n\t\t<li class=\"wsp-post\"><a href=\"https:\/\/saobernardo.ma.gov.br\/transparencia\/portarias\/portaria-no-223-de-27-de-abril-de-2022-dispoe-sobre-a-nomeacao-para-cargo-em-comissao-de-coordenador-pedagogico-da-secretaria-municipal-de-educacao-e-da-outras-providencias\/\">PORTARIA N\u00ba 223, DE 27 DE ABRIL DE 2022 &#8211; RESOLVE NOMEAR, para o Cargo em Comiss\u00e3o de Coordenador Pedag\u00f3gico \u2013 DAS, da Escola Municipal Prefeito Jos\u00e9 Ferreira de Sousa, a Sra. ALINE SILVA ALBUQUERQUE<\/a><\/li>\n\t\t<li class=\"wsp-post\"><a href=\"https:\/\/saobernardo.ma.gov.br\/transparencia\/portarias\/portaria-no-184-de-27-de-abril-de-2022-dispoe-sobre-a-nomeacao-para-cargo-em-comissao-de-assessor-pedagogico-nivel-iii-da-secretaria-municipal-de-educacao-e-da-outras-providencias\/\">PORTARIA N\u00ba 184, DE 27 DE ABRIL DE 2022 &#8211; RESOLVE NOMEAR, para o Cargo em Comiss\u00e3o de Assessor Pedag\u00f3gico N\u00edvel III \u2013 DAI, da Secretaria Municipal de Educa\u00e7\u00e3o &#8211; SEMECTI, a Sra. SAMIA DE SOUSA COSTA<\/a><\/li>\n\t\t<li class=\"wsp-post\"><a href=\"https:\/\/saobernardo.ma.gov.br\/transparencia\/portarias\/portaria-no-222-de-27-de-abril-de-2022-dispoe-sobre-a-nomeacao-para-cargo-em-comissao-de-inspetor-escolar-da-secretaria-municipal-de-educacao-e-da-outras-providencias\/\">PORTARIA N\u00ba 222, DE 27 DE ABRIL DE 2022 &#8211; RESOLVE NOMEAR, para o Cargo em Comiss\u00e3o de Inspetor Escolar \u2013 DAI, do Polo VI, o Sr. ROMARIO PEREIRA DA COSTA<\/a><\/li>\n\t\t<li class=\"wsp-post\"><a href=\"https:\/\/saobernardo.ma.gov.br\/transparencia\/portarias\/portaria-no-221-de-27-de-abril-de-2022-dispoe-sobre-a-nomeacao-para-cargo-em-comissao-de-secretario-escolar-da-secretaria-municipal-de-educacao-e-da-outras-providencias\/\">PORTARIA N\u00ba 221, DE 27 DE ABRIL DE 2022 -RESOLVE NOMEAR, para o Cargo em Comiss\u00e3o de Secret\u00e1rio Escolar \u2013 DAI-1, da Unidade Integrada Presidente Castelo Branco, a Sra. TERESINHA DE JESUS FERREIRA MATOS<\/a><\/li>\n\t\t<li class=\"wsp-post\"><a href=\"https:\/\/saobernardo.ma.gov.br\/transparencia\/portarias\/portaria-no-183-de-27-de-abril-de-2022-dispoe-sobre-a-nomeacao-para-cargo-em-comissao-de-assessor-pedagogico-nivel-iii-da-secretaria-municipal-de-educacao-e-da-outras-providencias\/\">PORTARIA N\u00ba 183, DE 27 DE ABRIL DE 2022 &#8211; RESOLVE NOMEAR, para o Cargo em Comiss\u00e3o de Assessor Pedag\u00f3gico N\u00edvel III \u2013 DAI, da Secretaria Municipal de Educa\u00e7\u00e3o &#8211; SEMECTI, a Sra. MARIA DIONEIA SPINDOLA DAMASCENO<\/a><\/li>\n\t\t<li class=\"wsp-post\"><a href=\"https:\/\/saobernardo.ma.gov.br\/transparencia\/portarias\/portaria-no-220-de-27-de-abril-de-2022-dispoe-sobre-a-nomeacao-para-cargo-em-comissao-de-diretor-escolar-e-da-outras-providencias\/\">PORTARIA N\u00ba 220, DE 27 DE ABRIL DE 2022 &#8211; RESOLVE NOMEAR, para o Cargo em Comiss\u00e3o de Diretor Escolar, da Unidade Integrada Juscelino Kubitschek, o Sr. CHALES DEGAULLE COSTA SABRY<\/a><\/li>\n\t\t<li class=\"wsp-post\"><a href=\"https:\/\/saobernardo.ma.gov.br\/transparencia\/portarias\/portaria-no-219-de-27-de-abril-de-2022-dispoe-sobre-a-designacao-para-cargo-em-comissao-de-supervisor-pedagogico-da-secretaria-municipal-de-educacao-e-da-outras-providencias\/\">PORTARIA N\u00ba 219, DE 27 DE ABRIL DE 2022 &#8211; RESOLVE DESIGNAR, para o Cargo em Comiss\u00e3o de Supervisor Pedag\u00f3gico &#8211; DANS, na Secretaria Municipal de Educa\u00e7\u00e3o &#8211; SEMECTI, a Sra. MARIA IVANECIA DE COSTA SANTOS<\/a><\/li>\n\t\t<li class=\"wsp-post\"><a href=\"https:\/\/saobernardo.ma.gov.br\/transparencia\/portarias\/portaria-no-218-de-27-de-abril-de-2022-dispoe-sobre-a-nomeacao-para-cargo-em-comissao-de-orientador-educacional-e-da-outras-providencias\/\">PORTARIA N\u00ba 218, DE 27 DE ABRIL DE 2022 &#8211; RESOLVE NOMEAR, para o Cargo em Comiss\u00e3o de Orientador Educacional &#8211; DANS, da Secretaria Municipal de Educa\u00e7\u00e3o &#8211; SEMECTI, a Sra. ELINEIDE ARAUJO MONTEIRO PORTELA<\/a><\/li>\n\t\t<li class=\"wsp-post\"><a href=\"https:\/\/saobernardo.ma.gov.br\/transparencia\/portarias\/portaria-no-182-de-27-de-abril-de-2022-dispoe-sobre-a-nomeacao-para-cargo-em-comissao-de-assessor-pedagogico-nivel-iii-da-secretaria-municipal-de-educacao-e-da-outras-providencias\/\">PORTARIA N\u00ba 182, DE 27 DE ABRIL DE 2022 &#8211; RESOLVE NOMEAR, para o Cargo em Comiss\u00e3o de Assessor Pedag\u00f3gico N\u00edvel III \u2013 DAI, da Secretaria Municipal de Educa\u00e7\u00e3o &#8211; SEMECTI, a Sra. DULCE MARIA AMADOR SOUSA<\/a><\/li>\n\t\t<li class=\"wsp-post\"><a href=\"https:\/\/saobernardo.ma.gov.br\/transparencia\/portarias\/portaria-no-217-de-27-de-abril-de-2022-dispoe-sobre-a-nomeacao-para-cargo-em-comissao-de-diretor-adjunto-e-da-outras-providencias\/\">PORTARIA N\u00ba 217 DE 27 DE ABRIL DE 2022 &#8211; RESOLVE NOMEAR, para o Cargo em Comiss\u00e3o de Diretor Adjunto da Creche Bibi, o Sr(a). MARLUCIA PEREIRA DE ARAUJO<\/a><\/li>\n\t\t<li class=\"wsp-post\"><a href=\"https:\/\/saobernardo.ma.gov.br\/transparencia\/portarias\/portaria-no-181-de-27-de-abril-de-2022-dispoe-sobre-a-nomeacao-para-cargo-em-comissao-de-assessor-pedagogico-nivel-iii-da-secretaria-municipal-de-educacao-e-da-outras-providencias\/\">PORTARIA N\u00ba 181, DE 27 DE ABRIL DE 2022 &#8211; RESOLVE NOMEAR, para o Cargo em Comiss\u00e3o de Assessor Pedag\u00f3gico N\u00edvel III \u2013 DAI, da Secretaria Municipal de Educa\u00e7\u00e3o &#8211; SEMECTI, o Sr. CARLOS ALBERTO SILVA SOUSA<\/a><\/li>\n\t\t<li class=\"wsp-post\"><a href=\"https:\/\/saobernardo.ma.gov.br\/transparencia\/portarias\/portaria-no-216-de-27-de-abril-de-2022-dispoe-sobre-a-nomeacao-para-cargo-em-comissao-de-diretor-adjunto-e-da-outras-providencias\/\">PORTARIA N\u00ba 216 DE 27 DE ABRIL DE 2022 &#8211; RESOLVE NOMEAR, para o Cargo em Comiss\u00e3o de Diretor Adjunto da Escola Municipal Prof. Aurea Serra Castelo Branco, o Sr(a). RAIMUNDO PEREIRA DA COSTA FILHO<\/a><\/li>\n\t\t<li class=\"wsp-post\"><a href=\"https:\/\/saobernardo.ma.gov.br\/transparencia\/portarias\/portaria-no-215-de-27-de-abril-de-2022-dispoe-sobre-a-nomeacao-para-cargo-em-comissao-de-diretor-adjunto-e-da-outras-providencias\/\">PORTARIA N\u00ba 215 DE 27 DE ABRIL DE 2022 &#8211; RESOLVE NOMEAR, para o Cargo em Comiss\u00e3o de Diretor Adjunto da Escola Municipal Raimundo Machado Filho, o Sr(a). MILKA EMANUELA PEREIRA DOS REIS<\/a><\/li>\n\t\t<li class=\"wsp-post\"><a href=\"https:\/\/saobernardo.ma.gov.br\/transparencia\/portarias\/portaria-no-180-de-27-de-abril-de-2022-dispoe-sobre-a-nomeacao-para-cargo-em-comissao-de-assessor-pedagogico-nivel-iii-da-secretaria-municipal-de-educacao-e-da-outras-providencias\/\">PORTARIA N\u00ba 180, DE 27 DE ABRIL DE 2022 &#8211; RESOLVE NOMEAR, para o Cargo em Comiss\u00e3o de Assessor Pedag\u00f3gico N\u00edvel III \u2013 DAI, da Secretaria Municipal de Educa\u00e7\u00e3o &#8211; SEMECTI, o Sr. GABRIEL DE DEUS SANTOS MACHADO<\/a><\/li>\n\t\t<li class=\"wsp-post\"><a href=\"https:\/\/saobernardo.ma.gov.br\/transparencia\/portarias\/portaria-no-214-de-27-de-abril-de-2022-dispoe-sobre-a-nomeacao-para-cargo-em-comissao-de-diretor-adjunto-e-da-outras-providencias\/\">PORTARIA N\u00ba 214 DE 27 DE ABRIL DE 2022 &#8211; RESOLVE NOMEAR, para o Cargo em Comiss\u00e3o de Diretor Adjunto da Escola Municipal Gon\u00e7alves Dias, o Sr(a). MARIA MEIRE DE LIMA COSTA SILVA<\/a><\/li>\n\t\t<li class=\"wsp-post\"><a href=\"https:\/\/saobernardo.ma.gov.br\/transparencia\/portarias\/portaria-no-179-de-27-de-abril-de-2022-dispoe-sobre-a-nomeacao-para-cargo-em-comissao-de-assessor-pedagogico-nivel-ii-da-secretaria-municipal-de-educacao-e-da-outras-providencias\/\">PORTARIA N\u00ba 179, DE 27 DE ABRIL DE 2022 &#8211; RESOLVE NOMEAR, para o Cargo em Comiss\u00e3o de Assessor Pedag\u00f3gico N\u00edvel II \u2013 DAS, da Secretaria Municipal de Educa\u00e7\u00e3o &#8211; SEMECTI, o Sr. DEYVISON SILVA LISBOA<\/a><\/li>\n\t\t<li class=\"wsp-post\"><a href=\"https:\/\/saobernardo.ma.gov.br\/transparencia\/portarias\/portaria-no-213-de-27-de-abril-de-2022-dispoe-sobre-a-nomeacao-para-cargo-em-comissao-de-diretor-adjunto-e-da-outras-providencias\/\">PORTARIA N\u00ba 213 DE 27 DE ABRIL DE 2022 &#8211; RESOLVE NOMEAR, para o Cargo em Comiss\u00e3o de Diretor Adjunto da Escola Municipal Santa Rita, o Sr(a). MARIA LUZINETE PINTO DA SILVA<\/a><\/li>\n\t\t<li class=\"wsp-post\"><a href=\"https:\/\/saobernardo.ma.gov.br\/transparencia\/portarias\/portaria-no-178-de-27-de-abril-de-2022-dispoe-sobre-a-nomeacao-para-cargo-em-comissao-de-assessor-pedagogico-nivel-ii-da-secretaria-municipal-de-educacao-e-da-outras-providencias\/\">PORTARIA N\u00ba 178, DE 27 DE ABRIL DE 2022 &#8211; RESOLVE NOMEAR, para o Cargo em Comiss\u00e3o de Assessor Pedag\u00f3gico N\u00edvel II \u2013 DAS, da Secretaria Municipal de Educa\u00e7\u00e3o &#8211; SEMECTI, a Sra. ROSICLEIDA ROCHA RODRIGUES<\/a><\/li>\n\t\t<li class=\"wsp-post\"><a href=\"https:\/\/saobernardo.ma.gov.br\/transparencia\/portarias\/portaria-no-212-de-27-de-abril-de-2022-dispoe-sobre-a-nomeacao-para-cargo-em-comissao-de-diretor-adjunto-e-da-outras-providencias\/\">PORTARIA N\u00ba 212 DE 27 DE ABRIL DE 2022 &#8211; RESOLVE NOMEAR, para o Cargo em Comiss\u00e3o de Diretor Adjunto da Escola Municipal Prof. Maria de Lourdes Correia Lima, o Sr(a). MARIA DA CONCEICAO COSTA MARQUES<\/a><\/li>\n\t\t<li class=\"wsp-post\"><a href=\"https:\/\/saobernardo.ma.gov.br\/transparencia\/portarias\/portaria-no-177-de-27-de-abril-de-2022-dispoe-sobre-a-nomeacao-para-cargo-em-comissao-de-assessor-pedagogico-nivel-ii-da-secretaria-municipal-de-educacao-e-da-outras-providencias\/\">PORTARIA N\u00ba 177, DE 27 DE ABRIL DE 2022 &#8211; RESOLVE NOMEAR, para o Cargo em Comiss\u00e3o de Assessor Pedag\u00f3gico N\u00edvel II \u2013 DAS, da Secretaria Municipal de Educa\u00e7\u00e3o &#8211; SEMECTI, o Sr. JOSE CLAUDIO FELIX DOS SANTOS<\/a><\/li>\n\t\t<li class=\"wsp-post\"><a href=\"https:\/\/saobernardo.ma.gov.br\/transparencia\/portarias\/portaria-no-211-de-27-de-abril-de-2022-dispoe-sobre-a-nomeacao-para-cargo-em-comissao-de-diretor-adjunto-e-da-outras-providencias\/\">PORTARIA N\u00ba 211 DE 27 DE ABRIL DE 2022 &#8211; RESOLVE NOMEAR, para o Cargo em Comiss\u00e3o de Diretor Adjunto da da Escola Municipal Monsenhor Maur\u00edcio Laurent, o Sr(a). MARIA CLEOMAR DE JESUS SILVA<\/a><\/li>\n\t\t<li class=\"wsp-post\"><a href=\"https:\/\/saobernardo.ma.gov.br\/transparencia\/portarias\/portaria-no-210-de-27-de-abril-de-2022-dispoe-sobre-a-nomeacao-para-cargo-em-comissao-de-diretor-adjunto-e-da-outras-providencias\/\">PORTARIA N\u00ba 210 DE 27 DE ABRIL DE 2022 &#8211; RESOLVE NOMEAR, para o Cargo em Comiss\u00e3o de Diretor Adjunto da Unidade Integrada Juscelino Kubitschek, o Sr(a). MARIA ANA LUCIA LOPES DA SILVA<\/a><\/li>\n\t\t<li class=\"wsp-post\"><a href=\"https:\/\/saobernardo.ma.gov.br\/transparencia\/portarias\/portaria-no-209-de-27-de-abril-de-2022-dispoe-sobre-a-nomeacao-para-cargo-em-comissao-de-diretor-adjunto-e-da-outras-providencias\/\">PORTARIA N\u00ba 209 DE 27 DE ABRIL DE 2022 &#8211; RESOLVE NOMEAR, para o Cargo em Comiss\u00e3o de Diretor Adjunto da Escola Municipal Presidente Castelo Branco, o Sr(a). LUCIANA MARIA SILVA MACHADO<\/a><\/li>\n\t\t<li class=\"wsp-post\"><a href=\"https:\/\/saobernardo.ma.gov.br\/transparencia\/portarias\/portaria-no-176-de-27-de-abril-de-2022-dispoe-sobre-a-nomeacao-para-cargo-em-comissao-de-assessor-pedagogico-nivel-ii-da-secretaria-municipal-de-educacao-e-da-outras-providencias\/\">PORTARIA N\u00ba 176, DE 27 DE ABRIL DE 2022 &#8211; RESOLVE NOMEAR, para o Cargo em Comiss\u00e3o de Assessor Pedag\u00f3gico N\u00edvel II \u2013 DAS, da Secretaria Municipal de Educa\u00e7\u00e3o &#8211; SEMECTI, a Sra. JANAYNA DOS SANTOS COUTO<\/a><\/li>\n\t\t<li class=\"wsp-post\"><a href=\"https:\/\/saobernardo.ma.gov.br\/transparencia\/portarias\/portaria-no-208-de-27-de-abril-de-2022-dispoe-sobre-a-nomeacao-para-cargo-em-comissao-de-diretor-adjunto-e-da-outras-providencias\/\">PORTARIA N\u00ba 208 DE 27 DE ABRIL DE 2022 &#8211; RESOLVE NOMEAR, para o Cargo em Comiss\u00e3o de Diretor Adjunto da Escola Municipal Cora\u00e7\u00e3o de Jesus, o Sr(a). JONAS SANTOS SILVA<\/a><\/li>\n\t\t<li class=\"wsp-post\"><a href=\"https:\/\/saobernardo.ma.gov.br\/transparencia\/portarias\/portaria-no-207-de-27-de-abril-de-2022-dispoe-sobre-a-nomeacao-para-cargo-em-comissao-de-diretor-adjunto-e-da-outras-providencias\/\">PORTARIA N\u00ba 207 DE 27 DE ABRIL DE 2022 &#8211; RESOLVE NOMEAR, para o Cargo em Comiss\u00e3o de Diretor Adjunto da Escola Municipal Manoel de Almeida Portugal, o Sr(a). JOEL VIEIRA ALMEIDA<\/a><\/li>\n\t\t<li class=\"wsp-post\"><a href=\"https:\/\/saobernardo.ma.gov.br\/transparencia\/portarias\/portaria-no-206-de-27-de-abril-de-2022-dispoe-sobre-a-nomeacao-para-cargo-em-comissao-de-diretor-adjunto-e-da-outras-providencias\/\">PORTARIA N\u00ba 206 DE 27 DE ABRIL DE 2022 &#8211; RESOLVE NOMEAR, para o Cargo em Comiss\u00e3o de Diretor Adjunto da Creche Branca de Neve, o Sr(a). GERMANA PEREIRA DE ARAUJO<\/a><\/li>\n\t\t<li class=\"wsp-post\"><a href=\"https:\/\/saobernardo.ma.gov.br\/transparencia\/portarias\/portaria-no-175-de-27-de-abril-de-2022-dispoe-sobre-a-nomeacao-para-cargo-em-comissao-de-assessor-pedagogico-nivel-ii-da-secretaria-municipal-de-educacao-e-da-outras-providencias\/\">PORTARIA N\u00ba 175, DE 27 DE ABRIL DE 2022 &#8211; RESOLVE NOMEAR, para o Cargo em Comiss\u00e3o de Assessor Pedag\u00f3gico N\u00edvel II \u2013 DAS, da Secretaria Municipal de Educa\u00e7\u00e3o &#8211; SEMECTI, a Sra. BRUNA MARIA ROCHA DA SILVA<\/a><\/li>\n\t\t<li class=\"wsp-post\"><a href=\"https:\/\/saobernardo.ma.gov.br\/transparencia\/portarias\/portaria-no-205-de-27-de-abril-de-2022-dispoe-sobre-a-nomeacao-para-cargo-em-comissao-de-diretor-adjunto-e-da-outras-providencias\/\">PORTARIA N\u00ba 205 DE 27 DE ABRIL DE 2022 &#8211; RESOLVE NOMEAR, para o Cargo em Comiss\u00e3o de Diretor Adjunto da Escola Municipal Santa Terezinha, o Sr(a). FRANCISCO DAS CHAGAS ARAUJO JUNIOR<\/a><\/li>\n\t\t<li class=\"wsp-post\"><a href=\"https:\/\/saobernardo.ma.gov.br\/transparencia\/portarias\/portaria-no-174-de-27-de-abril-de-2022-dispoe-sobre-a-nomeacao-para-cargo-em-comissao-de-assessor-pedagogico-nivel-ii-da-secretaria-municipal-de-educacao-e-da-outras-providencias\/\">PORTARIA N\u00ba 174, DE 27 DE ABRIL DE 2022 &#8211; RESOLVE NOMEAR, para o Cargo em Comiss\u00e3o de Assessor Pedag\u00f3gico N\u00edvel II \u2013 DAS, da Secretaria Municipal de Educa\u00e7\u00e3o &#8211; SEMECTI, a Sra. ABILENE OLIVEIRA DE SOUSA<\/a><\/li>\n\t\t<li class=\"wsp-post\"><a href=\"https:\/\/saobernardo.ma.gov.br\/transparencia\/portarias\/portaria-no-204-de-27-de-abril-de-2022-dispoe-sobre-a-nomeacao-para-cargo-em-comissao-de-diretor-adjunto-e-da-outras-providencias\/\">PORTARIA N\u00ba 204 DE 27 DE ABRIL DE 2022 &#8211; RESOLVE NOMEAR, para o Cargo em Comiss\u00e3o de Diretor Adjunto da Escola Municipal Prof. Maria de Lourdes Correia Lima, o Sr(a). FRANCISCA PEDROZA PAZ<\/a><\/li>\n\t\t<li class=\"wsp-post\"><a href=\"https:\/\/saobernardo.ma.gov.br\/transparencia\/portarias\/portaria-no-203-de-27-de-abril-de-2022-dispoe-sobre-a-nomeacao-para-cargo-em-comissao-de-diretor-adjunto-e-da-outras-providencias\/\">PORTARIA N\u00ba 203 DE 27 DE ABRIL DE 2022 &#8211; RESOLVE NOMEAR, para o Cargo em Comiss\u00e3o de Diretor Adjunto da Escola Municipal Prefeito Jos\u00e9 Ferreira de Sousa , o Sr(a). FRANCIDALVA ARAUJO DE SOUSA<\/a><\/li>\n\t\t<li class=\"wsp-post\"><a href=\"https:\/\/saobernardo.ma.gov.br\/transparencia\/portarias\/portaria-no-202-de-27-de-abril-de-2022-dispoe-sobre-a-nomeacao-para-cargo-em-comissao-de-diretor-adjunto-e-da-outras-providencias\/\">PORTARIA N\u00ba 202 DE 27 DE ABRIL DE 2022 &#8211; RESOLVE NOMEAR, para o Cargo em Comiss\u00e3o de Diretor Adjunto da Escola Municipal Prof. Francisca Lima Spindola, o Sr(a). ELDA DA SILVA MONTEIRO<\/a><\/li>\n\t\t<li class=\"wsp-post\"><a href=\"https:\/\/saobernardo.ma.gov.br\/transparencia\/portarias\/portaria-no-201-de-27-de-abril-de-2022-dispoe-sobre-a-nomeacao-para-cargo-em-comissao-de-diretor-adjunto-e-da-outras-providencias\/\">PORTARIA N\u00ba 201 DE 27 DE ABRIL DE 2022 &#8211; RESOLVE NOMEAR, para o Cargo em Comiss\u00e3o de Diretor Adjunto da Escola Municipal Jos\u00e9 de Freiras, o Sr(a). DANIELA GOMES<\/a><\/li>\n\t\t<li class=\"wsp-post\"><a href=\"https:\/\/saobernardo.ma.gov.br\/transparencia\/portarias\/portaria-no-200-de-27-de-abril-de-2022-dispoe-sobre-a-nomeacao-para-cargo-em-comissao-de-diretor-adjunto-e-da-outras-providencias\/\">PORTARIA N\u00ba 200 DE 27 DE ABRIL DE 2022 &#8211; RESOLVE NOMEAR, para o Cargo em Comiss\u00e3o de Diretor Adjunto da Escola Municipal Anast\u00e1cio Portela, o Sr(a). CLEONICE MARIA CAVALCANTE DE OLIVEIRA<\/a><\/li>\n\t\t<li class=\"wsp-post\"><a href=\"https:\/\/saobernardo.ma.gov.br\/transparencia\/portarias\/portaria-no-199-de-27-de-abril-de-2022-dispoe-sobre-a-nomeacao-para-cargo-em-comissao-de-diretor-adjunto-e-da-outras-providencias\/\">PORTARIA N\u00ba 199 DE 27 DE ABRIL DE 2022 &#8211; RESOLVE NOMEAR, para o Cargo em Comiss\u00e3o de Diretor Adjunto da Escola Municipal Francisco Marques, o Sr(a). CLAUDIOMAR ALMEIDA SOUZA<\/a><\/li>\n\t\t<li class=\"wsp-post\"><a href=\"https:\/\/saobernardo.ma.gov.br\/transparencia\/portarias\/portaria-no-198-de-27-de-abril-de-2022-dispoe-sobre-a-nomeacao-para-cargo-em-comissao-de-diretor-adjunto-e-da-outras-providencias\/\">PORTARIA N\u00ba 198 DE 27 DE ABRIL DE 2022 &#8211; RESOLVE NOMEAR, para o Cargo em Comiss\u00e3o de Diretor Adjunto da Unidade Integrada Bernardo Coelho de Almeida, o Sr(a). CICERO TENORIO DOS SANTOS BARROS<\/a><\/li>\n\t\t<li class=\"wsp-post\"><a href=\"https:\/\/saobernardo.ma.gov.br\/transparencia\/portarias\/portaria-no-197-de-27-de-abril-de-2022-dispoe-sobre-a-nomeacao-para-cargo-em-comissao-de-diretor-adjunto-e-da-outras-providencias\/\">PORTARIA N\u00ba 197 DE 27 DE ABRIL DE 2022 &#8211; RESOLVE NOMEAR, para o Cargo em Comiss\u00e3o de Diretor Adjunto da Escola Municipal Paulo Freire, o Sr(a). ANTONIA MARIA LIMA DOS SANTOS<\/a><\/li>\n\t\t<li class=\"wsp-post\"><a href=\"https:\/\/saobernardo.ma.gov.br\/transparencia\/portarias\/portaria-no-173-de-27-de-abril-de-2022-dispoe-sobre-a-nomeacao-para-cargo-em-comissao-de-assessor-pedagogico-nivel-ii-da-secretaria-municipal-de-educacao-e-da-outras-providencias\/\">PORTARIA N\u00ba 173, DE 27 DE ABRIL DE 2022 &#8211; RESOLVE NOMEAR, para o Cargo em Comiss\u00e3o de Assessor Pedag\u00f3gico N\u00edvel II \u2013 DAS, da Secretaria Municipal de Educa\u00e7\u00e3o &#8211; SEMECTI, a Sra. DINAMARA AMADOR SOUSA<\/a><\/li>\n\t\t<li class=\"wsp-post\"><a href=\"https:\/\/saobernardo.ma.gov.br\/transparencia\/portarias\/portaria-no-172-de-27-de-abril-de-2022-dispoe-sobre-a-nomeacao-para-cargo-em-comissao-de-assessor-pedagogico-nivel-ii-da-secretaria-municipal-de-educacao-e-da-outras-providencias\/\">PORTARIA N\u00ba 172, DE 27 DE ABRIL DE 2022 &#8211; RESOLVE NOMEAR, para o Cargo em Comiss\u00e3o de Assessor Pedag\u00f3gico N\u00edvel II \u2013 DAS, da Secretaria Municipal de Educa\u00e7\u00e3o &#8211; SEMECTI, a Sra. NUBIA MARIA DE ALMEIDA COSTA<\/a><\/li>\n\t\t<li class=\"wsp-post\"><a href=\"https:\/\/saobernardo.ma.gov.br\/transparencia\/portarias\/portaria-no-171-de-27-de-abril-de-2022-dispoe-sobre-a-nomeacao-para-cargo-em-comissao-de-assessor-pedagogico-nivel-ii-da-secretaria-municipal-de-educacao-e-da-outras-providencias\/\">PORTARIA N\u00ba 171, DE 27 DE ABRIL DE 2022 &#8211; RESOLVE NOMEAR, para o Cargo em Comiss\u00e3o de Assessor Pedag\u00f3gico N\u00edvel II \u2013 DAS, da Secretaria Municipal de Educa\u00e7\u00e3o &#8211; SEMECTI, a Sra. CAROLINE RODRIGUES SILVA<\/a><\/li>\n\t\t<li class=\"wsp-post\"><a href=\"https:\/\/saobernardo.ma.gov.br\/transparencia\/portarias\/portaria-no-170-de-27-de-abril-de-2022-dispoe-sobre-a-nomeacao-para-cargo-em-comissao-de-assessor-pedagogico-nivel-i-da-secretaria-municipal-de-educacao-e-da-outras-providencias\/\">PORTARIA N\u00ba 170, DE 27 DE ABRIL DE 2022 &#8211; 31 de mar\u00e7o de 2022, RESOLVE NOMEAR, para o Cargo em Comiss\u00e3o de Assessor Pedag\u00f3gico N\u00edvel I \u2013 DANS, da Secretaria Municipal de Educa\u00e7\u00e3o &#8211; SEMECTI, a Sra. MARIANA DEBORA CLAUDIANO DO NASCIMENTO<\/a><\/li>\n\t\t<li class=\"wsp-post\"><a href=\"https:\/\/saobernardo.ma.gov.br\/transparencia\/portarias\/portaria-no-169-de-27-de-abril-de-2022-dispoe-sobre-a-nomeacao-para-cargo-em-comissao-de-assessor-pedagogico-nivel-i-da-secretaria-municipal-de-educacao-e-da-outras-providencias\/\">PORTARIA N\u00ba 169, DE 27 DE ABRIL DE 2022 &#8211; RESOLVE NOMEAR, para o Cargo em Comiss\u00e3o de Assessor Pedag\u00f3gico N\u00edvel I \u2013 DANS, da Secretaria Municipal de Educa\u00e7\u00e3o &#8211; SEMECTI, o Sr. RICARDO MARQUES SOUSA<\/a><\/li>\n\t\t<li class=\"wsp-post\"><a href=\"https:\/\/saobernardo.ma.gov.br\/transparencia\/portarias\/portaria-no-168-de-27-de-abril-de-2022-dispoe-sobre-a-nomeacao-para-cargo-em-comissao-de-assessor-pedagogico-nivel-i-da-secretaria-municipal-de-educacao-e-da-outras-providencias\/\">PORTARIA N\u00ba 168, DE 27 DE ABRIL DE 2022 &#8211; RESOLVE NOMEAR, para o Cargo em Comiss\u00e3o de Assessor Pedag\u00f3gico N\u00edvel I \u2013 DANS, da Secretaria Municipal de Educa\u00e7\u00e3o &#8211; SEMECTI, o Sr. JURANDIR CARVALHO DE SOUSA<\/a><\/li>\n\t\t<li class=\"wsp-post\"><a href=\"https:\/\/saobernardo.ma.gov.br\/transparencia\/portarias\/portaria-no-167-de-27-de-abril-de-2022-dispoe-sobre-a-nomeacao-para-cargo-em-comissao-de-assessor-pedagogico-nivel-i-da-secretaria-municipal-de-educacao-e-da-outras-providencias\/\">PORTARIA N\u00ba 167, DE 27 DE ABRIL DE 2022 &#8211; RESOLVE NOMEAR, para o Cargo em Comiss\u00e3o de Assessor Pedag\u00f3gico N\u00edvel I \u2013 DANS, da Secretaria Municipal de Educa\u00e7\u00e3o &#8211; SEMECTI, o Sr. FRANCISCO PAULO LINHARES MACHADO<\/a><\/li>\n\t\t<li class=\"wsp-post\"><a href=\"https:\/\/saobernardo.ma.gov.br\/transparencia\/portarias\/portaria-no-166-de-27-de-abril-de-2022-dispoe-sobre-a-nomeacao-para-cargo-em-comissao-de-assessor-pedagogico-nivel-i-da-secretaria-municipal-de-educacao-e-da-outras-providencias\/\">PORTARIA N\u00ba 166, DE 27 DE ABRIL DE 2022 &#8211; RESOLVE NOMEAR, para o Cargo em Comiss\u00e3o de Assessor Pedag\u00f3gico N\u00edvel I \u2013 DANS, da Secretaria Municipal de Educa\u00e7\u00e3o &#8211; SEMECTI, a Sra. CASSIA ROCHA PORTELA<\/a><\/li>\n\t\t<li class=\"wsp-post\"><a href=\"https:\/\/saobernardo.ma.gov.br\/transparencia\/portarias\/portaria-no-165-de-27-de-abril-de-2022-dispoe-sobre-a-nomeacao-para-cargo-em-comissao-de-assessor-pedagogico-nivel-i-da-secretaria-municipal-de-educacao-e-da-outras-providencias\/\">PORTARIA N\u00ba 165, DE 27 DE ABRIL DE 2022 &#8211; RESOLVE NOMEAR, para o Cargo em Comiss\u00e3o de Assessor Pedag\u00f3gico N\u00edvel I \u2013 DANS, da Secretaria Municipal de Educa\u00e7\u00e3o &#8211; SEMECTI, o Sr. CARLOS EDUARDO CANDEIRA MARQUES<\/a><\/li>\n\t\t<li class=\"wsp-post\"><a href=\"https:\/\/saobernardo.ma.gov.br\/transparencia\/portarias\/portaria-no-164-de-27-de-abril-de-2022-dispoe-sobre-a-nomeacao-para-cargo-em-comissao-de-assessor-juridico-pedagogico-da-secretaria-municipal-de-educacao-e-da-outras-providencias\/\">PORTARIA N\u00ba 164, DE 27 DE ABRIL DE 2022 &#8211; RESOLVE NOMEAR, para o Cargo em Comiss\u00e3o de Assessor Jur\u00eddico &#8211; Pedag\u00f3gico \u2013 DANS, da Secretaria Municipal de Educa\u00e7\u00e3o &#8211; SEMECTI, o Sr. RAFAEL PINTO ALENCAR<\/a><\/li>\n\t\t<li class=\"wsp-post\"><a href=\"https:\/\/saobernardo.ma.gov.br\/transparencia\/portarias\/portaria-no-163-de-27-de-abril-de-2022-dispoe-sobre-a-nomeacao-para-cargo-em-comissao-de-assessor-juridico-pedagogico-da-secretaria-municipal-de-educacao-e-da-outras-providencias\/\">PORTARIA N\u00ba 163, DE 27 DE ABRIL DE 2022 &#8211; RESOLVE NOMEAR, para o Cargo em Comiss\u00e3o de Assessor Jur\u00eddico &#8211; Pedag\u00f3gico \u2013 DANS, da Secretaria Municipal de Educa\u00e7\u00e3o &#8211; SEMECTI, a Sra. SAMIRA ABREU DUAILIBE RAMALHO<\/a><\/li>\n\t\t<li class=\"wsp-post\"><a href=\"https:\/\/saobernardo.ma.gov.br\/transparencia\/portarias\/portaria-no-162-de-27-de-abril-de-2022-dispoe-sobre-a-nomeacao-para-cargo-em-comissao-de-chefe-do-departamento-do-censo-escolar-da-secretaria-municipal-de-educacao-e-da-outras-providenc\/\">PORTARIA N\u00ba 162, DE 27 DE ABRIL DE 2022 &#8211; RESOLVE NOMEAR, para o Cargo em Comiss\u00e3o de Chefe do Departamento do Censo Escolar \u2013 DAS, da Secretaria Municipal de Educa\u00e7\u00e3o &#8211; SEMECTI, a Sra. SILVIA FEITOSA CANDEIRA<\/a><\/li>\n\t\t<li class=\"wsp-post\"><a href=\"https:\/\/saobernardo.ma.gov.br\/transparencia\/portarias\/portaria-no-161-de-27-de-abril-de-2022-dispoe-sobre-a-nomeacao-para-cargo-em-comissao-de-chefe-do-departamento-de-fiscalizacao-de-obras-da-secretaria-municipal-de-educacao-e-da-outras\/\">PORTARIA N\u00ba 161, DE 27 DE ABRIL DE 2022 -RESOLVE NOMEAR, para o Cargo em Comiss\u00e3o de Chefe do Departamento de Fiscaliza\u00e7\u00e3o de Obras \u2013 DAS, da Secretaria Municipal de Educa\u00e7\u00e3o &#8211; SEMECTI, o Sr. LUCAS JOAO PAULO NUNES DA SILVA<\/a><\/li>\n\t\t<li class=\"wsp-post\"><a href=\"https:\/\/saobernardo.ma.gov.br\/transparencia\/portarias\/portaria-no-160-de-27-de-abril-de-2022-dispoe-sobre-a-nomeacao-para-cargo-em-comissao-de-coordenador-de-financas-da-secretaria-municipal-de-educacao-e-da-outras-providencias\/\">PORTARIA N\u00ba 160, DE 27 DE ABRIL DE 2022 &#8211; RESOLVE  NOMEAR, para o Cargo em Comiss\u00e3o de Coordenador Finan\u00e7as &#8211; DANS, da Secretaria Municipal de Educa\u00e7\u00e3o &#8211; SEMECTI, o Sr. JOAO NUNES DOS REIS<\/a><\/li>\n\t\t<li class=\"wsp-post\"><a href=\"https:\/\/saobernardo.ma.gov.br\/transparencia\/portarias\/portaria-no-159-de-27-de-abril-de-2022-dispoe-sobre-a-nomeacao-para-cargo-em-comissao-de-coordenador-de-estatistica-da-secretaria-municipal-de-educacao-e-da-outras-providencias\/\">PORTARIA N\u00ba 159, DE 27 DE ABRIL DE 2022 &#8211; RESOLVE NOMEAR, para o Cargo em Comiss\u00e3o de Coordenador Estat\u00edstica &#8211; DANS, da Secretaria Municipal de Educa\u00e7\u00e3o &#8211; SEMECTI, o Sr. VITOR CARLOS DIAS COSTA<\/a><\/li>\n\t\t<li class=\"wsp-post\"><a href=\"https:\/\/saobernardo.ma.gov.br\/transparencia\/portarias\/portaria-no-158-de-27-de-abril-de-2022-dispoe-sobre-a-nomeacao-para-cargo-em-comissao-de-coordenador-de-politicas-educacionais-da-secretaria-municipal-de-educacao-e-da-outras-providen\/\">PORTARIA N\u00ba 158, DE 27 DE ABRIL DE 2022 &#8211; RESOLVE NOMEAR, para o Cargo em Comiss\u00e3o de Coordenador Geral de Pol\u00edticas Educacionais &#8211; DANS, da Secretaria Municipal de Educa\u00e7\u00e3o &#8211; SEMECTI, o Sr. EDILBERTO DE OLIVEIRA MARQUES<\/a><\/li>\n\t\t<li class=\"wsp-post\"><a href=\"https:\/\/saobernardo.ma.gov.br\/transparencia\/portarias\/portaria-no-157-de-27-de-abril-de-2022-dispoe-sobre-a-nomeacao-para-cargo-em-comissao-de-coordenador-de-atividade-e-meio-da-secretaria-municipal-de-educacao-e-da-outras-providencias\/\">PORTARIA N\u00ba 157, DE 27 DE ABRIL DE 2022 &#8211; RESOLVE NOMEAR, para o Cargo em Comiss\u00e3o de Coordenador de Atividade e Meio &#8211; DANS, da Secretaria Municipal de Educa\u00e7\u00e3o &#8211; SEMECTI, o Sr. CLAYTON SOUZA SILVA<\/a><\/li>\n\t\t<li class=\"wsp-post\"><a href=\"https:\/\/saobernardo.ma.gov.br\/transparencia\/portarias\/portaria-no-156-de-27-de-abril-de-2022-dispoe-sobre-a-nomeacao-para-cargo-em-comissao-de-coordenador-de-engenharia-civil-da-secretaria-municipal-de-educacao-e-da-outras-providencias\/\">PORTARIA N\u00ba 156, DE 27 DE ABRIL DE 2022 &#8211; RESOLVE NOMEAR, para o Cargo em Comiss\u00e3o de Coordenador de Engenharia Civil &#8211; DANS, da Secretaria Municipal de Educa\u00e7\u00e3o &#8211; SEMECTI, o Sr. ATILA OLIVEIRA PORTELA<\/a><\/li>\n\t\t<li class=\"wsp-post\"><a href=\"https:\/\/saobernardo.ma.gov.br\/transparencia\/portarias\/portaria-no-155-de-27-de-abril-de-2022-dispoe-sobre-a-nomeacao-para-cargo-em-comissao-de-chefe-do-departamento-de-fotocopias-da-secretaria-municipal-de-educacao-e-da-outras-providenci\/\">PORTARIA N\u00ba 155, DE 27 DE ABRIL DE 2022 &#8211; RESOLVE NOMEAR, para o Cargo em Comiss\u00e3o de Chefe do Departamento de Fotoc\u00f3pias &#8211; DAS, da Secretaria Municipal de Educa\u00e7\u00e3o &#8211; SEMECTI, o Sr. DANILO DE ALMEIDA LIMA PORTELA<\/a><\/li>\n\t\t<li class=\"wsp-post\"><a href=\"https:\/\/saobernardo.ma.gov.br\/transparencia\/portarias\/portaria-no-154-de-27-de-abril-de-2022-dispoe-sobre-a-nomeacao-para-cargo-em-comissao-de-chefe-do-departamento-de-transportes-da-secretaria-municipal-de-educacao-e-da-outras-providenc\/\">PORTARIA N\u00ba 154, DE 27 DE ABRIL DE 2022 &#8211; RESOLVE NOMEAR, para o Cargo em Comiss\u00e3o de Chefe do Departamento de Transportes &#8211; DAS, da Secretaria Municipal de Educa\u00e7\u00e3o &#8211; SEMECTI, o Sr. WAGNER CARVALHO SILVA<\/a><\/li>\n\t\t<li class=\"wsp-post\"><a href=\"https:\/\/saobernardo.ma.gov.br\/transparencia\/portarias\/portaria-no-153-de-27-de-abril-de-2022-dispoe-sobre-a-nomeacao-para-cargo-em-comissao-de-chefe-do-departamento-de-tecnologias-estruturais-da-secretaria-municipal-de-educacao-e-da-outr\/\">PORTARIA N\u00ba 153, DE 27 DE ABRIL DE 2022 &#8211; RESOLVE NOMEAR, para o Cargo em Comiss\u00e3o de Chefe do Departamento de Tecnologias Estruturais &#8211; DAS, da Secretaria Municipal de Educa\u00e7\u00e3o &#8211; SEMECTI, o Sr. ARLINDO CESAR VIANA MONTELES<\/a><\/li>\n\t\t<li class=\"wsp-post\"><a href=\"https:\/\/saobernardo.ma.gov.br\/transparencia\/portarias\/portaria-no-152-de-27-de-abril-de-2022-dispoe-sobre-a-nomeacao-para-cargo-em-comissao-de-chefe-do-departamento-de-inspecao-escolar-da-secretaria-municipal-de-educacao-e-da-outras-prov\/\">PORTARIA N\u00ba 152, DE 27 DE ABRIL DE 2022 &#8211; RESOLVE NOMEAR, para o Cargo em Comiss\u00e3o de Chefe do Departamento de Inspe\u00e7\u00e3o Escolar &#8211; DAS, da Secretaria Municipal de Educa\u00e7\u00e3o &#8211; SEMECTI, a Sra. NEUDA MARIA DE ALMEIDA COSTA<\/a><\/li>\n\t\t<li class=\"wsp-post\"><a href=\"https:\/\/saobernardo.ma.gov.br\/transparencia\/portarias\/portaria-no-187de-27-de-abril-de-2022-resolve-nomear-para-o-cargo-em-comissao-de-assessor-pedagogico-nivel-iii-dai-da-secretaria-municipal-de-educacao-semecti-o-sr-antonio-gabriel-sousa-silv\/\">PORTARIA N\u00ba 187,DE 27 DE ABRIL DE 2022 &#8211; RESOLVE NOMEAR para o Cargo em Comiss\u00e3o de Assessor Pedag\u00f3gico N\u00edvel III &#8211; DAI, da Secretaria Municipal de Educa\u00e7\u00e3o &#8211; SEMECTI, o Sr. ANTONIO GABRIEL SOUSA SILVA<\/a><\/li>\n\t\t<li class=\"wsp-post\"><a href=\"https:\/\/saobernardo.ma.gov.br\/transparencia\/portarias\/portaria-no-151-de-27-de-abril-de-2022-dispoe-sobre-a-nomeacao-para-cargo-em-comissao-de-chefe-do-departamento-de-protocolo-e-distribuicao-da-secretaria-municipal-de-educacao-e-da-out\/\">PORTARIA N\u00ba 151, DE 27 DE ABRIL DE 2022 &#8211; RESOLVE NOMEAR, para o Cargo em Comiss\u00e3o de Chefe do Departamento de Protocolo e Distribui\u00e7\u00e3o &#8211; DAS, da Secretaria Municipal de Educa\u00e7\u00e3o &#8211; SEMECTI, a Sra. PATRICIA SOARES SILVA<\/a><\/li>\n\t\t<li class=\"wsp-post\"><a href=\"https:\/\/saobernardo.ma.gov.br\/transparencia\/portarias\/portaria-no-150-de-27-de-abril-de-2022-dispoe-sobre-a-designacao-para-cargo-em-comissao-de-diretor-da-escola-de-musica-municipal-da-secretaria-municipal-de-educacao-e-da-outras-provid\/\">PORTARIA N\u00ba 150, DE 27 DE ABRIL DE 2022 &#8211; RESOLVE DESIGNAR, para o Cargo em Comiss\u00e3o de Diretor da Escola de M\u00fasica Municipal &#8211; DAS, na Secretaria Municipal de Educa\u00e7\u00e3o &#8211; SEMECTI, o Sr. RAFAEL DE OLIVEIRA LIRA ARAG\u00c3O<\/a><\/li>\n\t\t<li class=\"wsp-post\"><a href=\"https:\/\/saobernardo.ma.gov.br\/transparencia\/portarias\/portaria-no89-de-26-de-abril-de-2022-dispoe-sobre-a-nomeacao-para-cargo-em-comissao-de-inspetor-escolar-da-secretaria-municipal-de-educacao-e-da-outras-providencias\/\">PORTARIA N\u00ba 89, DE 26 DE ABRIL DE 2022 &#8211; RESOLVE NOMEAR, para o Cargo em Comiss\u00e3o de Inspetor Escolar \u2013 DAI, da Escola Municipal Santa Rita, a Sra. TANIA MARIA SILVA LIMA<\/a><\/li>\n\t\t<li class=\"wsp-post\"><a href=\"https:\/\/saobernardo.ma.gov.br\/transparencia\/portarias\/portaria-no-88-de-26-de-abril-de-2022-dispoe-sobre-a-nomeacao-para-cargo-em-comissao-de-inspetor-escolar-da-secretaria-municipal-de-educacao-e-da-outras-providencias\/\">PORTARIA N\u00ba 88 , DE 26 DE ABRIL DE 2022 &#8211; RESOLVE NOMEAR, para o Cargo em Comiss\u00e3o de Inspetor Escolar \u2013 DAI, da Escola Municipal Raimundo Poincar\u00e9, a Sra. SIMONE SILVA SOUSA<\/a><\/li>\n\t\t<li class=\"wsp-post\"><a href=\"https:\/\/saobernardo.ma.gov.br\/transparencia\/portarias\/portaria-no-87-de-26-de-abril-de-2022-dispoe-sobre-a-nomeacao-para-cargo-em-comissao-de-inspetor-escolar-da-secretaria-municipal-de-educacao-e-da-outras-providencias\/\">PORTARIA N\u00ba 87 , DE 26 DE ABRIL DE 2022 &#8211; RESOLVE NOMEAR, para o Cargo em Comiss\u00e3o de Inspetor Escolar \u2013 DAI, da Escola Municipal Jos\u00e9 de Freitas, o Sr. SAVIO SOUSA VERAS<\/a><\/li>\n\t\t<li class=\"wsp-post\"><a href=\"https:\/\/saobernardo.ma.gov.br\/transparencia\/portarias\/portaria-no-86-de-26-de-abril-de-2022-dispoe-sobre-a-nomeacao-para-cargo-em-comissao-de-inspetor-escolar-da-secretaria-municipal-de-educacao-e-da-outras-providencias\/\">PORTARIA N\u00ba 86 , DE 26 DE ABRIL DE 2022 &#8211; RESOLVE NOMEAR, para o Cargo em Comiss\u00e3o de Inspetor Escolar \u2013 DAI, do Polo VI, o Sr. ROMARIO CAVALCANTE PEREIRA SILVA<\/a><\/li>\n\t\t<li class=\"wsp-post\"><a href=\"https:\/\/saobernardo.ma.gov.br\/transparencia\/portarias\/portaria-no-85-de-26-de-abril-de-2022-dispoe-sobre-a-nomeacao-para-cargo-em-comissao-de-inspetor-escolar-da-secretaria-municipal-de-educacao-e-da-outras-providencias\/\">PORTARIA N\u00ba 85 , DE 26 DE ABRIL DE 2022 &#8211; RESOLVE NOMEAR, para o Cargo em Comiss\u00e3o de Inspetor Escolar \u2013 DAI, da Creche Branca de Neve, o Sr. ROBERTY SAMUEL FERREIRA SILVA<\/a><\/li>\n\t\t<li class=\"wsp-post\"><a href=\"https:\/\/saobernardo.ma.gov.br\/transparencia\/portarias\/portaria-no-84-de-26-de-abril-de-2022-dispoe-sobre-a-nomeacao-para-cargo-em-comissao-de-inspetor-escolar-da-secretaria-municipal-de-educacao-e-da-outras-providencias\/\">PORTARIA N\u00ba 84 , DE 26 DE ABRIL DE 2022 &#8211; RESOLVE NOMEAR, para o Cargo em Comiss\u00e3o de Inspetor Escolar \u2013 DAI, da Escola Municipal Monteiro Lobato, a Sra. RAIMUNDA NONATA ALVES GARCES<\/a><\/li>\n\t\t<li class=\"wsp-post\"><a href=\"https:\/\/saobernardo.ma.gov.br\/transparencia\/portarias\/portaria-no-83-de-26-de-abril-de-2022-dispoe-sobre-a-nomeacao-para-cargo-em-comissao-de-inspetor-escolar-da-secretaria-municipal-de-educacao-e-da-outras-providencias\/\">PORTARIA N\u00ba 83 , DE 26 DE ABRIL DE 2022 &#8211; RESOLVE NOMEAR, para o Cargo em Comiss\u00e3o de Inspetor Escolar \u2013 DAI, da Associa\u00e7\u00e3o de Pais e Amigos dos Excepcionais &#8211; APAE, o Sr. JEFFERSON LIMA MORENO<\/a><\/li>\n\t\t<li class=\"wsp-post\"><a href=\"https:\/\/saobernardo.ma.gov.br\/transparencia\/portarias\/portaria-no-82-de-26-de-abril-de-2022-dispoe-sobre-a-nomeacao-para-cargo-em-comissao-de-inspetor-escolar-da-secretaria-municipal-de-educacao-e-da-outras-providencias\/\">PORTARIA N\u00ba 82 , DE 26 DE ABRIL DE 2022 &#8211; RESOLVE NOMEAR, para o Cargo em Comiss\u00e3o de Inspetor Escolar \u2013 DAI, da Escola Municipal C\u00e9lia Cristina Pereira dos Reis, a Sra. MARIA JAMILLY SILVA PEREIRA<\/a><\/li>\n\t\t<li class=\"wsp-post\"><a href=\"https:\/\/saobernardo.ma.gov.br\/transparencia\/portarias\/portaria-no-81-de-26-de-abril-de-2022-dispoe-sobre-a-nomeacao-para-cargo-em-comissao-de-inspetor-escolar-da-secretaria-municipal-de-educacao-e-da-outras-providencias\/\">PORTARIA N\u00ba 81, DE 26 DE ABRIL DE 2022 &#8211; RESOLVE NOMEAR, para o Cargo em Comiss\u00e3o de Inspetor Escolar \u2013 DAI, do Polo IV, o Sr. KLEITTON BEZERRA DOS SANTOS<\/a><\/li>\n\t\t<li class=\"wsp-post\"><a href=\"https:\/\/saobernardo.ma.gov.br\/transparencia\/portarias\/portaria-no-80-de-26-de-abril-de-2022-dispoe-sobre-a-nomeacao-para-cargo-em-comissao-de-inspetor-escolar-da-secretaria-municipal-de-educacao-e-da-outras-providencias\/\">PORTARIA N\u00ba 80 , DE 26 DE ABRIL DE 2022 &#8211; RESOLVE NOMEAR, para o Cargo em Comiss\u00e3o de Inspetor Escolar \u2013 DAI, da Escola Municipal Professora Maria de Lourdes Serra, a Sra. KAWANY VICTORYA ALMEIDA DOS SANTOS<\/a><\/li>\n\t\t<li class=\"wsp-post\"><a href=\"https:\/\/saobernardo.ma.gov.br\/transparencia\/portarias\/portaria-no-79-de-26-de-abril-de-2022-dispoe-sobre-a-nomeacao-para-cargo-em-comissao-de-inspetor-escolar-da-secretaria-municipal-de-educacao-e-da-outras-providencias\/\">PORTARIA N\u00ba 79, DE 26 DE ABRIL DE 2022 &#8211; RESOLVE NOMEAR, para o Cargo em Comiss\u00e3o de Inspetor Escolar \u2013 DAI, do Polo II, a Sra. KATIA SILVA ROCHA<\/a><\/li>\n\t\t<li class=\"wsp-post\"><a href=\"https:\/\/saobernardo.ma.gov.br\/transparencia\/portarias\/portaria-no-78-de-26-de-abril-de-2022-dispoe-sobre-a-nomeacao-para-cargo-em-comissao-de-inspetor-escolar-da-secretaria-municipal-de-educacao-e-da-outras-providencias\/\">PORTARIA N\u00ba 78 , DE 26 DE ABRIL DE 2022 &#8211; RESOLVE NOMEAR, para o Cargo em Comiss\u00e3o de Inspetor Escolar \u2013 DAI, da Polo I, o Sr. JOSE ROBSON MARTINHO COELHO<\/a><\/li>\n\t\t<li class=\"wsp-post\"><a href=\"https:\/\/saobernardo.ma.gov.br\/transparencia\/portarias\/portaria-no-77-de-26-de-abril-de-2022-dispoe-sobre-a-nomeacao-para-cargo-em-comissao-de-inspetor-escolar-da-secretaria-municipal-de-educacao-e-da-outras-providencias\/\">PORTARIA N\u00ba 77 , DE 26 DE ABRIL DE 2022 &#8211;  RESOLVE NOMEAR, para o Cargo em Comiss\u00e3o de Inspetor Escolar \u2013 DAI, da Escola Municipal C\u00e9lia Cristina Pereira dos Reis, o Sr. JOSE HENRIQUE MARQUES<\/a><\/li>\n\t\t<li class=\"wsp-post\"><a href=\"https:\/\/saobernardo.ma.gov.br\/transparencia\/portarias\/portaria-no-76-de-26-de-abril-de-2022-dispoe-sobre-a-nomeacao-para-cargo-em-comissao-de-inspetor-escolar-da-secretaria-municipal-de-educacao-e-da-outras-providencias\/\">PORTARIA N\u00ba 76 , DE 26 DE ABRIL DE 2022 &#8211; RESOLVE NOMEAR, para o Cargo em Comiss\u00e3o de Inspetor Escolar \u2013 DAI, da Escola Municipal Vereador Rubenito Couto, o Sr. JOAO DE DEUS LIRA SANTOS<\/a><\/li>\n\t\t<li class=\"wsp-post\"><a href=\"https:\/\/saobernardo.ma.gov.br\/transparencia\/portarias\/portaria-no-75-de-26-de-abril-de-2022-dispoe-sobre-a-nomeacao-para-cargo-em-comissao-de-inspetor-escolar-da-secretaria-municipal-de-educacao-e-da-outras-providencias\/\">PORTARIA N\u00ba 75 , DE 26 DE ABRIL DE 2022 &#8211; RESOLVE NOMEAR, para o Cargo em Comiss\u00e3o de Inspetor Escolar \u2013 DAI, da Escola Municipal Vereador Rubenito Couto, o Sr. JEFSON SILVA COSTA<\/a><\/li>\n\t\t<li class=\"wsp-post\"><a href=\"https:\/\/saobernardo.ma.gov.br\/transparencia\/portarias\/portaria-no-74-de-26-de-abril-de-2022-dispoe-sobre-a-nomeacao-para-cargo-em-comissao-de-inspetor-escolar-da-secretaria-municipal-de-educacao-e-da-outras-providencias\/\">PORTARIA N\u00ba 74, DE 26 DE ABRIL DE 2022 &#8211;  RESOLVE NOMEAR, para o Cargo em Comiss\u00e3o de Inspetor Escolar \u2013 DAI, da Escola Municipal Paulo Freire, a Sra. JANICE DA SILVA<\/a><\/li>\n\t\t<li class=\"wsp-post\"><a href=\"https:\/\/saobernardo.ma.gov.br\/transparencia\/portarias\/portaria-no-73-de-26-de-abril-de-2022-dispoe-sobre-a-nomeacao-para-cargo-em-comissao-de-inspetor-escolar-da-secretaria-municipal-de-educacao-e-da-outras-providencias\/\">PORTARIA N\u00ba 73 , DE 26 DE ABRIL DE 2022 &#8211; RESOLVE NOMEAR, para o Cargo em Comiss\u00e3o de Inspetor Escolar \u2013 DAI, da Escola Municipal Fernando Coelho, a Sra. JAINE ROCHA DAMASCENO SANTOS<\/a><\/li>\n\t\t<li class=\"wsp-post\"><a href=\"https:\/\/saobernardo.ma.gov.br\/transparencia\/portarias\/portaria-no-72-de-26-de-abril-de-2022-dispoe-sobre-a-nomeacao-para-cargo-em-comissao-de-inspetor-escolar-da-secretaria-municipal-de-educacao-e-da-outras-providencias\/\">PORTARIA N\u00ba 72 , DE 26 DE ABRIL DE 2022 &#8211; RESOLVE NOMEAR, para o Cargo em Comiss\u00e3o de Inspetor Escolar \u2013 DAI, da Escola Municipal Prefeito Jos\u00e9 Ferreira de Sousa, a Sra. JACELMA QUEIROZ FARIAS<\/a><\/li>\n\t\t<li class=\"wsp-post\"><a href=\"https:\/\/saobernardo.ma.gov.br\/transparencia\/portarias\/portaria-no-71-de-26-de-abril-de-2022-dispoe-sobre-a-nomeacao-para-cargo-em-comissao-de-inspetor-escolar-da-secretaria-municipal-de-educacao-e-da-outras-providencias\/\">PORTARIA N\u00ba 71 , DE 26 DE ABRIL DE 2022 &#8211; RESOLVE NOMEAR, para o Cargo em Comiss\u00e3o de Inspetor Escolar \u2013 DAI, da Creche Saci Perer\u00ea, a Sra. IZONETH PEREIRA SOUSA<\/a><\/li>\n\t\t<li class=\"wsp-post\"><a href=\"https:\/\/saobernardo.ma.gov.br\/transparencia\/portarias\/portaria-no-70-de-26-de-abril-de-2022-dispoe-sobre-a-nomeacao-para-cargo-em-comissao-de-inspetor-escolar-da-secretaria-municipal-de-educacao-e-da-outras-providencias\/\">PORTARIA N\u00ba 70 , DE 26 DE ABRIL DE 2022 &#8211; RESOLVE NOMEAR, para o Cargo em Comiss\u00e3o de Inspetor Escolar \u2013 DAI, Polo V, a Sra. IVONICE ALVES DOS SANTOS<\/a><\/li>\n\t\t<li class=\"wsp-post\"><a href=\"https:\/\/saobernardo.ma.gov.br\/transparencia\/portarias\/portaria-no-69-de-25-de-abril-de-2022-dispoe-sobre-a-nomeacao-para-o-cargo-em-comissao-de-inspetor-escolar-da-secretaria-municipal-de-educacao-e-da-outras-providencias\/\">PORTARIA N\u00ba 69, DE 25 DE ABRIL DE 2022 &#8211; RESOLVE NOMEAR, para o Cargo em Comiss\u00e3o de Inspetor Escolar \u2013 DAI, da Unidade Integrada Bernardo Coelho de Almeida, a Sra. ISABELA TEIXEIRA TOMAZ<\/a><\/li>\n\t\t<li class=\"wsp-post\"><a href=\"https:\/\/saobernardo.ma.gov.br\/transparencia\/portarias\/portaria-no-68-de-25-de-abril-de-2022-dispoe-sobre-a-nomeacao-para-o-cargo-em-comissao-de-inspetor-escolar-da-secretaria-municipal-de-educacao-e-da-outras-providencias\/\">PORTARIA N\u00ba 68, DE 25 DE ABRIL DE 2022 &#8211; RESOLVE  NOMEAR, para o Cargo em Comiss\u00e3o de Inspetor Escolar \u2013 DAI, da Escola Municipal Conego Nestor, o Sr. IAGO JORGE SOUSA DE CASTRO<\/a><\/li>\n\t\t<li class=\"wsp-post\"><a href=\"https:\/\/saobernardo.ma.gov.br\/transparencia\/portarias\/portaria-no-67-de-25-de-abril-de-2022-dispoe-sobre-a-nomeacao-para-o-cargo-em-comissao-de-inspetor-escolar-da-secretaria-municipal-de-educacao-e-da-outras-providencias\/\">PORTARIA N\u00ba 67, DE 25 DE ABRIL DE 2022 &#8211; RESOLVE NOMEAR, para o Cargo em Comiss\u00e3o de Inspetor Escolar \u2013 DAI, da Escola Municipal Francisca Lima Spindola, a Sra. GRACIENE SILVA MONTEIRO LIMA<\/a><\/li>\n\t\t<li class=\"wsp-post\"><a href=\"https:\/\/saobernardo.ma.gov.br\/transparencia\/portarias\/portaria-no-66-de-25-de-abril-de-2022-dispoe-sobre-a-nomeacao-para-o-cargo-em-comissao-de-inspetor-escolar-da-secretaria-municipal-de-educacao-e-da-outras-providencias\/\">PORTARIA N\u00ba 66, DE 25 DE ABRIL DE 2022 &#8211; RESOLVE NOMEAR, para o Cargo em Comiss\u00e3o de Inspetor Escolar \u2013 DAI, da Escola Municipal Prof. \u00c1urea Serra, a Sra. GESSIMA COSTA DA SILVA<\/a><\/li>\n\t\t<li class=\"wsp-post\"><a href=\"https:\/\/saobernardo.ma.gov.br\/transparencia\/portarias\/portaria-no-65-de-25-de-abril-de-2022-dispoe-sobre-a-nomeacao-para-o-cargo-em-comissao-de-inspetor-escolar-da-secretaria-municipal-de-educacao-e-da-outras-providencias\/\">PORTARIA N\u00ba 65, DE 25 DE ABRIL DE 2022 &#8211; RESOLVE NOMEAR, para o Cargo em Comiss\u00e3o de Inspetor Escolar \u2013 DAI, da Escola Municipal Monsenhor Maur\u00edcio Lauret, o Sr. FRAZAO SILVA OLIVEIRA<\/a><\/li>\n\t\t<li class=\"wsp-post\"><a href=\"https:\/\/saobernardo.ma.gov.br\/transparencia\/portarias\/portaria-no-64-de-25-de-abril-de-2022-dispoe-sobre-a-nomeacao-para-o-cargo-em-comissao-de-inspetor-escolar-da-secretaria-municipal-de-educacao-e-da-outras-providencias\/\">PORTARIA N\u00ba 64, DE 25 DE ABRIL DE 2022 &#8211; RESOLVE NOMEAR, para o Cargo em Comiss\u00e3o de Inspetor Escolar \u2013 DAI, da Escola Municipal Monsenhor Maur\u00edcio Lauret, o Sr. FRANCISCO ROGERIO ROCHA SILVA JUNIOR<\/a><\/li>\n\t\t<li class=\"wsp-post\"><a href=\"https:\/\/saobernardo.ma.gov.br\/transparencia\/portarias\/portaria-no-63-de-25-de-abril-de-2022-dispoe-sobre-a-nomeacao-para-o-cargo-em-comissao-de-inspetor-escolar-da-secretaria-municipal-de-educacao-e-da-outras-providencias\/\">PORTARIA N\u00ba 63, DE 25 DE ABRIL DE 2022 &#8211; RESOLVE NOMEAR, para o Cargo em Comiss\u00e3o de Inspetor Escolar \u2013 DAI, da Creche Branca de Neve, a Sra. FRANCISCA MARIA SILVA DE OLIVEIRA<\/a><\/li>\n\t\t<li class=\"wsp-post\"><a href=\"https:\/\/saobernardo.ma.gov.br\/transparencia\/portarias\/portaria-no-62-de-25-de-abril-de-2022-dispoe-sobre-a-nomeacao-para-o-cargo-em-comissao-de-inspetor-escolar-da-secretaria-municipal-de-educacao-e-da-outras-providencias\/\">PORTARIA N\u00ba 62, DE 25 DE ABRIL DE 2022 &#8211; RESOLVE NOMEAR, para o Cargo em Comiss\u00e3o de Inspetor Escolar \u2013 DAI, da Escola Municipal Raimundo Poincar\u00e9, o Sr. ANTONIO ACRISIO SILVA DOS SANTOS<\/a><\/li>\n\t\t<li class=\"wsp-post\"><a href=\"https:\/\/saobernardo.ma.gov.br\/transparencia\/portarias\/portaria-no-61-de-25-de-abril-de-2022-dispoe-sobre-a-nomeacao-para-o-cargo-em-comissao-de-inspetor-escolar-da-secretaria-municipal-de-educacao-e-da-outras-providencias\/\">PORTARIA N\u00ba 61, DE 25 DE ABRIL DE 2022 &#8211; RESOLVE NOMEAR, para o Cargo em Comiss\u00e3o de Inspetor Escolar \u2013 DAI, da Escola Municipal Juscelino Kubitscheck, a Sra. ANA CECILIA NASCIMENTO SILVA<\/a><\/li>\n\t\t<li class=\"wsp-post\"><a href=\"https:\/\/saobernardo.ma.gov.br\/transparencia\/portarias\/portaria-no-60-de-25-de-abril-de-2022-dispoe-sobre-a-nomeacao-para-o-cargo-em-comissao-de-secretario-escolar-da-secretaria-municipal-de-educacao-e-da-outras-providencias\/\">PORTARIA N\u00ba 60, DE 25 DE ABRIL DE 2022 &#8211; RESOLVE DESIGNAR, para o Cargo Efetivo de Secret\u00e1rio Escolar \u2013 DAI-1, da Escola Municipal Jos\u00e9 Coelho Lima, o Sr. SAMUEL SOUSA<\/a><\/li>\n\t\t<li class=\"wsp-post\"><a href=\"https:\/\/saobernardo.ma.gov.br\/transparencia\/portarias\/portaria-no-59-de-25-de-abril-de-2022-dispoe-sobre-a-nomeacao-para-o-cargo-em-comissao-de-secretario-escolar-da-secretaria-municipal-de-educacao-e-da-outras-providencias\/\">PORTARIA N\u00ba 59, DE 25 DE ABRIL DE 2022 &#8211; RESOLVE NOMEAR, para o Cargo em Comiss\u00e3o de Secret\u00e1rio Escolar \u2013 DAI-1, da Escola Municipal Fernando Coelho, o Sr. LUIS FERNANDO CARDOSO COELHO<\/a><\/li>\n\t\t<li class=\"wsp-post\"><a href=\"https:\/\/saobernardo.ma.gov.br\/transparencia\/portarias\/portaria-no-58-de-25-de-abril-de-2022-dispoe-sobre-a-nomeacao-para-o-cargo-em-comissao-de-secretario-escolar-da-secretaria-municipal-de-educacao-e-da-outras-providencias\/\">PORTARIA N\u00ba 58, DE 25 DE ABRIL DE 2022 &#8211; RESOLVE NOMEAR, para o Cargo em Comiss\u00e3o de Secret\u00e1rio Escolar \u2013 DAI-1, da Escola Municipal Jose Ferreira de Sousa, o Sr. JOSE ANTONIO SILVA SANTOS<\/a><\/li>\n\t\t<li class=\"wsp-post\"><a href=\"https:\/\/saobernardo.ma.gov.br\/transparencia\/portarias\/portaria-no-57-de-25-de-abril-de-2022-dispoe-sobre-a-nomeacao-par-o-cargo-em-comissao-de-secretario-escolar-da-secretaria-municipal-de-educacao-e-da-outras-providencias\/\">PORTARIA N\u00ba 57, DE 25 DE ABRIL DE 2022 &#8211; RESOLVE NOMEAR, para o Cargo em Comiss\u00e3o de Secret\u00e1rio Escolar \u2013 DAI-1, da Escola Municipal Manoel de Almeida Portugal, o Sr. JARDEL RODRIGUES SILVA<\/a><\/li>\n\t\t<li class=\"wsp-post\"><a href=\"https:\/\/saobernardo.ma.gov.br\/transparencia\/portarias\/portaria-no-56-de-25-de-abril-de-2022-dispoe-sobre-a-nomeacao-para-o-cargo-em-comissao-de-secretario-escolar-da-secretaria-municipal-de-educacao-e-da-outras-providencias\/\">PORTARIA N\u00ba 56, DE 25 DE ABRIL DE 2022 &#8211; RESOLVE NOMEAR, para o Cargo em Comiss\u00e3o de Secret\u00e1rio Escolar \u2013 DAI-1, da Escola Municipal Felipe Jorge, o Sr. FILEMO GALVAO SOUSA<\/a><\/li>\n\t\t<li class=\"wsp-post\"><a href=\"https:\/\/saobernardo.ma.gov.br\/transparencia\/portarias\/portaria-no-248-de-25-de-abril-de-2022-dispoe-sobre-a-nomeacao-para-cargo-em-comissao-de-secretario-escolar-da-secretaria-municipal-de-educacao-e-da-outras-providencias\/\">PORTARIA N\u00ba 248, DE 25 DE ABRIL DE 2022 &#8211; RESOLVE NOMEAR, para o Cargo em Comiss\u00e3o de Secret\u00e1rio Escolar \u2013 DAI-1, da Escola Municipal Nossa Senhora de F\u00e1tima, a Sra. BEATRIZ FERREIRA MACHADO<\/a><\/li>\n\t\t<li class=\"wsp-post\"><a href=\"https:\/\/saobernardo.ma.gov.br\/transparencia\/portarias\/portaria-no-247-de-25-de-abril-de-2022-dispoe-sobre-a-nomeacao-para-cargo-em-comissao-de-coordenador-pedagogico-da-secretaria-municipal-de-educacao-e-da-outras-providencias\/\">PORTARIA N\u00ba 247, DE 25 DE ABRIL DE 2022 &#8211; RESOLVE NOMEAR, para o Cargo em Comiss\u00e3o de Coordenador Pedag\u00f3gico \u2013 DAS, da Escola Municipal Francisco Lima Spindola, a Sra. EDINEIA SILVA ALVES<\/a><\/li>\n\t\t<li class=\"wsp-post\"><a href=\"https:\/\/saobernardo.ma.gov.br\/transparencia\/portarias\/portaria-no-246-de-25-de-abril-de-2022-dispoe-sobre-a-nomeacao-para-cargo-em-comissao-de-inspetor-escolar-da-secretaria-municipal-de-educacao-e-da-outras-providencias\/\">PORTARIA N\u00ba 246, DE 25 DE ABRIL DE 2022 &#8211; RESOLVE NOMEAR, para o Cargo em Comiss\u00e3o de Inspetor Escolar \u2013 DAI, da Escola Municipal Paulo Freire, o Sr. JORGE LUCAS MARQUES DE SOUSA<\/a><\/li>\n\t\t<li class=\"wsp-post\"><a href=\"https:\/\/saobernardo.ma.gov.br\/transparencia\/portarias\/portaria-no-55-de-25-de-abril-de-2022-dispoe-sobre-a-nomeacao-para-o-cargo-em-comissao-de-secretario-escolar-da-secretaria-municipal-de-educacao-e-da-outras-providencias\/\">PORTARIA N\u00ba 55, DE 25 DE ABRIL DE 2022 &#8211; RESOLVE NOMEAR, para o Cargo em Comiss\u00e3o de Secret\u00e1rio Escolar \u2013 DAI-1, da Escola Municipal C\u00f4nego Nestor, o Sr. ALEXSANDER LAWOSYER ARAUJO CARDOZO<\/a><\/li>\n\t\t<li class=\"wsp-post\"><a href=\"https:\/\/saobernardo.ma.gov.br\/transparencia\/portarias\/portaria-no-245-de-25-de-abril-de-2022-dispoe-sobre-a-nomeacao-para-cargo-em-comissao-de-diretor-adjunto-e-da-outras-providencias\/\">PORTARIA N\u00ba 245 DE 25 DE ABRIL DE 2022 &#8211; RESOLVE NOMEAR, para o Cargo em Comiss\u00e3o de Diretor Adjunto da Escola Municipal Jos\u00e9 de Freiras, o Sr(a). CARMEM L\u00daCIA COELHO SOARES<\/a><\/li>\n\t\t<li class=\"wsp-post\"><a href=\"https:\/\/saobernardo.ma.gov.br\/transparencia\/portarias\/portaria-no-54-de-25-de-abril-de-2022-dispoe-sobre-a-nomeacao-para-o-cargo-em-comissao-de-secretario-escolar-da-secretaria-municipal-de-educacao-e-da-outras-providencias\/\">PORTARIA N\u00ba 54, DE 25 DE ABRIL DE 2022 &#8211; RESOLVE NOMEAR, para o Cargo em Comiss\u00e3o de Secret\u00e1rio Escolar \u2013 DAI-1, da Escola Municipal Monsenhor Maur\u00edcio Laurent, a Sra. FABIANA MONTEIRO VIANA<\/a><\/li>\n\t\t<li class=\"wsp-post\"><a href=\"https:\/\/saobernardo.ma.gov.br\/transparencia\/portarias\/portaria-no-53-de-25-de-abril-de-2022-dispoe-sobre-a-nomeacao-para-o-cargo-em-comissao-de-secretario-escolar-da-secretaria-municipal-de-educacao-e-da-outras-providencias\/\">PORTARIA N\u00ba 53, DE 25 DE ABRIL DE 2022 &#8211; RESOLVE NOMEAR, para o Cargo em Comiss\u00e3o de Secret\u00e1rio Escolar \u2013 DAI-1, da Creche Branca de Neve, a Sra. WESLLYANE DE CASTRO TELES<\/a><\/li>\n\t\t<li class=\"wsp-post\"><a href=\"https:\/\/saobernardo.ma.gov.br\/transparencia\/portarias\/poraria-no-52-de-25-de-abril-de-2022-dispoe-sobre-a-nomeacao-para-o-cargo-em-comissao-de-secretario-escolar-da-secretaria-municipal-de-educacao-e-da-outras-providencias\/\">PORARIA N\u00ba 52, DE 25 DE ABRIL DE 2022 &#8211; RESOLVE NOMEAR, para o Cargo em Comiss\u00e3o de Secret\u00e1rio Escolar \u2013 DAI-1, da Unidade Integrada Professora C\u00e9lia Cristina Pereira dos Reis, a Sra. PATRICIA DA SILVA OLIVEIRA<\/a><\/li>\n\t\t<li class=\"wsp-post\"><a href=\"https:\/\/saobernardo.ma.gov.br\/transparencia\/portarias\/portaria-no-51-de-25-de-abril-de-2022-dispoe-sobre-a-nomeacao-para-o-cargo-em-comissao-de-secretario-escolar-da-secretaria-municipal-de-educacao-e-da-outras-providencias\/\">PORTARIA N\u00ba 51, DE 25 DE ABRIL DE 2022 &#8211; RESOLVE NOMEAR, para o Cargo em Comiss\u00e3o de Secret\u00e1rio Escolar \u2013 DAI-1, da Escola Municipal Santa Luzia, a Sra. NILZA MARIA LIRA SILVA<\/a><\/li>\n\t\t<li class=\"wsp-post\"><a href=\"https:\/\/saobernardo.ma.gov.br\/transparencia\/portarias\/portaria-no-50-de-25-de-abril-de-2022-dispoe-sobre-a-nomeacao-para-o-cargo-em-comissao-de-secretario-escolar-da-secretaria-municipal-de-educacao-e-da-outras-providencias\/\">PORTARIA N\u00ba 50, DE 25 DE ABRIL DE 2022 &#8211; RESOLVE NOMEAR, para o Cargo em Comiss\u00e3o de Secret\u00e1rio Escolar \u2013 DAI-1, da Escola Municipal Monteiro Lobato, a Sra. NAIRANNY GARCIA COSTA NETO<\/a><\/li>\n\t\t<li class=\"wsp-post\"><a href=\"https:\/\/saobernardo.ma.gov.br\/transparencia\/portarias\/portaria-no-49-de-25-de-abril-de-2022-dispoe-sobre-a-nomeacao-para-o-cargo-em-comissao-de-secretario-escolar-da-secretaria-municipal-de-educacao-e-da-outras-providencias\/\">PORTARIA N\u00ba 49, DE 25 DE ABRIL DE 2022 &#8211; RESOLVE NOMEAR, para o Cargo em Comiss\u00e3o de Secret\u00e1rio Escolar \u2013 DAI-1, da Escola Municipal Ismael de Sena Monteiro, a Sra. MARIA JOSE DA CONCEICAO DE OLIVEIRA<\/a><\/li>\n\t\t<li class=\"wsp-post\"><a href=\"https:\/\/saobernardo.ma.gov.br\/transparencia\/portarias\/portaria-no-48-de-25-de-abril-de-2022-dispoe-sobre-a-nomeacao-para-o-cargo-em-comissao-de-secretario-escolar-da-secretaria-municipal-de-educacao-e-da-outras-providencias\/\">PORTARIA N\u00ba 48, DE 25 DE ABRIL DE 2022 &#8211; RESOLVE NOMEAR, para o Cargo em Comiss\u00e3o de Secret\u00e1rio Escolar \u2013 DAI-1, da Escola Municipal Claudimira de Andrade Costa, a Sra. MARIA DA CONCEICAO SILVA<\/a><\/li>\n\t\t<li class=\"wsp-post\"><a href=\"https:\/\/saobernardo.ma.gov.br\/transparencia\/portarias\/portaria-no-47-de-25-de-abril-de-2022-dispoe-sobre-a-nomeacao-para-o-cargo-em-comissao-de-secretario-escolar-da-secretaria-municipal-de-educacao-e-da-outras-providencias\/\">PORTARIA N\u00ba 47, DE 25 DE ABRIL DE 2022 &#8211; RESOLVE NOMEAR, para o Cargo em Comiss\u00e3o de Secret\u00e1rio Escolar \u2013 DAI-1, da Escola Municipal Cruzeiro do Sul, a Sra. MARIA DA CONCEICAO RODRIGUES DA COSTA<\/a><\/li>\n\t\t<li class=\"wsp-post\"><a href=\"https:\/\/saobernardo.ma.gov.br\/transparencia\/portarias\/portaria-no-46-de-25-de-abril-de-2022-dispoe-sobre-a-nomeacao-para-o-cargo-em-comissao-de-secretario-escolar-da-secretaria-municipal-de-educacao-e-da-outras-providencias\/\">PORTARIA N\u00ba 46, DE 25 DE ABRIL DE 2022 &#8211; RESOLVE NOMEAR, para o Cargo em Comiss\u00e3o de Secret\u00e1rio Escolar \u2013 DAI-1, da Escola Municipal Jose de Freitas, a Sra. MARCIANA LIMA DOS SANTOS<\/a><\/li>\n\t\t<li class=\"wsp-post\"><a href=\"https:\/\/saobernardo.ma.gov.br\/transparencia\/portarias\/portaria-no-45-de-25-de-abril-de-2022-dispoe-sobre-a-nomeacao-para-o-cargo-em-comissao-de-secretario-escolar-da-secretaria-municipal-de-educacao-e-da-outras-providencias\/\">PORTARIA N\u00ba 45, DE 25 DE ABRIL DE 2022 &#8211; RESOLVE NOMEAR, para o Cargo em Comiss\u00e3o de Secret\u00e1rio Escolar \u2013 DAI-1, da Unidade Integrada Vereador Rubenito Couto, a Sra. MARCELINA COSTA COUTO<\/a><\/li>\n\t\t<li class=\"wsp-post\"><a href=\"https:\/\/saobernardo.ma.gov.br\/transparencia\/portarias\/portaria-no-44-de-25-de-abril-de-2022-dispoe-sobre-a-nomeacao-para-o-cargo-em-comissao-de-secretario-escolar-da-secretaria-municipal-de-educacao-e-da-outras-providencias\/\">PORTARIA N\u00ba 44, DE 25 DE ABRIL DE 2022 &#8211; RESOLVE NOMEAR, para o Cargo em Comiss\u00e3o de Secret\u00e1rio Escolar \u2013 DAI-1, da Escola Municipal Marly Macieira, a Sra. LUCIANA OLIVEIRA CARVALHO<\/a><\/li>\n\t\t<li class=\"wsp-post\"><a href=\"https:\/\/saobernardo.ma.gov.br\/transparencia\/portarias\/portaria-no-43-de-25-de-abril-de-2022-dispoe-sobre-a-nomeacao-para-o-cargo-em-comissao-de-secretario-escolar-da-secretaria-municipal-de-educacao-e-da-outras-providencias\/\">PORTARIA N\u00ba 43, DE 25 DE ABRIL DE 2022 &#8211; RESOLVE NOMEAR, para o Cargo em Comiss\u00e3o de Secret\u00e1rio Escolar \u2013 DAI-1, da Escola Municipal Francisco Marques da Silva, a Sra. LEUDIANE ARAUJO SOUSA<\/a><\/li>\n\t\t<li class=\"wsp-post\"><a href=\"https:\/\/saobernardo.ma.gov.br\/transparencia\/portarias\/portaria-no-42-de-25-de-abril-de-2022-dispoe-sobre-a-nomeacao-para-o-cargo-em-comissao-de-secretario-escolar-da-secretaria-municipal-de-educacao-e-da-outras-providencias\/\">PORTARIA N\u00ba 42, DE 25 DE ABRIL DE 2022 &#8211; RESOLVE NOMEAR, para o Cargo em Comiss\u00e3o de Secret\u00e1rio Escolar \u2013 DAI-1, da Unidade Integrada Rui Barbosa, a Sra. LEIDIELE OLIVEIRA MACHADO<\/a><\/li>\n\t\t<li class=\"wsp-post\"><a href=\"https:\/\/saobernardo.ma.gov.br\/transparencia\/portarias\/portaria-no-41-de-25-de-abril-de-2022-dispoe-sobre-a-nomeacao-para-o-cargo-em-comissao-de-secretario-escolar-da-secretaria-municipal-de-educacao-e-da-outras-providencias\/\">PORTARIA N\u00ba 41, DE 25 DE ABRIL DE 2022 &#8211; RESOLVE NOMEAR, para o Cargo em Comiss\u00e3o de Secret\u00e1rio Escolar \u2013 DAI-1, da Escola Municipal Presidente Campos Sales, a Sra. JOSEANA MARQUES DA SILVA SANTOS<\/a><\/li>\n\t\t<li class=\"wsp-post\"><a href=\"https:\/\/saobernardo.ma.gov.br\/transparencia\/portarias\/portaria-no-40-de-25-de-abril-de-2022-dispoe-sobre-a-nomeacao-para-o-cargo-em-comissao-de-secretario-escolar-da-secretaria-municipal-de-educacao-e-da-outras-providencias\/\">PORTARIA N\u00ba 40, DE 25 DE ABRIL DE 2022 &#8211; RESOLVE NOMEAR, para o Cargo em Comiss\u00e3o de Secret\u00e1rio Escolar \u2013 DAI-1, da Escola Municipal Raimundo Machado Filho, a Sra. JESSYCA CARVALHO NASCIMENTO<\/a><\/li>\n\t\t<li class=\"wsp-post\"><a href=\"https:\/\/saobernardo.ma.gov.br\/transparencia\/portarias\/portaria-no-39-de-25-de-abril-de-2022-dispoe-sobre-a-nomeacao-para-o-cargo-em-comissao-de-secretario-escolar-da-secretaria-municipal-de-educacao-e-da-outras-providencias\/\">PORTARIA N\u00ba 39, DE 25 DE ABRIL DE 2022 &#8211; RESOLVE NOMEAR, para o Cargo em Comiss\u00e3o de Secret\u00e1rio Escolar \u2013 DAI-1, da Escola Municipal Prefeito Jos\u00e9 Ferreira de Sousa , a Sra. JANAINA MIRANDA SOUSA<\/a><\/li>\n\t\t<li class=\"wsp-post\"><a href=\"https:\/\/saobernardo.ma.gov.br\/transparencia\/portarias\/portaria-no-38-de-25-de-abril-de-2022-dispoe-sobre-a-nomeacao-para-o-cargo-em-comissao-de-secretario-escolar-da-secretaria-municipal-de-educacao-e-da-providencias\/\">PORTARIA N\u00ba 38, DE 25 DE ABRIL DE 2022 &#8211; RESOLVE NOMEAR, para o Cargo em Comiss\u00e3o de Secret\u00e1rio Escolar \u2013 DAI-1, da Jardim de Inf\u00e2ncia Saci-Perer\u00ea, a Sra. ISRAELLA DHULIA SOUSA CIQUEIRA<\/a><\/li>\n\t\t<li class=\"wsp-post\"><a href=\"https:\/\/saobernardo.ma.gov.br\/transparencia\/portarias\/portaria-no-37-de-25-de-abril-de-2022-dispoe-a-nomeacao-para-o-cargo-em-comissao-de-secretario-escolar-da-secretaria-municipal-de-educacao-e-da-outras-providencias\/\">PORTARIA N\u00ba 37, DE 25 DE ABRIL DE 2022 &#8211; RESOLVE NOMEAR, para o Cargo em Comiss\u00e3o de Secret\u00e1rio Escolar \u2013 DAI-1, da Escola Municipal Santa Rita, a Sra. INGRID LIMA DA SILVA<\/a><\/li>\n\t\t<li class=\"wsp-post\"><a href=\"https:\/\/saobernardo.ma.gov.br\/transparencia\/portarias\/portaria-no-36-de-25-de-abril-de-2022-dispoe-sobre-a-nomeacao-para-o-cargo-em-comissao-de-secretario-escolar-da-secretaria-municipal-de-educacao-e-da-outras-providencias\/\">PORTARIA N\u00ba 36, DE 25 DE ABRIL DE 2022 &#8211; RESOLVE NOMEAR, para o Cargo em Comiss\u00e3o de Secret\u00e1rio Escolar \u2013 DAI-1, da Escola Municipal Santa Rita, a Sra. INGRID LIMA DA SILVA<\/a><\/li>\n\t\t<li class=\"wsp-post\"><a href=\"https:\/\/saobernardo.ma.gov.br\/transparencia\/portarias\/portaria-no-35-de-25-de-abril-de-2022-dispoe-sobre-a-nomeacao-para-o-cargo-em-comissao-de-secretario-escolar-da-secretaria-municipal-de-educacao-e-da-outras-providencias\/\">PORTARIA N\u00ba 35, DE 25 DE ABRIL DE 2022 &#8211; RESOLVE NOMEAR, para o Cargo em Comiss\u00e3o de Secret\u00e1rio Escolar \u2013 DAI-1, da Escola Municipal Raimundo Poicar\u00e9 de Sousa, a Sra. GEIZA MACHADO CARVALHO.<\/a><\/li>\n\t\t<li class=\"wsp-post\"><a href=\"https:\/\/saobernardo.ma.gov.br\/transparencia\/portarias\/portaria-no-34-de-25-de-abril-de-2022-dispoe-sobre-a-nomeacao-para-o-cargo-em-comissao-de-secretario-escolar-da-secretaria-municipal-de-educacao-e-da-outras-providencias\/\">PORTARIA N\u00ba 34, DE 25 DE ABRIL DE 2022 &#8211; RESOLVE NOMEAR, para o Cargo em Comiss\u00e3o de Secret\u00e1rio Escolar \u2013 DAI-1, da Escola Municipal Rui Barbosa, a Sra. FRANCISCA MARIA GOMES DE QUEIROZ<\/a><\/li>\n\t\t<li class=\"wsp-post\"><a href=\"https:\/\/saobernardo.ma.gov.br\/transparencia\/portarias\/portaria-no-33-de-25-de-abril-de-2022-dispoe-sobre-a-nomeacao-para-o-cargo-em-comissao-de-secretario-escolar-da-secretaria-municipal-de-educacao-e-da-outras-providencias\/\">PORTARIA N\u00ba 33, DE 25 DE ABRIL DE 2022 &#8211; RESOLVE NOMEAR, para o Cargo em Comiss\u00e3o de Secret\u00e1rio Escolar \u2013 DAI-1, da Escola Municipal Benedito Leite, a Sra. FRANCISCA OLIVEIRA SOUZA<\/a><\/li>\n\t\t<li class=\"wsp-post\"><a href=\"https:\/\/saobernardo.ma.gov.br\/transparencia\/portarias\/portaria-no-32-de-25-de-abril-de-2022-dispoe-sobre-a-nomeacao-do-cargo-em-comissao-de-secretario-escolar-da-secretaria-municipal-de-educacao-e-da-outras-providencias\/\">PORTARIA N\u00ba 32, DE 25 DE ABRIL DE 2022 &#8211; RESOLVE NOMEAR, para o Cargo em Comiss\u00e3o de Secret\u00e1rio Escolar \u2013 DAI-1, da Escola Municipal Prof. Francisca Lima Spindola, a Sra. FRANCISCA DAS CHAGAS FARIAS SILVA<\/a><\/li>\n\t\t<li class=\"wsp-post\"><a href=\"https:\/\/saobernardo.ma.gov.br\/transparencia\/portarias\/portaria-no-31-de-25-de-abril-de-2022-dispoe-sobre-a-nomeacao-para-o-cargo-em-comissao-de-secretario-escolar-da-secretaria-municipal-de-educacao-e-da-outras-providencias\/\">PORTARIA N\u00ba 31, DE 25 DE ABRIL DE 2022 &#8211; RESOLVE NOMEAR, para o Cargo em Comiss\u00e3o de Secret\u00e1rio Escolar \u2013 DAI-1, da Escola Municipal Prof. Maria de Lourdes Correia Lima, a Sra. ELENICE DE PAULA GOMES<\/a><\/li>\n\t\t<li class=\"wsp-post\"><a href=\"https:\/\/saobernardo.ma.gov.br\/transparencia\/portarias\/portaria-no-30-de-25-de-abril-de-2022-dispoe-sobre-a-nomeacao-para-o-cargo-em-comissao-de-secretario-escolar-da-secretaria-municipal-de-educacao-e-da-outras-providencias\/\">PORTARIA N\u00ba 30, DE 25 DE ABRIL DE 2022 &#8211; RESOLVE NOMEAR, para o Cargo em Comiss\u00e3o de Secret\u00e1rio Escolar \u2013 DAI-1, da Escola Municipal Pontes de Aguiar, a Sra. DHEBORA DE ARAUJO COSTA<\/a><\/li>\n\t\t<li class=\"wsp-post\"><a href=\"https:\/\/saobernardo.ma.gov.br\/transparencia\/portarias\/portaria-no-29-de-25-de-abril-de-2022-dispoe-sobre-a-nomeacao-para-o-cargo-em-comissao-de-secretario-escolar-da-secretaria-municipal-de-educacao-e-da-outras-providencias\/\">PORTARIA N\u00ba 29, DE 25 DE ABRIL DE 2022 &#8211; RESOLVE  NOMEAR, para o Cargo em Comiss\u00e3o de Secret\u00e1rio Escolar \u2013 DAI-1, da Escola Municipal Tiradentes, a Sra. CLAUDILENE MESSIAS DE SOUSA CRUZ<\/a><\/li>\n\t\t<li class=\"wsp-post\"><a href=\"https:\/\/saobernardo.ma.gov.br\/transparencia\/portarias\/portaria-no-28-de-25-de-abril-de-2022-dispoe-sobre-o-cargo-em-comissao-de-secretario-escolar-da-secretaria-municipal-de-educacao-e-da-outras-providencias\/\">PORTARIA N\u00ba 28, DE 25 DE ABRIL DE 2022 &#8211; RESOLVE NOMEAR, para o Cargo em Comiss\u00e3o de Secret\u00e1rio Escolar \u2013 DAI-1, da Unidade Integrada Juscelino Kubitschek, a Sra. CASSIANE KELLE DE OLIVEIRA<\/a><\/li>\n\t\t<li class=\"wsp-post\"><a href=\"https:\/\/saobernardo.ma.gov.br\/transparencia\/portarias\/portaria-no-27-de-25-de-abril-de-2022-dispoe-sobre-a-nomeacao-para-o-cargo-em-comissao-de-secretario-escolar-da-secretaria-municipal-de-educacao-e-da-outras-providencias\/\">PORTARIA N\u00ba 27, DE 08 DE ABRIL DE 2022 &#8211; RESOLVE NOMEAR, para o Cargo em Comiss\u00e3o de Diretor Escolar, da Escola Municipal Cora\u00e7\u00e3o de Jesus, o Sr. JOS\u00c9 ARNALDO DA SILVA SOUSA<\/a><\/li>\n\t\t<li class=\"wsp-post\"><a href=\"https:\/\/saobernardo.ma.gov.br\/transparencia\/portarias\/portaria-no-26-de-25-de-abril-de-2022-dispoe-sobre-a-nomeacao-para-o-cargo-em-comissao-de-secretario-escolar-da-secretaria-municipal-de-educacao-e-da-outras-previdencias\/\">PORTARIA N\u00ba 26, DE 25 DE ABRIL DE 2022 &#8211; RESOLVE NOMEAR, para o Cargo em Comiss\u00e3o de Secret\u00e1rio Escolar \u2013 DAI-1, da Escola Municipal Cora\u00e7\u00e3o de Jesus, a Sra. AURINETE PEREIRA DOS SANTOS<\/a><\/li>\n\t\t<li class=\"wsp-post\"><a href=\"https:\/\/saobernardo.ma.gov.br\/transparencia\/portarias\/portaria-no-258-de-25-de-abril-de-2022-dispoe-sobre-a-nomeacao-do-cargo-em-comissao-de-secretario-escolar-da-secretaria-municipal-de-educacao-e-da-outras-previdencias\/\">PORTARIA N\u00ba 25, DE 25 DE ABRIL DE 2022 &#8211; RESOLVE NOMEAR, para o Cargo em Comiss\u00e3o de Secret\u00e1rio Escolar \u2013 DAI-1, da Unidade Integrada Bernardo Coelho de Almeida, a Sra. ARISVANDA COSTA SOUSA<\/a><\/li>\n\t\t<li class=\"wsp-post\"><a href=\"https:\/\/saobernardo.ma.gov.br\/transparencia\/portarias\/portaria-no-24-de-25-de-abril-de-2022-dispoe-sobre-a-nomeacao-para-o-cargo-em-comissao-de-secretario-escolar-da-secretaria-municipal-de-educacao-e-da-outras-providencias\/\">PORTARIA N\u00ba 24, DE 25 DE ABRIL DE 2022 &#8211; RESOLVE NOMEAR, para o Cargo em Comiss\u00e3o de Secret\u00e1rio Escolar \u2013 DAI-1, da Unidade Integrada Bernardo Coelho de Almeida, a Sra. ARACELE DA CRUZ RIBEIRO<\/a><\/li>\n\t\t<li class=\"wsp-post\"><a href=\"https:\/\/saobernardo.ma.gov.br\/transparencia\/portarias\/portaria-no-23-de-25-de-abril-de-2022-dispoe-sobre-a-nomeacao-para-o-cargo-em-comissao-de-secretario-escolar-da-secretaria-municipal-de-educacao-e-da-outras-providencias\/\">PORTARIA N\u00ba 23, DE 25 DE ABRIL DE 2022 &#8211; RESOLVE NOMEAR, para o Cargo em Comiss\u00e3o de Secret\u00e1rio Escolar \u2013 DAI-1, da Escola Municipal Anast\u00e1cio Portela, a Sra. ANNA KARINE NASCIMENTO DE SOUSA<\/a><\/li>\n\t\t<li class=\"wsp-post\"><a href=\"https:\/\/saobernardo.ma.gov.br\/transparencia\/portarias\/portaria-no-22-de-25-de-abril-de-2022-dispoe-sobre-a-nomeacao-para-o-cargo-em-comissao-de-secretario-escolar-da-secretaria-municipal-de-educacao-e-da-outras-providencias\/\">PORTARIA N\u00ba 22, DE 25 DE ABRIL DE 2022 &#8211; RESOLVE NOMEAR, para o Cargo em Comiss\u00e3o de Secret\u00e1rio Escolar \u2013 DAI-1, da Escola Municipal S\u00e3o Vicente, a Sra. ALINE DE SOUSA FERREIRA<\/a><\/li>\n\t\t<li class=\"wsp-post\"><a href=\"https:\/\/saobernardo.ma.gov.br\/transparencia\/portarias\/portaria-no-21-de-25-de-abril-de-2022-dispoe-sobre-a-nomeacao-para-o-cargo-em-comissao-de-secretario-escolar-da-secretaria-municipal-de-educacao-e-da-outras-providencias\/\">PORTARIA N\u00ba 21, DE 25 DE ABRIL DE 2022 &#8211; RESOLVE NOMEAR, para o Cargo em Comiss\u00e3o de Secret\u00e1rio Escolar \u2013 DAI-1, da Creche Bibi, a Sra. CAROLAYNE RODRIGUES CUNHA<\/a><\/li>\n\t\t<li class=\"wsp-post\"><a href=\"https:\/\/saobernardo.ma.gov.br\/transparencia\/portarias\/portaria-no-240-de-12-de-abril-de-2022-dispoe-sobre-a-nomeacao-para-cargo-em-comissao-de-diretor-escolar-e-da-outras-providencias\/\">PORTARIA N\u00ba 240, DE 12 DE ABRIL DE 2022 &#8211; RESOLVE NOMEAR, para o Cargo em Comiss\u00e3o de Diretor Escolar, da Escola Municipal Santa Rita, a Sra. RAIMUNDA NONATA ALVES MOTA SILVA<\/a><\/li>\n\t\t<li class=\"wsp-post\"><a href=\"https:\/\/saobernardo.ma.gov.br\/transparencia\/portarias\/portaria-no-287-de-09-de-abril-de-2022-dispoe-sobre-a-designacao-para-cargo-em-comissao-de-coordenador-administrativo-de-patrimonio-publico-da-secretaria-municipal-de-obras-patrimonio\/\">PORTARIA N\u00ba 287, DE 09 DE ABRIL DE 2022 &#8211; RESOLVE DESIGNAR, para o Cargo em Comiss\u00e3o de Coordenador administrativo de patrim\u00f4nio p\u00fablico &#8211; DAS, na Secretaria Municipal de Obras, Patrim\u00f4nio e Log\u00edstica, o Sr. ROBSON REGES DOS SANTOS ARAUJO<\/a><\/li>\n\t\t<li class=\"wsp-post\"><a href=\"https:\/\/saobernardo.ma.gov.br\/transparencia\/portarias\/portaria-no-283-de-28-de-abril-de-2022-dispoe-sobre-a-nomeacao-para-cargo-em-comissao-de-chefe-do-departamento-de-farmacia-hospitalar-da-secretaria-municipal-de-saude-e-da-outras-prov\/\">PORTARIA N\u00ba 283, DE 28 DE ABRIL DE 2022 &#8211; RESOLVE NOMEAR, para o Cargo em Comiss\u00e3o de Chefe do Departamento de Farm\u00e1cia Hospitalar \u2013 DAS, da Secretaria Municipal de Sa\u00fade, o Sr(a). FERNANDA ALANNA CARVALHO DA COSTA<\/a><\/li>\n\t\t<li class=\"wsp-post\"><a href=\"https:\/\/saobernardo.ma.gov.br\/transparencia\/portarias\/portaria-no-282-de-28-de-abril-de-2022-dispoe-sobre-a-nomeacao-para-cargo-em-comissao-de-chefe-do-departamento-de-controle-e-informacao-da-producao-hospitalar-da-secretaria-municipal-d\/\">PORTARIA N\u00ba 282, DE 28 DE ABRIL DE 2022 &#8211; RESOLVE NOMEAR, para o Cargo em Comiss\u00e3o de Chefe do Departamento de Controle e Informa\u00e7\u00e3o da Produ\u00e7\u00e3o Hospitalar \u2013 DAI, da Secretaria Municipal de Sa\u00fade, o Sr(a). JOS\u00c9 FIRMINO DE OLIVEIRA FILHO<\/a><\/li>\n\t\t<li class=\"wsp-post\"><a href=\"https:\/\/saobernardo.ma.gov.br\/transparencia\/portarias\/portaria-no-251-de-27-de-abril-de-2022-dispoe-sobre-a-nomeacao-para-cargo-em-comissao-de-coordenador-da-gestao-suas-da-atencao-social-e-basica-de-assistencia-social-e-da-outras-provid\/\">PORTARIA N\u00ba 251, DE 27 DE ABRIL DE 2022 &#8211; RESOLVE NOMEAR, para o Cargo em Comiss\u00e3o de Coordenador da Gest\u00e3o Suas da Aten\u00e7\u00e3o Social e B\u00e1sica &#8211; DANS, da Secretaria Municipal de Assist\u00eancia Social, o Sr(a). EDILA COSTA CARVALHO<\/a><\/li>\n\t\t<li class=\"wsp-post\"><a href=\"https:\/\/saobernardo.ma.gov.br\/transparencia\/portarias\/portaria-no-140-de-27-de-abril-de-2022-dispoe-sobre-a-nomeacao-para-cargo-em-comissao-de-diretor-adjunto-da-secretaria-municipal-de-educacao-e-da-outras-providencias\/\">PORTARIA N\u00ba 140, DE 09 DE ABRIL DE 2022 &#8211; RESOLVE NOMEAR, para o Cargo em Designa\u00e7\u00e3o de Diretor Escolar, da Escola Municipal Gon\u00e7alves Dias, o Sr. MARIANO DA SILVA LIMA<\/a><\/li>\n\t\t<li class=\"wsp-post\"><a href=\"https:\/\/saobernardo.ma.gov.br\/transparencia\/portarias\/portaria-no-20-de-06-de-abril-de-2022-dispoe-sobre-a-nomeacao-para-cargo-em-comissao-de-secretario-municipal-de-urbanismo-e-servicos-publicos-e-da-outras-providencias\/\">PORTARIA N\u00ba 20, DE 06 DE ABRIL DE 2022 &#8211; RESOLVE NOMEAR, para o Cargo em Comiss\u00e3o de Secret\u00e1rio Municipal &#8211; DGA, da Secretaria Municipal de Urbanismo e Servi\u00e7os P\u00fablicos, o Sr. RONALDO DE OLIVEIRA SOUSA<\/a><\/li>\n\t\t<li class=\"wsp-post\"><a href=\"https:\/\/saobernardo.ma.gov.br\/transparencia\/portarias\/portaria-no-19-de-06-de-abril-de-2022-dispoe-sobre-a-nomeacao-para-cargo-em-comissao-de-secretario-municipal-de-abastecimento-e-recursos-hidricos-e-da-outras-providencias\/\">PORTARIA N\u00ba 19, DE 06 DE ABRIL DE 2022 &#8211; RESOLVE NOMEAR, para o Cargo em Comiss\u00e3o de Secret\u00e1rio Municipal &#8211; DGA, da Secretaria Municipal de Abastecimento e Recursos H\u00eddricos, o Sr. BERNARDO WAGNER ROCHA SILVA<\/a><\/li>\n\t\t<li class=\"wsp-post\"><a href=\"https:\/\/saobernardo.ma.gov.br\/transparencia\/portarias\/portaria-no-18-de-06-de-abril-de-2022-dispoe-sobre-a-nomeacao-para-cargo-em-comissao-de-coordenador-geral-de-compras-licitacao-e-logistica-pregoeiroa-da-secretaria-municip\/\">PORTARIA N\u00ba 18, DE 06 DE ABRIL DE 2022 &#8211; RESOLVE NOMEAR, para o Cargo em Comiss\u00e3o de Coordenador Geral de Compras, Licita\u00e7\u00e3o e Log\u00edstica \u2013 Pregoeiro(a) &#8211; DANS, da Secretaria Municipal de Gest\u00e3o, a Sra. ELIZA DOS SANTOS ARAUJO LIMA<\/a><\/li>\n\t\t<li class=\"wsp-post\"><a href=\"https:\/\/saobernardo.ma.gov.br\/transparencia\/portarias\/portaria-no-17-de-06-de-abril-de-2022-dispoe-sobre-a-nomeacao-para-cargo-em-comissao-de-secretaria-municipal-de-assistencia-social-e-da-outras-providencias\/\">PORTARIA N\u00ba 17, DE 06 DE ABRIL DE 2022 &#8211; RESOLVE NOMEAR, para o Cargo em Comiss\u00e3o de Secret\u00e1rio(a) Municipal &#8211; DGA, da Secretaria Municipal de Assist\u00eancia Social, a Sra. T\u00c1SSILA CANDEIRA COSTA<\/a><\/li>\n\t\t<li class=\"wsp-post\"><a href=\"https:\/\/saobernardo.ma.gov.br\/transparencia\/portarias\/portaria-no-16-de-06-de-abril-de-2022-dispoe-sobre-a-nomeacao-para-o-cargo-em-comissao-de-comandante-da-guarda-municipal-e-da-outras-providencias\/\">PORTARIA N\u00ba 16, DE 06 DE ABRIL DE 2022 &#8211; RESOLVE NOMEAR, para o Cargo em Comiss\u00e3o de Comandante da Guarda Municipal &#8211; FGD, do Gabinete do Prefeito, o Sr. Lu\u00eds Ant\u00f4nio Porto de Castro j\u00fanior<\/a><\/li>\n\t\t<li class=\"wsp-post\"><a href=\"https:\/\/saobernardo.ma.gov.br\/transparencia\/portarias\/portaria-no-15-de-06-de-abril-de-2022-dispoe-sobre-a-nomeacao-para-o-cargo-em-comissao-de-coordenador-de-coordenador-de-contabilidade-publica-da-secretaria-municipal-de-fazenda-e-da\/\">PORTARIA N\u00ba 15, DE 06 DE ABRIL DE 2022 &#8211; RESOLVE NOMEAR, para o Cargo em Comiss\u00e3o de Coordenador(a) de Contabilidade P\u00fablica &#8211; DANS, da Secretaria Municipal de Fazenda, o Sr. WALTER DE SOUSA BARROS<\/a><\/li>\n\t\t<li class=\"wsp-post\"><a href=\"https:\/\/saobernardo.ma.gov.br\/transparencia\/portarias\/portaria-no-14-de-06-de-abril-de-2022-dispoe-sobre-a-nomeacao-para-o-cargo-em-comissao-de-coordenador-de-tributos-e-arrecadacao-da-secretaria-municipal-de-fazenda-e-da-outras-providen\/\">PORTARIA N\u00ba 14, DE 06 DE ABRIL DE 2022 &#8211; RESOLVE NOMEAR, para o Cargo em Comiss\u00e3o de Coordenador(a) de Tributos e Arrecada\u00e7\u00e3o &#8211; DANS, da Secretaria Municipal de Fazenda, o Sr. GEN\u00c9ZIO EVANGELISTA DE CARVALHO J\u00daNIOR<\/a><\/li>\n\t\t<li class=\"wsp-post\"><a href=\"https:\/\/saobernardo.ma.gov.br\/transparencia\/portarias\/portaria-no-13-de-06-de-abril-de-2022-dispoe-sobre-a-nomeacao-para-cargo-em-comissao-de-assessor-juridico-e-da-outras-providencias\/\">PORTARIA N\u00ba 13, DE 06 DE ABRIL DE 2022 &#8211; RESOLVE NOMEAR, para o Cargo em Comiss\u00e3o de Assessor Jur\u00eddico &#8211; DANS, da Procuradoria Geral do Munic\u00edpio, o Sr. JOELSI FRANK COSTA<\/a><\/li>\n\t\t<li class=\"wsp-post\"><a href=\"https:\/\/saobernardo.ma.gov.br\/transparencia\/portarias\/portaria-no-12-de-06-de-abril-de-2022-dispoe-sobre-a-nomeacao-para-cargo-em-comissao-de-procuradora-geral-do-municipio-e-da-outras-providencias\/\">PORTARIA N\u00ba 12, DE 06 DE ABRIL DE 2022 &#8211; RESOLVE NOMEAR, para o Cargo em Comiss\u00e3o de Procurador(a) Geral do Munic\u00edpio &#8211; DGA, da Procuradoria Geral do Munic\u00edpio, a Sra. NAT\u00c1LIA CANDEIRA COSTA<\/a><\/li>\n\t\t<li class=\"wsp-post\"><a href=\"https:\/\/saobernardo.ma.gov.br\/transparencia\/portarias\/portaria-no-11-de-06-de-abril-de-2022-dispoe-sobre-a-nomeacao-para-cargo-em-comissao-de-secretario-municipal-de-educacao-ciencia-tecnologia-e-inovacao-e-da-outras-providencias\/\">PORTARIA N\u00ba 11, DE 06 DE ABRIL DE 2022 &#8211; RESOLVE NOMEAR, para o Cargo em Comiss\u00e3o de Secret\u00e1ria Municipal &#8211; DGA, da Secretaria Municipal de Educa\u00e7\u00e3o, Ci\u00eancia, Tecnologia e Inova\u00e7\u00e3o, a Sra. LEILA RAQUEL COSTA CARVALHO<\/a><\/li>\n\t\t<li class=\"wsp-post\"><a href=\"https:\/\/saobernardo.ma.gov.br\/transparencia\/portarias\/portaria-no-10-de-06-de-abril-de-2022-dispoe-sobre-a-nomeacao-para-cargo-em-comissao-de-secretario-municipal-de-comunicacao-e-cultura-e-da-outras-providencias\/\">PORTARIA N\u00ba 10, DE 06 DE ABRIL DE 2022 &#8211; RESOLVE NOMEAR, para o Cargo em Comiss\u00e3o de Secret\u00e1rio Municipal &#8211; DGA, da Secretaria Municipal de Comunica\u00e7\u00e3o e Cultura, o Sr. CARLOS HUMBERTO SOUSA LIMA<\/a><\/li>\n\t\t<li class=\"wsp-post\"><a href=\"https:\/\/saobernardo.ma.gov.br\/transparencia\/portarias\/portaria-no-09-de-06-de-abril-de-2022-dispoe-sobre-a-nomeacao-para-cargo-em-comissao-de-secretario-municipal-de-cidadania-e-direitos-humanos-e-da-outras-providencias\/\">PORTARIA N\u00ba 09, DE 06 DE ABRIL DE 2022 &#8211; RESOLVE NOMEAR, para o Cargo em Comiss\u00e3o de Secret\u00e1rio Municipal &#8211; DGA, da Secretaria Municipal de Cidadania e Direitos Humanos, o Sr. ANTONIO COUTO MEIRELES NETO<\/a><\/li>\n\t\t<li class=\"wsp-post\"><a href=\"https:\/\/saobernardo.ma.gov.br\/transparencia\/portarias\/portaria-no-08-de-06-de-abril-de-2022-dispoe-sobre-a-nomeacao-para-cargo-em-comissao-de-secretario-municipal-de-esportes-e-lazer-e-da-outras-providencias\/\">PORTARIA N\u00ba 08, DE 06 DE ABRIL DE 2022 &#8211; RESOLVE NOMEAR, para o Cargo em Comiss\u00e3o de Secret\u00e1rio Municipal &#8211; DGA, da Secretaria Municipal de Esportes e Lazer, o Sr. AFRANIO CO\u00caLHO AMORIM<\/a><\/li>\n\t\t<li class=\"wsp-post\"><a href=\"https:\/\/saobernardo.ma.gov.br\/transparencia\/portarias\/portaria-no-07-de-06-de-abril-de-2022-dispoe-sobre-a-nomeacao-para-cargo-em-comissao-de-secretario-municipal-de-agricultura-pesca-e-pecuaria-e-da-outras-providencias\/\">PORTARIA N\u00ba 07, DE 06 DE ABRIL DE 2022 &#8211; RESOLVE NOMEAR, para o Cargo em Comiss\u00e3o de Secret\u00e1rio Municipal &#8211; DGA, da Secretaria Municipal de Agricultura, Pesca e Pecu\u00e1ria, o Sr. GILBERTO DE OLIVEIRA MARQUES<\/a><\/li>\n\t\t<li class=\"wsp-post\"><a href=\"https:\/\/saobernardo.ma.gov.br\/transparencia\/portarias\/portaria-no-06-de-06-de-abril-de-2022-dispoe-sobre-a-nomeacao-para-cargo-em-comissao-de-secretario-municipal-de-obras-patrimonio-e-logisticas-e-da-outras-providencias\/\">PORTARIA N\u00ba 06, DE 06 DE ABRIL DE 2022 &#8211; RESOLVE NOMEAR, para o Cargo em Comiss\u00e3o de Secret\u00e1rio Municipal &#8211; DGA, da Secretaria Municipal de Obras, Patrim\u00f4nio e Log\u00edstica, o Sr. ANTONIO BERNARDO SILVA<\/a><\/li>\n\t\t<li class=\"wsp-post\"><a href=\"https:\/\/saobernardo.ma.gov.br\/transparencia\/portarias\/portaria-no-05-de-06-de-abril-de-2022-dispoe-sobre-a-nomeacao-para-cargo-em-comissao-de-secretario-municipal-de-saude-e-da-outras-providencias\/\">PORTARIA N\u00ba 05, DE 06 DE ABRIL DE 2022 &#8211; RESOLVE NOMEAR, para o Cargo em Comiss\u00e3o de Secret\u00e1rio Municipal &#8211; DGA, da Secretaria Municipal de Sa\u00fade, o Sr. HAROLDO AIRES CASTRO<\/a><\/li>\n\t\t<li class=\"wsp-post\"><a href=\"https:\/\/saobernardo.ma.gov.br\/transparencia\/portarias\/portaria-no-04-de-06-de-abril-de-2022-dispoe-sobre-a-nomeacao-para-cargo-em-comissao-de-secretario-municipal-de-gestao-e-da-outras-providencias\/\">PORTARIA N\u00ba 04, DE 06 DE ABRIL DE 2022 &#8211; RESOLVE NOMEAR, para o Cargo em Comiss\u00e3o de Secret\u00e1rio Municipal &#8211; DGA, da Secretaria Municipal de Gest\u00e3o, o Sr. MANOEL DE JESUS SILVA DE SOUSA<\/a><\/li>\n\t\t<li class=\"wsp-post\"><a href=\"https:\/\/saobernardo.ma.gov.br\/transparencia\/portarias\/portaria-no-03-de-06-de-abril-de-2022-dispoe-sobre-a-nomeacao-para-cargo-em-comissao-de-secretario-municipal-de-meio-ambiente-e-da-outras-providencias\/\">PORTARIA N\u00ba 03, DE 06 DE ABRIL DE 2022 &#8211; RESOLVE NOMEAR, para o Cargo em Comiss\u00e3o de Secret\u00e1rio Municipal &#8211; DGA, da Secretaria Municipal de Meio Ambiente, a Sra. ISABELA VIEIRA CARVALHO<\/a><\/li>\n\t\t<li class=\"wsp-post\"><a href=\"https:\/\/saobernardo.ma.gov.br\/transparencia\/portarias\/portaria-no-02-de-05-de-abril-de-2022-dispoe-sobre-a-nomeacao-para-cargo-em-comissao-de-tesoureiro-geral-da-secretaria-municipal-de-fazenda-e-da-outras-providencias\/\">PORTARIA N\u00ba 02, DE 05 DE ABRIL DE 2022 &#8211; RESOLVE NOMEAR, para o Cargo em Comiss\u00e3o de Tesoureiro Geral &#8211; DANS, da Secretaria Municipal da Fazenda, o Sr. IZANIEL CUTRIM BOGEA<\/a><\/li>\n\t\t<li class=\"wsp-post\"><a href=\"https:\/\/saobernardo.ma.gov.br\/transparencia\/portarias\/portaria-no-01-de-05-de-abril-de-2022-dispoe-sobre-a-nomeacao-para-cargo-em-comissao-de-secretario-municipal-de-fazenda-e-da-outras-providencias\/\">PORTARIA N\u00ba 01, DE 05 DE ABRIL DE 2022 &#8211; RESOLVE NOMEAR, para o Cargo em Comiss\u00e3o de Secret\u00e1rio Municipal &#8211; DGA, da Secretaria Municipal da Fazenda, o Sr. FRANCISCO DAS CHAGAS CARVALHO<\/a><\/li>\n\t\t<li class=\"wsp-post\"><a href=\"https:\/\/saobernardo.ma.gov.br\/transparencia\/portarias\/portaria-no-807-de-01-de-abril-de-2022-dispoe-sobre-a-nomeacao-do-cargo-em-comissao-de-assessor-especial-nivel-iii-da-secretaria-municipal-do-meio-ambiente-na-estrutura-organizacional-da-prefeit\/\">PORTARIA N\u00ba 807, DE 01 DE ABRIL DE 2022 &#8211; DISP\u00d5E SOBRE A NOMEA\u00c7\u00c3O DO CARGO  EM COMISS\u00c3O DE ASSESSOR ESPECIAL  N\u00cdVEL III DA SECRETARIA MUNICIPAL DO MEIO AMBIENTE NA ESTRUTURA  ORGANIZACIONAL DA PREFEITURA  MUNICIPAL E D\u00c1 OUTRAS PROVID\u00caNCIAS\u201d.<\/a><\/li>\n\t\t<li class=\"wsp-post\"><a href=\"https:\/\/saobernardo.ma.gov.br\/transparencia\/portarias\/portaria-no-806-de-01-de-abril-de-2022-dispoe-sobre-a-exoneracao-por-falecimento-do-cargo-de-provimento-efetivo-de-professora-nivel-iii-da-secretaria-municipal-de-educacao-da-estrutura-organizaci\/\">PORTARIA N\u00ba 806, DE 01 DE ABRIL DE 2022 &#8211; DISP\u00d5E SOBRE A EXONERA\u00c7\u00c3O POR FALECIMENTO DO CARGO DE PROVIMENTO EFETIVO DE PROFESSORA N\u00cdVEL III, DA SECRETARIA MUNICIPAL DE EDUCA\u00c7\u00c3O, DA ESTRUTURA ORGANIZACIONAL DA PREFEITURA MUNICIPAL; E DA OUTRAS PROVID\u00caNCIAS<\/a><\/li>\n\t\t<li class=\"wsp-post\"><a href=\"https:\/\/saobernardo.ma.gov.br\/transparencia\/portarias\/portaria-no-804-de-11-de-marco-de-2022-dispoe-sobre-a-concessao-de-servidora-publica-de-cargo-efetivo-da-secretaria-municipal-de-educacao-da-estrutura-organizacional-da-prefeitura-municipal-e-da-o\/\">PORTARIA N\u00ba 804, DE 11 DE MAR\u00c7O DE 2022 &#8211; DISP\u00d5E SOBRE A CONCESS\u00c3O DE SERVIDORA P\u00daBLICA DE CARGO EFETIVO DA SECRETARIA MUNICIPAL DE EDUCA\u00c7\u00c3O DA ESTRUTURA ORGANIZACIONAL DA PREFEITURA MUNICIPAL; E D\u00c1 OUTRAS PROVID\u00caNCIAS\u201d<\/a><\/li>\n\t\t<li class=\"wsp-post\"><a href=\"https:\/\/saobernardo.ma.gov.br\/transparencia\/portarias\/portaria-no-803-de-11-de-marco-de-2022-dispoe-sobre-a-exoneracao-do-cargo-em-comissao-de-diretor-adjunto-da-secretaria-municipal-de-educacao-da-estrutura-organizacional-da-prefeitura-municipal-e-da\/\">PORTARIA N\u00ba 803, DE 11 DE MAR\u00c7O DE 2022 &#8211; DISP\u00d5E SOBRE A EXONERA\u00c7\u00c3O DO CARGO EM COMISS\u00c3O DE DIRETOR ADJUNTO DA SECRETARIA MUNICIPAL DE EDUCA\u00c7\u00c3O DA ESTRUTURA ORGANIZACIONAL DA PREFEITURA MUNICIPAL E D\u00c1 OUTRAS PROVID\u00caNCIAS\u201d<\/a><\/li>\n\t\t<li class=\"wsp-post\"><a href=\"https:\/\/saobernardo.ma.gov.br\/transparencia\/portarias\/portaria-no-805-de-11-de-marco-de-2022-dispoe-sobre-a-exoneracao-do-cargo-em-comissao-de-diretora-adjunta-da-secretaria-municipal-de-educacao-da-estrutura-organizacional-da-prefeitura-municipal-e-d\/\">PORTARIA N\u00ba 805, DE 11 DE MAR\u00c7O DE 2022 &#8211; DISP\u00d5E SOBRE A EXONERA\u00c7\u00c3O DO CARGO EM COMISS\u00c3O DE DIRETORA ADJUNTA DA SECRETARIA MUNICIPAL DE EDUCA\u00c7\u00c3O DA ESTRUTURA ORGANIZACIONAL DA PREFEITURA MUNICIPAL E D\u00c1 OUTRAS PROVID\u00caNCIAS\u201d.<\/a><\/li>\n\t\t<li class=\"wsp-post\"><a href=\"https:\/\/saobernardo.ma.gov.br\/transparencia\/portarias\/portaria-no-802-de-09-de-marco-de-2022-dispoe-sobre-a-exoneracao-do-cargo-em-comissao-de-gestor-adjunto-da-secretaria-municipal-de-educacao-da-estrutura-organizacional-da-prefeitura-municipal-e-da\/\">PORTARIA N\u00ba 802, DE 09 DE MAR\u00c7O DE 2022 &#8211; DISP\u00d5E SOBRE A EXONERA\u00c7\u00c3O DO CARGO EM COMISS\u00c3O DE GESTOR ADJUNTO DA SECRETARIA MUNICIPAL DE EDUCA\u00c7\u00c3O DA ESTRUTURA ORGANIZACIONAL DA PREFEITURA MUNICIPAL E D\u00c1 OUTRAS PROVID\u00caNCIAS\u201d<\/a><\/li>\n\t\t<li class=\"wsp-post\"><a href=\"https:\/\/saobernardo.ma.gov.br\/transparencia\/portarias\/portaria-no-801-de-09-de-marco-de-2022-dispoe-sobre-a-exoneracao-do-cargo-em-comissao-de-chefe-de-departamento-da-secretaria-municipal-de-educacao-da-estrutura-organizacional-da-prefeitura-municipa\/\">PORTARIA N\u00ba 801, DE 09 DE MAR\u00c7O DE 2022 &#8211; DISP\u00d5E SOBRE A EXONERA\u00c7\u00c3O DO CARGO EM COMISS\u00c3O DE CHEFE DE DEPARTAMENTO DA SECRETARIA MUNICIPAL DE EDUCA\u00c7\u00c3O DA ESTRUTURA ORGANIZACIONAL DA PREFEITURA MUNICIPAL E D\u00c1 OUTRAS PROVID\u00caNCIAS\u201d<\/a><\/li>\n\t\t<li class=\"wsp-post\"><a href=\"https:\/\/saobernardo.ma.gov.br\/transparencia\/portarias\/portaria-no-800-de-09-de-marco-de-2022-dispoe-sobre-a-exoneracao-do-cargo-em-comissao-de-gestora-geral-da-secretaria-municipal-de-educacao-da-estrutura-organizacional-da-prefeitura-municipal-e-da-o\/\">PORTARIA N\u00ba 800, DE 09 DE MAR\u00c7O DE 2022 &#8211; DISP\u00d5E SOBRE A EXONERA\u00c7\u00c3O DO CARGO EM COMISS\u00c3O DE GESTORA GERAL DA SECRETARIA MUNICIPAL DE EDUCA\u00c7\u00c3O DA ESTRUTURA ORGANIZACIONAL DA PREFEITURA MUNICIPAL E D\u00c1 OUTRAS PROVID\u00caNCIAS\u201d<\/a><\/li>\n\t\t<li class=\"wsp-post\"><a href=\"https:\/\/saobernardo.ma.gov.br\/transparencia\/portarias\/portaria-no-799-de-08-de-marco-de-2022-dispoe-sobre-a-exoneracao-do-cargo-em-comissao-de-coordenadora-do-par-da-secretaria-municipal-de-educacao-da-estrutura-organizacional-da-prefeitura-municipa\/\">PORTARIA N\u00ba 799, DE 08 DE MAR\u00c7O DE 2022 &#8211; DISP\u00d5E SOBRE A EXONERA\u00c7\u00c3O DO CARGO EM COMISS\u00c3O DE COORDENADORA DO PAR &#8211; DA SECRETARIA MUNICIPAL DE EDUCA\u00c7\u00c3O DA ESTRUTURA ORGANIZACIONAL DA PREFEITURA MUNICIPAL E D\u00c1 OUTRAS PROVID\u00caNCIAS\u201d.<\/a><\/li>\n\t\t<li class=\"wsp-post\"><a href=\"https:\/\/saobernardo.ma.gov.br\/transparencia\/portarias\/portaria-no-798-de-08-de-marco-de-2022-dispoe-sobre-a-exoneracao-do-cargo-em-comissao-de-chefe-do-departamento-de-alimentacao-da-secretaria-municipal-de-educacao-da-estrutura-organizacional-da-pref\/\">PORTARIA N\u00ba 798, DE 08 DE MAR\u00c7O DE 2022 &#8211; DISP\u00d5E SOBRE A EXONERA\u00c7\u00c3O DO CARGO EM COMISS\u00c3O DE CHEFE DO DEPARTAMENTO DE ALIMENTA\u00c7\u00c3O DA SECRETARIA MUNICIPAL DE EDUCA\u00c7\u00c3O DA ESTRUTURA ORGANIZACIONAL DA PREFEITURA MUNICIPAL E D\u00c1 OUTRAS PROVID\u00caNCIAS\u201d.<\/a><\/li>\n\t\t<li class=\"wsp-post\"><a href=\"https:\/\/saobernardo.ma.gov.br\/transparencia\/portarias\/portaria-no-797-de-04-de-marco-de-2022-dispoe-sobre-a-exoneracao-do-cargo-em-comissao-de-coordenadora-de-programa-cidadania-e-direitos-humanos-da-secretaria-municipal-de-direitos-humanos-na-estrutu\/\">PORTARIA N\u00ba 797, DE 04 DE MAR\u00c7O DE 2022 &#8211; DISP\u00d5E SOBRE A EXONERA\u00c7\u00c3O DO CARGO EM COMISS\u00c3O DE COORDENADORA DE PROGRAMA CIDADANIA E DIREITOS HUMANOS DA SECRETARIA MUNICIPAL DE DIREITOS HUMANOS NA ESTRUTURA ORGANIZACIONAL DA PREFEITURA MUNICIPAL E D\u00c1 OUTRAS PROVID\u00caNCIAS\u201d.<\/a><\/li>\n\t\t<li class=\"wsp-post\"><a href=\"https:\/\/saobernardo.ma.gov.br\/transparencia\/portarias\/portaria-no-796-de-04-de-marco-de-2022-dispoe-sobre-a-exoneracao-do-cargo-em-comissao-de-assessor-especial-nivel-iii-da-secretaria-municipal-do-meio-ambiente-na-estrutura-organizacional-da-prefeitu\/\">PORTARIA N\u00ba 796, DE 04 DE MAR\u00c7O DE 2022 &#8211; DISP\u00d5E SOBRE A EXONERA\u00c7\u00c3O DO CARGO EM COMISS\u00c3O DE ASSESSOR ESPECIAL N\u00cdVEL III DA SECRETARIA MUNICIPAL DO MEIO AMBIENTE NA ESTRUTURA ORGANIZACIONAL DA PREFEITURA MUNICIPAL E D\u00c1 OUTRAS PROVID\u00caNCIAS\u201d.<\/a><\/li>\n\t\t<li class=\"wsp-post\"><a href=\"https:\/\/saobernardo.ma.gov.br\/transparencia\/portarias\/portaria-no-795-de-03-de-marco-de-2022-dispoe-sobre-a-exoneracao-do-cargo-efetivo-de-professora-de-nee-da-secretaria-municipal-de-educacao-da-estrutura-organizacional-da-prefeitura-municipal-e-da-o\/\">PORTARIA N\u00ba 795, DE 03 DE MAR\u00c7O DE 2022 &#8211; DISP\u00d5E SOBRE A EXONERA\u00c7\u00c3O DO CARGO EFETIVO DE PROFESSORA DE NEE DA SECRETARIA MUNICIPAL DE EDUCA\u00c7\u00c3O DA ESTRUTURA ORGANIZACIONAL DA PREFEITURA MUNICIPAL E D\u00c1 OUTRAS PROVID\u00caNCIAS\u201d.<\/a><\/li>\n\t\t<li class=\"wsp-post\"><a href=\"https:\/\/saobernardo.ma.gov.br\/transparencia\/portarias\/portaria-no-794-de-15-de-fevereiro-de-2022-dispoe-sobre-a-designacao-da-servidora-publica-de-cargo-efetivo-para-a-unidade-interligada-de-registro-do-hospital-municipal-felipe-jorge-do-muni\/\">PORTARIA N\u00ba 794, DE 15 DE FEVEREIRO DE 2022 &#8211; \u201cDISP\u00d5E SOBRE A DESIGNA\u00c7\u00c3O DA SERVIDORA P\u00daBLICA DE CARGO EFETIVO PARA A UNIDADE INTERLIGADA DE REGISTRO DO HOSPITAL MUNICIPAL FELIPE JORGE DO MUNIC\u00cdPIO DE S\u00c3O BERNARDO- MARANH\u00c3O; E D\u00c1 OUTRAS PROVID\u00caNCIAS\u201d.<\/a><\/li>\n\t\t<li class=\"wsp-post\"><a href=\"https:\/\/saobernardo.ma.gov.br\/transparencia\/portarias\/portaria-no-793-de-09-de-fevereiro-de-2022-dispoe-sobre-a-exoneracao-do-cargo-em-comissao-de-assessora-nivel-iii-da-secretaria-municipal-de-educacao-da-estrutura-organizacional-da-prefeitura-mun\/\">PORTARIA N\u00ba 793, DE 09 DE FEVEREIRO DE 2022 &#8211; &#8221; DISP\u00d5E SOBRE A EXONERA\u00c7\u00c3O DO CARGO EM COMISS\u00c3O DE ASSESSORA N\u00cdVEL III DA SECRETARIA MUNICIPAL DE EDUCA\u00c7\u00c3O DA ESTRUTURA ORGANIZACIONAL DA PREFEITURA MUNICIPAL E D\u00c1 OUTRAS PROVID\u00caNCIAS&#8221;.<\/a><\/li>\n\t\t<li class=\"wsp-post\"><a href=\"https:\/\/saobernardo.ma.gov.br\/transparencia\/portarias\/portaria-no-792-de-09-de-fevereiro-de-2022-dispoe-sobre-a-exoneracao-do-cargo-em-comissao-de-secretaria-da-secretaria-municipal-de-educacao-da-estrutura-organizacional-da-prefeitura-municipal-e-d\/\">PORTARIA N\u00ba 792, DE 09 DE FEVEREIRO DE 2022 &#8211; &#8220;DISP\u00d5E SOBRE A EXONERA\u00c7\u00c3O DO CARGO EM COMISS\u00c3O DE SECRET\u00c1RIA DA SECRETARIA MUNICIPAL DE EDUCA\u00c7\u00c3O DA ESTRUTURA ORGANIZACIONAL DA PREFEITURA MUNICIPAL E D\u00c1 OUTRAS PROVID\u00caNCIAS&#8221;.<\/a><\/li>\n\t\t<li class=\"wsp-post\"><a href=\"https:\/\/saobernardo.ma.gov.br\/transparencia\/portarias\/portaria-no-791-de-09-de-fevereiro-de-2022-dispoe-sobre-a-exoneracao-do-cargo-em-comissao-de-diretora-da-secretaria-municipal-de-educacao-da-estrutura-organizacional-da-prefeitura-municipal-e-da\/\">PORTARIA N\u00ba 791, DE 09 DE FEVEREIRO DE 2022 &#8211; &#8220;DISP\u00d5E SOBRE A EXONERA\u00c7\u00c3O DO CARGO EM COMISS\u00c3O DE DIRETORA DA SECRETARIA MUNICIPAL DE EDUCA\u00c7\u00c3O DA ESTRUTURA ORGANIZACIONAL DA PREFEITURA MUNICIPAL E D\u00c1 OUTRAS PROVID\u00caNCIAS&#8221;.<\/a><\/li>\n\t\t<li class=\"wsp-post\"><a href=\"https:\/\/saobernardo.ma.gov.br\/transparencia\/portarias\/portaria-no-790-de-09-de-fevereiro-de-2022-dispoe-sobre-a-exoneracao-do-cargo-em-comissao-de-inspetora-da-secretaria-municipal-de-educacao-da-estrutura-organizacional-da-prefeitura-municipal-e-da\/\">PORTARIA N\u00ba 790, DE 09 DE FEVEREIRO DE 2022 &#8211; &#8220;DISP\u00d5E SOBRE A EXONERA\u00c7\u00c3O DO CARGO EM COMISS\u00c3O DE INSPETORA DA SECRETARIA MUNICIPAL DE EDUCA\u00c7\u00c3O DA ESTRUTURA ORGANIZACIONAL DA PREFEITURA MUNICIPAL E D\u00c1 OUTRAS PROVID\u00caNCIAS&#8221;.<\/a><\/li>\n\t\t<li class=\"wsp-post\"><a href=\"https:\/\/saobernardo.ma.gov.br\/transparencia\/portarias\/portaria-no-789-de-07-de-fevereiro-de-2022-dispoe-sobre-a-nomeacao-para-o-cargo-em-comissao-de-coordenador-de-recursos-humanos-da-secretaria-municipal-de-assitencia-social-na-estrutura-org\/\">PORTARIA N\u00ba 789, DE 07 DE FEVEREIRO DE 2022 &#8211; \u201cDISP\u00d5E SOBRE A NOMEA\u00c7\u00c3O PARA O CARGO EM COMISS\u00c3O DE COORDENADOR DE RECURSOS HUMANOS DA SECRETARIA MUNICIPAL DE ASSIT\u00caNCIA SOCIAL NA ESTRUTURA ORGANIZACIONAL DO PODER EXECUTIVO E D\u00c1 OUTRAS PROVID\u00caNCIAS\u201d.<\/a><\/li>\n\t\t<li class=\"wsp-post\"><a href=\"https:\/\/saobernardo.ma.gov.br\/transparencia\/portarias\/portaria-no-788-de-07-de-fevereiro-de-2022-dispoe-sobre-a-nomeacao-da-cgov-para-auxiliar-a-prefeiitura-municipal-de-sao-bernardo-estado-do-maranhao-da-implementacao-do-projeto-e-da-outr\/\">PORTARIA N\u00ba 788, DE 07 DE FEVEREIRO DE 2022 &#8211; \u201cDISP\u00d5E SOBRE A NOMEA\u00c7\u00c3O DA CGOV PARA AUXILIAR A PREFEIITURA MUNICIPAL DE S\u00c3O BERNARDO, ESTADO DO MARANH\u00c3O, DA IMPLEMENTA\u00c7\u00c3O DO PROJETO; E D\u00c1 OUTRAS PROVID\u00caNCIAS\u201d.<\/a><\/li>\n\t\t<li class=\"wsp-post\"><a href=\"https:\/\/saobernardo.ma.gov.br\/transparencia\/portarias\/portaria-no-787-de-02-de-fevereiro-de-2022-dispoe-sobre-a-exoneracao-do-cargo-em-comissao-de-coordenadora-de-recursos-humanos-da-secretaria-municipal-de-assistencia-social-do-poder-ex\/\">PORTARIA N\u00ba 787, DE 02 DE FEVEREIRO DE 2022 &#8211; \u201cDISP\u00d5E SOBRE A EXONERA\u00c7\u00c3O DO  CARGO EM COMISS\u00c3O DE  COORDENADORA DE RECURSOS  HUMANOS DA SECRETARIA MUNICIPAL DE  ASSIST\u00caNCIA SOCIAL DO PODER  EXECUTIVO E D\u00c1 OUTRAS PROVID\u00caNCIAS\u201d.<\/a><\/li>\n\t\t<li class=\"wsp-post\"><a href=\"https:\/\/saobernardo.ma.gov.br\/transparencia\/portarias\/portaria-no-786-de-01-de-fevereiro-de-2022-dispoe-sobre-a-exoneracao-do-cargo-em-comissao-de-coordenador-de-departamento-da-secretaria-municipal-de-direitos-humanos-do-poder-executivo-e-da\/\">PORTARIA N\u00ba 786, DE 01 DE FEVEREIRO DE 2022 &#8211; \u201cDISP\u00d5E SOBRE A EXONERA\u00c7\u00c3O DO CARGO EM COMISS\u00c3O DE COORDENADOR DE DEPARTAMENTO DA SECRETARIA MUNICIPAL DE DIREITOS HUMANOS DO PODER EXECUTIVO E D\u00c1 OUTRAS PROVID\u00caNCIAS&#8221;<\/a><\/li>\n\t\t<li class=\"wsp-post\"><a href=\"https:\/\/saobernardo.ma.gov.br\/transparencia\/portarias\/portaria-no-785-de-01-de-fevereiro-de-2022-dispoe-sobre-a-exoneracao-do-cargo-em-comissao-de-assistente-administrativo-da-secretaria-municipal-de-administracao-do-poder-executivo-e-da-outr\/\">PORTARIA N\u00ba 785, DE 01 DE FEVEREIRO DE 2022 &#8211; \u201cDISP\u00d5E SOBRE A EXONERA\u00c7\u00c3O DO CARGO EM COMISS\u00c3O DE ASSISTENTE ADMINISTRATIVO DA SECRETARIA MUNICIPAL DE ADMINISTRA\u00c7\u00c3O DO PODER EXECUTIVO E D\u00c1 OUTRAS PROVID\u00caNCIAS\u201d<\/a><\/li>\n\t\t<li class=\"wsp-post\"><a href=\"https:\/\/saobernardo.ma.gov.br\/transparencia\/portarias\/portaria-no-784-de-27-de-janeiro-de-2022-dispoe-sobre-a-exoneracao-do-cargo-efetivo-de-auxiliar-de-servicos-gerais-da-secretaria-municipal-de-educacao-da-estrutura-organizacional-da-prefei\/\">PORTARIA N\u00ba 784, DE 27 DE JANEIRO DE 2022 &#8211; \u201cDISP\u00d5E SOBRE A EXONERA\u00c7\u00c3O DO CARGO EFETIVO DE AUXILIAR DE SERVI\u00c7OS GERAIS DA SECRETARIA MUNICIPAL DE EDUCA\u00c7\u00c3O DA ESTRUTURA ORGANIZACIONAL DA PREFEITURA MUNICIPAL E D\u00c1 OUTRAS PROVID\u00caNCIAS\u201d.<\/a><\/li>\n\t\t<li class=\"wsp-post\"><a href=\"https:\/\/saobernardo.ma.gov.br\/transparencia\/portarias\/portaria-no-002-2021-de-06-de-dezembro-de-2021-convoca-a-10o-conferencia-municipal-de-saude-do-municipio-de-sao-bernardo-ma\/\">PORTARIA N\u00ba 002\/2021, DE 06 DE DEZEMBRO DE 2021 &#8211; CONVOCA A 10\u00ba CONFER\u00caNCIA MUNICIPAL DE SA\u00daDE DO MUNIC\u00cdPIO DE S\u00c3O BERNARDO- MA<\/a><\/li>\n\t\t<li class=\"wsp-post\"><a href=\"https:\/\/saobernardo.ma.gov.br\/transparencia\/portarias\/portaria-no-783-2021-resolve-exonerar-em-razao-de-aposentadoria-por-tempo-de-contribuicao-com-beneficio-nb-no-200-129-524-8-do-cargo-publico-de-provimento-efetivo-de-professora-da-secretaria-munici\/\">PORTARIA N\u00ba 783\/2021- RESOLVE EXONERAR em raz\u00e3o de aposentadoria por tempo de contribui\u00e7\u00e3o com Benef\u00edcio NB n\u00ba 200.129.524-8, do Cargo P\u00fablico de Provimento Efetivo de Professora, da Secretaria Municipal de Educa\u00e7\u00e3o, a Sra. MARIA JOS\u00c9 FERREIRA MACHADO<\/a><\/li>\n\t\t<li class=\"wsp-post\"><a href=\"https:\/\/saobernardo.ma.gov.br\/transparencia\/portarias\/portaria-no-782-2021-resolve-nomear-para-o-cargo-em-comissao-de-assessor-especial-nivel-iii-na-secretaria-de-meio-ambiente-na-estrutura-organizacional-do-poder-executivo-o-sr-matheus-lima-dos-reis\/\">PORTARIA N\u00ba 782\/2021- RESOLVE NOMEAR, para o Cargo em Comiss\u00e3o de Assessor Especial n\u00edvel III, na Secretaria de Meio Ambiente na Estrutura Organizacional do Poder Executivo o Sr. MATHEUS LIMA DOS REIS SOUSA<\/a><\/li>\n\t\t<li class=\"wsp-post\"><a href=\"https:\/\/saobernardo.ma.gov.br\/transparencia\/portarias\/portaria-no-781-2021-resolve-nomear-para-o-cargo-de-chefe-de-departamento-de-licenciamento-ambiental-na-secretaria-de-meio-ambiente-o-sr-jose-de-ribamar-marinho-junior\/\">PORTARIA N\u00ba 781\/2021 &#8211; RESOLVE NOMEAR para o cargo de Chefe de Departamento de Licenciamento Ambiental na Secretaria de Meio Ambiente o Sr. JOS\u00c9 DE RIBAMAR MARINHO JUNIOR<\/a><\/li>\n\t\t<li class=\"wsp-post\"><a href=\"https:\/\/saobernardo.ma.gov.br\/transparencia\/portarias\/portaria-no-780-2021-resolve-art-1o-exonerar-do-cargo-de-supervisor-pedagogico-o-sr-matheus-lima-dos-reis-sousa\/\">PORTARIA N\u00ba 780\/2021- RESOLVE EXONERAR, do CARGO de Supervisor Pedag\u00f3gico o Sr. MATHEUS LIMA DOS REIS SOUSA<\/a><\/li>\n\t\t<li class=\"wsp-post\"><a href=\"https:\/\/saobernardo.ma.gov.br\/transparencia\/portarias\/portaria-no-779-2021-resolve-nomear-para-o-cargo-em-comissao-assessor-de-gabinete-o-sr-raimundo-nonato-rocha-coelho\/\">PORTARIA N\u00ba 779\/2021- RESOLVE NOMEAR, para o Cargo em Comiss\u00e3o Assessor de Gabinete o Sr. RAIMUNDO NONATO ROCHA COELHO<\/a><\/li>\n\t\t<li class=\"wsp-post\"><a href=\"https:\/\/saobernardo.ma.gov.br\/transparencia\/portarias\/portaria-no-778-2021-dispoe-sobre-a-instalacao-de-sindicancia-e-da-outras-providencias\/\">PORTARIA N\u00ba 778\/2021- DISP\u00d5E SOBRE A INSTALA\u00c7\u00c3O DE SINDIC\u00c2NCIA E D\u00c1 OUTRAS PROVID\u00caNCIAS.<\/a><\/li>\n\t\t<li class=\"wsp-post\"><a href=\"https:\/\/saobernardo.ma.gov.br\/transparencia\/portarias\/portaria-no777-2021-resolve-art-1o-exonerar-em-razao-de-aposentadoria-por-tempo-de-contribuicao-com-despacho-no-201-052-807-1-do-cargo-publico-de-provimento-efetivo-de-professora-nivel-iii-da-s\/\">PORTARIA N\u00ba777\/2021- RESOLVE EXONERAR em raz\u00e3o de aposentadoria por tempo de contribui\u00e7\u00e3o com despacho n\u00ba 201.052.807-1, do Cargo P\u00fablico de Provimento Efetivo de Professora N\u00edvel III, da Secretaria Municipal de Educa\u00e7\u00e3o, a Sra. MARIA DA NATIVIDADE CARVALHO NUNES DUAILIBE<\/a><\/li>\n\t\t<li class=\"wsp-post\"><a href=\"https:\/\/saobernardo.ma.gov.br\/transparencia\/portarias\/portaria-no-775-2021-resolve-exonerar-a-pedido-do-cargo-efetivo-de-professora-nivel-ii-da-secretaria-municipal-de-educacao-ciencia-e-tecnologia-na-estrutura-organizacional-do-poder-executivo-a-sra\/\">PORTARIA N\u00ba 775\/2021- RESOLVE EXONERAR A PEDIDO, do Cargo efetivo de PROFESSORA N\u00cdVEL II da Secretaria municipal de Educa\u00e7\u00e3o, Ci\u00eancia e Tecnologia na Estrutura Organizacional do Poder Executivo, a Sra. GIZ\u00c9LIA TELMA SANTOS BRITO<\/a><\/li>\n\t\t<li class=\"wsp-post\"><a href=\"https:\/\/saobernardo.ma.gov.br\/transparencia\/portarias\/portaria-no-774-2021-resolve-nomear-para-o-cargo-em-comissao-de-assessor-juridico-dans-da-prefeitura-municipal-de-sao-bernardo-na-estrutura-organizacional-do-poder-executivo-o-sr-eder-oliveira\/\">PORTARIA N\u00ba 774\/2021- RESOLVE NOMEAR, para o Cargo em comiss\u00e3o de ASSESSOR JUR\u00cdDICO -DANS &#8211; da Prefeitura municipal de S\u00e3o Bernardo na Estrutura Organizacional do Poder Executivo, o Sr. \u00c9DER OLIVEIRA FERREIRA DE SOUSA<\/a><\/li>\n\t\t<li class=\"wsp-post\"><a href=\"https:\/\/saobernardo.ma.gov.br\/transparencia\/portarias\/portaria-no-773-2021-resolve-nomear-para-o-cargo-em-comissao-de-assessora-de-gabinete-nivel-ii-do-gabinete-da-vice-prefeita-municipal-na-estrutura-organizacional-do-poder-executivo-a-sra-renata\/\">PORTARIA N\u00ba 773\/2021- RESOLVE NOMEAR, para o Cargo em comiss\u00e3o de ASSESSORA DE GABINETE N\u00cdVEL II do Gabinete da Vice Prefeita municipal &#8211; na Estrutura Organizacional do Poder Executivo, a Sra. RENATA LIMA FERREIRA<\/a><\/li>\n\t\t<li class=\"wsp-post\"><a href=\"https:\/\/saobernardo.ma.gov.br\/transparencia\/portarias\/portaria-no-772-2021-dispoe-sobre-nomeacao-do-cargo-em-comissao-secretaria-municipal-da-secretaria-municipal-de-meio-ambiente-na-estrutura-organizacional-do-poder-executivo-e-da-outras-providencia\/\">PORTARIA N\u00ba 772\/2021 &#8211; &#8220;DISP\u00d4E SOBRE NOMEA\u00c7\u00c3O DO CARGO EM COMISS\u00c3O SECRET\u00c1RIA MUNICIPAL DA SECRETARIA MUNICIPAL DE MEIO AMBIENTE NA ESTRUTURA ORGANIZACIONAL DO PODER EXECUTIVO E D\u00c1 OUTRAS PROVID\u00caNCIAS.&#8221;<\/a><\/li>\n\t\t<li class=\"wsp-post\"><a href=\"https:\/\/saobernardo.ma.gov.br\/transparencia\/portarias\/portaria-no-771-2021-resolve-nomear-no-cargo-em-comissao-de-assessoria-especial-pedagogico-nivel-iii-dai-1-da-secretaria-municipal-de-educacao-ciencia-tecnologia-e-inovacao-sem\/\">PORTARIA N\u00ba 771\/2021- RESOLVE NOMEAR, no Cargo em comiss\u00e3o de Assessoria Especial Pedag\u00f3gico N\u00edvel III \u2013 DAI-1 da Secretaria Municipal de Educa\u00e7\u00e3o, Ci\u00eancia, Tecnologia e Inova\u00e7\u00e3o \u2013 SEMECTI, da Estrutura Organizacional do Poder Executivo, O Sr. DEYVISON SILVA LISBOA<\/a><\/li>\n\t\t<li class=\"wsp-post\"><a href=\"https:\/\/saobernardo.ma.gov.br\/transparencia\/portarias\/portaria-no-770-2021-resolve-nomear-no-cargo-efetivo-de-coordenacao-de-formacao-e-avaliacao-dans-da-secretaria-municipal-de-educacao-ciencia-tecnologia-e-inovacao-semecti-da\/\">PORTARIA N\u00ba 770\/2021- RESOLVE NOMEAR, no Cargo Efetivo de COORDENA\u00c7\u00c3O DE FORMA\u00c7\u00c3O E AVALIA\u00c7\u00c3O \u2013 DANS, da Secretaria Municipal de Educa\u00e7\u00e3o, Ci\u00eancia, Tecnologia e Inova\u00e7\u00e3o \u2013 SEMECTI, da Estrutura Organizacional do Poder Executivo, a Sra. JOSEANA VIEIRA PESSOA VERAS<\/a><\/li>\n\t\t<li class=\"wsp-post\"><a href=\"https:\/\/saobernardo.ma.gov.br\/transparencia\/portarias\/portaria-no-769-2021-resolve-nomear-no-cargo-em-comissao-de-coordenadora-de-planejamento-das-acoes-articuladas-da-educacao-dans-da-secretaria-municipal-de-educacao-ciencia-tecnologia-e\/\">PORTARIA N\u00ba 769\/2021- RESOLVE NOMEAR, no Cargo em Comiss\u00e3o de COORDENADORA DE PLANEJAMENTO DAS A\u00c7\u00d5ES ARTICULADAS DA EDUCA\u00c7\u00c3O \u2013 DANS, da Secretaria Municipal de Educa\u00e7\u00e3o, Ci\u00eancia, Tecnologia e Inova\u00e7\u00e3o \u2013 SEMECTI, da Estrutura Organizacional do Poder Executivo, a Sra. BIANCA CARVALHO SILVA<\/a><\/li>\n\t\t<li class=\"wsp-post\"><a href=\"https:\/\/saobernardo.ma.gov.br\/transparencia\/portarias\/portaria-no-768-2021-resolve-nomear-no-cargo-em-comissao-de-orientacao-educacional-dans-da-secretaria-municipal-de-educacao-ciencia-tecnologia-e-inovacao-semecti-da-estrutura\/\">PORTARIA N\u00ba 768\/2021- RESOLVE NOMEAR, no Cargo em Comiss\u00e3o de ORIENTA\u00c7\u00c3O EDUCACIONAL \u2013 DANS, da Secretaria Municipal de Educa\u00e7\u00e3o, Ci\u00eancia, Tecnologia e Inova\u00e7\u00e3o \u2013 SEMECTI, da Estrutura Organizacional do Poder Executivo, a Sra. ELINEIDE ARAUJO MONTEIRO PORTELA<\/a><\/li>\n\t\t<li class=\"wsp-post\"><a href=\"https:\/\/saobernardo.ma.gov.br\/transparencia\/portarias\/portaria-no-767-2021-resolve-nomear-no-cargo-efetivo-de-supervisao-pedagogica-da-educacao-especial-dans-da-secretaria-municipal-de-educacao-ciencia-tecnologia-e-inovacao-semec\/\">PORTARIA N\u00ba 767\/2021- RESOLVE NOMEAR, no Cargo Efetivo de SUPERVIS\u00c3O PEDAG\u00d3GICA DA EDUCA\u00c7\u00c3O ESPECIAL \u2013 DANS, da Secretaria Municipal de Educa\u00e7\u00e3o, Ci\u00eancia, Tecnologia e Inova\u00e7\u00e3o \u2013 SEMECTI, da Estrutura Organizacional do Poder Executivo, a Sra. MARIA DA CONCEI\u00c7\u00c3O GOMES DA SILVA<\/a><\/li>\n\t\t<li class=\"wsp-post\"><a href=\"https:\/\/saobernardo.ma.gov.br\/transparencia\/portarias\/portaria-no-766-2021-resolve-nomear-no-cargo-em-comissao-de-supervisao-pedagogica-do-eja-dans-da-secretaria-municipal-de-educacao-ciencia-tecnologia-e-inovacao-semecti-da-est\/\">PORTARIA N\u00ba 766\/2021- RESOLVE NOMEAR, no Cargo em Comiss\u00e3o de SUPERVIS\u00c3O PEDAG\u00d3GICA DO EJA \u2013 DANS, da Secretaria Municipal de Educa\u00e7\u00e3o, Ci\u00eancia, Tecnologia e Inova\u00e7\u00e3o \u2013 SEMECTI, da Estrutura Organizacional do Poder Executivo, o Sr. ABIDIAS FERREIRA DA COSTA FILHO<\/a><\/li>\n\t\t<li class=\"wsp-post\"><a href=\"https:\/\/saobernardo.ma.gov.br\/transparencia\/portarias\/portaria-no-765-2021-resolve-nomear-no-cargo-em-comissao-de-supervisao-pedagogica-do-ensino-fundamental-ii-dans-da-secretaria-municipal-de-educacao-ciencia-tecnologia-e-inovacao\/\">PORTARIA N\u00ba 765\/2021- RESOLVE NOMEAR, no Cargo em Comiss\u00e3o de SUPERVIS\u00c3O PEDAG\u00d3GICA DO ENSINO FUNDAMENTAL II \u2013 DANS, da Secretaria Municipal de Educa\u00e7\u00e3o, Ci\u00eancia, Tecnologia e Inova\u00e7\u00e3o \u2013 SEMECTI, da Estrutura Organizacional do Poder Executivo, a Sra. MARIA IVANA COSTA SANTOS<\/a><\/li>\n\t\t<li class=\"wsp-post\"><a href=\"https:\/\/saobernardo.ma.gov.br\/transparencia\/portarias\/portaria-no-764-2021-resolve-nomear-no-cargo-em-comissao-de-supervisao-pedagogica-do-ensino-fundamental-i-dans-da-secretaria-municipal-de-educacao-ciencia-tecnologia-e-inovacao\/\">PORTARIA N\u00ba 764\/2021- RESOLVE NOMEAR, no Cargo em Comiss\u00e3o de SUPERVIS\u00c3O PEDAG\u00d3GICA DO ENSINO FUNDAMENTAL I \u2013 DANS, da Secretaria Municipal de Educa\u00e7\u00e3o, Ci\u00eancia, Tecnologia e Inova\u00e7\u00e3o \u2013 SEMECTI, da Estrutura Organizacional do Poder Executivo, a Sra. MARIA IVANECIA DA COSTA SANTOS<\/a><\/li>\n\t\t<li class=\"wsp-post\"><a href=\"https:\/\/saobernardo.ma.gov.br\/transparencia\/portarias\/portaria-no763-2021-resolve-nomear-no-cargo-em-comissao-de-supervisao-pedagogica-da-educacao-infantil-dans-da-secretaria-municipal-de-educacao-ciencia-tecnologia-e-inovacao-se\/\">PORTARIA N\u00ba763\/2021- RESOLVE NOMEAR, no Cargo em Comiss\u00e3o de SUPERVIS\u00c3O PEDAG\u00d3GICA DA EDUCA\u00c7\u00c3O INFANTIL \u2013 DANS, da Secretaria Municipal de Educa\u00e7\u00e3o, Ci\u00eancia, Tecnologia e Inova\u00e7\u00e3o \u2013 SEMECTI, da Estrutura Organizacional do Poder Executivo, a Sra. ZENAIDE RODRIGUES SILVA<\/a><\/li>\n\t\t<li class=\"wsp-post\"><a href=\"https:\/\/saobernardo.ma.gov.br\/transparencia\/portarias\/portaria-no-762-2021-resolve-nomear-no-cargo-em-comissao-de-coordenador-dos-programas-pdde-dai-da-secretaria-municipal-de-educacao-ciencia-tecnologia-e-inovacao-seme\/\">PORTARIA N\u00ba 762\/2021- RESOLVE NOMEAR, no Cargo em Comiss\u00e3o de Coordenador dos Programas \u2013 PDDE \u2013 DAI, da Secretaria Municipal de Educa\u00e7\u00e3o, Ci\u00eancia, Tecnologia e Inova\u00e7\u00e3o \u2013 SEMECTI, da Estrutura Organizacional do Poder Executivo, o Sr. GUMERCINDO ALVES DA COSTA JUNIOR<\/a><\/li>\n\t\t<li class=\"wsp-post\"><a href=\"https:\/\/saobernardo.ma.gov.br\/transparencia\/portarias\/portaria-no-761-2021-resolve-nomear-no-cargo-em-comissao-de-coordenador-de-programas-esporte-na-escola-dai-da-secretaria-municipal-de-educacao-ciencia-tecnologia-e-inovacao-se\/\">PORTARIA N\u00ba 761\/2021- RESOLVE NOMEAR, no Cargo em Comiss\u00e3o de Coordenador de Programas Esporte na Escola \u2013 DAI, da Secretaria Municipal de Educa\u00e7\u00e3o, Ci\u00eancia, Tecnologia e Inova\u00e7\u00e3o \u2013 SEMECTI, da Estrutura Organizacional do Poder Executivo, o Sr. JOSE AUGUSTO GOMES BARROS<\/a><\/li>\n\t\t<li class=\"wsp-post\"><a href=\"https:\/\/saobernardo.ma.gov.br\/transparencia\/portarias\/portaria-no-760-2021-resolve-nomear-no-cargo-em-comissao-de-coordenadora-do-programa-escola-aberta-dai-da-secretaria-municipal-de-educacao-ciencia-tecnologia-e-inovacao-semect\/\">PORTARIA N\u00ba 760\/2021- RESOLVE NOMEAR, no Cargo Em Comiss\u00e3o de Coordenadora do Programa Escola Aberta \u2013 DAI, da Secretaria Municipal de Educa\u00e7\u00e3o, Ci\u00eancia, Tecnologia e Inova\u00e7\u00e3o \u2013 SEMECTI, da Estrutura Organizacional do Poder Executivo, a Sra. GISLAYNNE CRISTINA FERREIRA BRITO<\/a><\/li>\n\t\t<li class=\"wsp-post\"><a href=\"https:\/\/saobernardo.ma.gov.br\/transparencia\/portarias\/portaria-no-759-2021-resolve-nomear-no-cargo-efetivo-de-coordenadora-do-programa-de-saude-na-escola-pse-dai-da-secretaria-municipal-de-educacao-ciencia-tecnologia-e-inovacao\/\">PORTARIA N\u00ba 759\/2021- RESOLVE NOMEAR, no Cargo Efetivo de Coordenadora do Programa de Sa\u00fade na Escola \u2013 PSE \u2013 DAI, da Secretaria Municipal de Educa\u00e7\u00e3o, Ci\u00eancia, Tecnologia e Inova\u00e7\u00e3o \u2013 SEMECTI, da Estrutura Organizacional do Poder Executivo, a Servidora P\u00fablica do Quadro Efetivo, Sra. ROSANGELA MARIA ROCHA OLIVEIRA<\/a><\/li>\n\t\t<li class=\"wsp-post\"><a href=\"https:\/\/saobernardo.ma.gov.br\/transparencia\/portarias\/portaria-no-758-2021-resolve-nomear-no-cargo-em-comissao-de-coordenador-de-programas-de-politicas-educacionais-dans-da-secretaria-municipal-de-educacao-ciencia-tecnologia-e-inovacao\/\">PORTARIA N\u00ba 758\/2021-RESOLVE NOMEAR, no Cargo em Comiss\u00e3o de Coordenador de Programas de Pol\u00edticas Educacionais \u2013 DANS, da Secretaria Municipal de Educa\u00e7\u00e3o, Ci\u00eancia, Tecnologia e Inova\u00e7\u00e3o \u2013 SEMECTI, da Estrutura Organizacional do Poder Executivo, o Sr. EDILBERTO DE OLIVEIRA MARQUES<\/a><\/li>\n\t\t<li class=\"wsp-post\"><a href=\"https:\/\/saobernardo.ma.gov.br\/transparencia\/portarias\/portaria-no-757-2021-resolve-nomear-no-cargo-em-comissao-de-chefe-do-departamento-de-fiscalizacao-de-obras-dai-da-secretaria-municipal-de-educacao-ciencia-tecnologia-e-inovacao\/\">PORTARIA N\u00ba 757\/2021- RESOLVE NOMEAR, no Cargo em Comiss\u00e3o de Chefe do Departamento de Fiscaliza\u00e7\u00e3o de Obras \u2013 DAI, da Secretaria Municipal de Educa\u00e7\u00e3o, Ci\u00eancia, Tecnologia e Inova\u00e7\u00e3o \u2013 SEMECTI, da Estrutura Organizacional do Poder Executivo, o Sr. LUCAS JO\u00c3O PAULO NUNES DA SILVA<\/a><\/li>\n\t\t<li class=\"wsp-post\"><a href=\"https:\/\/saobernardo.ma.gov.br\/transparencia\/portarias\/portaria-no-756-2021-resolve-nomear-no-cargo-em-comissao-de-coordenadora-de-engenharia-dans-da-secretaria-municipal-de-educacao-ciencia-tecnologia-e-inovacao-semecti-da-estru\/\">PORTARIA N\u00ba 756\/2021- RESOLVE NOMEAR, no Cargo em Comiss\u00e3o de Coordenadora de Engenharia \u2013 DANS, da Secretaria Municipal de Educa\u00e7\u00e3o, Ci\u00eancia, Tecnologia e Inova\u00e7\u00e3o \u2013 SEMECTI, da Estrutura Organizacional do Poder Executivo, a Sra. ATILA OLIVEIRA PORTELA<\/a><\/li>\n\t\t<li class=\"wsp-post\"><a href=\"https:\/\/saobernardo.ma.gov.br\/transparencia\/portarias\/portaria-no-755-2021-resolve-nomear-no-cargo-em-comissao-de-chefe-de-gabinete-dans-da-secretaria-municipal-de-educacao-ciencia-tecnologia-e-inovacao-semecti-da-estrutura-orga\/\">PORTARIA N\u00ba 755\/2021- RESOLVE NOMEAR, no Cargo em Comiss\u00e3o de Chefe de Gabinete \u2013 DANS, da Secretaria Municipal de Educa\u00e7\u00e3o, Ci\u00eancia, Tecnologia e Inova\u00e7\u00e3o \u2013 SEMECTI, da Estrutura Organizacional do Poder Executivo, a Sra. ELONEIDA MARIA DE CARVALHO SPINDOLA<\/a><\/li>\n\t\t<li class=\"wsp-post\"><a href=\"https:\/\/saobernardo.ma.gov.br\/transparencia\/portarias\/portaria-no-754-2021-resolve-nomear-no-cargo-em-comissao-de-chefe-do-departamento-de-tecnologias-estruturais-dai-da-secretaria-municipal-de-educacao-ciencia-tecnologia-e-inovacao\/\">PORTARIA N\u00ba 754\/2021- RESOLVE NOMEAR, no Cargo em Comiss\u00e3o de Chefe do Departamento de Tecnologias Estruturais \u2013 DAI, da Secretaria Municipal de Educa\u00e7\u00e3o, Ci\u00eancia, Tecnologia e Inova\u00e7\u00e3o \u2013 SEMECTI, da Estrutura Organizacional do Poder Executivo, o Sr. ARLINDO CESAR VIANA MONTELES<\/a><\/li>\n\t\t<li class=\"wsp-post\"><a href=\"https:\/\/saobernardo.ma.gov.br\/transparencia\/portarias\/portaria-no-753-2021-resolve-nomear-no-cargo-efetivo-de-coordenador-de-ciencia-tecnologia-e-inovacao-dans-da-secretaria-municipal-de-educacao-ciencia-tecnologia-e-inovacao-se\/\">PORTARIA N\u00ba 753\/2021- RESOLVE NOMEAR, no Cargo Efetivo de Coordenador de Ci\u00eancia, Tecnologia e Inova\u00e7\u00e3o \u2013 DANS, da Secretaria Municipal de Educa\u00e7\u00e3o, Ci\u00eancia, Tecnologia e Inova\u00e7\u00e3o \u2013 SEMECTI, da Estrutura Organizacional do Poder Executivo, o Servidor P\u00fablico do quadro Efetivo. Sr. WILBERTH CASTRO DA SILVA<\/a><\/li>\n\t\t<li class=\"wsp-post\"><a href=\"https:\/\/saobernardo.ma.gov.br\/transparencia\/portarias\/portaria-no-752-2021-resolve-nomear-no-cargo-em-comissao-de-chefe-do-departamento-de-inspecao-escolar-dai-da-secretaria-municipal-de-educacao-ciencia-tecnologia-e-inovacao-sem\/\">PORTARIA N\u00ba 752\/2021- RESOLVE NOMEAR, no Cargo em Comiss\u00e3o de Chefe do Departamento de Inspe\u00e7\u00e3o Escolar \u2013 DAI, da Secretaria Municipal de Educa\u00e7\u00e3o, Ci\u00eancia, Tecnologia e Inova\u00e7\u00e3o \u2013 SEMECTI, da Estrutura Organizacional do Poder Executivo, a Sra. NEUDA MARIA DE ALMEIDA COSTA<\/a><\/li>\n\t\t<li class=\"wsp-post\"><a href=\"https:\/\/saobernardo.ma.gov.br\/transparencia\/portarias\/portaria-no-751-2021-resolve-nomear-no-cargo-em-comissao-de-inspetora-escolar-dai-1-da-secretaria-municipal-de-educacao-ciencia-tecnologia-e-inovacao-semecti-da-estrutura-org\/\">PORTARIA N\u00ba 751\/2021- RESOLVE NOMEAR, no Cargo em Comiss\u00e3o de Inspetora Escolar \u2013 DAI-1, da Secretaria Municipal de Educa\u00e7\u00e3o, Ci\u00eancia, Tecnologia e Inova\u00e7\u00e3o \u2013 SEMECTI, da Estrutura Organizacional do Poder Executivo, a Sra. SUZANE MEIRELES SILVA<\/a><\/li>\n\t\t<li class=\"wsp-post\"><a href=\"https:\/\/saobernardo.ma.gov.br\/transparencia\/portarias\/portaria-no-750-2021-resolve-nomear-no-cargo-em-comissao-de-chefe-do-departamento-de-censo-escolar-dai-da-secretaria-municipal-de-educacao-ciencia-tecnologia-e-inovacao-semect\/\">PORTARIA N\u00ba 750\/2021- RESOLVE NOMEAR, no Cargo em Comiss\u00e3o de Chefe do Departamento de Censo Escolar \u2013 DAI, da Secretaria Municipal de Educa\u00e7\u00e3o, Ci\u00eancia, Tecnologia e Inova\u00e7\u00e3o \u2013 SEMECTI, da Estrutura Organizacional do Poder Executivo, a Sra. SILVIA FEITOSA CANDEIRA<\/a><\/li>\n\t\t<li class=\"wsp-post\"><a href=\"https:\/\/saobernardo.ma.gov.br\/transparencia\/portarias\/portaria-no-749-2021-resolve-nomear-no-cargo-em-comissao-de-coordenador-de-estatistica-dans-da-secretaria-municipal-de-educacao-ciencia-tecnologia-e-inovacao-semecti-da-estru\/\">PORTARIA N\u00ba 749\/2021- RESOLVE NOMEAR, no Cargo em Comiss\u00e3o de Coordenador de Estat\u00edstica \u2013 DANS, da Secretaria Municipal de Educa\u00e7\u00e3o, Ci\u00eancia, Tecnologia e Inova\u00e7\u00e3o \u2013 SEMECTI, da Estrutura Organizacional do Poder Executivo, o Sr. VITOR CARLOS DIAS COSTA<\/a><\/li>\n\t\t<li class=\"wsp-post\"><a href=\"https:\/\/saobernardo.ma.gov.br\/transparencia\/portarias\/portaria-no-748-2021-resolve-nomear-no-cargo-em-comissao-de-chefe-do-departamento-de-material-e-patrimonio-dai-da-secretaria-municipal-de-educacao-ciencia-tecnologia-e-inovacao\/\">PORTARIA N\u00ba 748\/2021- RESOLVE NOMEAR, no Cargo em Comiss\u00e3o de Chefe do Departamento de Material e Patrim\u00f4nio \u2013 DAI, da Secretaria Municipal de Educa\u00e7\u00e3o, Ci\u00eancia, Tecnologia e Inova\u00e7\u00e3o \u2013 SEMECTI, da Estrutura Organizacional do Poder Executivo, o Sr. SERGIO EWERTON ESCORCIO DA SILVA<\/a><\/li>\n\t\t<li class=\"wsp-post\"><a href=\"https:\/\/saobernardo.ma.gov.br\/transparencia\/portarias\/portaria-no-747-2021-resolve-nomear-no-cargo-em-comissao-de-chefe-do-departamento-de-almoxarifado-dai-da-secretaria-municipal-de-educacao-ciencia-tecnologia-e-inovacao-semecti\/\">PORTARIA N\u00ba 747\/2021- RESOLVE NOMEAR, no Cargo em Comiss\u00e3o de Chefe do Departamento de Almoxarifado \u2013 DAI, da Secretaria Municipal de Educa\u00e7\u00e3o, Ci\u00eancia, Tecnologia e Inova\u00e7\u00e3o \u2013 SEMECTI, da Estrutura Organizacional do Poder Executivo, o Sr. DOUGLAS CUNHA CRUZ<\/a><\/li>\n\t\t<li class=\"wsp-post\"><a href=\"https:\/\/saobernardo.ma.gov.br\/transparencia\/portarias\/portaria-no-746-2021-resolve-nomear-no-cargo-em-comissao-de-chefe-do-departamento-de-fotocopias-dai-da-secretaria-municipal-de-educacao-ciencia-tecnologia-e-inovacao-semecti-d\/\">PORTARIA N\u00ba 746\/2021-RESOLVE NOMEAR, no Cargo em Comiss\u00e3o de Chefe do Departamento de Fotoc\u00f3pias \u2013 DAI, da Secretaria Municipal de Educa\u00e7\u00e3o, Ci\u00eancia, Tecnologia e Inova\u00e7\u00e3o \u2013 SEMECTI, da Estrutura Organizacional do Poder Executivo, o Sr. DANILO DE ALMEIDA LIMA PORTELA<\/a><\/li>\n\t\t<li class=\"wsp-post\"><a href=\"https:\/\/saobernardo.ma.gov.br\/transparencia\/portarias\/portaria-no-745-2021-resolve-nomear-no-cargo-em-comissao-de-chefe-do-departamento-de-alimentacao-escolar-dai-da-secretaria-municipal-de-educacao-ciencia-tecnologia-e-inovacao\/\">PORTARIA N\u00ba 745\/2021- RESOLVE NOMEAR, no Cargo em Comiss\u00e3o de Chefe do Departamento de Alimenta\u00e7\u00e3o Escolar \u2013 DAI, da Secretaria Municipal de Educa\u00e7\u00e3o, Ci\u00eancia, Tecnologia e Inova\u00e7\u00e3o \u2013 SEMECTI, da Estrutura Organizacional do Poder Executivo, a Sra. SABRINA DE CASSIA ARAUJO BARROS<\/a><\/li>\n\t\t<li class=\"wsp-post\"><a href=\"https:\/\/saobernardo.ma.gov.br\/transparencia\/portarias\/portaria-no-744-2021-resolve-nomear-no-cargo-em-comissao-de-chefe-do-departamento-de-transporte-dai-da-secretaria-municipal-de-educacao-ciencia-tecnologia-e-inovacao-semecti\/\">PORTARIA N\u00ba 744\/2021- RESOLVE NOMEAR, no Cargo em Comiss\u00e3o de Chefe do Departamento de Transporte \u2013 DAI, da Secretaria Municipal de Educa\u00e7\u00e3o, Ci\u00eancia, Tecnologia e Inova\u00e7\u00e3o \u2013 SEMECTI, da Estrutura Organizacional do Poder Executivo, o Sr. WAGNER CARVALHO SILVA<\/a><\/li>\n\t\t<li class=\"wsp-post\"><a href=\"https:\/\/saobernardo.ma.gov.br\/transparencia\/portarias\/portaria-no-743-2021-resolve-nomear-no-cargo-em-comissao-de-chefe-do-departamento-de-prestacao-de-contas-dai-da-secretaria-municipal-de-educacao-ciencia-tecnologia-e-inovacao-s\/\">PORTARIA N\u00ba 743\/2021-RESOLVE NOMEAR, no Cargo em comiss\u00e3o de Chefe do Departamento de Presta\u00e7\u00e3o de Contas \u2013 DAI, da Secretaria Municipal de Educa\u00e7\u00e3o, Ci\u00eancia, Tecnologia e Inova\u00e7\u00e3o \u2013 SEMECTI, da Estrutura Organizacional do Poder Executivo, a Sra. CAROLINE RODRIGUES SILVA<\/a><\/li>\n\t\t<li class=\"wsp-post\"><a href=\"https:\/\/saobernardo.ma.gov.br\/transparencia\/portarias\/portaria-no-742-2021-resolve-nomear-no-cargo-em-comissao-de-coordenador-de-financas-dans-da-secretaria-municipal-de-educacao-ciencia-tecnologia-e-inovacao-semecti-da-estrutura\/\">PORTARIA N\u00ba 742\/2021-RESOLVE NOMEAR, no Cargo em Comiss\u00e3o de Coordenador de Finan\u00e7as \u2013 DANS, da Secretaria Municipal de Educa\u00e7\u00e3o, Ci\u00eancia, Tecnologia e Inova\u00e7\u00e3o \u2013 SEMECTI, da Estrutura Organizacional do Poder Executivo, o Sr. JO\u00c3O NUNES DOS REIS<\/a><\/li>\n\t\t<li class=\"wsp-post\"><a href=\"https:\/\/saobernardo.ma.gov.br\/transparencia\/portarias\/portaria-no-741-2021-resolve-nomear-no-cargo-em-comissao-de-chefe-do-departamento-de-folha-de-pagamento-dai-da-secretaria-municipal-de-educacao-ciencia-tecnologia-e-inovacao-s\/\">PORTARIA N\u00ba 741\/2021- RESOLVE NOMEAR, no Cargo em comiss\u00e3o de Chefe do Departamento de Folha de Pagamento \u2013 DAI, da Secretaria Municipal de Educa\u00e7\u00e3o, Ci\u00eancia, Tecnologia e Inova\u00e7\u00e3o \u2013 SEMECTI, da Estrutura Organizacional do Poder Executivo, a Sra. NUBIA MARIA DE ALMEIDA COSTA<\/a><\/li>\n\t\t<li class=\"wsp-post\"><a href=\"https:\/\/saobernardo.ma.gov.br\/transparencia\/portarias\/portaria-no-740-2021-resolve-nomear-no-cargo-em-comissao-de-assessoria-tecnica-administrativa-dai-1-da-secretaria-municipal-de-educacao-ciencia-tecnologia-e-inovacao-semecti-d\/\">PORTARIA N\u00ba 740\/2021-RESOLVE NOMEAR, no Cargo em comiss\u00e3o de Assessoria T\u00e9cnica Administrativa \u2013 DAI-1, da Secretaria Municipal de Educa\u00e7\u00e3o, Ci\u00eancia, Tecnologia e Inova\u00e7\u00e3o \u2013 SEMECTI, da Estrutura Organizacional do Poder Executivo, o Sr. GABRIEL DE DEUS SANTOS MACHADO<\/a><\/li>\n\t\t<li class=\"wsp-post\"><a href=\"https:\/\/saobernardo.ma.gov.br\/transparencia\/portarias\/portaria-no-739-2021-resolve-nomear-no-cargo-em-comissao-de-chefe-do-departamento-de-protocolo-dai-da-secretaria-municipal-de-educacao-ciencia-tecnologia-e-inovacao-semecti-da\/\">PORTARIA N\u00ba 739\/2021-RESOLVE NOMEAR, no Cargo em comiss\u00e3o de Chefe do Departamento de Protocolo \u2013 DAI, da Secretaria Municipal de Educa\u00e7\u00e3o, Ci\u00eancia, Tecnologia e Inova\u00e7\u00e3o \u2013 SEMECTI, da Estrutura Organizacional do Poder Executivo, a Sra. PATRICIA SOARES SILVA<\/a><\/li>\n\t\t<li class=\"wsp-post\"><a href=\"https:\/\/saobernardo.ma.gov.br\/transparencia\/portarias\/portaria-no-04-2021-gab-semecti-dispoe-sobre-medidas-temporarias-de-prevencao-ao-contagio-pelo-coronavirus-covid-19-na-secretaria-municipal-de-educacao-ciencias-tecnologia-e-inovacao\/\">PORTARIA N\u00ba 04\/2021 &#8211; GAB\/SEMECTI &#8211; Disp\u00f5e sobre medidas tempor\u00e1rias de preven\u00e7\u00e3o ao cont\u00e1gio pelo Coronav\u00edrus (COVID-19) na Secretaria Municipal de Educa\u00e7\u00e3o, Ci\u00eancias, Tecnologia e Inova\u00e7\u00e3o \u2013 SEMECTI e d\u00e1 outras provid\u00eancias.<\/a><\/li>\n\t\t<li class=\"wsp-post\"><a href=\"https:\/\/saobernardo.ma.gov.br\/transparencia\/portarias\/portaria-no-738-2021-resolve-exonerar-a-pedido-do-cargo-efetivo-de-vigia-vinculado-a-secretaria-municipal-de-educacao-ciencia-e-tecnologia-semect-na-estrutura-organizacional-do-poder-executivo-o\/\">PORTARIA N\u00ba 738\/2021-RESOLVE EXONERAR, a pedido do Cargo efetivo de VIGIA, vinculado \u00e0 Secretaria Municipal de Educa\u00e7\u00e3o, Ci\u00eancia e Tecnologia &#8211; SEMECT na Estrutura Organizacional do Poder Executivo, o Sr. PEDRO ERVIN BATISTA COSTA E SILVA<\/a><\/li>\n\t\t<li class=\"wsp-post\"><a href=\"https:\/\/saobernardo.ma.gov.br\/transparencia\/portarias\/portaria-no-737-2021-resolve-exonerar-a-pedido-do-cargo-efetivo-de-professor-de-lingua-portuguesa-vinculado-a-secretaria-municipal-de-educacao-ciencia-e-tecnologia-semect-na-estrutura-organizacio\/\">PORTARIA N\u00ba 737\/2021-RESOLVE EXONERAR, a pedido do Cargo efetivo de PROFESSOR DE L\u00cdNGUA PORTUGUESA, vinculado \u00e0 Secretaria Municipal de Educa\u00e7\u00e3o, Ci\u00eancia e Tecnologia &#8211; SEMECT na Estrutura Organizacional do Poder Executivo, o Sr. S\u00c9RGIO DE SOUSA RIBEIRO<\/a><\/li>\n\t\t<li class=\"wsp-post\"><a href=\"https:\/\/saobernardo.ma.gov.br\/transparencia\/portarias\/portaria-no-736-2021-resolve-exonerar-a-pedido-do-cargo-efetivo-de-professor-de-educacao-fisica-vinculado-a-secretaria-municipal-de-educacao-ciencia-e-tecnologia-semect-na-estrutura-organizacion\/\">PORTARIA N\u00ba 736\/2021- RESOLVE EXONERAR, a pedido do Cargo efetivo de PROFESSOR DE EDUCA\u00c7\u00c3O F\u00cdSICA, vinculado \u00e0 Secretaria Municipal de Educa\u00e7\u00e3o, Ci\u00eancia e Tecnologia &#8211; SEMECT na Estrutura Organizacional do Poder Executivo, o Sr. FRANCISCO DANIEL SOUSA CARVALHO<\/a><\/li>\n\t\t<li class=\"wsp-post\"><a href=\"https:\/\/saobernardo.ma.gov.br\/transparencia\/portarias\/portaria-no-735-2021-resolve-nomear-para-o-cargo-em-comissao-de-assessora-tecnica-administrativa-da-secretaria-municipal-de-educacao-ciencia-e-tecnologia-semect-na-estrutura-organizacional-do-pode\/\">PORTARIA N\u00ba 735\/2021-RESOLVE NOMEAR, para o Cargo em Comiss\u00e3o de ASSESSORA T\u00c9CNICA ADMINISTRATIVA da Secretaria Municipal de Educa\u00e7\u00e3o, Ci\u00eancia e Tecnologia &#8211; SEMECT na Estrutura Organizacional do Poder Executivo, a Sra. DINAMARA AMADOR SOUSA REGO<\/a><\/li>\n\t\t<li class=\"wsp-post\"><a href=\"https:\/\/saobernardo.ma.gov.br\/transparencia\/portarias\/portaria-no-734-2021-resolve-nomear-para-o-cargo-em-comissao-de-chefe-de-gabinete-da-secretaria-municipal-de-educacao-ciencia-e-tecnologia-semect-na-estrutura-organizacional-do-poder-executivo-a\/\">PORTARIA N\u00ba 734\/2021-RESOLVE NOMEAR, para o Cargo em Comiss\u00e3o de CHEFE DE GABINETE da Secretaria Municipal de Educa\u00e7\u00e3o, Ci\u00eancia e Tecnologia &#8211; SEMECT na Estrutura Organizacional do Poder Executivo, a Sra. ELONEIDA MARIA VIEIRA DE CARVALHO SPINDOLA<\/a><\/li>\n\t\t<li class=\"wsp-post\"><a href=\"https:\/\/saobernardo.ma.gov.br\/transparencia\/portarias\/portaria-no-733-2021-resolve-nomear-para-o-cargo-em-comissao-de-superintendente-geral-de-ensino-da-secretaria-municipal-de-educacao-ciencia-e-tecnologia-semect-na-estrutura-organizacional-do-pod\/\">PORTARIA N\u00ba 733\/2021- RESOLVE NOMEAR, para o Cargo em Comiss\u00e3o de SUPERINTENDENTE GERAL DE ENSINO, da Secretaria Municipal de Educa\u00e7\u00e3o, Ci\u00eancia e Tecnologia &#8211; SEMECT na Estrutura Organizacional do Poder Executivo, o Sr. CLEBER DOS SANTOS VERAS<\/a><\/li>\n\t\t<li class=\"wsp-post\"><a href=\"https:\/\/saobernardo.ma.gov.br\/transparencia\/portarias\/portaria-no-732-2021-resolve-nomear-para-o-cargo-em-comissao-do-orgao-de-direcao-e-assessoramento-intermediario-dai-1-de-secretario-escolar-a-sra-maria-jose-da-conceicao-de-oliveira\/\">PORTARIA N\u00ba 732\/2021-RESOLVE NOMEAR, para o Cargo em Comiss\u00e3o do \u00d3rg\u00e3o de Dire\u00e7\u00e3o e Assessoramento Intermedi\u00e1rio \u2013 DAI -1, de SECRETARIO ESCOLAR, a Sra. MARIA JOSE DA CONCEI\u00c7\u00c3O DE OLIVEIRA<\/a><\/li>\n\t\t<li class=\"wsp-post\"><a href=\"https:\/\/saobernardo.ma.gov.br\/transparencia\/portarias\/portaria-no-731-2021-resolve-nomear-para-o-cargo-em-comissao-do-orgao-de-direcao-e-assessoramento-intermediario-dai-1-de-secretario-escolar-a-sra-marciana-lima-dos-santos\/\">PORTARIA N\u00ba 731\/2021- RESOLVE NOMEAR, para o Cargo em Comiss\u00e3o do \u00d3rg\u00e3o de Dire\u00e7\u00e3o e Assessoramento Intermedi\u00e1rio \u2013 DAI -1, de SECRETARIO ESCOLAR, a Sra. MARCIANA LIMA DOS SANTOS<\/a><\/li>\n\t\t<li class=\"wsp-post\"><a href=\"https:\/\/saobernardo.ma.gov.br\/transparencia\/portarias\/portaria-no-730-2021-resolve-nomear-para-o-cargo-em-comissao-do-orgao-de-direcao-e-assessoramento-intermediario-dai-1-de-secretario-escolar-o-sr-filemo-galvao-sousa\/\">PORTARIA N\u00ba 730\/2021-RESOLVE NOMEAR, para o Cargo em Comiss\u00e3o do \u00d3rg\u00e3o de Dire\u00e7\u00e3o e Assessoramento Intermedi\u00e1rio \u2013 DAI -1, de SECRETARIO ESCOLAR, o Sr. FILEMO GALV\u00c3O SOUSA<\/a><\/li>\n\t\t<li class=\"wsp-post\"><a href=\"https:\/\/saobernardo.ma.gov.br\/transparencia\/portarias\/portaria-no-729-2021-resolve-nomear-para-o-cargo-em-comissao-do-orgao-de-direcao-e-assessoramento-intermediario-dai-1-de-secretario-escolar-a-sra-francisca-oliveira-souza\/\">PORTARIA N\u00ba 729\/2021-RESOLVE NOMEAR, para o Cargo em Comiss\u00e3o do \u00d3rg\u00e3o de Dire\u00e7\u00e3o e Assessoramento Intermedi\u00e1rio \u2013 DAI -1, de SECRETARIO ESCOLAR, a Sra. FRANCISCA OLIVEIRA SOUZA<\/a><\/li>\n\t\t<li class=\"wsp-post\"><a href=\"https:\/\/saobernardo.ma.gov.br\/transparencia\/portarias\/portaria-no-728-2021-resolve-nomear-para-o-cargo-em-comissao-do-orgao-de-direcao-e-assessoramento-intermediario-dai-1-de-secretario-escolar-a-sra-inacia-rosangela-pereira-da-silva\/\">PORTARIA N\u00ba 728\/2021-RESOLVE NOMEAR, para o Cargo em Comiss\u00e3o do \u00d3rg\u00e3o de Dire\u00e7\u00e3o e Assessoramento Intermedi\u00e1rio \u2013 DAI -1, de SECRETARIO ESCOLAR, a Sra. IN\u00c1CIA ROSANGELA PEREIRA DA SILVA<\/a><\/li>\n\t\t<li class=\"wsp-post\"><a href=\"https:\/\/saobernardo.ma.gov.br\/transparencia\/portarias\/portaria-no-727-2021-resolve-nomear-para-o-cargo-em-comissao-do-orgao-de-direcao-e-assessoramento-intermediario-dai-1-de-secretario-escolar-a-sra-leidiele-oliveira-machado\/\">PORTARIA N\u00ba 727\/2021-RESOLVE NOMEAR, para o Cargo em Comiss\u00e3o do \u00d3rg\u00e3o de Dire\u00e7\u00e3o e Assessoramento Intermedi\u00e1rio \u2013 DAI -1, de SECRETARIO ESCOLAR, a Sra. LEIDIELE OLIVEIRA MACHADO<\/a><\/li>\n\t\t<li class=\"wsp-post\"><a href=\"https:\/\/saobernardo.ma.gov.br\/transparencia\/portarias\/portaria-no-726-2021-resolve-nomear-para-o-cargo-em-comissao-do-orgao-de-direcao-e-assessoramento-intermediario-dai-1-de-secretario-escolar-o-sr-jardel-rodrigues-silva\/\">PORTARIA N\u00ba 726\/2021-RESOLVE NOMEAR, para o Cargo em Comiss\u00e3o do \u00d3rg\u00e3o de Dire\u00e7\u00e3o e Assessoramento Intermedi\u00e1rio \u2013 DAI -1, de SECRETARIO ESCOLAR, o Sr. JARDEL RODRIGUES SILVA<\/a><\/li>\n\t\t<li class=\"wsp-post\"><a href=\"https:\/\/saobernardo.ma.gov.br\/transparencia\/portarias\/portaria-no-725-2021-resolve-nomear-para-o-cargo-em-comissao-do-orgao-de-direcao-e-assessoramento-intermediario-dai-1-de-secretario-escolar-o-sr-luis-fernando-cardoso-coelho\/\">PORTARIA N\u00ba 725\/2021-RESOLVE NOMEAR, para o Cargo em Comiss\u00e3o do \u00d3rg\u00e3o de Dire\u00e7\u00e3o e Assessoramento Intermedi\u00e1rio \u2013 DAI -1, de SECRETARIO ESCOLAR, o Sr. LUIS FERNANDO CARDOSO COELHO<\/a><\/li>\n\t\t<li class=\"wsp-post\"><a href=\"https:\/\/saobernardo.ma.gov.br\/transparencia\/portarias\/portaria-no-724-2021-resolve-nomear-para-o-cargo-em-comissao-do-orgao-de-direcao-e-assessoramento-intermediario-dai-1-de-secretario-escolar-a-sra-maria-da-conceicao-silva\/\">PORTARIA N\u00ba 724\/2021-RESOLVE NOMEAR, para o Cargo em Comiss\u00e3o do \u00d3rg\u00e3o de Dire\u00e7\u00e3o e Assessoramento Intermedi\u00e1rio \u2013 DAI -1, de SECRETARIO ESCOLAR, a Sra. MARIA DA CONCEI\u00c7\u00c3O SILVA<\/a><\/li>\n\t\t<li class=\"wsp-post\"><a href=\"https:\/\/saobernardo.ma.gov.br\/transparencia\/portarias\/portaria-no-723-2021-resolve-nomear-para-o-cargo-em-comissao-do-orgao-de-direcao-e-assessoramento-intermediario-dai-1-de-secretario-escolar-a-sra-arisvanda-costa-sousa\/\">PORTARIA N\u00ba 723\/2021-RESOLVE NOMEAR, para o Cargo em Comiss\u00e3o do \u00d3rg\u00e3o de Dire\u00e7\u00e3o e Assessoramento Intermedi\u00e1rio \u2013 DAI -1, de SECRETARIO ESCOLAR, a Sra. ARISVANDA COSTA SOUSA<\/a><\/li>\n\t\t<li class=\"wsp-post\"><a href=\"https:\/\/saobernardo.ma.gov.br\/transparencia\/portarias\/portaria-no-722-2021-resolve-nomear-para-o-cargo-em-comissao-do-orgao-de-direcao-e-assessoramento-intermediario-dai-1-de-secretario-escolar-a-sra-nilza-maria-lira-silva\/\">PORTARIA N\u00ba 722\/2021- RESOLVE NOMEAR, para o Cargo em Comiss\u00e3o do \u00d3rg\u00e3o de Dire\u00e7\u00e3o e Assessoramento Intermedi\u00e1rio \u2013 DAI -1, de SECRETARIO ESCOLAR, a Sra. NILZA MARIA LIRA SILVA<\/a><\/li>\n\t\t<li class=\"wsp-post\"><a href=\"https:\/\/saobernardo.ma.gov.br\/transparencia\/portarias\/portaria-no-721-2021-resolve-nomear-para-o-cargo-em-comissao-do-orgao-de-direcao-e-assessoramento-intermediario-dai-1-de-secretario-escolar-a-sra-francisca-maria-gomes-de-queiroz\/\">PORTARIA N\u00ba 721\/2021- RESOLVE NOMEAR, para o Cargo em Comiss\u00e3o do \u00d3rg\u00e3o de Dire\u00e7\u00e3o e Assessoramento Intermedi\u00e1rio \u2013 DAI -1, de SECRETARIO ESCOLAR, a Sra. FRANCISCA MARIA GOMES DE QUEIROZ<\/a><\/li>\n\t\t<li class=\"wsp-post\"><a href=\"https:\/\/saobernardo.ma.gov.br\/transparencia\/portarias\/portaria-no-720-2021-resolve-nomear-para-o-cargo-em-comissao-do-orgao-de-direcao-e-assessoramento-intermediario-dai-1-de-secretario-escolar-a-sra-maria-da-conceicao-rodrigues-da-costa\/\">PORTARIA N\u00ba 720\/2021-RESOLVE NOMEAR, para o Cargo em Comiss\u00e3o do \u00d3rg\u00e3o de Dire\u00e7\u00e3o e Assessoramento Intermedi\u00e1rio \u2013 DAI -1, de SECRETARIO ESCOLAR, a Sra. MARIA DA CONCEI\u00c7\u00c3O RODRIGUES DA COSTA<\/a><\/li>\n\t\t<li class=\"wsp-post\"><a href=\"https:\/\/saobernardo.ma.gov.br\/transparencia\/portarias\/portaria-no-719-2021-resolve-nomear-para-o-cargo-em-comissao-do-orgao-de-direcao-e-assessoramento-intermediario-dai-1-de-secretario-escolar-a-sra-cassiane-kelle-de-oliveira\/\">PORTARIA N\u00ba 719\/2021-RESOLVE NOMEAR, para o Cargo em Comiss\u00e3o do \u00d3rg\u00e3o de Dire\u00e7\u00e3o e Assessoramento Intermedi\u00e1rio \u2013 DAI -1, de SECRETARIO ESCOLAR, a Sra. CASSIANE KELLE DE OLIVEIRA<\/a><\/li>\n\t\t<li class=\"wsp-post\"><a href=\"https:\/\/saobernardo.ma.gov.br\/transparencia\/portarias\/portaria-no-718-2021-resolve-nomear-para-o-cargo-em-comissao-do-orgao-de-direcao-e-assessoramento-intermediario-dai-1-de-secretario-escolar-a-sra-joseana-marques-da-silva-santos\/\">PORTARIA N\u00ba 718\/2021-RESOLVE NOMEAR, para o Cargo em Comiss\u00e3o do \u00d3rg\u00e3o de Dire\u00e7\u00e3o e Assessoramento Intermedi\u00e1rio \u2013 DAI -1, de SECRETARIO ESCOLAR, a Sra. JOSEANA MARQUES DA SILVA SANTOS<\/a><\/li>\n\t\t<li class=\"wsp-post\"><a href=\"https:\/\/saobernardo.ma.gov.br\/transparencia\/portarias\/portaria-no-717-2021\/\">PORTARIA N\u00ba 717\/2021-RESOLVE NOMEAR, para o Cargo em Comiss\u00e3o do \u00d3rg\u00e3o de Dire\u00e7\u00e3o e Assessoramento Intermedi\u00e1rio \u2013 DAI -1, de SECRETARIO ESCOLAR, a Sra. TEREZINHA DE JESUS FERREIRA MATOS<\/a><\/li>\n\t\t<li class=\"wsp-post\"><a href=\"https:\/\/saobernardo.ma.gov.br\/transparencia\/portarias\/portaria-no-716-2021-resolve-nomear-para-o-cargo-em-comissao-do-orgao-de-direcao-e-assessoramento-intermediario-dai-1-de-secretario-escolar-a-sra-aurinete-pereira-dos-santos\/\">PORTARIA N\u00ba 716\/2021-RESOLVE NOMEAR, para o Cargo em Comiss\u00e3o do \u00d3rg\u00e3o de Dire\u00e7\u00e3o e Assessoramento Intermedi\u00e1rio \u2013 DAI -1, de SECRETARIO ESCOLAR, a Sra. AURINETE PEREIRA DOS SANTOS<\/a><\/li>\n\t\t<li class=\"wsp-post\"><a href=\"https:\/\/saobernardo.ma.gov.br\/transparencia\/portarias\/portaria-no-715-2021-resolve-nomear-para-o-cargo-em-comissao-do-orgao-de-direcao-e-assessoramento-intermediario-dai-1-de-secretario-escolar-o-sr-samuel-sousa\/\">PORTARIA N\u00ba 715\/2021-RESOLVE NOMEAR, para o Cargo em Comiss\u00e3o do \u00d3rg\u00e3o de Dire\u00e7\u00e3o e Assessoramento Intermedi\u00e1rio \u2013 DAI -1, de SECRETARIO ESCOLAR, o Sr. SAMUEL SOUSA<\/a><\/li>\n\t\t<li class=\"wsp-post\"><a href=\"https:\/\/saobernardo.ma.gov.br\/transparencia\/portarias\/portaria-no-714-2021-resolve-nomear-para-o-cargo-em-comissao-do-orgao-de-direcao-e-assessoramento-intermediario-dai-1-de-secretario-escolar-a-sra-janaina-miranda-sousa\/\">PORTARIA N\u00ba 714\/2021-RESOLVE NOMEAR, para o Cargo em Comiss\u00e3o do \u00d3rg\u00e3o de Dire\u00e7\u00e3o e Assessoramento Intermedi\u00e1rio \u2013 DAI -1, de SECRETARIO ESCOLAR, a Sra. JANAINA MIRANDA SOUSA<\/a><\/li>\n\t\t<li class=\"wsp-post\"><a href=\"https:\/\/saobernardo.ma.gov.br\/transparencia\/portarias\/portaria-no-713-2021-resolve-nomear-para-o-cargo-em-comissao-do-orgao-de-direcao-e-assessoramento-intermediario-dai-1-de-secretario-escolar-a-sra-francisca-das-chagas-farias-silva\/\">PORTARIA N\u00ba 713\/2021-RESOLVE NOMEAR, para o Cargo em Comiss\u00e3o do \u00d3rg\u00e3o de Dire\u00e7\u00e3o e Assessoramento Intermedi\u00e1rio \u2013 DAI -1, de SECRETARIO ESCOLAR, a Sra. FRANCISCA DAS CHAGAS FARIAS SILVA<\/a><\/li>\n\t\t<li class=\"wsp-post\"><a href=\"https:\/\/saobernardo.ma.gov.br\/transparencia\/portarias\/portaria-no-712-2021-resolve-nomear-para-o-cargo-em-comissao-do-orgao-de-direcao-e-assessoramento-intermediario-dai-1-de-secretario-escolar-a-sra-marcelina-costa-couto\/\">PORTARIA N\u00ba 712\/2021-RESOLVE NOMEAR, para o Cargo em Comiss\u00e3o do \u00d3rg\u00e3o de Dire\u00e7\u00e3o e Assessoramento Intermedi\u00e1rio \u2013 DAI -1, de SECRETARIO ESCOLAR, a Sra. MARCELINA COSTA COUTO<\/a><\/li>\n\t\t<li class=\"wsp-post\"><a href=\"https:\/\/saobernardo.ma.gov.br\/transparencia\/portarias\/portaria-no-711-2021-resolve-nomear-para-o-cargo-em-comissao-do-orgao-de-direcao-e-assessoramento-intermediario-dai-1-de-secretario-escolar-a-sra-anna-karine-nascimento-de-sousa\/\">PORTARIA N\u00ba 711\/2021- RESOLVE NOMEAR, para o Cargo em Comiss\u00e3o do \u00d3rg\u00e3o de Dire\u00e7\u00e3o e Assessoramento Intermedi\u00e1rio \u2013 DAI -1, de SECRETARIO ESCOLAR, a Sra. ANNA KARINE NASCIMENTO DE SOUSA<\/a><\/li>\n\t\t<li class=\"wsp-post\"><a href=\"https:\/\/saobernardo.ma.gov.br\/transparencia\/portarias\/portaria-no-710-2021-resolve-nomear-para-o-cargo-em-comissao-do-orgao-de-direcao-e-assessoramento-intermediario-dai-1-de-secretario-escolar-a-sra-maria-betania-teixeira-barros-costa\/\">PORTARIA N\u00ba 710\/2021-RESOLVE NOMEAR, para o Cargo em Comiss\u00e3o do \u00d3rg\u00e3o de Dire\u00e7\u00e3o e Assessoramento Intermedi\u00e1rio \u2013 DAI -1, de SECRETARIO ESCOLAR, a Sra. MARIA BETANIA TEIXEIRA BARROS COSTA<\/a><\/li>\n\t\t<li class=\"wsp-post\"><a href=\"https:\/\/saobernardo.ma.gov.br\/transparencia\/portarias\/portaria-no-709-2021-resolve-nomear-para-o-cargo-em-comissao-de-secretaria-municipal-de-educacao-ciencia-e-tecnologia-semect-na-estrutura-organizacional-do-poder-executivo-a-sra-leila-r\/\">PORTARIA N\u00ba 709\/2021-RESOLVE NOMEAR, para o Cargo em Comiss\u00e3o de SECRET\u00c1RIA MUNICIPAL DE EDUCA\u00c7\u00c3O, CI\u00caNCIA E TECNOLOGIA \u2013 SEMECT, na Estrutura Organizacional do Poder Executivo, a Sra. LEILA RAQUEL COSTA CARVALHO<\/a><\/li>\n\t\t<li class=\"wsp-post\"><a href=\"https:\/\/saobernardo.ma.gov.br\/transparencia\/portarias\/portaria-no-708-2021-resolve-nomear-para-o-cargo-em-comissao-do-orgao-de-direcao-e-assessoramento-intermediario-dai-1-de-secretario-escolar-a-sra-claudilene-messias-de-sousa-cruz\/\">PORTARIA N\u00ba 708\/2021-RESOLVE NOMEAR, para o Cargo em Comiss\u00e3o do \u00d3rg\u00e3o de Dire\u00e7\u00e3o e Assessoramento Intermedi\u00e1rio \u2013 DAI -1, de SECRETARIO ESCOLAR, a Sra. CLAUDILENE MESSIAS DE SOUSA CRUZ<\/a><\/li>\n\t\t<li class=\"wsp-post\"><a href=\"https:\/\/saobernardo.ma.gov.br\/transparencia\/portarias\/portaria-no-707-2021-resolve-nomear-para-o-cargo-em-comissao-do-orgao-de-direcao-e-assessoramento-intermediario-dai-1-de-secretario-escolar-a-sra-dhebora-de-araujo-costa-rodrigues\/\">PORTARIA N\u00ba 707\/2021-RESOLVE NOMEAR, para o Cargo em Comiss\u00e3o do \u00d3rg\u00e3o de Dire\u00e7\u00e3o e Assessoramento Intermedi\u00e1rio \u2013 DAI -1, de SECRETARIO ESCOLAR, a Sra. DHEBORA DE ARAUJO COSTA RODRIGUES<\/a><\/li>\n\t\t<li class=\"wsp-post\"><a href=\"https:\/\/saobernardo.ma.gov.br\/transparencia\/portarias\/portaria-no-706-2021-resolve-nomear-para-o-cargo-em-comissao-do-orgao-de-direcao-e-assessoramento-intermediario-dai-1-de-secretario-escolar-a-sra-luciana-oliveira-carvalho\/\">PORTARIA N\u00ba 706\/2021-RESOLVE NOMEAR, para o Cargo em Comiss\u00e3o do \u00d3rg\u00e3o de Dire\u00e7\u00e3o e Assessoramento Intermedi\u00e1rio \u2013 DAI -1, de SECRETARIO ESCOLAR, a Sra. LUCIANA OLIVEIRA CARVALHO<\/a><\/li>\n\t\t<li class=\"wsp-post\"><a href=\"https:\/\/saobernardo.ma.gov.br\/transparencia\/portarias\/portaria-no-705-2021-resolve-nomear-para-o-cargo-em-comissao-do-orgao-de-direcao-e-assessoramento-intermediario-dai-1-de-secretario-escolar-a-sra-aline-de-sousa-ferreira\/\">PORTARIA N\u00ba 705\/2021-RESOLVE NOMEAR, para o Cargo em Comiss\u00e3o do \u00d3rg\u00e3o de Dire\u00e7\u00e3o e Assessoramento Intermedi\u00e1rio \u2013 DAI -1, de SECRETARIO ESCOLAR, a Sra. ALINE DE SOUSA FERREIRA<\/a><\/li>\n\t\t<li class=\"wsp-post\"><a href=\"https:\/\/saobernardo.ma.gov.br\/transparencia\/portarias\/portaria-no-704-2021-resolve-nomear-para-o-cargo-em-comissao-do-orgao-de-direcao-e-assessoramento-intermediario-dai-1-de-secretario-escolar-a-sra-ingrid-lima-da-silva\/\">PORTARIA N\u00ba 704\/2021-RESOLVE NOMEAR, para o Cargo em Comiss\u00e3o do \u00d3rg\u00e3o de Dire\u00e7\u00e3o e Assessoramento Intermedi\u00e1rio \u2013 DAI -1, de SECRETARIO ESCOLAR, a Sra. INGRID LIMA DA SILVA<\/a><\/li>\n\t\t<li class=\"wsp-post\"><a href=\"https:\/\/saobernardo.ma.gov.br\/transparencia\/portarias\/portaria-no-703-2021-resolve-nomear-para-o-cargo-em-comissao-do-orgao-de-direcao-e-assessoramento-intermediario-dai-1-de-secretario-escolar-a-sra-jessyca-carvalho-nascimento\/\">PORTARIA N\u00ba 703\/2021-RESOLVE NOMEAR, para o Cargo em Comiss\u00e3o do \u00d3rg\u00e3o de Dire\u00e7\u00e3o e Assessoramento Intermedi\u00e1rio \u2013 DAI -1, de SECRETARIO ESCOLAR, a Sra. JESSYCA CARVALHO NASCIMENTO<\/a><\/li>\n\t\t<li class=\"wsp-post\"><a href=\"https:\/\/saobernardo.ma.gov.br\/transparencia\/portarias\/portaria-no-702-2021-resolve-nomear-para-o-cargo-em-comissao-do-orgao-de-direcao-e-assessoramento-intermediario-dai-1-de-secretario-escolar-a-sra-vitoria-cristina-viana-araujo\/\">PORTARIA N\u00ba 702\/2021-RESOLVE NOMEAR, para o Cargo em Comiss\u00e3o do \u00d3rg\u00e3o de Dire\u00e7\u00e3o e Assessoramento Intermedi\u00e1rio \u2013 DAI -1, de SECRETARIO ESCOLAR, a Sra. VITORIA CRISTINA VIANA ARAUJO<\/a><\/li>\n\t\t<li class=\"wsp-post\"><a href=\"https:\/\/saobernardo.ma.gov.br\/transparencia\/portarias\/portaria-no-701-2021-resolve-nomear-para-o-cargo-em-comissao-do-orgao-de-direcao-e-assessoramento-intermediario-dai-1-de-secretario-escolar-a-sra-fabiana-monteiro-viana\/\">PORTARIA N\u00ba 701\/2021-RESOLVE NOMEAR, para o Cargo em Comiss\u00e3o do \u00d3rg\u00e3o de Dire\u00e7\u00e3o e Assessoramento Intermedi\u00e1rio \u2013 DAI -1, de SECRETARIO ESCOLAR, a Sra. FABIANA MONTEIRO VIANA<\/a><\/li>\n\t\t<li class=\"wsp-post\"><a href=\"https:\/\/saobernardo.ma.gov.br\/transparencia\/portarias\/portaria-no-700-2021-resolve-nomear-para-o-cargo-em-comissao-do-orgao-de-direcao-e-assessoramento-intermediario-dai-1-de-secretario-escolar-a-sra-nayranny-garcia-costa-neto\/\">PORTARIA N\u00ba 700\/2021-RESOLVE NOMEAR, para o Cargo em Comiss\u00e3o do \u00d3rg\u00e3o de Dire\u00e7\u00e3o e Assessoramento Intermedi\u00e1rio \u2013 DAI -1, de SECRETARIO ESCOLAR, a Sra. NAYRANNY GARCIA COSTA NETO<\/a><\/li>\n\t\t<li class=\"wsp-post\"><a href=\"https:\/\/saobernardo.ma.gov.br\/transparencia\/portarias\/portaria-no-699-2021-resolve-nomear-para-o-cargo-em-comissao-do-orgao-de-direcao-e-assessoramento-intermediario-dai-1-de-secretario-escolar-a-sra-patricia-da-silva-oliveira\/\">PORTARIA N\u00ba 699\/2021-RESOLVE NOMEAR, para o Cargo em Comiss\u00e3o do \u00d3rg\u00e3o de Dire\u00e7\u00e3o e Assessoramento Intermedi\u00e1rio \u2013 DAI -1, de SECRETARIO ESCOLAR, a Sra. PATR\u00cdCIA DA SILVA OLIVEIRA<\/a><\/li>\n\t\t<li class=\"wsp-post\"><a href=\"https:\/\/saobernardo.ma.gov.br\/transparencia\/portarias\/portaria-no-698-2021-resolve-nomear-o-sr-rafael-pinto-alencar-brasileiro-portador-da-oab-ma-no-12925-a-para-o-exercicio-do-cargo-em-comissao-de-assessor-juridico-dans-na-secretaria-muni\/\">PORTARIA N\u00ba 698\/2021-RESOLVE NOMEAR, o SR. RAFAEL PINTO ALENCAR, brasileiro, portador da OAB-MA n\u00ba 12925-A, para o exerc\u00edcio do Cargo em Comiss\u00e3o de ASSESSOR JUR\u00cdDICO \u2013 DANS na Secretaria Municipal de Educa\u00e7\u00e3o, Ci\u00eancia e Tecnologia- SEMECT, vinculada a Estrutura Organizacional do Poder Executivo.<\/a><\/li>\n\t\t<li class=\"wsp-post\"><a href=\"https:\/\/saobernardo.ma.gov.br\/transparencia\/portarias\/portaria-no-697-2021-resolve-nomear-para-o-cargo-em-comissao-do-orgao-de-direcao-e-assessoramento-intermediario-dai-1-de-secretario-escolar-a-sra-geiza-machado-carvalho\/\">PORTARIA N\u00ba 697\/2021-RESOLVE NOMEAR, para o Cargo em Comiss\u00e3o do \u00d3rg\u00e3o de Dire\u00e7\u00e3o e Assessoramento Intermedi\u00e1rio \u2013 DAI -1, de SECRETARIO ESCOLAR, a Sra. GEIZA MACHADO CARVALHO<\/a><\/li>\n\t\t<li class=\"wsp-post\"><a href=\"https:\/\/saobernardo.ma.gov.br\/transparencia\/portarias\/portaria-no-696-2021-resolve-nomear-para-o-cargo-em-comissao-do-orgao-de-direcao-e-assessoramento-intermediario-dai-1-de-secretario-escolar-a-sra-leudiane-araujo-sousa\/\">PORTARIA N\u00ba 696\/2021-RESOLVE NOMEAR, para o Cargo em Comiss\u00e3o do \u00d3rg\u00e3o de Dire\u00e7\u00e3o e Assessoramento Intermedi\u00e1rio \u2013 DAI -1, de SECRETARIO ESCOLAR, a Sra. LEUDIANE ARAUJO SOUSA<\/a><\/li>\n\t\t<li class=\"wsp-post\"><a href=\"https:\/\/saobernardo.ma.gov.br\/transparencia\/portarias\/portaria-no-695-2021-resolve-nomear-para-o-cargo-em-comissao-do-orgao-de-direcao-e-assessoramento-intermediario-dai-1-de-secretario-escolar-a-sra-elenice-de-paula-gomes\/\">PORTARIA N\u00ba 695\/2021-RESOLVE NOMEAR, para o Cargo em Comiss\u00e3o do \u00d3rg\u00e3o de Dire\u00e7\u00e3o e Assessoramento Intermedi\u00e1rio \u2013 DAI -1, de SECRETARIO ESCOLAR, a Sra. ELENICE DE PAULA GOMES<\/a><\/li>\n\t\t<li class=\"wsp-post\"><a href=\"https:\/\/saobernardo.ma.gov.br\/transparencia\/portarias\/portaria-no-694-2021-resolve-nomear-para-o-cargo-em-comissao-do-orgao-de-direcao-e-assessoramento-intermediario-dai-1-de-secretario-escolar-a-sra-israela-dhulia-sousa-ciqueira\/\">PORTARIA N\u00ba 694\/2021-RESOLVE NOMEAR, para o Cargo em Comiss\u00e3o do \u00d3rg\u00e3o de Dire\u00e7\u00e3o e Assessoramento Intermedi\u00e1rio \u2013 DAI -1, de SECRETARIO ESCOLAR, a Sra. ISRAELA DHULIA SOUSA CIQUEIRA<\/a><\/li>\n\t\t<li class=\"wsp-post\"><a href=\"https:\/\/saobernardo.ma.gov.br\/transparencia\/portarias\/portaria-no-693-2021-resolve-nomear-para-o-cargo-em-comissao-do-orgao-de-direcao-e-assessoramento-intermediario-dai-1-de-secretario-escolar-a-sra-germana-pereira-de-araujo\/\">PORTARIA N\u00ba 693\/2021-RESOLVE NOMEAR, para o Cargo em Comiss\u00e3o do \u00d3rg\u00e3o de Dire\u00e7\u00e3o e Assessoramento Intermedi\u00e1rio \u2013 DAI -1, de SECRETARIO ESCOLAR, a Sra. GERMANA PEREIRA DE ARAUJO<\/a><\/li>\n\t\t<li class=\"wsp-post\"><a href=\"https:\/\/saobernardo.ma.gov.br\/transparencia\/portarias\/portaria-no-692-2021-resolve-nomear-para-o-cargo-em-comissao-do-orgao-de-direcao-e-assessoramento-intermediario-dai-1-de-secretario-escolar-o-sr-alexsander-lawosyer-araujo-cardozo\/\">PORTARIA N\u00ba 692\/2021-RESOLVE NOMEAR, para o Cargo em Comiss\u00e3o do \u00d3rg\u00e3o de Dire\u00e7\u00e3o e Assessoramento Intermedi\u00e1rio \u2013 DAI -1, de SECRETARIO ESCOLAR, o Sr. ALEXSANDER LAWOSYER ARAUJO CARDOZO<\/a><\/li>\n\t\t<li class=\"wsp-post\"><a href=\"https:\/\/saobernardo.ma.gov.br\/transparencia\/portarias\/portaria-no-691-2021-resolve-nomear-para-o-cargo-em-comissao-do-orgao-de-direcao-e-assessoramento-intermediario-dai-1-de-secretario-escolar-a-sra-jehffeny-laudo-mascarenhas\/\">PORTARIA N\u00ba 691\/2021-RESOLVE NOMEAR, para o Cargo em Comiss\u00e3o do \u00d3rg\u00e3o de Dire\u00e7\u00e3o e Assessoramento Intermedi\u00e1rio \u2013 DAI -1, de SECRETARIO ESCOLAR, a Sra. JEHFFENY LAUDO MASCARENHAS<\/a><\/li>\n\t\t<li class=\"wsp-post\"><a href=\"https:\/\/saobernardo.ma.gov.br\/transparencia\/portarias\/portaria-no-690-2021-resolve-nomear-para-o-cargo-em-comissao-do-orgao-de-direcao-e-assessoramento-das-de-coordenador-pedagogico-a-sra-lina-rosa-carvalho-da-silva\/\">PORTARIA N\u00ba 690\/2021-RESOLVE NOMEAR, para o Cargo em Comiss\u00e3o do \u00d3rg\u00e3o de Dire\u00e7\u00e3o e Assessoramento\u2013DAS, de COORDENADOR PEDAGOGICO, a Sra. LINA ROSA CARVALHO DA SILVA<\/a><\/li>\n\t\t<li class=\"wsp-post\"><a href=\"https:\/\/saobernardo.ma.gov.br\/transparencia\/portarias\/portaria-no-689-2021-resolve-nomear-para-o-cargo-em-comissao-do-orgao-de-direcao-e-assessoramento-das-de-coordenador-pedagogico-o-sr-claudiomar-almeida-souza\/\">PORTARIA N\u00ba 689\/2021-RESOLVE NOMEAR, para o Cargo em Comiss\u00e3o do \u00d3rg\u00e3o de Dire\u00e7\u00e3o e Assessoramento\u2013 DAS, de COORDENADOR PEDAGOGICO, o Sr. CLAUDIOMAR ALMEIDA SOUZA<\/a><\/li>\n\t\t<li class=\"wsp-post\"><a href=\"https:\/\/saobernardo.ma.gov.br\/transparencia\/portarias\/portaria-no-688-2021-resolve-nomear-para-o-cargo-em-comissao-do-orgao-de-direcao-e-assessoramento-das-de-coordenador-pedagogico-a-sra-daniela-gomes\/\">PORTARIA N\u00ba 688\/2021-RESOLVE NOMEAR, para o Cargo em Comiss\u00e3o do \u00d3rg\u00e3o de Dire\u00e7\u00e3o e Assessoramento \u2013 DAS, de COORDENADOR PEDAGOGICO, a Sra. DANIELA GOMES<\/a><\/li>\n\t\t<li class=\"wsp-post\"><a href=\"https:\/\/saobernardo.ma.gov.br\/transparencia\/portarias\/portaria-no-687-2021-resolve-nomear-para-o-cargo-em-comissao-do-orgao-de-direcao-e-assessoramento-das-de-coordenador-pedagogico-a-sra-tomazia-cardoso-santos\/\">PORTARIA N\u00ba 687\/2021-RESOLVE NOMEAR, para o Cargo em Comiss\u00e3o do \u00d3rg\u00e3o de Dire\u00e7\u00e3o e Assessoramento \u2013 DAS, de COORDENADOR PEDAGOGICO, a Sra. TOMAZIA CARDOSO SANTOS<\/a><\/li>\n\t\t<li class=\"wsp-post\"><a href=\"https:\/\/saobernardo.ma.gov.br\/transparencia\/portarias\/portaria-no-686-2021-resolve-nomear-para-o-cargo-em-comissao-do-orgao-de-direcao-e-assessoramento-das-de-coordenador-pedagogico-a-sra-regilda-aprigio-paz\/\">PORTARIA N\u00ba 686\/2021-RESOLVE NOMEAR, para o Cargo em Comiss\u00e3o do \u00d3rg\u00e3o de Dire\u00e7\u00e3o e Assessoramento\u2013DAS, de COORDENADOR PEDAGOGICO, a Sra. REGILDA APRIGIO PAZ<\/a><\/li>\n\t\t<li class=\"wsp-post\"><a href=\"https:\/\/saobernardo.ma.gov.br\/transparencia\/portarias\/portaria-no-685-2021-resolve-nomear-para-o-cargo-em-comissao-do-orgao-de-direcao-e-assessoramento-das-de-coordenador-pedagogico-o-sr-alan-costa-pereira\/\">PORTARIA N\u00ba 685\/2021-RESOLVE NOMEAR, para o Cargo em Comiss\u00e3o do \u00d3rg\u00e3o de Dire\u00e7\u00e3o e Assessoramento\u2013 DAS, de COORDENADOR PEDAGOGICO, o Sr. ALAN COSTA PEREIRA<\/a><\/li>\n\t\t<li class=\"wsp-post\"><a href=\"https:\/\/saobernardo.ma.gov.br\/transparencia\/portarias\/portaria-684-2021-resolve-nomear-para-o-cargo-em-comissao-do-orgao-de-direcao-e-assessoramento-das-de-coordenador-pedagogico-o-sr-charles-costa-silva\/\">PORTARIA 684\/2021-RESOLVE NOMEAR, para o Cargo em Comiss\u00e3o do \u00d3rg\u00e3o de Dire\u00e7\u00e3o e Assessoramento\u2013 DAS, de COORDENADOR PEDAGOGICO, o Sr. CHARLES COSTA SILVA<\/a><\/li>\n\t\t<li class=\"wsp-post\"><a href=\"https:\/\/saobernardo.ma.gov.br\/transparencia\/portarias\/portaria-no-683-2021-resolve-nomear-para-o-cargo-em-comissao-do-orgao-de-direcao-e-assessoramento-das-de-coordenador-pedagogico-a-sra-maria-jose-sousa-silva\/\">PORTARIA N\u00ba 683\/2021-RESOLVE NOMEAR, para o Cargo em Comiss\u00e3o do \u00d3rg\u00e3o de Dire\u00e7\u00e3o e Assessoramento \u2013 DAS, de COORDENADOR PEDAGOGICO, a Sra. MARIA JOSE SOUSA SILVA<\/a><\/li>\n\t\t<li class=\"wsp-post\"><a href=\"https:\/\/saobernardo.ma.gov.br\/transparencia\/portarias\/portaria-no-682-2021-resolve-nomear-para-o-cargo-em-comissao-do-orgao-de-direcao-e-assessoramento-das-de-coordenador-pedagogico-a-sra-aline-silva-albuquerque\/\">PORTARIA N\u00ba 682\/2021- RESOLVE NOMEAR, para o Cargo em Comiss\u00e3o do \u00d3rg\u00e3o de Dire\u00e7\u00e3o e Assessoramento \u2013 DAS, de COORDENADOR PEDAGOGICO, a Sra. ALINE SILVA ALBUQUERQUE<\/a><\/li>\n\t\t<li class=\"wsp-post\"><a href=\"https:\/\/saobernardo.ma.gov.br\/transparencia\/portarias\/portaria-no-681-2021-resolve-nomear-para-o-cargo-em-comissao-do-orgao-de-direcao-e-assessoramento-das-de-coordenador-pedagogica-a-sra-maria-denise-couto-silva\/\">PORTARIA N\u00ba 681\/2021-RESOLVE NOMEAR, para o Cargo em Comiss\u00e3o do \u00d3rg\u00e3o de Dire\u00e7\u00e3o e Assessoramento\u2013 DAS, de COORDENADOR Pedag\u00f3gica, a Sra. MARIA DENISE COUTO SILVA<\/a><\/li>\n\t\t<li class=\"wsp-post\"><a href=\"https:\/\/saobernardo.ma.gov.br\/transparencia\/portarias\/portaria-no-680-2021-resolve-nomear-para-o-cargo-em-comissao-do-orgao-de-direcao-e-assessoramento-das-de-coordenador-pedagogico-a-sra-maria-deuzane-da-silva-santos\/\">PORTARIA N\u00ba 680\/2021-RESOLVE NOMEAR, para o Cargo em Comiss\u00e3o do \u00d3rg\u00e3o de Dire\u00e7\u00e3o e Assessoramento \u2013 DAS, de COORDENADOR PEDAGOGICO, a Sra. MARIA DEUZANE DA SILVA SANTOS<\/a><\/li>\n\t\t<li class=\"wsp-post\"><a href=\"https:\/\/saobernardo.ma.gov.br\/transparencia\/portarias\/portaria-no-679-2021-resolve-nomear-para-o-cargo-em-comissao-do-orgao-de-direcao-e-assessoramento-das-de-coordenador-pedagogico-a-sra-flavia-pereira-cardozo\/\">PORTARIA N\u00ba 679\/2021-RESOLVE NOMEAR, para o Cargo em Comiss\u00e3o do \u00d3rg\u00e3o de Dire\u00e7\u00e3o e Assessoramento \u2013 DAS, de COORDENADOR PEDAGOGICO, a Sra. FLAVIA PEREIRA CARDOZO<\/a><\/li>\n\t\t<li class=\"wsp-post\"><a href=\"https:\/\/saobernardo.ma.gov.br\/transparencia\/portarias\/portaria-no-678-2021-resolve-nomear-para-o-cargo-em-comissao-do-orgao-de-direcao-e-assessoramento-das-de-coordenador-pedagogico-o-sr-matheus-silva-costa\/\">PORTARIA N\u00ba 678\/2021-RESOLVE NOMEAR, para o Cargo em Comiss\u00e3o do \u00d3rg\u00e3o de Dire\u00e7\u00e3o e Assessoramento\u2013 DAS, de COORDENADOR PEDAGOGICO, o Sr. MATHEUS SILVA COSTA<\/a><\/li>\n\t\t<li class=\"wsp-post\"><a href=\"https:\/\/saobernardo.ma.gov.br\/transparencia\/portarias\/portaria-no-677-2021-resolve-nomear-para-o-cargo-em-comissao-do-orgao-de-direcao-e-assessoramento-das-de-coordenador-pedagogico-a-sra-rayane-rocha-rodrigues\/\">PORTARIA N\u00ba 677\/2021-RESOLVE NOMEAR, para o Cargo em Comiss\u00e3o do \u00d3rg\u00e3o de Dire\u00e7\u00e3o e Assessoramento \u2013 DAS, de COORDENADOR PEDAGOGICO, a Sra. RAYANE ROCHA RODRIGUES<\/a><\/li>\n\t\t<li class=\"wsp-post\"><a href=\"https:\/\/saobernardo.ma.gov.br\/transparencia\/portarias\/portaria-no-676-2021-resolve-nomear-para-o-cargo-em-comissao-do-orgao-de-direcao-e-assessoramento-das-de-coordenador-escolar-o-sr-matheus-lima-dos-reis-sousa\/\">PORTARIA N\u00ba 676\/2021-RESOLVE NOMEAR, para o Cargo em Comiss\u00e3o do \u00d3rg\u00e3o de Dire\u00e7\u00e3o e Assessoramento \u2013 DAS, de COORDENADOR ESCOLAR, o Sr. MATHEUS LIMA DOS REIS SOUSA<\/a><\/li>\n\t\t<li class=\"wsp-post\"><a href=\"https:\/\/saobernardo.ma.gov.br\/transparencia\/portarias\/portaria-no-675-2021-resolve-nomear-para-o-cargo-em-comissao-do-orgao-de-direcao-e-assessoramento-das-de-coordenador-pedagogico-a-sra-maria-ligia-silva-sales\/\">PORTARIA N\u00ba 675\/2021-RESOLVE NOMEAR, para o Cargo em Comiss\u00e3o do \u00d3rg\u00e3o de Dire\u00e7\u00e3o e Assessoramento\u2013 DAS, de COORDENADOR PEDAGOGICO, a Sra. MARIA LIGIA SILVA SALES<\/a><\/li>\n\t\t<li class=\"wsp-post\"><a href=\"https:\/\/saobernardo.ma.gov.br\/transparencia\/portarias\/portaria-no-674-2021-resolve-nomear-para-o-cargo-em-comissao-do-orgao-de-direcao-e-assessoramento-das-de-coordenador-pedagogico-o-sra-maria-dos-milagres-pontes-meneses\/\">PORTARIA N\u00ba 674\/2021-RESOLVE NOMEAR, para o Cargo em Comiss\u00e3o do \u00d3rg\u00e3o de Dire\u00e7\u00e3o e Assessoramento\u2013 DAS, de COORDENADOR PEDAGOGICO, o Sra. MARIA DOS MILAGRES PONTES MENESES<\/a><\/li>\n\t\t<li class=\"wsp-post\"><a href=\"https:\/\/saobernardo.ma.gov.br\/transparencia\/portarias\/portaria-no-673-2021-resolve-nomear-para-o-cargo-em-comissao-do-orgao-de-direcao-e-assessoramento-das-de-coordenador-pedagogico-a-sra-gizele-oliveira-dos-santos\/\">PORTARIA N\u00ba 673\/2021-RESOLVE NOMEAR, para o Cargo em Comiss\u00e3o do \u00d3rg\u00e3o de Dire\u00e7\u00e3o e Assessoramento \u2013 DAS, de COORDENADOR PEDAGOGICO, a Sra. GIZELE OLIVEIRA DOS SANTOS<\/a><\/li>\n\t\t<li class=\"wsp-post\"><a href=\"https:\/\/saobernardo.ma.gov.br\/transparencia\/portarias\/portaria-no-672-2021-resolve-nomear-para-o-cargo-em-comissao-do-orgao-de-direcao-e-assessoramento-das-de-coordenador-pedagogico-o-sra-maria-zita-pereira-da-costa\/\">PORTARIA N\u00ba 672\/2021-RESOLVE NOMEAR, para o Cargo em Comiss\u00e3o do \u00d3rg\u00e3o de Dire\u00e7\u00e3o e Assessoramento\u2013 DAS, de COORDENADOR PEDAGOGICO, o Sra. MARIA ZITA PEREIRA DA COSTA<\/a><\/li>\n\t\t<li class=\"wsp-post\"><a href=\"https:\/\/saobernardo.ma.gov.br\/transparencia\/portarias\/portaria-no-671-2021-resolve-nomear-para-o-cargo-em-comissao-do-orgao-de-direcao-e-assessoramento-das-de-coordenador-pedagogico-a-sra-kelyanne-de-sousa-reis\/\">PORTARIA N\u00ba 671\/2021-RESOLVE NOMEAR, para o Cargo em Comiss\u00e3o do \u00d3rg\u00e3o de Dire\u00e7\u00e3o e Assessoramento\u2013 DAS, de COORDENADOR PEDAGOGICO, a Sra. KELYANNE DE SOUSA REIS<\/a><\/li>\n\t\t<li class=\"wsp-post\"><a href=\"https:\/\/saobernardo.ma.gov.br\/transparencia\/portarias\/portaria-no-670-2021-resolve-nomear-para-o-cargo-em-comissao-do-orgao-de-direcao-e-assessoramento-das-de-coordenador-pedagogico-a-sra-francisca-pedroza-paz\/\">PORTARIA N\u00ba 670\/2021-RESOLVE NOMEAR, para o Cargo em Comiss\u00e3o do \u00d3rg\u00e3o de Dire\u00e7\u00e3o e Assessoramento \u2013 DAS, de COORDENADOR PEDAGOGICO, a Sra. FRANCISCA PEDROZA PAZ<\/a><\/li>\n\t\t<li class=\"wsp-post\"><a href=\"https:\/\/saobernardo.ma.gov.br\/transparencia\/portarias\/portaria-no-669-2021-resolve-nomear-para-o-cargo-em-comissao-do-orgao-de-direcao-e-assessoramento-das-de-coordenador-pedagogico-o-sr-glauber-sousa-aguiar\/\">PORTARIA N\u00ba 669\/2021-RESOLVE NOMEAR, para o Cargo em Comiss\u00e3o do \u00d3rg\u00e3o de Dire\u00e7\u00e3o e Assessoramento\u2013 DAS, de COORDENADOR PEDAGOGICO, o Sr. GLAUBER SOUSA AGUIAR<\/a><\/li>\n\t\t<li class=\"wsp-post\"><a href=\"https:\/\/saobernardo.ma.gov.br\/transparencia\/portarias\/portaria-no-668-2021-resolve-nomear-para-o-cargo-em-comissao-do-orgao-de-direcao-e-assessoramento-das-de-coordenador-pedagogico-a-sra-ana-claudia-da-conceicao\/\">PORTARIA N\u00ba 668\/2021-RESOLVE NOMEAR, para o Cargo em Comiss\u00e3o do \u00d3rg\u00e3o de Dire\u00e7\u00e3o e Assessoramento \u2013 DAS, de COORDENADOR PEDAGOGICO, a Sra. ANA CLAUDIA DA CONCEI\u00c7\u00c3O<\/a><\/li>\n\t\t<li class=\"wsp-post\"><a href=\"https:\/\/saobernardo.ma.gov.br\/transparencia\/portarias\/portaria-no-667-2021-resolve-nomear-para-o-cargo-em-comissao-do-orgao-de-direcao-e-assessoramento-das-de-coordenador-pedagogico-a-sra-laessya-damasceno-silva\/\">PORTARIA N\u00ba 667\/2021-RESOLVE NOMEAR, para o Cargo em Comiss\u00e3o do \u00d3rg\u00e3o de Dire\u00e7\u00e3o e Assessoramento \u2013 DAS, de COORDENADOR PEDAGOGICO, a Sra. LAESSYA DAMASCENO SILVA<\/a><\/li>\n\t\t<li class=\"wsp-post\"><a href=\"https:\/\/saobernardo.ma.gov.br\/transparencia\/portarias\/portaria-no666-2021-resolve-nomear-para-responder-interinamente-no-cargo-em-comissao-da-estrutura-organizacional-do-poder-executivo-da-secretaria-municipal-de-meio-ambiente-de-chefe-do-departamen\/\">PORTARIA N\u00ba666\/2021-RESOLVE NOMEAR, para responder, interinamente, no Cargo em Comiss\u00e3o da Estrutura Organizacional do Poder Executivo, da Secretaria Municipal de Meio Ambiente, de CHEFE DO DEPARTAMENTO DE LICENCIAMENTO AMBIENTAL, o SR. RONALDO DE OLIVEIRA SOUSA<\/a><\/li>\n\t\t<li class=\"wsp-post\"><a href=\"https:\/\/saobernardo.ma.gov.br\/transparencia\/portarias\/portaria-no665-2021-resolve-designar-para-exercer-o-cargo-em-provimento-efetivo-temporariamente-de-agente-de-fiscalizacao-tributaria-o-servidor-francisco-das-chagas-guimaraes-de-sousa\/\">PORTARIA N\u00ba665\/2021-RESOLVE DESIGNAR, para exercer o Cargo em Provimento Efetivo, temporariamente, de AGENTE DE FISCALIZA\u00c7\u00c3O TRIBUT\u00c1RIA, o Servidor FRANCISCO DAS CHAGAS GUIMAR\u00c3ES DE SOUSA<\/a><\/li>\n\t\t<li class=\"wsp-post\"><a href=\"https:\/\/saobernardo.ma.gov.br\/transparencia\/portarias\/portaria-no-664-2021-resolve-nomear-para-o-cargo-em-comissao-de-diretora-escolar-da-escola-municipal-jose-de-freitas-situada-no-povoado-sao-raimundo-vinculada-a-secretaria-municipal-de-educacao-c\/\">PORTARIA N\u00ba 664\/2021-RESOLVE NOMEAR, para o Cargo em Comiss\u00e3o de DIRETORA ESCOLAR, da Escola Municipal JOSE DE FREITAS, situada no Povoado S\u00e3o Raimundo, vinculada \u00e0 Secretaria Municipal de Educa\u00e7\u00e3o, Ci\u00eancia, Tecnologia e Inova\u00e7\u00e3o, na Estrutura Organizacional do Poder Executivo, a Sra. ISABELA MARIA CARVALHO SILVA<\/a><\/li>\n\t\t<li class=\"wsp-post\"><a href=\"https:\/\/saobernardo.ma.gov.br\/transparencia\/portarias\/portaria-no-663-2021-resolve-nomear-para-o-cargo-em-comissao-de-diretor-escolar-da-escola-municipal-profa-aurea-serra-catelo-branco-situada-no-povoado-sao-benedito-vinculada-a-secretaria-municipal\/\">PORTARIA N\u00ba 663\/2021-RESOLVE NOMEAR, para o Cargo em Comiss\u00e3o de DIRETOR ESCOLAR, da Escola Municipal PROF\u00aa AUREA SERRA CATELO BRANCO, situada no Povoado S\u00e3o Benedito, vinculada \u00e0 Secretaria Municipal de Educa\u00e7\u00e3o, Ci\u00eancia, Tecnologia e Inova\u00e7\u00e3o, na Estrutura Organizacional do Poder Executivo, o Sr. RAIMUNDO PEREIRA DA COSTA FILHO<\/a><\/li>\n\t\t<li class=\"wsp-post\"><a href=\"https:\/\/saobernardo.ma.gov.br\/transparencia\/portarias\/portaria-no-662-2021-resolve-nomear-para-o-cargo-em-comissao-de-diretora-escolar-da-escola-municipal-unidade-integrada-rui-barbosa-situada-no-povoado-porto-formoso-vinculada-a-secretaria-municipal\/\">PORTARIA N\u00ba 662\/2021-RESOLVE NOMEAR, para o Cargo em Comiss\u00e3o de DIRETORA ESCOLAR, da Escola Municipal UNIDADE INTEGRADA RUI BARBOSA, situada no Povoado Porto Formoso, vinculada \u00e0 Secretaria Municipal de Educa\u00e7\u00e3o, Ci\u00eancia, Tecnologia e Inova\u00e7\u00e3o, na Estrutura Organizacional do Poder Executivo, a Sra. MARIA DA GRA\u00c7A SILVA MACHADO<\/a><\/li>\n\t\t<li class=\"wsp-post\"><a href=\"https:\/\/saobernardo.ma.gov.br\/transparencia\/portarias\/portaria-no-661-2021-resolve-nomear-para-o-cargo-em-comissao-de-diretor-escolar-da-escola-municipal-unidade-integrada-juscelino-kubitschek-situada-no-povoado-mamorana-vinculada-a-secretaria-munici\/\">PORTARIA N\u00ba 661\/2021-RESOLVE NOMEAR, para o Cargo em Comiss\u00e3o de DIRETOR ESCOLAR, da Escola Municipal UNIDADE INTEGRADA JUSCELINO KUBITSCHEK, situada no Povoado Mamorana, vinculada \u00e0 Secretaria Municipal de Educa\u00e7\u00e3o, Ci\u00eancia, Tecnologia e Inova\u00e7\u00e3o, na Estrutura Organizacional do Poder Executivo, o Sr. CHARLES DEOGALI COSTA SABRI<\/a><\/li>\n\t\t<li class=\"wsp-post\"><a href=\"https:\/\/saobernardo.ma.gov.br\/transparencia\/portarias\/portaria-no-660-2021-resolve-nomear-para-o-cargo-em-comissao-de-diretora-escolar-da-escola-municipal-unidade-integrada-bernardo-coelho-de-almeida-situada-no-povoado-baixa-grande-vinculada-a-secret\/\">PORTARIA N\u00ba 660\/2021-RESOLVE NOMEAR, para o Cargo em Comiss\u00e3o de DIRETORA ESCOLAR, da Escola Municipal UNIDADE INTEGRADA BERNARDO COELHO DE ALMEIDA, situada no Povoado Baixa grande, vinculada \u00e0 Secretaria Municipal de Educa\u00e7\u00e3o, Ci\u00eancia, Tecnologia e Inova\u00e7\u00e3o, na Estrutura Organizacional do Poder Executivo, a Sra. PATRICIANE DOS SANTOS BEZERRA<\/a><\/li>\n\t\t<li class=\"wsp-post\"><a href=\"https:\/\/saobernardo.ma.gov.br\/transparencia\/portarias\/portaria-no-659-2021-resolve-nomear-para-o-cargo-em-comissao-de-diretora-escolar-da-escola-municipal-manoel-de-almeida-portugual-situada-no-povoado-porteirinhas-vinculada-a-secretaria-municipal-de\/\">PORTARIA N\u00ba 659\/2021-RESOLVE NOMEAR, para o Cargo em Comiss\u00e3o de DIRETORA ESCOLAR, da Escola Municipal MANOEL DE ALMEIDA PORTUGUAL, situada no Povoado PORTEIRINHAS, vinculada \u00e0 Secretaria Municipal de Educa\u00e7\u00e3o, Ci\u00eancia, Tecnologia e Inova\u00e7\u00e3o, na Estrutura Organizacional do Poder Executivo, a Sra. DJANE SILVA ALMEIDA LOPES<\/a><\/li>\n\t\t<li class=\"wsp-post\"><a href=\"https:\/\/saobernardo.ma.gov.br\/transparencia\/portarias\/portaria-no-658-2021-resolve-nomear-para-o-cargo-em-comissao-de-diretora-escolar-da-escola-municipal-fernando-coelho-situada-no-povoado-pedrinhas-vinculada-a-secretaria-municipal-de-educacao-cien\/\">PORTARIA N\u00ba 658\/2021-RESOLVE NOMEAR, para o Cargo em Comiss\u00e3o de DIRETORA ESCOLAR, da Escola Municipal FERNANDO COELHO, situada no Povoado PEDRINHAS, vinculada \u00e0 Secretaria Municipal de Educa\u00e7\u00e3o, Ci\u00eancia, Tecnologia e Inova\u00e7\u00e3o, na Estrutura Organizacional do Poder Executivo, a Sra. MARIA ALRINEIDE SILVA SPINDOLA<\/a><\/li>\n\t\t<li class=\"wsp-post\"><a href=\"https:\/\/saobernardo.ma.gov.br\/transparencia\/portarias\/portaria-no-657-2021-resolve-nomear-para-o-cargo-em-comissao-de-diretor-escolar-da-escola-municipal-goncalves-dias-situada-no-povoado-palmeiras-vinculada-a-secretaria-municipal-de-educacao-cienci\/\">PORTARIA N\u00ba 657\/2021-RESOLVE NOMEAR, para o Cargo em Comiss\u00e3o de DIRETOR ESCOLAR, da Escola Municipal GON\u00c7ALVES DIAS, situada no Povoado PALMEIRAS, vinculada \u00e0 Secretaria Municipal de Educa\u00e7\u00e3o, Ci\u00eancia, Tecnologia e Inova\u00e7\u00e3o, na Estrutura Organizacional do Poder Executivo, o Sr. MARIANO DA SILVA<\/a><\/li>\n\t\t<li class=\"wsp-post\"><a href=\"https:\/\/saobernardo.ma.gov.br\/transparencia\/portarias\/portaria-no-656-2021-resolve-nomear-para-o-cargo-em-comissao-de-diretora-escolar-da-escola-municipal-santa-terezinha-situada-no-povoado-nova-esperanca-vinculada-a-secretaria-municipal-de-educacao\/\">PORTARIA N\u00ba 656\/2021-RESOLVE NOMEAR, para o Cargo em Comiss\u00e3o de DIRETORA ESCOLAR, da Escola Municipal SANTA TEREZINHA, situada no Povoado Nova Esperan\u00e7a, vinculada \u00e0 Secretaria Municipal de Educa\u00e7\u00e3o, Ci\u00eancia, Tecnologia e Inova\u00e7\u00e3o, na Estrutura Organizacional do Poder Executivo, a Sra. ROSILENE SILVA ARAUJO<\/a><\/li>\n\t\t<li class=\"wsp-post\"><a href=\"https:\/\/saobernardo.ma.gov.br\/transparencia\/portarias\/portaria-no-655-2021-resolve-nomear-para-o-cargo-em-comissao-de-diretor-escolar-da-escola-municipal-santa-luzia-situada-no-povoado-morro-da-aninga-vinculada-a-secretaria-municipal-de-educacao-cie\/\">PORTARIA N\u00ba 655\/2021-RESOLVE NOMEAR, para o Cargo em Comiss\u00e3o de DIRETOR ESCOLAR, da Escola Municipal SANTA LUZIA, situada no Povoado MORRO DA ANINGA, vinculada \u00e0 Secretaria Municipal de Educa\u00e7\u00e3o, Ci\u00eancia, Tecnologia e Inova\u00e7\u00e3o, na Estrutura Organizacional do Poder Executivo, o Sr. JIMMY CARTER NASCIMENTO SANTOS<\/a><\/li>\n\t\t<li class=\"wsp-post\"><a href=\"https:\/\/saobernardo.ma.gov.br\/transparencia\/portarias\/portaria-no-654-2021-resolve-nomear-para-o-cargo-em-comissao-de-diretora-escolar-da-escola-municipal-rui-barbosa-situada-no-povoado-mombaca-vinculada-a-secretaria-municipal-de-educacao-ciencia-t\/\">PORTARIA N\u00ba 654\/2021-RESOLVE NOMEAR, para o Cargo em Comiss\u00e3o de DIRETORA ESCOLAR, da Escola Municipal RUI BARBOSA, situada no Povoado MOMBA\u00c7A, vinculada \u00e0 Secretaria Municipal de Educa\u00e7\u00e3o, Ci\u00eancia, Tecnologia e Inova\u00e7\u00e3o, na Estrutura Organizacional do Poder Executivo, a Sra. FRANCIMARA SILVA LIMA<\/a><\/li>\n\t\t<li class=\"wsp-post\"><a href=\"https:\/\/saobernardo.ma.gov.br\/transparencia\/portarias\/portaria-no-653-2021-resolve-nomear-para-o-cargo-em-comissao-de-diretora-escolar-da-escola-municipal-unidade-integrada-presidente-castelo-branco-situada-no-povoado-formosa-vinculada-a-secretaria-m\/\">PORTARIA N\u00ba 653\/2021-RESOLVE NOMEAR, para o Cargo em Comiss\u00e3o de DIRETORA ESCOLAR, da Escola Municipal UNIDADE INTEGRADA PRESIDENTE CASTELO BRANCO, situada no Povoado FORMOSA, vinculada \u00e0 Secretaria Municipal de Educa\u00e7\u00e3o, Ci\u00eancia, Tecnologia e Inova\u00e7\u00e3o, na Estrutura Organizacional do Poder Executivo, a Sra. SELENE FERREIRA MACHADO<\/a><\/li>\n\t\t<li class=\"wsp-post\"><a href=\"https:\/\/saobernardo.ma.gov.br\/transparencia\/portarias\/portaria-no-652-2021-resolve-nomear-para-o-cargo-em-comissao-de-diretor-escolar-da-escola-municipal-coracao-de-jesus-situada-no-povoado-enxu-vinculada-a-secretaria-municipal-de-educacao-ciencia\/\">PORTARIA N\u00ba 652\/2021-RESOLVE NOMEAR, para o Cargo em Comiss\u00e3o de DIRETOR ESCOLAR, da Escola Municipal CORA\u00c7\u00c3O DE JESUS, situada no Povoado Enxu, vinculada \u00e0 Secretaria Municipal de Educa\u00e7\u00e3o, Ci\u00eancia, Tecnologia e Inova\u00e7\u00e3o, na Estrutura Organizacional do Poder Executivo, o Sr. JONAS SANTOS SILVA<\/a><\/li>\n\t\t<li class=\"wsp-post\"><a href=\"https:\/\/saobernardo.ma.gov.br\/transparencia\/portarias\/portaria-no-651-2021-resolve-nomear-para-o-cargo-em-comissao-de-diretora-escolar-da-escola-municipal-maria-jose-coelho-lima-situada-no-povoado-entroncamento-vinculada-a-secretaria-municipal-de-edu\/\">PORTARIA N\u00ba 651\/2021-RESOLVE NOMEAR, para o Cargo em Comiss\u00e3o de DIRETORA ESCOLAR, da Escola Municipal MARIA JOSE COELHO LIMA, situada no Povoado ENTRONCAMENTO, vinculada \u00e0 Secretaria Municipal de Educa\u00e7\u00e3o, Ci\u00eancia, Tecnologia e Inova\u00e7\u00e3o, na Estrutura Organizacional do Poder Executivo, a Sra. SUSANE SANTOS LIRA<\/a><\/li>\n\t\t<li class=\"wsp-post\"><a href=\"https:\/\/saobernardo.ma.gov.br\/transparencia\/portarias\/portaria-no-650-2021-resolve-nomear-para-o-cargo-em-comissao-de-diretora-escolar-da-escola-municipal-prefeito-jose-ferreira-de-sousa-situada-no-povoado-currais-vinculada-a-secretaria-municipal-de\/\">PORTARIA N\u00ba 650\/2021-RESOLVE NOMEAR, para o Cargo em Comiss\u00e3o de DIRETORA ESCOLAR, da Escola Municipal PREFEITO JOSE FERREIRA DE SOUSA, situada no Povoado Currais, vinculada \u00e0 Secretaria Municipal de Educa\u00e7\u00e3o, Ci\u00eancia, Tecnologia e Inova\u00e7\u00e3o, na Estrutura Organizacional do Poder Executivo, a Sra. RAQUEL FREIRE MARTINS<\/a><\/li>\n\t\t<li class=\"wsp-post\"><a href=\"https:\/\/saobernardo.ma.gov.br\/transparencia\/portarias\/portaria-no-649-2021-resolve-nomear-para-o-cargo-em-comissao-de-diretora-escolar-da-escola-municipal-prof-a-francisca-lima-espindola-situada-no-povoado-currais-vinculada-a-secretaria-municipal-de\/\">PORTARIA N\u00ba 649\/2021-RESOLVE NOMEAR, para o Cargo em Comiss\u00e3o de DIRETORA ESCOLAR, da Escola Municipal Prof.\u00aa FRANCISCA LIMA ESPINDOLA, situada no Povoado CURRAIS, vinculada \u00e0 Secretaria Municipal de Educa\u00e7\u00e3o, Ci\u00eancia, Tecnologia e Inova\u00e7\u00e3o, na Estrutura Organizacional do Poder Executivo, a Sra. ISABEL CRISTINA DA COSTA PINTO<\/a><\/li>\n\t\t<li class=\"wsp-post\"><a href=\"https:\/\/saobernardo.ma.gov.br\/transparencia\/portarias\/portaria-no-648-2021-resolve-nomear-para-o-cargo-em-comissao-de-diretora-escolar-da-escola-municipal-unidade-integrada-vereador-rubenito-silva-couto-situada-no-povoado-coqueiro-vinculada-a-secreta\/\">PORTARIA N\u00ba 648\/2021-RESOLVE NOMEAR, para o Cargo em Comiss\u00e3o de DIRETORA ESCOLAR, da Escola Municipal UNIDADE INTEGRADA VEREADOR RUBENITO SILVA COUTO, situada no Povoado COQUEIRO, vinculada \u00e0 Secretaria Municipal de Educa\u00e7\u00e3o, Ci\u00eancia, Tecnologia e Inova\u00e7\u00e3o, na Estrutura Organizacional do Poder Executivo, a Sra. MARIA SOLANGE SILVA DO NASCIMENTO<\/a><\/li>\n\t\t<li class=\"wsp-post\"><a href=\"https:\/\/saobernardo.ma.gov.br\/transparencia\/portarias\/portaria-no-647-2021-resolve-nomear-para-o-cargo-em-comissao-de-diretora-escolar-da-escola-municipal-nossa-senhora-de-fatima-situada-no-povoado-chapeu-de-couro-vinculada-a-secretaria-municipal-de\/\">PORTARIA N\u00ba 647\/2021-RESOLVE NOMEAR, para o Cargo em Comiss\u00e3o de DIRETORA ESCOLAR, da Escola Municipal NOSSA SENHORA DE FATIMA, situada no Povoado CHAPEU DE COURO, vinculada \u00e0 Secretaria Municipal de Educa\u00e7\u00e3o, Ci\u00eancia, Tecnologia e Inova\u00e7\u00e3o, na Estrutura Organizacional do Poder Executivo, a Sra. ELIENE VERAS COSTA<\/a><\/li>\n\t\t<li class=\"wsp-post\"><a href=\"https:\/\/saobernardo.ma.gov.br\/transparencia\/portarias\/portaria-no-646-2021-resolve-nomear-para-o-cargo-em-comissao-de-diretora-escolar-da-escola-municipal-anastacio-portela-situada-no-povoado-bicuiba-vinculada-a-secretaria-municipal-de-educacao-cien\/\">PORTARIA N\u00ba 646\/2021-RESOLVE NOMEAR, para o Cargo em Comiss\u00e3o de DIRETORA ESCOLAR, da Escola Municipal ANASTACIO PORTELA, situada no Povoado BICUIBA, vinculada \u00e0 Secretaria Municipal de Educa\u00e7\u00e3o, Ci\u00eancia, Tecnologia e Inova\u00e7\u00e3o, na Estrutura Organizacional do Poder Executivo, a Sra. MARIA LUZINETE PINTO DA SILVA<\/a><\/li>\n\t\t<li class=\"wsp-post\"><a href=\"https:\/\/saobernardo.ma.gov.br\/transparencia\/portarias\/portaria-no-645-2021-resolve-nomear-para-o-cargo-em-comissao-de-diretora-escolar-da-escola-municipal-santa-rita-situada-av-epaminondas-pio-correia-lima-vinculada-a-secretaria-municipal-de-educaca\/\">PORTARIA N\u00ba 645\/2021-RESOLVE NOMEAR, para o Cargo em Comiss\u00e3o de DIRETORA ESCOLAR, da Escola Municipal SANTA RITA, situada AV. EPAMINONDAS PIO CORREIA LIMA, vinculada \u00e0 Secretaria Municipal de Educa\u00e7\u00e3o, Ci\u00eancia, Tecnologia e Inova\u00e7\u00e3o, na Estrutura Organizacional do Poder Executivo, a Sra. RAIMUNDA NONATA ALVES MOTA SILVA<\/a><\/li>\n\t\t<li class=\"wsp-post\"><a href=\"https:\/\/saobernardo.ma.gov.br\/transparencia\/portarias\/portaria-no-644-2021-resolve-nomear-para-o-cargo-em-comissao-de-diretora-escolar-da-escola-municipal-jardim-de-infancia-saci-perere-situada-na-rua-barrao-do-rio-branco-vinculada-a-secretaria-munic\/\">PORTARIA N\u00ba 644\/2021-RESOLVE NOMEAR, para o Cargo em Comiss\u00e3o de DIRETORA ESCOLAR, da Escola Municipal JARDIM DE INFANCIA SACI-PERERE, situada na rua Barr\u00e3o do Rio Branco, vinculada \u00e0 Secretaria Municipal de Educa\u00e7\u00e3o, Ci\u00eancia, Tecnologia e Inova\u00e7\u00e3o, na Estrutura Organizacional do Poder Executivo, a Sra. ANTONIA CAETANO DE ALMEIDA<\/a><\/li>\n\t\t<li class=\"wsp-post\"><a href=\"https:\/\/saobernardo.ma.gov.br\/transparencia\/portarias\/portaria-no-643-2021-resolve-nomear-para-o-cargo-em-comissao-de-diretora-escolar-da-escola-municipal-raimundo-poincare-de-sousa-situada-na-rua-coronel-epaminondas-conj-novo-vinculada-a-secretaria\/\">PORTARIA N\u00ba 643\/2021-RESOLVE NOMEAR, para o Cargo em Comiss\u00e3o de DIRETORA ESCOLAR, da Escola Municipal RAIMUNDO POINCARE DE SOUSA, situada na Rua Coronel Epaminondas Conj. Novo, vinculada \u00e0 Secretaria Municipal de Educa\u00e7\u00e3o, Ci\u00eancia, Tecnologia e Inova\u00e7\u00e3o, na Estrutura Organizacional do Poder Executivo, a Sra. MARIA DAS DORES SILVA DE SOUSA<\/a><\/li>\n\t\t<li class=\"wsp-post\"><a href=\"https:\/\/saobernardo.ma.gov.br\/transparencia\/portarias\/portaria-no-642-2021-resolve-nomear-para-o-cargo-em-comissao-de-diretora-escolar-da-escola-municipal-raimundo-machado-filho-situada-na-rua-sao-felipe-no-570-bairro-salgado-vinculada-a-secretaria-m\/\">PORTARIA N\u00ba 642\/2021-RESOLVE NOMEAR, para o Cargo em Comiss\u00e3o de DIRETORA ESCOLAR, da Escola Municipal RAIMUNDO MACHADO FILHO, situada na rua S\u00e3o Felipe N\u00ba 570 Bairro Salgado, vinculada \u00e0 Secretaria Municipal de Educa\u00e7\u00e3o, Ci\u00eancia, Tecnologia e Inova\u00e7\u00e3o, na Estrutura Organizacional do Poder Executivo, a Sra. ALZENIRA DA SILVA ALMEIDA<\/a><\/li>\n\t\t<li class=\"wsp-post\"><a href=\"https:\/\/saobernardo.ma.gov.br\/transparencia\/portarias\/portaria-no-641-2021-resolve-nomear-para-o-cargo-em-comissao-de-diretor-escolar-da-escola-municipal-unidade-integrada-nilza-coelho-lima-situada-na-av-das-primaveras-loteamento-residencial-primave\/\">PORTARIA N\u00ba 641\/2021-RESOLVE NOMEAR, para o Cargo em Comiss\u00e3o de DIRETOR ESCOLAR, da Escola Municipal UNIDADE INTEGRADA NILZA COELHO LIMA, situada na AV. das Primaveras, loteamento Residencial Primavera, vinculada \u00e0 Secretaria Municipal de Educa\u00e7\u00e3o, Ci\u00eancia, Tecnologia e Inova\u00e7\u00e3o, na Estrutura Organizacional do Poder Executivo, o Sr. VALDEMIR MELO SILVA<\/a><\/li>\n\t\t<li class=\"wsp-post\"><a href=\"https:\/\/saobernardo.ma.gov.br\/transparencia\/portarias\/portaria-no-640-2021-resolve-nomear-para-o-cargo-em-comissao-de-diretora-escolar-da-escola-municipal-monteiro-lobato-situada-na-rua-duque-de-caxias-vinculada-a-secretaria-municipal-de-educacao-ci\/\">PORTARIA N\u00ba 640\/2021-RESOLVE NOMEAR, para o Cargo em Comiss\u00e3o de DIRETORA ESCOLAR, da Escola Municipal MONTEIRO LOBATO, situada na rua Duque de Caxias, vinculada \u00e0 Secretaria Municipal de Educa\u00e7\u00e3o, Ci\u00eancia, Tecnologia e Inova\u00e7\u00e3o, na Estrutura Organizacional do Poder Executivo, a Sra. MIDI\u00c3 DUARTE COSTA<\/a><\/li>\n\t\t<li class=\"wsp-post\"><a href=\"https:\/\/saobernardo.ma.gov.br\/transparencia\/portarias\/portaria-no639-2021-resolve-nomear-para-o-cargo-em-comissao-de-diretora-escolar-da-escola-municipal-inst-ed-conego-nestor-de-carvalho-cunha-situada-na-av-custodio-de-almeida-lima-vinculada-a-se\/\">PORTARIA N\u00ba 639\/2021-RESOLVE NOMEAR, para o Cargo em Comiss\u00e3o de DIRETORA ESCOLAR, da Escola Municipal INST. ED. CONEGO NESTOR DE CARVALHO CUNHA, situada na AV. CUSTODIO DE ALMEIDA LIMA, vinculada \u00e0 Secretaria Municipal de Educa\u00e7\u00e3o, Ci\u00eancia, Tecnologia e Inova\u00e7\u00e3o, na Estrutura Organizacional do Poder Executivo, a Sra. GEOVANA OLIVEIRA ARAUJO<\/a><\/li>\n\t\t<li class=\"wsp-post\"><a href=\"https:\/\/saobernardo.ma.gov.br\/transparencia\/portarias\/portaria-no-638-2021-resolve-nomear-para-o-cargo-em-comissao-de-diretora-escolar-da-escola-municipal-francisco-marques-da-silva-situada-na-rua-bernardo-lima-bairro-faveira-vinculada-a-secretaria-m\/\">PORTARIA N\u00ba 638\/2021-RESOLVE NOMEAR, para o Cargo em Comiss\u00e3o de DIRETORA ESCOLAR, da Escola Municipal FRANCISCO MARQUES DA SILVA, situada na rua Bernardo Lima Bairro Faveira, vinculada \u00e0 Secretaria Municipal de Educa\u00e7\u00e3o, Ci\u00eancia, Tecnologia e Inova\u00e7\u00e3o, na Estrutura Organizacional do Poder Executivo, a Sra. KELMA DA SILVA VIANA MENDES<\/a><\/li>\n\t\t<li class=\"wsp-post\"><a href=\"https:\/\/saobernardo.ma.gov.br\/transparencia\/portarias\/portaria-637-2021-resolve-nomear-para-o-cargo-em-comissao-de-diretora-escolar-da-escola-municipal-paulo-freire-situada-na-rua-bernardo-francisco-da-cunha-vinculada-a-secretaria-municipal-de-educac\/\">PORTARIA N\u00ba 637\/2021-RESOLVE NOMEAR, para o Cargo em Comiss\u00e3o de DIRETORA ESCOLAR, da Escola Municipal PAULO FREIRE, situada na rua Bernardo Francisco da Cunha, vinculada \u00e0 Secretaria Municipal de Educa\u00e7\u00e3o, Ci\u00eancia, Tecnologia e Inova\u00e7\u00e3o, na Estrutura Organizacional do Poder Executivo, a Sra. REGINA LUCIA DE SOUSA MEIRELES<\/a><\/li>\n\t\t<li class=\"wsp-post\"><a href=\"https:\/\/saobernardo.ma.gov.br\/transparencia\/portarias\/portaria-no-636-2021-resolve-nomear-para-o-cargo-em-comissao-de-diretora-escolar-da-escola-municipal-creche-e-pre-escolar-bibi-situada-na-rua-conego-nestor-vinculada-a-secretaria-municipal-de-educ\/\">PORTARIA N\u00ba 636\/2021-RESOLVE NOMEAR, para o Cargo em Comiss\u00e3o de DIRETORA ESCOLAR, da Escola Municipal CRECHE E PRE-ESCOLAR BIBI, situada na rua C\u00f4nego Nestor, vinculada \u00e0 Secretaria Municipal de Educa\u00e7\u00e3o, Ci\u00eancia, Tecnologia e Inova\u00e7\u00e3o, na Estrutura Organizacional do Poder Executivo, a Sra. ROSELANE MARIA DOS REIS SOUSA<\/a><\/li>\n\t\t<li class=\"wsp-post\"><a href=\"https:\/\/saobernardo.ma.gov.br\/transparencia\/portarias\/portaria-no-635-2021-resolve-nomear-para-o-cargo-em-comissao-de-diretora-escolar-da-escola-municipal-sao-vicente-situada-na-sede-cajueiro-vinculada-a-secretaria-municipal-de-educacao-ciencia-tec\/\">PORTARIA N\u00ba 635\/2021-RESOLVE NOMEAR, para o Cargo em Comiss\u00e3o de DIRETORA ESCOLAR, da Escola Municipal S\u00c3O VICENTE, situada na sede\/cajueiro, vinculada \u00e0 Secretaria Municipal de Educa\u00e7\u00e3o, Ci\u00eancia, Tecnologia e Inova\u00e7\u00e3o, na Estrutura Organizacional do Poder Executivo, a Sra. MARIA DA CONCEI\u00c7\u00c3O AMORIM LIMA ROCHA<\/a><\/li>\n\t\t<li class=\"wsp-post\"><a href=\"https:\/\/saobernardo.ma.gov.br\/transparencia\/portarias\/portaria-no-634-2021-resolve-nomear-para-o-cargo-em-comissao-de-diretora-escolar-da-escola-municipal-conego-nestor-situada-no-cajueiro-vinculada-a-secretaria-municipal-de-educacao-ciencia-tecnol\/\">PORTARIA N\u00ba 634\/2021-RESOLVE NOMEAR, para o Cargo em Comiss\u00e3o de DIRETORA ESCOLAR, da Escola Municipal C\u00d4NEGO NESTOR, situada no CAJUEIRO, vinculada \u00e0 Secretaria Municipal de Educa\u00e7\u00e3o, Ci\u00eancia, Tecnologia e Inova\u00e7\u00e3o, na Estrutura Organizacional do Poder Executivo, a Sra. MARCIA LOPES DE SOUSA<\/a><\/li>\n\t\t<li class=\"wsp-post\"><a href=\"https:\/\/saobernardo.ma.gov.br\/transparencia\/portarias\/portaria-no633-2021-resolve-nomear-para-o-cargo-em-comissao-de-diretora-escolar-da-escola-municipal-creche-branca-de-neve-na-rua-fernando-pires-ferreira-vinculada-a-secretaria-municipal-de-educac\/\">PORTARIA N\u00ba 633\/2021-RESOLVE NOMEAR, para o Cargo em Comiss\u00e3o de DIRETORA ESCOLAR, da Escola Municipal CRECHE BRANCA DE NEVE, na rua Fernando Pires Ferreira., vinculada \u00e0 Secretaria Municipal de Educa\u00e7\u00e3o, Ci\u00eancia, Tecnologia e Inova\u00e7\u00e3o, na Estrutura Organizacional do Poder Executivo, a Sra. ANDREA VANIELLY SANTOS MACHADO<\/a><\/li>\n\t\t<li class=\"wsp-post\"><a href=\"https:\/\/saobernardo.ma.gov.br\/transparencia\/portarias\/portaria-no-631-2021-resolve-nomear-para-o-cargo-em-comissao-de-diretora-adjunta-escolar-da-escola-municipal-jose-de-freitas-situada-no-povoado-sao-raimundo-vinculada-a-secretaria-municipal-de-edu\/\">PORTARIA N\u00ba 632\/2021-RESOLVE NOMEAR, para o Cargo em Comiss\u00e3o de DIRETORA ADJUNTA ESCOLAR, da Escola Municipal JOSE DE FREITAS, situada no Povoado S\u00c3O RAIMUNDO, vinculada \u00e0 Secretaria Municipal de Educa\u00e7\u00e3o, Ci\u00eancia, Tecnologia e Inova\u00e7\u00e3o, na Estrutura Organizacional do Poder Executivo, a Sra. ZUILA RIBEIRO DOS SANTOS NETA<\/a><\/li>\n\t\t<li class=\"wsp-post\"><a href=\"https:\/\/saobernardo.ma.gov.br\/transparencia\/portarias\/portaria-no-631-2021-resolve-nomear-para-o-cargo-em-comissao-de-diretora-adjunta-escolar-da-escola-municipal-prof-a-aurea-serra-castelo-branco-situada-no-povoado-sao-benedito-vinculada-a-secretari\/\">PORTARIA N\u00ba 631\/2021-RESOLVE NOMEAR, para o Cargo em Comiss\u00e3o de DIRETORA ADJUNTA ESCOLAR, da Escola Municipal Prof.\u00aa AUREA SERRA CASTELO BRANCO, situada no Povoado S\u00c3O BENEDITO, vinculada \u00e0 Secretaria Municipal de Educa\u00e7\u00e3o, Ci\u00eancia, Tecnologia e Inova\u00e7\u00e3o, na Estrutura Organizacional do Poder Executivo, a Sra. MARIA MEIRE DE LIMA COSTA SILVA<\/a><\/li>\n\t\t<li class=\"wsp-post\"><a href=\"https:\/\/saobernardo.ma.gov.br\/transparencia\/portarias\/portaria-no-630-2021-resolve-nomear-para-o-cargo-em-comissao-de-diretor-adjunto-escolar-da-escola-municipal-manoel-de-almeida-portugual-situada-no-povoado-porteirinha-vinculada-a-secretaria-munici\/\">PORTARIA N\u00ba 630\/2021-RESOLVE NOMEAR, para o Cargo em Comiss\u00e3o de DIRETOR ADJUNTO ESCOLAR, da Escola Municipal MANOEL DE ALMEIDA PORTUGUAL, situada no Povoado PORTEIRINHA, vinculada \u00e0 Secretaria Municipal de Educa\u00e7\u00e3o, Ci\u00eancia, Tecnologia e Inova\u00e7\u00e3o, na Estrutura Organizacional do Poder Executivo, o Sr. JOEL VIEIRA ALMEIDA<\/a><\/li>\n\t\t<li class=\"wsp-post\"><a href=\"https:\/\/saobernardo.ma.gov.br\/transparencia\/portarias\/portaria-no-629-2021-resolve-nomear-para-o-cargo-em-comissao-de-diretor-adjunto-escolar-da-escola-municipal-fernando-coelho-situada-no-povoado-pedrinhas-vinculada-a-secretaria-municipal-de-educaca\/\">PORTARIA N\u00ba 629\/2021-RESOLVE NOMEAR, para o Cargo em Comiss\u00e3o de DIRETOR ADJUNTO ESCOLAR, da Escola Municipal FERNANDO COELHO, situada no Povoado PEDRINHAS, vinculada \u00e0 Secretaria Municipal de Educa\u00e7\u00e3o, Ci\u00eancia, Tecnologia e Inova\u00e7\u00e3o, na Estrutura Organizacional do Poder Executivo, o Sr. HELTON SPINDOLA SANTOS<\/a><\/li>\n\t\t<li class=\"wsp-post\"><a href=\"https:\/\/saobernardo.ma.gov.br\/transparencia\/portarias\/portaria-no-628-2021-resolve-nomear-para-o-cargo-em-comissao-de-diretora-adjunta-escolar-da-escola-municipal-goncalves-dias-situada-no-povoado-palmeiras-vinculada-a-secretaria-municipal-de-educaca\/\">PORTARIA N\u00ba 628\/2021-RESOLVE NOMEAR, para o Cargo em Comiss\u00e3o de DIRETORA ADJUNTA ESCOLAR, da Escola Municipal GON\u00c7ALVES DIAS, situada no Povoado PALMEIRAS, vinculada \u00e0 Secretaria Municipal de Educa\u00e7\u00e3o, Ci\u00eancia, Tecnologia e Inova\u00e7\u00e3o, na Estrutura Organizacional do Poder Executivo, a Sra. SALETE DA SILVA GOMES<\/a><\/li>\n\t\t<li class=\"wsp-post\"><a href=\"https:\/\/saobernardo.ma.gov.br\/transparencia\/portarias\/portaria-no-627-2021-resolve-nomear-para-o-cargo-em-comissao-de-diretor-adjunto-escolar-da-escola-municipal-santa-terezinha-situada-no-povoado-nova-esperanca-vinculada-a-secretaria-municipal-de-ed\/\">PORTARIA N\u00ba 627\/2021-RESOLVE NOMEAR, para o Cargo em Comiss\u00e3o de DIRETOR ADJUNTO ESCOLAR, da Escola Municipal SANTA TEREZINHA, situada no Povoado Nova Esperan\u00e7a, vinculada \u00e0 Secretaria Municipal de Educa\u00e7\u00e3o, Ci\u00eancia, Tecnologia e Inova\u00e7\u00e3o, na Estrutura Organizacional do Poder Executivo, o Sr. FRANCISCO DAS CHAGAS ARAUJO JUNIOR<\/a><\/li>\n\t\t<li class=\"wsp-post\"><a href=\"https:\/\/saobernardo.ma.gov.br\/transparencia\/portarias\/portaria-no-626-2021-resolve-nomear-para-o-cargo-em-comissao-de-diretora-adjunta-escolar-da-escola-municipal-santa-luzia-situada-no-povoado-morro-da-aninga-vinculada-a-secretaria-municipal-de-educ\/\">PORTARIA N\u00ba 626\/2021-RESOLVE NOMEAR, para o Cargo em Comiss\u00e3o de DIRETORA ADJUNTA ESCOLAR, da Escola Municipal SANTA LUZIA, situada no Povoado Morro da Aninga, vinculada \u00e0 Secretaria Municipal de Educa\u00e7\u00e3o, Ci\u00eancia, Tecnologia e Inova\u00e7\u00e3o, na Estrutura Organizacional do Poder Executivo, a Sra. ANGELICA NUNES FURTADO NETA<\/a><\/li>\n\t\t<li class=\"wsp-post\"><a href=\"https:\/\/saobernardo.ma.gov.br\/transparencia\/portarias\/portaria-no-625-2021-resolve-nomear-para-o-cargo-em-comissao-de-diretora-adjunta-escolar-da-escola-municipal-unidade-integrada-juscelino-kubitschek-situada-no-povoado-mamorana-vinculada-a-secretar\/\">PORTARIA N\u00ba 625\/2021-RESOLVE NOMEAR, para o Cargo em Comiss\u00e3o de DIRETORA ADJUNTA ESCOLAR, da Escola Municipal UNIDADE INTEGRADA JUSCELINO KUBITSCHEK, situada no Povoado Mamorana, vinculada \u00e0 Secretaria Municipal de Educa\u00e7\u00e3o, Ci\u00eancia, Tecnologia e Inova\u00e7\u00e3o, na Estrutura Organizacional do Poder Executivo, a Sra. MARIA ANA LUCIA LOPES DA SILVA<\/a><\/li>\n\t\t<li class=\"wsp-post\"><a href=\"https:\/\/saobernardo.ma.gov.br\/transparencia\/portarias\/portaria-no-624-2021-resolve-nomear-para-o-cargo-em-comissao-de-diretora-adjunta-escolar-da-escola-municipal-unidade-integrada-presidente-castelo-branco-situada-no-povoado-formosa-vinculada-a-secr\/\">PORTARIA N\u00ba 624\/2021-RESOLVE NOMEAR, para o Cargo em Comiss\u00e3o de DIRETORA ADJUNTA ESCOLAR, da Escola Municipal UNIDADE INTEGRADA PRESIDENTE CASTELO BRANCO, situada no Povoado Formosa, vinculada \u00e0 Secretaria Municipal de Educa\u00e7\u00e3o, Ci\u00eancia, Tecnologia e Inova\u00e7\u00e3o, na Estrutura Organizacional do Poder Executivo, a Sra. IOLETE SILVA CONSTANCIO,<\/a><\/li>\n\t\t<li class=\"wsp-post\"><a href=\"https:\/\/saobernardo.ma.gov.br\/transparencia\/portarias\/portaria-623-2021-resolve-nomear-para-o-cargo-em-comissao-de-diretor-adjunto-escolar-da-escola-municipal-coracao-de-jesus-situada-no-povoado-enxu-vinculada-a-secretaria-municipal-de-educacao-cien\/\">PORTARIA N\u00ba 623\/2021-RESOLVE NOMEAR, para o Cargo em Comiss\u00e3o de DIRETOR ADJUNTO ESCOLAR, da Escola Municipal CORA\u00c7\u00c3O DE JESUS, situada no Povoado ENXU, vinculada \u00e0 Secretaria Municipal de Educa\u00e7\u00e3o, Ci\u00eancia, Tecnologia e Inova\u00e7\u00e3o, na Estrutura Organizacional do Poder Executivo, o Sr. JOSE ARNALDO DA SILVA SOUSA<\/a><\/li>\n\t\t<li class=\"wsp-post\"><a href=\"https:\/\/saobernardo.ma.gov.br\/transparencia\/portarias\/portaria-no-622-2021-resolve-nomear-para-o-cargo-em-comissao-de-diretora-adjunta-escolar-da-escola-municipal-prefeito-jose-ferreira-de-sousa-situada-no-povoado-currais-vinculada-a-secretaria-muni\/\">PORTARIA N\u00ba 622\/2021-RESOLVE  NOMEAR, para o Cargo em Comiss\u00e3o de DIRETORA ADJUNTA ESCOLAR, da Escola Municipal PREFEITO JOSE FERREIRA DE SOUSA, situada no Povoado CURRAIS, vinculada \u00e0 Secretaria Municipal de Educa\u00e7\u00e3o, Ci\u00eancia, Tecnologia e Inova\u00e7\u00e3o, na Estrutura Organizacional do Poder Executivo, a Sra. FRANCIDALVA ARAUJO DE SOUSA<\/a><\/li>\n\t\t<li class=\"wsp-post\"><a href=\"https:\/\/saobernardo.ma.gov.br\/transparencia\/portarias\/portaria-no-621-2021-resolve-nomear-para-o-cargo-em-comissao-de-diretora-adjunta-escolar-da-escola-municipal-prof-a-francisca-lima-spindola-situada-no-povoado-currais-vinculada-a-secretaria-munici\/\">PORTARIA N\u00ba 621\/2021-RESOLVE NOMEAR, para o Cargo em Comiss\u00e3o de DIRETORA ADJUNTA ESCOLAR, da Escola Municipal Prof.\u00aa FRANCISCA LIMA SPINDOLA, situada no Povoado CURRAIS, vinculada \u00e0 Secretaria Municipal de Educa\u00e7\u00e3o, Ci\u00eancia, Tecnologia e Inova\u00e7\u00e3o, na Estrutura Organizacional do Poder Executivo, a Sra. ELDA DA SILVA MONTEIRO<\/a><\/li>\n\t\t<li class=\"wsp-post\"><a href=\"https:\/\/saobernardo.ma.gov.br\/transparencia\/portarias\/portaria-no-620-2021-resolve-nomear-para-o-cargo-em-comissao-de-diretora-adjunta-escolar-da-escola-municipal-unidade-integradavereador-rubenito-silva-couto-situada-no-povoado-coqueiro-vinculada-a\/\">PORTARIA N\u00ba 620\/2021-RESOLVE NOMEAR, para o Cargo em Comiss\u00e3o de DIRETORA ADJUNTA ESCOLAR, da Escola Municipal UNIDADE INTEGRADAVEREADOR RUBENITO SILVA COUTO, situada no Povoado COQUEIRO, vinculada \u00e0 Secretaria Municipal de Educa\u00e7\u00e3o, Ci\u00eancia, Tecnologia e Inova\u00e7\u00e3o, na Estrutura Organizacional do Poder Executivo, a Sra. ANDRESSA MARIA RODRIGUES COUTO<\/a><\/li>\n\t\t<li class=\"wsp-post\"><a href=\"https:\/\/saobernardo.ma.gov.br\/transparencia\/portarias\/portaria-no-619-2021-resolve-nomear-para-o-cargo-em-comissao-de-diretora-adjunta-escolar-da-escola-municipal-anastacio-portela-situada-no-povoado-bicuiba-vinculada-a-secretaria-municipal-de-educac\/\">PORTARIA N\u00ba 619\/2021-RESOLVE NOMEAR, para o Cargo em Comiss\u00e3o de DIRETORA ADJUNTA ESCOLAR, da Escola Municipal ANASTACIO PORTELA, situada no Povoado BICUIBA, vinculada \u00e0 Secretaria Municipal de Educa\u00e7\u00e3o, Ci\u00eancia, Tecnologia e Inova\u00e7\u00e3o, na Estrutura Organizacional do Poder Executivo, a Sra. CLEONICE MARIA CAVALCANTE DE OLIVEIRA<\/a><\/li>\n\t\t<li class=\"wsp-post\"><a href=\"https:\/\/saobernardo.ma.gov.br\/transparencia\/portarias\/portaria-no-618-2021-resolve-nomear-para-o-cargo-em-comissao-de-diretor-adjunto-escolar-da-escola-municipal-unidade-integrada-bernardo-coelho-de-almeida-situada-no-povoado-baixa-grande-vinculada-a\/\">PORTARIA N\u00ba 618\/2021-RESOLVE NOMEAR, para o Cargo em Comiss\u00e3o de DIRETOR ADJUNTO ESCOLAR, da Escola Municipal UNIDADE INTEGRADA BERNARDO COELHO DE ALMEIDA, situada no Povoado Baixa grande, vinculada \u00e0 Secretaria Municipal de Educa\u00e7\u00e3o, Ci\u00eancia, Tecnologia e Inova\u00e7\u00e3o, na Estrutura Organizacional do Poder Executivo, o Sr. CICERO TENORIO DOS SANTOS BARROS<\/a><\/li>\n\t\t<li class=\"wsp-post\"><a href=\"https:\/\/saobernardo.ma.gov.br\/transparencia\/portarias\/portaria-no-617-2021-resolve-nomear-para-o-cargo-em-comissao-de-diretora-adjunta-escolar-da-escola-municipal-raimundo-poincare-de-sousa-situada-na-rua-coronel-epaminondas-conj-novo-vinculada-a-se\/\">PORTARIA N\u00ba 617\/2021-RESOLVE NOMEAR, para o Cargo em Comiss\u00e3o de DIRETORA ADJUNTA ESCOLAR, da Escola Municipal RAIMUNDO POINCARE DE SOUSA, situada na rua Coronel Epaminondas Conj. Novo, vinculada \u00e0 Secretaria Municipal de Educa\u00e7\u00e3o, Ci\u00eancia, Tecnologia e Inova\u00e7\u00e3o, na Estrutura Organizacional do Poder Executivo, o Sra. JULIANA RAFAELA DOS SANTOS DE SOUSA<\/a><\/li>\n\t\t<li class=\"wsp-post\"><a href=\"https:\/\/saobernardo.ma.gov.br\/transparencia\/portarias\/portaria-no-616-2021-resolve-nomear-para-o-cargo-em-comissao-de-diretora-adjunta-escolar-da-escola-municipal-raimundo-machado-filho-situada-na-rua-sao-felipe-no570-bairro-salgado-vinculada-a-secre\/\">PORTARIA N\u00ba 616\/2021-RESOLVE NOMEAR, para o Cargo em Comiss\u00e3o de DIRETORA ADJUNTA ESCOLAR, da Escola Municipal RAIMUNDO MACHADO FILHO, situada na rua S\u00e3o Felipe n\u00ba570 Bairro Salgado, vinculada \u00e0 Secretaria Municipal de Educa\u00e7\u00e3o, Ci\u00eancia, Tecnologia e Inova\u00e7\u00e3o, na Estrutura Organizacional do Poder Executivo, a Sra. MILKA EMANUELA PEREIRA DOS REIS<\/a><\/li>\n\t\t<li class=\"wsp-post\"><a href=\"https:\/\/saobernardo.ma.gov.br\/transparencia\/portarias\/portaria-no-615-2021-resolve-nomear-para-o-cargo-em-comissao-de-diretora-adjunta-escolar-da-escola-municipal-unidade-integrada-nilza-coelho-lima-situada-na-av-das-primaveras-loteamento-residencial\/\">PORTARIA N\u00ba 615\/2021-RESOLVE NOMEAR, para o Cargo em Comiss\u00e3o de DIRETORA ADJUNTA ESCOLAR, da Escola Municipal UNIDADE INTEGRADA NILZA COELHO LIMA, situada na Av. das Primaveras Loteamento Residencial Primaveras, vinculada \u00e0 Secretaria Municipal de Educa\u00e7\u00e3o, Ci\u00eancia, Tecnologia e Inova\u00e7\u00e3o, na Estrutura Organizacional do Poder Executivo, a Sra. MARIA CLEOMAR DE JESUS SILVA<\/a><\/li>\n\t\t<li class=\"wsp-post\"><a href=\"https:\/\/saobernardo.ma.gov.br\/transparencia\/portarias\/portaria-no-614-2021-resolve-nomear-para-o-cargo-em-comissao-de-diretor-adjunto-escolar-da-escola-municipal-monteiro-lobato-situada-na-rua-duque-de-caxias-vinculada-a-secretaria-municipal-de-educa\/\">PORTARIA N\u00ba 614\/2021-RESOLVE NOMEAR, para o Cargo em Comiss\u00e3o de DIRETOR ADJUNTO ESCOLAR, da Escola Municipal MONTEIRO LOBATO, situada na rua Duque de Caxias, vinculada \u00e0 Secretaria Municipal de Educa\u00e7\u00e3o, Ci\u00eancia, Tecnologia e Inova\u00e7\u00e3o, na Estrutura Organizacional do Poder Executivo, o Sr. JOSE MARIA DA SILVA<\/a><\/li>\n\t\t<li class=\"wsp-post\"><a href=\"https:\/\/saobernardo.ma.gov.br\/transparencia\/portarias\/portaria-no-613-2021-resolve-nomear-para-o-cargo-em-comissao-de-diretora-adjunta-escolar-da-escola-municipal-instituto-ed-conego-nestor-de-carvalho-cunha-situada-na-av-custodio-de-almeida-lima-v\/\">PORTARIA N\u00ba 613\/2021-RESOLVE NOMEAR, para o Cargo em Comiss\u00e3o de DIRETORA ADJUNTA ESCOLAR, da Escola Municipal INSTITUTO ED. C\u00d4NEGO NESTOR DE CARVALHO CUNHA, situada na AV. Custodio de Almeida Lima, vinculada \u00e0 Secretaria Municipal de Educa\u00e7\u00e3o, Ci\u00eancia, Tecnologia e Inova\u00e7\u00e3o, na Estrutura Organizacional do Poder Executivo, o Sr. FABRICIO DE SOUSA MEIRELES<\/a><\/li>\n\t\t<li class=\"wsp-post\"><a href=\"https:\/\/saobernardo.ma.gov.br\/transparencia\/portarias\/portaria-no-612-2021-resolve-nomear-para-o-cargo-em-comissao-de-diretora-adjunta-escolar-da-escola-municipal-francisco-marques-da-silva-situada-na-rua-bernardo-lima-barrio-faveira-vinculada-a-secr\/\">PORTARIA N\u00ba 612\/2021-RESOLVE NOMEAR, para o Cargo em Comiss\u00e3o de DIRETORA ADJUNTA ESCOLAR, da Escola Municipal FRANCISCO MARQUES DA SILVA, situada na rua Bernardo Lima Barrio Faveira, vinculada \u00e0 Secretaria Municipal de Educa\u00e7\u00e3o, Ci\u00eancia, Tecnologia e Inova\u00e7\u00e3o, na Estrutura Organizacional do Poder Executivo, a Sra. T\u00c2NIA MARIA SILVA LIMA<\/a><\/li>\n\t\t<li class=\"wsp-post\"><a href=\"https:\/\/saobernardo.ma.gov.br\/transparencia\/portarias\/portaria-no-611-2021-resolve-nomear-para-o-cargo-em-comissao-de-diretora-adjunta-escolar-da-escola-municipal-prof-a-maria-de-lourdes-correia-lima-serra-situada-na-trav-anastacio-portela-vinculada\/\">PORTARIA N\u00ba 611\/2021-RESOLVE NOMEAR, para o Cargo em Comiss\u00e3o de DIRETORA ADJUNTA ESCOLAR, da Escola Municipal Prof.\u00aa MARIA DE LOURDES CORREIA LIMA SERRA, situada na Trav. Anast\u00e1cio Portela vinculada \u00e0 Secretaria Municipal de Educa\u00e7\u00e3o, Ci\u00eancia, Tecnologia e Inova\u00e7\u00e3o, na Estrutura Organizacional do Poder Executivo, a Sra. MARIA DA CONCE\u00c7\u00c3O COSTA MARQUES<\/a><\/li>\n\t\t<li class=\"wsp-post\"><a href=\"https:\/\/saobernardo.ma.gov.br\/transparencia\/portarias\/portaria-no-610-2021-resolve-nomear-para-o-cargo-em-comissao-de-diretora-adjunta-escolar-da-escola-municipal-paulo-freire-situada-na-rua-bernardo-francisco-da-cunha-vinculada-a-secretaria-municipa\/\">PORTARIA N\u00ba 610\/2021-RESOLVE NOMEAR, para o Cargo em Comiss\u00e3o de DIRETORA ADJUNTA ESCOLAR, da Escola Municipal PAULO FREIRE, situada na rua Bernardo Francisco da Cunha, vinculada \u00e0 Secretaria Municipal de Educa\u00e7\u00e3o, Ci\u00eancia, Tecnologia e Inova\u00e7\u00e3o, na Estrutura Organizacional do Poder Executivo, a Sra. ANT\u00d4NIA MARIA LIMA DOS SANTOS<\/a><\/li>\n\t\t<li class=\"wsp-post\"><a href=\"https:\/\/saobernardo.ma.gov.br\/transparencia\/portarias\/portaria-no-609-2021-resolve-nomear-para-o-cargo-em-comissao-de-diretor-adjunto-escolar-da-escola-municipal-jardim-de-infancia-saci-perere-situada-na-rua-barao-do-rio-branco-vinculada-a-secretaria\/\">PORTARIA N\u00ba 609\/2021-RESOLVE NOMEAR, para o Cargo em Comiss\u00e3o de DIRETOR ADJUNTO ESCOLAR, da Escola Municipal JARDIM DE INFANCIA SACI PERERE, situada na rua Bar\u00e3o do Rio Branco, vinculada \u00e0 Secretaria Municipal de Educa\u00e7\u00e3o, Ci\u00eancia, Tecnologia e Inova\u00e7\u00e3o, na Estrutura Organizacional do Poder Executivo, o Sr. ADAILTON LIMA PORTO<\/a><\/li>\n\t\t<li class=\"wsp-post\"><a href=\"https:\/\/saobernardo.ma.gov.br\/transparencia\/portarias\/portaria-no-608-2021-resolve-nomear-para-o-cargo-em-comissao-de-diretora-adjunta-escolar-da-escola-municipal-creche-branca-de-neve-situada-na-rua-fernando-pires-vinculada-a-secretaria-municipal-de\/\">PORTARIA N\u00ba 608\/2021-RESOLVE NOMEAR, para o Cargo em Comiss\u00e3o de DIRETORA ADJUNTA ESCOLAR, da Escola Municipal CRECHE BRANCA DE NEVE, situada na rua Fernando Pires, vinculada \u00e0 Secretaria Municipal de Educa\u00e7\u00e3o, Ci\u00eancia, Tecnologia e Inova\u00e7\u00e3o, na Estrutura Organizacional do Poder Executivo, a Sra. MARIA LUCILENE DA SILVA CARVALHO<\/a><\/li>\n\t\t<li class=\"wsp-post\"><a href=\"https:\/\/saobernardo.ma.gov.br\/transparencia\/portarias\/portaria-no-607-2021-resolve-nomear-para-o-cargo-em-comissao-de-diretora-adjunta-escolar-da-escola-municipal-creche-e-pre-escolar-bibi-situada-na-rua-conego-nestor-vinculada-a-secretaria-municipal\/\">PORTARIA N\u00ba 607\/2021-RESOLVE NOMEAR, para o Cargo em Comiss\u00e3o de DIRETORA ADJUNTA ESCOLAR, da Escola Municipal CRECHE e PRE-ESCOLAR BIBI, situada na rua C\u00f4nego Nestor, vinculada \u00e0 Secretaria Municipal de Educa\u00e7\u00e3o, Ci\u00eancia, Tecnologia e Inova\u00e7\u00e3o, na Estrutura Organizacional do Poder Executivo, a Sra. MARIA DE LIMA COSTA<\/a><\/li>\n\t\t<li class=\"wsp-post\"><a href=\"https:\/\/saobernardo.ma.gov.br\/transparencia\/portarias\/portaria-no-606-2021-resolve-nomear-para-o-cargo-em-comissao-de-diretora-adjunta-escolar-da-escola-municipal-conego-nestor-situada-no-cajueiro-vinculada-a-secretaria-municipal-de-educacao-ciencia\/\">PORTARIA N\u00ba 606\/2021-RESOLVE NOMEAR, para o Cargo em Comiss\u00e3o de DIRETORA ADJUNTA ESCOLAR, da Escola Municipal C\u00d4NEGO NESTOR, situada no Cajueiro, vinculada \u00e0 Secretaria Municipal de Educa\u00e7\u00e3o, Ci\u00eancia, Tecnologia e Inova\u00e7\u00e3o, na Estrutura Organizacional do Poder Executivo, a Sra. VANESSA DOS SANTOS CANDEIRA<\/a><\/li>\n\t\t<li class=\"wsp-post\"><a href=\"https:\/\/saobernardo.ma.gov.br\/transparencia\/portarias\/portaria-no-605-2021-resolve-nomear-para-o-cargo-em-comissao-de-secretaria-municipal-da-secretaria-municipal-de-meio-ambiente-da-estrutura-organizacional-do-poder-executivo-a-sra-isabela-vieira\/\">PORTARIA N\u00ba 605\/2021- RESOLVE NOMEAR, para o Cargo em Comiss\u00e3o de SECRET\u00c1RIA MUNICIPAL da Secretaria Municipal de Meio Ambiente &#8211; da Estrutura Organizacional do Poder Executivo, a Sra. ISABELA VIEIRA CARVALHO DE MORAES<\/a><\/li>\n\t\t<li class=\"wsp-post\"><a href=\"https:\/\/saobernardo.ma.gov.br\/transparencia\/portarias\/portaria-no-604-2021-resolve-nomear-para-o-cargo-em-comissao-de-chefe-do-departamento-financeiro-e-conciliacao-bancaria-dai-da-secretaria-municipal-de-financas-na-estrutura-organizacional-do-poder\/\">PORTARIA N\u00ba 604\/2021- RESOLVE NOMEAR, para o Cargo em Comiss\u00e3o de CHEFE DO DEPARTAMENTO FINANCEIRO E CONCILIA\u00c7\u00c3O BANC\u00c1RIA, DAI da Secretaria Municipal de Finan\u00e7as, na Estrutura Organizacional do Poder Executivo, o Sr. MARCOS GILDANE DE ARAUJO BARROS<\/a><\/li>\n\t\t<li class=\"wsp-post\"><a href=\"https:\/\/saobernardo.ma.gov.br\/transparencia\/portarias\/portaria-no-603-2021-resolve-exonerar-do-cargo-em-comissao-de-chefe-do-departamento-financeiro-e-conciliacao-bancaria-cod-dai-da-secretaria-municipal-de-financas-na-estrutura-organizacional-do-p\/\">PORTARIA N\u00ba 603\/2021 &#8211; RESOLVE EXONERAR, do Cargo em Comiss\u00e3o de CHEFE DO DEPARTAMENTO FINANCEIRO E CONCILIA\u00c7\u00c3O BANC\u00c1RIA, C\u00d3D: DAI da Secretaria Municipal de Finan\u00e7as, na Estrutura Organizacional do Poder Executivo, o Sr. JURANDI CARVALHO DE SOUSA<\/a><\/li>\n\t\t<li class=\"wsp-post\"><a href=\"https:\/\/saobernardo.ma.gov.br\/transparencia\/portarias\/portaria-no-602-2021-resolve-nomear-para-o-cargo-em-comissao-de-diretora-escolar-da-escola-municipal-professora-maria-de-lourdes-correia-lima-serra-vinculada-a-secretaria-municipal-de-educacao-c\/\">PORTARIA N\u00ba 602\/2021 &#8211; RESOLVE NOMEAR, para o Cargo em Comiss\u00e3o de DIRETORA ESCOLAR, da Escola Municipal Professora Maria de Lourdes Correia Lima Serra, vinculada \u00e0 Secretaria Municipal de Educa\u00e7\u00e3o, Ci\u00eancia e Tecnologia da Estrutura Organizacional do Poder Executivo, a Sra. MARIA LEONARA OLIVEIRA<\/a><\/li>\n\t\t<li class=\"wsp-post\"><a href=\"https:\/\/saobernardo.ma.gov.br\/transparencia\/portarias\/portaria-no-601-2021-resolve-nomear-para-o-cargo-em-comissao-de-assessor-de-gabinete-dai-da-prefeitura-municipal-de-sao-bernardo-da-estrutura-organizacional-do-poder-executivo-o-sr-luiz-soares\/\">PORTARIA N\u00ba 601\/2021 &#8211; RESOLVE NOMEAR, para o Cargo em Comiss\u00e3o de ASSESSOR DE GABINETE &#8211; DAI, da Prefeitura Municipal de S\u00e3o Bernardo da Estrutura Organizacional do Poder Executivo, o Sr. LUIZ SOARES MONTEIRO JUNIOR<\/a><\/li>\n\t\t<li class=\"wsp-post\"><a href=\"https:\/\/saobernardo.ma.gov.br\/transparencia\/portarias\/portaria-no-600-2021-resolve-nomear-para-o-cargo-em-comissao-de-chefe-de-departamento-de-frequencia-escolar-dai-da-secretaria-municipal-de-educacao-ciencia-e-tecnologia-semect-na-estrutura-org\/\">PORTARIA N\u00ba 600\/2021 &#8211; RESOLVE NOMEAR, para o Cargo em Comiss\u00e3o de CHEFE DE DEPARTAMENTO DE FREQUENCIA ESCOLAR &#8211; DAI da Secretaria Municipal de Educa\u00e7\u00e3o, Ci\u00eancia e Tecnologia &#8211; SEMECT na Estrutura Organizacional do Poder Executivo, o Sr. MARCIO VASCONCELOS GARCIA<\/a><\/li>\n\t\t<li class=\"wsp-post\"><a href=\"https:\/\/saobernardo.ma.gov.br\/transparencia\/portarias\/portaria-no-599-2021-resolve-nomear-para-o-cargo-em-comissao-de-assessor-de-gabinete-dai-do-gabinete-do-prefeito-vinculado-a-estrutura-organizacional-do-poder-executivo-o-sr-jose-dilson-farias\/\">PORTARIA N\u00ba 599\/2021 &#8211; RESOLVE NOMEAR, para o Cargo em Comiss\u00e3o de ASSESSOR DE GABINETE &#8211; DAI do Gabinete do Prefeito, vinculado a Estrutura Organizacional do Poder Executivo, o Sr. JOS\u00c9 DILSON FARIAS DE CARVALHO<\/a><\/li>\n\t\t<li class=\"wsp-post\"><a href=\"https:\/\/saobernardo.ma.gov.br\/transparencia\/portarias\/portaria-no-598-2021-resolve-nomear-para-exercer-o-cargo-em-comissao-de-assessora-de-gabinete-dai-da-prefeitura-municipal-de-sao-bernardo-a-senhora-valdiane-barbosa-lopes-de-freitas\/\">PORTARIA N\u00ba 598\/2021 &#8211; RESOLVE NOMEAR, para exercer o Cargo em Comiss\u00e3o de ASSESSORA DE GABINETE, &#8211; DAI da Prefeitura Municipal de S\u00e3o Bernardo, a senhora, VALDIANE BARBOSA LOPES DE FREITAS<\/a><\/li>\n\t\t<li class=\"wsp-post\"><a href=\"https:\/\/saobernardo.ma.gov.br\/transparencia\/portarias\/portaria-no-597-2021-resolve-nomear-para-exercer-o-cargo-em-comissao-de-coordenador-de-atividades-e-meio-dans-da-secretaria-municipal-de-educacao-ciencia-e-tecnologia-semecti-da-estr\/\">PORTARIA N\u00ba 597\/2021 &#8211; \u201d RESOLVE NOMEAR para exercer  o Cargo em comiss\u00e3o de COORDENADOR DE ATIVIDADES E MEIO &#8211; DANS, da Secretaria Municipal de Educa\u00e7\u00e3o, Ci\u00eancia e Tecnologia Semecti, da Estrutura organizacional, o Senhor CLAYTON SOUZA SILVA<\/a><\/li>\n\t\t<li class=\"wsp-post\"><a href=\"https:\/\/saobernardo.ma.gov.br\/transparencia\/portarias\/portaria-no-596-2021-dispoe-sobre-a-exoneracao-do-cargo-em-comissao-de-controlador-geral-do-municipio-dga-na-secretaria-municipal-de-administracao-da-estrutura-organizacional-do-poder-exe\/\">PORTARIA N\u00ba 596\/2021 &#8211; \u201cDISP\u00d5E SOBRE A EXONERA\u00c7\u00c3O DO CARGO EM COMISS\u00c3O DE CONTROLADOR GERAL DO MUNIC\u00cdPIO &#8211; DGA NA SECRETARIA MUNICIPAL DE ADMINISTRA\u00c7\u00c3O DA ESTRUTURA ORGANIZACIONAL DO PODER EXECUTIVO E D\u00c1 OUTRAS PROVID\u00caNCIAS.\u201d<\/a><\/li>\n\t\t<li class=\"wsp-post\"><a href=\"https:\/\/saobernardo.ma.gov.br\/transparencia\/portarias\/portaria-no-595-2021-resolve-nomear-para-exercer-o-cargo-em-comissao-de-coordenador-de-acompanhamento-e-fiscalizacao-de-obras-e-servicos-dans-da-secretaria-municipal-de-infraestrutura-e-servicos\/\">PORTARIA N\u00ba 595\/2021 &#8211; RESOLVE  NOMEAR, para exercer o Cargo em Comiss\u00e3o de COORDENADOR DE ACOMPANHAMENTO E FISCALIZA\u00c7\u00c3O DE OBRAS E SERVI\u00c7OS &#8211; DANS da Secretaria Municipal de Infraestrutura e Servi\u00e7os urbanos, vinculada a estrutura organizacional do Poder Executivo, o Sr. ANTONIO JO\u00c3O MARTINS LOPES<\/a><\/li>\n\t\t<li class=\"wsp-post\"><a href=\"https:\/\/saobernardo.ma.gov.br\/transparencia\/portarias\/portaria-no-594-2021-resolve-nomear-para-exercer-o-cargo-em-comissao-de-coordenadora-do-programa-farmacia-basica-da-secretaria-municipal-de-saude-na-estrutura-organizacional-do-poder-executivo-a\/\">PORTARIA N\u00ba 594\/2021 &#8211; RESOLVE NOMEAR, para exercer o Cargo em Comiss\u00e3o de COORDENADORA DO PROGRAMA FARM\u00c1CIA B\u00c1SICA, da Secretaria Municipal de Sa\u00fade, na estrutura organizacional do Poder Executivo, a Sra. FERNANDA ALANNA CARVALHO DA COSTA<\/a><\/li>\n\t\t<li class=\"wsp-post\"><a href=\"https:\/\/saobernardo.ma.gov.br\/transparencia\/portarias\/portaria-no-593-2021-resolve-nomear-para-exercer-o-cargo-em-comissao-do-orgao-de-execucao-instrumental-de-natureza-superior-dans-de-coordenadora-de-recursos-humanos-do-fundo-municipal-de-educacao\/\">PORTARIA N\u00ba 593\/2021 &#8211; RESOLVE NOMEAR, para exercer o Cargo em Comiss\u00e3o do \u00d3rg\u00e3o de Execu\u00e7\u00e3o Instrumental de Natureza Superior- DANS, de Coordenadora de Recursos Humanos do Fundo Municipal de Educa\u00e7\u00e3o, e Coordenadora Interina de Recursos Humanos da Secretaria Municipal de Administra\u00e7\u00e3o, a Sra. TH\u00c1TILA COSTA DOS SANTOS LIMA<\/a><\/li>\n\t\t<li class=\"wsp-post\"><a href=\"https:\/\/saobernardo.ma.gov.br\/transparencia\/portarias\/portaria-no-592-2021-resolve-nomear-para-exercer-o-cargo-em-comissao-de-chefe-de-departamento-administrativo-do-mercado-publico-dai-01-o-sr-bernardo-carvalho-almeida-filho\/\">PORTARIA N\u00ba 592\/2021- RESOLVE NOMEAR, para  exercer o Cargo em Comiss\u00e3o, DE CHEFE DE DEPARTAMENTO ADMINISTRATIVO DO MERCADO P\u00daBLICO, DAI 01 o Sr. BERNARDO CARVALHO ALMEIDA FILHO<\/a><\/li>\n\t\t<li class=\"wsp-post\"><a href=\"https:\/\/saobernardo.ma.gov.br\/transparencia\/portarias\/portaria-no-591-2021-dispoe-sobre-a-nomeacao-da-comissao-de-processo-administrativo-disciplinar-do-poder-executivo-municipal-de-sao-bernardo-e-da-outras-providencias\/\">PORTARIA N\u00ba 591\/2021- \u201cDISP\u00d5E SOBRE A NOMEA\u00c7\u00c3O DA COMISS\u00c3O DE PROCESSO ADMINISTRATIVO DISCIPLINAR DO PODER EXECUTIVO MUNICIPAL DE S\u00c3O BERNARDO E D\u00c1 OUTRAS PROVID\u00caNCIAS\u201d.<\/a><\/li>\n\t\t<li class=\"wsp-post\"><a href=\"https:\/\/saobernardo.ma.gov.br\/transparencia\/portarias\/portaria-no-590-2021-fica-revogada-a-portaria-no-576-de-05-de-abril-de-2021\/\">PORTARIA N\u00ba 590\/2021 &#8211; Fica revogada a Portaria n\u00ba 576, de 05 de abril de 2021<\/a><\/li>\n\t\t<li class=\"wsp-post\"><a href=\"https:\/\/saobernardo.ma.gov.br\/transparencia\/portarias\/portaria-no-589-2021-fica-revogada-a-portaria-no-575-de-05-de-abril-de-2021\/\">PORTARIA N\u00ba 589\/2021 &#8211; Fica revogada a Portaria n\u00ba 575, de 05 de abril de 2021<\/a><\/li>\n\t\t<li class=\"wsp-post\"><a href=\"https:\/\/saobernardo.ma.gov.br\/transparencia\/portarias\/portaria-no-588-2021-fica-revogada-a-portaria-no-573-de-05-de-abril-de-2021\/\">PORTARIA N\u00ba 588\/2021- Fica revogada a Portaria n\u00ba 573, de 05 de abril de 2021<\/a><\/li>\n\t\t<li class=\"wsp-post\"><a href=\"https:\/\/saobernardo.ma.gov.br\/transparencia\/portarias\/portaria-no-587-2021-fica-revogada-a-portaria-no-572-de-05-de-abril-de-2021\/\">PORTARIA N\u00ba 587\/2021- Fica revogada a Portaria n\u00ba 572, de 05 de abril de 2021<\/a><\/li>\n\t\t<li class=\"wsp-post\"><a href=\"https:\/\/saobernardo.ma.gov.br\/transparencia\/portarias\/portaria-no-586-2021-resolve-nomear-para-exercer-o-cargo-em-comissao-de-assessora-tecnica-administrativa-da-procuradoria-geral-do-municipio-a-sra-isabelle-santos-costa\/\">PORTARIA N\u00ba 586\/2021-RESOLVE NOMEAR, para exercer o cargo em Comiss\u00e3o de ASSESSORA T\u00c9CNICA ADMINISTRATIVA DA PROCURADORIA GERAL DO MUNIC\u00cdPIO, a Sra. ISABELLE SANTOS COSTA<\/a><\/li>\n\t\t<li class=\"wsp-post\"><a href=\"https:\/\/saobernardo.ma.gov.br\/transparencia\/portarias\/portaria-no585-2021-resolve-nomear-para-exercer-o-cargo-em-comissao-de-assessora-do-gabinete-do-prefeito-dai-i-vinculado-a-secretaria-municipal-de-administracao-a-sra-maria-de-jesus-teixeira-mar\/\">PORTARIA N\u00ba585\/2021- RESOLVE NOMEAR, para exercer o cargo em Comiss\u00e3o de ASSESSORA DO GABINETE DO PREFEITO- DAI I, VINCULADO A SECRETARIA MUNICIPAL DE ADMINISTRA\u00c7\u00c3O, a Sra. MARIA DE JESUS TEIXEIRA MARTINS<\/a><\/li>\n\t\t<li class=\"wsp-post\"><a href=\"https:\/\/saobernardo.ma.gov.br\/transparencia\/portarias\/portaria-no-584-2021-resolve-nomear-para-o-cargo-em-comissao-de-assessor-especial-da-prefeitura-municipal-de-sao-bernardo-vinculado-ao-poder-executivo-codigo-dai-i-o-sr-gildomar-farias-cardoso\/\">PORTARIA N\u00ba 584\/2021- RESOLVE NOMEAR, para o Cargo em Comiss\u00e3o de ASSESSOR ESPECIAL DA PREFEITURA MUNICIPAL DE S\u00c3O BERNARDO, VINCULADO AO PODER EXECUTIVO, C\u00d3DIGO DAI I o Sr. GILDOMAR FARIAS CARDOSO<\/a><\/li>\n\t\t<li class=\"wsp-post\"><a href=\"https:\/\/saobernardo.ma.gov.br\/transparencia\/portarias\/portaria-no-583-2021-resolve-nomear-para-o-cargo-em-comissao-de-coordenadora-do-programa-de-vigilancia-epidemiologica-do-programa-de-vigilancia-sanitaria-da-rede-municipal-de-saude-na-estrutura-or\/\">PORTARIA N\u00ba 583\/2021- RESOLVE NOMEAR, para o cargo em Comiss\u00e3o de COORDENADORA DO PROGRAMA DE VIGIL\u00c2NCIA EPIDEMIOL\u00d3GICA, DO PROGRAMA DE VIGIL\u00c2NCIA SANIT\u00c1RIA DA REDE MUNICIPAL DE SA\u00daDE, NA ESTRUTURA ORGANIZACIONAL DO PODER EXECUTIVO a Sra. LIVIA SILVA MONTEIRO<\/a><\/li>\n\t\t<li class=\"wsp-post\"><a href=\"https:\/\/saobernardo.ma.gov.br\/transparencia\/portarias\/portaria-no-582-2021-resolve-exonerar-a-pedido-do-cargo-efetivo-de-professor-o-sr-raimundo-nonato-nunes-da-silva\/\">PORTARIA N\u00ba 582\/2021-RESOLVE EXONERAR A PEDIDO, do cargo efetivo de PROFESSOR, o Sr. RAIMUNDO NONATO NUNES DA SILVA<\/a><\/li>\n\t\t<li class=\"wsp-post\"><a href=\"https:\/\/saobernardo.ma.gov.br\/transparencia\/portarias\/portaria-no-581-2021-resolve-nomear-para-exercer-o-cargo-em-comissao-de-assessor-especial-nivel-i-dans-o-sr-bernardo-antonio-dos-santos\/\">PORTARIA N\u00ba 581\/2021-RESOLVE NOMEAR para exercer o Cargo em comiss\u00e3o de ASSESSOR ESPECIAL NIVEL I- DANS o Sr. BERNARDO ANTONIO DOS SANTOS<\/a><\/li>\n\t\t<li class=\"wsp-post\"><a href=\"https:\/\/saobernardo.ma.gov.br\/transparencia\/portarias\/portaria-no-580-2021-resolve-exonerar-a-pedido-do-cargo-efetivo-de-agente-administrativo-rede-municipal-de-educacao-ciencia-e-tecnologia-a-sra-flavia-miranda-da-silva\/\">PORTARIA N\u00ba 580\/2021-RESOLVE EXONERAR, a pedido do Cargo efetivo de Agente Administrativo Rede municipal de Educa\u00e7\u00e3o, Ci\u00eancia e Tecnologia a Sra. FLAVIA MIRANDA DA SILVA<\/a><\/li>\n\t\t<li class=\"wsp-post\"><a href=\"https:\/\/saobernardo.ma.gov.br\/transparencia\/portarias\/portaria-no-579-2021-resolve-exonerar-a-pedido-do-cargo-efetivo-de-professor-efetivo-de-matematica-da-rede-municipal-de-educacao-o-sr-walter-luiz-carvalho-lima\/\">PORTARIA N\u00ba 579\/2021- RESOLVE EXONERAR, a pedido do cargo efetivo de Professor efetivo de matem\u00e1tica da Rede Municipal de Educa\u00e7\u00e3o, o Sr. WALTER LUIZ CARVALHO LIMA<\/a><\/li>\n\t\t<li class=\"wsp-post\"><a href=\"https:\/\/saobernardo.ma.gov.br\/transparencia\/portarias\/portaria-no-578-2021-resolve-nomear-para-exercer-o-cargo-em-comissao-de-coordenadora-de-programa-da-unidade-municipal-de-cadastro-umc-dai-na-secretaria-municipal-de-agricultura-pesca-e-pecuaria-n\/\">PORTARIA N\u00ba 578\/2021- RESOLVE NOMEAR  para exercer o Cargo em Comiss\u00e3o de COORDENADORA DE PROGRAMA DA UNIDADE MUNICIPAL DE CADASTRO- UMC, DAI na Secretaria Municipal de Agricultura, Pesca e Pecu\u00e1ria na Estrutura Organizacional do Poder executivo. A Senhora, EDNA CARLA DOS SANTOS<\/a><\/li>\n\t\t<li class=\"wsp-post\"><a href=\"https:\/\/saobernardo.ma.gov.br\/transparencia\/portarias\/portaria-no-577-2021-resolve-nomear-para-ocupar-o-cargo-de-membro-da-comissao-municipal-de-regularizacao-fundiaria-cmrf-de-que-trata-a-portaria-n-471-2019-o-sr-bernardo-edson-cor\/\">PORTARIA N\u00ba 577\/2021-  RESOLVE NOMEAR, para ocupar o cargo de Membro da Comiss\u00e3o Municipal de Regulariza\u00e7\u00e3o Fundi\u00e1ria \u2013 CMRF, de que trata a Portaria N\u00b0 471\/2019, o Sr. BERNARDO EDSON CORREIRA LIMA ARA\u00daJO J\u00daNIOR<\/a><\/li>\n\t\t<li class=\"wsp-post\"><a href=\"https:\/\/saobernardo.ma.gov.br\/transparencia\/portarias\/portaria-no576-2021-resolve-nomear-para-exercer-o-cargo-em-comissao-de-assessora-especial-nivel-ii-do-gabinete-do-prefeito-na-estrutura-organizacional-do-poder-executivo-o-senhor-nagila-dos-santos\/\">PORTARIA N\u00ba576\/2021- RESOLVE NOMEAR para exercer o Cargo em Comiss\u00e3o de ASSESSORA ESPECIAL N\u00cdVEL II do Gabinete do Prefeito, na Estrutura organizacional do Poder executivo o Senhor, NAGILA DOS SANTOS LOPES<\/a><\/li>\n\t\t<li class=\"wsp-post\"><a href=\"https:\/\/saobernardo.ma.gov.br\/transparencia\/portarias\/portaria-no-575-2021-resolve-nomear-para-o-cargo-em-comissao-de-assessora-especial-nivel-ii-do-gabinete-do-prefeito-na-estrutura-organizacional-do-poder-executivo-o-senhor-larice-carvalho-silva\/\">PORTARIA N\u00ba 575\/2021- RESOLVE NOMEAR para o Cargo em Comiss\u00e3o de ASSESSORA ESPECIAL N\u00cdVEL II do Gabinete do Prefeito, na Estrutura organizacional do Poder executivo o Senhor, LARICE CARVALHO SILVA<\/a><\/li>\n\t\t<li class=\"wsp-post\"><a href=\"https:\/\/saobernardo.ma.gov.br\/transparencia\/portarias\/portaria-no-574-2021-resolve-nomear-para-exercer-o-cargo-em-comissao-de-assessor-tecnico-administrativo-codigo-dai-01-do-gabinete-do-prefeito-na-estrutura-organizacional-do-poder-executivo-o-senho\/\">PORTARIA N\u00ba 574\/2021- RESOLVE NOMEAR para exercer o Cargo em Comiss\u00e3o de ASSESSOR T\u00c9CNICO ADMINISTRATIVO &#8211; c\u00f3digo DAI 01 do Gabinete do Prefeito, na Estrutura organizacional do Poder executivo o Senhor, DILVA DOS SANTOS SOUSA<\/a><\/li>\n\t\t<li class=\"wsp-post\"><a href=\"https:\/\/saobernardo.ma.gov.br\/transparencia\/portarias\/portaria-no-573-2021-resolve-nomear-para-exercer-o-cargo-em-comissao-de-assessor-de-especial-nivel-ii-codigo-das-ii-do-gabinete-do-prefeito-na-estrutura-organizacional-do-poder-executiv\/\">PORTARIA N\u00ba 573\/2021- RESOLVE NOMEAR para exercer o Cargo em comiss\u00e3o de ASSESSOR DE ESPECIAL NIVEL &#8211; II \u2013 c\u00f3digo DAS II, do Gabinete do Prefeito, na Estrutura organizacional do Poder executivo o Senhor, FRANCISCO ANTONIO SIRQUEIRA DE ARAUJO<\/a><\/li>\n\t\t<li class=\"wsp-post\"><a href=\"https:\/\/saobernardo.ma.gov.br\/transparencia\/portarias\/portaria-no-572-2021-resolve-nomear-para-exercer-o-cargo-em-comissao-de-assessor-de-especial-nivel-ii-codigo-das-ii-do-gabinete-do-prefeito-na-estrutura-organizacional-do-poder-executiv\/\">PORTARIA N\u00ba 572\/2021- RESOLVE NOMEAR para exercer o Cargo em comiss\u00e3o de ASSESSOR DE ESPECIAL NIVEL &#8211; II \u2013 c\u00f3digo DAS II, do Gabinete do Prefeito, na Estrutura organizacional do Poder executivo o Senhor, CLAUDIO JOS\u00c9 SILVA CAVALCANTE<\/a><\/li>\n\t\t<li class=\"wsp-post\"><a href=\"https:\/\/saobernardo.ma.gov.br\/transparencia\/portarias\/portaria-no-571-2021-resolve-nomear-para-exercer-o-cargo-em-comissao-de-controlador-geral-do-municipio-na-secretaria-municipal-de-administracao-semad-da-estrutura-organizacional-o-senhor-airton-fr\/\">PORTARIA N\u00ba 571\/2021- RESOLVE NOMEAR para exercer o Cargo em comiss\u00e3o de CONTROLADOR GERAL DO MUNIC\u00cdPIO, na Secretaria Municipal de Administra\u00e7\u00e3o-SEMAD, da Estrutura organizacional, o Senhor AIRTON FREIRE DE SOUSA<\/a><\/li>\n\t\t<li class=\"wsp-post\"><a href=\"https:\/\/saobernardo.ma.gov.br\/transparencia\/portarias\/portaria-no-570-2021-resolve-nomear-para-exercer-o-cargo-em-comissao-de-coordenacao-do-programa-creas-dai-01-da-secretaria-municipal-de-assistencia-social-a-senhora-elanne-mayara-de-andrad\/\">PORTARIA N\u00ba 570\/2021-RESOLVE NOMEAR para exercer o Cargo em Comiss\u00e3o de COORDENA\u00c7\u00c3O DO PROGRAMA CREAS \u2013 DAI 01, DA SECRETARIA MUNICIPAL DE ASSISTENCIA SOCIAL, a Senhora ELANNE MAYARA DE ANDRADE SILVA<\/a><\/li>\n\t\t<li class=\"wsp-post\"><a href=\"https:\/\/saobernardo.ma.gov.br\/transparencia\/portarias\/portaria-no-569-2021-resolve-nomear-para-exercer-o-cargo-em-comissao-de-coordenadora-de-vigilancia-em-saude-dans-na-secretaria-municipal-de-saude-do-municipio-de-sao-bernardo-a-senhora-graziela-marq\/\">PORTARIA N\u00ba 569\/2021-RESOLVE NOMEAR para exercer o Cargo em Comiss\u00e3o de COORDENADORA DE VIGILANCIA EM SA\u00daDE- DANS, NA SECRETARIA MUNICIPAL DE SA\u00daDE DO MUNICIPIO DE S\u00c3O BERNARDO a Senhora GRAZIELA MARQUES MORENO<\/a><\/li>\n\t\t<li class=\"wsp-post\"><a href=\"https:\/\/saobernardo.ma.gov.br\/transparencia\/portarias\/portaria-no-003-2021-semecti-dispoe-sobre-procedimentos-e-medidas-publicas-para-fins-de-prevencao-da-transmissao-da-covid-19-e-da-outras-providencias\/\">PORTARIA N\u00ba 003\/2021- SEMECTI  \u201cDISP\u00d5E SOBRE PROCEDIMENTOS E MEDIDAS P\u00daBLICAS PARA FINS DE PREVEN\u00c7\u00c3O DA TRANSMISS\u00c3O DA COVID-19, E D\u00c1 OUTRAS PROVID\u00caNCIAS\u201d<\/a><\/li>\n\t\t<li class=\"wsp-post\"><a href=\"https:\/\/saobernardo.ma.gov.br\/transparencia\/portarias\/portaria-no-002-2021-semecti-dispoe-sobre-o-recadastramento-dos-servidores-publicos-efetivos-da-educacao-do-municipio-de-sao-bernardo-ma-e-da-outras-providencias\/\">PORTARIA N\u00ba 002\/2021- SEMECTI \u201cDISP\u00d5E SOBRE O RECADASTRAMENTO DOS SERVIDORES P\u00daBLICOS EFETIVOS DA EDUCA\u00c7\u00c3O DO MUNIC\u00cdPIO DE S\u00c3O BERNARDO \u2013 MA E D\u00c1 OUTRAS PROVID\u00caNCIAS.<\/a><\/li>\n\t\t<li class=\"wsp-post\"><a href=\"https:\/\/saobernardo.ma.gov.br\/transparencia\/portarias\/portaria-no-568-2021-resolve-nomear-para-exercer-o-cargo-em-comissao-de-assessor-juridico-dans-da-secretaria-municipal-de-cidadania-e-direitos-humanos-o-servidor-leonardo-da-vicci-costa-mo\/\">PORTARIA N\u00ba 568\/2021-RESOLVE NOMEAR para exercer o Cargo em Comiss\u00e3o de ASSESSOR JUR\u00cdDICO \u2013 DANS, DA SECRETARIA MUNICIPAL DE CIDADANIA E DIREITOS HUMANOS, o Servidor LEONARDO DA VICCI COSTA MONTEIRO<\/a><\/li>\n\t\t<li class=\"wsp-post\"><a href=\"https:\/\/saobernardo.ma.gov.br\/transparencia\/portarias\/portaria-no-567-2021-resolve-nomear-para-exercer-o-cargo-em-comissao-de-chefe-de-departamento-de-junta-militar-da1-01-da-secretaria-municipal-de-cidadania-e-direitos-humanos-a-servidora-an\/\">PORTARIA N\u00ba 567\/2021-RESOLVE NOMEAR para exercer o Cargo em Comiss\u00e3o de CHEFE DE DEPARTAMENTO DE JUNTA MILITAR \u2013 DA1 01, DA SECRETARIA MUNICIPAL DE CIDADANIA E DIREITOS HUMANOS, a Servidora ANA CLAUDIA SOUSA DOS SANTOS<\/a><\/li>\n\t\t<li class=\"wsp-post\"><a href=\"https:\/\/saobernardo.ma.gov.br\/transparencia\/portarias\/portaria-no-566-2021-resolve-nomear-para-exercer-o-cargo-em-comissao-de-chefe-de-departamento-de-expedicao-do-registro-civil-da1-da-secretaria-municipal-de-cidadania-e-direitos-humanos-a-s\/\">PORTARIA N\u00ba 566\/2021-RESOLVE NOMEAR para exercer o Cargo em Comiss\u00e3o de CHEFE DE DEPARTAMENTO DE EXPEDI\u00c7\u00c3O DO REGISTRO CIVIL \u2013 DA1, DA SECRETARIA MUNICIPAL DE CIDADANIA E DIREITOS HUMANOS, a Servidora ROSANA SILVA SANTOS<\/a><\/li>\n\t\t<li class=\"wsp-post\"><a href=\"https:\/\/saobernardo.ma.gov.br\/transparencia\/portarias\/portaria-no565-2021-resolve-nomear-para-exercer-o-cargo-em-comissao-de-coordenador-de-chefe-de-departamento-de-expedicao-de-carteira-de-trabalho-da1-01-da-secretaria-municipal-de-cidadania\/\">PORTARIA N\u00ba565\/2021- RESOLVE NOMEAR para exercer o Cargo em Comiss\u00e3o de COORDENADOR DE CHEFE DE DEPARTAMENTO DE EXPEDI\u00c7\u00c3O DE CARTEIRA DE TRABALHO \u2013 DA1 01, DA SECRETARIA MUNICIPAL DE CIDADANIA E DIREITOS HUMANOS, o Servidor ANDR\u00c9 FILIPE PORTELA LIMA<\/a><\/li>\n\t\t<li class=\"wsp-post\"><a href=\"https:\/\/saobernardo.ma.gov.br\/transparencia\/portarias\/portaria-no-564-2021-resolve-nomear-para-exercer-o-cargo-em-comissao-de-coordenadora-de-promocao-da-igualdade-humana-e-expedicao-de-documentos-dans-na-secretaria-municipal-de-cidadania-e-di\/\">PORTARIA N\u00ba 564\/2021-RESOLVE NOMEAR para exercer o Cargo em Comiss\u00e3o de COORDENADORA DE PROMO\u00c7\u00c3O DA IGUALDADE HUMANA E EXPEDI\u00c7\u00c3O DE DOCUMENTOS \u2013 DANS, NA SECRETARIA MUNICIPAL DE CIDADANIA E DIREITOS HUMANOS, a Servidora JASSYANE SILVA CANDEIRA<\/a><\/li>\n\t\t<li class=\"wsp-post\"><a href=\"https:\/\/saobernardo.ma.gov.br\/transparencia\/portarias\/portaria-no563-2021-resolve-nomear-para-exercer-o-cargo-em-comissao-de-assessora-tecnica-administrativa-dai-01-na-secretaria-municipal-de-cidadania-e-direitos-humanos-a-servidora-ana-paul\/\">PORTARIA N\u00ba563\/2021- RESOLVE NOMEAR para exercer o Cargo em Comiss\u00e3o de ASSESSORA T\u00c9CNICA ADMINISTRATIVA \u2013 DAI 01, NA SECRETARIA MUNICIPAL DE CIDADANIA E DIREITOS HUMANOS, a Servidora ANA PAULA DE SOUSA ARAUJO<\/a><\/li>\n\t\t<li class=\"wsp-post\"><a href=\"https:\/\/saobernardo.ma.gov.br\/transparencia\/portarias\/portaria-no562-2021-resolve-nomear-para-exercer-o-cargo-em-comissao-de-coordenador-do-programa-nucleo-de-apoio-a-saude-da-familia-nasf-dai-na-secretaria-municipal-de-saude-semus-da-estrutura-o\/\">PORTARIA N\u00ba562\/2021- RESOLVE NOMEAR para exercer o Cargo em Comiss\u00e3o de COORDENADOR DO PROGRAMA N\u00daCLEO DE APOIO A SA\u00daDE DA FAM\u00cdLIA &#8211; NASF &#8211; DAI, NA SECRETARIA MUNICIPAL DE SA\u00daDE &#8211; SEMUS DA ESTRUTURA ORGANIZACIONAL, a Servidora SANDRA MARIA RIBEIRO DA SILVA<\/a><\/li>\n\t\t<li class=\"wsp-post\"><a href=\"https:\/\/saobernardo.ma.gov.br\/transparencia\/portarias\/portaria-no-561-2021-resolve-nomear-para-exercer-o-cargo-em-comissao-de-coordenador-do-programa-de-vigilancia-ambiental-dai-01-na-secretaria-municipal-de-saude-semus-da-estrutura-organizacional\/\">PORTARIA N\u00ba 561\/2021- RESOLVE NOMEAR para exercer o Cargo em comiss\u00e3o de COORDENADOR DO PROGRAMA DE VIGIL\u00c2NCIA AMBIENTAL &#8211; DAI 01, na Secretaria Municipal de Sa\u00fade -SEMUS da Estrutura organizacional, o Senhor FRANKLIN NELSON SILVA CASTRO<\/a><\/li>\n\t\t<li class=\"wsp-post\"><a href=\"https:\/\/saobernardo.ma.gov.br\/transparencia\/portarias\/portaria-no-560-2021-resolve-nomear-para-exercer-o-cargo-em-comissao-de-chefe-do-departamento-de-tombamento-de-bens-publicos-municipais-da-secretaria-municipal-de-administracao-publica-semad-da-estr\/\">PORTARIA N\u00ba 560\/2021-RESOLVE NOMEAR para exercer o Cargo em Comiss\u00e3o de CHEFE DO DEPARTAMENTO DE TOMBAMENTO DE BENS P\u00daBLICOS MUNICIPAIS DA SECRETARIA MUNICIPAL DE ADMINISTRA\u00c7\u00c3O P\u00daBLICA &#8211; SEMAD DA ESTRUTURA ORGANIZACIONAL, o Servidor ROBSON REGES DOS SANTOS ARAUJO<\/a><\/li>\n\t\t<li class=\"wsp-post\"><a href=\"https:\/\/saobernardo.ma.gov.br\/transparencia\/portarias\/portaria-no-559-2021-resolve-nomear-para-exercer-o-cargo-em-comissao-de-coordenadora-geral-do-departamento-de-enfermagem-do-hospital-municipal-felipe-jorge-das-01-da-secretaria-municipal-de-saude\/\">PORTARIA N\u00ba 559\/2021-RESOLVE NOMEAR para exercer o Cargo em Comiss\u00e3o de COORDENADORA GERAL DO DEPARTAMENTO DE ENFERMAGEM DO HOSPITAL MUNICIPAL FELIPE JORGE &#8211; DAS 01, da Secretaria Municipal de Sa\u00fade, a Servidora NO\u00c9LIA CRISTINA COELHO SANTOS<\/a><\/li>\n\t\t<li class=\"wsp-post\"><a href=\"https:\/\/saobernardo.ma.gov.br\/transparencia\/portarias\/portaria-no-558-2021-resolve-nomear-para-exercer-o-cargo-em-comissao-de-coordenador-de-gestao-e-fiscalizacao-ambiental-dans-o-senhor-edmilson-de-almeida-lima-junior\/\">PORTARIA N\u00ba 558\/2021- RESOLVE NOMEAR para exercer o cargo em comiss\u00e3o de COORDENADOR DE GEST\u00c3O E FISCALIZA\u00c7\u00c3O AMBIENTAL &#8211; DANS o Senhor EDMILSON DE ALMEIDA LIMA JUNIOR<\/a><\/li>\n\t\t<li class=\"wsp-post\"><a href=\"https:\/\/saobernardo.ma.gov.br\/transparencia\/portarias\/portaria-no-557-2021-resolve-nomear-para-exercer-o-cargo-em-comissao-de-coordenador-de-servicos-urbanos-dans-o-senhor-cleiton-saraiva-de-sousa-junior\/\">PORTARIA N\u00ba 557\/2021 RESOLVE &#8211; NOMEAR para exercer o cargo em comiss\u00e3o de COORDENADOR DE SERVI\u00c7OS URBANOS &#8211; DANS o Senhor CLEITON SARAIVA DE SOUSA JUNIOR<\/a><\/li>\n\t\t<li class=\"wsp-post\"><a href=\"https:\/\/saobernardo.ma.gov.br\/transparencia\/portarias\/portaria-no-556-2021-resolve-nomear-para-exercer-o-cargo-em-comissao-de-diretora-geral-dans-01-a-senhora-ana-maria-dos-reis-santos\/\">PORTARIA N\u00ba 556\/2021 RESOLVE &#8211; NOMEAR para exercer o cargo em comiss\u00e3o de DIRETORA GERAL \u2013 DANS 01, a Senhora ANA MARIA DOS REIS SANTOS<\/a><\/li>\n\t\t<li class=\"wsp-post\"><a href=\"https:\/\/saobernardo.ma.gov.br\/transparencia\/portarias\/portaria-no-555-2021-resolve-nomear-para-exercer-o-cargo-em-comissao-de-secretario-municipal-dga-o-senhor-gilberto-de-oliveira-marques\/\">PORTARIA N\u00ba 555\/2021 &#8211; RESOLVE NOMEAR para exercer o cargo em comiss\u00e3o de SECRET\u00c1RIO MUNICIPAL \u2013 DGA, o Senhor GILBERTO DE OLIVEIRA MARQUES<\/a><\/li>\n\t\t<li class=\"wsp-post\"><a href=\"https:\/\/saobernardo.ma.gov.br\/transparencia\/portarias\/portaria-no-554-2021-resolve-nomear-para-exercer-o-cargo-em-comissao-de-assessor-especial-nivel-i-dans-05-o-senhor-ronaldo-gomes-de-oliveira-sousa\/\">PORTARIA N\u00ba 554\/2021 RESOLVE NOMEAR para exercer o cargo em comiss\u00e3o de ASSESSOR ESPECIAL N\u00cdVEL I \u2013 DANS 05, o Senhor RONALDO GOMES DE OLIVEIRA SOUSA<\/a><\/li>\n\t\t<li class=\"wsp-post\"><a href=\"https:\/\/saobernardo.ma.gov.br\/transparencia\/portarias\/portaria-no-553-2021-resolve-nomear-para-exercer-o-cargo-em-comissao-de-chefe-do-departamento-de-cadastro-e-controle-a-senhora-luciana-pereira-silva-cunha\/\">PORTARIA N\u00ba 553\/2021 &#8211; RESOLVE NOMEAR para exercer o cargo em comiss\u00e3o de CHEFE DO DEPARTAMENTO DE CADASTRO E CONTROLE a Senhora LUCIANA PEREIRA SILVA CUNHA<\/a><\/li>\n\t\t<li class=\"wsp-post\"><a href=\"https:\/\/saobernardo.ma.gov.br\/transparencia\/portarias\/portaria-no-552-2021-resolve-nomear-para-exercer-o-cargo-em-comissao-de-secretario-municipal-de-esporte-e-juventude-dga-o-senhor-afranio-coelho-amorim\/\">PORTARIA N\u00ba 552\/2021 \u2013 RESOLVE NOMEAR para exercer o cargo em comiss\u00e3o de SECRET\u00c1RIO MUNICIPAL DE ESPORTE E JUVENTUDE \u2013 DGA, o Senhor AFRANIO COELHO AMORIM<\/a><\/li>\n\t\t<li class=\"wsp-post\"><a href=\"https:\/\/saobernardo.ma.gov.br\/transparencia\/portarias\/portaria-no-551-2021-resolve-nomear-para-o-cargo-em-comissao-de-coordeanador-do-programa-bolsa-familia-dans-01-da-secretaria-municipal-de-assistencia-social-da-estrutura-organizacional-do-poder-e\/\">PORTARIA N\u00ba 551\/2021 &#8211; RESOLVE NOMEAR para o Cargo em Comiss\u00e3o de COORDEANADOR DO PROGRAMA BOLSA FAM\u00cdLIA &#8211; DANS 01, da Secretaria Municipal de Assist\u00eancia Social da Estrutura Organizacional do Poder Executivo o Sr. DANYLO DA SILVA LIMA<\/a><\/li>\n\t\t<li class=\"wsp-post\"><a href=\"https:\/\/saobernardo.ma.gov.br\/transparencia\/portarias\/portaria-no-550-2021-resolve-exonerar-do-cargo-efetivo-de-professora-nivel-ii-da-secretaria-municipal-de-educacao-ciencia-e-tecnologia-da-estrutura-organizacional-do-poder-executivo-a-sra-gloriv\/\">PORTARIA N\u00ba 550\/2021 &#8211; RESOLVE EXONERAR do Cargo efetivo de PROFESSORA NIVEL II, Da Secretaria Municipal de Educa\u00e7\u00e3o, Ci\u00eancia e Tecnologia, da Estrutura organizacional do Poder Executivo a Sra. GLORIVONE FERREIRA DOS SANTOS<\/a><\/li>\n\t\t<li class=\"wsp-post\"><a href=\"https:\/\/saobernardo.ma.gov.br\/transparencia\/portarias\/portaria-no-549-2021-resolve-nomear-para-o-cargo-em-comissao-do-orgao-de-execucao-instrumental-programatica-dga-de-secretario-municipal-de-infraestrutura-e-servicos-urbanos-o-sr-antonio-bernard\/\">PORTARIA N\u00ba 549\/2021 &#8211; RESOLVE NOMEAR para o Cargo em comiss\u00e3o do \u00d3rg\u00e3o de Execu\u00e7\u00e3o Instrumental Program\u00e1tica &#8211; DGA, de Secretario Municipal de Infraestrutura e Servi\u00e7os Urbanos, o Sr. ANTONIO BERNARDO SILVA<\/a><\/li>\n\t\t<li class=\"wsp-post\"><a href=\"https:\/\/saobernardo.ma.gov.br\/transparencia\/portarias\/portaria-no-548-2021-resolve-nomear-para-o-cargo-em-comissao-de-secretario-municipal-de-cidadania-e-direitos-humanos-dga-1-da-estrutura-organizacional-o-sr-antonio-couto-meireles-neto\/\">PORTARIA N\u00ba 548\/2021 \u2013 RESOLVE NOMEAR para o Cargo em Comiss\u00e3o, de Secret\u00e1rio Municipal de Cidadania e Direitos Humanos &#8211; DGA-1 da Estrutura Organizacional o Sr. ANTONIO COUTO MEIRELES NETO<\/a><\/li>\n\t\t<li class=\"wsp-post\"><a href=\"https:\/\/saobernardo.ma.gov.br\/transparencia\/portarias\/portaria-no-547-2021-dispoe-sobre-a-nomeacao-do-cargo-em-comissao-de-chefe-do-departamento-de-regularizacao-territorial-municipal-da-estrutura-organizacional-do-poder-executivo-e-da-outras-providenc\/\">PORTARIA N\u00ba 547\/2021 &#8211; DISP\u00d5E SOBRE A NOMEA\u00c7\u00c3O DO CARGO EM COMISS\u00c3O DE CHEFE DO DEPARTAMENTO DE REGULARIZA\u00c7\u00c3O TERRITORIAL MUNICIPAL DA ESTRUTURA ORGANIZACIONAL DO PODER EXECUTIVO E D\u00c1 OUTRAS PROVID\u00caNCIAS. RESOLVE: NOMEAR para o Cargo em Comiss\u00e3o de CHEFE DO DEPARTAMENTO DE REGULARIZA\u00c7\u00c3O TERRITORIAL \u2013 DAI, da Secretaria Municipal de Administra\u00e7\u00e3o, o Servidor efetivo BERNARDO EDSON CORREIA LIMA ARAUJO JUNIOR<\/a><\/li>\n\t\t<li class=\"wsp-post\"><a href=\"https:\/\/saobernardo.ma.gov.br\/transparencia\/portarias\/portaria-no-546-2021-dispoe-sobre-a-nomeacao-do-cargo-em-comissao-de-chefe-do-departamento-do-diario-oficial-do-municipio-da-estrutura-organizacional-do-poder-executivo-e-da-outras-providencias-res\/\">PORTARIA N\u00ba 546\/2021 &#8211; DISP\u00d5E SOBRE A NOMEA\u00c7\u00c3O DO CARGO EM COMISS\u00c3O DE CHEFE DO DEPARTAMENTO DO DI\u00c1RIO OFICIAL DO MUNIC\u00cdPIO DA ESTRUTURA ORGANIZACIONAL DO PODER EXECUTIVO E D\u00c1 OUTRAS PROVID\u00caNCIAS. RESOLVE: Art. 1\u00ba &#8211; NOMEAR para o Cargo em Comiss\u00e3o, de Chefe do Departamento do di\u00e1rio Oficial do Munic\u00edpio DAI da estrutura organizacional a Sra. VALDEANE PESSOA DOS SANTOS<\/a><\/li>\n\t\t<li class=\"wsp-post\"><a href=\"https:\/\/saobernardo.ma.gov.br\/transparencia\/portarias\/portaria-no-538-de-27-de-janeiro-de-2021-dispoe-sobre-recadastramento-de-servidores-publicos-efetivos-da-secretaria-municipal-de-administracao-publica-de-sao-bernardo-ma-e-da-outras-provi\/\">PORTARIA N\u00ba 538, de 27 DE JANEIRO DE 2021.\u201cDISP\u00d5E SOBRE RECADASTRAMENTO DE SERVIDORES P\u00daBLICOS EFETIVOS DA SECRETARIA MUNICIPAL DE ADMINISTRA\u00c7\u00c3O P\u00daBLICA DE S\u00c3O BERNARDO &#8211; MA; E D\u00c1 OUTRAS PROVID\u00caNCIAS.\u201d<\/a><\/li>\n\t\t<li class=\"wsp-post\"><a href=\"https:\/\/saobernardo.ma.gov.br\/transparencia\/portarias\/portaria-no-537-21-de-janeiro-de-2021-dispoe-sobre-a-exoneracao-do-cargo-efetivo-de-professora-nivel-ii-da-rede-municipal-de-educacao-da-estrutura-organizacional-do-poder-executivo-e-da-outr\/\">PORTARIA N\u00ba 537, 21 DE JANEIRO DE 2021.\u201cDISP\u00d5E SOBRE A EXONERA\u00c7\u00c3O DO CARGO EFETIVO DE PROFESSORA NIVEL II DA REDE MUNICIPAL DE EDUCA\u00c7\u00c3O DA ESTRUTURA ORGANIZACIONAL DO PODER EXECUTIVO E D\u00c1 OUTRAS PROVID\u00caNCIAS\u201d.<\/a><\/li>\n\t\t<li class=\"wsp-post\"><a href=\"https:\/\/saobernardo.ma.gov.br\/transparencia\/portarias\/portaria-no-542-2021-institui-a-nomeacao-do-fiscal-de-contratos-que-envolvam-materiais-de-consumo-e-servicos-comuns-o-sr-izaniel-cutrim-bogea\/\">PORTARIA N\u00ba 542\/2021 &#8211; Institui a Nomea\u00e7\u00e3o do FISCAL DE CONTRATOS que envolvam materiais de consumo e servi\u00e7os comuns, o Sr. IZANIEL CUTRIM BOG\u00c9A.<\/a><\/li>\n\t\t<li class=\"wsp-post\"><a href=\"https:\/\/saobernardo.ma.gov.br\/transparencia\/portarias\/portaria-no-540-2022-institui-a-nomeacao-do-fiscal-de-contratos-que-envolvam-obras-publicas-o-sr-roberto-miranda-leite\/\">PORTARIA N\u00ba 540\/2021- Institui a Nomea\u00e7\u00e3o do FISCAL DE CONTRATOS que envolvam OBRAS P\u00daBLICAS, O SR. ROBERTO MIRANDA LEITE.<\/a><\/li>\n\t\t<li class=\"wsp-post\"><a href=\"https:\/\/saobernardo.ma.gov.br\/transparencia\/portarias\/portaria-no-536-19-de-janeiro-de-2021dispoe-sobre-a-nomeacao-do-cargo-em-comissao-de-procuradora-geral-da-estrutura-organizacional-do-poder-executivo-e-da-outras-providencias\/\">PORTARIA N\u00ba 536, 19 DE JANEIRO DE 2021\u201cDISP\u00d5E SOBRE A NOMEA\u00c7\u00c3O DO CARGO EM COMISS\u00c3O DE PROCURADORA GERAL DA ESTRUTURA ORGANIZACIONAL DO PODER EXECUTIVO E D\u00c1 OUTRAS PROVID\u00caNCIAS\u201d.<\/a><\/li>\n\t\t<li class=\"wsp-post\"><a href=\"https:\/\/saobernardo.ma.gov.br\/transparencia\/portarias\/portaria-no-543-de-04-de-janeiro-de-2021-dispoe-sobre-a-nomeacao-do-cargo-em-comissao-de-secretario-municipal-de-financas-da-estrutura-organizacional-do-poder-executivo-municipal-de-sao-be\/\">PORTARIA N\u00ba 543, DE 04 DE JANEIRO DE 2021. \u201cDISP\u00d5E SOBRE A NOMEA\u00c7\u00c3O DO CARGO EM COMISS\u00c3O DE SECRET\u00c1RIO MUNICIPAL DE FINAN\u00c7AS, DA ESTRUTURA ORGANIZACIONAL DO PODER EXECUTIVO MUNICIPAL DE S\u00c3O BERNARDO E D\u00c1 OUTRAS PROVID\u00caNCIAS.\u201d<\/a><\/li>\n\t\t<li class=\"wsp-post\"><a href=\"https:\/\/saobernardo.ma.gov.br\/transparencia\/portarias\/portaria-no-532-04-de-janeiro-de-2021-resolve-nomear-para-o-cargo-em-comissao-do-orgao-de-execucao-programatica-dga-se-secretario-municipal-de-financas-o-sr-francisco-das-chagas-carval\/\">PORTARIA N\u00ba 532, 04 DE JANEIRO DE 2021 &#8211; RESOLVE NOMEAR para o Cargo em Comiss\u00e3o do \u00d3rg\u00e3o de Execu\u00e7\u00e3o Program\u00e1tica \u2013 DGA, se Secret\u00e1rio Municipal de Finan\u00e7as, o Sr. FRANCISCO DAS CHAGAS CARVALHO<\/a><\/li>\n\t\t<li class=\"wsp-post\"><a href=\"https:\/\/saobernardo.ma.gov.br\/transparencia\/portarias\/portaria-n-542-04-de-janeiro-de-2021-dispoe-sobre-a-nomeacao-do-cargo-em-comissao-de-secretario-municipal-interino-de-infraestrutura-e-servicos-urbanos-e-da-estrutura-organizacional-do-pode\/\">Portaria n\u00b0 542, 04 de janeiro de 2021. &#8220;Disp\u00f5e sobre a nomea\u00e7\u00e3o do cargo em comiss\u00e3o de secret\u00e1rio municipal interino de infraestrutura e servi\u00e7os urbanos e  da estrutura organizacional do poder executivo municipal de S\u00e3o Bernardo&#8221;<\/a><\/li>\n\t\t<li class=\"wsp-post\"><a href=\"https:\/\/saobernardo.ma.gov.br\/transparencia\/portarias\/portaria-no-539-de-04-de-janeiro-de-2021-dispoe-sobre-a-nomeacao-do-cargo-em-comissao-de-secretario-municipal-de-saude-da-estrutura-organizacional-da-prefeitura-de-sao-bernado-e-da-outras-p\/\">PORTARIA N\u00ba 539, DE 04 DE JANEIRO DE 2021. \u201cDISP\u00d5E SOBRE A NOMEA\u00c7\u00c3O DO CARGO EM COMISS\u00c3O DE SECRET\u00c1RIO MUNICIPAL DE SA\u00daDE DA ESTRUTURA ORGANIZACIONAL DA PREFEITURA DE S\u00c3O BERNARDO E D\u00c1 OUTRAS PROVID\u00caNCIAS.\u201d<\/a><\/li>\n\t\t<li class=\"wsp-post\"><a href=\"https:\/\/saobernardo.ma.gov.br\/transparencia\/portarias\/portaria-no-544-de-04-de-janeiro-de-2021-dispoe-sobre-a-nomeacao-do-cargo-em-comissao-de-secretario-municipal-de-comunicacao-e-cultura-da-estrutura-organizacional-do-poder-executivo-municip\/\">PORTARIA N\u00ba 544, DE 04 DE JANEIRO DE 2021. \u201cDISP\u00d5E SOBRE A NOMEA\u00c7\u00c3O DO CARGO EM COMISS\u00c3O DE SECRET\u00c1RIO MUNICIPAL DE COMUNICA\u00c7\u00c3O E CULTURA DA ESTRUTURA ORGANIZACIONAL DO PODER EXECUTIVO MUNICIPAL DE S\u00c3O BERNARDO E D\u00c1 OUTRAS PROVID\u00caNCIAS.\u201d<\/a><\/li>\n\t\t<li class=\"wsp-post\"><a href=\"https:\/\/saobernardo.ma.gov.br\/transparencia\/portarias\/portaria-no-541-de-04-de-janeiro-de-2021-dispoe-sobre-a-nomeacao-do-cargo-em-comissao-de-secretario-municipal-do-meio-ambiente-da-estrutura-organizacional-do-poder-executivo-municipal-de-sao\/\">PORTARIA N\u00ba 541, DE 04 DE JANEIRO DE 2021.\u201cDISP\u00d5E SOBRE A NOMEA\u00c7\u00c3O DO CARGO EM COMISS\u00c3O DE SECRET\u00c1RIO MUNICIPAL DO MEIO AMBIENTE DA ESTRUTURA ORGANIZACIONAL DO PODER EXECUTIVO MUNICIPAL DE S\u00c3O BERNARDO E D\u00c1 OUTRAS PROVID\u00caNCIAS.\u201d<\/a><\/li>\n\t\t<li class=\"wsp-post\"><a href=\"https:\/\/saobernardo.ma.gov.br\/transparencia\/portarias\/portaria-no-540-de-04-de-janeiro-de-2021-dispoe-sobre-a-nomeacao-do-cargo-em-comissao-de-secretario-municipal-de-educacao-ciencia-e-tecnologia-semect-da-estrutura-organizacional-do-poder\/\">PORTARIA N\u00ba 540, DE 04 DE JANEIRO DE 2021.\u201cDISP\u00d5E SOBRE A NOMEA\u00c7\u00c3O DO CARGO EM COMISS\u00c3O DE SECRET\u00c1RIO MUNICIPAL DE EDUCA\u00c7\u00c3O, CI\u00caNCIA E TECNOLOGIA &#8211; SEMECT DA ESTRUTURA ORGANIZACIONAL DO PODER EXECUTIVO MUNICIPAL DE S\u00c3O BERNARDO E D\u00c1 OUTRAS PROVID\u00caNCIAS.\u201d<\/a><\/li>\n\t\t<li class=\"wsp-post\"><a href=\"https:\/\/saobernardo.ma.gov.br\/transparencia\/portarias\/portaria-n-545-04-de-janeiro-de-2021-dispoe-sobre-a-nomeacao-do-cargo-em-comissao-de-secretario-municipal-de-administracao-da-estrutura-organizacional-do-poder-executivo-municipal-de-sao-ber\/\">Portaria n\u00b0 545, 04 de janeiro de 2021. &#8220;Disp\u00f5e sobre a nomea\u00e7\u00e3o do cargo em comiss\u00e3o de secret\u00e1rio municipal de administra\u00e7\u00e3o da estrutura organizacional do poder executivo municipal de S\u00e3o Bernardo&#8221;<\/a><\/li>\n\t\t<li class=\"wsp-post\"><a href=\"https:\/\/saobernardo.ma.gov.br\/transparencia\/portarias\/portaria-no-532-04-de-janeiro-de-2021-dispoe-sobre-a-nomeacao-do-cargo-em-comissao-de-secretario-municipal-de-financas-da-estrutura-organizacional-do-poder-executivo-e-da-outras-providencia\/\">PORTARIA N\u00ba 532, 04 DE JANEIRO DE 2021. \u201cDISP\u00d5E SOBRE A NOMEA\u00c7\u00c3O DO CARGO EM COMISS\u00c3O DE SECRET\u00c1RIO MUNICIPAL DE FINAN\u00c7AS DA ESTRUTURA ORGANIZACIONAL DO PODER EXECUTIVO E D\u00c1 OUTRAS PROVID\u00caNCIAS\u201d.<\/a><\/li>\n\t\t<li class=\"wsp-post\"><a href=\"https:\/\/saobernardo.ma.gov.br\/transparencia\/portarias\/portaria-no-531-04-de-janeiro-de-2021-dispoe-sobre-a-exoneracao-do-cargo-em-comissao-de-tesoureiro-da-secretaria-municipal-de-financas-do-poder-executivo-e-da-outras-providencias\/\">PORTARIA N\u00ba 531, 04 DE JANEIRO DE 2021.\u201cDISP\u00d5E SOBRE A EXONERA\u00c7\u00c3O DO CARGO EM COMISS\u00c3O DE TESOUREIRO DA SECRETARIA MUNICIPAL DE FINAN\u00c7AS DO PODER EXECUTIVO E D\u00c1 OUTRAS PROVID\u00caNCIAS\u201d<\/a><\/li>\n\t\t<li class=\"wsp-post\"><a href=\"https:\/\/saobernardo.ma.gov.br\/transparencia\/portarias\/portaria-no-530-04-de-janeiro-de-2021-dispoe-sobre-a-exoneracao-de-coordenador-de-recursos-humanos-da-secretaria-municipal-de-administracao-do-poder-executivo-e-da-outras-providencias\/\">PORTARIA N\u00ba 530 04 DE JANEIRO DE 2021.\u201c DISP\u00d5E SOBRE A EXONERA\u00c7\u00c3O DE COORDENADOR DE RECURSOS HUMANOS DA SECRETARIA MUNICIPAL DE ADMINISTRA\u00c7\u00c3O DO PODER EXECUTIVO E D\u00c1 OUTRAS PROVID\u00caNCIAS\u201d.<\/a><\/li>\n\t\t<li class=\"wsp-post\"><a href=\"https:\/\/saobernardo.ma.gov.br\/transparencia\/portarias\/portaria-no-529-04-de-janeiro-de-2021-dispoe-sobre-a-exoneracao-do-cargo-de-procurador-geral-do-municipio-da-secretaria-municipal-de-administracao-poder-executivo-e-da-outras-providencias\/\">PORTARIA N\u00ba 529, 04 DE JANEIRO DE 2021. \u201cDISP\u00d5E SOBRE A EXONERA\u00c7\u00c3O DO CARGO DE PROCURADOR GERAL DO MUNIC\u00cdPIO DA SECRETARIA MUNICIPAL DE ADMINISTRA\u00c7\u00c3O PODER EXECUTIVO E D\u00c1 OUTRAS PROVID\u00caNCIAS\u201d.<\/a><\/li>\n\t\t<li class=\"wsp-post\"><a href=\"https:\/\/saobernardo.ma.gov.br\/transparencia\/portarias\/portaria-no-534-04-de-janeiro-de-2021-dispoe-sobre-a-nomeacao-do-cargo-em-comissao-de-tesoureiro-geral-da-secretaria-municipal-de-financas-da-estrutura-organizacional-do-poder-executivo-e-da\/\">PORTARIA N\u00ba 534, 04 DE JANEIRO DE 2021.\u201cDISP\u00d5E SOBRE A NOMEA\u00c7\u00c3O DO CARGO EM COMISS\u00c3O DE TESOUREIRO GERAL DA SECRETARIA MUNICIPAL DE FINAN\u00c7AS DA ESTRUTURA ORGANIZACIONAL DO PODER EXECUTIVO E D\u00c1 OUTRAS PROVID\u00caNCIAS\u201d.<\/a><\/li>\n\t\t<li class=\"wsp-post\"><a href=\"https:\/\/saobernardo.ma.gov.br\/transparencia\/portarias\/portaria-no-535-de-04-de-janeiro-de-2021-dispoe-sobre-a-nomeacao-dos-membros-para-comporem-a-comissao-permanente-de-licitacao-e-o-pregoeiro-do-municipio-com-atribuicoes-no-exercicio-finan\/\">PORTARIA N\u00ba 535, DE 04 DE JANEIRO DE 2021.  \u201cDISP\u00d5E SOBRE A NOMEA\u00c7\u00c3O DOS MEMBROS PARA COMPOREM A COMISS\u00c3O PERMANENTE DE LICITA\u00c7\u00c3O E O PREGOEIRO DO MUNIC\u00cdPIO, COM ATRIBUI\u00c7\u00d5ES NO EXERC\u00cdCIO FINANCEIRO DE 2021, E D\u00c1 OUTRAS PROVID\u00caNCIAS\u201d.<\/a><\/li>\n\t\t<li class=\"wsp-post\"><a href=\"https:\/\/saobernardo.ma.gov.br\/transparencia\/portarias\/portaria-no-528-de-22-de-outubro-de-2020-dispoe-sobre-a-nomeacao-do-cargo-em-comissao-de-secretario-municipal-interino-de-infraestrutura-e-servicos-urbanos-e-da-estrutura-organizacional-da\/\">PORTARIA N\u00ba 528, DE 22 DE OUTUBRO DE 2020. \u201cDISP\u00d5E SOBRE A NOMEA\u00c7\u00c3O DO CARGO EM COMISS\u00c3O DE SECRET\u00c1RIO MUNICIPAL INTERINO DE INFRAESTRUTURA E SERVI\u00c7OS URBANOS E DA ESTRUTURA ORGANIZACIONAL DA PREFEITURA DE S\u00c3O BERNARDO E D\u00c1 OUTRAS PROVID\u00caNCIAS.<\/a><\/li>\n\t\t<li class=\"wsp-post\"><a href=\"https:\/\/saobernardo.ma.gov.br\/transparencia\/portarias\/portaria-no-527-de-06-de-outubro-de-2020-dispoe-sobre-a-nomeacao-em-cargo-em-comissao-de-assessor-especial-nivel-i-do-gabinete-do-prefeito-orgao-de-direcao-e-assessoramento-superior-do-po\/\">PORTARIA N\u00ba 527, DE 06 DE OUTUBRO DE 2020.\u201cDISP\u00d5E SOBRE A NOMEA\u00c7\u00c3O EM CARGO EM COMISS\u00c3O DE ASSESSOR ESPECIAL NIVEL I, DO GABINETE DO PREFEITO- \u00d3RG\u00c3O DE DIRE\u00c7\u00c3O E ASSESSORAMENTO SUPERIOR, DO PODER EXECUTIVO MUNICIPAL E D\u00c1 OUTRAS PROVID\u00caNCIAS\u201d.<\/a><\/li>\n\t\t<li class=\"wsp-post\"><a href=\"https:\/\/saobernardo.ma.gov.br\/transparencia\/portarias\/portaria-no-526-de-23-de-setembro-de-2020-dispoe-sobre-a-exoneracao-do-cargo-em-comissao-de-diretora-adjunta-da-escola-municipal-conego-nestor-de-carvalho-cunha-da-secretaria-municipal-de\/\">PORTARIA N\u00ba 526, DE 23 DE SETEMBRO DE 2020. \u201cDISP\u00d5E SOBRE A EXONERA\u00c7\u00c3O DO CARGO EM COMISS\u00c3O DE DIRETORA ADJUNTA DA ESCOLA MUNICIPAL C\u00d4NEGO NESTOR DE CARVALHO CUNHA, DA SECRETARIA MUNICIPAL DE EDUCA\u00c7\u00c3O SEMECTI &#8211; \u00d3RG\u00c3O DE EXECU\u00c7\u00c3O INSTRUMENTAL E ATUA\u00c7\u00c3O PROGRAM\u00c1TICA DO PODER EXECUTIVO MUNICIPAL E D\u00c1 OUTRAS PROVID\u00caNCIAS\u201d.<\/a><\/li>\n\t\t<li class=\"wsp-post\"><a href=\"https:\/\/saobernardo.ma.gov.br\/transparencia\/portarias\/portaria-no-525-de-18-de-setembro-de-2020-dispoe-sobre-a-exoneracao-do-cargo-em-comissao-de-secretario-municipal-de-infra-estrutura-e-servicos-urbanos-da-estrutura-organizacional-do-poder-e\/\">PORTARIA N\u00ba 525, DE 18 DE SETEMBRO DE 2020.\u201cDISP\u00d5E SOBRE A EXONERA\u00c7\u00c3O DO CARGO EM COMISS\u00c3O DE SECRETARIO MUNICIPAL DE INFRA ESTRUTURA E SERVI\u00c7OS URBANOS, DA ESTRUTURA ORGANIZACIONAL DO PODER EXECUTIVO MUNICIPAL E D\u00c1 OUTRAS PROVID\u00caNCIAS\u201d.<\/a><\/li>\n\t\t<li class=\"wsp-post\"><a href=\"https:\/\/saobernardo.ma.gov.br\/transparencia\/portarias\/portaria-n-523-de-09-de-setembro-de-2020-dispoe-sobre-a-exoneracao-do-cargo-em-comissao-de-secretario-interino-da-secretaria-municipal-de-agricultura-pesca-e-pecuaria-do-poder-executivo\/\">Portaria N\u00b0 523, de 09 de Setembro de 2020. Disp\u00f5e sobre a exonera\u00e7\u00e3o do cargo em comiss\u00e3o de secret\u00e1rio interino da secretaria municipal de agricultura, pesca e pecu\u00e1ria do poder executivo.<\/a><\/li>\n\t\t<li class=\"wsp-post\"><a href=\"https:\/\/saobernardo.ma.gov.br\/transparencia\/portarias\/portaria-no-522-08-de-setembro-de-2020-dispoe-sobre-a-cessao-de-servidor-publico-municipal-do-poder-executivo-municipal-e-da-outras-providencias\/\">PORTARIA N\u00ba 522, 08 DE SETEMBRO DE 2020. \u201cDISP\u00d5E SOBRE A CESS\u00c3O DE SERVIDOR P\u00daBLICO MUNICIPAL DO PODER EXECUTIVO MUNICIPAL E D\u00c1 OUTRAS PROVID\u00caNCIAS.\u201d<\/a><\/li>\n\t\t<li class=\"wsp-post\"><a href=\"https:\/\/saobernardo.ma.gov.br\/transparencia\/portarias\/portaria-n-519-de-21-de-agosto-de-2020-dispoe-sobre-a-nomeacao-do-cargo-em-comissao-de-secretario-municipal-de-infra-estrutura-do-poder-executivo-municipal-e-da-outras-providencias\/\">Portaria N\u00b0 519, de 21 de Agosto de 2020. Disp\u00f5e sobre a nomea\u00e7\u00e3o do cargo em comiss\u00e3o de secret\u00e1rio municipal de infra estrutura do poder executivo municipal e d\u00e1 outras provid\u00eancias.<\/a><\/li>\n\t\t<li class=\"wsp-post\"><a href=\"https:\/\/saobernardo.ma.gov.br\/transparencia\/portarias\/portaria-no-519-13-de-agosto-de-2020-dispoe-sobre-a-exoneracao-de-assessora-de-gabinete-da-secretaria-municipal-de-administracao-do-poder-executivo-e-da-outras-providencias\/\">PORTARIA N\u00ba 520, 13 DE AGOSTO DE 2020.  \u201cDISP\u00d5E SOBRE A EXONERA\u00c7\u00c3O DE ASSESSORA DE GABINETE DA SECRETARIA MUNICIPAL DE ADMINISTRA\u00c7\u00c3O DO PODER EXECUTIVO E D\u00c1 OUTRAS PROVID\u00caNCIAS\u201d.<\/a><\/li>\n\t\t<li class=\"wsp-post\"><a href=\"https:\/\/saobernardo.ma.gov.br\/transparencia\/portarias\/portaria-cpad-n-003-de-08-de-julho-de-2020-o-presidente-da-comissao-de-processo-administrativo-disciplinar-nomeado-pela-portaria-n-491-de-11-de-marco-de-2020\/\">Portaria CPAD N\u00b0 003, de 08 de Julho de 2020.O presidente da comiss\u00e3o de Processo Administrativo Disciplinar, nomeado pela Portaria n\u00b0 491. de 11 de Mar\u00e7o de 2020.<\/a><\/li>\n\t\t<li class=\"wsp-post\"><a href=\"https:\/\/saobernardo.ma.gov.br\/transparencia\/portarias\/portaria-n-518-de-03-de-junho-de-2020-dispoe-sobre-a-exoneracao-do-cargo-em-comissao-de-gestor-adjunto-da-secretaria-municipal-de-administracao\/\">Portaria N\u00b0 518, de 03 de Junho de 2020. &#8220;Disp\u00f5e sobre a exonera\u00e7\u00e3o do cargo em comiss\u00e3o de gestor adjunto da secretaria municipal de administra\u00e7\u00e3o&#8221;.<\/a><\/li>\n\t\t<li class=\"wsp-post\"><a href=\"https:\/\/saobernardo.ma.gov.br\/transparencia\/portarias\/portaria-n-517-de-03-de-junho-de-2020-dispoe-sobre-a-exoneracao-do-cargo-em-comissao-de-inspetora-escolar-da-secretaria-municipal-de-educacao-ciencia-e-tecnologia\/\">Portaria N\u00b0 517, de 03 de Junho de 2020. &#8220;Disp\u00f5e sobre a exonera\u00e7\u00e3o do cargo em comiss\u00e3o de inspetora escolar da secretaria municipal de educa\u00e7\u00e3o, ci\u00eancia e tecnologia&#8221;.<\/a><\/li>\n\t\t<li class=\"wsp-post\"><a href=\"https:\/\/saobernardo.ma.gov.br\/transparencia\/portarias\/portaria-n-516-de-03-de-junho-de-2020-dispoe-sobre-a-exoneracao-do-cargo-em-comissao-de-assessor-de-gabinete-da-secretaria-municipal-de-administracao\/\">Portaria N\u00b0 516, de 03 de Junho de 2020. &#8220;Disp\u00f5e sobre a exonera\u00e7\u00e3o do cargo em comiss\u00e3o de assessor de gabinete da secretaria municipal de administra\u00e7\u00e3o&#8221;.<\/a><\/li>\n\t\t<li class=\"wsp-post\"><a href=\"https:\/\/saobernardo.ma.gov.br\/transparencia\/portarias\/portaria-n-515-de-03-de-junho-de-2020-dispoe-sobre-a-exoneracao-do-cargo-em-comissao-de-assessor-de-gabinete-da-secretaria-municipal-de-educacao-ciencia-e-tecnologia\/\">Portaria N\u00b0 515, de 03 de Junho de 2020. &#8220;Disp\u00f5e sobre a exonera\u00e7\u00e3o do cargo em comiss\u00e3o de chefe de departamento da secretaria municipal de educa\u00e7\u00e3o, ci\u00eancia e tecnologia&#8221;.<\/a><\/li>\n\t\t<li class=\"wsp-post\"><a href=\"https:\/\/saobernardo.ma.gov.br\/transparencia\/portarias\/portaria-n-512-de-03-de-junho-de-2020-dispoe-sobre-a-exoneracao-do-cargo-de-gestora-escolar-da-secretaria-municipal-de-educacao-ciencia-e-tecnologia\/\">Portaria N\u00b0 512, de 03 de Junho de 2020. &#8220;Disp\u00f5e sobre a exonera\u00e7\u00e3o do cargo de gestora escolar da secretaria municipal de educa\u00e7\u00e3o, ci\u00eancia e tecnologia&#8221;.<\/a><\/li>\n\t\t<li class=\"wsp-post\"><a href=\"https:\/\/saobernardo.ma.gov.br\/transparencia\/portarias\/portaria-n-514-de-03-de-junho-de-2020-dispoe-sobre-a-exoneracao-do-cargo-em-comissao-do-cargo-em-comissao-de-assessor-de-gabinete-da-secretaria-municipal-de-administracao-do-poder-executivo\/\">Portaria N\u00b0 514, de 03 de Junho de 2020. &#8220;Disp\u00f5e sobre a exonera\u00e7\u00e3o do cargo em comiss\u00e3o de assessor de gabinete da secretaria municipal de administra\u00e7\u00e3o do poder executivo municipal&#8221;.<\/a><\/li>\n\t\t<li class=\"wsp-post\"><a href=\"https:\/\/saobernardo.ma.gov.br\/transparencia\/portarias\/portaria-n-513-de-03-de-junho-de-2020-dispoe-sobre-a-exoneracao-do-cargo-em-comissao-do-cargo-em-comissao-de-assessor-de-gabinete-da-secretaria-municipal-de-administracao-do-poder-executivo\/\">Portaria N\u00b0 513, de 03 de Junho de 2020. &#8220;Disp\u00f5e sobre a exonera\u00e7\u00e3o do cargo em comiss\u00e3o de assessor de gabinete da secretaria municipal de administra\u00e7\u00e3o do poder executivo municipal&#8221;.<\/a><\/li>\n\t\t<li class=\"wsp-post\"><a href=\"https:\/\/saobernardo.ma.gov.br\/transparencia\/portarias\/portaria-n-511-de-03-de-junho-de-2020-dispoe-sobre-a-exoneracao-do-cargo-em-comissao-de-coordenador-pedagogico-da-secretaria-municipal-de-educacao-ciencia-e-tecnologia\/\">Portaria N\u00b0 511, de 03 de Junho de 2020. &#8220;Disp\u00f5e sobre a exonera\u00e7\u00e3o do cargo em comiss\u00e3o de coordenador pedag\u00f3gico, da secretaria municipal de educa\u00e7\u00e3o, ci\u00eancia e tecnologia&#8221;.<\/a><\/li>\n\t\t<li class=\"wsp-post\"><a href=\"https:\/\/saobernardo.ma.gov.br\/transparencia\/portarias\/portaria-n-520-03-de-junho-de-2020-dispoe-sobre-a-exoneracao-do-cargo-em-comissao-de-assessora-tecnica-da-secretaria-municipal-de-cultura-do-poder-executivo-municipal\/\">Portaria N\u00b0 520, 03 de Junho de 2020. Disp\u00f5e sobre a exonera\u00e7\u00e3o do cargo em comiss\u00e3o de assessora t\u00e9cnica da secretaria municipal de cultura do poder executivo municipal.<\/a><\/li>\n\t\t<li class=\"wsp-post\"><a href=\"https:\/\/saobernardo.ma.gov.br\/transparencia\/portarias\/portaria-n-519-03-de-junho-de-2020-dispoe-sobre-a-exoneracao-do-cargo-em-comissao-assessor-de-gabinete-da-secretaria-municipal-de-administracao\/\">Portaria n\u00b0 519, 03 de Junho de 2020. Disp\u00f5e sobre a exonera\u00e7\u00e3o do cargo em comiss\u00e3o assessor de gabinete da secretaria municipal de administra\u00e7\u00e3o<\/a><\/li>\n\t\t<li class=\"wsp-post\"><a href=\"https:\/\/saobernardo.ma.gov.br\/transparencia\/portarias\/portaria-n-510-de-03-de-junho-de-2020-dispoe-sobre-a-exoneracao-do-cargo-comissao-de-assessora-de-gabinete-da-secretaria-municipal-de-administracao-do-poder-executivo\/\">Portaria N\u00b0 510, de 03 de Junho de 2020. &#8220;Disp\u00f5e sobre a exonera\u00e7\u00e3o do cargo comiss\u00e3o de assessora de gabinete da secretaria municipal de administra\u00e7\u00e3o do poder executivo.<\/a><\/li>\n\t\t<li class=\"wsp-post\"><a href=\"https:\/\/saobernardo.ma.gov.br\/transparencia\/portarias\/portaria-n-509-de-03-de-junho-de-2020-dispoe-sobre-a-exoneracao-do-cargo-de-coordenador-pedagogico-da-secretaria-municipal-de-educacao-ciencia-e-tecnologia\/\">Portaria N\u00b0 509, de 03 de Junho de 2020. &#8220;Disp\u00f5e sobre a exonera\u00e7\u00e3o do cargo de coordenador pedag\u00f3gico da secretaria municipal de educa\u00e7\u00e3o, ci\u00eancia e tecnologia&#8221;.<\/a><\/li>\n\t\t<li class=\"wsp-post\"><a href=\"https:\/\/saobernardo.ma.gov.br\/transparencia\/portarias\/portaria-n-508-de-03-de-junho-de-2020-dispoe-sobre-a-exoneracao-do-cargo-em-comissao-de-gestora-escolar-adjunta-da-secretaria-municipal-de-educacao-ciencia-e-tecnologia\/\">Portaria N\u00b0 508, de 03 de Junho de 2020. &#8220;Disp\u00f5e sobre a exonera\u00e7\u00e3o do cargo em comiss\u00e3o de gestora escolar adjunta da secretaria municipal de educa\u00e7\u00e3o, ci\u00eancia e tecnologia&#8221;.<\/a><\/li>\n\t\t<li class=\"wsp-post\"><a href=\"https:\/\/saobernardo.ma.gov.br\/transparencia\/portarias\/portaria-no-506-de-01-de-junho-de-2020-resolve-nomear-para-o-cargo-em-comissao-do-orgao-de-execucao-programatica-dga-se-secretario-municipal-de-financas-o-sr-francisco-das-chagas-carv\/\">PORTARIA N\u00ba 506 DE 01 DE JUNHO DE 2020 &#8211;  RESOLVE  NOMEAR para o Cargo em Comiss\u00e3o do \u00d3rg\u00e3o de Execu\u00e7\u00e3o Program\u00e1tica \u2013 DGA, se Secret\u00e1rio Municipal de Finan\u00e7as, o Sr. FRANCISCO DAS CHAGAS CARVALHO<\/a><\/li>\n\t\t<li class=\"wsp-post\"><a href=\"https:\/\/saobernardo.ma.gov.br\/transparencia\/portarias\/portaria-no-507-de-01-de-junho-de-2020-dispoe-sobre-a-nomeacao-do-cargo-em-comissao-de-secretario-interino-de-infra-estrutura-e-servicos-urbanos-da-estrutura-organizacional-do-poder-execut\/\">PORTARIA N\u00ba 507, DE 01 DE JUNHO DE 2020. \u201cDISP\u00d5E SOBRE A NOMEA\u00c7\u00c3O DO CARGO EM COMISS\u00c3O DE SECRETARIO INTERINO DE INFRA ESTRUTURA E SERVI\u00c7OS URBANOS, DA ESTRUTURA ORGANIZACIONAL DO PODER EXECUTIVO MUNICIPAL E D\u00c1 OUTRAS PROVID\u00caNCIAS\u201d.<\/a><\/li>\n\t\t<li class=\"wsp-post\"><a href=\"https:\/\/saobernardo.ma.gov.br\/transparencia\/portarias\/portaria-no-505-de-01-de-junho-de-2020-dispoe-sobre-a-exoneracao-do-cargo-em-comissao-de-secretario-municipal-de-financas-da-estrutura-organizacional-do-poder-executivo-municipal-e-da-outr\/\">PORTARIA N\u00ba 505, DE 01 DE JUNHO DE 2020. \u201cDISP\u00d5E SOBRE A EXONERA\u00c7\u00c3O DO CARGO EM COMISS\u00c3O DE SECRETARIO MUNICIPAL DE FINAN\u00c7AS, DA ESTRUTURA ORGANIZACIONAL DO PODER EXECUTIVO MUNICIPAL E D\u00c1 OUTRAS PROVID\u00caNCIAS\u201d.<\/a><\/li>\n\t\t<li class=\"wsp-post\"><a href=\"https:\/\/saobernardo.ma.gov.br\/transparencia\/portarias\/portaria-no-506-de-01-de-junho-de-2020-dispoe-sobre-a-nomeacao-do-cargo-em-comissao-de-secretario-municipal-de-financas-da-estrutura-organizacional-do-poder-executivo-e-da-outras-providencias\/\">PORTARIA N\u00ba 506 DE 01  DE JUNHO DE 2020. &#8211; DISP\u00d5E SOBRE A NOMEA\u00c7\u00c3O DO CARGO EM COMISS\u00c3O DE SECRETARIO MUNICIPAL DE FINAN\u00c7AS DA ESTRUTURA ORGANIZACIONAL DO PODER EXECUTIVO E D\u00c1 OUTRAS PROVID\u00caNCIAS\u201d.<\/a><\/li>\n\t\t<li class=\"wsp-post\"><a href=\"https:\/\/saobernardo.ma.gov.br\/transparencia\/portarias\/portaria-no-504-de-29-de-maio-de-2020-dispoe-sobre-a-nomeacao-do-cargo-em-comissao-de-secretaria-interina-de-cidadania-e-direitos-humanos-da-estrutura-organizacional-do-poder-executivo-mun\/\">PORTARIA N\u00ba 504, DE 29 DE MAIO DE 2020. \u201cDISP\u00d5E SOBRE A NOMEA\u00c7\u00c3O DO CARGO EM COMISS\u00c3O DE SECRETARIA INTERINA DE CIDADANIA E DIREITOS HUMANOS, DA ESTRUTURA ORGANIZACIONAL DO PODER EXECUTIVO MUNICIPAL E D\u00c1 OUTRAS PROVID\u00caNCIAS\u201d.<\/a><\/li>\n\t\t<li class=\"wsp-post\"><a href=\"https:\/\/saobernardo.ma.gov.br\/transparencia\/portarias\/portaria-no-503-de-29-de-maio-de-2020-dispoe-sobre-a-nomeacao-do-cargo-em-comissao-de-secretario-interino-de-agricultura-pesca-e-pecuaria-da-estrutura-organizacional-do-poder-executivo-mu\/\">PORTARIA N\u00ba 503, DE 29 DE MAIO DE 2020. \u201cDISP\u00d5E SOBRE A NOMEA\u00c7\u00c3O DO CARGO EM COMISS\u00c3O DE SECRETARIO INTERINO DE AGRICULTURA, PESCA E PECU\u00c1RIA, DA ESTRUTURA ORGANIZACIONAL DO PODER EXECUTIVO MUNICIPAL E D\u00c1 OUTRAS PROVID\u00caNCIAS\u201d.<\/a><\/li>\n\t\t<li class=\"wsp-post\"><a href=\"https:\/\/saobernardo.ma.gov.br\/transparencia\/portarias\/portaria-no-502-de-29-de-abril-de-2020-dispoe-sobre-nomeacao-de-chefe-do-departamento-financeiro-e-conciliacao-bancaria-da-secretaria-municipal-de-financas\/\">Portaria N\u00ba 502, de 29 de Abril de 2020, Disp\u00f5e sobre Nomea\u00e7\u00e3o de chefe do departamento financeiro e concilia\u00e7\u00e3o banc\u00e1ria, da secretaria municipal de finan\u00e7as.<\/a><\/li>\n\t\t<li class=\"wsp-post\"><a href=\"https:\/\/saobernardo.ma.gov.br\/transparencia\/portarias\/portaria-no-501-de-29-de-abril-de-2020-dispoe-sobre-exoneracao-de-chefe-do-departamento-financeiro-e-conciliacao-bancaria-da-secretaria-municipal-de-financas\/\">Portaria N\u00ba 501, de 29 de Abril de 2020, Disp\u00f5e sobre exonera\u00e7\u00e3o de chefe do departamento financeiro e concilia\u00e7\u00e3o banc\u00e1ria, da secretaria municipal de finan\u00e7as.<\/a><\/li>\n\t\t<li class=\"wsp-post\"><a href=\"https:\/\/saobernardo.ma.gov.br\/transparencia\/portarias\/portaria-n-500-de-24-de-abril-de-2020-dispoe-sobre-a-exoneracao-do-cargo-em-comissao-de-coordenador-de-vigilancia-sanitaria-de-saude-da-secretaria-municipal-de-saude\/\">Portaria N\u00b0 500 de 24 de Abril de 2020, Disp\u00f5e sobre a exonera\u00e7\u00e3o do cargo em comiss\u00e3o de coordenador de vigil\u00e2ncia sanit\u00e1ria de sa\u00fade da secretaria municipal de sa\u00fade.<\/a><\/li>\n\t\t<li class=\"wsp-post\"><a href=\"https:\/\/saobernardo.ma.gov.br\/transparencia\/portarias\/portaria-no-500-de-02-de-abril-de-2020-dispoe-sobre-a-exoneracao-do-cargo-em-comissao-de-secretario-municipal-de-esporte-e-juventude-da-estrutura-organizacional-da-prefeitura-municipal-e\/\">PORTARIA N\u00ba 500 DE 02 DE ABRIL DE 2020 &#8211;   \u201cDISP\u00d5E SOBRE A EXONERA\u00c7\u00c3O DO CARGO EM COMISS\u00c3O DE SECRET\u00c1RIO MUNICIPAL DE ESPORTE E JUVENTUDE DA ESTRUTURA ORGANIZACIONAL DA PREFEITURA MUNICIPAL E D\u00c1 OUTRAS PROVID\u00caNCIAS\u201d.<\/a><\/li>\n\t\t<li class=\"wsp-post\"><a href=\"https:\/\/saobernardo.ma.gov.br\/transparencia\/portarias\/portaria-no-499-de-02-de-abril-de-2020-dispoe-sobre-a-exoneracao-do-cargo-em-comissao-de-secretario-municipal-de-infraestrutura-da-estrutura-organizaciona-e-da-outras-providencias\/\">PORTARIA N\u00ba 499 DE 02 DE ABRIL DE 2020 &#8211; \u201cDISP\u00d5E SOBRE A EXONERA\u00c7\u00c3O DO CARGO EM COMISS\u00c3O DE SECRET\u00c1RIO MUNICIPAL DE INFRAESTRUTURA DA ESTRUTURA ORGANIZACIONA E D\u00c1 OUTRAS PROVID\u00caNCIAS\u201d.<\/a><\/li>\n\t\t<li class=\"wsp-post\"><a href=\"https:\/\/saobernardo.ma.gov.br\/transparencia\/portarias\/portaria-no-498-de-02-de-abril-de-2020-dispoe-sobre-a-exoneracao-do-cargo-em-comissao-de-secretaria-municipal-de-cidadania-e-direitos-humanos-da-estrutura-organizacional-da-prefeitura-munic\/\">PORTARIA N\u00ba 498 DE 02 DE ABRIL DE 2020 &#8211; \u201cDISP\u00d5E SOBRE A EXONERA\u00c7\u00c3O DO CARGO EM COMISS\u00c3O DE SECRETARIA MUNICIPAL DE CIDADANIA E DIREITOS HUMANOS DA ESTRUTURA ORGANIZACIONAL DA PREFEITURA MUNICIPAL E D\u00c1 OUTRAS PROVID\u00caNCIAS\u201d.<\/a><\/li>\n\t\t<li class=\"wsp-post\"><a href=\"https:\/\/saobernardo.ma.gov.br\/transparencia\/portarias\/portaria-no-497-de-20-de-marco-de-2020-dispoe-sobre-a-nomeacao-do-cargo-em-comissao-de-secretaria-municipal-do-meio-ambiente-da-estrutura-organizacional-da-prefeitura-de-sao-bernardo-e-da\/\">PORTARIA N\u00ba 497, DE 20 DE MAR\u00c7O DE 2020. &#8211; \u201cDISP\u00d5E SOBRE A NOMEA\u00c7\u00c3O DO CARGO EM COMISS\u00c3O DE SECRET\u00c1RIA MUNICIPAL DO MEIO AMBIENTE DA ESTRUTURA ORGANIZACIONAL DA PREFEITURA DE S\u00c3O BERNARDO E D\u00c1 OUTRAS PROVID\u00caNCIAS.\u201d<\/a><\/li>\n\t\t<li class=\"wsp-post\"><a href=\"https:\/\/saobernardo.ma.gov.br\/transparencia\/portarias\/portaria-no-496-de-20-de-marco-de-2020-dispoe-sobre-a-exoneracao-do-cargo-em-comissao-de-secretario-municipal-interino-do-meio-ambiente-da-estrutura-organizacional-da-prefeitura-de-sao-bernado-e-d\/\">PORTARIA N\u00ba 496, DE 20 DE MAR\u00c7O DE 2020. &#8211; DISP\u00d5E SOBRE A EXONERA\u00c7\u00c3O DO CARGO EM COMISS\u00c3O DE SECRET\u00c1RIO MUNICIPAL INTERINO DO MEIO AMBIENTE DA ESTRUTURA ORGANIZACIONAL DA PREFEITURA DE S\u00c3O BERNARDO E D\u00c1 OUTRAS PROVID\u00caNCIAS.<\/a><\/li>\n\t\t<li class=\"wsp-post\"><a href=\"https:\/\/saobernardo.ma.gov.br\/transparencia\/portarias\/portaria-n492-de-11-de-marco-de-2020-dispoe-sobre-a-designacao-de-servidor-publico-para-atuar-como-agente-tributario-do-municipio\/\">Portaria N\u00b0492, de 11 de Mar\u00e7o de 2020 disp\u00f5e sobre a designa\u00e7\u00e3o de servidor p\u00fablico para atuar como agente tribut\u00e1rio do Municipio<\/a><\/li>\n\t\t<li class=\"wsp-post\"><a href=\"https:\/\/saobernardo.ma.gov.br\/transparencia\/portarias\/portaria-n491-de-11-de-marco-de-2020-dispoe-sobre-a-nomeacao-da-comissao-de-processo-administrativo-disciplinar\/\">Portaria N\u00b0491, de 11 de Mar\u00e7o de 2020 disp\u00f5e sobre a nomea\u00e7\u00e3o da comiss\u00e3o de processo administrativo disciplinar<\/a><\/li>\n\t\t<li class=\"wsp-post\"><a href=\"https:\/\/saobernardo.ma.gov.br\/transparencia\/portarias\/portaria-n495-de-fevereiro-de-2020-dispoe-sobre-exoneracao-do-cargo-efetivo-de-professora-da-secretaria-municipal-de-educacao-ciencia-e-tecnologia-semect\/\">Portaria N\u00b0495 de Fevereiro de 2020. Disp\u00f5e sobre exonera\u00e7\u00e3o do cargo efetivo de professora da secretaria municipal de Educa\u00e7\u00e3o, Ci\u00eancia e Tecnologia -SEMECT<\/a><\/li>\n\t\t<li class=\"wsp-post\"><a href=\"https:\/\/saobernardo.ma.gov.br\/transparencia\/portarias\/portaria-cpad-n-001-de-06-de-fevereiro-de-2020\/\">Portaria CPAD N\u00b0 001, de 06 de Fevereiro de 2020<\/a><\/li>\n\t\t<li class=\"wsp-post\"><a href=\"https:\/\/saobernardo.ma.gov.br\/transparencia\/portarias\/portaria-n-490-de-22-de-janeiro-de-2020-dispoe-sobre-a-nomeacao-de-assessor-de-gabinete-da-secretaria-municipal-de-administracao\/\">Portaria N\u00b0 490, de 22 de Janeiro de 2020 &#8211; Disp\u00f5e sobre a nomea\u00e7\u00e3o de assessor de gabinete da secretaria municipal de Administra\u00e7\u00e3o<\/a><\/li>\n\t\t<li class=\"wsp-post\"><a href=\"https:\/\/saobernardo.ma.gov.br\/transparencia\/portarias\/portaria-n-484-14-de-janeiro-de-2020-dispoe-sobre-a-nomeacao-de-de-gestor-adjunto-do-i-e-conego-nestor-de-carvalho-cunha-da-secretaria-municipal-de-educacao\/\">Portaria N\u00b0 484, 14 de Janeiro de 2020. Disp\u00f5e sobre a nomea\u00e7\u00e3o de de gestor adjunto do I.E Conego Nestor de Carvalho Cunha da Secretaria Municipal de Educa\u00e7\u00e3o<\/a><\/li>\n\t\t<li class=\"wsp-post\"><a href=\"https:\/\/saobernardo.ma.gov.br\/transparencia\/portarias\/portaria-no-488-de-14-de-janeiro-de-2020-resolve-nomear-para-o-cargo-em-comissao-de-tesoureiro-geral-da-secretaria-municipal-de-administracao-e-financas-o-rs-jose-claudio-dos-santos-escorcio\/\">PORTARIA N\u00ba 488 DE 14 DE JANEIRO DE 2020 &#8211;  RESOLVE NOMEAR para o Cargo em Comiss\u00e3o de TESOUREIRO GERAL DA SECRETARIA MUNICIPAL DE ADMINISTRA\u00c7\u00c3O E FINAN\u00c7AS o Rs. JOSE CLAUDIO DOS SANTOS ESC\u00d3RCIO<\/a><\/li>\n\t\t<li class=\"wsp-post\"><a href=\"https:\/\/saobernardo.ma.gov.br\/transparencia\/portarias\/portaria-n-488-14-de-janeiro-de-2020-dispoe-sobre-a-nomeacao-de-tesoureiro-municipal\/\">Portaria N\u00b0 488, 14 de Janeiro de 2020. Disp\u00f5e sobre a nomea\u00e7\u00e3o de tesoureiro municipal<\/a><\/li>\n\t\t<li class=\"wsp-post\"><a href=\"https:\/\/saobernardo.ma.gov.br\/transparencia\/portarias\/portaria-n-483-14-de-janeiro-de-2020-dispoe-sobre-a-exoneracao-de-agente-administrativo-da-secretaria-municipal-de-administracao\/\">Portaria N\u00b0 483, 14 de Janeiro de 2020. Disp\u00f5e sobre a exonera\u00e7\u00e3o de agente administrativo da secretaria municipal de administra\u00e7\u00e3o<\/a><\/li>\n\t\t<li class=\"wsp-post\"><a href=\"https:\/\/saobernardo.ma.gov.br\/transparencia\/portarias\/portaria-n-485-14-de-janeiro-de-2020-dispoe-sobre-a-nomeacao-de-secretario-municipal-de-educacao-municipal\/\">Portaria N\u00b0 485, 14 de Janeiro de 2020. Disp\u00f5e sobre a Nomea\u00e7\u00e3o de secret\u00e1rio municipal de educa\u00e7\u00e3o municipal<\/a><\/li>\n\t\t<li class=\"wsp-post\"><a href=\"https:\/\/saobernardo.ma.gov.br\/transparencia\/portarias\/portaria-n-481-14-de-janeiro-de-2020-dispoe-sobre-a-exoneracao-de-secretario-municipal-de-educacao-municipal\/\">Portaria N\u00b0 481, 14 de Janeiro de 2020. Disp\u00f5e sobre a exonera\u00e7\u00e3o de secret\u00e1rio municipal de educa\u00e7\u00e3o municipal<\/a><\/li>\n\t\t<li class=\"wsp-post\"><a href=\"https:\/\/saobernardo.ma.gov.br\/transparencia\/portarias\/portaria-n-486-14-de-janeiro-de-2020-dispoe-sobre-a-exoneracao-de-professor-de-matematica-da-secretaria-municipal-de-educacao-ciencia-e-tecnologia-semect\/\">Portaria N\u00b0 486, 14 de Janeiro de 2020. Disp\u00f5e sobre a exonera\u00e7\u00e3o de professor de matem\u00e1tica da secretaria municipal de educa\u00e7\u00e3o, ci\u00eancia e tecnologia &#8211; SEMECT<\/a><\/li>\n\t\t<li class=\"wsp-post\"><a href=\"https:\/\/saobernardo.ma.gov.br\/transparencia\/portarias\/portaria-n-489-14-de-janeiro-de-2020-dispoe-sobre-a-nomeacao-de-ordenador-de-despesa-da-secretaria-municipal-de-educacao\/\">Portaria N\u00b0 489, 14 de Janeiro de 2020. Disp\u00f5e sobre a Nomea\u00e7\u00e3o de ordenador de despesa da secretaria municipal de Educa\u00e7\u00e3o<\/a><\/li>\n\t\t<li class=\"wsp-post\"><a href=\"https:\/\/saobernardo.ma.gov.br\/transparencia\/portarias\/portaria-n-487-14-de-janeiro-de-2020-dispoe-sobre-a-exoneracao-de-ordenador-de-despesa-da-secretaria-municipal-de-saude\/\">Portaria N\u00b0 487, 14 de Janeiro de 2020. Disp\u00f5e sobre a exonera\u00e7\u00e3o de ordenador de despesa da secretaria municipal de sa\u00fade<\/a><\/li>\n\t\t<li class=\"wsp-post\"><a href=\"https:\/\/saobernardo.ma.gov.br\/transparencia\/portarias\/portaria-n-480-14-de-janeiro-de-2020-nomear-servidores-para-compor-o-sim-servico-de-inspencao-municipal-e-da-outras-providencias\/\">Portaria N\u00b0 480, 14 de Janeiro de 2020. Nomear servidores para compor o sim &#8211; Servi\u00e7o de Inspen\u00e7\u00e3o Municipal e d\u00e1 outras provid\u00eancias<\/a><\/li>\n\t\t<li class=\"wsp-post\"><a href=\"https:\/\/saobernardo.ma.gov.br\/transparencia\/portarias\/portaria-no-473-de-13-de-janeiro-de-2020-resolve-nomear-para-o-cargo-em-comissao-de-secretario-municipal-de-saude-dga-o-sr-haroldo-aires-castro\/\">PORTARIA N\u00ba 473 DE 13 DE JANEIRO DE 2020 &#8211; RESOLVE NOMEAR para o Cargo em Comiss\u00e3o de Secret\u00e1rio Municipal de Sa\u00fade \u2013 DGA o Sr HAROLDO AIRES CASTRO<\/a><\/li>\n\t\t<li class=\"wsp-post\"><a href=\"https:\/\/saobernardo.ma.gov.br\/transparencia\/portarias\/portaria-n-472-13-de-janeiro-de-2020-dispoe-sobre-a-exoneracao-de-tesoureiro-municipal\/\">Portaria N\u00b0 472, 13 de Janeiro de 2020. Disp\u00f5e sobre a exonera\u00e7\u00e3o de tesoureiro municipal<\/a><\/li>\n\t\t<li class=\"wsp-post\"><a href=\"https:\/\/saobernardo.ma.gov.br\/transparencia\/portarias\/portaria-n-473-13-de-janeiro-de-2020-dispoe-sobre-a-nomeacao-de-secretario-municipal-de-saude-municipal\/\">Portaria N\u00b0 473, 13 de Janeiro de 2020. Disp\u00f5e sobre a Nomea\u00e7\u00e3o de secret\u00e1rio municipal de sa\u00fade municipal<\/a><\/li>\n\t\t<li class=\"wsp-post\"><a href=\"https:\/\/saobernardo.ma.gov.br\/transparencia\/portarias\/portaria-n-475-de-09-de-janeiro-de-2020-dispoe-sobre-a-nomeacao-de-conselheira-tutelar-municipal-para-compor-o-cmdca\/\">Portaria N\u00b0 475, de 09, de Janeiro de 2020. Disp\u00f5e sobre a nomea\u00e7\u00e3o de Conselheira Tutelar Municipal para compor o CMDCA.<\/a><\/li>\n\t\t<li class=\"wsp-post\"><a href=\"https:\/\/saobernardo.ma.gov.br\/transparencia\/portarias\/portaria-n-476-de-09-de-janeiro-de-2020-dispoe-sobre-a-nomeacao-de-conselheiro-tutelar-municipal-para-compor-o-cmdca\/\">Portaria N\u00b0 476, de 09, de Janeiro de 2020. Disp\u00f5e sobre a nomea\u00e7\u00e3o de Conselheiro Tutelar Municipal para compor o CMDCA.<\/a><\/li>\n\t\t<li class=\"wsp-post\"><a href=\"https:\/\/saobernardo.ma.gov.br\/transparencia\/portarias\/portaria-n-479-09-de-janeiro-de-2020-dispoe-sobre-a-exoneracao-de-professor-efetivo-da-secretaria-municipal-de-educacao-ciencia-e-tecnologia-semect\/\">Portaria N\u00b0 479, 09 de Janeiro de 2020. Disp\u00f5e sobre a exonera\u00e7\u00e3o de professor efetivo da secretaria municipal de educa\u00e7\u00e3o, ci\u00eancia e tecnologia &#8211; SEMECT<\/a><\/li>\n\t\t<li class=\"wsp-post\"><a href=\"https:\/\/saobernardo.ma.gov.br\/transparencia\/portarias\/portaria-n-474-de-09-de-janeiro-de-2020-dispoe-sobre-nomeacao-de-conselheiro-tutelar-para-compor-o-conselho-tutelar-municipal-de-sao-bernardo-ma\/\">Portaria N 474, de 09 de Janeiro de 2020, Disp\u00f5e sobre nomea\u00e7\u00e3o de conselheiro tutelar para compor o conselho tutelar municipal de S\u00e3o Bernardo-MA<\/a><\/li>\n\t\t<li class=\"wsp-post\"><a href=\"https:\/\/saobernardo.ma.gov.br\/transparencia\/portarias\/portaria-n-476-de-09-de-janeiro-de-2020-dispoe-sobre-nomeacao-de-conselheiro-tutelar-para-compor-o-conselho-tutelar-municipal-de-sao-bernardo-ma\/\">Portaria N 476, de 09 de Janeiro de 2020, Disp\u00f5e sobre nomea\u00e7\u00e3o de conselheiro tutelar para compor o conselho tutelar municipal de S\u00e3o Bernardo-MA<\/a><\/li>\n\t\t<li class=\"wsp-post\"><a href=\"https:\/\/saobernardo.ma.gov.br\/transparencia\/portarias\/portaria-n-478-de-09-de-janeiro-de-2020-dispoe-sobre-a-nomeacao-de-conselheiro-tutelar-municipal-para-compor-o-cmdca\/\">Portaria N\u00b0 478, de 09, de Janeiro de 2020. Disp\u00f5e sobre a nomea\u00e7\u00e3o de Conselheiro Tutelar Municipal para compor o CMDCA.<\/a><\/li>\n\t\t<li class=\"wsp-post\"><a href=\"https:\/\/saobernardo.ma.gov.br\/transparencia\/portarias\/portaria-n-477-de-09-de-janeiro-de-2020-dispoe-sobre-nomeacao-de-conselheiro-tutelar-para-compor-o-conselho-tutelar-municipal-de-sao-bernardo-ma\/\">Portaria N 477, de 09 de Janeiro de 2020, Disp\u00f5e sobre nomea\u00e7\u00e3o de conselheiro tutelar para compor o conselho tutelar municipal de S\u00e3o Bernardo-MA<\/a><\/li>\n\t\t<li class=\"wsp-post\"><a href=\"https:\/\/saobernardo.ma.gov.br\/transparencia\/portarias\/portaria-n-478-de-09-de-janeiro-de-2020-dispoe-sobre-nomeacao-de-conselheiro-tutelar-para-compor-o-conselho-tutelar-municipal-de-sao-bernardo-ma\/\">Portaria N 478, de 09 de Janeiro de 2020, Disp\u00f5e sobre nomea\u00e7\u00e3o de conselheiro tutelar para compor o conselho tutelar municipal de S\u00e3o Bernardo-MA<\/a><\/li>\n\t\t<li class=\"wsp-post\"><a href=\"https:\/\/saobernardo.ma.gov.br\/transparencia\/portarias\/portaria-n-477-de-09-de-janeiro-de-2020-dispoe-sobre-a-nomeacao-de-conselheira-tutelar-municipal-para-compor-o-cmdca\/\">Portaria N\u00b0 477, de 09, de Janeiro de 2020. Disp\u00f5e sobre a nomea\u00e7\u00e3o de Conselheira Tutelar Municipal para compor o CMDCA<\/a><\/li>\n\t\t<li class=\"wsp-post\"><a href=\"https:\/\/saobernardo.ma.gov.br\/transparencia\/portarias\/portaria-n-474-de-09-de-janeiro-de-2020-dispoe-sobre-a-nomeacao-de-conselheira-tutelar-municipal-para-compor-o-cmdca\/\">Portaria N\u00b0 474, de 09, de Janeiro de 2020. Disp\u00f5e sobre a nomea\u00e7\u00e3o de Conselheira Tutelar Municipal para compor o CMDCA.<\/a><\/li>\n\t\t<li class=\"wsp-post\"><a href=\"https:\/\/saobernardo.ma.gov.br\/transparencia\/portarias\/portaria-n-003-de-02-de-janeiro-de-2020-dispoe-sobre-a-nomeacao-dos-membros-para-comporem-a-comissao-permanente-de-licitacao-e-o-pregoeiro-do-municipio-com-a-atribuicoes-no-exercicio-financei\/\">Portaria N\u00b0 003, de 02 de Janeiro de 2020. Disp\u00f5e sobre a nomea\u00e7\u00e3o dos membros para comporem a comiss\u00e3o permanente de licita\u00e7\u00e3o e o pregoeiro do munic\u00edpio, com a atribui\u00e7\u00f5es no exercicio financeiro de 2020<\/a><\/li>\n\t\t<li class=\"wsp-post\"><a href=\"https:\/\/saobernardo.ma.gov.br\/transparencia\/portarias\/portaria-n-471-de-28-de-outubro-de-2019-dispoe-sobre-a-nomeacao-da-comissao-municipal-de-regularizacao-fundiaria\/\">Portaria N\u00b0 471, de 28 de outubro de 2019, disp\u00f5e sobre a nomea\u00e7\u00e3o da comiss\u00e3o municipal de regulariza\u00e7\u00e3o fundi\u00e1ria.<\/a><\/li>\n\t\t<li class=\"wsp-post\"><a href=\"https:\/\/saobernardo.ma.gov.br\/transparencia\/portarias\/portaria-n-469-de-03-de-outubro-de-2019-dispoe-sobre-a-nomeacao-de-assessor-de-gabinete-do-poder-executivo-e-da-outras-providencias\/\">Portaria N\u00b0 469, de 03 de outubro de 2019, Disp\u00f5e sobre a nomea\u00e7\u00e3o de assessor de gabinete do poder executivo e d\u00e1 outras provid\u00eancias.<\/a><\/li>\n\t\t<li class=\"wsp-post\"><a href=\"https:\/\/saobernardo.ma.gov.br\/transparencia\/portarias\/portaria-n-463-de-24-de-setembro-de-2019-dispoe-sobre-a-nomeacao-do-cargo-em-comissao-de-diretora-escolar-da-secretaria-municipal-de-educacao-ciencia-e-tecnologia-do-poder-executivo-e-da-outr\/\">Portaria N\u00b0 463, de 24 de setembro de 2019. Disp\u00f5e sobre a nomea\u00e7\u00e3o do cargo em comiss\u00e3o de diretora escolar da secretaria municipal de educa\u00e7\u00e3o, ci\u00eancia e tecnologia do poder executivo e d\u00e1 outras provid\u00eancias<\/a><\/li>\n\t\t<li class=\"wsp-post\"><a href=\"https:\/\/saobernardo.ma.gov.br\/transparencia\/portarias\/portaria-n-464-de-24-de-setembro-de-2019-dispoe-sobre-a-nomeacao-do-cargo-em-comissao-de-diretora-escolar-da-secretaria-municipal-de-educacao-ciencia-e-tecnologia-do-poder-executivo-e-da-ou\/\">Portaria N\u00b0 464, de 24 de setembro de 2019. &#8220;Disp\u00f5e sobre a nomea\u00e7\u00e3o do cargo em comiss\u00e3o de diretora escolar da secretaria municipal de educa\u00e7\u00e3o, ci\u00eancia e tecnologia do poder executivo e d\u00e1 outras provid\u00eancias&#8221;<\/a><\/li>\n\t\t<li class=\"wsp-post\"><a href=\"https:\/\/saobernardo.ma.gov.br\/transparencia\/portarias\/portaria-n-465-de-24-de-setembro-de-2019-dispoe-sobre-a-nomeacao-do-cargo-em-comissao-de-diretora-escolar-da-secretaria-municipal-de-educacao-ciencia-e-tecnologia-do-poder-executivo-e-da-outr\/\">Portaria N\u00b0 465, de 24 de setembro de 2019. Disp\u00f5e sobre a nomea\u00e7\u00e3o do cargo em comiss\u00e3o de diretora escolar da secretaria municipal de educa\u00e7\u00e3o, ci\u00eancia e tecnologia do poder executivo e d\u00e1 outras provid\u00eancias<\/a><\/li>\n\t\t<li class=\"wsp-post\"><a href=\"https:\/\/saobernardo.ma.gov.br\/transparencia\/portarias\/portaria-n-466-de-24-de-setembro-de-2019-dispoe-sobre-a-nomeacao-do-cargo-em-comissao-de-diretora-escolar-da-secretaria-municipal-de-educacao-ciencia-e-tecnologia-do-poder-executivo-e-da-outr\/\">Portaria N\u00b0 466, de 24 de setembro de 2019. Disp\u00f5e sobre a nomea\u00e7\u00e3o do cargo em comiss\u00e3o de diretora escolar da secretaria municipal de educa\u00e7\u00e3o, ci\u00eancia e tecnologia do poder executivo e d\u00e1 outras provid\u00eancias.<\/a><\/li>\n\t\t<li class=\"wsp-post\"><a href=\"https:\/\/saobernardo.ma.gov.br\/transparencia\/portarias\/portaria-n-462-de-24-de-setembro-de-2019-dispoe-sobre-a-nomeacao-do-cargo-em-comissao-de-diretora-escolar-da-secretaria-municipal-de-educacao-ciencia-e-tecnologia-do-poder-executivo-e-da-ou\/\">Portaria N\u00b0 462, de 24 de setembro de 2019. &#8220;Disp\u00f5e sobre a nomea\u00e7\u00e3o do cargo em comiss\u00e3o de diretora escolar da secretaria municipal de educa\u00e7\u00e3o, ci\u00eancia e tecnologia do poder executivo e d\u00e1 outras provid\u00eancias&#8221;.<\/a><\/li>\n\t\t<li class=\"wsp-post\"><a href=\"https:\/\/saobernardo.ma.gov.br\/transparencia\/portarias\/portaria-n-460-de-24-de-setembro-de-2019-dispoe-sobre-a-nomeacao-do-cargo-em-comissao-de-diretor-escolar-da-secretaria-municipal-de-educacao-ciencia-e-tecnologia-do-poder-executivo-e-da-outra\/\">Portaria N\u00b0 460, de 24 de setembro de 2019. Disp\u00f5e sobre a nomea\u00e7\u00e3o do cargo em comiss\u00e3o de diretor escolar da secretaria municipal de educa\u00e7\u00e3o, ci\u00eancia e tecnologia do poder executivo e d\u00e1 outras provid\u00eancias.<\/a><\/li>\n\t\t<li class=\"wsp-post\"><a href=\"https:\/\/saobernardo.ma.gov.br\/transparencia\/portarias\/portaria-n-467-de-23-de-setembro-de-2019-dispoe-sobre-a-nomeacao-do-cargo-em-comissao-de-pregoeiro-municipal-do-poder-executivo-e-da-outras-providencias\/\">Portaria N\u00b0 467, de 23 de setembro de 2019, disp\u00f5e sobre a nomea\u00e7\u00e3o do cargo em comiss\u00e3o de pregoeiro municipal do poder executivo e d\u00e1 outras provid\u00eancias<\/a><\/li>\n\t\t<li class=\"wsp-post\"><a href=\"https:\/\/saobernardo.ma.gov.br\/transparencia\/portarias\/portaria-n-458-de-13-de-setembro-de-2019-dispoe-sobre-a-exoneracao-do-cargo-efetivo-de-professor-de-matematica-da-secretaria-municipal-de-educacao-ciencia-e-tecnologia\/\">Portaria N\u00b0 458, de 13 de setembro de 2019  &#8220;disp\u00f5e sobre a exonera\u00e7\u00e3o do cargo efetivo de professor de matem\u00e1tica da secretaria municipal de educa\u00e7\u00e3o, ci\u00eancia e tecnologia&#8221;<\/a><\/li>\n\t\t<li class=\"wsp-post\"><a href=\"https:\/\/saobernardo.ma.gov.br\/transparencia\/portarias\/portaria-n-445-de-06-de-setembro-de-2019-dispoe-sobre-a-nomeacao-do-cargo-em-comissao-de-coordenador-de-pesca-e-meio-ambiente-da-secretaria-municipal-de-agricultura-pecuaria-e-pesca\/\">Portaria N\u00b0 445, de 06 de setembro de 2019. Disp\u00f5e sobre a nomea\u00e7\u00e3o do cargo em comiss\u00e3o de coordenador de pesca e meio ambiente da secretaria municipal de agricultura, pecuaria e pesca<\/a><\/li>\n\t\t<li class=\"wsp-post\"><a href=\"https:\/\/saobernardo.ma.gov.br\/transparencia\/portarias\/portaria-n-446-de-06-de-setembro-de-2019-dispoe-sobre-a-nomeacao-do-cargo-em-comissao-de-chefe-do-diario-oficial-da-secretaria-municipal-de-comunicacao-e-cultura\/\">Portaria N\u00b0 446, de 06 de setembro de 2019. Disp\u00f5e sobre a nomea\u00e7\u00e3o do cargo em comiss\u00e3o  de chefe do di\u00e1rio oficial da secretaria municipal de comunica\u00e7\u00e3o e cultura<\/a><\/li>\n\t\t<li class=\"wsp-post\"><a href=\"https:\/\/saobernardo.ma.gov.br\/transparencia\/portarias\/portaria-n-457-d-06-de-setembro-de-2019-dispoe-sobre-a-nomeacao-do-cargo-em-comissao-de-coordenador-de-cultura-da-secretaria-municipal-de-comunicacao-e-cultura-do-poder-executivo-e-da-outras-p\/\">Portaria N\u00b0 457, d 06 de setembro de 2019, disp\u00f5e sobre a nomea\u00e7\u00e3o do cargo em comiss\u00e3o de coordenador de cultura da secretaria municipal de comunica\u00e7\u00e3o e cultura do poder executivo e d\u00e1 outras provid\u00eancias<\/a><\/li>\n\t\t<li class=\"wsp-post\"><a href=\"https:\/\/saobernardo.ma.gov.br\/transparencia\/portarias\/portaria-n-448-de-26-de-agosto-de-2019-dispoe-sobre-a-exoneracao-do-cargo-em-comissao-de-pesca-e-meio-ambiente-da-secretaria-muncipal-de-agricultura-e-pesca-da-prefeitura\/\">Portaria N\u00b0 448, de 26 de agosto de 2019, disp\u00f5e sobre a exonera\u00e7\u00e3o do cargo em comiss\u00e3o de pesca e meio ambiente da secretaria muncipal de agricultura e pesca da prefeitura<\/a><\/li>\n\t\t<li class=\"wsp-post\"><a href=\"https:\/\/saobernardo.ma.gov.br\/transparencia\/portarias\/portaria-n-449-de-26-de-agosto-de-2019-dispoe-sobre-a-exoneracao-do-cargo-efetivo-de-guarda-municipal-da-prefeitura\/\">Portaria N\u00b0 449, de 26 de agosto de 2019, disp\u00f5e sobre a exonera\u00e7\u00e3o do cargo efetivo de guarda municipal da prefeitura<\/a><\/li>\n\t\t<li class=\"wsp-post\"><a href=\"https:\/\/saobernardo.ma.gov.br\/transparencia\/portarias\/portaria-n-453-de-26-de-agosto-de-2019-dispoe-sobre-a-exoneracao-do-cargo-efetivo-de-auxiliar-de-servicos-gerais-da-prefeitura\/\">Portaria N\u00b0 453, de 26 de agosto de 2019, disp\u00f5e sobre a exonera\u00e7\u00e3o do cargo efetivo de auxiliar de servi\u00e7os gerais da prefeitura<\/a><\/li>\n\t\t<li class=\"wsp-post\"><a href=\"https:\/\/saobernardo.ma.gov.br\/transparencia\/portarias\/portaria-n-451-de-22-de-agosto-de-2019-dispoe-sobre-a-nomeacao-do-cargo-em-comissao-de-chefe-do-departamento-financeiro-e-conciliacao-bancaria-da-secretaria-municipal-de-financas\/\">Portaria N\u00b0 451, de 22 de agosto de 2019, Disp\u00f5e sobre a nomea\u00e7\u00e3o do cargo em comiss\u00e3o de chefe do departamento financeiro e concilia\u00e7\u00e3o banc\u00e1ria, da secretaria municipal de finan\u00e7as.<\/a><\/li>\n\t\t<li class=\"wsp-post\"><a href=\"https:\/\/saobernardo.ma.gov.br\/transparencia\/portarias\/portaria-n-448-de-02-de-agosto-de-2019-dispoe-sobre-a-nomeacao-do-cargo-em-comissao-de-secretario-interino-de-meio-ambiente-da-secretaria-municipal-de-meio-ambiente\/\">Portaria N\u00b0 448, de 02 de agosto de 2019, Disp\u00f5e sobre a nomea\u00e7\u00e3o do cargo em comiss\u00e3o de secret\u00e1rio interino de meio ambiente, da secretaria municipal de meio ambiente.<\/a><\/li>\n\t\t<li class=\"wsp-post\"><a href=\"https:\/\/saobernardo.ma.gov.br\/transparencia\/portarias\/portaria-n-442-de-29-de-julho-de-2019-dispoe-sobre-a-exoneracao-do-cargo-em-comissao-de-coordenador-de-cultura-municipal\/\">Portaria N\u00b0 442, de 29 de julho de 2019, disp\u00f5e sobre a exonera\u00e7\u00e3o do cargo em comiss\u00e3o de coordenador de cultura municipal<\/a><\/li>\n\t\t<li class=\"wsp-post\"><a href=\"https:\/\/saobernardo.ma.gov.br\/transparencia\/portarias\/portaria-n-441-de-29-de-julho-de-2019-dispoe-sobre-a-exoneracao-do-cargo-em-comissao-de-chefe-do-departamento-do-diario-oficial-do-municipio-da-secretaria-municipal-de-comunicacao-e-cultura\/\">Portaria N\u00b0 441, de 29 de julho de 2019, disp\u00f5e sobre a exonera\u00e7\u00e3o do cargo em comiss\u00e3o de chefe do departamento do di\u00e1rio oficial do municipio da secretaria municipal de comunica\u00e7\u00e3o e cultura<\/a><\/li>\n\t\t<li class=\"wsp-post\"><a href=\"https:\/\/saobernardo.ma.gov.br\/transparencia\/portarias\/portaria-n-440-de-29-de-julho-de-2019-dispoe-sobre-a-exoneracao-do-cargo-em-comissao-de-diretora-escolar-da-secretaria-municipal\/\">Portaria N\u00b0 440, de 29 de julho de 2019, disp\u00f5e sobre a exonera\u00e7\u00e3o do cargo em comiss\u00e3o de diretora escolar da secretaria municipal.<\/a><\/li>\n\t\t<li class=\"wsp-post\"><a href=\"https:\/\/saobernardo.ma.gov.br\/transparencia\/portarias\/portaria-n-436-de-23-de-julho-de-2019-dispoe-sobre-a-exoneracao-do-cargo-em-comissao-de-assessor-especial-da-estrutura-organizacional-da-prefeitura-municipal\/\">Portaria N\u00b0 436, de 23 de julho de 2019, Disp\u00f5e sobre a exonera\u00e7\u00e3o do cargo em comiss\u00e3o de assessor especial da estrutura organizacional da prefeitura municipal.<\/a><\/li>\n\t\t<li class=\"wsp-post\"><a href=\"https:\/\/saobernardo.ma.gov.br\/transparencia\/portarias\/portaria-434-de-17-de-julho-de-2019-dispoe-sobre-a-exoneracao-do-cargo-em-comissao-de-assessor-especial-ii-da-secretaria-municipal-de-assistencia-social\/\">Portaria 434 de 17 de julho de 2019, Disp\u00f5e sobre a exonera\u00e7\u00e3o do cargo em comiss\u00e3o de assessor especial II da secretaria municipal de assist\u00eancia social.<\/a><\/li>\n\t\t<li class=\"wsp-post\"><a href=\"https:\/\/saobernardo.ma.gov.br\/transparencia\/portarias\/portaria-433-10-de-julho-de-2019-dispoe-sobre-a-exoneracao-do-cargo-efetivo-de-professor-de-matematica-da-secretaria-municipal-de-educacao\/\">Portaria 433, 10 de julho de 2019, disp\u00f5e sobre a exonera\u00e7\u00e3o do cargo efetivo de professor de matem\u00e1tica, da secretaria municipal de educa\u00e7\u00e3o.<\/a><\/li>\n\t\t<li class=\"wsp-post\"><a href=\"https:\/\/saobernardo.ma.gov.br\/transparencia\/portarias\/portaria-435-de-10-de-julho-de-2019-dispoe-sobre-a-exoneracao-do-cargo-de-auxiliar-de-servicos-gerais-da-prefeitura-muunicipal\/\">Portaria 435, de 10 de julho de 2019, disp\u00f5e sobre a exonera\u00e7\u00e3o do cargo de auxiliar de servi\u00e7os gerais da prefeitura muunicipal<\/a><\/li>\n\t\t<li class=\"wsp-post\"><a href=\"https:\/\/saobernardo.ma.gov.br\/transparencia\/portarias\/portaria-n-432-de-10-de-julho-de-2019-dispoe-sobre-a-exoneacao-do-cargo-em-comissao-de-assessor-juridico-da-secretaria-municipal-de-educacao\/\">Portaria N\u00b0 432, de 10 de Julho de 2019, disp\u00f5e sobre a exonea\u00e7\u00e3o do cargo em comiss\u00e3o de assessor jur\u00eddico da secretaria municipal de educa\u00e7\u00e3o<\/a><\/li>\n\t\t<li class=\"wsp-post\"><a href=\"https:\/\/saobernardo.ma.gov.br\/transparencia\/portarias\/portaria-n-430-de-10-de-julho-de-2019-dispoe-sobre-a-nomeacao-do-cargo-em-comissao-de-assessor-juridico-da-prefeitura-municipal\/\">Portaria N\u00b0 430, de 10 de Julho de 2019, disp\u00f5e sobre a nomea\u00e7\u00e3o do cargo em comiss\u00e3o de assessor jur\u00eddico da prefeitura municipal<\/a><\/li>\n\t\t<li class=\"wsp-post\"><a href=\"https:\/\/saobernardo.ma.gov.br\/transparencia\/portarias\/portaria-n-431-de-10-de-julho-de-2019-dispoe-sobre-a-exoneracao-do-cargo-efetivo-de-professor-da-secretaria-municipal-de-educacao\/\">Portaria N\u00b0 431, de 10 de Julho de 2019, disp\u00f5e sobre a exonera\u00e7\u00e3o do cargo efetivo de professor da secretaria municipal de educa\u00e7\u00e3o<\/a><\/li>\n\t\t<li class=\"wsp-post\"><a href=\"https:\/\/saobernardo.ma.gov.br\/transparencia\/portarias\/portaria-n-429-de-04-de-julho-de-2019-dispoe-sobre-a-exoneracao-do-cargo-em-comissao-de-coordenador-de-fiscalizacao-de-obras-e-postura-urbana-da-secretaria-municipal-de-infraestrutura-e-servic\/\">Portaria N\u00b0 429, de 04 de Julho de 2019, Disp\u00f5e sobre a exonera\u00e7\u00e3o do cargo em comiss\u00e3o de coordenador de fiscaliza\u00e7\u00e3o de obras e postura urbana da secretaria municipal de infraestrutura e servi\u00e7os urbanos.<\/a><\/li>\n\t\t<li class=\"wsp-post\"><a href=\"https:\/\/saobernardo.ma.gov.br\/transparencia\/portarias\/portaria-n-427-de-04-de-julho-de-2019-dispoe-sobre-a-exoneracao-do-cargo-efetivo-de-guarda-municipal\/\">Portaria N\u00b0 427, de 04 de Julho de 2019, Disp\u00f5e sobre a exonera\u00e7\u00e3o do cargo efetivo de guarda municipal.<\/a><\/li>\n\t\t<li class=\"wsp-post\"><a href=\"https:\/\/saobernardo.ma.gov.br\/transparencia\/portarias\/portaria-n-428-de-04-de-julho-de-2019-dispoe-sobre-a-nomeacao-do-cargo-em-comissao-de-coordenador-de-fiscalizacao-de-obras-e-postura-urbana-da-secretaria-municipal-de-infraestrutura-e-servicos\/\">Portaria N\u00b0 428, de 04 de Julho de 2019, Disp\u00f5e sobre a nomea\u00e7\u00e3o do cargo em comiss\u00e3o de coordenador de fiscaliza\u00e7\u00e3o de obras e postura urbana da secretaria municipal de infraestrutura e servi\u00e7os urbanos.<\/a><\/li>\n\t\t<li class=\"wsp-post\"><a href=\"https:\/\/saobernardo.ma.gov.br\/transparencia\/portarias\/decreto-municipal-n-70-de-26-de-junho-de-2019-dispoe-sobre-a-a-revogacao-do-decreto-n-03-2017-da-desconcentracao-administrativa-do-municipio-de-sao-bernardo-ma\/\">Decreto Municipal N\u00b0 70, de 26 de junho de 2019, Disp\u00f5e sobre a a revoga\u00e7\u00e3o do decreto N\u00b0 03\/2017, da desconcentra\u00e7\u00e3o administrativa do municipio de S\u00e3o Bernardo Ma<\/a><\/li>\n\t\t<li class=\"wsp-post\"><a href=\"https:\/\/saobernardo.ma.gov.br\/transparencia\/portarias\/portaria-n-423-de-24-de-junho-de-2019-dispoe-sobre-a-exoneracao-do-cargo-em-comissao-de-secretaria-de-agricultura-e-pesca-da-estrutura-organizacional-da-prefeitura-municipal-e-da-outras-provid\/\">Portaria N\u00b0 423, de 24 de junho de 2019, Disp\u00f5e sobre a exonera\u00e7\u00e3o do cargo em comiss\u00e3o de secret\u00e1ria de agricultura e pesca da estrutura organizacional da prefeitura municipal e d\u00e1 outras provid\u00eancias<\/a><\/li>\n\t\t<li class=\"wsp-post\"><a href=\"https:\/\/saobernardo.ma.gov.br\/transparencia\/portarias\/portaria-n-425-de-24-de-junho-de-2019-dispoe-sobre-a-exoneracao-do-cargo-efetivo-da-professora-da-estrutura-organizacional-da-secretaria-municipal-de-educacao-ciencia-e-tecnologia-da-prefeitu\/\">Portaria N\u00b0 425, de 24 de junho de 2019, Disp\u00f5e sobre a exonera\u00e7\u00e3o do cargo efetivo da professora da estrutura organizacional da secretaria municipal de educa\u00e7\u00e3o, ci\u00eancia e tecnologia da prefeitura municipal e d\u00e1 outras provid\u00eancias<\/a><\/li>\n\t\t<li class=\"wsp-post\"><a href=\"https:\/\/saobernardo.ma.gov.br\/transparencia\/portarias\/portaria-n-424-de-24-de-junho-de-2019-dispoe-sobre-a-exoneracao-do-cargo-efetivo-de-agente-administrativo-da-estrutura-organizacional-da-prefeitura-municipal-e-da-outras-providencias\/\">Portaria N\u00b0 424, de 24 de junho de 2019, Disp\u00f5e sobre a exonera\u00e7\u00e3o do cargo efetivo de agente administrativo da estrutura organizacional da prefeitura municipal e d\u00e1 outras provid\u00eancias<\/a><\/li>\n\t\t<li class=\"wsp-post\"><a href=\"https:\/\/saobernardo.ma.gov.br\/transparencia\/portarias\/portaria-n-426-de-24-de-julho-de-2019-dispoe-sobre-a-nomeacao-do-cargo-em-comissao-de-chefe-do-departamento-de-material-e-suprimento-almoxarifado-e-transporte-da-secretaria-municipal-de-assis\/\">Portaria N\u00b0 426, de 24 de junho de 2019, disp\u00f5e sobre a nomea\u00e7\u00e3o do cargo em comiss\u00e3o de chefe do departamento de material e suprimento, almoxarifado e transporte da secretaria municipal de assistencia social da prefeitura municipal de S\u00e3o Bernardo-Ma<\/a><\/li>\n\t\t<li class=\"wsp-post\"><a href=\"https:\/\/saobernardo.ma.gov.br\/transparencia\/portarias\/portaria-n-422-de-19-de-junho-de-2019-dispoe-sobre-a-autorizacao-de-cessao-de-servidora-do-quadro-efetivo-da-estrutura-organizacional-da-prefeitura-municipal-e-da-outras-providencias\/\">Portaria N\u00b0 422, de 19 de Junho de 2019, Disp\u00f5e sobre a autoriza\u00e7\u00e3o de cess\u00e3o de servidora do quadro efetivo da estrutura organizacional da prefeitura municipal e d\u00e1 outras provid\u00eancias<\/a><\/li>\n\t\t<li class=\"wsp-post\"><a href=\"https:\/\/saobernardo.ma.gov.br\/transparencia\/portarias\/portaria-n-421-de-18-de-junho-de-2019-nomeacao-do-cargo-em-comissao-de-assessor-juridico-do-municipio\/\">Portaria N\u00b0 421, de 18 de Junho de 2019, nomea\u00e7\u00e3o do cargo em comiss\u00e3o de assessor jur\u00eddico do munic\u00edpio<\/a><\/li>\n\t\t<li class=\"wsp-post\"><a href=\"https:\/\/saobernardo.ma.gov.br\/transparencia\/portarias\/portaria-n-420-de-18-de-junho-de-2019-nomeacao-do-cargo-em-comissao-de-procurador-geral-do-municipio\/\">Portaria N\u00b0 420, de 18 de Junho de 2019, nomea\u00e7\u00e3o do cargo em comiss\u00e3o de procurador geral do municipio<\/a><\/li>\n\t\t<li class=\"wsp-post\"><a href=\"https:\/\/saobernardo.ma.gov.br\/transparencia\/portarias\/portaria-n-419-de-18-de-junho-de-2019-exoneracao-do-cargo-em-comissao-de-assessor-juridico-do-municipio\/\">Portaria N\u00b0 419, de 18 de Junho de 2019, exonera\u00e7\u00e3o do cargo em comiss\u00e3o de assessor jur\u00eddico do munic\u00edpio<\/a><\/li>\n\t\t<li class=\"wsp-post\"><a href=\"https:\/\/saobernardo.ma.gov.br\/transparencia\/portarias\/portaria-n-418-de-18-de-junho-de-2019-exoneracao-do-cargo-em-comissao-de-procurador-geral-do-municipio\/\">Portaria N\u00b0 418, de 18 de Junho de 2019, exonera\u00e7\u00e3o do cargo em comiss\u00e3o de procurador geral do munic\u00edpio<\/a><\/li>\n\t\t<li class=\"wsp-post\"><a href=\"https:\/\/saobernardo.ma.gov.br\/transparencia\/portarias\/portaria-n-417-de-18-de-junho-de-2019-exoneracao-do-cargo-efetivo-de-agente-de-saude-da-secretaria-municipal-de-saude\/\">Portaria N\u00b0 417, de 18 de Junho de 2019, Exonera\u00e7\u00e3o do cargo efetivo de agente de sa\u00fade da secretaria municipal de sa\u00fade<\/a><\/li>\n\t\t<li class=\"wsp-post\"><a href=\"https:\/\/saobernardo.ma.gov.br\/transparencia\/portarias\/portaria-n-416-de-18-de-junho-de-2019-nomeacao-do-cargo-em-comissao-de-coordenador-de-desenvolvimento-da-producao-e-inspecao-agropecuaria-da-secretaria-de-agricultura-e-pesca\/\">Portaria N\u00b0 416, de 18 de Junho de 2019, nomea\u00e7\u00e3o do cargo em comiss\u00e3o de coordenador de desenvolvimento da produ\u00e7\u00e3o e inspe\u00e7\u00e3o agropecu\u00e1ria da secretaria de agricultura e pesca<\/a><\/li>\n\t\t<li class=\"wsp-post\"><a href=\"https:\/\/saobernardo.ma.gov.br\/transparencia\/portarias\/portaria-n-415-de-14-de-junho-de-2019-nomeacao-do-cargo-em-comissao-de-chefe-de-gabinete-da-prefeitura-municipal\/\">Portaria N\u00b0 415, de 14 de junho de 2019. Nomea\u00e7\u00e3o do cargo em comiss\u00e3o de chefe de gabinete da prefeitura municipal<\/a><\/li>\n\t\t<li class=\"wsp-post\"><a href=\"https:\/\/saobernardo.ma.gov.br\/transparencia\/portarias\/portaria-n-414-de-14-de-junho-de-2019-exoneracao-do-cargo-em-comissao-de-chefe-de-gabinete-da-prefeitura-municipal\/\">Portaria N\u00b0 414, de 14 de junho de 2019. Exonera\u00e7\u00e3o do cargo em comiss\u00e3o de chefe de gabinete da prefeitura municipal.<\/a><\/li>\n\t\t<li class=\"wsp-post\"><a href=\"https:\/\/saobernardo.ma.gov.br\/transparencia\/portarias\/portaria-n-413-de-14-de-junho-de-2019-exoneracao-do-cargo-em-comissao-de-chefe-de-gabinete-da-prefeitura-municipal\/\">Portaria N\u00b0 413, de 14 de junho de 2019. Exonera\u00e7\u00e3o do cargo em comiss\u00e3o de chefe de gabinete da prefeitura municipal<\/a><\/li>\n\t\t<li class=\"wsp-post\"><a href=\"https:\/\/saobernardo.ma.gov.br\/transparencia\/portarias\/portaria-n-412-de-11-junho-de-2019-dispoe-sobre-os-requisitos-necessarios-para-emissao-de-termo-de-constituicao-pelo-setor-de-patrimonio-do-municipio\/\">Portaria N\u00b0 412, de 11 junho de 2019, disp\u00f5e sobre os requisitos necess\u00e1rios para emiss\u00e3o de termo de constitui\u00e7\u00e3o pelo setor de patrim\u00f4nio do munic\u00edpio<\/a><\/li>\n\t\t<li class=\"wsp-post\"><a href=\"https:\/\/saobernardo.ma.gov.br\/transparencia\/portarias\/portaria-410-de-05-de-junho-de-2019-exoneracao\/\">portaria-410,-de-05-de-junho-de-2019 &#8211; exonera\u00e7\u00e3o<\/a><\/li>\n\t\t<li class=\"wsp-post\"><a href=\"https:\/\/saobernardo.ma.gov.br\/transparencia\/portarias\/portaria-409-de-04-de-junho-de-2019-exoneracao-cargo-em-comissao-de-supervisor-pedagogico-da-semecti-municipal\/\">Portaria 409, de 04 de junho de 2019 exonera\u00e7\u00e3o cargo em comiss\u00e3o de supervisor pedag\u00f3gico da semecti municipal<\/a><\/li>\n\t\t<li class=\"wsp-post\"><a href=\"https:\/\/saobernardo.ma.gov.br\/transparencia\/portarias\/portaria-408-de-04-de-junho-de-2019-dispoe-sobre-a-exoneracao-do-cargo-em-comissao-de-coordenador-de-desenvolvimento-a-producao-e-inspecao-pecuaria-da-secretaria-de-agricultura-pesca\/\">portaria 408 de 04 de junho de 2019 Disp\u00f5e sobre a exonera\u00e7\u00e3o do cargo em comiss\u00e3o de coordenador de desenvolvimento a produ\u00e7\u00e3o e inspe\u00e7\u00e3o pecu\u00e1ria da secretaria de agricultura pesca<\/a><\/li>\n\t\t<li class=\"wsp-post\"><a href=\"https:\/\/saobernardo.ma.gov.br\/transparencia\/portarias\/portaria-n-406-de-21-de-maio-de-2019\/\">Portaria N\u00b0 406, de 21 de Maio de 2019<\/a><\/li>\n\t\t<li class=\"wsp-post\"><a href=\"https:\/\/saobernardo.ma.gov.br\/transparencia\/portarias\/portaria-n-405-de-21-de-maio-de-2019\/\">Portaria N\u00b0 405, de 21 de Maio de 2019<\/a><\/li>\n\t\t<li class=\"wsp-post\"><a href=\"https:\/\/saobernardo.ma.gov.br\/transparencia\/portarias\/portaria-407-de-21-de-maio-nomeacao-do-cargo-de-secretario-municipal-de-administracao\/\">Portaria 407, de 21 de maio, nomea\u00e7\u00e3o do cargo de secretario municipal de administra\u00e7\u00e3o<\/a><\/li>\n\t\t<li class=\"wsp-post\"><a href=\"https:\/\/saobernardo.ma.gov.br\/transparencia\/portarias\/portaria-n-403-de-07-de-maio-de-2019-dispoe-sobre-a-exoneracao-do-cargo-efetivo-de-professor-da-secretaria-municipal-de-educacao\/\">Portaria N\u00b0 403, de 07 de maio de 2019, disp\u00f5e sobre a exonera\u00e7\u00e3o do cargo efetivo de professor da secretaria municipal de educa\u00e7\u00e3o.<\/a><\/li>\n\t\t<li class=\"wsp-post\"><a href=\"https:\/\/saobernardo.ma.gov.br\/transparencia\/portarias\/portaria-n-402-de-07-de-maio-de-2019-dispoe-sobre-a-exoneracao-do-cargo-efetivo-de-professor-da-secretaria-municipal-de-educacao\/\">Portaria N\u00b0 402, de 07 de maio de 2019,  disp\u00f5e sobre a exonera\u00e7\u00e3o do cargo efetivo de professor da secretaria municipal de educa\u00e7\u00e3o.<\/a><\/li>\n\t\t<li class=\"wsp-post\"><a href=\"https:\/\/saobernardo.ma.gov.br\/transparencia\/portarias\/portaria-n-403-de-07-de-maio-de-2019\/\">Portaria N\u00b0 403, de 07 de Maio de 2019<\/a><\/li>\n\t\t<li class=\"wsp-post\"><a href=\"https:\/\/saobernardo.ma.gov.br\/transparencia\/portarias\/portaria-n-402-de-07-de-maio-de-2019\/\">Portaria N\u00b0 402, de 07 de Maio de 2019<\/a><\/li>\n\t\t<li class=\"wsp-post\"><a href=\"https:\/\/saobernardo.ma.gov.br\/transparencia\/portarias\/portaria-no-401-de-07-de-maio-de-2019-dispoe-sobre-a-exoneracao-a-pedido-do-cargo-de-provimento-efetivo-de-professor-de-educacao-infantil-da-secretaria-municipal-de-educacao-da-estrutura-organizaci\/\">PORTARIA N\u00ba 401, DE 07 DE MAIO DE 2019 &#8211; DISP\u00d5E SOBRE A EXONERA\u00c7\u00c3O A PEDIDO DO CARGO DE PROVIMENTO EFETIVO DE PROFESSOR DE EDUCA\u00c7\u00c3O INFANTIL DA SECRETARIA MUNICIPAL DE EDUCA\u00c7\u00c3O DA ESTRUTURA ORGANIZACIONAL DA PREFEITURA MUNICIPAL, E D\u00c1 OUTRAS PROVID\u00caNCIAS \u201c.<\/a><\/li>\n\t\t<li class=\"wsp-post\"><a href=\"https:\/\/saobernardo.ma.gov.br\/transparencia\/portarias\/portaria-n-400-30-de-abril-de-2019-dispoe-sobre-a-exoneracao-do-cargo-em-comissao-de-coordenador-de-desenvolvimento-da-producao-agricola-da-secretaria-municipal-de-agriultura-pesca-e-pecuari\/\">Portaria N\u00b0 400, 30 de abril, de 2019. Disp\u00f5e sobre a exonera\u00e7\u00e3o do cargo em comiss\u00e3o de coordenador de desenvolvimento da produ\u00e7\u00e3o agr\u00edcola da secretaria municipal de agriultura, pesca e pecu\u00e1ria da estrutura organizacional da prefeitura municipal e d\u00e1 outras provid\u00eancias.<\/a><\/li>\n\t\t<li class=\"wsp-post\"><a href=\"https:\/\/saobernardo.ma.gov.br\/transparencia\/portarias\/portaria-n399-22-de-abril-de-2019-dispoe-sobre-a-nomeacao-do-cargo-em-comissao-de-ordenador-de-despesas-do-fundo-municipal-de-saude-e-da-outras-providencias\/\">Portaria N\u00b0399, 22 de abril de 2019, disp\u00f5e sobre a nomea\u00e7\u00e3o do cargo  em comiss\u00e3o de Ordenador de despesas do fundo municipal de Sa\u00fade e da outras provid\u00eancias.<\/a><\/li>\n\t\t<li class=\"wsp-post\"><a href=\"https:\/\/saobernardo.ma.gov.br\/transparencia\/portarias\/portaria-n398-22-de-abril-de-2019-dispoe-sobre-a-exoneracao-do-cargo-em-comissao-de-secretario-municipal-de-saude-do-municipio-de-sao-bernardo-ma-e-da-outras-providencias\/\">Portaria N\u00b0398, 22 de abril de 2019, disp\u00f5e sobre a exonera\u00e7\u00e3o do cargo  em comiss\u00e3o de Secret\u00e1rio municipal de Sa\u00fade do munic\u00edpio de S\u00e3o Bernardo &#8211; MA e da outras provid\u00eancias.<\/a><\/li>\n\t\t<li class=\"wsp-post\"><a href=\"https:\/\/saobernardo.ma.gov.br\/transparencia\/portarias\/portaria-n-398-de-12-de-abril-de-2019-dispoe-sobre-a-nomeacao-do-cargo-em-comissao-de-secretario-municipal-de-agricultura-pesca-e-pecuaria-da-prefeitura-municipal-de-sao-bernardo-ma\/\">Portaria N\u00b0 396, de 12 de Abril de 2019, disp\u00f5e sobre a Nomea\u00e7\u00e3o do cargo em comiss\u00e3o de secret\u00e1rio municipal de agricultura, pesca e pecu\u00e1ria da prefeitura municipal de S\u00e3o Bernardo-MA.<\/a><\/li>\n\t\t<li class=\"wsp-post\"><a href=\"https:\/\/saobernardo.ma.gov.br\/transparencia\/portarias\/portaria-n-397-de-12-de-abril-de-2019-dispoe-sobre-a-exoneracao-do-cargo-em-comissao-de-secretario-municipal-de-agricultura-pesca-e-pecuaria-da-prefeitura-municipal-de-sao-bernardo-ma\/\">Portaria N\u00b0 397, de 12 de Abril de 2019, disp\u00f5e sobre a exonera\u00e7\u00e3o do cargo em comiss\u00e3o de secret\u00e1rio municipal de agricultura, pesca e pecu\u00e1ria da prefeitura municipal de S\u00e3o Bernardo-MA.<\/a><\/li>\n\t\t<li class=\"wsp-post\"><a href=\"https:\/\/saobernardo.ma.gov.br\/transparencia\/portarias\/portaria-n-394-de-05-de-abril-de-2019-dispoe-sobre-a-exoneracao-do-cargo-em-comissao-coordenador-de-programa-servico-de-convivencia-e-fortalecimento-de-vinculos-da-sec-municipal-de-assistenci\/\">Portaria N\u00b0 394, de 05 de abril de 2019, disp\u00f5e sobre a exonera\u00e7\u00e3o do cargo em comiss\u00e3o coordenador de programa servi\u00e7o de conviv\u00eancia e fortalecimento de v\u00ednculos da sec. municipal de assistencia social<\/a><\/li>\n\t\t<li class=\"wsp-post\"><a href=\"https:\/\/saobernardo.ma.gov.br\/transparencia\/portarias\/portaria-n-393-de-05-de-abril-de-2019-dispoe-sobre-a-nomeacao-do-cargo-de-subdiretor-geral-do-hospital-da-secretaria-municipal-de-saude\/\">Portaria N\u00b0 393, de 05 de abril de 2019, disp\u00f5e sobre a nomea\u00e7\u00e3o do cargo de Subdiretor geral do hospital da secretaria municipal de sa\u00fade<\/a><\/li>\n\t\t<li class=\"wsp-post\"><a href=\"https:\/\/saobernardo.ma.gov.br\/transparencia\/portarias\/portaria-n-392-de-05-de-abril-de-2019-dispoe-sobre-a-nomeacao-do-cargo-de-diretor-geral-do-hospital-da-secretaria-municipal-de-saude\/\">Portaria N\u00b0 392, de 05 de abril de 2019, disp\u00f5e sobre a nomea\u00e7\u00e3o do cargo de diretor geral do hospital da secretaria municipal de sa\u00fade<\/a><\/li>\n\t\t<li class=\"wsp-post\"><a href=\"https:\/\/saobernardo.ma.gov.br\/transparencia\/portarias\/portaria-n-390-de-05-de-abril-de-2019-dispoe-sobre-a-exoneracao-do-cargo-efetivo-de-professor-da-secretaria-municipal-de-educacao\/\">Portaria N\u00b0 390, de 05 de abril de 2019, disp\u00f5e sobre a exonera\u00e7\u00e3o do cargo efetivo de professor da secretaria municipal de educa\u00e7\u00e3o<\/a><\/li>\n\t\t<li class=\"wsp-post\"><a href=\"https:\/\/saobernardo.ma.gov.br\/transparencia\/portarias\/portaria-n-389-de-05-de-abril-de-2019-dispoe-sobre-a-exoneracao-do-cargo-efetivo-de-professor-da-secretaria-municipal-de-educacao\/\">Portaria N\u00b0 389, de 05 de abril de 2019, disp\u00f5e sobre a exonera\u00e7\u00e3o do cargo efetivo de professor da secretaria municipal de educa\u00e7\u00e3o<\/a><\/li>\n\t\t<li class=\"wsp-post\"><a href=\"https:\/\/saobernardo.ma.gov.br\/transparencia\/portarias\/portaria-n387-de-04-de-abril-de-2019\/\">Portaria N\u00b0387 de 04 de Abril de 2019<\/a><\/li>\n\t\t<li class=\"wsp-post\"><a href=\"https:\/\/saobernardo.ma.gov.br\/transparencia\/portarias\/portaria-n-59-de-04-de-abril-de-2019-dispoe-sobre-a-nomeacao-de-servidor-aprovado-em-concurso-publico-edital-n-012013\/\">Portaria N\u00b0 59, de 04 de abril de 2019, disp\u00f5e sobre a nomea\u00e7\u00e3o de servidor aprovado em concurso p\u00fablico Edital n\u00b0 012013.<\/a><\/li>\n\t\t<li class=\"wsp-post\"><a href=\"https:\/\/saobernardo.ma.gov.br\/transparencia\/portarias\/portaria-n-388-de-04-de-abril-de-2019-dispoe-sobre-nomeacao-do-cargo-de-assessor-juridico-da-secretaria-municipal-de-direitos-humanos-e-cidadania\/\">Portaria N\u00b0 388, de 04 de abril de 2019, disp\u00f5e sobre nomea\u00e7\u00e3o do cargo de assessor jur\u00eddico da secretaria municipal de direitos humanos e cidadania<\/a><\/li>\n\t\t<li class=\"wsp-post\"><a href=\"https:\/\/saobernardo.ma.gov.br\/transparencia\/portarias\/portaria-n-387-de-04-de-abril-de-2019-dispoe-sobre-nomeacao-do-cargo-de-assessor-tecnico-administrativo-da-secretaria-municipal-de-direitos-humanos-e-cidadania\/\">Portaria N\u00b0 387, de 04 de abril de 2019, disp\u00f5e sobre nomea\u00e7\u00e3o do cargo de assessor t\u00e9cnico administrativo da secretaria municipal de direitos humanos e cidadania<\/a><\/li>\n\t\t<li class=\"wsp-post\"><a href=\"https:\/\/saobernardo.ma.gov.br\/transparencia\/portarias\/portaria-n-386-de-04-de-abril-de-2019-dispoe-sobre-nomeacao-do-cargo-de-coordenador-de-promocao-da-igualdade-humana-e-expedicao-de-documentos-da-secretaria-municipal-de-direitos-humanos-e-cida\/\">Portaria N\u00b0 386, de 04 de abril de 2019, disp\u00f5e sobre nomea\u00e7\u00e3o do cargo de coordenador de promo\u00e7\u00e3o da igualdade humana e expedi\u00e7\u00e3o de documentos da secretaria municipal de direitos humanos e cidadania<\/a><\/li>\n\t\t<li class=\"wsp-post\"><a href=\"https:\/\/saobernardo.ma.gov.br\/transparencia\/portarias\/portaria-n-391-de-03-de-abril-de-2019-dispoe-sobre-a-exoneracao-do-cargo-efetivo-de-agente-administrativo-da-secretaria-municipal-de-administracao-e-financas\/\">Portaria N\u00b0 391, de 03 de abril de 2019, disp\u00f5e sobre a exonera\u00e7\u00e3o do cargo efetivo de agente administrativo da secretaria municipal de administra\u00e7\u00e3o e finan\u00e7as<\/a><\/li>\n\t\t<li class=\"wsp-post\"><a href=\"https:\/\/saobernardo.ma.gov.br\/transparencia\/portarias\/portaria-n-385-de-03-de-abril-de-2019-dispoe-sobre-a-exoneracao-do-cargo-efetivo-de-assistente-administrativo-da-secretaria-municipal-de-administracao\/\">Portaria N\u00b0 385, de 03 de abril de 2019, disp\u00f5e sobre a exonera\u00e7\u00e3o do cargo efetivo de assistente administrativo da secretaria municipal de administra\u00e7\u00e3o<\/a><\/li>\n\t\t<li class=\"wsp-post\"><a href=\"https:\/\/saobernardo.ma.gov.br\/transparencia\/portarias\/portaria-n-384-de-03-de-abril-de-2019-dispoe-sobre-a-exoneracao-do-cargo-efetivo-de-vigia-da-secretaria-municipal-de-saude\/\">Portaria N\u00b0 384, de 03 de abril de 2019, disp\u00f5e sobre a exonera\u00e7\u00e3o do cargo efetivo de vigia da secretaria municipal de sa\u00fade.<\/a><\/li>\n\t\t<li class=\"wsp-post\"><a href=\"https:\/\/saobernardo.ma.gov.br\/transparencia\/portarias\/portaria-n-383-de-03-de-abril-de-marco-de-2019-dispoe-sobre-a-exoneracao-do-cargo-coordenador-do-programa-esporte-arte-e-cultura-na-escola-da-secretaria-municipal-de-educacao\/\">Portaria N\u00b0 383, de 03 de abril de 2019, disp\u00f5e sobre a exonera\u00e7\u00e3o do cargo coordenador do programa esporte, arte e cultura na escola da secretaria municipal de educa\u00e7\u00e3o<\/a><\/li>\n\t\t<li class=\"wsp-post\"><a href=\"https:\/\/saobernardo.ma.gov.br\/transparencia\/portarias\/portaria-n-382-de-03-de-abril-de-2019-dispoe-sobre-a-exoneracao-do-cargo-efetivo-de-assistente-administrativo-da-secretaria-municipal-de-agricultura-pecuaria-e-meio-ambiente\/\">Portaria N\u00b0 382, de 03 de abril de 2019, disp\u00f5e sobre a exonera\u00e7\u00e3o do cargo efetivo de assistente administrativo da secretaria municipal de agricultura, pecu\u00e1ria e meio ambiente.<\/a><\/li>\n\t\t<li class=\"wsp-post\"><a href=\"https:\/\/saobernardo.ma.gov.br\/transparencia\/portarias\/portaria-n-373-de-01-de-abril-de-2019-dispoe-sobre-nomeacao-do-cargo-em-comissao-de-secretaria-municipal-de-direitos-humanos-e-cidadania\/\">Portaria N\u00b0 381, de 01 de abril de 2019, disp\u00f5e sobre nomea\u00e7\u00e3o do cargo em comiss\u00e3o de secretaria municipal de direitos humanos e cidadania<\/a><\/li>\n\t\t<li class=\"wsp-post\"><a href=\"https:\/\/saobernardo.ma.gov.br\/transparencia\/portarias\/portaria-n-376-de-18-de-marco-de-2019-dispoe-sobre-a-exoneracao-do-cargo-efetivo-de-professor-da-secretaria-municipal-de-educacao\/\">Portaria N\u00b0 376, de 18 de Mar\u00e7o de 2019, disp\u00f5e sobre a exonera\u00e7\u00e3o do cargo efetivo de professor da secretaria municipal de educa\u00e7\u00e3o<\/a><\/li>\n\t\t<li class=\"wsp-post\"><a href=\"https:\/\/saobernardo.ma.gov.br\/transparencia\/portarias\/portaria-n-373-de-18-de-marco-de-2019-dispoe-sobre-a-exoneracao-do-cargo-efetivo-de-professor-da-secretaria-municipal-de-educacao\/\">Portaria N\u00b0 373, de 18 de Mar\u00e7o de 2019, disp\u00f5e sobre a exonera\u00e7\u00e3o do cargo efetivo de professor da secretaria municipal de educa\u00e7\u00e3o<\/a><\/li>\n\t\t<li class=\"wsp-post\"><a href=\"https:\/\/saobernardo.ma.gov.br\/transparencia\/portarias\/portaria-n-372-de-18-de-marco-de-2019-dispoe-sobre-a-exoneracao-do-cargo-efetivo-de-agente-administrativo-da-prefeitura-municipal\/\">Portaria N\u00b0 372, de 18 de Mar\u00e7o de 2019, disp\u00f5e sobre a exonera\u00e7\u00e3o do cargo efetivo de agente administrativo da prefeitura municipal<\/a><\/li>\n\t\t<li class=\"wsp-post\"><a href=\"https:\/\/saobernardo.ma.gov.br\/transparencia\/portarias\/portaria-n-380-de-18-de-marco-de-2019-dispoe-sobre-a-exoneracao-do-cargo-efetivo-de-professor-da-secretaria-municipal-de-educacao\/\">Portaria N\u00b0 380, de 18 de Mar\u00e7o de 2019, disp\u00f5e sobre a exonera\u00e7\u00e3o do cargo efetivo de professor da secretaria municipal de educa\u00e7\u00e3o<\/a><\/li>\n\t\t<li class=\"wsp-post\"><a href=\"https:\/\/saobernardo.ma.gov.br\/transparencia\/portarias\/portaria-n-379-de-18-de-marco-de-2019-dispoe-sobre-a-exoneracao-do-cargo-efetivo-de-auxiliar-de-servicos-gerais-da-secretaria-municipal-de-educacao\/\">Portaria N\u00b0 379, de 18 de Mar\u00e7o de 2019, disp\u00f5e sobre a exonera\u00e7\u00e3o do cargo efetivo de auxiliar de servi\u00e7os gerais da secretaria municipal de educa\u00e7\u00e3o<\/a><\/li>\n\t\t<li class=\"wsp-post\"><a href=\"https:\/\/saobernardo.ma.gov.br\/transparencia\/portarias\/portaria-n-378-de-18-de-marco-de-2019-dispoe-sobre-a-exoneracao-do-cargo-efetivo-de-professor-da-secretaria-municipal-de-educacao\/\">Portaria N\u00b0 378, de 18 de Mar\u00e7o de 2019, disp\u00f5e sobre a exonera\u00e7\u00e3o do cargo efetivo de professor da secretaria municipal de educa\u00e7\u00e3o<\/a><\/li>\n\t\t<li class=\"wsp-post\"><a href=\"https:\/\/saobernardo.ma.gov.br\/transparencia\/portarias\/portaria-n-377-de-18-de-marco-de-2019-dispoe-sobre-a-exoneracao-do-cargo-efetivo-de-professor-da-secretaria-municipal-de-educacao\/\">Portaria N\u00b0 377, de 18 de Mar\u00e7o de 2019, disp\u00f5e sobre a exonera\u00e7\u00e3o do cargo efetivo de professor da secretaria municipal de educa\u00e7\u00e3o<\/a><\/li>\n\t\t<li class=\"wsp-post\"><a href=\"https:\/\/saobernardo.ma.gov.br\/transparencia\/portarias\/portaria-n-375-de-18-de-marco-de-2019-dispoe-sobre-a-exoneracao-do-cargo-efetivo-de-professor-da-secretaria-municipal-de-educacao-portaria-n-373-de-18-de-marco-de-2019-dispoe-sobre\/\">Portaria N\u00b0 375, de 18 de Mar\u00e7o de 2019, disp\u00f5e sobre a exonera\u00e7\u00e3o do cargo efetivo de professor da secretaria municipal de educa\u00e7\u00e3o    Portaria N\u00b0 373, de 18 de Mar\u00e7o de 2019, disp\u00f5e sobre a exonera\u00e7\u00e3o do cargo efetivo de agente administrativo da prefeitura municipal<\/a><\/li>\n\t\t<li class=\"wsp-post\"><a href=\"https:\/\/saobernardo.ma.gov.br\/transparencia\/portarias\/portaria-n-374-de-18-de-marco-de-2019-dispoe-sobre-a-exoneracao-do-cargo-efetivo-de-professor-da-secretaria-municipal-de-educacao\/\">Portaria N\u00b0 374, de 18 de Mar\u00e7o de 2019, disp\u00f5e sobre a exonera\u00e7\u00e3o do cargo efetivo de professor da secretaria municipal de educa\u00e7\u00e3o<\/a><\/li>\n\t\t<li class=\"wsp-post\"><a href=\"https:\/\/saobernardo.ma.gov.br\/transparencia\/portarias\/portaria-n-371-de-18-de-marco-de-2019-dispoe-sobre-a-exoneracao-do-cargo-efetivo-de-professor-da-secretaria-municipal-de-educacao\/\">Portaria N\u00b0 371, de 18 de Mar\u00e7o de 2019, disp\u00f5e sobre a exonera\u00e7\u00e3o do cargo efetivo de professor da secretaria municipal de educa\u00e7\u00e3o.<\/a><\/li>\n\t\t<li class=\"wsp-post\"><a href=\"https:\/\/saobernardo.ma.gov.br\/transparencia\/portarias\/portaria-n-370-de-14-de-marco-de-2019-dispoe-sobre-a-exoneracao-do-cargo-de-provimento-efetivo-de-agente-de-tributos-da-secretaria-municipal-de-administracao-e-financas-da-prefeitura-municipal\/\">Portaria N\u00b0 370, de 14 de mar\u00e7o de 2019, disp\u00f5e sobre a exonera\u00e7\u00e3o do cargo de provimento efetivo de agente de tributos da secretaria municipal de administra\u00e7\u00e3o e finan\u00e7as da prefeitura municipal e d\u00e1 outras provid\u00eancias.<\/a><\/li>\n\t\t<li class=\"wsp-post\"><a href=\"https:\/\/saobernardo.ma.gov.br\/transparencia\/portarias\/portaria-n-362-de-11-de-marco-de-2019-dispoe-sobre-a-convocacao-de-servidores-publicos-municipais-efetivos-comissionados-e-contratados-da-secretaria-municipal-de-saude-para-recadastramento\/\">Portaria N\u00b0 362, de 11 de mar\u00e7o de 2019. Disp\u00f5e sobre a convoca\u00e7\u00e3o de servidores p\u00fablicos municipais efetivos, comissionados e contratados, da secretaria municipal de sa\u00fade para recadastramento.<\/a><\/li>\n\t\t<li class=\"wsp-post\"><a href=\"https:\/\/saobernardo.ma.gov.br\/transparencia\/portarias\/portaria-n-359-de-11-de-marco-de-2019-exoneracao-do-cargo-efetivo-de-professor-da-secretaria-municipal-de-educacao-da-estrutura-organizacional-da-prefeitura-municipal\/\">Portaria N\u00b0 359, de 11 de Mar\u00e7o de 2019, Exonera\u00e7\u00e3o do cargo efetivo de professor da secretaria municipal de educa\u00e7\u00e3o da estrutura organizacional da prefeitura municipal<\/a><\/li>\n\t\t<li class=\"wsp-post\"><a href=\"https:\/\/saobernardo.ma.gov.br\/transparencia\/portarias\/portaria-n-369-de-11-de-marco-de-2019-exoneracao-do-cargo-efetivo-de-professor-da-secretaria-municipal-de-educacao-da-estrutura-organizacional-da-prefeitura-municipal\/\">Portaria N\u00b0 369, de 11 de Mar\u00e7o de 2019, Exonera\u00e7\u00e3o do cargo efetivo de professor da secretaria municipal de educa\u00e7\u00e3o da estrutura organizacional da prefeitura municipal<\/a><\/li>\n\t\t<li class=\"wsp-post\"><a href=\"https:\/\/saobernardo.ma.gov.br\/transparencia\/portarias\/portaria-n-368-de-11-de-marco-de-2019-exoneracao-do-cargo-efetivo-de-professor-da-secretaria-municipal-de-educacao-da-estrutura-organizacional-da-prefeitura-municipal\/\">Portaria N\u00b0 368, de 11 de Mar\u00e7o de 2019, Exonera\u00e7\u00e3o do cargo efetivo de professor da secretaria municipal de educa\u00e7\u00e3o da estrutura organizacional da prefeitura municipal<\/a><\/li>\n\t\t<li class=\"wsp-post\"><a href=\"https:\/\/saobernardo.ma.gov.br\/transparencia\/portarias\/portaria-n-367-de-11-de-marco-de-2019-exoneracao-do-cargo-efetivo-de-professor-da-secretaria-municipal-de-educacao-da-estrutura-organizacional-da-prefeitura-municipal\/\">Portaria N\u00b0 367, de 11 de Mar\u00e7o de 2019, Exonera\u00e7\u00e3o do cargo efetivo de professor da secretaria municipal de educa\u00e7\u00e3o da estrutura organizacional da prefeitura municipal<\/a><\/li>\n\t\t<li class=\"wsp-post\"><a href=\"https:\/\/saobernardo.ma.gov.br\/transparencia\/portarias\/portaria-n-366-de-11-de-marco-de-2019-exoneracao-do-cargo-efetivo-de-professor-da-secretaria-municipal-de-educacao-da-estrutura-organizacional-da-prefeitura-municipal\/\">Portaria N\u00b0 366, de 11 de Mar\u00e7o de 2019, Exonera\u00e7\u00e3o do cargo efetivo de professor da secretaria municipal de educa\u00e7\u00e3o da estrutura organizacional da prefeitura municipal<\/a><\/li>\n\t\t<li class=\"wsp-post\"><a href=\"https:\/\/saobernardo.ma.gov.br\/transparencia\/portarias\/portaria-n-365-de-11-de-marco-de-2019-exoneracao-do-cargo-efetivo-de-professor-da-secretaria-municipal-de-educacao-da-estrutura-organizacional-da-prefeitura-municipal\/\">Portaria N\u00b0 365, de 11 de Mar\u00e7o de 2019, Exonera\u00e7\u00e3o do cargo efetivo de professor da secretaria municipal de educa\u00e7\u00e3o da estrutura organizacional da prefeitura municipal<\/a><\/li>\n\t\t<li class=\"wsp-post\"><a href=\"https:\/\/saobernardo.ma.gov.br\/transparencia\/portarias\/portaria-n-364-de-11-de-marco-de-2019-exoneracao-do-cargo-efetivo-de-professor-da-secretaria-municipal-de-educacao-da-estrutura-organizacional-da-prefeitura-municipal\/\">Portaria N\u00b0 364, de 11 de Mar\u00e7o de 2019, Exonera\u00e7\u00e3o do cargo efetivo de professor da secretaria municipal de educa\u00e7\u00e3o da estrutura organizacional da prefeitura municipal<\/a><\/li>\n\t\t<li class=\"wsp-post\"><a href=\"https:\/\/saobernardo.ma.gov.br\/transparencia\/portarias\/portaria-n-363-de-11-de-marco-de-2019-exoneracao-do-cargo-efetivo-de-professor-da-secretaria-municipal-de-educacao-da-estrutura-organizacional-da-prefeitura-municipal\/\">Portaria N\u00b0 363, de 11 de Mar\u00e7o de 2019, Exonera\u00e7\u00e3o do cargo efetivo de professor da secretaria municipal de educa\u00e7\u00e3o da estrutura organizacional da prefeitura municipal<\/a><\/li>\n\t\t<li class=\"wsp-post\"><a href=\"https:\/\/saobernardo.ma.gov.br\/transparencia\/portarias\/portaria-n-361-de-11-de-marco-de-2019-exoneracao-do-cargo-de-agente-administrativo-da-secretaria-municipal-de-agricultura-e-meio-ambiente-da-estrutura-organizacional\/\">Portaria N\u00b0 361, de 11 de Mar\u00e7o de 2019, Exonera\u00e7\u00e3o do cargo de agente administrativo da secretaria municipal de agricultura e meio ambiente da estrutura organizacional<\/a><\/li>\n\t\t<li class=\"wsp-post\"><a href=\"https:\/\/saobernardo.ma.gov.br\/transparencia\/portarias\/portaria-n-360-de-11-de-marco-de-2019-exoneracao-do-cargo-efetivo-de-professor-da-secretaria-municipal-de-educacao-da-estrutura-organizacional-da-prefeitura-municipal\/\">Portaria N\u00b0 360, de 11 de Mar\u00e7o de 2019, Exonera\u00e7\u00e3o do cargo efetivo de professor da secretaria municipal de educa\u00e7\u00e3o da estrutura organizacional da prefeitura municipal<\/a><\/li>\n\t\t<li class=\"wsp-post\"><a href=\"https:\/\/saobernardo.ma.gov.br\/transparencia\/portarias\/portaria-n-357-de-20-de-fevereiro-de-2019-nomeacao-do-cargo-em-comissao-de-assessor-tecnico-admnistrativo-da-secretaria-municipal-de-assistencia-social-da-estrutura-organizacional-da-prefeitur\/\">Portaria N\u00b0 357, de 20 de fevereiro de 2019, Nomea\u00e7\u00e3o do cargo em comiss\u00e3o de assessor t\u00e9cnico admnistrativo da secretaria municipal de assist\u00eancia social da estrutura organizacional da prefeitura municipal.<\/a><\/li>\n\t\t<li class=\"wsp-post\"><a href=\"https:\/\/saobernardo.ma.gov.br\/transparencia\/portarias\/portaria-n-356-de-20-de-fevereiro-de-2019-exoneracao-do-cargo-em-comissao-de-assessor-tecnico-admnistrativo-da-secretaria-municipal-de-assistencia-social-da-estrutura-organizacional-da-prefeit\/\">Portaria N\u00b0 356, de 20 de Fevereiro de 2019, exonera\u00e7\u00e3o do cargo em comiss\u00e3o de assessor t\u00e9cnico admnistrativo da secretaria municipal de assist\u00eancia social da estrutura organizacional da prefeitura municipal<\/a><\/li>\n\t\t<li class=\"wsp-post\"><a href=\"https:\/\/saobernardo.ma.gov.br\/transparencia\/portarias\/portaria-n-355-de-12-de-fevereiro-de-2019-dispoe-sobre-a-exoneracao-do-cargo-em-comissao-de-assessor-juridico-da-secretaria-municipal-de-cidadania-e-direitos-humanos-da-prefeitura-municipal\/\">Portaria N\u00b0 355, de 12 de fevereiro de 2019, disp\u00f5e sobre a exonera\u00e7\u00e3o do cargo em comiss\u00e3o de assessor jur\u00eddico da secretaria municipal de cidadania e direitos humanos da prefeitura municipal.<\/a><\/li>\n\t\t<li class=\"wsp-post\"><a href=\"https:\/\/saobernardo.ma.gov.br\/transparencia\/portarias\/portaria-n-354-de-07-de-fevereiro-de-2019-dispoe-sobre-a-nomeacao-do-cargo-em-comissao-de-ordenador-de-despesas-do-fundo-municipal-de-assistencia-social\/\">Portaria N\u00b0,354, de 07 de Fevereiro de 2019, Disp\u00f5e sobre a nomea\u00e7\u00e3o do cargo em comiss\u00e3o de ordenador de despesas do fundo municipal de assist\u00eancia social<\/a><\/li>\n\t\t<li class=\"wsp-post\"><a href=\"https:\/\/saobernardo.ma.gov.br\/transparencia\/portarias\/portaria-n-353-de-07-de-fevereiro-de-2019-dispoe-sobre-a-exoneracao-do-cargo-em-comissao-de-ordenadora-de-despesas-do-fundo-municipal-de-assistencia-social\/\">Portaria N\u00b0 353, de 07 de fevereiro de 2019, disp\u00f5e sobre a exonera\u00e7\u00e3o do cargo em comiss\u00e3o de ordenadora de despesas do fundo municipal de assist\u00eancia social.<\/a><\/li>\n\t\t<li class=\"wsp-post\"><a href=\"https:\/\/saobernardo.ma.gov.br\/transparencia\/portarias\/portaria-n-352-de-05-de-fevereiro-de-2019-dispoe-sobre-a-nomeacao-do-cargo-em-comissao-de-assessor-especial-nivel-ii-do-gabinete-do-prefeito-da-prefeitura-municipal-e-da-outras-providencias\/\">Portaria N\u00b0 352 de 05 de fevereiro de 2019, disp\u00f5e sobre a nomea\u00e7\u00e3o do cargo em comiss\u00e3o de assessor especial n\u00edvel II, do gabinete do Prefeito, da Prefeitura Municipal, e d\u00e1 outras provid\u00eancias.<\/a><\/li>\n\t\t<li class=\"wsp-post\"><a href=\"https:\/\/saobernardo.ma.gov.br\/transparencia\/portarias\/portaria-n-351-de-05-de-fevereiro-de-2019-dispoe-sobre-a-exoneracao-do-cargo-em-comissao-de-assessor-especial-nivel-ii-do-gabinete-do-prefeito-da-prefeitura-municipal-e-da-outras-providencia\/\">Portaria N\u00b0 351 de 05 de fevereiro de 2019, disp\u00f5e sobre a exonera\u00e7\u00e3o do cargo em comiss\u00e3o de assessor especial n\u00edvel II, do gabinete do Prefeito, da Prefeitura Municipal, e d\u00e1 outras provid\u00eancias.<\/a><\/li>\n\t\t<li class=\"wsp-post\"><a href=\"https:\/\/saobernardo.ma.gov.br\/transparencia\/portarias\/portaria-349-de-31-01-2019-exoneracao-de-cargo\/\">PORTARIA 349  de 31-01-2019 Exonera\u00e7\u00e3o de cargo<\/a><\/li>\n\t\t<li class=\"wsp-post\"><a href=\"https:\/\/saobernardo.ma.gov.br\/transparencia\/portarias\/portaria-n-348-de-25-de-janeito-de-2019-dispoe-sobre-o-adiamento-da-data-para-nomeacao-e-posse-dos-convocados-no-edital-n-01-2019\/\">Portaria N\u00b0 348, de 25 de Janeito de 2019, Disp\u00f5e sobre o adiamento da data para nomea\u00e7\u00e3o e posse dos convocados no Edital N\u00b0 01\/2019.<\/a><\/li>\n\t\t<li class=\"wsp-post\"><a href=\"https:\/\/saobernardo.ma.gov.br\/transparencia\/portarias\/portaria-no347-2019-institui-a-nomeacao-do-fiscal-de-contratos-que-envolvam-obras-publicas-o-sr-roberto-miranda-leite\/\">PORTARIA N\u00ba347\/2019 &#8211;  Institui a Nomea\u00e7\u00e3o do FISCAL DE CONTRATOS que envolvam OBRAS P\u00fablicas, O Sr. ROBERTO MIRANDA LEITE<\/a><\/li>\n\t\t<li class=\"wsp-post\"><a href=\"https:\/\/saobernardo.ma.gov.br\/transparencia\/portarias\/portaria-350-de-31-01-2019-exoneracao-de-cargo\/\">PORTARIA 350  de 31-01-2019 Exonera\u00e7\u00e3o de cargo<\/a><\/li>\n\t\t<li class=\"wsp-post\"><a href=\"https:\/\/saobernardo.ma.gov.br\/transparencia\/portarias\/portaria-n-339-de-17-de-setembro-de-2018-dispoe-sobre-a-nomeacao-do-cargo-em-comissao-de-secretario-escolar-da-secretaria-municipal-de-educacao-da-estrutura-organizacional-da-prefeitura-munici\/\">Portaria n\u00b0 339, de 17 de setembro de 2018, Disp\u00f5e sobre a nomea\u00e7\u00e3o do cargo em comiss\u00e3o de secret\u00e1rio escolar da secretaria municipal de educa\u00e7\u00e3o da estrutura organizacional da prefeitura municipal e d\u00e1 outras provid\u00eancias.<\/a><\/li>\n\t\t<li class=\"wsp-post\"><a href=\"https:\/\/saobernardo.ma.gov.br\/transparencia\/portarias\/portaria-n-338-de-17-de-setembro-de-2018-dispoe-sobre-a-nomeacao-do-cargo-em-comissao-de-diretor-escolar-da-secretaria-municipal-de-educacao-da-estrutura-organizacional-da-prefeitura-municipal\/\">Portaria n\u00b0 338, de 17 de setembro de 2018, Disp\u00f5e sobre a nomea\u00e7\u00e3o do cargo em comiss\u00e3o de diretor escolar da secretaria municipal de educa\u00e7\u00e3o da estrutura organizacional da prefeitura municipal e d\u00e1 outras provid\u00eancias.<\/a><\/li>\n\t\t<li class=\"wsp-post\"><a href=\"https:\/\/saobernardo.ma.gov.br\/transparencia\/portarias\/portaria-n-337-de-12-de-setembro-de-2018-institui-usuario-dos-modulos-cesma-censo-eletronico-de-servidores-do-maranhao-e-saap-sistema-de-atos-de-pessoal-da-estrutura-organizacional-da-pref\/\">Portaria n\u00b0 337, de 12 de setembro de 2018, Institui usu\u00e1rio dos m\u00f3dulos CESMA &#8211; CENSO eletr\u00f4nico de servidores do maranh\u00e3o e SAAP &#8211; Sistema de atos de pessoal da estrutura organizacional da prefeitura municipal e d\u00e1 outras provid\u00eancias.<\/a><\/li>\n\t\t<li class=\"wsp-post\"><a href=\"https:\/\/saobernardo.ma.gov.br\/transparencia\/portarias\/portaria-no-336-de-31-de-agosto-de-2018-dispoe-sobre-a-exoneracao-do-cargo-em-comissao-de-assessor-especial-nivel-i-da-estrutura-organizacional-da-prefeitura-municipal-e-da-outras-providencias\/\">Portaria N\u00ba 336, de 31 de agosto de 2018 &#8211; Disp\u00f5e sobre a Exonera\u00e7\u00e3o do cargo em comiss\u00e3o de assessor especial nivel I, da estrutura organizacional da prefeitura municipal e da outras provid\u00eancias<\/a><\/li>\n\t\t<li class=\"wsp-post\"><a href=\"https:\/\/saobernardo.ma.gov.br\/transparencia\/portarias\/portaria-no-335-de-31-de-agosto-de-2018-dispoe-sobre-a-exoneracao-do-cargo-efetivo-de-professor-da-secretaria-municipal-de-educacao-da-estrutura-organizacional-da-prefeitura-municipal-e-da-outras\/\">Portaria N\u00ba 335, de 31 de agosto de 2018 &#8211; Disp\u00f5e sobre a Exonera\u00e7\u00e3o do cargo efetivo de professor da secretaria municipal de educa\u00e7\u00e3o, da estrutura organizacional da prefeitura municipal e da outras provid\u00eancias<\/a><\/li>\n\t\t<li class=\"wsp-post\"><a href=\"https:\/\/saobernardo.ma.gov.br\/transparencia\/portarias\/portaria-n332-21-de-agosto-2018-nomeacao-do-cargo-em-comissao-de-secretario-municipal-de-esportes-e-juventude-da-estrutura-organizacional-da-prefeitura-municipal\/\">PORTARIA N\u00b0332 &#8211; 21 DE AGOSTO 2018- NOMEA\u00c7\u00c3O DO CARGO EM COMISS\u00c3O DE SECRETARIO MUNICIPAL DE ESPORTES E JUVENTUDE DA ESTRUTURA ORGANIZACIONAL DA PREFEITURA MUNICIPAL.<\/a><\/li>\n\t\t<li class=\"wsp-post\"><a href=\"https:\/\/saobernardo.ma.gov.br\/transparencia\/portarias\/portaria-n334-21-de-agosto-2018-nomeacao-do-cargo-em-comissao-de-secretario-municipal-de-meio-ambiente-da-estrutura-organizacional-da-prefeitura-municipal\/\">PORTARIA N\u00b0334 &#8211; 21 DE AGOSTO 2018- NOMEA\u00c7\u00c3O DO CARGO EM COMISS\u00c3O DE SECRETARIO MUNICIPAL DE MEIO AMBIENTE DA ESTRUTURA ORGANIZACIONAL DA PREFEITURA MUNICIPAL.<\/a><\/li>\n\t\t<li class=\"wsp-post\"><a href=\"https:\/\/saobernardo.ma.gov.br\/transparencia\/portarias\/portaria-n331-21-de-agosto-de-2018-exoneracao-do-cargo-em-comissao-de-secretario-municipal-de-esportes-e-juventude-da-estrutura-organizacional-da-prefeitura-municipal\/\">PORTARIA N\u00b0331 &#8211; 21 DE AGOSTO DE 2018  &#8211; EXONERA\u00c7\u00c3O DO CARGO EM COMISS\u00c3O DE SECRETARIO MUNICIPAL DE ESPORTES E JUVENTUDE DA ESTRUTURA ORGANIZACIONAL DA PREFEITURA MUNICIPAL.<\/a><\/li>\n\t\t<li class=\"wsp-post\"><a href=\"https:\/\/saobernardo.ma.gov.br\/transparencia\/portarias\/portaria-n333-21-de-agosto-2018-exoneracao-do-cargo-em-comissao-de-secretario-municipal-de-agricultura-pesca-e-pecuaria-da-estrutura-organizacional-da-prefeitura-municipal\/\">PORTARIA N\u00b0333 &#8211; 21 DE AGOSTO 2018- EXONERA\u00c7\u00c3O DO CARGO EM COMISS\u00c3O DE SECRETARIO MUNICIPAL DE AGRICULTURA, PESCA E PECU\u00c1RIA DA ESTRUTURA ORGANIZACIONAL DA PREFEITURA MUNICIPAL.<\/a><\/li>\n\t\t<li class=\"wsp-post\"><a href=\"https:\/\/saobernardo.ma.gov.br\/transparencia\/portarias\/portaria-n-325-de-12-de-junho-de-2018-exoneracao-do-cargo-efetivo-de-professor-da-secretaria-municipal-de-educacao-da-estrutura-organizacional-da-prefeitura-municipal\/\">PORTARIA N\u00b0 325, DE 12 DE JUNHO DE 2018, EXONERA\u00c7\u00c3O DO CARGO EFETIVO DE PROFESSOR DA SECRETARIA MUNICIPAL DE EDUCA\u00c7\u00c3O DA ESTRUTURA ORGANIZACIONAL DA PREFEITURA MUNICIPAL.<\/a><\/li>\n\t\t<li class=\"wsp-post\"><a href=\"https:\/\/saobernardo.ma.gov.br\/transparencia\/portarias\/portaria-n-319-de-22-de-marco-de-2018-dispoe-sobre-a-suspensao-da-homologacao-do-resultado-final-do-concurso-publico-edital-n-01-2017-e-prorrogacao-dos-contratados-temporarios-oriundos\/\">Portaria N\u00b0 319, de 22 de mar\u00e7o de 2018, disp\u00f5e sobre a suspens\u00e3o da homologa\u00e7\u00e3o do resultado final do concurso  p\u00fablico, edital n\u00b0 01\/2017 e prorroga\u00e7\u00e3o dos contratados tempor\u00e1rios oriundos de processo seletivo realizado em 2017 e d\u00e1 outras provid\u00eancias.<\/a><\/li>\n\t\t<li class=\"wsp-post\"><a href=\"https:\/\/saobernardo.ma.gov.br\/transparencia\/portarias\/portaria-n-317-08-de-marco-de-2018-nomeacao-do-cargo-de-secretario-municipal-de-comunicacao-e-cultura\/\">Portaria N\u00b0 317, 08 DE MAR\u00c7O DE 2018 &#8211; NOMEA\u00c7\u00c3O DO CARGO DE SECRETARIO MUNICIPAL  DE COMUNICA\u00c7\u00c3O E CULTURA<\/a><\/li>\n\t\t<li class=\"wsp-post\"><a href=\"https:\/\/saobernardo.ma.gov.br\/transparencia\/portarias\/portaria-n-316-de-05-de-marco-de-2018-dispoe-sobre-a-exoneracao-do-cargo-efetivo-de-professor-da-secretaria-municipal-de-educacao\/\">Portaria N\u00b0 316 de 05 de mar\u00e7o de 2018, disp\u00f5e sobre a exonera\u00e7\u00e3o do cargo efetivo de professor da secretaria municipal de educa\u00e7\u00e3o.<\/a><\/li>\n\t\t<li class=\"wsp-post\"><a href=\"https:\/\/saobernardo.ma.gov.br\/transparencia\/portarias\/portaria-n-314-19-de-fevereiro-de-2018-exomeacao-do-cargo-em-nomeacao-da-comissao-de-diretor-geral-do-hospital-da-secretaria-municipal-de-saude\/\">PORTARIA N\u00b0 203, 03 DE MAIO DE 2018 EXOMEA\u00c7\u00c3O DO CARGO EM NOMEA\u00c7\u00c3O DA COMISS\u00c3O DE DIRETOR GERAL DO HOSPITAL DA SECRETARIA MUNICIPAL DE SA\u00daDE.<\/a><\/li>\n\t\t<li class=\"wsp-post\"><a href=\"https:\/\/saobernardo.ma.gov.br\/transparencia\/portarias\/portaria-semed-n-01-conferencia-municipal-de-educacao-2018-sao-bernardo-ma\/\">Portaria SEMED n\u00b0 01 Confer\u00eancia Municipal de Educa\u00e7\u00e3o 2018 S\u00e3o Bernardo-Ma<\/a><\/li>\n\t\t<li class=\"wsp-post\"><a href=\"https:\/\/saobernardo.ma.gov.br\/transparencia\/portarias\/portaria-n-313-de-22-de-janeiro-de-2018-dispoe-sobre-a-exoneracao-do-cargo-efetivo-de-professor-da-secretaria-municipal-de-educacao\/\">Portaria n\u00b0 313 de 22 de janeiro de 2018, disp\u00f5e sobre a exonera\u00e7\u00e3o do cargo efetivo de professor da secretaria municipal de educa\u00e7\u00e3o.<\/a><\/li>\n\t\t<li class=\"wsp-post\"><a href=\"https:\/\/saobernardo.ma.gov.br\/transparencia\/portarias\/portaria-n-282-de-14-de-agosto-de-2017-dispoe-sobre-a-nomeacao-do-cargo-em-comissao-de-chefe-de-departamento-e-cadastro-e-controle-secretaria-municipal-de-administracao-e-financas-da-estrutura\/\">Portaria N\u00b0 282, de 14 de agosto de 2017, disp\u00f5e sobre a nomea\u00e7\u00e3o do cargo em comiss\u00e3o de chefe de departamento e cadastro e controle secretaria municipal de administra\u00e7\u00e3o e finan\u00e7as da estrutura organizacional da prefeitura municipal<\/a><\/li>\n\t\t<li class=\"wsp-post\"><a href=\"https:\/\/saobernardo.ma.gov.br\/transparencia\/portarias\/portaria-comissao-de-assessor-juridico-da-prefeitura-municipal\/\">PORTARIA COMISS\u00c3O DE ASSESSOR JURIDICO DA PREFEITURA MUNICIPAL<\/a><\/li>\n\t\t<li class=\"wsp-post\"><a href=\"https:\/\/saobernardo.ma.gov.br\/transparencia\/portarias\/portaria-comissao-de-assessor-juridico-da-secretaria-de-cidadania-e-direitos-humanos\/\">PORTARIA COMISS\u00c3O DE ASSESSOR JUR\u00cdDICO DA SECRETARIA DE CIDADANIA E DIREITOS HUMANOS<\/a><\/li>\n\t\t<li class=\"wsp-post\"><a href=\"https:\/\/saobernardo.ma.gov.br\/transparencia\/portarias\/portaria-comissao-de-assessor-juridico-municipal\/\">PORTARIA COMISS\u00c3O DE ASSESSOR JURIDICO MUNICIPAL<\/a><\/li>\n\t\t<li class=\"wsp-post\"><a href=\"https:\/\/saobernardo.ma.gov.br\/transparencia\/portarias\/portaria-coordenador-de-sistemas-de-tributos-e-arrecadacao-da-sec-m-de-administracao\/\">PORTARIA COORDENADOR DE SISTEMAS DE TRIBUTOS E ARRECADA\u00c7\u00c3O DA SEC. M. DE ADMINISTRA\u00c7\u00c3O<\/a><\/li>\n\t\t<li class=\"wsp-post\"><a href=\"https:\/\/saobernardo.ma.gov.br\/transparencia\/portarias\/portaria-coordenador-de-contabilidade-da-sec-m-de-administracao\/\">PORTARIA COORDENADOR DE CONTABILIDADE DA SEC. M. DE ADMINISTRA\u00c7\u00c3O<\/a><\/li>\n\t\t<li class=\"wsp-post\"><a href=\"https:\/\/saobernardo.ma.gov.br\/transparencia\/portarias\/portaria-sec-agricultura-pesca-pecuaria-e-meio-ambiente\/\">PORTARIA SEC. AGRICULTURA, PESCA, PECU\u00c1RIA E MEIO AMBIENTE<\/a><\/li>\n\t\t<li class=\"wsp-post\"><a href=\"https:\/\/saobernardo.ma.gov.br\/transparencia\/portarias\/portaria-sec-cidadania-e-direitos-humanos\/\">PORTARIA SEC. CIDADANIA E DIREITOS HUMANOS<\/a><\/li>\n\t\t<li class=\"wsp-post\"><a href=\"https:\/\/saobernardo.ma.gov.br\/transparencia\/portarias\/portaria-comissao-de-licitacao-e-o-pregoeiro-do-municipio\/\">PORTARIA COMISS\u00c3O DE LICITA\u00c7\u00c3O E O PREGOEIRO DO MUNIC\u00cdPIO<\/a><\/li>\n\t\t<li class=\"wsp-post\"><a href=\"https:\/\/saobernardo.ma.gov.br\/transparencia\/portarias\/portaria-sec-de-comunicacao-e-cultura\/\">PORTARIA SEC. DE COMUNICA\u00c7\u00c3O E CULTURA<\/a><\/li>\n\t\t<li class=\"wsp-post\"><a href=\"https:\/\/saobernardo.ma.gov.br\/transparencia\/portarias\/portaria-sec-de-esporte\/\">PORTARIA SEC. DE ESPORTE<\/a><\/li>\n\t\t<li class=\"wsp-post\"><a href=\"https:\/\/saobernardo.ma.gov.br\/transparencia\/portarias\/portaria-sec-infraestrutura-e-servicos-urbanos\/\">PORTARIA SEC. INFRAESTRUTURA E SERVI\u00c7OS URBANOS<\/a><\/li>\n\t\t<li class=\"wsp-post\"><a href=\"https:\/\/saobernardo.ma.gov.br\/transparencia\/portarias\/portaria-procurador-geral-do-municipio\/\">PORTARIA PROCURADOR GERAL DO MUNIC\u00cdPIO<\/a><\/li>\n\t\t<li class=\"wsp-post\"><a href=\"https:\/\/saobernardo.ma.gov.br\/transparencia\/portarias\/portaria-sec-assistente-social\/\">PORTARIA SEC. ASSISTENTE SOCIAL<\/a><\/li>\n\t\t<li class=\"wsp-post\"><a href=\"https:\/\/saobernardo.ma.gov.br\/transparencia\/portarias\/portaria-sec-administracao-e-financas\/\">Portaria SEC. Administra\u00e7\u00e3o e Finan\u00e7as<\/a><\/li>\n\t\t<li class=\"wsp-post\"><a href=\"https:\/\/saobernardo.ma.gov.br\/transparencia\/portarias\/portaria-10-sobre-a-revogacao-das-portarias-n-02-a-092017\/\">Portaria 10 SOBRE A REVOGA\u00c7\u00c3O DAS PORTARIAS N\u00b0 02 \u00c0 09\/2017<\/a><\/li>\n\t\t<li class=\"wsp-post\"><a href=\"https:\/\/saobernardo.ma.gov.br\/transparencia\/portarias\/portaria-n-203-03-de-maio-de-2017-sobre-a-nomeacao-do-cargo-em-nomeacao-da-comissao-de-diretor-geral-do-hospital-da-secretaria-municipal-de-saude\/\">PORTARIA N\u00b0 203, 03 DE MAIO DE 2017 SOBRE A NOMEA\u00c7\u00c3O DO CARGO EM NOMEA\u00c7\u00c3O DA COMISS\u00c3O DE DIRETOR GERAL DO HOSPITAL DA SECRETARIA MUNICIPAL DE SA\u00daDE.<\/a><\/li>\n\t\t<li class=\"wsp-post\"><a href=\"https:\/\/saobernardo.ma.gov.br\/transparencia\/portarias\/portaria-no-014-de-16-de-janeiro-de-2017-resolve-nomear-para-o-cargo-em-comissao-do-orgao-de-execucao-instrumental-e-atuacao-programatica-dga-de-secretaria-municipal-de-saude-da-secretaria-mun\/\">PORTARIA N\u00ba 014, DE 16 DE JANEIRO DE 2017 &#8211; RESOLVE NOMEAR, para o Cargo em Comiss\u00e3o do \u00d3rg\u00e3o de execu\u00e7\u00e3o Instrumental e atua\u00e7\u00e3o Program\u00e1tica &#8211; DGA &#8211; de Secretaria Municipal de Sa\u00fade da Secretaria Municipal de Sa\u00fade o Sr. Manoel de Jesus Silva de Sousa.<\/a><\/li>\n\t\t<li class=\"wsp-post\"><a href=\"https:\/\/saobernardo.ma.gov.br\/transparencia\/portarias\/portaria-no-02-de-03-de-janiro-de-2017-resolve-nomear-para-o-cargo-em-comissao-da-administracao-geral-de-secretario-municipal-de-planejamento-orcamento-e-gestao-o-sr-raimundo-nonato-carvalho\/\">PORTARIA N\u00ba 02, DE 03 DE JANIRO DE 2017 &#8211; RESOLVE NOMEAR para o Cargo em Comiss\u00e3o da Administra\u00e7\u00e3o Geral de Secret\u00e1rio Municipal de Planejamento Or\u00e7amento e Gest\u00e3o, o Sr. RAIMUNDO NONATO CARVALHO.<\/a><\/li>\n\t\t<li class=\"wsp-post\"><a href=\"https:\/\/saobernardo.ma.gov.br\/transparencia\/portarias\/portaria-no-04-de-03-de-janeiro-de-2017-resolve-nomear-para-o-cargo-de-comissao-da-administracao-geral-de-secretaria-municipal-de-desenvolvimento-social-a-sr-tassila-candeira-costa\/\">PORTARIA N\u00ba 04, DE 03 DE JANEIRO DE 2017 &#8211; RESOLVE NOMEAR, para o Cargo de Comiss\u00e3o da Administra\u00e7\u00e3o Geral de Secret\u00e1ria Municipal de Desenvolvimento Social a Sr. TASSILA CANDEIRA COSTA<\/a><\/li>\n<\/ul><\/li>\n\t<li><strong class=\"wsp-category-title\">Category: <a href=\"https:\/\/saobernardo.ma.gov.br\/transparencia\/category\/ppa\/\">PPA<\/a><\/strong>\n<ul class=\"wsp-posts-list\">\t\t<li class=\"wsp-post\"><a href=\"https:\/\/saobernardo.ma.gov.br\/transparencia\/ppa\/ppa-2017-sao-bernardo\/\">PPA 2017 S\u00e3o Bernardo<\/a><\/li>\n\t\t<li class=\"wsp-post\"><a href=\"https:\/\/saobernardo.ma.gov.br\/transparencia\/ppa\/ppa-2018-lei-municipal-n-732-de-30-de-dezembro-de-2017-dispoe-sobre-a-criacao-do-ppa-plano-plurianual-do-municipio-de-sao-bernardo-para-o-quadrienio-2018-a-2021-e-da-outras-providencias\/\">PPA 2018 &#8211; LEI MUNICIPAL N\u00b0 732 DE 30 DE DEZEMBRO DE 2017. DISP\u00d5E SOBRE A CRIA\u00c7\u00c3O DO PPA-PLANO PLURIANUAL DO MUNIC\u00cdPIO DE S\u00c3O BERNARDO PARA O QUADRI\u00c9NIO 2018 \u00c0 2021 E D\u00c1 OUTRAS PROVID\u00caNCIAS.<\/a><\/li>\n<\/ul><\/li>\n\t<li><strong class=\"wsp-category-title\">Category: <a href=\"https:\/\/saobernardo.ma.gov.br\/transparencia\/category\/prestacao-de-contas\/\">Presta\u00e7\u00e3o de Contas<\/a><\/strong>\n<ul class=\"wsp-posts-list\">\t\t<li class=\"wsp-post\"><a href=\"https:\/\/saobernardo.ma.gov.br\/transparencia\/prestacao-de-contas\/exposicao-circunstanciada-do-governo-5\/\">Exposi\u00e7\u00e3o Circunstanciada do Governo<\/a><\/li>\n\t\t<li class=\"wsp-post\"><a href=\"https:\/\/saobernardo.ma.gov.br\/transparencia\/prestacao-de-contas\/prestacao-de-contas-gerais-do-municipio-de-sao-bernardo-ma-exercicio-de-2022\/\">Exposi\u00e7\u00e3o Circunstanciada do Governo<\/a><\/li>\n\t\t<li class=\"wsp-post\"><a href=\"https:\/\/saobernardo.ma.gov.br\/transparencia\/prestacao-de-contas\/exposicao-circunstanciada-do-governo\/\">Exposi\u00e7\u00e3o circunstanciada do governo<\/a><\/li>\n\t\t<li class=\"wsp-post\"><a href=\"https:\/\/saobernardo.ma.gov.br\/transparencia\/prestacao-de-contas\/oficio-de-encaminhamento-ao-tce-ma\/\">Of\u00edcio de encaminhamento ao TCE\/MA<\/a><\/li>\n\t\t<li class=\"wsp-post\"><a href=\"https:\/\/saobernardo.ma.gov.br\/transparencia\/prestacao-de-contas\/evolucao-e-projecao-das-receitas-publicas\/\">Evolu\u00e7\u00e3o e proje\u00e7\u00e3o das receitas p\u00fablicas<\/a><\/li>\n\t\t<li class=\"wsp-post\"><a href=\"https:\/\/saobernardo.ma.gov.br\/transparencia\/prestacao-de-contas\/transferencias-voluntarias-celebradas\/\">Transfer\u00eancias volunt\u00e1rias celebradas<\/a><\/li>\n\t\t<li class=\"wsp-post\"><a href=\"https:\/\/saobernardo.ma.gov.br\/transparencia\/prestacao-de-contas\/creditos-adicionais-do-exercicio\/\">Cr\u00e9ditos adicionais do exerc\u00edcio<\/a><\/li>\n\t\t<li class=\"wsp-post\"><a href=\"https:\/\/saobernardo.ma.gov.br\/transparencia\/prestacao-de-contas\/povoados-do-municipio\/\">Povoados do Munic\u00edpio<\/a><\/li>\n\t\t<li class=\"wsp-post\"><a href=\"https:\/\/saobernardo.ma.gov.br\/transparencia\/prestacao-de-contas\/veiculos-utilizados-pelo-municipio\/\">Ve\u00edculos utilizados pelo Munic\u00edpio<\/a><\/li>\n\t\t<li class=\"wsp-post\"><a href=\"https:\/\/saobernardo.ma.gov.br\/transparencia\/prestacao-de-contas\/adiantamentos-concedidos-suprimento-de-fundos\/\">Adiantamentos concedidos (suprimento de fundos)<\/a><\/li>\n\t\t<li class=\"wsp-post\"><a href=\"https:\/\/saobernardo.ma.gov.br\/transparencia\/prestacao-de-contas\/emprestimos-contratados-por-antecipacao-da-receita-orcamentaria\/\">Empr\u00e9stimos contratados por antecipa\u00e7\u00e3o da receita or\u00e7ament\u00e1ria<\/a><\/li>\n\t\t<li class=\"wsp-post\"><a href=\"https:\/\/saobernardo.ma.gov.br\/transparencia\/prestacao-de-contas\/unidades-de-ensino\/\">Unidades de ensino<\/a><\/li>\n\t\t<li class=\"wsp-post\"><a href=\"https:\/\/saobernardo.ma.gov.br\/transparencia\/prestacao-de-contas\/situacao-de-alunos-na-rede-publica-municipal-de-educacao\/\">Situa\u00e7\u00e3o de alunos na rede p\u00fablica municipal de educa\u00e7\u00e3o<\/a><\/li>\n\t\t<li class=\"wsp-post\"><a href=\"https:\/\/saobernardo.ma.gov.br\/transparencia\/prestacao-de-contas\/estabelecimentos-de-saude\/\">Estabelecimentos de sa\u00fade<\/a><\/li>\n\t\t<li class=\"wsp-post\"><a href=\"https:\/\/saobernardo.ma.gov.br\/transparencia\/prestacao-de-contas\/evolucao-da-receita-corrente-liquida-em-relacao-a-despesa-total-com-pessoal\/\">Evolu\u00e7\u00e3o da receita corrente l\u00edquida em rela\u00e7\u00e3o \u00e0 despesa total com pessoal<\/a><\/li>\n\t\t<li class=\"wsp-post\"><a href=\"https:\/\/saobernardo.ma.gov.br\/transparencia\/prestacao-de-contas\/beneficiarios-e-pensionistas\/\">Benefici\u00e1rios e pensionistas<\/a><\/li>\n\t\t<li class=\"wsp-post\"><a href=\"https:\/\/saobernardo.ma.gov.br\/transparencia\/prestacao-de-contas\/gastos-com-publicidade\/\">Gastos com publicidade<\/a><\/li>\n\t\t<li class=\"wsp-post\"><a href=\"https:\/\/saobernardo.ma.gov.br\/transparencia\/prestacao-de-contas\/requisicoes-de-pagamento-do-poder-judiciario\/\">Requisi\u00e7\u00f5es de pagamento do Poder Judici\u00e1rio<\/a><\/li>\n\t\t<li class=\"wsp-post\"><a href=\"https:\/\/saobernardo.ma.gov.br\/transparencia\/prestacao-de-contas\/tomadas-de-contas-especiais-instauradas\/\">Tomadas de contas especiais instauradas<\/a><\/li>\n\t\t<li class=\"wsp-post\"><a href=\"https:\/\/saobernardo.ma.gov.br\/transparencia\/prestacao-de-contas\/demandas-judiciais-de-relevancia-financeira\/\">Demandas judiciais de relev\u00e2ncia financeira<\/a><\/li>\n\t\t<li class=\"wsp-post\"><a href=\"https:\/\/saobernardo.ma.gov.br\/transparencia\/prestacao-de-contas\/controle-da-divida-ativa-do-municipio-dam\/\">Controle da D\u00edvida Ativa do Munic\u00edpio (DAM)<\/a><\/li>\n\t\t<li class=\"wsp-post\"><a href=\"https:\/\/saobernardo.ma.gov.br\/transparencia\/prestacao-de-contas\/devedores-da-dam\/\">Devedores da DAM<\/a><\/li>\n\t\t<li class=\"wsp-post\"><a href=\"https:\/\/saobernardo.ma.gov.br\/transparencia\/prestacao-de-contas\/debitos-imputados-pelo-tce-ma\/\">D\u00e9bitos imputados pelo TCE\/MA<\/a><\/li>\n\t\t<li class=\"wsp-post\"><a href=\"https:\/\/saobernardo.ma.gov.br\/transparencia\/prestacao-de-contas\/recomendacoes-e-determinacoes-do-tce-ma\/\">Recomenda\u00e7\u00f5es e determina\u00e7\u00f5es do TCE\/MA<\/a><\/li>\n\t\t<li class=\"wsp-post\"><a href=\"https:\/\/saobernardo.ma.gov.br\/transparencia\/prestacao-de-contas\/declaracao-de-conformidade-do-transporte-escolar-dos-alunos-da-rede-publica-municipal-de-educacao\/\">Declara\u00e7\u00e3o de conformidade do transporte escolar dos alunos da rede p\u00fablica municipal de educa\u00e7\u00e3o<\/a><\/li>\n\t\t<li class=\"wsp-post\"><a href=\"https:\/\/saobernardo.ma.gov.br\/transparencia\/prestacao-de-contas\/plano-plurianual-ppa\/\">Plano plurianual (PPA)<\/a><\/li>\n\t\t<li class=\"wsp-post\"><a href=\"https:\/\/saobernardo.ma.gov.br\/transparencia\/prestacao-de-contas\/lei-de-diretrizes-orcamentarias-ldo\/\">Lei de diretrizes or\u00e7ament\u00e1rias (LDO)<\/a><\/li>\n\t\t<li class=\"wsp-post\"><a href=\"https:\/\/saobernardo.ma.gov.br\/transparencia\/prestacao-de-contas\/lei-orcamentaria-anual-loa\/\">Lei or\u00e7ament\u00e1ria anual (LOA)<\/a><\/li>\n\t\t<li class=\"wsp-post\"><a href=\"https:\/\/saobernardo.ma.gov.br\/transparencia\/prestacao-de-contas\/balanco-orcamentario\/\">Balan\u00e7o or\u00e7ament\u00e1rio<\/a><\/li>\n\t\t<li class=\"wsp-post\"><a href=\"https:\/\/saobernardo.ma.gov.br\/transparencia\/prestacao-de-contas\/balanco-financeiro\/\">Balan\u00e7o financeiro<\/a><\/li>\n\t\t<li class=\"wsp-post\"><a href=\"https:\/\/saobernardo.ma.gov.br\/transparencia\/prestacao-de-contas\/balanco-patrimonial\/\">Balan\u00e7o patrimonial<\/a><\/li>\n\t\t<li class=\"wsp-post\"><a href=\"https:\/\/saobernardo.ma.gov.br\/transparencia\/prestacao-de-contas\/demonstracao-das-variacoes-patrimoniais\/\">Demonstra\u00e7\u00e3o das varia\u00e7\u00f5es patrimoniais<\/a><\/li>\n\t\t<li class=\"wsp-post\"><a href=\"https:\/\/saobernardo.ma.gov.br\/transparencia\/prestacao-de-contas\/demonstracao-dos-fluxos-de-caixa\/\">Demonstra\u00e7\u00e3o dos fluxos de caixa<\/a><\/li>\n\t\t<li class=\"wsp-post\"><a href=\"https:\/\/saobernardo.ma.gov.br\/transparencia\/prestacao-de-contas\/demonstracao-das-mutacoes-do-patrimonio-liquido\/\">Demonstra\u00e7\u00e3o das muta\u00e7\u00f5es do patrim\u00f4nio l\u00edquido<\/a><\/li>\n\t\t<li class=\"wsp-post\"><a href=\"https:\/\/saobernardo.ma.gov.br\/transparencia\/prestacao-de-contas\/notas-explicativas-as-dcasp\/\">Notas explicativas \u00e0s DCASP<\/a><\/li>\n\t\t<li class=\"wsp-post\"><a href=\"https:\/\/saobernardo.ma.gov.br\/transparencia\/prestacao-de-contas\/anexo-1-demonstracao-da-receita-e-despesa-segundo-as-categorias-economicas\/\">Anexo 1 &#8211; Demonstra\u00e7\u00e3o da receita e despesa segundo as categorias econ\u00f4micas<\/a><\/li>\n\t\t<li class=\"wsp-post\"><a href=\"https:\/\/saobernardo.ma.gov.br\/transparencia\/prestacao-de-contas\/receitas-segundo-a-categoria-economica\/\">Receitas segundo a categoria econ\u00f4mica<\/a><\/li>\n\t\t<li class=\"wsp-post\"><a href=\"https:\/\/saobernardo.ma.gov.br\/transparencia\/prestacao-de-contas\/despesas-segundo-a-categoria-economica\/\">Despesas segundo a categoria econ\u00f4mica<\/a><\/li>\n\t\t<li class=\"wsp-post\"><a href=\"https:\/\/saobernardo.ma.gov.br\/transparencia\/prestacao-de-contas\/anexo-6-demonstracao-da-despesa-pelas-funcoes-segundo-as-categorias-economicas\/\">Anexo 6 &#8211; Demonstra\u00e7\u00e3o da despesa pelas fun\u00e7\u00f5es segundo as categorias econ\u00f4micas<\/a><\/li>\n\t\t<li class=\"wsp-post\"><a href=\"https:\/\/saobernardo.ma.gov.br\/transparencia\/prestacao-de-contas\/anexo-7-demonstracao-da-despesa-pelas-categorias-economicas-segundo-as-funcoes\/\">Anexo 7 &#8211; Demonstra\u00e7\u00e3o da despesa pelas categorias econ\u00f4micas segundo as fun\u00e7\u00f5es<\/a><\/li>\n\t\t<li class=\"wsp-post\"><a href=\"https:\/\/saobernardo.ma.gov.br\/transparencia\/prestacao-de-contas\/anexo-8-demonstracao-da-despesa-pelas-unidades-orcamentarias-segundo-as-categorias-economicas\/\">Anexo 8 &#8211; Demonstra\u00e7\u00e3o da despesa pelas unidades or\u00e7ament\u00e1rias segundo as categorias econ\u00f4micas<\/a><\/li>\n\t\t<li class=\"wsp-post\"><a href=\"https:\/\/saobernardo.ma.gov.br\/transparencia\/prestacao-de-contas\/anexo-9-demonstracao-da-despesa-pelas-unidades-orcamentarias-segundo-as-funcoes\/\">Anexo 9 &#8211; Demonstra\u00e7\u00e3o da despesa pelas unidades or\u00e7ament\u00e1rias segundo as fun\u00e7\u00f5es<\/a><\/li>\n\t\t<li class=\"wsp-post\"><a href=\"https:\/\/saobernardo.ma.gov.br\/transparencia\/prestacao-de-contas\/anexo-10-comparativo-da-receita-orcada-com-a-arrecadada\/\">Anexo 10 &#8211; Comparativo da receita or\u00e7ada com a arrecadada<\/a><\/li>\n\t\t<li class=\"wsp-post\"><a href=\"https:\/\/saobernardo.ma.gov.br\/transparencia\/prestacao-de-contas\/anexo-11-comparativo-da-despesa-autorizada-com-a-realizada\/\">Anexo 11 &#8211; Comparativo da despesa autorizada com a realizada<\/a><\/li>\n\t\t<li class=\"wsp-post\"><a href=\"https:\/\/saobernardo.ma.gov.br\/transparencia\/prestacao-de-contas\/anexo-16-demonstracao-da-divida-fundada-interna\/\">Anexo 16 &#8211; Demonstra\u00e7\u00e3o da d\u00edvida fundada interna<\/a><\/li>\n\t\t<li class=\"wsp-post\"><a href=\"https:\/\/saobernardo.ma.gov.br\/transparencia\/prestacao-de-contas\/certidao-de-regularidade-profissional\/\">Certid\u00e3o de regularidade profissional<\/a><\/li>\n\t\t<li class=\"wsp-post\"><a href=\"https:\/\/saobernardo.ma.gov.br\/transparencia\/prestacao-de-contas\/documentos-comprobatorios-dos-repasses-para-a-camara-municipal-organizados-por-ordem-cronologica-de-realizacao\/\">Documentos comprobat\u00f3rios dos repasses para a C\u00e2mara Municipal, organizados por ordem cronol\u00f3gica de realiza\u00e7\u00e3o<\/a><\/li>\n\t\t<li class=\"wsp-post\"><a href=\"https:\/\/saobernardo.ma.gov.br\/transparencia\/prestacao-de-contas\/relatorio-e-certificado-de-auditoria-com-parecer-do-dirigente-do-orgao-de-controle-interno\/\">Relat\u00f3rio e certificado de auditoria, com parecer do dirigente do \u00f3rg\u00e3o de controle interno<\/a><\/li>\n\t\t<li class=\"wsp-post\"><a href=\"https:\/\/saobernardo.ma.gov.br\/transparencia\/prestacao-de-contas\/oficio-de-encaminhamento-ao-tce-ma-2\/\">Of\u00edcio de encaminhamento ao TCE\/MA<\/a><\/li>\n\t\t<li class=\"wsp-post\"><a href=\"https:\/\/saobernardo.ma.gov.br\/transparencia\/prestacao-de-contas\/exposicao-circunstanciada-do-governo-2\/\">Exposi\u00e7\u00e3o circunstanciada do governo<\/a><\/li>\n\t\t<li class=\"wsp-post\"><a href=\"https:\/\/saobernardo.ma.gov.br\/transparencia\/prestacao-de-contas\/evolucao-e-projecao-das-receitas-pubicas\/\">Evolu\u00e7\u00e3o e Proje\u00e7\u00e3o das Receitas P\u00fabicas<\/a><\/li>\n\t\t<li class=\"wsp-post\"><a href=\"https:\/\/saobernardo.ma.gov.br\/transparencia\/prestacao-de-contas\/transferencias-voluntarias-celebradas-2\/\">Transfer\u00eancias Volunt\u00e1rias Celebradas<\/a><\/li>\n\t\t<li class=\"wsp-post\"><a href=\"https:\/\/saobernardo.ma.gov.br\/transparencia\/prestacao-de-contas\/creditos-adicionais-do-exercicio-2\/\">Cr\u00e9ditos Adicionais do Exerc\u00edcio<\/a><\/li>\n\t\t<li class=\"wsp-post\"><a href=\"https:\/\/saobernardo.ma.gov.br\/transparencia\/prestacao-de-contas\/povoados-do-municipio-2\/\">Povoados do Munic\u00edpio<\/a><\/li>\n\t\t<li class=\"wsp-post\"><a href=\"https:\/\/saobernardo.ma.gov.br\/transparencia\/prestacao-de-contas\/veiculos-utilizados-pelo-municipio-2\/\">Ve\u00edculos Utilizados pelo munic\u00edpio<\/a><\/li>\n\t\t<li class=\"wsp-post\"><a href=\"https:\/\/saobernardo.ma.gov.br\/transparencia\/prestacao-de-contas\/adiantamentos-concedidos-suprimento-de-fundos-2\/\">Adiantamentos concedidos (suprimento de fundos)<\/a><\/li>\n\t\t<li class=\"wsp-post\"><a href=\"https:\/\/saobernardo.ma.gov.br\/transparencia\/prestacao-de-contas\/emprestimos-contratados-por-antecipacao-da-receita-orcamentaria-2\/\">Empr\u00e9stimos Contratados Por Antecipa\u00e7\u00e3o Da Receita Or\u00e7ament\u00e1ria<\/a><\/li>\n\t\t<li class=\"wsp-post\"><a href=\"https:\/\/saobernardo.ma.gov.br\/transparencia\/prestacao-de-contas\/unidades-de-ensino-2\/\">Unidades de Ensino<\/a><\/li>\n\t\t<li class=\"wsp-post\"><a href=\"https:\/\/saobernardo.ma.gov.br\/transparencia\/prestacao-de-contas\/situacao-de-alunos-da-rede-publica-municipal-de-educacao\/\">Situa\u00e7\u00e3o de Alunos da Rede P\u00fablica Municipal de Educa\u00e7\u00e3o<\/a><\/li>\n\t\t<li class=\"wsp-post\"><a href=\"https:\/\/saobernardo.ma.gov.br\/transparencia\/prestacao-de-contas\/estabelecimentos-da-saude\/\">Estabelecimentos da Sa\u00fade<\/a><\/li>\n\t\t<li class=\"wsp-post\"><a href=\"https:\/\/saobernardo.ma.gov.br\/transparencia\/prestacao-de-contas\/evolucao-da-receita-corrente-liquida-em-relacao-a-despesa-total-com-pessoal-2\/\">Evolu\u00e7\u00e3o da receita corrente l\u00edquida em rela\u00e7\u00e3o \u00e0 despesa total com pessoal<\/a><\/li>\n\t\t<li class=\"wsp-post\"><a href=\"https:\/\/saobernardo.ma.gov.br\/transparencia\/prestacao-de-contas\/beneficiarios-e-pensionistas-2\/\">Benefici\u00e1rios E Pensionistas<\/a><\/li>\n\t\t<li class=\"wsp-post\"><a href=\"https:\/\/saobernardo.ma.gov.br\/transparencia\/prestacao-de-contas\/gastos-com-publicidade-2\/\">Gastos com Publicidade<\/a><\/li>\n\t\t<li class=\"wsp-post\"><a href=\"https:\/\/saobernardo.ma.gov.br\/transparencia\/prestacao-de-contas\/requisicoes-de-pagamento-do-poder-judiciario-2\/\">Requisi\u00e7\u00f5es de Pagamento do Poder Judici\u00e1rio<\/a><\/li>\n\t\t<li class=\"wsp-post\"><a href=\"https:\/\/saobernardo.ma.gov.br\/transparencia\/prestacao-de-contas\/tomadas-de-contas-especiais-instauradas-2\/\">Tomadas de Contas Especiais Instauradas<\/a><\/li>\n\t\t<li class=\"wsp-post\"><a href=\"https:\/\/saobernardo.ma.gov.br\/transparencia\/prestacao-de-contas\/demandas-judiciais-de-relevancia-financeira-2\/\">Demandas Judiciais de Relev\u00e2ncia Financeira<\/a><\/li>\n\t\t<li class=\"wsp-post\"><a href=\"https:\/\/saobernardo.ma.gov.br\/transparencia\/prestacao-de-contas\/controle-da-divida-ativa-dam\/\">Controle da D\u00edvida Ativa (DAM)<\/a><\/li>\n\t\t<li class=\"wsp-post\"><a href=\"https:\/\/saobernardo.ma.gov.br\/transparencia\/prestacao-de-contas\/devedores-da-divida-ativa-dam\/\">Devedores da D\u00edvida ativa (DAM)<\/a><\/li>\n\t\t<li class=\"wsp-post\"><a href=\"https:\/\/saobernardo.ma.gov.br\/transparencia\/prestacao-de-contas\/debitos-imputados-pelo-tce-ma-2\/\">D\u00e9bitos Imputados pelo TCE\/MA<\/a><\/li>\n\t\t<li class=\"wsp-post\"><a href=\"https:\/\/saobernardo.ma.gov.br\/transparencia\/prestacao-de-contas\/recomendacoes-e-determinacoes-do-tce-ma-2\/\">Recomenda\u00e7\u00f5es e determina\u00e7\u00f5es do TCE\/MA<\/a><\/li>\n\t\t<li class=\"wsp-post\"><a href=\"https:\/\/saobernardo.ma.gov.br\/transparencia\/prestacao-de-contas\/declaracao-de-conformidade-do-transporte-escolar-dos-alunos-da-rede-publica-municipal-de-educacao-2\/\">Declara\u00e7\u00e3o de conformidade do transporte escolar dos alunos da rede p\u00fablica municipal de educa\u00e7\u00e3o<\/a><\/li>\n\t\t<li class=\"wsp-post\"><a href=\"https:\/\/saobernardo.ma.gov.br\/transparencia\/prestacao-de-contas\/quadro-principal-do-balanco-orcamentario-receitas-orcamentarias\/\">Quadro principal do Balan\u00e7o Or\u00e7ament\u00e1rio (receitas or\u00e7ament\u00e1rias)<\/a><\/li>\n\t\t<li class=\"wsp-post\"><a href=\"https:\/\/saobernardo.ma.gov.br\/transparencia\/prestacao-de-contas\/quadro-principal-do-balanco-orcamentario-despesas-orcamentarias\/\">Quadro principal do Balan\u00e7o Or\u00e7ament\u00e1rio (despesas or\u00e7ament\u00e1rias)<\/a><\/li>\n\t\t<li class=\"wsp-post\"><a href=\"https:\/\/saobernardo.ma.gov.br\/transparencia\/prestacao-de-contas\/quadro-da-execucao-de-restos-a-pagar-nao-processados\/\">Quadro da Execu\u00e7\u00e3o de Restos a Pagar N\u00e3o Processados<\/a><\/li>\n\t\t<li class=\"wsp-post\"><a href=\"https:\/\/saobernardo.ma.gov.br\/transparencia\/prestacao-de-contas\/quadro-da-execucao-de-restos-a-pagar-processados-e-nao-processados-liquidados\/\">Quadro da Execu\u00e7\u00e3o de Restos A Pagar Processados E N\u00e3o Processados Liquidados<\/a><\/li>\n\t\t<li class=\"wsp-post\"><a href=\"https:\/\/saobernardo.ma.gov.br\/transparencia\/prestacao-de-contas\/dados-nao-codificados\/\">Dados N\u00e3o Codificados<\/a><\/li>\n\t\t<li class=\"wsp-post\"><a href=\"https:\/\/saobernardo.ma.gov.br\/transparencia\/prestacao-de-contas\/balanco-financeiro-com-observancia-da-parte-v-do-mcasp-stn-em-um-unico-pdf\/\">Balan\u00e7o Financeiro com observ\u00e2ncia da Parte V do MCASP\/STN em um \u00fanico PDF<\/a><\/li>\n\t\t<li class=\"wsp-post\"><a href=\"https:\/\/saobernardo.ma.gov.br\/transparencia\/prestacao-de-contas\/balanco-patrimonial-com-observancia-da-parte-v-do-mcasp-stn-em-um-unico-pdf\/\">Balan\u00e7o Patrimonial com observ\u00e2ncia da Parte V do MCASP\/STN em um \u00fanico PDF<\/a><\/li>\n\t\t<li class=\"wsp-post\"><a href=\"https:\/\/saobernardo.ma.gov.br\/transparencia\/prestacao-de-contas\/demonstracao-das-variacoes-patrimoniais-modelo-analitico-com-observancia-da-parte-v-do-mcasp-stn-em-um-unico-pdf\/\">Demonstra\u00e7\u00e3o das varia\u00e7\u00f5es patrimoniais \u2013 Modelo anal\u00edtico com observ\u00e2ncia da Parte V do MCASP\/STN em um \u00fanico PDF<\/a><\/li>\n\t\t<li class=\"wsp-post\"><a href=\"https:\/\/saobernardo.ma.gov.br\/transparencia\/prestacao-de-contas\/demonstracao-dos-fluxos-de-caixa-dfc-com-observancia-da-parte-v-do-mcasp-stn-em-um-unico-pdf\/\">Demonstra\u00e7\u00e3o dos Fluxos de Caixa (DFC) com observ\u00e2ncia da Parte V do MCASP\/STN em um \u00fanico PDF<\/a><\/li>\n\t\t<li class=\"wsp-post\"><a href=\"https:\/\/saobernardo.ma.gov.br\/transparencia\/prestacao-de-contas\/demonstracoes-das-mutacoes-do-patrimonio-liquido-dmpl-com-observancia-da-parte-v-do-mcasp-stn-em-um-unico-pdf\/\">Demonstra\u00e7\u00f5es das Muta\u00e7\u00f5es do Patrim\u00f4nio L\u00edquido (DMPL) com observ\u00e2ncia da Parte V do MCASP\/STN em um \u00fanico PDF<\/a><\/li>\n\t\t<li class=\"wsp-post\"><a href=\"https:\/\/saobernardo.ma.gov.br\/transparencia\/prestacao-de-contas\/notas-explicativas-as-dcasp-2\/\">Notas explicativas \u00e0s DCASP<\/a><\/li>\n\t\t<li class=\"wsp-post\"><a href=\"https:\/\/saobernardo.ma.gov.br\/transparencia\/prestacao-de-contas\/receitas-segundo-a-categoria-economica-2\/\">Receitas segundo a categoria econ\u00f4mica<\/a><\/li>\n\t\t<li class=\"wsp-post\"><a href=\"https:\/\/saobernardo.ma.gov.br\/transparencia\/prestacao-de-contas\/despesas-segundo-categoria-economica\/\">Despesas segundo categoria econ\u00f4mica<\/a><\/li>\n\t\t<li class=\"wsp-post\"><a href=\"https:\/\/saobernardo.ma.gov.br\/transparencia\/prestacao-de-contas\/arquivo-unico-para-consolidacao-dos-anexos-6-7-8-e-9-da-lei-4320-64-projetos-e-atividades-por-orgao\/\">Arquivo \u00fanico para consolida\u00e7\u00e3o dos anexos 6, 7, 8 e 9 da Lei 4320\/64 \u2013 Projetos e atividades por \u00f3rg\u00e3o.<\/a><\/li>\n\t\t<li class=\"wsp-post\"><a href=\"https:\/\/saobernardo.ma.gov.br\/transparencia\/prestacao-de-contas\/anexo-11-lei-4-320-64-comparativo-da-despesa-autorizada-com-a-realizada\/\">Anexo 11 Lei 4.320\/64 \u2013 comparativo da despesa autorizada com a realizada<\/a><\/li>\n\t\t<li class=\"wsp-post\"><a href=\"https:\/\/saobernardo.ma.gov.br\/transparencia\/prestacao-de-contas\/anexo-16-lei-4-320-64-demonstrativo-da-divida-fundada-interna-e-externa-administracao-direta-dezembro-acumulado\/\">Anexo 16 Lei 4.320\/64 \u2013 Demonstrativo da D\u00edvida Fundada Interna e Externa &#8211; Administra\u00e7\u00e3o Direta &#8211; dezembro acumulado<\/a><\/li>\n\t\t<li class=\"wsp-post\"><a href=\"https:\/\/saobernardo.ma.gov.br\/transparencia\/prestacao-de-contas\/certidao-de-regularidade-profissional-documento-que-comprova-a-regularidade-do-profissional-da-contabilidade-resolucao-cfc-no-1-402-de-27-de-julho-de-2012\/\">CERTID\u00c3O DE REGULARIDADE PROFISSIONAL \u2013 documento que comprova a regularidade do Profissional da Contabilidade. (Resolu\u00e7\u00e3o CFC n\u00ba 1.402, de 27 de julho de 2012).<\/a><\/li>\n\t\t<li class=\"wsp-post\"><a href=\"https:\/\/saobernardo.ma.gov.br\/transparencia\/prestacao-de-contas\/livro-diario-documento-elaborado-com-observancia-a-nbc-itg-2000-escrituracao-contabil-resolucao-cfc-no-1-330-de-18-de-marco-de-2011\/\">LIVRO DI\u00c1RIO \u2013 documento elaborado com observ\u00e2ncia \u00e0 NBC ITG 2000 \u2013 Escritura\u00e7\u00e3o Cont\u00e1bil. (Resolu\u00e7\u00e3o CFC n\u00ba 1.330, de 18 de mar\u00e7o de 2011).<\/a><\/li>\n\t\t<li class=\"wsp-post\"><a href=\"https:\/\/saobernardo.ma.gov.br\/transparencia\/prestacao-de-contas\/relatorio-e-certificado-de-auditoria-com-parecer-do-dirigente-do-orgao-de-controle-interno-2\/\">Relat\u00f3rio e certificado de auditoria, com parecer do dirigente do \u00f3rg\u00e3o de controle interno<\/a><\/li>\n\t\t<li class=\"wsp-post\"><a href=\"https:\/\/saobernardo.ma.gov.br\/transparencia\/servidores\/oficio-de-encaminhamento-ao-tce-ma-3\/\">Of\u00edcio de encaminhamento ao TCE\/MA<\/a><\/li>\n\t\t<li class=\"wsp-post\"><a href=\"https:\/\/saobernardo.ma.gov.br\/transparencia\/prestacao-de-contas\/exposicao-circunstanciada-do-governo-3\/\">Exposi\u00e7\u00e3o circunstanciada do governo<\/a><\/li>\n\t\t<li class=\"wsp-post\"><a href=\"https:\/\/saobernardo.ma.gov.br\/transparencia\/prestacao-de-contas\/evolucao-e-projecao-das-receitas-pubicas-2\/\">Evolu\u00e7\u00e3o e Proje\u00e7\u00e3o das Receitas P\u00fabicas<\/a><\/li>\n\t\t<li class=\"wsp-post\"><a href=\"https:\/\/saobernardo.ma.gov.br\/transparencia\/prestacao-de-contas\/transferencias-voluntarias-celebradas-3\/\">Transfer\u00eancias Volunt\u00e1rias Celebradas<\/a><\/li>\n\t\t<li class=\"wsp-post\"><a href=\"https:\/\/saobernardo.ma.gov.br\/transparencia\/prestacao-de-contas\/creditos-adicionais-do-exercicio-3\/\">Cr\u00e9ditos Adicionais do Exerc\u00edcio<\/a><\/li>\n\t\t<li class=\"wsp-post\"><a href=\"https:\/\/saobernardo.ma.gov.br\/transparencia\/prestacao-de-contas\/povoados-do-municipio-3\/\">Povoados do Munic\u00edpio<\/a><\/li>\n\t\t<li class=\"wsp-post\"><a href=\"https:\/\/saobernardo.ma.gov.br\/transparencia\/prestacao-de-contas\/veiculos-utilizados-pelo-municipio-3\/\">Ve\u00edculos Utilizados pelo munic\u00edpio<\/a><\/li>\n\t\t<li class=\"wsp-post\"><a href=\"https:\/\/saobernardo.ma.gov.br\/transparencia\/prestacao-de-contas\/adiantamentos-concedidos-suprimento-de-fundos-3\/\">Adiantamentos concedidos (suprimento de fundos)<\/a><\/li>\n\t\t<li class=\"wsp-post\"><a href=\"https:\/\/saobernardo.ma.gov.br\/transparencia\/prestacao-de-contas\/emprestimos-contratados-por-antecipacao-da-receita-orcamentaria-3\/\">Empr\u00e9stimos Contratados Por Antecipa\u00e7\u00e3o Da Receita Or\u00e7ament\u00e1ria<\/a><\/li>\n\t\t<li class=\"wsp-post\"><a href=\"https:\/\/saobernardo.ma.gov.br\/transparencia\/prestacao-de-contas\/unidades-de-ensino-3\/\">Unidades de Ensino<\/a><\/li>\n\t\t<li class=\"wsp-post\"><a href=\"https:\/\/saobernardo.ma.gov.br\/transparencia\/prestacao-de-contas\/situacao-de-alunos-da-rede-publica-municipal-de-educacao-2\/\">Situa\u00e7\u00e3o de Alunos da Rede P\u00fablica Municipal de Educa\u00e7\u00e3o<\/a><\/li>\n\t\t<li class=\"wsp-post\"><a href=\"https:\/\/saobernardo.ma.gov.br\/transparencia\/prestacao-de-contas\/estabelecimentos-da-saude-2\/\">Estabelecimentos da Sa\u00fade<\/a><\/li>\n\t\t<li class=\"wsp-post\"><a href=\"https:\/\/saobernardo.ma.gov.br\/transparencia\/prestacao-de-contas\/evolucao-da-receita-corrente-liquida-em-relacao-a-despesa-total-com-pessoal-3\/\">Evolu\u00e7\u00e3o da receita corrente l\u00edquida em rela\u00e7\u00e3o \u00e0 despesa total com pessoal<\/a><\/li>\n\t\t<li class=\"wsp-post\"><a href=\"https:\/\/saobernardo.ma.gov.br\/transparencia\/prestacao-de-contas\/beneficiarios-e-pensionistas-3\/\">Benefici\u00e1rios E Pensionistas<\/a><\/li>\n\t\t<li class=\"wsp-post\"><a href=\"https:\/\/saobernardo.ma.gov.br\/transparencia\/prestacao-de-contas\/gastos-com-publicidade-3\/\">Gastos com Publicidade<\/a><\/li>\n\t\t<li class=\"wsp-post\"><a href=\"https:\/\/saobernardo.ma.gov.br\/transparencia\/prestacao-de-contas\/requisicoes-de-pagamento-do-poder-judiciario-3\/\">Requisi\u00e7\u00f5es de Pagamento do Poder Judici\u00e1rio<\/a><\/li>\n\t\t<li class=\"wsp-post\"><a href=\"https:\/\/saobernardo.ma.gov.br\/transparencia\/prestacao-de-contas\/tomadas-de-contas-especiais-instauradas-3\/\">Tomadas de Contas Especiais Instauradas<\/a><\/li>\n\t\t<li class=\"wsp-post\"><a href=\"https:\/\/saobernardo.ma.gov.br\/transparencia\/prestacao-de-contas\/demandas-judiciais-de-relevancia-financeira-3\/\">Demandas Judiciais de Relev\u00e2ncia Financeira<\/a><\/li>\n\t\t<li class=\"wsp-post\"><a href=\"https:\/\/saobernardo.ma.gov.br\/transparencia\/prestacao-de-contas\/controle-da-divida-ativa-dam-2\/\">Controle da D\u00edvida Ativa (DAM)<\/a><\/li>\n\t\t<li class=\"wsp-post\"><a href=\"https:\/\/saobernardo.ma.gov.br\/transparencia\/prestacao-de-contas\/devedores-da-divida-ativa-dam-2\/\">Devedores da D\u00edvida ativa (DAM)<\/a><\/li>\n\t\t<li class=\"wsp-post\"><a href=\"https:\/\/saobernardo.ma.gov.br\/transparencia\/prestacao-de-contas\/debitos-imputados-pelo-tce-ma-3\/\">D\u00e9bitos Imputados pelo TCE\/MA<\/a><\/li>\n\t\t<li class=\"wsp-post\"><a href=\"https:\/\/saobernardo.ma.gov.br\/transparencia\/prestacao-de-contas\/recomendacoes-e-determinacoes-do-tce-ma-3\/\">Recomenda\u00e7\u00f5es e determina\u00e7\u00f5es do TCE\/MA<\/a><\/li>\n\t\t<li class=\"wsp-post\"><a href=\"https:\/\/saobernardo.ma.gov.br\/transparencia\/prestacao-de-contas\/declaracao-de-conformidade-do-transporte-escolar-dos-alunos-da-rede-publica-municipal-de-educacao-3\/\">Declara\u00e7\u00e3o de conformidade do transporte escolar dos alunos da rede p\u00fablica municipal de educa\u00e7\u00e3o<\/a><\/li>\n\t\t<li class=\"wsp-post\"><a href=\"https:\/\/saobernardo.ma.gov.br\/transparencia\/prestacao-de-contas\/quadro-principal-do-balanco-orcamentario-despesas-orcamentarias-2\/\">Quadro principal do Balan\u00e7o Or\u00e7ament\u00e1rio (despesas or\u00e7ament\u00e1rias)<\/a><\/li>\n\t\t<li class=\"wsp-post\"><a href=\"https:\/\/saobernardo.ma.gov.br\/transparencia\/prestacao-de-contas\/quadro-da-execucao-de-restos-a-pagar-nao-processados-2\/\">Quadro da Execu\u00e7\u00e3o de Restos a Pagar N\u00e3o Processados<\/a><\/li>\n\t\t<li class=\"wsp-post\"><a href=\"https:\/\/saobernardo.ma.gov.br\/transparencia\/prestacao-de-contas\/quadro-da-execucao-de-restos-a-pagar-processados-e-nao-processados-liquidados-2\/\">Quadro da Execu\u00e7\u00e3o de Restos A Pagar Processados E N\u00e3o Processados Liquidados<\/a><\/li>\n\t\t<li class=\"wsp-post\"><a href=\"https:\/\/saobernardo.ma.gov.br\/transparencia\/prestacao-de-contas\/dados-nao-codificados-2\/\">Dados N\u00e3o Codificados<\/a><\/li>\n\t\t<li class=\"wsp-post\"><a href=\"https:\/\/saobernardo.ma.gov.br\/transparencia\/prestacao-de-contas\/balanco-financeiro-com-observancia-da-parte-v-do-mcasp-stn-em-um-unico-pdf-2\/\">Balan\u00e7o Financeiro com observ\u00e2ncia da Parte V do MCASP\/STN em um \u00fanico PDF<\/a><\/li>\n\t\t<li class=\"wsp-post\"><a href=\"https:\/\/saobernardo.ma.gov.br\/transparencia\/prestacao-de-contas\/balanco-patrimonial-com-observancia-da-parte-v-do-mcasp-stn-em-um-unico-pdf-2\/\">Balan\u00e7o Patrimonial com observ\u00e2ncia da Parte V do MCASP\/STN em um \u00fanico PDF<\/a><\/li>\n\t\t<li class=\"wsp-post\"><a href=\"https:\/\/saobernardo.ma.gov.br\/transparencia\/prestacao-de-contas\/demonstracao-das-variacoes-patrimoniais-modelo-analitico-com-observancia-da-parte-v-do-mcasp-stn-em-um-unico-pdf-2\/\">Demonstra\u00e7\u00e3o das varia\u00e7\u00f5es patrimoniais \u2013 Modelo anal\u00edtico com observ\u00e2ncia da Parte V do MCASP\/STN em um \u00fanico PDF<\/a><\/li>\n\t\t<li class=\"wsp-post\"><a href=\"https:\/\/saobernardo.ma.gov.br\/transparencia\/prestacao-de-contas\/demonstracao-dos-fluxos-de-caixa-dfc-com-observancia-da-parte-v-do-mcasp-stn-em-um-unico-pdf-2\/\">Demonstra\u00e7\u00e3o dos Fluxos de Caixa (DFC) com observ\u00e2ncia da Parte V do MCASP\/STN em um \u00fanico PDF<\/a><\/li>\n\t\t<li class=\"wsp-post\"><a href=\"https:\/\/saobernardo.ma.gov.br\/transparencia\/prestacao-de-contas\/demonstracoes-das-mutacoes-do-patrimonio-liquido-dmpl-com-observancia-da-parte-v-do-mcasp-stn-em-um-unico-pdf-2\/\">Demonstra\u00e7\u00f5es das Muta\u00e7\u00f5es do Patrim\u00f4nio L\u00edquido (DMPL) com observ\u00e2ncia da Parte V do MCASP\/STN em um \u00fanico PDF<\/a><\/li>\n\t\t<li class=\"wsp-post\"><a href=\"https:\/\/saobernardo.ma.gov.br\/transparencia\/prestacao-de-contas\/notas-explicativas-as-dcasp-3\/\">Notas explicativas \u00e0s DCASP<\/a><\/li>\n\t\t<li class=\"wsp-post\"><a href=\"https:\/\/saobernardo.ma.gov.br\/transparencia\/prestacao-de-contas\/receitas-segundo-a-categoria-economica-3\/\">Receitas segundo a categoria econ\u00f4mica<\/a><\/li>\n\t\t<li class=\"wsp-post\"><a href=\"https:\/\/saobernardo.ma.gov.br\/transparencia\/prestacao-de-contas\/despesas-segundo-categoria-economica-2\/\">Despesas segundo categoria econ\u00f4mica<\/a><\/li>\n\t\t<li class=\"wsp-post\"><a href=\"https:\/\/saobernardo.ma.gov.br\/transparencia\/prestacao-de-contas\/arquivo-unico-para-consolidacao-dos-anexos-6-7-8-e-9-da-lei-4320-64-projetos-e-atividades-por-orgao-2\/\">Arquivo \u00fanico para consolida\u00e7\u00e3o dos anexos 6, 7, 8 e 9 da Lei 4320\/64 \u2013 Projetos e atividades por \u00f3rg\u00e3o.<\/a><\/li>\n\t\t<li class=\"wsp-post\"><a href=\"https:\/\/saobernardo.ma.gov.br\/transparencia\/prestacao-de-contas\/anexo-11-lei-4-320-64-comparativo-da-despesa-autorizada-com-a-realizada-2\/\">Anexo 11 Lei 4.320\/64 \u2013 comparativo da despesa autorizada com a realizada<\/a><\/li>\n\t\t<li class=\"wsp-post\"><a href=\"https:\/\/saobernardo.ma.gov.br\/transparencia\/prestacao-de-contas\/anexo-16-lei-4-320-64-demonstrativo-da-divida-fundada-interna-e-externa-administracao-direta-dezembro-acumulado-2\/\">Anexo 16 Lei 4.320\/64 \u2013 Demonstrativo da D\u00edvida Fundada Interna e Externa &#8211; Administra\u00e7\u00e3o Direta &#8211; dezembro acumulado<\/a><\/li>\n\t\t<li class=\"wsp-post\"><a href=\"https:\/\/saobernardo.ma.gov.br\/transparencia\/prestacao-de-contas\/certidao-de-regularidade-profissional-documento-que-comprova-a-regularidade-do-profissional-da-contabilidade-resolucao-cfc-no-1-402-de-27-de-julho-de-2012-2\/\">CERTID\u00c3O DE REGULARIDADE PROFISSIONAL \u2013 documento que comprova a regularidade do Profissional da Contabilidade. (Resolu\u00e7\u00e3o CFC n\u00ba 1.402, de 27 de julho de 2012).<\/a><\/li>\n\t\t<li class=\"wsp-post\"><a href=\"https:\/\/saobernardo.ma.gov.br\/transparencia\/prestacao-de-contas\/livro-diario-documento-elaborado-com-observancia-a-nbc-itg-2000-escrituracao-contabil-resolucao-cfc-no-1-330-de-18-de-marco-de-2011-2\/\">LIVRO DI\u00c1RIO \u2013 documento elaborado com observ\u00e2ncia \u00e0 NBC ITG 2000 \u2013 Escritura\u00e7\u00e3o Cont\u00e1bil. (Resolu\u00e7\u00e3o CFC n\u00ba 1.330, de 18 de mar\u00e7o de 2011).<\/a><\/li>\n\t\t<li class=\"wsp-post\"><a href=\"https:\/\/saobernardo.ma.gov.br\/transparencia\/prestacao-de-contas\/relatorio-e-certificado-de-auditoria-com-parecer-do-dirigente-do-orgao-de-controle-interno-3\/\">Relat\u00f3rio e certificado de auditoria, com parecer do dirigente do \u00f3rg\u00e3o de controle interno<\/a><\/li>\n\t\t<li class=\"wsp-post\"><a href=\"https:\/\/saobernardo.ma.gov.br\/transparencia\/prestacao-de-contas\/quadro-principal-do-balanco-orcamentario-receitas-orcamentarias-2\/\">Quadro principal do Balan\u00e7o Or\u00e7ament\u00e1rio (receitas or\u00e7ament\u00e1rias)<\/a><\/li>\n\t\t<li class=\"wsp-post\"><a href=\"https:\/\/saobernardo.ma.gov.br\/transparencia\/prestacao-de-contas\/oficio-de-encaminhamento-ao-tce-ma-4\/\">Of\u00edcio de encaminhamento ao TCE\/MA<\/a><\/li>\n\t\t<li class=\"wsp-post\"><a href=\"https:\/\/saobernardo.ma.gov.br\/transparencia\/prestacao-de-contas\/exposicao-circunstanciada-do-governo-4\/\">Exposi\u00e7\u00e3o circunstanciada do governo<\/a><\/li>\n\t\t<li class=\"wsp-post\"><a href=\"https:\/\/saobernardo.ma.gov.br\/transparencia\/prestacao-de-contas\/evolucao-e-projecao-das-receitas-pubicas-3\/\">Evolu\u00e7\u00e3o e Proje\u00e7\u00e3o das Receitas P\u00fabicas<\/a><\/li>\n\t\t<li class=\"wsp-post\"><a href=\"https:\/\/saobernardo.ma.gov.br\/transparencia\/prestacao-de-contas\/transferencias-voluntarias-celebradas-4\/\">Transfer\u00eancias Volunt\u00e1rias Celebradas<\/a><\/li>\n\t\t<li class=\"wsp-post\"><a href=\"https:\/\/saobernardo.ma.gov.br\/transparencia\/prestacao-de-contas\/creditos-adicionais-do-exercicio-4\/\">Cr\u00e9ditos Adicionais do Exerc\u00edcio<\/a><\/li>\n\t\t<li class=\"wsp-post\"><a href=\"https:\/\/saobernardo.ma.gov.br\/transparencia\/prestacao-de-contas\/povoados-do-municipio-4\/\">Povoados do Munic\u00edpio<\/a><\/li>\n\t\t<li class=\"wsp-post\"><a href=\"https:\/\/saobernardo.ma.gov.br\/transparencia\/prestacao-de-contas\/veiculos-utilizados-pelo-municipio-4\/\">Ve\u00edculos Utilizados pelo munic\u00edpio<\/a><\/li>\n\t\t<li class=\"wsp-post\"><a href=\"https:\/\/saobernardo.ma.gov.br\/transparencia\/prestacao-de-contas\/adiantamentos-concedidos-suprimento-de-fundos-4\/\">Adiantamentos concedidos (suprimento de fundos)<\/a><\/li>\n\t\t<li class=\"wsp-post\"><a href=\"https:\/\/saobernardo.ma.gov.br\/transparencia\/prestacao-de-contas\/emprestimos-contratados-por-antecipacao-da-receita-orcamentaria-4\/\">Empr\u00e9stimos Contratados Por Antecipa\u00e7\u00e3o Da Receita Or\u00e7ament\u00e1ria<\/a><\/li>\n\t\t<li class=\"wsp-post\"><a href=\"https:\/\/saobernardo.ma.gov.br\/transparencia\/prestacao-de-contas\/unidades-de-ensino-4\/\">Unidades de Ensino<\/a><\/li>\n\t\t<li class=\"wsp-post\"><a href=\"https:\/\/saobernardo.ma.gov.br\/transparencia\/prestacao-de-contas\/situacao-de-alunos-da-rede-publica-municipal-de-educacao-3\/\">Situa\u00e7\u00e3o de Alunos da Rede P\u00fablica Municipal de Educa\u00e7\u00e3o<\/a><\/li>\n\t\t<li class=\"wsp-post\"><a href=\"https:\/\/saobernardo.ma.gov.br\/transparencia\/prestacao-de-contas\/estabelecimentos-da-saude-3\/\">Estabelecimentos da Sa\u00fade<\/a><\/li>\n\t\t<li class=\"wsp-post\"><a href=\"https:\/\/saobernardo.ma.gov.br\/transparencia\/prestacao-de-contas\/evolucao-da-receita-corrente-liquida-em-relacao-a-despesa-total-com-pessoal-4\/\">Evolu\u00e7\u00e3o da receita corrente l\u00edquida em rela\u00e7\u00e3o \u00e0 despesa total com pessoal<\/a><\/li>\n\t\t<li class=\"wsp-post\"><a href=\"https:\/\/saobernardo.ma.gov.br\/transparencia\/prestacao-de-contas\/beneficiarios-e-pensionistas-4\/\">Benefici\u00e1rios E Pensionistas<\/a><\/li>\n\t\t<li class=\"wsp-post\"><a href=\"https:\/\/saobernardo.ma.gov.br\/transparencia\/prestacao-de-contas\/gastos-com-publicidade-4\/\">Gastos com Publicidade<\/a><\/li>\n\t\t<li class=\"wsp-post\"><a href=\"https:\/\/saobernardo.ma.gov.br\/transparencia\/prestacao-de-contas\/tomadas-de-contas-especiais-instauradas-4\/\">Tomadas de Contas Especiais Instauradas<\/a><\/li>\n\t\t<li class=\"wsp-post\"><a href=\"https:\/\/saobernardo.ma.gov.br\/transparencia\/prestacao-de-contas\/demandas-judiciais-de-relevancia-financeira-4\/\">Demandas Judiciais de Relev\u00e2ncia Financeira<\/a><\/li>\n\t\t<li class=\"wsp-post\"><a href=\"https:\/\/saobernardo.ma.gov.br\/transparencia\/prestacao-de-contas\/controle-da-divida-ativa-dam-3\/\">Controle da D\u00edvida Ativa (DAM)<\/a><\/li>\n\t\t<li class=\"wsp-post\"><a href=\"https:\/\/saobernardo.ma.gov.br\/transparencia\/prestacao-de-contas\/devedores-da-divida-ativa-dam-3\/\">Devedores da D\u00edvida ativa (DAM)<\/a><\/li>\n\t\t<li class=\"wsp-post\"><a href=\"https:\/\/saobernardo.ma.gov.br\/transparencia\/prestacao-de-contas\/debitos-imputados-pelo-tce-ma-4\/\">D\u00e9bitos Imputados pelo TCE\/MA<\/a><\/li>\n\t\t<li class=\"wsp-post\"><a href=\"https:\/\/saobernardo.ma.gov.br\/transparencia\/prestacao-de-contas\/recomendacoes-e-determinacoes-do-tce-ma-4\/\">Recomenda\u00e7\u00f5es e determina\u00e7\u00f5es do TCE\/MA<\/a><\/li>\n\t\t<li class=\"wsp-post\"><a href=\"https:\/\/saobernardo.ma.gov.br\/transparencia\/prestacao-de-contas\/declaracao-de-conformidade-do-transporte-escolar-dos-alunos-da-rede-publica-municipal-de-educacao-4\/\">Declara\u00e7\u00e3o de conformidade do transporte escolar dos alunos da rede p\u00fablica municipal de educa\u00e7\u00e3o<\/a><\/li>\n\t\t<li class=\"wsp-post\"><a href=\"https:\/\/saobernardo.ma.gov.br\/transparencia\/prestacao-de-contas\/quadro-principal-do-balanco-orcamentario-receitas-orcamentarias-3\/\">Quadro principal do Balan\u00e7o Or\u00e7ament\u00e1rio (receitas or\u00e7ament\u00e1rias)<\/a><\/li>\n\t\t<li class=\"wsp-post\"><a href=\"https:\/\/saobernardo.ma.gov.br\/transparencia\/prestacao-de-contas\/quadro-principal-do-balanco-orcamentario-despesas-orcamentarias-3\/\">Quadro principal do Balan\u00e7o Or\u00e7ament\u00e1rio (despesas or\u00e7ament\u00e1rias)<\/a><\/li>\n\t\t<li class=\"wsp-post\"><a href=\"https:\/\/saobernardo.ma.gov.br\/transparencia\/prestacao-de-contas\/quadro-da-execucao-de-restos-a-pagar-nao-processados-3\/\">Quadro da Execu\u00e7\u00e3o de Restos a Pagar N\u00e3o Processados<\/a><\/li>\n\t\t<li class=\"wsp-post\"><a href=\"https:\/\/saobernardo.ma.gov.br\/transparencia\/prestacao-de-contas\/quadro-da-execucao-de-restos-a-pagar-processados-e-nao-processados-liquidados-3\/\">Quadro da Execu\u00e7\u00e3o de Restos A Pagar Processados E N\u00e3o Processados Liquidados<\/a><\/li>\n\t\t<li class=\"wsp-post\"><a href=\"https:\/\/saobernardo.ma.gov.br\/transparencia\/prestacao-de-contas\/dados-nao-codificados-3\/\">Dados N\u00e3o Codificados<\/a><\/li>\n\t\t<li class=\"wsp-post\"><a href=\"https:\/\/saobernardo.ma.gov.br\/transparencia\/prestacao-de-contas\/balanco-financeiro-com-observancia-da-parte-v-do-mcasp-stn-em-um-unico-pdf-3\/\">Balan\u00e7o Financeiro com observ\u00e2ncia da Parte V do MCASP\/STN em um \u00fanico PDF<\/a><\/li>\n\t\t<li class=\"wsp-post\"><a href=\"https:\/\/saobernardo.ma.gov.br\/transparencia\/prestacao-de-contas\/balanco-patrimonial-com-observancia-da-parte-v-do-mcasp-stn-em-um-unico-pdf-3\/\">Balan\u00e7o Patrimonial com observ\u00e2ncia da Parte V do MCASP\/STN em um \u00fanico PDF<\/a><\/li>\n\t\t<li class=\"wsp-post\"><a href=\"https:\/\/saobernardo.ma.gov.br\/transparencia\/prestacao-de-contas\/demonstracao-das-variacoes-patrimoniais-modelo-analitico-com-observancia-da-parte-v-do-mcasp-stn-em-um-unico-pdf-3\/\">Demonstra\u00e7\u00e3o das varia\u00e7\u00f5es patrimoniais \u2013 Modelo anal\u00edtico com observ\u00e2ncia da Parte V do MCASP\/STN em um \u00fanico PDF<\/a><\/li>\n\t\t<li class=\"wsp-post\"><a href=\"https:\/\/saobernardo.ma.gov.br\/transparencia\/prestacao-de-contas\/demonstracao-dos-fluxos-de-caixa-dfc-com-observancia-da-parte-v-do-mcasp-stn-em-um-unico-pdf-3\/\">Demonstra\u00e7\u00e3o dos Fluxos de Caixa (DFC) com observ\u00e2ncia da Parte V do MCASP\/STN em um \u00fanico PDF<\/a><\/li>\n\t\t<li class=\"wsp-post\"><a href=\"https:\/\/saobernardo.ma.gov.br\/transparencia\/prestacao-de-contas\/demonstracoes-das-mutacoes-do-patrimonio-liquido-dmpl-com-observancia-da-parte-v-do-mcasp-stn-em-um-unico-pdf-3\/\">Demonstra\u00e7\u00f5es das Muta\u00e7\u00f5es do Patrim\u00f4nio L\u00edquido (DMPL) com observ\u00e2ncia da Parte V do MCASP\/STN em um \u00fanico PDF<\/a><\/li>\n\t\t<li class=\"wsp-post\"><a href=\"https:\/\/saobernardo.ma.gov.br\/transparencia\/prestacao-de-contas\/notas-explicativas-as-dcasp-4\/\">Notas explicativas \u00e0s DCASP<\/a><\/li>\n\t\t<li class=\"wsp-post\"><a href=\"https:\/\/saobernardo.ma.gov.br\/transparencia\/prestacao-de-contas\/receitas-segundo-a-categoria-economica-4\/\">Receitas segundo a categoria econ\u00f4mica<\/a><\/li>\n\t\t<li class=\"wsp-post\"><a href=\"https:\/\/saobernardo.ma.gov.br\/transparencia\/prestacao-de-contas\/despesas-segundo-categoria-economica-3\/\">Despesas segundo categoria econ\u00f4mica<\/a><\/li>\n\t\t<li class=\"wsp-post\"><a href=\"https:\/\/saobernardo.ma.gov.br\/transparencia\/prestacao-de-contas\/arquivo-unico-para-consolidacao-dos-anexos-6-7-8-e-9-da-lei-4320-64-projetos-e-atividades-por-orgao-3\/\">Arquivo \u00fanico para consolida\u00e7\u00e3o dos anexos 6, 7, 8 e 9 da Lei 4320\/64 \u2013 Projetos e atividades por \u00f3rg\u00e3o.<\/a><\/li>\n\t\t<li class=\"wsp-post\"><a href=\"https:\/\/saobernardo.ma.gov.br\/transparencia\/prestacao-de-contas\/anexo-11-lei-4-320-64-comparativo-da-despesa-autorizada-com-a-realizada-3\/\">Anexo 11 Lei 4.320\/64 \u2013 comparativo da despesa autorizada com a realizada<\/a><\/li>\n\t\t<li class=\"wsp-post\"><a href=\"https:\/\/saobernardo.ma.gov.br\/transparencia\/prestacao-de-contas\/anexo-16-lei-4-320-64-demonstrativo-da-divida-fundada-interna-e-externa-administracao-direta-dezembro-acumulado-3\/\">Anexo 16 Lei 4.320\/64 \u2013 Demonstrativo da D\u00edvida Fundada Interna e Externa &#8211; Administra\u00e7\u00e3o Direta &#8211; dezembro acumulado<\/a><\/li>\n\t\t<li class=\"wsp-post\"><a href=\"https:\/\/saobernardo.ma.gov.br\/transparencia\/prestacao-de-contas\/certidao-de-regularidade-profissional-documento-que-comprova-a-regularidade-do-profissional-da-contabilidade-resolucao-cfc-no-1-402-de-27-de-julho-de-2012-3\/\">CERTID\u00c3O DE REGULARIDADE PROFISSIONAL \u2013 documento que comprova a regularidade do Profissional da Contabilidade. (Resolu\u00e7\u00e3o CFC n\u00ba 1.402, de 27 de julho de 2012).<\/a><\/li>\n\t\t<li class=\"wsp-post\"><a href=\"https:\/\/saobernardo.ma.gov.br\/transparencia\/prestacao-de-contas\/livro-diario-documento-elaborado-com-observancia-a-nbc-itg-2000-escrituracao-contabil-resolucao-cfc-no-1-330-de-18-de-marco-de-2011-3\/\">LIVRO DI\u00c1RIO \u2013 documento elaborado com observ\u00e2ncia \u00e0 NBC ITG 2000 \u2013 Escritura\u00e7\u00e3o Cont\u00e1bil. (Resolu\u00e7\u00e3o CFC n\u00ba 1.330, de 18 de mar\u00e7o de 2011).<\/a><\/li>\n\t\t<li class=\"wsp-post\"><a href=\"https:\/\/saobernardo.ma.gov.br\/transparencia\/prestacao-de-contas\/relatorio-e-certificado-de-auditoria-com-parecer-do-dirigente-do-orgao-de-controle-interno-4\/\">Relat\u00f3rio e certificado de auditoria, com parecer do dirigente do \u00f3rg\u00e3o de controle interno<\/a><\/li>\n<\/ul><\/li>\n\t<li><strong class=\"wsp-category-title\">Category: <a href=\"https:\/\/saobernardo.ma.gov.br\/transparencia\/category\/resolucoes\/\">Resolu\u00e7\u00f5es<\/a><\/strong>\n<ul class=\"wsp-posts-list\">\t\t<li class=\"wsp-post\"><a href=\"https:\/\/saobernardo.ma.gov.br\/transparencia\/resolucoes\/proposta-curricular-para-a-educacao-de-jovens-adultos-e-idosos-eja-ejai\/\">PROPOSTA CURRICULAR PARA A EDUCA\u00c7\u00c3O DE JOVENS ADULTOS E IDOSOS \u2013 EJA\/EJAI<\/a><\/li>\n\t\t<li class=\"wsp-post\"><a href=\"https:\/\/saobernardo.ma.gov.br\/transparencia\/resolucoes\/convenio-para-concessao-de-operacoes-do-cartao-de-beneficio-consignado-emprestei-convenio-que-entre-si-celebram-a-emprestei-e-prefeitura-municipal-de-sao-bernardo-ma\/\">CONV\u00caNIO PARA CONCESS\u00c3O DE OPERA\u00c7\u00d5ES DO CART\u00c3O  DE BENEF\u00cdCIO CONSIGNADO EMPRESTEI &#8211; CONV\u00caNIO QUE ENTRE SI CELEBRAM A EMPRESTEI E PREFEITURA MUNICIPAL DE S\u00c3O BERNARDO\/MA.<\/a><\/li>\n\t\t<li class=\"wsp-post\"><a href=\"https:\/\/saobernardo.ma.gov.br\/transparencia\/resolucoes\/resolucao-n-o-4-2025-cme-aprova-a-politica-de-educacao-integral-em-tempo-integral-da-rede-publica-municipal-de-ensino-de-sao-luis-ma\/\">Resolu\u00e7\u00e3o n.\u00ba 4\/2025 \u2013 CME &#8211; Aprova a Pol\u00edtica de Educa\u00e7\u00e3o Integral em Tempo Integral da Rede P\u00fablica Municipal de Ensino de S\u00e3o Lu\u00eds &#8211; MA.<\/a><\/li>\n\t\t<li class=\"wsp-post\"><a href=\"https:\/\/saobernardo.ma.gov.br\/transparencia\/resolucoes\/instrumento-particular-de-comodato-e-outras-avencas\/\">INSTRUMENTO PARTICULAR DE COMODATO E OUTRAS AVEN\u00c7AS<\/a><\/li>\n\t\t<li class=\"wsp-post\"><a href=\"https:\/\/saobernardo.ma.gov.br\/transparencia\/resolucoes\/convenio-para-concessao-de-operacoes-do-cartao-de-beneficio-consignado-vemcard\/\">CONV\u00caNIO PARA CONCESS\u00c3O DE OPERA\u00c7\u00d5ES DO CART\u00c3O DE BENEF\u00cdCIO CONSIGNADO VEMCARD &#8211; CONV\u00caNIO QUE ENTRE SI CELEBRAM A VEMCARD E PREFEITURA MUNICIPAL DE S\u00c3O BERNARDO\/MA.<\/a><\/li>\n\t\t<li class=\"wsp-post\"><a href=\"https:\/\/saobernardo.ma.gov.br\/transparencia\/resolucoes\/instrucao-normativa-no-01-de-01-de-janeiro-de-2025\/\">INSTRU\u00c7\u00c3O NORMATIVA N\u00ba 01, DE 01 DE JANEIRO DE 2025.<\/a><\/li>\n\t\t<li class=\"wsp-post\"><a href=\"https:\/\/saobernardo.ma.gov.br\/transparencia\/resolucoes\/resolucao-do-cms-de-sao-bernardo-ma-no-01-de-23-de-janeiro-de-2024\/\">RESOLU\u00c7\u00c3O DO CMS DE S\u00c3O BERNARDO &#8211; MA N\u00ba. 01 DE 23 DE JANEIRO DE 2024<\/a><\/li>\n\t\t<li class=\"wsp-post\"><a href=\"https:\/\/saobernardo.ma.gov.br\/transparencia\/resolucoes\/distrato-do-acordo-de-cooperacao-tecnica-distrato-de-acordo-de-cooperacao-tecnica-celebrado-entre-a-prefeitura-municipal-de-sao-bernardo-ma-e-empresa-digital-consig-sistemas-ltda\/\">DISTRATO DO ACORDO DE COOPERA\u00c7\u00c3O T\u00c9CNICA &#8211; DISTRATO DE ACORDO DE COOPERA\u00c7\u00c3O T\u00c9CNICA, CELEBRADO ENTRE A PREFEITURA MUNICIPAL DE S\u00c3O BERNARDO\/MA E EMPRESA DIGITAL CONSIG SISTEMAS LTDA.<\/a><\/li>\n\t\t<li class=\"wsp-post\"><a href=\"https:\/\/saobernardo.ma.gov.br\/transparencia\/resolucoes\/edital-de-notificacao-usucapiao-extrajudicial-extraordinario-no01-2023\/\">EDITAL DE NOTIFICA\u00c7\u00c3O &#8211; USUCAPI\u00c3O EXTRAJUDICIAL EXTRAORDIN\u00c1RIO N\u00ba01\/2023 &#8211; Reconhecimento de direito de propriedade atrav\u00e9s do Usucapi\u00e3o Extrajudicial, Processo 243\/2023.<\/a><\/li>\n\t\t<li class=\"wsp-post\"><a href=\"https:\/\/saobernardo.ma.gov.br\/transparencia\/resolucoes\/termo-de-posse-e-compromisso-em-cargo-efetivo\/\">TERMO DE POSSE E COMPROMISSO EM CARGO EFETIVO \u2013 SECRETARIA MUNICIPAL DE ADMINISTRA\u00c7\u00c3O<\/a><\/li>\n\t\t<li class=\"wsp-post\"><a href=\"https:\/\/saobernardo.ma.gov.br\/transparencia\/resolucoes\/termo-de-posse-e-compromisso-em-cargo-efetivo-secretaria-municipal-de-administracao-11\/\">TERMO DE POSSE E COMPROMISSO EM CARGO EFETIVO \u2013 SECRETARIA MUNICIPAL DE ADMINISTRA\u00c7\u00c3O<\/a><\/li>\n\t\t<li class=\"wsp-post\"><a href=\"https:\/\/saobernardo.ma.gov.br\/transparencia\/resolucoes\/termo-de-posse-e-compromisso-em-cargo-efetivo-secretaria-municipal-de-administracao-10\/\">TERMO DE POSSE E COMPROMISSO EM CARGO EFETIVO \u2013 SECRETARIA MUNICIPAL DE ADMINISTRA\u00c7\u00c3O<\/a><\/li>\n\t\t<li class=\"wsp-post\"><a href=\"https:\/\/saobernardo.ma.gov.br\/transparencia\/resolucoes\/termo-de-posse-e-compromisso-em-cargo-efetivo-secretaria-municipal-de-administracao-9\/\">TERMO DE POSSE E COMPROMISSO EM CARGO EFETIVO \u2013 SECRETARIA MUNICIPAL DE ADMINISTRA\u00c7\u00c3O<\/a><\/li>\n\t\t<li class=\"wsp-post\"><a href=\"https:\/\/saobernardo.ma.gov.br\/transparencia\/resolucoes\/termo-de-posse-e-compromisso-em-cargo-efetivo-secretaria-municipal-de-administracao-8\/\">TERMO DE POSSE E COMPROMISSO EM CARGO EFETIVO \u2013 SECRETARIA MUNICIPAL DE ADMINISTRA\u00c7\u00c3O<\/a><\/li>\n\t\t<li class=\"wsp-post\"><a href=\"https:\/\/saobernardo.ma.gov.br\/transparencia\/resolucoes\/termo-de-posse-e-compromisso-em-cargo-efetivo-secretaria-municipal-de-administracao-7\/\">TERMO DE POSSE E COMPROMISSO EM CARGO EFETIVO \u2013 SECRETARIA MUNICIPAL DE ADMINISTRA\u00c7\u00c3O<\/a><\/li>\n\t\t<li class=\"wsp-post\"><a href=\"https:\/\/saobernardo.ma.gov.br\/transparencia\/resolucoes\/termo-de-posse-e-compromisso-em-cargo-efetivo-secretaria-municipal-de-administracao-6\/\">TERMO DE POSSE E COMPROMISSO EM CARGO EFETIVO \u2013 SECRETARIA MUNICIPAL DE ADMINISTRA\u00c7\u00c3O<\/a><\/li>\n\t\t<li class=\"wsp-post\"><a href=\"https:\/\/saobernardo.ma.gov.br\/transparencia\/resolucoes\/resolucao-no-03-2023-conselho-municipal-dos-direitos-da-crianca-e-dos-adolescentes-cmdca-sao-bernardo-maranhao-institui-a-comissao-especial-para-o-processo-de-escolha-dos-membros-do-conselho-tu\/\">Resolu\u00e7\u00e3o n\u00ba 03\/2023. CONSELHO MUNICIPAL DOS DIREITOS DA CRIAN\u00c7A E DOS ADOLESCENTES CMDCA &#8211; S\u00c3O BERNARDO &#8211; MARANH\u00c3O &#8211; Institui a Comiss\u00e3o Especial para o Processo de Escolha dos Membros do Conselho Tutelar do Munic\u00edpio de S\u00e3o Bernardo.<\/a><\/li>\n\t\t<li class=\"wsp-post\"><a href=\"https:\/\/saobernardo.ma.gov.br\/transparencia\/resolucoes\/resolucao-semecti-pmsb-ma-no-01-de-14-de-marco-de-2023-aprova-as-normas-e-procedimentos-sobre-processo-seletivo-simplificado-para-selecao-e-contratacao-temporaria-de-bolsistas-para-o-proje\/\">RESOLU\u00c7\u00c3O\/SEMECTI\/PMSB\/MA N\u00ba 01, de 14 de mar\u00e7o de 2023 &#8211; \u201cAprova as normas e procedimentos sobre Processo Seletivo Simplificado para sele\u00e7\u00e3o e contrata\u00e7\u00e3o tempor\u00e1ria de bolsistas para o Projeto de Atividades Curriculares Complementares em Contraturno de Alunos da Rede P\u00fablica municipal de Ensino, sob o regime especial de Direito Administrativo do Munic\u00edpio de S\u00e3o Bernardo \u2013 MA.\u201d<\/a><\/li>\n\t\t<li class=\"wsp-post\"><a href=\"https:\/\/saobernardo.ma.gov.br\/transparencia\/resolucoes\/resolucao-do-regimento-interno-da-11a-conferencia-municipal-de-saude-de-sao-bernardo-ma-resolucao-cms-n-o-04-2023\/\">RESOLU\u00c7\u00c3O DO REGIMENTO INTERNO DA 11\u00aa CONFER\u00caNCIA MUNICIPAL DE SA\u00daDE DE S\u00c3O BERNARDO\/MA    RESOLU\u00c7\u00c3O CMS N.\u00ba 04\/2023<\/a><\/li>\n\t\t<li class=\"wsp-post\"><a href=\"https:\/\/saobernardo.ma.gov.br\/transparencia\/resolucoes\/estatuto-da-associacao-dos-agricultores-familiares-da-baixa-grande-do-meio-dispoe-organizar-os-moradores-associados-no-referido-povoado-buscar-beneficios-para-a-populacao-residente-no-refer\/\">ESTATUTO DA ASSOCIA\u00c7\u00c3O DOS AGRICULTORES FAMILIARES DA BAIXA GRANDE DO MEIO \u2013 Disp\u00f5e organizar os moradores associados no referido povoado, buscar benef\u00edcios para a popula\u00e7\u00e3o residente no referido povoado, promover a organiza\u00e7\u00e3o dos agricultores(a) do referido povoado.<\/a><\/li>\n\t\t<li class=\"wsp-post\"><a href=\"https:\/\/saobernardo.ma.gov.br\/transparencia\/resolucoes\/estatuto-da-associacao-dos-agricultores-familiares-da-cigana-dispoe-organizar-os-moradores-associados-no-referido-povoado-buscar-beneficios-para-a-populacao-residente-no-referido-povoado-p\/\">ESTATUTO DA ASSOCIA\u00c7\u00c3O DOS AGRICULTORES FAMILIARES DA CIGANA \u2013 Disp\u00f5e organizar os moradores associados no referido povoado, buscar benef\u00edcios para a popula\u00e7\u00e3o residente no referido povoado, promover a organiza\u00e7\u00e3o dos agricultores(a) do referido povoado.<\/a><\/li>\n\t\t<li class=\"wsp-post\"><a href=\"https:\/\/saobernardo.ma.gov.br\/transparencia\/resolucoes\/estatuto-da-associacao-dos-agricultores-familiares-da-mata-da-bicuiba-dispoe-organizar-os-moradores-associados-no-referido-povoado-buscar-beneficios-para-a-populacao-residente-no-referido-povoado\/\">ESTATUTO DA ASSOCIA\u00c7\u00c3O DOS AGRICULTORES FAMILIARES DA MATA DA BICUIBA &#8211; Disp\u00f5e organizar os moradores associados no referido povoado, buscar benef\u00edcios para a popula\u00e7\u00e3o residente no referido povoado, promover a organiza\u00e7\u00e3o dos agricultores(a) do referido povoado.<\/a><\/li>\n\t\t<li class=\"wsp-post\"><a href=\"https:\/\/saobernardo.ma.gov.br\/transparencia\/resolucoes\/resolucao-cme-no-003-2023-define-diretrizes-gerais-para-a-implantacao-da-politica-de-educacao-integral-em-escola-de-tempo-integral-no-sistema-municipal-de-ensino-do-municipio-de-sao-bernardo\/\">Resolu\u00e7\u00e3o CME n\u00ba 003\/2023   &#8211;  Define Diretrizes gerais para a implanta\u00e7\u00e3o da Pol\u00edtica de Educa\u00e7\u00e3o Integral em Escola  de Tempo Integral no Sistema Municipal de Ensino Do munic\u00edpio de S\u00e3o Bernardo \u2013 MA.<\/a><\/li>\n\t\t<li class=\"wsp-post\"><a href=\"https:\/\/saobernardo.ma.gov.br\/transparencia\/resolucoes\/lista-de-entidades-e-trabalhadores-do-sus-inscritas-e-habilitadas-a-participar-da-plenaria-de-eleicao-do-conselho-municipal-de-saude-de-sao-bernardo-ma-para-o-mandato-do-bienio-2022-2024\/\">LISTA DE ENTIDADES E TRABALHADORES DO SUS INSCRITAS E HABILITADAS A PARTICIPAR DA PLEN\u00c1RIA DE ELEI\u00c7\u00c3O DO CONSELHO MUNICIPAL DE SA\u00daDE DE S\u00c3O BERNARDO &#8211; MA, PARA O MANDATO DO BI\u00caNIO 2022\/2024.<\/a><\/li>\n\t\t<li class=\"wsp-post\"><a href=\"https:\/\/saobernardo.ma.gov.br\/transparencia\/resolucoes\/regimento-interno-do-conselho-municipal-de-saude-de-sao-bernardo-ma-2a-edicao\/\">REGIMENTO INTERNO DO CONSELHO MUNICIPAL DE SA\u00daDE DE S\u00c3O BERNARDO\/MA &#8211; Este Regimento Interno regulamenta e disciplina o funcionamento do CONSELHO MUNICIPAL DE SA\u00daDE DO MUNIC\u00cdPIO DE S\u00c3O BERNARDO, Estado do Maranh\u00e3o, doravante simplesmente denominado CMS.<\/a><\/li>\n\t\t<li class=\"wsp-post\"><a href=\"https:\/\/saobernardo.ma.gov.br\/transparencia\/resolucoes\/resolucao-no-01-de-02-de-maio-de-2022-cme-sb-aprova-o-documento-circular-no-territorio-maranhense-como-referencia-na-implantacao-da-base-nacional-comum-curricular-da-educacao-infantil-e-do-ensino\/\">RESOLU\u00c7\u00c3O N\u00ba 01 DE 02 DE MAIO DE 2022 &#8211; CME\/ SB &#8211; Aprova o Documento Circular no Territ\u00f3rio Maranhense como Refer\u00eancia na Implanta\u00e7\u00e3o da Base Nacional Comum Curricular da Educa\u00e7\u00e3o Infantil e do Ensino Fundamental no Sistema de Ensino do Munic\u00edpio de S\u00e3o Bernardo &#8211; MA e d\u00e1 outras providencias.<\/a><\/li>\n<\/ul><\/li>\n\t<li><strong class=\"wsp-category-title\">Category: <a href=\"https:\/\/saobernardo.ma.gov.br\/transparencia\/category\/rgf\/\">RGF<\/a><\/strong>\n<ul class=\"wsp-posts-list\">\t\t<li class=\"wsp-post\"><a href=\"https:\/\/saobernardo.ma.gov.br\/transparencia\/rgf\/3o-quadrimestre-2025-rgf-relatorio-de-gestao-fiscal\/\">3\u00ba QUADRIMESTRE \/2025 \u2013 (RGF) RELAT\u00d3RIO DE GEST\u00c3O FISCAL<\/a><\/li>\n\t\t<li class=\"wsp-post\"><a href=\"https:\/\/saobernardo.ma.gov.br\/transparencia\/rgf\/2o-quadrimestre-2025-rgf-relatorio-de-gestao-fiscal\/\">2\u00ba QUADRIMESTRE \/2025 \u2013 (RGF) RELAT\u00d3RIO DE GEST\u00c3O FISCAL<\/a><\/li>\n\t\t<li class=\"wsp-post\"><a href=\"https:\/\/saobernardo.ma.gov.br\/transparencia\/rgf\/1o-quadrimestre-2025-rgf-relatorio-de-gestao-fiscal\/\">1\u00ba QUADRIMESTRE \/2025 \u2013 (RGF) RELAT\u00d3RIO DE GEST\u00c3O FISCAL<\/a><\/li>\n\t\t<li class=\"wsp-post\"><a href=\"https:\/\/saobernardo.ma.gov.br\/transparencia\/rgf\/3o-quadrimestre-2024-rgf-relatorio-de-gestao-fiscal\/\">3\u00ba QUADRIMESTRE \/2024 \u2013 (RGF) RELAT\u00d3RIO DE GEST\u00c3O FISCAL<\/a><\/li>\n\t\t<li class=\"wsp-post\"><a href=\"https:\/\/saobernardo.ma.gov.br\/transparencia\/rgf\/2o-quadrimestre-2024-rgf-relatorio-de-gestao-fiscal\/\">2\u00ba QUADRIMESTRE \/2024 \u2013 (RGF) RELAT\u00d3RIO DE GEST\u00c3O FISCAL<\/a><\/li>\n\t\t<li class=\"wsp-post\"><a href=\"https:\/\/saobernardo.ma.gov.br\/transparencia\/rgf\/1o-quadrimestre-2024-rgf-relatorio-de-gestao-fiscal\/\">1\u00ba QUADRIMESTRE \/2024 \u2013 (RGF) RELAT\u00d3RIO DE GEST\u00c3O FISCAL<\/a><\/li>\n\t\t<li class=\"wsp-post\"><a href=\"https:\/\/saobernardo.ma.gov.br\/transparencia\/rgf\/3o-quadrimestre-2023-rgf-relatorio-de-gestao-fiscal\/\">3\u00ba QUADRIMESTRE \/2023 \u2013 (RGF) RELAT\u00d3RIO DE GEST\u00c3O FISCAL<\/a><\/li>\n\t\t<li class=\"wsp-post\"><a href=\"https:\/\/saobernardo.ma.gov.br\/transparencia\/rgf\/2o-quadrimestre-2023-rgf-relatorio-de-gestao-fiscal\/\">2\u00ba QUADRIMESTRE \/2023 \u2013 (RGF) RELAT\u00d3RIO DE GEST\u00c3O FISCAL<\/a><\/li>\n\t\t<li class=\"wsp-post\"><a href=\"https:\/\/saobernardo.ma.gov.br\/transparencia\/rgf\/1o-quadrimestre-2023-rgf-relatorio-de-gestao-fiscal\/\">1\u00ba QUADRIMESTRE \/2023 \u2013 (RGF) RELAT\u00d3RIO DE GEST\u00c3O FISCAL<\/a><\/li>\n\t\t<li class=\"wsp-post\"><a href=\"https:\/\/saobernardo.ma.gov.br\/transparencia\/rgf\/3o-quadrimestre-2022-rgf-relatorio-de-gestao-fiscal\/\">3\u00ba QUADRIMESTRE\/ 2022- (RGF) RELAT\u00d3RIO DE GEST\u00c3O FISCAL<\/a><\/li>\n\t\t<li class=\"wsp-post\"><a href=\"https:\/\/saobernardo.ma.gov.br\/transparencia\/rgf\/2o-quadrimestre-2022-rgf-relatorio-de-gestao-fiscal\/\">2\u00ba QUADRIMESTRE\/ 2022- (RGF) RELAT\u00d3RIO DE GEST\u00c3O FISCAL<\/a><\/li>\n\t\t<li class=\"wsp-post\"><a href=\"https:\/\/saobernardo.ma.gov.br\/transparencia\/rgf\/1o-quadrimestre-2022-rgf-relatorio-de-gestao-fiscal\/\">1\u00ba QUADRIMESTRE \/2022 \u2013 (RGF) RELAT\u00d3RIO DE GEST\u00c3O FISCAL<\/a><\/li>\n\t\t<li class=\"wsp-post\"><a href=\"https:\/\/saobernardo.ma.gov.br\/transparencia\/rgf\/3o-quadrimestre-2021-rgf-relatorio-de-gestao-fiscal\/\">3\u00ba QUADRIMESTRE\/ 2021- (RGF) RELAT\u00d3RIO DE GEST\u00c3O FISCAL<\/a><\/li>\n\t\t<li class=\"wsp-post\"><a href=\"https:\/\/saobernardo.ma.gov.br\/transparencia\/rgf\/2o-quadrimestre-2021-rgf-relatorio-de-gestao-fiscal\/\">2\u00ba QUADRIMESTRE\/ 2021- (RGF) RELAT\u00d3RIO DE GEST\u00c3O FISCAL<\/a><\/li>\n\t\t<li class=\"wsp-post\"><a href=\"https:\/\/saobernardo.ma.gov.br\/transparencia\/rgf\/1o-quadrimestre-2021-rgf-relatorio-de-gestao-fiscal\/\">1\u00ba QUADRIMESTRE \/2021 &#8211; (RGF) RELAT\u00d3RIO DE GEST\u00c3O FISCAL<\/a><\/li>\n\t\t<li class=\"wsp-post\"><a href=\"https:\/\/saobernardo.ma.gov.br\/transparencia\/rgf\/3-quadrimestre-2020-rgf-relatorio-de-gestao-fiscal\/\">3\u00b0 Quadrimestre\/2020 &#8211; (RGF) RELAT\u00d3RIO DE GEST\u00c3O FISCAL<\/a><\/li>\n\t\t<li class=\"wsp-post\"><a href=\"https:\/\/saobernardo.ma.gov.br\/transparencia\/rgf\/2-quadrimestre-2020-rgf-relatorio-de-gestao-fiscal\/\">2\u00b0 Quadrimestre\/2020 &#8211; (RGF) RELAT\u00d3RIO DE GEST\u00c3O FISCAL<\/a><\/li>\n\t\t<li class=\"wsp-post\"><a href=\"https:\/\/saobernardo.ma.gov.br\/transparencia\/rgf\/1-quadrimestre-rgf-relatorio-de-gestao-fiscal\/\">1\u00b0 Quadrimestre (RGF) RELAT\u00d3RIO DE GEST\u00c3O FISCAL<\/a><\/li>\n\t\t<li class=\"wsp-post\"><a href=\"https:\/\/saobernardo.ma.gov.br\/transparencia\/rgf\/2-bimestre-2019-rgf-relatorio-de-gestao-fiscal\/\">2\u00b0 BIMESTRE \u2013 2019 \u2013 (RGF) RELAT\u00d3RIO DE GEST\u00c3O FISCAL<\/a><\/li>\n\t\t<li class=\"wsp-post\"><a href=\"https:\/\/saobernardo.ma.gov.br\/transparencia\/rgf\/1-semestre-2019-rgf-relatorio-de-gestao-fiscal\/\">1\u00b0 SEMESTRE \u2013 2019 \u2013 ( RGF ) RELAT\u00d3RIO DE GEST\u00c3O FISCAL<\/a><\/li>\n\t\t<li class=\"wsp-post\"><a href=\"https:\/\/saobernardo.ma.gov.br\/transparencia\/rgf\/2-semestre-2018-rgf-relatorio-de-gestao-fiscal\/\">2\u00b0 SEMESTRE 2018 &#8211; (RGF) RELAT\u00d3RIO DE GEST\u00c3O FISCAL<\/a><\/li>\n\t\t<li class=\"wsp-post\"><a href=\"https:\/\/saobernardo.ma.gov.br\/transparencia\/rgf\/rgf-1o-semestre-2018\/\">RGF 1\u00ba Semestre &#8211; 2018<\/a><\/li>\n\t\t<li class=\"wsp-post\"><a href=\"https:\/\/saobernardo.ma.gov.br\/transparencia\/rgf\/rgf-01-quadrimestre-2018\/\">RGF 01 Quadrimestre 2018<\/a><\/li>\n\t\t<li class=\"wsp-post\"><a href=\"https:\/\/saobernardo.ma.gov.br\/transparencia\/rgf\/rgf-relatorio-de-gestao-fiscal-1o-semestre-2017\/\">RGF &#8211; Relat\u00f3rio de Gest\u00e3o Fiscal 1\u00ba Semestre 2017<\/a><\/li>\n<\/ul><\/li>\n\t<li><strong class=\"wsp-category-title\">Category: <a href=\"https:\/\/saobernardo.ma.gov.br\/transparencia\/category\/rreo\/\">RREO<\/a><\/strong>\n<ul class=\"wsp-posts-list\">\t\t<li class=\"wsp-post\"><a href=\"https:\/\/saobernardo.ma.gov.br\/transparencia\/rreo\/1o-bimestre-2026-rreo-relatorio-resumido-da-execucao-orcamentaria\/\">1\u00ba BIMESTRE 2026 RREO \u2013 RELAT\u00d3RIO RESUMIDO DA EXECU\u00c7\u00c3O OR\u00c7AMENT\u00c1RIA<\/a><\/li>\n\t\t<li class=\"wsp-post\"><a href=\"https:\/\/saobernardo.ma.gov.br\/transparencia\/rreo\/6o-bimestre-2025-rreo-relatorio-resumido-da-execucao-orcamentaria\/\">6\u00ba BIMESTRE 2025 RREO \u2013 RELAT\u00d3RIO RESUMIDO DA EXECU\u00c7\u00c3O OR\u00c7AMENT\u00c1RIA<\/a><\/li>\n\t\t<li class=\"wsp-post\"><a href=\"https:\/\/saobernardo.ma.gov.br\/transparencia\/rreo\/relatorio-resumido-da-execucao-orcamentaria-jan-2025-a-dez-2025\/\">RELAT\u00d3RIO RESUMIDO DA EXECU\u00c7\u00c3O OR\u00c7AMENT\u00c1RIA &#8211; JAN\/2025 A DEZ\/2025<\/a><\/li>\n\t\t<li class=\"wsp-post\"><a href=\"https:\/\/saobernardo.ma.gov.br\/transparencia\/rreo\/5o-bimestre-2025-rreo-relatorio-resumido-da-execucao-orcamentaria\/\">5\u00ba BIMESTRE 2025 RREO \u2013 RELAT\u00d3RIO RESUMIDO DA EXECU\u00c7\u00c3O OR\u00c7AMENT\u00c1RIA<\/a><\/li>\n\t\t<li class=\"wsp-post\"><a href=\"https:\/\/saobernardo.ma.gov.br\/transparencia\/rreo\/4o-quadrimestre-2025-rgf-relatorio-de-gestao-fiscal\/\">4\u00ba BIMESTRE 2025 RREO \u2013 RELAT\u00d3RIO RESUMIDO DA EXECU\u00c7\u00c3O OR\u00c7AMENT\u00c1RIA<\/a><\/li>\n\t\t<li class=\"wsp-post\"><a href=\"https:\/\/saobernardo.ma.gov.br\/transparencia\/rreo\/3o-bimestre-2025-rreo-relatorio-resumido-da-execucao-orcamentaria\/\">3\u00ba BIMESTRE 2025 RREO \u2013 RELAT\u00d3RIO RESUMIDO DA EXECU\u00c7\u00c3O OR\u00c7AMENT\u00c1RIA<\/a><\/li>\n\t\t<li class=\"wsp-post\"><a href=\"https:\/\/saobernardo.ma.gov.br\/transparencia\/rreo\/2o-bimestre-2025-rreo-relatorio-resumido-da-execucao-orcamentaria\/\">2\u00ba BIMESTRE 2025 RREO \u2013 RELAT\u00d3RIO RESUMIDO DA EXECU\u00c7\u00c3O OR\u00c7AMENT\u00c1RIA<\/a><\/li>\n\t\t<li class=\"wsp-post\"><a href=\"https:\/\/saobernardo.ma.gov.br\/transparencia\/rreo\/1o-bimestre-2025-rreo-relatorio-resumido-da-execucao-orcamentaria\/\">1\u00ba BIMESTRE 2025 RREO \u2013 RELAT\u00d3RIO RESUMIDO DA EXECU\u00c7\u00c3O OR\u00c7AMENT\u00c1RIA<\/a><\/li>\n\t\t<li class=\"wsp-post\"><a href=\"https:\/\/saobernardo.ma.gov.br\/transparencia\/rreo\/6o-bimestre-2024-rreo-relatorio-resumido-da-execucao-orcamentaria\/\">6\u00ba BIMESTRE 2024 RREO \u2013 RELAT\u00d3RIO RESUMIDO DA EXECU\u00c7\u00c3O OR\u00c7AMENT\u00c1RIA<\/a><\/li>\n\t\t<li class=\"wsp-post\"><a href=\"https:\/\/saobernardo.ma.gov.br\/transparencia\/rreo\/5o-bimestre-2024-rreo-relatorio-resumido-da-execucao-orcamentaria\/\">5\u00ba BIMESTRE 2024 RREO \u2013 RELAT\u00d3RIO RESUMIDO DA EXECU\u00c7\u00c3O OR\u00c7AMENT\u00c1RIA<\/a><\/li>\n\t\t<li class=\"wsp-post\"><a href=\"https:\/\/saobernardo.ma.gov.br\/transparencia\/rreo\/4o-bimestre-2024-rreo-relatorio-resumido-da-execucao-orcamentaria\/\">4\u00ba BIMESTRE 2024 RREO \u2013 RELAT\u00d3RIO RESUMIDO DA EXECU\u00c7\u00c3O OR\u00c7AMENT\u00c1RIA<\/a><\/li>\n\t\t<li class=\"wsp-post\"><a href=\"https:\/\/saobernardo.ma.gov.br\/transparencia\/rreo\/3o-bimestre-2024-rreo-relatorio-resumido-da-execucao-orcamentaria\/\">3\u00ba BIMESTRE 2024 RREO \u2013 RELAT\u00d3RIO RESUMIDO DA EXECU\u00c7\u00c3O OR\u00c7AMENT\u00c1RIA<\/a><\/li>\n\t\t<li class=\"wsp-post\"><a href=\"https:\/\/saobernardo.ma.gov.br\/transparencia\/rreo\/2o-bimestre-2024-rreo-relatorio-resumido-da-execucao-orcamentaria\/\">2\u00ba BIMESTRE 2024 RREO \u2013 RELAT\u00d3RIO RESUMIDO DA EXECU\u00c7\u00c3O OR\u00c7AMENT\u00c1RIA<\/a><\/li>\n\t\t<li class=\"wsp-post\"><a href=\"https:\/\/saobernardo.ma.gov.br\/transparencia\/rreo\/1o-bimestre-2024-rreo-relatorio-resumido-da-execucao-orcamentaria\/\">1\u00ba BIMESTRE 2024 RREO \u2013 RELAT\u00d3RIO RESUMIDO DA EXECU\u00c7\u00c3O OR\u00c7AMENT\u00c1RIA<\/a><\/li>\n\t\t<li class=\"wsp-post\"><a href=\"https:\/\/saobernardo.ma.gov.br\/transparencia\/rreo\/6o-bimestre-2023-rreo-relatorio-resumido-da-execucao-orcamentaria\/\">6\u00ba BIMESTRE 2023 RREO \u2013 RELAT\u00d3RIO RESUMIDO DA EXECU\u00c7\u00c3O OR\u00c7AMENT\u00c1RIA<\/a><\/li>\n\t\t<li class=\"wsp-post\"><a href=\"https:\/\/saobernardo.ma.gov.br\/transparencia\/rreo\/5o-bimestre-2023-rreo-relatorio-resumido-da-execucao-orcamentaria\/\">5\u00ba BIMESTRE 2023 RREO \u2013 RELAT\u00d3RIO RESUMIDO DA EXECU\u00c7\u00c3O OR\u00c7AMENT\u00c1RIA<\/a><\/li>\n\t\t<li class=\"wsp-post\"><a href=\"https:\/\/saobernardo.ma.gov.br\/transparencia\/rreo\/4o-bimestre-2023-rreo-relatorio-resumido-da-execucao-orcamentaria\/\">4\u00ba BIMESTRE 2023 RREO \u2013 RELAT\u00d3RIO RESUMIDO DA EXECU\u00c7\u00c3O OR\u00c7AMENT\u00c1RIA<\/a><\/li>\n\t\t<li class=\"wsp-post\"><a href=\"https:\/\/saobernardo.ma.gov.br\/transparencia\/rreo\/3o-bimestre-2023-rreo-relatorio-resumido-da-execucao-orcamentaria\/\">3\u00ba BIMESTRE 2023 RREO \u2013 RELAT\u00d3RIO RESUMIDO DA EXECU\u00c7\u00c3O OR\u00c7AMENT\u00c1RIA<\/a><\/li>\n\t\t<li class=\"wsp-post\"><a href=\"https:\/\/saobernardo.ma.gov.br\/transparencia\/rreo\/2o-bimestre-2023-rre-relatorio-resumido-da-execucao-orcamentaria\/\">2\u00ba BIMESTRE 2023 RRE \u2013 RELAT\u00d3RIO RESUMIDO DA EXECU\u00c7\u00c3O OR\u00c7AMENT\u00c1RIA<\/a><\/li>\n\t\t<li class=\"wsp-post\"><a href=\"https:\/\/saobernardo.ma.gov.br\/transparencia\/rreo\/2o-bimestre-2023-rreo-relatorio-resumido-da-execucao-orcamentaria\/\">2\u00ba BIMESTRE 2023 RREO \u2013 RELAT\u00d3RIO RESUMIDO DA EXECU\u00c7\u00c3O OR\u00c7AMENT\u00c1RIA<\/a><\/li>\n\t\t<li class=\"wsp-post\"><a href=\"https:\/\/saobernardo.ma.gov.br\/transparencia\/rreo\/1o-bimestre-2023-rreo-relatorio-resumido-da-execucao-orcamentaria\/\">1\u00ba BIMESTRE 2023 RREO \u2013 RELAT\u00d3RIO RESUMIDO DA EXECU\u00c7\u00c3O OR\u00c7AMENT\u00c1RIA<\/a><\/li>\n\t\t<li class=\"wsp-post\"><a href=\"https:\/\/saobernardo.ma.gov.br\/transparencia\/rreo\/6o-bimestre-2022-rreo-relatorio-resumido-da-execucao-orcamentaria\/\">6\u00ba BIMESTRE 2022 RREO \u2013 RELAT\u00d3RIO RESUMIDO DA EXECU\u00c7\u00c3O OR\u00c7AMENT\u00c1RIA<\/a><\/li>\n\t\t<li class=\"wsp-post\"><a href=\"https:\/\/saobernardo.ma.gov.br\/transparencia\/rreo\/5o-bimestre-2022-rreo-relatorio-resumido-da-execucao-orcamentaria\/\">5\u00ba BIMESTRE 2022 RREO \u2013 RELAT\u00d3RIO RESUMIDO DA EXECU\u00c7\u00c3O OR\u00c7AMENT\u00c1RIA<\/a><\/li>\n\t\t<li class=\"wsp-post\"><a href=\"https:\/\/saobernardo.ma.gov.br\/transparencia\/rreo\/4o-bimestre-2022-rreo-relatorio-resumido-da-execucao-orcamentaria\/\">4\u00ba BIMESTRE 2022 RREO \u2013 RELAT\u00d3RIO RESUMIDO DA EXECU\u00c7\u00c3O OR\u00c7AMENT\u00c1RIA<\/a><\/li>\n\t\t<li class=\"wsp-post\"><a href=\"https:\/\/saobernardo.ma.gov.br\/transparencia\/rreo\/3o-bimestre-2022-rreo-relatorio-resumido-da-execurcao-orcamentaria\/\">3\u00ba BIMESTRE 2022 RREO- RELAT\u00d3RIO RESUMIDO DA EXECUR\u00c7\u00c3O OR\u00c7AMENT\u00c1RIA<\/a><\/li>\n\t\t<li class=\"wsp-post\"><a href=\"https:\/\/saobernardo.ma.gov.br\/transparencia\/rreo\/2o-bimestre-2022-rre-relatorio-resumido-da-execucao-orcamentaria\/\">2\u00ba BIMESTRE 2022 RRE \u2013 RELAT\u00d3RIO RESUMIDO DA EXECU\u00c7\u00c3O OR\u00c7AMENT\u00c1RIA<\/a><\/li>\n\t\t<li class=\"wsp-post\"><a href=\"https:\/\/saobernardo.ma.gov.br\/transparencia\/rreo\/2o-bimestre-2022-rreo-relatorio-resumido-da-execucao-orcamentaria\/\">2\u00ba BIMESTRE 2022 RREO \u2013 RELAT\u00d3RIO RESUMIDO DA EXECU\u00c7\u00c3O OR\u00c7AMENT\u00c1RIA<\/a><\/li>\n\t\t<li class=\"wsp-post\"><a href=\"https:\/\/saobernardo.ma.gov.br\/transparencia\/rreo\/1o-bimestre-2022-rreo-relatorio-resumido-da-execucao-orcamentaria\/\">1\u00ba BIMESTRE 2022 RREO \u2013 RELAT\u00d3RIO RESUMIDO DA EXECU\u00c7\u00c3O OR\u00c7AMENT\u00c1RIA<\/a><\/li>\n\t\t<li class=\"wsp-post\"><a href=\"https:\/\/saobernardo.ma.gov.br\/transparencia\/rreo\/6-bimestre-2021-rreo-relatorio-resumido-da-execucao-orcamentaria\/\">6\u00b0 Bimestre 2021 RREO RELAT\u00d3RIO RESUMIDO DA EXECU\u00c7\u00c3O OR\u00c7AMENTARIA<\/a><\/li>\n\t\t<li class=\"wsp-post\"><a href=\"https:\/\/saobernardo.ma.gov.br\/transparencia\/rreo\/5o-bimestre-2021-rreo-relatorio-resumido-da-execucao-orcamentaria\/\">5\u00ba BIMESTRE 2021 RREO &#8211; RELAT\u00d3RIO RESUMIDO DA EXECU\u00c7\u00c3O OR\u00c7AMENT\u00c1RIA<\/a><\/li>\n\t\t<li class=\"wsp-post\"><a href=\"https:\/\/saobernardo.ma.gov.br\/transparencia\/rreo\/4o-bimestre-2021-rreo-relatorio-resumido-da-execurcao-orcamentaria\/\">4\u00ba BIMESTRE 2021 RREO &#8211; RELAT\u00d3RIO RESUMIDO DA EXECU\u00c7\u00c3O OR\u00c7AMENT\u00c1RIA<\/a><\/li>\n\t\t<li class=\"wsp-post\"><a href=\"https:\/\/saobernardo.ma.gov.br\/transparencia\/rreo\/3o-bimestre-2021-rreo-relatorio-resumido-da-execurcao-orcamentaria\/\">3\u00ba BIMESTRE 2021 RREO- RELAT\u00d3RIO RESUMIDO DA EXECUR\u00c7\u00c3O OR\u00c7AMENT\u00c1RIA<\/a><\/li>\n\t\t<li class=\"wsp-post\"><a href=\"https:\/\/saobernardo.ma.gov.br\/transparencia\/rreo\/2o-bimestre-2021-rre-relatorio-resumido-da-execucao-orcamentaria\/\">2\u00ba BIMESTRE 2021 RRE &#8211; RELAT\u00d3RIO RESUMIDO DA EXECU\u00c7\u00c3O OR\u00c7AMENT\u00c1RIA<\/a><\/li>\n\t\t<li class=\"wsp-post\"><a href=\"https:\/\/saobernardo.ma.gov.br\/transparencia\/rreo\/2o-bimestre-2021-rreo-relatorio-resumido-da-execurcao-orcamentaria\/\">2\u00ba BIMESTRE 2021 RREO- RELAT\u00d3RIO RESUMIDO DA EXECUR\u00c7\u00c3O OR\u00c7AMENT\u00c1RIA<\/a><\/li>\n\t\t<li class=\"wsp-post\"><a href=\"https:\/\/saobernardo.ma.gov.br\/transparencia\/rreo\/1o-bimestre-2021-rreo-relatorio-resumido-da-execucao-orcamentaria\/\">1\u00ba BIMESTRE  2021 RREO &#8211; RELAT\u00d3RIO RESUMIDO DA EXECU\u00c7\u00c3O OR\u00c7AMENT\u00c1RIA<\/a><\/li>\n\t\t<li class=\"wsp-post\"><a href=\"https:\/\/saobernardo.ma.gov.br\/transparencia\/rreo\/6-bimestre-2020-rreo-relatorio-resumido-da-execucao-orcamentaria\/\">6\u00b0 Bimestre 2020 RREO RELAT\u00d3RIO RESUMIDO DA EXECU\u00c7\u00c3O OR\u00c7AMENTARIA<\/a><\/li>\n\t\t<li class=\"wsp-post\"><a href=\"https:\/\/saobernardo.ma.gov.br\/transparencia\/rreo\/5-bimestre-2020-rreo-relatorio-resumido-da-execucao-orcamentaria\/\">5\u00b0 Bimestre 2020 RREO RELAT\u00d3RIO RESUMIDO DA EXECU\u00c7\u00c3O OR\u00c7AMENTARIA<\/a><\/li>\n\t\t<li class=\"wsp-post\"><a href=\"https:\/\/saobernardo.ma.gov.br\/transparencia\/rreo\/4-bimestre-2020-rreo-relatorio-resumido-da-execucao-orcamentaria\/\">4\u00b0 Bimestre 2020 RREO RELAT\u00d3RIO RESUMIDO DA EXECU\u00c7\u00c3O OR\u00c7AMENTARIA<\/a><\/li>\n\t\t<li class=\"wsp-post\"><a href=\"https:\/\/saobernardo.ma.gov.br\/transparencia\/rreo\/3-bimestre-2020-rreo-relatorio-resumido-da-execucao-orcamentaria\/\">3\u00b0 Bimestre 2020 RREO RELAT\u00d3RIO RESUMIDO DA EXECU\u00c7\u00c3O OR\u00c7AMENTARIA<\/a><\/li>\n\t\t<li class=\"wsp-post\"><a href=\"https:\/\/saobernardo.ma.gov.br\/transparencia\/rreo\/2-bimestre-2020-rro-relatorio-resumido-da-execucao-orcamentaria\/\">2\u00b0 Bimestre 2020 RREO RELAT\u00d3RIO RESUMIDO DA EXECU\u00c7\u00c3O OR\u00c7AMENTARIA<\/a><\/li>\n\t\t<li class=\"wsp-post\"><a href=\"https:\/\/saobernardo.ma.gov.br\/transparencia\/rreo\/1-bimestre-2020-rro-relatorio-resumido-da-execucao-orcamentaria\/\">1\u00b0 Bimestre 2020 RREO RELAT\u00d3RIO RESUMIDO DA EXECU\u00c7\u00c3O OR\u00c7AMENTARIA<\/a><\/li>\n\t\t<li class=\"wsp-post\"><a href=\"https:\/\/saobernardo.ma.gov.br\/transparencia\/rreo\/6-bimestre-2019-rreo-relatorio-resumido-da-execucao-orcamentaria\/\">6\u00b0 BIMESTRE \u2013 2019 \u2013 ( RREO ) RELAT\u00d3RIO RESUMIDO DA EXECU\u00c7\u00c3O OR\u00c7AMENTARIA<\/a><\/li>\n\t\t<li class=\"wsp-post\"><a href=\"https:\/\/saobernardo.ma.gov.br\/transparencia\/rreo\/5-bimestre-2019-rreo-relatorio-resumido-da-execucao-orcamentaria\/\">5\u00b0 BIMESTRE \u2013 2019 \u2013 ( RREO ) RELAT\u00d3RIO RESUMIDO DA EXECU\u00c7\u00c3O OR\u00c7AMENTARIA<\/a><\/li>\n\t\t<li class=\"wsp-post\"><a href=\"https:\/\/saobernardo.ma.gov.br\/transparencia\/rreo\/4-bimestre-2019-rreo-relatorio-resumido-da-execucao-orcamentaria\/\">4\u00b0 BIMESTRE \u2013 2019 \u2013 ( RREO ) RELAT\u00d3RIO RESUMIDO DA EXECU\u00c7\u00c3O OR\u00c7AMENTARIA<\/a><\/li>\n\t\t<li class=\"wsp-post\"><a href=\"https:\/\/saobernardo.ma.gov.br\/transparencia\/rreo\/3-bimestre-2019-rreo-relatorio-resumido-da-execucao-orcamentaria\/\">3\u00b0 BIMESTRE \u2013 2019 \u2013 ( RREO ) RELAT\u00d3RIO RESUMIDO DA EXECU\u00c7\u00c3O OR\u00c7AMENTARIA<\/a><\/li>\n\t\t<li class=\"wsp-post\"><a href=\"https:\/\/saobernardo.ma.gov.br\/transparencia\/rreo\/2-bimestre-2019-rreo-relatorio-resumido-da-execucao-orcamentaria\/\">2\u00b0 BIMESTRE \u2013 2019 \u2013 ( RREO ) RELAT\u00d3RIO RESUMIDO DA EXECU\u00c7\u00c3O OR\u00c7AMENTARIA<\/a><\/li>\n\t\t<li class=\"wsp-post\"><a href=\"https:\/\/saobernardo.ma.gov.br\/transparencia\/rreo\/1-bimestre-2019-rreo-relatorio-resumido-da-execucao-orcamentaria-2\/\">1\u00b0 BIMESTRE \u2013 2019 \u2013 ( RREO ) RELAT\u00d3RIO RESUMIDO DA EXECU\u00c7\u00c3O OR\u00c7AMENTARIA<\/a><\/li>\n\t\t<li class=\"wsp-post\"><a href=\"https:\/\/saobernardo.ma.gov.br\/transparencia\/rreo\/6-bimestre-2018-rreo-relatorio-resumido-de-execucao-orcamentaria\/\">6\u00b0 BIMESTRE 2018 &#8211; RREO \u2013 RELAT\u00d3RIO RESUMIDO DE EXECU\u00c7\u00c3O OR\u00c7AMENTARIA<\/a><\/li>\n\t\t<li class=\"wsp-post\"><a href=\"https:\/\/saobernardo.ma.gov.br\/transparencia\/rreo\/rreo-5o-bimestre-2018\/\">RREO 5\u00ba BIMESTRE \u2013 2018<\/a><\/li>\n\t\t<li class=\"wsp-post\"><a href=\"https:\/\/saobernardo.ma.gov.br\/transparencia\/rreo\/rreo-4o-bimestre-2018\/\">RREO 4\u00ba BIMESTRE \u2013 2018<\/a><\/li>\n\t\t<li class=\"wsp-post\"><a href=\"https:\/\/saobernardo.ma.gov.br\/transparencia\/rreo\/rreo-3o-bimestre-2018\/\">RREO 3\u00ba BIMESTRE &#8211; 2018<\/a><\/li>\n\t\t<li class=\"wsp-post\"><a href=\"https:\/\/saobernardo.ma.gov.br\/transparencia\/rreo\/rreo-02-bimestre-2018\/\">RREO 02 Bimestre 2018<\/a><\/li>\n\t\t<li class=\"wsp-post\"><a href=\"https:\/\/saobernardo.ma.gov.br\/transparencia\/rreo\/rreo-01-bimestre-2018\/\">RREO 01 Bimestre 2018<\/a><\/li>\n\t\t<li class=\"wsp-post\"><a href=\"https:\/\/saobernardo.ma.gov.br\/transparencia\/rreo\/rgf-relatorio-resumido-de-execucao-orcamentaria-3o-bimestre-2017\/\">RREO &#8211; Relat\u00f3rio Resumido de Execu\u00e7\u00e3o Or\u00e7ament\u00e1ria 3\u00ba Bimestre 2017<\/a><\/li>\n\t\t<li class=\"wsp-post\"><a href=\"https:\/\/saobernardo.ma.gov.br\/transparencia\/rreo\/rgf-relatorio-resumido-de-execucao-orcamentaria-2o-bimestre-2017\/\">RREO &#8211; Relat\u00f3rio Resumido de Execu\u00e7\u00e3o Or\u00e7ament\u00e1ria 2\u00ba Bimestre 2017<\/a><\/li>\n\t\t<li class=\"wsp-post\"><a href=\"https:\/\/saobernardo.ma.gov.br\/transparencia\/rreo\/rgf-relatorio-resumido-de-execucao-orcamentaria-1o-bimestre-2017\/\">RREO &#8211; Relat\u00f3rio Resumido de Execu\u00e7\u00e3o Or\u00e7ament\u00e1ria 1\u00ba Bimestre 2017<\/a><\/li>\n<\/ul><\/li>\n\t<li><strong class=\"wsp-category-title\">Category: <a href=\"https:\/\/saobernardo.ma.gov.br\/transparencia\/category\/servidores\/\">Servidores<\/a><\/strong>\n<ul class=\"wsp-posts-list\">\t\t<li class=\"wsp-post\"><a href=\"https:\/\/saobernardo.ma.gov.br\/transparencia\/servidores\/revogada-portaria-no-768-de-26-de-abril-de-2024-resolve-nomear-para-o-cargo-em-comissao-de-diretor-escolar-da-escola-municipal-pontes-aguiar-a-sr-a-maria-do-socorro-de-sousa-reis\/\">PORTARIA N\u00ba 768, DE 26 DE ABRIL DE 2024 &#8211; RESOLVE NOMEAR, para o Cargo em Comiss\u00e3o de Diretor Escolar, da Escola Municipal Pontes Aguiar, a Sr.\u00aa Maria do Socorro de Sousa Reis<\/a><\/li>\n\t\t<li class=\"wsp-post\"><a href=\"https:\/\/saobernardo.ma.gov.br\/transparencia\/servidores\/relacao-de-servidores-educacao-saude-e-administracao-12-2025\/\">Rela\u00e7\u00e3o de Servidores \u2013  Educa\u00e7\u00e3o, Sa\u00fade e Administra\u00e7\u00e3o \u2013 12\/2025<\/a><\/li>\n\t\t<li class=\"wsp-post\"><a href=\"https:\/\/saobernardo.ma.gov.br\/transparencia\/servidores\/relacao-de-servidores-educacao-saude-e-administracao-11-2025\/\">Rela\u00e7\u00e3o de Servidores \u2013  Educa\u00e7\u00e3o, Sa\u00fade e Administra\u00e7\u00e3o \u2013 11\/2025<\/a><\/li>\n\t\t<li class=\"wsp-post\"><a href=\"https:\/\/saobernardo.ma.gov.br\/transparencia\/servidores\/relacao-de-servidores-educacao-saude-e-administracao-10-2025\/\">Rela\u00e7\u00e3o de Servidores \u2013 Educa\u00e7\u00e3o, Sa\u00fade e Administra\u00e7\u00e3o \u2013 10\/2025<\/a><\/li>\n\t\t<li class=\"wsp-post\"><a href=\"https:\/\/saobernardo.ma.gov.br\/transparencia\/servidores\/relacao-de-servidores-educacao-saude-e-administracao-09-2025\/\">Rela\u00e7\u00e3o de Servidores \u2013 Educa\u00e7\u00e3o, Sa\u00fade e Administra\u00e7\u00e3o \u2013 09\/2025<\/a><\/li>\n\t\t<li class=\"wsp-post\"><a href=\"https:\/\/saobernardo.ma.gov.br\/transparencia\/servidores\/relacao-de-servidores-educacao-saude-e-administracao-08-2025\/\">Rela\u00e7\u00e3o de Servidores \u2013 Educa\u00e7\u00e3o, Sa\u00fade e Administra\u00e7\u00e3o \u2013 08\/2025<\/a><\/li>\n\t\t<li class=\"wsp-post\"><a href=\"https:\/\/saobernardo.ma.gov.br\/transparencia\/servidores\/julho-2025\/\">Rela\u00e7\u00e3o de Servidores \u2013 Educa\u00e7\u00e3o, Sa\u00fade e Administra\u00e7\u00e3o \u2013 07\/2025<\/a><\/li>\n\t\t<li class=\"wsp-post\"><a href=\"https:\/\/saobernardo.ma.gov.br\/transparencia\/servidores\/relacao-de-servidores-saude-e-administracao-06-2025\/\">Rela\u00e7\u00e3o de Servidores \u2013 Sa\u00fade e Administra\u00e7\u00e3o \u2013 06\/2025<\/a><\/li>\n\t\t<li class=\"wsp-post\"><a href=\"https:\/\/saobernardo.ma.gov.br\/transparencia\/servidores\/relacao-de-servidores-educacao-06-2025\/\">Rela\u00e7\u00e3o de Servidores \u2013 Educa\u00e7\u00e3o \u2013 06\/2025<\/a><\/li>\n\t\t<li class=\"wsp-post\"><a href=\"https:\/\/saobernardo.ma.gov.br\/transparencia\/servidores\/relacao-de-servidores-saude-e-administracao-05-2025\/\">Rela\u00e7\u00e3o de Servidores \u2013 Sa\u00fade e Administra\u00e7\u00e3o \u2013 05\/2025<\/a><\/li>\n\t\t<li class=\"wsp-post\"><a href=\"https:\/\/saobernardo.ma.gov.br\/transparencia\/servidores\/relacao-de-servidores-educacao-05-2025\/\">Rela\u00e7\u00e3o de Servidores \u2013 Educa\u00e7\u00e3o \u2013 05\/2025<\/a><\/li>\n\t\t<li class=\"wsp-post\"><a href=\"https:\/\/saobernardo.ma.gov.br\/transparencia\/servidores\/relacao-de-servidores-saude-e-administracao-04-2025\/\">Rela\u00e7\u00e3o de Servidores \u2013 Sa\u00fade e Administra\u00e7\u00e3o \u2013 04\/2025<\/a><\/li>\n\t\t<li class=\"wsp-post\"><a href=\"https:\/\/saobernardo.ma.gov.br\/transparencia\/servidores\/relacao-de-servidores-educacao-04-2025\/\">Rela\u00e7\u00e3o de Servidores \u2013 Educa\u00e7\u00e3o \u2013 04\/2025<\/a><\/li>\n\t\t<li class=\"wsp-post\"><a href=\"https:\/\/saobernardo.ma.gov.br\/transparencia\/servidores\/relacao-de-servidores-saude-e-administracao-03-2025\/\">Rela\u00e7\u00e3o de Servidores \u2013 Sa\u00fade e Administra\u00e7\u00e3o \u2013 03\/2025<\/a><\/li>\n\t\t<li class=\"wsp-post\"><a href=\"https:\/\/saobernardo.ma.gov.br\/transparencia\/servidores\/relacao-de-servidores-educacao-03-2025\/\">Rela\u00e7\u00e3o de Servidores \u2013 Educa\u00e7\u00e3o \u2013 03\/2025<\/a><\/li>\n\t\t<li class=\"wsp-post\"><a href=\"https:\/\/saobernardo.ma.gov.br\/transparencia\/servidores\/relacao-de-servidores-saude-e-administracao-02-2025\/\">Rela\u00e7\u00e3o de Servidores \u2013 Sa\u00fade e Administra\u00e7\u00e3o \u2013 02\/2025<\/a><\/li>\n\t\t<li class=\"wsp-post\"><a href=\"https:\/\/saobernardo.ma.gov.br\/transparencia\/servidores\/relacao-de-servidores-educacao-02-2025\/\">Rela\u00e7\u00e3o de Servidores \u2013 Educa\u00e7\u00e3o \u2013 02\/2025<\/a><\/li>\n\t\t<li class=\"wsp-post\"><a href=\"https:\/\/saobernardo.ma.gov.br\/transparencia\/servidores\/relacao-de-servidores-saude-e-administracao-01-2025\/\">Rela\u00e7\u00e3o de Servidores \u2013 Sa\u00fade e Administra\u00e7\u00e3o \u2013 01\/2025<\/a><\/li>\n\t\t<li class=\"wsp-post\"><a href=\"https:\/\/saobernardo.ma.gov.br\/transparencia\/servidores\/relacao-de-servidores-educacao-01-2025\/\">Rela\u00e7\u00e3o de Servidores \u2013 Educa\u00e7\u00e3o \u2013 01\/2025<\/a><\/li>\n\t\t<li class=\"wsp-post\"><a href=\"https:\/\/saobernardo.ma.gov.br\/transparencia\/servidores\/relacao-de-servidores-saude-e-administracao-12-2024\/\">Rela\u00e7\u00e3o de Servidores \u2013 Sa\u00fade e Administra\u00e7\u00e3o \u2013 12\/2024<\/a><\/li>\n\t\t<li class=\"wsp-post\"><a href=\"https:\/\/saobernardo.ma.gov.br\/transparencia\/servidores\/relacao-de-servidores-educacao-12-2024\/\">Rela\u00e7\u00e3o de Servidores \u2013 Educa\u00e7\u00e3o \u2013 12\/2024<\/a><\/li>\n\t\t<li class=\"wsp-post\"><a href=\"https:\/\/saobernardo.ma.gov.br\/transparencia\/servidores\/relacao-de-servidores-saude-e-administracao-11-2024\/\">Rela\u00e7\u00e3o de Servidores \u2013 Sa\u00fade e Administra\u00e7\u00e3o \u2013 11\/2024<\/a><\/li>\n\t\t<li class=\"wsp-post\"><a href=\"https:\/\/saobernardo.ma.gov.br\/transparencia\/servidores\/relacao-de-servidores-educacao-11-2024\/\">Rela\u00e7\u00e3o de Servidores \u2013 Educa\u00e7\u00e3o \u2013 11\/2024<\/a><\/li>\n\t\t<li class=\"wsp-post\"><a href=\"https:\/\/saobernardo.ma.gov.br\/transparencia\/servidores\/relacao-de-servidores-saude-e-administracao-10-2024\/\">Rela\u00e7\u00e3o de Servidores \u2013 Sa\u00fade e Administra\u00e7\u00e3o \u2013 10\/2024<\/a><\/li>\n\t\t<li class=\"wsp-post\"><a href=\"https:\/\/saobernardo.ma.gov.br\/transparencia\/servidores\/relacao-de-servidores-educacao-10-2024\/\">Rela\u00e7\u00e3o de Servidores \u2013 Educa\u00e7\u00e3o \u2013 10\/2024<\/a><\/li>\n\t\t<li class=\"wsp-post\"><a href=\"https:\/\/saobernardo.ma.gov.br\/transparencia\/servidores\/relacao-de-servidores-saude-e-administracao-09-2024\/\">Rela\u00e7\u00e3o de Servidores \u2013 Sa\u00fade e Administra\u00e7\u00e3o \u2013 09\/2024<\/a><\/li>\n\t\t<li class=\"wsp-post\"><a href=\"https:\/\/saobernardo.ma.gov.br\/transparencia\/servidores\/relacao-de-servidores-educacao-09-2024\/\">Rela\u00e7\u00e3o de Servidores \u2013 Educa\u00e7\u00e3o \u2013 09\/2024<\/a><\/li>\n\t\t<li class=\"wsp-post\"><a href=\"https:\/\/saobernardo.ma.gov.br\/transparencia\/servidores\/relacao-de-servidores-saude-e-administracao-08-2024\/\">Rela\u00e7\u00e3o de Servidores \u2013 Sa\u00fade e Administra\u00e7\u00e3o \u2013 08\/2024<\/a><\/li>\n\t\t<li class=\"wsp-post\"><a href=\"https:\/\/saobernardo.ma.gov.br\/transparencia\/servidores\/relacao-de-servidores-educacao-08-2024\/\">Rela\u00e7\u00e3o de Servidores \u2013 Educa\u00e7\u00e3o \u2013 08\/2024<\/a><\/li>\n\t\t<li class=\"wsp-post\"><a href=\"https:\/\/saobernardo.ma.gov.br\/transparencia\/servidores\/relacao-de-servidores-educacao-07-2024\/\">Rela\u00e7\u00e3o de Servidores \u2013 Educa\u00e7\u00e3o \u2013 07\/2024<\/a><\/li>\n\t\t<li class=\"wsp-post\"><a href=\"https:\/\/saobernardo.ma.gov.br\/transparencia\/servidores\/relacao-de-servidores-saude-e-administracao-07-2024\/\">Rela\u00e7\u00e3o de Servidores \u2013 Sa\u00fade e Administra\u00e7\u00e3o \u2013 07\/2024<\/a><\/li>\n\t\t<li class=\"wsp-post\"><a href=\"https:\/\/saobernardo.ma.gov.br\/transparencia\/servidores\/relacao-de-servidores-educacao-06-2024\/\">Rela\u00e7\u00e3o de Servidores \u2013 Educa\u00e7\u00e3o \u2013 06\/2024<\/a><\/li>\n\t\t<li class=\"wsp-post\"><a href=\"https:\/\/saobernardo.ma.gov.br\/transparencia\/servidores\/relacao-de-servidores-saude-e-administracao-06-2024\/\">Rela\u00e7\u00e3o de Servidores \u2013 Sa\u00fade e Administra\u00e7\u00e3o \u2013 06\/2024<\/a><\/li>\n\t\t<li class=\"wsp-post\"><a href=\"https:\/\/saobernardo.ma.gov.br\/transparencia\/servidores\/relacao-de-servidores-educacao-05-2024\/\">Rela\u00e7\u00e3o de Servidores \u2013 Educa\u00e7\u00e3o \u2013 05\/2024<\/a><\/li>\n\t\t<li class=\"wsp-post\"><a href=\"https:\/\/saobernardo.ma.gov.br\/transparencia\/servidores\/relacao-de-servidores-saude-e-administracao-05-2024\/\">Rela\u00e7\u00e3o de Servidores \u2013 Sa\u00fade e Administra\u00e7\u00e3o \u2013 05\/2024<\/a><\/li>\n\t\t<li class=\"wsp-post\"><a href=\"https:\/\/saobernardo.ma.gov.br\/transparencia\/servidores\/relacao-de-servidores-educacao-04-2024\/\">Rela\u00e7\u00e3o de Servidores \u2013 Educa\u00e7\u00e3o \u2013 04\/2024<\/a><\/li>\n\t\t<li class=\"wsp-post\"><a href=\"https:\/\/saobernardo.ma.gov.br\/transparencia\/servidores\/relacao-de-servidores-saude-e-administracao-04-2024\/\">Rela\u00e7\u00e3o de Servidores \u2013 Sa\u00fade e Administra\u00e7\u00e3o \u2013 04\/2024<\/a><\/li>\n\t\t<li class=\"wsp-post\"><a href=\"https:\/\/saobernardo.ma.gov.br\/transparencia\/servidores\/relacao-de-servidores-educacao-03-2024\/\">Rela\u00e7\u00e3o de Servidores \u2013 Educa\u00e7\u00e3o \u2013 03\/2024<\/a><\/li>\n\t\t<li class=\"wsp-post\"><a href=\"https:\/\/saobernardo.ma.gov.br\/transparencia\/servidores\/relacao-de-servidores-saude-e-administracao-03-2024\/\">Rela\u00e7\u00e3o de Servidores \u2013 Sa\u00fade e Administra\u00e7\u00e3o \u2013 03\/2024<\/a><\/li>\n\t\t<li class=\"wsp-post\"><a href=\"https:\/\/saobernardo.ma.gov.br\/transparencia\/servidores\/relacao-de-servidores-saude-e-administracao-02-2024-2\/\">Rela\u00e7\u00e3o de Servidores \u2013 Educa\u00e7\u00e3o \u2013 02\/2024<\/a><\/li>\n\t\t<li class=\"wsp-post\"><a href=\"https:\/\/saobernardo.ma.gov.br\/transparencia\/servidores\/relacao-de-servidores-saude-e-administracao-02-2024\/\">Rela\u00e7\u00e3o de Servidores \u2013 Sa\u00fade e Administra\u00e7\u00e3o \u2013 02\/2024<\/a><\/li>\n\t\t<li class=\"wsp-post\"><a href=\"https:\/\/saobernardo.ma.gov.br\/transparencia\/servidores\/relacao-de-servidores-educacao-01-2024\/\">Rela\u00e7\u00e3o de Servidores \u2013 Educa\u00e7\u00e3o &#8211; 01\/2024<\/a><\/li>\n\t\t<li class=\"wsp-post\"><a href=\"https:\/\/saobernardo.ma.gov.br\/transparencia\/servidores\/relacao-de-servidores-saude-e-administracao-01-2024\/\">Rela\u00e7\u00e3o de Servidores \u2013 Sa\u00fade e Administra\u00e7\u00e3o &#8211; 01\/2024<\/a><\/li>\n\t\t<li class=\"wsp-post\"><a href=\"https:\/\/saobernardo.ma.gov.br\/transparencia\/servidores\/relacao-de-servidores-educacao-12-2023\/\">Rela\u00e7\u00e3o de Servidores \u2013 Educa\u00e7\u00e3o \u2013 12\/2023<\/a><\/li>\n\t\t<li class=\"wsp-post\"><a href=\"https:\/\/saobernardo.ma.gov.br\/transparencia\/servidores\/relacao-de-servidores-saude-e-administracao-12-2023\/\">Rela\u00e7\u00e3o de Servidores \u2013 Sa\u00fade e Administra\u00e7\u00e3o \u2013 12\/2023<\/a><\/li>\n\t\t<li class=\"wsp-post\"><a href=\"https:\/\/saobernardo.ma.gov.br\/transparencia\/servidores\/relacao-de-servidores-educacao-11-2023\/\">Rela\u00e7\u00e3o de Servidores \u2013 Educa\u00e7\u00e3o \u2013 11\/2023<\/a><\/li>\n\t\t<li class=\"wsp-post\"><a href=\"https:\/\/saobernardo.ma.gov.br\/transparencia\/servidores\/relacao-de-servidores-saude-e-administracao-11-2023\/\">Rela\u00e7\u00e3o de Servidores \u2013 Sa\u00fade e Administra\u00e7\u00e3o \u2013 11\/2023<\/a><\/li>\n\t\t<li class=\"wsp-post\"><a href=\"https:\/\/saobernardo.ma.gov.br\/transparencia\/servidores\/relacao-de-servidores-educacao-10-2023\/\">Rela\u00e7\u00e3o de Servidores \u2013 Educa\u00e7\u00e3o \u2013 10\/2023<\/a><\/li>\n\t\t<li class=\"wsp-post\"><a href=\"https:\/\/saobernardo.ma.gov.br\/transparencia\/servidores\/relacao-de-servidores-saude-e-administracao-10-2023\/\">Rela\u00e7\u00e3o de Servidores \u2013 Sa\u00fade e Administra\u00e7\u00e3o \u2013 10\/2023<\/a><\/li>\n\t\t<li class=\"wsp-post\"><a href=\"https:\/\/saobernardo.ma.gov.br\/transparencia\/servidores\/relacao-de-servidores-educacao-09-2023\/\">Rela\u00e7\u00e3o de Servidores \u2013 Educa\u00e7\u00e3o \u2013 09\/2023<\/a><\/li>\n\t\t<li class=\"wsp-post\"><a href=\"https:\/\/saobernardo.ma.gov.br\/transparencia\/servidores\/relacao-de-servidores-saude-e-administracao-09-2023\/\">Rela\u00e7\u00e3o de Servidores \u2013 Sa\u00fade e Administra\u00e7\u00e3o \u2013 09\/2023<\/a><\/li>\n\t\t<li class=\"wsp-post\"><a href=\"https:\/\/saobernardo.ma.gov.br\/transparencia\/servidores\/relacao-de-servidores-educacao-08-2023\/\">Rela\u00e7\u00e3o de Servidores \u2013 Educa\u00e7\u00e3o \u2013 08\/2023<\/a><\/li>\n\t\t<li class=\"wsp-post\"><a href=\"https:\/\/saobernardo.ma.gov.br\/transparencia\/servidores\/relacao-de-servidores-saude-e-administracao-08-2023\/\">Rela\u00e7\u00e3o de Servidores \u2013 Sa\u00fade e Administra\u00e7\u00e3o \u2013 08\/2023<\/a><\/li>\n\t\t<li class=\"wsp-post\"><a href=\"https:\/\/saobernardo.ma.gov.br\/transparencia\/servidores\/relacao-de-servidores-educacao-07-2023\/\">Rela\u00e7\u00e3o de Servidores \u2013 Educa\u00e7\u00e3o \u2013 07\/2023<\/a><\/li>\n\t\t<li class=\"wsp-post\"><a href=\"https:\/\/saobernardo.ma.gov.br\/transparencia\/servidores\/relacao-de-servidores-saude-e-administracao-07-2023\/\">Rela\u00e7\u00e3o de Servidores \u2013 Sa\u00fade e Administra\u00e7\u00e3o \u2013 07\/2023<\/a><\/li>\n\t\t<li class=\"wsp-post\"><a href=\"https:\/\/saobernardo.ma.gov.br\/transparencia\/servidores\/relacao-de-servidores-educacao-06-2023\/\">Rela\u00e7\u00e3o de Servidores \u2013 Educa\u00e7\u00e3o \u2013 06\/2023<\/a><\/li>\n\t\t<li class=\"wsp-post\"><a href=\"https:\/\/saobernardo.ma.gov.br\/transparencia\/servidores\/relacao-de-servidores-saude-e-administracao-06-2023\/\">Rela\u00e7\u00e3o de Servidores \u2013 Sa\u00fade e Administra\u00e7\u00e3o \u2013 06\/2023<\/a><\/li>\n\t\t<li class=\"wsp-post\"><a href=\"https:\/\/saobernardo.ma.gov.br\/transparencia\/servidores\/relacao-de-servidores-educacao-05-2023\/\">Rela\u00e7\u00e3o de Servidores \u2013 Educa\u00e7\u00e3o \u2013 05\/2023<\/a><\/li>\n\t\t<li class=\"wsp-post\"><a href=\"https:\/\/saobernardo.ma.gov.br\/transparencia\/servidores\/relacao-de-servidores-saude-e-administracao-05-2023\/\">Rela\u00e7\u00e3o de Servidores \u2013 Sa\u00fade e Administra\u00e7\u00e3o \u2013 05\/2023<\/a><\/li>\n\t\t<li class=\"wsp-post\"><a href=\"https:\/\/saobernardo.ma.gov.br\/transparencia\/servidores\/relacao-de-servidores-educacao-04-2023\/\">Rela\u00e7\u00e3o de Servidores \u2013 Educa\u00e7\u00e3o \u2013 04\/2023<\/a><\/li>\n\t\t<li class=\"wsp-post\"><a href=\"https:\/\/saobernardo.ma.gov.br\/transparencia\/servidores\/relacao-de-servidores-saude-e-administracao-04-2023\/\">Rela\u00e7\u00e3o de Servidores \u2013 Sa\u00fade e Administra\u00e7\u00e3o \u2013 04\/2023<\/a><\/li>\n\t\t<li class=\"wsp-post\"><a href=\"https:\/\/saobernardo.ma.gov.br\/transparencia\/servidores\/relacao-de-servidores-educacao-03-2023\/\">Rela\u00e7\u00e3o de Servidores \u2013 Educa\u00e7\u00e3o \u2013 03\/2023<\/a><\/li>\n\t\t<li class=\"wsp-post\"><a href=\"https:\/\/saobernardo.ma.gov.br\/transparencia\/servidores\/relacao-de-servidores-saude-e-administracao-03-2023\/\">Rela\u00e7\u00e3o de Servidores \u2013 Sa\u00fade e Administra\u00e7\u00e3o \u2013 03\/2023<\/a><\/li>\n\t\t<li class=\"wsp-post\"><a href=\"https:\/\/saobernardo.ma.gov.br\/transparencia\/servidores\/relacao-de-servidores-educacao-02-2023\/\">Rela\u00e7\u00e3o de Servidores \u2013 Educa\u00e7\u00e3o \u2013 02\/2023<\/a><\/li>\n\t\t<li class=\"wsp-post\"><a href=\"https:\/\/saobernardo.ma.gov.br\/transparencia\/servidores\/relacao-de-servidores-saude-e-administracao-02-2023\/\">Rela\u00e7\u00e3o de Servidores \u2013 Sa\u00fade e Administra\u00e7\u00e3o \u2013 02\/2023<\/a><\/li>\n\t\t<li class=\"wsp-post\"><a href=\"https:\/\/saobernardo.ma.gov.br\/transparencia\/servidores\/relacao-de-servidores-educacao-01-2023\/\">Rela\u00e7\u00e3o de Servidores \u2013 Educa\u00e7\u00e3o \u2013 01\/2023<\/a><\/li>\n\t\t<li class=\"wsp-post\"><a href=\"https:\/\/saobernardo.ma.gov.br\/transparencia\/servidores\/relacao-de-servidores-saude-e-administracao-01-2023\/\">Rela\u00e7\u00e3o de Servidores \u2013 Sa\u00fade e Administra\u00e7\u00e3o \u2013 01\/2023<\/a><\/li>\n\t\t<li class=\"wsp-post\"><a href=\"https:\/\/saobernardo.ma.gov.br\/transparencia\/servidores\/relacao-de-servidores-saude-e-administracao-12-2022\/\">Rela\u00e7\u00e3o de Servidores \u2013 Sa\u00fade e Administra\u00e7\u00e3o 12\/2022<\/a><\/li>\n\t\t<li class=\"wsp-post\"><a href=\"https:\/\/saobernardo.ma.gov.br\/transparencia\/servidores\/relacao-de-servidores-educacao-11-2022\/\">Rela\u00e7\u00e3o de Servidores \u2013 Educa\u00e7\u00e3o \u2013 11\/2022<\/a><\/li>\n\t\t<li class=\"wsp-post\"><a href=\"https:\/\/saobernardo.ma.gov.br\/transparencia\/servidores\/relacao-de-servidores-saude-e-administracao-11-2022\/\">Rela\u00e7\u00e3o de Servidores \u2013 Sa\u00fade e Administra\u00e7\u00e3o \u2013 11\/2022<\/a><\/li>\n\t\t<li class=\"wsp-post\"><a href=\"https:\/\/saobernardo.ma.gov.br\/transparencia\/servidores\/relacao-de-servidores-educacao-10-2022\/\">Rela\u00e7\u00e3o de Servidores \u2013 Educa\u00e7\u00e3o \u2013 10\/2022<\/a><\/li>\n\t\t<li class=\"wsp-post\"><a href=\"https:\/\/saobernardo.ma.gov.br\/transparencia\/servidores\/relacao-de-servidores-saude-e-administracao-10-2022\/\">Rela\u00e7\u00e3o de Servidores \u2013 Sa\u00fade e Administra\u00e7\u00e3o \u2013 10\/2022<\/a><\/li>\n\t\t<li class=\"wsp-post\"><a href=\"https:\/\/saobernardo.ma.gov.br\/transparencia\/servidores\/relacao-de-servidores-educacao-09-2022\/\">Rela\u00e7\u00e3o de Servidores \u2013 Educa\u00e7\u00e3o \u2013 09\/2022<\/a><\/li>\n\t\t<li class=\"wsp-post\"><a href=\"https:\/\/saobernardo.ma.gov.br\/transparencia\/servidores\/relacao-de-servidores-saude-e-administracao-09-2022\/\">Rela\u00e7\u00e3o de Servidores \u2013 Sa\u00fade e Administra\u00e7\u00e3o \u2013 09\/2022<\/a><\/li>\n\t\t<li class=\"wsp-post\"><a href=\"https:\/\/saobernardo.ma.gov.br\/transparencia\/servidores\/relacao-de-servidores-educacao-08-2022\/\">Rela\u00e7\u00e3o de Servidores \u2013 Educa\u00e7\u00e3o \u2013 08\/2022<\/a><\/li>\n\t\t<li class=\"wsp-post\"><a href=\"https:\/\/saobernardo.ma.gov.br\/transparencia\/servidores\/relacao-de-servidores-saude-e-administracao-08-2022\/\">Rela\u00e7\u00e3o de Servidores \u2013 Sa\u00fade e Administra\u00e7\u00e3o \u2013 08\/2022<\/a><\/li>\n\t\t<li class=\"wsp-post\"><a href=\"https:\/\/saobernardo.ma.gov.br\/transparencia\/servidores\/relacao-de-servidores-saude-e-administracao-07-2022-2\/\">Rela\u00e7\u00e3o de Servidores \u2013 Educa\u00e7\u00e3o \u2013 07\/2022<\/a><\/li>\n\t\t<li class=\"wsp-post\"><a href=\"https:\/\/saobernardo.ma.gov.br\/transparencia\/servidores\/relacao-de-servidores-saude-e-administracao-07-2022\/\">Rela\u00e7\u00e3o de Servidores \u2013 Sa\u00fade e Administra\u00e7\u00e3o \u2013 07\/2022<\/a><\/li>\n\t\t<li class=\"wsp-post\"><a href=\"https:\/\/saobernardo.ma.gov.br\/transparencia\/servidores\/relacao-de-servidores-educacao-06-2022\/\">Rela\u00e7\u00e3o de Servidores \u2013 Educa\u00e7\u00e3o \u2013 06\/2022<\/a><\/li>\n\t\t<li class=\"wsp-post\"><a href=\"https:\/\/saobernardo.ma.gov.br\/transparencia\/servidores\/relacao-de-servidores-saude-e-administracao-06-2022\/\">Rela\u00e7\u00e3o de Servidores \u2013 Sa\u00fade e Administra\u00e7\u00e3o \u2013 06\/2022<\/a><\/li>\n\t\t<li class=\"wsp-post\"><a href=\"https:\/\/saobernardo.ma.gov.br\/transparencia\/servidores\/relacao-de-servidores-educacao-05-2022\/\">Rela\u00e7\u00e3o de Servidores \u2013 Educa\u00e7\u00e3o &#8211; 05\/2022<\/a><\/li>\n\t\t<li class=\"wsp-post\"><a href=\"https:\/\/saobernardo.ma.gov.br\/transparencia\/servidores\/relacao-de-servidores-saude-e-administracao-05-2022\/\">Rela\u00e7\u00e3o de Servidores \u2013 Sa\u00fade e Administra\u00e7\u00e3o &#8211; 05\/2022<\/a><\/li>\n\t\t<li class=\"wsp-post\"><a href=\"https:\/\/saobernardo.ma.gov.br\/transparencia\/servidores\/relacao-de-servidores-educacao-04-2022\/\">Rela\u00e7\u00e3o de Servidores \u2013 Educa\u00e7\u00e3o &#8211; 04\/2022<\/a><\/li>\n\t\t<li class=\"wsp-post\"><a href=\"https:\/\/saobernardo.ma.gov.br\/transparencia\/servidores\/relacao-de-servidores-saude-e-administracao-04-2022\/\">Rela\u00e7\u00e3o de Servidores \u2013 Sa\u00fade e Administra\u00e7\u00e3o &#8211; 04\/2022<\/a><\/li>\n\t\t<li class=\"wsp-post\"><a href=\"https:\/\/saobernardo.ma.gov.br\/transparencia\/servidores\/relacao-de-servidores-educacao-03-2022\/\">Rela\u00e7\u00e3o de Servidores \u2013 Educa\u00e7\u00e3o &#8211; 03\/2022<\/a><\/li>\n\t\t<li class=\"wsp-post\"><a href=\"https:\/\/saobernardo.ma.gov.br\/transparencia\/servidores\/relacao-de-servidores-saude-e-administracao-03-2022\/\">Rela\u00e7\u00e3o de Servidores \u2013 Sa\u00fade e Administra\u00e7\u00e3o &#8211; 03\/2022<\/a><\/li>\n\t\t<li class=\"wsp-post\"><a href=\"https:\/\/saobernardo.ma.gov.br\/transparencia\/servidores\/relacao-de-servidores-educacao-02-2022-2\/\">Rela\u00e7\u00e3o de Servidores \u2013 Educa\u00e7\u00e3o &#8211; 02\/2022<\/a><\/li>\n\t\t<li class=\"wsp-post\"><a href=\"https:\/\/saobernardo.ma.gov.br\/transparencia\/servidores\/relacao-de-servidores-educacao-02-2022\/\">Rela\u00e7\u00e3o de Servidores \u2013 Sa\u00fade e Administra\u00e7\u00e3o- 02\/2022<\/a><\/li>\n\t\t<li class=\"wsp-post\"><a href=\"https:\/\/saobernardo.ma.gov.br\/transparencia\/servidores\/relacao-de-servidores-educacao-01-2022\/\">Rela\u00e7\u00e3o de Servidores \u2013 Educa\u00e7\u00e3o &#8211; 01\/2022<\/a><\/li>\n\t\t<li class=\"wsp-post\"><a href=\"https:\/\/saobernardo.ma.gov.br\/transparencia\/servidores\/relacao-de-servidores-saude-e-administracao-01-2022\/\">Rela\u00e7\u00e3o de Servidores \u2013 Sa\u00fade e Administra\u00e7\u00e3o &#8211; 01\/2022<\/a><\/li>\n\t\t<li class=\"wsp-post\"><a href=\"https:\/\/saobernardo.ma.gov.br\/transparencia\/servidores\/relacao-de-servidores-educacao-12-2021\/\">Rela\u00e7\u00e3o de Servidores \u2013 Educa\u00e7\u00e3o &#8211; 12\/2021<\/a><\/li>\n\t\t<li class=\"wsp-post\"><a href=\"https:\/\/saobernardo.ma.gov.br\/transparencia\/servidores\/relacao-de-servidores-educacao-10-2021\/\">Rela\u00e7\u00e3o de Servidores &#8211; Educa\u00e7\u00e3o &#8211; 10\/2021<\/a><\/li>\n\t\t<li class=\"wsp-post\"><a href=\"https:\/\/saobernardo.ma.gov.br\/transparencia\/servidores\/relacao-de-servidores-saude-e-educacao-10-2021\/\">Rela\u00e7\u00e3o de Servidores &#8211; Sa\u00fade e Administra\u00e7\u00e3o &#8211; 10\/2021<\/a><\/li>\n\t\t<li class=\"wsp-post\"><a href=\"https:\/\/saobernardo.ma.gov.br\/transparencia\/servidores\/relacao-dos-servidores-educacao-09-2021\/\">Rela\u00e7\u00e3o dos Servidores &#8211; Educa\u00e7\u00e3o &#8211; 09\/2021<\/a><\/li>\n\t\t<li class=\"wsp-post\"><a href=\"https:\/\/saobernardo.ma.gov.br\/transparencia\/servidores\/relacao-dos-servidores-saude-e-administracao-09-2021\/\">Rela\u00e7\u00e3o dos Servidores Sa\u00fade e Administra\u00e7\u00e3o &#8211; 09\/2021<\/a><\/li>\n\t\t<li class=\"wsp-post\"><a href=\"https:\/\/saobernardo.ma.gov.br\/transparencia\/servidores\/relacao-dos-servidores-educacao-08-2021\/\">Rela\u00e7\u00e3o dos Servidores &#8211; Educa\u00e7\u00e3o &#8211; 08\/2021<\/a><\/li>\n\t\t<li class=\"wsp-post\"><a href=\"https:\/\/saobernardo.ma.gov.br\/transparencia\/servidores\/relacao-dos-servidores-saude-e-administracao-08-2021\/\">Rela\u00e7\u00e3o dos Servidores &#8211; Sa\u00fade e Administra\u00e7\u00e3o &#8211; 08\/2021<\/a><\/li>\n\t\t<li class=\"wsp-post\"><a href=\"https:\/\/saobernardo.ma.gov.br\/transparencia\/servidores\/relacao-dos-servidores-educacao-07-2021\/\">Rela\u00e7\u00e3o dos Servidores &#8211; Educa\u00e7\u00e3o &#8211; 07\/2021<\/a><\/li>\n\t\t<li class=\"wsp-post\"><a href=\"https:\/\/saobernardo.ma.gov.br\/transparencia\/servidores\/relacao-dos-servidores-saude-e-administracao-07-2021\/\">Rela\u00e7\u00e3o dos Servidores &#8211; Sa\u00fade e Administra\u00e7\u00e3o &#8211; 07\/2021<\/a><\/li>\n\t\t<li class=\"wsp-post\"><a href=\"https:\/\/saobernardo.ma.gov.br\/transparencia\/servidores\/relacao-dos-servidores-educacao-06-2021\/\">Rela\u00e7\u00e3o dos Servidores &#8211;  Educa\u00e7\u00e3o &#8211; 06\/2021<\/a><\/li>\n\t\t<li class=\"wsp-post\"><a href=\"https:\/\/saobernardo.ma.gov.br\/transparencia\/servidores\/relacao-dos-servidores-saude-e-administracao-06-2021\/\">Rela\u00e7\u00e3o dos Servidores &#8211; Sa\u00fade e Administra\u00e7\u00e3o &#8211; 06\/2021<\/a><\/li>\n\t\t<li class=\"wsp-post\"><a href=\"https:\/\/saobernardo.ma.gov.br\/transparencia\/servidores\/relacao-de-servidores-educacao-05-2021\/\">Rela\u00e7\u00e3o de Servidores &#8211; Educa\u00e7\u00e3o &#8211; 05\/2021<\/a><\/li>\n\t\t<li class=\"wsp-post\"><a href=\"https:\/\/saobernardo.ma.gov.br\/transparencia\/servidores\/relacao-de-servidores-saude-e-administracao-05-2021\/\">Rela\u00e7\u00e3o de Servidores &#8211; Sa\u00fade e Administra\u00e7\u00e3o &#8211; 05\/2021<\/a><\/li>\n\t\t<li class=\"wsp-post\"><a href=\"https:\/\/saobernardo.ma.gov.br\/transparencia\/servidores\/relacao-de-servidores-educacao-04-2021\/\">Rela\u00e7\u00e3o de Servidores &#8211; Educa\u00e7\u00e3o &#8211; 04\/2021<\/a><\/li>\n\t\t<li class=\"wsp-post\"><a href=\"https:\/\/saobernardo.ma.gov.br\/transparencia\/servidores\/relacao-de-servidores-saude-e-administracao-04-2021\/\">Rela\u00e7\u00e3o de Servidores &#8211; Sa\u00fade e Administra\u00e7\u00e3o &#8211; 04\/2021<\/a><\/li>\n\t\t<li class=\"wsp-post\"><a href=\"https:\/\/saobernardo.ma.gov.br\/transparencia\/servidores\/relacao-de-servidores-educacao-03-2021\/\">Rela\u00e7\u00e3o de Servidores &#8211; Educa\u00e7\u00e3o &#8211; 03\/2021<\/a><\/li>\n\t\t<li class=\"wsp-post\"><a href=\"https:\/\/saobernardo.ma.gov.br\/transparencia\/servidores\/relacao-de-servidores-saude-e-administracao-03-2021\/\">Rela\u00e7\u00e3o de Servidores &#8211; Sa\u00fade e Administra\u00e7\u00e3o &#8211; 03\/2021<\/a><\/li>\n\t\t<li class=\"wsp-post\"><a href=\"https:\/\/saobernardo.ma.gov.br\/transparencia\/servidores\/relacao-de-servidores-educacao-02-2021\/\">Rela\u00e7\u00e3o de Servidores &#8211; Educa\u00e7\u00e3o &#8211; 02\/2021<\/a><\/li>\n\t\t<li class=\"wsp-post\"><a href=\"https:\/\/saobernardo.ma.gov.br\/transparencia\/servidores\/relacao-de-servidores-saude-e-administracao-02-2021\/\">Rela\u00e7\u00e3o de Servidores &#8211; Sa\u00fade e Administra\u00e7\u00e3o &#8211; 02\/2021<\/a><\/li>\n\t\t<li class=\"wsp-post\"><a href=\"https:\/\/saobernardo.ma.gov.br\/transparencia\/servidores\/relacao-de-servidores-educacao-01-2021\/\">Rela\u00e7\u00e3o de Servidores &#8211; Educa\u00e7\u00e3o &#8211; 01\/2021<\/a><\/li>\n\t\t<li class=\"wsp-post\"><a href=\"https:\/\/saobernardo.ma.gov.br\/transparencia\/servidores\/relacao-de-servidores-saude-e-administracao-01-2021\/\">Rela\u00e7\u00e3o de Servidores &#8211; Sa\u00fade e Administra\u00e7\u00e3o &#8211; 01\/2021<\/a><\/li>\n\t\t<li class=\"wsp-post\"><a href=\"https:\/\/saobernardo.ma.gov.br\/transparencia\/servidores\/relacao-de-servidores-educacao-12-2020\/\">Rela\u00e7\u00e3o de Servidores &#8211; Educa\u00e7\u00e3o &#8211; 12\/2020<\/a><\/li>\n\t\t<li class=\"wsp-post\"><a href=\"https:\/\/saobernardo.ma.gov.br\/transparencia\/servidores\/relacao-de-servidores-saude-e-administracao-12-2020\/\">Rela\u00e7\u00e3o de Servidores &#8211; Sa\u00fade e Administra\u00e7\u00e3o &#8211; 12\/2020<\/a><\/li>\n\t\t<li class=\"wsp-post\"><a href=\"https:\/\/saobernardo.ma.gov.br\/transparencia\/servidores\/relacao-de-servidores-educacao-11-2020\/\">Rela\u00e7\u00e3o de Servidores &#8211; Educa\u00e7\u00e3o &#8211; 11\/2020<\/a><\/li>\n\t\t<li class=\"wsp-post\"><a href=\"https:\/\/saobernardo.ma.gov.br\/transparencia\/servidores\/relacao-de-servidores-saude-e-administracao-11-2020\/\">Rela\u00e7\u00e3o de Servidores &#8211; Sa\u00fade e Administra\u00e7\u00e3o &#8211; 11\/2020<\/a><\/li>\n\t\t<li class=\"wsp-post\"><a href=\"https:\/\/saobernardo.ma.gov.br\/transparencia\/servidores\/relacao-de-servidores-educacao-10-2020\/\">Rela\u00e7\u00e3o de Servidores &#8211; Educa\u00e7\u00e3o &#8211; 10\/2020<\/a><\/li>\n\t\t<li class=\"wsp-post\"><a href=\"https:\/\/saobernardo.ma.gov.br\/transparencia\/servidores\/relacao-de-servidores-saude-e-administracao-10-2020\/\">Rela\u00e7\u00e3o de Servidores &#8211; Sa\u00fade e Administra\u00e7\u00e3o &#8211; 10\/2020<\/a><\/li>\n\t\t<li class=\"wsp-post\"><a href=\"https:\/\/saobernardo.ma.gov.br\/transparencia\/servidores\/relacao-de-servidores-educacao-09-2020\/\">Rela\u00e7\u00e3o de Servidores &#8211; Educa\u00e7\u00e3o &#8211; 09\/2020<\/a><\/li>\n\t\t<li class=\"wsp-post\"><a href=\"https:\/\/saobernardo.ma.gov.br\/transparencia\/servidores\/relacao-de-servidores-saude-e-administracao-09-2020\/\">Rela\u00e7\u00e3o de Servidores &#8211; Sa\u00fade e Administra\u00e7\u00e3o &#8211; 09\/2020<\/a><\/li>\n\t\t<li class=\"wsp-post\"><a href=\"https:\/\/saobernardo.ma.gov.br\/transparencia\/servidores\/relacao-de-servidores-educacao-08-2020\/\">Rela\u00e7\u00e3o de Servidores &#8211; Educa\u00e7\u00e3o &#8211; 08\/2020<\/a><\/li>\n\t\t<li class=\"wsp-post\"><a href=\"https:\/\/saobernardo.ma.gov.br\/transparencia\/servidores\/relacao-de-servidores-saude-e-administracao-08-2020\/\">Rela\u00e7\u00e3o de Servidores &#8211; Sa\u00fade e Administra\u00e7\u00e3o &#8211; 08\/2020<\/a><\/li>\n\t\t<li class=\"wsp-post\"><a href=\"https:\/\/saobernardo.ma.gov.br\/transparencia\/servidores\/relacao-de-servidores-educacao-07-2020\/\">Rela\u00e7\u00e3o de Servidores &#8211; Educa\u00e7\u00e3o &#8211; 07\/2020<\/a><\/li>\n\t\t<li class=\"wsp-post\"><a href=\"https:\/\/saobernardo.ma.gov.br\/transparencia\/servidores\/relacao-de-servidores-saude-e-administracao-07-2020\/\">Rela\u00e7\u00e3o de Servidores &#8211; Sa\u00fade e Administra\u00e7\u00e3o &#8211; 07\/2020<\/a><\/li>\n\t\t<li class=\"wsp-post\"><a href=\"https:\/\/saobernardo.ma.gov.br\/transparencia\/servidores\/relacao-de-servidores-educacao-06-2020\/\">Rela\u00e7\u00e3o de Servidores &#8211; Educa\u00e7\u00e3o &#8211; 06\/2020<\/a><\/li>\n\t\t<li class=\"wsp-post\"><a href=\"https:\/\/saobernardo.ma.gov.br\/transparencia\/servidores\/relacao-de-servidores-saude-e-administracao-06-2020\/\">Rela\u00e7\u00e3o de Servidores &#8211; Sa\u00fade e Administra\u00e7\u00e3o &#8211; 06\/2020<\/a><\/li>\n\t\t<li class=\"wsp-post\"><a href=\"https:\/\/saobernardo.ma.gov.br\/transparencia\/servidores\/relacao-de-servidores-educacao-05-2020\/\">Rela\u00e7\u00e3o de Servidores &#8211; Educa\u00e7\u00e3o &#8211; 05\/2020<\/a><\/li>\n\t\t<li class=\"wsp-post\"><a href=\"https:\/\/saobernardo.ma.gov.br\/transparencia\/servidores\/relacao-de-servidores-saude-e-administracao-05-2020\/\">Rela\u00e7\u00e3o de Servidores &#8211; Sa\u00fade e Administra\u00e7\u00e3o &#8211; 05\/2020<\/a><\/li>\n\t\t<li class=\"wsp-post\"><a href=\"https:\/\/saobernardo.ma.gov.br\/transparencia\/servidores\/relacao-de-servidores-educacao-04-2020\/\">Rela\u00e7\u00e3o de Servidores &#8211; Educa\u00e7\u00e3o &#8211; 04\/2020<\/a><\/li>\n\t\t<li class=\"wsp-post\"><a href=\"https:\/\/saobernardo.ma.gov.br\/transparencia\/servidores\/relacao-de-servidores-saude-e-administracao-04-2020\/\">Rela\u00e7\u00e3o de Servidores &#8211; Sa\u00fade e Administra\u00e7\u00e3o &#8211; 04\/2020<\/a><\/li>\n\t\t<li class=\"wsp-post\"><a href=\"https:\/\/saobernardo.ma.gov.br\/transparencia\/servidores\/relacao-de-servidores-educacao-03-2020\/\">Rela\u00e7\u00e3o de Servidores &#8211; Educa\u00e7\u00e3o &#8211; 03\/2020<\/a><\/li>\n\t\t<li class=\"wsp-post\"><a href=\"https:\/\/saobernardo.ma.gov.br\/transparencia\/servidores\/relacao-de-servidores-saude-e-administracao-03-2020\/\">Rela\u00e7\u00e3o de Servidores &#8211; Sa\u00fade e Administra\u00e7\u00e3o &#8211; 03\/2020<\/a><\/li>\n\t\t<li class=\"wsp-post\"><a href=\"https:\/\/saobernardo.ma.gov.br\/transparencia\/servidores\/relacao-de-servidores-educacao-02-2020\/\">Rela\u00e7\u00e3o de Servidores &#8211; Educa\u00e7\u00e3o &#8211; 02\/2020<\/a><\/li>\n\t\t<li class=\"wsp-post\"><a href=\"https:\/\/saobernardo.ma.gov.br\/transparencia\/servidores\/relacao-de-servidores-saude-e-administracao-02-2020\/\">Rela\u00e7\u00e3o de Servidores &#8211; Sa\u00fade e Administra\u00e7\u00e3o &#8211; 02\/2020<\/a><\/li>\n\t\t<li class=\"wsp-post\"><a href=\"https:\/\/saobernardo.ma.gov.br\/transparencia\/servidores\/relacao-de-servidores-educacao-01-2020\/\">Rela\u00e7\u00e3o de Servidores &#8211; Educa\u00e7\u00e3o &#8211; 01\/2020<\/a><\/li>\n\t\t<li class=\"wsp-post\"><a href=\"https:\/\/saobernardo.ma.gov.br\/transparencia\/servidores\/relacao-de-servidores-saude-e-administracao-01-2020\/\">Rela\u00e7\u00e3o de Servidores &#8211; Sa\u00fade e Administra\u00e7\u00e3o &#8211; 01\/2020<\/a><\/li>\n\t\t<li class=\"wsp-post\"><a href=\"https:\/\/saobernardo.ma.gov.br\/transparencia\/servidores\/adm-e-saude-efetivos-mes-agosto-2019\/\">ADM e Sa\u00fade Efetivos &#8211; M\u00eas agosto 2019<\/a><\/li>\n\t\t<li class=\"wsp-post\"><a href=\"https:\/\/saobernardo.ma.gov.br\/transparencia\/servidores\/educacao-efetivos-mes-agosto-2019\/\">Educa\u00e7\u00e3o \u2013 Efetivos M\u00eas AGOSTO 2019<\/a><\/li>\n\t\t<li class=\"wsp-post\"><a href=\"https:\/\/saobernardo.ma.gov.br\/transparencia\/servidores\/adm-e-saude-efetivos-mes-julho-2019\/\">ADM e Sa\u00fade Efetivos &#8211; M\u00eas Julho 2019<\/a><\/li>\n\t\t<li class=\"wsp-post\"><a href=\"https:\/\/saobernardo.ma.gov.br\/transparencia\/servidores\/educacao-efetivos-mes-julho-2019\/\">Educa\u00e7\u00e3o \u2013 Efetivos M\u00eas JULHO 2019<\/a><\/li>\n\t\t<li class=\"wsp-post\"><a href=\"https:\/\/saobernardo.ma.gov.br\/transparencia\/servidores\/adm-e-saude-efetivos-mes-junho-2019\/\">ADM e Sa\u00fade Efetivos &#8211; M\u00eas Junho 2019<\/a><\/li>\n\t\t<li class=\"wsp-post\"><a href=\"https:\/\/saobernardo.ma.gov.br\/transparencia\/servidores\/educacao-efetivos-mes-junho-2019\/\">Educa\u00e7\u00e3o \u2013 Efetivos M\u00eas JUNHO 2019<\/a><\/li>\n\t\t<li class=\"wsp-post\"><a href=\"https:\/\/saobernardo.ma.gov.br\/transparencia\/servidores\/adm-e-saude-efetivos-mes-maio-2019\/\">ADM e Sa\u00fade Efetivos &#8211; M\u00eas Maio 2019<\/a><\/li>\n\t\t<li class=\"wsp-post\"><a href=\"https:\/\/saobernardo.ma.gov.br\/transparencia\/servidores\/educacao-efetivos-mes-maio-2019\/\">Educa\u00e7\u00e3o \u2013 Efetivos M\u00eas MAIO 2019<\/a><\/li>\n\t\t<li class=\"wsp-post\"><a href=\"https:\/\/saobernardo.ma.gov.br\/transparencia\/servidores\/adm-e-saude-efetivos-mes-abril-2019\/\">ADM e Sa\u00fade Efetivos &#8211; M\u00eas Abril 2019<\/a><\/li>\n\t\t<li class=\"wsp-post\"><a href=\"https:\/\/saobernardo.ma.gov.br\/transparencia\/servidores\/educacao-efetivos-mes-abril-2019\/\">Educa\u00e7\u00e3o &#8211; Efetivos M\u00eas ABRIL 2019<\/a><\/li>\n\t\t<li class=\"wsp-post\"><a href=\"https:\/\/saobernardo.ma.gov.br\/transparencia\/servidores\/adm-e-saude-efetivos-mes-marco-2019\/\">ADM e Sa\u00fade Efetivos &#8211; M\u00eas Mar\u00e7o 2019<\/a><\/li>\n\t\t<li class=\"wsp-post\"><a href=\"https:\/\/saobernardo.ma.gov.br\/transparencia\/servidores\/educacao-efetivos-mes-marco-2019\/\">Educa\u00e7\u00e3o &#8211; Efetivos M\u00eas MAR\u00c7O 2019<\/a><\/li>\n\t\t<li class=\"wsp-post\"><a href=\"https:\/\/saobernardo.ma.gov.br\/transparencia\/servidores\/adm-e-saude-efetivos-mes-fevereiro-2019\/\">ADM e Sa\u00fade Efetivos- M\u00eas Fevereiro 2019<\/a><\/li>\n\t\t<li class=\"wsp-post\"><a href=\"https:\/\/saobernardo.ma.gov.br\/transparencia\/servidores\/educacao-efetivos-mes-fevereiro-2019\/\">Educa\u00e7\u00e3o &#8211; Efetivos M\u00eas FEVEREIRO 2019<\/a><\/li>\n\t\t<li class=\"wsp-post\"><a href=\"https:\/\/saobernardo.ma.gov.br\/transparencia\/servidores\/contratados-janeiro-2019-adm-e-saude\/\">CONTRATADOS JANEIRO-2019-ADM E SAUDE<\/a><\/li>\n\t\t<li class=\"wsp-post\"><a href=\"https:\/\/saobernardo.ma.gov.br\/transparencia\/servidores\/efevetivos-e-concursados-janeiro-2019-adm-e-saude\/\">CONCURSADOS JANEIRO-2019 ADM E SAUDE<\/a><\/li>\n\t\t<li class=\"wsp-post\"><a href=\"https:\/\/saobernardo.ma.gov.br\/transparencia\/servidores\/educacao-efetivos-mes-janeiro-2019\/\">Educa\u00e7\u00e3o &#8211; Efetivos M\u00eas Janeiro 2019<\/a><\/li>\n\t\t<li class=\"wsp-post\"><a href=\"https:\/\/saobernardo.ma.gov.br\/transparencia\/servidores\/concursados-dezembro-2018-adm-e-saude\/\">CONCURSADOS Dezembro 2018 ADM E SAUDE<\/a><\/li>\n\t\t<li class=\"wsp-post\"><a href=\"https:\/\/saobernardo.ma.gov.br\/transparencia\/servidores\/relacao-outubro-efetivo-educacao-2018\/\">Relacao OUTUBRO EFETIVO EDUCA\u00c7\u00c3O 2018<\/a><\/li>\n\t\t<li class=\"wsp-post\"><a href=\"https:\/\/saobernardo.ma.gov.br\/transparencia\/servidores\/relacao-outubro-efetivo-adm-e-saude-2018\/\">Relacao OUTUBRO EFETIVO ADM E SAUDE 2018<\/a><\/li>\n\t\t<li class=\"wsp-post\"><a href=\"https:\/\/saobernardo.ma.gov.br\/transparencia\/servidores\/relacao-setembro-efetivo-educacao-2018\/\">Relacao SETEMBRO EFETIVO EDUCA\u00c7\u00c3O 2018<\/a><\/li>\n\t\t<li class=\"wsp-post\"><a href=\"https:\/\/saobernardo.ma.gov.br\/transparencia\/servidores\/relacao-setembro-efetivo-adm-e-saude-2018\/\">Relacao SETEMBRO EFETIVO ADM E SAUDE 2018<\/a><\/li>\n\t\t<li class=\"wsp-post\"><a href=\"https:\/\/saobernardo.ma.gov.br\/transparencia\/servidores\/relacao-setembro-contratados-adm-e-saude-2018\/\">Rela\u00e7\u00e3o SETEMBRO CONTRATADOS ADM E SAUDE 2018<\/a><\/li>\n\t\t<li class=\"wsp-post\"><a href=\"https:\/\/saobernardo.ma.gov.br\/transparencia\/servidores\/relacao-efetivos-adm-e-saude-agosto-2018\/\">Rela\u00e7\u00e3o efetivos adm e saude agosto 2018<\/a><\/li>\n\t\t<li class=\"wsp-post\"><a href=\"https:\/\/saobernardo.ma.gov.br\/transparencia\/servidores\/relacaode-contratados-adm-e-saude-agosto-2018\/\">Relacaode contratados adm e saude agosto 2018<\/a><\/li>\n\t\t<li class=\"wsp-post\"><a href=\"https:\/\/saobernardo.ma.gov.br\/transparencia\/servidores\/relacao-efetivos-educacao-agosto-2018\/\">Rela\u00e7\u00e3o efetivos educa\u00e7\u00e3o AGOSTO 2018<\/a><\/li>\n\t\t<li class=\"wsp-post\"><a href=\"https:\/\/saobernardo.ma.gov.br\/transparencia\/servidores\/relacao-contratados-adm-e-saude-julho-2018\/\">Rela\u00e7\u00e3o contratados adm e saude julho 2018<\/a><\/li>\n\t\t<li class=\"wsp-post\"><a href=\"https:\/\/saobernardo.ma.gov.br\/transparencia\/servidores\/relacao-efetivos-adm-e-saude-julho-2018\/\">Rela\u00e7\u00e3o efetivos adm e saude julho 2018<\/a><\/li>\n\t\t<li class=\"wsp-post\"><a href=\"https:\/\/saobernardo.ma.gov.br\/transparencia\/servidores\/relacao-contratados-junho-2018-adm-e-saude\/\">Rela\u00e7\u00e3o contratados Junho 2018 ADM E SAUDE<\/a><\/li>\n\t\t<li class=\"wsp-post\"><a href=\"https:\/\/saobernardo.ma.gov.br\/transparencia\/servidores\/relacao-efetivos-junho-2018-administracao-e-saude\/\">RELA\u00c7\u00c3O EFETIVOS JUNHO 2018 ADMINISTRA\u00c7\u00c3O E SAUDE<\/a><\/li>\n\t\t<li class=\"wsp-post\"><a href=\"https:\/\/saobernardo.ma.gov.br\/transparencia\/servidores\/relacao-contratados-maio-2018-adm-e-saude\/\">Rela\u00e7\u00e3o contratados MAIO 2018 ADM E SAUDE<\/a><\/li>\n\t\t<li class=\"wsp-post\"><a href=\"https:\/\/saobernardo.ma.gov.br\/transparencia\/servidores\/relacao-efetivos-maio-2018-educacao\/\">RELA\u00c7\u00c3O EFETIVOS MAIO 2018 EDUCA\u00c7\u00c3O<\/a><\/li>\n\t\t<li class=\"wsp-post\"><a href=\"https:\/\/saobernardo.ma.gov.br\/transparencia\/servidores\/relacao-efetivos-maio-2018-administracao-e-saude\/\">RELA\u00c7\u00c3O EFETIVOS MAIO 2018 ADMINISTRA\u00c7\u00c3O E SAUDE<\/a><\/li>\n\t\t<li class=\"wsp-post\"><a href=\"https:\/\/saobernardo.ma.gov.br\/transparencia\/servidores\/relacao-contratados-abril-2018-adm-e-saude\/\">Rela\u00e7\u00e3o contratados ABRIL 2018 ADM E SAUDE<\/a><\/li>\n\t\t<li class=\"wsp-post\"><a href=\"https:\/\/saobernardo.ma.gov.br\/transparencia\/servidores\/relacao-efetivos-abril-2018-administracao-e-saude\/\">RELA\u00c7\u00c3O EFETIVOS ABRIL 2018 ADMINISTRA\u00c7\u00c3O E SAUDE<\/a><\/li>\n\t\t<li class=\"wsp-post\"><a href=\"https:\/\/saobernardo.ma.gov.br\/transparencia\/servidores\/relacao-efetivos-abril-2018-educacao\/\">RELA\u00c7\u00c3O EFETIVOS ABRIL 2018 &#8211; EDUCA\u00c7\u00c3O<\/a><\/li>\n\t\t<li class=\"wsp-post\"><a href=\"https:\/\/saobernardo.ma.gov.br\/transparencia\/servidores\/relacao-efetivos-marco-2018-administracao-e-saude\/\">RELA\u00c7\u00c3O EFETIVOS MAR\u00c7O 2018 ADMINISTRA\u00c7\u00c3O E SA\u00daDE<\/a><\/li>\n\t\t<li class=\"wsp-post\"><a href=\"https:\/\/saobernardo.ma.gov.br\/transparencia\/servidores\/relacao-contratados-marco-2018-adm-e-saude\/\">Rela\u00e7\u00e3o contratados MAR\u00c7O 2018 ADM E SAUDE<\/a><\/li>\n\t\t<li class=\"wsp-post\"><a href=\"https:\/\/saobernardo.ma.gov.br\/transparencia\/servidores\/relacao-efetivos-marco-2018-educacao\/\">RELA\u00c7\u00c3O EFETIVOS MAR\u00c7O 2018 &#8211; EDUCA\u00c7\u00c3O<\/a><\/li>\n\t\t<li class=\"wsp-post\"><a href=\"https:\/\/saobernardo.ma.gov.br\/transparencia\/servidores\/relacao-efetivos-fevereiro-2018-administracao-e-saude\/\">RELA\u00c7\u00c3O EFETIVOS FEVEREIRO 2018 ADMINISTRA\u00c7\u00c3O E SA\u00daDE<\/a><\/li>\n\t\t<li class=\"wsp-post\"><a href=\"https:\/\/saobernardo.ma.gov.br\/transparencia\/servidores\/relacao-contratados-fevereiro-2018-adm-e-saude\/\">Rela\u00e7\u00e3o contratados FEVEREIRO 2018 ADM E SAUDE<\/a><\/li>\n\t\t<li class=\"wsp-post\"><a href=\"https:\/\/saobernardo.ma.gov.br\/transparencia\/servidores\/relacao-contratados-janeiro-2018-adm-e-saude\/\">Rela\u00e7\u00e3o contratados janeiro 2018 ADM E SAUDE<\/a><\/li>\n\t\t<li class=\"wsp-post\"><a href=\"https:\/\/saobernardo.ma.gov.br\/transparencia\/servidores\/relacao-efetivos-janeiro-2018\/\">RELA\u00c7\u00c3O EFETIVOS JANEIRO 2018<\/a><\/li>\n\t\t<li class=\"wsp-post\"><a href=\"https:\/\/saobernardo.ma.gov.br\/transparencia\/servidores\/relacao-efetivos-janeiro-2018-administracao-e-saude\/\">RELA\u00c7\u00c3O EFETIVOS JANEIRO 2018 ADMINISTRA\u00c7\u00c3O E SA\u00daDE<\/a><\/li>\n\t\t<li class=\"wsp-post\"><a href=\"https:\/\/saobernardo.ma.gov.br\/transparencia\/servidores\/relacao-de-efetivos-dezembro-2017-adm-concursados\/\">Rela\u00e7\u00e3o de Efetivos Dezembro 2017 ADM CONCURSADOS<\/a><\/li>\n\t\t<li class=\"wsp-post\"><a href=\"https:\/\/saobernardo.ma.gov.br\/transparencia\/servidores\/relacao-de-efetivos-dezembro-2017-saude-concursados\/\">Rela\u00e7\u00e3o de Efetivos Dezembro 2017 SAUDE CONCURSADOS<\/a><\/li>\n\t\t<li class=\"wsp-post\"><a href=\"https:\/\/saobernardo.ma.gov.br\/transparencia\/servidores\/relacao-efetivos-dezembro-2017\/\">RELA\u00c7\u00c3O EFETIVOS DEZEMBRO 2017<\/a><\/li>\n\t\t<li class=\"wsp-post\"><a href=\"https:\/\/saobernardo.ma.gov.br\/transparencia\/servidores\/relacao-efetivos-administracao-novembro-concursados\/\">RELA\u00c7\u00c3O EFETIVOS  ADMINISTRA\u00c7\u00c3O NOVEMBRO CONCURSADOS<\/a><\/li>\n\t\t<li class=\"wsp-post\"><a href=\"https:\/\/saobernardo.ma.gov.br\/transparencia\/servidores\/relacao-efetivos-saude-novembro-concursados\/\">RELA\u00c7\u00c3O EFETIVOS SA\u00daDE NOVEMBRO CONCURSADOS<\/a><\/li>\n\t\t<li class=\"wsp-post\"><a href=\"https:\/\/saobernardo.ma.gov.br\/transparencia\/servidores\/relacao-concursados-educacao-outubro\/\">Rela\u00e7\u00e3o Concursados educa\u00e7\u00e3o outubro<\/a><\/li>\n\t\t<li class=\"wsp-post\"><a href=\"https:\/\/saobernardo.ma.gov.br\/transparencia\/servidores\/relacao-efetivos-outubro-2017\/\">Rela\u00e7\u00e3o efetivos OUTUBRO &#8211; 2017<\/a><\/li>\n\t\t<li class=\"wsp-post\"><a href=\"https:\/\/saobernardo.ma.gov.br\/transparencia\/servidores\/relacao-de-servidores-contratado-setembro-administracao\/\">RELA\u00c7\u00c3O DE SERVIDORES  CONTRATADO  Setembro Administra\u00e7\u00e3o<\/a><\/li>\n\t\t<li class=\"wsp-post\"><a href=\"https:\/\/saobernardo.ma.gov.br\/transparencia\/servidores\/relacao-de-servidores-contratado-setembro-administracao-e-saude\/\">RELA\u00c7\u00c3O DE SERVIDORES CONTRATADO Setembro Administra\u00e7\u00e3o E SA\u00daDE<\/a><\/li>\n\t\t<li class=\"wsp-post\"><a href=\"https:\/\/saobernardo.ma.gov.br\/transparencia\/servidores\/relacao-efetivos-setembro-2017\/\">Rela\u00e7\u00e3o efetivos SETEMBRO &#8211; 2017<\/a><\/li>\n\t\t<li class=\"wsp-post\"><a href=\"https:\/\/saobernardo.ma.gov.br\/transparencia\/servidores\/relacao-de-servidores-contratado-agosto-saude\/\">RELA\u00c7\u00c3O DE SERVIDORES  CONTRATADO AGOSTO SA\u00daDE<\/a><\/li>\n\t\t<li class=\"wsp-post\"><a href=\"https:\/\/saobernardo.ma.gov.br\/transparencia\/servidores\/relacao-de-servidores-contratados-agosto-administracao\/\">RELA\u00c7\u00c3O DE SERVIDORES  Contratados Agosto Administra\u00e7\u00e3o<\/a><\/li>\n\t\t<li class=\"wsp-post\"><a href=\"https:\/\/saobernardo.ma.gov.br\/transparencia\/servidores\/relacao-de-servidores-contratado-agosto-educacao\/\">RELA\u00c7\u00c3O DE SERVIDORES  CONTRATADO Agosto Educa\u00e7\u00e3o<\/a><\/li>\n\t\t<li class=\"wsp-post\"><a href=\"https:\/\/saobernardo.ma.gov.br\/transparencia\/servidores\/relacao-efetivos-agosto-2017\/\">Rela\u00e7\u00e3o efetivos AGOSTO &#8211; 2017<\/a><\/li>\n\t\t<li class=\"wsp-post\"><a href=\"https:\/\/saobernardo.ma.gov.br\/transparencia\/servidores\/relacao-de-servidores-contratado-julho-educacao\/\">RELA\u00c7\u00c3O DE SERVIDORES  CONTRATADO Julho Educa\u00e7\u00e3o<\/a><\/li>\n\t\t<li class=\"wsp-post\"><a href=\"https:\/\/saobernardo.ma.gov.br\/transparencia\/servidores\/relacao-de-servidores-contratado-julho-educacao-e-administacao\/\">RELA\u00c7\u00c3O DE SERVIDORES  CONTRATADO Julho Educa\u00e7\u00e3o e Administa\u00e7\u00e3o<\/a><\/li>\n\t\t<li class=\"wsp-post\"><a href=\"https:\/\/saobernardo.ma.gov.br\/transparencia\/servidores\/relacao-efetivos-julho-2017\/\">Rela\u00e7\u00e3o efetivos JULHO &#8211; 2017<\/a><\/li>\n\t\t<li class=\"wsp-post\"><a href=\"https:\/\/saobernardo.ma.gov.br\/transparencia\/servidores\/relacao-de-servidores-contratado-julho-saude\/\">RELA\u00c7\u00c3O DE SERVIDORES  CONTRATADO Julho SA\u00daDE<\/a><\/li>\n\t\t<li class=\"wsp-post\"><a href=\"https:\/\/saobernardo.ma.gov.br\/transparencia\/servidores\/relacao-de-servidores-contratado-junho-educacao\/\">RELA\u00c7\u00c3O DE SERVIDORES  CONTRATADO Junho Educa\u00e7\u00e3o<\/a><\/li>\n\t\t<li class=\"wsp-post\"><a href=\"https:\/\/saobernardo.ma.gov.br\/transparencia\/servidores\/relacao-de-servidores-contratado-junho-saude\/\">RELA\u00c7\u00c3O DE SERVIDORES  CONTRATADO JUNHO SA\u00daDE<\/a><\/li>\n\t\t<li class=\"wsp-post\"><a href=\"https:\/\/saobernardo.ma.gov.br\/transparencia\/servidores\/relacao-efetivos-junho-2017\/\">Rela\u00e7\u00e3o efetivos JUNHO &#8211; 2017<\/a><\/li>\n\t\t<li class=\"wsp-post\"><a href=\"https:\/\/saobernardo.ma.gov.br\/transparencia\/servidores\/relacao-de-servidores-contratado-junho-administracao\/\">RELA\u00c7\u00c3O DE SERVIDORES  CONTRATADO  Junho Administra\u00e7\u00e3o<\/a><\/li>\n\t\t<li class=\"wsp-post\"><a href=\"https:\/\/saobernardo.ma.gov.br\/transparencia\/servidores\/relacao-de-servidores-contratado-maio-administracao\/\">RELA\u00c7\u00c3O DE SERVIDORES  CONTRATADO maio Administra\u00e7\u00e3o<\/a><\/li>\n\t\t<li class=\"wsp-post\"><a href=\"https:\/\/saobernardo.ma.gov.br\/transparencia\/servidores\/relacao-de-servidores-contratado-maio-saude\/\">RELA\u00c7\u00c3O DE SERVIDORES  CONTRATADO maio SA\u00daDE<\/a><\/li>\n\t\t<li class=\"wsp-post\"><a href=\"https:\/\/saobernardo.ma.gov.br\/transparencia\/servidores\/relacao-de-servidores-contratado-maio-educacao\/\">RELA\u00c7\u00c3O DE SERVIDORES  CONTRATADO maio Educa\u00e7\u00e3o<\/a><\/li>\n\t\t<li class=\"wsp-post\"><a href=\"https:\/\/saobernardo.ma.gov.br\/transparencia\/servidores\/relacao-efetivos-maio-2017\/\">Rela\u00e7\u00e3o efetivos  MAIO &#8211; 2017<\/a><\/li>\n<\/ul><\/li>\n\t<li><strong class=\"wsp-category-title\">Category: <a href=\"https:\/\/saobernardo.ma.gov.br\/transparencia\/category\/termo-de-posse\/\">TERMO DE POSSE<\/a><\/strong>\n<ul class=\"wsp-posts-list\">\t\t<li class=\"wsp-post\"><a href=\"https:\/\/saobernardo.ma.gov.br\/transparencia\/termo-de-posse\/termo-de-posse-e-compromisso-em-cargo-efetivo-secretaria-municipal-de-educacao-2024\/\">TERMO DE POSSE E COMPROMISSO EM CARGO EFETIVO \u2013 SECRETARIA MUNICIPAL DE EDUCA\u00c7\u00c3O &#8211; 2024<\/a><\/li>\n\t\t<li class=\"wsp-post\"><a href=\"https:\/\/saobernardo.ma.gov.br\/transparencia\/termo-de-posse\/termo-de-posse-e-compromisso-em-cargo-efetivo-secretaria-municipal-de-educacao-2023\/\">TERMO DE POSSE E COMPROMISSO EM CARGO EFETIVO \u2013 SECRETARIA MUNICIPAL DE EDUCA\u00c7\u00c3O &#8211; 2023<\/a><\/li>\n\t\t<li class=\"wsp-post\"><a href=\"https:\/\/saobernardo.ma.gov.br\/transparencia\/termo-de-posse\/termo-de-posse-e-compromisso-em-cargo-efetivo-secretaria-municipal-de-saude-2023-3\/\">TERMO DE POSSE E COMPROMISSO EM CARGO EFETIVO \u2013 SECRETARIA MUNICIPAL DE SA\u00daDE &#8211; 2023<\/a><\/li>\n\t\t<li class=\"wsp-post\"><a href=\"https:\/\/saobernardo.ma.gov.br\/transparencia\/termo-de-posse\/termo-de-posse-e-compromisso-em-cargo-efetivo-secretaria-municipal-de-saude-2023-2\/\">TERMO DE POSSE E COMPROMISSO EM CARGO EFETIVO \u2013 SECRETARIA MUNICIPAL DE SA\u00daDE &#8211; 2023<\/a><\/li>\n\t\t<li class=\"wsp-post\"><a href=\"https:\/\/saobernardo.ma.gov.br\/transparencia\/termo-de-posse\/termo-de-posse-e-compromisso-em-cargo-efetivo-secretaria-municipal-de-saude-2023-4\/\">TERMO DE POSSE E COMPROMISSO EM CARGO EFETIVO \u2013 SECRETARIA MUNICIPAL DE SA\u00daDE &#8211; 2023<\/a><\/li>\n\t\t<li class=\"wsp-post\"><a href=\"https:\/\/saobernardo.ma.gov.br\/transparencia\/termo-de-posse\/ermo-de-posse-e-compromisso-em-cargo-efetivo-secretaria-municipal-de-saude-2023-2\/\">TERMO DE POSSE E COMPROMISSO EM CARGO EFETIVO \u2013 SECRETARIA MUNICIPAL DE SA\u00daDE &#8211; 2023<\/a><\/li>\n\t\t<li class=\"wsp-post\"><a href=\"https:\/\/saobernardo.ma.gov.br\/transparencia\/termo-de-posse\/ermo-de-posse-e-compromisso-em-cargo-efetivo-secretaria-municipal-de-saude-2023\/\">TERMO DE POSSE E COMPROMISSO EM CARGO EFETIVO \u2013 SECRETARIA MUNICIPAL DE SA\u00daDE &#8211; 2023<\/a><\/li>\n\t\t<li class=\"wsp-post\"><a href=\"https:\/\/saobernardo.ma.gov.br\/transparencia\/termo-de-posse\/termo-de-posse-e-compromisso-em-cargo-efetivo-secretaria-municipal-de-saude-2023\/\">TERMO DE POSSE E COMPROMISSO EM CARGO EFETIVO \u2013 SECRETARIA MUNICIPAL DE SA\u00daDE &#8211; 2023<\/a><\/li>\n\t\t<li class=\"wsp-post\"><a href=\"https:\/\/saobernardo.ma.gov.br\/transparencia\/termo-de-posse\/termo-de-posse-e-compromisso-em-cargo-efetivo-secretaria-municipal-de-educacao-2022\/\">TERMO DE POSSE E COMPROMISSO EM CARGO EFETIVO \u2013 SECRETARIA MUNICIPAL DE EDUCA\u00c7\u00c3O &#8211; 2022<\/a><\/li>\n\t\t<li class=\"wsp-post\"><a href=\"https:\/\/saobernardo.ma.gov.br\/transparencia\/termo-de-posse\/termo-de-posse-e-compromisso-em-cargo-efetivo-secretaria-municipal-de-administracao-2022-2\/\">TERMO DE POSSE E COMPROMISSO EM CARGO EFETIVO \u2013 SECRETARIA MUNICIPAL DE ADMINISTRA\u00c7\u00c3O &#8211; 2022<\/a><\/li>\n\t\t<li class=\"wsp-post\"><a href=\"https:\/\/saobernardo.ma.gov.br\/transparencia\/termo-de-posse\/termo-de-posse-e-compromisso-em-cargo-efetivo-secretaria-municipal-de-saude-2022\/\">TERMO DE POSSE E COMPROMISSO EM CARGO EFETIVO \u2013 SECRETARIA MUNICIPAL DE SA\u00daDE &#8211; 2022<\/a><\/li>\n\t\t<li class=\"wsp-post\"><a href=\"https:\/\/saobernardo.ma.gov.br\/transparencia\/termo-de-posse\/termo-de-posse-e-compromisso-em-cargo-efetivo-secretaria-municipal-de-administracao-2022\/\">TERMO DE POSSE E COMPROMISSO EM CARGO EFETIVO \u2013 SECRETARIA MUNICIPAL DE ADMINISTRA\u00c7\u00c3O &#8211; 2022<\/a><\/li>\n\t\t<li class=\"wsp-post\"><a href=\"https:\/\/saobernardo.ma.gov.br\/transparencia\/termo-de-posse\/termo-de-posse-e-compromisso-em-cargo-efetivo-secretaria-municipal-de-saude-2021\/\">TERMO DE POSSE E COMPROMISSO EM CARGO EFETIVO \u2013 SECRETARIA MUNICIPAL DE SA\u00daDE &#8211; 2021 &#8211;<\/a><\/li>\n\t\t<li class=\"wsp-post\"><a href=\"https:\/\/saobernardo.ma.gov.br\/transparencia\/termo-de-posse\/termo-de-posse-e-compromisso-em-cargo-efetivo-secretaria-municipal-de-saude-2020\/\">TERMO DE POSSE E COMPROMISSO EM CARGO EFETIVO \u2013 SECRETARIA MUNICIPAL DE SA\u00daDE &#8211; 2020<\/a><\/li>\n\t\t<li class=\"wsp-post\"><a href=\"https:\/\/saobernardo.ma.gov.br\/transparencia\/termo-de-posse\/termo-de-posse-e-compromisso-em-cargo-efetivo-secretaria-municipal-de-educacao-2020\/\">TERMO DE POSSE E COMPROMISSO EM CARGO EFETIVO \u2013 SECRETARIA MUNICIPAL DE EDUCA\u00c7\u00c3O &#8211; 2020<\/a><\/li>\n\t\t<li class=\"wsp-post\"><a href=\"https:\/\/saobernardo.ma.gov.br\/transparencia\/termo-de-posse\/termo-de-posse-e-compromisso-em-cargo-efetivo-secretaria-municipal-de-administracao-2020\/\">TERMO DE POSSE E COMPROMISSO EM CARGO EFETIVO \u2013 SECRETARIA MUNICIPAL DE ADMINISTRA\u00c7\u00c3O &#8211; 2020<\/a><\/li>\n\t\t<li class=\"wsp-post\"><a href=\"https:\/\/saobernardo.ma.gov.br\/transparencia\/termo-de-posse\/termo-de-posse-e-compromisso-em-cargo-efetivo-secretaria-municipal-de-administracao-2019-8\/\">TERMO DE POSSE E COMPROMISSO EM CARGO EFETIVO \u2013 SECRETARIA MUNICIPAL DE ADMINISTRA\u00c7\u00c3O &#8211; 2019<\/a><\/li>\n\t\t<li class=\"wsp-post\"><a href=\"https:\/\/saobernardo.ma.gov.br\/transparencia\/termo-de-posse\/termo-de-posse-e-compromisso-em-cargo-efetivo-secretaria-municipal-de-administracao-2019-7\/\">TERMO DE POSSE E COMPROMISSO EM CARGO EFETIVO \u2013 SECRETARIA MUNICIPAL DE ADMINISTRA\u00c7\u00c3O &#8211; 2019<\/a><\/li>\n\t\t<li class=\"wsp-post\"><a href=\"https:\/\/saobernardo.ma.gov.br\/transparencia\/termo-de-posse\/termo-de-posse-e-compromisso-em-cargo-efetivo-secretaria-municipal-de-administracao-2019-5\/\">TERMO DE POSSE E COMPROMISSO EM CARGO EFETIVO \u2013 SECRETARIA MUNICIPAL DE ADMINISTRA\u00c7\u00c3O &#8211; 2019<\/a><\/li>\n\t\t<li class=\"wsp-post\"><a href=\"https:\/\/saobernardo.ma.gov.br\/transparencia\/termo-de-posse\/termo-de-posse-e-compromisso-em-cargo-efetivo-secretaria-municipal-de-administracao-2019-2\/\">TERMO DE POSSE E COMPROMISSO EM CARGO EFETIVO \u2013 SECRETARIA MUNICIPAL DE ADMINISTRA\u00c7\u00c3O &#8211; 2019<\/a><\/li>\n\t\t<li class=\"wsp-post\"><a href=\"https:\/\/saobernardo.ma.gov.br\/transparencia\/termo-de-posse\/termo-de-posse-e-compromisso-em-cargo-efetivo-secretaria-municipal-de-administracao-2019-9\/\">TERMO DE POSSE E COMPROMISSO EM CARGO EFETIVO \u2013 SECRETARIA MUNICIPAL DE ADMINISTRA\u00c7\u00c3O &#8211; 2019<\/a><\/li>\n\t\t<li class=\"wsp-post\"><a href=\"https:\/\/saobernardo.ma.gov.br\/transparencia\/termo-de-posse\/termo-de-posse-e-compromisso-em-cargo-efetivo-secretaria-municipal-de-administracao-2019-6\/\">TERMO DE POSSE E COMPROMISSO EM CARGO EFETIVO \u2013 SECRETARIA MUNICIPAL DE ADMINISTRA\u00c7\u00c3O &#8211; 2019<\/a><\/li>\n\t\t<li class=\"wsp-post\"><a href=\"https:\/\/saobernardo.ma.gov.br\/transparencia\/termo-de-posse\/termo-de-posse-e-compromisso-em-cargo-efetivo-secretaria-municipal-de-educacao-2017-2\/\">TERMO DE POSSE E COMPROMISSO EM CARGO EFETIVO \u2013 SECRETARIA MUNICIPAL DE EDUCA\u00c7\u00c3O &#8211; 2019<\/a><\/li>\n\t\t<li class=\"wsp-post\"><a href=\"https:\/\/saobernardo.ma.gov.br\/transparencia\/termo-de-posse\/termo-de-posse-e-compromisso-em-cargo-efetivo-secretaria-municipal-de-administracao-2019-3\/\">TERMO DE POSSE E COMPROMISSO EM CARGO EFETIVO \u2013 SECRETARIA MUNICIPAL DE ADMINISTRA\u00c7\u00c3O &#8211; 2019<\/a><\/li>\n\t\t<li class=\"wsp-post\"><a href=\"https:\/\/saobernardo.ma.gov.br\/transparencia\/termo-de-posse\/termo-de-posse-e-compromisso-em-cargo-efetivo-secretaria-municipal-de-administracao-2019-10\/\">TERMO DE POSSE E COMPROMISSO EM CARGO EFETIVO \u2013 SECRETARIA MUNICIPAL DE SA\u00daDE &#8211; 2019<\/a><\/li>\n\t\t<li class=\"wsp-post\"><a href=\"https:\/\/saobernardo.ma.gov.br\/transparencia\/termo-de-posse\/termo-de-posse-e-compromisso-em-cargo-efetivo-secretaria-municipal-de-administracao-2019-4\/\">TERMO DE POSSE E COMPROMISSO EM CARGO EFETIVO \u2013 SECRETARIA MUNICIPAL DE ADMINISTRA\u00c7\u00c3O &#8211; 2019<\/a><\/li>\n\t\t<li class=\"wsp-post\"><a href=\"https:\/\/saobernardo.ma.gov.br\/transparencia\/termo-de-posse\/termo-de-posse-e-compromisso-em-cargo-efetivo-secretaria-municipal-de-administracao-2019\/\">TERMO DE POSSE E COMPROMISSO EM CARGO EFETIVO \u2013 SECRETARIA MUNICIPAL DE ADMINISTRA\u00c7\u00c3O &#8211; 2019<\/a><\/li>\n\t\t<li class=\"wsp-post\"><a href=\"https:\/\/saobernardo.ma.gov.br\/transparencia\/termo-de-posse\/termo-de-posse-e-compromisso-em-cargo-efetivo-secretaria-municipal-de-educacao-2017\/\">TERMO DE POSSE E COMPROMISSO EM CARGO EFETIVO \u2013 SECRETARIA MUNICIPAL DE EDUCA\u00c7\u00c3O &#8211; 2017<\/a><\/li>\n\t\t<li class=\"wsp-post\"><a href=\"https:\/\/saobernardo.ma.gov.br\/transparencia\/termo-de-posse\/termo-de-posse-e-compromisso-em-cargo-efetivo-secretaria-municipal-de-educacao-2006\/\">TERMO DE POSSE E COMPROMISSO EM CARGO EFETIVO \u2013 SECRETARIA MUNICIPAL DE EDUCA\u00c7\u00c3O &#8211; 2006<\/a><\/li>\n\t\t<li class=\"wsp-post\"><a href=\"https:\/\/saobernardo.ma.gov.br\/transparencia\/termo-de-posse\/termo-de-posse-e-compromisso-em-cargo-efetivo-secretaria-municipal-de-educacao-1997\/\">TERMO DE POSSE E COMPROMISSO EM CARGO EFETIVO \u2013 SECRETARIA MUNICIPAL DE EDUCA\u00c7\u00c3O &#8211; 1997<\/a><\/li>\n<\/ul><\/li>\n\t<li><strong class=\"wsp-category-title\">Category: <a href=\"https:\/\/saobernardo.ma.gov.br\/transparencia\/category\/titulos-de-propriedade\/\">T\u00edtulos de Propriedade<\/a><\/strong>\n<ul class=\"wsp-posts-list\">\t\t<li class=\"wsp-post\"><a href=\"https:\/\/saobernardo.ma.gov.br\/transparencia\/titulos-de-propriedade\/titulo-definitivo-de-direito-real-de-propriedade-no-044-0044-2021-pmsb-2021\/\">T\u00cdTULO DEFINITIVO DE DIREITO REAL DE PROPRIEDADE &#8211; N\u00ba 044\/0044-2021\/PMSB\/2021<\/a><\/li>\n\t\t<li class=\"wsp-post\"><a href=\"https:\/\/saobernardo.ma.gov.br\/transparencia\/titulos-de-propriedade\/titulo-definitivo-de-direito-real-de-propriedade-no-066-0066-2021-pmsb-2021\/\">T\u00cdTULO DEFINITIVO DE DIREITO REAL DE PROPRIEDADE &#8211; N\u00ba 066\/0066-2021\/PMSB\/2021<\/a><\/li>\n\t\t<li class=\"wsp-post\"><a href=\"https:\/\/saobernardo.ma.gov.br\/transparencia\/titulos-de-propriedade\/titulo-definitivo-de-direito-real-de-propriedade-no-061-0061-2021-pmsb-2021\/\">T\u00cdTULO DEFINITIVO DE DIREITO REAL DE PROPRIEDADE &#8211; N\u00ba 061\/0061-2021\/PMSB\/2021<\/a><\/li>\n\t\t<li class=\"wsp-post\"><a href=\"https:\/\/saobernardo.ma.gov.br\/transparencia\/titulos-de-propriedade\/titulo-definitivo-de-direito-real-de-propriedade-064-0064-2021-pmsb-2021\/\">T\u00cdTULO DEFINITIVO DE DIREITO REAL DE PROPRIEDADE &#8211; 064\/0064-2021\/PMSB\/2021<\/a><\/li>\n\t\t<li class=\"wsp-post\"><a href=\"https:\/\/saobernardo.ma.gov.br\/transparencia\/titulos-de-propriedade\/titulo-definitivo-de-direito-real-de-propriedade-063-0063-2021-pmsb-2021\/\">TITULO DEFINITIVO DE DIREITO REAL DE PROPRIEDADE &#8211; 063\/0063-2021\/PMSB\/2021<\/a><\/li>\n\t\t<li class=\"wsp-post\"><a href=\"https:\/\/saobernardo.ma.gov.br\/transparencia\/titulos-de-propriedade\/titulo-definitivo-de-direito-real-de-propriedade-no-059-0059-2021-pmsb-2021\/\">T\u00cdTULO DEFINITIVO DE DIREITO REAL DE PROPRIEDADE &#8211; N\u00ba 059\/0059-2021\/PMSB\/2021<\/a><\/li>\n\t\t<li class=\"wsp-post\"><a href=\"https:\/\/saobernardo.ma.gov.br\/transparencia\/titulos-de-propriedade\/titulo-definitivo-de-direito-real-de-propriedade-060-0060-2021-pmsb-2021\/\">T\u00cdTULO DEFINITIVO DE DIREITO REAL DE PROPRIEDADE &#8211; 060\/0060-2021\/PMSB\/2021<\/a><\/li>\n\t\t<li class=\"wsp-post\"><a href=\"https:\/\/saobernardo.ma.gov.br\/transparencia\/titulos-de-propriedade\/titulo-definitivo-de-direito-real-de-propriedade-058-0058-2021-pmsb-2021\/\">T\u00cdTULO DEFINITIVO DE DIREITO REAL DE PROPRIEDADE &#8211; 058\/0058-2021\/PMSB\/2021<\/a><\/li>\n\t\t<li class=\"wsp-post\"><a href=\"https:\/\/saobernardo.ma.gov.br\/transparencia\/titulos-de-propriedade\/titulo-definitivo-de-direito-real-de-propriedade-no-038-0038-2021-pmsb-2021\/\">T\u00cdTULO DEFINITIVO DE DIREITO REAL DE PROPRIEDADE &#8211; N\u00ba 038\/0038-2021\/PMSB\/2021<\/a><\/li>\n\t\t<li class=\"wsp-post\"><a href=\"https:\/\/saobernardo.ma.gov.br\/transparencia\/titulos-de-propriedade\/titulo-definitivo-de-direito-real-de-propriedade-054-0054-2021-pmsb-2021\/\">T\u00cdTULO DEFINITIVO DE DIREITO REAL DE PROPRIEDADE &#8211; 054\/0054-2021\/PMSB\/2021<\/a><\/li>\n\t\t<li class=\"wsp-post\"><a href=\"https:\/\/saobernardo.ma.gov.br\/transparencia\/titulos-de-propriedade\/titulo-definitivo-de-direito-real-de-propriedade-053-0053-2021-pmsb-2021\/\">T\u00cdTULO DEFINITIVO DE DIREITO REAL DE PROPRIEDADE &#8211; 053\/0053-2021\/PMSB\/2021<\/a><\/li>\n\t\t<li class=\"wsp-post\"><a href=\"https:\/\/saobernardo.ma.gov.br\/transparencia\/titulos-de-propriedade\/titulo-definitivo-de-direito-real-de-propriedade-055-0055-2021-pmsb-2021\/\">T\u00cdTULO DEFINITIVO DE DIREITO REAL DE PROPRIEDADE &#8211; 055\/0055-2021\/PMSB\/2021<\/a><\/li>\n\t\t<li class=\"wsp-post\"><a href=\"https:\/\/saobernardo.ma.gov.br\/transparencia\/titulos-de-propriedade\/titulo-definitivo-de-direito-real-de-propriedade-no-050-0050-2021-pmsb-2021\/\">T\u00cdTULO DEFINITIVO DE DIREITO REAL DE PROPRIEDADE &#8211; N\u00ba 050\/0050-2021\/PMSB\/2021<\/a><\/li>\n\t\t<li class=\"wsp-post\"><a href=\"https:\/\/saobernardo.ma.gov.br\/transparencia\/titulos-de-propriedade\/titulo-definitivo-de-direito-real-de-propriedade-057-0057-2021-pmsb-2021\/\">TITULO DEFINITIVO DE DIREITO REAL DE PROPRIEDADE &#8211; 057\/0057-2021\/PMSB\/2021<\/a><\/li>\n\t\t<li class=\"wsp-post\"><a href=\"https:\/\/saobernardo.ma.gov.br\/transparencia\/titulos-de-propriedade\/titulo-definitivo-de-direito-real-de-propriedade-056-0056-2021-pmsb-2021\/\">T\u00cdTULO DEFINITIVO DE DIREITO REAL DE PROPRIEDADE &#8211; 056\/0056-2021\/PMSB\/2021<\/a><\/li>\n\t\t<li class=\"wsp-post\"><a href=\"https:\/\/saobernardo.ma.gov.br\/transparencia\/titulos-de-propriedade\/titulo-definitivo-de-direito-real-de-propriedade-044-0044-2021-pmsb-2021\/\">T\u00cdTULO DEFINITIVO DE DIREITO REAL DE PROPRIEDADE &#8211; 044\/0044-2021\/PMSB\/2021<\/a><\/li>\n\t\t<li class=\"wsp-post\"><a href=\"https:\/\/saobernardo.ma.gov.br\/transparencia\/titulos-de-propriedade\/titulo-definitivo-de-direito-real-de-propriedade-039-0039-2021-pmsb-2021\/\">T\u00cdTULO DEFINITIVO DE DIREITO REAL DE PROPRIEDADE &#8211; 039\/0039-2021\/PMSB\/2021<\/a><\/li>\n\t\t<li class=\"wsp-post\"><a href=\"https:\/\/saobernardo.ma.gov.br\/transparencia\/titulos-de-propriedade\/titulo-definitivo-de-direito-real-de-propriedade-052-0052-2021-pmsb-2021\/\">T\u00cdTULO DEFINITIVO DE DIREITO REAL DE PROPRIEDADE &#8211; 052\/0052-2021\/PMSB\/2021<\/a><\/li>\n\t\t<li class=\"wsp-post\"><a href=\"https:\/\/saobernardo.ma.gov.br\/transparencia\/titulos-de-propriedade\/titulo-definitivo-de-direito-real-de-propriedade-no-046-0046-2021-pmsb-2021\/\">T\u00cdTULO DEFINITIVO DE DIREITO REAL DE PROPRIEDADE &#8211; N\u00ba 046\/0046-2021\/PMSB\/2021<\/a><\/li>\n\t\t<li class=\"wsp-post\"><a href=\"https:\/\/saobernardo.ma.gov.br\/transparencia\/titulos-de-propriedade\/titulo-definitivo-de-direito-real-de-propriedade-042-0042-2021-pmsb-2021\/\">T\u00cdTULO DEFINITIVO DE DIREITO REAL DE PROPRIEDADE &#8211; 042\/0042-2021\/PMSB\/2021<\/a><\/li>\n\t\t<li class=\"wsp-post\"><a href=\"https:\/\/saobernardo.ma.gov.br\/transparencia\/titulos-de-propriedade\/titulo-definitivo-de-direito-real-de-propriedade-045-0045-2021-pmsb-2021\/\">T\u00cdTULO DEFINITIVO DE DIREITO REAL DE PROPRIEDADE &#8211; 045\/0045-2021\/PMSB\/2021<\/a><\/li>\n\t\t<li class=\"wsp-post\"><a href=\"https:\/\/saobernardo.ma.gov.br\/transparencia\/titulos-de-propriedade\/titulo-definitivo-de-direito-real-de-propriedade-040-0040-2021-pmsb-2021\/\">T\u00cdTULO DEFINITIVO DE DIREITO REAL DE PROPRIEDADE &#8211; 040\/0040-2021\/PMSB\/2021<\/a><\/li>\n\t\t<li class=\"wsp-post\"><a href=\"https:\/\/saobernardo.ma.gov.br\/transparencia\/titulos-de-propriedade\/titulo-definitivo-de-direito-real-de-propriedade-036-0036-2020-pmsb-2020\/\">T\u00cdTULO DEFINITIVO DE DIREITO REAL DE PROPRIEDADE &#8211; 036\/0036-2020\/PMSB\/2020<\/a><\/li>\n\t\t<li class=\"wsp-post\"><a href=\"https:\/\/saobernardo.ma.gov.br\/transparencia\/titulos-de-propriedade\/titulo-definitivo-de-direito-real-de-propriedade-no-033-0033-2020-pmsb-2020\/\">T\u00cdTULO DEFINITIVO DE DIREITO REAL DE PROPRIEDADE &#8211; N\u00ba 033\/0033-2020\/PMSB\/2020<\/a><\/li>\n\t\t<li class=\"wsp-post\"><a href=\"https:\/\/saobernardo.ma.gov.br\/transparencia\/titulos-de-propriedade\/titulo-definitivo-de-direito-real-de-propriedade-no-031-0031-2020-pmsb-2020\/\">T\u00cdTULO DEFINITIVO DE DIREITO REAL DE PROPRIEDADE &#8211; N\u00ba 031\/0031-2020\/PMSB\/2020<\/a><\/li>\n\t\t<li class=\"wsp-post\"><a href=\"https:\/\/saobernardo.ma.gov.br\/transparencia\/titulos-de-propriedade\/titulo-definitivo-de-direito-real-de-propriedade-no-032-0032-2020-pmsb-2020\/\">T\u00cdTULO DEFINITIVO DE DIREITO REAL DE PROPRIEDADE &#8211; N\u00ba 032\/0032-2020\/PMSB\/2020<\/a><\/li>\n\t\t<li class=\"wsp-post\"><a href=\"https:\/\/saobernardo.ma.gov.br\/transparencia\/titulos-de-propriedade\/titulo-definitivo-de-direito-real-de-propriedade-no-27-00027-2020-pmsb-2020\/\">T\u00cdTULO DEFINITIVO DE DIREITO REAL DE PROPRIEDADE &#8211; N\u00ba 27\/00027-2020\/PMSB\/2020<\/a><\/li>\n\t\t<li class=\"wsp-post\"><a href=\"https:\/\/saobernardo.ma.gov.br\/transparencia\/titulos-de-propriedade\/titulo-definitivo-de-direito-real-de-propriedade-no-26-00026-2020-pmsb-2020\/\">T\u00cdTULO DEFINITIVO DE DIREITO REAL DE PROPRIEDADE &#8211; N\u00ba 26\/00026-2020\/PMSB\/2020<\/a><\/li>\n\t\t<li class=\"wsp-post\"><a href=\"https:\/\/saobernardo.ma.gov.br\/transparencia\/titulos-de-propriedade\/titulo-definitivo-de-direito-real-de-propriedade-no-25-00025-2020-pmsb-2020\/\">T\u00cdTULO DEFINITIVO DE DIREITO REAL DE PROPRIEDADE &#8211; N\u00ba 25\/00025-2020\/PMSB\/2020<\/a><\/li>\n\t\t<li class=\"wsp-post\"><a href=\"https:\/\/saobernardo.ma.gov.br\/transparencia\/titulos-de-propriedade\/titulo-definitivo-de-direito-real-de-propriedade-no-24-00024-2020-pmsb-2020\/\">T\u00cdTULO DEFINITIVO DE DIREITO REAL DE PROPRIEDADE &#8211; N\u00ba 24\/00024-2020\/PMSB\/2020<\/a><\/li>\n\t\t<li class=\"wsp-post\"><a href=\"https:\/\/saobernardo.ma.gov.br\/transparencia\/titulos-de-propriedade\/titulo-definitivo-de-direito-real-de-propriedade-no-22-00022-2020-pmsb-2020\/\">T\u00cdTULO DEFINITIVO DE DIREITO REAL DE PROPRIEDADE &#8211; N\u00ba 22\/00022-2020\/PMSB\/2020<\/a><\/li>\n\t\t<li class=\"wsp-post\"><a href=\"https:\/\/saobernardo.ma.gov.br\/transparencia\/titulos-de-propriedade\/titulo-definitivo-de-direito-real-de-propriedade-no-028-0028-2020-pmsb-2020\/\">T\u00cdTULO DEFINITIVO DE DIREITO REAL DE PROPRIEDADE &#8211; N\u00ba 028\/0028-2020\/PMSB\/2020<\/a><\/li>\n\t\t<li class=\"wsp-post\"><a href=\"https:\/\/saobernardo.ma.gov.br\/transparencia\/titulos-de-propriedade\/titulo-definitivo-de-direito-real-de-propriedade-no-029-0029-2020-pmsb-2020\/\">T\u00cdTULO DEFINITIVO DE DIREITO REAL DE PROPRIEDADE &#8211; N\u00ba 029\/0029-2020\/PMSB\/2020<\/a><\/li>\n\t\t<li class=\"wsp-post\"><a href=\"https:\/\/saobernardo.ma.gov.br\/transparencia\/titulos-de-propriedade\/titulo-definitivo-de-direito-real-de-propriedade-no-23-00023-2020-pmsb-2020\/\">T\u00cdTULO DEFINITIVO DE DIREITO REAL DE PROPRIEDADE &#8211; N\u00ba 23\/00023-2020\/PMSB\/2020<\/a><\/li>\n\t\t<li class=\"wsp-post\"><a href=\"https:\/\/saobernardo.ma.gov.br\/transparencia\/titulos-de-propriedade\/titulo-definitivo-de-direito-real-de-propriedade-no-21-00021-02020-pmsb-2020\/\">T\u00cdTULO DEFINITIVO DE DIREITO REAL DE PROPRIEDADE &#8211; N\u00ba 21\/00021-02020\/PMSB\/2020<\/a><\/li>\n\t\t<li class=\"wsp-post\"><a href=\"https:\/\/saobernardo.ma.gov.br\/transparencia\/titulos-de-propriedade\/titulo-definitivo-de-direito-real-de-propriedade-no-20-00020-2020-pmsb-2020\/\">T\u00cdTULO DEFINITIVO DE DIREITO REAL DE PROPRIEDADE &#8211; N\u00ba 20\/00020-2020\/PMSB\/2020<\/a><\/li>\n\t\t<li class=\"wsp-post\"><a href=\"https:\/\/saobernardo.ma.gov.br\/transparencia\/titulos-de-propriedade\/titulo-definitivo-de-direito-real-de-propriedade-no-19-00019-2020-pmsb-2020\/\">T\u00cdTULO DEFINITIVO DE DIREITO REAL DE PROPRIEDADE &#8211; N\u00ba 19\/00019-2020\/PMSB\/2020<\/a><\/li>\n\t\t<li class=\"wsp-post\"><a href=\"https:\/\/saobernardo.ma.gov.br\/transparencia\/titulos-de-propriedade\/titulo-definitivo-de-direito-real-de-propriedade-no-18-00018-2020-pmsb-2020\/\">T\u00cdTULO DEFINITIVO DE DIREITO REAL DE PROPRIEDADE &#8211; N\u00ba 18\/00018-2020\/PMSB\/2020<\/a><\/li>\n\t\t<li class=\"wsp-post\"><a href=\"https:\/\/saobernardo.ma.gov.br\/transparencia\/titulos-de-propriedade\/titulo-definitivo-de-direito-real-de-propriedade-no-02-00002-2020-pmsb-2020\/\">T\u00cdTULO DEFINITIVO DE DIREITO REAL DE PROPRIEDADE &#8211; N\u00ba 02\/00002-2020\/PMSB\/2020<\/a><\/li>\n\t\t<li class=\"wsp-post\"><a href=\"https:\/\/saobernardo.ma.gov.br\/transparencia\/titulos-de-propriedade\/titulo-definitivo-de-direito-real-de-propriedade-no-17-00017-2020-pmsb-2020\/\">T\u00cdTULO DEFINITIVO DE DIREITO REAL DE PROPRIEDADE &#8211; N\u00ba 17\/00017-2020\/PMSB\/2020<\/a><\/li>\n\t\t<li class=\"wsp-post\"><a href=\"https:\/\/saobernardo.ma.gov.br\/transparencia\/titulos-de-propriedade\/titulo-definitivo-de-direito-real-de-propriedade-no-16-00016-2020-pmsb-2020\/\">T\u00cdTULO DEFINITIVO DE DIREITO REAL DE PROPRIEDADE &#8211; N\u00ba 16\/00016-2020\/PMSB\/2020<\/a><\/li>\n\t\t<li class=\"wsp-post\"><a href=\"https:\/\/saobernardo.ma.gov.br\/transparencia\/titulos-de-propriedade\/titulo-definitivo-de-direito-real-de-propriedade-no-14-00014-2020-pmsb-2020\/\">T\u00cdTULO DEFINITIVO DE DIREITO REAL DE PROPRIEDADE &#8211; N\u00ba 14\/00014-2020\/PMSB\/2020<\/a><\/li>\n\t\t<li class=\"wsp-post\"><a href=\"https:\/\/saobernardo.ma.gov.br\/transparencia\/titulos-de-propriedade\/titulo-definitivo-de-direito-real-de-propriedade-no-15-00015-2020-pmsb-2020\/\">T\u00cdTULO DEFINITIVO DE  DIREITO REAL DE PROPRIEDADE &#8211; N\u00ba 15\/00015-2020\/PMSB\/2020<\/a><\/li>\n\t\t<li class=\"wsp-post\"><a href=\"https:\/\/saobernardo.ma.gov.br\/transparencia\/titulos-de-propriedade\/titulo-definitivo-de-direito-real-de-propriedade-no-12-00012-2020-pmsb\/\">T\u00cdTULO DEFINITIVO DE DIREITO REAL DE PROPRIEDADE &#8211; N\u00ba 12\/00012-2020\/PMSB<\/a><\/li>\n\t\t<li class=\"wsp-post\"><a href=\"https:\/\/saobernardo.ma.gov.br\/transparencia\/titulos-de-propriedade\/titulo-definitivo-de-direito-real-de-propriedade-no13-00013-2020-pmsb-2020\/\">T\u00cdTULO DEFINITIVO DE DIREITO REAL DE PROPRIEDADE &#8211; N\u00ba13\/00013-2020\/PMSB\/2020<\/a><\/li>\n\t\t<li class=\"wsp-post\"><a href=\"https:\/\/saobernardo.ma.gov.br\/transparencia\/titulos-de-propriedade\/titulo-definitivo-de-direito-real-de-propriedade-no-11-00011-2020-pmsb-2020\/\">T\u00cdTULO DEFINITIVO DE DIREITO REAL DE PROPRIEDADE &#8211; N\u00ba 11\/00011-2020\/PMSB\/2020<\/a><\/li>\n\t\t<li class=\"wsp-post\"><a href=\"https:\/\/saobernardo.ma.gov.br\/transparencia\/titulos-de-propriedade\/titulo-definitivo-de-direito-real-de-propriedade-no-10-00010-2020-pmsb-2020\/\">T\u00cdTULO DEFINITIVO DE DIREITO REAL DE PROPRIEDADE &#8211; N\u00ba 10\/00010-2020\/PMSB\/2020<\/a><\/li>\n\t\t<li class=\"wsp-post\"><a href=\"https:\/\/saobernardo.ma.gov.br\/transparencia\/titulos-de-propriedade\/titulo-definitivo-de-direito-real-de-propriedade-no-09-00009-2020-pmsb-2020\/\">T\u00cdTULO DEFINITIVO DE DIREITO REAL DE PROPRIEDADE &#8211; N\u00ba 09\/00009-2020\/PMSB\/2020<\/a><\/li>\n\t\t<li class=\"wsp-post\"><a href=\"https:\/\/saobernardo.ma.gov.br\/transparencia\/titulos-de-propriedade\/titulo-definitivo-de-direito-real-de-propriedade-no-08-00008-2020-pmsb-2020\/\">T\u00cdTULO DEFINITIVO DE DIREITO REAL DE PROPRIEDADE &#8211; N\u00ba 08\/00008-2020\/PMSB\/2020<\/a><\/li>\n\t\t<li class=\"wsp-post\"><a href=\"https:\/\/saobernardo.ma.gov.br\/transparencia\/titulos-de-propriedade\/titulo-definitivo-de-direito-real-de-propriedade-no-07-00007-2020-pmsb-2020\/\">T\u00cdTULO DEFINITIVO DE DIREITO REAL DE PROPRIEDADE &#8211; N\u00ba 07\/00007-2020\/PMSB\/2020<\/a><\/li>\n\t\t<li class=\"wsp-post\"><a href=\"https:\/\/saobernardo.ma.gov.br\/transparencia\/titulos-de-propriedade\/titulo-definitivo-de-direito-real-de-propriedade-no-06-00006-2020-pmsb-2020\/\">T\u00cdTULO DEFINITIVO DE DIREITO REAL DE PROPRIEDADE &#8211; N\u00ba 06\/00006-2020\/PMSB\/2020<\/a><\/li>\n\t\t<li class=\"wsp-post\"><a href=\"https:\/\/saobernardo.ma.gov.br\/transparencia\/titulos-de-propriedade\/titulo-definitivo-de-direito-real-de-propriedade-no-05-00005-2020-pmsb-2020\/\">T\u00cdTULO DEFINITIVO DE DIREITO REAL DE PROPRIEDADE &#8211; N\u00ba 05\/00005-2020\/PMSB\/2020<\/a><\/li>\n\t\t<li class=\"wsp-post\"><a href=\"https:\/\/saobernardo.ma.gov.br\/transparencia\/titulos-de-propriedade\/titulo-definitivo-de-direito-real-de-propriedade-no-04-00004-2020-pmsb-2020\/\">T\u00cdTULO DEFINITIVO DE DIREITO REAL DE PROPRIEDADE &#8211; N\u00ba 04\/00004-2020\/PMSB\/2020<\/a><\/li>\n\t\t<li class=\"wsp-post\"><a href=\"https:\/\/saobernardo.ma.gov.br\/transparencia\/titulos-de-propriedade\/titulo-definitivo-de-direito-real-de-propriedade-no-03-00003-2020-pmsb-2020\/\">T\u00cdTULO DEFINITIVO DE DIREITO REAL DE PROPRIEDADE &#8211; N\u00ba 03\/00003-2020\/PMSB\/2020<\/a><\/li>\n\t\t<li class=\"wsp-post\"><a href=\"https:\/\/saobernardo.ma.gov.br\/transparencia\/titulos-de-propriedade\/titulo-definitivo-de-direito-real-de-propriedade-no-01-00001-2020-pmsb-2020\/\">T\u00cdTULO DEFINITIVO DE DIREITO REAL DE PROPRIEDADE &#8211; N\u00ba 01\/00001-2020\/PMSB\/2020<\/a><\/li>\n\t\t<li class=\"wsp-post\"><a href=\"https:\/\/saobernardo.ma.gov.br\/transparencia\/titulos-de-propriedade\/titulo-definitivo-de-direito-real-de-propriedade-no-01-00010-2019-pmsb-2019\/\">T\u00cdTULO DEFINITIVO DE DIREITO REAL DE PROPRIEDADE &#8211; N\u00ba 01\/00010-2019\/PMSB\/2019<\/a><\/li>\n\t\t<li class=\"wsp-post\"><a href=\"https:\/\/saobernardo.ma.gov.br\/transparencia\/titulos-de-propriedade\/titulo-definitivo-de-direito-real-de-propriedade-no-01-00011-2019-pmsb-2019\/\">T\u00cdTULO DEFINITIVO DE DIREITO REAL DE PROPRIEDADE \u2013 N\u00ba 01\/00011-2019\/PMSB\/2019<\/a><\/li>\n\t\t<li class=\"wsp-post\"><a href=\"https:\/\/saobernardo.ma.gov.br\/transparencia\/titulos-de-propriedade\/titulo-definitivo-de-direito-real-de-propriedade-no-01-00003-2019-pmsb-2019\/\">T\u00cdTULO DEFINITIVO DE DIREITO REAL DE PROPRIEDADE &#8211; N\u00ba 01\/00003-2019\/PMSB\/2019<\/a><\/li>\n\t\t<li class=\"wsp-post\"><a href=\"https:\/\/saobernardo.ma.gov.br\/transparencia\/titulos-de-propriedade\/titulo-definitivo-de-direito-real-de-propriedade-no-01-00005-2019-pmsb-2019\/\">T\u00cdTULO DEFINITIVO DE DIREITO REAL DE PROPRIEDADE N\u00ba 01\/00005-2019\/PMSB\/2019<\/a><\/li>\n\t\t<li class=\"wsp-post\"><a href=\"https:\/\/saobernardo.ma.gov.br\/transparencia\/titulos-de-propriedade\/titulo-definitivo-de-direito-real-de-propriedade-no-01-00007-2019-pmsb-2019\/\">T\u00cdTULO DEFINITIVO DE DIREITO REAL DE PROPRIEDADE &#8211; N\u00ba 01\/00007-2019\/PMSB\/2019<\/a><\/li>\n\t\t<li class=\"wsp-post\"><a href=\"https:\/\/saobernardo.ma.gov.br\/transparencia\/titulos-de-propriedade\/titulo-definitivo-de-direito-real-de-propriedade-no-01-00009-pmsb-2019\/\">T\u00cdTULO DEFINITIVO DE DIREITO REAL DE PROPRIEDADE &#8211; N\u00ba 01\/00009\/PMSB\/2019<\/a><\/li>\n\t\t<li class=\"wsp-post\"><a href=\"https:\/\/saobernardo.ma.gov.br\/transparencia\/titulos-de-propriedade\/titulo-definitivo-de-direito-real-de-propriedade-no-01-00001-2019-pmsb-2019\/\">T\u00cdTULO DEFINITIVO DE DIREITO REAL DE PROPRIEDADE &#8211; N\u00ba 01\/00001-2019\/PMSB\/2019<\/a><\/li>\n<\/ul><\/li>\n<\/ul>\n<h2 class=\"wsp-post_licitacoess-title\">Licita\u00e7\u00f5es<\/h2>\n<ul class=\"wsp-post_licitacoess-list\">\n<li><a href=\"https:\/\/saobernardo.ma.gov.br\/transparencia\/post_licitacoes\/138721\/\">138721<\/a><\/li>\n<li><a href=\"https:\/\/saobernardo.ma.gov.br\/transparencia\/post_licitacoes\/139800\/\">139800<\/a><\/li>\n<li><a href=\"https:\/\/saobernardo.ma.gov.br\/transparencia\/post_licitacoes\/139823\/\">139823<\/a><\/li>\n<li><a href=\"https:\/\/saobernardo.ma.gov.br\/transparencia\/post_licitacoes\/140305\/\">140305<\/a><\/li>\n<li><a href=\"https:\/\/saobernardo.ma.gov.br\/transparencia\/post_licitacoes\/140317\/\">140317<\/a><\/li>\n<li><a href=\"https:\/\/saobernardo.ma.gov.br\/transparencia\/post_licitacoes\/140323\/\">140323<\/a><\/li>\n<li><a href=\"https:\/\/saobernardo.ma.gov.br\/transparencia\/post_licitacoes\/141645\/\">141645<\/a><\/li>\n<li><a href=\"https:\/\/saobernardo.ma.gov.br\/transparencia\/post_licitacoes\/141709\/\">141709<\/a><\/li>\n<li><a href=\"https:\/\/saobernardo.ma.gov.br\/transparencia\/post_licitacoes\/141713\/\">141713<\/a><\/li>\n<li><a href=\"https:\/\/saobernardo.ma.gov.br\/transparencia\/post_licitacoes\/141715\/\">141715<\/a><\/li>\n<li><a href=\"https:\/\/saobernardo.ma.gov.br\/transparencia\/post_licitacoes\/141716\/\">141716<\/a><\/li>\n<li><a href=\"https:\/\/saobernardo.ma.gov.br\/transparencia\/post_licitacoes\/141717\/\">141717<\/a><\/li>\n<li><a href=\"https:\/\/saobernardo.ma.gov.br\/transparencia\/post_licitacoes\/141719\/\">141719<\/a><\/li>\n<li><a href=\"https:\/\/saobernardo.ma.gov.br\/transparencia\/post_licitacoes\/138211\/\">138211<\/a><\/li>\n<li><a href=\"https:\/\/saobernardo.ma.gov.br\/transparencia\/post_licitacoes\/137309\/\">137309<\/a><\/li>\n<li><a href=\"https:\/\/saobernardo.ma.gov.br\/transparencia\/post_licitacoes\/136877\/\">136877<\/a><\/li>\n<li><a href=\"https:\/\/saobernardo.ma.gov.br\/transparencia\/post_licitacoes\/136878\/\">136878<\/a><\/li>\n<li><a href=\"https:\/\/saobernardo.ma.gov.br\/transparencia\/post_licitacoes\/136881\/\">136881<\/a><\/li>\n<li><a href=\"https:\/\/saobernardo.ma.gov.br\/transparencia\/post_licitacoes\/137133\/\">137133<\/a><\/li>\n<li><a href=\"https:\/\/saobernardo.ma.gov.br\/transparencia\/post_licitacoes\/137125\/\">137125<\/a><\/li>\n<li><a href=\"https:\/\/saobernardo.ma.gov.br\/transparencia\/post_licitacoes\/137127\/\">137127<\/a><\/li>\n<li><a href=\"https:\/\/saobernardo.ma.gov.br\/transparencia\/post_licitacoes\/136882\/\">136882<\/a><\/li>\n<li><a href=\"https:\/\/saobernardo.ma.gov.br\/transparencia\/post_licitacoes\/134575\/\">134575<\/a><\/li>\n<li><a href=\"https:\/\/saobernardo.ma.gov.br\/transparencia\/post_licitacoes\/131095\/\">131095<\/a><\/li>\n<li><a href=\"https:\/\/saobernardo.ma.gov.br\/transparencia\/post_licitacoes\/131098\/\">131098<\/a><\/li>\n<li><a href=\"https:\/\/saobernardo.ma.gov.br\/transparencia\/post_licitacoes\/131102\/\">131102<\/a><\/li>\n<li><a href=\"https:\/\/saobernardo.ma.gov.br\/transparencia\/post_licitacoes\/133010\/\">133010<\/a><\/li>\n<li><a href=\"https:\/\/saobernardo.ma.gov.br\/transparencia\/post_licitacoes\/133018\/\">133018<\/a><\/li>\n<li><a href=\"https:\/\/saobernardo.ma.gov.br\/transparencia\/post_licitacoes\/130592\/\">130592<\/a><\/li>\n<li><a href=\"https:\/\/saobernardo.ma.gov.br\/transparencia\/post_licitacoes\/133136\/\">133136<\/a><\/li>\n<li><a href=\"https:\/\/saobernardo.ma.gov.br\/transparencia\/post_licitacoes\/132639\/\">132639<\/a><\/li>\n<li><a href=\"https:\/\/saobernardo.ma.gov.br\/transparencia\/post_licitacoes\/83165\/\">83165<\/a><\/li>\n<li><a href=\"https:\/\/saobernardo.ma.gov.br\/transparencia\/post_licitacoes\/118181\/\">118181<\/a><\/li>\n<li><a href=\"https:\/\/saobernardo.ma.gov.br\/transparencia\/post_licitacoes\/34081\/\">34081<\/a><\/li>\n<li><a href=\"https:\/\/saobernardo.ma.gov.br\/transparencia\/post_licitacoes\/78983\/\">78983<\/a><\/li>\n<li><a href=\"https:\/\/saobernardo.ma.gov.br\/transparencia\/post_licitacoes\/34265\/\">34265<\/a><\/li>\n<li><a href=\"https:\/\/saobernardo.ma.gov.br\/transparencia\/post_licitacoes\/115917\/\">115917<\/a><\/li>\n<li><a href=\"https:\/\/saobernardo.ma.gov.br\/transparencia\/post_licitacoes\/58272\/\">58272<\/a><\/li>\n<li><a href=\"https:\/\/saobernardo.ma.gov.br\/transparencia\/post_licitacoes\/66722\/\">66722<\/a><\/li>\n<li><a href=\"https:\/\/saobernardo.ma.gov.br\/transparencia\/post_licitacoes\/34607\/\">34607<\/a><\/li>\n<li><a href=\"https:\/\/saobernardo.ma.gov.br\/transparencia\/post_licitacoes\/22194\/\">22194<\/a><\/li>\n<li><a href=\"https:\/\/saobernardo.ma.gov.br\/transparencia\/post_licitacoes\/44829\/\">44829<\/a><\/li>\n<li><a href=\"https:\/\/saobernardo.ma.gov.br\/transparencia\/post_licitacoes\/67409\/\">67409<\/a><\/li>\n<li><a href=\"https:\/\/saobernardo.ma.gov.br\/transparencia\/post_licitacoes\/75591\/\">75591<\/a><\/li>\n<li><a href=\"https:\/\/saobernardo.ma.gov.br\/transparencia\/post_licitacoes\/34605\/\">34605<\/a><\/li>\n<li><a href=\"https:\/\/saobernardo.ma.gov.br\/transparencia\/post_licitacoes\/90837\/\">90837<\/a><\/li>\n<li><a href=\"https:\/\/saobernardo.ma.gov.br\/transparencia\/post_licitacoes\/64650\/\">64650<\/a><\/li>\n<li><a href=\"https:\/\/saobernardo.ma.gov.br\/transparencia\/post_licitacoes\/118090\/\">118090<\/a><\/li>\n<li><a href=\"https:\/\/saobernardo.ma.gov.br\/transparencia\/post_licitacoes\/112860\/\">112860<\/a><\/li>\n<li><a href=\"https:\/\/saobernardo.ma.gov.br\/transparencia\/post_licitacoes\/34028\/\">34028<\/a><\/li>\n<li><a href=\"https:\/\/saobernardo.ma.gov.br\/transparencia\/post_licitacoes\/18384\/\">18384<\/a><\/li>\n<li><a href=\"https:\/\/saobernardo.ma.gov.br\/transparencia\/post_licitacoes\/123626\/\">123626<\/a><\/li>\n<li><a href=\"https:\/\/saobernardo.ma.gov.br\/transparencia\/post_licitacoes\/34378\/\">34378<\/a><\/li>\n<li><a href=\"https:\/\/saobernardo.ma.gov.br\/transparencia\/post_licitacoes\/58258\/\">58258<\/a><\/li>\n<li><a href=\"https:\/\/saobernardo.ma.gov.br\/transparencia\/post_licitacoes\/66742\/\">66742<\/a><\/li>\n<li><a href=\"https:\/\/saobernardo.ma.gov.br\/transparencia\/post_licitacoes\/34301\/\">34301<\/a><\/li>\n<li><a href=\"https:\/\/saobernardo.ma.gov.br\/transparencia\/post_licitacoes\/22206\/\">22206<\/a><\/li>\n<li><a href=\"https:\/\/saobernardo.ma.gov.br\/transparencia\/post_licitacoes\/34015\/\">34015<\/a><\/li>\n<li><a href=\"https:\/\/saobernardo.ma.gov.br\/transparencia\/post_licitacoes\/22275\/\">22275<\/a><\/li>\n<li><a href=\"https:\/\/saobernardo.ma.gov.br\/transparencia\/post_licitacoes\/34603\/\">34603<\/a><\/li>\n<li><a href=\"https:\/\/saobernardo.ma.gov.br\/transparencia\/post_licitacoes\/38018\/\">38018<\/a><\/li>\n<li><a href=\"https:\/\/saobernardo.ma.gov.br\/transparencia\/post_licitacoes\/121898\/\">121898<\/a><\/li>\n<li><a href=\"https:\/\/saobernardo.ma.gov.br\/transparencia\/post_licitacoes\/126445\/\">126445<\/a><\/li>\n<li><a href=\"https:\/\/saobernardo.ma.gov.br\/transparencia\/post_licitacoes\/130171\/\">130171<\/a><\/li>\n<li><a href=\"https:\/\/saobernardo.ma.gov.br\/transparencia\/post_licitacoes\/79009\/\">79009<\/a><\/li>\n<li><a href=\"https:\/\/saobernardo.ma.gov.br\/transparencia\/post_licitacoes\/34021\/\">34021<\/a><\/li>\n<li><a href=\"https:\/\/saobernardo.ma.gov.br\/transparencia\/post_licitacoes\/22165\/\">22165<\/a><\/li>\n<li><a href=\"https:\/\/saobernardo.ma.gov.br\/transparencia\/post_licitacoes\/75587\/\">75587<\/a><\/li>\n<li><a href=\"https:\/\/saobernardo.ma.gov.br\/transparencia\/post_licitacoes\/90607\/\">90607<\/a><\/li>\n<li><a href=\"https:\/\/saobernardo.ma.gov.br\/transparencia\/post_licitacoes\/75597\/\">75597<\/a><\/li>\n<li><a href=\"https:\/\/saobernardo.ma.gov.br\/transparencia\/post_licitacoes\/98942\/\">98942<\/a><\/li>\n<li><a href=\"https:\/\/saobernardo.ma.gov.br\/transparencia\/post_licitacoes\/22222\/\">22222<\/a><\/li>\n<li><a href=\"https:\/\/saobernardo.ma.gov.br\/transparencia\/post_licitacoes\/22198\/\">22198<\/a><\/li>\n<li><a href=\"https:\/\/saobernardo.ma.gov.br\/transparencia\/post_licitacoes\/99026\/\">99026<\/a><\/li>\n<li><a href=\"https:\/\/saobernardo.ma.gov.br\/transparencia\/post_licitacoes\/22153\/\">22153<\/a><\/li>\n<li><a href=\"https:\/\/saobernardo.ma.gov.br\/transparencia\/post_licitacoes\/56475\/\">56475<\/a><\/li>\n<li><a href=\"https:\/\/saobernardo.ma.gov.br\/transparencia\/post_licitacoes\/130170\/\">130170<\/a><\/li>\n<li><a href=\"https:\/\/saobernardo.ma.gov.br\/transparencia\/post_licitacoes\/37916\/\">37916<\/a><\/li>\n<li><a href=\"https:\/\/saobernardo.ma.gov.br\/transparencia\/post_licitacoes\/90363\/\">90363<\/a><\/li>\n<li><a href=\"https:\/\/saobernardo.ma.gov.br\/transparencia\/post_licitacoes\/22147\/\">22147<\/a><\/li>\n<li><a href=\"https:\/\/saobernardo.ma.gov.br\/transparencia\/post_licitacoes\/87910\/\">87910<\/a><\/li>\n<li><a href=\"https:\/\/saobernardo.ma.gov.br\/transparencia\/post_licitacoes\/33993\/\">33993<\/a><\/li>\n<li><a href=\"https:\/\/saobernardo.ma.gov.br\/transparencia\/post_licitacoes\/38043\/\">38043<\/a><\/li>\n<li><a href=\"https:\/\/saobernardo.ma.gov.br\/transparencia\/post_licitacoes\/75614\/\">75614<\/a><\/li>\n<li><a href=\"https:\/\/saobernardo.ma.gov.br\/transparencia\/post_licitacoes\/33971\/\">33971<\/a><\/li>\n<li><a href=\"https:\/\/saobernardo.ma.gov.br\/transparencia\/post_licitacoes\/100899\/\">100899<\/a><\/li>\n<li><a href=\"https:\/\/saobernardo.ma.gov.br\/transparencia\/post_licitacoes\/113951\/\">113951<\/a><\/li>\n<li><a href=\"https:\/\/saobernardo.ma.gov.br\/transparencia\/post_licitacoes\/127070\/\">127070<\/a><\/li>\n<li><a href=\"https:\/\/saobernardo.ma.gov.br\/transparencia\/post_licitacoes\/101404\/\">101404<\/a><\/li>\n<li><a href=\"https:\/\/saobernardo.ma.gov.br\/transparencia\/post_licitacoes\/88103\/\">88103<\/a><\/li>\n<li><a href=\"https:\/\/saobernardo.ma.gov.br\/transparencia\/post_licitacoes\/118107\/\">118107<\/a><\/li>\n<li><a href=\"https:\/\/saobernardo.ma.gov.br\/transparencia\/post_licitacoes\/75753\/\">75753<\/a><\/li>\n<li><a href=\"https:\/\/saobernardo.ma.gov.br\/transparencia\/post_licitacoes\/108452\/\">108452<\/a><\/li>\n<li><a href=\"https:\/\/saobernardo.ma.gov.br\/transparencia\/post_licitacoes\/69289\/\">69289<\/a><\/li>\n<li><a href=\"https:\/\/saobernardo.ma.gov.br\/transparencia\/post_licitacoes\/116191\/\">116191<\/a><\/li>\n<li><a href=\"https:\/\/saobernardo.ma.gov.br\/transparencia\/post_licitacoes\/22183\/\">22183<\/a><\/li>\n<li><a href=\"https:\/\/saobernardo.ma.gov.br\/transparencia\/post_licitacoes\/66751\/\">66751<\/a><\/li>\n<li><a href=\"https:\/\/saobernardo.ma.gov.br\/transparencia\/post_licitacoes\/22157\/\">22157<\/a><\/li>\n<li><a href=\"https:\/\/saobernardo.ma.gov.br\/transparencia\/post_licitacoes\/22247\/\">22247<\/a><\/li>\n<li><a href=\"https:\/\/saobernardo.ma.gov.br\/transparencia\/post_licitacoes\/22290\/\">22290<\/a><\/li>\n<li><a href=\"https:\/\/saobernardo.ma.gov.br\/transparencia\/post_licitacoes\/100869\/\">100869<\/a><\/li>\n<li><a href=\"https:\/\/saobernardo.ma.gov.br\/transparencia\/post_licitacoes\/99015\/\">99015<\/a><\/li>\n<li><a href=\"https:\/\/saobernardo.ma.gov.br\/transparencia\/post_licitacoes\/64654\/\">64654<\/a><\/li>\n<li><a href=\"https:\/\/saobernardo.ma.gov.br\/transparencia\/post_licitacoes\/34267\/\">34267<\/a><\/li>\n<li><a href=\"https:\/\/saobernardo.ma.gov.br\/transparencia\/post_licitacoes\/22239\/\">22239<\/a><\/li>\n<li><a href=\"https:\/\/saobernardo.ma.gov.br\/transparencia\/post_licitacoes\/57379\/\">57379<\/a><\/li>\n<li><a href=\"https:\/\/saobernardo.ma.gov.br\/transparencia\/post_licitacoes\/56532\/\">56532<\/a><\/li>\n<li><a href=\"https:\/\/saobernardo.ma.gov.br\/transparencia\/post_licitacoes\/34314\/\">34314<\/a><\/li>\n<li><a href=\"https:\/\/saobernardo.ma.gov.br\/transparencia\/post_licitacoes\/124970\/\">124970<\/a><\/li>\n<li><a href=\"https:\/\/saobernardo.ma.gov.br\/transparencia\/post_licitacoes\/22235\/\">22235<\/a><\/li>\n<li><a href=\"https:\/\/saobernardo.ma.gov.br\/transparencia\/post_licitacoes\/22269\/\">22269<\/a><\/li>\n<li><a href=\"https:\/\/saobernardo.ma.gov.br\/transparencia\/post_licitacoes\/50429\/\">50429<\/a><\/li>\n<li><a href=\"https:\/\/saobernardo.ma.gov.br\/transparencia\/post_licitacoes\/22167\/\">22167<\/a><\/li>\n<li><a href=\"https:\/\/saobernardo.ma.gov.br\/transparencia\/post_licitacoes\/22213\/\">22213<\/a><\/li>\n<li><a href=\"https:\/\/saobernardo.ma.gov.br\/transparencia\/post_licitacoes\/89502\/\">89502<\/a><\/li>\n<li><a href=\"https:\/\/saobernardo.ma.gov.br\/transparencia\/post_licitacoes\/22209\/\">22209<\/a><\/li>\n<li><a href=\"https:\/\/saobernardo.ma.gov.br\/transparencia\/post_licitacoes\/103156\/\">103156<\/a><\/li>\n<li><a href=\"https:\/\/saobernardo.ma.gov.br\/transparencia\/post_licitacoes\/130476\/\">130476<\/a><\/li>\n<li><a href=\"https:\/\/saobernardo.ma.gov.br\/transparencia\/post_licitacoes\/34255\/\">34255<\/a><\/li>\n<li><a href=\"https:\/\/saobernardo.ma.gov.br\/transparencia\/post_licitacoes\/22160\/\">22160<\/a><\/li>\n<li><a href=\"https:\/\/saobernardo.ma.gov.br\/transparencia\/post_licitacoes\/34029\/\">34029<\/a><\/li>\n<li><a href=\"https:\/\/saobernardo.ma.gov.br\/transparencia\/post_licitacoes\/104489\/\">104489<\/a><\/li>\n<li><a href=\"https:\/\/saobernardo.ma.gov.br\/transparencia\/post_licitacoes\/22251\/\">22251<\/a><\/li>\n<li><a href=\"https:\/\/saobernardo.ma.gov.br\/transparencia\/post_licitacoes\/66730\/\">66730<\/a><\/li>\n<li><a href=\"https:\/\/saobernardo.ma.gov.br\/transparencia\/post_licitacoes\/117907\/\">117907<\/a><\/li>\n<li><a href=\"https:\/\/saobernardo.ma.gov.br\/transparencia\/post_licitacoes\/127775\/\">127775<\/a><\/li>\n<li><a href=\"https:\/\/saobernardo.ma.gov.br\/transparencia\/post_licitacoes\/57387\/\">57387<\/a><\/li>\n<li><a href=\"https:\/\/saobernardo.ma.gov.br\/transparencia\/post_licitacoes\/66736\/\">66736<\/a><\/li>\n<li><a href=\"https:\/\/saobernardo.ma.gov.br\/transparencia\/post_licitacoes\/22176\/\">22176<\/a><\/li>\n<li><a href=\"https:\/\/saobernardo.ma.gov.br\/transparencia\/post_licitacoes\/50812\/\">50812<\/a><\/li>\n<li><a href=\"https:\/\/saobernardo.ma.gov.br\/transparencia\/post_licitacoes\/22266\/\">22266<\/a><\/li>\n<li><a href=\"https:\/\/saobernardo.ma.gov.br\/transparencia\/post_licitacoes\/58274\/\">58274<\/a><\/li>\n<li><a href=\"https:\/\/saobernardo.ma.gov.br\/transparencia\/post_licitacoes\/34423\/\">34423<\/a><\/li>\n<li><a href=\"https:\/\/saobernardo.ma.gov.br\/transparencia\/post_licitacoes\/22279\/\">22279<\/a><\/li>\n<li><a href=\"https:\/\/saobernardo.ma.gov.br\/transparencia\/post_licitacoes\/66748\/\">66748<\/a><\/li>\n<li><a href=\"https:\/\/saobernardo.ma.gov.br\/transparencia\/post_licitacoes\/34462\/\">34462<\/a><\/li>\n<li><a href=\"https:\/\/saobernardo.ma.gov.br\/transparencia\/post_licitacoes\/34469\/\">34469<\/a><\/li>\n<li><a href=\"https:\/\/saobernardo.ma.gov.br\/transparencia\/post_licitacoes\/22248\/\">22248<\/a><\/li>\n<li><a href=\"https:\/\/saobernardo.ma.gov.br\/transparencia\/post_licitacoes\/38052\/\">38052<\/a><\/li>\n<li><a href=\"https:\/\/saobernardo.ma.gov.br\/transparencia\/post_licitacoes\/66744\/\">66744<\/a><\/li>\n<li><a href=\"https:\/\/saobernardo.ma.gov.br\/transparencia\/post_licitacoes\/50450\/\">50450<\/a><\/li>\n<li><a href=\"https:\/\/saobernardo.ma.gov.br\/transparencia\/post_licitacoes\/111472\/\">111472<\/a><\/li>\n<li><a href=\"https:\/\/saobernardo.ma.gov.br\/transparencia\/post_licitacoes\/34484\/\">34484<\/a><\/li>\n<li><a href=\"https:\/\/saobernardo.ma.gov.br\/transparencia\/post_licitacoes\/126073\/\">126073<\/a><\/li>\n<li><a href=\"https:\/\/saobernardo.ma.gov.br\/transparencia\/post_licitacoes\/13293\/\">13293<\/a><\/li>\n<li><a href=\"https:\/\/saobernardo.ma.gov.br\/transparencia\/post_licitacoes\/82585\/\">82585<\/a><\/li>\n<li><a href=\"https:\/\/saobernardo.ma.gov.br\/transparencia\/post_licitacoes\/24085\/\">24085<\/a><\/li>\n<li><a href=\"https:\/\/saobernardo.ma.gov.br\/transparencia\/post_licitacoes\/124969\/\">124969<\/a><\/li>\n<li><a href=\"https:\/\/saobernardo.ma.gov.br\/transparencia\/post_licitacoes\/22155\/\">22155<\/a><\/li>\n<li><a href=\"https:\/\/saobernardo.ma.gov.br\/transparencia\/post_licitacoes\/22204\/\">22204<\/a><\/li>\n<li><a href=\"https:\/\/saobernardo.ma.gov.br\/transparencia\/post_licitacoes\/111946\/\">111946<\/a><\/li>\n<li><a href=\"https:\/\/saobernardo.ma.gov.br\/transparencia\/post_licitacoes\/50447\/\">50447<\/a><\/li>\n<li><a href=\"https:\/\/saobernardo.ma.gov.br\/transparencia\/post_licitacoes\/104487\/\">104487<\/a><\/li>\n<li><a href=\"https:\/\/saobernardo.ma.gov.br\/transparencia\/post_licitacoes\/35945\/\">35945<\/a><\/li>\n<li><a href=\"https:\/\/saobernardo.ma.gov.br\/transparencia\/post_licitacoes\/124964\/\">124964<\/a><\/li>\n<li><a href=\"https:\/\/saobernardo.ma.gov.br\/transparencia\/post_licitacoes\/118096\/\">118096<\/a><\/li>\n<li><a href=\"https:\/\/saobernardo.ma.gov.br\/transparencia\/post_licitacoes\/111102\/\">111102<\/a><\/li>\n<li><a href=\"https:\/\/saobernardo.ma.gov.br\/transparencia\/post_licitacoes\/128186\/\">128186<\/a><\/li>\n<li><a href=\"https:\/\/saobernardo.ma.gov.br\/transparencia\/post_licitacoes\/22218\/\">22218<\/a><\/li>\n<li><a href=\"https:\/\/saobernardo.ma.gov.br\/transparencia\/post_licitacoes\/22458\/\">22458<\/a><\/li>\n<li><a href=\"https:\/\/saobernardo.ma.gov.br\/transparencia\/post_licitacoes\/125998\/\">125998<\/a><\/li>\n<li><a href=\"https:\/\/saobernardo.ma.gov.br\/transparencia\/post_licitacoes\/118122\/\">118122<\/a><\/li>\n<li><a href=\"https:\/\/saobernardo.ma.gov.br\/transparencia\/post_licitacoes\/22238\/\">22238<\/a><\/li>\n<li><a href=\"https:\/\/saobernardo.ma.gov.br\/transparencia\/post_licitacoes\/100659\/\">100659<\/a><\/li>\n<li><a href=\"https:\/\/saobernardo.ma.gov.br\/transparencia\/post_licitacoes\/34236\/\">34236<\/a><\/li>\n<li><a href=\"https:\/\/saobernardo.ma.gov.br\/transparencia\/post_licitacoes\/82007\/\">82007<\/a><\/li>\n<li><a href=\"https:\/\/saobernardo.ma.gov.br\/transparencia\/post_licitacoes\/22463\/\">22463<\/a><\/li>\n<li><a href=\"https:\/\/saobernardo.ma.gov.br\/transparencia\/post_licitacoes\/34195\/\">34195<\/a><\/li>\n<li><a href=\"https:\/\/saobernardo.ma.gov.br\/transparencia\/post_licitacoes\/79616\/\">79616<\/a><\/li>\n<li><a href=\"https:\/\/saobernardo.ma.gov.br\/transparencia\/post_licitacoes\/22219\/\">22219<\/a><\/li>\n<li><a href=\"https:\/\/saobernardo.ma.gov.br\/transparencia\/post_licitacoes\/13100\/\">13100<\/a><\/li>\n<li><a href=\"https:\/\/saobernardo.ma.gov.br\/transparencia\/post_licitacoes\/22152\/\">22152<\/a><\/li>\n<li><a href=\"https:\/\/saobernardo.ma.gov.br\/transparencia\/post_licitacoes\/25727\/\">25727<\/a><\/li>\n<li><a href=\"https:\/\/saobernardo.ma.gov.br\/transparencia\/post_licitacoes\/34327\/\">34327<\/a><\/li>\n<li><a href=\"https:\/\/saobernardo.ma.gov.br\/transparencia\/post_licitacoes\/78982\/\">78982<\/a><\/li>\n<li><a href=\"https:\/\/saobernardo.ma.gov.br\/transparencia\/post_licitacoes\/66725\/\">66725<\/a><\/li>\n<li><a href=\"https:\/\/saobernardo.ma.gov.br\/transparencia\/post_licitacoes\/22205\/\">22205<\/a><\/li>\n<li><a href=\"https:\/\/saobernardo.ma.gov.br\/transparencia\/post_licitacoes\/22233\/\">22233<\/a><\/li>\n<li><a href=\"https:\/\/saobernardo.ma.gov.br\/transparencia\/post_licitacoes\/22228\/\">22228<\/a><\/li>\n<li><a href=\"https:\/\/saobernardo.ma.gov.br\/transparencia\/post_licitacoes\/109939\/\">109939<\/a><\/li>\n<li><a href=\"https:\/\/saobernardo.ma.gov.br\/transparencia\/post_licitacoes\/22252\/\">22252<\/a><\/li>\n<li><a href=\"https:\/\/saobernardo.ma.gov.br\/transparencia\/post_licitacoes\/66733\/\">66733<\/a><\/li>\n<li><a href=\"https:\/\/saobernardo.ma.gov.br\/transparencia\/post_licitacoes\/104486\/\">104486<\/a><\/li>\n<li><a href=\"https:\/\/saobernardo.ma.gov.br\/transparencia\/post_licitacoes\/22229\/\">22229<\/a><\/li>\n<li><a href=\"https:\/\/saobernardo.ma.gov.br\/transparencia\/post_licitacoes\/123641\/\">123641<\/a><\/li>\n<li><a href=\"https:\/\/saobernardo.ma.gov.br\/transparencia\/post_licitacoes\/115978\/\">115978<\/a><\/li>\n<li><a href=\"https:\/\/saobernardo.ma.gov.br\/transparencia\/post_licitacoes\/34398\/\">34398<\/a><\/li>\n<li><a href=\"https:\/\/saobernardo.ma.gov.br\/transparencia\/post_licitacoes\/49767\/\">49767<\/a><\/li>\n<li><a href=\"https:\/\/saobernardo.ma.gov.br\/transparencia\/post_licitacoes\/66728\/\">66728<\/a><\/li>\n<li><a href=\"https:\/\/saobernardo.ma.gov.br\/transparencia\/post_licitacoes\/111162\/\">111162<\/a><\/li>\n<li><a href=\"https:\/\/saobernardo.ma.gov.br\/transparencia\/post_licitacoes\/113950\/\">113950<\/a><\/li>\n<li><a href=\"https:\/\/saobernardo.ma.gov.br\/transparencia\/post_licitacoes\/22246\/\">22246<\/a><\/li>\n<li><a href=\"https:\/\/saobernardo.ma.gov.br\/transparencia\/post_licitacoes\/22148\/\">22148<\/a><\/li>\n<li><a href=\"https:\/\/saobernardo.ma.gov.br\/transparencia\/post_licitacoes\/66747\/\">66747<\/a><\/li>\n<li><a href=\"https:\/\/saobernardo.ma.gov.br\/transparencia\/post_licitacoes\/92399\/\">92399<\/a><\/li>\n<li><a href=\"https:\/\/saobernardo.ma.gov.br\/transparencia\/post_licitacoes\/116161\/\">116161<\/a><\/li>\n<li><a href=\"https:\/\/saobernardo.ma.gov.br\/transparencia\/post_licitacoes\/110575\/\">110575<\/a><\/li>\n<li><a href=\"https:\/\/saobernardo.ma.gov.br\/transparencia\/post_licitacoes\/22210\/\">22210<\/a><\/li>\n<li><a href=\"https:\/\/saobernardo.ma.gov.br\/transparencia\/post_licitacoes\/22173\/\">22173<\/a><\/li>\n<li><a href=\"https:\/\/saobernardo.ma.gov.br\/transparencia\/post_licitacoes\/22244\/\">22244<\/a><\/li>\n<li><a href=\"https:\/\/saobernardo.ma.gov.br\/transparencia\/post_licitacoes\/34445\/\">34445<\/a><\/li>\n<li><a href=\"https:\/\/saobernardo.ma.gov.br\/transparencia\/post_licitacoes\/22199\/\">22199<\/a><\/li>\n<li><a href=\"https:\/\/saobernardo.ma.gov.br\/transparencia\/post_licitacoes\/127959\/\">127959<\/a><\/li>\n<li><a href=\"https:\/\/saobernardo.ma.gov.br\/transparencia\/post_licitacoes\/67430\/\">67430<\/a><\/li>\n<li><a href=\"https:\/\/saobernardo.ma.gov.br\/transparencia\/post_licitacoes\/22162\/\">22162<\/a><\/li>\n<li><a href=\"https:\/\/saobernardo.ma.gov.br\/transparencia\/post_licitacoes\/67395\/\">67395<\/a><\/li>\n<li><a href=\"https:\/\/saobernardo.ma.gov.br\/transparencia\/post_licitacoes\/22203\/\">22203<\/a><\/li>\n<li><a href=\"https:\/\/saobernardo.ma.gov.br\/transparencia\/post_licitacoes\/22237\/\">22237<\/a><\/li>\n<li><a href=\"https:\/\/saobernardo.ma.gov.br\/transparencia\/post_licitacoes\/65405\/\">65405<\/a><\/li>\n<li><a href=\"https:\/\/saobernardo.ma.gov.br\/transparencia\/post_licitacoes\/72143\/\">72143<\/a><\/li>\n<li><a href=\"https:\/\/saobernardo.ma.gov.br\/transparencia\/post_licitacoes\/41747\/\">41747<\/a><\/li>\n<li><a href=\"https:\/\/saobernardo.ma.gov.br\/transparencia\/post_licitacoes\/34084\/\">34084<\/a><\/li>\n<li><a href=\"https:\/\/saobernardo.ma.gov.br\/transparencia\/post_licitacoes\/34539\/\">34539<\/a><\/li>\n<li><a href=\"https:\/\/saobernardo.ma.gov.br\/transparencia\/post_licitacoes\/81416\/\">81416<\/a><\/li>\n<li><a href=\"https:\/\/saobernardo.ma.gov.br\/transparencia\/post_licitacoes\/34115\/\">34115<\/a><\/li>\n<li><a href=\"https:\/\/saobernardo.ma.gov.br\/transparencia\/post_licitacoes\/110098\/\">110098<\/a><\/li>\n<li><a href=\"https:\/\/saobernardo.ma.gov.br\/transparencia\/post_licitacoes\/22215\/\">22215<\/a><\/li>\n<li><a href=\"https:\/\/saobernardo.ma.gov.br\/transparencia\/post_licitacoes\/22151\/\">22151<\/a><\/li>\n<li><a href=\"https:\/\/saobernardo.ma.gov.br\/transparencia\/post_licitacoes\/34497\/\">34497<\/a><\/li>\n<li><a href=\"https:\/\/saobernardo.ma.gov.br\/transparencia\/post_licitacoes\/22154\/\">22154<\/a><\/li>\n<li><a href=\"https:\/\/saobernardo.ma.gov.br\/transparencia\/post_licitacoes\/125886\/\">125886<\/a><\/li>\n<li><a href=\"https:\/\/saobernardo.ma.gov.br\/transparencia\/post_licitacoes\/34326\/\">34326<\/a><\/li>\n<li><a href=\"https:\/\/saobernardo.ma.gov.br\/transparencia\/post_licitacoes\/90332\/\">90332<\/a><\/li>\n<li><a href=\"https:\/\/saobernardo.ma.gov.br\/transparencia\/post_licitacoes\/58263\/\">58263<\/a><\/li>\n<li><a href=\"https:\/\/saobernardo.ma.gov.br\/transparencia\/post_licitacoes\/34320\/\">34320<\/a><\/li>\n<li><a href=\"https:\/\/saobernardo.ma.gov.br\/transparencia\/post_licitacoes\/123345\/\">123345<\/a><\/li>\n<li><a href=\"https:\/\/saobernardo.ma.gov.br\/transparencia\/post_licitacoes\/22158\/\">22158<\/a><\/li>\n<li><a href=\"https:\/\/saobernardo.ma.gov.br\/transparencia\/post_licitacoes\/22149\/\">22149<\/a><\/li>\n<li><a href=\"https:\/\/saobernardo.ma.gov.br\/transparencia\/post_licitacoes\/22234\/\">22234<\/a><\/li>\n<li><a href=\"https:\/\/saobernardo.ma.gov.br\/transparencia\/post_licitacoes\/75755\/\">75755<\/a><\/li>\n<li><a href=\"https:\/\/saobernardo.ma.gov.br\/transparencia\/post_licitacoes\/38041\/\">38041<\/a><\/li>\n<li><a href=\"https:\/\/saobernardo.ma.gov.br\/transparencia\/post_licitacoes\/34524\/\">34524<\/a><\/li>\n<li><a href=\"https:\/\/saobernardo.ma.gov.br\/transparencia\/post_licitacoes\/22223\/\">22223<\/a><\/li>\n<li><a href=\"https:\/\/saobernardo.ma.gov.br\/transparencia\/post_licitacoes\/99509\/\">99509<\/a><\/li>\n<li><a href=\"https:\/\/saobernardo.ma.gov.br\/transparencia\/post_licitacoes\/22146\/\">22146<\/a><\/li>\n<li><a href=\"https:\/\/saobernardo.ma.gov.br\/transparencia\/post_licitacoes\/66724\/\">66724<\/a><\/li>\n<li><a href=\"https:\/\/saobernardo.ma.gov.br\/transparencia\/post_licitacoes\/107046\/\">107046<\/a><\/li>\n<li><a href=\"https:\/\/saobernardo.ma.gov.br\/transparencia\/post_licitacoes\/63806\/\">63806<\/a><\/li>\n<li><a href=\"https:\/\/saobernardo.ma.gov.br\/transparencia\/post_licitacoes\/22240\/\">22240<\/a><\/li>\n<li><a href=\"https:\/\/saobernardo.ma.gov.br\/transparencia\/post_licitacoes\/22175\/\">22175<\/a><\/li>\n<li><a href=\"https:\/\/saobernardo.ma.gov.br\/transparencia\/post_licitacoes\/34541\/\">34541<\/a><\/li>\n<li><a href=\"https:\/\/saobernardo.ma.gov.br\/transparencia\/post_licitacoes\/74124\/\">74124<\/a><\/li>\n<li><a href=\"https:\/\/saobernardo.ma.gov.br\/transparencia\/post_licitacoes\/34518\/\">34518<\/a><\/li>\n<li><a href=\"https:\/\/saobernardo.ma.gov.br\/transparencia\/post_licitacoes\/22174\/\">22174<\/a><\/li>\n<li><a href=\"https:\/\/saobernardo.ma.gov.br\/transparencia\/post_licitacoes\/100002\/\">100002<\/a><\/li>\n<li><a href=\"https:\/\/saobernardo.ma.gov.br\/transparencia\/post_licitacoes\/34286\/\">34286<\/a><\/li>\n<li><a href=\"https:\/\/saobernardo.ma.gov.br\/transparencia\/post_licitacoes\/34318\/\">34318<\/a><\/li>\n<li><a href=\"https:\/\/saobernardo.ma.gov.br\/transparencia\/post_licitacoes\/22216\/\">22216<\/a><\/li>\n<li><a href=\"https:\/\/saobernardo.ma.gov.br\/transparencia\/post_licitacoes\/82004\/\">82004<\/a><\/li>\n<li><a href=\"https:\/\/saobernardo.ma.gov.br\/transparencia\/post_licitacoes\/109453\/\">109453<\/a><\/li>\n<li><a href=\"https:\/\/saobernardo.ma.gov.br\/transparencia\/post_licitacoes\/22282\/\">22282<\/a><\/li>\n<li><a href=\"https:\/\/saobernardo.ma.gov.br\/transparencia\/post_licitacoes\/18382\/\">18382<\/a><\/li>\n<li><a href=\"https:\/\/saobernardo.ma.gov.br\/transparencia\/post_licitacoes\/22270\/\">22270<\/a><\/li>\n<li><a href=\"https:\/\/saobernardo.ma.gov.br\/transparencia\/post_licitacoes\/100836\/\">100836<\/a><\/li>\n<li><a href=\"https:\/\/saobernardo.ma.gov.br\/transparencia\/post_licitacoes\/22236\/\">22236<\/a><\/li>\n<li><a href=\"https:\/\/saobernardo.ma.gov.br\/transparencia\/post_licitacoes\/22168\/\">22168<\/a><\/li>\n<li><a href=\"https:\/\/saobernardo.ma.gov.br\/transparencia\/post_licitacoes\/22253\/\">22253<\/a><\/li>\n<li><a href=\"https:\/\/saobernardo.ma.gov.br\/transparencia\/post_licitacoes\/22171\/\">22171<\/a><\/li>\n<li><a href=\"https:\/\/saobernardo.ma.gov.br\/transparencia\/post_licitacoes\/34373\/\">34373<\/a><\/li>\n<li><a href=\"https:\/\/saobernardo.ma.gov.br\/transparencia\/post_licitacoes\/38042\/\">38042<\/a><\/li>\n<li><a href=\"https:\/\/saobernardo.ma.gov.br\/transparencia\/post_licitacoes\/66753\/\">66753<\/a><\/li>\n<li><a href=\"https:\/\/saobernardo.ma.gov.br\/transparencia\/post_licitacoes\/38040\/\">38040<\/a><\/li>\n<li><a href=\"https:\/\/saobernardo.ma.gov.br\/transparencia\/post_licitacoes\/82006\/\">82006<\/a><\/li>\n<li><a href=\"https:\/\/saobernardo.ma.gov.br\/transparencia\/post_licitacoes\/22170\/\">22170<\/a><\/li>\n<li><a href=\"https:\/\/saobernardo.ma.gov.br\/transparencia\/post_licitacoes\/63530\/\">63530<\/a><\/li>\n<li><a href=\"https:\/\/saobernardo.ma.gov.br\/transparencia\/post_licitacoes\/79008\/\">79008<\/a><\/li>\n<li><a href=\"https:\/\/saobernardo.ma.gov.br\/transparencia\/post_licitacoes\/116312\/\">116312<\/a><\/li>\n<li><a href=\"https:\/\/saobernardo.ma.gov.br\/transparencia\/post_licitacoes\/34146\/\">34146<\/a><\/li>\n<li><a href=\"https:\/\/saobernardo.ma.gov.br\/transparencia\/post_licitacoes\/126190\/\">126190<\/a><\/li>\n<li><a href=\"https:\/\/saobernardo.ma.gov.br\/transparencia\/post_licitacoes\/22156\/\">22156<\/a><\/li>\n<li><a href=\"https:\/\/saobernardo.ma.gov.br\/transparencia\/post_licitacoes\/22178\/\">22178<\/a><\/li>\n<li><a href=\"https:\/\/saobernardo.ma.gov.br\/transparencia\/post_licitacoes\/22208\/\">22208<\/a><\/li>\n<li><a href=\"https:\/\/saobernardo.ma.gov.br\/transparencia\/post_licitacoes\/22288\/\">22288<\/a><\/li>\n<li><a href=\"https:\/\/saobernardo.ma.gov.br\/transparencia\/post_licitacoes\/115743\/\">115743<\/a><\/li>\n<li><a href=\"https:\/\/saobernardo.ma.gov.br\/transparencia\/post_licitacoes\/67343\/\">67343<\/a><\/li>\n<li><a href=\"https:\/\/saobernardo.ma.gov.br\/transparencia\/post_licitacoes\/34374\/\">34374<\/a><\/li>\n<li><a href=\"https:\/\/saobernardo.ma.gov.br\/transparencia\/post_licitacoes\/127742\/\">127742<\/a><\/li>\n<li><a href=\"https:\/\/saobernardo.ma.gov.br\/transparencia\/post_licitacoes\/114990\/\">114990<\/a><\/li>\n<li><a href=\"https:\/\/saobernardo.ma.gov.br\/transparencia\/post_licitacoes\/113952\/\">113952<\/a><\/li>\n<li><a href=\"https:\/\/saobernardo.ma.gov.br\/transparencia\/post_licitacoes\/109932\/\">109932<\/a><\/li>\n<li><a href=\"https:\/\/saobernardo.ma.gov.br\/transparencia\/post_licitacoes\/114912\/\">114912<\/a><\/li>\n<li><a href=\"https:\/\/saobernardo.ma.gov.br\/transparencia\/post_licitacoes\/113324\/\">113324<\/a><\/li>\n<li><a href=\"https:\/\/saobernardo.ma.gov.br\/transparencia\/post_licitacoes\/110372\/\">110372<\/a><\/li>\n<li><a href=\"https:\/\/saobernardo.ma.gov.br\/transparencia\/post_licitacoes\/126998\/\">126998<\/a><\/li>\n<li><a href=\"https:\/\/saobernardo.ma.gov.br\/transparencia\/post_licitacoes\/123773\/\">123773<\/a><\/li>\n<li><a href=\"https:\/\/saobernardo.ma.gov.br\/transparencia\/post_licitacoes\/114518\/\">114518<\/a><\/li>\n<li><a href=\"https:\/\/saobernardo.ma.gov.br\/transparencia\/post_licitacoes\/112861\/\">112861<\/a><\/li>\n<li><a href=\"https:\/\/saobernardo.ma.gov.br\/transparencia\/post_licitacoes\/110669\/\">110669<\/a><\/li>\n<li><a href=\"https:\/\/saobernardo.ma.gov.br\/transparencia\/post_licitacoes\/112866\/\">112866<\/a><\/li>\n<li><a href=\"https:\/\/saobernardo.ma.gov.br\/transparencia\/post_licitacoes\/110625\/\">110625<\/a><\/li>\n<li><a href=\"https:\/\/saobernardo.ma.gov.br\/transparencia\/post_licitacoes\/112945\/\">112945<\/a><\/li>\n<li><a href=\"https:\/\/saobernardo.ma.gov.br\/transparencia\/post_licitacoes\/109746\/\">109746<\/a><\/li>\n<li><a href=\"https:\/\/saobernardo.ma.gov.br\/transparencia\/post_licitacoes\/110315\/\">110315<\/a><\/li>\n<li><a href=\"https:\/\/saobernardo.ma.gov.br\/transparencia\/post_licitacoes\/109456\/\">109456<\/a><\/li>\n<li><a href=\"https:\/\/saobernardo.ma.gov.br\/transparencia\/post_licitacoes\/109451\/\">109451<\/a><\/li>\n<li><a href=\"https:\/\/saobernardo.ma.gov.br\/transparencia\/post_licitacoes\/112183\/\">112183<\/a><\/li>\n<li><a href=\"https:\/\/saobernardo.ma.gov.br\/transparencia\/post_licitacoes\/111161\/\">111161<\/a><\/li>\n<li><a href=\"https:\/\/saobernardo.ma.gov.br\/transparencia\/post_licitacoes\/126460\/\">126460<\/a><\/li>\n<li><a href=\"https:\/\/saobernardo.ma.gov.br\/transparencia\/post_licitacoes\/112072\/\">112072<\/a><\/li>\n<li><a href=\"https:\/\/saobernardo.ma.gov.br\/transparencia\/post_licitacoes\/112092\/\">112092<\/a><\/li>\n<li><a href=\"https:\/\/saobernardo.ma.gov.br\/transparencia\/post_licitacoes\/112101\/\">112101<\/a><\/li>\n<li><a href=\"https:\/\/saobernardo.ma.gov.br\/transparencia\/post_licitacoes\/110619\/\">110619<\/a><\/li>\n<li><a href=\"https:\/\/saobernardo.ma.gov.br\/transparencia\/post_licitacoes\/111955\/\">111955<\/a><\/li>\n<li><a href=\"https:\/\/saobernardo.ma.gov.br\/transparencia\/post_licitacoes\/122113\/\">122113<\/a><\/li>\n<li><a href=\"https:\/\/saobernardo.ma.gov.br\/transparencia\/post_licitacoes\/111917\/\">111917<\/a><\/li>\n<li><a href=\"https:\/\/saobernardo.ma.gov.br\/transparencia\/post_licitacoes\/110293\/\">110293<\/a><\/li>\n<li><a href=\"https:\/\/saobernardo.ma.gov.br\/transparencia\/post_licitacoes\/111718\/\">111718<\/a><\/li>\n<li><a href=\"https:\/\/saobernardo.ma.gov.br\/transparencia\/post_licitacoes\/110571\/\">110571<\/a><\/li>\n<li><a href=\"https:\/\/saobernardo.ma.gov.br\/transparencia\/post_licitacoes\/126165\/\">126165<\/a><\/li>\n<li><a href=\"https:\/\/saobernardo.ma.gov.br\/transparencia\/post_licitacoes\/111107\/\">111107<\/a><\/li>\n<li><a href=\"https:\/\/saobernardo.ma.gov.br\/transparencia\/post_licitacoes\/110735\/\">110735<\/a><\/li>\n<li><a href=\"https:\/\/saobernardo.ma.gov.br\/transparencia\/post_licitacoes\/110583\/\">110583<\/a><\/li>\n<li><a href=\"https:\/\/saobernardo.ma.gov.br\/transparencia\/post_licitacoes\/112858\/\">112858<\/a><\/li>\n<li><a href=\"https:\/\/saobernardo.ma.gov.br\/transparencia\/post_licitacoes\/121896\/\">121896<\/a><\/li>\n<li><a href=\"https:\/\/saobernardo.ma.gov.br\/transparencia\/post_licitacoes\/108920\/\">108920<\/a><\/li>\n<li><a href=\"https:\/\/saobernardo.ma.gov.br\/transparencia\/post_licitacoes\/105157\/\">105157<\/a><\/li>\n<li><a href=\"https:\/\/saobernardo.ma.gov.br\/transparencia\/post_licitacoes\/125460\/\">125460<\/a><\/li>\n<li><a href=\"https:\/\/saobernardo.ma.gov.br\/transparencia\/post_licitacoes\/125342\/\">125342<\/a><\/li>\n<li><a href=\"https:\/\/saobernardo.ma.gov.br\/transparencia\/post_licitacoes\/125277\/\">125277<\/a><\/li>\n<li><a href=\"https:\/\/saobernardo.ma.gov.br\/transparencia\/post_licitacoes\/125199\/\">125199<\/a><\/li>\n<li><a href=\"https:\/\/saobernardo.ma.gov.br\/transparencia\/post_licitacoes\/124327\/\">124327<\/a><\/li>\n<li><a href=\"https:\/\/saobernardo.ma.gov.br\/transparencia\/post_licitacoes\/124304\/\">124304<\/a><\/li>\n<li><a href=\"https:\/\/saobernardo.ma.gov.br\/transparencia\/post_licitacoes\/121905\/\">121905<\/a><\/li>\n<li><a href=\"https:\/\/saobernardo.ma.gov.br\/transparencia\/post_licitacoes\/124069\/\">124069<\/a><\/li>\n<li><a href=\"https:\/\/saobernardo.ma.gov.br\/transparencia\/post_licitacoes\/123667\/\">123667<\/a><\/li>\n<li><a href=\"https:\/\/saobernardo.ma.gov.br\/transparencia\/post_licitacoes\/104518\/\">104518<\/a><\/li>\n<li><a href=\"https:\/\/saobernardo.ma.gov.br\/transparencia\/post_licitacoes\/102119\/\">102119<\/a><\/li>\n<li><a href=\"https:\/\/saobernardo.ma.gov.br\/transparencia\/post_licitacoes\/103592\/\">103592<\/a><\/li>\n<li><a href=\"https:\/\/saobernardo.ma.gov.br\/transparencia\/post_licitacoes\/121897\/\">121897<\/a><\/li>\n<li><a href=\"https:\/\/saobernardo.ma.gov.br\/transparencia\/post_licitacoes\/118051\/\">118051<\/a><\/li>\n<li><a href=\"https:\/\/saobernardo.ma.gov.br\/transparencia\/post_licitacoes\/102131\/\">102131<\/a><\/li>\n<li><a href=\"https:\/\/saobernardo.ma.gov.br\/transparencia\/post_licitacoes\/119729\/\">119729<\/a><\/li>\n<li><a href=\"https:\/\/saobernardo.ma.gov.br\/transparencia\/post_licitacoes\/100438\/\">100438<\/a><\/li>\n<li><a href=\"https:\/\/saobernardo.ma.gov.br\/transparencia\/post_licitacoes\/101561\/\">101561<\/a><\/li>\n<li><a href=\"https:\/\/saobernardo.ma.gov.br\/transparencia\/post_licitacoes\/99504\/\">99504<\/a><\/li>\n<li><a href=\"https:\/\/saobernardo.ma.gov.br\/transparencia\/post_licitacoes\/128939\/\">128939<\/a><\/li>\n<li><a href=\"https:\/\/saobernardo.ma.gov.br\/transparencia\/post_licitacoes\/98940\/\">98940<\/a><\/li>\n<li><a href=\"https:\/\/saobernardo.ma.gov.br\/transparencia\/post_licitacoes\/121895\/\">121895<\/a><\/li>\n<li><a href=\"https:\/\/saobernardo.ma.gov.br\/transparencia\/post_licitacoes\/98941\/\">98941<\/a><\/li>\n<li><a href=\"https:\/\/saobernardo.ma.gov.br\/transparencia\/post_licitacoes\/121942\/\">121942<\/a><\/li>\n<li><a href=\"https:\/\/saobernardo.ma.gov.br\/transparencia\/post_licitacoes\/100665\/\">100665<\/a><\/li>\n<li><a href=\"https:\/\/saobernardo.ma.gov.br\/transparencia\/post_licitacoes\/100570\/\">100570<\/a><\/li>\n<li><a href=\"https:\/\/saobernardo.ma.gov.br\/transparencia\/post_licitacoes\/99034\/\">99034<\/a><\/li>\n<li><a href=\"https:\/\/saobernardo.ma.gov.br\/transparencia\/post_licitacoes\/99901\/\">99901<\/a><\/li>\n<li><a href=\"https:\/\/saobernardo.ma.gov.br\/transparencia\/post_licitacoes\/99717\/\">99717<\/a><\/li>\n<li><a href=\"https:\/\/saobernardo.ma.gov.br\/transparencia\/post_licitacoes\/99624\/\">99624<\/a><\/li>\n<li><a href=\"https:\/\/saobernardo.ma.gov.br\/transparencia\/post_licitacoes\/99595\/\">99595<\/a><\/li>\n<li><a href=\"https:\/\/saobernardo.ma.gov.br\/transparencia\/post_licitacoes\/116313\/\">116313<\/a><\/li>\n<li><a href=\"https:\/\/saobernardo.ma.gov.br\/transparencia\/post_licitacoes\/116192\/\">116192<\/a><\/li>\n<li><a href=\"https:\/\/saobernardo.ma.gov.br\/transparencia\/post_licitacoes\/116196\/\">116196<\/a><\/li>\n<li><a href=\"https:\/\/saobernardo.ma.gov.br\/transparencia\/post_licitacoes\/116160\/\">116160<\/a><\/li>\n<li><a href=\"https:\/\/saobernardo.ma.gov.br\/transparencia\/post_licitacoes\/99359\/\">99359<\/a><\/li>\n<li><a href=\"https:\/\/saobernardo.ma.gov.br\/transparencia\/post_licitacoes\/122003\/\">122003<\/a><\/li>\n<li><a href=\"https:\/\/saobernardo.ma.gov.br\/transparencia\/post_licitacoes\/116315\/\">116315<\/a><\/li>\n<li><a href=\"https:\/\/saobernardo.ma.gov.br\/transparencia\/post_licitacoes\/116194\/\">116194<\/a><\/li>\n<li><a href=\"https:\/\/saobernardo.ma.gov.br\/transparencia\/post_licitacoes\/99181\/\">99181<\/a><\/li>\n<li><a href=\"https:\/\/saobernardo.ma.gov.br\/transparencia\/post_licitacoes\/123102\/\">123102<\/a><\/li>\n<li><a href=\"https:\/\/saobernardo.ma.gov.br\/transparencia\/post_licitacoes\/114802\/\">114802<\/a><\/li>\n<li><a href=\"https:\/\/saobernardo.ma.gov.br\/transparencia\/post_licitacoes\/99106\/\">99106<\/a><\/li>\n<li><a href=\"https:\/\/saobernardo.ma.gov.br\/transparencia\/post_licitacoes\/127962\/\">127962<\/a><\/li>\n<li><a href=\"https:\/\/saobernardo.ma.gov.br\/transparencia\/post_licitacoes\/99074\/\">99074<\/a><\/li>\n<li><a href=\"https:\/\/saobernardo.ma.gov.br\/transparencia\/post_licitacoes\/98723\/\">98723<\/a><\/li>\n<li><a href=\"https:\/\/saobernardo.ma.gov.br\/transparencia\/post_licitacoes\/98626\/\">98626<\/a><\/li>\n<li><a href=\"https:\/\/saobernardo.ma.gov.br\/transparencia\/post_licitacoes\/98232\/\">98232<\/a><\/li>\n<li><a href=\"https:\/\/saobernardo.ma.gov.br\/transparencia\/post_licitacoes\/127774\/\">127774<\/a><\/li>\n<li><a href=\"https:\/\/saobernardo.ma.gov.br\/transparencia\/post_licitacoes\/122123\/\">122123<\/a><\/li>\n<li><a href=\"https:\/\/saobernardo.ma.gov.br\/transparencia\/post_licitacoes\/87880\/\">87880<\/a><\/li>\n<li><a href=\"https:\/\/saobernardo.ma.gov.br\/transparencia\/post_licitacoes\/95754\/\">95754<\/a><\/li>\n<li><a href=\"https:\/\/saobernardo.ma.gov.br\/transparencia\/post_licitacoes\/90831\/\">90831<\/a><\/li>\n<li><a href=\"https:\/\/saobernardo.ma.gov.br\/transparencia\/post_licitacoes\/95238\/\">95238<\/a><\/li>\n<li><a href=\"https:\/\/saobernardo.ma.gov.br\/transparencia\/post_licitacoes\/95378\/\">95378<\/a><\/li>\n<li><a href=\"https:\/\/saobernardo.ma.gov.br\/transparencia\/post_licitacoes\/90469\/\">90469<\/a><\/li>\n<li><a href=\"https:\/\/saobernardo.ma.gov.br\/transparencia\/post_licitacoes\/95154\/\">95154<\/a><\/li>\n<li><a href=\"https:\/\/saobernardo.ma.gov.br\/transparencia\/post_licitacoes\/63210\/\">63210<\/a><\/li>\n<li><a href=\"https:\/\/saobernardo.ma.gov.br\/transparencia\/post_licitacoes\/95001\/\">95001<\/a><\/li>\n<li><a href=\"https:\/\/saobernardo.ma.gov.br\/transparencia\/post_licitacoes\/94979\/\">94979<\/a><\/li>\n<li><a href=\"https:\/\/saobernardo.ma.gov.br\/transparencia\/post_licitacoes\/94875\/\">94875<\/a><\/li>\n<li><a href=\"https:\/\/saobernardo.ma.gov.br\/transparencia\/post_licitacoes\/94521\/\">94521<\/a><\/li>\n<li><a href=\"https:\/\/saobernardo.ma.gov.br\/transparencia\/post_licitacoes\/92469\/\">92469<\/a><\/li>\n<li><a href=\"https:\/\/saobernardo.ma.gov.br\/transparencia\/post_licitacoes\/91545\/\">91545<\/a><\/li>\n<li><a href=\"https:\/\/saobernardo.ma.gov.br\/transparencia\/post_licitacoes\/90443\/\">90443<\/a><\/li>\n<li><a href=\"https:\/\/saobernardo.ma.gov.br\/transparencia\/post_licitacoes\/90368\/\">90368<\/a><\/li>\n<li><a href=\"https:\/\/saobernardo.ma.gov.br\/transparencia\/post_licitacoes\/90305\/\">90305<\/a><\/li>\n<li><a href=\"https:\/\/saobernardo.ma.gov.br\/transparencia\/post_licitacoes\/90035\/\">90035<\/a><\/li>\n<li><a href=\"https:\/\/saobernardo.ma.gov.br\/transparencia\/post_licitacoes\/87875\/\">87875<\/a><\/li>\n<li><a href=\"https:\/\/saobernardo.ma.gov.br\/transparencia\/post_licitacoes\/89434\/\">89434<\/a><\/li>\n<li><a href=\"https:\/\/saobernardo.ma.gov.br\/transparencia\/post_licitacoes\/88348\/\">88348<\/a><\/li>\n<li><a href=\"https:\/\/saobernardo.ma.gov.br\/transparencia\/post_licitacoes\/84986\/\">84986<\/a><\/li>\n<li><a href=\"https:\/\/saobernardo.ma.gov.br\/transparencia\/post_licitacoes\/82693\/\">82693<\/a><\/li>\n<li><a href=\"https:\/\/saobernardo.ma.gov.br\/transparencia\/post_licitacoes\/82691\/\">82691<\/a><\/li>\n<li><a href=\"https:\/\/saobernardo.ma.gov.br\/transparencia\/post_licitacoes\/82690\/\">82690<\/a><\/li>\n<li><a href=\"https:\/\/saobernardo.ma.gov.br\/transparencia\/post_licitacoes\/82689\/\">82689<\/a><\/li>\n<li><a href=\"https:\/\/saobernardo.ma.gov.br\/transparencia\/post_licitacoes\/82688\/\">82688<\/a><\/li>\n<li><a href=\"https:\/\/saobernardo.ma.gov.br\/transparencia\/post_licitacoes\/82364\/\">82364<\/a><\/li>\n<li><a href=\"https:\/\/saobernardo.ma.gov.br\/transparencia\/post_licitacoes\/82003\/\">82003<\/a><\/li>\n<li><a href=\"https:\/\/saobernardo.ma.gov.br\/transparencia\/post_licitacoes\/78364\/\">78364<\/a><\/li>\n<li><a href=\"https:\/\/saobernardo.ma.gov.br\/transparencia\/post_licitacoes\/80267\/\">80267<\/a><\/li>\n<li><a href=\"https:\/\/saobernardo.ma.gov.br\/transparencia\/post_licitacoes\/80349\/\">80349<\/a><\/li>\n<li><a href=\"https:\/\/saobernardo.ma.gov.br\/transparencia\/post_licitacoes\/80232\/\">80232<\/a><\/li>\n<li><a href=\"https:\/\/saobernardo.ma.gov.br\/transparencia\/post_licitacoes\/79716\/\">79716<\/a><\/li>\n<li><a href=\"https:\/\/saobernardo.ma.gov.br\/transparencia\/post_licitacoes\/79700\/\">79700<\/a><\/li>\n<li><a href=\"https:\/\/saobernardo.ma.gov.br\/transparencia\/post_licitacoes\/79663\/\">79663<\/a><\/li>\n<li><a href=\"https:\/\/saobernardo.ma.gov.br\/transparencia\/post_licitacoes\/77361\/\">77361<\/a><\/li>\n<li><a href=\"https:\/\/saobernardo.ma.gov.br\/transparencia\/post_licitacoes\/77379\/\">77379<\/a><\/li>\n<li><a href=\"https:\/\/saobernardo.ma.gov.br\/transparencia\/post_licitacoes\/77360\/\">77360<\/a><\/li>\n<li><a href=\"https:\/\/saobernardo.ma.gov.br\/transparencia\/post_licitacoes\/75863\/\">75863<\/a><\/li>\n<li><a href=\"https:\/\/saobernardo.ma.gov.br\/transparencia\/post_licitacoes\/75798\/\">75798<\/a><\/li>\n<li><a href=\"https:\/\/saobernardo.ma.gov.br\/transparencia\/post_licitacoes\/75769\/\">75769<\/a><\/li>\n<li><a href=\"https:\/\/saobernardo.ma.gov.br\/transparencia\/post_licitacoes\/75761\/\">75761<\/a><\/li>\n<li><a href=\"https:\/\/saobernardo.ma.gov.br\/transparencia\/post_licitacoes\/66712\/\">66712<\/a><\/li>\n<li><a href=\"https:\/\/saobernardo.ma.gov.br\/transparencia\/post_licitacoes\/74562\/\">74562<\/a><\/li>\n<li><a href=\"https:\/\/saobernardo.ma.gov.br\/transparencia\/post_licitacoes\/72212\/\">72212<\/a><\/li>\n<li><a href=\"https:\/\/saobernardo.ma.gov.br\/transparencia\/post_licitacoes\/75168\/\">75168<\/a><\/li>\n<li><a href=\"https:\/\/saobernardo.ma.gov.br\/transparencia\/post_licitacoes\/74960\/\">74960<\/a><\/li>\n<li><a href=\"https:\/\/saobernardo.ma.gov.br\/transparencia\/post_licitacoes\/74575\/\">74575<\/a><\/li>\n<li><a href=\"https:\/\/saobernardo.ma.gov.br\/transparencia\/post_licitacoes\/74589\/\">74589<\/a><\/li>\n<li><a href=\"https:\/\/saobernardo.ma.gov.br\/transparencia\/post_licitacoes\/72239\/\">72239<\/a><\/li>\n<li><a href=\"https:\/\/saobernardo.ma.gov.br\/transparencia\/post_licitacoes\/69290\/\">69290<\/a><\/li>\n<li><a href=\"https:\/\/saobernardo.ma.gov.br\/transparencia\/post_licitacoes\/67445\/\">67445<\/a><\/li>\n<li><a href=\"https:\/\/saobernardo.ma.gov.br\/transparencia\/post_licitacoes\/67320\/\">67320<\/a><\/li>\n<li><a href=\"https:\/\/saobernardo.ma.gov.br\/transparencia\/post_licitacoes\/67422\/\">67422<\/a><\/li>\n<li><a href=\"https:\/\/saobernardo.ma.gov.br\/transparencia\/post_licitacoes\/67402\/\">67402<\/a><\/li>\n<li><a href=\"https:\/\/saobernardo.ma.gov.br\/transparencia\/post_licitacoes\/67397\/\">67397<\/a><\/li>\n<li><a href=\"https:\/\/saobernardo.ma.gov.br\/transparencia\/post_licitacoes\/57397\/\">57397<\/a><\/li>\n<li><a href=\"https:\/\/saobernardo.ma.gov.br\/transparencia\/post_licitacoes\/67184\/\">67184<\/a><\/li>\n<li><a href=\"https:\/\/saobernardo.ma.gov.br\/transparencia\/post_licitacoes\/63195\/\">63195<\/a><\/li>\n<li><a href=\"https:\/\/saobernardo.ma.gov.br\/transparencia\/post_licitacoes\/57400\/\">57400<\/a><\/li>\n<li><a href=\"https:\/\/saobernardo.ma.gov.br\/transparencia\/post_licitacoes\/57389\/\">57389<\/a><\/li>\n<li><a href=\"https:\/\/saobernardo.ma.gov.br\/transparencia\/post_licitacoes\/63865\/\">63865<\/a><\/li>\n<li><a href=\"https:\/\/saobernardo.ma.gov.br\/transparencia\/post_licitacoes\/63847\/\">63847<\/a><\/li>\n<li><a href=\"https:\/\/saobernardo.ma.gov.br\/transparencia\/post_licitacoes\/63812\/\">63812<\/a><\/li>\n<li><a href=\"https:\/\/saobernardo.ma.gov.br\/transparencia\/post_licitacoes\/63769\/\">63769<\/a><\/li>\n<li><a href=\"https:\/\/saobernardo.ma.gov.br\/transparencia\/post_licitacoes\/63740\/\">63740<\/a><\/li>\n<li><a href=\"https:\/\/saobernardo.ma.gov.br\/transparencia\/post_licitacoes\/63738\/\">63738<\/a><\/li>\n<li><a href=\"https:\/\/saobernardo.ma.gov.br\/transparencia\/post_licitacoes\/59680\/\">59680<\/a><\/li>\n<li><a href=\"https:\/\/saobernardo.ma.gov.br\/transparencia\/post_licitacoes\/63654\/\">63654<\/a><\/li>\n<li><a href=\"https:\/\/saobernardo.ma.gov.br\/transparencia\/post_licitacoes\/63601\/\">63601<\/a><\/li>\n<li><a href=\"https:\/\/saobernardo.ma.gov.br\/transparencia\/post_licitacoes\/63570\/\">63570<\/a><\/li>\n<li><a href=\"https:\/\/saobernardo.ma.gov.br\/transparencia\/post_licitacoes\/53985\/\">53985<\/a><\/li>\n<li><a href=\"https:\/\/saobernardo.ma.gov.br\/transparencia\/post_licitacoes\/55920\/\">55920<\/a><\/li>\n<li><a href=\"https:\/\/saobernardo.ma.gov.br\/transparencia\/post_licitacoes\/54613\/\">54613<\/a><\/li>\n<li><a href=\"https:\/\/saobernardo.ma.gov.br\/transparencia\/post_licitacoes\/53162\/\">53162<\/a><\/li>\n<li><a href=\"https:\/\/saobernardo.ma.gov.br\/transparencia\/post_licitacoes\/53145\/\">53145<\/a><\/li>\n<li><a href=\"https:\/\/saobernardo.ma.gov.br\/transparencia\/post_licitacoes\/53121\/\">53121<\/a><\/li>\n<li><a href=\"https:\/\/saobernardo.ma.gov.br\/transparencia\/post_licitacoes\/53083\/\">53083<\/a><\/li>\n<li><a href=\"https:\/\/saobernardo.ma.gov.br\/transparencia\/post_licitacoes\/53079\/\">53079<\/a><\/li>\n<li><a href=\"https:\/\/saobernardo.ma.gov.br\/transparencia\/post_licitacoes\/50482\/\">50482<\/a><\/li>\n<li><a href=\"https:\/\/saobernardo.ma.gov.br\/transparencia\/post_licitacoes\/50470\/\">50470<\/a><\/li>\n<li><a href=\"https:\/\/saobernardo.ma.gov.br\/transparencia\/post_licitacoes\/50431\/\">50431<\/a><\/li>\n<li><a href=\"https:\/\/saobernardo.ma.gov.br\/transparencia\/post_licitacoes\/49894\/\">49894<\/a><\/li>\n<li><a href=\"https:\/\/saobernardo.ma.gov.br\/transparencia\/post_licitacoes\/49868\/\">49868<\/a><\/li>\n<li><a href=\"https:\/\/saobernardo.ma.gov.br\/transparencia\/post_licitacoes\/49770\/\">49770<\/a><\/li>\n<li><a href=\"https:\/\/saobernardo.ma.gov.br\/transparencia\/post_licitacoes\/49325\/\">49325<\/a><\/li>\n<li><a href=\"https:\/\/saobernardo.ma.gov.br\/transparencia\/post_licitacoes\/49306\/\">49306<\/a><\/li>\n<li><a href=\"https:\/\/saobernardo.ma.gov.br\/transparencia\/post_licitacoes\/49189\/\">49189<\/a><\/li>\n<li><a href=\"https:\/\/saobernardo.ma.gov.br\/transparencia\/post_licitacoes\/49187\/\">49187<\/a><\/li>\n<li><a href=\"https:\/\/saobernardo.ma.gov.br\/transparencia\/post_licitacoes\/49177\/\">49177<\/a><\/li>\n<li><a href=\"https:\/\/saobernardo.ma.gov.br\/transparencia\/post_licitacoes\/47469\/\">47469<\/a><\/li>\n<li><a href=\"https:\/\/saobernardo.ma.gov.br\/transparencia\/post_licitacoes\/47278\/\">47278<\/a><\/li>\n<li><a href=\"https:\/\/saobernardo.ma.gov.br\/transparencia\/post_licitacoes\/47221\/\">47221<\/a><\/li>\n<li><a href=\"https:\/\/saobernardo.ma.gov.br\/transparencia\/post_licitacoes\/47000\/\">47000<\/a><\/li>\n<li><a href=\"https:\/\/saobernardo.ma.gov.br\/transparencia\/post_licitacoes\/46421\/\">46421<\/a><\/li>\n<li><a href=\"https:\/\/saobernardo.ma.gov.br\/transparencia\/post_licitacoes\/45030\/\">45030<\/a><\/li>\n<li><a href=\"https:\/\/saobernardo.ma.gov.br\/transparencia\/post_licitacoes\/44988\/\">44988<\/a><\/li>\n<li><a href=\"https:\/\/saobernardo.ma.gov.br\/transparencia\/post_licitacoes\/44984\/\">44984<\/a><\/li>\n<li><a href=\"https:\/\/saobernardo.ma.gov.br\/transparencia\/post_licitacoes\/44973\/\">44973<\/a><\/li>\n<li><a href=\"https:\/\/saobernardo.ma.gov.br\/transparencia\/post_licitacoes\/44961\/\">44961<\/a><\/li>\n<li><a href=\"https:\/\/saobernardo.ma.gov.br\/transparencia\/post_licitacoes\/44913\/\">44913<\/a><\/li>\n<li><a href=\"https:\/\/saobernardo.ma.gov.br\/transparencia\/post_licitacoes\/44789\/\">44789<\/a><\/li>\n<li><a href=\"https:\/\/saobernardo.ma.gov.br\/transparencia\/post_licitacoes\/44850\/\">44850<\/a><\/li>\n<li><a href=\"https:\/\/saobernardo.ma.gov.br\/transparencia\/post_licitacoes\/44841\/\">44841<\/a><\/li>\n<li><a href=\"https:\/\/saobernardo.ma.gov.br\/transparencia\/post_licitacoes\/44830\/\">44830<\/a><\/li>\n<li><a href=\"https:\/\/saobernardo.ma.gov.br\/transparencia\/post_licitacoes\/44477\/\">44477<\/a><\/li>\n<li><a href=\"https:\/\/saobernardo.ma.gov.br\/transparencia\/post_licitacoes\/44476\/\">44476<\/a><\/li>\n<li><a href=\"https:\/\/saobernardo.ma.gov.br\/transparencia\/post_licitacoes\/44475\/\">44475<\/a><\/li>\n<li><a href=\"https:\/\/saobernardo.ma.gov.br\/transparencia\/post_licitacoes\/44471\/\">44471<\/a><\/li>\n<li><a href=\"https:\/\/saobernardo.ma.gov.br\/transparencia\/post_licitacoes\/44640\/\">44640<\/a><\/li>\n<li><a href=\"https:\/\/saobernardo.ma.gov.br\/transparencia\/post_licitacoes\/44598\/\">44598<\/a><\/li>\n<li><a href=\"https:\/\/saobernardo.ma.gov.br\/transparencia\/post_licitacoes\/44461\/\">44461<\/a><\/li>\n<li><a href=\"https:\/\/saobernardo.ma.gov.br\/transparencia\/post_licitacoes\/44235\/\">44235<\/a><\/li>\n<\/ul>\n<h2 class=\"wsp-post_contratoss-title\">Contratos<\/h2>\n<ul class=\"wsp-post_contratoss-list\">\n<li><a href=\"https:\/\/saobernardo.ma.gov.br\/transparencia\/post_contratos\/209804\/\">209804<\/a><\/li>\n<li><a href=\"https:\/\/saobernardo.ma.gov.br\/transparencia\/post_contratos\/209802\/\">209802<\/a><\/li>\n<li><a href=\"https:\/\/saobernardo.ma.gov.br\/transparencia\/post_contratos\/209801\/\">209801<\/a><\/li>\n<li><a href=\"https:\/\/saobernardo.ma.gov.br\/transparencia\/post_contratos\/209800\/\">209800<\/a><\/li>\n<li><a href=\"https:\/\/saobernardo.ma.gov.br\/transparencia\/post_contratos\/209798\/\">209798<\/a><\/li>\n<li><a href=\"https:\/\/saobernardo.ma.gov.br\/transparencia\/post_contratos\/209774\/\">209774<\/a><\/li>\n<li><a href=\"https:\/\/saobernardo.ma.gov.br\/transparencia\/post_contratos\/209768\/\">209768<\/a><\/li>\n<li><a href=\"https:\/\/saobernardo.ma.gov.br\/transparencia\/post_contratos\/209766\/\">209766<\/a><\/li>\n<li><a href=\"https:\/\/saobernardo.ma.gov.br\/transparencia\/post_contratos\/209777\/\">209777<\/a><\/li>\n<li><a href=\"https:\/\/saobernardo.ma.gov.br\/transparencia\/post_contratos\/209771\/\">209771<\/a><\/li>\n<li><a href=\"https:\/\/saobernardo.ma.gov.br\/transparencia\/post_contratos\/209764\/\">209764<\/a><\/li>\n<li><a href=\"https:\/\/saobernardo.ma.gov.br\/transparencia\/post_contratos\/209761\/\">209761<\/a><\/li>\n<li><a href=\"https:\/\/saobernardo.ma.gov.br\/transparencia\/post_contratos\/206620\/\">206620<\/a><\/li>\n<li><a href=\"https:\/\/saobernardo.ma.gov.br\/transparencia\/post_contratos\/206606\/\">206606<\/a><\/li>\n<li><a href=\"https:\/\/saobernardo.ma.gov.br\/transparencia\/post_contratos\/205630\/\">205630<\/a><\/li>\n<li><a href=\"https:\/\/saobernardo.ma.gov.br\/transparencia\/post_contratos\/205159\/\">205159<\/a><\/li>\n<li><a href=\"https:\/\/saobernardo.ma.gov.br\/transparencia\/post_contratos\/205084\/\">205084<\/a><\/li>\n<li><a href=\"https:\/\/saobernardo.ma.gov.br\/transparencia\/post_contratos\/205083\/\">205083<\/a><\/li>\n<li><a href=\"https:\/\/saobernardo.ma.gov.br\/transparencia\/post_contratos\/205081\/\">205081<\/a><\/li>\n<li><a href=\"https:\/\/saobernardo.ma.gov.br\/transparencia\/post_contratos\/205082\/\">205082<\/a><\/li>\n<li><a href=\"https:\/\/saobernardo.ma.gov.br\/transparencia\/post_contratos\/202375\/\">202375<\/a><\/li>\n<li><a href=\"https:\/\/saobernardo.ma.gov.br\/transparencia\/post_contratos\/202358\/\">202358<\/a><\/li>\n<li><a href=\"https:\/\/saobernardo.ma.gov.br\/transparencia\/post_contratos\/201040\/\">201040<\/a><\/li>\n<li><a href=\"https:\/\/saobernardo.ma.gov.br\/transparencia\/post_contratos\/200696\/\">200696<\/a><\/li>\n<li><a href=\"https:\/\/saobernardo.ma.gov.br\/transparencia\/post_contratos\/201094\/\">201094<\/a><\/li>\n<li><a href=\"https:\/\/saobernardo.ma.gov.br\/transparencia\/post_contratos\/200566\/\">200566<\/a><\/li>\n<li><a href=\"https:\/\/saobernardo.ma.gov.br\/transparencia\/post_contratos\/200567\/\">200567<\/a><\/li>\n<li><a href=\"https:\/\/saobernardo.ma.gov.br\/transparencia\/post_contratos\/200188\/\">200188<\/a><\/li>\n<li><a href=\"https:\/\/saobernardo.ma.gov.br\/transparencia\/post_contratos\/200173\/\">200173<\/a><\/li>\n<li><a href=\"https:\/\/saobernardo.ma.gov.br\/transparencia\/post_contratos\/200184\/\">200184<\/a><\/li>\n<li><a href=\"https:\/\/saobernardo.ma.gov.br\/transparencia\/post_contratos\/200180\/\">200180<\/a><\/li>\n<li><a href=\"https:\/\/saobernardo.ma.gov.br\/transparencia\/post_contratos\/200183\/\">200183<\/a><\/li>\n<li><a href=\"https:\/\/saobernardo.ma.gov.br\/transparencia\/post_contratos\/200177\/\">200177<\/a><\/li>\n<li><a href=\"https:\/\/saobernardo.ma.gov.br\/transparencia\/post_contratos\/199555\/\">199555<\/a><\/li>\n<li><a href=\"https:\/\/saobernardo.ma.gov.br\/transparencia\/post_contratos\/199260\/\">199260<\/a><\/li>\n<li><a href=\"https:\/\/saobernardo.ma.gov.br\/transparencia\/post_contratos\/199257\/\">199257<\/a><\/li>\n<li><a href=\"https:\/\/saobernardo.ma.gov.br\/transparencia\/post_contratos\/197669\/\">197669<\/a><\/li>\n<li><a href=\"https:\/\/saobernardo.ma.gov.br\/transparencia\/post_contratos\/197666\/\">197666<\/a><\/li>\n<li><a href=\"https:\/\/saobernardo.ma.gov.br\/transparencia\/post_contratos\/197433\/\">197433<\/a><\/li>\n<li><a href=\"https:\/\/saobernardo.ma.gov.br\/transparencia\/post_contratos\/197421-2\/\">197421<\/a><\/li>\n<li><a href=\"https:\/\/saobernardo.ma.gov.br\/transparencia\/post_contratos\/197421\/\">197421<\/a><\/li>\n<li><a href=\"https:\/\/saobernardo.ma.gov.br\/transparencia\/post_contratos\/197411-2\/\">197411<\/a><\/li>\n<li><a href=\"https:\/\/saobernardo.ma.gov.br\/transparencia\/post_contratos\/197411\/\">197411<\/a><\/li>\n<li><a href=\"https:\/\/saobernardo.ma.gov.br\/transparencia\/post_contratos\/197182-2\/\">197182<\/a><\/li>\n<li><a href=\"https:\/\/saobernardo.ma.gov.br\/transparencia\/post_contratos\/197182\/\">197182<\/a><\/li>\n<li><a href=\"https:\/\/saobernardo.ma.gov.br\/transparencia\/post_contratos\/197181-2\/\">197181<\/a><\/li>\n<li><a href=\"https:\/\/saobernardo.ma.gov.br\/transparencia\/post_contratos\/197181\/\">197181<\/a><\/li>\n<li><a href=\"https:\/\/saobernardo.ma.gov.br\/transparencia\/post_contratos\/194071-2\/\">194071<\/a><\/li>\n<li><a href=\"https:\/\/saobernardo.ma.gov.br\/transparencia\/post_contratos\/194071\/\">194071<\/a><\/li>\n<li><a href=\"https:\/\/saobernardo.ma.gov.br\/transparencia\/post_contratos\/196940-2\/\">196940<\/a><\/li>\n<li><a href=\"https:\/\/saobernardo.ma.gov.br\/transparencia\/post_contratos\/196940\/\">196940<\/a><\/li>\n<li><a href=\"https:\/\/saobernardo.ma.gov.br\/transparencia\/post_contratos\/196784-2\/\">196784<\/a><\/li>\n<li><a href=\"https:\/\/saobernardo.ma.gov.br\/transparencia\/post_contratos\/196784\/\">196784<\/a><\/li>\n<li><a href=\"https:\/\/saobernardo.ma.gov.br\/transparencia\/post_contratos\/194121-2\/\">194121<\/a><\/li>\n<li><a href=\"https:\/\/saobernardo.ma.gov.br\/transparencia\/post_contratos\/194121\/\">194121<\/a><\/li>\n<li><a href=\"https:\/\/saobernardo.ma.gov.br\/transparencia\/post_contratos\/194118-2\/\">194118<\/a><\/li>\n<li><a href=\"https:\/\/saobernardo.ma.gov.br\/transparencia\/post_contratos\/194118\/\">194118<\/a><\/li>\n<li><a href=\"https:\/\/saobernardo.ma.gov.br\/transparencia\/post_contratos\/193187-2\/\">193187<\/a><\/li>\n<li><a href=\"https:\/\/saobernardo.ma.gov.br\/transparencia\/post_contratos\/193187\/\">193187<\/a><\/li>\n<li><a href=\"https:\/\/saobernardo.ma.gov.br\/transparencia\/post_contratos\/189749\/\">189749<\/a><\/li>\n<li><a href=\"https:\/\/saobernardo.ma.gov.br\/transparencia\/post_contratos\/189741\/\">189741<\/a><\/li>\n<li><a href=\"https:\/\/saobernardo.ma.gov.br\/transparencia\/post_contratos\/189731\/\">189731<\/a><\/li>\n<li><a href=\"https:\/\/saobernardo.ma.gov.br\/transparencia\/post_contratos\/188804\/\">188804<\/a><\/li>\n<li><a href=\"https:\/\/saobernardo.ma.gov.br\/transparencia\/post_contratos\/188807\/\">188807<\/a><\/li>\n<li><a href=\"https:\/\/saobernardo.ma.gov.br\/transparencia\/post_contratos\/193689\/\">193689<\/a><\/li>\n<li><a href=\"https:\/\/saobernardo.ma.gov.br\/transparencia\/post_contratos\/185950-2\/\">185950<\/a><\/li>\n<li><a href=\"https:\/\/saobernardo.ma.gov.br\/transparencia\/post_contratos\/185950\/\">185950<\/a><\/li>\n<li><a href=\"https:\/\/saobernardo.ma.gov.br\/transparencia\/post_contratos\/185947-2\/\">185947<\/a><\/li>\n<li><a href=\"https:\/\/saobernardo.ma.gov.br\/transparencia\/post_contratos\/185947\/\">185947<\/a><\/li>\n<li><a href=\"https:\/\/saobernardo.ma.gov.br\/transparencia\/post_contratos\/159626\/\">159626<\/a><\/li>\n<li><a href=\"https:\/\/saobernardo.ma.gov.br\/transparencia\/post_contratos\/157636\/\">157636<\/a><\/li>\n<li><a href=\"https:\/\/saobernardo.ma.gov.br\/transparencia\/post_contratos\/157455\/\">157455<\/a><\/li>\n<li><a href=\"https:\/\/saobernardo.ma.gov.br\/transparencia\/post_contratos\/157426\/\">157426<\/a><\/li>\n<li><a href=\"https:\/\/saobernardo.ma.gov.br\/transparencia\/post_contratos\/157295\/\">157295<\/a><\/li>\n<li><a href=\"https:\/\/saobernardo.ma.gov.br\/transparencia\/post_contratos\/157294\/\">157294<\/a><\/li>\n<li><a href=\"https:\/\/saobernardo.ma.gov.br\/transparencia\/post_contratos\/157291\/\">157291<\/a><\/li>\n<li><a href=\"https:\/\/saobernardo.ma.gov.br\/transparencia\/post_contratos\/157488\/\">157488<\/a><\/li>\n<li><a href=\"https:\/\/saobernardo.ma.gov.br\/transparencia\/post_contratos\/157287\/\">157287<\/a><\/li>\n<li><a href=\"https:\/\/saobernardo.ma.gov.br\/transparencia\/post_contratos\/184511\/\">184511<\/a><\/li>\n<li><a href=\"https:\/\/saobernardo.ma.gov.br\/transparencia\/post_contratos\/184543\/\">184543<\/a><\/li>\n<li><a href=\"https:\/\/saobernardo.ma.gov.br\/transparencia\/post_contratos\/184528\/\">184528<\/a><\/li>\n<li><a href=\"https:\/\/saobernardo.ma.gov.br\/transparencia\/post_contratos\/184521\/\">184521<\/a><\/li>\n<li><a href=\"https:\/\/saobernardo.ma.gov.br\/transparencia\/post_contratos\/184514\/\">184514<\/a><\/li>\n<li><a href=\"https:\/\/saobernardo.ma.gov.br\/transparencia\/post_contratos\/173591-2\/\">173591<\/a><\/li>\n<li><a href=\"https:\/\/saobernardo.ma.gov.br\/transparencia\/post_contratos\/173591\/\">173591<\/a><\/li>\n<li><a href=\"https:\/\/saobernardo.ma.gov.br\/transparencia\/post_contratos\/184507-2\/\">184507<\/a><\/li>\n<li><a href=\"https:\/\/saobernardo.ma.gov.br\/transparencia\/post_contratos\/184507\/\">184507<\/a><\/li>\n<li><a href=\"https:\/\/saobernardo.ma.gov.br\/transparencia\/post_contratos\/173594-2\/\">173594<\/a><\/li>\n<li><a href=\"https:\/\/saobernardo.ma.gov.br\/transparencia\/post_contratos\/173594\/\">173594<\/a><\/li>\n<li><a href=\"https:\/\/saobernardo.ma.gov.br\/transparencia\/post_contratos\/184492\/\">184492<\/a><\/li>\n<li><a href=\"https:\/\/saobernardo.ma.gov.br\/transparencia\/post_contratos\/184383\/\">184383<\/a><\/li>\n<li><a href=\"https:\/\/saobernardo.ma.gov.br\/transparencia\/post_contratos\/173608\/\">173608<\/a><\/li>\n<li><a href=\"https:\/\/saobernardo.ma.gov.br\/transparencia\/post_contratos\/184224\/\">184224<\/a><\/li>\n<li><a href=\"https:\/\/saobernardo.ma.gov.br\/transparencia\/post_contratos\/184222\/\">184222<\/a><\/li>\n<li><a href=\"https:\/\/saobernardo.ma.gov.br\/transparencia\/post_contratos\/184221\/\">184221<\/a><\/li>\n<li><a href=\"https:\/\/saobernardo.ma.gov.br\/transparencia\/post_contratos\/184225\/\">184225<\/a><\/li>\n<li><a href=\"https:\/\/saobernardo.ma.gov.br\/transparencia\/post_contratos\/184223\/\">184223<\/a><\/li>\n<li><a href=\"https:\/\/saobernardo.ma.gov.br\/transparencia\/post_contratos\/184220\/\">184220<\/a><\/li>\n<li><a href=\"https:\/\/saobernardo.ma.gov.br\/transparencia\/post_contratos\/184218-2\/\">184218<\/a><\/li>\n<li><a href=\"https:\/\/saobernardo.ma.gov.br\/transparencia\/post_contratos\/184218\/\">184218<\/a><\/li>\n<li><a href=\"https:\/\/saobernardo.ma.gov.br\/transparencia\/post_contratos\/183933\/\">183933<\/a><\/li>\n<li><a href=\"https:\/\/saobernardo.ma.gov.br\/transparencia\/post_contratos\/183933-2\/\">183933<\/a><\/li>\n<li><a href=\"https:\/\/saobernardo.ma.gov.br\/transparencia\/post_contratos\/183932-2\/\">183932<\/a><\/li>\n<li><a href=\"https:\/\/saobernardo.ma.gov.br\/transparencia\/post_contratos\/183932\/\">183932<\/a><\/li>\n<li><a href=\"https:\/\/saobernardo.ma.gov.br\/transparencia\/post_contratos\/183931\/\">183931<\/a><\/li>\n<li><a href=\"https:\/\/saobernardo.ma.gov.br\/transparencia\/post_contratos\/183924\/\">183924<\/a><\/li>\n<li><a href=\"https:\/\/saobernardo.ma.gov.br\/transparencia\/post_contratos\/183921\/\">183921<\/a><\/li>\n<li><a href=\"https:\/\/saobernardo.ma.gov.br\/transparencia\/post_contratos\/183919\/\">183919<\/a><\/li>\n<li><a href=\"https:\/\/saobernardo.ma.gov.br\/transparencia\/post_contratos\/183900\/\">183900<\/a><\/li>\n<li><a href=\"https:\/\/saobernardo.ma.gov.br\/transparencia\/post_contratos\/183913\/\">183913<\/a><\/li>\n<li><a href=\"https:\/\/saobernardo.ma.gov.br\/transparencia\/post_contratos\/183906\/\">183906<\/a><\/li>\n<li><a href=\"https:\/\/saobernardo.ma.gov.br\/transparencia\/post_contratos\/183928\/\">183928<\/a><\/li>\n<li><a href=\"https:\/\/saobernardo.ma.gov.br\/transparencia\/post_contratos\/183927\/\">183927<\/a><\/li>\n<li><a href=\"https:\/\/saobernardo.ma.gov.br\/transparencia\/post_contratos\/183917\/\">183917<\/a><\/li>\n<li><a href=\"https:\/\/saobernardo.ma.gov.br\/transparencia\/post_contratos\/183912-2\/\">183912<\/a><\/li>\n<li><a href=\"https:\/\/saobernardo.ma.gov.br\/transparencia\/post_contratos\/183912\/\">183912<\/a><\/li>\n<li><a href=\"https:\/\/saobernardo.ma.gov.br\/transparencia\/post_contratos\/183910\/\">183910<\/a><\/li>\n<li><a href=\"https:\/\/saobernardo.ma.gov.br\/transparencia\/post_contratos\/183836\/\">183836<\/a><\/li>\n<li><a href=\"https:\/\/saobernardo.ma.gov.br\/transparencia\/post_contratos\/183835\/\">183835<\/a><\/li>\n<li><a href=\"https:\/\/saobernardo.ma.gov.br\/transparencia\/post_contratos\/183834\/\">183834<\/a><\/li>\n<li><a href=\"https:\/\/saobernardo.ma.gov.br\/transparencia\/post_contratos\/183833\/\">183833<\/a><\/li>\n<li><a href=\"https:\/\/saobernardo.ma.gov.br\/transparencia\/post_contratos\/183831\/\">183831<\/a><\/li>\n<li><a href=\"https:\/\/saobernardo.ma.gov.br\/transparencia\/post_contratos\/183645\/\">183645<\/a><\/li>\n<li><a href=\"https:\/\/saobernardo.ma.gov.br\/transparencia\/post_contratos\/183651\/\">183651<\/a><\/li>\n<li><a href=\"https:\/\/saobernardo.ma.gov.br\/transparencia\/post_contratos\/183647\/\">183647<\/a><\/li>\n<li><a href=\"https:\/\/saobernardo.ma.gov.br\/transparencia\/post_contratos\/183461\/\">183461<\/a><\/li>\n<li><a href=\"https:\/\/saobernardo.ma.gov.br\/transparencia\/post_contratos\/183461-2\/\">183461<\/a><\/li>\n<li><a href=\"https:\/\/saobernardo.ma.gov.br\/transparencia\/post_contratos\/183466\/\">183466<\/a><\/li>\n<li><a href=\"https:\/\/saobernardo.ma.gov.br\/transparencia\/post_contratos\/183466-2\/\">183466<\/a><\/li>\n<li><a href=\"https:\/\/saobernardo.ma.gov.br\/transparencia\/post_contratos\/183455-2\/\">183455<\/a><\/li>\n<li><a href=\"https:\/\/saobernardo.ma.gov.br\/transparencia\/post_contratos\/183455\/\">183455<\/a><\/li>\n<li><a href=\"https:\/\/saobernardo.ma.gov.br\/transparencia\/post_contratos\/183462\/\">183462<\/a><\/li>\n<li><a href=\"https:\/\/saobernardo.ma.gov.br\/transparencia\/post_contratos\/183462-2\/\">183462<\/a><\/li>\n<li><a href=\"https:\/\/saobernardo.ma.gov.br\/transparencia\/post_contratos\/183465\/\">183465<\/a><\/li>\n<li><a href=\"https:\/\/saobernardo.ma.gov.br\/transparencia\/post_contratos\/183464\/\">183464<\/a><\/li>\n<li><a href=\"https:\/\/saobernardo.ma.gov.br\/transparencia\/post_contratos\/183458\/\">183458<\/a><\/li>\n<li><a href=\"https:\/\/saobernardo.ma.gov.br\/transparencia\/post_contratos\/183175\/\">183175<\/a><\/li>\n<li><a href=\"https:\/\/saobernardo.ma.gov.br\/transparencia\/post_contratos\/183172\/\">183172<\/a><\/li>\n<li><a href=\"https:\/\/saobernardo.ma.gov.br\/transparencia\/post_contratos\/183116\/\">183116<\/a><\/li>\n<li><a href=\"https:\/\/saobernardo.ma.gov.br\/transparencia\/post_contratos\/183115\/\">183115<\/a><\/li>\n<li><a href=\"https:\/\/saobernardo.ma.gov.br\/transparencia\/post_contratos\/183115-2\/\">183115<\/a><\/li>\n<li><a href=\"https:\/\/saobernardo.ma.gov.br\/transparencia\/post_contratos\/152707-2\/\">152707<\/a><\/li>\n<li><a href=\"https:\/\/saobernardo.ma.gov.br\/transparencia\/post_contratos\/152707\/\">152707<\/a><\/li>\n<li><a href=\"https:\/\/saobernardo.ma.gov.br\/transparencia\/post_contratos\/152705-2\/\">152705<\/a><\/li>\n<li><a href=\"https:\/\/saobernardo.ma.gov.br\/transparencia\/post_contratos\/152705\/\">152705<\/a><\/li>\n<li><a href=\"https:\/\/saobernardo.ma.gov.br\/transparencia\/post_contratos\/152709\/\">152709<\/a><\/li>\n<li><a href=\"https:\/\/saobernardo.ma.gov.br\/transparencia\/post_contratos\/152696\/\">152696<\/a><\/li>\n<li><a href=\"https:\/\/saobernardo.ma.gov.br\/transparencia\/post_contratos\/152694\/\">152694<\/a><\/li>\n<li><a href=\"https:\/\/saobernardo.ma.gov.br\/transparencia\/post_contratos\/152681\/\">152681<\/a><\/li>\n<li><a href=\"https:\/\/saobernardo.ma.gov.br\/transparencia\/post_contratos\/152641\/\">152641<\/a><\/li>\n<li><a href=\"https:\/\/saobernardo.ma.gov.br\/transparencia\/post_contratos\/182293\/\">182293<\/a><\/li>\n<li><a href=\"https:\/\/saobernardo.ma.gov.br\/transparencia\/post_contratos\/152630\/\">152630<\/a><\/li>\n<li><a href=\"https:\/\/saobernardo.ma.gov.br\/transparencia\/post_contratos\/152637\/\">152637<\/a><\/li>\n<li><a href=\"https:\/\/saobernardo.ma.gov.br\/transparencia\/post_contratos\/182053\/\">182053<\/a><\/li>\n<li><a href=\"https:\/\/saobernardo.ma.gov.br\/transparencia\/post_contratos\/182061\/\">182061<\/a><\/li>\n<li><a href=\"https:\/\/saobernardo.ma.gov.br\/transparencia\/post_contratos\/182059\/\">182059<\/a><\/li>\n<li><a href=\"https:\/\/saobernardo.ma.gov.br\/transparencia\/post_contratos\/182058\/\">182058<\/a><\/li>\n<li><a href=\"https:\/\/saobernardo.ma.gov.br\/transparencia\/post_contratos\/182057\/\">182057<\/a><\/li>\n<li><a href=\"https:\/\/saobernardo.ma.gov.br\/transparencia\/post_contratos\/182055\/\">182055<\/a><\/li>\n<li><a href=\"https:\/\/saobernardo.ma.gov.br\/transparencia\/post_contratos\/182054\/\">182054<\/a><\/li>\n<li><a href=\"https:\/\/saobernardo.ma.gov.br\/transparencia\/post_contratos\/181999\/\">181999<\/a><\/li>\n<li><a href=\"https:\/\/saobernardo.ma.gov.br\/transparencia\/post_contratos\/181998\/\">181998<\/a><\/li>\n<li><a href=\"https:\/\/saobernardo.ma.gov.br\/transparencia\/post_contratos\/181997\/\">181997<\/a><\/li>\n<li><a href=\"https:\/\/saobernardo.ma.gov.br\/transparencia\/post_contratos\/181993\/\">181993<\/a><\/li>\n<li><a href=\"https:\/\/saobernardo.ma.gov.br\/transparencia\/post_contratos\/181987\/\">181987<\/a><\/li>\n<li><a href=\"https:\/\/saobernardo.ma.gov.br\/transparencia\/post_contratos\/181981\/\">181981<\/a><\/li>\n<li><a href=\"https:\/\/saobernardo.ma.gov.br\/transparencia\/post_contratos\/181981-2\/\">181981<\/a><\/li>\n<li><a href=\"https:\/\/saobernardo.ma.gov.br\/transparencia\/post_contratos\/181990-2\/\">181990<\/a><\/li>\n<li><a href=\"https:\/\/saobernardo.ma.gov.br\/transparencia\/post_contratos\/181990\/\">181990<\/a><\/li>\n<li><a href=\"https:\/\/saobernardo.ma.gov.br\/transparencia\/post_contratos\/152005\/\">152005<\/a><\/li>\n<li><a href=\"https:\/\/saobernardo.ma.gov.br\/transparencia\/post_contratos\/152005-2\/\">152005<\/a><\/li>\n<li><a href=\"https:\/\/saobernardo.ma.gov.br\/transparencia\/post_contratos\/152003-2\/\">152003<\/a><\/li>\n<li><a href=\"https:\/\/saobernardo.ma.gov.br\/transparencia\/post_contratos\/152003\/\">152003<\/a><\/li>\n<li><a href=\"https:\/\/saobernardo.ma.gov.br\/transparencia\/post_contratos\/151901\/\">151901<\/a><\/li>\n<li><a href=\"https:\/\/saobernardo.ma.gov.br\/transparencia\/post_contratos\/151901-2\/\">151901<\/a><\/li>\n<li><a href=\"https:\/\/saobernardo.ma.gov.br\/transparencia\/post_contratos\/151908-2\/\">151908<\/a><\/li>\n<li><a href=\"https:\/\/saobernardo.ma.gov.br\/transparencia\/post_contratos\/151908\/\">151908<\/a><\/li>\n<li><a href=\"https:\/\/saobernardo.ma.gov.br\/transparencia\/post_contratos\/151903\/\">151903<\/a><\/li>\n<li><a href=\"https:\/\/saobernardo.ma.gov.br\/transparencia\/post_contratos\/151758\/\">151758<\/a><\/li>\n<li><a href=\"https:\/\/saobernardo.ma.gov.br\/transparencia\/post_contratos\/151757\/\">151757<\/a><\/li>\n<li><a href=\"https:\/\/saobernardo.ma.gov.br\/transparencia\/post_contratos\/151744\/\">151744<\/a><\/li>\n<li><a href=\"https:\/\/saobernardo.ma.gov.br\/transparencia\/post_contratos\/151734\/\">151734<\/a><\/li>\n<li><a href=\"https:\/\/saobernardo.ma.gov.br\/transparencia\/post_contratos\/151732\/\">151732<\/a><\/li>\n<li><a href=\"https:\/\/saobernardo.ma.gov.br\/transparencia\/post_contratos\/151717\/\">151717<\/a><\/li>\n<li><a href=\"https:\/\/saobernardo.ma.gov.br\/transparencia\/post_contratos\/151712-2\/\">151712<\/a><\/li>\n<li><a href=\"https:\/\/saobernardo.ma.gov.br\/transparencia\/post_contratos\/151712\/\">151712<\/a><\/li>\n<li><a href=\"https:\/\/saobernardo.ma.gov.br\/transparencia\/post_contratos\/151417\/\">151417<\/a><\/li>\n<li><a href=\"https:\/\/saobernardo.ma.gov.br\/transparencia\/post_contratos\/151405\/\">151405<\/a><\/li>\n<li><a href=\"https:\/\/saobernardo.ma.gov.br\/transparencia\/post_contratos\/151377\/\">151377<\/a><\/li>\n<li><a href=\"https:\/\/saobernardo.ma.gov.br\/transparencia\/post_contratos\/151401\/\">151401<\/a><\/li>\n<li><a href=\"https:\/\/saobernardo.ma.gov.br\/transparencia\/post_contratos\/151373\/\">151373<\/a><\/li>\n<li><a href=\"https:\/\/saobernardo.ma.gov.br\/transparencia\/post_contratos\/151367\/\">151367<\/a><\/li>\n<li><a href=\"https:\/\/saobernardo.ma.gov.br\/transparencia\/post_contratos\/181548\/\">181548<\/a><\/li>\n<li><a href=\"https:\/\/saobernardo.ma.gov.br\/transparencia\/post_contratos\/181546-2\/\">181546<\/a><\/li>\n<li><a href=\"https:\/\/saobernardo.ma.gov.br\/transparencia\/post_contratos\/181546\/\">181546<\/a><\/li>\n<li><a href=\"https:\/\/saobernardo.ma.gov.br\/transparencia\/post_contratos\/151005\/\">151005<\/a><\/li>\n<li><a href=\"https:\/\/saobernardo.ma.gov.br\/transparencia\/post_contratos\/181421\/\">181421<\/a><\/li>\n<li><a href=\"https:\/\/saobernardo.ma.gov.br\/transparencia\/post_contratos\/181420\/\">181420<\/a><\/li>\n<li><a href=\"https:\/\/saobernardo.ma.gov.br\/transparencia\/post_contratos\/181419\/\">181419<\/a><\/li>\n<li><a href=\"https:\/\/saobernardo.ma.gov.br\/transparencia\/post_contratos\/181413\/\">181413<\/a><\/li>\n<li><a href=\"https:\/\/saobernardo.ma.gov.br\/transparencia\/post_contratos\/150903\/\">150903<\/a><\/li>\n<li><a href=\"https:\/\/saobernardo.ma.gov.br\/transparencia\/post_contratos\/150901\/\">150901<\/a><\/li>\n<li><a href=\"https:\/\/saobernardo.ma.gov.br\/transparencia\/post_contratos\/181418\/\">181418<\/a><\/li>\n<li><a href=\"https:\/\/saobernardo.ma.gov.br\/transparencia\/post_contratos\/150933\/\">150933<\/a><\/li>\n<li><a href=\"https:\/\/saobernardo.ma.gov.br\/transparencia\/post_contratos\/181417\/\">181417<\/a><\/li>\n<li><a href=\"https:\/\/saobernardo.ma.gov.br\/transparencia\/post_contratos\/181415-2\/\">181415<\/a><\/li>\n<li><a href=\"https:\/\/saobernardo.ma.gov.br\/transparencia\/post_contratos\/181415\/\">181415<\/a><\/li>\n<li><a href=\"https:\/\/saobernardo.ma.gov.br\/transparencia\/post_contratos\/150913\/\">150913<\/a><\/li>\n<li><a href=\"https:\/\/saobernardo.ma.gov.br\/transparencia\/post_contratos\/150910-2\/\">150910<\/a><\/li>\n<li><a href=\"https:\/\/saobernardo.ma.gov.br\/transparencia\/post_contratos\/150910\/\">150910<\/a><\/li>\n<li><a href=\"https:\/\/saobernardo.ma.gov.br\/transparencia\/post_contratos\/150908\/\">150908<\/a><\/li>\n<li><a href=\"https:\/\/saobernardo.ma.gov.br\/transparencia\/post_contratos\/150905\/\">150905<\/a><\/li>\n<li><a href=\"https:\/\/saobernardo.ma.gov.br\/transparencia\/post_contratos\/150898\/\">150898<\/a><\/li>\n<li><a href=\"https:\/\/saobernardo.ma.gov.br\/transparencia\/post_contratos\/150892\/\">150892<\/a><\/li>\n<li><a href=\"https:\/\/saobernardo.ma.gov.br\/transparencia\/post_contratos\/150891\/\">150891<\/a><\/li>\n<li><a href=\"https:\/\/saobernardo.ma.gov.br\/transparencia\/post_contratos\/150889\/\">150889<\/a><\/li>\n<li><a href=\"https:\/\/saobernardo.ma.gov.br\/transparencia\/post_contratos\/150887\/\">150887<\/a><\/li>\n<li><a href=\"https:\/\/saobernardo.ma.gov.br\/transparencia\/post_contratos\/150882\/\">150882<\/a><\/li>\n<li><a href=\"https:\/\/saobernardo.ma.gov.br\/transparencia\/post_contratos\/150809\/\">150809<\/a><\/li>\n<li><a href=\"https:\/\/saobernardo.ma.gov.br\/transparencia\/post_contratos\/181374\/\">181374<\/a><\/li>\n<li><a href=\"https:\/\/saobernardo.ma.gov.br\/transparencia\/post_contratos\/150812-2\/\">150812<\/a><\/li>\n<li><a href=\"https:\/\/saobernardo.ma.gov.br\/transparencia\/post_contratos\/150812\/\">150812<\/a><\/li>\n<li><a href=\"https:\/\/saobernardo.ma.gov.br\/transparencia\/post_contratos\/150811\/\">150811<\/a><\/li>\n<li><a href=\"https:\/\/saobernardo.ma.gov.br\/transparencia\/post_contratos\/150780-2\/\">150780<\/a><\/li>\n<li><a href=\"https:\/\/saobernardo.ma.gov.br\/transparencia\/post_contratos\/150780\/\">150780<\/a><\/li>\n<li><a href=\"https:\/\/saobernardo.ma.gov.br\/transparencia\/post_contratos\/150781\/\">150781<\/a><\/li>\n<li><a href=\"https:\/\/saobernardo.ma.gov.br\/transparencia\/post_contratos\/150773\/\">150773<\/a><\/li>\n<li><a href=\"https:\/\/saobernardo.ma.gov.br\/transparencia\/post_contratos\/181328-2\/\">181328<\/a><\/li>\n<li><a href=\"https:\/\/saobernardo.ma.gov.br\/transparencia\/post_contratos\/181328\/\">181328<\/a><\/li>\n<li><a href=\"https:\/\/saobernardo.ma.gov.br\/transparencia\/post_contratos\/181327-2\/\">181327<\/a><\/li>\n<li><a href=\"https:\/\/saobernardo.ma.gov.br\/transparencia\/post_contratos\/181327\/\">181327<\/a><\/li>\n<li><a href=\"https:\/\/saobernardo.ma.gov.br\/transparencia\/post_contratos\/181326\/\">181326<\/a><\/li>\n<li><a href=\"https:\/\/saobernardo.ma.gov.br\/transparencia\/post_contratos\/181324\/\">181324<\/a><\/li>\n<li><a href=\"https:\/\/saobernardo.ma.gov.br\/transparencia\/post_contratos\/181323\/\">181323<\/a><\/li>\n<li><a href=\"https:\/\/saobernardo.ma.gov.br\/transparencia\/post_contratos\/181321\/\">181321<\/a><\/li>\n<li><a href=\"https:\/\/saobernardo.ma.gov.br\/transparencia\/post_contratos\/181295\/\">181295<\/a><\/li>\n<li><a href=\"https:\/\/saobernardo.ma.gov.br\/transparencia\/post_contratos\/181292\/\">181292<\/a><\/li>\n<li><a href=\"https:\/\/saobernardo.ma.gov.br\/transparencia\/post_contratos\/181290\/\">181290<\/a><\/li>\n<li><a href=\"https:\/\/saobernardo.ma.gov.br\/transparencia\/post_contratos\/181288\/\">181288<\/a><\/li>\n<li><a href=\"https:\/\/saobernardo.ma.gov.br\/transparencia\/post_contratos\/181286-2\/\">181286<\/a><\/li>\n<li><a href=\"https:\/\/saobernardo.ma.gov.br\/transparencia\/post_contratos\/181286\/\">181286<\/a><\/li>\n<li><a href=\"https:\/\/saobernardo.ma.gov.br\/transparencia\/post_contratos\/181279-2\/\">181279<\/a><\/li>\n<li><a href=\"https:\/\/saobernardo.ma.gov.br\/transparencia\/post_contratos\/181279\/\">181279<\/a><\/li>\n<li><a href=\"https:\/\/saobernardo.ma.gov.br\/transparencia\/post_contratos\/181241-2\/\">181241<\/a><\/li>\n<li><a href=\"https:\/\/saobernardo.ma.gov.br\/transparencia\/post_contratos\/181241\/\">181241<\/a><\/li>\n<li><a href=\"https:\/\/saobernardo.ma.gov.br\/transparencia\/post_contratos\/181239\/\">181239<\/a><\/li>\n<li><a href=\"https:\/\/saobernardo.ma.gov.br\/transparencia\/post_contratos\/181225\/\">181225<\/a><\/li>\n<li><a href=\"https:\/\/saobernardo.ma.gov.br\/transparencia\/post_contratos\/181221\/\">181221<\/a><\/li>\n<li><a href=\"https:\/\/saobernardo.ma.gov.br\/transparencia\/post_contratos\/181230\/\">181230<\/a><\/li>\n<li><a href=\"https:\/\/saobernardo.ma.gov.br\/transparencia\/post_contratos\/181233-2\/\">181233<\/a><\/li>\n<li><a href=\"https:\/\/saobernardo.ma.gov.br\/transparencia\/post_contratos\/181233\/\">181233<\/a><\/li>\n<li><a href=\"https:\/\/saobernardo.ma.gov.br\/transparencia\/post_contratos\/181227-2\/\">181227<\/a><\/li>\n<li><a href=\"https:\/\/saobernardo.ma.gov.br\/transparencia\/post_contratos\/181227\/\">181227<\/a><\/li>\n<li><a href=\"https:\/\/saobernardo.ma.gov.br\/transparencia\/post_contratos\/181069\/\">181069<\/a><\/li>\n<li><a href=\"https:\/\/saobernardo.ma.gov.br\/transparencia\/post_contratos\/149966\/\">149966<\/a><\/li>\n<li><a href=\"https:\/\/saobernardo.ma.gov.br\/transparencia\/post_contratos\/149956-2\/\">149956<\/a><\/li>\n<li><a href=\"https:\/\/saobernardo.ma.gov.br\/transparencia\/post_contratos\/149956\/\">149956<\/a><\/li>\n<li><a href=\"https:\/\/saobernardo.ma.gov.br\/transparencia\/post_contratos\/149920\/\">149920<\/a><\/li>\n<li><a href=\"https:\/\/saobernardo.ma.gov.br\/transparencia\/post_contratos\/149891\/\">149891<\/a><\/li>\n<li><a href=\"https:\/\/saobernardo.ma.gov.br\/transparencia\/post_contratos\/149426\/\">149426<\/a><\/li>\n<li><a href=\"https:\/\/saobernardo.ma.gov.br\/transparencia\/post_contratos\/178496-2\/\">178496<\/a><\/li>\n<li><a href=\"https:\/\/saobernardo.ma.gov.br\/transparencia\/post_contratos\/178496\/\">178496<\/a><\/li>\n<li><a href=\"https:\/\/saobernardo.ma.gov.br\/transparencia\/post_contratos\/180733-2\/\">180733<\/a><\/li>\n<li><a href=\"https:\/\/saobernardo.ma.gov.br\/transparencia\/post_contratos\/180733\/\">180733<\/a><\/li>\n<li><a href=\"https:\/\/saobernardo.ma.gov.br\/transparencia\/post_contratos\/180734-2\/\">180734<\/a><\/li>\n<li><a href=\"https:\/\/saobernardo.ma.gov.br\/transparencia\/post_contratos\/180734\/\">180734<\/a><\/li>\n<li><a href=\"https:\/\/saobernardo.ma.gov.br\/transparencia\/post_contratos\/180732-2\/\">180732<\/a><\/li>\n<li><a href=\"https:\/\/saobernardo.ma.gov.br\/transparencia\/post_contratos\/180732\/\">180732<\/a><\/li>\n<li><a href=\"https:\/\/saobernardo.ma.gov.br\/transparencia\/post_contratos\/180730-2\/\">180730<\/a><\/li>\n<li><a href=\"https:\/\/saobernardo.ma.gov.br\/transparencia\/post_contratos\/180730\/\">180730<\/a><\/li>\n<li><a href=\"https:\/\/saobernardo.ma.gov.br\/transparencia\/post_contratos\/180660-2\/\">180660<\/a><\/li>\n<li><a href=\"https:\/\/saobernardo.ma.gov.br\/transparencia\/post_contratos\/180660\/\">180660<\/a><\/li>\n<li><a href=\"https:\/\/saobernardo.ma.gov.br\/transparencia\/post_contratos\/180649-2\/\">180649<\/a><\/li>\n<li><a href=\"https:\/\/saobernardo.ma.gov.br\/transparencia\/post_contratos\/180649\/\">180649<\/a><\/li>\n<li><a href=\"https:\/\/saobernardo.ma.gov.br\/transparencia\/post_contratos\/180614-2\/\">180614<\/a><\/li>\n<li><a href=\"https:\/\/saobernardo.ma.gov.br\/transparencia\/post_contratos\/180614\/\">180614<\/a><\/li>\n<li><a href=\"https:\/\/saobernardo.ma.gov.br\/transparencia\/post_contratos\/180579-2\/\">180579<\/a><\/li>\n<li><a href=\"https:\/\/saobernardo.ma.gov.br\/transparencia\/post_contratos\/180579\/\">180579<\/a><\/li>\n<li><a href=\"https:\/\/saobernardo.ma.gov.br\/transparencia\/post_contratos\/180500-2\/\">180500<\/a><\/li>\n<li><a href=\"https:\/\/saobernardo.ma.gov.br\/transparencia\/post_contratos\/180500\/\">180500<\/a><\/li>\n<li><a href=\"https:\/\/saobernardo.ma.gov.br\/transparencia\/post_contratos\/180444-2\/\">180444<\/a><\/li>\n<li><a href=\"https:\/\/saobernardo.ma.gov.br\/transparencia\/post_contratos\/180444\/\">180444<\/a><\/li>\n<li><a href=\"https:\/\/saobernardo.ma.gov.br\/transparencia\/post_contratos\/180277-2\/\">180277<\/a><\/li>\n<li><a href=\"https:\/\/saobernardo.ma.gov.br\/transparencia\/post_contratos\/180277\/\">180277<\/a><\/li>\n<li><a href=\"https:\/\/saobernardo.ma.gov.br\/transparencia\/post_contratos\/180275\/\">180275<\/a><\/li>\n<li><a href=\"https:\/\/saobernardo.ma.gov.br\/transparencia\/post_contratos\/180275-2\/\">180275<\/a><\/li>\n<li><a href=\"https:\/\/saobernardo.ma.gov.br\/transparencia\/post_contratos\/180250-2\/\">180250<\/a><\/li>\n<li><a href=\"https:\/\/saobernardo.ma.gov.br\/transparencia\/post_contratos\/180250\/\">180250<\/a><\/li>\n<li><a href=\"https:\/\/saobernardo.ma.gov.br\/transparencia\/post_contratos\/180237\/\">180237<\/a><\/li>\n<li><a href=\"https:\/\/saobernardo.ma.gov.br\/transparencia\/post_contratos\/180240\/\">180240<\/a><\/li>\n<li><a href=\"https:\/\/saobernardo.ma.gov.br\/transparencia\/post_contratos\/180142\/\">180142<\/a><\/li>\n<li><a href=\"https:\/\/saobernardo.ma.gov.br\/transparencia\/post_contratos\/180140\/\">180140<\/a><\/li>\n<li><a href=\"https:\/\/saobernardo.ma.gov.br\/transparencia\/post_contratos\/147507-2\/\">147507<\/a><\/li>\n<li><a href=\"https:\/\/saobernardo.ma.gov.br\/transparencia\/post_contratos\/147507\/\">147507<\/a><\/li>\n<li><a href=\"https:\/\/saobernardo.ma.gov.br\/transparencia\/post_contratos\/179565-2\/\">179565<\/a><\/li>\n<li><a href=\"https:\/\/saobernardo.ma.gov.br\/transparencia\/post_contratos\/179565\/\">179565<\/a><\/li>\n<li><a href=\"https:\/\/saobernardo.ma.gov.br\/transparencia\/post_contratos\/146078-2\/\">146078<\/a><\/li>\n<li><a href=\"https:\/\/saobernardo.ma.gov.br\/transparencia\/post_contratos\/146078\/\">146078<\/a><\/li>\n<li><a href=\"https:\/\/saobernardo.ma.gov.br\/transparencia\/post_contratos\/178833\/\">178833<\/a><\/li>\n<li><a href=\"https:\/\/saobernardo.ma.gov.br\/transparencia\/post_contratos\/177494\/\">177494<\/a><\/li>\n<li><a href=\"https:\/\/saobernardo.ma.gov.br\/transparencia\/post_contratos\/177490\/\">177490<\/a><\/li>\n<li><a href=\"https:\/\/saobernardo.ma.gov.br\/transparencia\/post_contratos\/178501\/\">178501<\/a><\/li>\n<li><a href=\"https:\/\/saobernardo.ma.gov.br\/transparencia\/post_contratos\/178499\/\">178499<\/a><\/li>\n<li><a href=\"https:\/\/saobernardo.ma.gov.br\/transparencia\/post_contratos\/178498\/\">178498<\/a><\/li>\n<li><a href=\"https:\/\/saobernardo.ma.gov.br\/transparencia\/post_contratos\/178495\/\">178495<\/a><\/li>\n<li><a href=\"https:\/\/saobernardo.ma.gov.br\/transparencia\/post_contratos\/178491-2\/\">178491<\/a><\/li>\n<li><a href=\"https:\/\/saobernardo.ma.gov.br\/transparencia\/post_contratos\/178491\/\">178491<\/a><\/li>\n<li><a href=\"https:\/\/saobernardo.ma.gov.br\/transparencia\/post_contratos\/178503\/\">178503<\/a><\/li>\n<li><a href=\"https:\/\/saobernardo.ma.gov.br\/transparencia\/post_contratos\/145219\/\">145219<\/a><\/li>\n<li><a href=\"https:\/\/saobernardo.ma.gov.br\/transparencia\/post_contratos\/145154-2\/\">145154<\/a><\/li>\n<li><a href=\"https:\/\/saobernardo.ma.gov.br\/transparencia\/post_contratos\/145154\/\">145154<\/a><\/li>\n<li><a href=\"https:\/\/saobernardo.ma.gov.br\/transparencia\/post_contratos\/145143-2\/\">145143<\/a><\/li>\n<li><a href=\"https:\/\/saobernardo.ma.gov.br\/transparencia\/post_contratos\/145143\/\">145143<\/a><\/li>\n<li><a href=\"https:\/\/saobernardo.ma.gov.br\/transparencia\/post_contratos\/145124\/\">145124<\/a><\/li>\n<li><a href=\"https:\/\/saobernardo.ma.gov.br\/transparencia\/post_contratos\/145166\/\">145166<\/a><\/li>\n<li><a href=\"https:\/\/saobernardo.ma.gov.br\/transparencia\/post_contratos\/145166-2\/\">145166<\/a><\/li>\n<li><a href=\"https:\/\/saobernardo.ma.gov.br\/transparencia\/post_contratos\/145162-2\/\">145162<\/a><\/li>\n<li><a href=\"https:\/\/saobernardo.ma.gov.br\/transparencia\/post_contratos\/145162\/\">145162<\/a><\/li>\n<li><a href=\"https:\/\/saobernardo.ma.gov.br\/transparencia\/post_contratos\/145149-2\/\">145149<\/a><\/li>\n<li><a href=\"https:\/\/saobernardo.ma.gov.br\/transparencia\/post_contratos\/145149\/\">145149<\/a><\/li>\n<li><a href=\"https:\/\/saobernardo.ma.gov.br\/transparencia\/post_contratos\/145096-2\/\">145096<\/a><\/li>\n<li><a href=\"https:\/\/saobernardo.ma.gov.br\/transparencia\/post_contratos\/145096\/\">145096<\/a><\/li>\n<li><a href=\"https:\/\/saobernardo.ma.gov.br\/transparencia\/post_contratos\/145114\/\">145114<\/a><\/li>\n<li><a href=\"https:\/\/saobernardo.ma.gov.br\/transparencia\/post_contratos\/145091\/\">145091<\/a><\/li>\n<li><a href=\"https:\/\/saobernardo.ma.gov.br\/transparencia\/post_contratos\/144904\/\">144904<\/a><\/li>\n<li><a href=\"https:\/\/saobernardo.ma.gov.br\/transparencia\/post_contratos\/144012\/\">144012<\/a><\/li>\n<li><a href=\"https:\/\/saobernardo.ma.gov.br\/transparencia\/post_contratos\/177528\/\">177528<\/a><\/li>\n<li><a href=\"https:\/\/saobernardo.ma.gov.br\/transparencia\/post_contratos\/177530\/\">177530<\/a><\/li>\n<li><a href=\"https:\/\/saobernardo.ma.gov.br\/transparencia\/post_contratos\/177524\/\">177524<\/a><\/li>\n<li><a href=\"https:\/\/saobernardo.ma.gov.br\/transparencia\/post_contratos\/177497\/\">177497<\/a><\/li>\n<li><a href=\"https:\/\/saobernardo.ma.gov.br\/transparencia\/post_contratos\/177481\/\">177481<\/a><\/li>\n<li><a href=\"https:\/\/saobernardo.ma.gov.br\/transparencia\/post_contratos\/177470\/\">177470<\/a><\/li>\n<li><a href=\"https:\/\/saobernardo.ma.gov.br\/transparencia\/post_contratos\/177466\/\">177466<\/a><\/li>\n<li><a href=\"https:\/\/saobernardo.ma.gov.br\/transparencia\/post_contratos\/177465\/\">177465<\/a><\/li>\n<li><a href=\"https:\/\/saobernardo.ma.gov.br\/transparencia\/post_contratos\/177500\/\">177500<\/a><\/li>\n<li><a href=\"https:\/\/saobernardo.ma.gov.br\/transparencia\/post_contratos\/177463\/\">177463<\/a><\/li>\n<li><a href=\"https:\/\/saobernardo.ma.gov.br\/transparencia\/post_contratos\/177488\/\">177488<\/a><\/li>\n<li><a href=\"https:\/\/saobernardo.ma.gov.br\/transparencia\/post_contratos\/177479\/\">177479<\/a><\/li>\n<li><a href=\"https:\/\/saobernardo.ma.gov.br\/transparencia\/post_contratos\/177468\/\">177468<\/a><\/li>\n<li><a href=\"https:\/\/saobernardo.ma.gov.br\/transparencia\/post_contratos\/143706-2\/\">143706<\/a><\/li>\n<li><a href=\"https:\/\/saobernardo.ma.gov.br\/transparencia\/post_contratos\/143706\/\">143706<\/a><\/li>\n<li><a href=\"https:\/\/saobernardo.ma.gov.br\/transparencia\/post_contratos\/143677-2\/\">143677<\/a><\/li>\n<li><a href=\"https:\/\/saobernardo.ma.gov.br\/transparencia\/post_contratos\/143677\/\">143677<\/a><\/li>\n<li><a href=\"https:\/\/saobernardo.ma.gov.br\/transparencia\/post_contratos\/188422\/\">188422<\/a><\/li>\n<li><a href=\"https:\/\/saobernardo.ma.gov.br\/transparencia\/post_contratos\/188419\/\">188419<\/a><\/li>\n<li><a href=\"https:\/\/saobernardo.ma.gov.br\/transparencia\/post_contratos\/188387\/\">188387<\/a><\/li>\n<li><a href=\"https:\/\/saobernardo.ma.gov.br\/transparencia\/post_contratos\/188389\/\">188389<\/a><\/li>\n<li><a href=\"https:\/\/saobernardo.ma.gov.br\/transparencia\/post_contratos\/188382\/\">188382<\/a><\/li>\n<li><a href=\"https:\/\/saobernardo.ma.gov.br\/transparencia\/post_contratos\/188374\/\">188374<\/a><\/li>\n<li><a href=\"https:\/\/saobernardo.ma.gov.br\/transparencia\/post_contratos\/188321\/\">188321<\/a><\/li>\n<li><a href=\"https:\/\/saobernardo.ma.gov.br\/transparencia\/post_contratos\/188113\/\">188113<\/a><\/li>\n<li><a href=\"https:\/\/saobernardo.ma.gov.br\/transparencia\/post_contratos\/176022\/\">176022<\/a><\/li>\n<li><a href=\"https:\/\/saobernardo.ma.gov.br\/transparencia\/post_contratos\/176021\/\">176021<\/a><\/li>\n<li><a href=\"https:\/\/saobernardo.ma.gov.br\/transparencia\/post_contratos\/175419\/\">175419<\/a><\/li>\n<li><a href=\"https:\/\/saobernardo.ma.gov.br\/transparencia\/post_contratos\/175417\/\">175417<\/a><\/li>\n<li><a href=\"https:\/\/saobernardo.ma.gov.br\/transparencia\/post_contratos\/175414-2\/\">175414<\/a><\/li>\n<li><a href=\"https:\/\/saobernardo.ma.gov.br\/transparencia\/post_contratos\/175414\/\">175414<\/a><\/li>\n<li><a href=\"https:\/\/saobernardo.ma.gov.br\/transparencia\/post_contratos\/175406-2\/\">175406<\/a><\/li>\n<li><a href=\"https:\/\/saobernardo.ma.gov.br\/transparencia\/post_contratos\/175406\/\">175406<\/a><\/li>\n<li><a href=\"https:\/\/saobernardo.ma.gov.br\/transparencia\/post_contratos\/175400\/\">175400<\/a><\/li>\n<li><a href=\"https:\/\/saobernardo.ma.gov.br\/transparencia\/post_contratos\/175400-2\/\">175400<\/a><\/li>\n<li><a href=\"https:\/\/saobernardo.ma.gov.br\/transparencia\/post_contratos\/139154-2\/\">139154<\/a><\/li>\n<li><a href=\"https:\/\/saobernardo.ma.gov.br\/transparencia\/post_contratos\/139154\/\">139154<\/a><\/li>\n<li><a href=\"https:\/\/saobernardo.ma.gov.br\/transparencia\/post_contratos\/174834-2\/\">174834<\/a><\/li>\n<li><a href=\"https:\/\/saobernardo.ma.gov.br\/transparencia\/post_contratos\/174834\/\">174834<\/a><\/li>\n<li><a href=\"https:\/\/saobernardo.ma.gov.br\/transparencia\/post_contratos\/174828\/\">174828<\/a><\/li>\n<li><a href=\"https:\/\/saobernardo.ma.gov.br\/transparencia\/post_contratos\/187489-2\/\">187489<\/a><\/li>\n<li><a href=\"https:\/\/saobernardo.ma.gov.br\/transparencia\/post_contratos\/187489\/\">187489<\/a><\/li>\n<li><a href=\"https:\/\/saobernardo.ma.gov.br\/transparencia\/post_contratos\/187486-2\/\">187486<\/a><\/li>\n<li><a href=\"https:\/\/saobernardo.ma.gov.br\/transparencia\/post_contratos\/187486\/\">187486<\/a><\/li>\n<li><a href=\"https:\/\/saobernardo.ma.gov.br\/transparencia\/post_contratos\/136606-2\/\">136606<\/a><\/li>\n<li><a href=\"https:\/\/saobernardo.ma.gov.br\/transparencia\/post_contratos\/136606\/\">136606<\/a><\/li>\n<li><a href=\"https:\/\/saobernardo.ma.gov.br\/transparencia\/post_contratos\/136591\/\">136591<\/a><\/li>\n<li><a href=\"https:\/\/saobernardo.ma.gov.br\/transparencia\/post_contratos\/136591-2\/\">136591<\/a><\/li>\n<li><a href=\"https:\/\/saobernardo.ma.gov.br\/transparencia\/post_contratos\/136589-2\/\">136589<\/a><\/li>\n<li><a href=\"https:\/\/saobernardo.ma.gov.br\/transparencia\/post_contratos\/136589\/\">136589<\/a><\/li>\n<li><a href=\"https:\/\/saobernardo.ma.gov.br\/transparencia\/post_contratos\/135895-2\/\">135895<\/a><\/li>\n<li><a href=\"https:\/\/saobernardo.ma.gov.br\/transparencia\/post_contratos\/135895\/\">135895<\/a><\/li>\n<li><a href=\"https:\/\/saobernardo.ma.gov.br\/transparencia\/post_contratos\/173610-2\/\">173610<\/a><\/li>\n<li><a href=\"https:\/\/saobernardo.ma.gov.br\/transparencia\/post_contratos\/173610\/\">173610<\/a><\/li>\n<li><a href=\"https:\/\/saobernardo.ma.gov.br\/transparencia\/post_contratos\/173533\/\">173533<\/a><\/li>\n<li><a href=\"https:\/\/saobernardo.ma.gov.br\/transparencia\/post_contratos\/173532\/\">173532<\/a><\/li>\n<li><a href=\"https:\/\/saobernardo.ma.gov.br\/transparencia\/post_contratos\/160878\/\">160878<\/a><\/li>\n<li><a href=\"https:\/\/saobernardo.ma.gov.br\/transparencia\/post_contratos\/160875\/\">160875<\/a><\/li>\n<li><a href=\"https:\/\/saobernardo.ma.gov.br\/transparencia\/post_contratos\/173528\/\">173528<\/a><\/li>\n<li><a href=\"https:\/\/saobernardo.ma.gov.br\/transparencia\/post_contratos\/173527\/\">173527<\/a><\/li>\n<li><a href=\"https:\/\/saobernardo.ma.gov.br\/transparencia\/post_contratos\/173520\/\">173520<\/a><\/li>\n<li><a href=\"https:\/\/saobernardo.ma.gov.br\/transparencia\/post_contratos\/173519\/\">173519<\/a><\/li>\n<li><a href=\"https:\/\/saobernardo.ma.gov.br\/transparencia\/post_contratos\/173518\/\">173518<\/a><\/li>\n<li><a href=\"https:\/\/saobernardo.ma.gov.br\/transparencia\/post_contratos\/173517\/\">173517<\/a><\/li>\n<li><a href=\"https:\/\/saobernardo.ma.gov.br\/transparencia\/post_contratos\/173514\/\">173514<\/a><\/li>\n<li><a href=\"https:\/\/saobernardo.ma.gov.br\/transparencia\/post_contratos\/173516\/\">173516<\/a><\/li>\n<li><a href=\"https:\/\/saobernardo.ma.gov.br\/transparencia\/post_contratos\/173515\/\">173515<\/a><\/li>\n<li><a href=\"https:\/\/saobernardo.ma.gov.br\/transparencia\/post_contratos\/173509\/\">173509<\/a><\/li>\n<li><a href=\"https:\/\/saobernardo.ma.gov.br\/transparencia\/post_contratos\/173510\/\">173510<\/a><\/li>\n<li><a href=\"https:\/\/saobernardo.ma.gov.br\/transparencia\/post_contratos\/173508\/\">173508<\/a><\/li>\n<li><a href=\"https:\/\/saobernardo.ma.gov.br\/transparencia\/post_contratos\/173507\/\">173507<\/a><\/li>\n<li><a href=\"https:\/\/saobernardo.ma.gov.br\/transparencia\/post_contratos\/172948\/\">172948<\/a><\/li>\n<li><a href=\"https:\/\/saobernardo.ma.gov.br\/transparencia\/post_contratos\/172944\/\">172944<\/a><\/li>\n<li><a href=\"https:\/\/saobernardo.ma.gov.br\/transparencia\/post_contratos\/172938\/\">172938<\/a><\/li>\n<li><a href=\"https:\/\/saobernardo.ma.gov.br\/transparencia\/post_contratos\/131999\/\">131999<\/a><\/li>\n<li><a href=\"https:\/\/saobernardo.ma.gov.br\/transparencia\/post_contratos\/130812\/\">130812<\/a><\/li>\n<li><a href=\"https:\/\/saobernardo.ma.gov.br\/transparencia\/post_contratos\/165903\/\">165903<\/a><\/li>\n<li><a href=\"https:\/\/saobernardo.ma.gov.br\/transparencia\/post_contratos\/165898\/\">165898<\/a><\/li>\n<li><a href=\"https:\/\/saobernardo.ma.gov.br\/transparencia\/post_contratos\/165876\/\">165876<\/a><\/li>\n<li><a href=\"https:\/\/saobernardo.ma.gov.br\/transparencia\/post_contratos\/165657\/\">165657<\/a><\/li>\n<li><a href=\"https:\/\/saobernardo.ma.gov.br\/transparencia\/post_contratos\/128202\/\">128202<\/a><\/li>\n<li><a href=\"https:\/\/saobernardo.ma.gov.br\/transparencia\/post_contratos\/128200\/\">128200<\/a><\/li>\n<li><a href=\"https:\/\/saobernardo.ma.gov.br\/transparencia\/post_contratos\/128097\/\">128097<\/a><\/li>\n<li><a href=\"https:\/\/saobernardo.ma.gov.br\/transparencia\/post_contratos\/171704\/\">171704<\/a><\/li>\n<li><a href=\"https:\/\/saobernardo.ma.gov.br\/transparencia\/post_contratos\/171703\/\">171703<\/a><\/li>\n<li><a href=\"https:\/\/saobernardo.ma.gov.br\/transparencia\/post_contratos\/171702\/\">171702<\/a><\/li>\n<li><a href=\"https:\/\/saobernardo.ma.gov.br\/transparencia\/post_contratos\/171701\/\">171701<\/a><\/li>\n<li><a href=\"https:\/\/saobernardo.ma.gov.br\/transparencia\/post_contratos\/171689\/\">171689<\/a><\/li>\n<li><a href=\"https:\/\/saobernardo.ma.gov.br\/transparencia\/post_contratos\/171683-2\/\">171683<\/a><\/li>\n<li><a href=\"https:\/\/saobernardo.ma.gov.br\/transparencia\/post_contratos\/171683\/\">171683<\/a><\/li>\n<li><a href=\"https:\/\/saobernardo.ma.gov.br\/transparencia\/post_contratos\/127864\/\">127864<\/a><\/li>\n<li><a href=\"https:\/\/saobernardo.ma.gov.br\/transparencia\/post_contratos\/171681\/\">171681<\/a><\/li>\n<li><a href=\"https:\/\/saobernardo.ma.gov.br\/transparencia\/post_contratos\/171678\/\">171678<\/a><\/li>\n<li><a href=\"https:\/\/saobernardo.ma.gov.br\/transparencia\/post_contratos\/127815\/\">127815<\/a><\/li>\n<li><a href=\"https:\/\/saobernardo.ma.gov.br\/transparencia\/post_contratos\/127740\/\">127740<\/a><\/li>\n<li><a href=\"https:\/\/saobernardo.ma.gov.br\/transparencia\/post_contratos\/127730\/\">127730<\/a><\/li>\n<li><a href=\"https:\/\/saobernardo.ma.gov.br\/transparencia\/post_contratos\/127725\/\">127725<\/a><\/li>\n<li><a href=\"https:\/\/saobernardo.ma.gov.br\/transparencia\/post_contratos\/127735\/\">127735<\/a><\/li>\n<li><a href=\"https:\/\/saobernardo.ma.gov.br\/transparencia\/post_contratos\/127622\/\">127622<\/a><\/li>\n<li><a href=\"https:\/\/saobernardo.ma.gov.br\/transparencia\/post_contratos\/127509\/\">127509<\/a><\/li>\n<li><a href=\"https:\/\/saobernardo.ma.gov.br\/transparencia\/post_contratos\/63267\/\">63267<\/a><\/li>\n<li><a href=\"https:\/\/saobernardo.ma.gov.br\/transparencia\/post_contratos\/126615\/\">126615<\/a><\/li>\n<li><a href=\"https:\/\/saobernardo.ma.gov.br\/transparencia\/post_contratos\/126611\/\">126611<\/a><\/li>\n<li><a href=\"https:\/\/saobernardo.ma.gov.br\/transparencia\/post_contratos\/126605\/\">126605<\/a><\/li>\n<li><a href=\"https:\/\/saobernardo.ma.gov.br\/transparencia\/post_contratos\/126607\/\">126607<\/a><\/li>\n<li><a href=\"https:\/\/saobernardo.ma.gov.br\/transparencia\/post_contratos\/126597\/\">126597<\/a><\/li>\n<li><a href=\"https:\/\/saobernardo.ma.gov.br\/transparencia\/post_contratos\/126374\/\">126374<\/a><\/li>\n<li><a href=\"https:\/\/saobernardo.ma.gov.br\/transparencia\/post_contratos\/126360\/\">126360<\/a><\/li>\n<li><a href=\"https:\/\/saobernardo.ma.gov.br\/transparencia\/post_contratos\/126479\/\">126479<\/a><\/li>\n<li><a href=\"https:\/\/saobernardo.ma.gov.br\/transparencia\/post_contratos\/126370\/\">126370<\/a><\/li>\n<li><a href=\"https:\/\/saobernardo.ma.gov.br\/transparencia\/post_contratos\/126351\/\">126351<\/a><\/li>\n<li><a href=\"https:\/\/saobernardo.ma.gov.br\/transparencia\/post_contratos\/125851\/\">125851<\/a><\/li>\n<li><a href=\"https:\/\/saobernardo.ma.gov.br\/transparencia\/post_contratos\/125840-2\/\">125840<\/a><\/li>\n<li><a href=\"https:\/\/saobernardo.ma.gov.br\/transparencia\/post_contratos\/125840\/\">125840<\/a><\/li>\n<li><a href=\"https:\/\/saobernardo.ma.gov.br\/transparencia\/post_contratos\/163992\/\">163992<\/a><\/li>\n<li><a href=\"https:\/\/saobernardo.ma.gov.br\/transparencia\/post_contratos\/163992-2\/\">163992<\/a><\/li>\n<li><a href=\"https:\/\/saobernardo.ma.gov.br\/transparencia\/post_contratos\/125117-2\/\">125117<\/a><\/li>\n<li><a href=\"https:\/\/saobernardo.ma.gov.br\/transparencia\/post_contratos\/125117\/\">125117<\/a><\/li>\n<li><a href=\"https:\/\/saobernardo.ma.gov.br\/transparencia\/post_contratos\/125113-2\/\">125113<\/a><\/li>\n<li><a href=\"https:\/\/saobernardo.ma.gov.br\/transparencia\/post_contratos\/125113\/\">125113<\/a><\/li>\n<li><a href=\"https:\/\/saobernardo.ma.gov.br\/transparencia\/post_contratos\/123686-2\/\">123686<\/a><\/li>\n<li><a href=\"https:\/\/saobernardo.ma.gov.br\/transparencia\/post_contratos\/123686\/\">123686<\/a><\/li>\n<li><a href=\"https:\/\/saobernardo.ma.gov.br\/transparencia\/post_contratos\/123678-2\/\">123678<\/a><\/li>\n<li><a href=\"https:\/\/saobernardo.ma.gov.br\/transparencia\/post_contratos\/123678\/\">123678<\/a><\/li>\n<li><a href=\"https:\/\/saobernardo.ma.gov.br\/transparencia\/post_contratos\/123684-2\/\">123684<\/a><\/li>\n<li><a href=\"https:\/\/saobernardo.ma.gov.br\/transparencia\/post_contratos\/123684\/\">123684<\/a><\/li>\n<li><a href=\"https:\/\/saobernardo.ma.gov.br\/transparencia\/post_contratos\/123671-2\/\">123671<\/a><\/li>\n<li><a href=\"https:\/\/saobernardo.ma.gov.br\/transparencia\/post_contratos\/123671\/\">123671<\/a><\/li>\n<li><a href=\"https:\/\/saobernardo.ma.gov.br\/transparencia\/post_contratos\/123603\/\">123603<\/a><\/li>\n<li><a href=\"https:\/\/saobernardo.ma.gov.br\/transparencia\/post_contratos\/123603-2\/\">123603<\/a><\/li>\n<li><a href=\"https:\/\/saobernardo.ma.gov.br\/transparencia\/post_contratos\/123398-2\/\">123398<\/a><\/li>\n<li><a href=\"https:\/\/saobernardo.ma.gov.br\/transparencia\/post_contratos\/123398\/\">123398<\/a><\/li>\n<li><a href=\"https:\/\/saobernardo.ma.gov.br\/transparencia\/post_contratos\/123392-2\/\">123392<\/a><\/li>\n<li><a href=\"https:\/\/saobernardo.ma.gov.br\/transparencia\/post_contratos\/123392\/\">123392<\/a><\/li>\n<li><a href=\"https:\/\/saobernardo.ma.gov.br\/transparencia\/post_contratos\/123390\/\">123390<\/a><\/li>\n<li><a href=\"https:\/\/saobernardo.ma.gov.br\/transparencia\/post_contratos\/123390-2\/\">123390<\/a><\/li>\n<li><a href=\"https:\/\/saobernardo.ma.gov.br\/transparencia\/post_contratos\/123394-2\/\">123394<\/a><\/li>\n<li><a href=\"https:\/\/saobernardo.ma.gov.br\/transparencia\/post_contratos\/123394\/\">123394<\/a><\/li>\n<li><a href=\"https:\/\/saobernardo.ma.gov.br\/transparencia\/post_contratos\/123261\/\">123261<\/a><\/li>\n<li><a href=\"https:\/\/saobernardo.ma.gov.br\/transparencia\/post_contratos\/123237\/\">123237<\/a><\/li>\n<li><a href=\"https:\/\/saobernardo.ma.gov.br\/transparencia\/post_contratos\/123195\/\">123195<\/a><\/li>\n<li><a href=\"https:\/\/saobernardo.ma.gov.br\/transparencia\/post_contratos\/123189\/\">123189<\/a><\/li>\n<li><a href=\"https:\/\/saobernardo.ma.gov.br\/transparencia\/post_contratos\/123081\/\">123081<\/a><\/li>\n<li><a href=\"https:\/\/saobernardo.ma.gov.br\/transparencia\/post_contratos\/123080\/\">123080<\/a><\/li>\n<li><a href=\"https:\/\/saobernardo.ma.gov.br\/transparencia\/post_contratos\/123077\/\">123077<\/a><\/li>\n<li><a href=\"https:\/\/saobernardo.ma.gov.br\/transparencia\/post_contratos\/123075\/\">123075<\/a><\/li>\n<li><a href=\"https:\/\/saobernardo.ma.gov.br\/transparencia\/post_contratos\/122670\/\">122670<\/a><\/li>\n<li><a href=\"https:\/\/saobernardo.ma.gov.br\/transparencia\/post_contratos\/170070\/\">170070<\/a><\/li>\n<li><a href=\"https:\/\/saobernardo.ma.gov.br\/transparencia\/post_contratos\/170013\/\">170013<\/a><\/li>\n<li><a href=\"https:\/\/saobernardo.ma.gov.br\/transparencia\/post_contratos\/120830\/\">120830<\/a><\/li>\n<li><a href=\"https:\/\/saobernardo.ma.gov.br\/transparencia\/post_contratos\/120654\/\">120654<\/a><\/li>\n<li><a href=\"https:\/\/saobernardo.ma.gov.br\/transparencia\/post_contratos\/120649\/\">120649<\/a><\/li>\n<li><a href=\"https:\/\/saobernardo.ma.gov.br\/transparencia\/post_contratos\/120645\/\">120645<\/a><\/li>\n<li><a href=\"https:\/\/saobernardo.ma.gov.br\/transparencia\/post_contratos\/120642\/\">120642<\/a><\/li>\n<li><a href=\"https:\/\/saobernardo.ma.gov.br\/transparencia\/post_contratos\/120638\/\">120638<\/a><\/li>\n<li><a href=\"https:\/\/saobernardo.ma.gov.br\/transparencia\/post_contratos\/120629\/\">120629<\/a><\/li>\n<li><a href=\"https:\/\/saobernardo.ma.gov.br\/transparencia\/post_contratos\/120626\/\">120626<\/a><\/li>\n<li><a href=\"https:\/\/saobernardo.ma.gov.br\/transparencia\/post_contratos\/120617\/\">120617<\/a><\/li>\n<li><a href=\"https:\/\/saobernardo.ma.gov.br\/transparencia\/post_contratos\/120611\/\">120611<\/a><\/li>\n<li><a href=\"https:\/\/saobernardo.ma.gov.br\/transparencia\/post_contratos\/120609\/\">120609<\/a><\/li>\n<li><a href=\"https:\/\/saobernardo.ma.gov.br\/transparencia\/post_contratos\/120607\/\">120607<\/a><\/li>\n<li><a href=\"https:\/\/saobernardo.ma.gov.br\/transparencia\/post_contratos\/120603\/\">120603<\/a><\/li>\n<li><a href=\"https:\/\/saobernardo.ma.gov.br\/transparencia\/post_contratos\/120343\/\">120343<\/a><\/li>\n<li><a href=\"https:\/\/saobernardo.ma.gov.br\/transparencia\/post_contratos\/120060-2\/\">120060<\/a><\/li>\n<li><a href=\"https:\/\/saobernardo.ma.gov.br\/transparencia\/post_contratos\/120060\/\">120060<\/a><\/li>\n<li><a href=\"https:\/\/saobernardo.ma.gov.br\/transparencia\/post_contratos\/119955\/\">119955<\/a><\/li>\n<li><a href=\"https:\/\/saobernardo.ma.gov.br\/transparencia\/post_contratos\/119955-2\/\">119955<\/a><\/li>\n<li><a href=\"https:\/\/saobernardo.ma.gov.br\/transparencia\/post_contratos\/119958-2\/\">119958<\/a><\/li>\n<li><a href=\"https:\/\/saobernardo.ma.gov.br\/transparencia\/post_contratos\/119958\/\">119958<\/a><\/li>\n<li><a href=\"https:\/\/saobernardo.ma.gov.br\/transparencia\/post_contratos\/119946\/\">119946<\/a><\/li>\n<li><a href=\"https:\/\/saobernardo.ma.gov.br\/transparencia\/post_contratos\/119501\/\">119501<\/a><\/li>\n<li><a href=\"https:\/\/saobernardo.ma.gov.br\/transparencia\/post_contratos\/119499\/\">119499<\/a><\/li>\n<li><a href=\"https:\/\/saobernardo.ma.gov.br\/transparencia\/post_contratos\/119107\/\">119107<\/a><\/li>\n<li><a href=\"https:\/\/saobernardo.ma.gov.br\/transparencia\/post_contratos\/119101\/\">119101<\/a><\/li>\n<li><a href=\"https:\/\/saobernardo.ma.gov.br\/transparencia\/post_contratos\/119100\/\">119100<\/a><\/li>\n<li><a href=\"https:\/\/saobernardo.ma.gov.br\/transparencia\/post_contratos\/119097-2\/\">119097<\/a><\/li>\n<li><a href=\"https:\/\/saobernardo.ma.gov.br\/transparencia\/post_contratos\/119097\/\">119097<\/a><\/li>\n<li><a href=\"https:\/\/saobernardo.ma.gov.br\/transparencia\/post_contratos\/118867-2\/\">118867<\/a><\/li>\n<li><a href=\"https:\/\/saobernardo.ma.gov.br\/transparencia\/post_contratos\/118867\/\">118867<\/a><\/li>\n<li><a href=\"https:\/\/saobernardo.ma.gov.br\/transparencia\/post_contratos\/118866-2\/\">118866<\/a><\/li>\n<li><a href=\"https:\/\/saobernardo.ma.gov.br\/transparencia\/post_contratos\/118866\/\">118866<\/a><\/li>\n<li><a href=\"https:\/\/saobernardo.ma.gov.br\/transparencia\/post_contratos\/118864\/\">118864<\/a><\/li>\n<li><a href=\"https:\/\/saobernardo.ma.gov.br\/transparencia\/post_contratos\/118863\/\">118863<\/a><\/li>\n<li><a href=\"https:\/\/saobernardo.ma.gov.br\/transparencia\/post_contratos\/118580\/\">118580<\/a><\/li>\n<li><a href=\"https:\/\/saobernardo.ma.gov.br\/transparencia\/post_contratos\/118279\/\">118279<\/a><\/li>\n<li><a href=\"https:\/\/saobernardo.ma.gov.br\/transparencia\/post_contratos\/118276\/\">118276<\/a><\/li>\n<li><a href=\"https:\/\/saobernardo.ma.gov.br\/transparencia\/post_contratos\/118273\/\">118273<\/a><\/li>\n<li><a href=\"https:\/\/saobernardo.ma.gov.br\/transparencia\/post_contratos\/118242\/\">118242<\/a><\/li>\n<li><a href=\"https:\/\/saobernardo.ma.gov.br\/transparencia\/post_contratos\/118130\/\">118130<\/a><\/li>\n<li><a href=\"https:\/\/saobernardo.ma.gov.br\/transparencia\/post_contratos\/118066\/\">118066<\/a><\/li>\n<li><a href=\"https:\/\/saobernardo.ma.gov.br\/transparencia\/post_contratos\/117763\/\">117763<\/a><\/li>\n<li><a href=\"https:\/\/saobernardo.ma.gov.br\/transparencia\/post_contratos\/117765\/\">117765<\/a><\/li>\n<li><a href=\"https:\/\/saobernardo.ma.gov.br\/transparencia\/post_contratos\/117761\/\">117761<\/a><\/li>\n<li><a href=\"https:\/\/saobernardo.ma.gov.br\/transparencia\/post_contratos\/117759\/\">117759<\/a><\/li>\n<li><a href=\"https:\/\/saobernardo.ma.gov.br\/transparencia\/post_contratos\/117757\/\">117757<\/a><\/li>\n<li><a href=\"https:\/\/saobernardo.ma.gov.br\/transparencia\/post_contratos\/117753\/\">117753<\/a><\/li>\n<li><a href=\"https:\/\/saobernardo.ma.gov.br\/transparencia\/post_contratos\/117751\/\">117751<\/a><\/li>\n<li><a href=\"https:\/\/saobernardo.ma.gov.br\/transparencia\/post_contratos\/117745\/\">117745<\/a><\/li>\n<li><a href=\"https:\/\/saobernardo.ma.gov.br\/transparencia\/post_contratos\/117696\/\">117696<\/a><\/li>\n<li><a href=\"https:\/\/saobernardo.ma.gov.br\/transparencia\/post_contratos\/116751\/\">116751<\/a><\/li>\n<li><a href=\"https:\/\/saobernardo.ma.gov.br\/transparencia\/post_contratos\/116552\/\">116552<\/a><\/li>\n<li><a href=\"https:\/\/saobernardo.ma.gov.br\/transparencia\/post_contratos\/116483\/\">116483<\/a><\/li>\n<li><a href=\"https:\/\/saobernardo.ma.gov.br\/transparencia\/post_contratos\/116432\/\">116432<\/a><\/li>\n<li><a href=\"https:\/\/saobernardo.ma.gov.br\/transparencia\/post_contratos\/115314\/\">115314<\/a><\/li>\n<li><a href=\"https:\/\/saobernardo.ma.gov.br\/transparencia\/post_contratos\/113449\/\">113449<\/a><\/li>\n<li><a href=\"https:\/\/saobernardo.ma.gov.br\/transparencia\/post_contratos\/112191\/\">112191<\/a><\/li>\n<li><a href=\"https:\/\/saobernardo.ma.gov.br\/transparencia\/post_contratos\/110173\/\">110173<\/a><\/li>\n<li><a href=\"https:\/\/saobernardo.ma.gov.br\/transparencia\/post_contratos\/110160\/\">110160<\/a><\/li>\n<li><a href=\"https:\/\/saobernardo.ma.gov.br\/transparencia\/post_contratos\/63831\/\">63831<\/a><\/li>\n<li><a href=\"https:\/\/saobernardo.ma.gov.br\/transparencia\/post_contratos\/63503\/\">63503<\/a><\/li>\n<li><a href=\"https:\/\/saobernardo.ma.gov.br\/transparencia\/post_contratos\/108875\/\">108875<\/a><\/li>\n<li><a href=\"https:\/\/saobernardo.ma.gov.br\/transparencia\/post_contratos\/108871\/\">108871<\/a><\/li>\n<li><a href=\"https:\/\/saobernardo.ma.gov.br\/transparencia\/post_contratos\/108836\/\">108836<\/a><\/li>\n<li><a href=\"https:\/\/saobernardo.ma.gov.br\/transparencia\/post_contratos\/108864\/\">108864<\/a><\/li>\n<li><a href=\"https:\/\/saobernardo.ma.gov.br\/transparencia\/post_contratos\/107512\/\">107512<\/a><\/li>\n<li><a href=\"https:\/\/saobernardo.ma.gov.br\/transparencia\/post_contratos\/106125\/\">106125<\/a><\/li>\n<li><a href=\"https:\/\/saobernardo.ma.gov.br\/transparencia\/post_contratos\/99181\/\">99181<\/a><\/li>\n<li><a href=\"https:\/\/saobernardo.ma.gov.br\/transparencia\/post_contratos\/98949\/\">98949<\/a><\/li>\n<li><a href=\"https:\/\/saobernardo.ma.gov.br\/transparencia\/post_contratos\/98851\/\">98851<\/a><\/li>\n<li><a href=\"https:\/\/saobernardo.ma.gov.br\/transparencia\/post_contratos\/98181\/\">98181<\/a><\/li>\n<li><a href=\"https:\/\/saobernardo.ma.gov.br\/transparencia\/post_contratos\/97208\/\">97208<\/a><\/li>\n<li><a href=\"https:\/\/saobernardo.ma.gov.br\/transparencia\/post_contratos\/97205\/\">97205<\/a><\/li>\n<li><a href=\"https:\/\/saobernardo.ma.gov.br\/transparencia\/post_contratos\/97202\/\">97202<\/a><\/li>\n<li><a href=\"https:\/\/saobernardo.ma.gov.br\/transparencia\/post_contratos\/97201\/\">97201<\/a><\/li>\n<li><a href=\"https:\/\/saobernardo.ma.gov.br\/transparencia\/post_contratos\/97195\/\">97195<\/a><\/li>\n<li><a href=\"https:\/\/saobernardo.ma.gov.br\/transparencia\/post_contratos\/96802\/\">96802<\/a><\/li>\n<li><a href=\"https:\/\/saobernardo.ma.gov.br\/transparencia\/post_contratos\/96798\/\">96798<\/a><\/li>\n<li><a href=\"https:\/\/saobernardo.ma.gov.br\/transparencia\/post_contratos\/95667\/\">95667<\/a><\/li>\n<li><a href=\"https:\/\/saobernardo.ma.gov.br\/transparencia\/post_contratos\/95663\/\">95663<\/a><\/li>\n<li><a href=\"https:\/\/saobernardo.ma.gov.br\/transparencia\/post_contratos\/95663-2\/\">95663<\/a><\/li>\n<li><a href=\"https:\/\/saobernardo.ma.gov.br\/transparencia\/post_contratos\/95662\/\">95662<\/a><\/li>\n<li><a href=\"https:\/\/saobernardo.ma.gov.br\/transparencia\/post_contratos\/95662-2\/\">95662<\/a><\/li>\n<li><a href=\"https:\/\/saobernardo.ma.gov.br\/transparencia\/post_contratos\/94825-2\/\">94825<\/a><\/li>\n<li><a href=\"https:\/\/saobernardo.ma.gov.br\/transparencia\/post_contratos\/94825\/\">94825<\/a><\/li>\n<li><a href=\"https:\/\/saobernardo.ma.gov.br\/transparencia\/post_contratos\/94516\/\">94516<\/a><\/li>\n<li><a href=\"https:\/\/saobernardo.ma.gov.br\/transparencia\/post_contratos\/161564\/\">161564<\/a><\/li>\n<li><a href=\"https:\/\/saobernardo.ma.gov.br\/transparencia\/post_contratos\/91021\/\">91021<\/a><\/li>\n<li><a href=\"https:\/\/saobernardo.ma.gov.br\/transparencia\/post_contratos\/91011\/\">91011<\/a><\/li>\n<li><a href=\"https:\/\/saobernardo.ma.gov.br\/transparencia\/post_contratos\/91008\/\">91008<\/a><\/li>\n<li><a href=\"https:\/\/saobernardo.ma.gov.br\/transparencia\/post_contratos\/91006\/\">91006<\/a><\/li>\n<li><a href=\"https:\/\/saobernardo.ma.gov.br\/transparencia\/post_contratos\/91002\/\">91002<\/a><\/li>\n<li><a href=\"https:\/\/saobernardo.ma.gov.br\/transparencia\/post_contratos\/90949\/\">90949<\/a><\/li>\n<li><a href=\"https:\/\/saobernardo.ma.gov.br\/transparencia\/post_contratos\/90938\/\">90938<\/a><\/li>\n<li><a href=\"https:\/\/saobernardo.ma.gov.br\/transparencia\/post_contratos\/90885\/\">90885<\/a><\/li>\n<li><a href=\"https:\/\/saobernardo.ma.gov.br\/transparencia\/post_contratos\/90833\/\">90833<\/a><\/li>\n<li><a href=\"https:\/\/saobernardo.ma.gov.br\/transparencia\/post_contratos\/86889\/\">86889<\/a><\/li>\n<li><a href=\"https:\/\/saobernardo.ma.gov.br\/transparencia\/post_contratos\/86874\/\">86874<\/a><\/li>\n<li><a href=\"https:\/\/saobernardo.ma.gov.br\/transparencia\/post_contratos\/85023\/\">85023<\/a><\/li>\n<li><a href=\"https:\/\/saobernardo.ma.gov.br\/transparencia\/post_contratos\/83658\/\">83658<\/a><\/li>\n<li><a href=\"https:\/\/saobernardo.ma.gov.br\/transparencia\/post_contratos\/83612\/\">83612<\/a><\/li>\n<li><a href=\"https:\/\/saobernardo.ma.gov.br\/transparencia\/post_contratos\/83578\/\">83578<\/a><\/li>\n<li><a href=\"https:\/\/saobernardo.ma.gov.br\/transparencia\/post_contratos\/83571\/\">83571<\/a><\/li>\n<li><a href=\"https:\/\/saobernardo.ma.gov.br\/transparencia\/post_contratos\/83296\/\">83296<\/a><\/li>\n<li><a href=\"https:\/\/saobernardo.ma.gov.br\/transparencia\/post_contratos\/83346\/\">83346<\/a><\/li>\n<li><a href=\"https:\/\/saobernardo.ma.gov.br\/transparencia\/post_contratos\/83162\/\">83162<\/a><\/li>\n<li><a href=\"https:\/\/saobernardo.ma.gov.br\/transparencia\/post_contratos\/83160\/\">83160<\/a><\/li>\n<li><a href=\"https:\/\/saobernardo.ma.gov.br\/transparencia\/post_contratos\/82774\/\">82774<\/a><\/li>\n<li><a href=\"https:\/\/saobernardo.ma.gov.br\/transparencia\/post_contratos\/82633\/\">82633<\/a><\/li>\n<li><a href=\"https:\/\/saobernardo.ma.gov.br\/transparencia\/post_contratos\/82626\/\">82626<\/a><\/li>\n<li><a href=\"https:\/\/saobernardo.ma.gov.br\/transparencia\/post_contratos\/80709\/\">80709<\/a><\/li>\n<li><a href=\"https:\/\/saobernardo.ma.gov.br\/transparencia\/post_contratos\/72949\/\">72949<\/a><\/li>\n<li><a href=\"https:\/\/saobernardo.ma.gov.br\/transparencia\/post_contratos\/70210\/\">70210<\/a><\/li>\n<li><a href=\"https:\/\/saobernardo.ma.gov.br\/transparencia\/post_contratos\/70206\/\">70206<\/a><\/li>\n<li><a href=\"https:\/\/saobernardo.ma.gov.br\/transparencia\/post_contratos\/70199\/\">70199<\/a><\/li>\n<li><a href=\"https:\/\/saobernardo.ma.gov.br\/transparencia\/post_contratos\/70191\/\">70191<\/a><\/li>\n<li><a href=\"https:\/\/saobernardo.ma.gov.br\/transparencia\/post_contratos\/70168\/\">70168<\/a><\/li>\n<li><a href=\"https:\/\/saobernardo.ma.gov.br\/transparencia\/post_contratos\/70163\/\">70163<\/a><\/li>\n<li><a href=\"https:\/\/saobernardo.ma.gov.br\/transparencia\/post_contratos\/70159\/\">70159<\/a><\/li>\n<li><a href=\"https:\/\/saobernardo.ma.gov.br\/transparencia\/post_contratos\/70133\/\">70133<\/a><\/li>\n<li><a href=\"https:\/\/saobernardo.ma.gov.br\/transparencia\/post_contratos\/70090\/\">70090<\/a><\/li>\n<li><a href=\"https:\/\/saobernardo.ma.gov.br\/transparencia\/post_contratos\/70088\/\">70088<\/a><\/li>\n<li><a href=\"https:\/\/saobernardo.ma.gov.br\/transparencia\/post_contratos\/70085\/\">70085<\/a><\/li>\n<li><a href=\"https:\/\/saobernardo.ma.gov.br\/transparencia\/post_contratos\/70080\/\">70080<\/a><\/li>\n<li><a href=\"https:\/\/saobernardo.ma.gov.br\/transparencia\/post_contratos\/69860\/\">69860<\/a><\/li>\n<li><a href=\"https:\/\/saobernardo.ma.gov.br\/transparencia\/post_contratos\/69857\/\">69857<\/a><\/li>\n<li><a href=\"https:\/\/saobernardo.ma.gov.br\/transparencia\/post_contratos\/69853\/\">69853<\/a><\/li>\n<li><a href=\"https:\/\/saobernardo.ma.gov.br\/transparencia\/post_contratos\/69851\/\">69851<\/a><\/li>\n<li><a href=\"https:\/\/saobernardo.ma.gov.br\/transparencia\/post_contratos\/68906\/\">68906<\/a><\/li>\n<li><a href=\"https:\/\/saobernardo.ma.gov.br\/transparencia\/post_contratos\/68902\/\">68902<\/a><\/li>\n<li><a href=\"https:\/\/saobernardo.ma.gov.br\/transparencia\/post_contratos\/68878\/\">68878<\/a><\/li>\n<li><a href=\"https:\/\/saobernardo.ma.gov.br\/transparencia\/post_contratos\/68872\/\">68872<\/a><\/li>\n<li><a href=\"https:\/\/saobernardo.ma.gov.br\/transparencia\/post_contratos\/68865\/\">68865<\/a><\/li>\n<li><a href=\"https:\/\/saobernardo.ma.gov.br\/transparencia\/post_contratos\/68858\/\">68858<\/a><\/li>\n<li><a href=\"https:\/\/saobernardo.ma.gov.br\/transparencia\/post_contratos\/68848\/\">68848<\/a><\/li>\n<li><a href=\"https:\/\/saobernardo.ma.gov.br\/transparencia\/post_contratos\/65680\/\">65680<\/a><\/li>\n<li><a href=\"https:\/\/saobernardo.ma.gov.br\/transparencia\/post_contratos\/65586\/\">65586<\/a><\/li>\n<li><a href=\"https:\/\/saobernardo.ma.gov.br\/transparencia\/post_contratos\/65490\/\">65490<\/a><\/li>\n<li><a href=\"https:\/\/saobernardo.ma.gov.br\/transparencia\/post_contratos\/65470\/\">65470<\/a><\/li>\n<li><a href=\"https:\/\/saobernardo.ma.gov.br\/transparencia\/post_contratos\/65459\/\">65459<\/a><\/li>\n<li><a href=\"https:\/\/saobernardo.ma.gov.br\/transparencia\/post_contratos\/63793\/\">63793<\/a><\/li>\n<li><a href=\"https:\/\/saobernardo.ma.gov.br\/transparencia\/post_contratos\/63787\/\">63787<\/a><\/li>\n<li><a href=\"https:\/\/saobernardo.ma.gov.br\/transparencia\/post_contratos\/63709\/\">63709<\/a><\/li>\n<li><a href=\"https:\/\/saobernardo.ma.gov.br\/transparencia\/post_contratos\/63675\/\">63675<\/a><\/li>\n<li><a href=\"https:\/\/saobernardo.ma.gov.br\/transparencia\/post_contratos\/63628\/\">63628<\/a><\/li>\n<li><a href=\"https:\/\/saobernardo.ma.gov.br\/transparencia\/post_contratos\/63618\/\">63618<\/a><\/li>\n<li><a href=\"https:\/\/saobernardo.ma.gov.br\/transparencia\/post_contratos\/63571\/\">63571<\/a><\/li>\n<li><a href=\"https:\/\/saobernardo.ma.gov.br\/transparencia\/post_contratos\/63547\/\">63547<\/a><\/li>\n<li><a href=\"https:\/\/saobernardo.ma.gov.br\/transparencia\/post_contratos\/63519\/\">63519<\/a><\/li>\n<li><a href=\"https:\/\/saobernardo.ma.gov.br\/transparencia\/post_contratos\/63493\/\">63493<\/a><\/li>\n<li><a href=\"https:\/\/saobernardo.ma.gov.br\/transparencia\/post_contratos\/63452\/\">63452<\/a><\/li>\n<li><a href=\"https:\/\/saobernardo.ma.gov.br\/transparencia\/post_contratos\/63418\/\">63418<\/a><\/li>\n<li><a href=\"https:\/\/saobernardo.ma.gov.br\/transparencia\/post_contratos\/63271\/\">63271<\/a><\/li>\n<li><a href=\"https:\/\/saobernardo.ma.gov.br\/transparencia\/post_contratos\/63257\/\">63257<\/a><\/li>\n<li><a href=\"https:\/\/saobernardo.ma.gov.br\/transparencia\/post_contratos\/63249\/\">63249<\/a><\/li>\n<li><a href=\"https:\/\/saobernardo.ma.gov.br\/transparencia\/post_contratos\/55441\/\">55441<\/a><\/li>\n<li><a href=\"https:\/\/saobernardo.ma.gov.br\/transparencia\/post_contratos\/53336\/\">53336<\/a><\/li>\n<li><a href=\"https:\/\/saobernardo.ma.gov.br\/transparencia\/post_contratos\/52919\/\">52919<\/a><\/li>\n<li><a href=\"https:\/\/saobernardo.ma.gov.br\/transparencia\/post_contratos\/52756\/\">52756<\/a><\/li>\n<li><a href=\"https:\/\/saobernardo.ma.gov.br\/transparencia\/post_contratos\/50762\/\">50762<\/a><\/li>\n<li><a href=\"https:\/\/saobernardo.ma.gov.br\/transparencia\/post_contratos\/50522\/\">50522<\/a><\/li>\n<li><a href=\"https:\/\/saobernardo.ma.gov.br\/transparencia\/post_contratos\/50508\/\">50508<\/a><\/li>\n<li><a href=\"https:\/\/saobernardo.ma.gov.br\/transparencia\/post_contratos\/50498\/\">50498<\/a><\/li>\n<li><a href=\"https:\/\/saobernardo.ma.gov.br\/transparencia\/post_contratos\/50489\/\">50489<\/a><\/li>\n<li><a href=\"https:\/\/saobernardo.ma.gov.br\/transparencia\/post_contratos\/50475\/\">50475<\/a><\/li>\n<li><a href=\"https:\/\/saobernardo.ma.gov.br\/transparencia\/post_contratos\/50459\/\">50459<\/a><\/li>\n<li><a href=\"https:\/\/saobernardo.ma.gov.br\/transparencia\/post_contratos\/50427\/\">50427<\/a><\/li>\n<li><a href=\"https:\/\/saobernardo.ma.gov.br\/transparencia\/post_contratos\/50421\/\">50421<\/a><\/li>\n<li><a href=\"https:\/\/saobernardo.ma.gov.br\/transparencia\/post_contratos\/50419\/\">50419<\/a><\/li>\n<li><a href=\"https:\/\/saobernardo.ma.gov.br\/transparencia\/post_contratos\/50411\/\">50411<\/a><\/li>\n<li><a href=\"https:\/\/saobernardo.ma.gov.br\/transparencia\/post_contratos\/50399\/\">50399<\/a><\/li>\n<li><a href=\"https:\/\/saobernardo.ma.gov.br\/transparencia\/post_contratos\/50393\/\">50393<\/a><\/li>\n<li><a href=\"https:\/\/saobernardo.ma.gov.br\/transparencia\/post_contratos\/50375\/\">50375<\/a><\/li>\n<li><a href=\"https:\/\/saobernardo.ma.gov.br\/transparencia\/post_contratos\/50346\/\">50346<\/a><\/li>\n<li><a href=\"https:\/\/saobernardo.ma.gov.br\/transparencia\/post_contratos\/46738\/\">46738<\/a><\/li>\n<li><a href=\"https:\/\/saobernardo.ma.gov.br\/transparencia\/post_contratos\/46696\/\">46696<\/a><\/li>\n<li><a href=\"https:\/\/saobernardo.ma.gov.br\/transparencia\/post_contratos\/46525\/\">46525<\/a><\/li>\n<li><a href=\"https:\/\/saobernardo.ma.gov.br\/transparencia\/post_contratos\/46262\/\">46262<\/a><\/li>\n<li><a href=\"https:\/\/saobernardo.ma.gov.br\/transparencia\/post_contratos\/46246\/\">46246<\/a><\/li>\n<li><a href=\"https:\/\/saobernardo.ma.gov.br\/transparencia\/post_contratos\/45467\/\">45467<\/a><\/li>\n<li><a href=\"https:\/\/saobernardo.ma.gov.br\/transparencia\/post_contratos\/160914\/\">160914<\/a><\/li>\n<li><a href=\"https:\/\/saobernardo.ma.gov.br\/transparencia\/post_contratos\/160921\/\">160921<\/a><\/li>\n<li><a href=\"https:\/\/saobernardo.ma.gov.br\/transparencia\/post_contratos\/33672\/\">33672<\/a><\/li>\n<li><a href=\"https:\/\/saobernardo.ma.gov.br\/transparencia\/post_contratos\/33646\/\">33646<\/a><\/li>\n<li><a href=\"https:\/\/saobernardo.ma.gov.br\/transparencia\/post_contratos\/33629\/\">33629<\/a><\/li>\n<li><a href=\"https:\/\/saobernardo.ma.gov.br\/transparencia\/post_contratos\/30745\/\">30745<\/a><\/li>\n<li><a href=\"https:\/\/saobernardo.ma.gov.br\/transparencia\/post_contratos\/29509\/\">29509<\/a><\/li>\n<li><a href=\"https:\/\/saobernardo.ma.gov.br\/transparencia\/post_contratos\/29383\/\">29383<\/a><\/li>\n<li><a href=\"https:\/\/saobernardo.ma.gov.br\/transparencia\/post_contratos\/29382\/\">29382<\/a><\/li>\n<li><a href=\"https:\/\/saobernardo.ma.gov.br\/transparencia\/post_contratos\/29381\/\">29381<\/a><\/li>\n<li><a href=\"https:\/\/saobernardo.ma.gov.br\/transparencia\/post_contratos\/29365\/\">29365<\/a><\/li>\n<li><a href=\"https:\/\/saobernardo.ma.gov.br\/transparencia\/post_contratos\/29357\/\">29357<\/a><\/li>\n<li><a href=\"https:\/\/saobernardo.ma.gov.br\/transparencia\/post_contratos\/29347\/\">29347<\/a><\/li>\n<li><a href=\"https:\/\/saobernardo.ma.gov.br\/transparencia\/post_contratos\/29345\/\">29345<\/a><\/li>\n<li><a href=\"https:\/\/saobernardo.ma.gov.br\/transparencia\/post_contratos\/29341\/\">29341<\/a><\/li>\n<li><a href=\"https:\/\/saobernardo.ma.gov.br\/transparencia\/post_contratos\/29331\/\">29331<\/a><\/li>\n<li><a href=\"https:\/\/saobernardo.ma.gov.br\/transparencia\/post_contratos\/29315\/\">29315<\/a><\/li>\n<li><a href=\"https:\/\/saobernardo.ma.gov.br\/transparencia\/post_contratos\/29309\/\">29309<\/a><\/li>\n<li><a href=\"https:\/\/saobernardo.ma.gov.br\/transparencia\/post_contratos\/29299\/\">29299<\/a><\/li>\n<li><a href=\"https:\/\/saobernardo.ma.gov.br\/transparencia\/post_contratos\/29297\/\">29297<\/a><\/li>\n<li><a href=\"https:\/\/saobernardo.ma.gov.br\/transparencia\/post_contratos\/29291\/\">29291<\/a><\/li>\n<li><a href=\"https:\/\/saobernardo.ma.gov.br\/transparencia\/post_contratos\/29281\/\">29281<\/a><\/li>\n<li><a href=\"https:\/\/saobernardo.ma.gov.br\/transparencia\/post_contratos\/29268\/\">29268<\/a><\/li>\n<li><a href=\"https:\/\/saobernardo.ma.gov.br\/transparencia\/post_contratos\/29255\/\">29255<\/a><\/li>\n<li><a href=\"https:\/\/saobernardo.ma.gov.br\/transparencia\/post_contratos\/29233\/\">29233<\/a><\/li>\n<li><a href=\"https:\/\/saobernardo.ma.gov.br\/transparencia\/post_contratos\/29224\/\">29224<\/a><\/li>\n<li><a href=\"https:\/\/saobernardo.ma.gov.br\/transparencia\/post_contratos\/29223\/\">29223<\/a><\/li>\n<li><a href=\"https:\/\/saobernardo.ma.gov.br\/transparencia\/post_contratos\/29206\/\">29206<\/a><\/li>\n<li><a href=\"https:\/\/saobernardo.ma.gov.br\/transparencia\/post_contratos\/29199\/\">29199<\/a><\/li>\n<li><a href=\"https:\/\/saobernardo.ma.gov.br\/transparencia\/post_contratos\/29193\/\">29193<\/a><\/li>\n<li><a href=\"https:\/\/saobernardo.ma.gov.br\/transparencia\/post_contratos\/29186\/\">29186<\/a><\/li>\n<li><a href=\"https:\/\/saobernardo.ma.gov.br\/transparencia\/post_contratos\/29181\/\">29181<\/a><\/li>\n<li><a href=\"https:\/\/saobernardo.ma.gov.br\/transparencia\/post_contratos\/29176\/\">29176<\/a><\/li>\n<li><a href=\"https:\/\/saobernardo.ma.gov.br\/transparencia\/post_contratos\/29152\/\">29152<\/a><\/li>\n<li><a href=\"https:\/\/saobernardo.ma.gov.br\/transparencia\/post_contratos\/29149\/\">29149<\/a><\/li>\n<li><a href=\"https:\/\/saobernardo.ma.gov.br\/transparencia\/post_contratos\/29142\/\">29142<\/a><\/li>\n<li><a href=\"https:\/\/saobernardo.ma.gov.br\/transparencia\/post_contratos\/29137\/\">29137<\/a><\/li>\n<li><a href=\"https:\/\/saobernardo.ma.gov.br\/transparencia\/post_contratos\/29132\/\">29132<\/a><\/li>\n<li><a href=\"https:\/\/saobernardo.ma.gov.br\/transparencia\/post_contratos\/29131\/\">29131<\/a><\/li>\n<li><a href=\"https:\/\/saobernardo.ma.gov.br\/transparencia\/post_contratos\/29130\/\">29130<\/a><\/li>\n<li><a href=\"https:\/\/saobernardo.ma.gov.br\/transparencia\/post_contratos\/29129\/\">29129<\/a><\/li>\n<li><a href=\"https:\/\/saobernardo.ma.gov.br\/transparencia\/post_contratos\/29121\/\">29121<\/a><\/li>\n<li><a href=\"https:\/\/saobernardo.ma.gov.br\/transparencia\/post_contratos\/29120\/\">29120<\/a><\/li>\n<li><a href=\"https:\/\/saobernardo.ma.gov.br\/transparencia\/post_contratos\/29091\/\">29091<\/a><\/li>\n<li><a href=\"https:\/\/saobernardo.ma.gov.br\/transparencia\/post_contratos\/29084\/\">29084<\/a><\/li>\n<li><a href=\"https:\/\/saobernardo.ma.gov.br\/transparencia\/post_contratos\/29057\/\">29057<\/a><\/li>\n<li><a href=\"https:\/\/saobernardo.ma.gov.br\/transparencia\/post_contratos\/29056\/\">29056<\/a><\/li>\n<li><a href=\"https:\/\/saobernardo.ma.gov.br\/transparencia\/post_contratos\/29050\/\">29050<\/a><\/li>\n<li><a href=\"https:\/\/saobernardo.ma.gov.br\/transparencia\/post_contratos\/17637\/\">17637<\/a><\/li>\n<li><a href=\"https:\/\/saobernardo.ma.gov.br\/transparencia\/post_contratos\/17513\/\">17513<\/a><\/li>\n<li><a href=\"https:\/\/saobernardo.ma.gov.br\/transparencia\/post_contratos\/17512\/\">17512<\/a><\/li>\n<li><a href=\"https:\/\/saobernardo.ma.gov.br\/transparencia\/post_contratos\/17502\/\">17502<\/a><\/li>\n<li><a href=\"https:\/\/saobernardo.ma.gov.br\/transparencia\/post_contratos\/17500\/\">17500<\/a><\/li>\n<li><a href=\"https:\/\/saobernardo.ma.gov.br\/transparencia\/post_contratos\/17496\/\">17496<\/a><\/li>\n<li><a href=\"https:\/\/saobernardo.ma.gov.br\/transparencia\/post_contratos\/17495\/\">17495<\/a><\/li>\n<li><a href=\"https:\/\/saobernardo.ma.gov.br\/transparencia\/post_contratos\/17494\/\">17494<\/a><\/li>\n<li><a href=\"https:\/\/saobernardo.ma.gov.br\/transparencia\/post_contratos\/17493\/\">17493<\/a><\/li>\n<li><a href=\"https:\/\/saobernardo.ma.gov.br\/transparencia\/post_contratos\/17492\/\">17492<\/a><\/li>\n<li><a href=\"https:\/\/saobernardo.ma.gov.br\/transparencia\/post_contratos\/17491\/\">17491<\/a><\/li>\n<li><a href=\"https:\/\/saobernardo.ma.gov.br\/transparencia\/post_contratos\/17488\/\">17488<\/a><\/li>\n<li><a href=\"https:\/\/saobernardo.ma.gov.br\/transparencia\/post_contratos\/17487\/\">17487<\/a><\/li>\n<li><a href=\"https:\/\/saobernardo.ma.gov.br\/transparencia\/post_contratos\/17486\/\">17486<\/a><\/li>\n<li><a href=\"https:\/\/saobernardo.ma.gov.br\/transparencia\/post_contratos\/17485\/\">17485<\/a><\/li>\n<li><a href=\"https:\/\/saobernardo.ma.gov.br\/transparencia\/post_contratos\/17484\/\">17484<\/a><\/li>\n<li><a href=\"https:\/\/saobernardo.ma.gov.br\/transparencia\/post_contratos\/17482\/\">17482<\/a><\/li>\n<li><a href=\"https:\/\/saobernardo.ma.gov.br\/transparencia\/post_contratos\/17476\/\">17476<\/a><\/li>\n<li><a href=\"https:\/\/saobernardo.ma.gov.br\/transparencia\/post_contratos\/17474\/\">17474<\/a><\/li>\n<li><a href=\"https:\/\/saobernardo.ma.gov.br\/transparencia\/post_contratos\/17472\/\">17472<\/a><\/li>\n<li><a href=\"https:\/\/saobernardo.ma.gov.br\/transparencia\/post_contratos\/17471\/\">17471<\/a><\/li>\n<li><a href=\"https:\/\/saobernardo.ma.gov.br\/transparencia\/post_contratos\/17468\/\">17468<\/a><\/li>\n<li><a href=\"https:\/\/saobernardo.ma.gov.br\/transparencia\/post_contratos\/17463\/\">17463<\/a><\/li>\n<li><a href=\"https:\/\/saobernardo.ma.gov.br\/transparencia\/post_contratos\/17461\/\">17461<\/a><\/li>\n<li><a href=\"https:\/\/saobernardo.ma.gov.br\/transparencia\/post_contratos\/17460\/\">17460<\/a><\/li>\n<li><a href=\"https:\/\/saobernardo.ma.gov.br\/transparencia\/post_contratos\/17458\/\">17458<\/a><\/li>\n<li><a href=\"https:\/\/saobernardo.ma.gov.br\/transparencia\/post_contratos\/17457\/\">17457<\/a><\/li>\n<li><a href=\"https:\/\/saobernardo.ma.gov.br\/transparencia\/post_contratos\/17452\/\">17452<\/a><\/li>\n<li><a href=\"https:\/\/saobernardo.ma.gov.br\/transparencia\/post_contratos\/17446\/\">17446<\/a><\/li>\n<li><a href=\"https:\/\/saobernardo.ma.gov.br\/transparencia\/post_contratos\/17441\/\">17441<\/a><\/li>\n<li><a href=\"https:\/\/saobernardo.ma.gov.br\/transparencia\/post_contratos\/17436\/\">17436<\/a><\/li>\n<li><a href=\"https:\/\/saobernardo.ma.gov.br\/transparencia\/post_contratos\/17429\/\">17429<\/a><\/li>\n<li><a href=\"https:\/\/saobernardo.ma.gov.br\/transparencia\/post_contratos\/17423\/\">17423<\/a><\/li>\n<li><a href=\"https:\/\/saobernardo.ma.gov.br\/transparencia\/post_contratos\/17421\/\">17421<\/a><\/li>\n<li><a href=\"https:\/\/saobernardo.ma.gov.br\/transparencia\/post_contratos\/17416\/\">17416<\/a><\/li>\n<li><a href=\"https:\/\/saobernardo.ma.gov.br\/transparencia\/post_contratos\/17415\/\">17415<\/a><\/li>\n<li><a href=\"https:\/\/saobernardo.ma.gov.br\/transparencia\/post_contratos\/17414\/\">17414<\/a><\/li>\n<li><a href=\"https:\/\/saobernardo.ma.gov.br\/transparencia\/post_contratos\/17412\/\">17412<\/a><\/li>\n<li><a href=\"https:\/\/saobernardo.ma.gov.br\/transparencia\/post_contratos\/17411\/\">17411<\/a><\/li>\n<li><a href=\"https:\/\/saobernardo.ma.gov.br\/transparencia\/post_contratos\/17410\/\">17410<\/a><\/li>\n<li><a href=\"https:\/\/saobernardo.ma.gov.br\/transparencia\/post_contratos\/17409\/\">17409<\/a><\/li>\n<li><a href=\"https:\/\/saobernardo.ma.gov.br\/transparencia\/post_contratos\/17408\/\">17408<\/a><\/li>\n<li><a href=\"https:\/\/saobernardo.ma.gov.br\/transparencia\/post_contratos\/17407\/\">17407<\/a><\/li>\n<\/ul>\n<h2 class=\"wsp-acf-field-groups-title\">Grupos de campos<\/h2>\n<ul class=\"wsp-acf-field-groups-list\">\n<li><a href=\"https:\/\/saobernardo.ma.gov.br\/transparencia\/?post_type=acf-field-group&amp;p=25018\">Documentos<\/a><\/li>\n<li><a href=\"https:\/\/saobernardo.ma.gov.br\/transparencia\/?post_type=acf-field-group&amp;p=22163\">Emendas Parlamentares<\/a><\/li>\n<li><a href=\"https:\/\/saobernardo.ma.gov.br\/transparencia\/?post_type=acf-field-group&amp;p=18058\">Fiscais de Contrato<\/a><\/li>\n<li><a href=\"https:\/\/saobernardo.ma.gov.br\/transparencia\/?post_type=acf-field-group&amp;p=17432\">Atos P\u00fablicos<\/a><\/li>\n<li><a href=\"https:\/\/saobernardo.ma.gov.br\/transparencia\/?post_type=acf-field-group&amp;p=10041\">Situa\u00e7\u00e3o da Portaria<\/a><\/li>\n<li><a href=\"https:\/\/saobernardo.ma.gov.br\/transparencia\/?post_type=acf-field-group&amp;p=9664\">Transfer\u00eancias Volunt\u00e1rias Recebidas - Conv\u00eanios<\/a><\/li>\n<li><a href=\"https:\/\/saobernardo.ma.gov.br\/transparencia\/?post_type=acf-field-group&amp;p=9277\">Parecer Pr\u00e9vio do TCE<\/a><\/li>\n<li><a href=\"https:\/\/saobernardo.ma.gov.br\/transparencia\/?post_type=acf-field-group&amp;p=9247\">Boletim Covid-19 - Banner<\/a><\/li>\n<li><a href=\"https:\/\/saobernardo.ma.gov.br\/transparencia\/?post_type=acf-field-group&amp;p=6873\">Estrutura Organizacional<\/a><\/li>\n<li><a href=\"https:\/\/saobernardo.ma.gov.br\/transparencia\/?post_type=acf-field-group&amp;p=6260\">Boletim Epidemiol\u00f3gico Covid-19<\/a><\/li>\n<li><a href=\"https:\/\/saobernardo.ma.gov.br\/transparencia\/?post_type=acf-field-group&amp;p=5399\">Dados - Vacina\u00e7\u00e3o Covid-19 Data\/N\u00famero de Vacinas<\/a><\/li>\n<li><a href=\"https:\/\/saobernardo.ma.gov.br\/transparencia\/?post_type=acf-field-group&amp;p=2874\">Covid-19<\/a><\/li>\n<li><a href=\"https:\/\/saobernardo.ma.gov.br\/transparencia\/?post_type=acf-field-group&amp;p=2818\">Compras Direta<\/a><\/li>\n<li><a href=\"https:\/\/saobernardo.ma.gov.br\/transparencia\/?post_type=acf-field-group&amp;p=2792\">Contrata\u00e7\u00e3o Direta de Pessoal<\/a><\/li>\n<li><a href=\"https:\/\/saobernardo.ma.gov.br\/transparencia\/?post_type=acf-field-group&amp;p=2611\">Licita\u00e7\u00f5es Covid-19<\/a><\/li>\n<li><a href=\"https:\/\/saobernardo.ma.gov.br\/transparencia\/?post_type=acf-field-group&amp;p=2165\">Licita\u00e7\u00f5es<\/a><\/li>\n<li><a href=\"https:\/\/saobernardo.ma.gov.br\/transparencia\/?post_type=acf-field-group&amp;p=1488\">Link - Execu\u00e7\u00e3o Or\u00e7ament\u00e1ria<\/a><\/li>\n<li><a href=\"https:\/\/saobernardo.ma.gov.br\/transparencia\/?post_type=acf-field-group&amp;p=1469\">Bot\u00f5es Front<\/a><\/li>\n<li><a href=\"https:\/\/saobernardo.ma.gov.br\/transparencia\/?post_type=acf-field-group&amp;p=1457\">Documento da Publica\u00e7\u00e3o<\/a><\/li>\n<li><a href=\"https:\/\/saobernardo.ma.gov.br\/transparencia\/?post_type=acf-field-group&amp;p=806\">Link CSV<\/a><\/li>\n<\/ul>\n<h2 class=\"wsp-acf-fields-title\">Campos<\/h2>\n<ul class=\"wsp-acf-fields-list\">\n<li><a href=\"https:\/\/saobernardo.ma.gov.br\/transparencia\/?post_type=acf-field&amp;p=25019\">Documento<\/a><\/li>\n<li><a href=\"https:\/\/saobernardo.ma.gov.br\/transparencia\/?post_type=acf-field&amp;p=22174\">Declara\u00e7\u00e3o<\/a><\/li>\n<li><a href=\"https:\/\/saobernardo.ma.gov.br\/transparencia\/?post_type=acf-field&amp;p=22173\">Objeto<\/a><\/li>\n<li><a href=\"https:\/\/saobernardo.ma.gov.br\/transparencia\/?post_type=acf-field&amp;p=22172\">Localidade<\/a><\/li>\n<li><a href=\"https:\/\/saobernardo.ma.gov.br\/transparencia\/?post_type=acf-field&amp;p=22171\">Fun\u00e7\u00e3o de Governo<\/a><\/li>\n<li><a href=\"https:\/\/saobernardo.ma.gov.br\/transparencia\/?post_type=acf-field&amp;p=22170\">Valor Pago<\/a><\/li>\n<li><a href=\"https:\/\/saobernardo.ma.gov.br\/transparencia\/?post_type=acf-field&amp;p=22169\">Valor Realizado<\/a><\/li>\n<li><a href=\"https:\/\/saobernardo.ma.gov.br\/transparencia\/?post_type=acf-field&amp;p=22168\">Valor Previsto<\/a><\/li>\n<li><a href=\"https:\/\/saobernardo.ma.gov.br\/transparencia\/?post_type=acf-field&amp;p=22167\">Tipo<\/a><\/li>\n<li><a href=\"https:\/\/saobernardo.ma.gov.br\/transparencia\/?post_type=acf-field&amp;p=22166\">Data<\/a><\/li>\n<li><a href=\"https:\/\/saobernardo.ma.gov.br\/transparencia\/?post_type=acf-field&amp;p=22165\">N\u00ba\/Ano<\/a><\/li>\n<li><a href=\"https:\/\/saobernardo.ma.gov.br\/transparencia\/?post_type=acf-field&amp;p=22164\">Parlamentar Auto da Emenda<\/a><\/li>\n<li><a href=\"https:\/\/saobernardo.ma.gov.br\/transparencia\/?post_type=acf-field&amp;p=21459\">Links adicionais<\/a><\/li>\n<li><a href=\"https:\/\/saobernardo.ma.gov.br\/transparencia\/?post_type=acf-field&amp;p=21426\">urldoarquivo<\/a><\/li>\n<li><a href=\"https:\/\/saobernardo.ma.gov.br\/transparencia\/?post_type=acf-field&amp;p=21425\">Descri\u00e7\u00e3o<\/a><\/li>\n<li><a href=\"https:\/\/saobernardo.ma.gov.br\/transparencia\/?post_type=acf-field&amp;p=21424\">Inteiro Teor<\/a><\/li>\n<li><a href=\"https:\/\/saobernardo.ma.gov.br\/transparencia\/?post_type=acf-field&amp;p=18067\">Url do Contrato<\/a><\/li>\n<li><a href=\"https:\/\/saobernardo.ma.gov.br\/transparencia\/?post_type=acf-field&amp;p=18066\">N\u00ba do Contrato<\/a><\/li>\n<li><a href=\"https:\/\/saobernardo.ma.gov.br\/transparencia\/?post_type=acf-field&amp;p=18065\">Contratos Vinculados<\/a><\/li>\n<li><a href=\"https:\/\/saobernardo.ma.gov.br\/transparencia\/?post_type=acf-field&amp;p=18064\">Portaria<\/a><\/li>\n<li><a href=\"https:\/\/saobernardo.ma.gov.br\/transparencia\/?post_type=acf-field&amp;p=18063\">N\u00ba da Portaria<\/a><\/li>\n<li><a href=\"https:\/\/saobernardo.ma.gov.br\/transparencia\/?post_type=acf-field&amp;p=18062\">Data Fim<\/a><\/li>\n<li><a href=\"https:\/\/saobernardo.ma.gov.br\/transparencia\/?post_type=acf-field&amp;p=18061\">Data In\u00edcio<\/a><\/li>\n<li><a href=\"https:\/\/saobernardo.ma.gov.br\/transparencia\/?post_type=acf-field&amp;p=18060\">Unidade<\/a><\/li>\n<li><a href=\"https:\/\/saobernardo.ma.gov.br\/transparencia\/?post_type=acf-field&amp;p=18059\">Nome<\/a><\/li>\n<li><a href=\"https:\/\/saobernardo.ma.gov.br\/transparencia\/?post_type=acf-field&amp;p=17435\">Arquivo<\/a><\/li>\n<li><a href=\"https:\/\/saobernardo.ma.gov.br\/transparencia\/?post_type=acf-field&amp;p=17434\">Descri\u00e7\u00e3o<\/a><\/li>\n<li><a href=\"https:\/\/saobernardo.ma.gov.br\/transparencia\/?post_type=acf-field&amp;p=17433\">N\u00famero do Documento<\/a><\/li>\n<li><a href=\"https:\/\/saobernardo.ma.gov.br\/transparencia\/?post_type=acf-field&amp;p=13105\">Valor<\/a><\/li>\n<li><a href=\"https:\/\/saobernardo.ma.gov.br\/transparencia\/?post_type=acf-field&amp;p=13104\">N\u00ba do Documento<\/a><\/li>\n<li><a href=\"https:\/\/saobernardo.ma.gov.br\/transparencia\/?post_type=acf-field&amp;p=13103\">Data<\/a><\/li>\n<li><a href=\"https:\/\/saobernardo.ma.gov.br\/transparencia\/?post_type=acf-field&amp;p=13102\">Valores liberados - rela\u00e7\u00e3o de Ordens Banc\u00e1rias<\/a><\/li>\n<li><a href=\"https:\/\/saobernardo.ma.gov.br\/transparencia\/?post_type=acf-field&amp;p=10042\">Situa\u00e7\u00e3o da Portaria<\/a><\/li>\n<li><a href=\"https:\/\/saobernardo.ma.gov.br\/transparencia\/?post_type=acf-field&amp;p=9681\">Objeto<\/a><\/li>\n<li><a href=\"https:\/\/saobernardo.ma.gov.br\/transparencia\/?post_type=acf-field&amp;p=9679\">Unidade<\/a><\/li>\n<li><a href=\"https:\/\/saobernardo.ma.gov.br\/transparencia\/?post_type=acf-field&amp;p=9678\">Banco<\/a><\/li>\n<li><a href=\"https:\/\/saobernardo.ma.gov.br\/transparencia\/?post_type=acf-field&amp;p=9677\">Ag\u00eancia<\/a><\/li>\n<li><a href=\"https:\/\/saobernardo.ma.gov.br\/transparencia\/?post_type=acf-field&amp;p=9676\">Conta Corrente<\/a><\/li>\n<li><a href=\"https:\/\/saobernardo.ma.gov.br\/transparencia\/?post_type=acf-field&amp;p=9675\">Fonte dos Recursos<\/a><\/li>\n<li><a href=\"https:\/\/saobernardo.ma.gov.br\/transparencia\/?post_type=acf-field&amp;p=9674\">Parcelas<\/a><\/li>\n<li><a href=\"https:\/\/saobernardo.ma.gov.br\/transparencia\/?post_type=acf-field&amp;p=9673\">Valor Contrapartida<\/a><\/li>\n<li><a href=\"https:\/\/saobernardo.ma.gov.br\/transparencia\/?post_type=acf-field&amp;p=9671\">Valor do Conv\u00eanio<\/a><\/li>\n<li><a href=\"https:\/\/saobernardo.ma.gov.br\/transparencia\/?post_type=acf-field&amp;p=9670\">Exerc\u00edcio<\/a><\/li>\n<li><a href=\"https:\/\/saobernardo.ma.gov.br\/transparencia\/?post_type=acf-field&amp;p=9668\">T\u00e9rmino Vig\u00eancia<\/a><\/li>\n<li><a href=\"https:\/\/saobernardo.ma.gov.br\/transparencia\/?post_type=acf-field&amp;p=9667\">In\u00edcio Vig\u00eancia<\/a><\/li>\n<li><a href=\"https:\/\/saobernardo.ma.gov.br\/transparencia\/?post_type=acf-field&amp;p=9666\">Data da Assinatura<\/a><\/li>\n<li><a href=\"https:\/\/saobernardo.ma.gov.br\/transparencia\/?post_type=acf-field&amp;p=9665\">N\u00ba do Conv\u00eanio<\/a><\/li>\n<li><a href=\"https:\/\/saobernardo.ma.gov.br\/transparencia\/?post_type=acf-field&amp;p=9281\">Arquivo<\/a><\/li>\n<li><a href=\"https:\/\/saobernardo.ma.gov.br\/transparencia\/?post_type=acf-field&amp;p=9280\">Exerc\u00edcio Financeiro<\/a><\/li>\n<li><a href=\"https:\/\/saobernardo.ma.gov.br\/transparencia\/?post_type=acf-field&amp;p=9279\">Natureza<\/a><\/li>\n<li><a href=\"https:\/\/saobernardo.ma.gov.br\/transparencia\/?post_type=acf-field&amp;p=9278\">N\u00ba do Processo<\/a><\/li>\n<li><a href=\"https:\/\/saobernardo.ma.gov.br\/transparencia\/?post_type=acf-field&amp;p=9249\">Banner<\/a><\/li>\n<li><a href=\"https:\/\/saobernardo.ma.gov.br\/transparencia\/?post_type=acf-field&amp;p=8807\">Cobertura de doses aplicadas -Pfizer DR<\/a><\/li>\n<li><a href=\"https:\/\/saobernardo.ma.gov.br\/transparencia\/?post_type=acf-field&amp;p=8806\">Cobertura de doses aplicadas -Astrazeneca DR<\/a><\/li>\n<li><a href=\"https:\/\/saobernardo.ma.gov.br\/transparencia\/?post_type=acf-field&amp;p=8805\">Cobertura de doses aplicadas - Coronavac DR<\/a><\/li>\n<li><a href=\"https:\/\/saobernardo.ma.gov.br\/transparencia\/?post_type=acf-field&amp;p=8804\">Doses Aplicadas - Pfizer DR<\/a><\/li>\n<li><a href=\"https:\/\/saobernardo.ma.gov.br\/transparencia\/?post_type=acf-field&amp;p=8803\">Doses Aplicadas - Astrazeneca DR<\/a><\/li>\n<li><a href=\"https:\/\/saobernardo.ma.gov.br\/transparencia\/?post_type=acf-field&amp;p=8802\">Doses Aplicadas - Coronavac DR<\/a><\/li>\n<li><a href=\"https:\/\/saobernardo.ma.gov.br\/transparencia\/?post_type=acf-field&amp;p=8801\">Quantidade de Vacinas - Pfizer DR<\/a><\/li>\n<li><a href=\"https:\/\/saobernardo.ma.gov.br\/transparencia\/?post_type=acf-field&amp;p=8800\">Quantidade de Vacinas - Astrazeneca DR<\/a><\/li>\n<li><a href=\"https:\/\/saobernardo.ma.gov.br\/transparencia\/?post_type=acf-field&amp;p=8799\">Quantidade de Vacinas - Coronavac DR<\/a><\/li>\n<li><a href=\"https:\/\/saobernardo.ma.gov.br\/transparencia\/?post_type=acf-field&amp;p=7582\">Cobertura de doses aplicadas - Janssen Dose \u00danica<\/a><\/li>\n<li><a href=\"https:\/\/saobernardo.ma.gov.br\/transparencia\/?post_type=acf-field&amp;p=7581\">Doses Aplicadas - Janssen Dose \u00danica<\/a><\/li>\n<li><a href=\"https:\/\/saobernardo.ma.gov.br\/transparencia\/?post_type=acf-field&amp;p=7580\">Quantidade de Vacinas - Janssen Dose \u00danica<\/a><\/li>\n<li><a href=\"https:\/\/saobernardo.ma.gov.br\/transparencia\/?post_type=acf-field&amp;p=6874\">Arquivo<\/a><\/li>\n<li><a href=\"https:\/\/saobernardo.ma.gov.br\/transparencia\/?post_type=acf-field&amp;p=6766\">Anexar Tabela PDF - Grupo de Vacina\u00e7\u00e3o<\/a><\/li>\n<li><a href=\"https:\/\/saobernardo.ma.gov.br\/transparencia\/?post_type=acf-field&amp;p=6765\">Cobertura de doses aplicadas -Pfizer D2<\/a><\/li>\n<li><a href=\"https:\/\/saobernardo.ma.gov.br\/transparencia\/?post_type=acf-field&amp;p=6764\">Cobertura de doses aplicadas -Pfizer D1<\/a><\/li>\n<li><a href=\"https:\/\/saobernardo.ma.gov.br\/transparencia\/?post_type=acf-field&amp;p=6763\">Cobertura de doses aplicadas -Astrazeneca D2<\/a><\/li>\n<li><a href=\"https:\/\/saobernardo.ma.gov.br\/transparencia\/?post_type=acf-field&amp;p=6762\">Cobertura de doses aplicadas -Astrazeneca D1<\/a><\/li>\n<li><a href=\"https:\/\/saobernardo.ma.gov.br\/transparencia\/?post_type=acf-field&amp;p=6761\">Cobertura de doses aplicadas - Coronavac D2<\/a><\/li>\n<li><a href=\"https:\/\/saobernardo.ma.gov.br\/transparencia\/?post_type=acf-field&amp;p=6760\">Cobertura de doses aplicadas - Coronavac D1<\/a><\/li>\n<li><a href=\"https:\/\/saobernardo.ma.gov.br\/transparencia\/?post_type=acf-field&amp;p=6759\">Doses Aplicadas - Pfizer D2<\/a><\/li>\n<li><a href=\"https:\/\/saobernardo.ma.gov.br\/transparencia\/?post_type=acf-field&amp;p=6758\">Doses Aplicadas - Pfizer D1<\/a><\/li>\n<li><a href=\"https:\/\/saobernardo.ma.gov.br\/transparencia\/?post_type=acf-field&amp;p=6757\">Doses Aplicadas - Astrazeneca D2<\/a><\/li>\n<li><a href=\"https:\/\/saobernardo.ma.gov.br\/transparencia\/?post_type=acf-field&amp;p=6756\">Doses Aplicadas - Astrazeneca D1<\/a><\/li>\n<li><a href=\"https:\/\/saobernardo.ma.gov.br\/transparencia\/?post_type=acf-field&amp;p=6755\">Doses Aplicadas - Coronavac D2<\/a><\/li>\n<li><a href=\"https:\/\/saobernardo.ma.gov.br\/transparencia\/?post_type=acf-field&amp;p=6754\">Doses Aplicadas - Coronavac D1<\/a><\/li>\n<li><a href=\"https:\/\/saobernardo.ma.gov.br\/transparencia\/?post_type=acf-field&amp;p=6753\">Quantidade de Vacinas - Pfizer D2<\/a><\/li>\n<li><a href=\"https:\/\/saobernardo.ma.gov.br\/transparencia\/?post_type=acf-field&amp;p=6752\">Quantidade de Vacinas - Pfizer D1<\/a><\/li>\n<li><a href=\"https:\/\/saobernardo.ma.gov.br\/transparencia\/?post_type=acf-field&amp;p=6751\">Quantidade de Vacinas - Astrazeneca D2<\/a><\/li>\n<li><a href=\"https:\/\/saobernardo.ma.gov.br\/transparencia\/?post_type=acf-field&amp;p=6750\">Quantidade de Vacinas - Astrazeneca D1<\/a><\/li>\n<li><a href=\"https:\/\/saobernardo.ma.gov.br\/transparencia\/?post_type=acf-field&amp;p=6749\">Quantidade de Vacinas - Coronavac D2<\/a><\/li>\n<li><a href=\"https:\/\/saobernardo.ma.gov.br\/transparencia\/?post_type=acf-field&amp;p=6748\">Quantidade de Vacinas - Coronavac D1 Recebidas<\/a><\/li>\n<li><a href=\"https:\/\/saobernardo.ma.gov.br\/transparencia\/?post_type=acf-field&amp;p=6747\">Quantidade de Vacina Recebidas<\/a><\/li>\n<li><a href=\"https:\/\/saobernardo.ma.gov.br\/transparencia\/?post_type=acf-field&amp;p=6745\">Casos Notificados<\/a><\/li>\n<li><a href=\"https:\/\/saobernardo.ma.gov.br\/transparencia\/?post_type=acf-field&amp;p=6743\">Casos em An\u00e1lise<\/a><\/li>\n<li><a href=\"https:\/\/saobernardo.ma.gov.br\/transparencia\/?post_type=acf-field&amp;p=6267\">Casos Ativos<\/a><\/li>\n<li><a href=\"https:\/\/saobernardo.ma.gov.br\/transparencia\/?post_type=acf-field&amp;p=6266\">Casos de \u00d3bitos<\/a><\/li>\n<li><a href=\"https:\/\/saobernardo.ma.gov.br\/transparencia\/?post_type=acf-field&amp;p=6265\">Casos Recuperados<\/a><\/li>\n<li><a href=\"https:\/\/saobernardo.ma.gov.br\/transparencia\/?post_type=acf-field&amp;p=6263\">Internados<\/a><\/li>\n<li><a href=\"https:\/\/saobernardo.ma.gov.br\/transparencia\/?post_type=acf-field&amp;p=6262\">Casos Descartados<\/a><\/li>\n<li><a href=\"https:\/\/saobernardo.ma.gov.br\/transparencia\/?post_type=acf-field&amp;p=5400\">N\u00famero de Vacinados<\/a><\/li>\n<li><a href=\"https:\/\/saobernardo.ma.gov.br\/transparencia\/?post_type=acf-field&amp;p=2875\">banner<\/a><\/li>\n<li><a href=\"https:\/\/saobernardo.ma.gov.br\/transparencia\/?post_type=acf-field&amp;p=2825\">Download<\/a><\/li>\n<li><a href=\"https:\/\/saobernardo.ma.gov.br\/transparencia\/?post_type=acf-field&amp;p=2824\">Valor do Empenho<\/a><\/li>\n<li><a href=\"https:\/\/saobernardo.ma.gov.br\/transparencia\/?post_type=acf-field&amp;p=2823\">Hist\u00f3rico<\/a><\/li>\n<li><a href=\"https:\/\/saobernardo.ma.gov.br\/transparencia\/?post_type=acf-field&amp;p=2822\">CNPJ<\/a><\/li>\n<li><a href=\"https:\/\/saobernardo.ma.gov.br\/transparencia\/?post_type=acf-field&amp;p=2821\">Empresa<\/a><\/li>\n<li><a href=\"https:\/\/saobernardo.ma.gov.br\/transparencia\/?post_type=acf-field&amp;p=2819\">Nota de Empenho<\/a><\/li>\n<li><a href=\"https:\/\/saobernardo.ma.gov.br\/transparencia\/?post_type=acf-field&amp;p=2796\">Contrato<\/a><\/li>\n<li><a href=\"https:\/\/saobernardo.ma.gov.br\/transparencia\/?post_type=acf-field&amp;p=2795\">Secretaria de Lota\u00e7\u00e3o<\/a><\/li>\n<li><a href=\"https:\/\/saobernardo.ma.gov.br\/transparencia\/?post_type=acf-field&amp;p=2794\">Cargo<\/a><\/li>\n<li><a href=\"https:\/\/saobernardo.ma.gov.br\/transparencia\/?post_type=acf-field&amp;p=2793\">Nome<\/a><\/li>\n<li><a href=\"https:\/\/saobernardo.ma.gov.br\/transparencia\/?post_type=acf-field&amp;p=2662\">Contrato<\/a><\/li>\n<li><a href=\"https:\/\/saobernardo.ma.gov.br\/transparencia\/?post_type=acf-field&amp;p=2661\">Extrato do Contrato<\/a><\/li>\n<li><a href=\"https:\/\/saobernardo.ma.gov.br\/transparencia\/?post_type=acf-field&amp;p=2660\">Valor do Contrato<\/a><\/li>\n<li><a href=\"https:\/\/saobernardo.ma.gov.br\/transparencia\/?post_type=acf-field&amp;p=2659\">T\u00e9rmino da Vig\u00eancia<\/a><\/li>\n<li><a href=\"https:\/\/saobernardo.ma.gov.br\/transparencia\/?post_type=acf-field&amp;p=2658\">In\u00edcio da Vig\u00eancia<\/a><\/li>\n<li><a href=\"https:\/\/saobernardo.ma.gov.br\/transparencia\/?post_type=acf-field&amp;p=2657\">N\u00ba do Contrato<\/a><\/li>\n<li><a href=\"https:\/\/saobernardo.ma.gov.br\/transparencia\/?post_type=acf-field&amp;p=2656\">Fornecedor<\/a><\/li>\n<li><a href=\"https:\/\/saobernardo.ma.gov.br\/transparencia\/?post_type=acf-field&amp;p=2655\">CNPJ<\/a><\/li>\n<li><a href=\"https:\/\/saobernardo.ma.gov.br\/transparencia\/?post_type=acf-field&amp;p=2654\">Data da Assinatura<\/a><\/li>\n<li><a href=\"https:\/\/saobernardo.ma.gov.br\/transparencia\/?post_type=acf-field&amp;p=2653\">Informa\u00e7\u00f5es sobre os Contratos<\/a><\/li>\n<li><a href=\"https:\/\/saobernardo.ma.gov.br\/transparencia\/?post_type=acf-field&amp;p=2652\">Resposta da Administra\u00e7\u00e3o sobre o recurso<\/a><\/li>\n<li><a href=\"https:\/\/saobernardo.ma.gov.br\/transparencia\/?post_type=acf-field&amp;p=2651\">Resposta \u00e0 impugna\u00e7\u00e3o<\/a><\/li>\n<li><a href=\"https:\/\/saobernardo.ma.gov.br\/transparencia\/?post_type=acf-field&amp;p=2650\">Recurso apresentado<\/a><\/li>\n<li><a href=\"https:\/\/saobernardo.ma.gov.br\/transparencia\/?post_type=acf-field&amp;p=2649\">Parecer t\u00e9cnico<\/a><\/li>\n<li><a href=\"https:\/\/saobernardo.ma.gov.br\/transparencia\/?post_type=acf-field&amp;p=2648\">Parecer jur\u00eddico<\/a><\/li>\n<li><a href=\"https:\/\/saobernardo.ma.gov.br\/transparencia\/?post_type=acf-field&amp;p=2647\">Outros<\/a><\/li>\n<li><a href=\"https:\/\/saobernardo.ma.gov.br\/transparencia\/?post_type=acf-field&amp;p=2646\">Novo edital\/Errata<\/a><\/li>\n<li><a href=\"https:\/\/saobernardo.ma.gov.br\/transparencia\/?post_type=acf-field&amp;p=2645\">Informa\u00e7\u00e3o da exist\u00eancia de dota\u00e7\u00e3o or\u00e7ament\u00e1ria<\/a><\/li>\n<li><a href=\"https:\/\/saobernardo.ma.gov.br\/transparencia\/?post_type=acf-field&amp;p=2644\">Impugna\u00e7\u00e3o apresentada<\/a><\/li>\n<li><a href=\"https:\/\/saobernardo.ma.gov.br\/transparencia\/?post_type=acf-field&amp;p=2643\">Edital<\/a><\/li>\n<li><a href=\"https:\/\/saobernardo.ma.gov.br\/transparencia\/?post_type=acf-field&amp;p=2642\">Documentos de Habilita\u00e7\u00e3o<\/a><\/li>\n<li><a href=\"https:\/\/saobernardo.ma.gov.br\/transparencia\/?post_type=acf-field&amp;p=2641\">Decis\u00e3o sobre o Recurso<\/a><\/li>\n<li><a href=\"https:\/\/saobernardo.ma.gov.br\/transparencia\/?post_type=acf-field&amp;p=2640\">Decis\u00e3o sobre a impugna\u00e7\u00e3o<\/a><\/li>\n<li><a href=\"https:\/\/saobernardo.ma.gov.br\/transparencia\/?post_type=acf-field&amp;p=2639\">Comprovante de publica\u00e7\u00e3o<\/a><\/li>\n<li><a href=\"https:\/\/saobernardo.ma.gov.br\/transparencia\/?post_type=acf-field&amp;p=2638\">Comprova\u00e7\u00e3o da publica\u00e7\u00e3o da Anula\u00e7\u00e3o\/Revoga\u00e7\u00e3o<\/a><\/li>\n<li><a href=\"https:\/\/saobernardo.ma.gov.br\/transparencia\/?post_type=acf-field&amp;p=2637\">Comprova\u00e7\u00e3o da pesquisa do valor de mercado<\/a><\/li>\n<li><a href=\"https:\/\/saobernardo.ma.gov.br\/transparencia\/?post_type=acf-field&amp;p=2636\">Autoriza\u00e7\u00e3o da autoridade competente para a feitura da licita\u00e7\u00e3o<\/a><\/li>\n<li><a href=\"https:\/\/saobernardo.ma.gov.br\/transparencia\/?post_type=acf-field&amp;p=2635\">Ato de Anula\u00e7\u00e3o \/ Revoga\u00e7\u00e3o do Procedimento<\/a><\/li>\n<li><a href=\"https:\/\/saobernardo.ma.gov.br\/transparencia\/?post_type=acf-field&amp;p=2634\">Ata da Sess\u00e3o P\u00fablica<\/a><\/li>\n<li><a href=\"https:\/\/saobernardo.ma.gov.br\/transparencia\/?post_type=acf-field&amp;p=2633\">Arquivos da Licita\u00e7\u00e3o<\/a><\/li>\n<li><a href=\"https:\/\/saobernardo.ma.gov.br\/transparencia\/?post_type=acf-field&amp;p=2632\">Origem do recurso financeiro:<\/a><\/li>\n<li><a href=\"https:\/\/saobernardo.ma.gov.br\/transparencia\/?post_type=acf-field&amp;p=2631\">Natureza de despesa:<\/a><\/li>\n<li><a href=\"https:\/\/saobernardo.ma.gov.br\/transparencia\/?post_type=acf-field&amp;p=2630\">Data da homologa\u00e7\u00e3o:<\/a><\/li>\n<li><a href=\"https:\/\/saobernardo.ma.gov.br\/transparencia\/?post_type=acf-field&amp;p=2629\">Resultado:<\/a><\/li>\n<li><a href=\"https:\/\/saobernardo.ma.gov.br\/transparencia\/?post_type=acf-field&amp;p=2628\">Ve\u00edculos de divulga\u00e7\u00e3o da Audi\u00eancia P\u00fablica:<\/a><\/li>\n<li><a href=\"https:\/\/saobernardo.ma.gov.br\/transparencia\/?post_type=acf-field&amp;p=2627\">Ve\u00edculos de divulga\u00e7\u00e3o do instrumento convocat\u00f3rio:<\/a><\/li>\n<li><a href=\"https:\/\/saobernardo.ma.gov.br\/transparencia\/?post_type=acf-field&amp;p=2626\">Autoridade que autorizou - Cargo<\/a><\/li>\n<li><a href=\"https:\/\/saobernardo.ma.gov.br\/transparencia\/?post_type=acf-field&amp;p=2625\">Autoridade que autorizou - CPF<\/a><\/li>\n<li><a href=\"https:\/\/saobernardo.ma.gov.br\/transparencia\/?post_type=acf-field&amp;p=2624\">Valor despesa<\/a><\/li>\n<li><a href=\"https:\/\/saobernardo.ma.gov.br\/transparencia\/?post_type=acf-field&amp;p=2623\">Valor dota\u00e7\u00e3o<\/a><\/li>\n<li><a href=\"https:\/\/saobernardo.ma.gov.br\/transparencia\/?post_type=acf-field&amp;p=2622\">Regime de execu\u00e7\u00e3o<\/a><\/li>\n<li><a href=\"https:\/\/saobernardo.ma.gov.br\/transparencia\/?post_type=acf-field&amp;p=2621\">Data de Publica\u00e7\u00e3o<\/a><\/li>\n<li><a href=\"https:\/\/saobernardo.ma.gov.br\/transparencia\/?post_type=acf-field&amp;p=2620\">Finalidade<\/a><\/li>\n<li><a href=\"https:\/\/saobernardo.ma.gov.br\/transparencia\/?post_type=acf-field&amp;p=2619\">Unidade<\/a><\/li>\n<li><a href=\"https:\/\/saobernardo.ma.gov.br\/transparencia\/?post_type=acf-field&amp;p=2618\">Status<\/a><\/li>\n<li><a href=\"https:\/\/saobernardo.ma.gov.br\/transparencia\/?post_type=acf-field&amp;p=2617\">Data de Abertura<\/a><\/li>\n<li><a href=\"https:\/\/saobernardo.ma.gov.br\/transparencia\/?post_type=acf-field&amp;p=2616\">Objeto<\/a><\/li>\n<li><a href=\"https:\/\/saobernardo.ma.gov.br\/transparencia\/?post_type=acf-field&amp;p=2615\">Tipo<\/a><\/li>\n<li><a href=\"https:\/\/saobernardo.ma.gov.br\/transparencia\/?post_type=acf-field&amp;p=2614\">Modalidade<\/a><\/li>\n<li><a href=\"https:\/\/saobernardo.ma.gov.br\/transparencia\/?post_type=acf-field&amp;p=2613\">N\u00ba do Instrumento<\/a><\/li>\n<li><a href=\"https:\/\/saobernardo.ma.gov.br\/transparencia\/?post_type=acf-field&amp;p=2612\">N\u00ba do Processo<\/a><\/li>\n<li><a href=\"https:\/\/saobernardo.ma.gov.br\/transparencia\/?post_type=acf-field&amp;p=2306\">Contrato<\/a><\/li>\n<li><a href=\"https:\/\/saobernardo.ma.gov.br\/transparencia\/?post_type=acf-field&amp;p=2305\">Extrato do Contrato<\/a><\/li>\n<li><a href=\"https:\/\/saobernardo.ma.gov.br\/transparencia\/?post_type=acf-field&amp;p=2304\">Valor do Contrato<\/a><\/li>\n<li><a href=\"https:\/\/saobernardo.ma.gov.br\/transparencia\/?post_type=acf-field&amp;p=2303\">T\u00e9rmino da Vig\u00eancia<\/a><\/li>\n<li><a href=\"https:\/\/saobernardo.ma.gov.br\/transparencia\/?post_type=acf-field&amp;p=2302\">In\u00edcio da Vig\u00eancia<\/a><\/li>\n<li><a href=\"https:\/\/saobernardo.ma.gov.br\/transparencia\/?post_type=acf-field&amp;p=2301\">N\u00ba do Contrato<\/a><\/li>\n<li><a href=\"https:\/\/saobernardo.ma.gov.br\/transparencia\/?post_type=acf-field&amp;p=2300\">Fornecedor<\/a><\/li>\n<li><a href=\"https:\/\/saobernardo.ma.gov.br\/transparencia\/?post_type=acf-field&amp;p=2299\">CNPJ<\/a><\/li>\n<li><a href=\"https:\/\/saobernardo.ma.gov.br\/transparencia\/?post_type=acf-field&amp;p=2298\">Data da Assinatura<\/a><\/li>\n<li><a href=\"https:\/\/saobernardo.ma.gov.br\/transparencia\/?post_type=acf-field&amp;p=2297\">Informa\u00e7\u00f5es sobre os Contratos<\/a><\/li>\n<li><a href=\"https:\/\/saobernardo.ma.gov.br\/transparencia\/?post_type=acf-field&amp;p=2212\">Resposta da Administra\u00e7\u00e3o sobre o recurso<\/a><\/li>\n<li><a href=\"https:\/\/saobernardo.ma.gov.br\/transparencia\/?post_type=acf-field&amp;p=2211\">Resposta \u00e0 impugna\u00e7\u00e3o<\/a><\/li>\n<li><a href=\"https:\/\/saobernardo.ma.gov.br\/transparencia\/?post_type=acf-field&amp;p=2210\">Recurso apresentado<\/a><\/li>\n<li><a href=\"https:\/\/saobernardo.ma.gov.br\/transparencia\/?post_type=acf-field&amp;p=2209\">Parecer t\u00e9cnico<\/a><\/li>\n<li><a href=\"https:\/\/saobernardo.ma.gov.br\/transparencia\/?post_type=acf-field&amp;p=2208\">Parecer jur\u00eddico<\/a><\/li>\n<li><a href=\"https:\/\/saobernardo.ma.gov.br\/transparencia\/?post_type=acf-field&amp;p=2207\">Outros<\/a><\/li>\n<li><a href=\"https:\/\/saobernardo.ma.gov.br\/transparencia\/?post_type=acf-field&amp;p=2206\">Novo edital\/Errata<\/a><\/li>\n<li><a href=\"https:\/\/saobernardo.ma.gov.br\/transparencia\/?post_type=acf-field&amp;p=2205\">Informa\u00e7\u00e3o da exist\u00eancia de dota\u00e7\u00e3o or\u00e7ament\u00e1ria<\/a><\/li>\n<li><a href=\"https:\/\/saobernardo.ma.gov.br\/transparencia\/?post_type=acf-field&amp;p=2204\">Impugna\u00e7\u00e3o apresentada<\/a><\/li>\n<li><a href=\"https:\/\/saobernardo.ma.gov.br\/transparencia\/?post_type=acf-field&amp;p=2203\">Edital<\/a><\/li>\n<li><a href=\"https:\/\/saobernardo.ma.gov.br\/transparencia\/?post_type=acf-field&amp;p=2202\">Documentos de Habilita\u00e7\u00e3o<\/a><\/li>\n<li><a href=\"https:\/\/saobernardo.ma.gov.br\/transparencia\/?post_type=acf-field&amp;p=2201\">Decis\u00e3o sobre o Recurso<\/a><\/li>\n<li><a href=\"https:\/\/saobernardo.ma.gov.br\/transparencia\/?post_type=acf-field&amp;p=2200\">Decis\u00e3o sobre a impugna\u00e7\u00e3o<\/a><\/li>\n<li><a href=\"https:\/\/saobernardo.ma.gov.br\/transparencia\/?post_type=acf-field&amp;p=2199\">Comprovante de publica\u00e7\u00e3o<\/a><\/li>\n<li><a href=\"https:\/\/saobernardo.ma.gov.br\/transparencia\/?post_type=acf-field&amp;p=2198\">Comprova\u00e7\u00e3o da publica\u00e7\u00e3o da Anula\u00e7\u00e3o\/Revoga\u00e7\u00e3o<\/a><\/li>\n<li><a href=\"https:\/\/saobernardo.ma.gov.br\/transparencia\/?post_type=acf-field&amp;p=2197\">Comprova\u00e7\u00e3o da pesquisa do valor de mercado<\/a><\/li>\n<li><a href=\"https:\/\/saobernardo.ma.gov.br\/transparencia\/?post_type=acf-field&amp;p=2196\">Autoriza\u00e7\u00e3o da autoridade competente para a feitura da licita\u00e7\u00e3o<\/a><\/li>\n<li><a href=\"https:\/\/saobernardo.ma.gov.br\/transparencia\/?post_type=acf-field&amp;p=2195\">Ato de Anula\u00e7\u00e3o \/ Revoga\u00e7\u00e3o do Procedimento<\/a><\/li>\n<li><a href=\"https:\/\/saobernardo.ma.gov.br\/transparencia\/?post_type=acf-field&amp;p=2194\">Ata da Sess\u00e3o P\u00fablica<\/a><\/li>\n<li><a href=\"https:\/\/saobernardo.ma.gov.br\/transparencia\/?post_type=acf-field&amp;p=2193\">Arquivos da Licita\u00e7\u00e3o<\/a><\/li>\n<li><a href=\"https:\/\/saobernardo.ma.gov.br\/transparencia\/?post_type=acf-field&amp;p=2186\">Origem do recurso financeiro:<\/a><\/li>\n<li><a href=\"https:\/\/saobernardo.ma.gov.br\/transparencia\/?post_type=acf-field&amp;p=2185\">Natureza de despesa:<\/a><\/li>\n<li><a href=\"https:\/\/saobernardo.ma.gov.br\/transparencia\/?post_type=acf-field&amp;p=2184\">Data da homologa\u00e7\u00e3o:<\/a><\/li>\n<li><a href=\"https:\/\/saobernardo.ma.gov.br\/transparencia\/?post_type=acf-field&amp;p=2183\">Resultado:<\/a><\/li>\n<li><a href=\"https:\/\/saobernardo.ma.gov.br\/transparencia\/?post_type=acf-field&amp;p=2182\">Ve\u00edculos de divulga\u00e7\u00e3o da Audi\u00eancia P\u00fablica:<\/a><\/li>\n<li><a href=\"https:\/\/saobernardo.ma.gov.br\/transparencia\/?post_type=acf-field&amp;p=2181\">Ve\u00edculos de divulga\u00e7\u00e3o do instrumento convocat\u00f3rio:<\/a><\/li>\n<li><a href=\"https:\/\/saobernardo.ma.gov.br\/transparencia\/?post_type=acf-field&amp;p=2180\">Autoridade que autorizou - Cargo<\/a><\/li>\n<li><a href=\"https:\/\/saobernardo.ma.gov.br\/transparencia\/?post_type=acf-field&amp;p=2179\">Autoridade que autorizou - CPF<\/a><\/li>\n<li><a href=\"https:\/\/saobernardo.ma.gov.br\/transparencia\/?post_type=acf-field&amp;p=2178\">Valor despesa<\/a><\/li>\n<li><a href=\"https:\/\/saobernardo.ma.gov.br\/transparencia\/?post_type=acf-field&amp;p=2177\">Valor dota\u00e7\u00e3o<\/a><\/li>\n<li><a href=\"https:\/\/saobernardo.ma.gov.br\/transparencia\/?post_type=acf-field&amp;p=2176\">Regime de execu\u00e7\u00e3o<\/a><\/li>\n<li><a href=\"https:\/\/saobernardo.ma.gov.br\/transparencia\/?post_type=acf-field&amp;p=2175\">Data de Publica\u00e7\u00e3o<\/a><\/li>\n<li><a href=\"https:\/\/saobernardo.ma.gov.br\/transparencia\/?post_type=acf-field&amp;p=2174\">Finalidade<\/a><\/li>\n<li><a href=\"https:\/\/saobernardo.ma.gov.br\/transparencia\/?post_type=acf-field&amp;p=2173\">Unidade<\/a><\/li>\n<li><a href=\"https:\/\/saobernardo.ma.gov.br\/transparencia\/?post_type=acf-field&amp;p=2172\">Status<\/a><\/li>\n<li><a href=\"https:\/\/saobernardo.ma.gov.br\/transparencia\/?post_type=acf-field&amp;p=2171\">Data de Abertura<\/a><\/li>\n<li><a href=\"https:\/\/saobernardo.ma.gov.br\/transparencia\/?post_type=acf-field&amp;p=2170\">Objeto<\/a><\/li>\n<li><a href=\"https:\/\/saobernardo.ma.gov.br\/transparencia\/?post_type=acf-field&amp;p=2169\">Tipo<\/a><\/li>\n<li><a href=\"https:\/\/saobernardo.ma.gov.br\/transparencia\/?post_type=acf-field&amp;p=2168\">Modalidade<\/a><\/li>\n<li><a href=\"https:\/\/saobernardo.ma.gov.br\/transparencia\/?post_type=acf-field&amp;p=2167\">N\u00ba do Instrumento<\/a><\/li>\n<li><a href=\"https:\/\/saobernardo.ma.gov.br\/transparencia\/?post_type=acf-field&amp;p=2166\">N\u00ba do Processo<\/a><\/li>\n<li><a href=\"https:\/\/saobernardo.ma.gov.br\/transparencia\/?post_type=acf-field&amp;p=1489\">Link - Execu\u00e7\u00e3o Or\u00e7ament\u00e1ria<\/a><\/li>\n<li><a href=\"https:\/\/saobernardo.ma.gov.br\/transparencia\/?post_type=acf-field&amp;p=1473\">\u00cdcone do Bot\u00e3o<\/a><\/li>\n<li><a href=\"https:\/\/saobernardo.ma.gov.br\/transparencia\/?post_type=acf-field&amp;p=1472\">Target<\/a><\/li>\n<li><a href=\"https:\/\/saobernardo.ma.gov.br\/transparencia\/?post_type=acf-field&amp;p=1471\">Link do Bot\u00e3o<\/a><\/li>\n<li><a href=\"https:\/\/saobernardo.ma.gov.br\/transparencia\/?post_type=acf-field&amp;p=1470\">Nome do Bot\u00e3o<\/a><\/li>\n<li><a href=\"https:\/\/saobernardo.ma.gov.br\/transparencia\/?post_type=acf-field&amp;p=1458\">Documento<\/a><\/li>\n<li><a href=\"https:\/\/saobernardo.ma.gov.br\/transparencia\/?post_type=acf-field&amp;p=807\">Link CSV<\/a><\/li>\n<\/ul>\n<h2 class=\"wsp-botoesfronts-title\">Bot\u00f5es Front<\/h2>\n<ul class=\"wsp-botoesfronts-list\">\n<li><a href=\"https:\/\/saobernardo.ma.gov.br\/transparencia\/botoesfront\/licitantes-contratados-sancionados\/\">Licitantes Contratados\/Sancionados<\/a><\/li>\n<li><a href=\"https:\/\/saobernardo.ma.gov.br\/transparencia\/botoesfront\/planos-municipais\/\">Planos Municipais<\/a><\/li>\n<li><a href=\"https:\/\/saobernardo.ma.gov.br\/transparencia\/botoesfront\/concursos-e-seletivos\/\">Concursos e Seletivos<\/a><\/li>\n<li><a href=\"https:\/\/saobernardo.ma.gov.br\/transparencia\/botoesfront\/estagiarios\/\">Estagi\u00e1rios<\/a><\/li>\n<li><a href=\"https:\/\/saobernardo.ma.gov.br\/transparencia\/botoesfront\/terceirizados\/\">Terceirizados<\/a><\/li>\n<li><a href=\"https:\/\/saobernardo.ma.gov.br\/transparencia\/botoesfront\/contratos-covid-19\/\">CONTRATOS COVID-19<\/a><\/li>\n<li><a href=\"https:\/\/saobernardo.ma.gov.br\/transparencia\/botoesfront\/julgamento-de-contas-legislativo\/\">Julgamento de Contas - Legislativo<\/a><\/li>\n<li><a href=\"https:\/\/saobernardo.ma.gov.br\/transparencia\/botoesfront\/relatorio-de-atividades\/\">Relat\u00f3rio de Atividades<\/a><\/li>\n<li><a href=\"https:\/\/saobernardo.ma.gov.br\/transparencia\/botoesfront\/balanco-geral-circunstanciado\/\">Balan\u00e7o Geral\/Circunstanciado<\/a><\/li>\n<li><a href=\"https:\/\/saobernardo.ma.gov.br\/transparencia\/botoesfront\/obras\/\">Obras<\/a><\/li>\n<li><a href=\"https:\/\/saobernardo.ma.gov.br\/transparencia\/botoesfront\/plano-anual-de-contratacoes\/\">Plano Anual de Contrata\u00e7\u00f5es<\/a><\/li>\n<li><a href=\"https:\/\/saobernardo.ma.gov.br\/transparencia\/botoesfront\/divida-ativa\/\">D\u00edvida Ativa<\/a><\/li>\n<li><a href=\"https:\/\/saobernardo.ma.gov.br\/transparencia\/botoesfront\/planejamento-estrategico\/\">Planejamento Estrat\u00e9gico<\/a><\/li>\n<li><a href=\"https:\/\/saobernardo.ma.gov.br\/transparencia\/botoesfront\/transferencias-voluntarias-realizadas\/\">TRANSFER\u00caNCIAS VOLUNT\u00c1RIAS REALIZADAS<\/a><\/li>\n<li><a href=\"https:\/\/saobernardo.ma.gov.br\/transparencia\/botoesfront\/transferencias-voluntarias-sem-repasses-financeiros\/\">Transfer\u00eancias Volunt\u00e1rias sem Repasses Financeiros<\/a><\/li>\n<li><a href=\"https:\/\/saobernardo.ma.gov.br\/transparencia\/botoesfront\/renuncias-fiscais\/\">Ren\u00fancias Fiscais<\/a><\/li>\n<li><a href=\"https:\/\/saobernardo.ma.gov.br\/transparencia\/botoesfront\/despesas\/\">DESPESAS<\/a><\/li>\n<li><a href=\"https:\/\/saobernardo.ma.gov.br\/transparencia\/botoesfront\/contratos\/\">Contratos<\/a><\/li>\n<li><a href=\"https:\/\/saobernardo.ma.gov.br\/transparencia\/botoesfront\/licitacoes-e-contratos\/\">LICITA\u00c7\u00d5ES<\/a><\/li>\n<li><a href=\"https:\/\/saobernardo.ma.gov.br\/transparencia\/botoesfront\/execucao-orcamentaria\/\">EXECU\u00c7\u00c3O OR\u00c7AMENT\u00c1RIA<\/a><\/li>\n<li><a href=\"https:\/\/saobernardo.ma.gov.br\/transparencia\/botoesfront\/receitas\/\">RECEITAS<\/a><\/li>\n<li><a href=\"https:\/\/saobernardo.ma.gov.br\/transparencia\/botoesfront\/planejamento-orcamentario\/\">PLANEJAMENTO OR\u00c7AMENT\u00c1RIO<\/a><\/li>\n<li><a href=\"https:\/\/saobernardo.ma.gov.br\/transparencia\/botoesfront\/folha-de-pagamento\/\">RELA\u00c7\u00c3O NOMINAL DE SERVIDORES<\/a><\/li>\n<li><a href=\"https:\/\/saobernardo.ma.gov.br\/transparencia\/botoesfront\/folhas-de-pagamento\/\">Folhas de Pagamento<\/a><\/li>\n<li><a href=\"https:\/\/saobernardo.ma.gov.br\/transparencia\/botoesfront\/leis-sancionadas\/\">LEIS SANCIONADAS<\/a><\/li>\n<li><a href=\"https:\/\/saobernardo.ma.gov.br\/transparencia\/botoesfront\/decretos\/\">DECRETOS<\/a><\/li>\n<li><a href=\"https:\/\/saobernardo.ma.gov.br\/transparencia\/botoesfront\/perguntas-e-respostas\/\">Perguntas e Respostas<\/a><\/li>\n<li><a href=\"https:\/\/saobernardo.ma.gov.br\/transparencia\/botoesfront\/portarias\/\">PORTARIAS<\/a><\/li>\n<li><a href=\"https:\/\/saobernardo.ma.gov.br\/transparencia\/botoesfront\/edital\/\">EDITAL<\/a><\/li>\n<li><a href=\"https:\/\/saobernardo.ma.gov.br\/transparencia\/botoesfront\/contra-cheques\/\">CONTRA-CHEQUES<\/a><\/li>\n<li><a href=\"https:\/\/saobernardo.ma.gov.br\/transparencia\/botoesfront\/convenios\/\">Transfer\u00eancias Volunt\u00e1rias Recebidas<\/a><\/li>\n<li><a href=\"https:\/\/saobernardo.ma.gov.br\/transparencia\/botoesfront\/indicadores-sociais\/\">INDICADORES SOCIAIS<\/a><\/li>\n<li><a href=\"https:\/\/saobernardo.ma.gov.br\/transparencia\/botoesfront\/manuais\/\">Manuais<\/a><\/li>\n<li><a href=\"https:\/\/saobernardo.ma.gov.br\/transparencia\/botoesfront\/portal-de-tributos\/\">Portal de Tributos<\/a><\/li>\n<li><a href=\"https:\/\/saobernardo.ma.gov.br\/transparencia\/botoesfront\/resolucoes\/\">Resolu\u00e7\u00f5es<\/a><\/li>\n<li><a href=\"https:\/\/saobernardo.ma.gov.br\/transparencia\/botoesfront\/atas\/\">Atas<\/a><\/li>\n<li><a href=\"https:\/\/saobernardo.ma.gov.br\/transparencia\/botoesfront\/termo-de-posse\/\">Termo de Posse<\/a><\/li>\n<li><a href=\"https:\/\/saobernardo.ma.gov.br\/transparencia\/botoesfront\/rgf-rreo\/\">RGF | RREO<\/a><\/li>\n<li><a href=\"https:\/\/saobernardo.ma.gov.br\/transparencia\/botoesfront\/titulos-de-propriedade\/\">T\u00edtulos de Propriedade<\/a><\/li>\n<li><a href=\"https:\/\/saobernardo.ma.gov.br\/transparencia\/botoesfront\/e-sic\/\">E-Sic<\/a><\/li>\n<li><a href=\"https:\/\/saobernardo.ma.gov.br\/transparencia\/botoesfront\/tabela-remuneratoria\/\">Tabela Remunerat\u00f3ria<\/a><\/li>\n<li><a href=\"https:\/\/saobernardo.ma.gov.br\/transparencia\/botoesfront\/parecer-previo-do-tce\/\">Parecer Pr\u00e9vio do TCE<\/a><\/li>\n<li><a href=\"https:\/\/saobernardo.ma.gov.br\/transparencia\/botoesfront\/gastos-com-diarias\/\">Gastos com Di\u00e1rias<\/a><\/li>\n<li><a href=\"https:\/\/saobernardo.ma.gov.br\/transparencia\/botoesfront\/estrutura-organizacional\/\">Estrutura Organizacional<\/a><\/li>\n<li><a href=\"https:\/\/saobernardo.ma.gov.br\/transparencia\/botoesfront\/prestacao-de-contas\/\">Presta\u00e7\u00e3o de Contas<\/a><\/li>\n<li><a href=\"https:\/\/saobernardo.ma.gov.br\/transparencia\/botoesfront\/lista-de-medicamentos\/\">Lista de Medicamentos<\/a><\/li>\n<li><a href=\"https:\/\/saobernardo.ma.gov.br\/transparencia\/botoesfront\/creches-municipais\/\">Creches Municipais<\/a><\/li>\n<li><a href=\"https:\/\/saobernardo.ma.gov.br\/transparencia\/botoesfront\/servicos-de-saude-profissionais-e-locais\/\">Servi\u00e7os de Sa\u00fade, Profissionais e Locais<\/a><\/li>\n<li><a href=\"https:\/\/saobernardo.ma.gov.br\/transparencia\/botoesfront\/emendas-parlamentares\/\">Emendas Parlamentares<\/a><\/li>\n<li><a href=\"https:\/\/saobernardo.ma.gov.br\/transparencia\/botoesfront\/projetos-culturais\/\">Projetos Culturais<\/a><\/li>\n<li><a href=\"https:\/\/saobernardo.ma.gov.br\/transparencia\/botoesfront\/pesquisasatisfacao\/\">Pesquisa de Satisfa\u00e7\u00e3o<\/a><\/li>\n<li><a href=\"https:\/\/saobernardo.ma.gov.br\/transparencia\/botoesfront\/regulamentacao-da-lei-federal-no-14-129-2021\/\">Regulamenta\u00e7\u00e3o da Lei Federal n\u00ba 14.129\/2021<\/a><\/li>\n<li><a href=\"https:\/\/saobernardo.ma.gov.br\/transparencia\/botoesfront\/politica-de-dados-e-tratamento-de-dados\/\">Pol\u00edtica de Dados e Tratamento de Dados<\/a><\/li>\n<li><a href=\"https:\/\/saobernardo.ma.gov.br\/transparencia\/botoesfront\/carta-de-servicos\/\">Carta de Servi\u00e7os<\/a><\/li>\n<li><a href=\"https:\/\/saobernardo.ma.gov.br\/transparencia\/botoesfront\/fiscais-de-contrato\/\">Fiscais de Contrato<\/a><\/li>\n<li><a href=\"https:\/\/saobernardo.ma.gov.br\/transparencia\/botoesfront\/ordem-cronologica-de-pagamentos\/\">Ordem Cronol\u00f3gica de Pagamentos<\/a><\/li>\n<li><a href=\"https:\/\/saobernardo.ma.gov.br\/transparencia\/botoesfront\/ouvidoria\/\">Ouvidoria<\/a><\/li>\n<li><a href=\"https:\/\/saobernardo.ma.gov.br\/transparencia\/botoesfront\/oficios\/\">Of\u00edcios<\/a><\/li>\n<li><a href=\"https:\/\/saobernardo.ma.gov.br\/transparencia\/botoesfront\/registro-das-competencias\/\">Registro das Compet\u00eancias<\/a><\/li>\n<\/ul>\n<h2 class=\"wsp-boletimcovids-title\">Boletins Covid-19<\/h2>\n<ul class=\"wsp-boletimcovids-list\">\n<li><a href=\"https:\/\/saobernardo.ma.gov.br\/transparencia\/boletimcovid\/boletim-19-01-2022\/\">BOLETIM - 19\/01\/2022<\/a><\/li>\n<\/ul>\n<h2 class=\"wsp-doses_aplicadas_acums-title\">Doses Aplicadas\/Acumuladas Diariamente<\/h2>\n<ul class=\"wsp-doses_aplicadas_acums-list\">\n<li><a href=\"https:\/\/saobernardo.ma.gov.br\/transparencia\/doses_aplicadas_acum\/dados-vacinacao-09-02-2021\/\">Dados Vacina\u00e7\u00e3o 09\/02\/2021<\/a><\/li>\n<li><a href=\"https:\/\/saobernardo.ma.gov.br\/transparencia\/doses_aplicadas_acum\/dados-vacinacao-08-02-2021\/\">Dados Vacina\u00e7\u00e3o 08\/02\/2021<\/a><\/li>\n<li><a href=\"https:\/\/saobernardo.ma.gov.br\/transparencia\/doses_aplicadas_acum\/dados-vacinacao-05-02-2021\/\">Dados Vacina\u00e7\u00e3o 05\/02\/2021<\/a><\/li>\n<li><a href=\"https:\/\/saobernardo.ma.gov.br\/transparencia\/doses_aplicadas_acum\/dados-vacinacao-04-02-2021\/\">Dados Vacina\u00e7\u00e3o 04\/02\/2021<\/a><\/li>\n<li><a href=\"https:\/\/saobernardo.ma.gov.br\/transparencia\/doses_aplicadas_acum\/dados-vacinacao-03-02-2021\/\">Dados Vacina\u00e7\u00e3o 03\/02\/2021<\/a><\/li>\n<li><a href=\"https:\/\/saobernardo.ma.gov.br\/transparencia\/doses_aplicadas_acum\/dados-vacinacao-02-02-2021\/\">Dados Vacina\u00e7\u00e3o 02\/02\/2021<\/a><\/li>\n<li><a href=\"https:\/\/saobernardo.ma.gov.br\/transparencia\/doses_aplicadas_acum\/dados-vacinacao-01-02-2021\/\">Dados Vacina\u00e7\u00e3o 01\/02\/2021<\/a><\/li>\n<li><a href=\"https:\/\/saobernardo.ma.gov.br\/transparencia\/doses_aplicadas_acum\/dados-vacinacao-29-01-2021\/\">Dados Vacina\u00e7\u00e3o 29\/01\/2021<\/a><\/li>\n<li><a href=\"https:\/\/saobernardo.ma.gov.br\/transparencia\/doses_aplicadas_acum\/dados-vacinacao-28-01-2021\/\">Dados Vacina\u00e7\u00e3o 28\/01\/2021<\/a><\/li>\n<li><a href=\"https:\/\/saobernardo.ma.gov.br\/transparencia\/doses_aplicadas_acum\/dados-vacinacao-27-01-2021\/\">Dados Vacina\u00e7\u00e3o 27\/01\/2021<\/a><\/li>\n<li><a href=\"https:\/\/saobernardo.ma.gov.br\/transparencia\/doses_aplicadas_acum\/dados-vacinacao-26-01-2021\/\">Dados Vacina\u00e7\u00e3o 26\/01\/2021<\/a><\/li>\n<li><a href=\"https:\/\/saobernardo.ma.gov.br\/transparencia\/doses_aplicadas_acum\/dados-vacinacao-25-01-2021-2\/\">Dados Vacina\u00e7\u00e3o 25\/01\/2021<\/a><\/li>\n<li><a href=\"https:\/\/saobernardo.ma.gov.br\/transparencia\/doses_aplicadas_acum\/dados-vacinacao-23-01-2021\/\">Dados Vacina\u00e7\u00e3o 23\/01\/2021<\/a><\/li>\n<li><a href=\"https:\/\/saobernardo.ma.gov.br\/transparencia\/doses_aplicadas_acum\/dados-vacinacao-22-01-2021\/\">Dados Vacina\u00e7\u00e3o 22\/01\/2021<\/a><\/li>\n<li><a href=\"https:\/\/saobernardo.ma.gov.br\/transparencia\/doses_aplicadas_acum\/dados-vacinacao-21-01-2021\/\">Dados Vacina\u00e7\u00e3o 21\/01\/2021<\/a><\/li>\n<li><a href=\"https:\/\/saobernardo.ma.gov.br\/transparencia\/doses_aplicadas_acum\/dados-vacinacao-25-01-2021\/\">Dados Vacina\u00e7\u00e3o 20\/01\/2021<\/a><\/li>\n<\/ul>\n<h2 class=\"wsp-dadosvacinacovid19v2s-title\">Dados Covid-19 V2<\/h2>\n<ul class=\"wsp-dadosvacinacovid19v2s-list\">\n<li><a href=\"https:\/\/saobernardo.ma.gov.br\/transparencia\/dadosvacinacovid19v2\/dados-vacinacao-covid-19\/\">Dados Boletim Epidemiol\u00f3gico Covid-19<\/a><\/li>\n<\/ul>\n<h2 class=\"wsp-planodevacinacaos-title\">Plano de Vacina\u00e7\u00e3o<\/h2>\n<ul class=\"wsp-planodevacinacaos-list\">\n<li><a href=\"https:\/\/saobernardo.ma.gov.br\/transparencia\/planodevacinacao\/plano-operacional-da-estrategia-de-vacinacao-contra-covid-19-no-municipio-de-sao-bernardo-ma\/\">PLANO OPERACIONAL DA ESTRAT\u00c9GIA DE VACINA\u00c7\u00c3O CONTRA COVID-19 NO MUNIC\u00cdPIO DE S\u00c3O BERNARDO-MA<\/a><\/li>\n<\/ul>\n<h2 class=\"wsp-estruturaorganizacios-title\">Estrutura Organizacional<\/h2>\n<ul class=\"wsp-estruturaorganizacios-list\">\n<li><a href=\"https:\/\/saobernardo.ma.gov.br\/transparencia\/estruturaorganizacio\/25015\/\">LEI COMPLEMENTAR MUNICIPAL N\u00ba 19, DE 30 DE JANEIRO DE 2026 - \u201cDisp\u00f5e sobre a altera\u00e7\u00e3o na lei de estrutura organizacional b\u00e1sica da Administra\u00e7\u00e3o P\u00fablica Direta e Indireta do Poder Executivo Municipal, cria nova estrutura, cargos e d\u00e1 outras provid\u00eancias.\u201d<\/a><\/li>\n<li><a href=\"https:\/\/saobernardo.ma.gov.br\/transparencia\/estruturaorganizacio\/lei-complementar-municipal-no-18-de-19-de-dezembro-de-2025-dispoe-sobre-a-alteracao-na-lei-de-estrutura-organizacional-basica-da-administracao-publica-direta-e-indireta-do-poder-executivo\/\">LEI COMPLEMENTAR MUNICIPAL N\u00ba 18, DE 19 DE DEZEMBRO DE 2025 - \u201cDisp\u00f5e sobre a altera\u00e7\u00e3o na lei de estrutura organizacional b\u00e1sica da Administra\u00e7\u00e3o P\u00fablica Direta e Indireta do Poder Executivo Municipal, cria nova estrutura, cargos e d\u00e1 outras provid\u00eancias.\u201d<\/a><\/li>\n<li><a href=\"https:\/\/saobernardo.ma.gov.br\/transparencia\/estruturaorganizacio\/lei-complementar-municipal-no-17-de-11-de-novembro-de-2025-dispoe-sobre-a-alteracao-na-lei-de-estrutura-organizacional-basica-da-administracao-publica-direta-e-indireta-do-poder-executivo\/\">LEI COMPLEMENTAR MUNICIPAL N\u00ba 17, DE 11 DE NOVEMBRO DE 2025 - \u201cDisp\u00f5e sobre a altera\u00e7\u00e3o na Lei de Estrutura Organizacional B\u00e1sica da Administra\u00e7\u00e3o P\u00fablica Direta e Indireta do Poder Executivo Municipal, cria nova estrutura, cargos e d\u00e1 outras provid\u00eancias.\u201d<\/a><\/li>\n<li><a href=\"https:\/\/saobernardo.ma.gov.br\/transparencia\/estruturaorganizacio\/lei-complementar-municipal-no-14-de-31-de-marco-de-2022\/\">Lei Complementar Municipal n\u00ba 14, de 31 de mar\u00e7o de 2022 - Estrutura Organizacional<\/a><\/li>\n<li><a href=\"https:\/\/saobernardo.ma.gov.br\/transparencia\/estruturaorganizacio\/estrutura-organizacional\/\">Lei 721\/2017 - Estrutura Organizacional<\/a><\/li>\n<\/ul>\n<h2 class=\"wsp-tabelaremuneratorias-title\">Tabela Remunerat\u00f3ria<\/h2>\n<ul class=\"wsp-tabelaremuneratorias-list\">\n<li><a href=\"https:\/\/saobernardo.ma.gov.br\/transparencia\/tabelaremuneratoria\/tabela-remuneratoria-2026\/\">TABELA REMUNERAT\u00d3RIA DO ANO DE 2026<\/a><\/li>\n<li><a href=\"https:\/\/saobernardo.ma.gov.br\/transparencia\/tabelaremuneratoria\/tabela-remuneratoria-2\/\">TABELA REMUNERAT\u00d3RIA DO ANO DE 2025<\/a><\/li>\n<li><a href=\"https:\/\/saobernardo.ma.gov.br\/transparencia\/tabelaremuneratoria\/tabela-remuneratoria-do-ano-de-2024\/\">TABELA REMUNERAT\u00d3RIA DO ANO DE 2024<\/a><\/li>\n<li><a href=\"https:\/\/saobernardo.ma.gov.br\/transparencia\/tabelaremuneratoria\/tabela-remuneratoria-do-ano-de-2023\/\">TABELA REMUNERAT\u00d3RIA DO ANO DE 2023<\/a><\/li>\n<li><a href=\"https:\/\/saobernardo.ma.gov.br\/transparencia\/tabelaremuneratoria\/tabela-remuneratoria\/\">TABELA REMUNERAT\u00d3RIA DO ANO DE 2022<\/a><\/li>\n<li><a href=\"https:\/\/saobernardo.ma.gov.br\/transparencia\/tabelaremuneratoria\/6881\/\">Tabela Remunerat\u00f3ria<\/a><\/li>\n<\/ul>\n<h2 class=\"wsp-tabeladiariass-title\">Tabela das Di\u00e1rias<\/h2>\n<ul class=\"wsp-tabeladiariass-list\">\n<li><a href=\"https:\/\/saobernardo.ma.gov.br\/transparencia\/tabeladiarias\/tabela-com-valores-da-diarias-2026\/\">TABELA COM VALORES DA DI\u00c1RIAS 2026<\/a><\/li>\n<li><a href=\"https:\/\/saobernardo.ma.gov.br\/transparencia\/tabeladiarias\/tabela-com-valores-da-diarias-2025\/\">TABELA COM VALORES DA DI\u00c1RIAS 2025<\/a><\/li>\n<li><a href=\"https:\/\/saobernardo.ma.gov.br\/transparencia\/tabeladiarias\/tabela-com-valores-da-diarias-2024\/\">TABELA COM VALORES DA DI\u00c1RIAS 2024<\/a><\/li>\n<li><a href=\"https:\/\/saobernardo.ma.gov.br\/transparencia\/tabeladiarias\/tabela-com-valores-da-diarias-2023\/\">TABELA COM VALORES DA DI\u00c1RIAS 2023<\/a><\/li>\n<li><a href=\"https:\/\/saobernardo.ma.gov.br\/transparencia\/tabeladiarias\/tabela-de-valores-das-diarias\/\">TABELA COM VALORES DA DI\u00c1RIAS 2022<\/a><\/li>\n<\/ul>\n<h2 class=\"wsp-parecerprevios-title\">Parecer Pr\u00e9vio TCE<\/h2>\n<ul class=\"wsp-parecerprevios-list\">\n<li><a href=\"https:\/\/saobernardo.ma.gov.br\/transparencia\/parecerprevio\/parecer-previo-do-tce-2024\/\">PRESTA\u00c7\u00c3O DE CONTAS DO ANO DE 2024<\/a><\/li>\n<li><a href=\"https:\/\/saobernardo.ma.gov.br\/transparencia\/parecerprevio\/parecer-previo-do-tce-2023\/\">PRESTA\u00c7\u00c3O DE CONTAS DO ANO DE 2023<\/a><\/li>\n<li><a href=\"https:\/\/saobernardo.ma.gov.br\/transparencia\/parecerprevio\/declaracao-parecer-previo-tce-2022\/\">PRESTA\u00c7\u00c3O DE CONTAS DO ANO DE 2022<\/a><\/li>\n<li><a href=\"https:\/\/saobernardo.ma.gov.br\/transparencia\/parecerprevio\/parecer-previo-do-tce-2021\/\">PRESTA\u00c7\u00c3O DE CONTAS DO ANO DE 2021<\/a><\/li>\n<li><a href=\"https:\/\/saobernardo.ma.gov.br\/transparencia\/parecerprevio\/parecer-previo-do-tce-2019\/\">Parecer Pr\u00e9vio do TCE - 2019<\/a><\/li>\n<li><a href=\"https:\/\/saobernardo.ma.gov.br\/transparencia\/parecerprevio\/parecer-previo-do-tce-2018\/\">Parecer Pr\u00e9vio do TCE - 2018<\/a><\/li>\n<li><a href=\"https:\/\/saobernardo.ma.gov.br\/transparencia\/parecerprevio\/parecer-previo-do-tce-2013\/\">Parecer Pr\u00e9vio do TCE - 2013<\/a><\/li>\n<li><a href=\"https:\/\/saobernardo.ma.gov.br\/transparencia\/parecerprevio\/parecer-previo-do-tce-2011\/\">Parecer Pr\u00e9vio do TCE - 2011<\/a><\/li>\n<li><a href=\"https:\/\/saobernardo.ma.gov.br\/transparencia\/parecerprevio\/parecer-previo-do-tce-2010\/\">Parecer Pr\u00e9vio do TCE - 2010<\/a><\/li>\n<li><a href=\"https:\/\/saobernardo.ma.gov.br\/transparencia\/parecerprevio\/parecer-previo-do-tce-2009\/\">Parecer Pr\u00e9vio do TCE - 2009<\/a><\/li>\n<li><a href=\"https:\/\/saobernardo.ma.gov.br\/transparencia\/parecerprevio\/parecer-previo-do-tce-2007\/\">Parecer Pr\u00e9vio do TCE - 2007<\/a><\/li>\n<li><a href=\"https:\/\/saobernardo.ma.gov.br\/transparencia\/parecerprevio\/parecer-previo-do-tce-2008\/\">Parecer Pr\u00e9vio do TCE - 2008<\/a><\/li>\n<li><a href=\"https:\/\/saobernardo.ma.gov.br\/transparencia\/parecerprevio\/parecer-previo-do-tce-2004\/\">Parecer Pr\u00e9vio do TCE - 2004<\/a><\/li>\n<li><a href=\"https:\/\/saobernardo.ma.gov.br\/transparencia\/parecerprevio\/parecer-previo-do-tce-2003\/\">Parecer Pr\u00e9vio do TCE - 2003<\/a><\/li>\n<li><a href=\"https:\/\/saobernardo.ma.gov.br\/transparencia\/parecerprevio\/parecer-previo-do-tce-2002\/\">Parecer Pr\u00e9vio do TCE - 2002<\/a><\/li>\n<\/ul>\n<h2 class=\"wsp-allconvenioss-title\">Transfer\u00eancias Volunt\u00e1rias Recebidas<\/h2>\n<ul class=\"wsp-allconvenioss-list\">\n<li><a href=\"https:\/\/saobernardo.ma.gov.br\/transparencia\/allconvenios\/transferencias-voluntarias-recebidas-2026\/\">Transfer\u00eancias Volunt\u00e1rias Recebidas 2026<\/a><\/li>\n<li><a href=\"https:\/\/saobernardo.ma.gov.br\/transparencia\/allconvenios\/convenio-no-965550\/\">Conv\u00eanio N\u00ba 965550<\/a><\/li>\n<li><a href=\"https:\/\/saobernardo.ma.gov.br\/transparencia\/allconvenios\/convenio-no-966618\/\">Conv\u00eanio N\u00ba 966618<\/a><\/li>\n<li><a href=\"https:\/\/saobernardo.ma.gov.br\/transparencia\/allconvenios\/convenio-no-964019\/\">Conv\u00eanio N\u00ba 964019<\/a><\/li>\n<li><a href=\"https:\/\/saobernardo.ma.gov.br\/transparencia\/allconvenios\/convenio-no-959852\/\">Conv\u00eanio N\u00ba 959852<\/a><\/li>\n<li><a href=\"https:\/\/saobernardo.ma.gov.br\/transparencia\/allconvenios\/convenio-no-961017\/\">Conv\u00eanio N\u00ba 961017<\/a><\/li>\n<li><a href=\"https:\/\/saobernardo.ma.gov.br\/transparencia\/allconvenios\/convenio-no-862625-2017\/\">Conv\u00eanio N\u00ba 862625\/2017<\/a><\/li>\n<li><a href=\"https:\/\/saobernardo.ma.gov.br\/transparencia\/allconvenios\/convenio-no-908591-2020\/\">Conv\u00eanio N\u00ba 908591\/2020<\/a><\/li>\n<li><a href=\"https:\/\/saobernardo.ma.gov.br\/transparencia\/allconvenios\/convenio-no-916327-2021\/\">Conv\u00eanio N\u00ba 916327\/2021<\/a><\/li>\n<li><a href=\"https:\/\/saobernardo.ma.gov.br\/transparencia\/allconvenios\/convenio-no-925197-2021\/\">Conv\u00eanio N\u00ba 925197\/2021<\/a><\/li>\n<li><a href=\"https:\/\/saobernardo.ma.gov.br\/transparencia\/allconvenios\/18727\/\">Conv\u00eanio N\u00ba 939079\/2022<\/a><\/li>\n<li><a href=\"https:\/\/saobernardo.ma.gov.br\/transparencia\/allconvenios\/instrumento-particular-de-comodato-e-outras-avencas-que-entre-si-celebram-o-municipio-de-sao-bernardo-estado-do-maranhao-e-a-empresa-neoconsig-tecnologia-s-a-o-exposto-trata-de-uma-operacao-de-t\/\">Conv\u00eanio  - 0204\/2024<\/a><\/li>\n<li><a href=\"https:\/\/saobernardo.ma.gov.br\/transparencia\/allconvenios\/convenio-no-09032024-074586\/\">Conv\u00eanio N\u00ba 09032024-074586<\/a><\/li>\n<li><a href=\"https:\/\/saobernardo.ma.gov.br\/transparencia\/allconvenios\/convenio-no-09032024-067599\/\">Conv\u00eanio N\u00ba 09032024-067599<\/a><\/li>\n<li><a href=\"https:\/\/saobernardo.ma.gov.br\/transparencia\/allconvenios\/convenio-no-09032024-065193\/\">Conv\u00eanio N\u00ba 09032024-065193<\/a><\/li>\n<li><a href=\"https:\/\/saobernardo.ma.gov.br\/transparencia\/allconvenios\/convenio-no-09032024-064959\/\">Conv\u00eanio N\u00ba 09032024-064959<\/a><\/li>\n<li><a href=\"https:\/\/saobernardo.ma.gov.br\/transparencia\/allconvenios\/convenio-no-09032024-064564\/\">Conv\u00eanio N\u00ba 09032024-064564<\/a><\/li>\n<li><a href=\"https:\/\/saobernardo.ma.gov.br\/transparencia\/allconvenios\/convenio-no-952700\/\">Conv\u00eanio N\u00ba 952700<\/a><\/li>\n<li><a href=\"https:\/\/saobernardo.ma.gov.br\/transparencia\/allconvenios\/convenio-no-950072\/\">Conv\u00eanio N\u00ba 950072<\/a><\/li>\n<li><a href=\"https:\/\/saobernardo.ma.gov.br\/transparencia\/allconvenios\/transferencias-voluntarias-recebida\/\">Transfer\u00eancias Volunt\u00e1rias Recebida<\/a><\/li>\n<li><a href=\"https:\/\/saobernardo.ma.gov.br\/transparencia\/allconvenios\/convenio-no-949172\/\">Conv\u00eanio N\u00ba 949172<\/a><\/li>\n<li><a href=\"https:\/\/saobernardo.ma.gov.br\/transparencia\/allconvenios\/convenio-no-30882120230005-019509\/\">Conv\u00eanio N\u00ba 30882120230005-019509<\/a><\/li>\n<li><a href=\"https:\/\/saobernardo.ma.gov.br\/transparencia\/allconvenios\/transferencias-voluntarias-recebida-2\/\">Transfer\u00eancias Volunt\u00e1rias Recebida<\/a><\/li>\n<li><a href=\"https:\/\/saobernardo.ma.gov.br\/transparencia\/allconvenios\/transferencias-voluntarias-recebida-3\/\">Transfer\u00eancias Volunt\u00e1rias Recebida<\/a><\/li>\n<li><a href=\"https:\/\/saobernardo.ma.gov.br\/transparencia\/allconvenios\/convenio-no-30882120230002-008888\/\">Conv\u00eanio N\u00ba 30882120230002-008888<\/a><\/li>\n<li><a href=\"https:\/\/saobernardo.ma.gov.br\/transparencia\/allconvenios\/transferencias-voluntarias-recebida-6\/\">Transfer\u00eancias Volunt\u00e1rias Recebida<\/a><\/li>\n<li><a href=\"https:\/\/saobernardo.ma.gov.br\/transparencia\/allconvenios\/transferencias-voluntarias-recebida-5\/\">Transfer\u00eancias Volunt\u00e1rias Recebida<\/a><\/li>\n<li><a href=\"https:\/\/saobernardo.ma.gov.br\/transparencia\/allconvenios\/transferencias-voluntarias-recebida-4\/\">Transfer\u00eancias Volunt\u00e1rias Recebida<\/a><\/li>\n<li><a href=\"https:\/\/saobernardo.ma.gov.br\/transparencia\/allconvenios\/convenio-no-09032023-038169\/\">Conv\u00eanio N\u00ba 09032023-038169<\/a><\/li>\n<li><a href=\"https:\/\/saobernardo.ma.gov.br\/transparencia\/allconvenios\/convenio-no-09032023-037700\/\">Conv\u00eanio N\u00ba 09032023-037700<\/a><\/li>\n<li><a href=\"https:\/\/saobernardo.ma.gov.br\/transparencia\/allconvenios\/convenio-no-09032023-037558\/\">Conv\u00eanio N\u00ba 09032023-037558<\/a><\/li>\n<li><a href=\"https:\/\/saobernardo.ma.gov.br\/transparencia\/allconvenios\/convenio-no-09032023-032041\/\">Conv\u00eanio N\u00ba 09032023-032041<\/a><\/li>\n<li><a href=\"https:\/\/saobernardo.ma.gov.br\/transparencia\/allconvenios\/convenio-no-09032023-031978\/\">Conv\u00eanio N\u00ba 09032023-031978<\/a><\/li>\n<li><a href=\"https:\/\/saobernardo.ma.gov.br\/transparencia\/allconvenios\/convenio-no-09032023-031280\/\">Conv\u00eanio N\u00ba 09032023-031280<\/a><\/li>\n<li><a href=\"https:\/\/saobernardo.ma.gov.br\/transparencia\/allconvenios\/convenio-no-09032023-030885\/\">Conv\u00eanio N\u00ba 09032023-030885<\/a><\/li>\n<li><a href=\"https:\/\/saobernardo.ma.gov.br\/transparencia\/allconvenios\/convenio-no-09032023-2-041633\/\">Conv\u00eanio N\u00ba 09032023-2-041633<\/a><\/li>\n<li><a href=\"https:\/\/saobernardo.ma.gov.br\/transparencia\/allconvenios\/convenio-no-939522\/\">Conv\u00eanio N\u00ba 939522<\/a><\/li>\n<li><a href=\"https:\/\/saobernardo.ma.gov.br\/transparencia\/allconvenios\/convenio-no-939079\/\">Conv\u00eanio N\u00ba 939079<\/a><\/li>\n<li><a href=\"https:\/\/saobernardo.ma.gov.br\/transparencia\/allconvenios\/transferencias-voluntarias-recebida-7\/\">Transfer\u00eancias Volunt\u00e1rias Recebida<\/a><\/li>\n<li><a href=\"https:\/\/saobernardo.ma.gov.br\/transparencia\/allconvenios\/convenio-no-09032022-3-022397\/\">Conv\u00eanio N\u00ba 09032022-3-022397<\/a><\/li>\n<li><a href=\"https:\/\/saobernardo.ma.gov.br\/transparencia\/allconvenios\/convenio-022087-2017\/\">Conv\u00eanio - 022087\/2017<\/a><\/li>\n<li><a href=\"https:\/\/saobernardo.ma.gov.br\/transparencia\/allconvenios\/convenio-no-09032022-020178\/\">Conv\u00eanio N\u00ba 09032022-020178<\/a><\/li>\n<li><a href=\"https:\/\/saobernardo.ma.gov.br\/transparencia\/allconvenios\/convenio-no-09032022-018970\/\">Conv\u00eanio N\u00ba 09032022-018970<\/a><\/li>\n<li><a href=\"https:\/\/saobernardo.ma.gov.br\/transparencia\/allconvenios\/convenio-no-09032022-2-022190\/\">Conv\u00eanio N\u00ba 09032022-2-022190<\/a><\/li>\n<li><a href=\"https:\/\/saobernardo.ma.gov.br\/transparencia\/allconvenios\/convenios-no-55160-2021\/\">Conv\u00eanios N\u00ba 55160\/2021<\/a><\/li>\n<li><a href=\"https:\/\/saobernardo.ma.gov.br\/transparencia\/allconvenios\/convenios-no-823700-2021\/\">Conv\u00eanios N\u00ba 823700\/2021<\/a><\/li>\n<li><a href=\"https:\/\/saobernardo.ma.gov.br\/transparencia\/allconvenios\/transferencias-voluntarias-recebida-8\/\">Transfer\u00eancias Volunt\u00e1rias Recebida<\/a><\/li>\n<li><a href=\"https:\/\/saobernardo.ma.gov.br\/transparencia\/allconvenios\/convenios-no-832900-2020\/\">Conv\u00eanios  N\u00ba 832900\/2020<\/a><\/li>\n<li><a href=\"https:\/\/saobernardo.ma.gov.br\/transparencia\/allconvenios\/convenio-no-00794-2020\/\">Conv\u00eanio N\u00ba 00794\/2020<\/a><\/li>\n<li><a href=\"https:\/\/saobernardo.ma.gov.br\/transparencia\/allconvenios\/convenios-no-012096-2020\/\">Conv\u00eanios N\u00ba 012096\/2020<\/a><\/li>\n<li><a href=\"https:\/\/saobernardo.ma.gov.br\/transparencia\/allconvenios\/convenio-no-906602\/\">Conv\u00eanio N\u00ba 906602<\/a><\/li>\n<li><a href=\"https:\/\/saobernardo.ma.gov.br\/transparencia\/allconvenios\/convenio-no-905000\/\">Conv\u00eanio N\u00ba 905000<\/a><\/li>\n<li><a href=\"https:\/\/saobernardo.ma.gov.br\/transparencia\/allconvenios\/convenio-no-908591\/\">Conv\u00eanio N\u00ba 908591<\/a><\/li>\n<li><a href=\"https:\/\/saobernardo.ma.gov.br\/transparencia\/allconvenios\/convenios-no-013782-2020\/\">Conv\u00eanios N\u00ba 013782\/2020<\/a><\/li>\n<li><a href=\"https:\/\/saobernardo.ma.gov.br\/transparencia\/allconvenios\/convenio-no-902746\/\">Conv\u00eanio N\u00ba 902746<\/a><\/li>\n<li><a href=\"https:\/\/saobernardo.ma.gov.br\/transparencia\/allconvenios\/convenios-no-13232-2020\/\">Conv\u00eanios N\u00ba 13232\/2020<\/a><\/li>\n<li><a href=\"https:\/\/saobernardo.ma.gov.br\/transparencia\/allconvenios\/convenio-no-07208420200002-005629\/\">Conv\u00eanio N\u00ba 07208420200002-005629<\/a><\/li>\n<li><a href=\"https:\/\/saobernardo.ma.gov.br\/transparencia\/allconvenios\/convenios-no-54115-2019\/\">Conv\u00eanios N\u00ba 54115\/2019<\/a><\/li>\n<li><a href=\"https:\/\/saobernardo.ma.gov.br\/transparencia\/allconvenios\/convenios-no-84480-2019\/\">Conv\u00eanios N\u00ba 84480\/2019<\/a><\/li>\n<li><a href=\"https:\/\/saobernardo.ma.gov.br\/transparencia\/allconvenios\/convenios-no-84120-2019\/\">Conv\u00eanios N\u00ba 84120\/2019<\/a><\/li>\n<li><a href=\"https:\/\/saobernardo.ma.gov.br\/transparencia\/allconvenios\/convenios-no-84740-2019\/\">Conv\u00eanios N\u00ba 84740\/2019<\/a><\/li>\n<li><a href=\"https:\/\/saobernardo.ma.gov.br\/transparencia\/allconvenios\/convenio-no-897362\/\">Conv\u00eanio N\u00ba 897362<\/a><\/li>\n<li><a href=\"https:\/\/saobernardo.ma.gov.br\/transparencia\/allconvenios\/convenio-no-896865-2\/\">Conv\u00eanio N\u00ba 896865<\/a><\/li>\n<li><a href=\"https:\/\/saobernardo.ma.gov.br\/transparencia\/allconvenios\/convenio-no-896865\/\">Conv\u00eanio N\u00ba 896865<\/a><\/li>\n<li><a href=\"https:\/\/saobernardo.ma.gov.br\/transparencia\/allconvenios\/convenio-no-896769\/\">Conv\u00eanio N\u00ba 896769<\/a><\/li>\n<li><a href=\"https:\/\/saobernardo.ma.gov.br\/transparencia\/allconvenios\/convenio-no-896122\/\">Conv\u00eanio N\u00ba 896122<\/a><\/li>\n<li><a href=\"https:\/\/saobernardo.ma.gov.br\/transparencia\/allconvenios\/convenios-no-831800-2019\/\">Conv\u00eanios N\u00ba - 831800\/2019<\/a><\/li>\n<li><a href=\"https:\/\/saobernardo.ma.gov.br\/transparencia\/allconvenios\/convenio-no-05921-2019\/\">Conv\u00eanio N\u00ba 05921\/2019<\/a><\/li>\n<li><a href=\"https:\/\/saobernardo.ma.gov.br\/transparencia\/allconvenios\/convenio-no-888458\/\">Conv\u00eanio N\u00ba 888458<\/a><\/li>\n<li><a href=\"https:\/\/saobernardo.ma.gov.br\/transparencia\/allconvenios\/convenio-no-884825\/\">Conv\u00eanio N\u00ba 884825<\/a><\/li>\n<li><a href=\"https:\/\/saobernardo.ma.gov.br\/transparencia\/allconvenios\/convenios-no-81400-2019\/\">Conv\u00eanios N\u00ba 81400\/2019<\/a><\/li>\n<li><a href=\"https:\/\/saobernardo.ma.gov.br\/transparencia\/allconvenios\/convenio-no-883272\/\">Conv\u00eanio N\u00ba 883272<\/a><\/li>\n<li><a href=\"https:\/\/saobernardo.ma.gov.br\/transparencia\/allconvenios\/convenio-no-881337\/\">Conv\u00eanio N\u00ba 881337<\/a><\/li>\n<li><a href=\"https:\/\/saobernardo.ma.gov.br\/transparencia\/allconvenios\/convenio-no-864830\/\">Conv\u00eanio N\u00ba 864830<\/a><\/li>\n<li><a href=\"https:\/\/saobernardo.ma.gov.br\/transparencia\/allconvenios\/convenio-no-864309\/\">Conv\u00eanio N\u00ba 864309<\/a><\/li>\n<li><a href=\"https:\/\/saobernardo.ma.gov.br\/transparencia\/allconvenios\/convenio-no-864946\/\">Conv\u00eanio N\u00ba 864946<\/a><\/li>\n<li><a href=\"https:\/\/saobernardo.ma.gov.br\/transparencia\/allconvenios\/convenios-no-01978-2017\/\">Conv\u00eanios N\u00ba 01978\/2017<\/a><\/li>\n<li><a href=\"https:\/\/saobernardo.ma.gov.br\/transparencia\/allconvenios\/convenio-no-862625\/\">Conv\u00eanio N\u00ba 862625<\/a><\/li>\n<li><a href=\"https:\/\/saobernardo.ma.gov.br\/transparencia\/allconvenios\/convenio-no-854981\/\">Conv\u00eanio N\u00ba 854981<\/a><\/li>\n<li><a href=\"https:\/\/saobernardo.ma.gov.br\/transparencia\/allconvenios\/convenios-no-30160-2017\/\">Conv\u00eanios N\u00ba 30160\/2017<\/a><\/li>\n<li><a href=\"https:\/\/saobernardo.ma.gov.br\/transparencia\/allconvenios\/convenio-no-854604\/\">Conv\u00eanio N\u00ba 854604<\/a><\/li>\n<li><a href=\"https:\/\/saobernardo.ma.gov.br\/transparencia\/allconvenios\/convenio-no854599\/\">Conv\u00eanio N\u00ba854599<\/a><\/li>\n<li><a href=\"https:\/\/saobernardo.ma.gov.br\/transparencia\/allconvenios\/convenio-no-846837\/\">Conv\u00eanio N\u00ba 846837<\/a><\/li>\n<li><a href=\"https:\/\/saobernardo.ma.gov.br\/transparencia\/allconvenios\/convenios-no-80480-2017\/\">Conv\u00eanios N\u00ba 80480\/2017<\/a><\/li>\n<li><a href=\"https:\/\/saobernardo.ma.gov.br\/transparencia\/allconvenios\/convenio-no-848855\/\">Conv\u00eanio N\u00ba 848855<\/a><\/li>\n<li><a href=\"https:\/\/saobernardo.ma.gov.br\/transparencia\/allconvenios\/convenios-no-15651-2016\/\">Conv\u00eanios N\u00ba 15651\/2016<\/a><\/li>\n<li><a href=\"https:\/\/saobernardo.ma.gov.br\/transparencia\/allconvenios\/convenios-no-15642-2016\/\">Conv\u00eanios N\u00ba 15642\/2016<\/a><\/li>\n<li><a href=\"https:\/\/saobernardo.ma.gov.br\/transparencia\/allconvenios\/convenio-no-831280\/\">Conv\u00eanio N\u00ba 831280<\/a><\/li>\n<li><a href=\"https:\/\/saobernardo.ma.gov.br\/transparencia\/allconvenios\/convenio-no-834801\/\">Conv\u00eanio N\u00ba 834801<\/a><\/li>\n<li><a href=\"https:\/\/saobernardo.ma.gov.br\/transparencia\/allconvenios\/convenio-no-796448\/\">Conv\u00eanio N\u00ba 796448<\/a><\/li>\n<li><a href=\"https:\/\/saobernardo.ma.gov.br\/transparencia\/allconvenios\/convenio-no-785682\/\">Conv\u00eanio N\u00ba 785682<\/a><\/li>\n<li><a href=\"https:\/\/saobernardo.ma.gov.br\/transparencia\/allconvenios\/convenio-no-779462\/\">Conv\u00eanio N\u00ba 779462<\/a><\/li>\n<li><a href=\"https:\/\/saobernardo.ma.gov.br\/transparencia\/allconvenios\/convenio-no-778543\/\">Conv\u00eanio N\u00ba 778543<\/a><\/li>\n<li><a href=\"https:\/\/saobernardo.ma.gov.br\/transparencia\/allconvenios\/convenio-no-771500\/\">Conv\u00eanio N\u00ba 771500<\/a><\/li>\n<li><a href=\"https:\/\/saobernardo.ma.gov.br\/transparencia\/allconvenios\/convenio-no-753721\/\">Conv\u00eanio N\u00ba 753721<\/a><\/li>\n<li><a href=\"https:\/\/saobernardo.ma.gov.br\/transparencia\/allconvenios\/convenio-no-731145\/\">Conv\u00eanio N\u00ba 731145<\/a><\/li>\n<li><a href=\"https:\/\/saobernardo.ma.gov.br\/transparencia\/allconvenios\/convenio-no-727992\/\">Conv\u00eanio N\u00ba 727992<\/a><\/li>\n<\/ul>\n<h2 class=\"wsp-termodeposses-title\">Termo de Posse<\/h2>\n<ul class=\"wsp-termodeposses-list\">\n<li><a href=\"https:\/\/saobernardo.ma.gov.br\/transparencia\/termodeposse\/termo-de-posse-e-compromisso-em-cargo-efetivo-secretaria-municipal-de-administracao-4\/\">TERMO DE POSSE E COMPROMISSO EM CARGO EFETIVO \u2013 SECRETARIA MUNICIPAL DE ADMINISTRA\u00c7\u00c3O<\/a><\/li>\n<li><a href=\"https:\/\/saobernardo.ma.gov.br\/transparencia\/termodeposse\/termo-de-posse-e-compromisso-em-cargo-efetivo-secretaria-municipal-de-administracao-3\/\">TERMO DE POSSE E COMPROMISSO EM CARGO EFETIVO \u2013 SECRETARIA MUNICIPAL DE ADMINISTRA\u00c7\u00c3O<\/a><\/li>\n<li><a href=\"https:\/\/saobernardo.ma.gov.br\/transparencia\/termodeposse\/termo-de-posse-e-compromisso-em-cargo-efetivo-secretaria-municipal-de-administracao-2\/\">TERMO DE POSSE E COMPROMISSO EM CARGO EFETIVO - SECRETARIA MUNICIPAL DE ADMINISTRA\u00c7\u00c3O<\/a><\/li>\n<li><a href=\"https:\/\/saobernardo.ma.gov.br\/transparencia\/termodeposse\/termo-de-posse-e-compromisso-em-cargo-efetivo-secretaria-municipal-de-administracao\/\">TERMO DE POSSE E COMPROMISSO EM CARGO EFETIVO - SECRETARIA MUNICIPAL DE ADMINISTRA\u00c7\u00c3O<\/a><\/li>\n<li><a href=\"https:\/\/saobernardo.ma.gov.br\/transparencia\/termodeposse\/termo-de-posse-e-compromisso-em-cargo-efetivo-secretaria-municipal-de-administracao-5\/\">TERMO DE POSSE E COMPROMISSO EM CARGO EFETIVO \u2013 SECRETARIA MUNICIPAL DE ADMINISTRA\u00c7\u00c3O<\/a><\/li>\n<\/ul>\n<h2 class=\"wsp-transfer_volun_realis-title\">Transfer\u00eancias Volunt\u00e1rias Realizadas<\/h2>\n<ul class=\"wsp-transfer_volun_realis-list\">\n<li><a href=\"https:\/\/saobernardo.ma.gov.br\/transparencia\/transfer_volun_reali\/transferencias-voluntarias-realizadas-2026\/\">Transfer\u00eancias Volunt\u00e1rias Realizadas 2026<\/a><\/li>\n<\/ul>\n<h2 class=\"wsp-estagiarioss-title\">Estagi\u00e1rios<\/h2>\n<ul class=\"wsp-estagiarioss-list\">\n<li><a href=\"https:\/\/saobernardo.ma.gov.br\/transparencia\/estagiarios\/relacao-de-estagiarios-no-municipio-de-sao-bernardo-ma-5\/\">RELA\u00c7\u00c3O DE ESTAGI\u00c1RIOS NO MUNICIPIO DE S\u00c3O BERNARDO-MA<\/a><\/li>\n<li><a href=\"https:\/\/saobernardo.ma.gov.br\/transparencia\/estagiarios\/relacao-de-estagiarios-no-municipio-de-sao-bernardo-ma-3\/\">RELA\u00c7\u00c3O DE ESTAGI\u00c1RIOS NO MUNICIPIO DE S\u00c3O BERNARDO-MA<\/a><\/li>\n<li><a href=\"https:\/\/saobernardo.ma.gov.br\/transparencia\/estagiarios\/relacao-de-estagiarios-no-municipio-de-sao-bernardo-ma-2\/\">RELA\u00c7\u00c3O DE ESTAGI\u00c1RIOS NO MUNICIPIO DE S\u00c3O BERNARDO-MA<\/a><\/li>\n<li><a href=\"https:\/\/saobernardo.ma.gov.br\/transparencia\/estagiarios\/relacao-de-estagiarios-no-municipio-de-sao-bernardo-ma\/\">RELA\u00c7\u00c3O DE ESTAGI\u00c1RIOS NO MUNICIPIO DE S\u00c3O BERNARDO-MA<\/a><\/li>\n<li><a href=\"https:\/\/saobernardo.ma.gov.br\/transparencia\/estagiarios\/relacao-de-estagiarios-no-municipio-de-sao-bernardo-ma-4\/\">RELA\u00c7\u00c3O DE ESTAGI\u00c1RIOS NO MUNICIPIO DE S\u00c3O BERNARDO-MA<\/a><\/li>\n<\/ul>\n<h2 class=\"wsp-terceirizadoss-title\">Terceirizados<\/h2>\n<ul class=\"wsp-terceirizadoss-list\">\n<li><a href=\"https:\/\/saobernardo.ma.gov.br\/transparencia\/terceirizados\/declaracao-de-terceirizados-4\/\">DECLARA\u00c7\u00c3O DE TERCEIRIZADOS DO ANO DE 2026<\/a><\/li>\n<li><a href=\"https:\/\/saobernardo.ma.gov.br\/transparencia\/terceirizados\/declaracao-de-terceirizados-2\/\">DECLARA\u00c7\u00c3O DE TERCEIRIZADOS DO ANO DE 2025<\/a><\/li>\n<li><a href=\"https:\/\/saobernardo.ma.gov.br\/transparencia\/terceirizados\/declaracao-de-terceirizados\/\">DECLARA\u00c7\u00c3O DE TERCEIRIZADOS DO ANO DE 2024<\/a><\/li>\n<li><a href=\"https:\/\/saobernardo.ma.gov.br\/transparencia\/terceirizados\/declaracao-de-terceirizados-3\/\">DECLARA\u00c7\u00c3O DE TERCEIRIZADOS DO ANO DE 2023<\/a><\/li>\n<\/ul>\n<h2 class=\"wsp-concursos_seletivoss-title\">Concursos e Seletivos<\/h2>\n<ul class=\"wsp-concursos_seletivoss-list\">\n<li><a href=\"https:\/\/saobernardo.ma.gov.br\/transparencia\/concursos_seletivos\/declaracao-concursos-e-seletivos-2026\/\">Declara\u00e7\u00e3o Concursos e Seletivos \u2013 2026<\/a><\/li>\n<li><a href=\"https:\/\/saobernardo.ma.gov.br\/transparencia\/concursos_seletivos\/declaracao-concursos-e-seletivos-2025\/\">Declara\u00e7\u00e3o Concursos e Seletivos \u2013 2025<\/a><\/li>\n<li><a href=\"https:\/\/saobernardo.ma.gov.br\/transparencia\/concursos_seletivos\/declaracao-concursos-e-seletivos-2024\/\">Declara\u00e7\u00e3o Concursos e Seletivos - 2024<\/a><\/li>\n<li><a href=\"https:\/\/saobernardo.ma.gov.br\/transparencia\/concursos_seletivos\/declaracao-concursos-e-seletivos-2023\/\">Declara\u00e7\u00e3o Concursos e Seletivos - 2023<\/a><\/li>\n<li><a href=\"https:\/\/saobernardo.ma.gov.br\/transparencia\/concursos_seletivos\/declaracao-concursos-e-seletivos-2022\/\">Declara\u00e7\u00e3o Concursos e Seletivos - 2022<\/a><\/li>\n<li><a href=\"https:\/\/saobernardo.ma.gov.br\/transparencia\/concursos_seletivos\/declaracao-concursos-e-seletivos-2021\/\">Declara\u00e7\u00e3o Concursos e Seletivos - 2021<\/a><\/li>\n<li><a href=\"https:\/\/saobernardo.ma.gov.br\/transparencia\/concursos_seletivos\/declaracao-concursos-e-seletivos-2020\/\">Declara\u00e7\u00e3o Concursos e Seletivos - 2020<\/a><\/li>\n<li><a href=\"https:\/\/saobernardo.ma.gov.br\/transparencia\/concursos_seletivos\/declaracao-concursos-e-seletivos\/\">Declara\u00e7\u00e3o Concursos e Seletivos - 2019<\/a><\/li>\n<li><a href=\"https:\/\/saobernardo.ma.gov.br\/transparencia\/concursos_seletivos\/edital-de-convocacao-para-nomeacao-do-concurso-publico-municipal-de-sao-bernardo-ma-edital-no-001-2017\/\">EDITAL DE CONVOCA\u00c7\u00c3O PARA NOMEA\u00c7\u00c3O DO CONCURSO P\u00daBLICO  MUNICIPAL DE S\u00c3O BERNARDO\/MA - EDITAL N\u00ba. 001\/2017.<\/a><\/li>\n<\/ul>\n<h2 class=\"wsp-divida_ativas-title\">D\u00edvida Ativa do Munic\u00edpio<\/h2>\n<ul class=\"wsp-divida_ativas-list\">\n<li><a href=\"https:\/\/saobernardo.ma.gov.br\/transparencia\/divida_ativa\/declaracao-ausencia-de-lista-dos-inscritos-em-divida-ativa-2026\/\">Declara\u00e7\u00e3o Aus\u00eancia de lista dos inscritos em d\u00edvida ativa \u2013 2026<\/a><\/li>\n<li><a href=\"https:\/\/saobernardo.ma.gov.br\/transparencia\/divida_ativa\/declaracao-ausencia-de-lista-dos-inscritos-em-divida-ativa-2025-5\/\">Declara\u00e7\u00e3o Aus\u00eancia de lista dos inscritos em d\u00edvida ativa - 2025<\/a><\/li>\n<li><a href=\"https:\/\/saobernardo.ma.gov.br\/transparencia\/divida_ativa\/declaracao-ausencia-de-lista-dos-inscritos-em-divida-ativa-2025-4\/\">Declara\u00e7\u00e3o Aus\u00eancia de lista dos inscritos em d\u00edvida ativa - 2025<\/a><\/li>\n<li><a href=\"https:\/\/saobernardo.ma.gov.br\/transparencia\/divida_ativa\/declaracao-ausencia-de-lista-dos-inscritos-em-divida-ativa-2025-3\/\">Declara\u00e7\u00e3o Aus\u00eancia de lista dos inscritos em d\u00edvida ativa - 2025<\/a><\/li>\n<li><a href=\"https:\/\/saobernardo.ma.gov.br\/transparencia\/divida_ativa\/declaracao-ausencia-de-lista-dos-inscritos-em-divida-ativa-2025-2\/\">Declara\u00e7\u00e3o Aus\u00eancia de lista dos inscritos em d\u00edvida ativa - 2025<\/a><\/li>\n<li><a href=\"https:\/\/saobernardo.ma.gov.br\/transparencia\/divida_ativa\/declaracao-ausencia-de-lista-dos-inscritos-em-divida-ativa-2025\/\">Declara\u00e7\u00e3o Aus\u00eancia de lista dos inscritos em d\u00edvida ativa - 2025<\/a><\/li>\n<li><a href=\"https:\/\/saobernardo.ma.gov.br\/transparencia\/divida_ativa\/declaracao-ausencia-de-lista-dos-inscritos-em-divida-ativa-2024-10\/\">Declara\u00e7\u00e3o Aus\u00eancia de lista dos inscritos em d\u00edvida ativa - 2024<\/a><\/li>\n<li><a href=\"https:\/\/saobernardo.ma.gov.br\/transparencia\/divida_ativa\/declaracao-ausencia-de-lista-dos-inscritos-em-divida-ativa-2024-9\/\">Declara\u00e7\u00e3o Aus\u00eancia de lista dos inscritos em d\u00edvida ativa - 2024<\/a><\/li>\n<li><a href=\"https:\/\/saobernardo.ma.gov.br\/transparencia\/divida_ativa\/declaracao-ausencia-de-lista-dos-inscritos-em-divida-ativa-2024-8\/\">Declara\u00e7\u00e3o Aus\u00eancia de lista dos inscritos em d\u00edvida ativa - 2024<\/a><\/li>\n<li><a href=\"https:\/\/saobernardo.ma.gov.br\/transparencia\/divida_ativa\/declaracao-ausencia-de-lista-dos-inscritos-em-divida-ativa-2024-7\/\">Declara\u00e7\u00e3o Aus\u00eancia de lista dos inscritos em d\u00edvida ativa - 2024<\/a><\/li>\n<li><a href=\"https:\/\/saobernardo.ma.gov.br\/transparencia\/divida_ativa\/declaracao-ausencia-de-lista-dos-inscritos-em-divida-ativa-2024-6\/\">Declara\u00e7\u00e3o Aus\u00eancia de lista dos inscritos em d\u00edvida ativa - 2024<\/a><\/li>\n<li><a href=\"https:\/\/saobernardo.ma.gov.br\/transparencia\/divida_ativa\/declaracao-ausencia-de-lista-dos-inscritos-em-divida-ativa-2024-5\/\">Declara\u00e7\u00e3o Aus\u00eancia de lista dos inscritos em d\u00edvida ativa - 2024<\/a><\/li>\n<li><a href=\"https:\/\/saobernardo.ma.gov.br\/transparencia\/divida_ativa\/declaracao-ausencia-de-lista-dos-inscritos-em-divida-ativa-2024-4\/\">Declara\u00e7\u00e3o Aus\u00eancia de lista dos inscritos em d\u00edvida ativa - 2024<\/a><\/li>\n<li><a href=\"https:\/\/saobernardo.ma.gov.br\/transparencia\/divida_ativa\/declaracao-ausencia-de-lista-dos-inscritos-em-divida-ativa-2024-3\/\">Declara\u00e7\u00e3o Aus\u00eancia de lista dos inscritos em d\u00edvida ativa - 2024<\/a><\/li>\n<li><a href=\"https:\/\/saobernardo.ma.gov.br\/transparencia\/divida_ativa\/declaracao-ausencia-de-lista-dos-inscritos-em-divida-ativa-2024-2\/\">Declara\u00e7\u00e3o Aus\u00eancia de lista dos inscritos em d\u00edvida ativa - 2024<\/a><\/li>\n<li><a href=\"https:\/\/saobernardo.ma.gov.br\/transparencia\/divida_ativa\/declaracao-ausencia-de-lista-dos-inscritos-em-divida-ativa-2024\/\">Declara\u00e7\u00e3o Aus\u00eancia de lista dos inscritos em d\u00edvida ativa - 2024<\/a><\/li>\n<li><a href=\"https:\/\/saobernardo.ma.gov.br\/transparencia\/divida_ativa\/declaracao-ausencia-de-lista-dos-inscritos-em-divida-ativa-2023\/\">Declara\u00e7\u00e3o Aus\u00eancia de lista dos inscritos em d\u00edvida ativa - 2023<\/a><\/li>\n<li><a href=\"https:\/\/saobernardo.ma.gov.br\/transparencia\/divida_ativa\/declaracao-ausencia-de-lista-dos-inscritos-em-divida-ativa-2022\/\">Declara\u00e7\u00e3o Aus\u00eancia de Lista dos inscritos em d\u00edvida ativa - 2022<\/a><\/li>\n<li><a href=\"https:\/\/saobernardo.ma.gov.br\/transparencia\/divida_ativa\/declaracao-ausencia-de-lista-dos-inscritos-em-divida-ativa-2021\/\">Declara\u00e7\u00e3o Aus\u00eancia de Lista dos inscritos em d\u00edvida ativa - 2021<\/a><\/li>\n<\/ul>\n<h2 class=\"wsp-planos_municipaiss-title\">Planos Municipais<\/h2>\n<ul class=\"wsp-planos_municipaiss-list\">\n<li><a href=\"https:\/\/saobernardo.ma.gov.br\/transparencia\/planos_municipais\/plano-municipal-de-saude-2026-a-2029\/\">PLANO MUNICIPAL DE SA\u00daDE - 2026 A 2029<\/a><\/li>\n<li><a href=\"https:\/\/saobernardo.ma.gov.br\/transparencia\/planos_municipais\/programacao-anual-de-saude-2026\/\">PROGRAMA\u00c7\u00c3O ANUAL DE SA\u00daDE - 2026<\/a><\/li>\n<li><a href=\"https:\/\/saobernardo.ma.gov.br\/transparencia\/planos_municipais\/relatorio-de-resultados-2025\/\">RELAT\u00d3RIO DE RESULTADOS - 2025<\/a><\/li>\n<li><a href=\"https:\/\/saobernardo.ma.gov.br\/transparencia\/planos_municipais\/programacao-anual-de-saude-2025\/\">PROGRAMA\u00c7\u00c3O ANUAL DE SA\u00daDE - 2025<\/a><\/li>\n<li><a href=\"https:\/\/saobernardo.ma.gov.br\/transparencia\/planos_municipais\/plano-municipal-de-saude-2022-2025-prefeitura-municipal-de-sao-bernardo-do-maranhao-secretaria-da-saude-2\/\">PLANO MUNICIPAL DE SA\u00daDE 2022-2025 - Prefeitura Municipal de S\u00e3o Bernardo do Maranh\u00e3o Secretaria da Sa\u00fade.<\/a><\/li>\n<li><a href=\"https:\/\/saobernardo.ma.gov.br\/transparencia\/planos_municipais\/relatorio-de-resultados-2024\/\">RELAT\u00d3RIO DE RESULTADOS - 2024<\/a><\/li>\n<li><a href=\"https:\/\/saobernardo.ma.gov.br\/transparencia\/planos_municipais\/programacao-anual-de-saude-2024\/\">PROGRAMA\u00c7\u00c3O ANUAL DE SA\u00daDE - 2024<\/a><\/li>\n<li><a href=\"https:\/\/saobernardo.ma.gov.br\/transparencia\/planos_municipais\/plano-municipal-de-saude-2022-2025-prefeitura-municipal-de-sao-bernardo-do-maranhao-secretaria-da-saude\/\">PLANO MUNICIPAL DE SA\u00daDE 2022-2025 - Prefeitura Municipal de S\u00e3o Bernardo do Maranh\u00e3o Secretaria da Sa\u00fade.<\/a><\/li>\n<li><a href=\"https:\/\/saobernardo.ma.gov.br\/transparencia\/planos_municipais\/plano-municipal-de-educacao-2015-2025\/\">PLANO MUNICIPAL DE EDUCA\u00c7\u00c3O 2015 - 2025<\/a><\/li>\n<li><a href=\"https:\/\/saobernardo.ma.gov.br\/transparencia\/planos_municipais\/relatorio-de-resultados-2023\/\">RELAT\u00d3RIO DE RESULTADOS - 2023<\/a><\/li>\n<li><a href=\"https:\/\/saobernardo.ma.gov.br\/transparencia\/planos_municipais\/programacao-anual-de-saude-2023\/\">PROGRAMA\u00c7\u00c3O ANUAL DE SA\u00daDE - 2023<\/a><\/li>\n<\/ul>\n<h2 class=\"wsp-renuncia_fiscals-title\">Ren\u00fancias Fiscais<\/h2>\n<ul class=\"wsp-renuncia_fiscals-list\">\n<li><a href=\"https:\/\/saobernardo.ma.gov.br\/transparencia\/renuncia_fiscal\/inexistencia-de-projetos-de-incentivo-a-cultura-nos-anos-de-2023-2024-2025-e-2026\/\">Inexist\u00eancia de Projetos de incentivo \u00e0 cultura nos anos de 2023, 2024, 2025 e 2026<\/a><\/li>\n<li><a href=\"https:\/\/saobernardo.ma.gov.br\/transparencia\/renuncia_fiscal\/inexistencia-de-renuncia-fiscal-2026\/\">Inexist\u00eancia de Ren\u00fancia Fiscal 2026<\/a><\/li>\n<li><a href=\"https:\/\/saobernardo.ma.gov.br\/transparencia\/renuncia_fiscal\/inexistencia-de-renuncia-fiscal-2025\/\">Inexist\u00eancia de Ren\u00fancia Fiscal 2025<\/a><\/li>\n<li><a href=\"https:\/\/saobernardo.ma.gov.br\/transparencia\/renuncia_fiscal\/inexistencia-de-renuncia-fiscal-2024-6\/\">Inexist\u00eancia de Ren\u00fancia Fiscal 2024<\/a><\/li>\n<li><a href=\"https:\/\/saobernardo.ma.gov.br\/transparencia\/renuncia_fiscal\/inexistencia-de-renuncia-fiscal-2024-5\/\">Inexist\u00eancia de Ren\u00fancia Fiscal 2024<\/a><\/li>\n<li><a href=\"https:\/\/saobernardo.ma.gov.br\/transparencia\/renuncia_fiscal\/inexistencia-de-renuncia-fiscal-2024-4\/\">Inexist\u00eancia de Ren\u00fancia Fiscal 2024<\/a><\/li>\n<li><a href=\"https:\/\/saobernardo.ma.gov.br\/transparencia\/renuncia_fiscal\/inexistencia-de-renuncia-fiscal-2024-3\/\">Inexist\u00eancia de Ren\u00fancia Fiscal 2024<\/a><\/li>\n<li><a href=\"https:\/\/saobernardo.ma.gov.br\/transparencia\/renuncia_fiscal\/inexistencia-de-renuncia-fiscal-2024-2\/\">Inexist\u00eancia de Ren\u00fancia Fiscal 2024<\/a><\/li>\n<li><a href=\"https:\/\/saobernardo.ma.gov.br\/transparencia\/renuncia_fiscal\/inexistencia-de-renuncia-fiscal-2024\/\">Inexist\u00eancia de Ren\u00fancia Fiscal 2024<\/a><\/li>\n<li><a href=\"https:\/\/saobernardo.ma.gov.br\/transparencia\/renuncia_fiscal\/inexistencia-de-renuncia-fiscal-2023\/\">Inexist\u00eancia de Ren\u00fancia Fiscal 2023.<\/a><\/li>\n<li><a href=\"https:\/\/saobernardo.ma.gov.br\/transparencia\/renuncia_fiscal\/inexistencia-de-renuncia-fiscal-2022\/\">Inexist\u00eancia de Ren\u00fancia Fiscal 2022.<\/a><\/li>\n<li><a href=\"https:\/\/saobernardo.ma.gov.br\/transparencia\/renuncia_fiscal\/inexistencia-de-renuncia-fiscal-202\/\">Inexist\u00eancia de Ren\u00fancia Fiscal 2021.<\/a><\/li>\n<\/ul>\n<h2 class=\"wsp-fiscaldecontratos-title\">Fiscais de Contratos<\/h2>\n<ul class=\"wsp-fiscaldecontratos-list\">\n<li><a href=\"https:\/\/saobernardo.ma.gov.br\/transparencia\/fiscaldecontrato\/portaria-no-321-de-26-de-fevereiro-de-2025-resolve-designar-ao-cargo-de-fiscal-de-contratos-que-envolvam-a-realizacao-de-obras-publicas-da-prefeitura-municipal-de-sao-bernardo-estado-do-maranha\/\">PORTARIA N\u00ba 321, DE 26 DE FEVEREIRO DE 2025  - RESOLVE DESIGNAR, ao cargo de FISCAL DE CONTRATOS QUE ENVOLVAM A REALIZA\u00c7\u00c3O DE OBRAS P\u00daBLICAS, da PREFEITURA MUNICIPAL DE S\u00c3O BERNARDO, ESTADO DO MARANH\u00c3O, o (a) Sr(a). ROBERTO MIRANDA LEITE.<\/a><\/li>\n<li><a href=\"https:\/\/saobernardo.ma.gov.br\/transparencia\/fiscaldecontrato\/fiscal-de-contrato-da-administracao\/\">FISCAL DE CONTRATO DA ADMINISTRA\u00c7\u00c3O<\/a><\/li>\n<li><a href=\"https:\/\/saobernardo.ma.gov.br\/transparencia\/fiscaldecontrato\/portaria-no-337-2022-institui-a-nomeacao-do-fiscal-de-contratos-que-envolvam-materiais-de-consumo-e-servicos-comuns-o-sr-manoel-de-jesus-silva-de-sousa\/\">PORTARIA N\u00ba 337\/2022 - Institui a Nomea\u00e7\u00e3o do Fiscal de contratos que envolvam materiais de consumo e servi\u00e7os comuns, o Sr. MANOEL DE JESUS SILVA DE SOUSA<\/a><\/li>\n<li><a href=\"https:\/\/saobernardo.ma.gov.br\/transparencia\/fiscaldecontrato\/portaria-no-333-de-12-de-julho-de-2022-resolve-exonerar-a-pedido-do-cargo-em-comissao-de-tesoureiro-geral-dans-da-secretaria-municipal-da-fazenda-o-sr-izaniel-cutrim-bogea\/\">PORTARIA N\u00ba 333, DE 12 DE JULHO DE 2022 - RESOLVE EXONERAR a pedido, do Cargo em Comiss\u00e3o de Tesoureiro Geral - DANS, da Secretaria Municipal da Fazenda, o Sr. IZANIEL CUTRIM BOGEA.<\/a><\/li>\n<li><a href=\"https:\/\/saobernardo.ma.gov.br\/transparencia\/fiscaldecontrato\/portaria-no-542-2021-institui-a-nomeacao-do-fiscal-de-contratos-que-envolvam-materiais-de-consumo-e-servicos-comuns-o-sr-izaniel-cutrim-bogea\/\">PORTARIA N\u00ba 542\/2021 - Institui a Nomea\u00e7\u00e3o do Fiscal de contratos que envolvam materiais de consumo e servi\u00e7os comuns, o Sr. IZANIEL CUTRIM BOG\u00c9A.<\/a><\/li>\n<li><a href=\"https:\/\/saobernardo.ma.gov.br\/transparencia\/fiscaldecontrato\/portaria-no347-2019-institui-a-nomeacao-do-fiscal-de-contratos-que-envolvam-obras-publicas-o-sr-roberto-miranda-leite\/\">PORTARIA N\u00ba347\/2019 - Institui a Nomea\u00e7\u00e3o do FISCAL DE CONTRATOS que envolvam OBRAS P\u00fablicas, O Sr. ROBERTO MIRANDA LEITE<\/a><\/li>\n<\/ul>\n<h2 class=\"wsp-ordem_pagamentoss-title\">Ordem Cronol\u00f3gica de Pagamentos<\/h2>\n<ul class=\"wsp-ordem_pagamentoss-list\">\n<li><a href=\"https:\/\/saobernardo.ma.gov.br\/transparencia\/ordem_pagamentos\/cronologica-de-pagamentos-lei-no14-133-2021-art-141-ano-2025\/\">CRONOL\u00d3GICA DE PAGAMENTOS LEI N\u00ba14.133\/2021, ART.141 ANO 2025<\/a><\/li>\n<li><a href=\"https:\/\/saobernardo.ma.gov.br\/transparencia\/ordem_pagamentos\/cronologica-de-pagamentos-lei-no14-133-2021-art-141-ano-2024\/\">CRONOL\u00d3GICA DE PAGAMENTOS LEI N\u00ba14.133\/2021, ART.141  ANO 2024.<\/a><\/li>\n<li><a href=\"https:\/\/saobernardo.ma.gov.br\/transparencia\/ordem_pagamentos\/cronologica-de-pagamentos-lei-no14-133-2021-art-141-ano-2023\/\">CRONOL\u00d3GICA DE PAGAMENTOS LEI N\u00ba14.133\/2021, ART.141  ANO 2023.<\/a><\/li>\n<li><a href=\"https:\/\/saobernardo.ma.gov.br\/transparencia\/ordem_pagamentos\/cronologica-de-pagamentos-lei-no14-133-2021-art-141-ano-2022\/\">CRONOL\u00d3GICA DE PAGAMENTOS LEI N\u00ba14.133\/2021, ART.141  ANO 2022.<\/a><\/li>\n<li><a href=\"https:\/\/saobernardo.ma.gov.br\/transparencia\/ordem_pagamentos\/cronologica-de-pagamentos-lei-no14-133-2021-art-141-ano-2021\/\">CRONOL\u00d3GICA DE PAGAMENTOS LEI N\u00ba14.133\/2021, ART.141  ANO 2021.<\/a><\/li>\n<\/ul>\n<h2 class=\"wsp-cartadeservicoss-title\">Carta de Servi\u00e7os<\/h2>\n<ul class=\"wsp-cartadeservicoss-list\">\n<li><a href=\"https:\/\/saobernardo.ma.gov.br\/transparencia\/cartadeservicos\/carta-de-servico-ao-cidadao-csc-2025\/\">CARTA DE SERVI\u00c7O AO CIDAD\u00c3O \u2013 CSC 2025<\/a><\/li>\n<\/ul>\n<h2 class=\"wsp-regulamentacao_14129s-title\">Regulamenta\u00e7\u00e3o da Lei Federal n\u00ba 14.129\/2021 <\/h2>\n<ul class=\"wsp-regulamentacao_14129s-list\">\n<li><a href=\"https:\/\/saobernardo.ma.gov.br\/transparencia\/regulamentacao_14129\/regulamentacao-da-lei-federal-no-14-129-2021\/\">Regulamenta\u00e7\u00e3o da Lei Federal n\u00ba 14.129\/2021<\/a><\/li>\n<\/ul>\n<h2 class=\"wsp-projetos_culturaiss-title\">Projetos Culturais<\/h2>\n<ul class=\"wsp-projetos_culturaiss-list\">\n<li><a href=\"https:\/\/saobernardo.ma.gov.br\/transparencia\/projetos_culturais\/cronograma-anual-de-eventos-da-secretaria-municiupal-de-comunicacao-e-cultura-no-ano-de-2025\/\">CRONOGRAMA ANUAL DE EVENTOS DA SECRETARIA MUNICIUPAL DE COMUNICA\u00c7\u00c3O E CULTURA NO ANO DE 2025<\/a><\/li>\n<li><a href=\"https:\/\/saobernardo.ma.gov.br\/transparencia\/projetos_culturais\/secretaria-municipal-de-comunicacao-e-cultura-secom-prefeitura-municipal-de-sao-bernardo-ma\/\">SECRETARIA MUNICIPAL DE COMUNICA\u00c7\u00c3O E CULTURA \u2013 SECOM PREFEITURA MUNICIPAL DE S\u00c3O BERNARDO-MA<\/a><\/li>\n<\/ul>\n<h2 class=\"wsp-servicos_prof_saudes-title\">Servi\u00e7os de Sa\u00fade, Profissionais e Locais<\/h2>\n<ul class=\"wsp-servicos_prof_saudes-list\">\n<li><a href=\"https:\/\/saobernardo.ma.gov.br\/transparencia\/servicos_prof_saude\/informacoes-relacionadas-aos-servicos-de-saude\/\">Informa\u00e7\u00f5es Relacionadas aos Servi\u00e7os de Sa\u00fade<\/a><\/li>\n<li><a href=\"https:\/\/saobernardo.ma.gov.br\/transparencia\/servicos_prof_saude\/servicos-de-saude-profissionais-e-locais-10\/\">Servi\u00e7os de Sa\u00fade, Profissionais e Locais<\/a><\/li>\n<li><a href=\"https:\/\/saobernardo.ma.gov.br\/transparencia\/servicos_prof_saude\/servicos-de-saude-profissionais-e-locais-8\/\">Servi\u00e7os de Sa\u00fade, Profissionais e Locais<\/a><\/li>\n<li><a href=\"https:\/\/saobernardo.ma.gov.br\/transparencia\/servicos_prof_saude\/servicos-de-saude-profissionais-e-locais-9\/\">Servi\u00e7os de Sa\u00fade, Profissionais e Locais<\/a><\/li>\n<li><a href=\"https:\/\/saobernardo.ma.gov.br\/transparencia\/servicos_prof_saude\/sistema-de-regulacao\/\">SISTEMA DE REGULA\u00c7\u00c3O<\/a><\/li>\n<li><a href=\"https:\/\/saobernardo.ma.gov.br\/transparencia\/servicos_prof_saude\/servicos-de-saude-profissionais-e-locais-7\/\">Servi\u00e7os de Sa\u00fade, Profissionais e Locais<\/a><\/li>\n<li><a href=\"https:\/\/saobernardo.ma.gov.br\/transparencia\/servicos_prof_saude\/servicos-de-saude-profissionais-e-locais-6\/\">Servi\u00e7os de Sa\u00fade, Profissionais e Locais<\/a><\/li>\n<li><a href=\"https:\/\/saobernardo.ma.gov.br\/transparencia\/servicos_prof_saude\/servicos-de-saude-profissionais-e-locais-5\/\">Servi\u00e7os de Sa\u00fade, Profissionais e Locais<\/a><\/li>\n<li><a href=\"https:\/\/saobernardo.ma.gov.br\/transparencia\/servicos_prof_saude\/servicos-de-saude-profissionais-e-locais-4\/\">Servi\u00e7os de Sa\u00fade, Profissionais e Locais<\/a><\/li>\n<li><a href=\"https:\/\/saobernardo.ma.gov.br\/transparencia\/servicos_prof_saude\/servicos-de-saude-profissionais-e-locais-3\/\">Servi\u00e7os de Sa\u00fade, Profissionais e Locais<\/a><\/li>\n<li><a href=\"https:\/\/saobernardo.ma.gov.br\/transparencia\/servicos_prof_saude\/servicos-de-saude-profissionais-e-locais-2\/\">Servi\u00e7os de Sa\u00fade, Profissionais e Locais<\/a><\/li>\n<li><a href=\"https:\/\/saobernardo.ma.gov.br\/transparencia\/servicos_prof_saude\/procedimento-ambulatorial-tabnet-win32-3-2-servicos-de-saude-profissionais-e-locais\/\">Procedimento Ambulatorial TabNet Win32 3.2 - Servi\u00e7os de Sa\u00fade, Profissionais e Locais<\/a><\/li>\n<li><a href=\"https:\/\/saobernardo.ma.gov.br\/transparencia\/servicos_prof_saude\/procedimento-hospitalares-tabnet-win32-3-2-servicos-de-saude-profissionais-e-locais\/\">Procedimento hospitalares TabNet Win32 3.2 - Servi\u00e7os de Sa\u00fade, Profissionais e Locais<\/a><\/li>\n<li><a href=\"https:\/\/saobernardo.ma.gov.br\/transparencia\/servicos_prof_saude\/relatorio-de-atendimento-odontologico-esu-spec-servicos-de-saude-profissionais-e-locais\/\">Relat\u00f3rio de atendimento odontol\u00f3gico ESU SPEC - Servi\u00e7os de Sa\u00fade, Profissionais e Locais<\/a><\/li>\n<li><a href=\"https:\/\/saobernardo.ma.gov.br\/transparencia\/servicos_prof_saude\/relatorio-de-atendimento-odontologico-serie-historica-servicos-de-saude-profissionais-e-locais\/\">Relat\u00f3rio de atendimento odontol\u00f3gico S\u00e9rie hist\u00f3rica - Servi\u00e7os de Sa\u00fade, Profissionais e Locais<\/a><\/li>\n<li><a href=\"https:\/\/saobernardo.ma.gov.br\/transparencia\/servicos_prof_saude\/relatorio-de-atendimento-individual-serie-historica-servicos-de-saude-profissionais-e-locais\/\">Relat\u00f3rio de atendimento individual S\u00e9rie hist\u00f3rica - Servi\u00e7os de Sa\u00fade, Profissionais e Locais<\/a><\/li>\n<li><a href=\"https:\/\/saobernardo.ma.gov.br\/transparencia\/servicos_prof_saude\/relatorio-de-atendimento-esus-pec-servicos-de-saude-profissionais-e-locais\/\">Relat\u00f3rio de atendimento ESUS PEC - Servi\u00e7os de Sa\u00fade, Profissionais e Locais<\/a><\/li>\n<li><a href=\"https:\/\/saobernardo.ma.gov.br\/transparencia\/servicos_prof_saude\/servicos-de-saude-profissionais-e-locais\/\">Servi\u00e7os de Sa\u00fade, Profissionais e Locais<\/a><\/li>\n<\/ul>\n<h2 class=\"wsp-creches_municipaiss-title\">Creches Municipais<\/h2>\n<ul class=\"wsp-creches_municipaiss-list\">\n<li><a href=\"https:\/\/saobernardo.ma.gov.br\/transparencia\/creches_municipais\/creches-municipais-2\/\">Creches Municipais<\/a><\/li>\n<li><a href=\"https:\/\/saobernardo.ma.gov.br\/transparencia\/creches_municipais\/creches-municipais\/\">Creches Municipais<\/a><\/li>\n<\/ul>\n<h2 class=\"wsp-lista_de_medicamentos-title\">Lista de Medicamentos<\/h2>\n<ul class=\"wsp-lista_de_medicamentos-list\">\n<li><a href=\"https:\/\/saobernardo.ma.gov.br\/transparencia\/lista_de_medicamento\/informativo-lista-dos-medicamentos-da-farmacia-central-de-sao-bernardo\/\">INFORMATIVO - LISTA DOS MEDICAMENTOS DA FARM\u00c1CIA CENTRAL DE S\u00c3O BERNARDO<\/a><\/li>\n<li><a href=\"https:\/\/saobernardo.ma.gov.br\/transparencia\/lista_de_medicamento\/lista-dos-medicamentos-da-farmacia-central-de-sao-bernardo-2\/\">LISTA DOS MEDICAMENTOS DA FARM\u00c1CIA CENTRAL DE S\u00c3O BERNARDO<\/a><\/li>\n<li><a href=\"https:\/\/saobernardo.ma.gov.br\/transparencia\/lista_de_medicamento\/distribuicao-de-medicamentos-para-as-unidades-basicas-de-saude\/\">Distribui\u00e7\u00e3o de medicamentos para as unidades b\u00e1sicas de sa\u00fade<\/a><\/li>\n<li><a href=\"https:\/\/saobernardo.ma.gov.br\/transparencia\/lista_de_medicamento\/lista-dos-medicamentos-da-farmacia-central-de-sao-bernardo\/\">LISTA  DOS MEDICAMENTOS DA FARM\u00c1CIA CENTRAL DE S\u00c3O BERNARDO<\/a><\/li>\n<li><a href=\"https:\/\/saobernardo.ma.gov.br\/transparencia\/lista_de_medicamento\/relacao-municipal-de-medicamentos-essenciais\/\">RELA\u00c7\u00c3O MUNICIPAL DE MEDICAMENTOS ESSENCIAIS<\/a><\/li>\n<\/ul>\n<h2 class=\"wsp-balanco_gerals-title\">Balan\u00e7o Geral\/Circunstanciado<\/h2>\n<ul class=\"wsp-balanco_gerals-list\">\n<li><a href=\"https:\/\/saobernardo.ma.gov.br\/transparencia\/balanco_geral\/balanco-geral-2025\/\">Balan\u00e7o Geral\/Circunstanciado \u2013 2025<\/a><\/li>\n<li><a href=\"https:\/\/saobernardo.ma.gov.br\/transparencia\/balanco_geral\/balanco-geral-circunstanciado-2024\/\">Balan\u00e7o Geral\/Circunstanciado \u2013 2024<\/a><\/li>\n<li><a href=\"https:\/\/saobernardo.ma.gov.br\/transparencia\/balanco_geral\/balanco-geral-circunstanciado-2023\/\">Balan\u00e7o Geral\/Circunstanciado - 2023<\/a><\/li>\n<li><a href=\"https:\/\/saobernardo.ma.gov.br\/transparencia\/balanco_geral\/balanco-geral-circunstanciado-2022\/\">Balan\u00e7o Geral\/Circunstanciado - 2022<\/a><\/li>\n<li><a href=\"https:\/\/saobernardo.ma.gov.br\/transparencia\/balanco_geral\/balanco-geral-circunstanciado-2021\/\">Balan\u00e7o Geral\/Circunstanciado - 2021<\/a><\/li>\n<li><a href=\"https:\/\/saobernardo.ma.gov.br\/transparencia\/balanco_geral\/balanco-geral-circunstanciado-2020\/\">Balan\u00e7o Geral\/Circunstanciado - 2020<\/a><\/li>\n<\/ul>\n<h2 class=\"wsp-obras_prefeituras-title\">Obras<\/h2>\n<ul class=\"wsp-obras_prefeituras-list\">\n<li><a href=\"https:\/\/saobernardo.ma.gov.br\/transparencia\/obras_prefeitura\/obras-prefeitura-municipal-sao-bernardo-ma-3\/\">OBRAS \u2013 PREFEITURA MUNICIPAL S\u00c3O BERNARDO \u2013 MA<\/a><\/li>\n<li><a href=\"https:\/\/saobernardo.ma.gov.br\/transparencia\/obras_prefeitura\/obras-prefeitura-municipal-sao-bernardo-ma-2\/\">OBRAS \u2013 PREFEITURA MUNICIPAL S\u00c3O BERNARDO \u2013 MA<\/a><\/li>\n<li><a href=\"https:\/\/saobernardo.ma.gov.br\/transparencia\/obras_prefeitura\/obras-prefeitura-municipal-sao-bernardo-ma\/\">OBRAS \u2013 PREFEITURA MUNICIPAL S\u00c3O BERNARDO - MA<\/a><\/li>\n<\/ul>\n<h2 class=\"wsp-licitantes_sancionads-title\">Licitantes Contratados - Sancionados<\/h2>\n<ul class=\"wsp-licitantes_sancionads-list\">\n<li><a href=\"https:\/\/saobernardo.ma.gov.br\/transparencia\/licitantes_sancionad\/declaracao-de-inexistencia-de-sancao-a-licitante-2026\/\">DECLARA\u00c7\u00c3O DE INEXIST\u00caNCIA DE SAN\u00c7\u00c3O \u00c0 LICITANTE 2026<\/a><\/li>\n<li><a href=\"https:\/\/saobernardo.ma.gov.br\/transparencia\/licitantes_sancionad\/declaracao-de-inexistencia-de-sancao-a-licitante-2025\/\">DECLARA\u00c7\u00c3O DE INEXIST\u00caNCIA DE SAN\u00c7\u00c3O \u00c0 LICITANTE 2025<\/a><\/li>\n<li><a href=\"https:\/\/saobernardo.ma.gov.br\/transparencia\/licitantes_sancionad\/declaracao-de-inexistencia-de-sancao-a-licitante-2024\/\">DECLARA\u00c7\u00c3O DE INEXIST\u00caNCIA DE SAN\u00c7\u00c3O \u00c0 LICITANTE 2024<\/a><\/li>\n<li><a href=\"https:\/\/saobernardo.ma.gov.br\/transparencia\/licitantes_sancionad\/declaracao-de-inexistencia-de-sancao-a-licitante-2023\/\">DECLARA\u00c7\u00c3O DE INEXIST\u00caNCIA DE SAN\u00c7\u00c3O \u00c0 LICITANTE 2023<\/a><\/li>\n<li><a href=\"https:\/\/saobernardo.ma.gov.br\/transparencia\/licitantes_sancionad\/declaracao-de-inexistencia-de-sancao-a-licitante-2022\/\">DECLARA\u00c7\u00c3O DE INEXIST\u00caNCIA DE SAN\u00c7\u00c3O \u00c0 LICITANTE 2022<\/a><\/li>\n<li><a href=\"https:\/\/saobernardo.ma.gov.br\/transparencia\/licitantes_sancionad\/declaracao-de-inexistencia-de-sancao-a-licitante-2021\/\">DECLARA\u00c7\u00c3O DE INEXIST\u00caNCIA DE SAN\u00c7\u00c3O \u00c0 LICITANTE 2021<\/a><\/li>\n<\/ul>\n<h2 class=\"wsp-julgamento_legisltivs-title\">Julgamento de Contas \u2013 Legislativo<\/h2>\n<ul class=\"wsp-julgamento_legisltivs-list\">\n<li><a href=\"https:\/\/saobernardo.ma.gov.br\/transparencia\/julgamento_legisltiv\/julgamento-de-contas-legislativo\/\">Julgamento de Contas \u2013 Legislativo<\/a><\/li>\n<\/ul>\n<h2 class=\"wsp-relatorio_atividadess-title\">Relat\u00f3rios de Atividades<\/h2>\n<ul class=\"wsp-relatorio_atividadess-list\">\n<li><a href=\"https:\/\/saobernardo.ma.gov.br\/transparencia\/relatorio_atividades\/relatorio-circunstanciado-do-exercicio-de-2025\/\">RELAT\u00d3RIO CIRCUNSTANCIADO DO EXERCICIO DE 2025<\/a><\/li>\n<li><a href=\"https:\/\/saobernardo.ma.gov.br\/transparencia\/relatorio_atividades\/calendario-escolar-sao-bernardo-ma-2025-i-semestre\/\">CALEND\u00c1RIO ESCOLAR - S\u00c3O BERNARDO - MA | 2025 I SEMESTRE<\/a><\/li>\n<li><a href=\"https:\/\/saobernardo.ma.gov.br\/transparencia\/relatorio_atividades\/relatorio-circunstanciado-do-exercicio-de-2024\/\">RELAT\u00d3RIO CIRCUNSTANCIADO DO EXERCICIO DE 2024<\/a><\/li>\n<li><a href=\"https:\/\/saobernardo.ma.gov.br\/transparencia\/relatorio_atividades\/relatorio-circunstanciado-do-exercicio-de-2023\/\">RELAT\u00d3RIO CIRCUNSTANCIADO DO EXERCICIO DE 2023<\/a><\/li>\n<li><a href=\"https:\/\/saobernardo.ma.gov.br\/transparencia\/relatorio_atividades\/relatorio-circunstanciado-do-exercicio-de-2022\/\">RELAT\u00d3RIO CIRCUNSTANCIADO DO EXERCICIO DE 2022<\/a><\/li>\n<li><a href=\"https:\/\/saobernardo.ma.gov.br\/transparencia\/relatorio_atividades\/relatorio-circunstanciado-do-exercicio-de-2021\/\">RELAT\u00d3RIO CIRCUNSTANCIADO DO EXERCICIO DE 2021<\/a><\/li>\n<li><a href=\"https:\/\/saobernardo.ma.gov.br\/transparencia\/relatorio_atividades\/relatorio-circunstanciado-do-exercicio-de-2020\/\">RELAT\u00d3RIO CIRCUNSTANCIADO DO EXERCICIO DE 2020<\/a><\/li>\n<\/ul>\n<h2 class=\"wsp-plano_anual_contratas-title\">Plano Anual de Contrata\u00e7\u00f5es<\/h2>\n<ul class=\"wsp-plano_anual_contratas-list\">\n<li><a href=\"https:\/\/saobernardo.ma.gov.br\/transparencia\/plano_anual_contrata\/plano-anual-de-contratacoes-2025\/\">Plano Anual de Contrata\u00e7\u00f5es - 2025<\/a><\/li>\n<li><a href=\"https:\/\/saobernardo.ma.gov.br\/transparencia\/plano_anual_contrata\/plano-anual-de-contratacoes\/\">Plano Anual de Contrata\u00e7\u00f5es<\/a><\/li>\n<\/ul>\n<h2 class=\"wsp-planeja_estrates-title\">Planejamento Estrat\u00e9gico<\/h2>\n<ul class=\"wsp-planeja_estrates-list\">\n<li><a href=\"https:\/\/saobernardo.ma.gov.br\/transparencia\/planeja_estrate\/plano-estrategico-de-gestao-municipal-2\/\">PLANO ESTRAT\u00c9GICO DE GEST\u00c3O MUNICIPAL<\/a><\/li>\n<li><a href=\"https:\/\/saobernardo.ma.gov.br\/transparencia\/planeja_estrate\/plano-estrategico-de-gestao-municipal\/\">PLANO ESTRAT\u00c9GICO DE GEST\u00c3O MUNICIPAL<\/a><\/li>\n<\/ul>\n<h2 class=\"wsp-transfer_volun_sem_rs-title\">Transfer\u00eancias Volunt\u00e1rias sem Repasses Financeiros<\/h2>\n<ul class=\"wsp-transfer_volun_sem_rs-list\">\n<li><a href=\"https:\/\/saobernardo.ma.gov.br\/transparencia\/transfer_volun_sem_r\/transferencias-voluntarias-sem-repasses-financeiros-2\/\">Transfer\u00eancias Volunt\u00e1rias sem Repasses Financeiros<\/a><\/li>\n<li><a href=\"https:\/\/saobernardo.ma.gov.br\/transparencia\/transfer_volun_sem_r\/transferencias-voluntarias-sem-repasses-financeiros\/\">Transfer\u00eancias Volunt\u00e1rias sem Repasses Financeiros<\/a><\/li>\n<\/ul>\n<h2 class=\"wsp-patrimonio_tombaments-title\">Patrim\u00f4nio \/ Tombamento<\/h2>\n<ul class=\"wsp-patrimonio_tombaments-list\">\n<li><a href=\"https:\/\/saobernardo.ma.gov.br\/transparencia\/patrimonio_tombament\/patrimonio-tombamento\/\">Patrim\u00f4nio \/ Tombamento - Conselho Tutelar<\/a><\/li>\n<\/ul>\n<h2 class=\"wsp-regula-lais-title\">Regulamenta\u00e7\u00e3o da LAI<\/h2>\n<ul class=\"wsp-regula-lais-list\">\n<li><a href=\"https:\/\/saobernardo.ma.gov.br\/transparencia\/regula-lai\/decreto-municipal-no-153-de-09-de-novembro-de-2021\/\">DECRETO MUNICIPAL N\u00ba 153 - DISP\u00d5E SOBRE A REGULAMENTA\u00c7\u00c3O DA LEI N\u00ba 12.527, DE 18 DE NOVEMBRO DE 2011, QUE DISP\u00d5E SOBRE O ACESSO A INFORMA\u00c7\u00d5ES PREVISTO NO INCISO XX E XIII DO CAPUT DO ART. 5\u00b0, NO INCISO II DO \u00a7 3\u00ba DO ART. 37 E NO \u00a7 2 \u00ba DO ART. 216 DA CONSTITUI\u00c7\u00c3O FEDERAL; E D\u00c1 OUTRAS PROVID\u00caNCIAS<\/a><\/li>\n<\/ul>\n<h2 class=\"wsp-swagger_uis-title\">Swagger UI Integration<\/h2>\n<ul class=\"wsp-swagger_uis-list\">\n<li><a href=\"https:\/\/saobernardo.ma.gov.br\/transparencia\/swagger_ui\/dados-abertos\/\">Dados Abertos<\/a><\/li>\n<\/ul>\n<h2 class=\"wsp-emendas-title\">Emendas Parlamentares<\/h2>\n<ul class=\"wsp-emendas-list\">\n<li><a href=\"https:\/\/saobernardo.ma.gov.br\/transparencia\/emenda\/emenda-parlamentar-no-202340840002-autor-weverton-rocha\/\">Emenda Parlamentar N\u00ba 202340840002 - Autor: Weverton Rocha<\/a><\/li>\n<li><a href=\"https:\/\/saobernardo.ma.gov.br\/transparencia\/emenda\/emenda-parlamentar-no-202340240003-2023-autor-josimar-maranhaozinho\/\">Emenda Parlamentar N\u00ba 202340240003\/2023 - Autor: JOSIMAR MARANH\u00c3OZINHO<\/a><\/li>\n<li><a href=\"https:\/\/saobernardo.ma.gov.br\/transparencia\/emenda\/emenda-parlamentar-no-202341390003-2023-autor-eliziane-gama\/\">Emenda Parlamentar N\u00ba 202341390003\/2023 - Autor:  ELIZIANE GAMA<\/a><\/li>\n<li><a href=\"https:\/\/saobernardo.ma.gov.br\/transparencia\/emenda\/emenda-parlamentar-no-202233930002-2022-autor-hildo-rocha\/\">Emenda Parlamentar N\u00ba 202233930002\/2022 - Autor: HILDO ROCHA<\/a><\/li>\n<li><a href=\"https:\/\/saobernardo.ma.gov.br\/transparencia\/emenda\/emenda-parlamentar-no-202241390003-2022-autor-eliziane-gama\/\">Emenda Parlamentar N\u00ba 202241390003\/2022 - Autor:  ELIZIANE GAMA<\/a><\/li>\n<li><a href=\"https:\/\/saobernardo.ma.gov.br\/transparencia\/emenda\/emenda-parlamentar-no-202239680009-2022-autor-edilazio-junior\/\">Emenda Parlamentar N\u00ba  202239680009\/2022 - Autor: EDIL\u00c1ZIO J\u00daNIOR<\/a><\/li>\n<li><a href=\"https:\/\/saobernardo.ma.gov.br\/transparencia\/emenda\/emenda-parlamentar-no-202171110008-autor-sem-autor\/\">Emenda Parlamentar N\u00ba 202171110008 - Autor:  Sem autor<\/a><\/li>\n<\/ul>\n<h2 class=\"wsp-declaracaos-title\">Declara\u00e7\u00f5es<\/h2>\n<ul class=\"wsp-declaracaos-list\">\n<li><a href=\"https:\/\/saobernardo.ma.gov.br\/transparencia\/declaracao\/declaracao-de-inexistencia-de-emendas-pix-2026\/\">Declara\u00e7\u00e3o de inexist\u00eancia de Emendas Pix - 2026<\/a><\/li>\n<li><a href=\"https:\/\/saobernardo.ma.gov.br\/transparencia\/declaracao\/declaracao-de-inexistencia-de-emendas-parlamentares-2026\/\">Declara\u00e7\u00e3o de inexist\u00eancia de Emendas Parlamentares 2026<\/a><\/li>\n<\/ul>\n<h2 class=\"wsp-ninja-tables-title\">Ninja Tables<\/h2>\n<ul class=\"wsp-ninja-tables-list\">\n<li><a href=\"https:\/\/saobernardo.ma.gov.br\/transparencia\/ninja-table\/audiencias-publicas-duplicate\/\">Regulamenta\u00e7\u00e3o da LAI<\/a><\/li>\n<li><a href=\"https:\/\/saobernardo.ma.gov.br\/transparencia\/ninja-table\/estagiarios-duplicate-2\/\">Audi\u00eancias P\u00fablicas<\/a><\/li>\n<li><a href=\"https:\/\/saobernardo.ma.gov.br\/transparencia\/ninja-table\/ptombamento\/\">Ptombamento<\/a><\/li>\n<li><a href=\"https:\/\/saobernardo.ma.gov.br\/transparencia\/ninja-table\/planejamento-estrategico-duplicate-2\/\">Tombamento<\/a><\/li>\n<li><a href=\"https:\/\/saobernardo.ma.gov.br\/transparencia\/ninja-table\/transferencias-voluntarias-realizadas-duplicate-2\/\">Transfer\u00eancias Volunt\u00e1rias sem Repasses Financeiros<\/a><\/li>\n<li><a href=\"https:\/\/saobernardo.ma.gov.br\/transparencia\/ninja-table\/planejamento-estrategico-duplicate\/\">Emendas Parlamentares<\/a><\/li>\n<li><a href=\"https:\/\/saobernardo.ma.gov.br\/transparencia\/ninja-table\/plano-anual-de-contratacoes-duplicate\/\">Planejamento Estrat\u00e9gico<\/a><\/li>\n<li><a href=\"https:\/\/saobernardo.ma.gov.br\/transparencia\/ninja-table\/relatorio-de-atividades-duplicate\/\">Plano Anual de Contrata\u00e7\u00f5es<\/a><\/li>\n<li><a href=\"https:\/\/saobernardo.ma.gov.br\/transparencia\/ninja-table\/julgamento-de-contas-legislativo-duplicate\/\">Relat\u00f3rio de Atividades<\/a><\/li>\n<li><a href=\"https:\/\/saobernardo.ma.gov.br\/transparencia\/ninja-table\/licitantes-contratados-sancionados-duplicate\/\">Julgamento de Contas \u2013 Legislativo<\/a><\/li>\n<li><a href=\"https:\/\/saobernardo.ma.gov.br\/transparencia\/ninja-table\/creches-municipais-duplicate-2\/\">Licitantes Contratados - Sancionados<\/a><\/li>\n<li><a href=\"https:\/\/saobernardo.ma.gov.br\/transparencia\/ninja-table\/obras-duplicate\/\">Creches Municipais<\/a><\/li>\n<li><a href=\"https:\/\/saobernardo.ma.gov.br\/transparencia\/ninja-table\/balanco-geral-circunstanciado-duplicate\/\">Obras<\/a><\/li>\n<li><a href=\"https:\/\/saobernardo.ma.gov.br\/transparencia\/ninja-table\/lista-de-medicamentos-duplicate\/\">Balan\u00e7o Geral\/Circunstanciado<\/a><\/li>\n<li><a href=\"https:\/\/saobernardo.ma.gov.br\/transparencia\/ninja-table\/creches-municipais-duplicate\/\">Lista de Medicamentos<\/a><\/li>\n<li><a href=\"https:\/\/saobernardo.ma.gov.br\/transparencia\/ninja-table\/emendas-parlamentares-duplicate\/\">Servi\u00e7os de Sa\u00fade, Profissionais e Locais<\/a><\/li>\n<li><a href=\"https:\/\/saobernardo.ma.gov.br\/transparencia\/ninja-table\/pesquisa-de-satisfacao-duplicate\/\">Projetos Culturais<\/a><\/li>\n<li><a href=\"https:\/\/saobernardo.ma.gov.br\/transparencia\/ninja-table\/regulamentacao-da-lei-federal-no-14-129-2021-duplicate\/\">Pesquisa de Satisfa\u00e7\u00e3o<\/a><\/li>\n<li><a href=\"https:\/\/saobernardo.ma.gov.br\/transparencia\/ninja-table\/carta-de-servicos-duplicate\/\">Regulamenta\u00e7\u00e3o da Lei Federal n\u00ba 14.129\/2021<\/a><\/li>\n<li><a href=\"https:\/\/saobernardo.ma.gov.br\/transparencia\/ninja-table\/ordem-cronologica-de-pagamentos-duplicate\/\">Carta de Servi\u00e7os<\/a><\/li>\n<li><a href=\"https:\/\/saobernardo.ma.gov.br\/transparencia\/ninja-table\/plano-estrategico-duplicate-2\/\">Ordem Cronol\u00f3gica de Pagamentos<\/a><\/li>\n<li><a href=\"https:\/\/saobernardo.ma.gov.br\/transparencia\/ninja-table\/plano-estrategico-duplicate\/\">Fiscais de Contrato<\/a><\/li>\n<li><a href=\"https:\/\/saobernardo.ma.gov.br\/transparencia\/ninja-table\/renuncias-fiscais-duplicate\/\">Plano Estrat\u00e9gico<\/a><\/li>\n<li><a href=\"https:\/\/saobernardo.ma.gov.br\/transparencia\/ninja-table\/divida-ativa-do-municipio-duplicate-2\/\">Ren\u00fancias Fiscais<\/a><\/li>\n<li><a href=\"https:\/\/saobernardo.ma.gov.br\/transparencia\/ninja-table\/divida-ativa-do-municipio-duplicate\/\">Planos Municipais<\/a><\/li>\n<li><a href=\"https:\/\/saobernardo.ma.gov.br\/transparencia\/ninja-table\/concursos-e-seletivos-duplicate\/\">D\u00edvida Ativa do Munic\u00edpio<\/a><\/li>\n<li><a href=\"https:\/\/saobernardo.ma.gov.br\/transparencia\/ninja-table\/terceirizados-duplicate\/\">CONCURSOS E SELETIVOS<\/a><\/li>\n<li><a href=\"https:\/\/saobernardo.ma.gov.br\/transparencia\/ninja-table\/estagiarios-duplicate\/\">TERCEIRIZADOS<\/a><\/li>\n<li><a href=\"https:\/\/saobernardo.ma.gov.br\/transparencia\/ninja-table\/transferencias-voluntarias-realizadas-duplicate\/\">ESTAGI\u00c1RIOS<\/a><\/li>\n<li><a href=\"https:\/\/saobernardo.ma.gov.br\/transparencia\/ninja-table\/parecer-previo-duplicate-3\/\">TRANSFER\u00caNCIAS VOLUNT\u00c1RIAS REALIZADAS<\/a><\/li>\n<li><a href=\"https:\/\/saobernardo.ma.gov.br\/transparencia\/ninja-table\/parecer-previo-duplicate-2\/\">Termo de Posse<\/a><\/li>\n<li><a href=\"https:\/\/saobernardo.ma.gov.br\/transparencia\/ninja-table\/parecer-previo-duplicate\/\">Conv\u00eanios<\/a><\/li>\n<li><a href=\"https:\/\/saobernardo.ma.gov.br\/transparencia\/ninja-table\/titulos-de-propriedade-duplicate\/\">Parecer Pr\u00e9vio<\/a><\/li>\n<li><a href=\"https:\/\/saobernardo.ma.gov.br\/transparencia\/ninja-table\/rgf-rreo-duplicate\/\">T\u00edtulos de Propriedade<\/a><\/li>\n<li><a href=\"https:\/\/saobernardo.ma.gov.br\/transparencia\/ninja-table\/folha-de-pagamento-servidores-duplicate\/\">TERMO DE POSSE<\/a><\/li>\n<li><a href=\"https:\/\/saobernardo.ma.gov.br\/transparencia\/ninja-table\/resolucoes-duplicate\/\">Folha de Pagamento - Servidores<\/a><\/li>\n<li><a href=\"https:\/\/saobernardo.ma.gov.br\/transparencia\/ninja-table\/ldo-ppa-ldo-duplicate\/\">RGF | RREO<\/a><\/li>\n<li><a href=\"https:\/\/saobernardo.ma.gov.br\/transparencia\/ninja-table\/leis-duplicate\/\">Resolu\u00e7\u00f5es<\/a><\/li>\n<li><a href=\"https:\/\/saobernardo.ma.gov.br\/transparencia\/ninja-table\/edital-duplicate-2\/\">Presta\u00e7\u00e3o de Contas<\/a><\/li>\n<li><a href=\"https:\/\/saobernardo.ma.gov.br\/transparencia\/ninja-table\/diarias-duplicate\/\">Leis<\/a><\/li>\n<li><a href=\"https:\/\/saobernardo.ma.gov.br\/transparencia\/ninja-table\/edital-duplicate\/\">LDO | PPA | LDO<\/a><\/li>\n<li><a href=\"https:\/\/saobernardo.ma.gov.br\/transparencia\/ninja-table\/atas-duplicate-2\/\">Edital<\/a><\/li>\n<li><a href=\"https:\/\/saobernardo.ma.gov.br\/transparencia\/ninja-table\/decretos-duplicate\/\">Di\u00e1rias<\/a><\/li>\n<li><a href=\"https:\/\/saobernardo.ma.gov.br\/transparencia\/ninja-table\/portarias-duplicate-2\/\">Decretos<\/a><\/li>\n<li><a href=\"https:\/\/saobernardo.ma.gov.br\/transparencia\/ninja-table\/portarias-duplicate\/\">Atas<\/a><\/li>\n<li><a href=\"https:\/\/saobernardo.ma.gov.br\/transparencia\/ninja-table\/portarias\/\">Portarias<\/a><\/li>\n<\/ul>\n<h2 class=\"wsp-obras-publicass-title\">Obras P\u00fablicas<\/h2>\n<ul class=\"wsp-obras-publicass-list\">\n<li><a href=\"https:\/\/saobernardo.ma.gov.br\/transparencia\/obras-publicas\/obras-publicas-5\/\">Obras P\u00fablicas<\/a><\/li>\n<li><a href=\"https:\/\/saobernardo.ma.gov.br\/transparencia\/obras-publicas\/obras-publicas-4\/\">Obras P\u00fablicas<\/a><\/li>\n<li><a href=\"https:\/\/saobernardo.ma.gov.br\/transparencia\/obras-publicas\/obras-publicas-3\/\">Obras P\u00fablicas<\/a><\/li>\n<li><a href=\"https:\/\/saobernardo.ma.gov.br\/transparencia\/obras-publicas\/obras-publicas\/\">Obras P\u00fablicas!<\/a><\/li>\n<li><a href=\"https:\/\/saobernardo.ma.gov.br\/transparencia\/obras-publicas\/obras-publicas-2\/\">Obras P\u00fablicas<\/a><\/li>\n<\/ul>\n<h2 class=\"wsp-declaracoess-title\">Declara\u00e7\u00f5es<\/h2>\n<ul class=\"wsp-declaracoess-list\">\n<li><a href=\"https:\/\/saobernardo.ma.gov.br\/transparencia\/declaracoes\/obras-paralisadas-2026\/\">Obras Paralisadas 2026<\/a><\/li>\n<li><a href=\"https:\/\/saobernardo.ma.gov.br\/transparencia\/declaracoes\/obras-iniciadas-2026\/\">Obras Iniciadas 2026<\/a><\/li>\n<\/ul>\n<h2 class=\"wsp-mess-title\">Meses<\/h2>\n<ul class=\"wsp-mess-list\">\n<li><a href=\"https:\/\/saobernardo.ma.gov.br\/transparencia\/mes\/abril\/\">Abril<\/a><\/li>\n<li><a href=\"https:\/\/saobernardo.ma.gov.br\/transparencia\/mes\/agosto\/\">Agosto<\/a><\/li>\n<li><a href=\"https:\/\/saobernardo.ma.gov.br\/transparencia\/mes\/dezembro\/\">Dezembro<\/a><\/li>\n<li><a href=\"https:\/\/saobernardo.ma.gov.br\/transparencia\/mes\/fevereiro\/\">Fevereiro<\/a><\/li>\n<li><a href=\"https:\/\/saobernardo.ma.gov.br\/transparencia\/mes\/janeiro\/\">Janeiro<\/a><\/li>\n<li><a href=\"https:\/\/saobernardo.ma.gov.br\/transparencia\/mes\/julho\/\">Julho<\/a><\/li>\n<li><a href=\"https:\/\/saobernardo.ma.gov.br\/transparencia\/mes\/junho\/\">Junho<\/a><\/li>\n<li><a href=\"https:\/\/saobernardo.ma.gov.br\/transparencia\/mes\/maio\/\">Maio<\/a><\/li>\n<li><a href=\"https:\/\/saobernardo.ma.gov.br\/transparencia\/mes\/marco\/\">Mar\u00e7o<\/a><\/li>\n<li><a href=\"https:\/\/saobernardo.ma.gov.br\/transparencia\/mes\/novembro\/\">Novembro<\/a><\/li>\n<li><a href=\"https:\/\/saobernardo.ma.gov.br\/transparencia\/mes\/outubro\/\">Outubro<\/a><\/li>\n<li><a href=\"https:\/\/saobernardo.ma.gov.br\/transparencia\/mes\/setembro\/\">Setembro<\/a><\/li>\n<\/ul>\n<h2 class=\"wsp-anos-title\">Ano<\/h2>\n<ul class=\"wsp-anos-list\">\n<li><a href=\"https:\/\/saobernardo.ma.gov.br\/transparencia\/ano\/1998\/\">1998<\/a><\/li>\n<li><a href=\"https:\/\/saobernardo.ma.gov.br\/transparencia\/ano\/2001\/\">2001<\/a><\/li>\n<li><a href=\"https:\/\/saobernardo.ma.gov.br\/transparencia\/ano\/2002\/\">2002<\/a><\/li>\n<li><a href=\"https:\/\/saobernardo.ma.gov.br\/transparencia\/ano\/2003\/\">2003<\/a><\/li>\n<li><a href=\"https:\/\/saobernardo.ma.gov.br\/transparencia\/ano\/2004\/\">2004<\/a><\/li>\n<li><a href=\"https:\/\/saobernardo.ma.gov.br\/transparencia\/ano\/2005\/\">2005<\/a><\/li>\n<li><a href=\"https:\/\/saobernardo.ma.gov.br\/transparencia\/ano\/2006\/\">2006<\/a><\/li>\n<li><a href=\"https:\/\/saobernardo.ma.gov.br\/transparencia\/ano\/2007\/\">2007<\/a><\/li>\n<li><a href=\"https:\/\/saobernardo.ma.gov.br\/transparencia\/ano\/2008\/\">2008<\/a><\/li>\n<li><a href=\"https:\/\/saobernardo.ma.gov.br\/transparencia\/ano\/2009\/\">2009<\/a><\/li>\n<li><a href=\"https:\/\/saobernardo.ma.gov.br\/transparencia\/ano\/2010\/\">2010<\/a><\/li>\n<li><a href=\"https:\/\/saobernardo.ma.gov.br\/transparencia\/ano\/2011\/\">2011<\/a><\/li>\n<li><a href=\"https:\/\/saobernardo.ma.gov.br\/transparencia\/ano\/2012\/\">2012<\/a><\/li>\n<li><a href=\"https:\/\/saobernardo.ma.gov.br\/transparencia\/ano\/2013\/\">2013<\/a><\/li>\n<li><a href=\"https:\/\/saobernardo.ma.gov.br\/transparencia\/ano\/2014\/\">2014<\/a><\/li>\n<li><a href=\"https:\/\/saobernardo.ma.gov.br\/transparencia\/ano\/2015\/\">2015<\/a><\/li>\n<li><a href=\"https:\/\/saobernardo.ma.gov.br\/transparencia\/ano\/2016\/\">2016<\/a><\/li>\n<li><a href=\"https:\/\/saobernardo.ma.gov.br\/transparencia\/ano\/2017\/\">2017<\/a><\/li>\n<li><a href=\"https:\/\/saobernardo.ma.gov.br\/transparencia\/ano\/2018\/\">2018<\/a><\/li>\n<li><a href=\"https:\/\/saobernardo.ma.gov.br\/transparencia\/ano\/2019\/\">2019<\/a><\/li>\n<li><a href=\"https:\/\/saobernardo.ma.gov.br\/transparencia\/ano\/2020\/\">2020<\/a><\/li>\n<li><a href=\"https:\/\/saobernardo.ma.gov.br\/transparencia\/ano\/2021\/\">2021<\/a><\/li>\n<li><a href=\"https:\/\/saobernardo.ma.gov.br\/transparencia\/ano\/2022\/\">2022<\/a><\/li>\n<li><a href=\"https:\/\/saobernardo.ma.gov.br\/transparencia\/ano\/2023\/\">2023<\/a><\/li>\n<li><a href=\"https:\/\/saobernardo.ma.gov.br\/transparencia\/ano\/2024\/\">2024<\/a><\/li>\n<li><a href=\"https:\/\/saobernardo.ma.gov.br\/transparencia\/ano\/2025\/\">2025<\/a><\/li>\n<li><a href=\"https:\/\/saobernardo.ma.gov.br\/transparencia\/ano\/2026\/\">2026<\/a><\/li>\n<\/ul>\n<h2 class=\"wsp-planos_municipaiss-title\">Planos Municipais<\/h2>\n<ul class=\"wsp-planos_municipaiss-list\">\n<li><a href=\"https:\/\/saobernardo.ma.gov.br\/transparencia\/planos_municipais\/educacao\/\">Educa\u00e7\u00e3o<\/a><\/li>\n<li><a href=\"https:\/\/saobernardo.ma.gov.br\/transparencia\/planos_municipais\/saude\/\">Sa\u00fade<\/a><\/li>\n<\/ul>\n<h2 class=\"wsp-secretariass-title\">Secretarias<\/h2>\n<ul class=\"wsp-secretariass-list\">\n<li><a href=\"https:\/\/saobernardo.ma.gov.br\/transparencia\/secretarias\/secretaria-municipal-de-educacao-ciencia-tecnologia-e-inovacao-semecti\/\">SECRETARIA MUNICIPAL DE EDUCA\u00c7\u00c3O, CI\u00caNCIA, TECNOLOGIA E INOVA\u00c7\u00c3O \u2013 SEMECTI<\/a><\/li>\n<li><a href=\"https:\/\/saobernardo.ma.gov.br\/transparencia\/secretarias\/secretaria-municipal-de-gestao-semge\/\">Secretaria Municipal de Gest\u00e3o \u2013 SEMGE<\/a><\/li>\n<li><a href=\"https:\/\/saobernardo.ma.gov.br\/transparencia\/secretarias\/secretaria-municipal-de-saude-semus\/\">Secretaria Municipal de Sa\u00fade \u2013 SEMUS<\/a><\/li>\n<\/ul>\n<\/div><\/strong><\/p>\n<p>Acesse o Mapa do Site da Prefeitura de S\u00e3o Bernardo-Ma<\/p>\n","protected":false},"excerpt":{"rendered":"<p>Acesse o Mapa do Site da Prefeitura de S\u00e3o Bernardo-Ma<\/p>\n","protected":false},"author":8,"featured_media":8078,"parent":0,"menu_order":0,"comment_status":"closed","ping_status":"closed","template":"","meta":{"_acf_changed":false,"footnotes":""},"class_list":["post-5830","page","type-page","status-publish","has-post-thumbnail","hentry"],"acf":{"linkexecucao":""},"_links":{"self":[{"href":"https:\/\/saobernardo.ma.gov.br\/transparencia\/wp-json\/wp\/v2\/pages\/5830","targetHints":{"allow":["GET"]}}],"collection":[{"href":"https:\/\/saobernardo.ma.gov.br\/transparencia\/wp-json\/wp\/v2\/pages"}],"about":[{"href":"https:\/\/saobernardo.ma.gov.br\/transparencia\/wp-json\/wp\/v2\/types\/page"}],"author":[{"embeddable":true,"href":"https:\/\/saobernardo.ma.gov.br\/transparencia\/wp-json\/wp\/v2\/users\/8"}],"replies":[{"embeddable":true,"href":"https:\/\/saobernardo.ma.gov.br\/transparencia\/wp-json\/wp\/v2\/comments?post=5830"}],"version-history":[{"count":2,"href":"https:\/\/saobernardo.ma.gov.br\/transparencia\/wp-json\/wp\/v2\/pages\/5830\/revisions"}],"predecessor-version":[{"id":8077,"href":"https:\/\/saobernardo.ma.gov.br\/transparencia\/wp-json\/wp\/v2\/pages\/5830\/revisions\/8077"}],"wp:featuredmedia":[{"embeddable":true,"href":"https:\/\/saobernardo.ma.gov.br\/transparencia\/wp-json\/wp\/v2\/media\/8078"}],"wp:attachment":[{"href":"https:\/\/saobernardo.ma.gov.br\/transparencia\/wp-json\/wp\/v2\/media?parent=5830"}],"curies":[{"name":"wp","href":"https:\/\/api.w.org\/{rel}","templated":true}]}}